{"id":293,"date":"2023-06-19T13:42:32","date_gmt":"2023-06-19T13:42:32","guid":{"rendered":"https:\/\/website.prod.unilu.spikeseed.cloud\/snt-en\/?page_id=293"},"modified":"2026-03-17T14:14:02","modified_gmt":"2026-03-17T13:14:02","slug":"people","status":"publish","type":"page","link":"https:\/\/www.uni.lu\/snt-en\/people\/","title":{"rendered":"People working at SnT"},"content":{"rendered":"<div class=\"section py-0 static\">\n<section class=\"py-0 wp-block-unilux-blocks-free-section section\"><div class=\"container xl:max-w-screen-xl\"><div class=\"js-secondary-nav--sticky wp-block-unilux-blocks-secondary-navigation\" id=\"2c9e1ad3-5850-4520-a2b1-c321291cebf4\">\n    <nav\n        id=\"secondary-navigation\"\n        role=\"navigation\"\n        aria-label=\"Secondary menu\"\n        class=\"secondary-nav\"\n    >\n        <button\n            class=\"secondary-nav__button btn btn-solid--primary w-full\"\n            aria-expanded=\"false\"\n            aria-controls=\"secondary-navigation__list\"\n            title=\"The selected page is People\"\n            type=\"button\"\n        >\n            <span class=\"btn__name mr-auto\">People<\/span>\n            <svg aria-hidden=\"true\" focusable=\"false\" class=\"icon icon-outline icon--xs\">\n                <use xlink:href=\"https:\/\/www.uni.lu\/wp-content\/themes\/unilux-theme\/assets\/images\/icons\/icons-outline.svg#icon--arrow-down\" \/>\n            <\/svg>\n        <\/button>\n\n        <ul id=\"secondary-navigation__list\" class=\"secondary-nav__list\">\n            <li class=\"secondary-nav__item\">\n    <a\n        href=\"https:\/\/www.uni.lu\/snt-en\/\"\n        target=\"\"\n        rel=\"noreferrer noopener\"\n        class=\"secondary-nav__link \"\n            >\n        <svg aria-hidden=\"true\" focusable=\"false\" class=\"icon icon-outline icon--xs\">\n            <use xlink:href=\"https:\/\/www.uni.lu\/wp-content\/themes\/unilux-theme\/assets\/images\/icons\/icons-outline.svg#icon--arrow-right\" \/>\n        <\/svg>\n        <span class=\"secondary-nav__name\">Overview<\/span>\n    <\/a>\n<\/li>\n<li class=\"secondary-nav__item\">\n    <a\n        href=\"https:\/\/www.uni.lu\/snt-en\/about\/\"\n        target=\"\"\n        rel=\"noreferrer noopener\"\n        class=\"secondary-nav__link \"\n            >\n        <svg aria-hidden=\"true\" focusable=\"false\" class=\"icon icon-outline icon--xs\">\n            <use xlink:href=\"https:\/\/www.uni.lu\/wp-content\/themes\/unilux-theme\/assets\/images\/icons\/icons-outline.svg#icon--arrow-right\" \/>\n        <\/svg>\n        <span class=\"secondary-nav__name\">About<\/span>\n    <\/a>\n<\/li>\n<li class=\"secondary-nav__item\">\n    <a\n        href=\"https:\/\/www.uni.lu\/snt-en\/research\/\"\n        target=\"\"\n        rel=\"noreferrer noopener\"\n        class=\"secondary-nav__link \"\n            >\n        <svg aria-hidden=\"true\" focusable=\"false\" class=\"icon icon-outline icon--xs\">\n            <use xlink:href=\"https:\/\/www.uni.lu\/wp-content\/themes\/unilux-theme\/assets\/images\/icons\/icons-outline.svg#icon--arrow-right\" \/>\n        <\/svg>\n        <span class=\"secondary-nav__name\">Research<\/span>\n    <\/a>\n<\/li>\n<li class=\"secondary-nav__item\">\n    <a\n        href=\"https:\/\/www.uni.lu\/snt-en\/teaching\/\"\n        target=\"\"\n        rel=\"noreferrer noopener\"\n        class=\"secondary-nav__link \"\n            >\n        <svg aria-hidden=\"true\" focusable=\"false\" class=\"icon icon-outline icon--xs\">\n            <use xlink:href=\"https:\/\/www.uni.lu\/wp-content\/themes\/unilux-theme\/assets\/images\/icons\/icons-outline.svg#icon--arrow-right\" \/>\n        <\/svg>\n        <span class=\"secondary-nav__name\">Teaching<\/span>\n    <\/a>\n<\/li>\n<li class=\"secondary-nav__item\">\n    <a\n        href=\"https:\/\/www.uni.lu\/snt-en\/partner\/\"\n        target=\"\"\n        rel=\"noreferrer noopener\"\n        class=\"secondary-nav__link \"\n            >\n        <svg aria-hidden=\"true\" focusable=\"false\" class=\"icon icon-outline icon--xs\">\n            <use xlink:href=\"https:\/\/www.uni.lu\/wp-content\/themes\/unilux-theme\/assets\/images\/icons\/icons-outline.svg#icon--arrow-right\" \/>\n        <\/svg>\n        <span class=\"secondary-nav__name\">Partners<\/span>\n    <\/a>\n<\/li>\n<li class=\"secondary-nav__item\">\n    <a\n        href=\"https:\/\/www.uni.lu\/snt-en\/innovation\/\"\n        target=\"\"\n        rel=\"noreferrer noopener\"\n        class=\"secondary-nav__link \"\n            >\n        <svg aria-hidden=\"true\" focusable=\"false\" class=\"icon icon-outline icon--xs\">\n            <use xlink:href=\"https:\/\/www.uni.lu\/wp-content\/themes\/unilux-theme\/assets\/images\/icons\/icons-outline.svg#icon--arrow-right\" \/>\n        <\/svg>\n        <span class=\"secondary-nav__name\">Innovation<\/span>\n    <\/a>\n<\/li>\n<li class=\"secondary-nav__item\">\n    <a\n        href=\"https:\/\/www.uni.lu\/snt-en\/facilities\/\"\n        target=\"\"\n        rel=\"noreferrer noopener\"\n        class=\"secondary-nav__link \"\n            >\n        <svg aria-hidden=\"true\" focusable=\"false\" class=\"icon icon-outline icon--xs\">\n            <use xlink:href=\"https:\/\/www.uni.lu\/wp-content\/themes\/unilux-theme\/assets\/images\/icons\/icons-outline.svg#icon--arrow-right\" \/>\n        <\/svg>\n        <span class=\"secondary-nav__name\">Facilities<\/span>\n    <\/a>\n<\/li>\n<li class=\"secondary-nav__item\">\n    <a\n        href=\"https:\/\/www.uni.lu\/snt-en\/people\/\"\n        target=\"\"\n        rel=\"noreferrer noopener\"\n        class=\"secondary-nav__link isactived\"\n        aria-current=\"page\"    >\n        <svg aria-hidden=\"true\" focusable=\"false\" class=\"icon icon-outline icon--xs\">\n            <use xlink:href=\"https:\/\/www.uni.lu\/wp-content\/themes\/unilux-theme\/assets\/images\/icons\/icons-outline.svg#icon--arrow-right\" \/>\n        <\/svg>\n        <span class=\"secondary-nav__name\">People<\/span>\n    <\/a>\n<\/li>\n<li class=\"secondary-nav__item\">\n    <a\n        href=\"https:\/\/www.uni.lu\/snt-en\/join-us\/\"\n        target=\"\"\n        rel=\"noreferrer noopener\"\n        class=\"secondary-nav__link \"\n            >\n        <svg aria-hidden=\"true\" focusable=\"false\" class=\"icon icon-outline icon--xs\">\n            <use xlink:href=\"https:\/\/www.uni.lu\/wp-content\/themes\/unilux-theme\/assets\/images\/icons\/icons-outline.svg#icon--arrow-right\" \/>\n        <\/svg>\n        <span class=\"secondary-nav__name\">Join Us<\/span>\n    <\/a>\n<\/li>\n<li class=\"secondary-nav__item\">\n    <a\n        href=\"https:\/\/www.uni.lu\/snt-en\/contact\/\"\n        target=\"\"\n        rel=\"noreferrer noopener\"\n        class=\"secondary-nav__link \"\n            >\n        <svg aria-hidden=\"true\" focusable=\"false\" class=\"icon icon-outline icon--xs\">\n            <use xlink:href=\"https:\/\/www.uni.lu\/wp-content\/themes\/unilux-theme\/assets\/images\/icons\/icons-outline.svg#icon--arrow-right\" \/>\n        <\/svg>\n        <span class=\"secondary-nav__name\">Contact<\/span>\n    <\/a>\n<\/li>\n        <\/ul>\n    <\/nav>\n<\/div>\n<\/div><\/section>\n\n\n<section class=\"section section pb-0 wp-block-unilux-blocks-page-intro \">\n    \n<div class=\"wp-block-unilux-blocks-wrapper container xl:max-w-screen-xl\">\n<div class=\"wp-block-unilux-blocks-wrapper flex flex-wrap -mx-16\">\n<div class=\"wp-block-unilux-blocks-wrapper flex-1 mb-48 px-16\">\n<h1 class=\"has-text-align-left wp-block-unilux-blocks-heading\"        id=\"our-people\"\n    >\nOur People<\/h1>\n\n\n\n<p>The Interdisciplinary Research Centre for Security, Reliability and Trust (SnT) at the University of Luxembourg stands out because of its dual approach. We define our work by focusing on excellence in fundamental scientific research, and give that work context through research partnerships. Our researchers collaborate with industry, government, and international partners, ensuring their projects are aligned with society\u2019s current challenges. At the same time, we are active in several international research projects funded by the EU and the European Space Agency. <\/p>\n\n\n\n<ul class=\"wp-block-unilux-blocks-custom-buttons btn-list\"><li class=\"wp-block-unilux-blocks-custom-button\"    aria-disabled=\"false\"\n    >\n    <a\n        role=\"link\"\n        aria-disabled=\"false\"\n                    href=\"https:\/\/www.uni.lu\/snt-en\/research\/\"\n                target=\"_self\"\n        class=\"btn btn--primary\"\n            >Research Groups<\/a>\n<\/li>\n\n\n<li class=\"wp-block-unilux-blocks-custom-button\"    aria-disabled=\"false\"\n    >\n    <a\n        role=\"link\"\n        aria-disabled=\"false\"\n                    href=\"https:\/\/recruitment.uni.lu\/en\/index.html?LOV52=All&#038;SUBDEPT2=27&#038;LOV53=All&#038;keywords=&#038;Resultsperpage=50&#038;srcsubmit=Search&#038;statlog=1&#038;ID=QMUFK026203F3VBQB7V7VV4S8&#038;mask=karriereseiten&#038;LG=UK\"\n                target=\"_blank\"\n        class=\"btn btn--secondary\"\n            >Open Positions<\/a>\n<\/li>\n<\/ul>\n<\/div>\n\n\n\n<div class=\"wp-block-unilux-blocks-wrapper w-full md:w-auto px-16\">\n<div class=\"wp-block-unilux-blocks-wrapper flex flex-col items-center\">\n<h2 class=\"text-h4 has-text-align-left wp-block-unilux-blocks-heading\"        id=\"shape-the-future-of-ict\"\n    >\nShape the Future of ICT<\/h2>\n\n\n<a class=\"wp-block-unilux-blocks-button-highlight-square\"\n    href=\"https:\/\/www.uni.lu\/snt-en\/join-us\/\"\n    target=\"_self\"\n>\n    <span class=\"btn-highlight-square__container\">\n        <div class=\"btn-highlight-square__body\">\n    <svg aria-hidden=\"true\" focusable=\"false\" class=\"icon icon-outline icon--arrow-long-right icon--xl\"><use xlink:href=\"https:\/\/www.uni.lu\/wp-content\/themes\/unilux-theme\/assets\/images\/icons\/icons-outline.svg#icon--arrow-long-right\"><\/use><\/svg>    <span class=\"btn btn--dark\">\n        \n<span class=\"btn__name wp-block-unilux-blocks-plain-text\">Join SnT<\/span>    <\/span>\n<\/div><figure class=\"wp-block-dev4-reusable-blocks-image image-bg object-fit--cover\">\n    \n<img decoding=\"async\" class=\"wp-block-image unilux-custom-image-block\"\n                alt=\"A group of SnT researchers taking a selfie at Partnership Day\"\n            src=\"https:\/\/www.uni.lu\/wp-content\/uploads\/sites\/5\/2023\/07\/Join_us-second.png\"\n                srcset=\"https:\/\/www.uni.lu\/wp-content\/uploads\/sites\/5\/2023\/07\/Join_us-second-300x254.png 300w, https:\/\/www.uni.lu\/wp-content\/uploads\/sites\/5\/2023\/07\/Join_us-second-768x650.png 768w, https:\/\/www.uni.lu\/wp-content\/uploads\/sites\/5\/2023\/07\/Join_us-second.png 787w\"\n                style=\"object-position: 50.00% 50.00%; font-family: &quot;object-fit: cover; object-position: 50.00% 50.00%;&quot;; aspect-ratio: 3\/4; object-fit: cover; width: 100%;\"\n        loading=\"lazy\"\n\/>    <\/figure>    <\/span>\n<\/a><\/div>\n<\/div>\n<\/div>\n<\/div>\n<\/section>\n\n\n<section class=\"wp-block-unilux-blocks-free-section section\"><div class=\"container xl:max-w-screen-xl\">\n<h2 class=\"has-text-align-left wp-block-unilux-blocks-heading\"        id=\"leadership\"\n    >\nLeadership<\/h2>\n\n\n<div class=\"flex flex-wrap -mx-16  wp-block-unilux-blocks-highlighted-person-list\">\n    <div class=\"w-full md:w-1\/2 px-16  wp-block-unilux-blocks-highlighted-person-list-item\">\n    \n<h3 class=\"has-text-align-left wp-block-unilux-blocks-heading\"    >\n<\/h3>\n\n<div class=\"wp-block-unilux-blocks-wrapper list-people bg-theme\">\n<div class=\"wp-block-unilux-blocks-wrapper list-people__container\">\n<div class=\"wp-block-unilux-blocks-wrapper list-people__visual\"><figure class=\"wp-block-dev4-reusable-blocks-image w-full object-fit--cover\">\n    \n<img decoding=\"async\" class=\"wp-block-image unilux-custom-image-block\"\n                alt=\"\"\n            src=\"https:\/\/www.uni.lu\/wp-content\/uploads\/sites\/5\/2026\/01\/19113409\/other-Yves-Le-Traon.png\"\n                srcset=\"https:\/\/www.uni.lu\/wp-content\/uploads\/sites\/5\/2026\/01\/19113409\/other-Yves-Le-Traon-300x225.png 300w, https:\/\/www.uni.lu\/wp-content\/uploads\/sites\/5\/2026\/01\/19113409\/other-Yves-Le-Traon-768x576.png 768w, https:\/\/www.uni.lu\/wp-content\/uploads\/sites\/5\/2026\/01\/19113409\/other-Yves-Le-Traon.png 1024w\"\n                style=\"object-position: 55.00% 54.00%; font-family: &quot;object-fit: cover; object-position: 55.00% 54.00%;&quot;; aspect-ratio: 1\/1; object-fit: cover; width: 100%;\"\n        loading=\"lazy\"\n\/>    <\/figure><\/div>\n\n\n\n<div class=\"wp-block-unilux-blocks-wrapper list-people__body\">\n<h5 class=\"list-people__title has-text-align-left wp-block-unilux-blocks-heading\"        id=\"yves-le-traon\"\n    >\nYves Le Traon<\/h5>\n\n\n\n<p class=\"list-people__description wp-block-unilux-blocks-plain-text\">Director<\/p>\n\n<div class=\"wp-block-unilux-blocks-simple-cta\">\n    <a\n        href=\"https:\/\/www.uni.lu\/snt-en\/people\/yves-le-traon\/\"\n        title=\"Learn More\"\n        class=\"link-text link-text--icon \"\n        target=\"\"\n    >\n        <span class=\"link-text__body\">\n            <span class=\"link-text__name\">View profile<\/span>\n        <\/span>\n        <svg aria-hidden=\"true\" focusable=\"false\" class=\"icon icon-outline icon--arrow-right \"><use xlink:href=\"https:\/\/www.uni.lu\/wp-content\/themes\/unilux-theme\/assets\/images\/icons\/icons-outline.svg#icon--arrow-right\"><\/use><\/svg>    <\/a>\n<\/div>\n<\/div>\n<\/div>\n<\/div>\n<\/div><div class=\"w-full md:w-1\/2 px-16  wp-block-unilux-blocks-highlighted-person-list-item\">\n    \n<h3 class=\"has-text-align-left wp-block-unilux-blocks-heading\"    >\n<\/h3>\n\n<div class=\"wp-block-unilux-blocks-wrapper list-people bg-theme\">\n<div class=\"wp-block-unilux-blocks-wrapper list-people__container\">\n<div class=\"wp-block-unilux-blocks-wrapper list-people__visual\"><figure class=\"wp-block-dev4-reusable-blocks-image w-full object-fit--cover\">\n    \n<img decoding=\"async\" class=\"wp-block-image unilux-custom-image-block\"\n                alt=\"\"\n            src=\"https:\/\/www.uni.lu\/wp-content\/uploads\/sites\/5\/2026\/01\/08145932\/Empty-Profile-Photo.webp\"\n                srcset=\"https:\/\/www.uni.lu\/wp-content\/uploads\/sites\/5\/2026\/01\/08145932\/Empty-Profile-Photo-300x225.webp 300w, https:\/\/www.uni.lu\/wp-content\/uploads\/sites\/5\/2026\/01\/08145932\/Empty-Profile-Photo-768x576.webp 768w, https:\/\/www.uni.lu\/wp-content\/uploads\/sites\/5\/2026\/01\/08145932\/Empty-Profile-Photo.webp 800w\"\n                style=\"object-position: 25.00% 52.00%; font-family: &quot;object-fit: cover; object-position: 25.00% 52.00%;&quot;; aspect-ratio: 1\/1; object-fit: cover; width: 100%;\"\n        loading=\"lazy\"\n\/>    <\/figure><\/div>\n\n\n\n<div class=\"wp-block-unilux-blocks-wrapper list-people__body\">\n<h5 class=\"list-people__title has-text-align-left wp-block-unilux-blocks-heading\"        id=\"djamila-aouada\"\n    >\nDjamila Aouada<\/h5>\n\n\n\n<p class=\"list-people__description wp-block-unilux-blocks-plain-text\">Deputy Director<\/p>\n\n<div class=\"wp-block-unilux-blocks-simple-cta\">\n    <a\n        href=\"https:\/\/www.uni.lu\/snt-en\/people\/djamila-aouada\/\"\n        title=\"Learn More\"\n        class=\"link-text link-text--icon \"\n        target=\"\"\n    >\n        <span class=\"link-text__body\">\n            <span class=\"link-text__name\">View profile<\/span>\n        <\/span>\n        <svg aria-hidden=\"true\" focusable=\"false\" class=\"icon icon-outline icon--arrow-right \"><use xlink:href=\"https:\/\/www.uni.lu\/wp-content\/themes\/unilux-theme\/assets\/images\/icons\/icons-outline.svg#icon--arrow-right\"><\/use><\/svg>    <\/a>\n<\/div>\n<\/div>\n<\/div>\n<\/div>\n<\/div><\/div>\n\n<div class=\"wp-block-unilux-blocks-spacer is-spacer-size-md\"><\/div>\n\n\n<div class=\"wp-block-unilux-blocks-accordion accordion accordion--theme accordion-standard\" data-reference=\"d623efa5-eaf7-4ec7-896c-cbf09e5bdb3b\" data-accordion-type=\"standard\"><div class=\"accordion__item  wp-block-unilux-blocks-accordion-item\">\n    <h3 class=\"accordion__header\"\n                    id=\"management-team\"\n        >\n        <button\n            type=\"button\"\n            id=\"accordion-labelledby-1638a3aa-c1f1-4954-87e2-ea99d2fcb347\"\n            class=\"accordion__button collapsed\"\n            aria-expanded=\"false\"\n            aria-controls=\"accordion-panel-1638a3aa-c1f1-4954-87e2-ea99d2fcb347\"\n            data-bs-toggle=\"collapse\"\n            data-bs-target=\"#accordion-panel-1638a3aa-c1f1-4954-87e2-ea99d2fcb347\"\n        >\n            <span class=\"accordion__title\">\n                                Management Team            <\/span>\n\n            <svg aria-hidden=\"true\" focusable=\"false\" class=\"icon icon-outline icon--arrow-down \"><use xlink:href=\"https:\/\/www.uni.lu\/wp-content\/themes\/unilux-theme\/assets\/images\/icons\/icons-outline.svg#icon--arrow-down\"><\/use><\/svg>        <\/button>\n    <\/h3>\n    <div id=\"accordion-panel-1638a3aa-c1f1-4954-87e2-ea99d2fcb347\"\n        class=\"accordion__collapse collapse\"\n        aria-labelledby=\"accordion-labelledby-1638a3aa-c1f1-4954-87e2-ea99d2fcb347\"\n        data-bs-parent=\"[data-reference=&quot;d623efa5-eaf7-4ec7-896c-cbf09e5bdb3b&quot;]\"\n    >\n        <div class=\"accordion__body \">\n            <div class=\"flex flex-wrap -mx-16  wp-block-unilux-blocks-highlighted-person-list\">\n    <div class=\"w-full md:w-1\/2 px-16  wp-block-unilux-blocks-highlighted-person-list-item\">\n    \n<h3 class=\"has-text-align-left wp-block-unilux-blocks-heading\"    >\n<\/h3>\n\n<div class=\"wp-block-unilux-blocks-wrapper list-people bg-theme\">\n<div class=\"wp-block-unilux-blocks-wrapper list-people__container\">\n<div class=\"wp-block-unilux-blocks-wrapper list-people__visual\"><figure class=\"wp-block-dev4-reusable-blocks-image w-full object-fit--cover\">\n    \n<img decoding=\"async\" class=\"wp-block-image unilux-custom-image-block\"\n                alt=\"\"\n            src=\"https:\/\/www.uni.lu\/wp-content\/uploads\/sites\/5\/2026\/01\/19113348\/other-Carlo-Duprel.png\"\n                srcset=\"https:\/\/www.uni.lu\/wp-content\/uploads\/sites\/5\/2026\/01\/19113348\/other-Carlo-Duprel-300x225.png 300w, https:\/\/www.uni.lu\/wp-content\/uploads\/sites\/5\/2026\/01\/19113348\/other-Carlo-Duprel-768x576.png 768w, https:\/\/www.uni.lu\/wp-content\/uploads\/sites\/5\/2026\/01\/19113348\/other-Carlo-Duprel.png 1024w\"\n                style=\"object-position: 71.00% 48.00%; font-family: &quot;object-fit: cover; object-position: 71.00% 48.00%;&quot;; aspect-ratio: 1\/1; object-fit: cover; width: 100%;\"\n        loading=\"lazy\"\n\/>    <\/figure><\/div>\n\n\n\n<div class=\"wp-block-unilux-blocks-wrapper list-people__body\">\n<h5 class=\"list-people__title has-text-align-left wp-block-unilux-blocks-heading\"        id=\"carlo-duprel\"\n    >\nCarlo Duprel<\/h5>\n\n\n\n<p class=\"list-people__description wp-block-unilux-blocks-plain-text\">Head of Technology Transfer Office<\/p>\n\n<div class=\"wp-block-unilux-blocks-simple-cta\">\n    <a\n        href=\"https:\/\/www.uni.lu\/snt-en\/people\/carlo-duprel\/\"\n        title=\"Learn More\"\n        class=\"link-text link-text--icon \"\n        target=\"\"\n    >\n        <span class=\"link-text__body\">\n            <span class=\"link-text__name\">View profile<\/span>\n        <\/span>\n        <svg aria-hidden=\"true\" focusable=\"false\" class=\"icon icon-outline icon--arrow-right \"><use xlink:href=\"https:\/\/www.uni.lu\/wp-content\/themes\/unilux-theme\/assets\/images\/icons\/icons-outline.svg#icon--arrow-right\"><\/use><\/svg>    <\/a>\n<\/div>\n<\/div>\n<\/div>\n<\/div>\n<\/div><div class=\"w-full md:w-1\/2 px-16  wp-block-unilux-blocks-highlighted-person-list-item\">\n    \n<h3 class=\"has-text-align-left wp-block-unilux-blocks-heading\"    >\n<\/h3>\n\n<div class=\"wp-block-unilux-blocks-wrapper list-people bg-theme\">\n<div class=\"wp-block-unilux-blocks-wrapper list-people__container\">\n<div class=\"wp-block-unilux-blocks-wrapper list-people__visual\"><figure class=\"wp-block-dev4-reusable-blocks-image w-full object-fit--cover\">\n    \n<img decoding=\"async\" class=\"wp-block-image unilux-custom-image-block\"\n                alt=\"\"\n            src=\"https:\/\/www.uni.lu\/wp-content\/uploads\/sites\/5\/2026\/01\/19113423\/other-Pierre-Fuhrer.png\"\n                srcset=\"https:\/\/www.uni.lu\/wp-content\/uploads\/sites\/5\/2026\/01\/19113423\/other-Pierre-Fuhrer-300x225.png 300w, https:\/\/www.uni.lu\/wp-content\/uploads\/sites\/5\/2026\/01\/19113423\/other-Pierre-Fuhrer-768x576.png 768w, https:\/\/www.uni.lu\/wp-content\/uploads\/sites\/5\/2026\/01\/19113423\/other-Pierre-Fuhrer.png 1024w\"\n                style=\"object-position: 53.00% 56.00%; font-family: &quot;object-fit: cover; object-position: 53.00% 56.00%;&quot;; aspect-ratio: 1\/1; object-fit: cover; width: 100%;\"\n        loading=\"lazy\"\n\/>    <\/figure><\/div>\n\n\n\n<div class=\"wp-block-unilux-blocks-wrapper list-people__body\">\n<h5 class=\"list-people__title has-text-align-left wp-block-unilux-blocks-heading\"        id=\"pierre-fuhrer\"\n    >\nPierre Fuhrer<\/h5>\n\n\n\n<p class=\"list-people__description wp-block-unilux-blocks-plain-text\">Head of Office<\/p>\n\n<div class=\"wp-block-unilux-blocks-simple-cta\">\n    <a\n        href=\"https:\/\/www.uni.lu\/snt-en\/people\/pierre-fuhrer\/\"\n        title=\"Learn More\"\n        class=\"link-text link-text--icon \"\n        target=\"\"\n    >\n        <span class=\"link-text__body\">\n            <span class=\"link-text__name\">View profile<\/span>\n        <\/span>\n        <svg aria-hidden=\"true\" focusable=\"false\" class=\"icon icon-outline icon--arrow-right \"><use xlink:href=\"https:\/\/www.uni.lu\/wp-content\/themes\/unilux-theme\/assets\/images\/icons\/icons-outline.svg#icon--arrow-right\"><\/use><\/svg>    <\/a>\n<\/div>\n<\/div>\n<\/div>\n<\/div>\n<\/div><div class=\"w-full md:w-1\/2 px-16  wp-block-unilux-blocks-highlighted-person-list-item\">\n    \n<h3 class=\"has-text-align-left wp-block-unilux-blocks-heading\"    >\n<\/h3>\n\n<div class=\"wp-block-unilux-blocks-wrapper list-people bg-theme\">\n<div class=\"wp-block-unilux-blocks-wrapper list-people__container\">\n<div class=\"wp-block-unilux-blocks-wrapper list-people__visual\"><figure class=\"wp-block-dev4-reusable-blocks-image w-full object-fit--cover\">\n    \n<img decoding=\"async\" class=\"wp-block-image unilux-custom-image-block\"\n                alt=\"\"\n            src=\"https:\/\/www.uni.lu\/wp-content\/uploads\/sites\/5\/2026\/01\/13110840\/Domenico-Bianculli.png\"\n                srcset=\"https:\/\/www.uni.lu\/wp-content\/uploads\/sites\/5\/2026\/01\/13110840\/Domenico-Bianculli-300x225.png 300w, https:\/\/www.uni.lu\/wp-content\/uploads\/sites\/5\/2026\/01\/13110840\/Domenico-Bianculli-768x576.png 768w, https:\/\/www.uni.lu\/wp-content\/uploads\/sites\/5\/2026\/01\/13110840\/Domenico-Bianculli.png 1024w\"\n                style=\"object-position: 53.00% 60.00%; font-family: &quot;object-fit: cover; object-position: 53.00% 60.00%;&quot;; aspect-ratio: 1\/1; object-fit: cover; width: 100%;\"\n        loading=\"lazy\"\n\/>    <\/figure><\/div>\n\n\n\n<div class=\"wp-block-unilux-blocks-wrapper list-people__body\">\n<h5 class=\"list-people__title has-text-align-left wp-block-unilux-blocks-heading\"        id=\"domenico-bianculli\"\n    >\nDomenico Bianculli<\/h5>\n\n\n\n<p class=\"list-people__description wp-block-unilux-blocks-plain-text\">Head of Software Verification and Validation (SVV) Research Group<\/p>\n\n<div class=\"wp-block-unilux-blocks-simple-cta\">\n    <a\n        href=\"https:\/\/www.uni.lu\/snt-en\/people\/domenico-bianculli\/\"\n        title=\"Learn More\"\n        class=\"link-text link-text--icon \"\n        target=\"\"\n    >\n        <span class=\"link-text__body\">\n            <span class=\"link-text__name\">View profile<\/span>\n        <\/span>\n        <svg aria-hidden=\"true\" focusable=\"false\" class=\"icon icon-outline icon--arrow-right \"><use xlink:href=\"https:\/\/www.uni.lu\/wp-content\/themes\/unilux-theme\/assets\/images\/icons\/icons-outline.svg#icon--arrow-right\"><\/use><\/svg>    <\/a>\n<\/div>\n<\/div>\n<\/div>\n<\/div>\n<\/div><div class=\"w-full md:w-1\/2 px-16  wp-block-unilux-blocks-highlighted-person-list-item\">\n    \n<h3 class=\"has-text-align-left wp-block-unilux-blocks-heading\"    >\n<\/h3>\n\n<div class=\"wp-block-unilux-blocks-wrapper list-people bg-theme\">\n<div class=\"wp-block-unilux-blocks-wrapper list-people__container\">\n<div class=\"wp-block-unilux-blocks-wrapper list-people__visual\"><figure class=\"wp-block-dev4-reusable-blocks-image w-full object-fit--cover\">\n    \n<img decoding=\"async\" class=\"wp-block-image unilux-custom-image-block\"\n                alt=\"\"\n            src=\"https:\/\/www.uni.lu\/wp-content\/uploads\/sites\/5\/2026\/01\/28132204\/Alex_Biryukov_Updated_Jan_2026.png\"\n                srcset=\"https:\/\/www.uni.lu\/wp-content\/uploads\/sites\/5\/2026\/01\/28132204\/Alex_Biryukov_Updated_Jan_2026-300x224.png 300w, https:\/\/www.uni.lu\/wp-content\/uploads\/sites\/5\/2026\/01\/28132204\/Alex_Biryukov_Updated_Jan_2026-1024x763.png 1024w, https:\/\/www.uni.lu\/wp-content\/uploads\/sites\/5\/2026\/01\/28132204\/Alex_Biryukov_Updated_Jan_2026-768x572.png 768w, https:\/\/www.uni.lu\/wp-content\/uploads\/sites\/5\/2026\/01\/28132204\/Alex_Biryukov_Updated_Jan_2026-1536x1145.png 1536w, https:\/\/www.uni.lu\/wp-content\/uploads\/sites\/5\/2026\/01\/28132204\/Alex_Biryukov_Updated_Jan_2026.png 2034w\"\n                style=\"object-position: 46.00% 56.00%; font-family: &quot;object-fit: cover; object-position: 46.00% 56.00%;&quot;; aspect-ratio: 1\/1; object-fit: cover; width: 100%;\"\n        loading=\"lazy\"\n\/>    <\/figure><\/div>\n\n\n\n<div class=\"wp-block-unilux-blocks-wrapper list-people__body\">\n<h5 class=\"list-people__title has-text-align-left wp-block-unilux-blocks-heading\"        id=\"alex-biryukov\"\n    >\nAlex Biryukov<\/h5>\n\n\n\n<p class=\"list-people__description wp-block-unilux-blocks-plain-text\">Head of Cryptography (CryptoLUX) Research Group<\/p>\n\n<div class=\"wp-block-unilux-blocks-simple-cta\">\n    <a\n        href=\"https:\/\/www.uni.lu\/fstm-en\/people\/alexei-biryukov\/\"\n        title=\"Learn More\"\n        class=\"link-text link-text--icon \"\n        target=\"\"\n    >\n        <span class=\"link-text__body\">\n            <span class=\"link-text__name\">View profile<\/span>\n        <\/span>\n        <svg aria-hidden=\"true\" focusable=\"false\" class=\"icon icon-outline icon--arrow-right \"><use xlink:href=\"https:\/\/www.uni.lu\/wp-content\/themes\/unilux-theme\/assets\/images\/icons\/icons-outline.svg#icon--arrow-right\"><\/use><\/svg>    <\/a>\n<\/div>\n<\/div>\n<\/div>\n<\/div>\n<\/div><div class=\"w-full md:w-1\/2 px-16  wp-block-unilux-blocks-highlighted-person-list-item\">\n    \n<h3 class=\"has-text-align-left wp-block-unilux-blocks-heading\"    >\n<\/h3>\n\n<div class=\"wp-block-unilux-blocks-wrapper list-people bg-theme\">\n<div class=\"wp-block-unilux-blocks-wrapper list-people__container\">\n<div class=\"wp-block-unilux-blocks-wrapper list-people__visual\"><figure class=\"wp-block-dev4-reusable-blocks-image w-full object-fit--cover\">\n    \n<img decoding=\"async\" class=\"wp-block-image unilux-custom-image-block\"\n                alt=\"\"\n            src=\"https:\/\/www.uni.lu\/wp-content\/uploads\/sites\/5\/2023\/06\/11184035\/Tegawende_Bissyande_TRUX.png\"\n                srcset=\"https:\/\/www.uni.lu\/wp-content\/uploads\/sites\/5\/2023\/06\/11184035\/Tegawende_Bissyande_TRUX-300x225.png 300w, https:\/\/www.uni.lu\/wp-content\/uploads\/sites\/5\/2023\/06\/11184035\/Tegawende_Bissyande_TRUX-768x576.png 768w, https:\/\/www.uni.lu\/wp-content\/uploads\/sites\/5\/2023\/06\/11184035\/Tegawende_Bissyande_TRUX.png 1024w\"\n                style=\"object-position: 50.00% 34.00%; font-family: &quot;object-fit: cover; object-position: 50.00% 34.00%;&quot;; aspect-ratio: 1\/1; object-fit: cover; width: 100%;\"\n        loading=\"lazy\"\n\/>    <\/figure><\/div>\n\n\n\n<div class=\"wp-block-unilux-blocks-wrapper list-people__body\">\n<h5 class=\"list-people__title has-text-align-left wp-block-unilux-blocks-heading\"        id=\"tegawende-bissyande\"\n    >\nTegawend\u00e9 Bissyand\u00e9<\/h5>\n\n\n\n<p class=\"list-people__description wp-block-unilux-blocks-plain-text\">Head of Trustworthy Software (TruX) Research Group<\/p>\n\n<div class=\"wp-block-unilux-blocks-simple-cta\">\n    <a\n        href=\"https:\/\/www.uni.lu\/snt-en\/people\/tegawende-bissyande\/\"\n        title=\"Learn More\"\n        class=\"link-text link-text--icon \"\n        target=\"\"\n    >\n        <span class=\"link-text__body\">\n            <span class=\"link-text__name\">View profile<\/span>\n        <\/span>\n        <svg aria-hidden=\"true\" focusable=\"false\" class=\"icon icon-outline icon--arrow-right \"><use xlink:href=\"https:\/\/www.uni.lu\/wp-content\/themes\/unilux-theme\/assets\/images\/icons\/icons-outline.svg#icon--arrow-right\"><\/use><\/svg>    <\/a>\n<\/div>\n<\/div>\n<\/div>\n<\/div>\n<\/div><div class=\"w-full md:w-1\/2 px-16  wp-block-unilux-blocks-highlighted-person-list-item\">\n    \n<h3 class=\"has-text-align-left wp-block-unilux-blocks-heading\"    >\n<\/h3>\n\n<div class=\"wp-block-unilux-blocks-wrapper list-people bg-theme\">\n<div class=\"wp-block-unilux-blocks-wrapper list-people__container\">\n<div class=\"wp-block-unilux-blocks-wrapper list-people__visual\"><figure class=\"wp-block-dev4-reusable-blocks-image w-full object-fit--cover\">\n    \n<img decoding=\"async\" class=\"wp-block-image unilux-custom-image-block\"\n                alt=\"\"\n            src=\"https:\/\/www.uni.lu\/wp-content\/uploads\/sites\/5\/2026\/01\/13111125\/Symeon-Chatzinotas.png\"\n                srcset=\"https:\/\/www.uni.lu\/wp-content\/uploads\/sites\/5\/2026\/01\/13111125\/Symeon-Chatzinotas-300x225.png 300w, https:\/\/www.uni.lu\/wp-content\/uploads\/sites\/5\/2026\/01\/13111125\/Symeon-Chatzinotas-768x576.png 768w, https:\/\/www.uni.lu\/wp-content\/uploads\/sites\/5\/2026\/01\/13111125\/Symeon-Chatzinotas.png 1024w\"\n                style=\"object-position: 56.00% 58.00%; font-family: &quot;object-fit: cover; object-position: 56.00% 58.00%;&quot;; aspect-ratio: 1\/1; object-fit: cover; width: 100%;\"\n        loading=\"lazy\"\n\/>    <\/figure><\/div>\n\n\n\n<div class=\"wp-block-unilux-blocks-wrapper list-people__body\">\n<h5 class=\"list-people__title has-text-align-left wp-block-unilux-blocks-heading\"        id=\"symeon-chatzinotas\"\n    >\nSymeon Chatzinotas<\/h5>\n\n\n\n<p class=\"list-people__description wp-block-unilux-blocks-plain-text\">Head of Signal Processing and Communications (SIGCOM) Research Group<\/p>\n\n<div class=\"wp-block-unilux-blocks-simple-cta\">\n    <a\n        href=\"https:\/\/www.uni.lu\/snt-en\/people\/symeon-chatzinotas\/\"\n        title=\"Learn More\"\n        class=\"link-text link-text--icon \"\n        target=\"\"\n    >\n        <span class=\"link-text__body\">\n            <span class=\"link-text__name\">View profile<\/span>\n        <\/span>\n        <svg aria-hidden=\"true\" focusable=\"false\" class=\"icon icon-outline icon--arrow-right \"><use xlink:href=\"https:\/\/www.uni.lu\/wp-content\/themes\/unilux-theme\/assets\/images\/icons\/icons-outline.svg#icon--arrow-right\"><\/use><\/svg>    <\/a>\n<\/div>\n<\/div>\n<\/div>\n<\/div>\n<\/div><div class=\"w-full md:w-1\/2 px-16  wp-block-unilux-blocks-highlighted-person-list-item\">\n    \n<h3 class=\"has-text-align-left wp-block-unilux-blocks-heading\"    >\n<\/h3>\n\n<div class=\"wp-block-unilux-blocks-wrapper list-people bg-theme\">\n<div class=\"wp-block-unilux-blocks-wrapper list-people__container\">\n<div class=\"wp-block-unilux-blocks-wrapper list-people__visual\"><figure class=\"wp-block-dev4-reusable-blocks-image w-full object-fit--cover\">\n    \n<img decoding=\"async\" class=\"wp-block-image unilux-custom-image-block\"\n                alt=\"\"\n            src=\"https:\/\/www.uni.lu\/wp-content\/uploads\/sites\/5\/2026\/01\/19113504\/Gregoire-Danoy.png\"\n                srcset=\"https:\/\/www.uni.lu\/wp-content\/uploads\/sites\/5\/2026\/01\/19113504\/Gregoire-Danoy-300x225.png 300w, https:\/\/www.uni.lu\/wp-content\/uploads\/sites\/5\/2026\/01\/19113504\/Gregoire-Danoy-768x576.png 768w, https:\/\/www.uni.lu\/wp-content\/uploads\/sites\/5\/2026\/01\/19113504\/Gregoire-Danoy.png 1024w\"\n                style=\"object-position: 58.00% 64.00%; font-family: &quot;object-fit: cover; object-position: 58.00% 64.00%;&quot;; aspect-ratio: 1\/1; object-fit: cover; width: 100%;\"\n        loading=\"lazy\"\n\/>    <\/figure><\/div>\n\n\n\n<div class=\"wp-block-unilux-blocks-wrapper list-people__body\">\n<h5 class=\"list-people__title has-text-align-left wp-block-unilux-blocks-heading\"        id=\"gregoire-danoy\"\n    >\nGr\u00e9goire Danoy<\/h5>\n\n\n\n<p class=\"list-people__description wp-block-unilux-blocks-plain-text\">Head of Parallel Computing and Optimisation (PCOG) Research Group<\/p>\n\n<div class=\"wp-block-unilux-blocks-simple-cta\">\n    <a\n        href=\"https:\/\/www.uni.lu\/fstm-en\/people\/gregoire-danoy\/\"\n        title=\"Learn More\"\n        class=\"link-text link-text--icon \"\n        target=\"\"\n    >\n        <span class=\"link-text__body\">\n            <span class=\"link-text__name\">View profile<\/span>\n        <\/span>\n        <svg aria-hidden=\"true\" focusable=\"false\" class=\"icon icon-outline icon--arrow-right \"><use xlink:href=\"https:\/\/www.uni.lu\/wp-content\/themes\/unilux-theme\/assets\/images\/icons\/icons-outline.svg#icon--arrow-right\"><\/use><\/svg>    <\/a>\n<\/div>\n<\/div>\n<\/div>\n<\/div>\n<\/div><div class=\"w-full md:w-1\/2 px-16  wp-block-unilux-blocks-highlighted-person-list-item\">\n    \n<h3 class=\"has-text-align-left wp-block-unilux-blocks-heading\"    >\n<\/h3>\n\n<div class=\"wp-block-unilux-blocks-wrapper list-people bg-theme\">\n<div class=\"wp-block-unilux-blocks-wrapper list-people__container\">\n<div class=\"wp-block-unilux-blocks-wrapper list-people__visual\"><figure class=\"wp-block-dev4-reusable-blocks-image w-full object-fit--cover\">\n    \n<img decoding=\"async\" class=\"wp-block-image unilux-custom-image-block\"\n                alt=\"\"\n            src=\"https:\/\/www.uni.lu\/wp-content\/uploads\/sites\/5\/2026\/01\/13110827\/Christian-Fisch.png\"\n                srcset=\"https:\/\/www.uni.lu\/wp-content\/uploads\/sites\/5\/2026\/01\/13110827\/Christian-Fisch-300x225.png 300w, https:\/\/www.uni.lu\/wp-content\/uploads\/sites\/5\/2026\/01\/13110827\/Christian-Fisch-768x576.png 768w, https:\/\/www.uni.lu\/wp-content\/uploads\/sites\/5\/2026\/01\/13110827\/Christian-Fisch.png 1024w\"\n                style=\"object-position: 53.00% 37.00%; font-family: &quot;object-fit: cover; object-position: 53.00% 37.00%;&quot;; aspect-ratio: 1\/1; object-fit: cover; width: 100%;\"\n        loading=\"lazy\"\n\/>    <\/figure><\/div>\n\n\n\n<div class=\"wp-block-unilux-blocks-wrapper list-people__body\">\n<h5 class=\"list-people__title has-text-align-left wp-block-unilux-blocks-heading\"        id=\"christian-fisch\"\n    >\nChristian Fisch<\/h5>\n\n\n\n<p class=\"list-people__description wp-block-unilux-blocks-plain-text\">Head of Entrepreneurship, Innovation and New Technology (EINT) Research Group<\/p>\n\n<div class=\"wp-block-unilux-blocks-simple-cta\">\n    <a\n        href=\"https:\/\/www.uni.lu\/snt-en\/people\/christian-fisch\/\"\n        title=\"Learn More\"\n        class=\"link-text link-text--icon \"\n        target=\"\"\n    >\n        <span class=\"link-text__body\">\n            <span class=\"link-text__name\">View profile<\/span>\n        <\/span>\n        <svg aria-hidden=\"true\" focusable=\"false\" class=\"icon icon-outline icon--arrow-right \"><use xlink:href=\"https:\/\/www.uni.lu\/wp-content\/themes\/unilux-theme\/assets\/images\/icons\/icons-outline.svg#icon--arrow-right\"><\/use><\/svg>    <\/a>\n<\/div>\n<\/div>\n<\/div>\n<\/div>\n<\/div><div class=\"w-full md:w-1\/2 px-16  wp-block-unilux-blocks-highlighted-person-list-item\">\n    \n<h3 class=\"has-text-align-left wp-block-unilux-blocks-heading\"    >\n<\/h3>\n\n<div class=\"wp-block-unilux-blocks-wrapper list-people bg-theme\">\n<div class=\"wp-block-unilux-blocks-wrapper list-people__container\">\n<div class=\"wp-block-unilux-blocks-wrapper list-people__visual\"><figure class=\"wp-block-dev4-reusable-blocks-image w-full object-fit--cover\">\n    \n<img decoding=\"async\" class=\"wp-block-image unilux-custom-image-block\"\n                alt=\"\"\n            src=\"https:\/\/www.uni.lu\/wp-content\/uploads\/sites\/5\/2026\/01\/13111112\/Raphael-Frank.png\"\n                srcset=\"https:\/\/www.uni.lu\/wp-content\/uploads\/sites\/5\/2026\/01\/13111112\/Raphael-Frank-300x225.png 300w, https:\/\/www.uni.lu\/wp-content\/uploads\/sites\/5\/2026\/01\/13111112\/Raphael-Frank-768x576.png 768w, https:\/\/www.uni.lu\/wp-content\/uploads\/sites\/5\/2026\/01\/13111112\/Raphael-Frank.png 1024w\"\n                style=\"object-position: 57.00% 49.00%; font-family: &quot;object-fit: cover; object-position: 57.00% 49.00%;&quot;; aspect-ratio: 1\/1; object-fit: cover; width: 100%;\"\n        loading=\"lazy\"\n\/>    <\/figure><\/div>\n\n\n\n<div class=\"wp-block-unilux-blocks-wrapper list-people__body\">\n<h5 class=\"list-people__title has-text-align-left wp-block-unilux-blocks-heading\"        id=\"raphael-frank\"\n    >\nRapha\u00ebl Frank<\/h5>\n\n\n\n<p class=\"list-people__description wp-block-unilux-blocks-plain-text\">Head of Ubiquitous and Intelligent Systems (UBIX) Research Group<\/p>\n\n<div class=\"wp-block-unilux-blocks-simple-cta\">\n    <a\n        href=\"https:\/\/www.uni.lu\/snt-en\/people\/raphael-frank\/\"\n        title=\"Learn More\"\n        class=\"link-text link-text--icon \"\n        target=\"\"\n    >\n        <span class=\"link-text__body\">\n            <span class=\"link-text__name\">View profile<\/span>\n        <\/span>\n        <svg aria-hidden=\"true\" focusable=\"false\" class=\"icon icon-outline icon--arrow-right \"><use xlink:href=\"https:\/\/www.uni.lu\/wp-content\/themes\/unilux-theme\/assets\/images\/icons\/icons-outline.svg#icon--arrow-right\"><\/use><\/svg>    <\/a>\n<\/div>\n<\/div>\n<\/div>\n<\/div>\n<\/div><div class=\"w-full md:w-1\/2 px-16  wp-block-unilux-blocks-highlighted-person-list-item\">\n    \n<h3 class=\"has-text-align-left wp-block-unilux-blocks-heading\"    >\n<\/h3>\n\n<div class=\"wp-block-unilux-blocks-wrapper list-people bg-theme\">\n<div class=\"wp-block-unilux-blocks-wrapper list-people__container\">\n<div class=\"wp-block-unilux-blocks-wrapper list-people__visual\"><figure class=\"wp-block-dev4-reusable-blocks-image w-full object-fit--cover\">\n    \n<img decoding=\"async\" class=\"wp-block-image unilux-custom-image-block\"\n                alt=\"\"\n            src=\"https:\/\/www.uni.lu\/wp-content\/uploads\/sites\/5\/2026\/01\/13110907\/Gilbert-Fridgen.png\"\n                srcset=\"https:\/\/www.uni.lu\/wp-content\/uploads\/sites\/5\/2026\/01\/13110907\/Gilbert-Fridgen-300x225.png 300w, https:\/\/www.uni.lu\/wp-content\/uploads\/sites\/5\/2026\/01\/13110907\/Gilbert-Fridgen-768x576.png 768w, https:\/\/www.uni.lu\/wp-content\/uploads\/sites\/5\/2026\/01\/13110907\/Gilbert-Fridgen.png 1024w\"\n                style=\"object-position: 65.00% 48.00%; font-family: &quot;object-fit: cover; object-position: 65.00% 48.00%;&quot;; aspect-ratio: 1\/1; object-fit: cover; width: 100%;\"\n        loading=\"lazy\"\n\/>    <\/figure><\/div>\n\n\n\n<div class=\"wp-block-unilux-blocks-wrapper list-people__body\">\n<h5 class=\"list-people__title has-text-align-left wp-block-unilux-blocks-heading\"        id=\"gilbert-fridgen\"\n    >\nGilbert Fridgen<\/h5>\n\n\n\n<p class=\"list-people__description wp-block-unilux-blocks-plain-text\">Head of Digital Financial Services and Cross-Organisational Digital Transformations (FINATRAX) Research Group<\/p>\n\n<div class=\"wp-block-unilux-blocks-simple-cta\">\n    <a\n        href=\"https:\/\/www.uni.lu\/snt-en\/people\/gilbert-fridgen\/\"\n        title=\"Learn More\"\n        class=\"link-text link-text--icon \"\n        target=\"\"\n    >\n        <span class=\"link-text__body\">\n            <span class=\"link-text__name\">View profile<\/span>\n        <\/span>\n        <svg aria-hidden=\"true\" focusable=\"false\" class=\"icon icon-outline icon--arrow-right \"><use xlink:href=\"https:\/\/www.uni.lu\/wp-content\/themes\/unilux-theme\/assets\/images\/icons\/icons-outline.svg#icon--arrow-right\"><\/use><\/svg>    <\/a>\n<\/div>\n<\/div>\n<\/div>\n<\/div>\n<\/div><div class=\"w-full md:w-1\/2 px-16  wp-block-unilux-blocks-highlighted-person-list-item\">\n    \n<h3 class=\"has-text-align-left wp-block-unilux-blocks-heading\"    >\n<\/h3>\n\n<div class=\"wp-block-unilux-blocks-wrapper list-people bg-theme\">\n<div class=\"wp-block-unilux-blocks-wrapper list-people__container\">\n<div class=\"wp-block-unilux-blocks-wrapper list-people__visual\"><figure class=\"wp-block-dev4-reusable-blocks-image w-full object-fit--cover\">\n    \n<img decoding=\"async\" class=\"wp-block-image unilux-custom-image-block\"\n                alt=\"\"\n            src=\"https:\/\/www.uni.lu\/wp-content\/uploads\/sites\/5\/2026\/01\/13110801\/Andreas-Hein.png\"\n                srcset=\"https:\/\/www.uni.lu\/wp-content\/uploads\/sites\/5\/2026\/01\/13110801\/Andreas-Hein-300x225.png 300w, https:\/\/www.uni.lu\/wp-content\/uploads\/sites\/5\/2026\/01\/13110801\/Andreas-Hein-768x576.png 768w, https:\/\/www.uni.lu\/wp-content\/uploads\/sites\/5\/2026\/01\/13110801\/Andreas-Hein.png 1024w\"\n                style=\"object-position: 57.00% 47.00%; font-family: &quot;object-fit: cover; object-position: 57.00% 47.00%;&quot;; aspect-ratio: 1\/1; object-fit: cover; width: 100%;\"\n        loading=\"lazy\"\n\/>    <\/figure><\/div>\n\n\n\n<div class=\"wp-block-unilux-blocks-wrapper list-people__body\">\n<h5 class=\"list-people__title has-text-align-left wp-block-unilux-blocks-heading\"        id=\"andreas-hein\"\n    >\nAndreas Hein<\/h5>\n\n\n\n<p class=\"list-people__description wp-block-unilux-blocks-plain-text\">Head of Space Systems (SpaSys) Research Group<\/p>\n\n<div class=\"wp-block-unilux-blocks-simple-cta\">\n    <a\n        href=\"https:\/\/www.uni.lu\/snt-en\/people\/andreas-hein\/\"\n        title=\"Learn More\"\n        class=\"link-text link-text--icon \"\n        target=\"\"\n    >\n        <span class=\"link-text__body\">\n            <span class=\"link-text__name\">View profile<\/span>\n        <\/span>\n        <svg aria-hidden=\"true\" focusable=\"false\" class=\"icon icon-outline icon--arrow-right \"><use xlink:href=\"https:\/\/www.uni.lu\/wp-content\/themes\/unilux-theme\/assets\/images\/icons\/icons-outline.svg#icon--arrow-right\"><\/use><\/svg>    <\/a>\n<\/div>\n<\/div>\n<\/div>\n<\/div>\n<\/div><div class=\"w-full md:w-1\/2 px-16  wp-block-unilux-blocks-highlighted-person-list-item\">\n    \n<h3 class=\"has-text-align-left wp-block-unilux-blocks-heading\"    >\n<\/h3>\n\n<div class=\"wp-block-unilux-blocks-wrapper list-people bg-theme\">\n<div class=\"wp-block-unilux-blocks-wrapper list-people__container\">\n<div class=\"wp-block-unilux-blocks-wrapper list-people__visual\"><figure class=\"wp-block-dev4-reusable-blocks-image w-full object-fit--cover\">\n    \n<img decoding=\"async\" class=\"wp-block-image unilux-custom-image-block\"\n                alt=\"\"\n            src=\"https:\/\/www.uni.lu\/wp-content\/uploads\/sites\/5\/2026\/01\/13111153\/Vincent-Lenders.png\"\n                srcset=\"https:\/\/www.uni.lu\/wp-content\/uploads\/sites\/5\/2026\/01\/13111153\/Vincent-Lenders-300x225.png 300w, https:\/\/www.uni.lu\/wp-content\/uploads\/sites\/5\/2026\/01\/13111153\/Vincent-Lenders-768x576.png 768w, https:\/\/www.uni.lu\/wp-content\/uploads\/sites\/5\/2026\/01\/13111153\/Vincent-Lenders.png 1024w\"\n                style=\"object-position: 57.00% 47.00%; font-family: &quot;object-fit: cover; object-position: 57.00% 47.00%;&quot;; aspect-ratio: 1\/1; object-fit: cover; width: 100%;\"\n        loading=\"lazy\"\n\/>    <\/figure><\/div>\n\n\n\n<div class=\"wp-block-unilux-blocks-wrapper list-people__body\">\n<h5 class=\"list-people__title has-text-align-left wp-block-unilux-blocks-heading\"        id=\"vincent-lenders\"\n    >\nVincent Lenders<\/h5>\n\n\n\n<p class=\"list-people__description wp-block-unilux-blocks-plain-text\">Head of Systems and Network Security (SNS) Research Group<\/p>\n\n<div class=\"wp-block-unilux-blocks-simple-cta\">\n    <a\n        href=\"https:\/\/www.uni.lu\/snt-en\/people\/vincent-lenders\/\"\n        title=\"Learn More\"\n        class=\"link-text link-text--icon \"\n        target=\"\"\n    >\n        <span class=\"link-text__body\">\n            <span class=\"link-text__name\">View profile<\/span>\n        <\/span>\n        <svg aria-hidden=\"true\" focusable=\"false\" class=\"icon icon-outline icon--arrow-right \"><use xlink:href=\"https:\/\/www.uni.lu\/wp-content\/themes\/unilux-theme\/assets\/images\/icons\/icons-outline.svg#icon--arrow-right\"><\/use><\/svg>    <\/a>\n<\/div>\n<\/div>\n<\/div>\n<\/div>\n<\/div><div class=\"w-full md:w-1\/2 px-16  wp-block-unilux-blocks-highlighted-person-list-item\">\n    \n<h3 class=\"has-text-align-left wp-block-unilux-blocks-heading\"    >\n<\/h3>\n\n<div class=\"wp-block-unilux-blocks-wrapper list-people bg-theme\">\n<div class=\"wp-block-unilux-blocks-wrapper list-people__container\">\n<div class=\"wp-block-unilux-blocks-wrapper list-people__visual\"><figure class=\"wp-block-dev4-reusable-blocks-image w-full object-fit--cover\">\n    \n<img decoding=\"async\" class=\"wp-block-image unilux-custom-image-block\"\n                alt=\"\"\n            src=\"https:\/\/www.uni.lu\/wp-content\/uploads\/sites\/5\/2026\/01\/13110854\/Gabriele-Lenzini.png\"\n                srcset=\"https:\/\/www.uni.lu\/wp-content\/uploads\/sites\/5\/2026\/01\/13110854\/Gabriele-Lenzini-300x225.png 300w, https:\/\/www.uni.lu\/wp-content\/uploads\/sites\/5\/2026\/01\/13110854\/Gabriele-Lenzini-768x576.png 768w, https:\/\/www.uni.lu\/wp-content\/uploads\/sites\/5\/2026\/01\/13110854\/Gabriele-Lenzini.png 1024w\"\n                style=\"object-position: 42.00% 59.00%; font-family: &quot;object-fit: cover; object-position: 42.00% 59.00%;&quot;; aspect-ratio: 1\/1; object-fit: cover; width: 100%;\"\n        loading=\"lazy\"\n\/>    <\/figure><\/div>\n\n\n\n<div class=\"wp-block-unilux-blocks-wrapper list-people__body\">\n<h5 class=\"list-people__title has-text-align-left wp-block-unilux-blocks-heading\"        id=\"gabriele-lenzini\"\n    >\nGabriele Lenzini<\/h5>\n\n\n\n<p class=\"list-people__description wp-block-unilux-blocks-plain-text\">Head of Sociotechnical Cybersecurity (IRiSC) Research Group<\/p>\n\n<div class=\"wp-block-unilux-blocks-simple-cta\">\n    <a\n        href=\"https:\/\/www.uni.lu\/snt-en\/people\/gabriele-lenzini\/\"\n        title=\"Learn More\"\n        class=\"link-text link-text--icon \"\n        target=\"\"\n    >\n        <span class=\"link-text__body\">\n            <span class=\"link-text__name\">View profile<\/span>\n        <\/span>\n        <svg aria-hidden=\"true\" focusable=\"false\" class=\"icon icon-outline icon--arrow-right \"><use xlink:href=\"https:\/\/www.uni.lu\/wp-content\/themes\/unilux-theme\/assets\/images\/icons\/icons-outline.svg#icon--arrow-right\"><\/use><\/svg>    <\/a>\n<\/div>\n<\/div>\n<\/div>\n<\/div>\n<\/div><div class=\"w-full md:w-1\/2 px-16  wp-block-unilux-blocks-highlighted-person-list-item\">\n    \n<h3 class=\"has-text-align-left wp-block-unilux-blocks-heading\"    >\n<\/h3>\n\n<div class=\"wp-block-unilux-blocks-wrapper list-people bg-theme\">\n<div class=\"wp-block-unilux-blocks-wrapper list-people__container\">\n<div class=\"wp-block-unilux-blocks-wrapper list-people__visual\"><figure class=\"wp-block-dev4-reusable-blocks-image w-full object-fit--cover\">\n    \n<img decoding=\"async\" class=\"wp-block-image unilux-custom-image-block\"\n                alt=\"\"\n            src=\"https:\/\/www.uni.lu\/wp-content\/uploads\/sites\/5\/2026\/01\/13111002\/Miguel-Angel-Olivares-Mendez.png\"\n                srcset=\"https:\/\/www.uni.lu\/wp-content\/uploads\/sites\/5\/2026\/01\/13111002\/Miguel-Angel-Olivares-Mendez-300x225.png 300w, https:\/\/www.uni.lu\/wp-content\/uploads\/sites\/5\/2026\/01\/13111002\/Miguel-Angel-Olivares-Mendez-768x576.png 768w, https:\/\/www.uni.lu\/wp-content\/uploads\/sites\/5\/2026\/01\/13111002\/Miguel-Angel-Olivares-Mendez.png 1024w\"\n                style=\"object-position: 52.00% 44.00%; font-family: &quot;object-fit: cover; object-position: 52.00% 44.00%;&quot;; aspect-ratio: 1\/1; object-fit: cover; width: 100%;\"\n        loading=\"lazy\"\n\/>    <\/figure><\/div>\n\n\n\n<div class=\"wp-block-unilux-blocks-wrapper list-people__body\">\n<h5 class=\"list-people__title has-text-align-left wp-block-unilux-blocks-heading\"        id=\"miguel-angel-olivares-mendez\"\n    >\nMiguel Angel Olivares Mendez<\/h5>\n\n\n\n<p class=\"list-people__description wp-block-unilux-blocks-plain-text\">Head of Space Robotics (SpaceR) Research Group<\/p>\n\n<div class=\"wp-block-unilux-blocks-simple-cta\">\n    <a\n        href=\"https:\/\/www.uni.lu\/snt-en\/people\/miguel-angel-olivares-mendez\/\"\n        title=\"Learn More\"\n        class=\"link-text link-text--icon \"\n        target=\"\"\n    >\n        <span class=\"link-text__body\">\n            <span class=\"link-text__name\">View profile<\/span>\n        <\/span>\n        <svg aria-hidden=\"true\" focusable=\"false\" class=\"icon icon-outline icon--arrow-right \"><use xlink:href=\"https:\/\/www.uni.lu\/wp-content\/themes\/unilux-theme\/assets\/images\/icons\/icons-outline.svg#icon--arrow-right\"><\/use><\/svg>    <\/a>\n<\/div>\n<\/div>\n<\/div>\n<\/div>\n<\/div><div class=\"w-full md:w-1\/2 px-16  wp-block-unilux-blocks-highlighted-person-list-item\">\n    \n<h3 class=\"has-text-align-left wp-block-unilux-blocks-heading\"    >\n<\/h3>\n\n<div class=\"wp-block-unilux-blocks-wrapper list-people bg-theme\">\n<div class=\"wp-block-unilux-blocks-wrapper list-people__container\">\n<div class=\"wp-block-unilux-blocks-wrapper list-people__visual\"><figure class=\"wp-block-dev4-reusable-blocks-image w-full object-fit--cover\">\n    \n<img decoding=\"async\" class=\"wp-block-image unilux-custom-image-block\"\n                alt=\"\"\n            src=\"https:\/\/www.uni.lu\/wp-content\/uploads\/sites\/5\/2026\/01\/13110948\/Michail-Mike-Papadakis.png\"\n                srcset=\"https:\/\/www.uni.lu\/wp-content\/uploads\/sites\/5\/2026\/01\/13110948\/Michail-Mike-Papadakis-300x225.png 300w, https:\/\/www.uni.lu\/wp-content\/uploads\/sites\/5\/2026\/01\/13110948\/Michail-Mike-Papadakis-768x576.png 768w, https:\/\/www.uni.lu\/wp-content\/uploads\/sites\/5\/2026\/01\/13110948\/Michail-Mike-Papadakis.png 1024w\"\n                style=\"object-position: 57.00% 47.00%; font-family: &quot;object-fit: cover; object-position: 57.00% 47.00%;&quot;; aspect-ratio: 1\/1; object-fit: cover; width: 100%;\"\n        loading=\"lazy\"\n\/>    <\/figure><\/div>\n\n\n\n<div class=\"wp-block-unilux-blocks-wrapper list-people__body\">\n<h5 class=\"list-people__title has-text-align-left wp-block-unilux-blocks-heading\"        id=\"michail-papadakis\"\n    >\nMichail Papadakis<\/h5>\n\n\n\n<p class=\"list-people__description wp-block-unilux-blocks-plain-text\">Head of Security, Reasoning and Validation (SerVal) Research Group<\/p>\n\n<div class=\"wp-block-unilux-blocks-simple-cta\">\n    <a\n        href=\"https:\/\/www.uni.lu\/snt-en\/people\/michail-papadakis\/\"\n        title=\"Learn More\"\n        class=\"link-text link-text--icon \"\n        target=\"\"\n    >\n        <span class=\"link-text__body\">\n            <span class=\"link-text__name\">View profile<\/span>\n        <\/span>\n        <svg aria-hidden=\"true\" focusable=\"false\" class=\"icon icon-outline icon--arrow-right \"><use xlink:href=\"https:\/\/www.uni.lu\/wp-content\/themes\/unilux-theme\/assets\/images\/icons\/icons-outline.svg#icon--arrow-right\"><\/use><\/svg>    <\/a>\n<\/div>\n<\/div>\n<\/div>\n<\/div>\n<\/div><div class=\"w-full md:w-1\/2 px-16  wp-block-unilux-blocks-highlighted-person-list-item\">\n    \n<h3 class=\"has-text-align-left wp-block-unilux-blocks-heading\"    >\n<\/h3>\n\n<div class=\"wp-block-unilux-blocks-wrapper list-people bg-theme\">\n<div class=\"wp-block-unilux-blocks-wrapper list-people__container\">\n<div class=\"wp-block-unilux-blocks-wrapper list-people__visual\"><figure class=\"wp-block-dev4-reusable-blocks-image w-full object-fit--cover\">\n    \n<img decoding=\"async\" class=\"wp-block-image unilux-custom-image-block\"\n                alt=\"\"\n            src=\"https:\/\/www.uni.lu\/wp-content\/uploads\/sites\/5\/2026\/01\/13110813\/Bhavani-Shankar.png\"\n                srcset=\"https:\/\/www.uni.lu\/wp-content\/uploads\/sites\/5\/2026\/01\/13110813\/Bhavani-Shankar-300x225.png 300w, https:\/\/www.uni.lu\/wp-content\/uploads\/sites\/5\/2026\/01\/13110813\/Bhavani-Shankar-768x576.png 768w, https:\/\/www.uni.lu\/wp-content\/uploads\/sites\/5\/2026\/01\/13110813\/Bhavani-Shankar.png 1024w\"\n                style=\"object-position: 44.00% 84.00%; font-family: &quot;object-fit: cover; object-position: 44.00% 84.00%;&quot;; aspect-ratio: 1\/1; object-fit: cover; width: 100%;\"\n        loading=\"lazy\"\n\/>    <\/figure><\/div>\n\n\n\n<div class=\"wp-block-unilux-blocks-wrapper list-people__body\">\n<h5 class=\"list-people__title has-text-align-left wp-block-unilux-blocks-heading\"        id=\"bhavani-shankar\"\n    >\nBhavani Shankar<\/h5>\n\n\n\n<p class=\"list-people__description wp-block-unilux-blocks-plain-text\">Head of Signal Processing Applications in Radar and Communications (SPARC) Research Group<\/p>\n\n<div class=\"wp-block-unilux-blocks-simple-cta\">\n    <a\n        href=\"https:\/\/www.uni.lu\/snt-en\/people\/bhavani-shankar-mysore-rama-rao\/\"\n        title=\"Learn More\"\n        class=\"link-text link-text--icon \"\n        target=\"\"\n    >\n        <span class=\"link-text__body\">\n            <span class=\"link-text__name\">View profile<\/span>\n        <\/span>\n        <svg aria-hidden=\"true\" focusable=\"false\" class=\"icon icon-outline icon--arrow-right \"><use xlink:href=\"https:\/\/www.uni.lu\/wp-content\/themes\/unilux-theme\/assets\/images\/icons\/icons-outline.svg#icon--arrow-right\"><\/use><\/svg>    <\/a>\n<\/div>\n<\/div>\n<\/div>\n<\/div>\n<\/div><div class=\"w-full md:w-1\/2 px-16  wp-block-unilux-blocks-highlighted-person-list-item\">\n    \n<h3 class=\"has-text-align-left wp-block-unilux-blocks-heading\"    >\n<\/h3>\n\n<div class=\"wp-block-unilux-blocks-wrapper list-people bg-theme\">\n<div class=\"wp-block-unilux-blocks-wrapper list-people__container\">\n<div class=\"wp-block-unilux-blocks-wrapper list-people__visual\"><figure class=\"wp-block-dev4-reusable-blocks-image w-full object-fit--cover\">\n    \n<img decoding=\"async\" class=\"wp-block-image unilux-custom-image-block\"\n                alt=\"\"\n            src=\"https:\/\/www.uni.lu\/wp-content\/uploads\/sites\/5\/2026\/01\/13111057\/Radu-State.png\"\n                srcset=\"https:\/\/www.uni.lu\/wp-content\/uploads\/sites\/5\/2026\/01\/13111057\/Radu-State-300x225.png 300w, https:\/\/www.uni.lu\/wp-content\/uploads\/sites\/5\/2026\/01\/13111057\/Radu-State-768x576.png 768w, https:\/\/www.uni.lu\/wp-content\/uploads\/sites\/5\/2026\/01\/13111057\/Radu-State.png 1024w\"\n                style=\"object-position: 55.00% 75.00%; font-family: &quot;object-fit: cover; object-position: 55.00% 75.00%;&quot;; aspect-ratio: 1\/1; object-fit: cover; width: 100%;\"\n        loading=\"lazy\"\n\/>    <\/figure><\/div>\n\n\n\n<div class=\"wp-block-unilux-blocks-wrapper list-people__body\">\n<h5 class=\"list-people__title has-text-align-left wp-block-unilux-blocks-heading\"        id=\"radu-state\"\n    >\nRadu State<\/h5>\n\n\n\n<p class=\"list-people__description wp-block-unilux-blocks-plain-text\">Head of Services and Data Management (SEDAN) Research Group<\/p>\n\n<div class=\"wp-block-unilux-blocks-simple-cta\">\n    <a\n        href=\"https:\/\/www.uni.lu\/snt-en\/people\/radu-state\/\"\n        title=\"Learn More\"\n        class=\"link-text link-text--icon \"\n        target=\"\"\n    >\n        <span class=\"link-text__body\">\n            <span class=\"link-text__name\">View profile<\/span>\n        <\/span>\n        <svg aria-hidden=\"true\" focusable=\"false\" class=\"icon icon-outline icon--arrow-right \"><use xlink:href=\"https:\/\/www.uni.lu\/wp-content\/themes\/unilux-theme\/assets\/images\/icons\/icons-outline.svg#icon--arrow-right\"><\/use><\/svg>    <\/a>\n<\/div>\n<\/div>\n<\/div>\n<\/div>\n<\/div><div class=\"w-full md:w-1\/2 px-16  wp-block-unilux-blocks-highlighted-person-list-item\">\n    \n<h3 class=\"has-text-align-left wp-block-unilux-blocks-heading\"    >\n<\/h3>\n\n<div class=\"wp-block-unilux-blocks-wrapper list-people bg-theme\">\n<div class=\"wp-block-unilux-blocks-wrapper list-people__container\">\n<div class=\"wp-block-unilux-blocks-wrapper list-people__visual\"><figure class=\"wp-block-dev4-reusable-blocks-image w-full object-fit--cover\">\n    \n<img decoding=\"async\" class=\"wp-block-image unilux-custom-image-block\"\n                alt=\"\"\n            src=\"https:\/\/www.uni.lu\/wp-content\/uploads\/sites\/5\/2026\/01\/13110935\/Marcus-Voelp.png\"\n                srcset=\"https:\/\/www.uni.lu\/wp-content\/uploads\/sites\/5\/2026\/01\/13110935\/Marcus-Voelp-300x225.png 300w, https:\/\/www.uni.lu\/wp-content\/uploads\/sites\/5\/2026\/01\/13110935\/Marcus-Voelp-768x576.png 768w, https:\/\/www.uni.lu\/wp-content\/uploads\/sites\/5\/2026\/01\/13110935\/Marcus-Voelp.png 1024w\"\n                style=\"object-position: 44.00% 77.00%; font-family: &quot;object-fit: cover; object-position: 44.00% 77.00%;&quot;; aspect-ratio: 1\/1; object-fit: cover; width: 100%;\"\n        loading=\"lazy\"\n\/>    <\/figure><\/div>\n\n\n\n<div class=\"wp-block-unilux-blocks-wrapper list-people__body\">\n<h5 class=\"list-people__title has-text-align-left wp-block-unilux-blocks-heading\"        id=\"marcus-volp\"\n    >\nMarcus V\u00f6lp<\/h5>\n\n\n\n<p class=\"list-people__description wp-block-unilux-blocks-plain-text\">Head of Critical Extreme Security and Dependability (CritiX) Research Group<\/p>\n\n<div class=\"wp-block-unilux-blocks-simple-cta\">\n    <a\n        href=\"https:\/\/www.uni.lu\/snt-en\/people\/marcus-volp\/\"\n        title=\"Learn More\"\n        class=\"link-text link-text--icon \"\n        target=\"\"\n    >\n        <span class=\"link-text__body\">\n            <span class=\"link-text__name\">View profile<\/span>\n        <\/span>\n        <svg aria-hidden=\"true\" focusable=\"false\" class=\"icon icon-outline icon--arrow-right \"><use xlink:href=\"https:\/\/www.uni.lu\/wp-content\/themes\/unilux-theme\/assets\/images\/icons\/icons-outline.svg#icon--arrow-right\"><\/use><\/svg>    <\/a>\n<\/div>\n<\/div>\n<\/div>\n<\/div>\n<\/div><div class=\"w-full md:w-1\/2 px-16  wp-block-unilux-blocks-highlighted-person-list-item\">\n    \n<h3 class=\"has-text-align-left wp-block-unilux-blocks-heading\"    >\n<\/h3>\n\n<div class=\"wp-block-unilux-blocks-wrapper list-people bg-theme\">\n<div class=\"wp-block-unilux-blocks-wrapper list-people__container\">\n<div class=\"wp-block-unilux-blocks-wrapper list-people__visual\"><figure class=\"wp-block-dev4-reusable-blocks-image w-full object-fit--cover\">\n    \n<img decoding=\"async\" class=\"wp-block-image unilux-custom-image-block\"\n                alt=\"\"\n            src=\"https:\/\/www.uni.lu\/wp-content\/uploads\/sites\/5\/2026\/01\/13110921\/Holger-Voos.png\"\n                srcset=\"https:\/\/www.uni.lu\/wp-content\/uploads\/sites\/5\/2026\/01\/13110921\/Holger-Voos-300x225.png 300w, https:\/\/www.uni.lu\/wp-content\/uploads\/sites\/5\/2026\/01\/13110921\/Holger-Voos-768x576.png 768w, https:\/\/www.uni.lu\/wp-content\/uploads\/sites\/5\/2026\/01\/13110921\/Holger-Voos.png 1024w\"\n                style=\"object-position: 44.00% 77.00%; font-family: &quot;object-fit: cover; object-position: 44.00% 77.00%;&quot;; aspect-ratio: 1\/1; object-fit: cover; width: 100%;\"\n        loading=\"lazy\"\n\/>    <\/figure><\/div>\n\n\n\n<div class=\"wp-block-unilux-blocks-wrapper list-people__body\">\n<h5 class=\"list-people__title has-text-align-left wp-block-unilux-blocks-heading\"        id=\"holger-voos\"\n    >\nHolger Voos<\/h5>\n\n\n\n<p class=\"list-people__description wp-block-unilux-blocks-plain-text\">Head of Automation and Robotics (ARG) Research Group<\/p>\n\n<div class=\"wp-block-unilux-blocks-simple-cta\">\n    <a\n        href=\"https:\/\/www.uni.lu\/snt-en\/people\/holger-voos\/\"\n        title=\"Learn More\"\n        class=\"link-text link-text--icon \"\n        target=\"\"\n    >\n        <span class=\"link-text__body\">\n            <span class=\"link-text__name\">View profile<\/span>\n        <\/span>\n        <svg aria-hidden=\"true\" focusable=\"false\" class=\"icon icon-outline icon--arrow-right \"><use xlink:href=\"https:\/\/www.uni.lu\/wp-content\/themes\/unilux-theme\/assets\/images\/icons\/icons-outline.svg#icon--arrow-right\"><\/use><\/svg>    <\/a>\n<\/div>\n<\/div>\n<\/div>\n<\/div>\n<\/div><\/div>        <\/div>\n    <\/div>\n<\/div><\/div>\n\n\n<div class=\"wp-block-unilux-blocks-spacer is-spacer-size-md\"><\/div>\n\n\n<h2 class=\"has-text-align-left wp-block-unilux-blocks-heading\"        id=\"research-groups\"\n    >\nResearch Groups<\/h2>\n\n\n\n<div class=\"wp-block-unilux-blocks-accordion accordion accordion--theme accordion-standard\" data-reference=\"70761e39-a108-4106-9541-c261f8ecd80d\" data-accordion-type=\"standard\"><div class=\"accordion__item  wp-block-unilux-blocks-accordion-item\">\n    <h3 class=\"accordion__header\"\n                    id=\"automation-and-robotics-arg\"\n        >\n        <button\n            type=\"button\"\n            id=\"accordion-labelledby-f4f7babb-f460-4c92-a8d9-e70b44f1b952\"\n            class=\"accordion__button collapsed\"\n            aria-expanded=\"false\"\n            aria-controls=\"accordion-panel-f4f7babb-f460-4c92-a8d9-e70b44f1b952\"\n            data-bs-toggle=\"collapse\"\n            data-bs-target=\"#accordion-panel-f4f7babb-f460-4c92-a8d9-e70b44f1b952\"\n        >\n            <span class=\"accordion__title\">\n                                Automation and Robotics (ARG)            <\/span>\n\n            <svg aria-hidden=\"true\" focusable=\"false\" class=\"icon icon-outline icon--arrow-down \"><use xlink:href=\"https:\/\/www.uni.lu\/wp-content\/themes\/unilux-theme\/assets\/images\/icons\/icons-outline.svg#icon--arrow-down\"><\/use><\/svg>        <\/button>\n    <\/h3>\n    <div id=\"accordion-panel-f4f7babb-f460-4c92-a8d9-e70b44f1b952\"\n        class=\"accordion__collapse collapse\"\n        aria-labelledby=\"accordion-labelledby-f4f7babb-f460-4c92-a8d9-e70b44f1b952\"\n        data-bs-parent=\"[data-reference=&quot;70761e39-a108-4106-9541-c261f8ecd80d&quot;]\"\n    >\n        <div class=\"accordion__body \">\n            \n<h3 class=\"has-text-align-left wp-block-unilux-blocks-heading\"        id=\"leadership\"\n    >\nLeadership<\/h3>\n<ul class=\"flex flex-wrap mt-24 -mx-16  wp-block-unilux-blocks-free-content-card\">\n    <li class=\"w-full sm:w-1\/2 lg:w-1\/3 px-16  wp-block-unilux-blocks-free-content-card-item\">\n    <div class=\"ulux-card card-people bg-theme\">\n        <div class=\"ulux-card__container card__container\">\n                        <div class=\"ulux-card__visual wp-block-unilux-blocks-free-content-card-item-visual\">\n    \n<div class=\"wp-block-unilux-blocks-image-video-wrapper\">\n    <figure class=\"wp-block-dev4-reusable-blocks-image  object-fit--cover\">\n    \n<img decoding=\"async\" class=\"wp-block-image unilux-custom-image-block\"\n                alt=\"\"\n            src=\"https:\/\/www.uni.lu\/wp-content\/uploads\/sites\/5\/2026\/01\/13110921\/Holger-Voos.png\"\n                srcset=\"https:\/\/www.uni.lu\/wp-content\/uploads\/sites\/5\/2026\/01\/13110921\/Holger-Voos-300x225.png 300w, https:\/\/www.uni.lu\/wp-content\/uploads\/sites\/5\/2026\/01\/13110921\/Holger-Voos-768x576.png 768w, https:\/\/www.uni.lu\/wp-content\/uploads\/sites\/5\/2026\/01\/13110921\/Holger-Voos.png 1024w\"\n                style=\"object-position: 50.00% 50.00%; font-family: &quot;object-fit: cover; object-position: 50.00% 50.00%;&quot;; aspect-ratio: 4\/3; object-fit: cover; width: 100%;\"\n        loading=\"lazy\"\n\/>    <\/figure><\/div><\/div><div class=\"ulux-card__body wp-block-unilux-blocks-free-content-card-item-body\">\n    \n<div class=\"card__activity wp-block-unilux-blocks-plain-text\"><\/div>\n<h3 class=\"card__name has-text-align-left wp-block-unilux-blocks-heading\"        id=\"holger-voos\"\n    >\nHolger VOOS<\/h3>\n\n<div class=\"card__organization wp-block-unilux-blocks-plain-text\">Interdisciplinary Centre for Security, Reliability and Trust<\/div>\n<div class=\"card__function wp-block-unilux-blocks-plain-text\">Full Professor in Engineering Science &amp; Head of the ARG Research Group<\/div>\n<div class=\"card__interest wp-block-unilux-blocks-plain-text\"><\/div><div class=\"ulux-card__link-wrapper card__link wp-block-unilux-blocks-simple-cta\">\n    <a\n        href=\"https:\/\/www.uni.lu\/snt-en\/people\/holger-voos\/\"\n        title=\"Learn more\"\n        class=\"link-text link-text--icon ulux-card__link link-text link-absolute\"\n        target=\"\"\n    >\n        <span class=\"link-text__body\">\n            <span class=\"link-text__name\">Learn more<\/span>\n        <\/span>\n        <svg aria-hidden=\"true\" focusable=\"false\" class=\"icon icon-outline icon--arrow-right \"><use xlink:href=\"https:\/\/www.uni.lu\/wp-content\/themes\/unilux-theme\/assets\/images\/icons\/icons-outline.svg#icon--arrow-right\"><\/use><\/svg>    <\/a>\n<\/div>\n<\/div>        <\/div>\n    <\/div>\n<\/li><li class=\"w-full sm:w-1\/2 lg:w-1\/3 px-16  wp-block-unilux-blocks-free-content-card-item\">\n    <div class=\"ulux-card card-people bg-theme\">\n        <div class=\"ulux-card__container card__container\">\n                        <div class=\"ulux-card__visual wp-block-unilux-blocks-free-content-card-item-visual\">\n    \n<div class=\"wp-block-unilux-blocks-image-video-wrapper\">\n    <figure class=\"wp-block-dev4-reusable-blocks-image  object-fit--cover\">\n    \n<img decoding=\"async\" class=\"wp-block-image unilux-custom-image-block\"\n                alt=\"\"\n            src=\"https:\/\/www.uni.lu\/wp-content\/uploads\/sites\/5\/2026\/02\/11115546\/Jose-Luis-Sanchez-Lopez-updated-Feb-2026.png\"\n                srcset=\"https:\/\/www.uni.lu\/wp-content\/uploads\/sites\/5\/2026\/02\/11115546\/Jose-Luis-Sanchez-Lopez-updated-Feb-2026-300x200.png 300w, https:\/\/www.uni.lu\/wp-content\/uploads\/sites\/5\/2026\/02\/11115546\/Jose-Luis-Sanchez-Lopez-updated-Feb-2026-1024x683.png 1024w, https:\/\/www.uni.lu\/wp-content\/uploads\/sites\/5\/2026\/02\/11115546\/Jose-Luis-Sanchez-Lopez-updated-Feb-2026-768x512.png 768w, https:\/\/www.uni.lu\/wp-content\/uploads\/sites\/5\/2026\/02\/11115546\/Jose-Luis-Sanchez-Lopez-updated-Feb-2026-1536x1024.png 1536w, https:\/\/www.uni.lu\/wp-content\/uploads\/sites\/5\/2026\/02\/11115546\/Jose-Luis-Sanchez-Lopez-updated-Feb-2026.png 1620w\"\n                style=\"object-position: 50.00% 50.00%; font-family: &quot;object-fit: cover; object-position: 50.00% 50.00%;&quot;; aspect-ratio: 4\/3; object-fit: cover; width: 100%;\"\n        loading=\"lazy\"\n\/>    <\/figure><\/div><\/div><div class=\"ulux-card__body wp-block-unilux-blocks-free-content-card-item-body\">\n    \n<div class=\"card__activity wp-block-unilux-blocks-plain-text\"><\/div>\n<h3 class=\"card__name has-text-align-left wp-block-unilux-blocks-heading\"        id=\"jose-luis-sanchez-lopez\"\n    >\nJose Luis SANCHEZ LOPEZ<\/h3>\n\n<div class=\"card__organization wp-block-unilux-blocks-plain-text\">Interdisciplinary Centre for Security, Reliability and Trust<\/div>\n<div class=\"card__function wp-block-unilux-blocks-plain-text\">Research Scientist &amp; Deputy Head of the ARG Research Group<\/div>\n<div class=\"card__interest wp-block-unilux-blocks-plain-text\"><\/div><div class=\"ulux-card__link-wrapper card__link wp-block-unilux-blocks-simple-cta\">\n    <a\n        href=\"https:\/\/www.uni.lu\/snt-en\/people\/jose-luis-sanchez-lopez\/\"\n        title=\"Learn more\"\n        class=\"link-text link-text--icon ulux-card__link link-text link-absolute\"\n        target=\"\"\n    >\n        <span class=\"link-text__body\">\n            <span class=\"link-text__name\">Learn more<\/span>\n        <\/span>\n        <svg aria-hidden=\"true\" focusable=\"false\" class=\"icon icon-outline icon--arrow-right \"><use xlink:href=\"https:\/\/www.uni.lu\/wp-content\/themes\/unilux-theme\/assets\/images\/icons\/icons-outline.svg#icon--arrow-right\"><\/use><\/svg>    <\/a>\n<\/div>\n<\/div>        <\/div>\n    <\/div>\n<\/li><\/ul>\n<h3 class=\"has-text-align-left wp-block-unilux-blocks-heading\"        id=\"researchers\"\n    >\nResearchers<\/h3>\n<div\n    data-nonce=\"898be529b6\"\n    id=\"people-card-list1777415497\"\n    class=\"people-card-list-automated\"\n    data-search-after=\"EJAZ,50075353,10.631188\"\n    data-params=\"{&quot;size&quot;:6,&quot;byId&quot;:&quot;true&quot;,&quot;organization&quot;:&quot;SNT&quot;,&quot;department&quot;:&quot;Automation&quot;,&quot;employeeGroup&quot;:&quot;1&quot;,&quot;employeeSubGroup&quot;:&quot;ap&quot;}\"\n>\n    <ul class=\"flex flex-wrap -mx-16 people-card-list\">\n                    <li class=\"w-full sm:w-1\/2 lg:w-1\/3 px-16\">\n                <div class=\"ulux-card ulux-card-people bg-theme\">\n                    <div class=\"ulux-card__container\">\n                        <div class=\"ulux-card__visual\">\n                            <img\n                                class=\"w-full\"\n                                src=\"https:\/\/www.uni.lu\/en\/person-image\/NTAwNjYwMzhfX0FuYXMgQUJERUxLQVJJTQ==--medium_large\"\n                                title=\"Anas ABDELKARIM\"\n                                alt=\"Anas ABDELKARIM featured image\"\n                                srcset=\"https:\/\/www.uni.lu\/en\/person-image\/NTAwNjYwMzhfX0FuYXMgQUJERUxLQVJJTQ==--thumbnail 150w,https:\/\/www.uni.lu\/en\/person-image\/NTAwNjYwMzhfX0FuYXMgQUJERUxLQVJJTQ==--medium 300w,https:\/\/www.uni.lu\/en\/person-image\/NTAwNjYwMzhfX0FuYXMgQUJERUxLQVJJTQ==--medium_large 768w\"\n                                loading=\"lazy\"\n                            >\n                        <\/div>\n                        <div class=\"ulux-card__body card-people\">\n                            <h3 class=\"card__name\">\n                                Anas ABDELKARIM                            <\/h3>\n                            <p class=\"card__function\">\n                                Doctoral researcher                            <\/p>\n                            <p class=\"card__organization\">\n                                Interdisciplinary Centre for Security, Reliability and Trust                            <\/p>\n                            <a\n                                class=\"card__link link-text link-absolute\"\n                                href=\"https:\/\/www.uni.lu\/snt-en\/people\/anas-abdelkarim\/\"\n                                title=\"Anas ABDELKARIM\"\n                            >\n                                <span class=\"link-text__name\">Learn more<\/span>\n                                <svg\n                                    aria-hidden=\"true\"\n                                    focusable=\"false\"\n                                    class=\"icon icon-outline icon--2xs\"\n                                >\n                                    <use xlink:href=\"https:\/\/www.uni.lu\/wp-content\/themes\/unilux-theme\/assets\/images\/icons\/icons-outline.svg#icon--arrow-right\" \/>\n                                <\/svg>\n                            <\/a>\n                        <\/div>\n                    <\/div>\n                <\/div>\n            <\/li>\n                    <li class=\"w-full sm:w-1\/2 lg:w-1\/3 px-16\">\n                <div class=\"ulux-card ulux-card-people bg-theme\">\n                    <div class=\"ulux-card__container\">\n                        <div class=\"ulux-card__visual\">\n                            <img\n                                class=\"w-full\"\n                                src=\"https:\/\/www.uni.lu\/en\/person-image\/NTAwOTE3MDBfX0xhd2FueWEgQVdBU1RISQ==--medium_large\"\n                                title=\"Lawanya AWASTHI\"\n                                alt=\"Lawanya AWASTHI featured image\"\n                                srcset=\"https:\/\/www.uni.lu\/en\/person-image\/NTAwOTE3MDBfX0xhd2FueWEgQVdBU1RISQ==--thumbnail 150w,https:\/\/www.uni.lu\/en\/person-image\/NTAwOTE3MDBfX0xhd2FueWEgQVdBU1RISQ==--medium 300w,https:\/\/www.uni.lu\/en\/person-image\/NTAwOTE3MDBfX0xhd2FueWEgQVdBU1RISQ==--medium_large 768w\"\n                                loading=\"lazy\"\n                            >\n                        <\/div>\n                        <div class=\"ulux-card__body card-people\">\n                            <h3 class=\"card__name\">\n                                Lawanya AWASTHI                            <\/h3>\n                            <p class=\"card__function\">\n                                Doctoral researcher                            <\/p>\n                            <p class=\"card__organization\">\n                                Interdisciplinary Centre for Security, Reliability and Trust                            <\/p>\n                            <a\n                                class=\"card__link link-text link-absolute\"\n                                href=\"https:\/\/www.uni.lu\/snt-en\/people\/lawanya-awasthi\/\"\n                                title=\"Lawanya AWASTHI\"\n                            >\n                                <span class=\"link-text__name\">Learn more<\/span>\n                                <svg\n                                    aria-hidden=\"true\"\n                                    focusable=\"false\"\n                                    class=\"icon icon-outline icon--2xs\"\n                                >\n                                    <use xlink:href=\"https:\/\/www.uni.lu\/wp-content\/themes\/unilux-theme\/assets\/images\/icons\/icons-outline.svg#icon--arrow-right\" \/>\n                                <\/svg>\n                            <\/a>\n                        <\/div>\n                    <\/div>\n                <\/div>\n            <\/li>\n                    <li class=\"w-full sm:w-1\/2 lg:w-1\/3 px-16\">\n                <div class=\"ulux-card ulux-card-people bg-theme\">\n                    <div class=\"ulux-card__container\">\n                        <div class=\"ulux-card__visual\">\n                            <img\n                                class=\"w-full\"\n                                src=\"https:\/\/www.uni.lu\/en\/person-image\/NTAwODk0MDhfX0FhYmhhc2ggQkhBTkRBUkk=--medium_large\"\n                                title=\"Aabhash BHANDARI\"\n                                alt=\"Aabhash BHANDARI featured image\"\n                                srcset=\"https:\/\/www.uni.lu\/en\/person-image\/NTAwODk0MDhfX0FhYmhhc2ggQkhBTkRBUkk=--thumbnail 150w,https:\/\/www.uni.lu\/en\/person-image\/NTAwODk0MDhfX0FhYmhhc2ggQkhBTkRBUkk=--medium 300w,https:\/\/www.uni.lu\/en\/person-image\/NTAwODk0MDhfX0FhYmhhc2ggQkhBTkRBUkk=--medium_large 768w\"\n                                loading=\"lazy\"\n                            >\n                        <\/div>\n                        <div class=\"ulux-card__body card-people\">\n                            <h3 class=\"card__name\">\n                                Aabhash BHANDARI                            <\/h3>\n                            <p class=\"card__function\">\n                                Doctoral researcher                            <\/p>\n                            <p class=\"card__organization\">\n                                Interdisciplinary Centre for Security, Reliability and Trust                            <\/p>\n                            <a\n                                class=\"card__link link-text link-absolute\"\n                                href=\"https:\/\/www.uni.lu\/snt-en\/people\/aabhash-bhandari\/\"\n                                title=\"Aabhash BHANDARI\"\n                            >\n                                <span class=\"link-text__name\">Learn more<\/span>\n                                <svg\n                                    aria-hidden=\"true\"\n                                    focusable=\"false\"\n                                    class=\"icon icon-outline icon--2xs\"\n                                >\n                                    <use xlink:href=\"https:\/\/www.uni.lu\/wp-content\/themes\/unilux-theme\/assets\/images\/icons\/icons-outline.svg#icon--arrow-right\" \/>\n                                <\/svg>\n                            <\/a>\n                        <\/div>\n                    <\/div>\n                <\/div>\n            <\/li>\n                    <li class=\"w-full sm:w-1\/2 lg:w-1\/3 px-16\">\n                <div class=\"ulux-card ulux-card-people bg-theme\">\n                    <div class=\"ulux-card__container\">\n                        <div class=\"ulux-card__visual\">\n                            <img\n                                class=\"w-full\"\n                                src=\"https:\/\/www.uni.lu\/en\/person-image\/NTAwODk0MzNfX0FzaWVyIEJJS0FOREkgTk9ZQQ==--medium_large\"\n                                title=\"Asier BIKANDI NOYA\"\n                                alt=\"Asier BIKANDI NOYA featured image\"\n                                srcset=\"https:\/\/www.uni.lu\/en\/person-image\/NTAwODk0MzNfX0FzaWVyIEJJS0FOREkgTk9ZQQ==--thumbnail 150w,https:\/\/www.uni.lu\/en\/person-image\/NTAwODk0MzNfX0FzaWVyIEJJS0FOREkgTk9ZQQ==--medium 300w,https:\/\/www.uni.lu\/en\/person-image\/NTAwODk0MzNfX0FzaWVyIEJJS0FOREkgTk9ZQQ==--medium_large 768w\"\n                                loading=\"lazy\"\n                            >\n                        <\/div>\n                        <div class=\"ulux-card__body card-people\">\n                            <h3 class=\"card__name\">\n                                Asier BIKANDI NOYA                            <\/h3>\n                            <p class=\"card__function\">\n                                Doctoral researcher                            <\/p>\n                            <p class=\"card__organization\">\n                                Interdisciplinary Centre for Security, Reliability and Trust                            <\/p>\n                            <a\n                                class=\"card__link link-text link-absolute\"\n                                href=\"https:\/\/www.uni.lu\/snt-en\/people\/asier-bikandi-noya\/\"\n                                title=\"Asier BIKANDI NOYA\"\n                            >\n                                <span class=\"link-text__name\">Learn more<\/span>\n                                <svg\n                                    aria-hidden=\"true\"\n                                    focusable=\"false\"\n                                    class=\"icon icon-outline icon--2xs\"\n                                >\n                                    <use xlink:href=\"https:\/\/www.uni.lu\/wp-content\/themes\/unilux-theme\/assets\/images\/icons\/icons-outline.svg#icon--arrow-right\" \/>\n                                <\/svg>\n                            <\/a>\n                        <\/div>\n                    <\/div>\n                <\/div>\n            <\/li>\n                    <li class=\"w-full sm:w-1\/2 lg:w-1\/3 px-16\">\n                <div class=\"ulux-card ulux-card-people bg-theme\">\n                    <div class=\"ulux-card__container\">\n                        <div class=\"ulux-card__visual\">\n                            <img\n                                class=\"w-full\"\n                                src=\"https:\/\/www.uni.lu\/en\/person-image\/NTAwNzI2OTNfX1NhYnVqIENoYW5kcmEgQklTV0FT--medium_large\"\n                                title=\"Sabuj Chandra BISWAS\"\n                                alt=\"Sabuj Chandra BISWAS featured image\"\n                                srcset=\"https:\/\/www.uni.lu\/en\/person-image\/NTAwNzI2OTNfX1NhYnVqIENoYW5kcmEgQklTV0FT--thumbnail 150w,https:\/\/www.uni.lu\/en\/person-image\/NTAwNzI2OTNfX1NhYnVqIENoYW5kcmEgQklTV0FT--medium 300w,https:\/\/www.uni.lu\/en\/person-image\/NTAwNzI2OTNfX1NhYnVqIENoYW5kcmEgQklTV0FT--medium_large 768w\"\n                                loading=\"lazy\"\n                            >\n                        <\/div>\n                        <div class=\"ulux-card__body card-people\">\n                            <h3 class=\"card__name\">\n                                Sabuj Chandra BISWAS                            <\/h3>\n                            <p class=\"card__function\">\n                                Doctoral researcher                            <\/p>\n                            <p class=\"card__organization\">\n                                Interdisciplinary Centre for Security, Reliability and Trust                            <\/p>\n                            <a\n                                class=\"card__link link-text link-absolute\"\n                                href=\"https:\/\/www.uni.lu\/snt-en\/people\/sabuj-chandra-biswas\/\"\n                                title=\"Sabuj Chandra BISWAS\"\n                            >\n                                <span class=\"link-text__name\">Learn more<\/span>\n                                <svg\n                                    aria-hidden=\"true\"\n                                    focusable=\"false\"\n                                    class=\"icon icon-outline icon--2xs\"\n                                >\n                                    <use xlink:href=\"https:\/\/www.uni.lu\/wp-content\/themes\/unilux-theme\/assets\/images\/icons\/icons-outline.svg#icon--arrow-right\" \/>\n                                <\/svg>\n                            <\/a>\n                        <\/div>\n                    <\/div>\n                <\/div>\n            <\/li>\n                    <li class=\"w-full sm:w-1\/2 lg:w-1\/3 px-16\">\n                <div class=\"ulux-card ulux-card-people bg-theme\">\n                    <div class=\"ulux-card__container\">\n                        <div class=\"ulux-card__visual\">\n                            <img\n                                class=\"w-full\"\n                                src=\"https:\/\/www.uni.lu\/en\/person-image\/NTAwNzUzNTNfX1NhYWQgRUpBWg==--medium_large\"\n                                title=\"Saad EJAZ\"\n                                alt=\"Saad EJAZ featured image\"\n                                srcset=\"https:\/\/www.uni.lu\/en\/person-image\/NTAwNzUzNTNfX1NhYWQgRUpBWg==--thumbnail 150w,https:\/\/www.uni.lu\/en\/person-image\/NTAwNzUzNTNfX1NhYWQgRUpBWg==--medium 300w,https:\/\/www.uni.lu\/en\/person-image\/NTAwNzUzNTNfX1NhYWQgRUpBWg==--medium_large 768w\"\n                                loading=\"lazy\"\n                            >\n                        <\/div>\n                        <div class=\"ulux-card__body card-people\">\n                            <h3 class=\"card__name\">\n                                Saad EJAZ                            <\/h3>\n                            <p class=\"card__function\">\n                                Doctoral researcher                            <\/p>\n                            <p class=\"card__organization\">\n                                Interdisciplinary Centre for Security, Reliability and Trust                            <\/p>\n                            <a\n                                class=\"card__link link-text link-absolute\"\n                                href=\"https:\/\/www.uni.lu\/snt-en\/people\/saad-ejaz\/\"\n                                title=\"Saad EJAZ\"\n                            >\n                                <span class=\"link-text__name\">Learn more<\/span>\n                                <svg\n                                    aria-hidden=\"true\"\n                                    focusable=\"false\"\n                                    class=\"icon icon-outline icon--2xs\"\n                                >\n                                    <use xlink:href=\"https:\/\/www.uni.lu\/wp-content\/themes\/unilux-theme\/assets\/images\/icons\/icons-outline.svg#icon--arrow-right\" \/>\n                                <\/svg>\n                            <\/a>\n                        <\/div>\n                    <\/div>\n                <\/div>\n            <\/li>\n            <\/ul>\n            <p class=\"text-center\">\n            <button class=\"btn btn--primary\">Load more<\/button>\n        <\/p>\n    <\/div>        <\/div>\n    <\/div>\n<\/div>\n\n<div class=\"accordion__item  wp-block-unilux-blocks-accordion-item\">\n    <h3 class=\"accordion__header\"\n                    id=\"computer-vision-imaging-and-machine-intelligence-cvi2\"\n        >\n        <button\n            type=\"button\"\n            id=\"accordion-labelledby-5bc96d7b-3981-45b0-bdf2-d91ed14b624a\"\n            class=\"accordion__button collapsed\"\n            aria-expanded=\"false\"\n            aria-controls=\"accordion-panel-5bc96d7b-3981-45b0-bdf2-d91ed14b624a\"\n            data-bs-toggle=\"collapse\"\n            data-bs-target=\"#accordion-panel-5bc96d7b-3981-45b0-bdf2-d91ed14b624a\"\n        >\n            <span class=\"accordion__title\">\n                                Computer Vision, Imaging and Machine Intelligence (CVI2)            <\/span>\n\n            <svg aria-hidden=\"true\" focusable=\"false\" class=\"icon icon-outline icon--arrow-down \"><use xlink:href=\"https:\/\/www.uni.lu\/wp-content\/themes\/unilux-theme\/assets\/images\/icons\/icons-outline.svg#icon--arrow-down\"><\/use><\/svg>        <\/button>\n    <\/h3>\n    <div id=\"accordion-panel-5bc96d7b-3981-45b0-bdf2-d91ed14b624a\"\n        class=\"accordion__collapse collapse\"\n        aria-labelledby=\"accordion-labelledby-5bc96d7b-3981-45b0-bdf2-d91ed14b624a\"\n        data-bs-parent=\"[data-reference=&quot;70761e39-a108-4106-9541-c261f8ecd80d&quot;]\"\n    >\n        <div class=\"accordion__body \">\n            \n<h3 class=\"has-text-align-left wp-block-unilux-blocks-heading\"        id=\"leadership\"\n    >\nLeadership<\/h3>\n<ul class=\"flex flex-wrap mt-24 -mx-16  wp-block-unilux-blocks-free-content-card\">\n    <li class=\"w-full sm:w-1\/2 lg:w-1\/3 px-16  wp-block-unilux-blocks-free-content-card-item\">\n    <div class=\"ulux-card card-people bg-theme\">\n        <div class=\"ulux-card__container card__container\">\n                        <div class=\"ulux-card__visual wp-block-unilux-blocks-free-content-card-item-visual\">\n    \n<div class=\"wp-block-unilux-blocks-image-video-wrapper\">\n    <figure class=\"wp-block-dev4-reusable-blocks-image  object-fit--cover\">\n    \n<img decoding=\"async\" class=\"wp-block-image unilux-custom-image-block\"\n                alt=\"\"\n            src=\"https:\/\/www.uni.lu\/wp-content\/uploads\/sites\/5\/2026\/01\/08145932\/Empty-Profile-Photo.webp\"\n                srcset=\"https:\/\/www.uni.lu\/wp-content\/uploads\/sites\/5\/2026\/01\/08145932\/Empty-Profile-Photo-300x225.webp 300w, https:\/\/www.uni.lu\/wp-content\/uploads\/sites\/5\/2026\/01\/08145932\/Empty-Profile-Photo-768x576.webp 768w, https:\/\/www.uni.lu\/wp-content\/uploads\/sites\/5\/2026\/01\/08145932\/Empty-Profile-Photo.webp 800w\"\n                style=\"object-position: 50.00% 50.00%; font-family: &quot;object-fit: cover; object-position: 50.00% 50.00%;&quot;; aspect-ratio: 4\/3; object-fit: cover; width: 100%;\"\n        loading=\"lazy\"\n\/>    <\/figure><\/div><\/div><div class=\"ulux-card__body wp-block-unilux-blocks-free-content-card-item-body\">\n    \n<div class=\"card__activity wp-block-unilux-blocks-plain-text\"><\/div>\n<h3 class=\"card__name has-text-align-left wp-block-unilux-blocks-heading\"        id=\"djamila-aouada\"\n    >\nDjamila AOUADA<\/h3>\n\n<div class=\"card__organization wp-block-unilux-blocks-plain-text\">Interdisciplinary Centre for Security, Reliability and Trust<\/div>\n<div class=\"card__function wp-block-unilux-blocks-plain-text\">Deputy Director of SnT, Associate Professor in Computer Vision, and Head of CVI2 Research Group<\/div>\n<div class=\"card__interest wp-block-unilux-blocks-plain-text\"><\/div><div class=\"ulux-card__link-wrapper card__link wp-block-unilux-blocks-simple-cta\">\n    <a\n        href=\"https:\/\/www.uni.lu\/snt-en\/people\/djamila-aouada\/\"\n        title=\"Learn more\"\n        class=\"link-text link-text--icon ulux-card__link link-text link-absolute\"\n        target=\"\"\n    >\n        <span class=\"link-text__body\">\n            <span class=\"link-text__name\">Learn more<\/span>\n        <\/span>\n        <svg aria-hidden=\"true\" focusable=\"false\" class=\"icon icon-outline icon--arrow-right \"><use xlink:href=\"https:\/\/www.uni.lu\/wp-content\/themes\/unilux-theme\/assets\/images\/icons\/icons-outline.svg#icon--arrow-right\"><\/use><\/svg>    <\/a>\n<\/div>\n<\/div>        <\/div>\n    <\/div>\n<\/li><li class=\"w-full sm:w-1\/2 lg:w-1\/3 px-16  wp-block-unilux-blocks-free-content-card-item\">\n    <div class=\"ulux-card card-people bg-theme\">\n        <div class=\"ulux-card__container card__container\">\n                        <div class=\"ulux-card__visual wp-block-unilux-blocks-free-content-card-item-visual\">\n    \n<div class=\"wp-block-unilux-blocks-image-video-wrapper\">\n    <figure class=\"wp-block-dev4-reusable-blocks-image  object-fit--cover\">\n    \n<img decoding=\"async\" class=\"wp-block-image unilux-custom-image-block\"\n                alt=\"\"\n            src=\"https:\/\/www.uni.lu\/wp-content\/uploads\/sites\/5\/2026\/01\/19113437\/other-Anis-Kacem.png\"\n                srcset=\"https:\/\/www.uni.lu\/wp-content\/uploads\/sites\/5\/2026\/01\/19113437\/other-Anis-Kacem-300x225.png 300w, https:\/\/www.uni.lu\/wp-content\/uploads\/sites\/5\/2026\/01\/19113437\/other-Anis-Kacem-768x576.png 768w, https:\/\/www.uni.lu\/wp-content\/uploads\/sites\/5\/2026\/01\/19113437\/other-Anis-Kacem.png 1024w\"\n                style=\"object-position: 100.00% 62.00%; font-family: &quot;object-fit: cover; object-position: 100.00% 62.00%;&quot;; aspect-ratio: 4\/3; object-fit: cover; width: 100%;\"\n        loading=\"lazy\"\n\/>    <\/figure><\/div><\/div><div class=\"ulux-card__body wp-block-unilux-blocks-free-content-card-item-body\">\n    \n<div class=\"card__activity wp-block-unilux-blocks-plain-text\"><\/div>\n<h3 class=\"card__name has-text-align-left wp-block-unilux-blocks-heading\"        id=\"anis-kacem\"\n    >\nAnis KACEM<\/h3>\n\n<div class=\"card__organization wp-block-unilux-blocks-plain-text\">Interdisciplinary Centre for Security, Reliability and Trust<\/div>\n<div class=\"card__function wp-block-unilux-blocks-plain-text\">Research Scientist &amp; Deputy Head of the CVI2 Research Group<\/div>\n<div class=\"card__interest wp-block-unilux-blocks-plain-text\"><\/div><div class=\"ulux-card__link-wrapper card__link wp-block-unilux-blocks-simple-cta\">\n    <a\n        href=\"https:\/\/www.uni.lu\/snt-en\/people\/anis-kacem\/\"\n        title=\"Learn more\"\n        class=\"link-text link-text--icon ulux-card__link link-text link-absolute\"\n        target=\"\"\n    >\n        <span class=\"link-text__body\">\n            <span class=\"link-text__name\">Learn more<\/span>\n        <\/span>\n        <svg aria-hidden=\"true\" focusable=\"false\" class=\"icon icon-outline icon--arrow-right \"><use xlink:href=\"https:\/\/www.uni.lu\/wp-content\/themes\/unilux-theme\/assets\/images\/icons\/icons-outline.svg#icon--arrow-right\"><\/use><\/svg>    <\/a>\n<\/div>\n<\/div>        <\/div>\n    <\/div>\n<\/li><\/ul>\n<h3 class=\"has-text-align-left wp-block-unilux-blocks-heading\"        id=\"researchers\"\n    >\nResearchers<\/h3>\n<div\n    data-nonce=\"898be529b6\"\n    id=\"people-card-list1777415497\"\n    class=\"people-card-list-automated\"\n    data-search-after=\"HERMARY,50065413,9.822947\"\n    data-params=\"{&quot;size&quot;:6,&quot;byId&quot;:&quot;true&quot;,&quot;organization&quot;:&quot;SNT&quot;,&quot;department&quot;:&quot;CVI2&quot;,&quot;employeeGroup&quot;:&quot;1&quot;}\"\n>\n    <ul class=\"flex flex-wrap -mx-16 people-card-list\">\n                    <li class=\"w-full sm:w-1\/2 lg:w-1\/3 px-16\">\n                <div class=\"ulux-card ulux-card-people bg-theme\">\n                    <div class=\"ulux-card__container\">\n                        <div class=\"ulux-card__visual\">\n                            <img\n                                class=\"w-full\"\n                                src=\"https:\/\/www.uni.lu\/en\/person-image\/NTAwNDY5NjZfX0hhemVtIEFMSQ==--medium_large\"\n                                title=\"Hazem ALI\"\n                                alt=\"Hazem ALI featured image\"\n                                srcset=\"https:\/\/www.uni.lu\/en\/person-image\/NTAwNDY5NjZfX0hhemVtIEFMSQ==--thumbnail 150w,https:\/\/www.uni.lu\/en\/person-image\/NTAwNDY5NjZfX0hhemVtIEFMSQ==--medium 300w,https:\/\/www.uni.lu\/en\/person-image\/NTAwNDY5NjZfX0hhemVtIEFMSQ==--medium_large 768w\"\n                                loading=\"lazy\"\n                            >\n                        <\/div>\n                        <div class=\"ulux-card__body card-people\">\n                            <h3 class=\"card__name\">\n                                Hazem ALI                            <\/h3>\n                            <p class=\"card__function\">\n                                Doctoral researcher                            <\/p>\n                            <p class=\"card__organization\">\n                                Interdisciplinary Centre for Security, Reliability and Trust                            <\/p>\n                            <a\n                                class=\"card__link link-text link-absolute\"\n                                href=\"https:\/\/www.uni.lu\/snt-en\/people\/hazem-ali\/\"\n                                title=\"Hazem ALI\"\n                            >\n                                <span class=\"link-text__name\">Learn more<\/span>\n                                <svg\n                                    aria-hidden=\"true\"\n                                    focusable=\"false\"\n                                    class=\"icon icon-outline icon--2xs\"\n                                >\n                                    <use xlink:href=\"https:\/\/www.uni.lu\/wp-content\/themes\/unilux-theme\/assets\/images\/icons\/icons-outline.svg#icon--arrow-right\" \/>\n                                <\/svg>\n                            <\/a>\n                        <\/div>\n                    <\/div>\n                <\/div>\n            <\/li>\n                    <li class=\"w-full sm:w-1\/2 lg:w-1\/3 px-16\">\n                <div class=\"ulux-card ulux-card-people bg-theme\">\n                    <div class=\"ulux-card__container\">\n                        <div class=\"ulux-card__visual\">\n                            <img\n                                class=\"w-full\"\n                                src=\"https:\/\/www.uni.lu\/en\/person-image\/NTAwOTkxNzdfX0FiaWQgQUxJ--medium_large\"\n                                title=\"Abid ALI\"\n                                alt=\"Abid ALI featured image\"\n                                srcset=\"https:\/\/www.uni.lu\/en\/person-image\/NTAwOTkxNzdfX0FiaWQgQUxJ--thumbnail 150w,https:\/\/www.uni.lu\/en\/person-image\/NTAwOTkxNzdfX0FiaWQgQUxJ--medium 300w,https:\/\/www.uni.lu\/en\/person-image\/NTAwOTkxNzdfX0FiaWQgQUxJ--medium_large 768w\"\n                                loading=\"lazy\"\n                            >\n                        <\/div>\n                        <div class=\"ulux-card__body card-people\">\n                            <h3 class=\"card__name\">\n                                Abid ALI                            <\/h3>\n                            <p class=\"card__function\">\n                                Postdoctoral researcher                            <\/p>\n                            <p class=\"card__organization\">\n                                Interdisciplinary Centre for Security, Reliability and Trust                            <\/p>\n                            <a\n                                class=\"card__link link-text link-absolute\"\n                                href=\"https:\/\/www.uni.lu\/snt-en\/people\/abid-ali\/\"\n                                title=\"Abid ALI\"\n                            >\n                                <span class=\"link-text__name\">Learn more<\/span>\n                                <svg\n                                    aria-hidden=\"true\"\n                                    focusable=\"false\"\n                                    class=\"icon icon-outline icon--2xs\"\n                                >\n                                    <use xlink:href=\"https:\/\/www.uni.lu\/wp-content\/themes\/unilux-theme\/assets\/images\/icons\/icons-outline.svg#icon--arrow-right\" \/>\n                                <\/svg>\n                            <\/a>\n                        <\/div>\n                    <\/div>\n                <\/div>\n            <\/li>\n                    <li class=\"w-full sm:w-1\/2 lg:w-1\/3 px-16\">\n                <div class=\"ulux-card ulux-card-people bg-theme\">\n                    <div class=\"ulux-card__container\">\n                        <div class=\"ulux-card__visual\">\n                            <img\n                                class=\"w-full\"\n                                src=\"https:\/\/www.uni.lu\/en\/person-image\/NTAwNjczNzZfX05hc3NpbSBBTEkgT1VTQUxBSA==--medium_large\"\n                                title=\"Nassim ALI OUSALAH\"\n                                alt=\"Nassim ALI OUSALAH featured image\"\n                                srcset=\"https:\/\/www.uni.lu\/en\/person-image\/NTAwNjczNzZfX05hc3NpbSBBTEkgT1VTQUxBSA==--thumbnail 150w,https:\/\/www.uni.lu\/en\/person-image\/NTAwNjczNzZfX05hc3NpbSBBTEkgT1VTQUxBSA==--medium 300w,https:\/\/www.uni.lu\/en\/person-image\/NTAwNjczNzZfX05hc3NpbSBBTEkgT1VTQUxBSA==--medium_large 768w\"\n                                loading=\"lazy\"\n                            >\n                        <\/div>\n                        <div class=\"ulux-card__body card-people\">\n                            <h3 class=\"card__name\">\n                                Nassim ALI OUSALAH                            <\/h3>\n                            <p class=\"card__function\">\n                                Doctoral researcher                            <\/p>\n                            <p class=\"card__organization\">\n                                Interdisciplinary Centre for Security, Reliability and Trust                            <\/p>\n                            <a\n                                class=\"card__link link-text link-absolute\"\n                                href=\"https:\/\/www.uni.lu\/snt-en\/people\/nassim-ali-ousalah\/\"\n                                title=\"Nassim ALI OUSALAH\"\n                            >\n                                <span class=\"link-text__name\">Learn more<\/span>\n                                <svg\n                                    aria-hidden=\"true\"\n                                    focusable=\"false\"\n                                    class=\"icon icon-outline icon--2xs\"\n                                >\n                                    <use xlink:href=\"https:\/\/www.uni.lu\/wp-content\/themes\/unilux-theme\/assets\/images\/icons\/icons-outline.svg#icon--arrow-right\" \/>\n                                <\/svg>\n                            <\/a>\n                        <\/div>\n                    <\/div>\n                <\/div>\n            <\/li>\n                    <li class=\"w-full sm:w-1\/2 lg:w-1\/3 px-16\">\n                <div class=\"ulux-card ulux-card-people bg-theme\">\n                    <div class=\"ulux-card__container\">\n                        <div class=\"ulux-card__visual\">\n                            <img\n                                class=\"w-full\"\n                                src=\"https:\/\/www.uni.lu\/en\/person-image\/NTAwMDA0MzdfX0RqYW1pbGEgQU9VQURB--medium_large\"\n                                title=\"Djamila AOUADA\"\n                                alt=\"Djamila AOUADA featured image\"\n                                srcset=\"https:\/\/www.uni.lu\/en\/person-image\/NTAwMDA0MzdfX0RqYW1pbGEgQU9VQURB--thumbnail 150w,https:\/\/www.uni.lu\/en\/person-image\/NTAwMDA0MzdfX0RqYW1pbGEgQU9VQURB--medium 300w,https:\/\/www.uni.lu\/en\/person-image\/NTAwMDA0MzdfX0RqYW1pbGEgQU9VQURB--medium_large 768w\"\n                                loading=\"lazy\"\n                            >\n                        <\/div>\n                        <div class=\"ulux-card__body card-people\">\n                            <h3 class=\"card__name\">\n                                Djamila AOUADA                            <\/h3>\n                            <p class=\"card__function\">\n                                Deputy Director of SNT, Associate professor in Computer Vision                            <\/p>\n                            <p class=\"card__organization\">\n                                Interdisciplinary Centre for Security, Reliability and Trust                            <\/p>\n                            <a\n                                class=\"card__link link-text link-absolute\"\n                                href=\"https:\/\/www.uni.lu\/snt-en\/people\/djamila-aouada\/\"\n                                title=\"Djamila AOUADA\"\n                            >\n                                <span class=\"link-text__name\">Learn more<\/span>\n                                <svg\n                                    aria-hidden=\"true\"\n                                    focusable=\"false\"\n                                    class=\"icon icon-outline icon--2xs\"\n                                >\n                                    <use xlink:href=\"https:\/\/www.uni.lu\/wp-content\/themes\/unilux-theme\/assets\/images\/icons\/icons-outline.svg#icon--arrow-right\" \/>\n                                <\/svg>\n                            <\/a>\n                        <\/div>\n                    <\/div>\n                <\/div>\n            <\/li>\n                    <li class=\"w-full sm:w-1\/2 lg:w-1\/3 px-16\">\n                <div class=\"ulux-card ulux-card-people bg-theme\">\n                    <div class=\"ulux-card__container\">\n                        <div class=\"ulux-card__visual\">\n                            <img\n                                class=\"w-full\"\n                                src=\"https:\/\/www.uni.lu\/en\/person-image\/NTAwNzU0MjRfX05pZGhhbCBFZGRpbmUgQ0hFTk5J--medium_large\"\n                                title=\"Nidhal Eddine CHENNI\"\n                                alt=\"Nidhal Eddine CHENNI featured image\"\n                                srcset=\"https:\/\/www.uni.lu\/en\/person-image\/NTAwNzU0MjRfX05pZGhhbCBFZGRpbmUgQ0hFTk5J--thumbnail 150w,https:\/\/www.uni.lu\/en\/person-image\/NTAwNzU0MjRfX05pZGhhbCBFZGRpbmUgQ0hFTk5J--medium 300w,https:\/\/www.uni.lu\/en\/person-image\/NTAwNzU0MjRfX05pZGhhbCBFZGRpbmUgQ0hFTk5J--medium_large 768w\"\n                                loading=\"lazy\"\n                            >\n                        <\/div>\n                        <div class=\"ulux-card__body card-people\">\n                            <h3 class=\"card__name\">\n                                Nidhal Eddine CHENNI                            <\/h3>\n                            <p class=\"card__function\">\n                                Doctoral researcher                            <\/p>\n                            <p class=\"card__organization\">\n                                Interdisciplinary Centre for Security, Reliability and Trust                            <\/p>\n                            <a\n                                class=\"card__link link-text link-absolute\"\n                                href=\"https:\/\/www.uni.lu\/snt-en\/people\/nidhal-eddine-chenni\/\"\n                                title=\"Nidhal Eddine CHENNI\"\n                            >\n                                <span class=\"link-text__name\">Learn more<\/span>\n                                <svg\n                                    aria-hidden=\"true\"\n                                    focusable=\"false\"\n                                    class=\"icon icon-outline icon--2xs\"\n                                >\n                                    <use xlink:href=\"https:\/\/www.uni.lu\/wp-content\/themes\/unilux-theme\/assets\/images\/icons\/icons-outline.svg#icon--arrow-right\" \/>\n                                <\/svg>\n                            <\/a>\n                        <\/div>\n                    <\/div>\n                <\/div>\n            <\/li>\n                    <li class=\"w-full sm:w-1\/2 lg:w-1\/3 px-16\">\n                <div class=\"ulux-card ulux-card-people bg-theme\">\n                    <div class=\"ulux-card__container\">\n                        <div class=\"ulux-card__visual\">\n                            <img\n                                class=\"w-full\"\n                                src=\"https:\/\/www.uni.lu\/en\/person-image\/NTAwNjU0MTNfX1JvbWFpbiBIRVJNQVJZ--medium_large\"\n                                title=\"Romain HERMARY\"\n                                alt=\"Romain HERMARY featured image\"\n                                srcset=\"https:\/\/www.uni.lu\/en\/person-image\/NTAwNjU0MTNfX1JvbWFpbiBIRVJNQVJZ--thumbnail 150w,https:\/\/www.uni.lu\/en\/person-image\/NTAwNjU0MTNfX1JvbWFpbiBIRVJNQVJZ--medium 300w,https:\/\/www.uni.lu\/en\/person-image\/NTAwNjU0MTNfX1JvbWFpbiBIRVJNQVJZ--medium_large 768w\"\n                                loading=\"lazy\"\n                            >\n                        <\/div>\n                        <div class=\"ulux-card__body card-people\">\n                            <h3 class=\"card__name\">\n                                Romain HERMARY                            <\/h3>\n                            <p class=\"card__function\">\n                                Doctoral researcher                            <\/p>\n                            <p class=\"card__organization\">\n                                Interdisciplinary Centre for Security, Reliability and Trust                            <\/p>\n                            <a\n                                class=\"card__link link-text link-absolute\"\n                                href=\"https:\/\/www.uni.lu\/snt-en\/people\/romain-hermary\/\"\n                                title=\"Romain HERMARY\"\n                            >\n                                <span class=\"link-text__name\">Learn more<\/span>\n                                <svg\n                                    aria-hidden=\"true\"\n                                    focusable=\"false\"\n                                    class=\"icon icon-outline icon--2xs\"\n                                >\n                                    <use xlink:href=\"https:\/\/www.uni.lu\/wp-content\/themes\/unilux-theme\/assets\/images\/icons\/icons-outline.svg#icon--arrow-right\" \/>\n                                <\/svg>\n                            <\/a>\n                        <\/div>\n                    <\/div>\n                <\/div>\n            <\/li>\n            <\/ul>\n            <p class=\"text-center\">\n            <button class=\"btn btn--primary\">Load more<\/button>\n        <\/p>\n    <\/div>        <\/div>\n    <\/div>\n<\/div>\n\n<div class=\"accordion__item  wp-block-unilux-blocks-accordion-item\">\n    <h3 class=\"accordion__header\"\n                    id=\"critical-and-extreme-security-and-dependability-critix\"\n        >\n        <button\n            type=\"button\"\n            id=\"accordion-labelledby-c2c3901d-d8fd-48a6-8c56-a20a179190b4\"\n            class=\"accordion__button collapsed\"\n            aria-expanded=\"false\"\n            aria-controls=\"accordion-panel-c2c3901d-d8fd-48a6-8c56-a20a179190b4\"\n            data-bs-toggle=\"collapse\"\n            data-bs-target=\"#accordion-panel-c2c3901d-d8fd-48a6-8c56-a20a179190b4\"\n        >\n            <span class=\"accordion__title\">\n                                Critical and Extreme Security and Dependability (CritiX)            <\/span>\n\n            <svg aria-hidden=\"true\" focusable=\"false\" class=\"icon icon-outline icon--arrow-down \"><use xlink:href=\"https:\/\/www.uni.lu\/wp-content\/themes\/unilux-theme\/assets\/images\/icons\/icons-outline.svg#icon--arrow-down\"><\/use><\/svg>        <\/button>\n    <\/h3>\n    <div id=\"accordion-panel-c2c3901d-d8fd-48a6-8c56-a20a179190b4\"\n        class=\"accordion__collapse collapse\"\n        aria-labelledby=\"accordion-labelledby-c2c3901d-d8fd-48a6-8c56-a20a179190b4\"\n        data-bs-parent=\"[data-reference=&quot;70761e39-a108-4106-9541-c261f8ecd80d&quot;]\"\n    >\n        <div class=\"accordion__body \">\n            \n<h3 class=\"has-text-align-left wp-block-unilux-blocks-heading\"        id=\"leadership\"\n    >\nLeadership<\/h3>\n<div\n    data-nonce=\"898be529b6\"\n    id=\"people-card-list1777415497\"\n    class=\"people-card-list-automated\"\n    data-search-after=\"V\u00d6LP,50008905,11.698129\"\n    data-params=\"{&quot;size&quot;:6,&quot;byId&quot;:&quot;true&quot;,&quot;organization&quot;:&quot;SNT&quot;,&quot;department&quot;:&quot;CritiX&quot;,&quot;employeeGroup&quot;:&quot;1&quot;,&quot;employeeSubGroup&quot;:&quot;as&quot;}\"\n>\n    <ul class=\"flex flex-wrap -mx-16 people-card-list\">\n                    <li class=\"w-full sm:w-1\/2 lg:w-1\/3 px-16\">\n                <div class=\"ulux-card ulux-card-people bg-theme\">\n                    <div class=\"ulux-card__container\">\n                        <div class=\"ulux-card__visual\">\n                            <img\n                                class=\"w-full\"\n                                src=\"https:\/\/www.uni.lu\/en\/person-image\/NTAwMDg5MDVfX01hcmN1cyBWw5ZMUA==--medium_large\"\n                                title=\"Marcus V\u00d6LP\"\n                                alt=\"Marcus V\u00d6LP featured image\"\n                                srcset=\"https:\/\/www.uni.lu\/en\/person-image\/NTAwMDg5MDVfX01hcmN1cyBWw5ZMUA==--thumbnail 150w,https:\/\/www.uni.lu\/en\/person-image\/NTAwMDg5MDVfX01hcmN1cyBWw5ZMUA==--medium 300w,https:\/\/www.uni.lu\/en\/person-image\/NTAwMDg5MDVfX01hcmN1cyBWw5ZMUA==--medium_large 768w\"\n                                loading=\"lazy\"\n                            >\n                        <\/div>\n                        <div class=\"ulux-card__body card-people\">\n                            <h3 class=\"card__name\">\n                                Marcus V\u00d6LP                            <\/h3>\n                            <p class=\"card__function\">\n                                Associate professor\/Chief scientist 2                            <\/p>\n                            <p class=\"card__organization\">\n                                Interdisciplinary Centre for Security, Reliability and Trust                            <\/p>\n                            <a\n                                class=\"card__link link-text link-absolute\"\n                                href=\"https:\/\/www.uni.lu\/snt-en\/people\/marcus-volp\/\"\n                                title=\"Marcus V\u00d6LP\"\n                            >\n                                <span class=\"link-text__name\">Learn more<\/span>\n                                <svg\n                                    aria-hidden=\"true\"\n                                    focusable=\"false\"\n                                    class=\"icon icon-outline icon--2xs\"\n                                >\n                                    <use xlink:href=\"https:\/\/www.uni.lu\/wp-content\/themes\/unilux-theme\/assets\/images\/icons\/icons-outline.svg#icon--arrow-right\" \/>\n                                <\/svg>\n                            <\/a>\n                        <\/div>\n                    <\/div>\n                <\/div>\n            <\/li>\n            <\/ul>\n    <\/div>\n<h3 class=\"has-text-align-left wp-block-unilux-blocks-heading\"        id=\"researchers\"\n    >\nResearchers<\/h3>\n<div\n    data-nonce=\"898be529b6\"\n    id=\"people-card-list1777415497\"\n    class=\"people-card-list-automated\"\n    data-search-after=\"KALATEH DOWLATI,50075382,11.698129\"\n    data-params=\"{&quot;size&quot;:6,&quot;byId&quot;:&quot;true&quot;,&quot;organization&quot;:&quot;SNT&quot;,&quot;department&quot;:&quot;CritiX&quot;,&quot;employeeGroup&quot;:&quot;1&quot;,&quot;employeeSubGroup&quot;:&quot;ap&quot;}\"\n>\n    <ul class=\"flex flex-wrap -mx-16 people-card-list\">\n                    <li class=\"w-full sm:w-1\/2 lg:w-1\/3 px-16\">\n                <div class=\"ulux-card ulux-card-people bg-theme\">\n                    <div class=\"ulux-card__container\">\n                        <div class=\"ulux-card__visual\">\n                            <img\n                                class=\"w-full\"\n                                src=\"https:\/\/www.uni.lu\/en\/person-image\/NTAwODgzODhfX0vDvHLFn2F0IEFLRVI=--medium_large\"\n                                title=\"K\u00fcr\u015fat AKER\"\n                                alt=\"K\u00fcr\u015fat AKER featured image\"\n                                srcset=\"https:\/\/www.uni.lu\/en\/person-image\/NTAwODgzODhfX0vDvHLFn2F0IEFLRVI=--thumbnail 150w,https:\/\/www.uni.lu\/en\/person-image\/NTAwODgzODhfX0vDvHLFn2F0IEFLRVI=--medium 300w,https:\/\/www.uni.lu\/en\/person-image\/NTAwODgzODhfX0vDvHLFn2F0IEFLRVI=--medium_large 768w\"\n                                loading=\"lazy\"\n                            >\n                        <\/div>\n                        <div class=\"ulux-card__body card-people\">\n                            <h3 class=\"card__name\">\n                                K\u00fcr\u015fat AKER                            <\/h3>\n                            <p class=\"card__function\">\n                                Postdoctoral researcher                            <\/p>\n                            <p class=\"card__organization\">\n                                Interdisciplinary Centre for Security, Reliability and Trust                            <\/p>\n                            <a\n                                class=\"card__link link-text link-absolute\"\n                                href=\"https:\/\/www.uni.lu\/snt-en\/people\/kursat-aker\/\"\n                                title=\"K\u00fcr\u015fat AKER\"\n                            >\n                                <span class=\"link-text__name\">Learn more<\/span>\n                                <svg\n                                    aria-hidden=\"true\"\n                                    focusable=\"false\"\n                                    class=\"icon icon-outline icon--2xs\"\n                                >\n                                    <use xlink:href=\"https:\/\/www.uni.lu\/wp-content\/themes\/unilux-theme\/assets\/images\/icons\/icons-outline.svg#icon--arrow-right\" \/>\n                                <\/svg>\n                            <\/a>\n                        <\/div>\n                    <\/div>\n                <\/div>\n            <\/li>\n                    <li class=\"w-full sm:w-1\/2 lg:w-1\/3 px-16\">\n                <div class=\"ulux-card ulux-card-people bg-theme\">\n                    <div class=\"ulux-card__container\">\n                        <div class=\"ulux-card__visual\">\n                            <img\n                                class=\"w-full\"\n                                src=\"https:\/\/www.uni.lu\/en\/person-image\/NTAwNzMwNTRfX0F6aW4gQkFZUkFNSSBBU0w=--medium_large\"\n                                title=\"Azin BAYRAMI ASL\"\n                                alt=\"Azin BAYRAMI ASL featured image\"\n                                srcset=\"https:\/\/www.uni.lu\/en\/person-image\/NTAwNzMwNTRfX0F6aW4gQkFZUkFNSSBBU0w=--thumbnail 150w,https:\/\/www.uni.lu\/en\/person-image\/NTAwNzMwNTRfX0F6aW4gQkFZUkFNSSBBU0w=--medium 300w,https:\/\/www.uni.lu\/en\/person-image\/NTAwNzMwNTRfX0F6aW4gQkFZUkFNSSBBU0w=--medium_large 768w\"\n                                loading=\"lazy\"\n                            >\n                        <\/div>\n                        <div class=\"ulux-card__body card-people\">\n                            <h3 class=\"card__name\">\n                                Azin BAYRAMI ASL                            <\/h3>\n                            <p class=\"card__function\">\n                                Doctoral researcher                            <\/p>\n                            <p class=\"card__organization\">\n                                Interdisciplinary Centre for Security, Reliability and Trust                            <\/p>\n                            <a\n                                class=\"card__link link-text link-absolute\"\n                                href=\"https:\/\/www.uni.lu\/snt-en\/people\/azin-bayrami-asl\/\"\n                                title=\"Azin BAYRAMI ASL\"\n                            >\n                                <span class=\"link-text__name\">Learn more<\/span>\n                                <svg\n                                    aria-hidden=\"true\"\n                                    focusable=\"false\"\n                                    class=\"icon icon-outline icon--2xs\"\n                                >\n                                    <use xlink:href=\"https:\/\/www.uni.lu\/wp-content\/themes\/unilux-theme\/assets\/images\/icons\/icons-outline.svg#icon--arrow-right\" \/>\n                                <\/svg>\n                            <\/a>\n                        <\/div>\n                    <\/div>\n                <\/div>\n            <\/li>\n                    <li class=\"w-full sm:w-1\/2 lg:w-1\/3 px-16\">\n                <div class=\"ulux-card ulux-card-people bg-theme\">\n                    <div class=\"ulux-card__container\">\n                        <div class=\"ulux-card__visual\">\n                            <img\n                                class=\"w-full\"\n                                src=\"https:\/\/www.uni.lu\/en\/person-image\/NTAwNzE4MTVfX0FkaXR5YSBCSEFUVEFDSEFSWUE=--medium_large\"\n                                title=\"Aditya BHATTACHARYA\"\n                                alt=\"Aditya BHATTACHARYA featured image\"\n                                srcset=\"https:\/\/www.uni.lu\/en\/person-image\/NTAwNzE4MTVfX0FkaXR5YSBCSEFUVEFDSEFSWUE=--thumbnail 150w,https:\/\/www.uni.lu\/en\/person-image\/NTAwNzE4MTVfX0FkaXR5YSBCSEFUVEFDSEFSWUE=--medium 300w,https:\/\/www.uni.lu\/en\/person-image\/NTAwNzE4MTVfX0FkaXR5YSBCSEFUVEFDSEFSWUE=--medium_large 768w\"\n                                loading=\"lazy\"\n                            >\n                        <\/div>\n                        <div class=\"ulux-card__body card-people\">\n                            <h3 class=\"card__name\">\n                                Aditya BHATTACHARYA                            <\/h3>\n                            <p class=\"card__function\">\n                                Doctoral researcher                            <\/p>\n                            <p class=\"card__organization\">\n                                Interdisciplinary Centre for Security, Reliability and Trust                            <\/p>\n                            <a\n                                class=\"card__link link-text link-absolute\"\n                                href=\"https:\/\/www.uni.lu\/snt-en\/people\/aditya-bhattacharya\/\"\n                                title=\"Aditya BHATTACHARYA\"\n                            >\n                                <span class=\"link-text__name\">Learn more<\/span>\n                                <svg\n                                    aria-hidden=\"true\"\n                                    focusable=\"false\"\n                                    class=\"icon icon-outline icon--2xs\"\n                                >\n                                    <use xlink:href=\"https:\/\/www.uni.lu\/wp-content\/themes\/unilux-theme\/assets\/images\/icons\/icons-outline.svg#icon--arrow-right\" \/>\n                                <\/svg>\n                            <\/a>\n                        <\/div>\n                    <\/div>\n                <\/div>\n            <\/li>\n                    <li class=\"w-full sm:w-1\/2 lg:w-1\/3 px-16\">\n                <div class=\"ulux-card ulux-card-people bg-theme\">\n                    <div class=\"ulux-card__container\">\n                        <div class=\"ulux-card__visual\">\n                            <img\n                                class=\"w-full\"\n                                src=\"https:\/\/www.uni.lu\/en\/person-image\/NTAwMDEyMThfX8OWemfDvHIgQ0VZSEFO--medium_large\"\n                                title=\"\u00d6zg\u00fcr CEYHAN\"\n                                alt=\"\u00d6zg\u00fcr CEYHAN featured image\"\n                                srcset=\"https:\/\/www.uni.lu\/en\/person-image\/NTAwMDEyMThfX8OWemfDvHIgQ0VZSEFO--thumbnail 150w,https:\/\/www.uni.lu\/en\/person-image\/NTAwMDEyMThfX8OWemfDvHIgQ0VZSEFO--medium 300w,https:\/\/www.uni.lu\/en\/person-image\/NTAwMDEyMThfX8OWemfDvHIgQ0VZSEFO--medium_large 768w\"\n                                loading=\"lazy\"\n                            >\n                        <\/div>\n                        <div class=\"ulux-card__body card-people\">\n                            <h3 class=\"card__name\">\n                                \u00d6zg\u00fcr CEYHAN                            <\/h3>\n                            <p class=\"card__function\">\n                                Postdoctoral researcher                            <\/p>\n                            <p class=\"card__organization\">\n                                Interdisciplinary Centre for Security, Reliability and Trust                            <\/p>\n                            <a\n                                class=\"card__link link-text link-absolute\"\n                                href=\"https:\/\/www.uni.lu\/snt-en\/people\/ozgur-ceyhan\/\"\n                                title=\"\u00d6zg\u00fcr CEYHAN\"\n                            >\n                                <span class=\"link-text__name\">Learn more<\/span>\n                                <svg\n                                    aria-hidden=\"true\"\n                                    focusable=\"false\"\n                                    class=\"icon icon-outline icon--2xs\"\n                                >\n                                    <use xlink:href=\"https:\/\/www.uni.lu\/wp-content\/themes\/unilux-theme\/assets\/images\/icons\/icons-outline.svg#icon--arrow-right\" \/>\n                                <\/svg>\n                            <\/a>\n                        <\/div>\n                    <\/div>\n                <\/div>\n            <\/li>\n                    <li class=\"w-full sm:w-1\/2 lg:w-1\/3 px-16\">\n                <div class=\"ulux-card ulux-card-people bg-theme\">\n                    <div class=\"ulux-card__container\">\n                        <div class=\"ulux-card__visual\">\n                            <img\n                                class=\"w-full\"\n                                src=\"https:\/\/www.uni.lu\/en\/person-image\/NTAxMDA0NjRfX0FyZGEgSEFDSUZFVlpJT0dMVQ==--medium_large\"\n                                title=\"Arda HACIFEVZIOGLU\"\n                                alt=\"Arda HACIFEVZIOGLU featured image\"\n                                srcset=\"https:\/\/www.uni.lu\/en\/person-image\/NTAxMDA0NjRfX0FyZGEgSEFDSUZFVlpJT0dMVQ==--thumbnail 150w,https:\/\/www.uni.lu\/en\/person-image\/NTAxMDA0NjRfX0FyZGEgSEFDSUZFVlpJT0dMVQ==--medium 300w,https:\/\/www.uni.lu\/en\/person-image\/NTAxMDA0NjRfX0FyZGEgSEFDSUZFVlpJT0dMVQ==--medium_large 768w\"\n                                loading=\"lazy\"\n                            >\n                        <\/div>\n                        <div class=\"ulux-card__body card-people\">\n                            <h3 class=\"card__name\">\n                                Arda HACIFEVZIOGLU                            <\/h3>\n                            <p class=\"card__function\">\n                                Doctoral researcher                            <\/p>\n                            <p class=\"card__organization\">\n                                Interdisciplinary Centre for Security, Reliability and Trust                            <\/p>\n                            <a\n                                class=\"card__link link-text link-absolute\"\n                                href=\"https:\/\/www.uni.lu\/snt-en\/people\/arda-hacifevzioglu\/\"\n                                title=\"Arda HACIFEVZIOGLU\"\n                            >\n                                <span class=\"link-text__name\">Learn more<\/span>\n                                <svg\n                                    aria-hidden=\"true\"\n                                    focusable=\"false\"\n                                    class=\"icon icon-outline icon--2xs\"\n                                >\n                                    <use xlink:href=\"https:\/\/www.uni.lu\/wp-content\/themes\/unilux-theme\/assets\/images\/icons\/icons-outline.svg#icon--arrow-right\" \/>\n                                <\/svg>\n                            <\/a>\n                        <\/div>\n                    <\/div>\n                <\/div>\n            <\/li>\n                    <li class=\"w-full sm:w-1\/2 lg:w-1\/3 px-16\">\n                <div class=\"ulux-card ulux-card-people bg-theme\">\n                    <div class=\"ulux-card__container\">\n                        <div class=\"ulux-card__visual\">\n                            <img\n                                class=\"w-full\"\n                                src=\"https:\/\/www.uni.lu\/en\/person-image\/NTAwNzUzODJfX01haGJvdWJlaCBLQUxBVEVIIERPV0xBVEk=--medium_large\"\n                                title=\"Mahboubeh KALATEH DOWLATI\"\n                                alt=\"Mahboubeh KALATEH DOWLATI featured image\"\n                                srcset=\"https:\/\/www.uni.lu\/en\/person-image\/NTAwNzUzODJfX01haGJvdWJlaCBLQUxBVEVIIERPV0xBVEk=--thumbnail 150w,https:\/\/www.uni.lu\/en\/person-image\/NTAwNzUzODJfX01haGJvdWJlaCBLQUxBVEVIIERPV0xBVEk=--medium 300w,https:\/\/www.uni.lu\/en\/person-image\/NTAwNzUzODJfX01haGJvdWJlaCBLQUxBVEVIIERPV0xBVEk=--medium_large 768w\"\n                                loading=\"lazy\"\n                            >\n                        <\/div>\n                        <div class=\"ulux-card__body card-people\">\n                            <h3 class=\"card__name\">\n                                Mahboubeh KALATEH DOWLATI                            <\/h3>\n                            <p class=\"card__function\">\n                                Doctoral researcher                            <\/p>\n                            <p class=\"card__organization\">\n                                Interdisciplinary Centre for Security, Reliability and Trust                            <\/p>\n                            <a\n                                class=\"card__link link-text link-absolute\"\n                                href=\"https:\/\/www.uni.lu\/snt-en\/people\/mahboubeh-kalateh-dowlati\/\"\n                                title=\"Mahboubeh KALATEH DOWLATI\"\n                            >\n                                <span class=\"link-text__name\">Learn more<\/span>\n                                <svg\n                                    aria-hidden=\"true\"\n                                    focusable=\"false\"\n                                    class=\"icon icon-outline icon--2xs\"\n                                >\n                                    <use xlink:href=\"https:\/\/www.uni.lu\/wp-content\/themes\/unilux-theme\/assets\/images\/icons\/icons-outline.svg#icon--arrow-right\" \/>\n                                <\/svg>\n                            <\/a>\n                        <\/div>\n                    <\/div>\n                <\/div>\n            <\/li>\n            <\/ul>\n            <p class=\"text-center\">\n            <button class=\"btn btn--primary\">Load more<\/button>\n        <\/p>\n    <\/div>        <\/div>\n    <\/div>\n<\/div>\n\n<div class=\"accordion__item  wp-block-unilux-blocks-accordion-item\">\n    <h3 class=\"accordion__header\"\n                    id=\"cryptology-cryptolux\"\n        >\n        <button\n            type=\"button\"\n            id=\"accordion-labelledby-9affe949-5abf-45e5-9373-fd4a1bb3c930\"\n            class=\"accordion__button collapsed\"\n            aria-expanded=\"false\"\n            aria-controls=\"accordion-panel-9affe949-5abf-45e5-9373-fd4a1bb3c930\"\n            data-bs-toggle=\"collapse\"\n            data-bs-target=\"#accordion-panel-9affe949-5abf-45e5-9373-fd4a1bb3c930\"\n        >\n            <span class=\"accordion__title\">\n                                Cryptology (CryptoLUX)            <\/span>\n\n            <svg aria-hidden=\"true\" focusable=\"false\" class=\"icon icon-outline icon--arrow-down \"><use xlink:href=\"https:\/\/www.uni.lu\/wp-content\/themes\/unilux-theme\/assets\/images\/icons\/icons-outline.svg#icon--arrow-down\"><\/use><\/svg>        <\/button>\n    <\/h3>\n    <div id=\"accordion-panel-9affe949-5abf-45e5-9373-fd4a1bb3c930\"\n        class=\"accordion__collapse collapse\"\n        aria-labelledby=\"accordion-labelledby-9affe949-5abf-45e5-9373-fd4a1bb3c930\"\n        data-bs-parent=\"[data-reference=&quot;70761e39-a108-4106-9541-c261f8ecd80d&quot;]\"\n    >\n        <div class=\"accordion__body \">\n            \n<h3 class=\"has-text-align-left wp-block-unilux-blocks-heading\"        id=\"leadership\"\n    >\nLeadership<\/h3>\n<ul class=\"flex flex-wrap mt-24 -mx-16  wp-block-unilux-blocks-free-content-card\">\n    <li class=\"w-full sm:w-1\/2 lg:w-1\/3 px-16  wp-block-unilux-blocks-free-content-card-item\">\n    <div class=\"ulux-card card-people bg-theme\">\n        <div class=\"ulux-card__container card__container\">\n                        <div class=\"ulux-card__visual wp-block-unilux-blocks-free-content-card-item-visual\">\n    \n<div class=\"wp-block-unilux-blocks-image-video-wrapper\">\n    <figure class=\"wp-block-dev4-reusable-blocks-image  object-fit--cover\">\n    \n<img decoding=\"async\" class=\"wp-block-image unilux-custom-image-block\"\n                alt=\"\"\n            src=\"https:\/\/www.uni.lu\/wp-content\/uploads\/sites\/5\/2026\/01\/28132204\/Alex_Biryukov_Updated_Jan_2026.png\"\n                srcset=\"https:\/\/www.uni.lu\/wp-content\/uploads\/sites\/5\/2026\/01\/28132204\/Alex_Biryukov_Updated_Jan_2026-300x224.png 300w, https:\/\/www.uni.lu\/wp-content\/uploads\/sites\/5\/2026\/01\/28132204\/Alex_Biryukov_Updated_Jan_2026-1024x763.png 1024w, https:\/\/www.uni.lu\/wp-content\/uploads\/sites\/5\/2026\/01\/28132204\/Alex_Biryukov_Updated_Jan_2026-768x572.png 768w, https:\/\/www.uni.lu\/wp-content\/uploads\/sites\/5\/2026\/01\/28132204\/Alex_Biryukov_Updated_Jan_2026-1536x1145.png 1536w, https:\/\/www.uni.lu\/wp-content\/uploads\/sites\/5\/2026\/01\/28132204\/Alex_Biryukov_Updated_Jan_2026.png 2034w\"\n                style=\"object-position: 50.00% 50.00%; font-family: &quot;object-fit: cover; object-position: 50.00% 50.00%;&quot;; aspect-ratio: 4\/3; object-fit: cover; width: 100%;\"\n        loading=\"lazy\"\n\/>    <\/figure><\/div><\/div><div class=\"ulux-card__body wp-block-unilux-blocks-free-content-card-item-body\">\n    \n<div class=\"card__activity wp-block-unilux-blocks-plain-text\"><\/div>\n<h3 class=\"card__name has-text-align-left wp-block-unilux-blocks-heading\"        id=\"alex-biryukov\"\n    >\nAlex BIRYUKOV<\/h3>\n\n<div class=\"card__organization wp-block-unilux-blocks-plain-text\">Faculty of Science, Technology and Medicine<\/div>\n<div class=\"card__function wp-block-unilux-blocks-plain-text\">Professor at FSTM, Secondary Assignment to SnT. Head of the CryptoLUX Research Group<\/div>\n<div class=\"card__interest wp-block-unilux-blocks-plain-text\"><\/div><div class=\"ulux-card__link-wrapper card__link wp-block-unilux-blocks-simple-cta\">\n    <a\n        href=\"https:\/\/www.uni.lu\/fstm-en\/people\/alexei-biryukov\/\"\n        title=\"Learn more\"\n        class=\"link-text link-text--icon ulux-card__link link-text link-absolute\"\n        target=\"\"\n    >\n        <span class=\"link-text__body\">\n            <span class=\"link-text__name\">Learn more<\/span>\n        <\/span>\n        <svg aria-hidden=\"true\" focusable=\"false\" class=\"icon icon-outline icon--arrow-right \"><use xlink:href=\"https:\/\/www.uni.lu\/wp-content\/themes\/unilux-theme\/assets\/images\/icons\/icons-outline.svg#icon--arrow-right\"><\/use><\/svg>    <\/a>\n<\/div>\n<\/div>        <\/div>\n    <\/div>\n<\/li><\/ul>\n<h3 class=\"has-text-align-left wp-block-unilux-blocks-heading\"        id=\"researchers\"\n    >\nResearchers<\/h3>\n<div\n    data-nonce=\"898be529b6\"\n    id=\"people-card-list1777415497\"\n    class=\"people-card-list-automated\"\n    data-search-after=\"TURECEK,50074012,11.56333\"\n    data-params=\"{&quot;size&quot;:6,&quot;byId&quot;:&quot;true&quot;,&quot;organization&quot;:&quot;SNT&quot;,&quot;department&quot;:&quot;Cryptolux&quot;,&quot;employeeGroup&quot;:&quot;1&quot;,&quot;employeeSubGroup&quot;:&quot;ap&quot;}\"\n>\n    <ul class=\"flex flex-wrap -mx-16 people-card-list\">\n                    <li class=\"w-full sm:w-1\/2 lg:w-1\/3 px-16\">\n                <div class=\"ulux-card ulux-card-people bg-theme\">\n                    <div class=\"ulux-card__container\">\n                        <div class=\"ulux-card__visual\">\n                            <img\n                                class=\"w-full\"\n                                src=\"https:\/\/www.uni.lu\/en\/person-image\/NTAwOTIwNDNfX0FyZ2h5YSBCSEFUVEFDSEFSSkVF--medium_large\"\n                                title=\"Arghya BHATTACHARJEE\"\n                                alt=\"Arghya BHATTACHARJEE featured image\"\n                                srcset=\"https:\/\/www.uni.lu\/en\/person-image\/NTAwOTIwNDNfX0FyZ2h5YSBCSEFUVEFDSEFSSkVF--thumbnail 150w,https:\/\/www.uni.lu\/en\/person-image\/NTAwOTIwNDNfX0FyZ2h5YSBCSEFUVEFDSEFSSkVF--medium 300w,https:\/\/www.uni.lu\/en\/person-image\/NTAwOTIwNDNfX0FyZ2h5YSBCSEFUVEFDSEFSSkVF--medium_large 768w\"\n                                loading=\"lazy\"\n                            >\n                        <\/div>\n                        <div class=\"ulux-card__body card-people\">\n                            <h3 class=\"card__name\">\n                                Arghya BHATTACHARJEE                            <\/h3>\n                            <p class=\"card__function\">\n                                Postdoctoral researcher                            <\/p>\n                            <p class=\"card__organization\">\n                                Interdisciplinary Centre for Security, Reliability and Trust                            <\/p>\n                            <a\n                                class=\"card__link link-text link-absolute\"\n                                href=\"https:\/\/www.uni.lu\/snt-en\/people\/arghya-bhattacharjee\/\"\n                                title=\"Arghya BHATTACHARJEE\"\n                            >\n                                <span class=\"link-text__name\">Learn more<\/span>\n                                <svg\n                                    aria-hidden=\"true\"\n                                    focusable=\"false\"\n                                    class=\"icon icon-outline icon--2xs\"\n                                >\n                                    <use xlink:href=\"https:\/\/www.uni.lu\/wp-content\/themes\/unilux-theme\/assets\/images\/icons\/icons-outline.svg#icon--arrow-right\" \/>\n                                <\/svg>\n                            <\/a>\n                        <\/div>\n                    <\/div>\n                <\/div>\n            <\/li>\n                    <li class=\"w-full sm:w-1\/2 lg:w-1\/3 px-16\">\n                <div class=\"ulux-card ulux-card-people bg-theme\">\n                    <div class=\"ulux-card__container\">\n                        <div class=\"ulux-card__visual\">\n                            <img\n                                class=\"w-full\"\n                                src=\"https:\/\/www.uni.lu\/en\/person-image\/NTAwOTk5MTJfX0x1Y2EgQk9OQU1JTk8=--medium_large\"\n                                title=\"Luca BONAMINO\"\n                                alt=\"Luca BONAMINO featured image\"\n                                srcset=\"https:\/\/www.uni.lu\/en\/person-image\/NTAwOTk5MTJfX0x1Y2EgQk9OQU1JTk8=--thumbnail 150w,https:\/\/www.uni.lu\/en\/person-image\/NTAwOTk5MTJfX0x1Y2EgQk9OQU1JTk8=--medium 300w,https:\/\/www.uni.lu\/en\/person-image\/NTAwOTk5MTJfX0x1Y2EgQk9OQU1JTk8=--medium_large 768w\"\n                                loading=\"lazy\"\n                            >\n                        <\/div>\n                        <div class=\"ulux-card__body card-people\">\n                            <h3 class=\"card__name\">\n                                Luca BONAMINO                            <\/h3>\n                            <p class=\"card__function\">\n                                Doctoral researcher                            <\/p>\n                            <p class=\"card__organization\">\n                                Interdisciplinary Centre for Security, Reliability and Trust                            <\/p>\n                            <a\n                                class=\"card__link link-text link-absolute\"\n                                href=\"https:\/\/www.uni.lu\/snt-en\/people\/luca-bonamino\/\"\n                                title=\"Luca BONAMINO\"\n                            >\n                                <span class=\"link-text__name\">Learn more<\/span>\n                                <svg\n                                    aria-hidden=\"true\"\n                                    focusable=\"false\"\n                                    class=\"icon icon-outline icon--2xs\"\n                                >\n                                    <use xlink:href=\"https:\/\/www.uni.lu\/wp-content\/themes\/unilux-theme\/assets\/images\/icons\/icons-outline.svg#icon--arrow-right\" \/>\n                                <\/svg>\n                            <\/a>\n                        <\/div>\n                    <\/div>\n                <\/div>\n            <\/li>\n                    <li class=\"w-full sm:w-1\/2 lg:w-1\/3 px-16\">\n                <div class=\"ulux-card ulux-card-people bg-theme\">\n                    <div class=\"ulux-card__container\">\n                        <div class=\"ulux-card__visual\">\n                            <img\n                                class=\"w-full\"\n                                src=\"https:\/\/www.uni.lu\/en\/person-image\/NTAwOTc5NDNfX0V0aWVubmUgQlVSTEU=--medium_large\"\n                                title=\"Etienne BURLE\"\n                                alt=\"Etienne BURLE featured image\"\n                                srcset=\"https:\/\/www.uni.lu\/en\/person-image\/NTAwOTc5NDNfX0V0aWVubmUgQlVSTEU=--thumbnail 150w,https:\/\/www.uni.lu\/en\/person-image\/NTAwOTc5NDNfX0V0aWVubmUgQlVSTEU=--medium 300w,https:\/\/www.uni.lu\/en\/person-image\/NTAwOTc5NDNfX0V0aWVubmUgQlVSTEU=--medium_large 768w\"\n                                loading=\"lazy\"\n                            >\n                        <\/div>\n                        <div class=\"ulux-card__body card-people\">\n                            <h3 class=\"card__name\">\n                                Etienne BURLE                            <\/h3>\n                            <p class=\"card__function\">\n                                Postdoctoral researcher                            <\/p>\n                            <p class=\"card__organization\">\n                                Interdisciplinary Centre for Security, Reliability and Trust                            <\/p>\n                            <a\n                                class=\"card__link link-text link-absolute\"\n                                href=\"https:\/\/www.uni.lu\/snt-en\/people\/etienne-burle\/\"\n                                title=\"Etienne BURLE\"\n                            >\n                                <span class=\"link-text__name\">Learn more<\/span>\n                                <svg\n                                    aria-hidden=\"true\"\n                                    focusable=\"false\"\n                                    class=\"icon icon-outline icon--2xs\"\n                                >\n                                    <use xlink:href=\"https:\/\/www.uni.lu\/wp-content\/themes\/unilux-theme\/assets\/images\/icons\/icons-outline.svg#icon--arrow-right\" \/>\n                                <\/svg>\n                            <\/a>\n                        <\/div>\n                    <\/div>\n                <\/div>\n            <\/li>\n                    <li class=\"w-full sm:w-1\/2 lg:w-1\/3 px-16\">\n                <div class=\"ulux-card ulux-card-people bg-theme\">\n                    <div class=\"ulux-card__container\">\n                        <div class=\"ulux-card__visual\">\n                            <img\n                                class=\"w-full\"\n                                src=\"https:\/\/www.uni.lu\/en\/person-image\/NTAwNzQzNjJfX1BBQkxPIEdBUkNJQSBGRVJOQU5ERVo=--medium_large\"\n                                title=\"PABLO GARCIA FERNANDEZ\"\n                                alt=\"PABLO GARCIA FERNANDEZ featured image\"\n                                srcset=\"https:\/\/www.uni.lu\/en\/person-image\/NTAwNzQzNjJfX1BBQkxPIEdBUkNJQSBGRVJOQU5ERVo=--thumbnail 150w,https:\/\/www.uni.lu\/en\/person-image\/NTAwNzQzNjJfX1BBQkxPIEdBUkNJQSBGRVJOQU5ERVo=--medium 300w,https:\/\/www.uni.lu\/en\/person-image\/NTAwNzQzNjJfX1BBQkxPIEdBUkNJQSBGRVJOQU5ERVo=--medium_large 768w\"\n                                loading=\"lazy\"\n                            >\n                        <\/div>\n                        <div class=\"ulux-card__body card-people\">\n                            <h3 class=\"card__name\">\n                                PABLO GARCIA FERNANDEZ                            <\/h3>\n                            <p class=\"card__function\">\n                                Doctoral researcher                            <\/p>\n                            <p class=\"card__organization\">\n                                Interdisciplinary Centre for Security, Reliability and Trust                            <\/p>\n                            <a\n                                class=\"card__link link-text link-absolute\"\n                                href=\"https:\/\/www.uni.lu\/snt-en\/people\/pablo-garcia-fernandez\/\"\n                                title=\"PABLO GARCIA FERNANDEZ\"\n                            >\n                                <span class=\"link-text__name\">Learn more<\/span>\n                                <svg\n                                    aria-hidden=\"true\"\n                                    focusable=\"false\"\n                                    class=\"icon icon-outline icon--2xs\"\n                                >\n                                    <use xlink:href=\"https:\/\/www.uni.lu\/wp-content\/themes\/unilux-theme\/assets\/images\/icons\/icons-outline.svg#icon--arrow-right\" \/>\n                                <\/svg>\n                            <\/a>\n                        <\/div>\n                    <\/div>\n                <\/div>\n            <\/li>\n                    <li class=\"w-full sm:w-1\/2 lg:w-1\/3 px-16\">\n                <div class=\"ulux-card ulux-card-people bg-theme\">\n                    <div class=\"ulux-card__container\">\n                        <div class=\"ulux-card__visual\">\n                            <img\n                                class=\"w-full\"\n                                src=\"https:\/\/www.uni.lu\/en\/person-image\/NTAxMDM5MzhfX0pvbmFoIEhFVUVS--medium_large\"\n                                title=\"Jonah HEUER\"\n                                alt=\"Jonah HEUER featured image\"\n                                srcset=\"https:\/\/www.uni.lu\/en\/person-image\/NTAxMDM5MzhfX0pvbmFoIEhFVUVS--thumbnail 150w,https:\/\/www.uni.lu\/en\/person-image\/NTAxMDM5MzhfX0pvbmFoIEhFVUVS--medium 300w,https:\/\/www.uni.lu\/en\/person-image\/NTAxMDM5MzhfX0pvbmFoIEhFVUVS--medium_large 768w\"\n                                loading=\"lazy\"\n                            >\n                        <\/div>\n                        <div class=\"ulux-card__body card-people\">\n                            <h3 class=\"card__name\">\n                                Jonah HEUER                            <\/h3>\n                            <p class=\"card__function\">\n                                Doctoral researcher                            <\/p>\n                            <p class=\"card__organization\">\n                                Interdisciplinary Centre for Security, Reliability and Trust                            <\/p>\n                            <a\n                                class=\"card__link link-text link-absolute\"\n                                href=\"https:\/\/www.uni.lu\/snt-en\/people\/jonah-heuer\/\"\n                                title=\"Jonah HEUER\"\n                            >\n                                <span class=\"link-text__name\">Learn more<\/span>\n                                <svg\n                                    aria-hidden=\"true\"\n                                    focusable=\"false\"\n                                    class=\"icon icon-outline icon--2xs\"\n                                >\n                                    <use xlink:href=\"https:\/\/www.uni.lu\/wp-content\/themes\/unilux-theme\/assets\/images\/icons\/icons-outline.svg#icon--arrow-right\" \/>\n                                <\/svg>\n                            <\/a>\n                        <\/div>\n                    <\/div>\n                <\/div>\n            <\/li>\n                    <li class=\"w-full sm:w-1\/2 lg:w-1\/3 px-16\">\n                <div class=\"ulux-card ulux-card-people bg-theme\">\n                    <div class=\"ulux-card__container\">\n                        <div class=\"ulux-card__visual\">\n                            <img\n                                class=\"w-full\"\n                                src=\"https:\/\/www.uni.lu\/en\/person-image\/NTAwNzQwMTJfX1BoaWxpcCBUVVJFQ0VL--medium_large\"\n                                title=\"Philip TURECEK\"\n                                alt=\"Philip TURECEK featured image\"\n                                srcset=\"https:\/\/www.uni.lu\/en\/person-image\/NTAwNzQwMTJfX1BoaWxpcCBUVVJFQ0VL--thumbnail 150w,https:\/\/www.uni.lu\/en\/person-image\/NTAwNzQwMTJfX1BoaWxpcCBUVVJFQ0VL--medium 300w,https:\/\/www.uni.lu\/en\/person-image\/NTAwNzQwMTJfX1BoaWxpcCBUVVJFQ0VL--medium_large 768w\"\n                                loading=\"lazy\"\n                            >\n                        <\/div>\n                        <div class=\"ulux-card__body card-people\">\n                            <h3 class=\"card__name\">\n                                Philip TURECEK                            <\/h3>\n                            <p class=\"card__function\">\n                                Doctoral researcher                            <\/p>\n                            <p class=\"card__organization\">\n                                Interdisciplinary Centre for Security, Reliability and Trust                            <\/p>\n                            <a\n                                class=\"card__link link-text link-absolute\"\n                                href=\"https:\/\/www.uni.lu\/snt-en\/people\/philip-turecek\/\"\n                                title=\"Philip TURECEK\"\n                            >\n                                <span class=\"link-text__name\">Learn more<\/span>\n                                <svg\n                                    aria-hidden=\"true\"\n                                    focusable=\"false\"\n                                    class=\"icon icon-outline icon--2xs\"\n                                >\n                                    <use xlink:href=\"https:\/\/www.uni.lu\/wp-content\/themes\/unilux-theme\/assets\/images\/icons\/icons-outline.svg#icon--arrow-right\" \/>\n                                <\/svg>\n                            <\/a>\n                        <\/div>\n                    <\/div>\n                <\/div>\n            <\/li>\n            <\/ul>\n            <p class=\"text-center\">\n            <button class=\"btn btn--primary\">Load more<\/button>\n        <\/p>\n    <\/div>        <\/div>\n    <\/div>\n<\/div>\n\n<div class=\"accordion__item  wp-block-unilux-blocks-accordion-item\">\n    <h3 class=\"accordion__header\"\n                    id=\"digital-financial-services-and-cross-organisational-digital-transformations-finatrax\"\n        >\n        <button\n            type=\"button\"\n            id=\"accordion-labelledby-1c596851-f4e8-4039-b4c2-b876ccb225db\"\n            class=\"accordion__button collapsed\"\n            aria-expanded=\"false\"\n            aria-controls=\"accordion-panel-1c596851-f4e8-4039-b4c2-b876ccb225db\"\n            data-bs-toggle=\"collapse\"\n            data-bs-target=\"#accordion-panel-1c596851-f4e8-4039-b4c2-b876ccb225db\"\n        >\n            <span class=\"accordion__title\">\n                                Digital Financial Services and Cross-Organisational Digital Transformations (FINATRAX)            <\/span>\n\n            <svg aria-hidden=\"true\" focusable=\"false\" class=\"icon icon-outline icon--arrow-down \"><use xlink:href=\"https:\/\/www.uni.lu\/wp-content\/themes\/unilux-theme\/assets\/images\/icons\/icons-outline.svg#icon--arrow-down\"><\/use><\/svg>        <\/button>\n    <\/h3>\n    <div id=\"accordion-panel-1c596851-f4e8-4039-b4c2-b876ccb225db\"\n        class=\"accordion__collapse collapse\"\n        aria-labelledby=\"accordion-labelledby-1c596851-f4e8-4039-b4c2-b876ccb225db\"\n        data-bs-parent=\"[data-reference=&quot;70761e39-a108-4106-9541-c261f8ecd80d&quot;]\"\n    >\n        <div class=\"accordion__body \">\n            \n<h3 class=\"has-text-align-left wp-block-unilux-blocks-heading\"        id=\"leadership\"\n    >\nLeadership<\/h3>\n<div\n    data-nonce=\"898be529b6\"\n    id=\"people-card-list1777415497\"\n    class=\"people-card-list-automated\"\n    data-search-after=\"KOERNER,50100704,9.965704\"\n    data-params=\"{&quot;size&quot;:6,&quot;byId&quot;:&quot;true&quot;,&quot;organization&quot;:&quot;SNT&quot;,&quot;department&quot;:&quot;FINATRAX&quot;,&quot;employeeGroup&quot;:&quot;1&quot;,&quot;employeeSubGroup&quot;:&quot;as&quot;}\"\n>\n    <ul class=\"flex flex-wrap -mx-16 people-card-list\">\n                    <li class=\"w-full sm:w-1\/2 lg:w-1\/3 px-16\">\n                <div class=\"ulux-card ulux-card-people bg-theme\">\n                    <div class=\"ulux-card__container\">\n                        <div class=\"ulux-card__visual\">\n                            <img\n                                class=\"w-full\"\n                                src=\"https:\/\/www.uni.lu\/en\/person-image\/NTAwMzg1MTZfX0dpbGJlcnQgRlJJREdFTg==--medium_large\"\n                                title=\"Gilbert FRIDGEN\"\n                                alt=\"Gilbert FRIDGEN featured image\"\n                                srcset=\"https:\/\/www.uni.lu\/en\/person-image\/NTAwMzg1MTZfX0dpbGJlcnQgRlJJREdFTg==--thumbnail 150w,https:\/\/www.uni.lu\/en\/person-image\/NTAwMzg1MTZfX0dpbGJlcnQgRlJJREdFTg==--medium 300w,https:\/\/www.uni.lu\/en\/person-image\/NTAwMzg1MTZfX0dpbGJlcnQgRlJJREdFTg==--medium_large 768w\"\n                                loading=\"lazy\"\n                            >\n                        <\/div>\n                        <div class=\"ulux-card__body card-people\">\n                            <h3 class=\"card__name\">\n                                Gilbert FRIDGEN                            <\/h3>\n                            <p class=\"card__function\">\n                                Full professor in Digital Financial Services \/ Paypal-FNR PEARL Chair                            <\/p>\n                            <p class=\"card__organization\">\n                                Interdisciplinary Centre for Security, Reliability and Trust                            <\/p>\n                            <a\n                                class=\"card__link link-text link-absolute\"\n                                href=\"https:\/\/www.uni.lu\/snt-en\/people\/gilbert-fridgen\/\"\n                                title=\"Gilbert FRIDGEN\"\n                            >\n                                <span class=\"link-text__name\">Learn more<\/span>\n                                <svg\n                                    aria-hidden=\"true\"\n                                    focusable=\"false\"\n                                    class=\"icon icon-outline icon--2xs\"\n                                >\n                                    <use xlink:href=\"https:\/\/www.uni.lu\/wp-content\/themes\/unilux-theme\/assets\/images\/icons\/icons-outline.svg#icon--arrow-right\" \/>\n                                <\/svg>\n                            <\/a>\n                        <\/div>\n                    <\/div>\n                <\/div>\n            <\/li>\n                    <li class=\"w-full sm:w-1\/2 lg:w-1\/3 px-16\">\n                <div class=\"ulux-card ulux-card-people bg-theme\">\n                    <div class=\"ulux-card__container\">\n                        <div class=\"ulux-card__visual\">\n                            <img\n                                class=\"w-full\"\n                                src=\"https:\/\/www.uni.lu\/en\/person-image\/NTAxMDA3MDRfX01hcmMtRmFiaWFuIEtPRVJORVI=--medium_large\"\n                                title=\"Marc-Fabian KOERNER\"\n                                alt=\"Marc-Fabian KOERNER featured image\"\n                                srcset=\"https:\/\/www.uni.lu\/en\/person-image\/NTAxMDA3MDRfX01hcmMtRmFiaWFuIEtPRVJORVI=--thumbnail 150w,https:\/\/www.uni.lu\/en\/person-image\/NTAxMDA3MDRfX01hcmMtRmFiaWFuIEtPRVJORVI=--medium 300w,https:\/\/www.uni.lu\/en\/person-image\/NTAxMDA3MDRfX01hcmMtRmFiaWFuIEtPRVJORVI=--medium_large 768w\"\n                                loading=\"lazy\"\n                            >\n                        <\/div>\n                        <div class=\"ulux-card__body card-people\">\n                            <h3 class=\"card__name\">\n                                Marc-Fabian KOERNER                            <\/h3>\n                            <p class=\"card__function\">\n                                Assistant Professor in Information Systems Engineering                            <\/p>\n                            <p class=\"card__organization\">\n                                Interdisciplinary Centre for Security, Reliability and Trust                            <\/p>\n                            <a\n                                class=\"card__link link-text link-absolute\"\n                                href=\"https:\/\/www.uni.lu\/snt-en\/people\/marc-fabian-koerner\/\"\n                                title=\"Marc-Fabian KOERNER\"\n                            >\n                                <span class=\"link-text__name\">Learn more<\/span>\n                                <svg\n                                    aria-hidden=\"true\"\n                                    focusable=\"false\"\n                                    class=\"icon icon-outline icon--2xs\"\n                                >\n                                    <use xlink:href=\"https:\/\/www.uni.lu\/wp-content\/themes\/unilux-theme\/assets\/images\/icons\/icons-outline.svg#icon--arrow-right\" \/>\n                                <\/svg>\n                            <\/a>\n                        <\/div>\n                    <\/div>\n                <\/div>\n            <\/li>\n            <\/ul>\n    <\/div>\n<h3 class=\"has-text-align-left wp-block-unilux-blocks-heading\"        id=\"researchers\"\n    >\nResearchers<\/h3>\n<div\n    data-nonce=\"898be529b6\"\n    id=\"people-card-list1777415497\"\n    class=\"people-card-list-automated\"\n    data-search-after=\"BELEGU,50069032,9.965704\"\n    data-params=\"{&quot;size&quot;:6,&quot;byId&quot;:&quot;true&quot;,&quot;organization&quot;:&quot;SNT&quot;,&quot;department&quot;:&quot;FINATRAX&quot;,&quot;employeeGroup&quot;:&quot;1&quot;,&quot;employeeSubGroup&quot;:&quot;ap&quot;}\"\n>\n    <ul class=\"flex flex-wrap -mx-16 people-card-list\">\n                    <li class=\"w-full sm:w-1\/2 lg:w-1\/3 px-16\">\n                <div class=\"ulux-card ulux-card-people bg-theme\">\n                    <div class=\"ulux-card__container\">\n                        <div class=\"ulux-card__visual\">\n                            <img\n                                class=\"w-full\"\n                                src=\"https:\/\/www.uni.lu\/en\/person-image\/NTAwODg1MTRfX0FudHJhZ2FtYSBFd2EgQUJCQVM=--medium_large\"\n                                title=\"Antragama Ewa ABBAS\"\n                                alt=\"Antragama Ewa ABBAS featured image\"\n                                srcset=\"https:\/\/www.uni.lu\/en\/person-image\/NTAwODg1MTRfX0FudHJhZ2FtYSBFd2EgQUJCQVM=--thumbnail 150w,https:\/\/www.uni.lu\/en\/person-image\/NTAwODg1MTRfX0FudHJhZ2FtYSBFd2EgQUJCQVM=--medium 300w,https:\/\/www.uni.lu\/en\/person-image\/NTAwODg1MTRfX0FudHJhZ2FtYSBFd2EgQUJCQVM=--medium_large 768w\"\n                                loading=\"lazy\"\n                            >\n                        <\/div>\n                        <div class=\"ulux-card__body card-people\">\n                            <h3 class=\"card__name\">\n                                Antragama Ewa ABBAS                            <\/h3>\n                            <p class=\"card__function\">\n                                Postdoctoral researcher                            <\/p>\n                            <p class=\"card__organization\">\n                                Interdisciplinary Centre for Security, Reliability and Trust                            <\/p>\n                            <a\n                                class=\"card__link link-text link-absolute\"\n                                href=\"https:\/\/www.uni.lu\/snt-en\/people\/antragama-ewa-abbas\/\"\n                                title=\"Antragama Ewa ABBAS\"\n                            >\n                                <span class=\"link-text__name\">Learn more<\/span>\n                                <svg\n                                    aria-hidden=\"true\"\n                                    focusable=\"false\"\n                                    class=\"icon icon-outline icon--2xs\"\n                                >\n                                    <use xlink:href=\"https:\/\/www.uni.lu\/wp-content\/themes\/unilux-theme\/assets\/images\/icons\/icons-outline.svg#icon--arrow-right\" \/>\n                                <\/svg>\n                            <\/a>\n                        <\/div>\n                    <\/div>\n                <\/div>\n            <\/li>\n                    <li class=\"w-full sm:w-1\/2 lg:w-1\/3 px-16\">\n                <div class=\"ulux-card ulux-card-people bg-theme\">\n                    <div class=\"ulux-card__container\">\n                        <div class=\"ulux-card__visual\">\n                            <img\n                                class=\"w-full\"\n                                src=\"https:\/\/www.uni.lu\/en\/person-image\/NTAwNjI3MThfX0l2w6FuIEFCRUxMw4FOIMOBTFZBUkVa--medium_large\"\n                                title=\"Iv\u00e1n ABELL\u00c1N \u00c1LVAREZ\"\n                                alt=\"Iv\u00e1n ABELL\u00c1N \u00c1LVAREZ featured image\"\n                                srcset=\"https:\/\/www.uni.lu\/en\/person-image\/NTAwNjI3MThfX0l2w6FuIEFCRUxMw4FOIMOBTFZBUkVa--thumbnail 150w,https:\/\/www.uni.lu\/en\/person-image\/NTAwNjI3MThfX0l2w6FuIEFCRUxMw4FOIMOBTFZBUkVa--medium 300w,https:\/\/www.uni.lu\/en\/person-image\/NTAwNjI3MThfX0l2w6FuIEFCRUxMw4FOIMOBTFZBUkVa--medium_large 768w\"\n                                loading=\"lazy\"\n                            >\n                        <\/div>\n                        <div class=\"ulux-card__body card-people\">\n                            <h3 class=\"card__name\">\n                                Iv\u00e1n ABELL\u00c1N \u00c1LVAREZ                            <\/h3>\n                            <p class=\"card__function\">\n                                Doctoral researcher                            <\/p>\n                            <p class=\"card__organization\">\n                                Interdisciplinary Centre for Security, Reliability and Trust                            <\/p>\n                            <a\n                                class=\"card__link link-text link-absolute\"\n                                href=\"https:\/\/www.uni.lu\/snt-en\/people\/ivan-abellan-alvarez\/\"\n                                title=\"Iv\u00e1n ABELL\u00c1N \u00c1LVAREZ\"\n                            >\n                                <span class=\"link-text__name\">Learn more<\/span>\n                                <svg\n                                    aria-hidden=\"true\"\n                                    focusable=\"false\"\n                                    class=\"icon icon-outline icon--2xs\"\n                                >\n                                    <use xlink:href=\"https:\/\/www.uni.lu\/wp-content\/themes\/unilux-theme\/assets\/images\/icons\/icons-outline.svg#icon--arrow-right\" \/>\n                                <\/svg>\n                            <\/a>\n                        <\/div>\n                    <\/div>\n                <\/div>\n            <\/li>\n                    <li class=\"w-full sm:w-1\/2 lg:w-1\/3 px-16\">\n                <div class=\"ulux-card ulux-card-people bg-theme\">\n                    <div class=\"ulux-card__container\">\n                        <div class=\"ulux-card__visual\">\n                            <img\n                                class=\"w-full\"\n                                src=\"https:\/\/www.uni.lu\/en\/person-image\/NTAwNjYwNDFfX1Jhd2FuIEFLS09VQ0g=--medium_large\"\n                                title=\"Rawan AKKOUCH\"\n                                alt=\"Rawan AKKOUCH featured image\"\n                                srcset=\"https:\/\/www.uni.lu\/en\/person-image\/NTAwNjYwNDFfX1Jhd2FuIEFLS09VQ0g=--thumbnail 150w,https:\/\/www.uni.lu\/en\/person-image\/NTAwNjYwNDFfX1Jhd2FuIEFLS09VQ0g=--medium 300w,https:\/\/www.uni.lu\/en\/person-image\/NTAwNjYwNDFfX1Jhd2FuIEFLS09VQ0g=--medium_large 768w\"\n                                loading=\"lazy\"\n                            >\n                        <\/div>\n                        <div class=\"ulux-card__body card-people\">\n                            <h3 class=\"card__name\">\n                                Rawan AKKOUCH                            <\/h3>\n                            <p class=\"card__function\">\n                                Doctoral researcher                            <\/p>\n                            <p class=\"card__organization\">\n                                Interdisciplinary Centre for Security, Reliability and Trust                            <\/p>\n                            <a\n                                class=\"card__link link-text link-absolute\"\n                                href=\"https:\/\/www.uni.lu\/snt-en\/people\/rawan-akkouch\/\"\n                                title=\"Rawan AKKOUCH\"\n                            >\n                                <span class=\"link-text__name\">Learn more<\/span>\n                                <svg\n                                    aria-hidden=\"true\"\n                                    focusable=\"false\"\n                                    class=\"icon icon-outline icon--2xs\"\n                                >\n                                    <use xlink:href=\"https:\/\/www.uni.lu\/wp-content\/themes\/unilux-theme\/assets\/images\/icons\/icons-outline.svg#icon--arrow-right\" \/>\n                                <\/svg>\n                            <\/a>\n                        <\/div>\n                    <\/div>\n                <\/div>\n            <\/li>\n                    <li class=\"w-full sm:w-1\/2 lg:w-1\/3 px-16\">\n                <div class=\"ulux-card ulux-card-people bg-theme\">\n                    <div class=\"ulux-card__container\">\n                        <div class=\"ulux-card__visual\">\n                            <img\n                                class=\"w-full\"\n                                src=\"https:\/\/www.uni.lu\/en\/person-image\/NTAwNjI3MjNfX0xhdXJhIEFORE9MRkk=--medium_large\"\n                                title=\"Laura ANDOLFI\"\n                                alt=\"Laura ANDOLFI featured image\"\n                                srcset=\"https:\/\/www.uni.lu\/en\/person-image\/NTAwNjI3MjNfX0xhdXJhIEFORE9MRkk=--thumbnail 150w,https:\/\/www.uni.lu\/en\/person-image\/NTAwNjI3MjNfX0xhdXJhIEFORE9MRkk=--medium 300w,https:\/\/www.uni.lu\/en\/person-image\/NTAwNjI3MjNfX0xhdXJhIEFORE9MRkk=--medium_large 768w\"\n                                loading=\"lazy\"\n                            >\n                        <\/div>\n                        <div class=\"ulux-card__body card-people\">\n                            <h3 class=\"card__name\">\n                                Laura ANDOLFI                            <\/h3>\n                            <p class=\"card__function\">\n                                Postdoctoral researcher                            <\/p>\n                            <p class=\"card__organization\">\n                                Interdisciplinary Centre for Security, Reliability and Trust                            <\/p>\n                            <a\n                                class=\"card__link link-text link-absolute\"\n                                href=\"https:\/\/www.uni.lu\/snt-en\/people\/laura-andolfi\/\"\n                                title=\"Laura ANDOLFI\"\n                            >\n                                <span class=\"link-text__name\">Learn more<\/span>\n                                <svg\n                                    aria-hidden=\"true\"\n                                    focusable=\"false\"\n                                    class=\"icon icon-outline icon--2xs\"\n                                >\n                                    <use xlink:href=\"https:\/\/www.uni.lu\/wp-content\/themes\/unilux-theme\/assets\/images\/icons\/icons-outline.svg#icon--arrow-right\" \/>\n                                <\/svg>\n                            <\/a>\n                        <\/div>\n                    <\/div>\n                <\/div>\n            <\/li>\n                    <li class=\"w-full sm:w-1\/2 lg:w-1\/3 px-16\">\n                <div class=\"ulux-card ulux-card-people bg-theme\">\n                    <div class=\"ulux-card__container\">\n                        <div class=\"ulux-card__visual\">\n                            <img\n                                class=\"w-full\"\n                                src=\"https:\/\/www.uni.lu\/en\/person-image\/NTAxMDMyNjBfX1lpZ2l0IEFTS0FO--medium_large\"\n                                title=\"Yigit ASKAN\"\n                                alt=\"Yigit ASKAN featured image\"\n                                srcset=\"https:\/\/www.uni.lu\/en\/person-image\/NTAxMDMyNjBfX1lpZ2l0IEFTS0FO--thumbnail 150w,https:\/\/www.uni.lu\/en\/person-image\/NTAxMDMyNjBfX1lpZ2l0IEFTS0FO--medium 300w,https:\/\/www.uni.lu\/en\/person-image\/NTAxMDMyNjBfX1lpZ2l0IEFTS0FO--medium_large 768w\"\n                                loading=\"lazy\"\n                            >\n                        <\/div>\n                        <div class=\"ulux-card__body card-people\">\n                            <h3 class=\"card__name\">\n                                Yigit ASKAN                            <\/h3>\n                            <p class=\"card__function\">\n                                Doctoral researcher                            <\/p>\n                            <p class=\"card__organization\">\n                                Interdisciplinary Centre for Security, Reliability and Trust                            <\/p>\n                            <a\n                                class=\"card__link link-text link-absolute\"\n                                href=\"https:\/\/www.uni.lu\/snt-en\/people\/yigit-askan\/\"\n                                title=\"Yigit ASKAN\"\n                            >\n                                <span class=\"link-text__name\">Learn more<\/span>\n                                <svg\n                                    aria-hidden=\"true\"\n                                    focusable=\"false\"\n                                    class=\"icon icon-outline icon--2xs\"\n                                >\n                                    <use xlink:href=\"https:\/\/www.uni.lu\/wp-content\/themes\/unilux-theme\/assets\/images\/icons\/icons-outline.svg#icon--arrow-right\" \/>\n                                <\/svg>\n                            <\/a>\n                        <\/div>\n                    <\/div>\n                <\/div>\n            <\/li>\n                    <li class=\"w-full sm:w-1\/2 lg:w-1\/3 px-16\">\n                <div class=\"ulux-card ulux-card-people bg-theme\">\n                    <div class=\"ulux-card__container\">\n                        <div class=\"ulux-card__visual\">\n                            <img\n                                class=\"w-full\"\n                                src=\"https:\/\/www.uni.lu\/en\/person-image\/NTAwNjkwMzJfX1NpbHZhbmEgQkVMRUdV--medium_large\"\n                                title=\"Silvana BELEGU\"\n                                alt=\"Silvana BELEGU featured image\"\n                                srcset=\"https:\/\/www.uni.lu\/en\/person-image\/NTAwNjkwMzJfX1NpbHZhbmEgQkVMRUdV--thumbnail 150w,https:\/\/www.uni.lu\/en\/person-image\/NTAwNjkwMzJfX1NpbHZhbmEgQkVMRUdV--medium 300w,https:\/\/www.uni.lu\/en\/person-image\/NTAwNjkwMzJfX1NpbHZhbmEgQkVMRUdV--medium_large 768w\"\n                                loading=\"lazy\"\n                            >\n                        <\/div>\n                        <div class=\"ulux-card__body card-people\">\n                            <h3 class=\"card__name\">\n                                Silvana BELEGU                            <\/h3>\n                            <p class=\"card__function\">\n                                Doctoral researcher                            <\/p>\n                            <p class=\"card__organization\">\n                                Interdisciplinary Centre for Security, Reliability and Trust                            <\/p>\n                            <a\n                                class=\"card__link link-text link-absolute\"\n                                href=\"https:\/\/www.uni.lu\/snt-en\/people\/silvana-belegu\/\"\n                                title=\"Silvana BELEGU\"\n                            >\n                                <span class=\"link-text__name\">Learn more<\/span>\n                                <svg\n                                    aria-hidden=\"true\"\n                                    focusable=\"false\"\n                                    class=\"icon icon-outline icon--2xs\"\n                                >\n                                    <use xlink:href=\"https:\/\/www.uni.lu\/wp-content\/themes\/unilux-theme\/assets\/images\/icons\/icons-outline.svg#icon--arrow-right\" \/>\n                                <\/svg>\n                            <\/a>\n                        <\/div>\n                    <\/div>\n                <\/div>\n            <\/li>\n            <\/ul>\n            <p class=\"text-center\">\n            <button class=\"btn btn--primary\">Load more<\/button>\n        <\/p>\n    <\/div>\n<h3 class=\"has-text-align-left wp-block-unilux-blocks-heading\"        id=\"technical-staff\"\n    >\nTechnical Staff<\/h3>\n<div\n    data-nonce=\"898be529b6\"\n    id=\"people-card-list1777415497\"\n    class=\"people-card-list-automated\"\n    data-search-after=\"RAHALI,50097942,9.965704\"\n    data-params=\"{&quot;size&quot;:6,&quot;byId&quot;:&quot;true&quot;,&quot;organization&quot;:&quot;SNT&quot;,&quot;department&quot;:&quot;FINATRAX&quot;,&quot;employeeGroup&quot;:&quot;1&quot;,&quot;employeeSubGroup&quot;:&quot;ts&quot;}\"\n>\n    <ul class=\"flex flex-wrap -mx-16 people-card-list\">\n                    <li class=\"w-full sm:w-1\/2 lg:w-1\/3 px-16\">\n                <div class=\"ulux-card ulux-card-people bg-theme\">\n                    <div class=\"ulux-card__container\">\n                        <div class=\"ulux-card__visual\">\n                            <img\n                                class=\"w-full\"\n                                src=\"https:\/\/www.uni.lu\/en\/person-image\/NTAwNjUyNjFfX0p5b3RpIEtVTUFSSQ==--medium_large\"\n                                title=\"Jyoti KUMARI\"\n                                alt=\"Jyoti KUMARI featured image\"\n                                srcset=\"https:\/\/www.uni.lu\/en\/person-image\/NTAwNjUyNjFfX0p5b3RpIEtVTUFSSQ==--thumbnail 150w,https:\/\/www.uni.lu\/en\/person-image\/NTAwNjUyNjFfX0p5b3RpIEtVTUFSSQ==--medium 300w,https:\/\/www.uni.lu\/en\/person-image\/NTAwNjUyNjFfX0p5b3RpIEtVTUFSSQ==--medium_large 768w\"\n                                loading=\"lazy\"\n                            >\n                        <\/div>\n                        <div class=\"ulux-card__body card-people\">\n                            <h3 class=\"card__name\">\n                                Jyoti KUMARI                            <\/h3>\n                            <p class=\"card__function\">\n                                Research and Development Specialist                            <\/p>\n                            <p class=\"card__organization\">\n                                Interdisciplinary Centre for Security, Reliability and Trust                            <\/p>\n                            <a\n                                class=\"card__link link-text link-absolute\"\n                                href=\"https:\/\/www.uni.lu\/snt-en\/people\/jyoti-kumari\/\"\n                                title=\"Jyoti KUMARI\"\n                            >\n                                <span class=\"link-text__name\">Learn more<\/span>\n                                <svg\n                                    aria-hidden=\"true\"\n                                    focusable=\"false\"\n                                    class=\"icon icon-outline icon--2xs\"\n                                >\n                                    <use xlink:href=\"https:\/\/www.uni.lu\/wp-content\/themes\/unilux-theme\/assets\/images\/icons\/icons-outline.svg#icon--arrow-right\" \/>\n                                <\/svg>\n                            <\/a>\n                        <\/div>\n                    <\/div>\n                <\/div>\n            <\/li>\n                    <li class=\"w-full sm:w-1\/2 lg:w-1\/3 px-16\">\n                <div class=\"ulux-card ulux-card-people bg-theme\">\n                    <div class=\"ulux-card__container\">\n                        <div class=\"ulux-card__visual\">\n                            <img\n                                class=\"w-full\"\n                                src=\"https:\/\/www.uni.lu\/en\/person-image\/NTAwOTc5NDJfX0hpY2hhbSBSQUhBTEk=--medium_large\"\n                                title=\"Hicham RAHALI\"\n                                alt=\"Hicham RAHALI featured image\"\n                                srcset=\"https:\/\/www.uni.lu\/en\/person-image\/NTAwOTc5NDJfX0hpY2hhbSBSQUhBTEk=--thumbnail 150w,https:\/\/www.uni.lu\/en\/person-image\/NTAwOTc5NDJfX0hpY2hhbSBSQUhBTEk=--medium 300w,https:\/\/www.uni.lu\/en\/person-image\/NTAwOTc5NDJfX0hpY2hhbSBSQUhBTEk=--medium_large 768w\"\n                                loading=\"lazy\"\n                            >\n                        <\/div>\n                        <div class=\"ulux-card__body card-people\">\n                            <h3 class=\"card__name\">\n                                Hicham RAHALI                            <\/h3>\n                            <p class=\"card__function\">\n                                Research and development specialist                            <\/p>\n                            <p class=\"card__organization\">\n                                Interdisciplinary Centre for Security, Reliability and Trust                            <\/p>\n                            <a\n                                class=\"card__link link-text link-absolute\"\n                                href=\"https:\/\/www.uni.lu\/snt-en\/people\/hicham-rahali\/\"\n                                title=\"Hicham RAHALI\"\n                            >\n                                <span class=\"link-text__name\">Learn more<\/span>\n                                <svg\n                                    aria-hidden=\"true\"\n                                    focusable=\"false\"\n                                    class=\"icon icon-outline icon--2xs\"\n                                >\n                                    <use xlink:href=\"https:\/\/www.uni.lu\/wp-content\/themes\/unilux-theme\/assets\/images\/icons\/icons-outline.svg#icon--arrow-right\" \/>\n                                <\/svg>\n                            <\/a>\n                        <\/div>\n                    <\/div>\n                <\/div>\n            <\/li>\n            <\/ul>\n    <\/div>        <\/div>\n    <\/div>\n<\/div>\n\n<div class=\"accordion__item  wp-block-unilux-blocks-accordion-item\">\n    <h3 class=\"accordion__header\"\n                    id=\"entrepreneurship-innovation-and-new-technology-eint\"\n        >\n        <button\n            type=\"button\"\n            id=\"accordion-labelledby-2be77c6b-4067-455d-8689-70987c625b70\"\n            class=\"accordion__button collapsed\"\n            aria-expanded=\"false\"\n            aria-controls=\"accordion-panel-2be77c6b-4067-455d-8689-70987c625b70\"\n            data-bs-toggle=\"collapse\"\n            data-bs-target=\"#accordion-panel-2be77c6b-4067-455d-8689-70987c625b70\"\n        >\n            <span class=\"accordion__title\">\n                                Entrepreneurship, Innovation and New Technology (EINT)            <\/span>\n\n            <svg aria-hidden=\"true\" focusable=\"false\" class=\"icon icon-outline icon--arrow-down \"><use xlink:href=\"https:\/\/www.uni.lu\/wp-content\/themes\/unilux-theme\/assets\/images\/icons\/icons-outline.svg#icon--arrow-down\"><\/use><\/svg>        <\/button>\n    <\/h3>\n    <div id=\"accordion-panel-2be77c6b-4067-455d-8689-70987c625b70\"\n        class=\"accordion__collapse collapse\"\n        aria-labelledby=\"accordion-labelledby-2be77c6b-4067-455d-8689-70987c625b70\"\n        data-bs-parent=\"[data-reference=&quot;70761e39-a108-4106-9541-c261f8ecd80d&quot;]\"\n    >\n        <div class=\"accordion__body \">\n            \n<h3 class=\"has-text-align-left wp-block-unilux-blocks-heading\"        id=\"leadership\"\n    >\nLeadership<\/h3>\n<div\n    data-nonce=\"898be529b6\"\n    id=\"people-card-list1777415497\"\n    class=\"people-card-list-automated\"\n    data-search-after=\"FISCH,50047190,12.023247\"\n    data-params=\"{&quot;size&quot;:6,&quot;byId&quot;:&quot;true&quot;,&quot;organization&quot;:&quot;SNT&quot;,&quot;department&quot;:&quot;EINT&quot;,&quot;employeeGroup&quot;:&quot;1&quot;,&quot;employeeSubGroup&quot;:&quot;as&quot;}\"\n>\n    <ul class=\"flex flex-wrap -mx-16 people-card-list\">\n                    <li class=\"w-full sm:w-1\/2 lg:w-1\/3 px-16\">\n                <div class=\"ulux-card ulux-card-people bg-theme\">\n                    <div class=\"ulux-card__container\">\n                        <div class=\"ulux-card__visual\">\n                            <img\n                                class=\"w-full\"\n                                src=\"https:\/\/www.uni.lu\/en\/person-image\/NTAwNDcxOTBfX0NocmlzdGlhbiBGSVNDSA==--medium_large\"\n                                title=\"Christian FISCH\"\n                                alt=\"Christian FISCH featured image\"\n                                srcset=\"https:\/\/www.uni.lu\/en\/person-image\/NTAwNDcxOTBfX0NocmlzdGlhbiBGSVNDSA==--thumbnail 150w,https:\/\/www.uni.lu\/en\/person-image\/NTAwNDcxOTBfX0NocmlzdGlhbiBGSVNDSA==--medium 300w,https:\/\/www.uni.lu\/en\/person-image\/NTAwNDcxOTBfX0NocmlzdGlhbiBGSVNDSA==--medium_large 768w\"\n                                loading=\"lazy\"\n                            >\n                        <\/div>\n                        <div class=\"ulux-card__body card-people\">\n                            <h3 class=\"card__name\">\n                                Christian FISCH                            <\/h3>\n                            <p class=\"card__function\">\n                                Associate professor in Business Economics and Entrepreneurship                            <\/p>\n                            <p class=\"card__organization\">\n                                Interdisciplinary Centre for Security, Reliability and Trust                            <\/p>\n                            <a\n                                class=\"card__link link-text link-absolute\"\n                                href=\"https:\/\/www.uni.lu\/snt-en\/people\/christian-fisch\/\"\n                                title=\"Christian FISCH\"\n                            >\n                                <span class=\"link-text__name\">Learn more<\/span>\n                                <svg\n                                    aria-hidden=\"true\"\n                                    focusable=\"false\"\n                                    class=\"icon icon-outline icon--2xs\"\n                                >\n                                    <use xlink:href=\"https:\/\/www.uni.lu\/wp-content\/themes\/unilux-theme\/assets\/images\/icons\/icons-outline.svg#icon--arrow-right\" \/>\n                                <\/svg>\n                            <\/a>\n                        <\/div>\n                    <\/div>\n                <\/div>\n            <\/li>\n            <\/ul>\n    <\/div>\n<h3 class=\"has-text-align-left wp-block-unilux-blocks-heading\"        id=\"researchers\"\n    >\nResearchers<\/h3>\n<div\n    data-nonce=\"898be529b6\"\n    id=\"people-card-list1777415497\"\n    class=\"people-card-list-automated\"\n    data-search-after=\"SCHMIDT,50088988,12.023247\"\n    data-params=\"{&quot;size&quot;:6,&quot;byId&quot;:&quot;true&quot;,&quot;organization&quot;:&quot;SNT&quot;,&quot;department&quot;:&quot;EINT&quot;,&quot;employeeGroup&quot;:&quot;1&quot;,&quot;employeeSubGroup&quot;:&quot;ap&quot;}\"\n>\n    <ul class=\"flex flex-wrap -mx-16 people-card-list\">\n                    <li class=\"w-full sm:w-1\/2 lg:w-1\/3 px-16\">\n                <div class=\"ulux-card ulux-card-people bg-theme\">\n                    <div class=\"ulux-card__container\">\n                        <div class=\"ulux-card__visual\">\n                            <img\n                                class=\"w-full\"\n                                src=\"https:\/\/www.uni.lu\/en\/person-image\/NTAwNTgwOTlfX0FuZ2VsYSBBTFRNRUlFUg==--medium_large\"\n                                title=\"Angela ALTMEIER\"\n                                alt=\"Angela ALTMEIER featured image\"\n                                srcset=\"https:\/\/www.uni.lu\/en\/person-image\/NTAwNTgwOTlfX0FuZ2VsYSBBTFRNRUlFUg==--thumbnail 150w,https:\/\/www.uni.lu\/en\/person-image\/NTAwNTgwOTlfX0FuZ2VsYSBBTFRNRUlFUg==--medium 300w,https:\/\/www.uni.lu\/en\/person-image\/NTAwNTgwOTlfX0FuZ2VsYSBBTFRNRUlFUg==--medium_large 768w\"\n                                loading=\"lazy\"\n                            >\n                        <\/div>\n                        <div class=\"ulux-card__body card-people\">\n                            <h3 class=\"card__name\">\n                                Angela ALTMEIER                            <\/h3>\n                            <p class=\"card__function\">\n                                Postdoctoral researcher                            <\/p>\n                            <p class=\"card__organization\">\n                                Interdisciplinary Centre for Security, Reliability and Trust                            <\/p>\n                            <a\n                                class=\"card__link link-text link-absolute\"\n                                href=\"https:\/\/www.uni.lu\/snt-en\/people\/angela-altmeier\/\"\n                                title=\"Angela ALTMEIER\"\n                            >\n                                <span class=\"link-text__name\">Learn more<\/span>\n                                <svg\n                                    aria-hidden=\"true\"\n                                    focusable=\"false\"\n                                    class=\"icon icon-outline icon--2xs\"\n                                >\n                                    <use xlink:href=\"https:\/\/www.uni.lu\/wp-content\/themes\/unilux-theme\/assets\/images\/icons\/icons-outline.svg#icon--arrow-right\" \/>\n                                <\/svg>\n                            <\/a>\n                        <\/div>\n                    <\/div>\n                <\/div>\n            <\/li>\n                    <li class=\"w-full sm:w-1\/2 lg:w-1\/3 px-16\">\n                <div class=\"ulux-card ulux-card-people bg-theme\">\n                    <div class=\"ulux-card__container\">\n                        <div class=\"ulux-card__visual\">\n                            <img\n                                class=\"w-full\"\n                                src=\"https:\/\/www.uni.lu\/en\/person-image\/NTAwNDc1NTNfX01pcmtvIEhJUlNDSE1BTk4=--medium_large\"\n                                title=\"Mirko HIRSCHMANN\"\n                                alt=\"Mirko HIRSCHMANN featured image\"\n                                srcset=\"https:\/\/www.uni.lu\/en\/person-image\/NTAwNDc1NTNfX01pcmtvIEhJUlNDSE1BTk4=--thumbnail 150w,https:\/\/www.uni.lu\/en\/person-image\/NTAwNDc1NTNfX01pcmtvIEhJUlNDSE1BTk4=--medium 300w,https:\/\/www.uni.lu\/en\/person-image\/NTAwNDc1NTNfX01pcmtvIEhJUlNDSE1BTk4=--medium_large 768w\"\n                                loading=\"lazy\"\n                            >\n                        <\/div>\n                        <div class=\"ulux-card__body card-people\">\n                            <h3 class=\"card__name\">\n                                Mirko HIRSCHMANN                            <\/h3>\n                            <p class=\"card__function\">\n                                Postdoctoral researcher                            <\/p>\n                            <p class=\"card__organization\">\n                                Interdisciplinary Centre for Security, Reliability and Trust                            <\/p>\n                            <a\n                                class=\"card__link link-text link-absolute\"\n                                href=\"https:\/\/www.uni.lu\/snt-en\/people\/mirko-hirschmann\/\"\n                                title=\"Mirko HIRSCHMANN\"\n                            >\n                                <span class=\"link-text__name\">Learn more<\/span>\n                                <svg\n                                    aria-hidden=\"true\"\n                                    focusable=\"false\"\n                                    class=\"icon icon-outline icon--2xs\"\n                                >\n                                    <use xlink:href=\"https:\/\/www.uni.lu\/wp-content\/themes\/unilux-theme\/assets\/images\/icons\/icons-outline.svg#icon--arrow-right\" \/>\n                                <\/svg>\n                            <\/a>\n                        <\/div>\n                    <\/div>\n                <\/div>\n            <\/li>\n                    <li class=\"w-full sm:w-1\/2 lg:w-1\/3 px-16\">\n                <div class=\"ulux-card ulux-card-people bg-theme\">\n                    <div class=\"ulux-card__container\">\n                        <div class=\"ulux-card__visual\">\n                            <img\n                                class=\"w-full\"\n                                src=\"https:\/\/www.uni.lu\/en\/person-image\/NTAxMDA1NzhfX05pIFBJTg==--medium_large\"\n                                title=\"Ni PIN\"\n                                alt=\"Ni PIN featured image\"\n                                srcset=\"https:\/\/www.uni.lu\/en\/person-image\/NTAxMDA1NzhfX05pIFBJTg==--thumbnail 150w,https:\/\/www.uni.lu\/en\/person-image\/NTAxMDA1NzhfX05pIFBJTg==--medium 300w,https:\/\/www.uni.lu\/en\/person-image\/NTAxMDA1NzhfX05pIFBJTg==--medium_large 768w\"\n                                loading=\"lazy\"\n                            >\n                        <\/div>\n                        <div class=\"ulux-card__body card-people\">\n                            <h3 class=\"card__name\">\n                                Ni PIN                            <\/h3>\n                            <p class=\"card__function\">\n                                Research and Development Specialist                            <\/p>\n                            <p class=\"card__organization\">\n                                Interdisciplinary Centre for Security, Reliability and Trust                            <\/p>\n                            <a\n                                class=\"card__link link-text link-absolute\"\n                                href=\"https:\/\/www.uni.lu\/snt-en\/people\/ni-pin\/\"\n                                title=\"Ni PIN\"\n                            >\n                                <span class=\"link-text__name\">Learn more<\/span>\n                                <svg\n                                    aria-hidden=\"true\"\n                                    focusable=\"false\"\n                                    class=\"icon icon-outline icon--2xs\"\n                                >\n                                    <use xlink:href=\"https:\/\/www.uni.lu\/wp-content\/themes\/unilux-theme\/assets\/images\/icons\/icons-outline.svg#icon--arrow-right\" \/>\n                                <\/svg>\n                            <\/a>\n                        <\/div>\n                    <\/div>\n                <\/div>\n            <\/li>\n                    <li class=\"w-full sm:w-1\/2 lg:w-1\/3 px-16\">\n                <div class=\"ulux-card ulux-card-people bg-theme\">\n                    <div class=\"ulux-card__container\">\n                        <div class=\"ulux-card__visual\">\n                            <img\n                                class=\"w-full\"\n                                src=\"https:\/\/www.uni.lu\/en\/person-image\/NTAwNjUxMzdfX1RoaWxvIE1hdHRoaWFzIFBPTExNRUlFUg==--medium_large\"\n                                title=\"Thilo Matthias POLLMEIER\"\n                                alt=\"Thilo Matthias POLLMEIER featured image\"\n                                srcset=\"https:\/\/www.uni.lu\/en\/person-image\/NTAwNjUxMzdfX1RoaWxvIE1hdHRoaWFzIFBPTExNRUlFUg==--thumbnail 150w,https:\/\/www.uni.lu\/en\/person-image\/NTAwNjUxMzdfX1RoaWxvIE1hdHRoaWFzIFBPTExNRUlFUg==--medium 300w,https:\/\/www.uni.lu\/en\/person-image\/NTAwNjUxMzdfX1RoaWxvIE1hdHRoaWFzIFBPTExNRUlFUg==--medium_large 768w\"\n                                loading=\"lazy\"\n                            >\n                        <\/div>\n                        <div class=\"ulux-card__body card-people\">\n                            <h3 class=\"card__name\">\n                                Thilo Matthias POLLMEIER                            <\/h3>\n                            <p class=\"card__function\">\n                                Postdoctoral researcher                            <\/p>\n                            <p class=\"card__organization\">\n                                Interdisciplinary Centre for Security, Reliability and Trust                            <\/p>\n                            <a\n                                class=\"card__link link-text link-absolute\"\n                                href=\"https:\/\/www.uni.lu\/snt-en\/people\/thilo-matthias-pollmeier\/\"\n                                title=\"Thilo Matthias POLLMEIER\"\n                            >\n                                <span class=\"link-text__name\">Learn more<\/span>\n                                <svg\n                                    aria-hidden=\"true\"\n                                    focusable=\"false\"\n                                    class=\"icon icon-outline icon--2xs\"\n                                >\n                                    <use xlink:href=\"https:\/\/www.uni.lu\/wp-content\/themes\/unilux-theme\/assets\/images\/icons\/icons-outline.svg#icon--arrow-right\" \/>\n                                <\/svg>\n                            <\/a>\n                        <\/div>\n                    <\/div>\n                <\/div>\n            <\/li>\n                    <li class=\"w-full sm:w-1\/2 lg:w-1\/3 px-16\">\n                <div class=\"ulux-card ulux-card-people bg-theme\">\n                    <div class=\"ulux-card__container\">\n                        <div class=\"ulux-card__visual\">\n                            <img\n                                class=\"w-full\"\n                                src=\"https:\/\/www.uni.lu\/en\/person-image\/NTAwODg5ODhfX0xhdXJhIEFubi1NaWNoZWxsZSBTQ0hNSURU--medium_large\"\n                                title=\"Laura Ann-Michelle SCHMIDT\"\n                                alt=\"Laura Ann-Michelle SCHMIDT featured image\"\n                                srcset=\"https:\/\/www.uni.lu\/en\/person-image\/NTAwODg5ODhfX0xhdXJhIEFubi1NaWNoZWxsZSBTQ0hNSURU--thumbnail 150w,https:\/\/www.uni.lu\/en\/person-image\/NTAwODg5ODhfX0xhdXJhIEFubi1NaWNoZWxsZSBTQ0hNSURU--medium 300w,https:\/\/www.uni.lu\/en\/person-image\/NTAwODg5ODhfX0xhdXJhIEFubi1NaWNoZWxsZSBTQ0hNSURU--medium_large 768w\"\n                                loading=\"lazy\"\n                            >\n                        <\/div>\n                        <div class=\"ulux-card__body card-people\">\n                            <h3 class=\"card__name\">\n                                Laura Ann-Michelle SCHMIDT                            <\/h3>\n                            <p class=\"card__function\">\n                                Doctoral researcher                            <\/p>\n                            <p class=\"card__organization\">\n                                Interdisciplinary Centre for Security, Reliability and Trust                            <\/p>\n                            <a\n                                class=\"card__link link-text link-absolute\"\n                                href=\"https:\/\/www.uni.lu\/snt-en\/people\/laura-ann-michelle-schmidt\/\"\n                                title=\"Laura Ann-Michelle SCHMIDT\"\n                            >\n                                <span class=\"link-text__name\">Learn more<\/span>\n                                <svg\n                                    aria-hidden=\"true\"\n                                    focusable=\"false\"\n                                    class=\"icon icon-outline icon--2xs\"\n                                >\n                                    <use xlink:href=\"https:\/\/www.uni.lu\/wp-content\/themes\/unilux-theme\/assets\/images\/icons\/icons-outline.svg#icon--arrow-right\" \/>\n                                <\/svg>\n                            <\/a>\n                        <\/div>\n                    <\/div>\n                <\/div>\n            <\/li>\n            <\/ul>\n    <\/div>        <\/div>\n    <\/div>\n<\/div>\n\n<div class=\"accordion__item  wp-block-unilux-blocks-accordion-item\">\n    <h3 class=\"accordion__header\"\n                    id=\"parallel-computing-and-optimisation-pcog\"\n        >\n        <button\n            type=\"button\"\n            id=\"accordion-labelledby-14e53e4c-7908-4135-9af0-354b69c55c0c\"\n            class=\"accordion__button collapsed\"\n            aria-expanded=\"false\"\n            aria-controls=\"accordion-panel-14e53e4c-7908-4135-9af0-354b69c55c0c\"\n            data-bs-toggle=\"collapse\"\n            data-bs-target=\"#accordion-panel-14e53e4c-7908-4135-9af0-354b69c55c0c\"\n        >\n            <span class=\"accordion__title\">\n                                Parallel Computing and Optimisation (PCOG)            <\/span>\n\n            <svg aria-hidden=\"true\" focusable=\"false\" class=\"icon icon-outline icon--arrow-down \"><use xlink:href=\"https:\/\/www.uni.lu\/wp-content\/themes\/unilux-theme\/assets\/images\/icons\/icons-outline.svg#icon--arrow-down\"><\/use><\/svg>        <\/button>\n    <\/h3>\n    <div id=\"accordion-panel-14e53e4c-7908-4135-9af0-354b69c55c0c\"\n        class=\"accordion__collapse collapse\"\n        aria-labelledby=\"accordion-labelledby-14e53e4c-7908-4135-9af0-354b69c55c0c\"\n        data-bs-parent=\"[data-reference=&quot;70761e39-a108-4106-9541-c261f8ecd80d&quot;]\"\n    >\n        <div class=\"accordion__body \">\n            \n<h3 class=\"has-text-align-left wp-block-unilux-blocks-heading\"        id=\"leadership\"\n    >\nLeadership<\/h3>\n<ul class=\"flex flex-wrap mt-24 -mx-16  wp-block-unilux-blocks-free-content-card\">\n    <li class=\"w-full sm:w-1\/2 lg:w-1\/3 px-16  wp-block-unilux-blocks-free-content-card-item\">\n    <div class=\"ulux-card card-people bg-theme\">\n        <div class=\"ulux-card__container card__container\">\n                        <div class=\"ulux-card__visual wp-block-unilux-blocks-free-content-card-item-visual\">\n    \n<div class=\"wp-block-unilux-blocks-image-video-wrapper\">\n    <figure class=\"wp-block-dev4-reusable-blocks-image  object-fit--cover\">\n    \n<img decoding=\"async\" class=\"wp-block-image unilux-custom-image-block\"\n                alt=\"\"\n            src=\"https:\/\/www.uni.lu\/wp-content\/uploads\/sites\/5\/2026\/01\/19113504\/Gregoire-Danoy.png\"\n                srcset=\"https:\/\/www.uni.lu\/wp-content\/uploads\/sites\/5\/2026\/01\/19113504\/Gregoire-Danoy-300x225.png 300w, https:\/\/www.uni.lu\/wp-content\/uploads\/sites\/5\/2026\/01\/19113504\/Gregoire-Danoy-768x576.png 768w, https:\/\/www.uni.lu\/wp-content\/uploads\/sites\/5\/2026\/01\/19113504\/Gregoire-Danoy.png 1024w\"\n                style=\"object-position: 0.00% 52.00%; font-family: &quot;object-fit: cover; object-position: 0.00% 52.00%;&quot;; aspect-ratio: 4\/3; object-fit: cover; width: 100%;\"\n        loading=\"lazy\"\n\/>    <\/figure><\/div><\/div><div class=\"ulux-card__body wp-block-unilux-blocks-free-content-card-item-body\">\n    \n<div class=\"card__activity wp-block-unilux-blocks-plain-text\"><\/div>\n<h3 class=\"card__name has-text-align-left wp-block-unilux-blocks-heading\"        id=\"gregoire-danoy\"\n    >\nGr\u00e9goire DANOY<\/h3>\n\n<div class=\"card__organization wp-block-unilux-blocks-plain-text\">Faculty of Science, Technology and Medicine<\/div>\n<div class=\"card__function wp-block-unilux-blocks-plain-text\">Assistant Professor at FSTM, Secondary Assignment to SnT, Head of the PCOG Research Group<\/div>\n<div class=\"card__interest wp-block-unilux-blocks-plain-text\"><\/div><div class=\"ulux-card__link-wrapper card__link wp-block-unilux-blocks-simple-cta\">\n    <a\n        href=\"https:\/\/www.uni.lu\/fstm-en\/people\/gregoire-danoy\/\"\n        title=\"Learn more\"\n        class=\"link-text link-text--icon ulux-card__link link-text link-absolute\"\n        target=\"\"\n    >\n        <span class=\"link-text__body\">\n            <span class=\"link-text__name\">Learn more<\/span>\n        <\/span>\n        <svg aria-hidden=\"true\" focusable=\"false\" class=\"icon icon-outline icon--arrow-right \"><use xlink:href=\"https:\/\/www.uni.lu\/wp-content\/themes\/unilux-theme\/assets\/images\/icons\/icons-outline.svg#icon--arrow-right\"><\/use><\/svg>    <\/a>\n<\/div>\n<\/div>        <\/div>\n    <\/div>\n<\/li><\/ul>\n<h3 class=\"has-text-align-left wp-block-unilux-blocks-heading\"        id=\"researchers\"\n    >\nResearchers<\/h3>\n<div\n    data-nonce=\"898be529b6\"\n    id=\"people-card-list1777415497\"\n    class=\"people-card-list-automated\"\n    data-search-after=\"HASAN,50077519,11.137457\"\n    data-params=\"{&quot;size&quot;:6,&quot;byId&quot;:&quot;true&quot;,&quot;organization&quot;:&quot;SNT&quot;,&quot;department&quot;:&quot;PCOG&quot;,&quot;employeeGroup&quot;:&quot;1&quot;,&quot;employeeSubGroup&quot;:&quot;ap&quot;}\"\n>\n    <ul class=\"flex flex-wrap -mx-16 people-card-list\">\n                    <li class=\"w-full sm:w-1\/2 lg:w-1\/3 px-16\">\n                <div class=\"ulux-card ulux-card-people bg-theme\">\n                    <div class=\"ulux-card__container\">\n                        <div class=\"ulux-card__visual\">\n                            <img\n                                class=\"w-full\"\n                                src=\"https:\/\/www.uni.lu\/en\/person-image\/NTAwOTkzNTJfX0NhbnN1IEFHUkFMSQ==--medium_large\"\n                                title=\"Cansu AGRALI\"\n                                alt=\"Cansu AGRALI featured image\"\n                                srcset=\"https:\/\/www.uni.lu\/en\/person-image\/NTAwOTkzNTJfX0NhbnN1IEFHUkFMSQ==--thumbnail 150w,https:\/\/www.uni.lu\/en\/person-image\/NTAwOTkzNTJfX0NhbnN1IEFHUkFMSQ==--medium 300w,https:\/\/www.uni.lu\/en\/person-image\/NTAwOTkzNTJfX0NhbnN1IEFHUkFMSQ==--medium_large 768w\"\n                                loading=\"lazy\"\n                            >\n                        <\/div>\n                        <div class=\"ulux-card__body card-people\">\n                            <h3 class=\"card__name\">\n                                Cansu AGRALI                            <\/h3>\n                            <p class=\"card__function\">\n                                Postdoctoral researcher                            <\/p>\n                            <p class=\"card__organization\">\n                                Interdisciplinary Centre for Security, Reliability and Trust                            <\/p>\n                            <a\n                                class=\"card__link link-text link-absolute\"\n                                href=\"https:\/\/www.uni.lu\/snt-en\/people\/cansu-agrali\/\"\n                                title=\"Cansu AGRALI\"\n                            >\n                                <span class=\"link-text__name\">Learn more<\/span>\n                                <svg\n                                    aria-hidden=\"true\"\n                                    focusable=\"false\"\n                                    class=\"icon icon-outline icon--2xs\"\n                                >\n                                    <use xlink:href=\"https:\/\/www.uni.lu\/wp-content\/themes\/unilux-theme\/assets\/images\/icons\/icons-outline.svg#icon--arrow-right\" \/>\n                                <\/svg>\n                            <\/a>\n                        <\/div>\n                    <\/div>\n                <\/div>\n            <\/li>\n                    <li class=\"w-full sm:w-1\/2 lg:w-1\/3 px-16\">\n                <div class=\"ulux-card ulux-card-people bg-theme\">\n                    <div class=\"ulux-card__container\">\n                        <div class=\"ulux-card__visual\">\n                            <img\n                                class=\"w-full\"\n                                src=\"https:\/\/www.uni.lu\/en\/person-image\/NTAwNDY4MzJfX01hbnVlbCBDT01CQVJSTyBTSU1PTg==--medium_large\"\n                                title=\"Manuel COMBARRO SIMON\"\n                                alt=\"Manuel COMBARRO SIMON featured image\"\n                                srcset=\"https:\/\/www.uni.lu\/en\/person-image\/NTAwNDY4MzJfX01hbnVlbCBDT01CQVJSTyBTSU1PTg==--thumbnail 150w,https:\/\/www.uni.lu\/en\/person-image\/NTAwNDY4MzJfX01hbnVlbCBDT01CQVJSTyBTSU1PTg==--medium 300w,https:\/\/www.uni.lu\/en\/person-image\/NTAwNDY4MzJfX01hbnVlbCBDT01CQVJSTyBTSU1PTg==--medium_large 768w\"\n                                loading=\"lazy\"\n                            >\n                        <\/div>\n                        <div class=\"ulux-card__body card-people\">\n                            <h3 class=\"card__name\">\n                                Manuel COMBARRO SIMON                            <\/h3>\n                            <p class=\"card__function\">\n                                Doctoral researcher                            <\/p>\n                            <p class=\"card__organization\">\n                                Interdisciplinary Centre for Security, Reliability and Trust                            <\/p>\n                            <a\n                                class=\"card__link link-text link-absolute\"\n                                href=\"https:\/\/www.uni.lu\/snt-en\/people\/manuel-combarro-simon\/\"\n                                title=\"Manuel COMBARRO SIMON\"\n                            >\n                                <span class=\"link-text__name\">Learn more<\/span>\n                                <svg\n                                    aria-hidden=\"true\"\n                                    focusable=\"false\"\n                                    class=\"icon icon-outline icon--2xs\"\n                                >\n                                    <use xlink:href=\"https:\/\/www.uni.lu\/wp-content\/themes\/unilux-theme\/assets\/images\/icons\/icons-outline.svg#icon--arrow-right\" \/>\n                                <\/svg>\n                            <\/a>\n                        <\/div>\n                    <\/div>\n                <\/div>\n            <\/li>\n                    <li class=\"w-full sm:w-1\/2 lg:w-1\/3 px-16\">\n                <div class=\"ulux-card ulux-card-people bg-theme\">\n                    <div class=\"ulux-card__container\">\n                        <div class=\"ulux-card__visual\">\n                            <img\n                                class=\"w-full\"\n                                src=\"https:\/\/www.uni.lu\/en\/person-image\/NTAwOTA4MjZfX1NpbWFvIENPUlRJTkhBTA==--medium_large\"\n                                title=\"Simao CORTINHAL\"\n                                alt=\"Simao CORTINHAL featured image\"\n                                srcset=\"https:\/\/www.uni.lu\/en\/person-image\/NTAwOTA4MjZfX1NpbWFvIENPUlRJTkhBTA==--thumbnail 150w,https:\/\/www.uni.lu\/en\/person-image\/NTAwOTA4MjZfX1NpbWFvIENPUlRJTkhBTA==--medium 300w,https:\/\/www.uni.lu\/en\/person-image\/NTAwOTA4MjZfX1NpbWFvIENPUlRJTkhBTA==--medium_large 768w\"\n                                loading=\"lazy\"\n                            >\n                        <\/div>\n                        <div class=\"ulux-card__body card-people\">\n                            <h3 class=\"card__name\">\n                                Simao CORTINHAL                            <\/h3>\n                            <p class=\"card__function\">\n                                Doctoral researcher                            <\/p>\n                            <p class=\"card__organization\">\n                                Interdisciplinary Centre for Security, Reliability and Trust                            <\/p>\n                            <a\n                                class=\"card__link link-text link-absolute\"\n                                href=\"https:\/\/www.uni.lu\/snt-en\/people\/simao-cortinhal\/\"\n                                title=\"Simao CORTINHAL\"\n                            >\n                                <span class=\"link-text__name\">Learn more<\/span>\n                                <svg\n                                    aria-hidden=\"true\"\n                                    focusable=\"false\"\n                                    class=\"icon icon-outline icon--2xs\"\n                                >\n                                    <use xlink:href=\"https:\/\/www.uni.lu\/wp-content\/themes\/unilux-theme\/assets\/images\/icons\/icons-outline.svg#icon--arrow-right\" \/>\n                                <\/svg>\n                            <\/a>\n                        <\/div>\n                    <\/div>\n                <\/div>\n            <\/li>\n                    <li class=\"w-full sm:w-1\/2 lg:w-1\/3 px-16\">\n                <div class=\"ulux-card ulux-card-people bg-theme\">\n                    <div class=\"ulux-card__container\">\n                        <div class=\"ulux-card__visual\">\n                            <img\n                                class=\"w-full\"\n                                src=\"https:\/\/www.uni.lu\/en\/person-image\/NTAxMDA1NTBfX0ZyYW5jaXNjbyBHSUwgQU5BWUE=--medium_large\"\n                                title=\"Francisco GIL ANAYA\"\n                                alt=\"Francisco GIL ANAYA featured image\"\n                                srcset=\"https:\/\/www.uni.lu\/en\/person-image\/NTAxMDA1NTBfX0ZyYW5jaXNjbyBHSUwgQU5BWUE=--thumbnail 150w,https:\/\/www.uni.lu\/en\/person-image\/NTAxMDA1NTBfX0ZyYW5jaXNjbyBHSUwgQU5BWUE=--medium 300w,https:\/\/www.uni.lu\/en\/person-image\/NTAxMDA1NTBfX0ZyYW5jaXNjbyBHSUwgQU5BWUE=--medium_large 768w\"\n                                loading=\"lazy\"\n                            >\n                        <\/div>\n                        <div class=\"ulux-card__body card-people\">\n                            <h3 class=\"card__name\">\n                                Francisco GIL ANAYA                            <\/h3>\n                            <p class=\"card__function\">\n                                Doctoral researcher                            <\/p>\n                            <p class=\"card__organization\">\n                                Interdisciplinary Centre for Security, Reliability and Trust                            <\/p>\n                            <a\n                                class=\"card__link link-text link-absolute\"\n                                href=\"https:\/\/www.uni.lu\/snt-en\/people\/francisco-gil-anaya\/\"\n                                title=\"Francisco GIL ANAYA\"\n                            >\n                                <span class=\"link-text__name\">Learn more<\/span>\n                                <svg\n                                    aria-hidden=\"true\"\n                                    focusable=\"false\"\n                                    class=\"icon icon-outline icon--2xs\"\n                                >\n                                    <use xlink:href=\"https:\/\/www.uni.lu\/wp-content\/themes\/unilux-theme\/assets\/images\/icons\/icons-outline.svg#icon--arrow-right\" \/>\n                                <\/svg>\n                            <\/a>\n                        <\/div>\n                    <\/div>\n                <\/div>\n            <\/li>\n                    <li class=\"w-full sm:w-1\/2 lg:w-1\/3 px-16\">\n                <div class=\"ulux-card ulux-card-people bg-theme\">\n                    <div class=\"ulux-card__container\">\n                        <div class=\"ulux-card__visual\">\n                            <img\n                                class=\"w-full\"\n                                src=\"https:\/\/www.uni.lu\/en\/person-image\/NTAwNDc1MTZfX0xlbmEgTWFyaWEgSEFSVE1BTk4=--medium_large\"\n                                title=\"Lena Maria HARTMANN\"\n                                alt=\"Lena Maria HARTMANN featured image\"\n                                srcset=\"https:\/\/www.uni.lu\/en\/person-image\/NTAwNDc1MTZfX0xlbmEgTWFyaWEgSEFSVE1BTk4=--thumbnail 150w,https:\/\/www.uni.lu\/en\/person-image\/NTAwNDc1MTZfX0xlbmEgTWFyaWEgSEFSVE1BTk4=--medium 300w,https:\/\/www.uni.lu\/en\/person-image\/NTAwNDc1MTZfX0xlbmEgTWFyaWEgSEFSVE1BTk4=--medium_large 768w\"\n                                loading=\"lazy\"\n                            >\n                        <\/div>\n                        <div class=\"ulux-card__body card-people\">\n                            <h3 class=\"card__name\">\n                                Lena Maria HARTMANN                            <\/h3>\n                            <p class=\"card__function\">\n                                Postdoctoral researcher                            <\/p>\n                            <p class=\"card__organization\">\n                                Interdisciplinary Centre for Security, Reliability and Trust                            <\/p>\n                            <a\n                                class=\"card__link link-text link-absolute\"\n                                href=\"https:\/\/www.uni.lu\/snt-en\/people\/lena-maria-hartmann\/\"\n                                title=\"Lena Maria HARTMANN\"\n                            >\n                                <span class=\"link-text__name\">Learn more<\/span>\n                                <svg\n                                    aria-hidden=\"true\"\n                                    focusable=\"false\"\n                                    class=\"icon icon-outline icon--2xs\"\n                                >\n                                    <use xlink:href=\"https:\/\/www.uni.lu\/wp-content\/themes\/unilux-theme\/assets\/images\/icons\/icons-outline.svg#icon--arrow-right\" \/>\n                                <\/svg>\n                            <\/a>\n                        <\/div>\n                    <\/div>\n                <\/div>\n            <\/li>\n                    <li class=\"w-full sm:w-1\/2 lg:w-1\/3 px-16\">\n                <div class=\"ulux-card ulux-card-people bg-theme\">\n                    <div class=\"ulux-card__container\">\n                        <div class=\"ulux-card__visual\">\n                            <img\n                                class=\"w-full\"\n                                src=\"https:\/\/www.uni.lu\/en\/person-image\/NTAwNzc1MTlfX0hha2FuIFR1bmNoYXkgSEFTQU4=--medium_large\"\n                                title=\"Hakan Tunchay HASAN\"\n                                alt=\"Hakan Tunchay HASAN featured image\"\n                                srcset=\"https:\/\/www.uni.lu\/en\/person-image\/NTAwNzc1MTlfX0hha2FuIFR1bmNoYXkgSEFTQU4=--thumbnail 150w,https:\/\/www.uni.lu\/en\/person-image\/NTAwNzc1MTlfX0hha2FuIFR1bmNoYXkgSEFTQU4=--medium 300w,https:\/\/www.uni.lu\/en\/person-image\/NTAwNzc1MTlfX0hha2FuIFR1bmNoYXkgSEFTQU4=--medium_large 768w\"\n                                loading=\"lazy\"\n                            >\n                        <\/div>\n                        <div class=\"ulux-card__body card-people\">\n                            <h3 class=\"card__name\">\n                                Hakan Tunchay HASAN                            <\/h3>\n                            <p class=\"card__function\">\n                                Doctoral researcher                            <\/p>\n                            <p class=\"card__organization\">\n                                Interdisciplinary Centre for Security, Reliability and Trust                            <\/p>\n                            <a\n                                class=\"card__link link-text link-absolute\"\n                                href=\"https:\/\/www.uni.lu\/snt-en\/people\/hakan-tunchay-hasan\/\"\n                                title=\"Hakan Tunchay HASAN\"\n                            >\n                                <span class=\"link-text__name\">Learn more<\/span>\n                                <svg\n                                    aria-hidden=\"true\"\n                                    focusable=\"false\"\n                                    class=\"icon icon-outline icon--2xs\"\n                                >\n                                    <use xlink:href=\"https:\/\/www.uni.lu\/wp-content\/themes\/unilux-theme\/assets\/images\/icons\/icons-outline.svg#icon--arrow-right\" \/>\n                                <\/svg>\n                            <\/a>\n                        <\/div>\n                    <\/div>\n                <\/div>\n            <\/li>\n            <\/ul>\n            <p class=\"text-center\">\n            <button class=\"btn btn--primary\">Load more<\/button>\n        <\/p>\n    <\/div>        <\/div>\n    <\/div>\n<\/div>\n\n<div class=\"accordion__item  wp-block-unilux-blocks-accordion-item\">\n    <h3 class=\"accordion__header\"\n                    id=\"security-reasoning-and-validation-serval\"\n        >\n        <button\n            type=\"button\"\n            id=\"accordion-labelledby-8bead663-0d58-4e43-9532-605f4a9c2a28\"\n            class=\"accordion__button collapsed\"\n            aria-expanded=\"false\"\n            aria-controls=\"accordion-panel-8bead663-0d58-4e43-9532-605f4a9c2a28\"\n            data-bs-toggle=\"collapse\"\n            data-bs-target=\"#accordion-panel-8bead663-0d58-4e43-9532-605f4a9c2a28\"\n        >\n            <span class=\"accordion__title\">\n                                Security, Reasoning and Validation (SerVal)            <\/span>\n\n            <svg aria-hidden=\"true\" focusable=\"false\" class=\"icon icon-outline icon--arrow-down \"><use xlink:href=\"https:\/\/www.uni.lu\/wp-content\/themes\/unilux-theme\/assets\/images\/icons\/icons-outline.svg#icon--arrow-down\"><\/use><\/svg>        <\/button>\n    <\/h3>\n    <div id=\"accordion-panel-8bead663-0d58-4e43-9532-605f4a9c2a28\"\n        class=\"accordion__collapse collapse\"\n        aria-labelledby=\"accordion-labelledby-8bead663-0d58-4e43-9532-605f4a9c2a28\"\n        data-bs-parent=\"[data-reference=&quot;70761e39-a108-4106-9541-c261f8ecd80d&quot;]\"\n    >\n        <div class=\"accordion__body \">\n            \n<h3 class=\"has-text-align-left wp-block-unilux-blocks-heading\"        id=\"leadership\"\n    >\nLeadership<\/h3>\n<ul class=\"flex flex-wrap mt-24 -mx-16  wp-block-unilux-blocks-free-content-card\">\n    <li class=\"w-full sm:w-1\/2 lg:w-1\/3 px-16  wp-block-unilux-blocks-free-content-card-item\">\n    <div class=\"ulux-card card-people bg-theme\">\n        <div class=\"ulux-card__container card__container\">\n                        <div class=\"ulux-card__visual wp-block-unilux-blocks-free-content-card-item-visual\">\n    \n<div class=\"wp-block-unilux-blocks-image-video-wrapper\">\n    <figure class=\"wp-block-dev4-reusable-blocks-image  object-fit--cover\">\n    \n<img decoding=\"async\" class=\"wp-block-image unilux-custom-image-block\"\n                alt=\"\"\n            src=\"https:\/\/www.uni.lu\/wp-content\/uploads\/sites\/5\/2026\/01\/13110948\/Michail-Mike-Papadakis.png\"\n                srcset=\"https:\/\/www.uni.lu\/wp-content\/uploads\/sites\/5\/2026\/01\/13110948\/Michail-Mike-Papadakis-300x225.png 300w, https:\/\/www.uni.lu\/wp-content\/uploads\/sites\/5\/2026\/01\/13110948\/Michail-Mike-Papadakis-768x576.png 768w, https:\/\/www.uni.lu\/wp-content\/uploads\/sites\/5\/2026\/01\/13110948\/Michail-Mike-Papadakis.png 1024w\"\n                style=\"object-position: 50.00% 50.00%; font-family: &quot;object-fit: cover; object-position: 50.00% 50.00%;&quot;; aspect-ratio: 4\/3; object-fit: cover; width: 100%;\"\n        loading=\"lazy\"\n\/>    <\/figure><\/div><\/div><div class=\"ulux-card__body wp-block-unilux-blocks-free-content-card-item-body\">\n    \n<div class=\"card__activity wp-block-unilux-blocks-plain-text\"><\/div>\n<h3 class=\"card__name has-text-align-left wp-block-unilux-blocks-heading\"        id=\"michail-papadakis\"\n    >\nMichail PAPADAKIS<\/h3>\n\n<div class=\"card__organization wp-block-unilux-blocks-plain-text\">Interdisciplinary Centre for Security, Reliability and Trust<\/div>\n<div class=\"card__function wp-block-unilux-blocks-plain-text\">Associate Professor, Head of the SerVal Research Group<\/div>\n<div class=\"card__interest wp-block-unilux-blocks-plain-text\"><\/div><div class=\"ulux-card__link-wrapper card__link wp-block-unilux-blocks-simple-cta\">\n    <a\n        href=\"https:\/\/www.uni.lu\/snt-en\/people\/michail-papadakis\/\"\n        title=\"Learn more\"\n        class=\"link-text link-text--icon ulux-card__link link-text link-absolute\"\n        target=\"\"\n    >\n        <span class=\"link-text__body\">\n            <span class=\"link-text__name\">Learn more<\/span>\n        <\/span>\n        <svg aria-hidden=\"true\" focusable=\"false\" class=\"icon icon-outline icon--arrow-right \"><use xlink:href=\"https:\/\/www.uni.lu\/wp-content\/themes\/unilux-theme\/assets\/images\/icons\/icons-outline.svg#icon--arrow-right\"><\/use><\/svg>    <\/a>\n<\/div>\n<\/div>        <\/div>\n    <\/div>\n<\/li><li class=\"w-full sm:w-1\/2 lg:w-1\/3 px-16  wp-block-unilux-blocks-free-content-card-item\">\n    <div class=\"ulux-card card-people bg-theme\">\n        <div class=\"ulux-card__container card__container\">\n                        <div class=\"ulux-card__visual wp-block-unilux-blocks-free-content-card-item-visual\">\n    \n<div class=\"wp-block-unilux-blocks-image-video-wrapper\">\n    <figure class=\"wp-block-dev4-reusable-blocks-image  object-fit--cover\">\n    \n<img decoding=\"async\" class=\"wp-block-image unilux-custom-image-block\"\n                alt=\"\"\n            src=\"https:\/\/www.uni.lu\/wp-content\/uploads\/sites\/5\/2026\/01\/13111031\/other_-Maxime-Cordy.png\"\n                srcset=\"https:\/\/www.uni.lu\/wp-content\/uploads\/sites\/5\/2026\/01\/13111031\/other_-Maxime-Cordy-300x225.png 300w, https:\/\/www.uni.lu\/wp-content\/uploads\/sites\/5\/2026\/01\/13111031\/other_-Maxime-Cordy-768x576.png 768w, https:\/\/www.uni.lu\/wp-content\/uploads\/sites\/5\/2026\/01\/13111031\/other_-Maxime-Cordy.png 1024w\"\n                style=\"object-position: 50.00% 50.00%; font-family: &quot;object-fit: cover; object-position: 50.00% 50.00%;&quot;; aspect-ratio: 4\/3; object-fit: cover; width: 100%;\"\n        loading=\"lazy\"\n\/>    <\/figure><\/div><\/div><div class=\"ulux-card__body wp-block-unilux-blocks-free-content-card-item-body\">\n    \n<div class=\"card__activity wp-block-unilux-blocks-plain-text\"><\/div>\n<h3 class=\"card__name has-text-align-left wp-block-unilux-blocks-heading\"        id=\"maxime-cordy\"\n    >\nMaxime CORDY<\/h3>\n\n<div class=\"card__organization wp-block-unilux-blocks-plain-text\">Interdisciplinary Centre for Security, Reliability and Trust<\/div>\n<div class=\"card__function wp-block-unilux-blocks-plain-text\">Assistant Professor in Software Engineering for AI Systems, Deputy Head of the SerVal Research Group<\/div>\n<div class=\"card__interest wp-block-unilux-blocks-plain-text\"><\/div><div class=\"ulux-card__link-wrapper card__link wp-block-unilux-blocks-simple-cta\">\n    <a\n        href=\"https:\/\/www.uni.lu\/snt-en\/people\/maxime-cordy\/\"\n        title=\"Learn more\"\n        class=\"link-text link-text--icon ulux-card__link link-text link-absolute\"\n        target=\"\"\n    >\n        <span class=\"link-text__body\">\n            <span class=\"link-text__name\">Learn more<\/span>\n        <\/span>\n        <svg aria-hidden=\"true\" focusable=\"false\" class=\"icon icon-outline icon--arrow-right \"><use xlink:href=\"https:\/\/www.uni.lu\/wp-content\/themes\/unilux-theme\/assets\/images\/icons\/icons-outline.svg#icon--arrow-right\"><\/use><\/svg>    <\/a>\n<\/div>\n<\/div>        <\/div>\n    <\/div>\n<\/li><\/ul>\n<h3 class=\"has-text-align-left wp-block-unilux-blocks-heading\"        id=\"researchers\"\n    >\nResearchers<\/h3>\n<div\n    data-nonce=\"898be529b6\"\n    id=\"people-card-list1777415497\"\n    class=\"people-card-list-automated\"\n    data-search-after=\"BELOUADAH,50067324,9.2050085\"\n    data-params=\"{&quot;size&quot;:6,&quot;byId&quot;:&quot;true&quot;,&quot;organization&quot;:&quot;SNT&quot;,&quot;department&quot;:&quot;SerVal&quot;,&quot;employeeGroup&quot;:&quot;1&quot;,&quot;employeeSubGroup&quot;:&quot;ap&quot;}\"\n>\n    <ul class=\"flex flex-wrap -mx-16 people-card-list\">\n                    <li class=\"w-full sm:w-1\/2 lg:w-1\/3 px-16\">\n                <div class=\"ulux-card ulux-card-people bg-theme\">\n                    <div class=\"ulux-card__container\">\n                        <div class=\"ulux-card__visual\">\n                            <img\n                                class=\"w-full\"\n                                src=\"https:\/\/www.uni.lu\/en\/person-image\/NTAwOTc1NDdfX1NhZmFhIEFCRFVMTEFISSBNT0FMTElNIE1PSEFNVUQ=--medium_large\"\n                                title=\"Safaa ABDULLAHI MOALLIM MOHAMUD\"\n                                alt=\"Safaa ABDULLAHI MOALLIM MOHAMUD featured image\"\n                                srcset=\"https:\/\/www.uni.lu\/en\/person-image\/NTAwOTc1NDdfX1NhZmFhIEFCRFVMTEFISSBNT0FMTElNIE1PSEFNVUQ=--thumbnail 150w,https:\/\/www.uni.lu\/en\/person-image\/NTAwOTc1NDdfX1NhZmFhIEFCRFVMTEFISSBNT0FMTElNIE1PSEFNVUQ=--medium 300w,https:\/\/www.uni.lu\/en\/person-image\/NTAwOTc1NDdfX1NhZmFhIEFCRFVMTEFISSBNT0FMTElNIE1PSEFNVUQ=--medium_large 768w\"\n                                loading=\"lazy\"\n                            >\n                        <\/div>\n                        <div class=\"ulux-card__body card-people\">\n                            <h3 class=\"card__name\">\n                                Safaa ABDULLAHI MOALLIM MOHAMUD                            <\/h3>\n                            <p class=\"card__function\">\n                                Postdoctoral researcher                            <\/p>\n                            <p class=\"card__organization\">\n                                Interdisciplinary Centre for Security, Reliability and Trust                            <\/p>\n                            <a\n                                class=\"card__link link-text link-absolute\"\n                                href=\"https:\/\/www.uni.lu\/snt-en\/people\/safaa-abdullahi-moallim-mohamud\/\"\n                                title=\"Safaa ABDULLAHI MOALLIM MOHAMUD\"\n                            >\n                                <span class=\"link-text__name\">Learn more<\/span>\n                                <svg\n                                    aria-hidden=\"true\"\n                                    focusable=\"false\"\n                                    class=\"icon icon-outline icon--2xs\"\n                                >\n                                    <use xlink:href=\"https:\/\/www.uni.lu\/wp-content\/themes\/unilux-theme\/assets\/images\/icons\/icons-outline.svg#icon--arrow-right\" \/>\n                                <\/svg>\n                            <\/a>\n                        <\/div>\n                    <\/div>\n                <\/div>\n            <\/li>\n                    <li class=\"w-full sm:w-1\/2 lg:w-1\/3 px-16\">\n                <div class=\"ulux-card ulux-card-people bg-theme\">\n                    <div class=\"ulux-card__container\">\n                        <div class=\"ulux-card__visual\">\n                            <img\n                                class=\"w-full\"\n                                src=\"https:\/\/www.uni.lu\/en\/person-image\/NTAwOTk1OTBfX01vaGFtbWFkIEltYW4gQUxJWkFERUg=--medium_large\"\n                                title=\"Mohammad Iman ALIZADEH\"\n                                alt=\"Mohammad Iman ALIZADEH featured image\"\n                                srcset=\"https:\/\/www.uni.lu\/en\/person-image\/NTAwOTk1OTBfX01vaGFtbWFkIEltYW4gQUxJWkFERUg=--thumbnail 150w,https:\/\/www.uni.lu\/en\/person-image\/NTAwOTk1OTBfX01vaGFtbWFkIEltYW4gQUxJWkFERUg=--medium 300w,https:\/\/www.uni.lu\/en\/person-image\/NTAwOTk1OTBfX01vaGFtbWFkIEltYW4gQUxJWkFERUg=--medium_large 768w\"\n                                loading=\"lazy\"\n                            >\n                        <\/div>\n                        <div class=\"ulux-card__body card-people\">\n                            <h3 class=\"card__name\">\n                                Mohammad Iman ALIZADEH                            <\/h3>\n                            <p class=\"card__function\">\n                                Postdoctoral researcher                            <\/p>\n                            <p class=\"card__organization\">\n                                Interdisciplinary Centre for Security, Reliability and Trust                            <\/p>\n                            <a\n                                class=\"card__link link-text link-absolute\"\n                                href=\"https:\/\/www.uni.lu\/snt-en\/people\/mohammad-iman-alizadeh\/\"\n                                title=\"Mohammad Iman ALIZADEH\"\n                            >\n                                <span class=\"link-text__name\">Learn more<\/span>\n                                <svg\n                                    aria-hidden=\"true\"\n                                    focusable=\"false\"\n                                    class=\"icon icon-outline icon--2xs\"\n                                >\n                                    <use xlink:href=\"https:\/\/www.uni.lu\/wp-content\/themes\/unilux-theme\/assets\/images\/icons\/icons-outline.svg#icon--arrow-right\" \/>\n                                <\/svg>\n                            <\/a>\n                        <\/div>\n                    <\/div>\n                <\/div>\n            <\/li>\n                    <li class=\"w-full sm:w-1\/2 lg:w-1\/3 px-16\">\n                <div class=\"ulux-card ulux-card-people bg-theme\">\n                    <div class=\"ulux-card__container\">\n                        <div class=\"ulux-card__visual\">\n                            <img\n                                class=\"w-full\"\n                                src=\"https:\/\/www.uni.lu\/en\/person-image\/NTAwNzk1OTJfX01haGEgQVlVQg==--medium_large\"\n                                title=\"Maha AYUB\"\n                                alt=\"Maha AYUB featured image\"\n                                srcset=\"https:\/\/www.uni.lu\/en\/person-image\/NTAwNzk1OTJfX01haGEgQVlVQg==--thumbnail 150w,https:\/\/www.uni.lu\/en\/person-image\/NTAwNzk1OTJfX01haGEgQVlVQg==--medium 300w,https:\/\/www.uni.lu\/en\/person-image\/NTAwNzk1OTJfX01haGEgQVlVQg==--medium_large 768w\"\n                                loading=\"lazy\"\n                            >\n                        <\/div>\n                        <div class=\"ulux-card__body card-people\">\n                            <h3 class=\"card__name\">\n                                Maha AYUB                            <\/h3>\n                            <p class=\"card__function\">\n                                Doctoral researcher                            <\/p>\n                            <p class=\"card__organization\">\n                                Interdisciplinary Centre for Security, Reliability and Trust                            <\/p>\n                            <a\n                                class=\"card__link link-text link-absolute\"\n                                href=\"https:\/\/www.uni.lu\/snt-en\/people\/maha-ayub\/\"\n                                title=\"Maha AYUB\"\n                            >\n                                <span class=\"link-text__name\">Learn more<\/span>\n                                <svg\n                                    aria-hidden=\"true\"\n                                    focusable=\"false\"\n                                    class=\"icon icon-outline icon--2xs\"\n                                >\n                                    <use xlink:href=\"https:\/\/www.uni.lu\/wp-content\/themes\/unilux-theme\/assets\/images\/icons\/icons-outline.svg#icon--arrow-right\" \/>\n                                <\/svg>\n                            <\/a>\n                        <\/div>\n                    <\/div>\n                <\/div>\n            <\/li>\n                    <li class=\"w-full sm:w-1\/2 lg:w-1\/3 px-16\">\n                <div class=\"ulux-card ulux-card-people bg-theme\">\n                    <div class=\"ulux-card__container\">\n                        <div class=\"ulux-card__visual\">\n                            <img\n                                class=\"w-full\"\n                                src=\"https:\/\/www.uni.lu\/en\/person-image\/NTAwOTkyMDlfX0ZpcmFzIEJBWVJBTQ==--medium_large\"\n                                title=\"Firas BAYRAM\"\n                                alt=\"Firas BAYRAM featured image\"\n                                srcset=\"https:\/\/www.uni.lu\/en\/person-image\/NTAwOTkyMDlfX0ZpcmFzIEJBWVJBTQ==--thumbnail 150w,https:\/\/www.uni.lu\/en\/person-image\/NTAwOTkyMDlfX0ZpcmFzIEJBWVJBTQ==--medium 300w,https:\/\/www.uni.lu\/en\/person-image\/NTAwOTkyMDlfX0ZpcmFzIEJBWVJBTQ==--medium_large 768w\"\n                                loading=\"lazy\"\n                            >\n                        <\/div>\n                        <div class=\"ulux-card__body card-people\">\n                            <h3 class=\"card__name\">\n                                Firas BAYRAM                            <\/h3>\n                            <p class=\"card__function\">\n                                Postdoctoral researcher                            <\/p>\n                            <p class=\"card__organization\">\n                                Interdisciplinary Centre for Security, Reliability and Trust                            <\/p>\n                            <a\n                                class=\"card__link link-text link-absolute\"\n                                href=\"https:\/\/www.uni.lu\/snt-en\/people\/firas-bayram\/\"\n                                title=\"Firas BAYRAM\"\n                            >\n                                <span class=\"link-text__name\">Learn more<\/span>\n                                <svg\n                                    aria-hidden=\"true\"\n                                    focusable=\"false\"\n                                    class=\"icon icon-outline icon--2xs\"\n                                >\n                                    <use xlink:href=\"https:\/\/www.uni.lu\/wp-content\/themes\/unilux-theme\/assets\/images\/icons\/icons-outline.svg#icon--arrow-right\" \/>\n                                <\/svg>\n                            <\/a>\n                        <\/div>\n                    <\/div>\n                <\/div>\n            <\/li>\n                    <li class=\"w-full sm:w-1\/2 lg:w-1\/3 px-16\">\n                <div class=\"ulux-card ulux-card-people bg-theme\">\n                    <div class=\"ulux-card__container\">\n                        <div class=\"ulux-card__visual\">\n                            <img\n                                class=\"w-full\"\n                                src=\"https:\/\/www.uni.lu\/en\/person-image\/NTAwNzQ1NzlfX09ndXogQkVLVEFT--medium_large\"\n                                title=\"Oguz BEKTAS\"\n                                alt=\"Oguz BEKTAS featured image\"\n                                srcset=\"https:\/\/www.uni.lu\/en\/person-image\/NTAwNzQ1NzlfX09ndXogQkVLVEFT--thumbnail 150w,https:\/\/www.uni.lu\/en\/person-image\/NTAwNzQ1NzlfX09ndXogQkVLVEFT--medium 300w,https:\/\/www.uni.lu\/en\/person-image\/NTAwNzQ1NzlfX09ndXogQkVLVEFT--medium_large 768w\"\n                                loading=\"lazy\"\n                            >\n                        <\/div>\n                        <div class=\"ulux-card__body card-people\">\n                            <h3 class=\"card__name\">\n                                Oguz BEKTAS                            <\/h3>\n                            <p class=\"card__function\">\n                                Postdoctoral researcher                            <\/p>\n                            <p class=\"card__organization\">\n                                Interdisciplinary Centre for Security, Reliability and Trust                            <\/p>\n                            <a\n                                class=\"card__link link-text link-absolute\"\n                                href=\"https:\/\/www.uni.lu\/snt-en\/people\/oguz-bektas\/\"\n                                title=\"Oguz BEKTAS\"\n                            >\n                                <span class=\"link-text__name\">Learn more<\/span>\n                                <svg\n                                    aria-hidden=\"true\"\n                                    focusable=\"false\"\n                                    class=\"icon icon-outline icon--2xs\"\n                                >\n                                    <use xlink:href=\"https:\/\/www.uni.lu\/wp-content\/themes\/unilux-theme\/assets\/images\/icons\/icons-outline.svg#icon--arrow-right\" \/>\n                                <\/svg>\n                            <\/a>\n                        <\/div>\n                    <\/div>\n                <\/div>\n            <\/li>\n                    <li class=\"w-full sm:w-1\/2 lg:w-1\/3 px-16\">\n                <div class=\"ulux-card ulux-card-people bg-theme\">\n                    <div class=\"ulux-card__container\">\n                        <div class=\"ulux-card__visual\">\n                            <img\n                                class=\"w-full\"\n                                src=\"https:\/\/www.uni.lu\/en\/person-image\/NTAwNjczMjRfX0F5b3ViIEJFTE9VQURBSA==--medium_large\"\n                                title=\"Ayoub BELOUADAH\"\n                                alt=\"Ayoub BELOUADAH featured image\"\n                                srcset=\"https:\/\/www.uni.lu\/en\/person-image\/NTAwNjczMjRfX0F5b3ViIEJFTE9VQURBSA==--thumbnail 150w,https:\/\/www.uni.lu\/en\/person-image\/NTAwNjczMjRfX0F5b3ViIEJFTE9VQURBSA==--medium 300w,https:\/\/www.uni.lu\/en\/person-image\/NTAwNjczMjRfX0F5b3ViIEJFTE9VQURBSA==--medium_large 768w\"\n                                loading=\"lazy\"\n                            >\n                        <\/div>\n                        <div class=\"ulux-card__body card-people\">\n                            <h3 class=\"card__name\">\n                                Ayoub BELOUADAH                            <\/h3>\n                            <p class=\"card__function\">\n                                Doctoral researcher                            <\/p>\n                            <p class=\"card__organization\">\n                                Interdisciplinary Centre for Security, Reliability and Trust                            <\/p>\n                            <a\n                                class=\"card__link link-text link-absolute\"\n                                href=\"https:\/\/www.uni.lu\/snt-en\/people\/ayoub-belouadah\/\"\n                                title=\"Ayoub BELOUADAH\"\n                            >\n                                <span class=\"link-text__name\">Learn more<\/span>\n                                <svg\n                                    aria-hidden=\"true\"\n                                    focusable=\"false\"\n                                    class=\"icon icon-outline icon--2xs\"\n                                >\n                                    <use xlink:href=\"https:\/\/www.uni.lu\/wp-content\/themes\/unilux-theme\/assets\/images\/icons\/icons-outline.svg#icon--arrow-right\" \/>\n                                <\/svg>\n                            <\/a>\n                        <\/div>\n                    <\/div>\n                <\/div>\n            <\/li>\n            <\/ul>\n            <p class=\"text-center\">\n            <button class=\"btn btn--primary\">Load more<\/button>\n        <\/p>\n    <\/div>\n<h3 class=\"has-text-align-left wp-block-unilux-blocks-heading\"        id=\"technical-staff\"\n    >\nTechnical Staff<\/h3>\n<div\n    data-nonce=\"898be529b6\"\n    id=\"people-card-list1777415497\"\n    class=\"people-card-list-automated\"\n    data-search-after=\"LEDUC,50065200,9.2050085\"\n    data-params=\"{&quot;size&quot;:6,&quot;byId&quot;:&quot;true&quot;,&quot;organization&quot;:&quot;SNT&quot;,&quot;department&quot;:&quot;SerVal&quot;,&quot;employeeGroup&quot;:&quot;1&quot;,&quot;employeeSubGroup&quot;:&quot;ts&quot;}\"\n>\n    <ul class=\"flex flex-wrap -mx-16 people-card-list\">\n                    <li class=\"w-full sm:w-1\/2 lg:w-1\/3 px-16\">\n                <div class=\"ulux-card ulux-card-people bg-theme\">\n                    <div class=\"ulux-card__container\">\n                        <div class=\"ulux-card__visual\">\n                            <img\n                                class=\"w-full\"\n                                src=\"https:\/\/www.uni.lu\/en\/person-image\/NTAwOTM5ODdfX1NhYWQgS0hBTElE--medium_large\"\n                                title=\"Saad KHALID\"\n                                alt=\"Saad KHALID featured image\"\n                                srcset=\"https:\/\/www.uni.lu\/en\/person-image\/NTAwOTM5ODdfX1NhYWQgS0hBTElE--thumbnail 150w,https:\/\/www.uni.lu\/en\/person-image\/NTAwOTM5ODdfX1NhYWQgS0hBTElE--medium 300w,https:\/\/www.uni.lu\/en\/person-image\/NTAwOTM5ODdfX1NhYWQgS0hBTElE--medium_large 768w\"\n                                loading=\"lazy\"\n                            >\n                        <\/div>\n                        <div class=\"ulux-card__body card-people\">\n                            <h3 class=\"card__name\">\n                                Saad KHALID                            <\/h3>\n                            <p class=\"card__function\">\n                                Research and Development Specialist                            <\/p>\n                            <p class=\"card__organization\">\n                                Interdisciplinary Centre for Security, Reliability and Trust                            <\/p>\n                            <a\n                                class=\"card__link link-text link-absolute\"\n                                href=\"https:\/\/www.uni.lu\/snt-en\/people\/saad-khalid\/\"\n                                title=\"Saad KHALID\"\n                            >\n                                <span class=\"link-text__name\">Learn more<\/span>\n                                <svg\n                                    aria-hidden=\"true\"\n                                    focusable=\"false\"\n                                    class=\"icon icon-outline icon--2xs\"\n                                >\n                                    <use xlink:href=\"https:\/\/www.uni.lu\/wp-content\/themes\/unilux-theme\/assets\/images\/icons\/icons-outline.svg#icon--arrow-right\" \/>\n                                <\/svg>\n                            <\/a>\n                        <\/div>\n                    <\/div>\n                <\/div>\n            <\/li>\n                    <li class=\"w-full sm:w-1\/2 lg:w-1\/3 px-16\">\n                <div class=\"ulux-card ulux-card-people bg-theme\">\n                    <div class=\"ulux-card__container\">\n                        <div class=\"ulux-card__visual\">\n                            <img\n                                class=\"w-full\"\n                                src=\"https:\/\/www.uni.lu\/en\/person-image\/NTAwNjUyMDBfX0d1aWxhaW4gTEVEVUM=--medium_large\"\n                                title=\"Guilain LEDUC\"\n                                alt=\"Guilain LEDUC featured image\"\n                                srcset=\"https:\/\/www.uni.lu\/en\/person-image\/NTAwNjUyMDBfX0d1aWxhaW4gTEVEVUM=--thumbnail 150w,https:\/\/www.uni.lu\/en\/person-image\/NTAwNjUyMDBfX0d1aWxhaW4gTEVEVUM=--medium 300w,https:\/\/www.uni.lu\/en\/person-image\/NTAwNjUyMDBfX0d1aWxhaW4gTEVEVUM=--medium_large 768w\"\n                                loading=\"lazy\"\n                            >\n                        <\/div>\n                        <div class=\"ulux-card__body card-people\">\n                            <h3 class=\"card__name\">\n                                Guilain LEDUC                            <\/h3>\n                            <p class=\"card__function\">\n                                Research and Development Specialist                            <\/p>\n                            <p class=\"card__organization\">\n                                Interdisciplinary Centre for Security, Reliability and Trust                            <\/p>\n                            <a\n                                class=\"card__link link-text link-absolute\"\n                                href=\"https:\/\/www.uni.lu\/snt-en\/people\/guilain-leduc\/\"\n                                title=\"Guilain LEDUC\"\n                            >\n                                <span class=\"link-text__name\">Learn more<\/span>\n                                <svg\n                                    aria-hidden=\"true\"\n                                    focusable=\"false\"\n                                    class=\"icon icon-outline icon--2xs\"\n                                >\n                                    <use xlink:href=\"https:\/\/www.uni.lu\/wp-content\/themes\/unilux-theme\/assets\/images\/icons\/icons-outline.svg#icon--arrow-right\" \/>\n                                <\/svg>\n                            <\/a>\n                        <\/div>\n                    <\/div>\n                <\/div>\n            <\/li>\n            <\/ul>\n    <\/div>        <\/div>\n    <\/div>\n<\/div>\n\n<div class=\"accordion__item  wp-block-unilux-blocks-accordion-item\">\n    <h3 class=\"accordion__header\"\n                    id=\"services-and-data-management-sedan\"\n        >\n        <button\n            type=\"button\"\n            id=\"accordion-labelledby-cc59ce21-fee9-43b5-a8cb-8754304ad858\"\n            class=\"accordion__button collapsed\"\n            aria-expanded=\"false\"\n            aria-controls=\"accordion-panel-cc59ce21-fee9-43b5-a8cb-8754304ad858\"\n            data-bs-toggle=\"collapse\"\n            data-bs-target=\"#accordion-panel-cc59ce21-fee9-43b5-a8cb-8754304ad858\"\n        >\n            <span class=\"accordion__title\">\n                                Services and Data Management (SEDAN)            <\/span>\n\n            <svg aria-hidden=\"true\" focusable=\"false\" class=\"icon icon-outline icon--arrow-down \"><use xlink:href=\"https:\/\/www.uni.lu\/wp-content\/themes\/unilux-theme\/assets\/images\/icons\/icons-outline.svg#icon--arrow-down\"><\/use><\/svg>        <\/button>\n    <\/h3>\n    <div id=\"accordion-panel-cc59ce21-fee9-43b5-a8cb-8754304ad858\"\n        class=\"accordion__collapse collapse\"\n        aria-labelledby=\"accordion-labelledby-cc59ce21-fee9-43b5-a8cb-8754304ad858\"\n        data-bs-parent=\"[data-reference=&quot;70761e39-a108-4106-9541-c261f8ecd80d&quot;]\"\n    >\n        <div class=\"accordion__body \">\n            \n<h3 class=\"has-text-align-left wp-block-unilux-blocks-heading\"        id=\"leadership\"\n    >\nLeadership<\/h3>\n<div\n    data-nonce=\"898be529b6\"\n    id=\"people-card-list1777415497\"\n    class=\"people-card-list-automated\"\n    data-search-after=\"STATE,50003137,9.46863\"\n    data-params=\"{&quot;size&quot;:6,&quot;byId&quot;:&quot;true&quot;,&quot;organization&quot;:&quot;SNT&quot;,&quot;department&quot;:&quot;SEDAN&quot;,&quot;employeeGroup&quot;:&quot;1&quot;,&quot;employeeSubGroup&quot;:&quot;as&quot;}\"\n>\n    <ul class=\"flex flex-wrap -mx-16 people-card-list\">\n                    <li class=\"w-full sm:w-1\/2 lg:w-1\/3 px-16\">\n                <div class=\"ulux-card ulux-card-people bg-theme\">\n                    <div class=\"ulux-card__container\">\n                        <div class=\"ulux-card__visual\">\n                            <img\n                                class=\"w-full\"\n                                src=\"https:\/\/www.uni.lu\/en\/person-image\/NTAwMDMxMzdfX1JhZHUgU1RBVEU=--medium_large\"\n                                title=\"Radu STATE\"\n                                alt=\"Radu STATE featured image\"\n                                srcset=\"https:\/\/www.uni.lu\/en\/person-image\/NTAwMDMxMzdfX1JhZHUgU1RBVEU=--thumbnail 150w,https:\/\/www.uni.lu\/en\/person-image\/NTAwMDMxMzdfX1JhZHUgU1RBVEU=--medium 300w,https:\/\/www.uni.lu\/en\/person-image\/NTAwMDMxMzdfX1JhZHUgU1RBVEU=--medium_large 768w\"\n                                loading=\"lazy\"\n                            >\n                        <\/div>\n                        <div class=\"ulux-card__body card-people\">\n                            <h3 class=\"card__name\">\n                                Radu STATE                            <\/h3>\n                            <p class=\"card__function\">\n                                Full professor in Network Management and Cyber Security                            <\/p>\n                            <p class=\"card__organization\">\n                                Interdisciplinary Centre for Security, Reliability and Trust                            <\/p>\n                            <a\n                                class=\"card__link link-text link-absolute\"\n                                href=\"https:\/\/www.uni.lu\/snt-en\/people\/radu-state\/\"\n                                title=\"Radu STATE\"\n                            >\n                                <span class=\"link-text__name\">Learn more<\/span>\n                                <svg\n                                    aria-hidden=\"true\"\n                                    focusable=\"false\"\n                                    class=\"icon icon-outline icon--2xs\"\n                                >\n                                    <use xlink:href=\"https:\/\/www.uni.lu\/wp-content\/themes\/unilux-theme\/assets\/images\/icons\/icons-outline.svg#icon--arrow-right\" \/>\n                                <\/svg>\n                            <\/a>\n                        <\/div>\n                    <\/div>\n                <\/div>\n            <\/li>\n            <\/ul>\n    <\/div>\n<h3 class=\"has-text-align-left wp-block-unilux-blocks-heading\"        id=\"researchers\"\n    >\nResearchers<\/h3>\n<div\n    data-nonce=\"898be529b6\"\n    id=\"people-card-list1777415497\"\n    class=\"people-card-list-automated\"\n    data-search-after=\"DI GREGORIO,50102188,9.46863\"\n    data-params=\"{&quot;size&quot;:6,&quot;byId&quot;:&quot;true&quot;,&quot;organization&quot;:&quot;SNT&quot;,&quot;department&quot;:&quot;SEDAN&quot;,&quot;employeeGroup&quot;:&quot;1&quot;,&quot;employeeSubGroup&quot;:&quot;ap&quot;}\"\n>\n    <ul class=\"flex flex-wrap -mx-16 people-card-list\">\n                    <li class=\"w-full sm:w-1\/2 lg:w-1\/3 px-16\">\n                <div class=\"ulux-card ulux-card-people bg-theme\">\n                    <div class=\"ulux-card__container\">\n                        <div class=\"ulux-card__visual\">\n                            <img\n                                class=\"w-full\"\n                                src=\"https:\/\/www.uni.lu\/en\/person-image\/NTAwODg2NzFfX0toZXRhZyBBTEJFR09W--medium_large\"\n                                title=\"Khetag ALBEGOV\"\n                                alt=\"Khetag ALBEGOV featured image\"\n                                srcset=\"https:\/\/www.uni.lu\/en\/person-image\/NTAwODg2NzFfX0toZXRhZyBBTEJFR09W--thumbnail 150w,https:\/\/www.uni.lu\/en\/person-image\/NTAwODg2NzFfX0toZXRhZyBBTEJFR09W--medium 300w,https:\/\/www.uni.lu\/en\/person-image\/NTAwODg2NzFfX0toZXRhZyBBTEJFR09W--medium_large 768w\"\n                                loading=\"lazy\"\n                            >\n                        <\/div>\n                        <div class=\"ulux-card__body card-people\">\n                            <h3 class=\"card__name\">\n                                Khetag ALBEGOV                            <\/h3>\n                            <p class=\"card__function\">\n                                Doctoral researcher                            <\/p>\n                            <p class=\"card__organization\">\n                                Interdisciplinary Centre for Security, Reliability and Trust                            <\/p>\n                            <a\n                                class=\"card__link link-text link-absolute\"\n                                href=\"https:\/\/www.uni.lu\/snt-en\/people\/khetag-albegov\/\"\n                                title=\"Khetag ALBEGOV\"\n                            >\n                                <span class=\"link-text__name\">Learn more<\/span>\n                                <svg\n                                    aria-hidden=\"true\"\n                                    focusable=\"false\"\n                                    class=\"icon icon-outline icon--2xs\"\n                                >\n                                    <use xlink:href=\"https:\/\/www.uni.lu\/wp-content\/themes\/unilux-theme\/assets\/images\/icons\/icons-outline.svg#icon--arrow-right\" \/>\n                                <\/svg>\n                            <\/a>\n                        <\/div>\n                    <\/div>\n                <\/div>\n            <\/li>\n                    <li class=\"w-full sm:w-1\/2 lg:w-1\/3 px-16\">\n                <div class=\"ulux-card ulux-card-people bg-theme\">\n                    <div class=\"ulux-card__container\">\n                        <div class=\"ulux-card__visual\">\n                            <img\n                                class=\"w-full\"\n                                src=\"https:\/\/www.uni.lu\/en\/person-image\/NTAxMDA1MjFfX09tYXIgQU5TRVI=--medium_large\"\n                                title=\"Omar ANSER\"\n                                alt=\"Omar ANSER featured image\"\n                                srcset=\"https:\/\/www.uni.lu\/en\/person-image\/NTAxMDA1MjFfX09tYXIgQU5TRVI=--thumbnail 150w,https:\/\/www.uni.lu\/en\/person-image\/NTAxMDA1MjFfX09tYXIgQU5TRVI=--medium 300w,https:\/\/www.uni.lu\/en\/person-image\/NTAxMDA1MjFfX09tYXIgQU5TRVI=--medium_large 768w\"\n                                loading=\"lazy\"\n                            >\n                        <\/div>\n                        <div class=\"ulux-card__body card-people\">\n                            <h3 class=\"card__name\">\n                                Omar ANSER                            <\/h3>\n                            <p class=\"card__function\">\n                                Research and Development Specialist                            <\/p>\n                            <p class=\"card__organization\">\n                                Interdisciplinary Centre for Security, Reliability and Trust                            <\/p>\n                            <a\n                                class=\"card__link link-text link-absolute\"\n                                href=\"https:\/\/www.uni.lu\/snt-en\/people\/omar-anser\/\"\n                                title=\"Omar ANSER\"\n                            >\n                                <span class=\"link-text__name\">Learn more<\/span>\n                                <svg\n                                    aria-hidden=\"true\"\n                                    focusable=\"false\"\n                                    class=\"icon icon-outline icon--2xs\"\n                                >\n                                    <use xlink:href=\"https:\/\/www.uni.lu\/wp-content\/themes\/unilux-theme\/assets\/images\/icons\/icons-outline.svg#icon--arrow-right\" \/>\n                                <\/svg>\n                            <\/a>\n                        <\/div>\n                    <\/div>\n                <\/div>\n            <\/li>\n                    <li class=\"w-full sm:w-1\/2 lg:w-1\/3 px-16\">\n                <div class=\"ulux-card ulux-card-people bg-theme\">\n                    <div class=\"ulux-card__container\">\n                        <div class=\"ulux-card__visual\">\n                            <img\n                                class=\"w-full\"\n                                src=\"https:\/\/www.uni.lu\/en\/person-image\/NTAwNDM5MzlfX0VucmlxdWV0YSBQYXRyaWNpYSBCRUNFUlJBIFNBTkNIRVo=--medium_large\"\n                                title=\"Enriqueta Patricia BECERRA SANCHEZ\"\n                                alt=\"Enriqueta Patricia BECERRA SANCHEZ featured image\"\n                                srcset=\"https:\/\/www.uni.lu\/en\/person-image\/NTAwNDM5MzlfX0VucmlxdWV0YSBQYXRyaWNpYSBCRUNFUlJBIFNBTkNIRVo=--thumbnail 150w,https:\/\/www.uni.lu\/en\/person-image\/NTAwNDM5MzlfX0VucmlxdWV0YSBQYXRyaWNpYSBCRUNFUlJBIFNBTkNIRVo=--medium 300w,https:\/\/www.uni.lu\/en\/person-image\/NTAwNDM5MzlfX0VucmlxdWV0YSBQYXRyaWNpYSBCRUNFUlJBIFNBTkNIRVo=--medium_large 768w\"\n                                loading=\"lazy\"\n                            >\n                        <\/div>\n                        <div class=\"ulux-card__body card-people\">\n                            <h3 class=\"card__name\">\n                                Enriqueta Patricia BECERRA SANCHEZ                            <\/h3>\n                            <p class=\"card__function\">\n                                Postdoctoral researcher                            <\/p>\n                            <p class=\"card__organization\">\n                                Interdisciplinary Centre for Security, Reliability and Trust                            <\/p>\n                            <a\n                                class=\"card__link link-text link-absolute\"\n                                href=\"https:\/\/www.uni.lu\/snt-en\/people\/enriqueta-patricia-becerra-sanchez\/\"\n                                title=\"Enriqueta Patricia BECERRA SANCHEZ\"\n                            >\n                                <span class=\"link-text__name\">Learn more<\/span>\n                                <svg\n                                    aria-hidden=\"true\"\n                                    focusable=\"false\"\n                                    class=\"icon icon-outline icon--2xs\"\n                                >\n                                    <use xlink:href=\"https:\/\/www.uni.lu\/wp-content\/themes\/unilux-theme\/assets\/images\/icons\/icons-outline.svg#icon--arrow-right\" \/>\n                                <\/svg>\n                            <\/a>\n                        <\/div>\n                    <\/div>\n                <\/div>\n            <\/li>\n                    <li class=\"w-full sm:w-1\/2 lg:w-1\/3 px-16\">\n                <div class=\"ulux-card ulux-card-people bg-theme\">\n                    <div class=\"ulux-card__container\">\n                        <div class=\"ulux-card__visual\">\n                            <img\n                                class=\"w-full\"\n                                src=\"https:\/\/www.uni.lu\/en\/person-image\/NTAwNzQ4NjlfX0ZyYW5jaXNjbyBKYXZpZXIgQkVDRVJSQSBTQU5DSEVa--medium_large\"\n                                title=\"Francisco Javier BECERRA SANCHEZ\"\n                                alt=\"Francisco Javier BECERRA SANCHEZ featured image\"\n                                srcset=\"https:\/\/www.uni.lu\/en\/person-image\/NTAwNzQ4NjlfX0ZyYW5jaXNjbyBKYXZpZXIgQkVDRVJSQSBTQU5DSEVa--thumbnail 150w,https:\/\/www.uni.lu\/en\/person-image\/NTAwNzQ4NjlfX0ZyYW5jaXNjbyBKYXZpZXIgQkVDRVJSQSBTQU5DSEVa--medium 300w,https:\/\/www.uni.lu\/en\/person-image\/NTAwNzQ4NjlfX0ZyYW5jaXNjbyBKYXZpZXIgQkVDRVJSQSBTQU5DSEVa--medium_large 768w\"\n                                loading=\"lazy\"\n                            >\n                        <\/div>\n                        <div class=\"ulux-card__body card-people\">\n                            <h3 class=\"card__name\">\n                                Francisco Javier BECERRA SANCHEZ                            <\/h3>\n                            <p class=\"card__function\">\n                                Doctoral researcher                            <\/p>\n                            <p class=\"card__organization\">\n                                Interdisciplinary Centre for Security, Reliability and Trust                            <\/p>\n                            <a\n                                class=\"card__link link-text link-absolute\"\n                                href=\"https:\/\/www.uni.lu\/snt-en\/people\/francisco-javier-becerra-sanchez\/\"\n                                title=\"Francisco Javier BECERRA SANCHEZ\"\n                            >\n                                <span class=\"link-text__name\">Learn more<\/span>\n                                <svg\n                                    aria-hidden=\"true\"\n                                    focusable=\"false\"\n                                    class=\"icon icon-outline icon--2xs\"\n                                >\n                                    <use xlink:href=\"https:\/\/www.uni.lu\/wp-content\/themes\/unilux-theme\/assets\/images\/icons\/icons-outline.svg#icon--arrow-right\" \/>\n                                <\/svg>\n                            <\/a>\n                        <\/div>\n                    <\/div>\n                <\/div>\n            <\/li>\n                    <li class=\"w-full sm:w-1\/2 lg:w-1\/3 px-16\">\n                <div class=\"ulux-card ulux-card-people bg-theme\">\n                    <div class=\"ulux-card__container\">\n                        <div class=\"ulux-card__visual\">\n                            <img\n                                class=\"w-full\"\n                                src=\"https:\/\/www.uni.lu\/en\/person-image\/NTAwMzUzOTNfX01hdHMgQlJPUlNTT04=--medium_large\"\n                                title=\"Mats BRORSSON\"\n                                alt=\"Mats BRORSSON featured image\"\n                                srcset=\"https:\/\/www.uni.lu\/en\/person-image\/NTAwMzUzOTNfX01hdHMgQlJPUlNTT04=--thumbnail 150w,https:\/\/www.uni.lu\/en\/person-image\/NTAwMzUzOTNfX01hdHMgQlJPUlNTT04=--medium 300w,https:\/\/www.uni.lu\/en\/person-image\/NTAwMzUzOTNfX01hdHMgQlJPUlNTT04=--medium_large 768w\"\n                                loading=\"lazy\"\n                            >\n                        <\/div>\n                        <div class=\"ulux-card__body card-people\">\n                            <h3 class=\"card__name\">\n                                Mats BRORSSON                            <\/h3>\n                            <p class=\"card__function\">\n                                Research scientist                            <\/p>\n                            <p class=\"card__organization\">\n                                Interdisciplinary Centre for Security, Reliability and Trust                            <\/p>\n                            <a\n                                class=\"card__link link-text link-absolute\"\n                                href=\"https:\/\/www.uni.lu\/snt-en\/people\/mats-brorsson\/\"\n                                title=\"Mats BRORSSON\"\n                            >\n                                <span class=\"link-text__name\">Learn more<\/span>\n                                <svg\n                                    aria-hidden=\"true\"\n                                    focusable=\"false\"\n                                    class=\"icon icon-outline icon--2xs\"\n                                >\n                                    <use xlink:href=\"https:\/\/www.uni.lu\/wp-content\/themes\/unilux-theme\/assets\/images\/icons\/icons-outline.svg#icon--arrow-right\" \/>\n                                <\/svg>\n                            <\/a>\n                        <\/div>\n                    <\/div>\n                <\/div>\n            <\/li>\n                    <li class=\"w-full sm:w-1\/2 lg:w-1\/3 px-16\">\n                <div class=\"ulux-card ulux-card-people bg-theme\">\n                    <div class=\"ulux-card__container\">\n                        <div class=\"ulux-card__visual\">\n                            <img\n                                class=\"w-full\"\n                                src=\"https:\/\/www.uni.lu\/en\/person-image\/NTAxMDIxODhfX0Nvc3RhYmlsZSBESSBHUkVHT1JJTw==--medium_large\"\n                                title=\"Costabile DI GREGORIO\"\n                                alt=\"Costabile DI GREGORIO featured image\"\n                                srcset=\"https:\/\/www.uni.lu\/en\/person-image\/NTAxMDIxODhfX0Nvc3RhYmlsZSBESSBHUkVHT1JJTw==--thumbnail 150w,https:\/\/www.uni.lu\/en\/person-image\/NTAxMDIxODhfX0Nvc3RhYmlsZSBESSBHUkVHT1JJTw==--medium 300w,https:\/\/www.uni.lu\/en\/person-image\/NTAxMDIxODhfX0Nvc3RhYmlsZSBESSBHUkVHT1JJTw==--medium_large 768w\"\n                                loading=\"lazy\"\n                            >\n                        <\/div>\n                        <div class=\"ulux-card__body card-people\">\n                            <h3 class=\"card__name\">\n                                Costabile DI GREGORIO                            <\/h3>\n                            <p class=\"card__function\">\n                                Doctoral researcher                            <\/p>\n                            <p class=\"card__organization\">\n                                Interdisciplinary Centre for Security, Reliability and Trust                            <\/p>\n                            <a\n                                class=\"card__link link-text link-absolute\"\n                                href=\"https:\/\/www.uni.lu\/snt-en\/people\/costabile-di-gregorio\/\"\n                                title=\"Costabile DI GREGORIO\"\n                            >\n                                <span class=\"link-text__name\">Learn more<\/span>\n                                <svg\n                                    aria-hidden=\"true\"\n                                    focusable=\"false\"\n                                    class=\"icon icon-outline icon--2xs\"\n                                >\n                                    <use xlink:href=\"https:\/\/www.uni.lu\/wp-content\/themes\/unilux-theme\/assets\/images\/icons\/icons-outline.svg#icon--arrow-right\" \/>\n                                <\/svg>\n                            <\/a>\n                        <\/div>\n                    <\/div>\n                <\/div>\n            <\/li>\n            <\/ul>\n            <p class=\"text-center\">\n            <button class=\"btn btn--primary\">Load more<\/button>\n        <\/p>\n    <\/div>\n<h3 class=\"has-text-align-left wp-block-unilux-blocks-heading\"        id=\"technical-staff\"\n    >\nTechnical Staff<\/h3>\n<div\n    data-nonce=\"898be529b6\"\n    id=\"people-card-list1777415497\"\n    class=\"people-card-list-automated\"\n    data-search-after=\"ERKIMBAIEV,50104107,9.46863\"\n    data-params=\"{&quot;size&quot;:6,&quot;byId&quot;:&quot;true&quot;,&quot;organization&quot;:&quot;SNT&quot;,&quot;department&quot;:&quot;SEDAN&quot;,&quot;employeeGroup&quot;:&quot;1&quot;,&quot;employeeSubGroup&quot;:&quot;ts&quot;}\"\n>\n    <ul class=\"flex flex-wrap -mx-16 people-card-list\">\n                    <li class=\"w-full sm:w-1\/2 lg:w-1\/3 px-16\">\n                <div class=\"ulux-card ulux-card-people bg-theme\">\n                    <div class=\"ulux-card__container\">\n                        <div class=\"ulux-card__visual\">\n                            <img\n                                class=\"w-full\"\n                                src=\"https:\/\/www.uni.lu\/en\/person-image\/NTAwOTk4MzdfX05vaGF5bGEgQUpNSQ==--medium_large\"\n                                title=\"Nohayla AJMI\"\n                                alt=\"Nohayla AJMI featured image\"\n                                srcset=\"https:\/\/www.uni.lu\/en\/person-image\/NTAwOTk4MzdfX05vaGF5bGEgQUpNSQ==--thumbnail 150w,https:\/\/www.uni.lu\/en\/person-image\/NTAwOTk4MzdfX05vaGF5bGEgQUpNSQ==--medium 300w,https:\/\/www.uni.lu\/en\/person-image\/NTAwOTk4MzdfX05vaGF5bGEgQUpNSQ==--medium_large 768w\"\n                                loading=\"lazy\"\n                            >\n                        <\/div>\n                        <div class=\"ulux-card__body card-people\">\n                            <h3 class=\"card__name\">\n                                Nohayla AJMI                            <\/h3>\n                            <p class=\"card__function\">\n                                Research and Development Specialist                            <\/p>\n                            <p class=\"card__organization\">\n                                Interdisciplinary Centre for Security, Reliability and Trust                            <\/p>\n                            <a\n                                class=\"card__link link-text link-absolute\"\n                                href=\"https:\/\/www.uni.lu\/snt-en\/people\/nohayla-ajmi\/\"\n                                title=\"Nohayla AJMI\"\n                            >\n                                <span class=\"link-text__name\">Learn more<\/span>\n                                <svg\n                                    aria-hidden=\"true\"\n                                    focusable=\"false\"\n                                    class=\"icon icon-outline icon--2xs\"\n                                >\n                                    <use xlink:href=\"https:\/\/www.uni.lu\/wp-content\/themes\/unilux-theme\/assets\/images\/icons\/icons-outline.svg#icon--arrow-right\" \/>\n                                <\/svg>\n                            <\/a>\n                        <\/div>\n                    <\/div>\n                <\/div>\n            <\/li>\n                    <li class=\"w-full sm:w-1\/2 lg:w-1\/3 px-16\">\n                <div class=\"ulux-card ulux-card-people bg-theme\">\n                    <div class=\"ulux-card__container\">\n                        <div class=\"ulux-card__visual\">\n                            <img\n                                class=\"w-full\"\n                                src=\"https:\/\/www.uni.lu\/en\/person-image\/NTAwODkwNTJfX0JvcmlzIEJMSVpOSU9VS09W--medium_large\"\n                                title=\"Boris BLIZNIOUKOV\"\n                                alt=\"Boris BLIZNIOUKOV featured image\"\n                                srcset=\"https:\/\/www.uni.lu\/en\/person-image\/NTAwODkwNTJfX0JvcmlzIEJMSVpOSU9VS09W--thumbnail 150w,https:\/\/www.uni.lu\/en\/person-image\/NTAwODkwNTJfX0JvcmlzIEJMSVpOSU9VS09W--medium 300w,https:\/\/www.uni.lu\/en\/person-image\/NTAwODkwNTJfX0JvcmlzIEJMSVpOSU9VS09W--medium_large 768w\"\n                                loading=\"lazy\"\n                            >\n                        <\/div>\n                        <div class=\"ulux-card__body card-people\">\n                            <h3 class=\"card__name\">\n                                Boris BLIZNIOUKOV                            <\/h3>\n                            <p class=\"card__function\">\n                                Research and Development Specialist                            <\/p>\n                            <p class=\"card__organization\">\n                                Interdisciplinary Centre for Security, Reliability and Trust                            <\/p>\n                            <a\n                                class=\"card__link link-text link-absolute\"\n                                href=\"https:\/\/www.uni.lu\/snt-en\/people\/boris-bliznioukov\/\"\n                                title=\"Boris BLIZNIOUKOV\"\n                            >\n                                <span class=\"link-text__name\">Learn more<\/span>\n                                <svg\n                                    aria-hidden=\"true\"\n                                    focusable=\"false\"\n                                    class=\"icon icon-outline icon--2xs\"\n                                >\n                                    <use xlink:href=\"https:\/\/www.uni.lu\/wp-content\/themes\/unilux-theme\/assets\/images\/icons\/icons-outline.svg#icon--arrow-right\" \/>\n                                <\/svg>\n                            <\/a>\n                        <\/div>\n                    <\/div>\n                <\/div>\n            <\/li>\n                    <li class=\"w-full sm:w-1\/2 lg:w-1\/3 px-16\">\n                <div class=\"ulux-card ulux-card-people bg-theme\">\n                    <div class=\"ulux-card__container\">\n                        <div class=\"ulux-card__visual\">\n                            <img\n                                class=\"w-full\"\n                                src=\"https:\/\/www.uni.lu\/en\/person-image\/NTAwMzU3NzdfX05pbm8gQ0hBR0FOQVZB--medium_large\"\n                                title=\"Nino CHAGANAVA\"\n                                alt=\"Nino CHAGANAVA featured image\"\n                                srcset=\"https:\/\/www.uni.lu\/en\/person-image\/NTAwMzU3NzdfX05pbm8gQ0hBR0FOQVZB--thumbnail 150w,https:\/\/www.uni.lu\/en\/person-image\/NTAwMzU3NzdfX05pbm8gQ0hBR0FOQVZB--medium 300w,https:\/\/www.uni.lu\/en\/person-image\/NTAwMzU3NzdfX05pbm8gQ0hBR0FOQVZB--medium_large 768w\"\n                                loading=\"lazy\"\n                            >\n                        <\/div>\n                        <div class=\"ulux-card__body card-people\">\n                            <h3 class=\"card__name\">\n                                Nino CHAGANAVA                            <\/h3>\n                            <p class=\"card__function\">\n                                Research and Development Specialist                            <\/p>\n                            <p class=\"card__organization\">\n                                Interdisciplinary Centre for Security, Reliability and Trust                            <\/p>\n                            <a\n                                class=\"card__link link-text link-absolute\"\n                                href=\"https:\/\/www.uni.lu\/snt-en\/people\/nino-chaganava\/\"\n                                title=\"Nino CHAGANAVA\"\n                            >\n                                <span class=\"link-text__name\">Learn more<\/span>\n                                <svg\n                                    aria-hidden=\"true\"\n                                    focusable=\"false\"\n                                    class=\"icon icon-outline icon--2xs\"\n                                >\n                                    <use xlink:href=\"https:\/\/www.uni.lu\/wp-content\/themes\/unilux-theme\/assets\/images\/icons\/icons-outline.svg#icon--arrow-right\" \/>\n                                <\/svg>\n                            <\/a>\n                        <\/div>\n                    <\/div>\n                <\/div>\n            <\/li>\n                    <li class=\"w-full sm:w-1\/2 lg:w-1\/3 px-16\">\n                <div class=\"ulux-card ulux-card-people bg-theme\">\n                    <div class=\"ulux-card__container\">\n                        <div class=\"ulux-card__visual\">\n                            <img\n                                class=\"w-full\"\n                                src=\"https:\/\/www.uni.lu\/en\/person-image\/NTAwNDY5MjZfX09jZWFuZSBDSEFaRQ==--medium_large\"\n                                title=\"Oceane CHAZE\"\n                                alt=\"Oceane CHAZE featured image\"\n                                srcset=\"https:\/\/www.uni.lu\/en\/person-image\/NTAwNDY5MjZfX09jZWFuZSBDSEFaRQ==--thumbnail 150w,https:\/\/www.uni.lu\/en\/person-image\/NTAwNDY5MjZfX09jZWFuZSBDSEFaRQ==--medium 300w,https:\/\/www.uni.lu\/en\/person-image\/NTAwNDY5MjZfX09jZWFuZSBDSEFaRQ==--medium_large 768w\"\n                                loading=\"lazy\"\n                            >\n                        <\/div>\n                        <div class=\"ulux-card__body card-people\">\n                            <h3 class=\"card__name\">\n                                Oceane CHAZE                            <\/h3>\n                            <p class=\"card__function\">\n                                Research and Development Specialist                            <\/p>\n                            <p class=\"card__organization\">\n                                Interdisciplinary Centre for Security, Reliability and Trust                            <\/p>\n                            <a\n                                class=\"card__link link-text link-absolute\"\n                                href=\"https:\/\/www.uni.lu\/snt-en\/people\/oceane-chaze\/\"\n                                title=\"Oceane CHAZE\"\n                            >\n                                <span class=\"link-text__name\">Learn more<\/span>\n                                <svg\n                                    aria-hidden=\"true\"\n                                    focusable=\"false\"\n                                    class=\"icon icon-outline icon--2xs\"\n                                >\n                                    <use xlink:href=\"https:\/\/www.uni.lu\/wp-content\/themes\/unilux-theme\/assets\/images\/icons\/icons-outline.svg#icon--arrow-right\" \/>\n                                <\/svg>\n                            <\/a>\n                        <\/div>\n                    <\/div>\n                <\/div>\n            <\/li>\n                    <li class=\"w-full sm:w-1\/2 lg:w-1\/3 px-16\">\n                <div class=\"ulux-card ulux-card-people bg-theme\">\n                    <div class=\"ulux-card__container\">\n                        <div class=\"ulux-card__visual\">\n                            <img\n                                class=\"w-full\"\n                                src=\"https:\/\/www.uni.lu\/en\/person-image\/NTAxMDEzNDJfX0FsZXMgRVJFTUVFVg==--medium_large\"\n                                title=\"Ales EREMEEV\"\n                                alt=\"Ales EREMEEV featured image\"\n                                srcset=\"https:\/\/www.uni.lu\/en\/person-image\/NTAxMDEzNDJfX0FsZXMgRVJFTUVFVg==--thumbnail 150w,https:\/\/www.uni.lu\/en\/person-image\/NTAxMDEzNDJfX0FsZXMgRVJFTUVFVg==--medium 300w,https:\/\/www.uni.lu\/en\/person-image\/NTAxMDEzNDJfX0FsZXMgRVJFTUVFVg==--medium_large 768w\"\n                                loading=\"lazy\"\n                            >\n                        <\/div>\n                        <div class=\"ulux-card__body card-people\">\n                            <h3 class=\"card__name\">\n                                Ales EREMEEV                            <\/h3>\n                            <p class=\"card__function\">\n                                Research support technician                            <\/p>\n                            <p class=\"card__organization\">\n                                Interdisciplinary Centre for Security, Reliability and Trust                            <\/p>\n                            <a\n                                class=\"card__link link-text link-absolute\"\n                                href=\"https:\/\/www.uni.lu\/snt-en\/people\/ales-eremeev\/\"\n                                title=\"Ales EREMEEV\"\n                            >\n                                <span class=\"link-text__name\">Learn more<\/span>\n                                <svg\n                                    aria-hidden=\"true\"\n                                    focusable=\"false\"\n                                    class=\"icon icon-outline icon--2xs\"\n                                >\n                                    <use xlink:href=\"https:\/\/www.uni.lu\/wp-content\/themes\/unilux-theme\/assets\/images\/icons\/icons-outline.svg#icon--arrow-right\" \/>\n                                <\/svg>\n                            <\/a>\n                        <\/div>\n                    <\/div>\n                <\/div>\n            <\/li>\n                    <li class=\"w-full sm:w-1\/2 lg:w-1\/3 px-16\">\n                <div class=\"ulux-card ulux-card-people bg-theme\">\n                    <div class=\"ulux-card__container\">\n                        <div class=\"ulux-card__visual\">\n                            <img\n                                class=\"w-full\"\n                                src=\"https:\/\/www.uni.lu\/en\/person-image\/NTAxMDQxMDdfX1RpbXVyIEVSS0lNQkFJRVY=--medium_large\"\n                                title=\"Timur ERKIMBAIEV\"\n                                alt=\"Timur ERKIMBAIEV featured image\"\n                                srcset=\"https:\/\/www.uni.lu\/en\/person-image\/NTAxMDQxMDdfX1RpbXVyIEVSS0lNQkFJRVY=--thumbnail 150w,https:\/\/www.uni.lu\/en\/person-image\/NTAxMDQxMDdfX1RpbXVyIEVSS0lNQkFJRVY=--medium 300w,https:\/\/www.uni.lu\/en\/person-image\/NTAxMDQxMDdfX1RpbXVyIEVSS0lNQkFJRVY=--medium_large 768w\"\n                                loading=\"lazy\"\n                            >\n                        <\/div>\n                        <div class=\"ulux-card__body card-people\">\n                            <h3 class=\"card__name\">\n                                Timur ERKIMBAIEV                            <\/h3>\n                            <p class=\"card__function\">\n                                Research Support Technician                            <\/p>\n                            <p class=\"card__organization\">\n                                Interdisciplinary Centre for Security, Reliability and Trust                            <\/p>\n                            <a\n                                class=\"card__link link-text link-absolute\"\n                                href=\"https:\/\/www.uni.lu\/snt-en\/people\/timur-erkimbaiev\/\"\n                                title=\"Timur ERKIMBAIEV\"\n                            >\n                                <span class=\"link-text__name\">Learn more<\/span>\n                                <svg\n                                    aria-hidden=\"true\"\n                                    focusable=\"false\"\n                                    class=\"icon icon-outline icon--2xs\"\n                                >\n                                    <use xlink:href=\"https:\/\/www.uni.lu\/wp-content\/themes\/unilux-theme\/assets\/images\/icons\/icons-outline.svg#icon--arrow-right\" \/>\n                                <\/svg>\n                            <\/a>\n                        <\/div>\n                    <\/div>\n                <\/div>\n            <\/li>\n            <\/ul>\n            <p class=\"text-center\">\n            <button class=\"btn btn--primary\">Load more<\/button>\n        <\/p>\n    <\/div>        <\/div>\n    <\/div>\n<\/div>\n\n<div class=\"accordion__item  wp-block-unilux-blocks-accordion-item\">\n    <h3 class=\"accordion__header\"\n                    id=\"signal-processing-and-communications-sigcom\"\n        >\n        <button\n            type=\"button\"\n            id=\"accordion-labelledby-500ec8a4-f56d-4f45-8c69-16706d0d0ec5\"\n            class=\"accordion__button collapsed\"\n            aria-expanded=\"false\"\n            aria-controls=\"accordion-panel-500ec8a4-f56d-4f45-8c69-16706d0d0ec5\"\n            data-bs-toggle=\"collapse\"\n            data-bs-target=\"#accordion-panel-500ec8a4-f56d-4f45-8c69-16706d0d0ec5\"\n        >\n            <span class=\"accordion__title\">\n                                Signal Processing and Communications (SIGCOM)            <\/span>\n\n            <svg aria-hidden=\"true\" focusable=\"false\" class=\"icon icon-outline icon--arrow-down \"><use xlink:href=\"https:\/\/www.uni.lu\/wp-content\/themes\/unilux-theme\/assets\/images\/icons\/icons-outline.svg#icon--arrow-down\"><\/use><\/svg>        <\/button>\n    <\/h3>\n    <div id=\"accordion-panel-500ec8a4-f56d-4f45-8c69-16706d0d0ec5\"\n        class=\"accordion__collapse collapse\"\n        aria-labelledby=\"accordion-labelledby-500ec8a4-f56d-4f45-8c69-16706d0d0ec5\"\n        data-bs-parent=\"[data-reference=&quot;70761e39-a108-4106-9541-c261f8ecd80d&quot;]\"\n    >\n        <div class=\"accordion__body \">\n            \n<h3 class=\"has-text-align-left wp-block-unilux-blocks-heading\"        id=\"leadership\"\n    >\nLeadership<\/h3>\n<ul class=\"flex flex-wrap mt-24 -mx-16  wp-block-unilux-blocks-free-content-card\">\n    <li class=\"w-full sm:w-1\/2 lg:w-1\/3 px-16  wp-block-unilux-blocks-free-content-card-item\">\n    <div class=\"ulux-card card-people bg-theme\">\n        <div class=\"ulux-card__container card__container\">\n                        <div class=\"ulux-card__visual wp-block-unilux-blocks-free-content-card-item-visual\">\n    \n<div class=\"wp-block-unilux-blocks-image-video-wrapper\">\n    <figure class=\"wp-block-dev4-reusable-blocks-image  object-fit--cover\">\n    \n<img decoding=\"async\" class=\"wp-block-image unilux-custom-image-block\"\n                alt=\"\"\n            src=\"https:\/\/www.uni.lu\/wp-content\/uploads\/sites\/5\/2026\/01\/13111125\/Symeon-Chatzinotas.png\"\n                srcset=\"https:\/\/www.uni.lu\/wp-content\/uploads\/sites\/5\/2026\/01\/13111125\/Symeon-Chatzinotas-300x225.png 300w, https:\/\/www.uni.lu\/wp-content\/uploads\/sites\/5\/2026\/01\/13111125\/Symeon-Chatzinotas-768x576.png 768w, https:\/\/www.uni.lu\/wp-content\/uploads\/sites\/5\/2026\/01\/13111125\/Symeon-Chatzinotas.png 1024w\"\n                style=\"object-position: 50.00% 50.00%; font-family: &quot;object-fit: cover; object-position: 50.00% 50.00%;&quot;; aspect-ratio: 4\/3; object-fit: cover; width: 100%;\"\n        loading=\"lazy\"\n\/>    <\/figure><\/div><\/div><div class=\"ulux-card__body wp-block-unilux-blocks-free-content-card-item-body\">\n    \n<div class=\"card__activity wp-block-unilux-blocks-plain-text\"><\/div>\n<h3 class=\"card__name has-text-align-left wp-block-unilux-blocks-heading\"        id=\"symeon-chatzinotas\"\n    >\nSymeon CHATZINOTAS<\/h3>\n\n<div class=\"card__organization wp-block-unilux-blocks-plain-text\">Interdisciplinary Centre for Security, Reliability and Trust<\/div>\n<div class=\"card__function wp-block-unilux-blocks-plain-text\">Full Professor, Head of the SIGCOM Research Group<\/div>\n<div class=\"card__interest wp-block-unilux-blocks-plain-text\"><\/div><div class=\"ulux-card__link-wrapper card__link wp-block-unilux-blocks-simple-cta\">\n    <a\n        href=\"https:\/\/www.uni.lu\/snt-en\/people\/symeon-chatzinotas\/\"\n        title=\"Learn more\"\n        class=\"link-text link-text--icon ulux-card__link link-text link-absolute\"\n        target=\"\"\n    >\n        <span class=\"link-text__body\">\n            <span class=\"link-text__name\">Learn more<\/span>\n        <\/span>\n        <svg aria-hidden=\"true\" focusable=\"false\" class=\"icon icon-outline icon--arrow-right \"><use xlink:href=\"https:\/\/www.uni.lu\/wp-content\/themes\/unilux-theme\/assets\/images\/icons\/icons-outline.svg#icon--arrow-right\"><\/use><\/svg>    <\/a>\n<\/div>\n<\/div>        <\/div>\n    <\/div>\n<\/li><li class=\"w-full sm:w-1\/2 lg:w-1\/3 px-16  wp-block-unilux-blocks-free-content-card-item\">\n    <div class=\"ulux-card card-people bg-theme\">\n        <div class=\"ulux-card__container card__container\">\n                        <div class=\"ulux-card__visual wp-block-unilux-blocks-free-content-card-item-visual\">\n    \n<div class=\"wp-block-unilux-blocks-image-video-wrapper\">\n    <figure class=\"wp-block-dev4-reusable-blocks-image  object-fit--cover\">\n    \n<img decoding=\"async\" class=\"wp-block-image unilux-custom-image-block\"\n                alt=\"\"\n            src=\"https:\/\/www.uni.lu\/wp-content\/uploads\/sites\/5\/2026\/01\/13111017\/other_-Eva-Lagunas.png\"\n                srcset=\"https:\/\/www.uni.lu\/wp-content\/uploads\/sites\/5\/2026\/01\/13111017\/other_-Eva-Lagunas-300x225.png 300w, https:\/\/www.uni.lu\/wp-content\/uploads\/sites\/5\/2026\/01\/13111017\/other_-Eva-Lagunas-768x576.png 768w, https:\/\/www.uni.lu\/wp-content\/uploads\/sites\/5\/2026\/01\/13111017\/other_-Eva-Lagunas.png 1024w\"\n                style=\"object-position: 100.00% 53.00%; font-family: &quot;object-fit: cover; object-position: 100.00% 53.00%;&quot;; aspect-ratio: 4\/3; object-fit: cover; width: 100%;\"\n        loading=\"lazy\"\n\/>    <\/figure><\/div><\/div><div class=\"ulux-card__body wp-block-unilux-blocks-free-content-card-item-body\">\n    \n<div class=\"card__activity wp-block-unilux-blocks-plain-text\"><\/div>\n<h3 class=\"card__name has-text-align-left wp-block-unilux-blocks-heading\"        id=\"eva-lagunas\"\n    >\nEva LAGUNAS<\/h3>\n\n<div class=\"card__organization wp-block-unilux-blocks-plain-text\">Interdisciplinary Centre for Security, Reliability and Trust<\/div>\n<div class=\"card__function wp-block-unilux-blocks-plain-text\">Assistant Professor in Design and Optimisation of Non-Terrestrial Communication Systems, Deputy Head of the SIGCOM Research Group<\/div>\n<div class=\"card__interest wp-block-unilux-blocks-plain-text\"><\/div><div class=\"ulux-card__link-wrapper card__link wp-block-unilux-blocks-simple-cta\">\n    <a\n        href=\"https:\/\/www.uni.lu\/snt-en\/people\/eva-lagunas\/\"\n        title=\"Learn more\"\n        class=\"link-text link-text--icon ulux-card__link link-text link-absolute\"\n        target=\"\"\n    >\n        <span class=\"link-text__body\">\n            <span class=\"link-text__name\">Learn more<\/span>\n        <\/span>\n        <svg aria-hidden=\"true\" focusable=\"false\" class=\"icon icon-outline icon--arrow-right \"><use xlink:href=\"https:\/\/www.uni.lu\/wp-content\/themes\/unilux-theme\/assets\/images\/icons\/icons-outline.svg#icon--arrow-right\"><\/use><\/svg>    <\/a>\n<\/div>\n<\/div>        <\/div>\n    <\/div>\n<\/li><\/ul>\n<h3 class=\"has-text-align-left wp-block-unilux-blocks-heading\"        id=\"researchers\"\n    >\nResearchers<\/h3>\n<div\n    data-nonce=\"898be529b6\"\n    id=\"people-card-list1777415498\"\n    class=\"people-card-list-automated\"\n    data-search-after=\"AL-SENWI,50043168,8.845018\"\n    data-params=\"{&quot;size&quot;:6,&quot;byId&quot;:&quot;true&quot;,&quot;organization&quot;:&quot;SNT&quot;,&quot;department&quot;:&quot;SigCom&quot;,&quot;employeeGroup&quot;:&quot;1&quot;,&quot;employeeSubGroup&quot;:&quot;ap&quot;}\"\n>\n    <ul class=\"flex flex-wrap -mx-16 people-card-list\">\n                    <li class=\"w-full sm:w-1\/2 lg:w-1\/3 px-16\">\n                <div class=\"ulux-card ulux-card-people bg-theme\">\n                    <div class=\"ulux-card__container\">\n                        <div class=\"ulux-card__visual\">\n                            <img\n                                class=\"w-full\"\n                                src=\"https:\/\/www.uni.lu\/en\/person-image\/NTAwMzc4NjZfX1RlZHJvcyBTYWxpaCBBQkRV--medium_large\"\n                                title=\"Tedros Salih ABDU\"\n                                alt=\"Tedros Salih ABDU featured image\"\n                                srcset=\"https:\/\/www.uni.lu\/en\/person-image\/NTAwMzc4NjZfX1RlZHJvcyBTYWxpaCBBQkRV--thumbnail 150w,https:\/\/www.uni.lu\/en\/person-image\/NTAwMzc4NjZfX1RlZHJvcyBTYWxpaCBBQkRV--medium 300w,https:\/\/www.uni.lu\/en\/person-image\/NTAwMzc4NjZfX1RlZHJvcyBTYWxpaCBBQkRV--medium_large 768w\"\n                                loading=\"lazy\"\n                            >\n                        <\/div>\n                        <div class=\"ulux-card__body card-people\">\n                            <h3 class=\"card__name\">\n                                Tedros Salih ABDU                            <\/h3>\n                            <p class=\"card__function\">\n                                Postdoctoral researcher                            <\/p>\n                            <p class=\"card__organization\">\n                                Interdisciplinary Centre for Security, Reliability and Trust                            <\/p>\n                            <a\n                                class=\"card__link link-text link-absolute\"\n                                href=\"https:\/\/www.uni.lu\/snt-en\/people\/tedros-salih-abdu\/\"\n                                title=\"Tedros Salih ABDU\"\n                            >\n                                <span class=\"link-text__name\">Learn more<\/span>\n                                <svg\n                                    aria-hidden=\"true\"\n                                    focusable=\"false\"\n                                    class=\"icon icon-outline icon--2xs\"\n                                >\n                                    <use xlink:href=\"https:\/\/www.uni.lu\/wp-content\/themes\/unilux-theme\/assets\/images\/icons\/icons-outline.svg#icon--arrow-right\" \/>\n                                <\/svg>\n                            <\/a>\n                        <\/div>\n                    <\/div>\n                <\/div>\n            <\/li>\n                    <li class=\"w-full sm:w-1\/2 lg:w-1\/3 px-16\">\n                <div class=\"ulux-card ulux-card-people bg-theme\">\n                    <div class=\"ulux-card__container\">\n                        <div class=\"ulux-card__visual\">\n                            <img\n                                class=\"w-full\"\n                                src=\"https:\/\/www.uni.lu\/en\/person-image\/NTAwNDQxNzdfX1phaWQgQUJEVUxMQUg=--medium_large\"\n                                title=\"Zaid ABDULLAH\"\n                                alt=\"Zaid ABDULLAH featured image\"\n                                srcset=\"https:\/\/www.uni.lu\/en\/person-image\/NTAwNDQxNzdfX1phaWQgQUJEVUxMQUg=--thumbnail 150w,https:\/\/www.uni.lu\/en\/person-image\/NTAwNDQxNzdfX1phaWQgQUJEVUxMQUg=--medium 300w,https:\/\/www.uni.lu\/en\/person-image\/NTAwNDQxNzdfX1phaWQgQUJEVUxMQUg=--medium_large 768w\"\n                                loading=\"lazy\"\n                            >\n                        <\/div>\n                        <div class=\"ulux-card__body card-people\">\n                            <h3 class=\"card__name\">\n                                Zaid ABDULLAH                            <\/h3>\n                            <p class=\"card__function\">\n                                Research scientist                            <\/p>\n                            <p class=\"card__organization\">\n                                Interdisciplinary Centre for Security, Reliability and Trust                            <\/p>\n                            <a\n                                class=\"card__link link-text link-absolute\"\n                                href=\"https:\/\/www.uni.lu\/snt-en\/people\/zaid-abdullah\/\"\n                                title=\"Zaid ABDULLAH\"\n                            >\n                                <span class=\"link-text__name\">Learn more<\/span>\n                                <svg\n                                    aria-hidden=\"true\"\n                                    focusable=\"false\"\n                                    class=\"icon icon-outline icon--2xs\"\n                                >\n                                    <use xlink:href=\"https:\/\/www.uni.lu\/wp-content\/themes\/unilux-theme\/assets\/images\/icons\/icons-outline.svg#icon--arrow-right\" \/>\n                                <\/svg>\n                            <\/a>\n                        <\/div>\n                    <\/div>\n                <\/div>\n            <\/li>\n                    <li class=\"w-full sm:w-1\/2 lg:w-1\/3 px-16\">\n                <div class=\"ulux-card ulux-card-people bg-theme\">\n                    <div class=\"ulux-card__container\">\n                        <div class=\"ulux-card__visual\">\n                            <img\n                                class=\"w-full\"\n                                src=\"https:\/\/www.uni.lu\/en\/person-image\/NTAxMDA0MTFfX0FiZHVsbGFoIEFCRFVMTEFI--medium_large\"\n                                title=\"Abdullah ABDULLAH\"\n                                alt=\"Abdullah ABDULLAH featured image\"\n                                srcset=\"https:\/\/www.uni.lu\/en\/person-image\/NTAxMDA0MTFfX0FiZHVsbGFoIEFCRFVMTEFI--thumbnail 150w,https:\/\/www.uni.lu\/en\/person-image\/NTAxMDA0MTFfX0FiZHVsbGFoIEFCRFVMTEFI--medium 300w,https:\/\/www.uni.lu\/en\/person-image\/NTAxMDA0MTFfX0FiZHVsbGFoIEFCRFVMTEFI--medium_large 768w\"\n                                loading=\"lazy\"\n                            >\n                        <\/div>\n                        <div class=\"ulux-card__body card-people\">\n                            <h3 class=\"card__name\">\n                                Abdullah ABDULLAH                            <\/h3>\n                            <p class=\"card__function\">\n                                Doctoral researcher                            <\/p>\n                            <p class=\"card__organization\">\n                                Interdisciplinary Centre for Security, Reliability and Trust                            <\/p>\n                            <a\n                                class=\"card__link link-text link-absolute\"\n                                href=\"https:\/\/www.uni.lu\/snt-en\/people\/abdullah-abdullah\/\"\n                                title=\"Abdullah ABDULLAH\"\n                            >\n                                <span class=\"link-text__name\">Learn more<\/span>\n                                <svg\n                                    aria-hidden=\"true\"\n                                    focusable=\"false\"\n                                    class=\"icon icon-outline icon--2xs\"\n                                >\n                                    <use xlink:href=\"https:\/\/www.uni.lu\/wp-content\/themes\/unilux-theme\/assets\/images\/icons\/icons-outline.svg#icon--arrow-right\" \/>\n                                <\/svg>\n                            <\/a>\n                        <\/div>\n                    <\/div>\n                <\/div>\n            <\/li>\n                    <li class=\"w-full sm:w-1\/2 lg:w-1\/3 px-16\">\n                <div class=\"ulux-card ulux-card-people bg-theme\">\n                    <div class=\"ulux-card__container\">\n                        <div class=\"ulux-card__visual\">\n                            <img\n                                class=\"w-full\"\n                                src=\"https:\/\/www.uni.lu\/en\/person-image\/NTAwNDY5MzNfX0hhZnRheSBBQlJFSEE=--medium_large\"\n                                title=\"Haftay ABREHA\"\n                                alt=\"Haftay ABREHA featured image\"\n                                srcset=\"https:\/\/www.uni.lu\/en\/person-image\/NTAwNDY5MzNfX0hhZnRheSBBQlJFSEE=--thumbnail 150w,https:\/\/www.uni.lu\/en\/person-image\/NTAwNDY5MzNfX0hhZnRheSBBQlJFSEE=--medium 300w,https:\/\/www.uni.lu\/en\/person-image\/NTAwNDY5MzNfX0hhZnRheSBBQlJFSEE=--medium_large 768w\"\n                                loading=\"lazy\"\n                            >\n                        <\/div>\n                        <div class=\"ulux-card__body card-people\">\n                            <h3 class=\"card__name\">\n                                Haftay ABREHA                            <\/h3>\n                            <p class=\"card__function\">\n                                Postdoctoral researcher                            <\/p>\n                            <p class=\"card__organization\">\n                                Interdisciplinary Centre for Security, Reliability and Trust                            <\/p>\n                            <a\n                                class=\"card__link link-text link-absolute\"\n                                href=\"https:\/\/www.uni.lu\/snt-en\/people\/haftay-abreha\/\"\n                                title=\"Haftay ABREHA\"\n                            >\n                                <span class=\"link-text__name\">Learn more<\/span>\n                                <svg\n                                    aria-hidden=\"true\"\n                                    focusable=\"false\"\n                                    class=\"icon icon-outline icon--2xs\"\n                                >\n                                    <use xlink:href=\"https:\/\/www.uni.lu\/wp-content\/themes\/unilux-theme\/assets\/images\/icons\/icons-outline.svg#icon--arrow-right\" \/>\n                                <\/svg>\n                            <\/a>\n                        <\/div>\n                    <\/div>\n                <\/div>\n            <\/li>\n                    <li class=\"w-full sm:w-1\/2 lg:w-1\/3 px-16\">\n                <div class=\"ulux-card ulux-card-people bg-theme\">\n                    <div class=\"ulux-card__container\">\n                        <div class=\"ulux-card__visual\">\n                            <img\n                                class=\"w-full\"\n                                src=\"https:\/\/www.uni.lu\/en\/person-image\/NTAwNjU2ODJfX01vaGFtbWVkIEFMLUFOU0k=--medium_large\"\n                                title=\"Mohammed AL-ANSI\"\n                                alt=\"Mohammed AL-ANSI featured image\"\n                                srcset=\"https:\/\/www.uni.lu\/en\/person-image\/NTAwNjU2ODJfX01vaGFtbWVkIEFMLUFOU0k=--thumbnail 150w,https:\/\/www.uni.lu\/en\/person-image\/NTAwNjU2ODJfX01vaGFtbWVkIEFMLUFOU0k=--medium 300w,https:\/\/www.uni.lu\/en\/person-image\/NTAwNjU2ODJfX01vaGFtbWVkIEFMLUFOU0k=--medium_large 768w\"\n                                loading=\"lazy\"\n                            >\n                        <\/div>\n                        <div class=\"ulux-card__body card-people\">\n                            <h3 class=\"card__name\">\n                                Mohammed AL-ANSI                            <\/h3>\n                            <p class=\"card__function\">\n                                Postdoctoral researcher                            <\/p>\n                            <p class=\"card__organization\">\n                                Interdisciplinary Centre for Security, Reliability and Trust                            <\/p>\n                            <a\n                                class=\"card__link link-text link-absolute\"\n                                href=\"https:\/\/www.uni.lu\/snt-en\/people\/mohammed-al-ansi\/\"\n                                title=\"Mohammed AL-ANSI\"\n                            >\n                                <span class=\"link-text__name\">Learn more<\/span>\n                                <svg\n                                    aria-hidden=\"true\"\n                                    focusable=\"false\"\n                                    class=\"icon icon-outline icon--2xs\"\n                                >\n                                    <use xlink:href=\"https:\/\/www.uni.lu\/wp-content\/themes\/unilux-theme\/assets\/images\/icons\/icons-outline.svg#icon--arrow-right\" \/>\n                                <\/svg>\n                            <\/a>\n                        <\/div>\n                    <\/div>\n                <\/div>\n            <\/li>\n                    <li class=\"w-full sm:w-1\/2 lg:w-1\/3 px-16\">\n                <div class=\"ulux-card ulux-card-people bg-theme\">\n                    <div class=\"ulux-card__container\">\n                        <div class=\"ulux-card__visual\">\n                            <img\n                                class=\"w-full\"\n                                src=\"https:\/\/www.uni.lu\/en\/person-image\/NTAwNDMxNjhfX01hZHlhbiBBYmR1bGxhaCBPdGhtYW4gQUwtU0VOV0k=--medium_large\"\n                                title=\"Madyan Abdullah Othman AL-SENWI\"\n                                alt=\"Madyan Abdullah Othman AL-SENWI featured image\"\n                                srcset=\"https:\/\/www.uni.lu\/en\/person-image\/NTAwNDMxNjhfX01hZHlhbiBBYmR1bGxhaCBPdGhtYW4gQUwtU0VOV0k=--thumbnail 150w,https:\/\/www.uni.lu\/en\/person-image\/NTAwNDMxNjhfX01hZHlhbiBBYmR1bGxhaCBPdGhtYW4gQUwtU0VOV0k=--medium 300w,https:\/\/www.uni.lu\/en\/person-image\/NTAwNDMxNjhfX01hZHlhbiBBYmR1bGxhaCBPdGhtYW4gQUwtU0VOV0k=--medium_large 768w\"\n                                loading=\"lazy\"\n                            >\n                        <\/div>\n                        <div class=\"ulux-card__body card-people\">\n                            <h3 class=\"card__name\">\n                                Madyan Abdullah Othman AL-SENWI                            <\/h3>\n                            <p class=\"card__function\">\n                                Research scientist                            <\/p>\n                            <p class=\"card__organization\">\n                                Interdisciplinary Centre for Security, Reliability and Trust                            <\/p>\n                            <a\n                                class=\"card__link link-text link-absolute\"\n                                href=\"https:\/\/www.uni.lu\/snt-en\/people\/madyan-abdullah-othman-al-senwi\/\"\n                                title=\"Madyan Abdullah Othman AL-SENWI\"\n                            >\n                                <span class=\"link-text__name\">Learn more<\/span>\n                                <svg\n                                    aria-hidden=\"true\"\n                                    focusable=\"false\"\n                                    class=\"icon icon-outline icon--2xs\"\n                                >\n                                    <use xlink:href=\"https:\/\/www.uni.lu\/wp-content\/themes\/unilux-theme\/assets\/images\/icons\/icons-outline.svg#icon--arrow-right\" \/>\n                                <\/svg>\n                            <\/a>\n                        <\/div>\n                    <\/div>\n                <\/div>\n            <\/li>\n            <\/ul>\n            <p class=\"text-center\">\n            <button class=\"btn btn--primary\">Load more<\/button>\n        <\/p>\n    <\/div>\n<h3 class=\"has-text-align-left wp-block-unilux-blocks-heading\"        id=\"technical-staff\"\n    >\nTechnical Staff<\/h3>\n<div\n    data-nonce=\"898be529b6\"\n    id=\"people-card-list1777415498\"\n    class=\"people-card-list-automated\"\n    data-search-after=\"MASOOD,50090049,8.845018\"\n    data-params=\"{&quot;size&quot;:6,&quot;byId&quot;:&quot;true&quot;,&quot;organization&quot;:&quot;SNT&quot;,&quot;department&quot;:&quot;SigCom&quot;,&quot;employeeGroup&quot;:&quot;1&quot;,&quot;employeeSubGroup&quot;:&quot;ts&quot;}\"\n>\n    <ul class=\"flex flex-wrap -mx-16 people-card-list\">\n                    <li class=\"w-full sm:w-1\/2 lg:w-1\/3 px-16\">\n                <div class=\"ulux-card ulux-card-people bg-theme\">\n                    <div class=\"ulux-card__container\">\n                        <div class=\"ulux-card__visual\">\n                            <img\n                                class=\"w-full\"\n                                src=\"https:\/\/www.uni.lu\/en\/person-image\/NTAwODkzNzlfX1N1bGVpbWEgQlJJU0VOTyBSQU1JUkVa--medium_large\"\n                                title=\"Suleima BRISENO RAMIREZ\"\n                                alt=\"Suleima BRISENO RAMIREZ featured image\"\n                                srcset=\"https:\/\/www.uni.lu\/en\/person-image\/NTAwODkzNzlfX1N1bGVpbWEgQlJJU0VOTyBSQU1JUkVa--thumbnail 150w,https:\/\/www.uni.lu\/en\/person-image\/NTAwODkzNzlfX1N1bGVpbWEgQlJJU0VOTyBSQU1JUkVa--medium 300w,https:\/\/www.uni.lu\/en\/person-image\/NTAwODkzNzlfX1N1bGVpbWEgQlJJU0VOTyBSQU1JUkVa--medium_large 768w\"\n                                loading=\"lazy\"\n                            >\n                        <\/div>\n                        <div class=\"ulux-card__body card-people\">\n                            <h3 class=\"card__name\">\n                                Suleima BRISENO RAMIREZ                            <\/h3>\n                            <p class=\"card__function\">\n                                Research Support Technician                            <\/p>\n                            <p class=\"card__organization\">\n                                Interdisciplinary Centre for Security, Reliability and Trust                            <\/p>\n                            <a\n                                class=\"card__link link-text link-absolute\"\n                                href=\"https:\/\/www.uni.lu\/snt-en\/people\/suleima-briseno-ramirez\/\"\n                                title=\"Suleima BRISENO RAMIREZ\"\n                            >\n                                <span class=\"link-text__name\">Learn more<\/span>\n                                <svg\n                                    aria-hidden=\"true\"\n                                    focusable=\"false\"\n                                    class=\"icon icon-outline icon--2xs\"\n                                >\n                                    <use xlink:href=\"https:\/\/www.uni.lu\/wp-content\/themes\/unilux-theme\/assets\/images\/icons\/icons-outline.svg#icon--arrow-right\" \/>\n                                <\/svg>\n                            <\/a>\n                        <\/div>\n                    <\/div>\n                <\/div>\n            <\/li>\n                    <li class=\"w-full sm:w-1\/2 lg:w-1\/3 px-16\">\n                <div class=\"ulux-card ulux-card-people bg-theme\">\n                    <div class=\"ulux-card__container\">\n                        <div class=\"ulux-card__visual\">\n                            <img\n                                class=\"w-full\"\n                                src=\"https:\/\/www.uni.lu\/en\/person-image\/NTAwODk0ODRfX0F2aW5hc2ggQ0hJTE1VTFdBUg==--medium_large\"\n                                title=\"Avinash CHILMULWAR\"\n                                alt=\"Avinash CHILMULWAR featured image\"\n                                srcset=\"https:\/\/www.uni.lu\/en\/person-image\/NTAwODk0ODRfX0F2aW5hc2ggQ0hJTE1VTFdBUg==--thumbnail 150w,https:\/\/www.uni.lu\/en\/person-image\/NTAwODk0ODRfX0F2aW5hc2ggQ0hJTE1VTFdBUg==--medium 300w,https:\/\/www.uni.lu\/en\/person-image\/NTAwODk0ODRfX0F2aW5hc2ggQ0hJTE1VTFdBUg==--medium_large 768w\"\n                                loading=\"lazy\"\n                            >\n                        <\/div>\n                        <div class=\"ulux-card__body card-people\">\n                            <h3 class=\"card__name\">\n                                Avinash CHILMULWAR                            <\/h3>\n                            <p class=\"card__function\">\n                                Software Developer                            <\/p>\n                            <p class=\"card__organization\">\n                                Interdisciplinary Centre for Security, Reliability and Trust                            <\/p>\n                            <a\n                                class=\"card__link link-text link-absolute\"\n                                href=\"https:\/\/www.uni.lu\/snt-en\/people\/avinash-chilmulwar\/\"\n                                title=\"Avinash CHILMULWAR\"\n                            >\n                                <span class=\"link-text__name\">Learn more<\/span>\n                                <svg\n                                    aria-hidden=\"true\"\n                                    focusable=\"false\"\n                                    class=\"icon icon-outline icon--2xs\"\n                                >\n                                    <use xlink:href=\"https:\/\/www.uni.lu\/wp-content\/themes\/unilux-theme\/assets\/images\/icons\/icons-outline.svg#icon--arrow-right\" \/>\n                                <\/svg>\n                            <\/a>\n                        <\/div>\n                    <\/div>\n                <\/div>\n            <\/li>\n                    <li class=\"w-full sm:w-1\/2 lg:w-1\/3 px-16\">\n                <div class=\"ulux-card ulux-card-people bg-theme\">\n                    <div class=\"ulux-card__container\">\n                        <div class=\"ulux-card__visual\">\n                            <img\n                                class=\"w-full\"\n                                src=\"https:\/\/www.uni.lu\/en\/person-image\/NTAwOTAwNTBfX0phY29iIEdVTU1FU1NPTiBBVFJPU0hJ--medium_large\"\n                                title=\"Jacob GUMMESSON ATROSHI\"\n                                alt=\"Jacob GUMMESSON ATROSHI featured image\"\n                                srcset=\"https:\/\/www.uni.lu\/en\/person-image\/NTAwOTAwNTBfX0phY29iIEdVTU1FU1NPTiBBVFJPU0hJ--thumbnail 150w,https:\/\/www.uni.lu\/en\/person-image\/NTAwOTAwNTBfX0phY29iIEdVTU1FU1NPTiBBVFJPU0hJ--medium 300w,https:\/\/www.uni.lu\/en\/person-image\/NTAwOTAwNTBfX0phY29iIEdVTU1FU1NPTiBBVFJPU0hJ--medium_large 768w\"\n                                loading=\"lazy\"\n                            >\n                        <\/div>\n                        <div class=\"ulux-card__body card-people\">\n                            <h3 class=\"card__name\">\n                                Jacob GUMMESSON ATROSHI                            <\/h3>\n                            <p class=\"card__function\">\n                                Research and Development Specialist                            <\/p>\n                            <p class=\"card__organization\">\n                                Interdisciplinary Centre for Security, Reliability and Trust                            <\/p>\n                            <a\n                                class=\"card__link link-text link-absolute\"\n                                href=\"https:\/\/www.uni.lu\/snt-en\/people\/jacob-gummesson-atroshi\/\"\n                                title=\"Jacob GUMMESSON ATROSHI\"\n                            >\n                                <span class=\"link-text__name\">Learn more<\/span>\n                                <svg\n                                    aria-hidden=\"true\"\n                                    focusable=\"false\"\n                                    class=\"icon icon-outline icon--2xs\"\n                                >\n                                    <use xlink:href=\"https:\/\/www.uni.lu\/wp-content\/themes\/unilux-theme\/assets\/images\/icons\/icons-outline.svg#icon--arrow-right\" \/>\n                                <\/svg>\n                            <\/a>\n                        <\/div>\n                    <\/div>\n                <\/div>\n            <\/li>\n                    <li class=\"w-full sm:w-1\/2 lg:w-1\/3 px-16\">\n                <div class=\"ulux-card ulux-card-people bg-theme\">\n                    <div class=\"ulux-card__container\">\n                        <div class=\"ulux-card__visual\">\n                            <img\n                                class=\"w-full\"\n                                src=\"https:\/\/www.uni.lu\/en\/person-image\/NTAwODg2NjhfX01hamlkIEtIT0RBS0FSQU1J--medium_large\"\n                                title=\"Majid KHODAKARAMI\"\n                                alt=\"Majid KHODAKARAMI featured image\"\n                                srcset=\"https:\/\/www.uni.lu\/en\/person-image\/NTAwODg2NjhfX01hamlkIEtIT0RBS0FSQU1J--thumbnail 150w,https:\/\/www.uni.lu\/en\/person-image\/NTAwODg2NjhfX01hamlkIEtIT0RBS0FSQU1J--medium 300w,https:\/\/www.uni.lu\/en\/person-image\/NTAwODg2NjhfX01hamlkIEtIT0RBS0FSQU1J--medium_large 768w\"\n                                loading=\"lazy\"\n                            >\n                        <\/div>\n                        <div class=\"ulux-card__body card-people\">\n                            <h3 class=\"card__name\">\n                                Majid KHODAKARAMI                            <\/h3>\n                            <p class=\"card__function\">\n                                Research and Development Specialist                            <\/p>\n                            <p class=\"card__organization\">\n                                Interdisciplinary Centre for Security, Reliability and Trust                            <\/p>\n                            <a\n                                class=\"card__link link-text link-absolute\"\n                                href=\"https:\/\/www.uni.lu\/snt-en\/people\/majid-khodakarami\/\"\n                                title=\"Majid KHODAKARAMI\"\n                            >\n                                <span class=\"link-text__name\">Learn more<\/span>\n                                <svg\n                                    aria-hidden=\"true\"\n                                    focusable=\"false\"\n                                    class=\"icon icon-outline icon--2xs\"\n                                >\n                                    <use xlink:href=\"https:\/\/www.uni.lu\/wp-content\/themes\/unilux-theme\/assets\/images\/icons\/icons-outline.svg#icon--arrow-right\" \/>\n                                <\/svg>\n                            <\/a>\n                        <\/div>\n                    <\/div>\n                <\/div>\n            <\/li>\n                    <li class=\"w-full sm:w-1\/2 lg:w-1\/3 px-16\">\n                <div class=\"ulux-card ulux-card-people bg-theme\">\n                    <div class=\"ulux-card__container\">\n                        <div class=\"ulux-card__visual\">\n                            <img\n                                class=\"w-full\"\n                                src=\"https:\/\/www.uni.lu\/en\/person-image\/NTAwNzcwMzFfX1NhaGFyIE1BTE1JUg==--medium_large\"\n                                title=\"Sahar MALMIR\"\n                                alt=\"Sahar MALMIR featured image\"\n                                srcset=\"https:\/\/www.uni.lu\/en\/person-image\/NTAwNzcwMzFfX1NhaGFyIE1BTE1JUg==--thumbnail 150w,https:\/\/www.uni.lu\/en\/person-image\/NTAwNzcwMzFfX1NhaGFyIE1BTE1JUg==--medium 300w,https:\/\/www.uni.lu\/en\/person-image\/NTAwNzcwMzFfX1NhaGFyIE1BTE1JUg==--medium_large 768w\"\n                                loading=\"lazy\"\n                            >\n                        <\/div>\n                        <div class=\"ulux-card__body card-people\">\n                            <h3 class=\"card__name\">\n                                Sahar MALMIR                            <\/h3>\n                            <p class=\"card__function\">\n                                Research and Development Specialist                            <\/p>\n                            <p class=\"card__organization\">\n                                Interdisciplinary Centre for Security, Reliability and Trust                            <\/p>\n                            <a\n                                class=\"card__link link-text link-absolute\"\n                                href=\"https:\/\/www.uni.lu\/snt-en\/people\/sahar-malmir\/\"\n                                title=\"Sahar MALMIR\"\n                            >\n                                <span class=\"link-text__name\">Learn more<\/span>\n                                <svg\n                                    aria-hidden=\"true\"\n                                    focusable=\"false\"\n                                    class=\"icon icon-outline icon--2xs\"\n                                >\n                                    <use xlink:href=\"https:\/\/www.uni.lu\/wp-content\/themes\/unilux-theme\/assets\/images\/icons\/icons-outline.svg#icon--arrow-right\" \/>\n                                <\/svg>\n                            <\/a>\n                        <\/div>\n                    <\/div>\n                <\/div>\n            <\/li>\n                    <li class=\"w-full sm:w-1\/2 lg:w-1\/3 px-16\">\n                <div class=\"ulux-card ulux-card-people bg-theme\">\n                    <div class=\"ulux-card__container\">\n                        <div class=\"ulux-card__visual\">\n                            <img\n                                class=\"w-full\"\n                                src=\"https:\/\/www.uni.lu\/en\/person-image\/NTAwOTAwNDlfX1JpendhbiBNQVNPT0Q=--medium_large\"\n                                title=\"Rizwan MASOOD\"\n                                alt=\"Rizwan MASOOD featured image\"\n                                srcset=\"https:\/\/www.uni.lu\/en\/person-image\/NTAwOTAwNDlfX1JpendhbiBNQVNPT0Q=--thumbnail 150w,https:\/\/www.uni.lu\/en\/person-image\/NTAwOTAwNDlfX1JpendhbiBNQVNPT0Q=--medium 300w,https:\/\/www.uni.lu\/en\/person-image\/NTAwOTAwNDlfX1JpendhbiBNQVNPT0Q=--medium_large 768w\"\n                                loading=\"lazy\"\n                            >\n                        <\/div>\n                        <div class=\"ulux-card__body card-people\">\n                            <h3 class=\"card__name\">\n                                Rizwan MASOOD                            <\/h3>\n                            <p class=\"card__function\">\n                                Research and Development Specialist                            <\/p>\n                            <p class=\"card__organization\">\n                                Interdisciplinary Centre for Security, Reliability and Trust                            <\/p>\n                            <a\n                                class=\"card__link link-text link-absolute\"\n                                href=\"https:\/\/www.uni.lu\/snt-en\/people\/rizwan-masood\/\"\n                                title=\"Rizwan MASOOD\"\n                            >\n                                <span class=\"link-text__name\">Learn more<\/span>\n                                <svg\n                                    aria-hidden=\"true\"\n                                    focusable=\"false\"\n                                    class=\"icon icon-outline icon--2xs\"\n                                >\n                                    <use xlink:href=\"https:\/\/www.uni.lu\/wp-content\/themes\/unilux-theme\/assets\/images\/icons\/icons-outline.svg#icon--arrow-right\" \/>\n                                <\/svg>\n                            <\/a>\n                        <\/div>\n                    <\/div>\n                <\/div>\n            <\/li>\n            <\/ul>\n            <p class=\"text-center\">\n            <button class=\"btn btn--primary\">Load more<\/button>\n        <\/p>\n    <\/div>        <\/div>\n    <\/div>\n<\/div>\n\n<div class=\"accordion__item  wp-block-unilux-blocks-accordion-item\">\n    <h3 class=\"accordion__header\"\n                    id=\"signal-processing-applications-in-radar-and-communications-sparc\"\n        >\n        <button\n            type=\"button\"\n            id=\"accordion-labelledby-3b1044d0-94b3-4d89-b611-4a63061c687c\"\n            class=\"accordion__button collapsed\"\n            aria-expanded=\"false\"\n            aria-controls=\"accordion-panel-3b1044d0-94b3-4d89-b611-4a63061c687c\"\n            data-bs-toggle=\"collapse\"\n            data-bs-target=\"#accordion-panel-3b1044d0-94b3-4d89-b611-4a63061c687c\"\n        >\n            <span class=\"accordion__title\">\n                                Signal Processing Applications in Radar and Communications (SPARC)            <\/span>\n\n            <svg aria-hidden=\"true\" focusable=\"false\" class=\"icon icon-outline icon--arrow-down \"><use xlink:href=\"https:\/\/www.uni.lu\/wp-content\/themes\/unilux-theme\/assets\/images\/icons\/icons-outline.svg#icon--arrow-down\"><\/use><\/svg>        <\/button>\n    <\/h3>\n    <div id=\"accordion-panel-3b1044d0-94b3-4d89-b611-4a63061c687c\"\n        class=\"accordion__collapse collapse\"\n        aria-labelledby=\"accordion-labelledby-3b1044d0-94b3-4d89-b611-4a63061c687c\"\n        data-bs-parent=\"[data-reference=&quot;70761e39-a108-4106-9541-c261f8ecd80d&quot;]\"\n    >\n        <div class=\"accordion__body \">\n            \n<h3 class=\"has-text-align-left wp-block-unilux-blocks-heading\"        id=\"leadership\"\n    >\nLeadership<\/h3>\n<div\n    data-nonce=\"898be529b6\"\n    id=\"people-card-list1777415498\"\n    class=\"people-card-list-automated\"\n    data-search-after=\"MYSORE RAMA RAO,50002712,10.894258\"\n    data-params=\"{&quot;size&quot;:6,&quot;byId&quot;:&quot;true&quot;,&quot;organization&quot;:&quot;SNT&quot;,&quot;department&quot;:&quot;SPARC&quot;,&quot;employeeGroup&quot;:&quot;1&quot;,&quot;employeeSubGroup&quot;:&quot;as&quot;}\"\n>\n    <ul class=\"flex flex-wrap -mx-16 people-card-list\">\n                    <li class=\"w-full sm:w-1\/2 lg:w-1\/3 px-16\">\n                <div class=\"ulux-card ulux-card-people bg-theme\">\n                    <div class=\"ulux-card__container\">\n                        <div class=\"ulux-card__visual\">\n                            <img\n                                class=\"w-full\"\n                                src=\"https:\/\/www.uni.lu\/en\/person-image\/NTAwMDI3MTJfX0JoYXZhbmkgU2hhbmthciBNWVNPUkUgUkFNQSBSQU8=--medium_large\"\n                                title=\"Bhavani Shankar MYSORE RAMA RAO\"\n                                alt=\"Bhavani Shankar MYSORE RAMA RAO featured image\"\n                                srcset=\"https:\/\/www.uni.lu\/en\/person-image\/NTAwMDI3MTJfX0JoYXZhbmkgU2hhbmthciBNWVNPUkUgUkFNQSBSQU8=--thumbnail 150w,https:\/\/www.uni.lu\/en\/person-image\/NTAwMDI3MTJfX0JoYXZhbmkgU2hhbmthciBNWVNPUkUgUkFNQSBSQU8=--medium 300w,https:\/\/www.uni.lu\/en\/person-image\/NTAwMDI3MTJfX0JoYXZhbmkgU2hhbmthciBNWVNPUkUgUkFNQSBSQU8=--medium_large 768w\"\n                                loading=\"lazy\"\n                            >\n                        <\/div>\n                        <div class=\"ulux-card__body card-people\">\n                            <h3 class=\"card__name\">\n                                Bhavani Shankar MYSORE RAMA RAO                            <\/h3>\n                            <p class=\"card__function\">\n                                Assistant professor                            <\/p>\n                            <p class=\"card__organization\">\n                                Interdisciplinary Centre for Security, Reliability and Trust                            <\/p>\n                            <a\n                                class=\"card__link link-text link-absolute\"\n                                href=\"https:\/\/www.uni.lu\/snt-en\/people\/bhavani-shankar-mysore-rama-rao\/\"\n                                title=\"Bhavani Shankar MYSORE RAMA RAO\"\n                            >\n                                <span class=\"link-text__name\">Learn more<\/span>\n                                <svg\n                                    aria-hidden=\"true\"\n                                    focusable=\"false\"\n                                    class=\"icon icon-outline icon--2xs\"\n                                >\n                                    <use xlink:href=\"https:\/\/www.uni.lu\/wp-content\/themes\/unilux-theme\/assets\/images\/icons\/icons-outline.svg#icon--arrow-right\" \/>\n                                <\/svg>\n                            <\/a>\n                        <\/div>\n                    <\/div>\n                <\/div>\n            <\/li>\n            <\/ul>\n    <\/div>\n<h3 class=\"has-text-align-left wp-block-unilux-blocks-heading\"        id=\"researchers\"\n    >\nResearchers<\/h3>\n<div\n    data-nonce=\"898be529b6\"\n    id=\"people-card-list1777415498\"\n    class=\"people-card-list-automated\"\n    data-search-after=\"HONG,50090168,10.894258\"\n    data-params=\"{&quot;size&quot;:6,&quot;byId&quot;:&quot;true&quot;,&quot;organization&quot;:&quot;SNT&quot;,&quot;department&quot;:&quot;SPARC&quot;,&quot;employeeGroup&quot;:&quot;1&quot;,&quot;employeeSubGroup&quot;:&quot;ap&quot;}\"\n>\n    <ul class=\"flex flex-wrap -mx-16 people-card-list\">\n                    <li class=\"w-full sm:w-1\/2 lg:w-1\/3 px-16\">\n                <div class=\"ulux-card ulux-card-people bg-theme\">\n                    <div class=\"ulux-card__container\">\n                        <div class=\"ulux-card__visual\">\n                            <img\n                                class=\"w-full\"\n                                src=\"https:\/\/www.uni.lu\/en\/person-image\/NTAwNjMyNTBfX01vZWluIEFITUFESQ==--medium_large\"\n                                title=\"Moein AHMADI\"\n                                alt=\"Moein AHMADI featured image\"\n                                srcset=\"https:\/\/www.uni.lu\/en\/person-image\/NTAwNjMyNTBfX01vZWluIEFITUFESQ==--thumbnail 150w,https:\/\/www.uni.lu\/en\/person-image\/NTAwNjMyNTBfX01vZWluIEFITUFESQ==--medium 300w,https:\/\/www.uni.lu\/en\/person-image\/NTAwNjMyNTBfX01vZWluIEFITUFESQ==--medium_large 768w\"\n                                loading=\"lazy\"\n                            >\n                        <\/div>\n                        <div class=\"ulux-card__body card-people\">\n                            <h3 class=\"card__name\">\n                                Moein AHMADI                            <\/h3>\n                            <p class=\"card__function\">\n                                Postdoctoral researcher                            <\/p>\n                            <p class=\"card__organization\">\n                                Interdisciplinary Centre for Security, Reliability and Trust                            <\/p>\n                            <a\n                                class=\"card__link link-text link-absolute\"\n                                href=\"https:\/\/www.uni.lu\/snt-en\/people\/moein-ahmadi\/\"\n                                title=\"Moein AHMADI\"\n                            >\n                                <span class=\"link-text__name\">Learn more<\/span>\n                                <svg\n                                    aria-hidden=\"true\"\n                                    focusable=\"false\"\n                                    class=\"icon icon-outline icon--2xs\"\n                                >\n                                    <use xlink:href=\"https:\/\/www.uni.lu\/wp-content\/themes\/unilux-theme\/assets\/images\/icons\/icons-outline.svg#icon--arrow-right\" \/>\n                                <\/svg>\n                            <\/a>\n                        <\/div>\n                    <\/div>\n                <\/div>\n            <\/li>\n                    <li class=\"w-full sm:w-1\/2 lg:w-1\/3 px-16\">\n                <div class=\"ulux-card ulux-card-people bg-theme\">\n                    <div class=\"ulux-card__container\">\n                        <div class=\"ulux-card__visual\">\n                            <img\n                                class=\"w-full\"\n                                src=\"https:\/\/www.uni.lu\/en\/person-image\/NTAwMzAzODhfX01vaGFtbWFkIEFMQUVF--medium_large\"\n                                title=\"Mohammad ALAEE\"\n                                alt=\"Mohammad ALAEE featured image\"\n                                srcset=\"https:\/\/www.uni.lu\/en\/person-image\/NTAwMzAzODhfX01vaGFtbWFkIEFMQUVF--thumbnail 150w,https:\/\/www.uni.lu\/en\/person-image\/NTAwMzAzODhfX01vaGFtbWFkIEFMQUVF--medium 300w,https:\/\/www.uni.lu\/en\/person-image\/NTAwMzAzODhfX01vaGFtbWFkIEFMQUVF--medium_large 768w\"\n                                loading=\"lazy\"\n                            >\n                        <\/div>\n                        <div class=\"ulux-card__body card-people\">\n                            <h3 class=\"card__name\">\n                                Mohammad ALAEE                            <\/h3>\n                            <p class=\"card__function\">\n                                Research scientist                            <\/p>\n                            <p class=\"card__organization\">\n                                Interdisciplinary Centre for Security, Reliability and Trust                            <\/p>\n                            <a\n                                class=\"card__link link-text link-absolute\"\n                                href=\"https:\/\/www.uni.lu\/snt-en\/people\/mohammad-alaee\/\"\n                                title=\"Mohammad ALAEE\"\n                            >\n                                <span class=\"link-text__name\">Learn more<\/span>\n                                <svg\n                                    aria-hidden=\"true\"\n                                    focusable=\"false\"\n                                    class=\"icon icon-outline icon--2xs\"\n                                >\n                                    <use xlink:href=\"https:\/\/www.uni.lu\/wp-content\/themes\/unilux-theme\/assets\/images\/icons\/icons-outline.svg#icon--arrow-right\" \/>\n                                <\/svg>\n                            <\/a>\n                        <\/div>\n                    <\/div>\n                <\/div>\n            <\/li>\n                    <li class=\"w-full sm:w-1\/2 lg:w-1\/3 px-16\">\n                <div class=\"ulux-card ulux-card-people bg-theme\">\n                    <div class=\"ulux-card__container\">\n                        <div class=\"ulux-card__visual\">\n                            <img\n                                class=\"w-full\"\n                                src=\"https:\/\/www.uni.lu\/en\/person-image\/NTAwNzU5NjVfX0p5b3RpIEJIQVRJQQ==--medium_large\"\n                                title=\"Jyoti BHATIA\"\n                                alt=\"Jyoti BHATIA featured image\"\n                                srcset=\"https:\/\/www.uni.lu\/en\/person-image\/NTAwNzU5NjVfX0p5b3RpIEJIQVRJQQ==--thumbnail 150w,https:\/\/www.uni.lu\/en\/person-image\/NTAwNzU5NjVfX0p5b3RpIEJIQVRJQQ==--medium 300w,https:\/\/www.uni.lu\/en\/person-image\/NTAwNzU5NjVfX0p5b3RpIEJIQVRJQQ==--medium_large 768w\"\n                                loading=\"lazy\"\n                            >\n                        <\/div>\n                        <div class=\"ulux-card__body card-people\">\n                            <h3 class=\"card__name\">\n                                Jyoti BHATIA                            <\/h3>\n                            <p class=\"card__function\">\n                                Doctoral researcher                            <\/p>\n                            <p class=\"card__organization\">\n                                Interdisciplinary Centre for Security, Reliability and Trust                            <\/p>\n                            <a\n                                class=\"card__link link-text link-absolute\"\n                                href=\"https:\/\/www.uni.lu\/snt-en\/people\/jyoti-bhatia\/\"\n                                title=\"Jyoti BHATIA\"\n                            >\n                                <span class=\"link-text__name\">Learn more<\/span>\n                                <svg\n                                    aria-hidden=\"true\"\n                                    focusable=\"false\"\n                                    class=\"icon icon-outline icon--2xs\"\n                                >\n                                    <use xlink:href=\"https:\/\/www.uni.lu\/wp-content\/themes\/unilux-theme\/assets\/images\/icons\/icons-outline.svg#icon--arrow-right\" \/>\n                                <\/svg>\n                            <\/a>\n                        <\/div>\n                    <\/div>\n                <\/div>\n            <\/li>\n                    <li class=\"w-full sm:w-1\/2 lg:w-1\/3 px-16\">\n                <div class=\"ulux-card ulux-card-people bg-theme\">\n                    <div class=\"ulux-card__container\">\n                        <div class=\"ulux-card__visual\">\n                            <img\n                                class=\"w-full\"\n                                src=\"https:\/\/www.uni.lu\/en\/person-image\/NTAwNjUyNzZfX1Rob21hcyBGRVVJTExFTg==--medium_large\"\n                                title=\"Thomas FEUILLEN\"\n                                alt=\"Thomas FEUILLEN featured image\"\n                                srcset=\"https:\/\/www.uni.lu\/en\/person-image\/NTAwNjUyNzZfX1Rob21hcyBGRVVJTExFTg==--thumbnail 150w,https:\/\/www.uni.lu\/en\/person-image\/NTAwNjUyNzZfX1Rob21hcyBGRVVJTExFTg==--medium 300w,https:\/\/www.uni.lu\/en\/person-image\/NTAwNjUyNzZfX1Rob21hcyBGRVVJTExFTg==--medium_large 768w\"\n                                loading=\"lazy\"\n                            >\n                        <\/div>\n                        <div class=\"ulux-card__body card-people\">\n                            <h3 class=\"card__name\">\n                                Thomas FEUILLEN                            <\/h3>\n                            <p class=\"card__function\">\n                                Research scientist                            <\/p>\n                            <p class=\"card__organization\">\n                                Interdisciplinary Centre for Security, Reliability and Trust                            <\/p>\n                            <a\n                                class=\"card__link link-text link-absolute\"\n                                href=\"https:\/\/www.uni.lu\/snt-en\/people\/thomas-feuillen\/\"\n                                title=\"Thomas FEUILLEN\"\n                            >\n                                <span class=\"link-text__name\">Learn more<\/span>\n                                <svg\n                                    aria-hidden=\"true\"\n                                    focusable=\"false\"\n                                    class=\"icon icon-outline icon--2xs\"\n                                >\n                                    <use xlink:href=\"https:\/\/www.uni.lu\/wp-content\/themes\/unilux-theme\/assets\/images\/icons\/icons-outline.svg#icon--arrow-right\" \/>\n                                <\/svg>\n                            <\/a>\n                        <\/div>\n                    <\/div>\n                <\/div>\n            <\/li>\n                    <li class=\"w-full sm:w-1\/2 lg:w-1\/3 px-16\">\n                <div class=\"ulux-card ulux-card-people bg-theme\">\n                    <div class=\"ulux-card__container\">\n                        <div class=\"ulux-card__visual\">\n                            <img\n                                class=\"w-full\"\n                                src=\"https:\/\/www.uni.lu\/en\/person-image\/NTAxMDA1MThfX01hcmNlbCBGT0xMTUFOTg==--medium_large\"\n                                title=\"Marcel FOLLMANN\"\n                                alt=\"Marcel FOLLMANN featured image\"\n                                srcset=\"https:\/\/www.uni.lu\/en\/person-image\/NTAxMDA1MThfX01hcmNlbCBGT0xMTUFOTg==--thumbnail 150w,https:\/\/www.uni.lu\/en\/person-image\/NTAxMDA1MThfX01hcmNlbCBGT0xMTUFOTg==--medium 300w,https:\/\/www.uni.lu\/en\/person-image\/NTAxMDA1MThfX01hcmNlbCBGT0xMTUFOTg==--medium_large 768w\"\n                                loading=\"lazy\"\n                            >\n                        <\/div>\n                        <div class=\"ulux-card__body card-people\">\n                            <h3 class=\"card__name\">\n                                Marcel FOLLMANN                            <\/h3>\n                            <p class=\"card__function\">\n                                Doctoral researcher                            <\/p>\n                            <p class=\"card__organization\">\n                                Interdisciplinary Centre for Security, Reliability and Trust                            <\/p>\n                            <a\n                                class=\"card__link link-text link-absolute\"\n                                href=\"https:\/\/www.uni.lu\/snt-en\/people\/marcel-follmann\/\"\n                                title=\"Marcel FOLLMANN\"\n                            >\n                                <span class=\"link-text__name\">Learn more<\/span>\n                                <svg\n                                    aria-hidden=\"true\"\n                                    focusable=\"false\"\n                                    class=\"icon icon-outline icon--2xs\"\n                                >\n                                    <use xlink:href=\"https:\/\/www.uni.lu\/wp-content\/themes\/unilux-theme\/assets\/images\/icons\/icons-outline.svg#icon--arrow-right\" \/>\n                                <\/svg>\n                            <\/a>\n                        <\/div>\n                    <\/div>\n                <\/div>\n            <\/li>\n                    <li class=\"w-full sm:w-1\/2 lg:w-1\/3 px-16\">\n                <div class=\"ulux-card ulux-card-people bg-theme\">\n                    <div class=\"ulux-card__container\">\n                        <div class=\"ulux-card__visual\">\n                            <img\n                                class=\"w-full\"\n                                src=\"https:\/\/www.uni.lu\/en\/person-image\/NTAwOTAxNjhfX0t5dW5nbWluIEhPTkc=--medium_large\"\n                                title=\"Kyungmin HONG\"\n                                alt=\"Kyungmin HONG featured image\"\n                                srcset=\"https:\/\/www.uni.lu\/en\/person-image\/NTAwOTAxNjhfX0t5dW5nbWluIEhPTkc=--thumbnail 150w,https:\/\/www.uni.lu\/en\/person-image\/NTAwOTAxNjhfX0t5dW5nbWluIEhPTkc=--medium 300w,https:\/\/www.uni.lu\/en\/person-image\/NTAwOTAxNjhfX0t5dW5nbWluIEhPTkc=--medium_large 768w\"\n                                loading=\"lazy\"\n                            >\n                        <\/div>\n                        <div class=\"ulux-card__body card-people\">\n                            <h3 class=\"card__name\">\n                                Kyungmin HONG                            <\/h3>\n                            <p class=\"card__function\">\n                                Doctoral researcher                            <\/p>\n                            <p class=\"card__organization\">\n                                Interdisciplinary Centre for Security, Reliability and Trust                            <\/p>\n                            <a\n                                class=\"card__link link-text link-absolute\"\n                                href=\"https:\/\/www.uni.lu\/snt-en\/people\/kyungmin-hong\/\"\n                                title=\"Kyungmin HONG\"\n                            >\n                                <span class=\"link-text__name\">Learn more<\/span>\n                                <svg\n                                    aria-hidden=\"true\"\n                                    focusable=\"false\"\n                                    class=\"icon icon-outline icon--2xs\"\n                                >\n                                    <use xlink:href=\"https:\/\/www.uni.lu\/wp-content\/themes\/unilux-theme\/assets\/images\/icons\/icons-outline.svg#icon--arrow-right\" \/>\n                                <\/svg>\n                            <\/a>\n                        <\/div>\n                    <\/div>\n                <\/div>\n            <\/li>\n            <\/ul>\n            <p class=\"text-center\">\n            <button class=\"btn btn--primary\">Load more<\/button>\n        <\/p>\n    <\/div>\n<h3 class=\"has-text-align-left wp-block-unilux-blocks-heading\"        id=\"technical-staff\"\n    >\nTechnical Staff<\/h3>\n<div\n    data-nonce=\"898be529b6\"\n    id=\"people-card-list1777415498\"\n    class=\"people-card-list-automated\"\n    data-search-after=\"KYAW,50094541,10.894258\"\n    data-params=\"{&quot;size&quot;:6,&quot;byId&quot;:&quot;true&quot;,&quot;organization&quot;:&quot;SNT&quot;,&quot;department&quot;:&quot;SPARC&quot;,&quot;employeeGroup&quot;:&quot;1&quot;,&quot;employeeSubGroup&quot;:&quot;ts&quot;}\"\n>\n    <ul class=\"flex flex-wrap -mx-16 people-card-list\">\n                    <li class=\"w-full sm:w-1\/2 lg:w-1\/3 px-16\">\n                <div class=\"ulux-card ulux-card-people bg-theme\">\n                    <div class=\"ulux-card__container\">\n                        <div class=\"ulux-card__visual\">\n                            <img\n                                class=\"w-full\"\n                                src=\"https:\/\/www.uni.lu\/en\/person-image\/NTAwOTQ1NDFfX01pbiBLWUFX--medium_large\"\n                                title=\"Min KYAW\"\n                                alt=\"Min KYAW featured image\"\n                                srcset=\"https:\/\/www.uni.lu\/en\/person-image\/NTAwOTQ1NDFfX01pbiBLWUFX--thumbnail 150w,https:\/\/www.uni.lu\/en\/person-image\/NTAwOTQ1NDFfX01pbiBLWUFX--medium 300w,https:\/\/www.uni.lu\/en\/person-image\/NTAwOTQ1NDFfX01pbiBLWUFX--medium_large 768w\"\n                                loading=\"lazy\"\n                            >\n                        <\/div>\n                        <div class=\"ulux-card__body card-people\">\n                            <h3 class=\"card__name\">\n                                Min KYAW                            <\/h3>\n                            <p class=\"card__function\">\n                                Research Support Technician                            <\/p>\n                            <p class=\"card__organization\">\n                                Interdisciplinary Centre for Security, Reliability and Trust                            <\/p>\n                            <a\n                                class=\"card__link link-text link-absolute\"\n                                href=\"https:\/\/www.uni.lu\/snt-en\/people\/min-kyaw\/\"\n                                title=\"Min KYAW\"\n                            >\n                                <span class=\"link-text__name\">Learn more<\/span>\n                                <svg\n                                    aria-hidden=\"true\"\n                                    focusable=\"false\"\n                                    class=\"icon icon-outline icon--2xs\"\n                                >\n                                    <use xlink:href=\"https:\/\/www.uni.lu\/wp-content\/themes\/unilux-theme\/assets\/images\/icons\/icons-outline.svg#icon--arrow-right\" \/>\n                                <\/svg>\n                            <\/a>\n                        <\/div>\n                    <\/div>\n                <\/div>\n            <\/li>\n            <\/ul>\n    <\/div>        <\/div>\n    <\/div>\n<\/div>\n\n<div class=\"accordion__item  wp-block-unilux-blocks-accordion-item\">\n    <h3 class=\"accordion__header\"\n                    id=\"sociotechnical-cybersecurity-irisc\"\n        >\n        <button\n            type=\"button\"\n            id=\"accordion-labelledby-390e9e24-5405-4b7d-85b8-c4fb998c62ee\"\n            class=\"accordion__button collapsed\"\n            aria-expanded=\"false\"\n            aria-controls=\"accordion-panel-390e9e24-5405-4b7d-85b8-c4fb998c62ee\"\n            data-bs-toggle=\"collapse\"\n            data-bs-target=\"#accordion-panel-390e9e24-5405-4b7d-85b8-c4fb998c62ee\"\n        >\n            <span class=\"accordion__title\">\n                                Sociotechnical Cybersecurity (IRiSC)            <\/span>\n\n            <svg aria-hidden=\"true\" focusable=\"false\" class=\"icon icon-outline icon--arrow-down \"><use xlink:href=\"https:\/\/www.uni.lu\/wp-content\/themes\/unilux-theme\/assets\/images\/icons\/icons-outline.svg#icon--arrow-down\"><\/use><\/svg>        <\/button>\n    <\/h3>\n    <div id=\"accordion-panel-390e9e24-5405-4b7d-85b8-c4fb998c62ee\"\n        class=\"accordion__collapse collapse\"\n        aria-labelledby=\"accordion-labelledby-390e9e24-5405-4b7d-85b8-c4fb998c62ee\"\n        data-bs-parent=\"[data-reference=&quot;70761e39-a108-4106-9541-c261f8ecd80d&quot;]\"\n    >\n        <div class=\"accordion__body \">\n            \n<h3 class=\"has-text-align-left wp-block-unilux-blocks-heading\"        id=\"leadership\"\n    >\nLeadership<\/h3>\n<div\n    data-nonce=\"898be529b6\"\n    id=\"people-card-list1777415498\"\n    class=\"people-card-list-automated\"\n    data-search-after=\"LENZINI,50002200,11.56333\"\n    data-params=\"{&quot;size&quot;:6,&quot;byId&quot;:&quot;true&quot;,&quot;organization&quot;:&quot;SNT&quot;,&quot;department&quot;:&quot;IRiSC&quot;,&quot;employeeGroup&quot;:&quot;1&quot;,&quot;employeeSubGroup&quot;:&quot;as&quot;}\"\n>\n    <ul class=\"flex flex-wrap -mx-16 people-card-list\">\n                    <li class=\"w-full sm:w-1\/2 lg:w-1\/3 px-16\">\n                <div class=\"ulux-card ulux-card-people bg-theme\">\n                    <div class=\"ulux-card__container\">\n                        <div class=\"ulux-card__visual\">\n                            <img\n                                class=\"w-full\"\n                                src=\"https:\/\/www.uni.lu\/en\/person-image\/NTAwMDIyMDBfX0dhYnJpZWxlIExFTlpJTkk=--medium_large\"\n                                title=\"Gabriele LENZINI\"\n                                alt=\"Gabriele LENZINI featured image\"\n                                srcset=\"https:\/\/www.uni.lu\/en\/person-image\/NTAwMDIyMDBfX0dhYnJpZWxlIExFTlpJTkk=--thumbnail 150w,https:\/\/www.uni.lu\/en\/person-image\/NTAwMDIyMDBfX0dhYnJpZWxlIExFTlpJTkk=--medium 300w,https:\/\/www.uni.lu\/en\/person-image\/NTAwMDIyMDBfX0dhYnJpZWxlIExFTlpJTkk=--medium_large 768w\"\n                                loading=\"lazy\"\n                            >\n                        <\/div>\n                        <div class=\"ulux-card__body card-people\">\n                            <h3 class=\"card__name\">\n                                Gabriele LENZINI                            <\/h3>\n                            <p class=\"card__function\">\n                                Associate professor\/Chief scientist 2                            <\/p>\n                            <p class=\"card__organization\">\n                                Interdisciplinary Centre for Security, Reliability and Trust                            <\/p>\n                            <a\n                                class=\"card__link link-text link-absolute\"\n                                href=\"https:\/\/www.uni.lu\/snt-en\/people\/gabriele-lenzini\/\"\n                                title=\"Gabriele LENZINI\"\n                            >\n                                <span class=\"link-text__name\">Learn more<\/span>\n                                <svg\n                                    aria-hidden=\"true\"\n                                    focusable=\"false\"\n                                    class=\"icon icon-outline icon--2xs\"\n                                >\n                                    <use xlink:href=\"https:\/\/www.uni.lu\/wp-content\/themes\/unilux-theme\/assets\/images\/icons\/icons-outline.svg#icon--arrow-right\" \/>\n                                <\/svg>\n                            <\/a>\n                        <\/div>\n                    <\/div>\n                <\/div>\n            <\/li>\n            <\/ul>\n    <\/div>\n<h3 class=\"has-text-align-left wp-block-unilux-blocks-heading\"        id=\"researchers\"\n    >\nResearchers<\/h3>\n<div\n    data-nonce=\"898be529b6\"\n    id=\"people-card-list1777415498\"\n    class=\"people-card-list-automated\"\n    data-search-after=\"JERBI,50072489,11.56333\"\n    data-params=\"{&quot;size&quot;:6,&quot;byId&quot;:&quot;true&quot;,&quot;organization&quot;:&quot;SNT&quot;,&quot;department&quot;:&quot;IRiSC&quot;,&quot;employeeGroup&quot;:&quot;1&quot;,&quot;employeeSubGroup&quot;:&quot;ap&quot;}\"\n>\n    <ul class=\"flex flex-wrap -mx-16 people-card-list\">\n                    <li class=\"w-full sm:w-1\/2 lg:w-1\/3 px-16\">\n                <div class=\"ulux-card ulux-card-people bg-theme\">\n                    <div class=\"ulux-card__container\">\n                        <div class=\"ulux-card__visual\">\n                            <img\n                                class=\"w-full\"\n                                src=\"https:\/\/www.uni.lu\/en\/person-image\/NTAwNDUwMzZfX1l1d2VpIENIVUFJ--medium_large\"\n                                title=\"Yuwei CHUAI\"\n                                alt=\"Yuwei CHUAI featured image\"\n                                srcset=\"https:\/\/www.uni.lu\/en\/person-image\/NTAwNDUwMzZfX1l1d2VpIENIVUFJ--thumbnail 150w,https:\/\/www.uni.lu\/en\/person-image\/NTAwNDUwMzZfX1l1d2VpIENIVUFJ--medium 300w,https:\/\/www.uni.lu\/en\/person-image\/NTAwNDUwMzZfX1l1d2VpIENIVUFJ--medium_large 768w\"\n                                loading=\"lazy\"\n                            >\n                        <\/div>\n                        <div class=\"ulux-card__body card-people\">\n                            <h3 class=\"card__name\">\n                                Yuwei CHUAI                            <\/h3>\n                            <p class=\"card__function\">\n                                Doctoral researcher                            <\/p>\n                            <p class=\"card__organization\">\n                                Interdisciplinary Centre for Security, Reliability and Trust                            <\/p>\n                            <a\n                                class=\"card__link link-text link-absolute\"\n                                href=\"https:\/\/www.uni.lu\/snt-en\/people\/yuwei-chuai\/\"\n                                title=\"Yuwei CHUAI\"\n                            >\n                                <span class=\"link-text__name\">Learn more<\/span>\n                                <svg\n                                    aria-hidden=\"true\"\n                                    focusable=\"false\"\n                                    class=\"icon icon-outline icon--2xs\"\n                                >\n                                    <use xlink:href=\"https:\/\/www.uni.lu\/wp-content\/themes\/unilux-theme\/assets\/images\/icons\/icons-outline.svg#icon--arrow-right\" \/>\n                                <\/svg>\n                            <\/a>\n                        <\/div>\n                    <\/div>\n                <\/div>\n            <\/li>\n                    <li class=\"w-full sm:w-1\/2 lg:w-1\/3 px-16\">\n                <div class=\"ulux-card ulux-card-people bg-theme\">\n                    <div class=\"ulux-card__container\">\n                        <div class=\"ulux-card__visual\">\n                            <img\n                                class=\"w-full\"\n                                src=\"https:\/\/www.uni.lu\/en\/person-image\/NTAwNDc2NzJfX1NvdW1pYSBab2hyYSBFTCBNRVNUQVJJ--medium_large\"\n                                title=\"Soumia Zohra EL MESTARI\"\n                                alt=\"Soumia Zohra EL MESTARI featured image\"\n                                srcset=\"https:\/\/www.uni.lu\/en\/person-image\/NTAwNDc2NzJfX1NvdW1pYSBab2hyYSBFTCBNRVNUQVJJ--thumbnail 150w,https:\/\/www.uni.lu\/en\/person-image\/NTAwNDc2NzJfX1NvdW1pYSBab2hyYSBFTCBNRVNUQVJJ--medium 300w,https:\/\/www.uni.lu\/en\/person-image\/NTAwNDc2NzJfX1NvdW1pYSBab2hyYSBFTCBNRVNUQVJJ--medium_large 768w\"\n                                loading=\"lazy\"\n                            >\n                        <\/div>\n                        <div class=\"ulux-card__body card-people\">\n                            <h3 class=\"card__name\">\n                                Soumia Zohra EL MESTARI                            <\/h3>\n                            <p class=\"card__function\">\n                                Research and Development Specialist                            <\/p>\n                            <p class=\"card__organization\">\n                                Interdisciplinary Centre for Security, Reliability and Trust                            <\/p>\n                            <a\n                                class=\"card__link link-text link-absolute\"\n                                href=\"https:\/\/www.uni.lu\/snt-en\/people\/soumia-zohra-el-mestari\/\"\n                                title=\"Soumia Zohra EL MESTARI\"\n                            >\n                                <span class=\"link-text__name\">Learn more<\/span>\n                                <svg\n                                    aria-hidden=\"true\"\n                                    focusable=\"false\"\n                                    class=\"icon icon-outline icon--2xs\"\n                                >\n                                    <use xlink:href=\"https:\/\/www.uni.lu\/wp-content\/themes\/unilux-theme\/assets\/images\/icons\/icons-outline.svg#icon--arrow-right\" \/>\n                                <\/svg>\n                            <\/a>\n                        <\/div>\n                    <\/div>\n                <\/div>\n            <\/li>\n                    <li class=\"w-full sm:w-1\/2 lg:w-1\/3 px-16\">\n                <div class=\"ulux-card ulux-card-people bg-theme\">\n                    <div class=\"ulux-card__container\">\n                        <div class=\"ulux-card__visual\">\n                            <img\n                                class=\"w-full\"\n                                src=\"https:\/\/www.uni.lu\/en\/person-image\/NTAwOTMyMDVfX1NlbGVuZSBGQUxDSEVUVEk=--medium_large\"\n                                title=\"Selene FALCHETTI\"\n                                alt=\"Selene FALCHETTI featured image\"\n                                srcset=\"https:\/\/www.uni.lu\/en\/person-image\/NTAwOTMyMDVfX1NlbGVuZSBGQUxDSEVUVEk=--thumbnail 150w,https:\/\/www.uni.lu\/en\/person-image\/NTAwOTMyMDVfX1NlbGVuZSBGQUxDSEVUVEk=--medium 300w,https:\/\/www.uni.lu\/en\/person-image\/NTAwOTMyMDVfX1NlbGVuZSBGQUxDSEVUVEk=--medium_large 768w\"\n                                loading=\"lazy\"\n                            >\n                        <\/div>\n                        <div class=\"ulux-card__body card-people\">\n                            <h3 class=\"card__name\">\n                                Selene FALCHETTI                            <\/h3>\n                            <p class=\"card__function\">\n                                Doctoral researcher                            <\/p>\n                            <p class=\"card__organization\">\n                                Interdisciplinary Centre for Security, Reliability and Trust                            <\/p>\n                            <a\n                                class=\"card__link link-text link-absolute\"\n                                href=\"https:\/\/www.uni.lu\/snt-en\/people\/selene-falchetti\/\"\n                                title=\"Selene FALCHETTI\"\n                            >\n                                <span class=\"link-text__name\">Learn more<\/span>\n                                <svg\n                                    aria-hidden=\"true\"\n                                    focusable=\"false\"\n                                    class=\"icon icon-outline icon--2xs\"\n                                >\n                                    <use xlink:href=\"https:\/\/www.uni.lu\/wp-content\/themes\/unilux-theme\/assets\/images\/icons\/icons-outline.svg#icon--arrow-right\" \/>\n                                <\/svg>\n                            <\/a>\n                        <\/div>\n                    <\/div>\n                <\/div>\n            <\/li>\n                    <li class=\"w-full sm:w-1\/2 lg:w-1\/3 px-16\">\n                <div class=\"ulux-card ulux-card-people bg-theme\">\n                    <div class=\"ulux-card__container\">\n                        <div class=\"ulux-card__visual\">\n                            <img\n                                class=\"w-full\"\n                                src=\"https:\/\/www.uni.lu\/en\/person-image\/NTAwODc4MDFfX0hpY2hhbSBIQU1NT1VDSEk=--medium_large\"\n                                title=\"Hicham HAMMOUCHI\"\n                                alt=\"Hicham HAMMOUCHI featured image\"\n                                srcset=\"https:\/\/www.uni.lu\/en\/person-image\/NTAwODc4MDFfX0hpY2hhbSBIQU1NT1VDSEk=--thumbnail 150w,https:\/\/www.uni.lu\/en\/person-image\/NTAwODc4MDFfX0hpY2hhbSBIQU1NT1VDSEk=--medium 300w,https:\/\/www.uni.lu\/en\/person-image\/NTAwODc4MDFfX0hpY2hhbSBIQU1NT1VDSEk=--medium_large 768w\"\n                                loading=\"lazy\"\n                            >\n                        <\/div>\n                        <div class=\"ulux-card__body card-people\">\n                            <h3 class=\"card__name\">\n                                Hicham HAMMOUCHI                            <\/h3>\n                            <p class=\"card__function\">\n                                Postdoctoral researcher                            <\/p>\n                            <p class=\"card__organization\">\n                                Interdisciplinary Centre for Security, Reliability and Trust                            <\/p>\n                            <a\n                                class=\"card__link link-text link-absolute\"\n                                href=\"https:\/\/www.uni.lu\/snt-en\/people\/hicham-hammouchi\/\"\n                                title=\"Hicham HAMMOUCHI\"\n                            >\n                                <span class=\"link-text__name\">Learn more<\/span>\n                                <svg\n                                    aria-hidden=\"true\"\n                                    focusable=\"false\"\n                                    class=\"icon icon-outline icon--2xs\"\n                                >\n                                    <use xlink:href=\"https:\/\/www.uni.lu\/wp-content\/themes\/unilux-theme\/assets\/images\/icons\/icons-outline.svg#icon--arrow-right\" \/>\n                                <\/svg>\n                            <\/a>\n                        <\/div>\n                    <\/div>\n                <\/div>\n            <\/li>\n                    <li class=\"w-full sm:w-1\/2 lg:w-1\/3 px-16\">\n                <div class=\"ulux-card ulux-card-people bg-theme\">\n                    <div class=\"ulux-card__container\">\n                        <div class=\"ulux-card__visual\">\n                            <img\n                                class=\"w-full\"\n                                src=\"https:\/\/www.uni.lu\/en\/person-image\/NTAwMDIwMDJfX1N2aWF0bGFuYSBIT0VITg==--medium_large\"\n                                title=\"Sviatlana HOEHN\"\n                                alt=\"Sviatlana HOEHN featured image\"\n                                srcset=\"https:\/\/www.uni.lu\/en\/person-image\/NTAwMDIwMDJfX1N2aWF0bGFuYSBIT0VITg==--thumbnail 150w,https:\/\/www.uni.lu\/en\/person-image\/NTAwMDIwMDJfX1N2aWF0bGFuYSBIT0VITg==--medium 300w,https:\/\/www.uni.lu\/en\/person-image\/NTAwMDIwMDJfX1N2aWF0bGFuYSBIT0VITg==--medium_large 768w\"\n                                loading=\"lazy\"\n                            >\n                        <\/div>\n                        <div class=\"ulux-card__body card-people\">\n                            <h3 class=\"card__name\">\n                                Sviatlana HOEHN                            <\/h3>\n                            <p class=\"card__function\">\n                                Postdoctoral researcher                            <\/p>\n                            <p class=\"card__organization\">\n                                Interdisciplinary Centre for Security, Reliability and Trust                            <\/p>\n                            <a\n                                class=\"card__link link-text link-absolute\"\n                                href=\"https:\/\/www.uni.lu\/snt-en\/people\/sviatlana-hoehn\/\"\n                                title=\"Sviatlana HOEHN\"\n                            >\n                                <span class=\"link-text__name\">Learn more<\/span>\n                                <svg\n                                    aria-hidden=\"true\"\n                                    focusable=\"false\"\n                                    class=\"icon icon-outline icon--2xs\"\n                                >\n                                    <use xlink:href=\"https:\/\/www.uni.lu\/wp-content\/themes\/unilux-theme\/assets\/images\/icons\/icons-outline.svg#icon--arrow-right\" \/>\n                                <\/svg>\n                            <\/a>\n                        <\/div>\n                    <\/div>\n                <\/div>\n            <\/li>\n                    <li class=\"w-full sm:w-1\/2 lg:w-1\/3 px-16\">\n                <div class=\"ulux-card ulux-card-people bg-theme\">\n                    <div class=\"ulux-card__container\">\n                        <div class=\"ulux-card__visual\">\n                            <img\n                                class=\"w-full\"\n                                src=\"https:\/\/www.uni.lu\/en\/person-image\/NTAwNzI0ODlfX01hbmVsIEpFUkJJ--medium_large\"\n                                title=\"Manel JERBI\"\n                                alt=\"Manel JERBI featured image\"\n                                srcset=\"https:\/\/www.uni.lu\/en\/person-image\/NTAwNzI0ODlfX01hbmVsIEpFUkJJ--thumbnail 150w,https:\/\/www.uni.lu\/en\/person-image\/NTAwNzI0ODlfX01hbmVsIEpFUkJJ--medium 300w,https:\/\/www.uni.lu\/en\/person-image\/NTAwNzI0ODlfX01hbmVsIEpFUkJJ--medium_large 768w\"\n                                loading=\"lazy\"\n                            >\n                        <\/div>\n                        <div class=\"ulux-card__body card-people\">\n                            <h3 class=\"card__name\">\n                                Manel JERBI                            <\/h3>\n                            <p class=\"card__function\">\n                                Postdoctoral researcher                            <\/p>\n                            <p class=\"card__organization\">\n                                Interdisciplinary Centre for Security, Reliability and Trust                            <\/p>\n                            <a\n                                class=\"card__link link-text link-absolute\"\n                                href=\"https:\/\/www.uni.lu\/snt-en\/people\/manel-jerbi\/\"\n                                title=\"Manel JERBI\"\n                            >\n                                <span class=\"link-text__name\">Learn more<\/span>\n                                <svg\n                                    aria-hidden=\"true\"\n                                    focusable=\"false\"\n                                    class=\"icon icon-outline icon--2xs\"\n                                >\n                                    <use xlink:href=\"https:\/\/www.uni.lu\/wp-content\/themes\/unilux-theme\/assets\/images\/icons\/icons-outline.svg#icon--arrow-right\" \/>\n                                <\/svg>\n                            <\/a>\n                        <\/div>\n                    <\/div>\n                <\/div>\n            <\/li>\n            <\/ul>\n            <p class=\"text-center\">\n            <button class=\"btn btn--primary\">Load more<\/button>\n        <\/p>\n    <\/div>        <\/div>\n    <\/div>\n<\/div>\n\n<div class=\"accordion__item  wp-block-unilux-blocks-accordion-item\">\n    <h3 class=\"accordion__header\"\n                    id=\"software-verification-and-validation-svv\"\n        >\n        <button\n            type=\"button\"\n            id=\"accordion-labelledby-23476e60-c86f-488d-937c-773500478c06\"\n            class=\"accordion__button collapsed\"\n            aria-expanded=\"false\"\n            aria-controls=\"accordion-panel-23476e60-c86f-488d-937c-773500478c06\"\n            data-bs-toggle=\"collapse\"\n            data-bs-target=\"#accordion-panel-23476e60-c86f-488d-937c-773500478c06\"\n        >\n            <span class=\"accordion__title\">\n                                Software Verification and Validation (SVV)            <\/span>\n\n            <svg aria-hidden=\"true\" focusable=\"false\" class=\"icon icon-outline icon--arrow-down \"><use xlink:href=\"https:\/\/www.uni.lu\/wp-content\/themes\/unilux-theme\/assets\/images\/icons\/icons-outline.svg#icon--arrow-down\"><\/use><\/svg>        <\/button>\n    <\/h3>\n    <div id=\"accordion-panel-23476e60-c86f-488d-937c-773500478c06\"\n        class=\"accordion__collapse collapse\"\n        aria-labelledby=\"accordion-labelledby-23476e60-c86f-488d-937c-773500478c06\"\n        data-bs-parent=\"[data-reference=&quot;70761e39-a108-4106-9541-c261f8ecd80d&quot;]\"\n    >\n        <div class=\"accordion__body \">\n            \n<h3 class=\"has-text-align-left wp-block-unilux-blocks-heading\"        id=\"leadership\"\n    >\nLeadership<\/h3>\n<div\n    data-nonce=\"898be529b6\"\n    id=\"people-card-list1777415498\"\n    class=\"people-card-list-automated\"\n    data-search-after=\"PASTORE,50002817,10.415163\"\n    data-params=\"{&quot;size&quot;:6,&quot;byId&quot;:&quot;true&quot;,&quot;organization&quot;:&quot;SNT&quot;,&quot;department&quot;:&quot;SVV&quot;,&quot;employeeGroup&quot;:&quot;1&quot;,&quot;employeeSubGroup&quot;:&quot;as&quot;}\"\n>\n    <ul class=\"flex flex-wrap -mx-16 people-card-list\">\n                    <li class=\"w-full sm:w-1\/2 lg:w-1\/3 px-16\">\n                <div class=\"ulux-card ulux-card-people bg-theme\">\n                    <div class=\"ulux-card__container\">\n                        <div class=\"ulux-card__visual\">\n                            <img\n                                class=\"w-full\"\n                                src=\"https:\/\/www.uni.lu\/en\/person-image\/NTAwMDA3NzlfX0RvbWVuaWNvIEJJQU5DVUxMSQ==--medium_large\"\n                                title=\"Domenico BIANCULLI\"\n                                alt=\"Domenico BIANCULLI featured image\"\n                                srcset=\"https:\/\/www.uni.lu\/en\/person-image\/NTAwMDA3NzlfX0RvbWVuaWNvIEJJQU5DVUxMSQ==--thumbnail 150w,https:\/\/www.uni.lu\/en\/person-image\/NTAwMDA3NzlfX0RvbWVuaWNvIEJJQU5DVUxMSQ==--medium 300w,https:\/\/www.uni.lu\/en\/person-image\/NTAwMDA3NzlfX0RvbWVuaWNvIEJJQU5DVUxMSQ==--medium_large 768w\"\n                                loading=\"lazy\"\n                            >\n                        <\/div>\n                        <div class=\"ulux-card__body card-people\">\n                            <h3 class=\"card__name\">\n                                Domenico BIANCULLI                            <\/h3>\n                            <p class=\"card__function\">\n                                Associate professor\/ Chief scientist 2 Software Engineering                            <\/p>\n                            <p class=\"card__organization\">\n                                Interdisciplinary Centre for Security, Reliability and Trust                            <\/p>\n                            <a\n                                class=\"card__link link-text link-absolute\"\n                                href=\"https:\/\/www.uni.lu\/snt-en\/people\/domenico-bianculli\/\"\n                                title=\"Domenico BIANCULLI\"\n                            >\n                                <span class=\"link-text__name\">Learn more<\/span>\n                                <svg\n                                    aria-hidden=\"true\"\n                                    focusable=\"false\"\n                                    class=\"icon icon-outline icon--2xs\"\n                                >\n                                    <use xlink:href=\"https:\/\/www.uni.lu\/wp-content\/themes\/unilux-theme\/assets\/images\/icons\/icons-outline.svg#icon--arrow-right\" \/>\n                                <\/svg>\n                            <\/a>\n                        <\/div>\n                    <\/div>\n                <\/div>\n            <\/li>\n                    <li class=\"w-full sm:w-1\/2 lg:w-1\/3 px-16\">\n                <div class=\"ulux-card ulux-card-people bg-theme\">\n                    <div class=\"ulux-card__container\">\n                        <div class=\"ulux-card__visual\">\n                            <img\n                                class=\"w-full\"\n                                src=\"https:\/\/www.uni.lu\/en\/person-image\/NTAwMDI4MTdfX0ZhYnJpemlvIFBBU1RPUkU=--medium_large\"\n                                title=\"Fabrizio PASTORE\"\n                                alt=\"Fabrizio PASTORE featured image\"\n                                srcset=\"https:\/\/www.uni.lu\/en\/person-image\/NTAwMDI4MTdfX0ZhYnJpemlvIFBBU1RPUkU=--thumbnail 150w,https:\/\/www.uni.lu\/en\/person-image\/NTAwMDI4MTdfX0ZhYnJpemlvIFBBU1RPUkU=--medium 300w,https:\/\/www.uni.lu\/en\/person-image\/NTAwMDI4MTdfX0ZhYnJpemlvIFBBU1RPUkU=--medium_large 768w\"\n                                loading=\"lazy\"\n                            >\n                        <\/div>\n                        <div class=\"ulux-card__body card-people\">\n                            <h3 class=\"card__name\">\n                                Fabrizio PASTORE                            <\/h3>\n                            <p class=\"card__function\">\n                                Chief scientist 2 in Software Engineering                            <\/p>\n                            <p class=\"card__organization\">\n                                Interdisciplinary Centre for Security, Reliability and Trust                            <\/p>\n                            <a\n                                class=\"card__link link-text link-absolute\"\n                                href=\"https:\/\/www.uni.lu\/snt-en\/people\/fabrizio-pastore\/\"\n                                title=\"Fabrizio PASTORE\"\n                            >\n                                <span class=\"link-text__name\">Learn more<\/span>\n                                <svg\n                                    aria-hidden=\"true\"\n                                    focusable=\"false\"\n                                    class=\"icon icon-outline icon--2xs\"\n                                >\n                                    <use xlink:href=\"https:\/\/www.uni.lu\/wp-content\/themes\/unilux-theme\/assets\/images\/icons\/icons-outline.svg#icon--arrow-right\" \/>\n                                <\/svg>\n                            <\/a>\n                        <\/div>\n                    <\/div>\n                <\/div>\n            <\/li>\n            <\/ul>\n    <\/div>\n<h3 class=\"has-text-align-left wp-block-unilux-blocks-heading\"        id=\"researchers\"\n    >\nResearchers<\/h3>\n<div\n    data-nonce=\"898be529b6\"\n    id=\"people-card-list1777415498\"\n    class=\"people-card-list-automated\"\n    data-search-after=\"CORRADINI,50090173,10.415163\"\n    data-params=\"{&quot;size&quot;:6,&quot;byId&quot;:&quot;true&quot;,&quot;organization&quot;:&quot;SNT&quot;,&quot;department&quot;:&quot;SVV&quot;,&quot;employeeGroup&quot;:&quot;1&quot;,&quot;employeeSubGroup&quot;:&quot;ap&quot;}\"\n>\n    <ul class=\"flex flex-wrap -mx-16 people-card-list\">\n                    <li class=\"w-full sm:w-1\/2 lg:w-1\/3 px-16\">\n                <div class=\"ulux-card ulux-card-people bg-theme\">\n                    <div class=\"ulux-card__container\">\n                        <div class=\"ulux-card__visual\">\n                            <img\n                                class=\"w-full\"\n                                src=\"https:\/\/www.uni.lu\/en\/person-image\/NTAwMjk0OTZfX1NhbGxhbSBBQlVBTEhBSUpB--medium_large\"\n                                title=\"Sallam ABUALHAIJA\"\n                                alt=\"Sallam ABUALHAIJA featured image\"\n                                srcset=\"https:\/\/www.uni.lu\/en\/person-image\/NTAwMjk0OTZfX1NhbGxhbSBBQlVBTEhBSUpB--thumbnail 150w,https:\/\/www.uni.lu\/en\/person-image\/NTAwMjk0OTZfX1NhbGxhbSBBQlVBTEhBSUpB--medium 300w,https:\/\/www.uni.lu\/en\/person-image\/NTAwMjk0OTZfX1NhbGxhbSBBQlVBTEhBSUpB--medium_large 768w\"\n                                loading=\"lazy\"\n                            >\n                        <\/div>\n                        <div class=\"ulux-card__body card-people\">\n                            <h3 class=\"card__name\">\n                                Sallam ABUALHAIJA                            <\/h3>\n                            <p class=\"card__function\">\n                                Research scientist                            <\/p>\n                            <p class=\"card__organization\">\n                                Interdisciplinary Centre for Security, Reliability and Trust                            <\/p>\n                            <a\n                                class=\"card__link link-text link-absolute\"\n                                href=\"https:\/\/www.uni.lu\/snt-en\/people\/sallam-abualhaija\/\"\n                                title=\"Sallam ABUALHAIJA\"\n                            >\n                                <span class=\"link-text__name\">Learn more<\/span>\n                                <svg\n                                    aria-hidden=\"true\"\n                                    focusable=\"false\"\n                                    class=\"icon icon-outline icon--2xs\"\n                                >\n                                    <use xlink:href=\"https:\/\/www.uni.lu\/wp-content\/themes\/unilux-theme\/assets\/images\/icons\/icons-outline.svg#icon--arrow-right\" \/>\n                                <\/svg>\n                            <\/a>\n                        <\/div>\n                    <\/div>\n                <\/div>\n            <\/li>\n                    <li class=\"w-full sm:w-1\/2 lg:w-1\/3 px-16\">\n                <div class=\"ulux-card ulux-card-people bg-theme\">\n                    <div class=\"ulux-card__container\">\n                        <div class=\"ulux-card__visual\">\n                            <img\n                                class=\"w-full\"\n                                src=\"https:\/\/www.uni.lu\/en\/person-image\/NTAwNDM5NzNfX01vaGFtbWVkIE91YWxpZCBBVFRBT1VJ--medium_large\"\n                                title=\"Mohammed Oualid ATTAOUI\"\n                                alt=\"Mohammed Oualid ATTAOUI featured image\"\n                                srcset=\"https:\/\/www.uni.lu\/en\/person-image\/NTAwNDM5NzNfX01vaGFtbWVkIE91YWxpZCBBVFRBT1VJ--thumbnail 150w,https:\/\/www.uni.lu\/en\/person-image\/NTAwNDM5NzNfX01vaGFtbWVkIE91YWxpZCBBVFRBT1VJ--medium 300w,https:\/\/www.uni.lu\/en\/person-image\/NTAwNDM5NzNfX01vaGFtbWVkIE91YWxpZCBBVFRBT1VJ--medium_large 768w\"\n                                loading=\"lazy\"\n                            >\n                        <\/div>\n                        <div class=\"ulux-card__body card-people\">\n                            <h3 class=\"card__name\">\n                                Mohammed Oualid ATTAOUI                            <\/h3>\n                            <p class=\"card__function\">\n                                Postdoctoral researcher                            <\/p>\n                            <p class=\"card__organization\">\n                                Interdisciplinary Centre for Security, Reliability and Trust                            <\/p>\n                            <a\n                                class=\"card__link link-text link-absolute\"\n                                href=\"https:\/\/www.uni.lu\/snt-en\/people\/mohammed-oualid-attaoui\/\"\n                                title=\"Mohammed Oualid ATTAOUI\"\n                            >\n                                <span class=\"link-text__name\">Learn more<\/span>\n                                <svg\n                                    aria-hidden=\"true\"\n                                    focusable=\"false\"\n                                    class=\"icon icon-outline icon--2xs\"\n                                >\n                                    <use xlink:href=\"https:\/\/www.uni.lu\/wp-content\/themes\/unilux-theme\/assets\/images\/icons\/icons-outline.svg#icon--arrow-right\" \/>\n                                <\/svg>\n                            <\/a>\n                        <\/div>\n                    <\/div>\n                <\/div>\n            <\/li>\n                    <li class=\"w-full sm:w-1\/2 lg:w-1\/3 px-16\">\n                <div class=\"ulux-card ulux-card-people bg-theme\">\n                    <div class=\"ulux-card__container\">\n                        <div class=\"ulux-card__visual\">\n                            <img\n                                class=\"w-full\"\n                                src=\"https:\/\/www.uni.lu\/en\/person-image\/NTAxMDAzMTBfX1NhcnRoYWsgQkFORVJKRUU=--medium_large\"\n                                title=\"Sarthak BANERJEE\"\n                                alt=\"Sarthak BANERJEE featured image\"\n                                srcset=\"https:\/\/www.uni.lu\/en\/person-image\/NTAxMDAzMTBfX1NhcnRoYWsgQkFORVJKRUU=--thumbnail 150w,https:\/\/www.uni.lu\/en\/person-image\/NTAxMDAzMTBfX1NhcnRoYWsgQkFORVJKRUU=--medium 300w,https:\/\/www.uni.lu\/en\/person-image\/NTAxMDAzMTBfX1NhcnRoYWsgQkFORVJKRUU=--medium_large 768w\"\n                                loading=\"lazy\"\n                            >\n                        <\/div>\n                        <div class=\"ulux-card__body card-people\">\n                            <h3 class=\"card__name\">\n                                Sarthak BANERJEE                            <\/h3>\n                            <p class=\"card__function\">\n                                Doctoral researcher                            <\/p>\n                            <p class=\"card__organization\">\n                                Interdisciplinary Centre for Security, Reliability and Trust                            <\/p>\n                            <a\n                                class=\"card__link link-text link-absolute\"\n                                href=\"https:\/\/www.uni.lu\/snt-en\/people\/sarthak-banerjee\/\"\n                                title=\"Sarthak BANERJEE\"\n                            >\n                                <span class=\"link-text__name\">Learn more<\/span>\n                                <svg\n                                    aria-hidden=\"true\"\n                                    focusable=\"false\"\n                                    class=\"icon icon-outline icon--2xs\"\n                                >\n                                    <use xlink:href=\"https:\/\/www.uni.lu\/wp-content\/themes\/unilux-theme\/assets\/images\/icons\/icons-outline.svg#icon--arrow-right\" \/>\n                                <\/svg>\n                            <\/a>\n                        <\/div>\n                    <\/div>\n                <\/div>\n            <\/li>\n                    <li class=\"w-full sm:w-1\/2 lg:w-1\/3 px-16\">\n                <div class=\"ulux-card ulux-card-people bg-theme\">\n                    <div class=\"ulux-card__container\">\n                        <div class=\"ulux-card__visual\">\n                            <img\n                                class=\"w-full\"\n                                src=\"https:\/\/www.uni.lu\/en\/person-image\/NTAxMDQ5MDRfX0ZlZGVyaWNvIEJFUkdBTUlOSQ==--medium_large\"\n                                title=\"Federico BERGAMINI\"\n                                alt=\"Federico BERGAMINI featured image\"\n                                srcset=\"https:\/\/www.uni.lu\/en\/person-image\/NTAxMDQ5MDRfX0ZlZGVyaWNvIEJFUkdBTUlOSQ==--thumbnail 150w,https:\/\/www.uni.lu\/en\/person-image\/NTAxMDQ5MDRfX0ZlZGVyaWNvIEJFUkdBTUlOSQ==--medium 300w,https:\/\/www.uni.lu\/en\/person-image\/NTAxMDQ5MDRfX0ZlZGVyaWNvIEJFUkdBTUlOSQ==--medium_large 768w\"\n                                loading=\"lazy\"\n                            >\n                        <\/div>\n                        <div class=\"ulux-card__body card-people\">\n                            <h3 class=\"card__name\">\n                                Federico BERGAMINI                            <\/h3>\n                            <p class=\"card__function\">\n                                Doctoral researcher                            <\/p>\n                            <p class=\"card__organization\">\n                                Interdisciplinary Centre for Security, Reliability and Trust                            <\/p>\n                            <a\n                                class=\"card__link link-text link-absolute\"\n                                href=\"https:\/\/www.uni.lu\/snt-en\/people\/federico-bergamini\/\"\n                                title=\"Federico BERGAMINI\"\n                            >\n                                <span class=\"link-text__name\">Learn more<\/span>\n                                <svg\n                                    aria-hidden=\"true\"\n                                    focusable=\"false\"\n                                    class=\"icon icon-outline icon--2xs\"\n                                >\n                                    <use xlink:href=\"https:\/\/www.uni.lu\/wp-content\/themes\/unilux-theme\/assets\/images\/icons\/icons-outline.svg#icon--arrow-right\" \/>\n                                <\/svg>\n                            <\/a>\n                        <\/div>\n                    <\/div>\n                <\/div>\n            <\/li>\n                    <li class=\"w-full sm:w-1\/2 lg:w-1\/3 px-16\">\n                <div class=\"ulux-card ulux-card-people bg-theme\">\n                    <div class=\"ulux-card__container\">\n                        <div class=\"ulux-card__visual\">\n                            <img\n                                class=\"w-full\"\n                                src=\"https:\/\/www.uni.lu\/en\/person-image\/NTAwMzQ0NjlfX01hcmNlbGxvIENFQ0k=--medium_large\"\n                                title=\"Marcello CECI\"\n                                alt=\"Marcello CECI featured image\"\n                                srcset=\"https:\/\/www.uni.lu\/en\/person-image\/NTAwMzQ0NjlfX01hcmNlbGxvIENFQ0k=--thumbnail 150w,https:\/\/www.uni.lu\/en\/person-image\/NTAwMzQ0NjlfX01hcmNlbGxvIENFQ0k=--medium 300w,https:\/\/www.uni.lu\/en\/person-image\/NTAwMzQ0NjlfX01hcmNlbGxvIENFQ0k=--medium_large 768w\"\n                                loading=\"lazy\"\n                            >\n                        <\/div>\n                        <div class=\"ulux-card__body card-people\">\n                            <h3 class=\"card__name\">\n                                Marcello CECI                            <\/h3>\n                            <p class=\"card__function\">\n                                Research scientist                            <\/p>\n                            <p class=\"card__organization\">\n                                Interdisciplinary Centre for Security, Reliability and Trust                            <\/p>\n                            <a\n                                class=\"card__link link-text link-absolute\"\n                                href=\"https:\/\/www.uni.lu\/snt-en\/people\/marcello-ceci\/\"\n                                title=\"Marcello CECI\"\n                            >\n                                <span class=\"link-text__name\">Learn more<\/span>\n                                <svg\n                                    aria-hidden=\"true\"\n                                    focusable=\"false\"\n                                    class=\"icon icon-outline icon--2xs\"\n                                >\n                                    <use xlink:href=\"https:\/\/www.uni.lu\/wp-content\/themes\/unilux-theme\/assets\/images\/icons\/icons-outline.svg#icon--arrow-right\" \/>\n                                <\/svg>\n                            <\/a>\n                        <\/div>\n                    <\/div>\n                <\/div>\n            <\/li>\n                    <li class=\"w-full sm:w-1\/2 lg:w-1\/3 px-16\">\n                <div class=\"ulux-card ulux-card-people bg-theme\">\n                    <div class=\"ulux-card__container\">\n                        <div class=\"ulux-card__visual\">\n                            <img\n                                class=\"w-full\"\n                                src=\"https:\/\/www.uni.lu\/en\/person-image\/NTAwOTAxNzNfX0RhdmlkZSBDT1JSQURJTkk=--medium_large\"\n                                title=\"Davide CORRADINI\"\n                                alt=\"Davide CORRADINI featured image\"\n                                srcset=\"https:\/\/www.uni.lu\/en\/person-image\/NTAwOTAxNzNfX0RhdmlkZSBDT1JSQURJTkk=--thumbnail 150w,https:\/\/www.uni.lu\/en\/person-image\/NTAwOTAxNzNfX0RhdmlkZSBDT1JSQURJTkk=--medium 300w,https:\/\/www.uni.lu\/en\/person-image\/NTAwOTAxNzNfX0RhdmlkZSBDT1JSQURJTkk=--medium_large 768w\"\n                                loading=\"lazy\"\n                            >\n                        <\/div>\n                        <div class=\"ulux-card__body card-people\">\n                            <h3 class=\"card__name\">\n                                Davide CORRADINI                            <\/h3>\n                            <p class=\"card__function\">\n                                Postdoctoral researcher                            <\/p>\n                            <p class=\"card__organization\">\n                                Interdisciplinary Centre for Security, Reliability and Trust                            <\/p>\n                            <a\n                                class=\"card__link link-text link-absolute\"\n                                href=\"https:\/\/www.uni.lu\/snt-en\/people\/davide-corradini\/\"\n                                title=\"Davide CORRADINI\"\n                            >\n                                <span class=\"link-text__name\">Learn more<\/span>\n                                <svg\n                                    aria-hidden=\"true\"\n                                    focusable=\"false\"\n                                    class=\"icon icon-outline icon--2xs\"\n                                >\n                                    <use xlink:href=\"https:\/\/www.uni.lu\/wp-content\/themes\/unilux-theme\/assets\/images\/icons\/icons-outline.svg#icon--arrow-right\" \/>\n                                <\/svg>\n                            <\/a>\n                        <\/div>\n                    <\/div>\n                <\/div>\n            <\/li>\n            <\/ul>\n            <p class=\"text-center\">\n            <button class=\"btn btn--primary\">Load more<\/button>\n        <\/p>\n    <\/div>        <\/div>\n    <\/div>\n<\/div>\n\n<div class=\"accordion__item  wp-block-unilux-blocks-accordion-item\">\n    <h3 class=\"accordion__header\"\n                    id=\"space-robotics-spacer\"\n        >\n        <button\n            type=\"button\"\n            id=\"accordion-labelledby-a9301488-3907-41f5-a13e-62c760fe68b9\"\n            class=\"accordion__button collapsed\"\n            aria-expanded=\"false\"\n            aria-controls=\"accordion-panel-a9301488-3907-41f5-a13e-62c760fe68b9\"\n            data-bs-toggle=\"collapse\"\n            data-bs-target=\"#accordion-panel-a9301488-3907-41f5-a13e-62c760fe68b9\"\n        >\n            <span class=\"accordion__title\">\n                                Space Robotics (SpaceR)            <\/span>\n\n            <svg aria-hidden=\"true\" focusable=\"false\" class=\"icon icon-outline icon--arrow-down \"><use xlink:href=\"https:\/\/www.uni.lu\/wp-content\/themes\/unilux-theme\/assets\/images\/icons\/icons-outline.svg#icon--arrow-down\"><\/use><\/svg>        <\/button>\n    <\/h3>\n    <div id=\"accordion-panel-a9301488-3907-41f5-a13e-62c760fe68b9\"\n        class=\"accordion__collapse collapse\"\n        aria-labelledby=\"accordion-labelledby-a9301488-3907-41f5-a13e-62c760fe68b9\"\n        data-bs-parent=\"[data-reference=&quot;70761e39-a108-4106-9541-c261f8ecd80d&quot;]\"\n    >\n        <div class=\"accordion__body \">\n            \n<h3 class=\"has-text-align-left wp-block-unilux-blocks-heading\"        id=\"leadership\"\n    >\nLeadership<\/h3>\n<ul class=\"flex flex-wrap mt-24 -mx-16  wp-block-unilux-blocks-free-content-card\">\n    <li class=\"w-full sm:w-1\/2 lg:w-1\/3 px-16  wp-block-unilux-blocks-free-content-card-item\">\n    <div class=\"ulux-card card-people bg-theme\">\n        <div class=\"ulux-card__container card__container\">\n                        <div class=\"ulux-card__visual wp-block-unilux-blocks-free-content-card-item-visual\">\n    \n<div class=\"wp-block-unilux-blocks-image-video-wrapper\">\n    <figure class=\"wp-block-dev4-reusable-blocks-image  object-fit--cover\">\n    \n<img decoding=\"async\" class=\"wp-block-image unilux-custom-image-block\"\n                alt=\"\"\n            src=\"https:\/\/www.uni.lu\/wp-content\/uploads\/sites\/5\/2026\/01\/13111002\/Miguel-Angel-Olivares-Mendez.png\"\n                srcset=\"https:\/\/www.uni.lu\/wp-content\/uploads\/sites\/5\/2026\/01\/13111002\/Miguel-Angel-Olivares-Mendez-300x225.png 300w, https:\/\/www.uni.lu\/wp-content\/uploads\/sites\/5\/2026\/01\/13111002\/Miguel-Angel-Olivares-Mendez-768x576.png 768w, https:\/\/www.uni.lu\/wp-content\/uploads\/sites\/5\/2026\/01\/13111002\/Miguel-Angel-Olivares-Mendez.png 1024w\"\n                style=\"object-position: 50.00% 50.00%; font-family: &quot;object-fit: cover; object-position: 50.00% 50.00%;&quot;; aspect-ratio: 4\/3; object-fit: cover; width: 100%;\"\n        loading=\"lazy\"\n\/>    <\/figure><\/div><\/div><div class=\"ulux-card__body wp-block-unilux-blocks-free-content-card-item-body\">\n    \n<div class=\"card__activity wp-block-unilux-blocks-plain-text\"><\/div>\n<h3 class=\"card__name has-text-align-left wp-block-unilux-blocks-heading\"        id=\"miguel-angel-olivares-mendez\"\n    >\nMiguel Angel OLIVARES MENDEZ<\/h3>\n\n<div class=\"card__organization wp-block-unilux-blocks-plain-text\">Interdisciplinary Centre for Security, Reliability and Trust<\/div>\n<div class=\"card__function wp-block-unilux-blocks-plain-text\">Associate Professor\/Chief Scientist 2, Head of the SpaceR Research Group<\/div>\n<div class=\"card__interest wp-block-unilux-blocks-plain-text\"><\/div><div class=\"ulux-card__link-wrapper card__link wp-block-unilux-blocks-simple-cta\">\n    <a\n        href=\"https:\/\/www.uni.lu\/snt-en\/people\/miguel-angel-olivares-mendez\/\"\n        title=\"Learn more\"\n        class=\"link-text link-text--icon ulux-card__link link-text link-absolute\"\n        target=\"\"\n    >\n        <span class=\"link-text__body\">\n            <span class=\"link-text__name\">Learn more<\/span>\n        <\/span>\n        <svg aria-hidden=\"true\" focusable=\"false\" class=\"icon icon-outline icon--arrow-right \"><use xlink:href=\"https:\/\/www.uni.lu\/wp-content\/themes\/unilux-theme\/assets\/images\/icons\/icons-outline.svg#icon--arrow-right\"><\/use><\/svg>    <\/a>\n<\/div>\n<\/div>        <\/div>\n    <\/div>\n<\/li><li class=\"w-full sm:w-1\/2 lg:w-1\/3 px-16  wp-block-unilux-blocks-free-content-card-item\">\n    <div class=\"ulux-card card-people bg-theme\">\n        <div class=\"ulux-card__container card__container\">\n                        <div class=\"ulux-card__visual wp-block-unilux-blocks-free-content-card-item-visual\">\n    \n<div class=\"wp-block-unilux-blocks-image-video-wrapper\">\n    <figure class=\"wp-block-dev4-reusable-blocks-image  object-fit--cover\">\n    \n<img decoding=\"async\" class=\"wp-block-image unilux-custom-image-block\"\n                alt=\"\"\n            src=\"https:\/\/www.uni.lu\/wp-content\/uploads\/sites\/5\/2026\/02\/11115531\/Carol-Martinez-Luna-updated-Feb-2026.png\"\n                srcset=\"https:\/\/www.uni.lu\/wp-content\/uploads\/sites\/5\/2026\/02\/11115531\/Carol-Martinez-Luna-updated-Feb-2026-300x200.png 300w, https:\/\/www.uni.lu\/wp-content\/uploads\/sites\/5\/2026\/02\/11115531\/Carol-Martinez-Luna-updated-Feb-2026-1024x683.png 1024w, https:\/\/www.uni.lu\/wp-content\/uploads\/sites\/5\/2026\/02\/11115531\/Carol-Martinez-Luna-updated-Feb-2026-768x512.png 768w, https:\/\/www.uni.lu\/wp-content\/uploads\/sites\/5\/2026\/02\/11115531\/Carol-Martinez-Luna-updated-Feb-2026-1536x1024.png 1536w, https:\/\/www.uni.lu\/wp-content\/uploads\/sites\/5\/2026\/02\/11115531\/Carol-Martinez-Luna-updated-Feb-2026.png 1620w\"\n                style=\"object-position: 50.00% 50.00%; font-family: &quot;object-fit: cover; object-position: 50.00% 50.00%;&quot;; aspect-ratio: 4\/3; object-fit: cover; width: 100%;\"\n        loading=\"lazy\"\n\/>    <\/figure><\/div><\/div><div class=\"ulux-card__body wp-block-unilux-blocks-free-content-card-item-body\">\n    \n<div class=\"card__activity wp-block-unilux-blocks-plain-text\"><\/div>\n<h3 class=\"card__name has-text-align-left wp-block-unilux-blocks-heading\"        id=\"carol-martinez-luna\"\n    >\nCarol MARTINEZ LUNA<\/h3>\n\n<div class=\"card__organization wp-block-unilux-blocks-plain-text\">Interdisciplinary Centre for Security, Reliability and Trust<\/div>\n<div class=\"card__function wp-block-unilux-blocks-plain-text\">Assistant Professor, Deputy Head of the SpaceR Research Group<\/div>\n<div class=\"card__interest wp-block-unilux-blocks-plain-text\"><\/div><div class=\"ulux-card__link-wrapper card__link wp-block-unilux-blocks-simple-cta\">\n    <a\n        href=\"https:\/\/www.uni.lu\/snt-en\/people\/carol-martinez-luna\/\"\n        title=\"Learn more\"\n        class=\"link-text link-text--icon ulux-card__link link-text link-absolute\"\n        target=\"\"\n    >\n        <span class=\"link-text__body\">\n            <span class=\"link-text__name\">Learn more<\/span>\n        <\/span>\n        <svg aria-hidden=\"true\" focusable=\"false\" class=\"icon icon-outline icon--arrow-right \"><use xlink:href=\"https:\/\/www.uni.lu\/wp-content\/themes\/unilux-theme\/assets\/images\/icons\/icons-outline.svg#icon--arrow-right\"><\/use><\/svg>    <\/a>\n<\/div>\n<\/div>        <\/div>\n    <\/div>\n<\/li><\/ul>\n<h3 class=\"has-text-align-left wp-block-unilux-blocks-heading\"        id=\"researchers\"\n    >\nResearchers<\/h3>\n<div\n    data-nonce=\"898be529b6\"\n    id=\"people-card-list1777415498\"\n    class=\"people-card-list-automated\"\n    data-search-after=\"FRANTZ,50029168,13.703823\"\n    data-params=\"{&quot;size&quot;:6,&quot;byId&quot;:&quot;true&quot;,&quot;organization&quot;:&quot;SNT&quot;,&quot;department&quot;:&quot;Space Robotics&quot;,&quot;employeeGroup&quot;:&quot;1&quot;,&quot;employeeSubGroup&quot;:&quot;ap&quot;}\"\n>\n    <ul class=\"flex flex-wrap -mx-16 people-card-list\">\n                    <li class=\"w-full sm:w-1\/2 lg:w-1\/3 px-16\">\n                <div class=\"ulux-card ulux-card-people bg-theme\">\n                    <div class=\"ulux-card__container\">\n                        <div class=\"ulux-card__visual\">\n                            <img\n                                class=\"w-full\"\n                                src=\"https:\/\/www.uni.lu\/en\/person-image\/NTAwNDU1MTVfX0xpbmEgTWFyaWEgQU1BWUEgTUVKSUE=--medium_large\"\n                                title=\"Lina Maria AMAYA MEJIA\"\n                                alt=\"Lina Maria AMAYA MEJIA featured image\"\n                                srcset=\"https:\/\/www.uni.lu\/en\/person-image\/NTAwNDU1MTVfX0xpbmEgTWFyaWEgQU1BWUEgTUVKSUE=--thumbnail 150w,https:\/\/www.uni.lu\/en\/person-image\/NTAwNDU1MTVfX0xpbmEgTWFyaWEgQU1BWUEgTUVKSUE=--medium 300w,https:\/\/www.uni.lu\/en\/person-image\/NTAwNDU1MTVfX0xpbmEgTWFyaWEgQU1BWUEgTUVKSUE=--medium_large 768w\"\n                                loading=\"lazy\"\n                            >\n                        <\/div>\n                        <div class=\"ulux-card__body card-people\">\n                            <h3 class=\"card__name\">\n                                Lina Maria AMAYA MEJIA                            <\/h3>\n                            <p class=\"card__function\">\n                                Doctoral researcher                            <\/p>\n                            <p class=\"card__organization\">\n                                Interdisciplinary Centre for Security, Reliability and Trust                            <\/p>\n                            <a\n                                class=\"card__link link-text link-absolute\"\n                                href=\"https:\/\/www.uni.lu\/snt-en\/people\/lina-maria-amaya-mejia\/\"\n                                title=\"Lina Maria AMAYA MEJIA\"\n                            >\n                                <span class=\"link-text__name\">Learn more<\/span>\n                                <svg\n                                    aria-hidden=\"true\"\n                                    focusable=\"false\"\n                                    class=\"icon icon-outline icon--2xs\"\n                                >\n                                    <use xlink:href=\"https:\/\/www.uni.lu\/wp-content\/themes\/unilux-theme\/assets\/images\/icons\/icons-outline.svg#icon--arrow-right\" \/>\n                                <\/svg>\n                            <\/a>\n                        <\/div>\n                    <\/div>\n                <\/div>\n            <\/li>\n                    <li class=\"w-full sm:w-1\/2 lg:w-1\/3 px-16\">\n                <div class=\"ulux-card ulux-card-people bg-theme\">\n                    <div class=\"ulux-card__container\">\n                        <div class=\"ulux-card__visual\">\n                            <img\n                                class=\"w-full\"\n                                src=\"https:\/\/www.uni.lu\/en\/person-image\/NTAwOTAyMTdfX0FtYW4gQVJPUkE=--medium_large\"\n                                title=\"Aman ARORA\"\n                                alt=\"Aman ARORA featured image\"\n                                srcset=\"https:\/\/www.uni.lu\/en\/person-image\/NTAwOTAyMTdfX0FtYW4gQVJPUkE=--thumbnail 150w,https:\/\/www.uni.lu\/en\/person-image\/NTAwOTAyMTdfX0FtYW4gQVJPUkE=--medium 300w,https:\/\/www.uni.lu\/en\/person-image\/NTAwOTAyMTdfX0FtYW4gQVJPUkE=--medium_large 768w\"\n                                loading=\"lazy\"\n                            >\n                        <\/div>\n                        <div class=\"ulux-card__body card-people\">\n                            <h3 class=\"card__name\">\n                                Aman ARORA                            <\/h3>\n                            <p class=\"card__function\">\n                                Doctoral researcher                            <\/p>\n                            <p class=\"card__organization\">\n                                Interdisciplinary Centre for Security, Reliability and Trust                            <\/p>\n                            <a\n                                class=\"card__link link-text link-absolute\"\n                                href=\"https:\/\/www.uni.lu\/snt-en\/people\/aman-arora\/\"\n                                title=\"Aman ARORA\"\n                            >\n                                <span class=\"link-text__name\">Learn more<\/span>\n                                <svg\n                                    aria-hidden=\"true\"\n                                    focusable=\"false\"\n                                    class=\"icon icon-outline icon--2xs\"\n                                >\n                                    <use xlink:href=\"https:\/\/www.uni.lu\/wp-content\/themes\/unilux-theme\/assets\/images\/icons\/icons-outline.svg#icon--arrow-right\" \/>\n                                <\/svg>\n                            <\/a>\n                        <\/div>\n                    <\/div>\n                <\/div>\n            <\/li>\n                    <li class=\"w-full sm:w-1\/2 lg:w-1\/3 px-16\">\n                <div class=\"ulux-card ulux-card-people bg-theme\">\n                    <div class=\"ulux-card__container\">\n                        <div class=\"ulux-card__visual\">\n                            <img\n                                class=\"w-full\"\n                                src=\"https:\/\/www.uni.lu\/en\/person-image\/NTAwOTAyMTNfX1JhdWwgQ0FTVElMTEEgQVJRVUlMTE8=--medium_large\"\n                                title=\"Raul CASTILLA ARQUILLO\"\n                                alt=\"Raul CASTILLA ARQUILLO featured image\"\n                                srcset=\"https:\/\/www.uni.lu\/en\/person-image\/NTAwOTAyMTNfX1JhdWwgQ0FTVElMTEEgQVJRVUlMTE8=--thumbnail 150w,https:\/\/www.uni.lu\/en\/person-image\/NTAwOTAyMTNfX1JhdWwgQ0FTVElMTEEgQVJRVUlMTE8=--medium 300w,https:\/\/www.uni.lu\/en\/person-image\/NTAwOTAyMTNfX1JhdWwgQ0FTVElMTEEgQVJRVUlMTE8=--medium_large 768w\"\n                                loading=\"lazy\"\n                            >\n                        <\/div>\n                        <div class=\"ulux-card__body card-people\">\n                            <h3 class=\"card__name\">\n                                Raul CASTILLA ARQUILLO                            <\/h3>\n                            <p class=\"card__function\">\n                                Postdoctoral researcher                            <\/p>\n                            <p class=\"card__organization\">\n                                Interdisciplinary Centre for Security, Reliability and Trust                            <\/p>\n                            <a\n                                class=\"card__link link-text link-absolute\"\n                                href=\"https:\/\/www.uni.lu\/snt-en\/people\/raul-castilla-arquillo\/\"\n                                title=\"Raul CASTILLA ARQUILLO\"\n                            >\n                                <span class=\"link-text__name\">Learn more<\/span>\n                                <svg\n                                    aria-hidden=\"true\"\n                                    focusable=\"false\"\n                                    class=\"icon icon-outline icon--2xs\"\n                                >\n                                    <use xlink:href=\"https:\/\/www.uni.lu\/wp-content\/themes\/unilux-theme\/assets\/images\/icons\/icons-outline.svg#icon--arrow-right\" \/>\n                                <\/svg>\n                            <\/a>\n                        <\/div>\n                    <\/div>\n                <\/div>\n            <\/li>\n                    <li class=\"w-full sm:w-1\/2 lg:w-1\/3 px-16\">\n                <div class=\"ulux-card ulux-card-people bg-theme\">\n                    <div class=\"ulux-card__container\">\n                        <div class=\"ulux-card__visual\">\n                            <img\n                                class=\"w-full\"\n                                src=\"https:\/\/www.uni.lu\/en\/person-image\/NTAwNDY3NzZfX0xvaWNrIENIT1ZFVA==--medium_large\"\n                                title=\"Loick CHOVET\"\n                                alt=\"Loick CHOVET featured image\"\n                                srcset=\"https:\/\/www.uni.lu\/en\/person-image\/NTAwNDY3NzZfX0xvaWNrIENIT1ZFVA==--thumbnail 150w,https:\/\/www.uni.lu\/en\/person-image\/NTAwNDY3NzZfX0xvaWNrIENIT1ZFVA==--medium 300w,https:\/\/www.uni.lu\/en\/person-image\/NTAwNDY3NzZfX0xvaWNrIENIT1ZFVA==--medium_large 768w\"\n                                loading=\"lazy\"\n                            >\n                        <\/div>\n                        <div class=\"ulux-card__body card-people\">\n                            <h3 class=\"card__name\">\n                                Loick CHOVET                            <\/h3>\n                            <p class=\"card__function\">\n                                Postdoctoral researcher                            <\/p>\n                            <p class=\"card__organization\">\n                                Interdisciplinary Centre for Security, Reliability and Trust                            <\/p>\n                            <a\n                                class=\"card__link link-text link-absolute\"\n                                href=\"https:\/\/www.uni.lu\/snt-en\/people\/loick-chovet\/\"\n                                title=\"Loick CHOVET\"\n                            >\n                                <span class=\"link-text__name\">Learn more<\/span>\n                                <svg\n                                    aria-hidden=\"true\"\n                                    focusable=\"false\"\n                                    class=\"icon icon-outline icon--2xs\"\n                                >\n                                    <use xlink:href=\"https:\/\/www.uni.lu\/wp-content\/themes\/unilux-theme\/assets\/images\/icons\/icons-outline.svg#icon--arrow-right\" \/>\n                                <\/svg>\n                            <\/a>\n                        <\/div>\n                    <\/div>\n                <\/div>\n            <\/li>\n                    <li class=\"w-full sm:w-1\/2 lg:w-1\/3 px-16\">\n                <div class=\"ulux-card ulux-card-people bg-theme\">\n                    <div class=\"ulux-card__container\">\n                        <div class=\"ulux-card__visual\">\n                            <img\n                                class=\"w-full\"\n                                src=\"https:\/\/www.uni.lu\/en\/person-image\/NTAwNDczOTJfX01oYW1lZCBNYXR0ZW8gRUwgSEFSSVJZ--medium_large\"\n                                title=\"Mhamed Matteo EL HARIRY\"\n                                alt=\"Mhamed Matteo EL HARIRY featured image\"\n                                srcset=\"https:\/\/www.uni.lu\/en\/person-image\/NTAwNDczOTJfX01oYW1lZCBNYXR0ZW8gRUwgSEFSSVJZ--thumbnail 150w,https:\/\/www.uni.lu\/en\/person-image\/NTAwNDczOTJfX01oYW1lZCBNYXR0ZW8gRUwgSEFSSVJZ--medium 300w,https:\/\/www.uni.lu\/en\/person-image\/NTAwNDczOTJfX01oYW1lZCBNYXR0ZW8gRUwgSEFSSVJZ--medium_large 768w\"\n                                loading=\"lazy\"\n                            >\n                        <\/div>\n                        <div class=\"ulux-card__body card-people\">\n                            <h3 class=\"card__name\">\n                                Mhamed Matteo EL HARIRY                            <\/h3>\n                            <p class=\"card__function\">\n                                Postdoctoral researcher                            <\/p>\n                            <p class=\"card__organization\">\n                                Interdisciplinary Centre for Security, Reliability and Trust                            <\/p>\n                            <a\n                                class=\"card__link link-text link-absolute\"\n                                href=\"https:\/\/www.uni.lu\/snt-en\/people\/mhamed-matteo-el-hariry\/\"\n                                title=\"Mhamed Matteo EL HARIRY\"\n                            >\n                                <span class=\"link-text__name\">Learn more<\/span>\n                                <svg\n                                    aria-hidden=\"true\"\n                                    focusable=\"false\"\n                                    class=\"icon icon-outline icon--2xs\"\n                                >\n                                    <use xlink:href=\"https:\/\/www.uni.lu\/wp-content\/themes\/unilux-theme\/assets\/images\/icons\/icons-outline.svg#icon--arrow-right\" \/>\n                                <\/svg>\n                            <\/a>\n                        <\/div>\n                    <\/div>\n                <\/div>\n            <\/li>\n                    <li class=\"w-full sm:w-1\/2 lg:w-1\/3 px-16\">\n                <div class=\"ulux-card ulux-card-people bg-theme\">\n                    <div class=\"ulux-card__container\">\n                        <div class=\"ulux-card__visual\">\n                            <img\n                                class=\"w-full\"\n                                src=\"https:\/\/www.uni.lu\/en\/person-image\/NTAwMjkxNjhfX0FsZXhhbmRyZSBGUkFOVFo=--medium_large\"\n                                title=\"Alexandre FRANTZ\"\n                                alt=\"Alexandre FRANTZ featured image\"\n                                srcset=\"https:\/\/www.uni.lu\/en\/person-image\/NTAwMjkxNjhfX0FsZXhhbmRyZSBGUkFOVFo=--thumbnail 150w,https:\/\/www.uni.lu\/en\/person-image\/NTAwMjkxNjhfX0FsZXhhbmRyZSBGUkFOVFo=--medium 300w,https:\/\/www.uni.lu\/en\/person-image\/NTAwMjkxNjhfX0FsZXhhbmRyZSBGUkFOVFo=--medium_large 768w\"\n                                loading=\"lazy\"\n                            >\n                        <\/div>\n                        <div class=\"ulux-card__body card-people\">\n                            <h3 class=\"card__name\">\n                                Alexandre FRANTZ                            <\/h3>\n                            <p class=\"card__function\">\n                                Doctoral researcher                            <\/p>\n                            <p class=\"card__organization\">\n                                Interdisciplinary Centre for Security, Reliability and Trust                            <\/p>\n                            <a\n                                class=\"card__link link-text link-absolute\"\n                                href=\"https:\/\/www.uni.lu\/snt-en\/people\/alexandre-frantz\/\"\n                                title=\"Alexandre FRANTZ\"\n                            >\n                                <span class=\"link-text__name\">Learn more<\/span>\n                                <svg\n                                    aria-hidden=\"true\"\n                                    focusable=\"false\"\n                                    class=\"icon icon-outline icon--2xs\"\n                                >\n                                    <use xlink:href=\"https:\/\/www.uni.lu\/wp-content\/themes\/unilux-theme\/assets\/images\/icons\/icons-outline.svg#icon--arrow-right\" \/>\n                                <\/svg>\n                            <\/a>\n                        <\/div>\n                    <\/div>\n                <\/div>\n            <\/li>\n            <\/ul>\n            <p class=\"text-center\">\n            <button class=\"btn btn--primary\">Load more<\/button>\n        <\/p>\n    <\/div>\n<h3 class=\"has-text-align-left wp-block-unilux-blocks-heading\"        id=\"technical-staff\"\n    >\nTechnical Staff<\/h3>\n<div\n    data-nonce=\"898be529b6\"\n    id=\"people-card-list1777415498\"\n    class=\"people-card-list-automated\"\n    data-search-after=\"LIMA,50097521,13.703823\"\n    data-params=\"{&quot;size&quot;:6,&quot;byId&quot;:&quot;true&quot;,&quot;organization&quot;:&quot;SNT&quot;,&quot;department&quot;:&quot;Space Robotics&quot;,&quot;employeeGroup&quot;:&quot;1&quot;,&quot;employeeSubGroup&quot;:&quot;ts&quot;}\"\n>\n    <ul class=\"flex flex-wrap -mx-16 people-card-list\">\n                    <li class=\"w-full sm:w-1\/2 lg:w-1\/3 px-16\">\n                <div class=\"ulux-card ulux-card-people bg-theme\">\n                    <div class=\"ulux-card__container\">\n                        <div class=\"ulux-card__visual\">\n                            <img\n                                class=\"w-full\"\n                                src=\"https:\/\/www.uni.lu\/en\/person-image\/NTAwMzk5MDhfX1poYW5uYSBCT0tBTA==--medium_large\"\n                                title=\"Zhanna BOKAL\"\n                                alt=\"Zhanna BOKAL featured image\"\n                                srcset=\"https:\/\/www.uni.lu\/en\/person-image\/NTAwMzk5MDhfX1poYW5uYSBCT0tBTA==--thumbnail 150w,https:\/\/www.uni.lu\/en\/person-image\/NTAwMzk5MDhfX1poYW5uYSBCT0tBTA==--medium 300w,https:\/\/www.uni.lu\/en\/person-image\/NTAwMzk5MDhfX1poYW5uYSBCT0tBTA==--medium_large 768w\"\n                                loading=\"lazy\"\n                            >\n                        <\/div>\n                        <div class=\"ulux-card__body card-people\">\n                            <h3 class=\"card__name\">\n                                Zhanna BOKAL                            <\/h3>\n                            <p class=\"card__function\">\n                                Research Support Technician                            <\/p>\n                            <p class=\"card__organization\">\n                                Interdisciplinary Centre for Security, Reliability and Trust                            <\/p>\n                            <a\n                                class=\"card__link link-text link-absolute\"\n                                href=\"https:\/\/www.uni.lu\/snt-en\/people\/zhanna-bokal\/\"\n                                title=\"Zhanna BOKAL\"\n                            >\n                                <span class=\"link-text__name\">Learn more<\/span>\n                                <svg\n                                    aria-hidden=\"true\"\n                                    focusable=\"false\"\n                                    class=\"icon icon-outline icon--2xs\"\n                                >\n                                    <use xlink:href=\"https:\/\/www.uni.lu\/wp-content\/themes\/unilux-theme\/assets\/images\/icons\/icons-outline.svg#icon--arrow-right\" \/>\n                                <\/svg>\n                            <\/a>\n                        <\/div>\n                    <\/div>\n                <\/div>\n            <\/li>\n                    <li class=\"w-full sm:w-1\/2 lg:w-1\/3 px-16\">\n                <div class=\"ulux-card ulux-card-people bg-theme\">\n                    <div class=\"ulux-card__container\">\n                        <div class=\"ulux-card__visual\">\n                            <img\n                                class=\"w-full\"\n                                src=\"https:\/\/www.uni.lu\/en\/person-image\/NTAxMDAyNzlfX0pvYW8gTWlndWVsIERBIENPU1RBIE1BR0FMSEFFUw==--medium_large\"\n                                title=\"Joao Miguel DA COSTA MAGALHAES\"\n                                alt=\"Joao Miguel DA COSTA MAGALHAES featured image\"\n                                srcset=\"https:\/\/www.uni.lu\/en\/person-image\/NTAxMDAyNzlfX0pvYW8gTWlndWVsIERBIENPU1RBIE1BR0FMSEFFUw==--thumbnail 150w,https:\/\/www.uni.lu\/en\/person-image\/NTAxMDAyNzlfX0pvYW8gTWlndWVsIERBIENPU1RBIE1BR0FMSEFFUw==--medium 300w,https:\/\/www.uni.lu\/en\/person-image\/NTAxMDAyNzlfX0pvYW8gTWlndWVsIERBIENPU1RBIE1BR0FMSEFFUw==--medium_large 768w\"\n                                loading=\"lazy\"\n                            >\n                        <\/div>\n                        <div class=\"ulux-card__body card-people\">\n                            <h3 class=\"card__name\">\n                                Joao Miguel DA COSTA MAGALHAES                            <\/h3>\n                            <p class=\"card__function\">\n                                Research and Development Specialist                            <\/p>\n                            <p class=\"card__organization\">\n                                Interdisciplinary Centre for Security, Reliability and Trust                            <\/p>\n                            <a\n                                class=\"card__link link-text link-absolute\"\n                                href=\"https:\/\/www.uni.lu\/snt-en\/people\/joao-miguel-da-costa-magalhaes\/\"\n                                title=\"Joao Miguel DA COSTA MAGALHAES\"\n                            >\n                                <span class=\"link-text__name\">Learn more<\/span>\n                                <svg\n                                    aria-hidden=\"true\"\n                                    focusable=\"false\"\n                                    class=\"icon icon-outline icon--2xs\"\n                                >\n                                    <use xlink:href=\"https:\/\/www.uni.lu\/wp-content\/themes\/unilux-theme\/assets\/images\/icons\/icons-outline.svg#icon--arrow-right\" \/>\n                                <\/svg>\n                            <\/a>\n                        <\/div>\n                    <\/div>\n                <\/div>\n            <\/li>\n                    <li class=\"w-full sm:w-1\/2 lg:w-1\/3 px-16\">\n                <div class=\"ulux-card ulux-card-people bg-theme\">\n                    <div class=\"ulux-card__container\">\n                        <div class=\"ulux-card__visual\">\n                            <img\n                                class=\"w-full\"\n                                src=\"https:\/\/www.uni.lu\/en\/person-image\/NTAwOTc1MjFfX1BlZHJvIExJTUE=--medium_large\"\n                                title=\"Pedro LIMA\"\n                                alt=\"Pedro LIMA featured image\"\n                                srcset=\"https:\/\/www.uni.lu\/en\/person-image\/NTAwOTc1MjFfX1BlZHJvIExJTUE=--thumbnail 150w,https:\/\/www.uni.lu\/en\/person-image\/NTAwOTc1MjFfX1BlZHJvIExJTUE=--medium 300w,https:\/\/www.uni.lu\/en\/person-image\/NTAwOTc1MjFfX1BlZHJvIExJTUE=--medium_large 768w\"\n                                loading=\"lazy\"\n                            >\n                        <\/div>\n                        <div class=\"ulux-card__body card-people\">\n                            <h3 class=\"card__name\">\n                                Pedro LIMA                            <\/h3>\n                            <p class=\"card__function\">\n                                Research and Development Specialist                            <\/p>\n                            <p class=\"card__organization\">\n                                Interdisciplinary Centre for Security, Reliability and Trust                            <\/p>\n                            <a\n                                class=\"card__link link-text link-absolute\"\n                                href=\"https:\/\/www.uni.lu\/snt-en\/people\/pedro-lima\/\"\n                                title=\"Pedro LIMA\"\n                            >\n                                <span class=\"link-text__name\">Learn more<\/span>\n                                <svg\n                                    aria-hidden=\"true\"\n                                    focusable=\"false\"\n                                    class=\"icon icon-outline icon--2xs\"\n                                >\n                                    <use xlink:href=\"https:\/\/www.uni.lu\/wp-content\/themes\/unilux-theme\/assets\/images\/icons\/icons-outline.svg#icon--arrow-right\" \/>\n                                <\/svg>\n                            <\/a>\n                        <\/div>\n                    <\/div>\n                <\/div>\n            <\/li>\n            <\/ul>\n    <\/div>        <\/div>\n    <\/div>\n<\/div>\n\n<div class=\"accordion__item  wp-block-unilux-blocks-accordion-item\">\n    <h3 class=\"accordion__header\"\n                    id=\"space-systems-engineering-spasys\"\n        >\n        <button\n            type=\"button\"\n            id=\"accordion-labelledby-f3f1964a-6645-4044-a18e-f347e1bc6023\"\n            class=\"accordion__button collapsed\"\n            aria-expanded=\"false\"\n            aria-controls=\"accordion-panel-f3f1964a-6645-4044-a18e-f347e1bc6023\"\n            data-bs-toggle=\"collapse\"\n            data-bs-target=\"#accordion-panel-f3f1964a-6645-4044-a18e-f347e1bc6023\"\n        >\n            <span class=\"accordion__title\">\n                                Space Systems Engineering (SpaSys)            <\/span>\n\n            <svg aria-hidden=\"true\" focusable=\"false\" class=\"icon icon-outline icon--arrow-down \"><use xlink:href=\"https:\/\/www.uni.lu\/wp-content\/themes\/unilux-theme\/assets\/images\/icons\/icons-outline.svg#icon--arrow-down\"><\/use><\/svg>        <\/button>\n    <\/h3>\n    <div id=\"accordion-panel-f3f1964a-6645-4044-a18e-f347e1bc6023\"\n        class=\"accordion__collapse collapse\"\n        aria-labelledby=\"accordion-labelledby-f3f1964a-6645-4044-a18e-f347e1bc6023\"\n        data-bs-parent=\"[data-reference=&quot;70761e39-a108-4106-9541-c261f8ecd80d&quot;]\"\n    >\n        <div class=\"accordion__body \">\n            \n<h3 class=\"has-text-align-left wp-block-unilux-blocks-heading\"        id=\"leadership\"\n    >\nLeadership<\/h3>\n<div\n    data-nonce=\"898be529b6\"\n    id=\"people-card-list1777415498\"\n    class=\"people-card-list-automated\"\n    data-search-after=\"HEIN,50044083,11.331782\"\n    data-params=\"{&quot;size&quot;:6,&quot;byId&quot;:&quot;true&quot;,&quot;organization&quot;:&quot;SNT&quot;,&quot;department&quot;:&quot;SPASYS&quot;,&quot;employeeGroup&quot;:&quot;1&quot;,&quot;employeeSubGroup&quot;:&quot;as&quot;}\"\n>\n    <ul class=\"flex flex-wrap -mx-16 people-card-list\">\n                    <li class=\"w-full sm:w-1\/2 lg:w-1\/3 px-16\">\n                <div class=\"ulux-card ulux-card-people bg-theme\">\n                    <div class=\"ulux-card__container\">\n                        <div class=\"ulux-card__visual\">\n                            <img\n                                class=\"w-full\"\n                                src=\"https:\/\/www.uni.lu\/en\/person-image\/NTAwNDQwODNfX0FuZHJlYXMgSEVJTg==--medium_large\"\n                                title=\"Andreas HEIN\"\n                                alt=\"Andreas HEIN featured image\"\n                                srcset=\"https:\/\/www.uni.lu\/en\/person-image\/NTAwNDQwODNfX0FuZHJlYXMgSEVJTg==--thumbnail 150w,https:\/\/www.uni.lu\/en\/person-image\/NTAwNDQwODNfX0FuZHJlYXMgSEVJTg==--medium 300w,https:\/\/www.uni.lu\/en\/person-image\/NTAwNDQwODNfX0FuZHJlYXMgSEVJTg==--medium_large 768w\"\n                                loading=\"lazy\"\n                            >\n                        <\/div>\n                        <div class=\"ulux-card__body card-people\">\n                            <h3 class=\"card__name\">\n                                Andreas HEIN                            <\/h3>\n                            <p class=\"card__function\">\n                                Associate professor\/Chief scientist                            <\/p>\n                            <p class=\"card__organization\">\n                                Interdisciplinary Centre for Security, Reliability and Trust                            <\/p>\n                            <a\n                                class=\"card__link link-text link-absolute\"\n                                href=\"https:\/\/www.uni.lu\/snt-en\/people\/andreas-hein\/\"\n                                title=\"Andreas HEIN\"\n                            >\n                                <span class=\"link-text__name\">Learn more<\/span>\n                                <svg\n                                    aria-hidden=\"true\"\n                                    focusable=\"false\"\n                                    class=\"icon icon-outline icon--2xs\"\n                                >\n                                    <use xlink:href=\"https:\/\/www.uni.lu\/wp-content\/themes\/unilux-theme\/assets\/images\/icons\/icons-outline.svg#icon--arrow-right\" \/>\n                                <\/svg>\n                            <\/a>\n                        <\/div>\n                    <\/div>\n                <\/div>\n            <\/li>\n            <\/ul>\n    <\/div>\n<h3 class=\"has-text-align-left wp-block-unilux-blocks-heading\"        id=\"researchers\"\n    >\nResearchers<\/h3>\n<div\n    data-nonce=\"898be529b6\"\n    id=\"people-card-list1777415498\"\n    class=\"people-card-list-automated\"\n    data-search-after=\"GOUVALAS,50074662,11.331782\"\n    data-params=\"{&quot;size&quot;:6,&quot;byId&quot;:&quot;true&quot;,&quot;organization&quot;:&quot;SNT&quot;,&quot;department&quot;:&quot;SPASYS&quot;,&quot;employeeGroup&quot;:&quot;1&quot;,&quot;employeeSubGroup&quot;:&quot;ap&quot;}\"\n>\n    <ul class=\"flex flex-wrap -mx-16 people-card-list\">\n                    <li class=\"w-full sm:w-1\/2 lg:w-1\/3 px-16\">\n                <div class=\"ulux-card ulux-card-people bg-theme\">\n                    <div class=\"ulux-card__container\">\n                        <div class=\"ulux-card__visual\">\n                            <img\n                                class=\"w-full\"\n                                src=\"https:\/\/www.uni.lu\/en\/person-image\/NTAwNDc2MzZfX01vaGFtbWFkYW1pbiBBTEFORElIQUxMQUo=--medium_large\"\n                                title=\"Mohammadamin ALANDIHALLAJ\"\n                                alt=\"Mohammadamin ALANDIHALLAJ featured image\"\n                                srcset=\"https:\/\/www.uni.lu\/en\/person-image\/NTAwNDc2MzZfX01vaGFtbWFkYW1pbiBBTEFORElIQUxMQUo=--thumbnail 150w,https:\/\/www.uni.lu\/en\/person-image\/NTAwNDc2MzZfX01vaGFtbWFkYW1pbiBBTEFORElIQUxMQUo=--medium 300w,https:\/\/www.uni.lu\/en\/person-image\/NTAwNDc2MzZfX01vaGFtbWFkYW1pbiBBTEFORElIQUxMQUo=--medium_large 768w\"\n                                loading=\"lazy\"\n                            >\n                        <\/div>\n                        <div class=\"ulux-card__body card-people\">\n                            <h3 class=\"card__name\">\n                                Mohammadamin ALANDIHALLAJ                            <\/h3>\n                            <p class=\"card__function\">\n                                Research scientist                            <\/p>\n                            <p class=\"card__organization\">\n                                Interdisciplinary Centre for Security, Reliability and Trust                            <\/p>\n                            <a\n                                class=\"card__link link-text link-absolute\"\n                                href=\"https:\/\/www.uni.lu\/snt-en\/people\/mohammadamin-alandihallaj\/\"\n                                title=\"Mohammadamin ALANDIHALLAJ\"\n                            >\n                                <span class=\"link-text__name\">Learn more<\/span>\n                                <svg\n                                    aria-hidden=\"true\"\n                                    focusable=\"false\"\n                                    class=\"icon icon-outline icon--2xs\"\n                                >\n                                    <use xlink:href=\"https:\/\/www.uni.lu\/wp-content\/themes\/unilux-theme\/assets\/images\/icons\/icons-outline.svg#icon--arrow-right\" \/>\n                                <\/svg>\n                            <\/a>\n                        <\/div>\n                    <\/div>\n                <\/div>\n            <\/li>\n                    <li class=\"w-full sm:w-1\/2 lg:w-1\/3 px-16\">\n                <div class=\"ulux-card ulux-card-people bg-theme\">\n                    <div class=\"ulux-card__container\">\n                        <div class=\"ulux-card__visual\">\n                            <img\n                                class=\"w-full\"\n                                src=\"https:\/\/www.uni.lu\/en\/person-image\/NTAwNzQ3MjZfX0pvbmFzIEJBSExNQU5O--medium_large\"\n                                title=\"Jonas BAHLMANN\"\n                                alt=\"Jonas BAHLMANN featured image\"\n                                srcset=\"https:\/\/www.uni.lu\/en\/person-image\/NTAwNzQ3MjZfX0pvbmFzIEJBSExNQU5O--thumbnail 150w,https:\/\/www.uni.lu\/en\/person-image\/NTAwNzQ3MjZfX0pvbmFzIEJBSExNQU5O--medium 300w,https:\/\/www.uni.lu\/en\/person-image\/NTAwNzQ3MjZfX0pvbmFzIEJBSExNQU5O--medium_large 768w\"\n                                loading=\"lazy\"\n                            >\n                        <\/div>\n                        <div class=\"ulux-card__body card-people\">\n                            <h3 class=\"card__name\">\n                                Jonas BAHLMANN                            <\/h3>\n                            <p class=\"card__function\">\n                                Doctoral researcher                            <\/p>\n                            <p class=\"card__organization\">\n                                Interdisciplinary Centre for Security, Reliability and Trust                            <\/p>\n                            <a\n                                class=\"card__link link-text link-absolute\"\n                                href=\"https:\/\/www.uni.lu\/snt-en\/people\/jonas-bahlmann\/\"\n                                title=\"Jonas BAHLMANN\"\n                            >\n                                <span class=\"link-text__name\">Learn more<\/span>\n                                <svg\n                                    aria-hidden=\"true\"\n                                    focusable=\"false\"\n                                    class=\"icon icon-outline icon--2xs\"\n                                >\n                                    <use xlink:href=\"https:\/\/www.uni.lu\/wp-content\/themes\/unilux-theme\/assets\/images\/icons\/icons-outline.svg#icon--arrow-right\" \/>\n                                <\/svg>\n                            <\/a>\n                        <\/div>\n                    <\/div>\n                <\/div>\n            <\/li>\n                    <li class=\"w-full sm:w-1\/2 lg:w-1\/3 px-16\">\n                <div class=\"ulux-card ulux-card-people bg-theme\">\n                    <div class=\"ulux-card__container\">\n                        <div class=\"ulux-card__visual\">\n                            <img\n                                class=\"w-full\"\n                                src=\"https:\/\/www.uni.lu\/en\/person-image\/NTAwNjM4MDRfX0NpdGxhbGkgQlJVQ0UgUk9TRVRF--medium_large\"\n                                title=\"Citlali BRUCE ROSETE\"\n                                alt=\"Citlali BRUCE ROSETE featured image\"\n                                srcset=\"https:\/\/www.uni.lu\/en\/person-image\/NTAwNjM4MDRfX0NpdGxhbGkgQlJVQ0UgUk9TRVRF--thumbnail 150w,https:\/\/www.uni.lu\/en\/person-image\/NTAwNjM4MDRfX0NpdGxhbGkgQlJVQ0UgUk9TRVRF--medium 300w,https:\/\/www.uni.lu\/en\/person-image\/NTAwNjM4MDRfX0NpdGxhbGkgQlJVQ0UgUk9TRVRF--medium_large 768w\"\n                                loading=\"lazy\"\n                            >\n                        <\/div>\n                        <div class=\"ulux-card__body card-people\">\n                            <h3 class=\"card__name\">\n                                Citlali BRUCE ROSETE                            <\/h3>\n                            <p class=\"card__function\">\n                                Doctoral researcher                            <\/p>\n                            <p class=\"card__organization\">\n                                Interdisciplinary Centre for Security, Reliability and Trust                            <\/p>\n                            <a\n                                class=\"card__link link-text link-absolute\"\n                                href=\"https:\/\/www.uni.lu\/snt-en\/people\/citlali-bruce-rosete\/\"\n                                title=\"Citlali BRUCE ROSETE\"\n                            >\n                                <span class=\"link-text__name\">Learn more<\/span>\n                                <svg\n                                    aria-hidden=\"true\"\n                                    focusable=\"false\"\n                                    class=\"icon icon-outline icon--2xs\"\n                                >\n                                    <use xlink:href=\"https:\/\/www.uni.lu\/wp-content\/themes\/unilux-theme\/assets\/images\/icons\/icons-outline.svg#icon--arrow-right\" \/>\n                                <\/svg>\n                            <\/a>\n                        <\/div>\n                    <\/div>\n                <\/div>\n            <\/li>\n                    <li class=\"w-full sm:w-1\/2 lg:w-1\/3 px-16\">\n                <div class=\"ulux-card ulux-card-people bg-theme\">\n                    <div class=\"ulux-card__container\">\n                        <div class=\"ulux-card__visual\">\n                            <img\n                                class=\"w-full\"\n                                src=\"https:\/\/www.uni.lu\/en\/person-image\/NTAwNzQ2MTRfX0FsZXhhbmRlciBGcmFueiBCw5xITEVS--medium_large\"\n                                title=\"Alexander Franz B\u00dcHLER\"\n                                alt=\"Alexander Franz B\u00dcHLER featured image\"\n                                srcset=\"https:\/\/www.uni.lu\/en\/person-image\/NTAwNzQ2MTRfX0FsZXhhbmRlciBGcmFueiBCw5xITEVS--thumbnail 150w,https:\/\/www.uni.lu\/en\/person-image\/NTAwNzQ2MTRfX0FsZXhhbmRlciBGcmFueiBCw5xITEVS--medium 300w,https:\/\/www.uni.lu\/en\/person-image\/NTAwNzQ2MTRfX0FsZXhhbmRlciBGcmFueiBCw5xITEVS--medium_large 768w\"\n                                loading=\"lazy\"\n                            >\n                        <\/div>\n                        <div class=\"ulux-card__body card-people\">\n                            <h3 class=\"card__name\">\n                                Alexander Franz B\u00dcHLER                            <\/h3>\n                            <p class=\"card__function\">\n                                Doctoral researcher                            <\/p>\n                            <p class=\"card__organization\">\n                                Interdisciplinary Centre for Security, Reliability and Trust                            <\/p>\n                            <a\n                                class=\"card__link link-text link-absolute\"\n                                href=\"https:\/\/www.uni.lu\/snt-en\/people\/alexander-franz-buhler\/\"\n                                title=\"Alexander Franz B\u00dcHLER\"\n                            >\n                                <span class=\"link-text__name\">Learn more<\/span>\n                                <svg\n                                    aria-hidden=\"true\"\n                                    focusable=\"false\"\n                                    class=\"icon icon-outline icon--2xs\"\n                                >\n                                    <use xlink:href=\"https:\/\/www.uni.lu\/wp-content\/themes\/unilux-theme\/assets\/images\/icons\/icons-outline.svg#icon--arrow-right\" \/>\n                                <\/svg>\n                            <\/a>\n                        <\/div>\n                    <\/div>\n                <\/div>\n            <\/li>\n                    <li class=\"w-full sm:w-1\/2 lg:w-1\/3 px-16\">\n                <div class=\"ulux-card ulux-card-people bg-theme\">\n                    <div class=\"ulux-card__container\">\n                        <div class=\"ulux-card__visual\">\n                            <img\n                                class=\"w-full\"\n                                src=\"https:\/\/www.uni.lu\/en\/person-image\/NTAwNjg3ODNfX1ZpdHRvcmlvIEZSQU5aRVNF--medium_large\"\n                                title=\"Vittorio FRANZESE\"\n                                alt=\"Vittorio FRANZESE featured image\"\n                                srcset=\"https:\/\/www.uni.lu\/en\/person-image\/NTAwNjg3ODNfX1ZpdHRvcmlvIEZSQU5aRVNF--thumbnail 150w,https:\/\/www.uni.lu\/en\/person-image\/NTAwNjg3ODNfX1ZpdHRvcmlvIEZSQU5aRVNF--medium 300w,https:\/\/www.uni.lu\/en\/person-image\/NTAwNjg3ODNfX1ZpdHRvcmlvIEZSQU5aRVNF--medium_large 768w\"\n                                loading=\"lazy\"\n                            >\n                        <\/div>\n                        <div class=\"ulux-card__body card-people\">\n                            <h3 class=\"card__name\">\n                                Vittorio FRANZESE                            <\/h3>\n                            <p class=\"card__function\">\n                                Research scientist                            <\/p>\n                            <p class=\"card__organization\">\n                                Interdisciplinary Centre for Security, Reliability and Trust                            <\/p>\n                            <a\n                                class=\"card__link link-text link-absolute\"\n                                href=\"https:\/\/www.uni.lu\/snt-en\/people\/vittorio-franzese\/\"\n                                title=\"Vittorio FRANZESE\"\n                            >\n                                <span class=\"link-text__name\">Learn more<\/span>\n                                <svg\n                                    aria-hidden=\"true\"\n                                    focusable=\"false\"\n                                    class=\"icon icon-outline icon--2xs\"\n                                >\n                                    <use xlink:href=\"https:\/\/www.uni.lu\/wp-content\/themes\/unilux-theme\/assets\/images\/icons\/icons-outline.svg#icon--arrow-right\" \/>\n                                <\/svg>\n                            <\/a>\n                        <\/div>\n                    <\/div>\n                <\/div>\n            <\/li>\n                    <li class=\"w-full sm:w-1\/2 lg:w-1\/3 px-16\">\n                <div class=\"ulux-card ulux-card-people bg-theme\">\n                    <div class=\"ulux-card__container\">\n                        <div class=\"ulux-card__visual\">\n                            <img\n                                class=\"w-full\"\n                                src=\"https:\/\/www.uni.lu\/en\/person-image\/NTAwNzQ2NjJfX1NweXJpZG9uIEdPVVZBTEFT--medium_large\"\n                                title=\"Spyridon GOUVALAS\"\n                                alt=\"Spyridon GOUVALAS featured image\"\n                                srcset=\"https:\/\/www.uni.lu\/en\/person-image\/NTAwNzQ2NjJfX1NweXJpZG9uIEdPVVZBTEFT--thumbnail 150w,https:\/\/www.uni.lu\/en\/person-image\/NTAwNzQ2NjJfX1NweXJpZG9uIEdPVVZBTEFT--medium 300w,https:\/\/www.uni.lu\/en\/person-image\/NTAwNzQ2NjJfX1NweXJpZG9uIEdPVVZBTEFT--medium_large 768w\"\n                                loading=\"lazy\"\n                            >\n                        <\/div>\n                        <div class=\"ulux-card__body card-people\">\n                            <h3 class=\"card__name\">\n                                Spyridon GOUVALAS                            <\/h3>\n                            <p class=\"card__function\">\n                                Doctoral researcher                            <\/p>\n                            <p class=\"card__organization\">\n                                Interdisciplinary Centre for Security, Reliability and Trust                            <\/p>\n                            <a\n                                class=\"card__link link-text link-absolute\"\n                                href=\"https:\/\/www.uni.lu\/snt-en\/people\/spyridon-gouvalas\/\"\n                                title=\"Spyridon GOUVALAS\"\n                            >\n                                <span class=\"link-text__name\">Learn more<\/span>\n                                <svg\n                                    aria-hidden=\"true\"\n                                    focusable=\"false\"\n                                    class=\"icon icon-outline icon--2xs\"\n                                >\n                                    <use xlink:href=\"https:\/\/www.uni.lu\/wp-content\/themes\/unilux-theme\/assets\/images\/icons\/icons-outline.svg#icon--arrow-right\" \/>\n                                <\/svg>\n                            <\/a>\n                        <\/div>\n                    <\/div>\n                <\/div>\n            <\/li>\n            <\/ul>\n            <p class=\"text-center\">\n            <button class=\"btn btn--primary\">Load more<\/button>\n        <\/p>\n    <\/div>        <\/div>\n    <\/div>\n<\/div>\n\n<div class=\"accordion__item  wp-block-unilux-blocks-accordion-item\">\n    <h3 class=\"accordion__header\"\n                    id=\"systems-and-network-security-sns\"\n        >\n        <button\n            type=\"button\"\n            id=\"accordion-labelledby-a6488bb9-074c-440a-b3d2-444b888c83bc\"\n            class=\"accordion__button collapsed\"\n            aria-expanded=\"false\"\n            aria-controls=\"accordion-panel-a6488bb9-074c-440a-b3d2-444b888c83bc\"\n            data-bs-toggle=\"collapse\"\n            data-bs-target=\"#accordion-panel-a6488bb9-074c-440a-b3d2-444b888c83bc\"\n        >\n            <span class=\"accordion__title\">\n                                Systems and Network Security (SNS)            <\/span>\n\n            <svg aria-hidden=\"true\" focusable=\"false\" class=\"icon icon-outline icon--arrow-down \"><use xlink:href=\"https:\/\/www.uni.lu\/wp-content\/themes\/unilux-theme\/assets\/images\/icons\/icons-outline.svg#icon--arrow-down\"><\/use><\/svg>        <\/button>\n    <\/h3>\n    <div id=\"accordion-panel-a6488bb9-074c-440a-b3d2-444b888c83bc\"\n        class=\"accordion__collapse collapse\"\n        aria-labelledby=\"accordion-labelledby-a6488bb9-074c-440a-b3d2-444b888c83bc\"\n        data-bs-parent=\"[data-reference=&quot;70761e39-a108-4106-9541-c261f8ecd80d&quot;]\"\n    >\n        <div class=\"accordion__body \">\n            \n<h3 class=\"has-text-align-left wp-block-unilux-blocks-heading\"        id=\"leadership\"\n    >\nLeadership<\/h3>\n<div\n    data-nonce=\"898be529b6\"\n    id=\"people-card-list1777415498\"\n    class=\"people-card-list-automated\"\n    data-search-after=\"LENDERS,50095381,11.331782\"\n    data-params=\"{&quot;size&quot;:6,&quot;byId&quot;:&quot;true&quot;,&quot;organization&quot;:&quot;SNT&quot;,&quot;department&quot;:&quot;SNS&quot;,&quot;employeeGroup&quot;:&quot;1&quot;,&quot;employeeSubGroup&quot;:&quot;as&quot;}\"\n>\n    <ul class=\"flex flex-wrap -mx-16 people-card-list\">\n                    <li class=\"w-full sm:w-1\/2 lg:w-1\/3 px-16\">\n                <div class=\"ulux-card ulux-card-people bg-theme\">\n                    <div class=\"ulux-card__container\">\n                        <div class=\"ulux-card__visual\">\n                            <img\n                                class=\"w-full\"\n                                src=\"https:\/\/www.uni.lu\/en\/person-image\/NTAwOTUzODFfX1ZpbmNlbnQgTEVOREVSUw==--medium_large\"\n                                title=\"Vincent LENDERS\"\n                                alt=\"Vincent LENDERS featured image\"\n                                srcset=\"https:\/\/www.uni.lu\/en\/person-image\/NTAwOTUzODFfX1ZpbmNlbnQgTEVOREVSUw==--thumbnail 150w,https:\/\/www.uni.lu\/en\/person-image\/NTAwOTUzODFfX1ZpbmNlbnQgTEVOREVSUw==--medium 300w,https:\/\/www.uni.lu\/en\/person-image\/NTAwOTUzODFfX1ZpbmNlbnQgTEVOREVSUw==--medium_large 768w\"\n                                loading=\"lazy\"\n                            >\n                        <\/div>\n                        <div class=\"ulux-card__body card-people\">\n                            <h3 class=\"card__name\">\n                                Vincent LENDERS                            <\/h3>\n                            <p class=\"card__function\">\n                                Full professor in Cybersecurity                            <\/p>\n                            <p class=\"card__organization\">\n                                Interdisciplinary Centre for Security, Reliability and Trust                            <\/p>\n                            <a\n                                class=\"card__link link-text link-absolute\"\n                                href=\"https:\/\/www.uni.lu\/snt-en\/people\/vincent-lenders\/\"\n                                title=\"Vincent LENDERS\"\n                            >\n                                <span class=\"link-text__name\">Learn more<\/span>\n                                <svg\n                                    aria-hidden=\"true\"\n                                    focusable=\"false\"\n                                    class=\"icon icon-outline icon--2xs\"\n                                >\n                                    <use xlink:href=\"https:\/\/www.uni.lu\/wp-content\/themes\/unilux-theme\/assets\/images\/icons\/icons-outline.svg#icon--arrow-right\" \/>\n                                <\/svg>\n                            <\/a>\n                        <\/div>\n                    <\/div>\n                <\/div>\n            <\/li>\n            <\/ul>\n    <\/div>\n<h3 class=\"has-text-align-left wp-block-unilux-blocks-heading\"        id=\"researchers\"\n    >\nResearchers<\/h3>\n<div\n    data-nonce=\"898be529b6\"\n    id=\"people-card-list1777415498\"\n    class=\"people-card-list-automated\"\n    data-search-after=\"OSTREV,50024800,11.331782\"\n    data-params=\"{&quot;size&quot;:6,&quot;byId&quot;:&quot;true&quot;,&quot;organization&quot;:&quot;SNT&quot;,&quot;department&quot;:&quot;SNS&quot;,&quot;employeeGroup&quot;:&quot;1&quot;,&quot;employeeSubGroup&quot;:&quot;ap&quot;}\"\n>\n    <ul class=\"flex flex-wrap -mx-16 people-card-list\">\n                    <li class=\"w-full sm:w-1\/2 lg:w-1\/3 px-16\">\n                <div class=\"ulux-card ulux-card-people bg-theme\">\n                    <div class=\"ulux-card__container\">\n                        <div class=\"ulux-card__visual\">\n                            <img\n                                class=\"w-full\"\n                                src=\"https:\/\/www.uni.lu\/en\/person-image\/NTAxMDA2NzRfX0lsZGkgQUxMQQ==--medium_large\"\n                                title=\"Ildi ALLA\"\n                                alt=\"Ildi ALLA featured image\"\n                                srcset=\"https:\/\/www.uni.lu\/en\/person-image\/NTAxMDA2NzRfX0lsZGkgQUxMQQ==--thumbnail 150w,https:\/\/www.uni.lu\/en\/person-image\/NTAxMDA2NzRfX0lsZGkgQUxMQQ==--medium 300w,https:\/\/www.uni.lu\/en\/person-image\/NTAxMDA2NzRfX0lsZGkgQUxMQQ==--medium_large 768w\"\n                                loading=\"lazy\"\n                            >\n                        <\/div>\n                        <div class=\"ulux-card__body card-people\">\n                            <h3 class=\"card__name\">\n                                Ildi ALLA                            <\/h3>\n                            <p class=\"card__function\">\n                                Postdoctoral researcher                            <\/p>\n                            <p class=\"card__organization\">\n                                Interdisciplinary Centre for Security, Reliability and Trust                            <\/p>\n                            <a\n                                class=\"card__link link-text link-absolute\"\n                                href=\"https:\/\/www.uni.lu\/snt-en\/people\/ildi-alla\/\"\n                                title=\"Ildi ALLA\"\n                            >\n                                <span class=\"link-text__name\">Learn more<\/span>\n                                <svg\n                                    aria-hidden=\"true\"\n                                    focusable=\"false\"\n                                    class=\"icon icon-outline icon--2xs\"\n                                >\n                                    <use xlink:href=\"https:\/\/www.uni.lu\/wp-content\/themes\/unilux-theme\/assets\/images\/icons\/icons-outline.svg#icon--arrow-right\" \/>\n                                <\/svg>\n                            <\/a>\n                        <\/div>\n                    <\/div>\n                <\/div>\n            <\/li>\n                    <li class=\"w-full sm:w-1\/2 lg:w-1\/3 px-16\">\n                <div class=\"ulux-card ulux-card-people bg-theme\">\n                    <div class=\"ulux-card__container\">\n                        <div class=\"ulux-card__visual\">\n                            <img\n                                class=\"w-full\"\n                                src=\"https:\/\/www.uni.lu\/en\/person-image\/NTAwMDE2MDBfX0Fmb25zbyBERUxFUlVFIEFSUklBR0E=--medium_large\"\n                                title=\"Afonso DELERUE ARRIAGA\"\n                                alt=\"Afonso DELERUE ARRIAGA featured image\"\n                                srcset=\"https:\/\/www.uni.lu\/en\/person-image\/NTAwMDE2MDBfX0Fmb25zbyBERUxFUlVFIEFSUklBR0E=--thumbnail 150w,https:\/\/www.uni.lu\/en\/person-image\/NTAwMDE2MDBfX0Fmb25zbyBERUxFUlVFIEFSUklBR0E=--medium 300w,https:\/\/www.uni.lu\/en\/person-image\/NTAwMDE2MDBfX0Fmb25zbyBERUxFUlVFIEFSUklBR0E=--medium_large 768w\"\n                                loading=\"lazy\"\n                            >\n                        <\/div>\n                        <div class=\"ulux-card__body card-people\">\n                            <h3 class=\"card__name\">\n                                Afonso DELERUE ARRIAGA                            <\/h3>\n                            <p class=\"card__function\">\n                                Postdoctoral researcher                            <\/p>\n                            <p class=\"card__organization\">\n                                Interdisciplinary Centre for Security, Reliability and Trust                            <\/p>\n                            <a\n                                class=\"card__link link-text link-absolute\"\n                                href=\"https:\/\/www.uni.lu\/snt-en\/people\/afonso-delerue-arriaga\/\"\n                                title=\"Afonso DELERUE ARRIAGA\"\n                            >\n                                <span class=\"link-text__name\">Learn more<\/span>\n                                <svg\n                                    aria-hidden=\"true\"\n                                    focusable=\"false\"\n                                    class=\"icon icon-outline icon--2xs\"\n                                >\n                                    <use xlink:href=\"https:\/\/www.uni.lu\/wp-content\/themes\/unilux-theme\/assets\/images\/icons\/icons-outline.svg#icon--arrow-right\" \/>\n                                <\/svg>\n                            <\/a>\n                        <\/div>\n                    <\/div>\n                <\/div>\n            <\/li>\n                    <li class=\"w-full sm:w-1\/2 lg:w-1\/3 px-16\">\n                <div class=\"ulux-card ulux-card-people bg-theme\">\n                    <div class=\"ulux-card__container\">\n                        <div class=\"ulux-card__visual\">\n                            <img\n                                class=\"w-full\"\n                                src=\"https:\/\/www.uni.lu\/en\/person-image\/NTAxMDE3MTlfX01lcnllbSBNYWxhayBESUY=--medium_large\"\n                                title=\"Meryem Malak DIF\"\n                                alt=\"Meryem Malak DIF featured image\"\n                                srcset=\"https:\/\/www.uni.lu\/en\/person-image\/NTAxMDE3MTlfX01lcnllbSBNYWxhayBESUY=--thumbnail 150w,https:\/\/www.uni.lu\/en\/person-image\/NTAxMDE3MTlfX01lcnllbSBNYWxhayBESUY=--medium 300w,https:\/\/www.uni.lu\/en\/person-image\/NTAxMDE3MTlfX01lcnllbSBNYWxhayBESUY=--medium_large 768w\"\n                                loading=\"lazy\"\n                            >\n                        <\/div>\n                        <div class=\"ulux-card__body card-people\">\n                            <h3 class=\"card__name\">\n                                Meryem Malak DIF                            <\/h3>\n                            <p class=\"card__function\">\n                                Doctoral researcher                            <\/p>\n                            <p class=\"card__organization\">\n                                Interdisciplinary Centre for Security, Reliability and Trust                            <\/p>\n                            <a\n                                class=\"card__link link-text link-absolute\"\n                                href=\"https:\/\/www.uni.lu\/snt-en\/people\/meryem-malak-dif\/\"\n                                title=\"Meryem Malak DIF\"\n                            >\n                                <span class=\"link-text__name\">Learn more<\/span>\n                                <svg\n                                    aria-hidden=\"true\"\n                                    focusable=\"false\"\n                                    class=\"icon icon-outline icon--2xs\"\n                                >\n                                    <use xlink:href=\"https:\/\/www.uni.lu\/wp-content\/themes\/unilux-theme\/assets\/images\/icons\/icons-outline.svg#icon--arrow-right\" \/>\n                                <\/svg>\n                            <\/a>\n                        <\/div>\n                    <\/div>\n                <\/div>\n            <\/li>\n                    <li class=\"w-full sm:w-1\/2 lg:w-1\/3 px-16\">\n                <div class=\"ulux-card ulux-card-people bg-theme\">\n                    <div class=\"ulux-card__container\">\n                        <div class=\"ulux-card__visual\">\n                            <img\n                                class=\"w-full\"\n                                src=\"https:\/\/www.uni.lu\/en\/person-image\/NTAwODk0NzRfX0l2byBNQUZGRUk=--medium_large\"\n                                title=\"Ivo MAFFEI\"\n                                alt=\"Ivo MAFFEI featured image\"\n                                srcset=\"https:\/\/www.uni.lu\/en\/person-image\/NTAwODk0NzRfX0l2byBNQUZGRUk=--thumbnail 150w,https:\/\/www.uni.lu\/en\/person-image\/NTAwODk0NzRfX0l2byBNQUZGRUk=--medium 300w,https:\/\/www.uni.lu\/en\/person-image\/NTAwODk0NzRfX0l2byBNQUZGRUk=--medium_large 768w\"\n                                loading=\"lazy\"\n                            >\n                        <\/div>\n                        <div class=\"ulux-card__body card-people\">\n                            <h3 class=\"card__name\">\n                                Ivo MAFFEI                            <\/h3>\n                            <p class=\"card__function\">\n                                Postdoctoral researcher                            <\/p>\n                            <p class=\"card__organization\">\n                                Interdisciplinary Centre for Security, Reliability and Trust                            <\/p>\n                            <a\n                                class=\"card__link link-text link-absolute\"\n                                href=\"https:\/\/www.uni.lu\/snt-en\/people\/ivo-maffei\/\"\n                                title=\"Ivo MAFFEI\"\n                            >\n                                <span class=\"link-text__name\">Learn more<\/span>\n                                <svg\n                                    aria-hidden=\"true\"\n                                    focusable=\"false\"\n                                    class=\"icon icon-outline icon--2xs\"\n                                >\n                                    <use xlink:href=\"https:\/\/www.uni.lu\/wp-content\/themes\/unilux-theme\/assets\/images\/icons\/icons-outline.svg#icon--arrow-right\" \/>\n                                <\/svg>\n                            <\/a>\n                        <\/div>\n                    <\/div>\n                <\/div>\n            <\/li>\n                    <li class=\"w-full sm:w-1\/2 lg:w-1\/3 px-16\">\n                <div class=\"ulux-card ulux-card-people bg-theme\">\n                    <div class=\"ulux-card__container\">\n                        <div class=\"ulux-card__visual\">\n                            <img\n                                class=\"w-full\"\n                                src=\"https:\/\/www.uni.lu\/en\/person-image\/NTAwOTE5NTZfX0pvcmRhbiBSZW15IE5BQ0NBQ0hF--medium_large\"\n                                title=\"Jordan Remy NACCACHE\"\n                                alt=\"Jordan Remy NACCACHE featured image\"\n                                srcset=\"https:\/\/www.uni.lu\/en\/person-image\/NTAwOTE5NTZfX0pvcmRhbiBSZW15IE5BQ0NBQ0hF--thumbnail 150w,https:\/\/www.uni.lu\/en\/person-image\/NTAwOTE5NTZfX0pvcmRhbiBSZW15IE5BQ0NBQ0hF--medium 300w,https:\/\/www.uni.lu\/en\/person-image\/NTAwOTE5NTZfX0pvcmRhbiBSZW15IE5BQ0NBQ0hF--medium_large 768w\"\n                                loading=\"lazy\"\n                            >\n                        <\/div>\n                        <div class=\"ulux-card__body card-people\">\n                            <h3 class=\"card__name\">\n                                Jordan Remy NACCACHE                            <\/h3>\n                            <p class=\"card__function\">\n                                Postdoctoral researcher                            <\/p>\n                            <p class=\"card__organization\">\n                                Interdisciplinary Centre for Security, Reliability and Trust                            <\/p>\n                            <a\n                                class=\"card__link link-text link-absolute\"\n                                href=\"https:\/\/www.uni.lu\/snt-en\/people\/jordan-remy-naccache\/\"\n                                title=\"Jordan Remy NACCACHE\"\n                            >\n                                <span class=\"link-text__name\">Learn more<\/span>\n                                <svg\n                                    aria-hidden=\"true\"\n                                    focusable=\"false\"\n                                    class=\"icon icon-outline icon--2xs\"\n                                >\n                                    <use xlink:href=\"https:\/\/www.uni.lu\/wp-content\/themes\/unilux-theme\/assets\/images\/icons\/icons-outline.svg#icon--arrow-right\" \/>\n                                <\/svg>\n                            <\/a>\n                        <\/div>\n                    <\/div>\n                <\/div>\n            <\/li>\n                    <li class=\"w-full sm:w-1\/2 lg:w-1\/3 px-16\">\n                <div class=\"ulux-card ulux-card-people bg-theme\">\n                    <div class=\"ulux-card__container\">\n                        <div class=\"ulux-card__visual\">\n                            <img\n                                class=\"w-full\"\n                                src=\"https:\/\/www.uni.lu\/en\/person-image\/NTAwMjQ4MDBfX0RpbWl0ZXIgT1NUUkVW--medium_large\"\n                                title=\"Dimiter OSTREV\"\n                                alt=\"Dimiter OSTREV featured image\"\n                                srcset=\"https:\/\/www.uni.lu\/en\/person-image\/NTAwMjQ4MDBfX0RpbWl0ZXIgT1NUUkVW--thumbnail 150w,https:\/\/www.uni.lu\/en\/person-image\/NTAwMjQ4MDBfX0RpbWl0ZXIgT1NUUkVW--medium 300w,https:\/\/www.uni.lu\/en\/person-image\/NTAwMjQ4MDBfX0RpbWl0ZXIgT1NUUkVW--medium_large 768w\"\n                                loading=\"lazy\"\n                            >\n                        <\/div>\n                        <div class=\"ulux-card__body card-people\">\n                            <h3 class=\"card__name\">\n                                Dimiter OSTREV                            <\/h3>\n                            <p class=\"card__function\">\n                                Research scientist                            <\/p>\n                            <p class=\"card__organization\">\n                                Interdisciplinary Centre for Security, Reliability and Trust                            <\/p>\n                            <a\n                                class=\"card__link link-text link-absolute\"\n                                href=\"https:\/\/www.uni.lu\/snt-en\/people\/dimiter-ostrev\/\"\n                                title=\"Dimiter OSTREV\"\n                            >\n                                <span class=\"link-text__name\">Learn more<\/span>\n                                <svg\n                                    aria-hidden=\"true\"\n                                    focusable=\"false\"\n                                    class=\"icon icon-outline icon--2xs\"\n                                >\n                                    <use xlink:href=\"https:\/\/www.uni.lu\/wp-content\/themes\/unilux-theme\/assets\/images\/icons\/icons-outline.svg#icon--arrow-right\" \/>\n                                <\/svg>\n                            <\/a>\n                        <\/div>\n                    <\/div>\n                <\/div>\n            <\/li>\n            <\/ul>\n            <p class=\"text-center\">\n            <button class=\"btn btn--primary\">Load more<\/button>\n        <\/p>\n    <\/div>        <\/div>\n    <\/div>\n<\/div>\n\n<div class=\"accordion__item  wp-block-unilux-blocks-accordion-item\">\n    <h3 class=\"accordion__header\"\n                    id=\"trustworthy-software-trux\"\n        >\n        <button\n            type=\"button\"\n            id=\"accordion-labelledby-095910f5-e551-46ff-b269-fe10fd70fda8\"\n            class=\"accordion__button collapsed\"\n            aria-expanded=\"false\"\n            aria-controls=\"accordion-panel-095910f5-e551-46ff-b269-fe10fd70fda8\"\n            data-bs-toggle=\"collapse\"\n            data-bs-target=\"#accordion-panel-095910f5-e551-46ff-b269-fe10fd70fda8\"\n        >\n            <span class=\"accordion__title\">\n                                Trustworthy Software (TruX)            <\/span>\n\n            <svg aria-hidden=\"true\" focusable=\"false\" class=\"icon icon-outline icon--arrow-down \"><use xlink:href=\"https:\/\/www.uni.lu\/wp-content\/themes\/unilux-theme\/assets\/images\/icons\/icons-outline.svg#icon--arrow-down\"><\/use><\/svg>        <\/button>\n    <\/h3>\n    <div id=\"accordion-panel-095910f5-e551-46ff-b269-fe10fd70fda8\"\n        class=\"accordion__collapse collapse\"\n        aria-labelledby=\"accordion-labelledby-095910f5-e551-46ff-b269-fe10fd70fda8\"\n        data-bs-parent=\"[data-reference=&quot;70761e39-a108-4106-9541-c261f8ecd80d&quot;]\"\n    >\n        <div class=\"accordion__body \">\n            \n<h3 class=\"has-text-align-left wp-block-unilux-blocks-heading\"        id=\"leadership\"\n    >\nLeadership<\/h3>\n<div\n    data-nonce=\"898be529b6\"\n    id=\"people-card-list1777415498\"\n    class=\"people-card-list-automated\"\n    data-search-after=\"KLEIN,50002098,9.8363085\"\n    data-params=\"{&quot;size&quot;:6,&quot;byId&quot;:&quot;true&quot;,&quot;organization&quot;:&quot;SNT&quot;,&quot;department&quot;:&quot;TruX&quot;,&quot;employeeGroup&quot;:&quot;1&quot;,&quot;employeeSubGroup&quot;:&quot;as&quot;}\"\n>\n    <ul class=\"flex flex-wrap -mx-16 people-card-list\">\n                    <li class=\"w-full sm:w-1\/2 lg:w-1\/3 px-16\">\n                <div class=\"ulux-card ulux-card-people bg-theme\">\n                    <div class=\"ulux-card__container\">\n                        <div class=\"ulux-card__visual\">\n                            <img\n                                class=\"w-full\"\n                                src=\"https:\/\/www.uni.lu\/en\/person-image\/NTAwMDA4MDJfX1RlZ2F3ZW5kw6kgQklTU1lBTkRF--medium_large\"\n                                title=\"Tegawend\u00e9 BISSYANDE\"\n                                alt=\"Tegawend\u00e9 BISSYANDE featured image\"\n                                srcset=\"https:\/\/www.uni.lu\/en\/person-image\/NTAwMDA4MDJfX1RlZ2F3ZW5kw6kgQklTU1lBTkRF--thumbnail 150w,https:\/\/www.uni.lu\/en\/person-image\/NTAwMDA4MDJfX1RlZ2F3ZW5kw6kgQklTU1lBTkRF--medium 300w,https:\/\/www.uni.lu\/en\/person-image\/NTAwMDA4MDJfX1RlZ2F3ZW5kw6kgQklTU1lBTkRF--medium_large 768w\"\n                                loading=\"lazy\"\n                            >\n                        <\/div>\n                        <div class=\"ulux-card__body card-people\">\n                            <h3 class=\"card__name\">\n                                Tegawend\u00e9 BISSYANDE                            <\/h3>\n                            <p class=\"card__function\">\n                                Full professor in Informatics                            <\/p>\n                            <p class=\"card__organization\">\n                                Interdisciplinary Centre for Security, Reliability and Trust                            <\/p>\n                            <a\n                                class=\"card__link link-text link-absolute\"\n                                href=\"https:\/\/www.uni.lu\/snt-en\/people\/tegawende-bissyande\/\"\n                                title=\"Tegawend\u00e9 BISSYANDE\"\n                            >\n                                <span class=\"link-text__name\">Learn more<\/span>\n                                <svg\n                                    aria-hidden=\"true\"\n                                    focusable=\"false\"\n                                    class=\"icon icon-outline icon--2xs\"\n                                >\n                                    <use xlink:href=\"https:\/\/www.uni.lu\/wp-content\/themes\/unilux-theme\/assets\/images\/icons\/icons-outline.svg#icon--arrow-right\" \/>\n                                <\/svg>\n                            <\/a>\n                        <\/div>\n                    <\/div>\n                <\/div>\n            <\/li>\n                    <li class=\"w-full sm:w-1\/2 lg:w-1\/3 px-16\">\n                <div class=\"ulux-card ulux-card-people bg-theme\">\n                    <div class=\"ulux-card__container\">\n                        <div class=\"ulux-card__visual\">\n                            <img\n                                class=\"w-full\"\n                                src=\"https:\/\/www.uni.lu\/en\/person-image\/NTAwMDIwOThfX0phY3F1ZXMgS0xFSU4=--medium_large\"\n                                title=\"Jacques KLEIN\"\n                                alt=\"Jacques KLEIN featured image\"\n                                srcset=\"https:\/\/www.uni.lu\/en\/person-image\/NTAwMDIwOThfX0phY3F1ZXMgS0xFSU4=--thumbnail 150w,https:\/\/www.uni.lu\/en\/person-image\/NTAwMDIwOThfX0phY3F1ZXMgS0xFSU4=--medium 300w,https:\/\/www.uni.lu\/en\/person-image\/NTAwMDIwOThfX0phY3F1ZXMgS0xFSU4=--medium_large 768w\"\n                                loading=\"lazy\"\n                            >\n                        <\/div>\n                        <div class=\"ulux-card__body card-people\">\n                            <h3 class=\"card__name\">\n                                Jacques KLEIN                            <\/h3>\n                            <p class=\"card__function\">\n                                Full professor in software engineering and mobile security                            <\/p>\n                            <p class=\"card__organization\">\n                                Interdisciplinary Centre for Security, Reliability and Trust                            <\/p>\n                            <a\n                                class=\"card__link link-text link-absolute\"\n                                href=\"https:\/\/www.uni.lu\/snt-en\/people\/jacques-klein\/\"\n                                title=\"Jacques KLEIN\"\n                            >\n                                <span class=\"link-text__name\">Learn more<\/span>\n                                <svg\n                                    aria-hidden=\"true\"\n                                    focusable=\"false\"\n                                    class=\"icon icon-outline icon--2xs\"\n                                >\n                                    <use xlink:href=\"https:\/\/www.uni.lu\/wp-content\/themes\/unilux-theme\/assets\/images\/icons\/icons-outline.svg#icon--arrow-right\" \/>\n                                <\/svg>\n                            <\/a>\n                        <\/div>\n                    <\/div>\n                <\/div>\n            <\/li>\n            <\/ul>\n    <\/div>\n<h3 class=\"has-text-align-left wp-block-unilux-blocks-heading\"        id=\"researchers\"\n    >\nResearchers<\/h3>\n<div\n    data-nonce=\"898be529b6\"\n    id=\"people-card-list1777415498\"\n    class=\"people-card-list-automated\"\n    data-search-after=\"DIALLO,50097945,9.8363085\"\n    data-params=\"{&quot;size&quot;:6,&quot;byId&quot;:&quot;true&quot;,&quot;organization&quot;:&quot;SNT&quot;,&quot;department&quot;:&quot;TruX&quot;,&quot;employeeGroup&quot;:&quot;1&quot;,&quot;employeeSubGroup&quot;:&quot;ap&quot;}\"\n>\n    <ul class=\"flex flex-wrap -mx-16 people-card-list\">\n                    <li class=\"w-full sm:w-1\/2 lg:w-1\/3 px-16\">\n                <div class=\"ulux-card ulux-card-people bg-theme\">\n                    <div class=\"ulux-card__container\">\n                        <div class=\"ulux-card__visual\">\n                            <img\n                                class=\"w-full\"\n                                src=\"https:\/\/www.uni.lu\/en\/person-image\/NTAwNjUxMjJfX01hcmNvIEFMRUNDSQ==--medium_large\"\n                                title=\"Marco ALECCI\"\n                                alt=\"Marco ALECCI featured image\"\n                                srcset=\"https:\/\/www.uni.lu\/en\/person-image\/NTAwNjUxMjJfX01hcmNvIEFMRUNDSQ==--thumbnail 150w,https:\/\/www.uni.lu\/en\/person-image\/NTAwNjUxMjJfX01hcmNvIEFMRUNDSQ==--medium 300w,https:\/\/www.uni.lu\/en\/person-image\/NTAwNjUxMjJfX01hcmNvIEFMRUNDSQ==--medium_large 768w\"\n                                loading=\"lazy\"\n                            >\n                        <\/div>\n                        <div class=\"ulux-card__body card-people\">\n                            <h3 class=\"card__name\">\n                                Marco ALECCI                            <\/h3>\n                            <p class=\"card__function\">\n                                Doctoral researcher                            <\/p>\n                            <p class=\"card__organization\">\n                                Interdisciplinary Centre for Security, Reliability and Trust                            <\/p>\n                            <a\n                                class=\"card__link link-text link-absolute\"\n                                href=\"https:\/\/www.uni.lu\/snt-en\/people\/marco-alecci\/\"\n                                title=\"Marco ALECCI\"\n                            >\n                                <span class=\"link-text__name\">Learn more<\/span>\n                                <svg\n                                    aria-hidden=\"true\"\n                                    focusable=\"false\"\n                                    class=\"icon icon-outline icon--2xs\"\n                                >\n                                    <use xlink:href=\"https:\/\/www.uni.lu\/wp-content\/themes\/unilux-theme\/assets\/images\/icons\/icons-outline.svg#icon--arrow-right\" \/>\n                                <\/svg>\n                            <\/a>\n                        <\/div>\n                    <\/div>\n                <\/div>\n            <\/li>\n                    <li class=\"w-full sm:w-1\/2 lg:w-1\/3 px-16\">\n                <div class=\"ulux-card ulux-card-people bg-theme\">\n                    <div class=\"ulux-card__container\">\n                        <div class=\"ulux-card__visual\">\n                            <img\n                                class=\"w-full\"\n                                src=\"https:\/\/www.uni.lu\/en\/person-image\/NTAwOTE5NTVfX0xhdXJhIE1hcmlhIEJFUk5BUkRZ--medium_large\"\n                                title=\"Laura Maria BERNARDY\"\n                                alt=\"Laura Maria BERNARDY featured image\"\n                                srcset=\"https:\/\/www.uni.lu\/en\/person-image\/NTAwOTE5NTVfX0xhdXJhIE1hcmlhIEJFUk5BUkRZ--thumbnail 150w,https:\/\/www.uni.lu\/en\/person-image\/NTAwOTE5NTVfX0xhdXJhIE1hcmlhIEJFUk5BUkRZ--medium 300w,https:\/\/www.uni.lu\/en\/person-image\/NTAwOTE5NTVfX0xhdXJhIE1hcmlhIEJFUk5BUkRZ--medium_large 768w\"\n                                loading=\"lazy\"\n                            >\n                        <\/div>\n                        <div class=\"ulux-card__body card-people\">\n                            <h3 class=\"card__name\">\n                                Laura Maria BERNARDY                            <\/h3>\n                            <p class=\"card__function\">\n                                Doctoral researcher                            <\/p>\n                            <p class=\"card__organization\">\n                                Interdisciplinary Centre for Security, Reliability and Trust                            <\/p>\n                            <a\n                                class=\"card__link link-text link-absolute\"\n                                href=\"https:\/\/www.uni.lu\/snt-en\/people\/laura-maria-bernardy\/\"\n                                title=\"Laura Maria BERNARDY\"\n                            >\n                                <span class=\"link-text__name\">Learn more<\/span>\n                                <svg\n                                    aria-hidden=\"true\"\n                                    focusable=\"false\"\n                                    class=\"icon icon-outline icon--2xs\"\n                                >\n                                    <use xlink:href=\"https:\/\/www.uni.lu\/wp-content\/themes\/unilux-theme\/assets\/images\/icons\/icons-outline.svg#icon--arrow-right\" \/>\n                                <\/svg>\n                            <\/a>\n                        <\/div>\n                    <\/div>\n                <\/div>\n            <\/li>\n                    <li class=\"w-full sm:w-1\/2 lg:w-1\/3 px-16\">\n                <div class=\"ulux-card ulux-card-people bg-theme\">\n                    <div class=\"ulux-card__container\">\n                        <div class=\"ulux-card__visual\">\n                            <img\n                                class=\"w-full\"\n                                src=\"https:\/\/www.uni.lu\/en\/person-image\/NTAwODY1MDlfX0FiZG91bCBBeml6IEJPTktPVU5HT1U=--medium_large\"\n                                title=\"Abdoul Aziz BONKOUNGOU\"\n                                alt=\"Abdoul Aziz BONKOUNGOU featured image\"\n                                srcset=\"https:\/\/www.uni.lu\/en\/person-image\/NTAwODY1MDlfX0FiZG91bCBBeml6IEJPTktPVU5HT1U=--thumbnail 150w,https:\/\/www.uni.lu\/en\/person-image\/NTAwODY1MDlfX0FiZG91bCBBeml6IEJPTktPVU5HT1U=--medium 300w,https:\/\/www.uni.lu\/en\/person-image\/NTAwODY1MDlfX0FiZG91bCBBeml6IEJPTktPVU5HT1U=--medium_large 768w\"\n                                loading=\"lazy\"\n                            >\n                        <\/div>\n                        <div class=\"ulux-card__body card-people\">\n                            <h3 class=\"card__name\">\n                                Abdoul Aziz BONKOUNGOU                            <\/h3>\n                            <p class=\"card__function\">\n                                Doctoral researcher                            <\/p>\n                            <p class=\"card__organization\">\n                                Interdisciplinary Centre for Security, Reliability and Trust                            <\/p>\n                            <a\n                                class=\"card__link link-text link-absolute\"\n                                href=\"https:\/\/www.uni.lu\/snt-en\/people\/abdoul-aziz-bonkoungou\/\"\n                                title=\"Abdoul Aziz BONKOUNGOU\"\n                            >\n                                <span class=\"link-text__name\">Learn more<\/span>\n                                <svg\n                                    aria-hidden=\"true\"\n                                    focusable=\"false\"\n                                    class=\"icon icon-outline icon--2xs\"\n                                >\n                                    <use xlink:href=\"https:\/\/www.uni.lu\/wp-content\/themes\/unilux-theme\/assets\/images\/icons\/icons-outline.svg#icon--arrow-right\" \/>\n                                <\/svg>\n                            <\/a>\n                        <\/div>\n                    <\/div>\n                <\/div>\n            <\/li>\n                    <li class=\"w-full sm:w-1\/2 lg:w-1\/3 px-16\">\n                <div class=\"ulux-card ulux-card-people bg-theme\">\n                    <div class=\"ulux-card__container\">\n                        <div class=\"ulux-card__visual\">\n                            <img\n                                class=\"w-full\"\n                                src=\"https:\/\/www.uni.lu\/en\/person-image\/NTAwODk1NThfX1Bhd2VsIEJPUlNVS0lFV0lDWg==--medium_large\"\n                                title=\"Pawel BORSUKIEWICZ\"\n                                alt=\"Pawel BORSUKIEWICZ featured image\"\n                                srcset=\"https:\/\/www.uni.lu\/en\/person-image\/NTAwODk1NThfX1Bhd2VsIEJPUlNVS0lFV0lDWg==--thumbnail 150w,https:\/\/www.uni.lu\/en\/person-image\/NTAwODk1NThfX1Bhd2VsIEJPUlNVS0lFV0lDWg==--medium 300w,https:\/\/www.uni.lu\/en\/person-image\/NTAwODk1NThfX1Bhd2VsIEJPUlNVS0lFV0lDWg==--medium_large 768w\"\n                                loading=\"lazy\"\n                            >\n                        <\/div>\n                        <div class=\"ulux-card__body card-people\">\n                            <h3 class=\"card__name\">\n                                Pawel BORSUKIEWICZ                            <\/h3>\n                            <p class=\"card__function\">\n                                Doctoral researcher                            <\/p>\n                            <p class=\"card__organization\">\n                                Interdisciplinary Centre for Security, Reliability and Trust                            <\/p>\n                            <a\n                                class=\"card__link link-text link-absolute\"\n                                href=\"https:\/\/www.uni.lu\/snt-en\/people\/pawel-borsukiewicz\/\"\n                                title=\"Pawel BORSUKIEWICZ\"\n                            >\n                                <span class=\"link-text__name\">Learn more<\/span>\n                                <svg\n                                    aria-hidden=\"true\"\n                                    focusable=\"false\"\n                                    class=\"icon icon-outline icon--2xs\"\n                                >\n                                    <use xlink:href=\"https:\/\/www.uni.lu\/wp-content\/themes\/unilux-theme\/assets\/images\/icons\/icons-outline.svg#icon--arrow-right\" \/>\n                                <\/svg>\n                            <\/a>\n                        <\/div>\n                    <\/div>\n                <\/div>\n            <\/li>\n                    <li class=\"w-full sm:w-1\/2 lg:w-1\/3 px-16\">\n                <div class=\"ulux-card ulux-card-people bg-theme\">\n                    <div class=\"ulux-card__container\">\n                        <div class=\"ulux-card__visual\">\n                            <img\n                                class=\"w-full\"\n                                src=\"https:\/\/www.uni.lu\/en\/person-image\/NTAwNDcyMDBfX0FsaW91bmUgRElBTExP--medium_large\"\n                                title=\"Alioune DIALLO\"\n                                alt=\"Alioune DIALLO featured image\"\n                                srcset=\"https:\/\/www.uni.lu\/en\/person-image\/NTAwNDcyMDBfX0FsaW91bmUgRElBTExP--thumbnail 150w,https:\/\/www.uni.lu\/en\/person-image\/NTAwNDcyMDBfX0FsaW91bmUgRElBTExP--medium 300w,https:\/\/www.uni.lu\/en\/person-image\/NTAwNDcyMDBfX0FsaW91bmUgRElBTExP--medium_large 768w\"\n                                loading=\"lazy\"\n                            >\n                        <\/div>\n                        <div class=\"ulux-card__body card-people\">\n                            <h3 class=\"card__name\">\n                                Alioune DIALLO                            <\/h3>\n                            <p class=\"card__function\">\n                                Postdoctoral researcher                            <\/p>\n                            <p class=\"card__organization\">\n                                Interdisciplinary Centre for Security, Reliability and Trust                            <\/p>\n                            <a\n                                class=\"card__link link-text link-absolute\"\n                                href=\"https:\/\/www.uni.lu\/snt-en\/people\/alioune-diallo\/\"\n                                title=\"Alioune DIALLO\"\n                            >\n                                <span class=\"link-text__name\">Learn more<\/span>\n                                <svg\n                                    aria-hidden=\"true\"\n                                    focusable=\"false\"\n                                    class=\"icon icon-outline icon--2xs\"\n                                >\n                                    <use xlink:href=\"https:\/\/www.uni.lu\/wp-content\/themes\/unilux-theme\/assets\/images\/icons\/icons-outline.svg#icon--arrow-right\" \/>\n                                <\/svg>\n                            <\/a>\n                        <\/div>\n                    <\/div>\n                <\/div>\n            <\/li>\n                    <li class=\"w-full sm:w-1\/2 lg:w-1\/3 px-16\">\n                <div class=\"ulux-card ulux-card-people bg-theme\">\n                    <div class=\"ulux-card__container\">\n                        <div class=\"ulux-card__visual\">\n                            <img\n                                class=\"w-full\"\n                                src=\"https:\/\/www.uni.lu\/en\/person-image\/NTAwOTc5NDVfX0VsLUhhY2VuIERJQUxMTw==--medium_large\"\n                                title=\"El-Hacen DIALLO\"\n                                alt=\"El-Hacen DIALLO featured image\"\n                                srcset=\"https:\/\/www.uni.lu\/en\/person-image\/NTAwOTc5NDVfX0VsLUhhY2VuIERJQUxMTw==--thumbnail 150w,https:\/\/www.uni.lu\/en\/person-image\/NTAwOTc5NDVfX0VsLUhhY2VuIERJQUxMTw==--medium 300w,https:\/\/www.uni.lu\/en\/person-image\/NTAwOTc5NDVfX0VsLUhhY2VuIERJQUxMTw==--medium_large 768w\"\n                                loading=\"lazy\"\n                            >\n                        <\/div>\n                        <div class=\"ulux-card__body card-people\">\n                            <h3 class=\"card__name\">\n                                El-Hacen DIALLO                            <\/h3>\n                            <p class=\"card__function\">\n                                Postdoctoral researcher                            <\/p>\n                            <p class=\"card__organization\">\n                                Interdisciplinary Centre for Security, Reliability and Trust                            <\/p>\n                            <a\n                                class=\"card__link link-text link-absolute\"\n                                href=\"https:\/\/www.uni.lu\/snt-en\/people\/el-hacen-diallo\/\"\n                                title=\"El-Hacen DIALLO\"\n                            >\n                                <span class=\"link-text__name\">Learn more<\/span>\n                                <svg\n                                    aria-hidden=\"true\"\n                                    focusable=\"false\"\n                                    class=\"icon icon-outline icon--2xs\"\n                                >\n                                    <use xlink:href=\"https:\/\/www.uni.lu\/wp-content\/themes\/unilux-theme\/assets\/images\/icons\/icons-outline.svg#icon--arrow-right\" \/>\n                                <\/svg>\n                            <\/a>\n                        <\/div>\n                    <\/div>\n                <\/div>\n            <\/li>\n            <\/ul>\n            <p class=\"text-center\">\n            <button class=\"btn btn--primary\">Load more<\/button>\n        <\/p>\n    <\/div>\n<h3 class=\"has-text-align-left wp-block-unilux-blocks-heading\"        id=\"technical-staff\"\n    >\nTechnical Staff<\/h3>\n<div\n    data-nonce=\"898be529b6\"\n    id=\"people-card-list1777415498\"\n    class=\"people-card-list-automated\"\n    data-search-after=\"NAFIOU MAHAMANE,50091173,9.8363085\"\n    data-params=\"{&quot;size&quot;:6,&quot;byId&quot;:&quot;true&quot;,&quot;organization&quot;:&quot;SNT&quot;,&quot;department&quot;:&quot;TruX&quot;,&quot;employeeGroup&quot;:&quot;1&quot;,&quot;employeeSubGroup&quot;:&quot;ts&quot;}\"\n>\n    <ul class=\"flex flex-wrap -mx-16 people-card-list\">\n                    <li class=\"w-full sm:w-1\/2 lg:w-1\/3 px-16\">\n                <div class=\"ulux-card ulux-card-people bg-theme\">\n                    <div class=\"ulux-card__container\">\n                        <div class=\"ulux-card__visual\">\n                            <img\n                                class=\"w-full\"\n                                src=\"https:\/\/www.uni.lu\/en\/person-image\/NTAwOTExNzNfX01haGFtYWRvdSBOYXppcm91IE5BRklPVSBNQUhBTUFORQ==--medium_large\"\n                                title=\"Mahamadou Nazirou NAFIOU MAHAMANE\"\n                                alt=\"Mahamadou Nazirou NAFIOU MAHAMANE featured image\"\n                                srcset=\"https:\/\/www.uni.lu\/en\/person-image\/NTAwOTExNzNfX01haGFtYWRvdSBOYXppcm91IE5BRklPVSBNQUhBTUFORQ==--thumbnail 150w,https:\/\/www.uni.lu\/en\/person-image\/NTAwOTExNzNfX01haGFtYWRvdSBOYXppcm91IE5BRklPVSBNQUhBTUFORQ==--medium 300w,https:\/\/www.uni.lu\/en\/person-image\/NTAwOTExNzNfX01haGFtYWRvdSBOYXppcm91IE5BRklPVSBNQUhBTUFORQ==--medium_large 768w\"\n                                loading=\"lazy\"\n                            >\n                        <\/div>\n                        <div class=\"ulux-card__body card-people\">\n                            <h3 class=\"card__name\">\n                                Mahamadou Nazirou NAFIOU MAHAMANE                            <\/h3>\n                            <p class=\"card__function\">\n                                Research and Development Specialist                            <\/p>\n                            <p class=\"card__organization\">\n                                Interdisciplinary Centre for Security, Reliability and Trust                            <\/p>\n                            <a\n                                class=\"card__link link-text link-absolute\"\n                                href=\"https:\/\/www.uni.lu\/snt-en\/people\/mahamadou-nazirou-nafiou-mahamane\/\"\n                                title=\"Mahamadou Nazirou NAFIOU MAHAMANE\"\n                            >\n                                <span class=\"link-text__name\">Learn more<\/span>\n                                <svg\n                                    aria-hidden=\"true\"\n                                    focusable=\"false\"\n                                    class=\"icon icon-outline icon--2xs\"\n                                >\n                                    <use xlink:href=\"https:\/\/www.uni.lu\/wp-content\/themes\/unilux-theme\/assets\/images\/icons\/icons-outline.svg#icon--arrow-right\" \/>\n                                <\/svg>\n                            <\/a>\n                        <\/div>\n                    <\/div>\n                <\/div>\n            <\/li>\n            <\/ul>\n    <\/div>        <\/div>\n    <\/div>\n<\/div>\n\n<div class=\"accordion__item  wp-block-unilux-blocks-accordion-item\">\n    <h3 class=\"accordion__header\"\n                    id=\"ubiquitous-and-intelligent-systems-ubix\"\n        >\n        <button\n            type=\"button\"\n            id=\"accordion-labelledby-81355c7a-c041-4807-b115-c80f0bfa6f0f\"\n            class=\"accordion__button collapsed\"\n            aria-expanded=\"false\"\n            aria-controls=\"accordion-panel-81355c7a-c041-4807-b115-c80f0bfa6f0f\"\n            data-bs-toggle=\"collapse\"\n            data-bs-target=\"#accordion-panel-81355c7a-c041-4807-b115-c80f0bfa6f0f\"\n        >\n            <span class=\"accordion__title\">\n                                Ubiquitous and Intelligent Systems (UBIX)            <\/span>\n\n            <svg aria-hidden=\"true\" focusable=\"false\" class=\"icon icon-outline icon--arrow-down \"><use xlink:href=\"https:\/\/www.uni.lu\/wp-content\/themes\/unilux-theme\/assets\/images\/icons\/icons-outline.svg#icon--arrow-down\"><\/use><\/svg>        <\/button>\n    <\/h3>\n    <div id=\"accordion-panel-81355c7a-c041-4807-b115-c80f0bfa6f0f\"\n        class=\"accordion__collapse collapse\"\n        aria-labelledby=\"accordion-labelledby-81355c7a-c041-4807-b115-c80f0bfa6f0f\"\n        data-bs-parent=\"[data-reference=&quot;70761e39-a108-4106-9541-c261f8ecd80d&quot;]\"\n    >\n        <div class=\"accordion__body \">\n            \n<h3 class=\"has-text-align-left wp-block-unilux-blocks-heading\"        id=\"leadership\"\n    >\nLeadership<\/h3>\n<div\n    data-nonce=\"898be529b6\"\n    id=\"people-card-list1777415498\"\n    class=\"people-card-list-automated\"\n    data-search-after=\"FRANK,50001805,14.615431\"\n    data-params=\"{&quot;size&quot;:6,&quot;byId&quot;:&quot;true&quot;,&quot;organization&quot;:&quot;SNT&quot;,&quot;department&quot;:&quot;UBI-X&quot;,&quot;employeeGroup&quot;:&quot;1&quot;,&quot;employeeSubGroup&quot;:&quot;as&quot;}\"\n>\n    <ul class=\"flex flex-wrap -mx-16 people-card-list\">\n                    <li class=\"w-full sm:w-1\/2 lg:w-1\/3 px-16\">\n                <div class=\"ulux-card ulux-card-people bg-theme\">\n                    <div class=\"ulux-card__container\">\n                        <div class=\"ulux-card__visual\">\n                            <img\n                                class=\"w-full\"\n                                src=\"https:\/\/www.uni.lu\/en\/person-image\/NTAwMDE4MDVfX1JhcGhhw6tsIEZSQU5L--medium_large\"\n                                title=\"Rapha\u00ebl FRANK\"\n                                alt=\"Rapha\u00ebl FRANK featured image\"\n                                srcset=\"https:\/\/www.uni.lu\/en\/person-image\/NTAwMDE4MDVfX1JhcGhhw6tsIEZSQU5L--thumbnail 150w,https:\/\/www.uni.lu\/en\/person-image\/NTAwMDE4MDVfX1JhcGhhw6tsIEZSQU5L--medium 300w,https:\/\/www.uni.lu\/en\/person-image\/NTAwMDE4MDVfX1JhcGhhw6tsIEZSQU5L--medium_large 768w\"\n                                loading=\"lazy\"\n                            >\n                        <\/div>\n                        <div class=\"ulux-card__body card-people\">\n                            <h3 class=\"card__name\">\n                                Rapha\u00ebl FRANK                            <\/h3>\n                            <p class=\"card__function\">\n                                Associate professor                            <\/p>\n                            <p class=\"card__organization\">\n                                Interdisciplinary Centre for Security, Reliability and Trust                            <\/p>\n                            <a\n                                class=\"card__link link-text link-absolute\"\n                                href=\"https:\/\/www.uni.lu\/snt-en\/people\/raphael-frank\/\"\n                                title=\"Rapha\u00ebl FRANK\"\n                            >\n                                <span class=\"link-text__name\">Learn more<\/span>\n                                <svg\n                                    aria-hidden=\"true\"\n                                    focusable=\"false\"\n                                    class=\"icon icon-outline icon--2xs\"\n                                >\n                                    <use xlink:href=\"https:\/\/www.uni.lu\/wp-content\/themes\/unilux-theme\/assets\/images\/icons\/icons-outline.svg#icon--arrow-right\" \/>\n                                <\/svg>\n                            <\/a>\n                        <\/div>\n                    <\/div>\n                <\/div>\n            <\/li>\n            <\/ul>\n    <\/div>\n<h3 class=\"has-text-align-left wp-block-unilux-blocks-heading\"        id=\"researchers\"\n    >\nResearchers<\/h3>\n<div\n    data-nonce=\"898be529b6\"\n    id=\"people-card-list1777415498\"\n    class=\"people-card-list-automated\"\n    data-search-after=\"HUBERT,50074562,14.615431\"\n    data-params=\"{&quot;size&quot;:6,&quot;byId&quot;:&quot;true&quot;,&quot;organization&quot;:&quot;SNT&quot;,&quot;department&quot;:&quot;UBI-X&quot;,&quot;employeeGroup&quot;:&quot;1&quot;,&quot;employeeSubGroup&quot;:&quot;ap&quot;}\"\n>\n    <ul class=\"flex flex-wrap -mx-16 people-card-list\">\n                    <li class=\"w-full sm:w-1\/2 lg:w-1\/3 px-16\">\n                <div class=\"ulux-card ulux-card-people bg-theme\">\n                    <div class=\"ulux-card__container\">\n                        <div class=\"ulux-card__visual\">\n                            <img\n                                class=\"w-full\"\n                                src=\"https:\/\/www.uni.lu\/en\/person-image\/NTAwNzQ0NThfX1ZhaGlkIEFSQUJaQURFSA==--medium_large\"\n                                title=\"Vahid ARABZADEH\"\n                                alt=\"Vahid ARABZADEH featured image\"\n                                srcset=\"https:\/\/www.uni.lu\/en\/person-image\/NTAwNzQ0NThfX1ZhaGlkIEFSQUJaQURFSA==--thumbnail 150w,https:\/\/www.uni.lu\/en\/person-image\/NTAwNzQ0NThfX1ZhaGlkIEFSQUJaQURFSA==--medium 300w,https:\/\/www.uni.lu\/en\/person-image\/NTAwNzQ0NThfX1ZhaGlkIEFSQUJaQURFSA==--medium_large 768w\"\n                                loading=\"lazy\"\n                            >\n                        <\/div>\n                        <div class=\"ulux-card__body card-people\">\n                            <h3 class=\"card__name\">\n                                Vahid ARABZADEH                            <\/h3>\n                            <p class=\"card__function\">\n                                Postdoctoral researcher                            <\/p>\n                            <p class=\"card__organization\">\n                                Interdisciplinary Centre for Security, Reliability and Trust                            <\/p>\n                            <a\n                                class=\"card__link link-text link-absolute\"\n                                href=\"https:\/\/www.uni.lu\/snt-en\/people\/vahid-arabzadeh\/\"\n                                title=\"Vahid ARABZADEH\"\n                            >\n                                <span class=\"link-text__name\">Learn more<\/span>\n                                <svg\n                                    aria-hidden=\"true\"\n                                    focusable=\"false\"\n                                    class=\"icon icon-outline icon--2xs\"\n                                >\n                                    <use xlink:href=\"https:\/\/www.uni.lu\/wp-content\/themes\/unilux-theme\/assets\/images\/icons\/icons-outline.svg#icon--arrow-right\" \/>\n                                <\/svg>\n                            <\/a>\n                        <\/div>\n                    <\/div>\n                <\/div>\n            <\/li>\n                    <li class=\"w-full sm:w-1\/2 lg:w-1\/3 px-16\">\n                <div class=\"ulux-card ulux-card-people bg-theme\">\n                    <div class=\"ulux-card__container\">\n                        <div class=\"ulux-card__visual\">\n                            <img\n                                class=\"w-full\"\n                                src=\"https:\/\/www.uni.lu\/en\/person-image\/NTAwNzIxNjhfX1ZhbGVyaXUgSW9udXQgRElNSURPVg==--medium_large\"\n                                title=\"Valeriu Ionut DIMIDOV\"\n                                alt=\"Valeriu Ionut DIMIDOV featured image\"\n                                srcset=\"https:\/\/www.uni.lu\/en\/person-image\/NTAwNzIxNjhfX1ZhbGVyaXUgSW9udXQgRElNSURPVg==--thumbnail 150w,https:\/\/www.uni.lu\/en\/person-image\/NTAwNzIxNjhfX1ZhbGVyaXUgSW9udXQgRElNSURPVg==--medium 300w,https:\/\/www.uni.lu\/en\/person-image\/NTAwNzIxNjhfX1ZhbGVyaXUgSW9udXQgRElNSURPVg==--medium_large 768w\"\n                                loading=\"lazy\"\n                            >\n                        <\/div>\n                        <div class=\"ulux-card__body card-people\">\n                            <h3 class=\"card__name\">\n                                Valeriu Ionut DIMIDOV                            <\/h3>\n                            <p class=\"card__function\">\n                                Doctoral researcher                            <\/p>\n                            <p class=\"card__organization\">\n                                Interdisciplinary Centre for Security, Reliability and Trust                            <\/p>\n                            <a\n                                class=\"card__link link-text link-absolute\"\n                                href=\"https:\/\/www.uni.lu\/snt-en\/people\/valeriu-ionut-dimidov\/\"\n                                title=\"Valeriu Ionut DIMIDOV\"\n                            >\n                                <span class=\"link-text__name\">Learn more<\/span>\n                                <svg\n                                    aria-hidden=\"true\"\n                                    focusable=\"false\"\n                                    class=\"icon icon-outline icon--2xs\"\n                                >\n                                    <use xlink:href=\"https:\/\/www.uni.lu\/wp-content\/themes\/unilux-theme\/assets\/images\/icons\/icons-outline.svg#icon--arrow-right\" \/>\n                                <\/svg>\n                            <\/a>\n                        <\/div>\n                    <\/div>\n                <\/div>\n            <\/li>\n                    <li class=\"w-full sm:w-1\/2 lg:w-1\/3 px-16\">\n                <div class=\"ulux-card ulux-card-people bg-theme\">\n                    <div class=\"ulux-card__container\">\n                        <div class=\"ulux-card__visual\">\n                            <img\n                                class=\"w-full\"\n                                src=\"https:\/\/www.uni.lu\/en\/person-image\/NTAwNDQ2NTJfX0dhbWFsIEVMR0hBWkFMWQ==--medium_large\"\n                                title=\"Gamal ELGHAZALY\"\n                                alt=\"Gamal ELGHAZALY featured image\"\n                                srcset=\"https:\/\/www.uni.lu\/en\/person-image\/NTAwNDQ2NTJfX0dhbWFsIEVMR0hBWkFMWQ==--thumbnail 150w,https:\/\/www.uni.lu\/en\/person-image\/NTAwNDQ2NTJfX0dhbWFsIEVMR0hBWkFMWQ==--medium 300w,https:\/\/www.uni.lu\/en\/person-image\/NTAwNDQ2NTJfX0dhbWFsIEVMR0hBWkFMWQ==--medium_large 768w\"\n                                loading=\"lazy\"\n                            >\n                        <\/div>\n                        <div class=\"ulux-card__body card-people\">\n                            <h3 class=\"card__name\">\n                                Gamal ELGHAZALY                            <\/h3>\n                            <p class=\"card__function\">\n                                Research scientist                            <\/p>\n                            <p class=\"card__organization\">\n                                Interdisciplinary Centre for Security, Reliability and Trust                            <\/p>\n                            <a\n                                class=\"card__link link-text link-absolute\"\n                                href=\"https:\/\/www.uni.lu\/snt-en\/people\/gamal-elghazaly\/\"\n                                title=\"Gamal ELGHAZALY\"\n                            >\n                                <span class=\"link-text__name\">Learn more<\/span>\n                                <svg\n                                    aria-hidden=\"true\"\n                                    focusable=\"false\"\n                                    class=\"icon icon-outline icon--2xs\"\n                                >\n                                    <use xlink:href=\"https:\/\/www.uni.lu\/wp-content\/themes\/unilux-theme\/assets\/images\/icons\/icons-outline.svg#icon--arrow-right\" \/>\n                                <\/svg>\n                            <\/a>\n                        <\/div>\n                    <\/div>\n                <\/div>\n            <\/li>\n                    <li class=\"w-full sm:w-1\/2 lg:w-1\/3 px-16\">\n                <div class=\"ulux-card ulux-card-people bg-theme\">\n                    <div class=\"ulux-card__container\">\n                        <div class=\"ulux-card__visual\">\n                            <img\n                                class=\"w-full\"\n                                src=\"https:\/\/www.uni.lu\/en\/person-image\/NTAxMDQxOTlfX1JlbmF1ZCBIb3JhY2lvIEtvbWkgR0FGRkFO--medium_large\"\n                                title=\"Renaud Horacio Komi GAFFAN\"\n                                alt=\"Renaud Horacio Komi GAFFAN featured image\"\n                                srcset=\"https:\/\/www.uni.lu\/en\/person-image\/NTAxMDQxOTlfX1JlbmF1ZCBIb3JhY2lvIEtvbWkgR0FGRkFO--thumbnail 150w,https:\/\/www.uni.lu\/en\/person-image\/NTAxMDQxOTlfX1JlbmF1ZCBIb3JhY2lvIEtvbWkgR0FGRkFO--medium 300w,https:\/\/www.uni.lu\/en\/person-image\/NTAxMDQxOTlfX1JlbmF1ZCBIb3JhY2lvIEtvbWkgR0FGRkFO--medium_large 768w\"\n                                loading=\"lazy\"\n                            >\n                        <\/div>\n                        <div class=\"ulux-card__body card-people\">\n                            <h3 class=\"card__name\">\n                                Renaud Horacio Komi GAFFAN                            <\/h3>\n                            <p class=\"card__function\">\n                                Doctoral researcher                            <\/p>\n                            <p class=\"card__organization\">\n                                Interdisciplinary Centre for Security, Reliability and Trust                            <\/p>\n                            <a\n                                class=\"card__link link-text link-absolute\"\n                                href=\"https:\/\/www.uni.lu\/snt-en\/people\/renaud-horacio-komi-gaffan\/\"\n                                title=\"Renaud Horacio Komi GAFFAN\"\n                            >\n                                <span class=\"link-text__name\">Learn more<\/span>\n                                <svg\n                                    aria-hidden=\"true\"\n                                    focusable=\"false\"\n                                    class=\"icon icon-outline icon--2xs\"\n                                >\n                                    <use xlink:href=\"https:\/\/www.uni.lu\/wp-content\/themes\/unilux-theme\/assets\/images\/icons\/icons-outline.svg#icon--arrow-right\" \/>\n                                <\/svg>\n                            <\/a>\n                        <\/div>\n                    <\/div>\n                <\/div>\n            <\/li>\n                    <li class=\"w-full sm:w-1\/2 lg:w-1\/3 px-16\">\n                <div class=\"ulux-card ulux-card-people bg-theme\">\n                    <div class=\"ulux-card__container\">\n                        <div class=\"ulux-card__visual\">\n                            <img\n                                class=\"w-full\"\n                                src=\"https:\/\/www.uni.lu\/en\/person-image\/NTAwNzcwMjNfX1NoaXZhIEhBTklGSQ==--medium_large\"\n                                title=\"Shiva HANIFI\"\n                                alt=\"Shiva HANIFI featured image\"\n                                srcset=\"https:\/\/www.uni.lu\/en\/person-image\/NTAwNzcwMjNfX1NoaXZhIEhBTklGSQ==--thumbnail 150w,https:\/\/www.uni.lu\/en\/person-image\/NTAwNzcwMjNfX1NoaXZhIEhBTklGSQ==--medium 300w,https:\/\/www.uni.lu\/en\/person-image\/NTAwNzcwMjNfX1NoaXZhIEhBTklGSQ==--medium_large 768w\"\n                                loading=\"lazy\"\n                            >\n                        <\/div>\n                        <div class=\"ulux-card__body card-people\">\n                            <h3 class=\"card__name\">\n                                Shiva HANIFI                            <\/h3>\n                            <p class=\"card__function\">\n                                Doctoral researcher                            <\/p>\n                            <p class=\"card__organization\">\n                                Interdisciplinary Centre for Security, Reliability and Trust                            <\/p>\n                            <a\n                                class=\"card__link link-text link-absolute\"\n                                href=\"https:\/\/www.uni.lu\/snt-en\/people\/shiva-hanifi\/\"\n                                title=\"Shiva HANIFI\"\n                            >\n                                <span class=\"link-text__name\">Learn more<\/span>\n                                <svg\n                                    aria-hidden=\"true\"\n                                    focusable=\"false\"\n                                    class=\"icon icon-outline icon--2xs\"\n                                >\n                                    <use xlink:href=\"https:\/\/www.uni.lu\/wp-content\/themes\/unilux-theme\/assets\/images\/icons\/icons-outline.svg#icon--arrow-right\" \/>\n                                <\/svg>\n                            <\/a>\n                        <\/div>\n                    <\/div>\n                <\/div>\n            <\/li>\n                    <li class=\"w-full sm:w-1\/2 lg:w-1\/3 px-16\">\n                <div class=\"ulux-card ulux-card-people bg-theme\">\n                    <div class=\"ulux-card__container\">\n                        <div class=\"ulux-card__visual\">\n                            <img\n                                class=\"w-full\"\n                                src=\"https:\/\/www.uni.lu\/en\/person-image\/NTAwNzQ1NjJfX0FydGh1ciBIVUJFUlQ=--medium_large\"\n                                title=\"Arthur HUBERT\"\n                                alt=\"Arthur HUBERT featured image\"\n                                srcset=\"https:\/\/www.uni.lu\/en\/person-image\/NTAwNzQ1NjJfX0FydGh1ciBIVUJFUlQ=--thumbnail 150w,https:\/\/www.uni.lu\/en\/person-image\/NTAwNzQ1NjJfX0FydGh1ciBIVUJFUlQ=--medium 300w,https:\/\/www.uni.lu\/en\/person-image\/NTAwNzQ1NjJfX0FydGh1ciBIVUJFUlQ=--medium_large 768w\"\n                                loading=\"lazy\"\n                            >\n                        <\/div>\n                        <div class=\"ulux-card__body card-people\">\n                            <h3 class=\"card__name\">\n                                Arthur HUBERT                            <\/h3>\n                            <p class=\"card__function\">\n                                Doctoral researcher                            <\/p>\n                            <p class=\"card__organization\">\n                                Interdisciplinary Centre for Security, Reliability and Trust                            <\/p>\n                            <a\n                                class=\"card__link link-text link-absolute\"\n                                href=\"https:\/\/www.uni.lu\/snt-en\/people\/arthur-hubert\/\"\n                                title=\"Arthur HUBERT\"\n                            >\n                                <span class=\"link-text__name\">Learn more<\/span>\n                                <svg\n                                    aria-hidden=\"true\"\n                                    focusable=\"false\"\n                                    class=\"icon icon-outline icon--2xs\"\n                                >\n                                    <use xlink:href=\"https:\/\/www.uni.lu\/wp-content\/themes\/unilux-theme\/assets\/images\/icons\/icons-outline.svg#icon--arrow-right\" \/>\n                                <\/svg>\n                            <\/a>\n                        <\/div>\n                    <\/div>\n                <\/div>\n            <\/li>\n            <\/ul>\n            <p class=\"text-center\">\n            <button class=\"btn btn--primary\">Load more<\/button>\n        <\/p>\n    <\/div>\n<h3 class=\"has-text-align-left wp-block-unilux-blocks-heading\"        id=\"technical-staff\"\n    >\nTechnical Staff<\/h3>\n<div\n    data-nonce=\"898be529b6\"\n    id=\"people-card-list1777415498\"\n    class=\"people-card-list-automated\"\n    data-search-after=\"TESTOURI,50043762,14.615431\"\n    data-params=\"{&quot;size&quot;:6,&quot;byId&quot;:&quot;true&quot;,&quot;organization&quot;:&quot;SNT&quot;,&quot;department&quot;:&quot;UBI-X&quot;,&quot;employeeGroup&quot;:&quot;1&quot;,&quot;employeeSubGroup&quot;:&quot;ts&quot;}\"\n>\n    <ul class=\"flex flex-wrap -mx-16 people-card-list\">\n                    <li class=\"w-full sm:w-1\/2 lg:w-1\/3 px-16\">\n                <div class=\"ulux-card ulux-card-people bg-theme\">\n                    <div class=\"ulux-card__container\">\n                        <div class=\"ulux-card__visual\">\n                            <img\n                                class=\"w-full\"\n                                src=\"https:\/\/www.uni.lu\/en\/person-image\/NTAwMzQ2NjJfX1BhdmVsIENIRVJOQUtPVg==--medium_large\"\n                                title=\"Pavel CHERNAKOV\"\n                                alt=\"Pavel CHERNAKOV featured image\"\n                                srcset=\"https:\/\/www.uni.lu\/en\/person-image\/NTAwMzQ2NjJfX1BhdmVsIENIRVJOQUtPVg==--thumbnail 150w,https:\/\/www.uni.lu\/en\/person-image\/NTAwMzQ2NjJfX1BhdmVsIENIRVJOQUtPVg==--medium 300w,https:\/\/www.uni.lu\/en\/person-image\/NTAwMzQ2NjJfX1BhdmVsIENIRVJOQUtPVg==--medium_large 768w\"\n                                loading=\"lazy\"\n                            >\n                        <\/div>\n                        <div class=\"ulux-card__body card-people\">\n                            <h3 class=\"card__name\">\n                                Pavel CHERNAKOV                            <\/h3>\n                            <p class=\"card__function\">\n                                Research Support Technician                            <\/p>\n                            <p class=\"card__organization\">\n                                Interdisciplinary Centre for Security, Reliability and Trust                            <\/p>\n                            <a\n                                class=\"card__link link-text link-absolute\"\n                                href=\"https:\/\/www.uni.lu\/snt-en\/people\/pavel-chernakov\/\"\n                                title=\"Pavel CHERNAKOV\"\n                            >\n                                <span class=\"link-text__name\">Learn more<\/span>\n                                <svg\n                                    aria-hidden=\"true\"\n                                    focusable=\"false\"\n                                    class=\"icon icon-outline icon--2xs\"\n                                >\n                                    <use xlink:href=\"https:\/\/www.uni.lu\/wp-content\/themes\/unilux-theme\/assets\/images\/icons\/icons-outline.svg#icon--arrow-right\" \/>\n                                <\/svg>\n                            <\/a>\n                        <\/div>\n                    <\/div>\n                <\/div>\n            <\/li>\n                    <li class=\"w-full sm:w-1\/2 lg:w-1\/3 px-16\">\n                <div class=\"ulux-card ulux-card-people bg-theme\">\n                    <div class=\"ulux-card__container\">\n                        <div class=\"ulux-card__visual\">\n                            <img\n                                class=\"w-full\"\n                                src=\"https:\/\/www.uni.lu\/en\/person-image\/NTAwNDM3NjJfX01laGRpIFRFU1RPVVJJ--medium_large\"\n                                title=\"Mehdi TESTOURI\"\n                                alt=\"Mehdi TESTOURI featured image\"\n                                srcset=\"https:\/\/www.uni.lu\/en\/person-image\/NTAwNDM3NjJfX01laGRpIFRFU1RPVVJJ--thumbnail 150w,https:\/\/www.uni.lu\/en\/person-image\/NTAwNDM3NjJfX01laGRpIFRFU1RPVVJJ--medium 300w,https:\/\/www.uni.lu\/en\/person-image\/NTAwNDM3NjJfX01laGRpIFRFU1RPVVJJ--medium_large 768w\"\n                                loading=\"lazy\"\n                            >\n                        <\/div>\n                        <div class=\"ulux-card__body card-people\">\n                            <h3 class=\"card__name\">\n                                Mehdi TESTOURI                            <\/h3>\n                            <p class=\"card__function\">\n                                Research and development specialist                            <\/p>\n                            <p class=\"card__organization\">\n                                Interdisciplinary Centre for Security, Reliability and Trust                            <\/p>\n                            <a\n                                class=\"card__link link-text link-absolute\"\n                                href=\"https:\/\/www.uni.lu\/snt-en\/people\/mehdi-testouri\/\"\n                                title=\"Mehdi TESTOURI\"\n                            >\n                                <span class=\"link-text__name\">Learn more<\/span>\n                                <svg\n                                    aria-hidden=\"true\"\n                                    focusable=\"false\"\n                                    class=\"icon icon-outline icon--2xs\"\n                                >\n                                    <use xlink:href=\"https:\/\/www.uni.lu\/wp-content\/themes\/unilux-theme\/assets\/images\/icons\/icons-outline.svg#icon--arrow-right\" \/>\n                                <\/svg>\n                            <\/a>\n                        <\/div>\n                    <\/div>\n                <\/div>\n            <\/li>\n            <\/ul>\n    <\/div>        <\/div>\n    <\/div>\n<\/div><\/div>\n\n\n<div class=\"wp-block-unilux-blocks-spacer is-spacer-size-md\"><\/div>\n\n\n<h2 class=\"has-text-align-left wp-block-unilux-blocks-heading\"        id=\"affiliated-academic-staff\"\n    >\nAffiliated Academic Staff<\/h2>\n\n\n\n<div class=\"wp-block-unilux-blocks-accordion accordion accordion--theme accordion-standard\" data-reference=\"7871dd93-06dd-488a-99b2-9f34c45896b5\" data-accordion-type=\"standard\"><div class=\"accordion__item  wp-block-unilux-blocks-accordion-item\">\n    <h3 class=\"accordion__header\"\n                    id=\"principal-investigators-and-teams\"\n        >\n        <button\n            type=\"button\"\n            id=\"accordion-labelledby-7d6d9a2c-c6e0-4821-a1ce-582e590ca0a2\"\n            class=\"accordion__button collapsed\"\n            aria-expanded=\"false\"\n            aria-controls=\"accordion-panel-7d6d9a2c-c6e0-4821-a1ce-582e590ca0a2\"\n            data-bs-toggle=\"collapse\"\n            data-bs-target=\"#accordion-panel-7d6d9a2c-c6e0-4821-a1ce-582e590ca0a2\"\n        >\n            <span class=\"accordion__title\">\n                                Principal Investigators and Teams            <\/span>\n\n            <svg aria-hidden=\"true\" focusable=\"false\" class=\"icon icon-outline icon--arrow-down \"><use xlink:href=\"https:\/\/www.uni.lu\/wp-content\/themes\/unilux-theme\/assets\/images\/icons\/icons-outline.svg#icon--arrow-down\"><\/use><\/svg>        <\/button>\n    <\/h3>\n    <div id=\"accordion-panel-7d6d9a2c-c6e0-4821-a1ce-582e590ca0a2\"\n        class=\"accordion__collapse collapse\"\n        aria-labelledby=\"accordion-labelledby-7d6d9a2c-c6e0-4821-a1ce-582e590ca0a2\"\n        data-bs-parent=\"[data-reference=&quot;7871dd93-06dd-488a-99b2-9f34c45896b5&quot;]\"\n    >\n        <div class=\"accordion__body \">\n            \n<h3 class=\"has-text-align-left wp-block-unilux-blocks-heading\"        id=\"prof-bjorn-ottersten\"\n    >\nProf. Bj\u00f6rn Ottersten<\/h3>\n<div\n    data-nonce=\"898be529b6\"\n    id=\"people-card-list1777415498\"\n    class=\"people-card-list-automated\"\n    data-search-after=\"OTTERSTEN,50002797,17.379345\"\n    data-params=\"{&quot;size&quot;:6,&quot;byId&quot;:&quot;true&quot;,&quot;organization&quot;:&quot;SNT&quot;,&quot;department&quot;:&quot;PI Ottersten&quot;,&quot;employeeGroup&quot;:&quot;1&quot;,&quot;employeeSubGroup&quot;:&quot;as&quot;}\"\n>\n    <ul class=\"flex flex-wrap -mx-16 people-card-list\">\n                    <li class=\"w-full sm:w-1\/2 lg:w-1\/3 px-16\">\n                <div class=\"ulux-card ulux-card-people bg-theme\">\n                    <div class=\"ulux-card__container\">\n                        <div class=\"ulux-card__visual\">\n                            <img\n                                class=\"w-full\"\n                                src=\"https:\/\/www.uni.lu\/en\/person-image\/NTAwMDI3OTdfX0Jqw7ZybiBPVFRFUlNURU4=--medium_large\"\n                                title=\"Bj\u00f6rn OTTERSTEN\"\n                                alt=\"Bj\u00f6rn OTTERSTEN featured image\"\n                                srcset=\"https:\/\/www.uni.lu\/en\/person-image\/NTAwMDI3OTdfX0Jqw7ZybiBPVFRFUlNURU4=--thumbnail 150w,https:\/\/www.uni.lu\/en\/person-image\/NTAwMDI3OTdfX0Jqw7ZybiBPVFRFUlNURU4=--medium 300w,https:\/\/www.uni.lu\/en\/person-image\/NTAwMDI3OTdfX0Jqw7ZybiBPVFRFUlNURU4=--medium_large 768w\"\n                                loading=\"lazy\"\n                            >\n                        <\/div>\n                        <div class=\"ulux-card__body card-people\">\n                            <h3 class=\"card__name\">\n                                Bj\u00f6rn OTTERSTEN                            <\/h3>\n                            <p class=\"card__function\">\n                                Full professor                            <\/p>\n                            <p class=\"card__organization\">\n                                Interdisciplinary Centre for Security, Reliability and Trust                            <\/p>\n                            <a\n                                class=\"card__link link-text link-absolute\"\n                                href=\"https:\/\/www.uni.lu\/snt-en\/people\/bjorn-ottersten\/\"\n                                title=\"Bj\u00f6rn OTTERSTEN\"\n                            >\n                                <span class=\"link-text__name\">Learn more<\/span>\n                                <svg\n                                    aria-hidden=\"true\"\n                                    focusable=\"false\"\n                                    class=\"icon icon-outline icon--2xs\"\n                                >\n                                    <use xlink:href=\"https:\/\/www.uni.lu\/wp-content\/themes\/unilux-theme\/assets\/images\/icons\/icons-outline.svg#icon--arrow-right\" \/>\n                                <\/svg>\n                            <\/a>\n                        <\/div>\n                    <\/div>\n                <\/div>\n            <\/li>\n            <\/ul>\n    <\/div>\n<h3 class=\"has-text-align-left wp-block-unilux-blocks-heading\"        id=\"prof-stephane-bordas\"\n    >\nProf. St\u00e9phane Bordas<\/h3>\n<ul class=\"flex flex-wrap mt-24 -mx-16  wp-block-unilux-blocks-free-content-card\">\n    <li class=\"w-full sm:w-1\/2 lg:w-1\/3 px-16  wp-block-unilux-blocks-free-content-card-item\">\n    <div class=\"ulux-card card-people bg-theme\">\n        <div class=\"ulux-card__container card__container\">\n                        <div class=\"ulux-card__visual wp-block-unilux-blocks-free-content-card-item-visual\">\n    \n<div class=\"wp-block-unilux-blocks-image-video-wrapper\">\n    <figure class=\"wp-block-dev4-reusable-blocks-image  object-fit--cover\">\n    \n<img decoding=\"async\" class=\"wp-block-image unilux-custom-image-block\"\n                alt=\"\"\n            src=\"https:\/\/www.uni.lu\/wp-content\/uploads\/sites\/5\/2026\/01\/15073150\/Stephane-Bordas-scaled.jpg\"\n                srcset=\"https:\/\/www.uni.lu\/wp-content\/uploads\/sites\/5\/2026\/01\/15073150\/Stephane-Bordas-300x200.jpg 300w, https:\/\/www.uni.lu\/wp-content\/uploads\/sites\/5\/2026\/01\/15073150\/Stephane-Bordas-1024x683.jpg 1024w, https:\/\/www.uni.lu\/wp-content\/uploads\/sites\/5\/2026\/01\/15073150\/Stephane-Bordas-768x512.jpg 768w, https:\/\/www.uni.lu\/wp-content\/uploads\/sites\/5\/2026\/01\/15073150\/Stephane-Bordas-1536x1024.jpg 1536w, https:\/\/www.uni.lu\/wp-content\/uploads\/sites\/5\/2026\/01\/15073150\/Stephane-Bordas-2048x1365.jpg 2048w\"\n                style=\"object-position: 50.00% 50.00%; font-family: &quot;object-fit: cover; object-position: 50.00% 50.00%;&quot;; aspect-ratio: 4\/3; object-fit: cover; width: 100%;\"\n        loading=\"lazy\"\n\/>    <\/figure><\/div><\/div><div class=\"ulux-card__body wp-block-unilux-blocks-free-content-card-item-body\">\n    \n<div class=\"card__activity wp-block-unilux-blocks-plain-text\"><\/div>\n<h3 class=\"card__name has-text-align-left wp-block-unilux-blocks-heading\"        id=\"stephane-bordas\"\n    >\nSt\u00e9phane BORDAS<\/h3>\n\n<div class=\"card__organization wp-block-unilux-blocks-plain-text\">Faculty of Science, Technology and Medicine<\/div>\n<div class=\"card__function wp-block-unilux-blocks-plain-text\">Full Professor<\/div>\n<div class=\"card__interest wp-block-unilux-blocks-plain-text\"><\/div><div class=\"ulux-card__link-wrapper card__link wp-block-unilux-blocks-simple-cta\">\n    <a\n        href=\"https:\/\/www.uni.lu\/fstm-en\/people\/stephane-bordas\/\"\n        title=\"Learn more\"\n        class=\"link-text link-text--icon ulux-card__link link-text link-absolute\"\n        target=\"\"\n    >\n        <span class=\"link-text__body\">\n            <span class=\"link-text__name\">Learn more<\/span>\n        <\/span>\n        <svg aria-hidden=\"true\" focusable=\"false\" class=\"icon icon-outline icon--arrow-right \"><use xlink:href=\"https:\/\/www.uni.lu\/wp-content\/themes\/unilux-theme\/assets\/images\/icons\/icons-outline.svg#icon--arrow-right\"><\/use><\/svg>    <\/a>\n<\/div>\n<\/div>        <\/div>\n    <\/div>\n<\/li><li class=\"w-full sm:w-1\/2 lg:w-1\/3 px-16  wp-block-unilux-blocks-free-content-card-item\">\n    <div class=\"ulux-card card-people bg-theme\">\n        <div class=\"ulux-card__container card__container\">\n                        <div class=\"ulux-card__visual wp-block-unilux-blocks-free-content-card-item-visual\">\n    \n<div class=\"wp-block-unilux-blocks-image-video-wrapper\">\n    <figure class=\"wp-block-dev4-reusable-blocks-image  object-fit--cover\">\n    \n<img decoding=\"async\" class=\"wp-block-image unilux-custom-image-block\"\n                alt=\"\"\n            src=\"https:\/\/www.uni.lu\/wp-content\/uploads\/sites\/5\/2026\/01\/08145932\/Empty-Profile-Photo.webp\"\n                srcset=\"https:\/\/www.uni.lu\/wp-content\/uploads\/sites\/5\/2026\/01\/08145932\/Empty-Profile-Photo-300x225.webp 300w, https:\/\/www.uni.lu\/wp-content\/uploads\/sites\/5\/2026\/01\/08145932\/Empty-Profile-Photo-768x576.webp 768w, https:\/\/www.uni.lu\/wp-content\/uploads\/sites\/5\/2026\/01\/08145932\/Empty-Profile-Photo.webp 800w\"\n                style=\"object-position: 50.00% 50.00%; font-family: &quot;object-fit: cover; object-position: 50.00% 50.00%;&quot;; aspect-ratio: 4\/3; object-fit: cover; width: 100%;\"\n        loading=\"lazy\"\n\/>    <\/figure><\/div><\/div><div class=\"ulux-card__body wp-block-unilux-blocks-free-content-card-item-body\">\n    \n<div class=\"card__activity wp-block-unilux-blocks-plain-text\"><\/div>\n<h3 class=\"card__name has-text-align-left wp-block-unilux-blocks-heading\"        id=\"emilien-duparchy\"\n    >\nEmilien DUPARCHY<\/h3>\n\n<div class=\"card__organization wp-block-unilux-blocks-plain-text\">Interdisciplinary Centre for Security, Reliability and Trust<\/div>\n<div class=\"card__function wp-block-unilux-blocks-plain-text\">Doctoral Researcher<\/div>\n<div class=\"card__interest wp-block-unilux-blocks-plain-text\"><\/div><div class=\"ulux-card__link-wrapper card__link wp-block-unilux-blocks-simple-cta\">\n    <a\n        href=\"https:\/\/www.uni.lu\/snt-en\/people\/emilien-duparchy\/\"\n        title=\"Learn more\"\n        class=\"link-text link-text--icon ulux-card__link link-text link-absolute\"\n        target=\"\"\n    >\n        <span class=\"link-text__body\">\n            <span class=\"link-text__name\">Learn more<\/span>\n        <\/span>\n        <svg aria-hidden=\"true\" focusable=\"false\" class=\"icon icon-outline icon--arrow-right \"><use xlink:href=\"https:\/\/www.uni.lu\/wp-content\/themes\/unilux-theme\/assets\/images\/icons\/icons-outline.svg#icon--arrow-right\"><\/use><\/svg>    <\/a>\n<\/div>\n<\/div>        <\/div>\n    <\/div>\n<\/li><\/ul>\n<h3 class=\"has-text-align-left wp-block-unilux-blocks-heading\"        id=\"prof-jean-sebastien-coron\"\n    >\nProf. Jean-S\u00e9bastien Coron<\/h3>\n<ul class=\"flex flex-wrap mt-24 -mx-16  wp-block-unilux-blocks-free-content-card\">\n    <li class=\"w-full sm:w-1\/2 lg:w-1\/3 px-16  wp-block-unilux-blocks-free-content-card-item\">\n    <div class=\"ulux-card card-people bg-theme\">\n        <div class=\"ulux-card__container card__container\">\n                        <div class=\"ulux-card__visual wp-block-unilux-blocks-free-content-card-item-visual\">\n    \n<div class=\"wp-block-unilux-blocks-image-video-wrapper\">\n    <figure class=\"wp-block-dev4-reusable-blocks-image  object-fit--cover\">\n    \n<img decoding=\"async\" class=\"wp-block-image unilux-custom-image-block\"\n                alt=\"\"\n            src=\"https:\/\/www.uni.lu\/wp-content\/uploads\/sites\/5\/2026\/01\/15073134\/Jean-Sebastien-CORON.jpg\"\n                srcset=\"https:\/\/www.uni.lu\/wp-content\/uploads\/sites\/5\/2026\/01\/15073134\/Jean-Sebastien-CORON-300x200.jpg 300w, https:\/\/www.uni.lu\/wp-content\/uploads\/sites\/5\/2026\/01\/15073134\/Jean-Sebastien-CORON-1024x683.jpg 1024w, https:\/\/www.uni.lu\/wp-content\/uploads\/sites\/5\/2026\/01\/15073134\/Jean-Sebastien-CORON-768x512.jpg 768w, https:\/\/www.uni.lu\/wp-content\/uploads\/sites\/5\/2026\/01\/15073134\/Jean-Sebastien-CORON-1536x1024.jpg 1536w, https:\/\/www.uni.lu\/wp-content\/uploads\/sites\/5\/2026\/01\/15073134\/Jean-Sebastien-CORON.jpg 2048w\"\n                style=\"object-position: 50.00% 50.00%; font-family: &quot;object-fit: cover; object-position: 50.00% 50.00%;&quot;; aspect-ratio: 4\/3; object-fit: cover; width: 100%;\"\n        loading=\"lazy\"\n\/>    <\/figure><\/div><\/div><div class=\"ulux-card__body wp-block-unilux-blocks-free-content-card-item-body\">\n    \n<div class=\"card__activity wp-block-unilux-blocks-plain-text\"><\/div>\n<h3 class=\"card__name has-text-align-left wp-block-unilux-blocks-heading\"        id=\"jean-sebastien-coron\"\n    >\nJean-S\u00e9bastien CORON<\/h3>\n\n<div class=\"card__organization wp-block-unilux-blocks-plain-text\">Faculty of Science, Technology and Medicine<\/div>\n<div class=\"card__function wp-block-unilux-blocks-plain-text\">Full Professor, Head of Department of Computer Science<\/div>\n<div class=\"card__interest wp-block-unilux-blocks-plain-text\"><\/div><div class=\"ulux-card__link-wrapper card__link wp-block-unilux-blocks-simple-cta\">\n    <a\n        href=\"https:\/\/www.uni.lu\/fstm-en\/people\/jean-sebastien-coron\/\"\n        title=\"Learn more\"\n        class=\"link-text link-text--icon ulux-card__link link-text link-absolute\"\n        target=\"\"\n    >\n        <span class=\"link-text__body\">\n            <span class=\"link-text__name\">Learn more<\/span>\n        <\/span>\n        <svg aria-hidden=\"true\" focusable=\"false\" class=\"icon icon-outline icon--arrow-right \"><use xlink:href=\"https:\/\/www.uni.lu\/wp-content\/themes\/unilux-theme\/assets\/images\/icons\/icons-outline.svg#icon--arrow-right\"><\/use><\/svg>    <\/a>\n<\/div>\n<\/div>        <\/div>\n    <\/div>\n<\/li><li class=\"w-full sm:w-1\/2 lg:w-1\/3 px-16  wp-block-unilux-blocks-free-content-card-item\">\n    <div class=\"ulux-card card-people bg-theme\">\n        <div class=\"ulux-card__container card__container\">\n                        <div class=\"ulux-card__visual wp-block-unilux-blocks-free-content-card-item-visual\">\n    \n<div class=\"wp-block-unilux-blocks-image-video-wrapper\">\n    <figure class=\"wp-block-dev4-reusable-blocks-image  object-fit--cover\">\n    \n<img decoding=\"async\" class=\"wp-block-image unilux-custom-image-block\"\n                alt=\"\"\n            src=\"https:\/\/www.uni.lu\/wp-content\/uploads\/sites\/5\/2026\/01\/15111314\/Robin-Kostler.jpg\"\n                srcset=\"https:\/\/www.uni.lu\/wp-content\/uploads\/sites\/5\/2026\/01\/15111314\/Robin-Kostler-300x200.jpg 300w, https:\/\/www.uni.lu\/wp-content\/uploads\/sites\/5\/2026\/01\/15111314\/Robin-Kostler-1024x683.jpg 1024w, https:\/\/www.uni.lu\/wp-content\/uploads\/sites\/5\/2026\/01\/15111314\/Robin-Kostler-768x512.jpg 768w, https:\/\/www.uni.lu\/wp-content\/uploads\/sites\/5\/2026\/01\/15111314\/Robin-Kostler.jpg 1500w\"\n                style=\"object-position: 50.00% 50.00%; font-family: &quot;object-fit: cover; object-position: 50.00% 50.00%;&quot;; aspect-ratio: 4\/3; object-fit: cover; width: 100%;\"\n        loading=\"lazy\"\n\/>    <\/figure><\/div><\/div><div class=\"ulux-card__body wp-block-unilux-blocks-free-content-card-item-body\">\n    \n<div class=\"card__activity wp-block-unilux-blocks-plain-text\"><\/div>\n<h3 class=\"card__name has-text-align-left wp-block-unilux-blocks-heading\"        id=\"robin-kostler\"\n    >\nRobin K\u00d6STLER<\/h3>\n\n<div class=\"card__organization wp-block-unilux-blocks-plain-text\">Interdisciplinary Centre for Security, Reliability and Trust<\/div>\n<div class=\"card__function wp-block-unilux-blocks-plain-text\">Doctoral Researcher<\/div>\n<div class=\"card__interest wp-block-unilux-blocks-plain-text\"><\/div><div class=\"ulux-card__link-wrapper card__link wp-block-unilux-blocks-simple-cta\">\n    <a\n        href=\"https:\/\/www.uni.lu\/snt-en\/people\/robin-kostler\/\"\n        title=\"Learn more\"\n        class=\"link-text link-text--icon ulux-card__link link-text link-absolute\"\n        target=\"\"\n    >\n        <span class=\"link-text__body\">\n            <span class=\"link-text__name\">Learn more<\/span>\n        <\/span>\n        <svg aria-hidden=\"true\" focusable=\"false\" class=\"icon icon-outline icon--arrow-right \"><use xlink:href=\"https:\/\/www.uni.lu\/wp-content\/themes\/unilux-theme\/assets\/images\/icons\/icons-outline.svg#icon--arrow-right\"><\/use><\/svg>    <\/a>\n<\/div>\n<\/div>        <\/div>\n    <\/div>\n<\/li><li class=\"w-full sm:w-1\/2 lg:w-1\/3 px-16  wp-block-unilux-blocks-free-content-card-item\">\n    <div class=\"ulux-card card-people bg-theme\">\n        <div class=\"ulux-card__container card__container\">\n                        <div class=\"ulux-card__visual wp-block-unilux-blocks-free-content-card-item-visual\">\n    \n<div class=\"wp-block-unilux-blocks-image-video-wrapper\">\n    <figure class=\"wp-block-dev4-reusable-blocks-image  object-fit--cover\">\n    \n<img decoding=\"async\" class=\"wp-block-image unilux-custom-image-block\"\n                alt=\"\"\n            src=\"https:\/\/www.uni.lu\/wp-content\/uploads\/sites\/5\/2026\/01\/08145932\/Empty-Profile-Photo.webp\"\n                srcset=\"https:\/\/www.uni.lu\/wp-content\/uploads\/sites\/5\/2026\/01\/08145932\/Empty-Profile-Photo-300x225.webp 300w, https:\/\/www.uni.lu\/wp-content\/uploads\/sites\/5\/2026\/01\/08145932\/Empty-Profile-Photo-768x576.webp 768w, https:\/\/www.uni.lu\/wp-content\/uploads\/sites\/5\/2026\/01\/08145932\/Empty-Profile-Photo.webp 800w\"\n                style=\"object-position: 50.00% 50.00%; font-family: &quot;object-fit: cover; object-position: 50.00% 50.00%;&quot;; aspect-ratio: 4\/3; object-fit: cover; width: 100%;\"\n        loading=\"lazy\"\n\/>    <\/figure><\/div><\/div><div class=\"ulux-card__body wp-block-unilux-blocks-free-content-card-item-body\">\n    \n<div class=\"card__activity wp-block-unilux-blocks-plain-text\"><\/div>\n<h3 class=\"card__name has-text-align-left wp-block-unilux-blocks-heading\"        id=\"pierrick-meaux\"\n    >\nPierrick MEAUX<\/h3>\n\n<div class=\"card__organization wp-block-unilux-blocks-plain-text\">Interdisciplinary Centre for Security, Reliability and Trust<\/div>\n<div class=\"card__function wp-block-unilux-blocks-plain-text\">Postdoctoral Researcher<\/div>\n<div class=\"card__interest wp-block-unilux-blocks-plain-text\"><\/div><div class=\"ulux-card__link-wrapper card__link wp-block-unilux-blocks-simple-cta\">\n    <a\n        href=\"https:\/\/www.uni.lu\/snt-en\/people\/pierrick-meaux\/\"\n        title=\"Learn more\"\n        class=\"link-text link-text--icon ulux-card__link link-text link-absolute\"\n        target=\"\"\n    >\n        <span class=\"link-text__body\">\n            <span class=\"link-text__name\">Learn more<\/span>\n        <\/span>\n        <svg aria-hidden=\"true\" focusable=\"false\" class=\"icon icon-outline icon--arrow-right \"><use xlink:href=\"https:\/\/www.uni.lu\/wp-content\/themes\/unilux-theme\/assets\/images\/icons\/icons-outline.svg#icon--arrow-right\"><\/use><\/svg>    <\/a>\n<\/div>\n<\/div>        <\/div>\n    <\/div>\n<\/li><\/ul>\n<h3 class=\"has-text-align-left wp-block-unilux-blocks-heading\"        id=\"prof-jordi-cabot\"\n    >\nProf. Jordi Cabot<\/h3>\n<ul class=\"flex flex-wrap mt-24 -mx-16  wp-block-unilux-blocks-free-content-card\">\n    <li class=\"w-full sm:w-1\/2 lg:w-1\/3 px-16  wp-block-unilux-blocks-free-content-card-item\">\n    <div class=\"ulux-card card-people bg-theme\">\n        <div class=\"ulux-card__container card__container\">\n                        <div class=\"ulux-card__visual wp-block-unilux-blocks-free-content-card-item-visual\">\n    \n<div class=\"wp-block-unilux-blocks-image-video-wrapper\">\n    <figure class=\"wp-block-dev4-reusable-blocks-image  object-fit--cover\">\n    \n<img decoding=\"async\" class=\"wp-block-image unilux-custom-image-block\"\n                alt=\"\"\n            src=\"https:\/\/www.uni.lu\/wp-content\/uploads\/sites\/5\/2026\/01\/08145932\/Empty-Profile-Photo.webp\"\n                srcset=\"https:\/\/www.uni.lu\/wp-content\/uploads\/sites\/5\/2026\/01\/08145932\/Empty-Profile-Photo-300x225.webp 300w, https:\/\/www.uni.lu\/wp-content\/uploads\/sites\/5\/2026\/01\/08145932\/Empty-Profile-Photo-768x576.webp 768w, https:\/\/www.uni.lu\/wp-content\/uploads\/sites\/5\/2026\/01\/08145932\/Empty-Profile-Photo.webp 800w\"\n                style=\"object-position: 50.00% 50.00%; font-family: &quot;object-fit: cover; object-position: 50.00% 50.00%;&quot;; aspect-ratio: 4\/3; object-fit: cover; width: 100%;\"\n        loading=\"lazy\"\n\/>    <\/figure><\/div><\/div><div class=\"ulux-card__body wp-block-unilux-blocks-free-content-card-item-body\">\n    \n<div class=\"card__activity wp-block-unilux-blocks-plain-text\"><\/div>\n<h3 class=\"card__name has-text-align-left wp-block-unilux-blocks-heading\"        id=\"jordi-cabot\"\n    >\nJordi CABOT<\/h3>\n\n<div class=\"card__organization wp-block-unilux-blocks-plain-text\">Interdisciplinary Centre for Security, Reliability and Trust<\/div>\n<div class=\"card__function wp-block-unilux-blocks-plain-text\">Affiliate Professor at SnT<\/div>\n<div class=\"card__interest wp-block-unilux-blocks-plain-text\"><\/div><div class=\"ulux-card__link-wrapper card__link wp-block-unilux-blocks-simple-cta\">\n    <a\n        href=\"https:\/\/www.uni.lu\/snt-en\/people\/jordi-cabot\/\"\n        title=\"Learn more\"\n        class=\"link-text link-text--icon ulux-card__link link-text link-absolute\"\n        target=\"\"\n    >\n        <span class=\"link-text__body\">\n            <span class=\"link-text__name\">Learn more<\/span>\n        <\/span>\n        <svg aria-hidden=\"true\" focusable=\"false\" class=\"icon icon-outline icon--arrow-right \"><use xlink:href=\"https:\/\/www.uni.lu\/wp-content\/themes\/unilux-theme\/assets\/images\/icons\/icons-outline.svg#icon--arrow-right\"><\/use><\/svg>    <\/a>\n<\/div>\n<\/div>        <\/div>\n    <\/div>\n<\/li><li class=\"w-full sm:w-1\/2 lg:w-1\/3 px-16  wp-block-unilux-blocks-free-content-card-item\">\n    <div class=\"ulux-card card-people bg-theme\">\n        <div class=\"ulux-card__container card__container\">\n                        <div class=\"ulux-card__visual wp-block-unilux-blocks-free-content-card-item-visual\">\n    \n<div class=\"wp-block-unilux-blocks-image-video-wrapper\">\n    <figure class=\"wp-block-dev4-reusable-blocks-image  object-fit--cover\">\n    \n<img decoding=\"async\" class=\"wp-block-image unilux-custom-image-block\"\n                alt=\"\"\n            src=\"https:\/\/www.uni.lu\/wp-content\/uploads\/sites\/5\/2026\/01\/08145932\/Empty-Profile-Photo.webp\"\n                srcset=\"https:\/\/www.uni.lu\/wp-content\/uploads\/sites\/5\/2026\/01\/08145932\/Empty-Profile-Photo-300x225.webp 300w, https:\/\/www.uni.lu\/wp-content\/uploads\/sites\/5\/2026\/01\/08145932\/Empty-Profile-Photo-768x576.webp 768w, https:\/\/www.uni.lu\/wp-content\/uploads\/sites\/5\/2026\/01\/08145932\/Empty-Profile-Photo.webp 800w\"\n                style=\"object-position: 50.00% 50.00%; font-family: &quot;object-fit: cover; object-position: 50.00% 50.00%;&quot;; aspect-ratio: 4\/3; object-fit: cover; width: 100%;\"\n        loading=\"lazy\"\n\/>    <\/figure><\/div><\/div><div class=\"ulux-card__body wp-block-unilux-blocks-free-content-card-item-body\">\n    \n<div class=\"card__activity wp-block-unilux-blocks-plain-text\"><\/div>\n<h3 class=\"card__name has-text-align-left wp-block-unilux-blocks-heading\"        id=\"adem-ait-mimoune-fonolla\"\n    >\nAdem AIT-MIMOUNE FONOLLA<\/h3>\n\n<div class=\"card__organization wp-block-unilux-blocks-plain-text\">Interdisciplinary Centre for Security, Reliability and Trust<\/div>\n<div class=\"card__function wp-block-unilux-blocks-plain-text\">Doctoral Researcher<\/div>\n<div class=\"card__interest wp-block-unilux-blocks-plain-text\"><\/div><div class=\"ulux-card__link-wrapper card__link wp-block-unilux-blocks-simple-cta\">\n    <a\n        href=\"https:\/\/www.uni.lu\/snt-en\/people\/adem-ait-mimoune-fonolla\/\"\n        title=\"Learn more\"\n        class=\"link-text link-text--icon ulux-card__link link-text link-absolute\"\n        target=\"\"\n    >\n        <span class=\"link-text__body\">\n            <span class=\"link-text__name\">Learn more<\/span>\n        <\/span>\n        <svg aria-hidden=\"true\" focusable=\"false\" class=\"icon icon-outline icon--arrow-right \"><use xlink:href=\"https:\/\/www.uni.lu\/wp-content\/themes\/unilux-theme\/assets\/images\/icons\/icons-outline.svg#icon--arrow-right\"><\/use><\/svg>    <\/a>\n<\/div>\n<\/div>        <\/div>\n    <\/div>\n<\/li><\/ul>\n<h3 class=\"has-text-align-left wp-block-unilux-blocks-heading\"        id=\"prof-thomas-engel\"\n    >\nProf. Thomas Engel<\/h3>\n<ul class=\"flex flex-wrap mt-24 -mx-16  wp-block-unilux-blocks-free-content-card\">\n    <li class=\"w-full sm:w-1\/2 lg:w-1\/3 px-16  wp-block-unilux-blocks-free-content-card-item\">\n    <div class=\"ulux-card card-people bg-theme\">\n        <div class=\"ulux-card__container card__container\">\n                        <div class=\"ulux-card__visual wp-block-unilux-blocks-free-content-card-item-visual\">\n    \n<div class=\"wp-block-unilux-blocks-image-video-wrapper\">\n    <figure class=\"wp-block-dev4-reusable-blocks-image  object-fit--cover\">\n    \n<img decoding=\"async\" class=\"wp-block-image unilux-custom-image-block\"\n                alt=\"\"\n            src=\"https:\/\/www.uni.lu\/wp-content\/uploads\/sites\/5\/2026\/01\/28155049\/Thomas-Engel-scaled.jpg\"\n                srcset=\"https:\/\/www.uni.lu\/wp-content\/uploads\/sites\/5\/2026\/01\/28155049\/Thomas-Engel-300x200.jpg 300w, https:\/\/www.uni.lu\/wp-content\/uploads\/sites\/5\/2026\/01\/28155049\/Thomas-Engel-1024x682.jpg 1024w, https:\/\/www.uni.lu\/wp-content\/uploads\/sites\/5\/2026\/01\/28155049\/Thomas-Engel-768x512.jpg 768w, https:\/\/www.uni.lu\/wp-content\/uploads\/sites\/5\/2026\/01\/28155049\/Thomas-Engel-1536x1023.jpg 1536w, https:\/\/www.uni.lu\/wp-content\/uploads\/sites\/5\/2026\/01\/28155049\/Thomas-Engel-2048x1364.jpg 2048w\"\n                style=\"object-position: 0.00% 64.00%; font-family: &quot;object-fit: cover; object-position: 0.00% 64.00%;&quot;; aspect-ratio: 4\/3; object-fit: cover; width: 100%;\"\n        loading=\"lazy\"\n\/>    <\/figure><\/div><\/div><div class=\"ulux-card__body wp-block-unilux-blocks-free-content-card-item-body\">\n    \n<div class=\"card__activity wp-block-unilux-blocks-plain-text\"><\/div>\n<h3 class=\"card__name has-text-align-left wp-block-unilux-blocks-heading\"        id=\"thomas-engel\"\n    >\nThomas ENGEL<\/h3>\n\n<div class=\"card__organization wp-block-unilux-blocks-plain-text\">Faculty of Science, Technology and Medicine<\/div>\n<div class=\"card__function wp-block-unilux-blocks-plain-text\">Full Professor at FSTM<\/div>\n<div class=\"card__interest wp-block-unilux-blocks-plain-text\"><\/div><div class=\"ulux-card__link-wrapper card__link wp-block-unilux-blocks-simple-cta\">\n    <a\n        href=\"https:\/\/www.uni.lu\/fstm-en\/people\/thomas-engel\/\"\n        title=\"Learn more\"\n        class=\"link-text link-text--icon ulux-card__link link-text link-absolute\"\n        target=\"\"\n    >\n        <span class=\"link-text__body\">\n            <span class=\"link-text__name\">Learn more<\/span>\n        <\/span>\n        <svg aria-hidden=\"true\" focusable=\"false\" class=\"icon icon-outline icon--arrow-right \"><use xlink:href=\"https:\/\/www.uni.lu\/wp-content\/themes\/unilux-theme\/assets\/images\/icons\/icons-outline.svg#icon--arrow-right\"><\/use><\/svg>    <\/a>\n<\/div>\n<\/div>        <\/div>\n    <\/div>\n<\/li><li class=\"w-full sm:w-1\/2 lg:w-1\/3 px-16  wp-block-unilux-blocks-free-content-card-item\">\n    <div class=\"ulux-card card-people bg-theme\">\n        <div class=\"ulux-card__container card__container\">\n                        <div class=\"ulux-card__visual wp-block-unilux-blocks-free-content-card-item-visual\">\n    \n<div class=\"wp-block-unilux-blocks-image-video-wrapper\">\n    <figure class=\"wp-block-dev4-reusable-blocks-image  object-fit--cover\">\n    \n<img decoding=\"async\" class=\"wp-block-image unilux-custom-image-block\"\n                alt=\"\"\n            src=\"https:\/\/www.uni.lu\/wp-content\/uploads\/sites\/5\/2026\/01\/08145932\/Empty-Profile-Photo.webp\"\n                srcset=\"https:\/\/www.uni.lu\/wp-content\/uploads\/sites\/5\/2026\/01\/08145932\/Empty-Profile-Photo-300x225.webp 300w, https:\/\/www.uni.lu\/wp-content\/uploads\/sites\/5\/2026\/01\/08145932\/Empty-Profile-Photo-768x576.webp 768w, https:\/\/www.uni.lu\/wp-content\/uploads\/sites\/5\/2026\/01\/08145932\/Empty-Profile-Photo.webp 800w\"\n                style=\"object-position: 50.00% 50.00%; font-family: &quot;object-fit: cover; object-position: 50.00% 50.00%;&quot;; aspect-ratio: 4\/3; object-fit: cover; width: 100%;\"\n        loading=\"lazy\"\n\/>    <\/figure><\/div><\/div><div class=\"ulux-card__body wp-block-unilux-blocks-free-content-card-item-body\">\n    \n<div class=\"card__activity wp-block-unilux-blocks-plain-text\"><\/div>\n<h3 class=\"card__name has-text-align-left wp-block-unilux-blocks-heading\"        id=\"aurel-machalek\"\n    >\nAurel MACHALEK<\/h3>\n\n<div class=\"card__organization wp-block-unilux-blocks-plain-text\">Interdisciplinary Centre for Security, Reliability and Trust<\/div>\n<div class=\"card__function wp-block-unilux-blocks-plain-text\">Research and Development Specialist<\/div>\n<div class=\"card__interest wp-block-unilux-blocks-plain-text\"><\/div><div class=\"ulux-card__link-wrapper card__link wp-block-unilux-blocks-simple-cta\">\n    <a\n        href=\"https:\/\/www.uni.lu\/snt-en\/people\/aurel-machalek\/\"\n        title=\"Learn more\"\n        class=\"link-text link-text--icon ulux-card__link link-text link-absolute\"\n        target=\"\"\n    >\n        <span class=\"link-text__body\">\n            <span class=\"link-text__name\">Learn more<\/span>\n        <\/span>\n        <svg aria-hidden=\"true\" focusable=\"false\" class=\"icon icon-outline icon--arrow-right \"><use xlink:href=\"https:\/\/www.uni.lu\/wp-content\/themes\/unilux-theme\/assets\/images\/icons\/icons-outline.svg#icon--arrow-right\"><\/use><\/svg>    <\/a>\n<\/div>\n<\/div>        <\/div>\n    <\/div>\n<\/li><\/ul>\n<p><\/p>\n        <\/div>\n    <\/div>\n<\/div><\/div>\n\n\n<div class=\"wp-block-unilux-blocks-spacer is-spacer-size-md\"><\/div>\n\n\n<h2 class=\"has-text-align-left wp-block-unilux-blocks-heading\"        id=\"administrative-staff\"\n    >\nAdministrative Staff<\/h2>\n\n\n\n<div class=\"wp-block-unilux-blocks-accordion accordion accordion--theme accordion-standard\" data-reference=\"d7731d65-19c1-40f2-8020-bb517a6a0715\" data-accordion-type=\"standard\"><div class=\"accordion__item  wp-block-unilux-blocks-accordion-item\">\n    <h3 class=\"accordion__header\"\n                    id=\"administration\"\n        >\n        <button\n            type=\"button\"\n            id=\"accordion-labelledby-6387c694-5f53-4b2f-9835-11a647230d62\"\n            class=\"accordion__button collapsed\"\n            aria-expanded=\"false\"\n            aria-controls=\"accordion-panel-6387c694-5f53-4b2f-9835-11a647230d62\"\n            data-bs-toggle=\"collapse\"\n            data-bs-target=\"#accordion-panel-6387c694-5f53-4b2f-9835-11a647230d62\"\n        >\n            <span class=\"accordion__title\">\n                                Administration            <\/span>\n\n            <svg aria-hidden=\"true\" focusable=\"false\" class=\"icon icon-outline icon--arrow-down \"><use xlink:href=\"https:\/\/www.uni.lu\/wp-content\/themes\/unilux-theme\/assets\/images\/icons\/icons-outline.svg#icon--arrow-down\"><\/use><\/svg>        <\/button>\n    <\/h3>\n    <div id=\"accordion-panel-6387c694-5f53-4b2f-9835-11a647230d62\"\n        class=\"accordion__collapse collapse\"\n        aria-labelledby=\"accordion-labelledby-6387c694-5f53-4b2f-9835-11a647230d62\"\n        data-bs-parent=\"[data-reference=&quot;d7731d65-19c1-40f2-8020-bb517a6a0715&quot;]\"\n    >\n        <div class=\"accordion__body \">\n            <div\n    data-nonce=\"898be529b6\"\n    id=\"people-card-list1777415498\"\n    class=\"people-card-list-automated\"\n    data-search-after=\"CZAPIEWSKA,50068257,10.815187\"\n    data-params=\"{&quot;size&quot;:6,&quot;byId&quot;:&quot;true&quot;,&quot;organization&quot;:&quot;SNT&quot;,&quot;department&quot;:&quot;SNT Office&quot;,&quot;employeeGroup&quot;:&quot;1&quot;,&quot;employeeSubGroup&quot;:&quot;ad&quot;}\"\n>\n    <ul class=\"flex flex-wrap -mx-16 people-card-list\">\n                    <li class=\"w-full sm:w-1\/2 lg:w-1\/3 px-16\">\n                <div class=\"ulux-card ulux-card-people bg-theme\">\n                    <div class=\"ulux-card__container\">\n                        <div class=\"ulux-card__visual\">\n                            <img\n                                class=\"w-full\"\n                                src=\"https:\/\/www.uni.lu\/en\/person-image\/NTAwNDMwNDZfX0Ftw6lsaWUgQUJPVVQ=--medium_large\"\n                                title=\"Am\u00e9lie ABOUT\"\n                                alt=\"Am\u00e9lie ABOUT featured image\"\n                                srcset=\"https:\/\/www.uni.lu\/en\/person-image\/NTAwNDMwNDZfX0Ftw6lsaWUgQUJPVVQ=--thumbnail 150w,https:\/\/www.uni.lu\/en\/person-image\/NTAwNDMwNDZfX0Ftw6lsaWUgQUJPVVQ=--medium 300w,https:\/\/www.uni.lu\/en\/person-image\/NTAwNDMwNDZfX0Ftw6lsaWUgQUJPVVQ=--medium_large 768w\"\n                                loading=\"lazy\"\n                            >\n                        <\/div>\n                        <div class=\"ulux-card__body card-people\">\n                            <h3 class=\"card__name\">\n                                Am\u00e9lie ABOUT                            <\/h3>\n                            <p class=\"card__function\">\n                                Administrative Assistant                            <\/p>\n                            <p class=\"card__organization\">\n                                Interdisciplinary Centre for Security, Reliability and Trust                            <\/p>\n                            <a\n                                class=\"card__link link-text link-absolute\"\n                                href=\"https:\/\/www.uni.lu\/snt-en\/people\/amelie-about\/\"\n                                title=\"Am\u00e9lie ABOUT\"\n                            >\n                                <span class=\"link-text__name\">Learn more<\/span>\n                                <svg\n                                    aria-hidden=\"true\"\n                                    focusable=\"false\"\n                                    class=\"icon icon-outline icon--2xs\"\n                                >\n                                    <use xlink:href=\"https:\/\/www.uni.lu\/wp-content\/themes\/unilux-theme\/assets\/images\/icons\/icons-outline.svg#icon--arrow-right\" \/>\n                                <\/svg>\n                            <\/a>\n                        <\/div>\n                    <\/div>\n                <\/div>\n            <\/li>\n                    <li class=\"w-full sm:w-1\/2 lg:w-1\/3 px-16\">\n                <div class=\"ulux-card ulux-card-people bg-theme\">\n                    <div class=\"ulux-card__container\">\n                        <div class=\"ulux-card__visual\">\n                            <img\n                                class=\"w-full\"\n                                src=\"https:\/\/www.uni.lu\/en\/person-image\/NTAwNjU3MTJfX1phaXJhIEFNQlU=--medium_large\"\n                                title=\"Zaira AMBU\"\n                                alt=\"Zaira AMBU featured image\"\n                                srcset=\"https:\/\/www.uni.lu\/en\/person-image\/NTAwNjU3MTJfX1phaXJhIEFNQlU=--thumbnail 150w,https:\/\/www.uni.lu\/en\/person-image\/NTAwNjU3MTJfX1phaXJhIEFNQlU=--medium 300w,https:\/\/www.uni.lu\/en\/person-image\/NTAwNjU3MTJfX1phaXJhIEFNQlU=--medium_large 768w\"\n                                loading=\"lazy\"\n                            >\n                        <\/div>\n                        <div class=\"ulux-card__body card-people\">\n                            <h3 class=\"card__name\">\n                                Zaira AMBU                            <\/h3>\n                            <p class=\"card__function\">\n                                Project officer                            <\/p>\n                            <p class=\"card__organization\">\n                                Interdisciplinary Centre for Security, Reliability and Trust                            <\/p>\n                            <a\n                                class=\"card__link link-text link-absolute\"\n                                href=\"https:\/\/www.uni.lu\/snt-en\/people\/zaira-ambu\/\"\n                                title=\"Zaira AMBU\"\n                            >\n                                <span class=\"link-text__name\">Learn more<\/span>\n                                <svg\n                                    aria-hidden=\"true\"\n                                    focusable=\"false\"\n                                    class=\"icon icon-outline icon--2xs\"\n                                >\n                                    <use xlink:href=\"https:\/\/www.uni.lu\/wp-content\/themes\/unilux-theme\/assets\/images\/icons\/icons-outline.svg#icon--arrow-right\" \/>\n                                <\/svg>\n                            <\/a>\n                        <\/div>\n                    <\/div>\n                <\/div>\n            <\/li>\n                    <li class=\"w-full sm:w-1\/2 lg:w-1\/3 px-16\">\n                <div class=\"ulux-card ulux-card-people bg-theme\">\n                    <div class=\"ulux-card__container\">\n                        <div class=\"ulux-card__visual\">\n                            <img\n                                class=\"w-full\"\n                                src=\"https:\/\/www.uni.lu\/en\/person-image\/NTAwNDM4OTRfX1NhcnJhIEJFTiBBVFRJQQ==--medium_large\"\n                                title=\"Sarra BEN ATTIA\"\n                                alt=\"Sarra BEN ATTIA featured image\"\n                                srcset=\"https:\/\/www.uni.lu\/en\/person-image\/NTAwNDM4OTRfX1NhcnJhIEJFTiBBVFRJQQ==--thumbnail 150w,https:\/\/www.uni.lu\/en\/person-image\/NTAwNDM4OTRfX1NhcnJhIEJFTiBBVFRJQQ==--medium 300w,https:\/\/www.uni.lu\/en\/person-image\/NTAwNDM4OTRfX1NhcnJhIEJFTiBBVFRJQQ==--medium_large 768w\"\n                                loading=\"lazy\"\n                            >\n                        <\/div>\n                        <div class=\"ulux-card__body card-people\">\n                            <h3 class=\"card__name\">\n                                Sarra BEN ATTIA                            <\/h3>\n                            <p class=\"card__function\">\n                                Research Facilitator                            <\/p>\n                            <p class=\"card__organization\">\n                                Interdisciplinary Centre for Security, Reliability and Trust                            <\/p>\n                            <a\n                                class=\"card__link link-text link-absolute\"\n                                href=\"https:\/\/www.uni.lu\/snt-en\/people\/sarra-ben-attia\/\"\n                                title=\"Sarra BEN ATTIA\"\n                            >\n                                <span class=\"link-text__name\">Learn more<\/span>\n                                <svg\n                                    aria-hidden=\"true\"\n                                    focusable=\"false\"\n                                    class=\"icon icon-outline icon--2xs\"\n                                >\n                                    <use xlink:href=\"https:\/\/www.uni.lu\/wp-content\/themes\/unilux-theme\/assets\/images\/icons\/icons-outline.svg#icon--arrow-right\" \/>\n                                <\/svg>\n                            <\/a>\n                        <\/div>\n                    <\/div>\n                <\/div>\n            <\/li>\n                    <li class=\"w-full sm:w-1\/2 lg:w-1\/3 px-16\">\n                <div class=\"ulux-card ulux-card-people bg-theme\">\n                    <div class=\"ulux-card__container\">\n                        <div class=\"ulux-card__visual\">\n                            <img\n                                class=\"w-full\"\n                                src=\"https:\/\/www.uni.lu\/en\/person-image\/NTAwOTMxMzRfX0FsZW5hIEJFWkdVQkVOS0E=--medium_large\"\n                                title=\"Alena BEZGUBENKA\"\n                                alt=\"Alena BEZGUBENKA featured image\"\n                                srcset=\"https:\/\/www.uni.lu\/en\/person-image\/NTAwOTMxMzRfX0FsZW5hIEJFWkdVQkVOS0E=--thumbnail 150w,https:\/\/www.uni.lu\/en\/person-image\/NTAwOTMxMzRfX0FsZW5hIEJFWkdVQkVOS0E=--medium 300w,https:\/\/www.uni.lu\/en\/person-image\/NTAwOTMxMzRfX0FsZW5hIEJFWkdVQkVOS0E=--medium_large 768w\"\n                                loading=\"lazy\"\n                            >\n                        <\/div>\n                        <div class=\"ulux-card__body card-people\">\n                            <h3 class=\"card__name\">\n                                Alena BEZGUBENKA                            <\/h3>\n                            <p class=\"card__function\">\n                                Administrative Assistant                            <\/p>\n                            <p class=\"card__organization\">\n                                Interdisciplinary Centre for Security, Reliability and Trust                            <\/p>\n                            <a\n                                class=\"card__link link-text link-absolute\"\n                                href=\"https:\/\/www.uni.lu\/snt-en\/people\/alena-bezgubenka\/\"\n                                title=\"Alena BEZGUBENKA\"\n                            >\n                                <span class=\"link-text__name\">Learn more<\/span>\n                                <svg\n                                    aria-hidden=\"true\"\n                                    focusable=\"false\"\n                                    class=\"icon icon-outline icon--2xs\"\n                                >\n                                    <use xlink:href=\"https:\/\/www.uni.lu\/wp-content\/themes\/unilux-theme\/assets\/images\/icons\/icons-outline.svg#icon--arrow-right\" \/>\n                                <\/svg>\n                            <\/a>\n                        <\/div>\n                    <\/div>\n                <\/div>\n            <\/li>\n                    <li class=\"w-full sm:w-1\/2 lg:w-1\/3 px-16\">\n                <div class=\"ulux-card ulux-card-people bg-theme\">\n                    <div class=\"ulux-card__container\">\n                        <div class=\"ulux-card__visual\">\n                            <img\n                                class=\"w-full\"\n                                src=\"https:\/\/www.uni.lu\/en\/person-image\/NTAxMDA1NDlfX0dpb3JnaWEgQk9SU0E=--medium_large\"\n                                title=\"Giorgia BORSA\"\n                                alt=\"Giorgia BORSA featured image\"\n                                srcset=\"https:\/\/www.uni.lu\/en\/person-image\/NTAxMDA1NDlfX0dpb3JnaWEgQk9SU0E=--thumbnail 150w,https:\/\/www.uni.lu\/en\/person-image\/NTAxMDA1NDlfX0dpb3JnaWEgQk9SU0E=--medium 300w,https:\/\/www.uni.lu\/en\/person-image\/NTAxMDA1NDlfX0dpb3JnaWEgQk9SU0E=--medium_large 768w\"\n                                loading=\"lazy\"\n                            >\n                        <\/div>\n                        <div class=\"ulux-card__body card-people\">\n                            <h3 class=\"card__name\">\n                                Giorgia BORSA                            <\/h3>\n                            <p class=\"card__function\">\n                                Research Facilitator                            <\/p>\n                            <p class=\"card__organization\">\n                                Interdisciplinary Centre for Security, Reliability and Trust                            <\/p>\n                            <a\n                                class=\"card__link link-text link-absolute\"\n                                href=\"https:\/\/www.uni.lu\/snt-en\/people\/giorgia-borsa\/\"\n                                title=\"Giorgia BORSA\"\n                            >\n                                <span class=\"link-text__name\">Learn more<\/span>\n                                <svg\n                                    aria-hidden=\"true\"\n                                    focusable=\"false\"\n                                    class=\"icon icon-outline icon--2xs\"\n                                >\n                                    <use xlink:href=\"https:\/\/www.uni.lu\/wp-content\/themes\/unilux-theme\/assets\/images\/icons\/icons-outline.svg#icon--arrow-right\" \/>\n                                <\/svg>\n                            <\/a>\n                        <\/div>\n                    <\/div>\n                <\/div>\n            <\/li>\n                    <li class=\"w-full sm:w-1\/2 lg:w-1\/3 px-16\">\n                <div class=\"ulux-card ulux-card-people bg-theme\">\n                    <div class=\"ulux-card__container\">\n                        <div class=\"ulux-card__visual\">\n                            <img\n                                class=\"w-full\"\n                                src=\"https:\/\/www.uni.lu\/en\/person-image\/NTAwNjgyNTdfX0FsZXhhbmRyYSBDWkFQSUVXU0tB--medium_large\"\n                                title=\"Alexandra CZAPIEWSKA\"\n                                alt=\"Alexandra CZAPIEWSKA featured image\"\n                                srcset=\"https:\/\/www.uni.lu\/en\/person-image\/NTAwNjgyNTdfX0FsZXhhbmRyYSBDWkFQSUVXU0tB--thumbnail 150w,https:\/\/www.uni.lu\/en\/person-image\/NTAwNjgyNTdfX0FsZXhhbmRyYSBDWkFQSUVXU0tB--medium 300w,https:\/\/www.uni.lu\/en\/person-image\/NTAwNjgyNTdfX0FsZXhhbmRyYSBDWkFQSUVXU0tB--medium_large 768w\"\n                                loading=\"lazy\"\n                            >\n                        <\/div>\n                        <div class=\"ulux-card__body card-people\">\n                            <h3 class=\"card__name\">\n                                Alexandra CZAPIEWSKA                            <\/h3>\n                            <p class=\"card__function\">\n                                Research Facilitator                            <\/p>\n                            <p class=\"card__organization\">\n                                Interdisciplinary Centre for Security, Reliability and Trust                            <\/p>\n                            <a\n                                class=\"card__link link-text link-absolute\"\n                                href=\"https:\/\/www.uni.lu\/snt-en\/people\/alexandra-czapiewska\/\"\n                                title=\"Alexandra CZAPIEWSKA\"\n                            >\n                                <span class=\"link-text__name\">Learn more<\/span>\n                                <svg\n                                    aria-hidden=\"true\"\n                                    focusable=\"false\"\n                                    class=\"icon icon-outline icon--2xs\"\n                                >\n                                    <use xlink:href=\"https:\/\/www.uni.lu\/wp-content\/themes\/unilux-theme\/assets\/images\/icons\/icons-outline.svg#icon--arrow-right\" \/>\n                                <\/svg>\n                            <\/a>\n                        <\/div>\n                    <\/div>\n                <\/div>\n            <\/li>\n            <\/ul>\n            <p class=\"text-center\">\n            <button class=\"btn btn--primary\">Load more<\/button>\n        <\/p>\n    <\/div><div\n    data-nonce=\"898be529b6\"\n    id=\"people-card-list1777415498\"\n    class=\"people-card-list-automated\"\n    data-search-after=\"PFEIFFER,50100397,8.1861515\"\n    data-params=\"{&quot;size&quot;:6,&quot;byId&quot;:&quot;true&quot;,&quot;organization&quot;:&quot;SNT&quot;,&quot;department&quot;:&quot;SNT&quot;,&quot;employeeGroup&quot;:&quot;1&quot;,&quot;employeeSubGroup&quot;:&quot;fs&quot;}\"\n>\n    <ul class=\"flex flex-wrap -mx-16 people-card-list\">\n                    <li class=\"w-full sm:w-1\/2 lg:w-1\/3 px-16\">\n                <div class=\"ulux-card ulux-card-people bg-theme\">\n                    <div class=\"ulux-card__container\">\n                        <div class=\"ulux-card__visual\">\n                            <img\n                                class=\"w-full\"\n                                src=\"https:\/\/www.uni.lu\/en\/person-image\/NTAwMjMxMDFfX1NhYmluZSBCw5ZTTA==--medium_large\"\n                                title=\"Sabine B\u00d6SL\"\n                                alt=\"Sabine B\u00d6SL featured image\"\n                                srcset=\"https:\/\/www.uni.lu\/en\/person-image\/NTAwMjMxMDFfX1NhYmluZSBCw5ZTTA==--thumbnail 150w,https:\/\/www.uni.lu\/en\/person-image\/NTAwMjMxMDFfX1NhYmluZSBCw5ZTTA==--medium 300w,https:\/\/www.uni.lu\/en\/person-image\/NTAwMjMxMDFfX1NhYmluZSBCw5ZTTA==--medium_large 768w\"\n                                loading=\"lazy\"\n                            >\n                        <\/div>\n                        <div class=\"ulux-card__body card-people\">\n                            <h3 class=\"card__name\">\n                                Sabine B\u00d6SL                            <\/h3>\n                            <p class=\"card__function\">\n                                Financial Controller                            <\/p>\n                            <p class=\"card__organization\">\n                                Interdisciplinary Centre for Security, Reliability and Trust                            <\/p>\n                            <a\n                                class=\"card__link link-text link-absolute\"\n                                href=\"https:\/\/www.uni.lu\/snt-en\/people\/sabine-bosl\/\"\n                                title=\"Sabine B\u00d6SL\"\n                            >\n                                <span class=\"link-text__name\">Learn more<\/span>\n                                <svg\n                                    aria-hidden=\"true\"\n                                    focusable=\"false\"\n                                    class=\"icon icon-outline icon--2xs\"\n                                >\n                                    <use xlink:href=\"https:\/\/www.uni.lu\/wp-content\/themes\/unilux-theme\/assets\/images\/icons\/icons-outline.svg#icon--arrow-right\" \/>\n                                <\/svg>\n                            <\/a>\n                        <\/div>\n                    <\/div>\n                <\/div>\n            <\/li>\n                    <li class=\"w-full sm:w-1\/2 lg:w-1\/3 px-16\">\n                <div class=\"ulux-card ulux-card-people bg-theme\">\n                    <div class=\"ulux-card__container\">\n                        <div class=\"ulux-card__visual\">\n                            <img\n                                class=\"w-full\"\n                                src=\"https:\/\/www.uni.lu\/en\/person-image\/NTAwOTk5MTZfX1JhcGhhZWwgTUFMTElDSw==--medium_large\"\n                                title=\"Raphael MALLICK\"\n                                alt=\"Raphael MALLICK featured image\"\n                                srcset=\"https:\/\/www.uni.lu\/en\/person-image\/NTAwOTk5MTZfX1JhcGhhZWwgTUFMTElDSw==--thumbnail 150w,https:\/\/www.uni.lu\/en\/person-image\/NTAwOTk5MTZfX1JhcGhhZWwgTUFMTElDSw==--medium 300w,https:\/\/www.uni.lu\/en\/person-image\/NTAwOTk5MTZfX1JhcGhhZWwgTUFMTElDSw==--medium_large 768w\"\n                                loading=\"lazy\"\n                            >\n                        <\/div>\n                        <div class=\"ulux-card__body card-people\">\n                            <h3 class=\"card__name\">\n                                Raphael MALLICK                            <\/h3>\n                            <p class=\"card__function\">\n                                Financial Controller                            <\/p>\n                            <p class=\"card__organization\">\n                                Interdisciplinary Centre for Security, Reliability and Trust                            <\/p>\n                            <a\n                                class=\"card__link link-text link-absolute\"\n                                href=\"https:\/\/www.uni.lu\/snt-en\/people\/raphael-mallick\/\"\n                                title=\"Raphael MALLICK\"\n                            >\n                                <span class=\"link-text__name\">Learn more<\/span>\n                                <svg\n                                    aria-hidden=\"true\"\n                                    focusable=\"false\"\n                                    class=\"icon icon-outline icon--2xs\"\n                                >\n                                    <use xlink:href=\"https:\/\/www.uni.lu\/wp-content\/themes\/unilux-theme\/assets\/images\/icons\/icons-outline.svg#icon--arrow-right\" \/>\n                                <\/svg>\n                            <\/a>\n                        <\/div>\n                    <\/div>\n                <\/div>\n            <\/li>\n                    <li class=\"w-full sm:w-1\/2 lg:w-1\/3 px-16\">\n                <div class=\"ulux-card ulux-card-people bg-theme\">\n                    <div class=\"ulux-card__container\">\n                        <div class=\"ulux-card__visual\">\n                            <img\n                                class=\"w-full\"\n                                src=\"https:\/\/www.uni.lu\/en\/person-image\/NTAwMjgxODNfX0VtaWxpamEgUEFTSE9TS0E=--medium_large\"\n                                title=\"Emilija PASHOSKA\"\n                                alt=\"Emilija PASHOSKA featured image\"\n                                srcset=\"https:\/\/www.uni.lu\/en\/person-image\/NTAwMjgxODNfX0VtaWxpamEgUEFTSE9TS0E=--thumbnail 150w,https:\/\/www.uni.lu\/en\/person-image\/NTAwMjgxODNfX0VtaWxpamEgUEFTSE9TS0E=--medium 300w,https:\/\/www.uni.lu\/en\/person-image\/NTAwMjgxODNfX0VtaWxpamEgUEFTSE9TS0E=--medium_large 768w\"\n                                loading=\"lazy\"\n                            >\n                        <\/div>\n                        <div class=\"ulux-card__body card-people\">\n                            <h3 class=\"card__name\">\n                                Emilija PASHOSKA                            <\/h3>\n                            <p class=\"card__function\">\n                                Financial controller                            <\/p>\n                            <p class=\"card__organization\">\n                                Interdisciplinary Centre for Security, Reliability and Trust                            <\/p>\n                            <a\n                                class=\"card__link link-text link-absolute\"\n                                href=\"https:\/\/www.uni.lu\/snt-en\/people\/emilija-pashoska\/\"\n                                title=\"Emilija PASHOSKA\"\n                            >\n                                <span class=\"link-text__name\">Learn more<\/span>\n                                <svg\n                                    aria-hidden=\"true\"\n                                    focusable=\"false\"\n                                    class=\"icon icon-outline icon--2xs\"\n                                >\n                                    <use xlink:href=\"https:\/\/www.uni.lu\/wp-content\/themes\/unilux-theme\/assets\/images\/icons\/icons-outline.svg#icon--arrow-right\" \/>\n                                <\/svg>\n                            <\/a>\n                        <\/div>\n                    <\/div>\n                <\/div>\n            <\/li>\n                    <li class=\"w-full sm:w-1\/2 lg:w-1\/3 px-16\">\n                <div class=\"ulux-card ulux-card-people bg-theme\">\n                    <div class=\"ulux-card__container\">\n                        <div class=\"ulux-card__visual\">\n                            <img\n                                class=\"w-full\"\n                                src=\"https:\/\/www.uni.lu\/en\/person-image\/NTAxMDAzOTdfX01pY2hlbGxlIFBGRUlGRkVS--medium_large\"\n                                title=\"Michelle PFEIFFER\"\n                                alt=\"Michelle PFEIFFER featured image\"\n                                srcset=\"https:\/\/www.uni.lu\/en\/person-image\/NTAxMDAzOTdfX01pY2hlbGxlIFBGRUlGRkVS--thumbnail 150w,https:\/\/www.uni.lu\/en\/person-image\/NTAxMDAzOTdfX01pY2hlbGxlIFBGRUlGRkVS--medium 300w,https:\/\/www.uni.lu\/en\/person-image\/NTAxMDAzOTdfX01pY2hlbGxlIFBGRUlGRkVS--medium_large 768w\"\n                                loading=\"lazy\"\n                            >\n                        <\/div>\n                        <div class=\"ulux-card__body card-people\">\n                            <h3 class=\"card__name\">\n                                Michelle PFEIFFER                            <\/h3>\n                            <p class=\"card__function\">\n                                Financial controller                            <\/p>\n                            <p class=\"card__organization\">\n                                Interdisciplinary Centre for Security, Reliability and Trust                            <\/p>\n                            <a\n                                class=\"card__link link-text link-absolute\"\n                                href=\"https:\/\/www.uni.lu\/snt-en\/people\/michelle-pfeiffer\/\"\n                                title=\"Michelle PFEIFFER\"\n                            >\n                                <span class=\"link-text__name\">Learn more<\/span>\n                                <svg\n                                    aria-hidden=\"true\"\n                                    focusable=\"false\"\n                                    class=\"icon icon-outline icon--2xs\"\n                                >\n                                    <use xlink:href=\"https:\/\/www.uni.lu\/wp-content\/themes\/unilux-theme\/assets\/images\/icons\/icons-outline.svg#icon--arrow-right\" \/>\n                                <\/svg>\n                            <\/a>\n                        <\/div>\n                    <\/div>\n                <\/div>\n            <\/li>\n            <\/ul>\n    <\/div><div\n    data-nonce=\"898be529b6\"\n    id=\"people-card-list1777415498\"\n    class=\"people-card-list-automated\"\n    data-search-after=\"SYLA,50072515,10.815187\"\n    data-params=\"{&quot;size&quot;:6,&quot;byId&quot;:&quot;true&quot;,&quot;organization&quot;:&quot;SNT&quot;,&quot;department&quot;:&quot;SNT Office&quot;,&quot;employeeGroup&quot;:&quot;1&quot;,&quot;employeeSubGroup&quot;:&quot;ts&quot;}\"\n>\n    <ul class=\"flex flex-wrap -mx-16 people-card-list\">\n                    <li class=\"w-full sm:w-1\/2 lg:w-1\/3 px-16\">\n                <div class=\"ulux-card ulux-card-people bg-theme\">\n                    <div class=\"ulux-card__container\">\n                        <div class=\"ulux-card__visual\">\n                            <img\n                                class=\"w-full\"\n                                src=\"https:\/\/www.uni.lu\/en\/person-image\/NTAwMjQ5ODdfX0p1bGllbiBBTEJJQU5J--medium_large\"\n                                title=\"Julien ALBIANI\"\n                                alt=\"Julien ALBIANI featured image\"\n                                srcset=\"https:\/\/www.uni.lu\/en\/person-image\/NTAwMjQ5ODdfX0p1bGllbiBBTEJJQU5J--thumbnail 150w,https:\/\/www.uni.lu\/en\/person-image\/NTAwMjQ5ODdfX0p1bGllbiBBTEJJQU5J--medium 300w,https:\/\/www.uni.lu\/en\/person-image\/NTAwMjQ5ODdfX0p1bGllbiBBTEJJQU5J--medium_large 768w\"\n                                loading=\"lazy\"\n                            >\n                        <\/div>\n                        <div class=\"ulux-card__body card-people\">\n                            <h3 class=\"card__name\">\n                                Julien ALBIANI                            <\/h3>\n                            <p class=\"card__function\">\n                                Facility, Maintenance and Logistics Officer                            <\/p>\n                            <p class=\"card__organization\">\n                                Interdisciplinary Centre for Security, Reliability and Trust                            <\/p>\n                            <a\n                                class=\"card__link link-text link-absolute\"\n                                href=\"https:\/\/www.uni.lu\/snt-en\/people\/julien-albiani\/\"\n                                title=\"Julien ALBIANI\"\n                            >\n                                <span class=\"link-text__name\">Learn more<\/span>\n                                <svg\n                                    aria-hidden=\"true\"\n                                    focusable=\"false\"\n                                    class=\"icon icon-outline icon--2xs\"\n                                >\n                                    <use xlink:href=\"https:\/\/www.uni.lu\/wp-content\/themes\/unilux-theme\/assets\/images\/icons\/icons-outline.svg#icon--arrow-right\" \/>\n                                <\/svg>\n                            <\/a>\n                        <\/div>\n                    <\/div>\n                <\/div>\n            <\/li>\n                    <li class=\"w-full sm:w-1\/2 lg:w-1\/3 px-16\">\n                <div class=\"ulux-card ulux-card-people bg-theme\">\n                    <div class=\"ulux-card__container\">\n                        <div class=\"ulux-card__visual\">\n                            <img\n                                class=\"w-full\"\n                                src=\"https:\/\/www.uni.lu\/en\/person-image\/NTAwNzI1MTVfX0xldXJhbnQgU1lMQQ==--medium_large\"\n                                title=\"Leurant SYLA\"\n                                alt=\"Leurant SYLA featured image\"\n                                srcset=\"https:\/\/www.uni.lu\/en\/person-image\/NTAwNzI1MTVfX0xldXJhbnQgU1lMQQ==--thumbnail 150w,https:\/\/www.uni.lu\/en\/person-image\/NTAwNzI1MTVfX0xldXJhbnQgU1lMQQ==--medium 300w,https:\/\/www.uni.lu\/en\/person-image\/NTAwNzI1MTVfX0xldXJhbnQgU1lMQQ==--medium_large 768w\"\n                                loading=\"lazy\"\n                            >\n                        <\/div>\n                        <div class=\"ulux-card__body card-people\">\n                            <h3 class=\"card__name\">\n                                Leurant SYLA                            <\/h3>\n                            <p class=\"card__function\">\n                                Facility, Maintenance and Logistics Officer                            <\/p>\n                            <p class=\"card__organization\">\n                                Interdisciplinary Centre for Security, Reliability and Trust                            <\/p>\n                            <a\n                                class=\"card__link link-text link-absolute\"\n                                href=\"https:\/\/www.uni.lu\/snt-en\/people\/leurant-syla\/\"\n                                title=\"Leurant SYLA\"\n                            >\n                                <span class=\"link-text__name\">Learn more<\/span>\n                                <svg\n                                    aria-hidden=\"true\"\n                                    focusable=\"false\"\n                                    class=\"icon icon-outline icon--2xs\"\n                                >\n                                    <use xlink:href=\"https:\/\/www.uni.lu\/wp-content\/themes\/unilux-theme\/assets\/images\/icons\/icons-outline.svg#icon--arrow-right\" \/>\n                                <\/svg>\n                            <\/a>\n                        <\/div>\n                    <\/div>\n                <\/div>\n            <\/li>\n            <\/ul>\n    <\/div>        <\/div>\n    <\/div>\n<\/div>\n\n<div class=\"accordion__item  wp-block-unilux-blocks-accordion-item\">\n    <h3 class=\"accordion__header\"\n                    id=\"technology-transfer\"\n        >\n        <button\n            type=\"button\"\n            id=\"accordion-labelledby-ce6f33f6-2629-4c05-bd9a-7f15acf36e28\"\n            class=\"accordion__button collapsed\"\n            aria-expanded=\"false\"\n            aria-controls=\"accordion-panel-ce6f33f6-2629-4c05-bd9a-7f15acf36e28\"\n            data-bs-toggle=\"collapse\"\n            data-bs-target=\"#accordion-panel-ce6f33f6-2629-4c05-bd9a-7f15acf36e28\"\n        >\n            <span class=\"accordion__title\">\n                                Technology Transfer            <\/span>\n\n            <svg aria-hidden=\"true\" focusable=\"false\" class=\"icon icon-outline icon--arrow-down \"><use xlink:href=\"https:\/\/www.uni.lu\/wp-content\/themes\/unilux-theme\/assets\/images\/icons\/icons-outline.svg#icon--arrow-down\"><\/use><\/svg>        <\/button>\n    <\/h3>\n    <div id=\"accordion-panel-ce6f33f6-2629-4c05-bd9a-7f15acf36e28\"\n        class=\"accordion__collapse collapse\"\n        aria-labelledby=\"accordion-labelledby-ce6f33f6-2629-4c05-bd9a-7f15acf36e28\"\n        data-bs-parent=\"[data-reference=&quot;d7731d65-19c1-40f2-8020-bb517a6a0715&quot;]\"\n    >\n        <div class=\"accordion__body \">\n            <div\n    data-nonce=\"898be529b6\"\n    id=\"people-card-list1777415498\"\n    class=\"people-card-list-automated\"\n    data-search-after=\"CANADELL,50099591,15.144071\"\n    data-params=\"{&quot;size&quot;:6,&quot;byId&quot;:&quot;true&quot;,&quot;organization&quot;:&quot;SNT&quot;,&quot;department&quot;:&quot;SNT Tech Transfer Office&quot;,&quot;employeeGroup&quot;:&quot;1&quot;,&quot;employeeSubGroup&quot;:&quot;ts,ad&quot;}\"\n>\n    <ul class=\"flex flex-wrap -mx-16 people-card-list\">\n                    <li class=\"w-full sm:w-1\/2 lg:w-1\/3 px-16\">\n                <div class=\"ulux-card ulux-card-people bg-theme\">\n                    <div class=\"ulux-card__container\">\n                        <div class=\"ulux-card__visual\">\n                            <img\n                                class=\"w-full\"\n                                src=\"https:\/\/www.uni.lu\/en\/person-image\/NTAxMDE0MDZfX1NhYnJpbmEgQUxBTQ==--medium_large\"\n                                title=\"Sabrina ALAM\"\n                                alt=\"Sabrina ALAM featured image\"\n                                srcset=\"https:\/\/www.uni.lu\/en\/person-image\/NTAxMDE0MDZfX1NhYnJpbmEgQUxBTQ==--thumbnail 150w,https:\/\/www.uni.lu\/en\/person-image\/NTAxMDE0MDZfX1NhYnJpbmEgQUxBTQ==--medium 300w,https:\/\/www.uni.lu\/en\/person-image\/NTAxMDE0MDZfX1NhYnJpbmEgQUxBTQ==--medium_large 768w\"\n                                loading=\"lazy\"\n                            >\n                        <\/div>\n                        <div class=\"ulux-card__body card-people\">\n                            <h3 class=\"card__name\">\n                                Sabrina ALAM                            <\/h3>\n                            <p class=\"card__function\">\n                                Technology transfer officer                            <\/p>\n                            <p class=\"card__organization\">\n                                Interdisciplinary Centre for Security, Reliability and Trust                            <\/p>\n                            <a\n                                class=\"card__link link-text link-absolute\"\n                                href=\"https:\/\/www.uni.lu\/snt-en\/people\/sabrina-alam\/\"\n                                title=\"Sabrina ALAM\"\n                            >\n                                <span class=\"link-text__name\">Learn more<\/span>\n                                <svg\n                                    aria-hidden=\"true\"\n                                    focusable=\"false\"\n                                    class=\"icon icon-outline icon--2xs\"\n                                >\n                                    <use xlink:href=\"https:\/\/www.uni.lu\/wp-content\/themes\/unilux-theme\/assets\/images\/icons\/icons-outline.svg#icon--arrow-right\" \/>\n                                <\/svg>\n                            <\/a>\n                        <\/div>\n                    <\/div>\n                <\/div>\n            <\/li>\n                    <li class=\"w-full sm:w-1\/2 lg:w-1\/3 px-16\">\n                <div class=\"ulux-card ulux-card-people bg-theme\">\n                    <div class=\"ulux-card__container\">\n                        <div class=\"ulux-card__visual\">\n                            <img\n                                class=\"w-full\"\n                                src=\"https:\/\/www.uni.lu\/en\/person-image\/NTAwMDA0MjRfX1N0w6lwaGFuaWUgQU5ORVQ=--medium_large\"\n                                title=\"St\u00e9phanie ANNET\"\n                                alt=\"St\u00e9phanie ANNET featured image\"\n                                srcset=\"https:\/\/www.uni.lu\/en\/person-image\/NTAwMDA0MjRfX1N0w6lwaGFuaWUgQU5ORVQ=--thumbnail 150w,https:\/\/www.uni.lu\/en\/person-image\/NTAwMDA0MjRfX1N0w6lwaGFuaWUgQU5ORVQ=--medium 300w,https:\/\/www.uni.lu\/en\/person-image\/NTAwMDA0MjRfX1N0w6lwaGFuaWUgQU5ORVQ=--medium_large 768w\"\n                                loading=\"lazy\"\n                            >\n                        <\/div>\n                        <div class=\"ulux-card__body card-people\">\n                            <h3 class=\"card__name\">\n                                St\u00e9phanie ANNET                            <\/h3>\n                            <p class=\"card__function\">\n                                Administrative Assistant                            <\/p>\n                            <p class=\"card__organization\">\n                                Interdisciplinary Centre for Security, Reliability and Trust                            <\/p>\n                            <a\n                                class=\"card__link link-text link-absolute\"\n                                href=\"https:\/\/www.uni.lu\/snt-en\/people\/stephanie-annet\/\"\n                                title=\"St\u00e9phanie ANNET\"\n                            >\n                                <span class=\"link-text__name\">Learn more<\/span>\n                                <svg\n                                    aria-hidden=\"true\"\n                                    focusable=\"false\"\n                                    class=\"icon icon-outline icon--2xs\"\n                                >\n                                    <use xlink:href=\"https:\/\/www.uni.lu\/wp-content\/themes\/unilux-theme\/assets\/images\/icons\/icons-outline.svg#icon--arrow-right\" \/>\n                                <\/svg>\n                            <\/a>\n                        <\/div>\n                    <\/div>\n                <\/div>\n            <\/li>\n                    <li class=\"w-full sm:w-1\/2 lg:w-1\/3 px-16\">\n                <div class=\"ulux-card ulux-card-people bg-theme\">\n                    <div class=\"ulux-card__container\">\n                        <div class=\"ulux-card__visual\">\n                            <img\n                                class=\"w-full\"\n                                src=\"https:\/\/www.uni.lu\/en\/person-image\/NTAwOTMyNjlfX0plc3NpY2EgQkFVTFk=--medium_large\"\n                                title=\"Jessica BAULY\"\n                                alt=\"Jessica BAULY featured image\"\n                                srcset=\"https:\/\/www.uni.lu\/en\/person-image\/NTAwOTMyNjlfX0plc3NpY2EgQkFVTFk=--thumbnail 150w,https:\/\/www.uni.lu\/en\/person-image\/NTAwOTMyNjlfX0plc3NpY2EgQkFVTFk=--medium 300w,https:\/\/www.uni.lu\/en\/person-image\/NTAwOTMyNjlfX0plc3NpY2EgQkFVTFk=--medium_large 768w\"\n                                loading=\"lazy\"\n                            >\n                        <\/div>\n                        <div class=\"ulux-card__body card-people\">\n                            <h3 class=\"card__name\">\n                                Jessica BAULY                            <\/h3>\n                            <p class=\"card__function\">\n                                Communication Officer                            <\/p>\n                            <p class=\"card__organization\">\n                                Interdisciplinary Centre for Security, Reliability and Trust                            <\/p>\n                            <a\n                                class=\"card__link link-text link-absolute\"\n                                href=\"https:\/\/www.uni.lu\/snt-en\/people\/jessica-bauly\/\"\n                                title=\"Jessica BAULY\"\n                            >\n                                <span class=\"link-text__name\">Learn more<\/span>\n                                <svg\n                                    aria-hidden=\"true\"\n                                    focusable=\"false\"\n                                    class=\"icon icon-outline icon--2xs\"\n                                >\n                                    <use xlink:href=\"https:\/\/www.uni.lu\/wp-content\/themes\/unilux-theme\/assets\/images\/icons\/icons-outline.svg#icon--arrow-right\" \/>\n                                <\/svg>\n                            <\/a>\n                        <\/div>\n                    <\/div>\n                <\/div>\n            <\/li>\n                    <li class=\"w-full sm:w-1\/2 lg:w-1\/3 px-16\">\n                <div class=\"ulux-card ulux-card-people bg-theme\">\n                    <div class=\"ulux-card__container\">\n                        <div class=\"ulux-card__visual\">\n                            <img\n                                class=\"w-full\"\n                                src=\"https:\/\/www.uni.lu\/en\/person-image\/NTAwOTk1ODlfX1NlYW4gQkxFVklOUw==--medium_large\"\n                                title=\"Sean BLEVINS\"\n                                alt=\"Sean BLEVINS featured image\"\n                                srcset=\"https:\/\/www.uni.lu\/en\/person-image\/NTAwOTk1ODlfX1NlYW4gQkxFVklOUw==--thumbnail 150w,https:\/\/www.uni.lu\/en\/person-image\/NTAwOTk1ODlfX1NlYW4gQkxFVklOUw==--medium 300w,https:\/\/www.uni.lu\/en\/person-image\/NTAwOTk1ODlfX1NlYW4gQkxFVklOUw==--medium_large 768w\"\n                                loading=\"lazy\"\n                            >\n                        <\/div>\n                        <div class=\"ulux-card__body card-people\">\n                            <h3 class=\"card__name\">\n                                Sean BLEVINS                            <\/h3>\n                            <p class=\"card__function\">\n                                Software Developer                            <\/p>\n                            <p class=\"card__organization\">\n                                Interdisciplinary Centre for Security, Reliability and Trust                            <\/p>\n                            <a\n                                class=\"card__link link-text link-absolute\"\n                                href=\"https:\/\/www.uni.lu\/snt-en\/people\/sean-blevins\/\"\n                                title=\"Sean BLEVINS\"\n                            >\n                                <span class=\"link-text__name\">Learn more<\/span>\n                                <svg\n                                    aria-hidden=\"true\"\n                                    focusable=\"false\"\n                                    class=\"icon icon-outline icon--2xs\"\n                                >\n                                    <use xlink:href=\"https:\/\/www.uni.lu\/wp-content\/themes\/unilux-theme\/assets\/images\/icons\/icons-outline.svg#icon--arrow-right\" \/>\n                                <\/svg>\n                            <\/a>\n                        <\/div>\n                    <\/div>\n                <\/div>\n            <\/li>\n                    <li class=\"w-full sm:w-1\/2 lg:w-1\/3 px-16\">\n                <div class=\"ulux-card ulux-card-people bg-theme\">\n                    <div class=\"ulux-card__container\">\n                        <div class=\"ulux-card__visual\">\n                            <img\n                                class=\"w-full\"\n                                src=\"https:\/\/www.uni.lu\/en\/person-image\/NTAwMzk4NzlfX1NpbHZpYSBDQUxMRUdBUkk=--medium_large\"\n                                title=\"Silvia CALLEGARI\"\n                                alt=\"Silvia CALLEGARI featured image\"\n                                srcset=\"https:\/\/www.uni.lu\/en\/person-image\/NTAwMzk4NzlfX1NpbHZpYSBDQUxMRUdBUkk=--thumbnail 150w,https:\/\/www.uni.lu\/en\/person-image\/NTAwMzk4NzlfX1NpbHZpYSBDQUxMRUdBUkk=--medium 300w,https:\/\/www.uni.lu\/en\/person-image\/NTAwMzk4NzlfX1NpbHZpYSBDQUxMRUdBUkk=--medium_large 768w\"\n                                loading=\"lazy\"\n                            >\n                        <\/div>\n                        <div class=\"ulux-card__body card-people\">\n                            <h3 class=\"card__name\">\n                                Silvia CALLEGARI                            <\/h3>\n                            <p class=\"card__function\">\n                                Communication Officer                            <\/p>\n                            <p class=\"card__organization\">\n                                Interdisciplinary Centre for Security, Reliability and Trust                            <\/p>\n                            <a\n                                class=\"card__link link-text link-absolute\"\n                                href=\"https:\/\/www.uni.lu\/snt-en\/people\/silvia-callegari\/\"\n                                title=\"Silvia CALLEGARI\"\n                            >\n                                <span class=\"link-text__name\">Learn more<\/span>\n                                <svg\n                                    aria-hidden=\"true\"\n                                    focusable=\"false\"\n                                    class=\"icon icon-outline icon--2xs\"\n                                >\n                                    <use xlink:href=\"https:\/\/www.uni.lu\/wp-content\/themes\/unilux-theme\/assets\/images\/icons\/icons-outline.svg#icon--arrow-right\" \/>\n                                <\/svg>\n                            <\/a>\n                        <\/div>\n                    <\/div>\n                <\/div>\n            <\/li>\n                    <li class=\"w-full sm:w-1\/2 lg:w-1\/3 px-16\">\n                <div class=\"ulux-card ulux-card-people bg-theme\">\n                    <div class=\"ulux-card__container\">\n                        <div class=\"ulux-card__visual\">\n                            <img\n                                class=\"w-full\"\n                                src=\"https:\/\/www.uni.lu\/en\/person-image\/NTAwOTk1OTFfX1ZhbGVudGkgQ0FOQURFTEw=--medium_large\"\n                                title=\"Valenti CANADELL\"\n                                alt=\"Valenti CANADELL featured image\"\n                                srcset=\"https:\/\/www.uni.lu\/en\/person-image\/NTAwOTk1OTFfX1ZhbGVudGkgQ0FOQURFTEw=--thumbnail 150w,https:\/\/www.uni.lu\/en\/person-image\/NTAwOTk1OTFfX1ZhbGVudGkgQ0FOQURFTEw=--medium 300w,https:\/\/www.uni.lu\/en\/person-image\/NTAwOTk1OTFfX1ZhbGVudGkgQ0FOQURFTEw=--medium_large 768w\"\n                                loading=\"lazy\"\n                            >\n                        <\/div>\n                        <div class=\"ulux-card__body card-people\">\n                            <h3 class=\"card__name\">\n                                Valenti CANADELL                            <\/h3>\n                            <p class=\"card__function\">\n                                Software Developer                            <\/p>\n                            <p class=\"card__organization\">\n                                Interdisciplinary Centre for Security, Reliability and Trust                            <\/p>\n                            <a\n                                class=\"card__link link-text link-absolute\"\n                                href=\"https:\/\/www.uni.lu\/snt-en\/people\/valenti-canadell\/\"\n                                title=\"Valenti CANADELL\"\n                            >\n                                <span class=\"link-text__name\">Learn more<\/span>\n                                <svg\n                                    aria-hidden=\"true\"\n                                    focusable=\"false\"\n                                    class=\"icon icon-outline icon--2xs\"\n                                >\n                                    <use xlink:href=\"https:\/\/www.uni.lu\/wp-content\/themes\/unilux-theme\/assets\/images\/icons\/icons-outline.svg#icon--arrow-right\" \/>\n                                <\/svg>\n                            <\/a>\n                        <\/div>\n                    <\/div>\n                <\/div>\n            <\/li>\n            <\/ul>\n            <p class=\"text-center\">\n            <button class=\"btn btn--primary\">Load more<\/button>\n        <\/p>\n    <\/div>        <\/div>\n    <\/div>\n<\/div><\/div>\n<\/div><\/section>\n<\/div>","protected":false},"excerpt":{"rendered":"","protected":false},"author":39,"featured_media":0,"parent":0,"menu_order":8,"comment_status":"closed","ping_status":"closed","template":"","meta":{"featured_image_focal_point":[],"show_featured_caption":false,"ulux_newsletter_groups":"","uluxPostTitle":"Interdisciplinary Centre for Security, Reliability and Trust (SnT)","uluxPrePostTitle":"Interdisciplinary Centre","_trash_the_other_posts":false,"_price":"","_stock":"","_tribe_ticket_header":"","_tribe_default_ticket_provider":"","_tribe_ticket_capacity":"0","_ticket_start_date":"","_ticket_end_date":"","_tribe_ticket_show_description":"","_tribe_ticket_show_not_going":false,"_tribe_ticket_use_global_stock":"","_tribe_ticket_global_stock_level":"","_global_stock_mode":"","_global_stock_cap":"","_tribe_rsvp_for_event":"","_tribe_ticket_going_count":"","_tribe_ticket_not_going_count":"","_tribe_tickets_list":"[]","_tribe_ticket_has_attendee_info_fields":false,"footnotes":""},"field-of-interest":[],"organisation":[],"authorship":[39],"acf":[],"yoast_head":"<!-- This site is optimized with the Yoast SEO Premium plugin v22.3 (Yoast SEO v22.3) - https:\/\/yoast.com\/wordpress\/plugins\/seo\/ -->\n<title>People working at SnT - University of Luxembourg I Uni.lu<\/title>\n<meta name=\"description\" content=\"Our researchers collaborate with industry, government, and international partners, ensuring their projects are aligned with society\u2019s current challenges.\" \/>\n<meta name=\"robots\" content=\"index, follow, max-snippet:-1, max-image-preview:large, max-video-preview:-1\" \/>\n<link rel=\"canonical\" href=\"https:\/\/www.uni.lu\/snt-en\/people\/\" \/>\n<meta property=\"og:locale\" content=\"en_GB\" \/>\n<meta property=\"og:type\" content=\"article\" \/>\n<meta property=\"og:title\" content=\"People working at SnT\" \/>\n<meta property=\"og:description\" content=\"Our researchers collaborate with industry, government, and international partners, ensuring their projects are aligned with society\u2019s current challenges.\" \/>\n<meta property=\"og:url\" content=\"https:\/\/www.uni.lu\/snt-en\/people\/\" \/>\n<meta property=\"og:site_name\" content=\"SnT EN\" \/>\n<meta property=\"article:modified_time\" content=\"2026-03-17T13:14:02+00:00\" \/>\n<meta property=\"og:image\" content=\"https:\/\/www.uni.lu\/wp-content\/uploads\/sites\/5\/2026\/03\/03112604\/SNT_SM-Profile_1600x1600px-scaled.jpg\" \/>\n\t<meta property=\"og:image:width\" content=\"2560\" \/>\n\t<meta property=\"og:image:height\" content=\"2560\" \/>\n\t<meta property=\"og:image:type\" content=\"image\/jpeg\" \/>\n<meta name=\"twitter:card\" content=\"summary_large_image\" \/>\n<meta name=\"twitter:label1\" content=\"Estimated reading time\" \/>\n\t<meta name=\"twitter:data1\" content=\"1 minute\" \/>\n<script type=\"application\/ld+json\" class=\"yoast-schema-graph\">{\"@context\":\"https:\/\/schema.org\",\"@graph\":[{\"@type\":\"WebPage\",\"@id\":\"https:\/\/www.uni.lu\/snt-en\/people\/\",\"url\":\"https:\/\/www.uni.lu\/snt-en\/people\/\",\"name\":\"People working at SnT - University of Luxembourg I Uni.lu\",\"isPartOf\":{\"@id\":\"https:\/\/www.uni.lu\/snt-en\/#website\"},\"datePublished\":\"2023-06-19T13:42:32+00:00\",\"dateModified\":\"2026-03-17T13:14:02+00:00\",\"description\":\"Our researchers collaborate with industry, government, and international partners, ensuring their projects are aligned with society\u2019s current challenges.\",\"breadcrumb\":{\"@id\":\"https:\/\/www.uni.lu\/snt-en\/people\/#breadcrumb\"},\"inLanguage\":\"en-GB\",\"potentialAction\":[{\"@type\":\"ReadAction\",\"target\":[\"https:\/\/www.uni.lu\/snt-en\/people\/\"]}]},{\"@type\":\"BreadcrumbList\",\"@id\":\"https:\/\/www.uni.lu\/snt-en\/people\/#breadcrumb\",\"itemListElement\":[{\"@type\":\"ListItem\",\"position\":1,\"name\":\"Home\",\"item\":\"https:\/\/www.uni.lu\/en\"},{\"@type\":\"ListItem\",\"position\":2,\"name\":\"Interdisciplinary Centre for Security, Reliability and Trust (SnT)\",\"item\":\"https:\/\/www.uni.lu\/snt-en\/\"},{\"@type\":\"ListItem\",\"position\":3,\"name\":\"People working at SnT\"}]},{\"@type\":\"WebSite\",\"@id\":\"https:\/\/www.uni.lu\/snt-en\/#website\",\"url\":\"https:\/\/www.uni.lu\/snt-en\/\",\"name\":\"SnT\",\"description\":\"Interdisciplinary Centre for Security, Reliability and Trust I Uni.lu\",\"publisher\":{\"@id\":\"https:\/\/www.uni.lu\/snt-en\/#organization\"},\"alternateName\":\"Interdisciplinary Centre for Security, Reliability and Trust I University of Luxembourg\",\"potentialAction\":[{\"@type\":\"SearchAction\",\"target\":{\"@type\":\"EntryPoint\",\"urlTemplate\":\"https:\/\/www.uni.lu\/snt-en\/?s={search_term_string}\"},\"query-input\":\"required name=search_term_string\"}],\"inLanguage\":\"en-GB\"},{\"@type\":\"Organization\",\"@id\":\"https:\/\/www.uni.lu\/snt-en\/#organization\",\"name\":\"SnT - University of Luxembourg I Uni.lu\",\"alternateName\":\"Interdisciplinary Centre for Security, Reliability and Trust\",\"url\":\"https:\/\/www.uni.lu\/snt-en\/\",\"logo\":{\"@type\":\"ImageObject\",\"inLanguage\":\"en-GB\",\"@id\":\"https:\/\/www.uni.lu\/snt-en\/#\/schema\/logo\/image\/\",\"url\":\"https:\/\/www.uni.lu\/wp-content\/uploads\/sites\/5\/2026\/03\/03112604\/SNT_SM-Profile_1600x1600px-scaled.jpg\",\"contentUrl\":\"https:\/\/www.uni.lu\/wp-content\/uploads\/sites\/5\/2026\/03\/03112604\/SNT_SM-Profile_1600x1600px-scaled.jpg\",\"width\":2560,\"height\":2560,\"caption\":\"SnT - University of Luxembourg I Uni.lu\"},\"image\":\"https:\/\/www.uni.lu\/wp-content\/uploads\/sites\/5\/2026\/04\/24144329\/20200609-Belval-Campus_Henri-Goergen-23.jpg\",\"sameAs\":[\"https:\/\/www.linkedin.com\/school\/snt-lu\/\"],\"email\":\"communication@uni.lu\",\"telephone\":\"+3524666441\",\"address\":{\"@type\":\"PostalAddress\",\"streetAddress\":\"29 Av. John F. Kennedy\",\"addressLocality\":\"Kirchberg\",\"postalCode\":\"1855\",\"addressCountry\":\"LU\"},\"description\":\"Interdisciplinary Centre for Security, Reliability and Trust I Uni.lu\"}]}<\/script>\n<!-- \/ Yoast SEO Premium plugin. -->","yoast_head_json":{"title":"People working at SnT - University of Luxembourg I Uni.lu","description":"Our researchers collaborate with industry, government, and international partners, ensuring their projects are aligned with society\u2019s current challenges.","robots":{"index":"index","follow":"follow","max-snippet":"max-snippet:-1","max-image-preview":"max-image-preview:large","max-video-preview":"max-video-preview:-1"},"canonical":"https:\/\/www.uni.lu\/snt-en\/people\/","og_locale":"en_GB","og_type":"article","og_title":"People working at SnT","og_description":"Our researchers collaborate with industry, government, and international partners, ensuring their projects are aligned with society\u2019s current challenges.","og_url":"https:\/\/www.uni.lu\/snt-en\/people\/","og_site_name":"SnT EN","article_modified_time":"2026-03-17T13:14:02+00:00","og_image":[{"width":2560,"height":2560,"url":"https:\/\/www.uni.lu\/wp-content\/uploads\/sites\/5\/2026\/03\/03112604\/SNT_SM-Profile_1600x1600px-scaled.jpg","type":"image\/jpeg"}],"twitter_card":"summary_large_image","twitter_misc":{"Estimated reading time":"1 minute"},"schema":{"@context":"https:\/\/schema.org","@graph":[{"@type":"WebPage","@id":"https:\/\/www.uni.lu\/snt-en\/people\/","url":"https:\/\/www.uni.lu\/snt-en\/people\/","name":"People working at SnT - University of Luxembourg I Uni.lu","isPartOf":{"@id":"https:\/\/www.uni.lu\/snt-en\/#website"},"datePublished":"2023-06-19T13:42:32+00:00","dateModified":"2026-03-17T13:14:02+00:00","description":"Our researchers collaborate with industry, government, and international partners, ensuring their projects are aligned with society\u2019s current challenges.","breadcrumb":{"@id":"https:\/\/www.uni.lu\/snt-en\/people\/#breadcrumb"},"inLanguage":"en-GB","potentialAction":[{"@type":"ReadAction","target":["https:\/\/www.uni.lu\/snt-en\/people\/"]}]},{"@type":"BreadcrumbList","@id":"https:\/\/www.uni.lu\/snt-en\/people\/#breadcrumb","itemListElement":[{"@type":"ListItem","position":1,"name":"Home","item":"https:\/\/www.uni.lu\/en"},{"@type":"ListItem","position":2,"name":"Interdisciplinary Centre for Security, Reliability and Trust (SnT)","item":"https:\/\/www.uni.lu\/snt-en\/"},{"@type":"ListItem","position":3,"name":"People working at SnT"}]},{"@type":"WebSite","@id":"https:\/\/www.uni.lu\/snt-en\/#website","url":"https:\/\/www.uni.lu\/snt-en\/","name":"SnT","description":"Interdisciplinary Centre for Security, Reliability and Trust I Uni.lu","publisher":{"@id":"https:\/\/www.uni.lu\/snt-en\/#organization"},"alternateName":"Interdisciplinary Centre for Security, Reliability and Trust I University of Luxembourg","potentialAction":[{"@type":"SearchAction","target":{"@type":"EntryPoint","urlTemplate":"https:\/\/www.uni.lu\/snt-en\/?s={search_term_string}"},"query-input":"required name=search_term_string"}],"inLanguage":"en-GB"},{"@type":"Organization","@id":"https:\/\/www.uni.lu\/snt-en\/#organization","name":"SnT - University of Luxembourg I Uni.lu","alternateName":"Interdisciplinary Centre for Security, Reliability and Trust","url":"https:\/\/www.uni.lu\/snt-en\/","logo":{"@type":"ImageObject","inLanguage":"en-GB","@id":"https:\/\/www.uni.lu\/snt-en\/#\/schema\/logo\/image\/","url":"https:\/\/www.uni.lu\/wp-content\/uploads\/sites\/5\/2026\/03\/03112604\/SNT_SM-Profile_1600x1600px-scaled.jpg","contentUrl":"https:\/\/www.uni.lu\/wp-content\/uploads\/sites\/5\/2026\/03\/03112604\/SNT_SM-Profile_1600x1600px-scaled.jpg","width":2560,"height":2560,"caption":"SnT - University of Luxembourg I Uni.lu"},"image":"https:\/\/www.uni.lu\/wp-content\/uploads\/sites\/5\/2026\/04\/24144329\/20200609-Belval-Campus_Henri-Goergen-23.jpg","sameAs":["https:\/\/www.linkedin.com\/school\/snt-lu\/"],"email":"communication@uni.lu","telephone":"+3524666441","address":{"@type":"PostalAddress","streetAddress":"29 Av. John F. Kennedy","addressLocality":"Kirchberg","postalCode":"1855","addressCountry":"LU"},"description":"Interdisciplinary Centre for Security, Reliability and Trust I Uni.lu"}]}},"ticketed":false,"_links":{"self":[{"href":"https:\/\/www.uni.lu\/snt-en\/wp-json\/wp\/v2\/pages\/293"}],"collection":[{"href":"https:\/\/www.uni.lu\/snt-en\/wp-json\/wp\/v2\/pages"}],"about":[{"href":"https:\/\/www.uni.lu\/snt-en\/wp-json\/wp\/v2\/types\/page"}],"author":[{"embeddable":true,"href":"https:\/\/www.uni.lu\/snt-en\/wp-json\/wp\/v2\/users\/39"}],"replies":[{"embeddable":true,"href":"https:\/\/www.uni.lu\/snt-en\/wp-json\/wp\/v2\/comments?post=293"}],"version-history":[{"count":5,"href":"https:\/\/www.uni.lu\/snt-en\/wp-json\/wp\/v2\/pages\/293\/revisions"}],"predecessor-version":[{"id":21313,"href":"https:\/\/www.uni.lu\/snt-en\/wp-json\/wp\/v2\/pages\/293\/revisions\/21313"}],"wp:authorship":[{"embeddable":true,"href":"https:\/\/www.uni.lu\/snt-en\/wp-json\/wp\/v2\/users\/39"}],"wp:attachment":[{"href":"https:\/\/www.uni.lu\/snt-en\/wp-json\/wp\/v2\/media?parent=293"}],"wp:term":[{"taxonomy":"field-of-interest","embeddable":true,"href":"https:\/\/www.uni.lu\/snt-en\/wp-json\/wp\/v2\/field-of-interest?post=293"},{"taxonomy":"organisation","embeddable":true,"href":"https:\/\/www.uni.lu\/snt-en\/wp-json\/wp\/v2\/organisation?post=293"}],"curies":[{"name":"wp","href":"https:\/\/api.w.org\/{rel}","templated":true}]}}