{"id":15258,"date":"2025-10-22T11:03:14","date_gmt":"2025-10-22T09:03:14","guid":{"rendered":"https:\/\/www.uni.lu\/research-en\/?post_type=events&#038;p=15258"},"modified":"2025-11-10T09:47:32","modified_gmt":"2025-11-10T08:47:32","slug":"the-eus-green-and-digital-transition-multi-level-enforcement-and-the-interaction-of-legal-orders","status":"publish","type":"events","link":"https:\/\/www.uni.lu\/research-en\/events\/the-eus-green-and-digital-transition-multi-level-enforcement-and-the-interaction-of-legal-orders\/","title":{"rendered":"The EU\u2019s Green and Digital Transition, Multi-level Enforcement and the Interaction of Legal Orders"},"content":{"rendered":"\n<section class=\"wp-block-unilux-blocks-free-section section\"><div class=\"container xl:max-w-screen-xl\">\n<ul class=\"wp-block-unilux-blocks-custom-buttons btn-list\"><li class=\"wp-block-unilux-blocks-custom-button\"    aria-disabled=\"false\"\n    >\n    <a\n        role=\"link\"\n        aria-disabled=\"false\"\n                    href=\"https:\/\/www.eventbrite.fr\/e\/the-eus-green-and-digital-transition-and-multi-level-enforcement-tickets-1822875502699?aff=oddtdtcreator&#038;utm_campaign=post_publish&#038;amp=&#038;utm_medium=email&#038;utm_source=eventbrite&#038;utm_content=shortLinkNewEmail&#038;amp%3Butm_campaign=post_publish&#038;amp%3Butm_medium=email&#038;amp%3Butm_source=eventbrite&#038;amp%3Butm_content=shortLinkNewEmail\"\n                target=\"_blank\"\n        class=\"btn btn--primary\"\n            >Register<\/a>\n<\/li>\n\n\n<li class=\"wp-block-unilux-blocks-custom-button\"    aria-disabled=\"false\"\n    >\n    <a\n        role=\"link\"\n        aria-disabled=\"false\"\n                    href=\"https:\/\/www.uni.lu\/research-en\/events\/the-eus-green-and-digital-transition-multi-level-enforcement-and-the-interaction-of-legal-orders\/calendar\"\n                target=\"_self\"\n        class=\"btn btn--secondary\"\n            >Add to calendar<\/a>\n<\/li>\n<\/ul>\n\n\n<div class=\"wp-block-unilux-blocks-spacer is-spacer-size-sm\"><\/div>\n\n\n<h4 class=\"has-text-align-left wp-block-unilux-blocks-heading\"        id=\"the-doctoral-school-of-law-of-the-faculty-of-law-economics-and-finance-is-pleased-to-invite-you-to-this-conference\"\n    >\nThe Doctoral School of Law of the Faculty of Law, Economics and Finance is pleased to invite you to this conference.<\/h4>\n\n\n\n<h4 class=\"has-text-align-left wp-block-unilux-blocks-heading\"        id=\"abstract\"\n    >\nAbstract<\/h4>\n\n\n\n<p>The Doctoral School of Law of the University of Luxembourg has so far been awarded four Doctoral Training Units (DTUs) funded by the FNR \u2013 Luxembourg National Research Fund\u2019s PRIDE Programme. This conference brings together two of them. The <strong>DTU-REMS II<\/strong>&nbsp;hosted 16 doctoral projects addressing the challenges of enforcement in the interactions between international, European, and domestic levels within multi-level regulatory systems, which included several projects on digital systems. The <strong>DTU-GREITMA<\/strong>&nbsp;is currently hosting 13 doctoral projects that examine various aspects of the twin green and digital transitions, their impact on the Single Market \u2013 including its external dimension \u2013 and the enforcement of EU rules at national level. By bringing together the graduates of DTU-REMS II and the PhD candidates of DTU-GREITMA, this conference offers an opportunity to address topical and cross-cutting questions of EU law in an evolving and challenging regulatory environment.<\/p>\n\n\n\n<p>The conference will open with contributions from <strong>Anne Calteux<\/strong>, Representative of the European Commission in Luxembourg; <strong>Peteris Zilgalvis<\/strong>, Judge at the General Court of the EU; and <strong>Elaine Fahey<\/strong>, Professor at City St George\u2019s, University of London, followed by the keynote speech of <strong>Professor Inge Govaere<\/strong>&nbsp;(Ghent University and College of Europe).The second day will focus on presentations by young researchers, discussed by scholars and PhD candidates, and will feature a speech by <strong>Judge Condinanzi<\/strong>&nbsp;(CJEU).<\/p>\n\n\n<div class=\"wp-block-unilux-blocks-spacer is-spacer-size-sm\"><\/div>\n\n\n<h5 class=\"has-text-align-left wp-block-unilux-blocks-heading\"        id=\"language\"\n    >\nLanguage<\/h5>\n\n\n\n<p>English.<\/p>\n\n\n\n<p>This is a free event. Registration is mandatory.<\/p>\n\n\n<div class=\"wp-block-unilux-blocks-spacer is-spacer-size-sm\"><\/div>\n\n\n<h5 class=\"has-text-align-left wp-block-unilux-blocks-heading\"        id=\"programme\"\n    >\nProgramme<\/h5>\n\n\n\n<h6 class=\"has-text-align-left wp-block-unilux-blocks-heading\"        id=\"thursday-13-november-2025\"\n    >\nThursday, 13 November 2025<\/h6>\n\n\n\n<ul class=\"wp-block-unilux-blocks-highlighted-list list-highlighted list-highlighted--architectural\"><li class=\"list-highlighted__item  wp-block-unilux-blocks-highlighted-list-item\">\n    <header class=\"list-highlighted__header wp-block-unilux-blocks-highlighted-list-item-header\">\n    \n<h4 class=\"title text-18 font-bold has-text-align-left wp-block-unilux-blocks-heading\"        id=\"12-30-13-30\"\n    >\n12.30 &#8211; 13.30<\/h4>\n<div class=\"wp-block-unilux-blocks-bigtext\">\n    <span>\n        \n    <\/span>\n<\/div><\/header><div class=\"list-highlighted__body wp-block-unilux-blocks-highlighted-list-item-body\">\n    <div class=\"wp-block-unilux-blocks-highlighted-list-item-free-content-area\">\n    \n<p><strong>Buffet Lunch<\/strong><\/p>\n<\/div><\/div><\/li>\n\n<li class=\"list-highlighted__item  wp-block-unilux-blocks-highlighted-list-item\">\n    <header class=\"list-highlighted__header wp-block-unilux-blocks-highlighted-list-item-header\">\n    \n<h4 class=\"title text-18 font-bold has-text-align-left wp-block-unilux-blocks-heading\"        id=\"13-30-15-00\"\n    >\n13.30 &#8211; 15.00<\/h4>\n<div class=\"wp-block-unilux-blocks-bigtext\">\n    <span>\n        \n    <\/span>\n<\/div><\/header><div class=\"list-highlighted__body wp-block-unilux-blocks-highlighted-list-item-body\">\n    <div class=\"wp-block-unilux-blocks-highlighted-list-item-free-content-area\">\n    \n<p><strong>Opening <\/strong><\/p>\n\n<ul class=\"ulux-list\">\n<li class=\"ulux-list-item\"><a href=\"https:\/\/www.uni.lu\/fdef-en\/people\/katalin-ligeti\/\">Katalin Ligeti<\/a>, Dean of the Faculty of Law, Economics and Finance, University of Luxembourg<\/li>\n\n\n\n<li class=\"ulux-list-item\"><a href=\"https:\/\/www.uni.lu\/lcel-en\/people\/joana-mendes\/\">Joana Mendes<\/a>, Professor, University of Luxembourg<\/li>\n\n\n\n<li class=\"ulux-list-item\"><a href=\"https:\/\/www.uni.lu\/fdef-en\/people\/eleftheria-neframi\/\">Eleftheria Neframi<\/a>, Professor, University of Luxembourg<\/li>\n\n\n\n<li class=\"ulux-list-item\">Asa\u00ebl Rouby, Programme Manager, Luxembourg National Research Fund (FNR)<\/li>\n\n\n\n<li class=\"ulux-list-item\">Luca Visaggio, Director, Legal Service of the European Parliament<\/li>\n\n\n\n<li class=\"ulux-list-item\">Nicolas Voulgaris, Professor, European Public Law Organisation (EPLO)<\/li>\n<\/ul>\n<div class=\"wp-block-unilux-blocks-spacer is-spacer-size-sm\"><\/div>\n<p><strong>Introductory remarks<\/strong><br>Chair: <a href=\"https:\/\/www.uni.lu\/fdef-en\/people\/mark-cole\/\">Mark Cole<\/a>, Professor, University of Luxembourg <\/p>\n<div class=\"wp-block-unilux-blocks-spacer is-spacer-size-sm\"><\/div>\n<p><strong>Green and Digital Transitions from the European Commission\u2019s Perspective: <em>Quo Vadis?<\/em><\/strong> <\/p>\n\n<p>Anne Calteux, Head of the European Commission Representation in Luxembourg<\/p>\n<div class=\"wp-block-unilux-blocks-spacer is-spacer-size-sm\"><\/div>\n<p><strong>Green and Digital Transitions from the CJEU\u2019s perspective<\/strong> <\/p>\n\n<p>Peteris Zilgalvis, Judge, General Court of the European Union<\/p>\n<div class=\"wp-block-unilux-blocks-spacer is-spacer-size-sm\"><\/div>\n<p><strong>The External Dimension of the EU\u2019s Digital Transformation: on Harms, Vulnerabilities and Externalities<\/strong> <\/p>\n\n<p>Elaine Fahey, Professor, City St George\u2019s, University of London<\/p>\n<\/div><\/div><\/li>\n\n<li class=\"list-highlighted__item  wp-block-unilux-blocks-highlighted-list-item\">\n    <header class=\"list-highlighted__header wp-block-unilux-blocks-highlighted-list-item-header\">\n    \n<h4 class=\"title text-18 font-bold has-text-align-left wp-block-unilux-blocks-heading\"        id=\"15-00-15-30\"\n    >\n15.00 &#8211; 15.30<\/h4>\n<div class=\"wp-block-unilux-blocks-bigtext\">\n    <span>\n        \n    <\/span>\n<\/div><\/header><div class=\"list-highlighted__body wp-block-unilux-blocks-highlighted-list-item-body\">\n    <div class=\"wp-block-unilux-blocks-highlighted-list-item-free-content-area\">\n    \n<p><strong>Coffee break<\/strong><\/p>\n<\/div><\/div><\/li>\n\n<li class=\"list-highlighted__item  wp-block-unilux-blocks-highlighted-list-item\">\n    <header class=\"list-highlighted__header wp-block-unilux-blocks-highlighted-list-item-header\">\n    \n<h4 class=\"title text-18 font-bold has-text-align-left wp-block-unilux-blocks-heading\"        id=\"15-30-16-30\"\n    >\n15.30 &#8211; 16.30<\/h4>\n<div class=\"wp-block-unilux-blocks-bigtext\">\n    <span>\n        \n    <\/span>\n<\/div><\/header><div class=\"list-highlighted__body wp-block-unilux-blocks-highlighted-list-item-body\">\n    <div class=\"wp-block-unilux-blocks-highlighted-list-item-free-content-area\">\n    \n<p><strong>Presentation of the PRIDE project \u201cGreen and Digital Transition in the Single Market\u201d (DTU-GREITMA) <\/strong><\/p>\n\n<p>Chair : Eleftheria Neframi, Professor, University of Luxembourg <\/p>\n\n<p>Presentations by the Doctoral candidates<\/p>\n<\/div><\/div><\/li>\n\n<li class=\"list-highlighted__item  wp-block-unilux-blocks-highlighted-list-item\">\n    <header class=\"list-highlighted__header wp-block-unilux-blocks-highlighted-list-item-header\">\n    \n<h4 class=\"title text-18 font-bold has-text-align-left wp-block-unilux-blocks-heading\"        id=\"16-30-17-45\"\n    >\n16.30 &#8211; 17.45<\/h4>\n<div class=\"wp-block-unilux-blocks-bigtext\">\n    <span>\n        \n    <\/span>\n<\/div><\/header><div class=\"list-highlighted__body wp-block-unilux-blocks-highlighted-list-item-body\">\n    <div class=\"wp-block-unilux-blocks-highlighted-list-item-free-content-area\">\n    \n<p><strong>Presentation of the PRIDE project \u201cEnforcement in Multi-level Regulatory Systems II\u201d (DTU-REMS II) <\/strong><\/p>\n\n<p>Chair: Joana Mendes, Professor, University of Luxembourg<\/p>\n\n<p>Presentations by the Doctoral graduates<\/p>\n<\/div><\/div><\/li>\n\n<li class=\"list-highlighted__item  wp-block-unilux-blocks-highlighted-list-item\">\n    <header class=\"list-highlighted__header wp-block-unilux-blocks-highlighted-list-item-header\">\n    \n<h4 class=\"title text-18 font-bold has-text-align-left wp-block-unilux-blocks-heading\"        id=\"17-45-18-00\"\n    >\n17.45 &#8211; 18.00<\/h4>\n<div class=\"wp-block-unilux-blocks-bigtext\">\n    <span>\n        \n    <\/span>\n<\/div><\/header><div class=\"list-highlighted__body wp-block-unilux-blocks-highlighted-list-item-body\">\n    <div class=\"wp-block-unilux-blocks-highlighted-list-item-free-content-area\">\n    \n<p><strong>Break<\/strong><\/p>\n<\/div><\/div><\/li>\n\n<li class=\"list-highlighted__item  wp-block-unilux-blocks-highlighted-list-item\">\n    <header class=\"list-highlighted__header wp-block-unilux-blocks-highlighted-list-item-header\">\n    \n<h4 class=\"title text-18 font-bold has-text-align-left wp-block-unilux-blocks-heading\"        id=\"18-00-19-00\"\n    >\n18.00 &#8211; 19.00<\/h4>\n<div class=\"wp-block-unilux-blocks-bigtext\">\n    <span>\n        \n    <\/span>\n<\/div><\/header><div class=\"list-highlighted__body wp-block-unilux-blocks-highlighted-list-item-body\">\n    <div class=\"wp-block-unilux-blocks-highlighted-list-item-free-content-area\">\n    \n<p><strong>Keynote speech<\/strong><\/p>\n\n<p>Prof. Inge Govaere, Ghent University and Director of the European Legal Studies Department, College of Europe, Bruges<\/p>\n\n<ul class=\"wp-block-unilux-blocks-custom-buttons btn-list\"><li class=\"wp-block-unilux-blocks-custom-button\"    aria-disabled=\"false\"\n    >\n    <a\n        role=\"link\"\n        aria-disabled=\"false\"\n                    href=\"https:\/\/www.eventbrite.fr\/e\/internal-market-regulatory-challenges-post-lisbon-tickets-1954321962599?aff=oddtdtcreator\"\n                target=\"_blank\"\n        class=\"btn btn--primary\"\n            >Register for this keynote speech<\/a>\n<\/li>\n<\/ul>\n<\/div><\/div><\/li>\n\n<li class=\"list-highlighted__item  wp-block-unilux-blocks-highlighted-list-item\">\n    <header class=\"list-highlighted__header wp-block-unilux-blocks-highlighted-list-item-header\">\n    \n<h4 class=\"title text-18 font-bold has-text-align-left wp-block-unilux-blocks-heading\"        id=\"19-00\"\n    >\n19.00<\/h4>\n<div class=\"wp-block-unilux-blocks-bigtext\">\n    <span>\n        \n    <\/span>\n<\/div><\/header><div class=\"list-highlighted__body wp-block-unilux-blocks-highlighted-list-item-body\">\n    <div class=\"wp-block-unilux-blocks-highlighted-list-item-free-content-area\">\n    \n<p><strong>Cocktail<\/strong><\/p>\n<\/div><\/div><\/li><\/ul>\n\n\n<div class=\"wp-block-unilux-blocks-spacer is-spacer-size-sm\"><\/div>\n\n\n<h6 class=\"has-text-align-left wp-block-unilux-blocks-heading\"        id=\"friday-14-november-2025\"\n    >\nFriday, 14 November 2025<\/h6>\n\n\n\n<ul class=\"wp-block-unilux-blocks-highlighted-list list-highlighted list-highlighted--architectural\"><li class=\"list-highlighted__item  wp-block-unilux-blocks-highlighted-list-item\">\n    <header class=\"list-highlighted__header wp-block-unilux-blocks-highlighted-list-item-header\">\n    \n<h4 class=\"title text-18 font-bold has-text-align-left wp-block-unilux-blocks-heading\"    >\n<\/h4>\n<div class=\"wp-block-unilux-blocks-bigtext\">\n    <span>\n        \n    <\/span>\n<\/div><\/header><div class=\"list-highlighted__body wp-block-unilux-blocks-highlighted-list-item-body\">\n    <div class=\"wp-block-unilux-blocks-highlighted-list-item-free-content-area\">\n    \n<p><strong>Opening: <a href=\"https:\/\/www.uni.lu\/fdef-en\/people\/stanislaw-tosza\/\">Stanislaw Tosza<\/a>, Professor, University of Luxembourg<\/strong><\/p>\n<\/div><\/div><\/li>\n\n<li class=\"list-highlighted__item  wp-block-unilux-blocks-highlighted-list-item\">\n    <header class=\"list-highlighted__header wp-block-unilux-blocks-highlighted-list-item-header\">\n    \n<h4 class=\"title text-18 font-bold has-text-align-left wp-block-unilux-blocks-heading\"        id=\"8-45-10-45\"\n    >\n8.45 &#8211; 10.45<\/h4>\n<div class=\"wp-block-unilux-blocks-bigtext\">\n    <span>\n        \n    <\/span>\n<\/div><\/header><div class=\"list-highlighted__body wp-block-unilux-blocks-highlighted-list-item-body\">\n    <div class=\"wp-block-unilux-blocks-highlighted-list-item-free-content-area\">\n    \n<p><strong>Panel discussion I: Multi-level Enforcement in the Digital Era<\/strong> <\/p>\n\n<p>Chair: <a href=\"https:\/\/www.uni.lu\/fdef-en\/people\/martin-stierle\/\">Martin Stierle<\/a>, Professor, University of Luxembourg<\/p>\n<div class=\"wp-block-unilux-blocks-spacer is-spacer-size-sm\"><\/div>\n<p><strong>Multi-Level Enforcement under the AI Act<\/strong><\/p>\n\n<p>Angelica Fernandez, Legal Advisor, Commission nationale pour la protection des donn\u00e9es (CNPD)<\/p>\n<div class=\"wp-block-unilux-blocks-spacer is-spacer-size-sm\"><\/div>\n<p><strong>Codes of Conduct within the Multi-Level Regulatory Framework of the Digital Sphere <\/strong><\/p>\n\n<p>Pavl\u00edna Hubkov\u00e1, Research Fellow, University of Exeter<\/p>\n<div class=\"wp-block-unilux-blocks-spacer is-spacer-size-sm\"><\/div>\n<p><strong>Empowering Individuals in the Digital Age: The Promise of the Right to Complain to Supervisory Authorities<\/strong><\/p>\n\n<p>Lisette Mustert, Professor, Utrecht University <\/p>\n<div class=\"wp-block-unilux-blocks-spacer is-spacer-size-sm\"><\/div>\n<p><em>Discussants:<\/em><\/p>\n\n<ul class=\"ulux-list\">\n<li class=\"ulux-list-item\"><em>Orla Lynskey, Professor, University College London<\/em><\/li>\n\n\n\n<li class=\"ulux-list-item\"><em>Giovanni de Gregorio, Professor, Cat\u00f3lica Lisbon School of Law<\/em><\/li>\n\n\n\n<li class=\"ulux-list-item\"><em>Aleksandra Kuczerawy, Professor, KU Leuven<\/em><\/li>\n<\/ul>\n\n<p><em>GREITMA Doctoral candidates:<\/em><\/p>\n\n<ul class=\"ulux-list\">\n<li class=\"ulux-list-item\"><em><a href=\"https:\/\/www.uni.lu\/fdef-en\/people\/eirini-botza\/\">Eirini Botza<\/a><\/em><\/li>\n\n\n\n<li class=\"ulux-list-item\"><em><a href=\"https:\/\/www.uni.lu\/fdef-en\/people\/maeva-marie-scassellati\/\">Ma\u00e9va Scassellati<\/a><\/em><\/li>\n\n\n\n<li class=\"ulux-list-item\"><em><a href=\"https:\/\/www.uni.lu\/fdef-en\/people\/sophia-marie-schick\/\">Sophia Schick<\/a><\/em><\/li>\n<\/ul>\n<\/div><\/div><\/li>\n\n<li class=\"list-highlighted__item  wp-block-unilux-blocks-highlighted-list-item\">\n    <header class=\"list-highlighted__header wp-block-unilux-blocks-highlighted-list-item-header\">\n    \n<h4 class=\"title text-18 font-bold has-text-align-left wp-block-unilux-blocks-heading\"        id=\"10-45-11-15\"\n    >\n10.45 &#8211; 11.15<\/h4>\n<div class=\"wp-block-unilux-blocks-bigtext\">\n    <span>\n        \n    <\/span>\n<\/div><\/header><div class=\"list-highlighted__body wp-block-unilux-blocks-highlighted-list-item-body\">\n    <div class=\"wp-block-unilux-blocks-highlighted-list-item-free-content-area\">\n    \n<p><strong>Break<\/strong><\/p>\n<\/div><\/div><\/li>\n\n<li class=\"list-highlighted__item  wp-block-unilux-blocks-highlighted-list-item\">\n    <header class=\"list-highlighted__header wp-block-unilux-blocks-highlighted-list-item-header\">\n    \n<h4 class=\"title text-18 font-bold has-text-align-left wp-block-unilux-blocks-heading\"        id=\"11-15-12-30\"\n    >\n11.15 &#8211; 12.30<\/h4>\n<div class=\"wp-block-unilux-blocks-bigtext\">\n    <span>\n        \n    <\/span>\n<\/div><\/header><div class=\"list-highlighted__body wp-block-unilux-blocks-highlighted-list-item-body\">\n    <div class=\"wp-block-unilux-blocks-highlighted-list-item-free-content-area\">\n    \n<p><strong>Panel discussion II: Sustainability as a Value and an Objective of the EU <\/strong><\/p>\n\n<p>Chair: <a href=\"https:\/\/www.uni.lu\/fdef-en\/people\/luca-ratti\/\">Luca Ratti<\/a>, Professor, University of Luxembourg<\/p>\n<div class=\"wp-block-unilux-blocks-spacer is-spacer-size-sm\"><\/div>\n<p><strong>Circular Rhetoric, Linear Governance: Sustainability and the Limits of Transformation in EU Circular Economy Law<\/strong><\/p>\n\n<p>Leonie Reins, Professor, Erasmus University Rotterdam<\/p>\n<div class=\"wp-block-unilux-blocks-spacer is-spacer-size-sm\"><\/div>\n<p><strong>Sustainability as an Integral Part of the EU\u2019s International Trade and Investment Policy: Opportunities and Challenges<\/strong><\/p>\n\n<p><a href=\"https:\/\/www.uni.lu\/fdef-en\/people\/leo-gargne\/\">L\u00e9o Gargne<\/a>, Postdoctoral researcher, University of Luxembourg<\/p>\n<div class=\"wp-block-unilux-blocks-spacer is-spacer-size-sm\"><\/div>\n<p><strong>Unravelling the Nature of \u2018Do No Significant Harm\u2019: an Emerging Principle of EU Environmental Law or a Transformative Tool for the Green Economy?<\/strong><\/p>\n\n<p><a href=\"https:\/\/www.uni.lu\/lcel-en\/people\/erriketi-tla-da-silva\/\">Erriketi Tla Da Silva<\/a>, Research and Development Specialist, University of Luxembourg<\/p>\n<div class=\"wp-block-unilux-blocks-spacer is-spacer-size-sm\"><\/div>\n<p><em>Discussants: <\/em><\/p>\n\n<ul class=\"ulux-list\">\n<li class=\"ulux-list-item\"><em>Nikolas Voulgaris, Professor, EPLO <\/em><\/li>\n<\/ul>\n\n<p><em>GREITMA Doctoral candidates:<\/em><\/p>\n\n<ul class=\"ulux-list\">\n<li class=\"ulux-list-item\"><em><a href=\"https:\/\/www.uni.lu\/fdef-en\/people\/margherita-lucia-branca\/\">Margherita Branca<\/a><\/em><\/li>\n\n\n\n<li class=\"ulux-list-item\"><em><a href=\"https:\/\/www.uni.lu\/fdef-en\/people\/flora-annie-ljuba-jung\/\">Flora Jung<\/a><\/em><\/li>\n\n\n\n<li class=\"ulux-list-item\"><em><a href=\"https:\/\/www.uni.lu\/fhse-en\/people\/erik-paessler\/\">Erik Paessler<\/a><\/em><\/li>\n<\/ul>\n<\/div><\/div><\/li>\n\n<li class=\"list-highlighted__item  wp-block-unilux-blocks-highlighted-list-item\">\n    <header class=\"list-highlighted__header wp-block-unilux-blocks-highlighted-list-item-header\">\n    \n<h4 class=\"title text-18 font-bold has-text-align-left wp-block-unilux-blocks-heading\"        id=\"12-30-13-00\"\n    >\n12.30 &#8211; 13.00<\/h4>\n<div class=\"wp-block-unilux-blocks-bigtext\">\n    <span>\n        \n    <\/span>\n<\/div><\/header><div class=\"list-highlighted__body wp-block-unilux-blocks-highlighted-list-item-body\">\n    <div class=\"wp-block-unilux-blocks-highlighted-list-item-free-content-area\">\n    \n<p><strong>Remarks<\/strong><\/p>\n\n<p><a href=\"https:\/\/www.uni.lu\/fdef-en\/people\/jorg-gerkrath\/\">J\u00f6rg Gerkrath<\/a>, Professor, University of Luxembourg<\/p>\n<\/div><\/div><\/li>\n\n<li class=\"list-highlighted__item  wp-block-unilux-blocks-highlighted-list-item\">\n    <header class=\"list-highlighted__header wp-block-unilux-blocks-highlighted-list-item-header\">\n    \n<h4 class=\"title text-18 font-bold has-text-align-left wp-block-unilux-blocks-heading\"        id=\"14-30-16-30\"\n    >\n14.30 &#8211; 16.30<\/h4>\n<div class=\"wp-block-unilux-blocks-bigtext\">\n    <span>\n        \n    <\/span>\n<\/div><\/header><div class=\"list-highlighted__body wp-block-unilux-blocks-highlighted-list-item-body\">\n    <div class=\"wp-block-unilux-blocks-highlighted-list-item-free-content-area\">\n    \n<p><strong>Panel discussion III: Rights, Values and Remedies in Multi-Level Enforcement <\/strong><\/p>\n\n<p>Chair : <a href=\"https:\/\/www.uni.lu\/fdef-en\/people\/silvia-allegrezza\/\">Silvia Allegrezza<\/a>, Professor, University of Luxembourg<\/p>\n<div class=\"wp-block-unilux-blocks-spacer is-spacer-size-sm\"><\/div>\n<p><strong>Judicial remedies in AFSJ agencies: trends in integrated and hybrid administration<\/strong><\/p>\n\n<p>Silvia Rizzuto Ferruzza, Postdoctoral researcher, University of Bologna <\/p>\n<div class=\"wp-block-unilux-blocks-spacer is-spacer-size-sm\"><\/div>\n<p><strong>The Court\u2019s Consistency Review in Fundamental Rights Protection<\/strong><\/p>\n\n<p><a href=\"https:\/\/www.uni.lu\/fdef-en\/people\/alexandros-politis\/\">Alexandros Politis<\/a>, Postdoctoral researcher, University of Luxembourg <\/p>\n<div class=\"wp-block-unilux-blocks-spacer is-spacer-size-sm\"><\/div>\n<p><strong>Participatory Enforcement in Combating Sanctions Evasion<\/strong><\/p>\n\n<p>Francesca Finelli, University of Luxembourg &amp; University of Pisa <\/p>\n<div class=\"wp-block-unilux-blocks-spacer is-spacer-size-sm\"><\/div>\n<p><strong>Multi-Level Enforcement of Tax Crimes<\/strong><\/p>\n\n<p>Marcin Biskupski, Doctoral researcher, University of Luxembourg <\/p>\n<div class=\"wp-block-unilux-blocks-spacer is-spacer-size-sm\"><\/div>\n<p><em>Discussants: <\/em><\/p>\n\n<ul class=\"ulux-list\">\n<li class=\"ulux-list-item\"><em>Panayotis Voyatzis, Legal secretary, CJEU<\/em><\/li>\n\n\n\n<li class=\"ulux-list-item\"><em>Panagiotis Zinonos, R\u00e9f\u00e9rendaire de justice, Cour sup\u00e9rieure de justice, Luxembourg<\/em><\/li>\n<\/ul>\n\n<p><em>GREITMA Doctoral candidates: <\/em><\/p>\n\n<ul class=\"ulux-list\">\n<li class=\"ulux-list-item\"><em><a href=\"https:\/\/www.uni.lu\/fdef-en\/people\/nicole-visco-comandini\/\">Nicole Visco Comandini<\/a><\/em><\/li>\n\n\n\n<li class=\"ulux-list-item\"><em><a href=\"https:\/\/www.uni.lu\/fdef-en\/people\/vitoria-fernandes-antunes-dias\/\">Vitoria Dias<\/a><\/em><\/li>\n\n\n\n<li class=\"ulux-list-item\"><em><a href=\"https:\/\/www.uni.lu\/fdef-en\/people\/sotiris-gerasimos-zakynthinos\/\">Sotiris Zakynthinos<\/a><\/em><\/li>\n<\/ul>\n<\/div><\/div><\/li>\n\n<li class=\"list-highlighted__item  wp-block-unilux-blocks-highlighted-list-item\">\n    <header class=\"list-highlighted__header wp-block-unilux-blocks-highlighted-list-item-header\">\n    \n<h4 class=\"title text-18 font-bold has-text-align-left wp-block-unilux-blocks-heading\"        id=\"16-30\"\n    >\n16.30<\/h4>\n<div class=\"wp-block-unilux-blocks-bigtext\">\n    <span>\n        \n    <\/span>\n<\/div><\/header><div class=\"list-highlighted__body wp-block-unilux-blocks-highlighted-list-item-body\">\n    <div class=\"wp-block-unilux-blocks-highlighted-list-item-free-content-area\">\n    \n<p><strong>Closing <\/strong><\/p>\n\n<p><a href=\"https:\/\/www.uni.lu\/fdef-en\/people\/aikaterini-pantazatou\/\">Aikaterini Pantazatou<\/a>, Professor, University of Luxembourg<\/p>\n<\/div><\/div><\/li><\/ul>\n\n\n<div class=\"wp-block-unilux-blocks-spacer is-spacer-size-sm\"><\/div>\n\n\n<h5 class=\"has-text-align-left wp-block-unilux-blocks-heading\"        id=\"in-partnership-with\"\n    >\nIn partnership with<\/h5>\n\n\n\n<div class=\"wp-block-columns is-layout-flex wp-block-columns-is-layout-flex\">\n<div class=\"wp-block-column is-layout-flow wp-block-column-is-layout-flow\"><figure class=\"wp-block-dev4-reusable-blocks-image  object-fit--contain\">\n    \n<img decoding=\"async\" class=\"wp-block-image unilux-custom-image-block\"\n                alt=\"\"\n            src=\"https:\/\/www.uni.lu\/wp-content\/uploads\/sites\/8\/2025\/06\/02165510\/FNR_LOGO_RGB.png\"\n                srcset=\"https:\/\/www.uni.lu\/wp-content\/uploads\/sites\/8\/2025\/06\/02165510\/FNR_LOGO_RGB-300x50.png 300w, https:\/\/www.uni.lu\/wp-content\/uploads\/sites\/8\/2025\/06\/02165510\/FNR_LOGO_RGB-1024x172.png 1024w, https:\/\/www.uni.lu\/wp-content\/uploads\/sites\/8\/2025\/06\/02165510\/FNR_LOGO_RGB-768x129.png 768w, https:\/\/www.uni.lu\/wp-content\/uploads\/sites\/8\/2025\/06\/02165510\/FNR_LOGO_RGB-1536x258.png 1536w, https:\/\/www.uni.lu\/wp-content\/uploads\/sites\/8\/2025\/06\/02165510\/FNR_LOGO_RGB.png 1683w\"\n                style=\"object-position: 50.00% 50.00%; font-family: &quot;object-fit: contain; object-position: 50.00% 50.00%;&quot;; aspect-ratio: 32\/9; object-fit: contain; width: 100%;\"\n        loading=\"lazy\"\n\/>    <\/figure><\/div>\n\n\n\n<div class=\"wp-block-column is-layout-flow wp-block-column-is-layout-flow\"><div class=\"wp-block-unilux-blocks-spacer is-spacer-size-sm\"><\/div>\n\n\n<p><em>Supported by the Luxembourg National Research Fund (FNR) PRIDE23\/18689571\/GREITMA<\/em><\/p>\n<\/div>\n<\/div>\n<\/div><\/section>\n","protected":false},"excerpt":{"rendered":"","protected":false},"author":85,"featured_media":15259,"parent":0,"menu_order":0,"comment_status":"closed","ping_status":"closed","template":"","format":"standard","meta":{"featured_image_focal_point":[],"show_featured_caption":false,"ulux_newsletter_groups":"","uluxPostTitle":"","uluxPrePostTitle":"","_trash_the_other_posts":false,"_price":"","_stock":"","_tribe_ticket_header":"","_tribe_default_ticket_provider":"","_tribe_ticket_capacity":"0","_ticket_start_date":"","_ticket_end_date":"","_tribe_ticket_show_description":"","_tribe_ticket_show_not_going":false,"_tribe_ticket_use_global_stock":"","_tribe_ticket_global_stock_level":"","_global_stock_mode":"","_global_stock_cap":"","_tribe_rsvp_for_event":"","_tribe_ticket_going_count":"","_tribe_ticket_not_going_count":"","_tribe_tickets_list":"[]","_tribe_ticket_has_attendee_info_fields":false,"event_start_date":"2025-11-13 12:30:00","event_end_date":"2025-11-14 17:00:00","event_speaker_name":"","event_speaker_link":"","event_is_online":false,"event_location":" Weicker Building","event_street":"4 rue Alphonse Weicker","event_location_link":"https:\/\/www.uni.lu\/en\/about\/campuses\/weicker-building\/","event_zip_code":"2721","event_city":"Luxembourg","event_country":"Luxembourg"},"events-topic":[294],"events-type":[278,284,283],"organisation":[136,135],"authorship":[85],"acf":[],"yoast_head":"<!-- This site is optimized with the Yoast SEO Premium plugin v22.3 (Yoast SEO v22.3) - https:\/\/yoast.com\/wordpress\/plugins\/seo\/ -->\n<title>The EU\u2019s Green and Digital Transition, Multi-level Enforcement and the Interaction of Legal Orders - University of Luxembourg I Uni.lu<\/title>\n<meta name=\"description\" content=\"The Doctoral School of Law of the University of Luxembourg has so far been awarded four Doctoral Training Units (DTUs) funded by the FNR \u2013 Luxembourg\" \/>\n<meta name=\"robots\" content=\"index, follow, max-snippet:-1, max-image-preview:large, max-video-preview:-1\" \/>\n<link rel=\"canonical\" href=\"https:\/\/www.uni.lu\/research-en\/events\/the-eus-green-and-digital-transition-multi-level-enforcement-and-the-interaction-of-legal-orders\/\" \/>\n<meta property=\"og:locale\" content=\"en_GB\" \/>\n<meta property=\"og:type\" content=\"article\" \/>\n<meta property=\"og:title\" content=\"The EU\u2019s Green and Digital Transition, Multi-level Enforcement and the Interaction of Legal Orders\" \/>\n<meta property=\"og:description\" content=\"The Doctoral School of Law of the University of Luxembourg has so far been awarded four Doctoral Training Units (DTUs) funded by the FNR \u2013 Luxembourg\" \/>\n<meta property=\"og:url\" content=\"https:\/\/www.uni.lu\/research-en\/events\/the-eus-green-and-digital-transition-multi-level-enforcement-and-the-interaction-of-legal-orders\/\" \/>\n<meta property=\"og:site_name\" content=\"Research EN\" \/>\n<meta property=\"article:modified_time\" content=\"2025-11-10T08:47:32+00:00\" \/>\n<meta property=\"og:image\" content=\"https:\/\/www.uni.lu\/wp-content\/uploads\/sites\/8\/2025\/10\/22110251\/AdobeStock_895340459-scaled.jpeg\" \/>\n\t<meta property=\"og:image:width\" content=\"2560\" \/>\n\t<meta property=\"og:image:height\" content=\"1435\" \/>\n\t<meta property=\"og:image:type\" content=\"image\/jpeg\" \/>\n<meta name=\"twitter:card\" content=\"summary_large_image\" \/>\n<meta name=\"twitter:label1\" content=\"Estimated reading time\" \/>\n\t<meta name=\"twitter:data1\" content=\"4 minutes\" \/>\n<script type=\"application\/ld+json\" class=\"yoast-schema-graph\">{\"@context\":\"https:\/\/schema.org\",\"@graph\":[{\"@type\":\"WebPage\",\"@id\":\"https:\/\/www.uni.lu\/research-en\/events\/the-eus-green-and-digital-transition-multi-level-enforcement-and-the-interaction-of-legal-orders\/\",\"url\":\"https:\/\/www.uni.lu\/research-en\/events\/the-eus-green-and-digital-transition-multi-level-enforcement-and-the-interaction-of-legal-orders\/\",\"name\":\"The EU\u2019s Green and Digital Transition, Multi-level Enforcement and the Interaction of Legal Orders - University of Luxembourg I Uni.lu\",\"isPartOf\":{\"@id\":\"https:\/\/www.uni.lu\/research-en\/#website\"},\"primaryImageOfPage\":{\"@id\":\"https:\/\/www.uni.lu\/research-en\/events\/the-eus-green-and-digital-transition-multi-level-enforcement-and-the-interaction-of-legal-orders\/#primaryimage\"},\"image\":{\"@id\":\"https:\/\/www.uni.lu\/research-en\/events\/the-eus-green-and-digital-transition-multi-level-enforcement-and-the-interaction-of-legal-orders\/#primaryimage\"},\"thumbnailUrl\":\"https:\/\/www.uni.lu\/wp-content\/uploads\/sites\/8\/2025\/10\/22110251\/AdobeStock_895340459-scaled.jpeg\",\"datePublished\":\"2025-10-22T09:03:14+00:00\",\"dateModified\":\"2025-11-10T08:47:32+00:00\",\"description\":\"The Doctoral School of Law of the University of Luxembourg has so far been awarded four Doctoral Training Units (DTUs) funded by the FNR \u2013 Luxembourg\",\"breadcrumb\":{\"@id\":\"https:\/\/www.uni.lu\/research-en\/events\/the-eus-green-and-digital-transition-multi-level-enforcement-and-the-interaction-of-legal-orders\/#breadcrumb\"},\"inLanguage\":\"en-GB\",\"potentialAction\":[{\"@type\":\"ReadAction\",\"target\":[\"https:\/\/www.uni.lu\/research-en\/events\/the-eus-green-and-digital-transition-multi-level-enforcement-and-the-interaction-of-legal-orders\/\"]}]},{\"@type\":\"ImageObject\",\"inLanguage\":\"en-GB\",\"@id\":\"https:\/\/www.uni.lu\/research-en\/events\/the-eus-green-and-digital-transition-multi-level-enforcement-and-the-interaction-of-legal-orders\/#primaryimage\",\"url\":\"https:\/\/www.uni.lu\/wp-content\/uploads\/sites\/8\/2025\/10\/22110251\/AdobeStock_895340459-scaled.jpeg\",\"contentUrl\":\"https:\/\/www.uni.lu\/wp-content\/uploads\/sites\/8\/2025\/10\/22110251\/AdobeStock_895340459-scaled.jpeg\",\"width\":2560,\"height\":1435},{\"@type\":\"BreadcrumbList\",\"@id\":\"https:\/\/www.uni.lu\/research-en\/events\/the-eus-green-and-digital-transition-multi-level-enforcement-and-the-interaction-of-legal-orders\/#breadcrumb\",\"itemListElement\":[{\"@type\":\"ListItem\",\"position\":1,\"name\":\"Home\",\"item\":\"https:\/\/www.uni.lu\/en\"},{\"@type\":\"ListItem\",\"position\":2,\"name\":\"Research\",\"item\":\"https:\/\/www.uni.lu\/research-en\/\"},{\"@type\":\"ListItem\",\"position\":3,\"name\":\"Events\",\"item\":\"https:\/\/www.uni.lu\/research-en\/events\/\"},{\"@type\":\"ListItem\",\"position\":4,\"name\":\"The EU\u2019s Green and Digital Transition, Multi-level Enforcement and the Interaction of Legal Orders\"}]},{\"@type\":\"WebSite\",\"@id\":\"https:\/\/www.uni.lu\/research-en\/#website\",\"url\":\"https:\/\/www.uni.lu\/research-en\/\",\"name\":\"Uni.lu\",\"description\":\"Research at the University of Luxembourg\",\"publisher\":{\"@id\":\"https:\/\/www.uni.lu\/research-en\/#organization\"},\"alternateName\":\"University of Luxembourg\",\"potentialAction\":[{\"@type\":\"SearchAction\",\"target\":{\"@type\":\"EntryPoint\",\"urlTemplate\":\"https:\/\/www.uni.lu\/research-en\/?s={search_term_string}\"},\"query-input\":\"required name=search_term_string\"}],\"inLanguage\":\"en-GB\"},{\"@type\":\"Organization\",\"@id\":\"https:\/\/www.uni.lu\/research-en\/#organization\",\"name\":\"University of Luxembourg\",\"alternateName\":\"Uni.lu\",\"url\":\"https:\/\/www.uni.lu\/research-en\/\",\"logo\":{\"@type\":\"ImageObject\",\"inLanguage\":\"en-GB\",\"@id\":\"https:\/\/www.uni.lu\/research-en\/#\/schema\/logo\/image\/\",\"url\":\"https:\/\/www.uni.lu\/wp-content\/uploads\/sites\/8\/2026\/03\/03115550\/UNIV_SM-Profile_1600x1600px-scaled.jpg\",\"contentUrl\":\"https:\/\/www.uni.lu\/wp-content\/uploads\/sites\/8\/2026\/03\/03115550\/UNIV_SM-Profile_1600x1600px-scaled.jpg\",\"width\":2560,\"height\":2560,\"caption\":\"University of Luxembourg\"},\"image\":{\"@id\":\"https:\/\/www.uni.lu\/research-en\/#\/schema\/logo\/image\/\"},\"description\":\"Research at the University of Luxembourg\"}]}<\/script>\n<!-- \/ Yoast SEO Premium plugin. -->","yoast_head_json":{"title":"The EU\u2019s Green and Digital Transition, Multi-level Enforcement and the Interaction of Legal Orders - University of Luxembourg I Uni.lu","description":"The Doctoral School of Law of the University of Luxembourg has so far been awarded four Doctoral Training Units (DTUs) funded by the FNR \u2013 Luxembourg","robots":{"index":"index","follow":"follow","max-snippet":"max-snippet:-1","max-image-preview":"max-image-preview:large","max-video-preview":"max-video-preview:-1"},"canonical":"https:\/\/www.uni.lu\/research-en\/events\/the-eus-green-and-digital-transition-multi-level-enforcement-and-the-interaction-of-legal-orders\/","og_locale":"en_GB","og_type":"article","og_title":"The EU\u2019s Green and Digital Transition, Multi-level Enforcement and the Interaction of Legal Orders","og_description":"The Doctoral School of Law of the University of Luxembourg has so far been awarded four Doctoral Training Units (DTUs) funded by the FNR \u2013 Luxembourg","og_url":"https:\/\/www.uni.lu\/research-en\/events\/the-eus-green-and-digital-transition-multi-level-enforcement-and-the-interaction-of-legal-orders\/","og_site_name":"Research EN","article_modified_time":"2025-11-10T08:47:32+00:00","og_image":[{"width":2560,"height":1435,"url":"https:\/\/www.uni.lu\/wp-content\/uploads\/sites\/8\/2025\/10\/22110251\/AdobeStock_895340459-scaled.jpeg","type":"image\/jpeg"}],"twitter_card":"summary_large_image","twitter_misc":{"Estimated reading time":"4 minutes"},"schema":{"@context":"https:\/\/schema.org","@graph":[{"@type":"WebPage","@id":"https:\/\/www.uni.lu\/research-en\/events\/the-eus-green-and-digital-transition-multi-level-enforcement-and-the-interaction-of-legal-orders\/","url":"https:\/\/www.uni.lu\/research-en\/events\/the-eus-green-and-digital-transition-multi-level-enforcement-and-the-interaction-of-legal-orders\/","name":"The EU\u2019s Green and Digital Transition, Multi-level Enforcement and the Interaction of Legal Orders - University of Luxembourg I Uni.lu","isPartOf":{"@id":"https:\/\/www.uni.lu\/research-en\/#website"},"primaryImageOfPage":{"@id":"https:\/\/www.uni.lu\/research-en\/events\/the-eus-green-and-digital-transition-multi-level-enforcement-and-the-interaction-of-legal-orders\/#primaryimage"},"image":{"@id":"https:\/\/www.uni.lu\/research-en\/events\/the-eus-green-and-digital-transition-multi-level-enforcement-and-the-interaction-of-legal-orders\/#primaryimage"},"thumbnailUrl":"https:\/\/www.uni.lu\/wp-content\/uploads\/sites\/8\/2025\/10\/22110251\/AdobeStock_895340459-scaled.jpeg","datePublished":"2025-10-22T09:03:14+00:00","dateModified":"2025-11-10T08:47:32+00:00","description":"The Doctoral School of Law of the University of Luxembourg has so far been awarded four Doctoral Training Units (DTUs) funded by the FNR \u2013 Luxembourg","breadcrumb":{"@id":"https:\/\/www.uni.lu\/research-en\/events\/the-eus-green-and-digital-transition-multi-level-enforcement-and-the-interaction-of-legal-orders\/#breadcrumb"},"inLanguage":"en-GB","potentialAction":[{"@type":"ReadAction","target":["https:\/\/www.uni.lu\/research-en\/events\/the-eus-green-and-digital-transition-multi-level-enforcement-and-the-interaction-of-legal-orders\/"]}]},{"@type":"ImageObject","inLanguage":"en-GB","@id":"https:\/\/www.uni.lu\/research-en\/events\/the-eus-green-and-digital-transition-multi-level-enforcement-and-the-interaction-of-legal-orders\/#primaryimage","url":"https:\/\/www.uni.lu\/wp-content\/uploads\/sites\/8\/2025\/10\/22110251\/AdobeStock_895340459-scaled.jpeg","contentUrl":"https:\/\/www.uni.lu\/wp-content\/uploads\/sites\/8\/2025\/10\/22110251\/AdobeStock_895340459-scaled.jpeg","width":2560,"height":1435},{"@type":"BreadcrumbList","@id":"https:\/\/www.uni.lu\/research-en\/events\/the-eus-green-and-digital-transition-multi-level-enforcement-and-the-interaction-of-legal-orders\/#breadcrumb","itemListElement":[{"@type":"ListItem","position":1,"name":"Home","item":"https:\/\/www.uni.lu\/en"},{"@type":"ListItem","position":2,"name":"Research","item":"https:\/\/www.uni.lu\/research-en\/"},{"@type":"ListItem","position":3,"name":"Events","item":"https:\/\/www.uni.lu\/research-en\/events\/"},{"@type":"ListItem","position":4,"name":"The EU\u2019s Green and Digital Transition, Multi-level Enforcement and the Interaction of Legal Orders"}]},{"@type":"WebSite","@id":"https:\/\/www.uni.lu\/research-en\/#website","url":"https:\/\/www.uni.lu\/research-en\/","name":"Uni.lu","description":"Research at the University of Luxembourg","publisher":{"@id":"https:\/\/www.uni.lu\/research-en\/#organization"},"alternateName":"University of Luxembourg","potentialAction":[{"@type":"SearchAction","target":{"@type":"EntryPoint","urlTemplate":"https:\/\/www.uni.lu\/research-en\/?s={search_term_string}"},"query-input":"required name=search_term_string"}],"inLanguage":"en-GB"},{"@type":"Organization","@id":"https:\/\/www.uni.lu\/research-en\/#organization","name":"University of Luxembourg","alternateName":"Uni.lu","url":"https:\/\/www.uni.lu\/research-en\/","logo":{"@type":"ImageObject","inLanguage":"en-GB","@id":"https:\/\/www.uni.lu\/research-en\/#\/schema\/logo\/image\/","url":"https:\/\/www.uni.lu\/wp-content\/uploads\/sites\/8\/2026\/03\/03115550\/UNIV_SM-Profile_1600x1600px-scaled.jpg","contentUrl":"https:\/\/www.uni.lu\/wp-content\/uploads\/sites\/8\/2026\/03\/03115550\/UNIV_SM-Profile_1600x1600px-scaled.jpg","width":2560,"height":2560,"caption":"University of Luxembourg"},"image":{"@id":"https:\/\/www.uni.lu\/research-en\/#\/schema\/logo\/image\/"},"description":"Research at the University of Luxembourg"}]}},"_links":{"self":[{"href":"https:\/\/www.uni.lu\/research-en\/wp-json\/wp\/v2\/events\/15258"}],"collection":[{"href":"https:\/\/www.uni.lu\/research-en\/wp-json\/wp\/v2\/events"}],"about":[{"href":"https:\/\/www.uni.lu\/research-en\/wp-json\/wp\/v2\/types\/events"}],"author":[{"embeddable":true,"href":"https:\/\/www.uni.lu\/research-en\/wp-json\/wp\/v2\/users\/85"}],"replies":[{"embeddable":true,"href":"https:\/\/www.uni.lu\/research-en\/wp-json\/wp\/v2\/comments?post=15258"}],"version-history":[{"count":5,"href":"https:\/\/www.uni.lu\/research-en\/wp-json\/wp\/v2\/events\/15258\/revisions"}],"predecessor-version":[{"id":15496,"href":"https:\/\/www.uni.lu\/research-en\/wp-json\/wp\/v2\/events\/15258\/revisions\/15496"}],"wp:authorship":[{"embeddable":true,"href":"https:\/\/www.uni.lu\/research-en\/wp-json\/wp\/v2\/users\/85"}],"wp:featuredmedia":[{"embeddable":true,"href":"https:\/\/www.uni.lu\/research-en\/wp-json\/wp\/v2\/media\/15259"}],"wp:attachment":[{"href":"https:\/\/www.uni.lu\/research-en\/wp-json\/wp\/v2\/media?parent=15258"}],"wp:term":[{"taxonomy":"events-topic","embeddable":true,"href":"https:\/\/www.uni.lu\/research-en\/wp-json\/wp\/v2\/events-topic?post=15258"},{"taxonomy":"events-type","embeddable":true,"href":"https:\/\/www.uni.lu\/research-en\/wp-json\/wp\/v2\/events-type?post=15258"},{"taxonomy":"organisation","embeddable":true,"href":"https:\/\/www.uni.lu\/research-en\/wp-json\/wp\/v2\/organisation?post=15258"}],"curies":[{"name":"wp","href":"https:\/\/api.w.org\/{rel}","templated":true}]}}