{"id":34,"date":"2023-11-06T14:26:40","date_gmt":"2023-11-06T13:26:40","guid":{"rendered":"https:\/\/www.uni.lu\/research-de\/?page_id=34"},"modified":"2025-12-09T12:40:15","modified_gmt":"2025-12-09T11:40:15","slug":"eu-finanzierung-und-hochdotierte-foerderungen","status":"publish","type":"page","link":"https:\/\/www.uni.lu\/research-de\/eu-finanzierung-und-hochdotierte-foerderungen\/","title":{"rendered":"EU-Finanzierung und hochdotierte F\u00f6rderungen"},"content":{"rendered":"<div class=\"section py-0 static\"><div class=\"section py-0 section wp-block-unilux-blocks-navigation-and-hero py-0\">\n    \n<div class=\"wp-block-unilux-blocks-wrapper container xl:max-w-screen-xl\"><div class=\"js-secondary-nav--sticky wp-block-unilux-blocks-secondary-navigation\" id=\"58009db6-aebf-476c-b887-87652c430b00\">\n    <nav\n        id=\"secondary-navigation\"\n        role=\"navigation\"\n        aria-label=\"Secondary menu\"\n        class=\"secondary-nav\"\n    >\n        <button\n            class=\"secondary-nav__button btn btn-solid--primary w-full\"\n            aria-expanded=\"false\"\n            aria-controls=\"secondary-navigation__list\"\n            title=\"The selected page is \u00dcbersicht\"\n            type=\"button\"\n        >\n            <span class=\"btn__name mr-auto\">\u00dcbersicht<\/span>\n            <svg aria-hidden=\"true\" focusable=\"false\" class=\"icon icon-outline icon--xs\">\n                <use xlink:href=\"https:\/\/www.uni.lu\/wp-content\/themes\/unilux-theme\/assets\/images\/icons\/icons-outline.svg#icon--arrow-down\" \/>\n            <\/svg>\n        <\/button>\n\n        <ul id=\"secondary-navigation__list\" class=\"secondary-nav__list\">\n            <li class=\"secondary-nav__item\">\n    <a\n        href=\"https:\/\/www.uni.lu\/research-de\/eu-finanzierung-und-hochdotierte-foerderungen\/\"\n        target=\"\"\n        rel=\"noreferrer noopener\"\n        class=\"secondary-nav__link isactived\"\n        aria-current=\"page\"    >\n        <svg aria-hidden=\"true\" focusable=\"false\" class=\"icon icon-outline icon--xs\">\n            <use xlink:href=\"https:\/\/www.uni.lu\/wp-content\/themes\/unilux-theme\/assets\/images\/icons\/icons-outline.svg#icon--arrow-right\" \/>\n        <\/svg>\n        <span class=\"secondary-nav__name\">\u00dcbersicht<\/span>\n    <\/a>\n<\/li>\n<li class=\"secondary-nav__item\">\n    <a\n        href=\"https:\/\/www.uni.lu\/research-de\/eu-finanzierung-und-hochdotierte-foerderungen\/erc-grants\/\"\n        target=\"\"\n        rel=\"noreferrer noopener\"\n        class=\"secondary-nav__link \"\n            >\n        <svg aria-hidden=\"true\" focusable=\"false\" class=\"icon icon-outline icon--xs\">\n            <use xlink:href=\"https:\/\/www.uni.lu\/wp-content\/themes\/unilux-theme\/assets\/images\/icons\/icons-outline.svg#icon--arrow-right\" \/>\n        <\/svg>\n        <span class=\"secondary-nav__name\">ERC-Grants<\/span>\n    <\/a>\n<\/li>\n        <\/ul>\n    <\/nav>\n<\/div>\n<\/div>\n\n<div class=\"wp-block-unilux-blocks-wrapper max-w-screen-3xl mx-auto section py-0\">\n<section class=\"section no-padding-y wp-block-unilux-blocks-hero\">\n    <div class=\"hero hero--2 hero--overlay-top \">\n        \n<header class=\"wp-block-unilux-blocks-wrapper hero__header\">\n<div class=\"wp-block-unilux-blocks-wrapper hero__container\">\n<span class=\"hero__title__subject wp-block-unilux-blocks-plain-text\"><\/span>\n\n\n<h1 class=\"has-text-align-left wp-block-unilux-blocks-heading\"        id=\"eu-finanzierung-und-hochdotierte-foerderungen\"\n    >\nEU-Finanzierung und hochdotierte F\u00f6rderungen<\/h1>\n<\/div>\n<\/header>\n<figure class=\"wp-block-dev4-reusable-blocks-image hero__visual object-fit--cover\">\n    \n<img decoding=\"async\" class=\"wp-block-image unilux-custom-image-block\"\n                alt=\"\"\n            src=\"https:\/\/www.uni.lu\/wp-content\/uploads\/sites\/27\/2025\/02\/stephen-kraakmo-uAzUg6_tMCo-unsplash_ERC-grants.jpg\"\n                srcset=\"https:\/\/www.uni.lu\/wp-content\/uploads\/sites\/27\/2025\/02\/stephen-kraakmo-uAzUg6_tMCo-unsplash_ERC-grants-300x200.jpg 300w, https:\/\/www.uni.lu\/wp-content\/uploads\/sites\/27\/2025\/02\/stephen-kraakmo-uAzUg6_tMCo-unsplash_ERC-grants-768x511.jpg 768w, https:\/\/www.uni.lu\/wp-content\/uploads\/sites\/27\/2025\/02\/stephen-kraakmo-uAzUg6_tMCo-unsplash_ERC-grants.jpg 1000w\"\n                style=\"object-position: 50.00% 50.00%; font-family: &quot;object-fit: cover; object-position: 50.00% 50.00%;&quot;; aspect-ratio: 16\/9; object-fit: cover; width: 100%;\"\n        loading=\"lazy\"\n\/>    <\/figure>\n<div class=\"wp-block-unilux-blocks-wrapper hero__body\">\n<div class=\"wp-block-unilux-blocks-wrapper hero__container\">\n<p class=\"wp-block-unilux-blocks-plain-text\"><\/p>\n\n\n<ul class=\"wp-block-unilux-blocks-custom-buttons btn-list\">\n\n<\/ul>\n<\/div>\n<\/div>\n    <\/div>\n<\/section><\/div>\n<\/div>\n\n\n<section class=\"wp-block-unilux-blocks-free-section section\"><div class=\"container xl:max-w-screen-xl\">\n<h2 class=\"has-text-align-left wp-block-unilux-blocks-heading\"        id=\"projekte-im-rahmen-von-horizont-europa-2021-2027\"\n    >\n<strong>Projekte im Rahmen von Horizont Europa (2021\u20132027)<\/strong><\/h2>\n\n\n\n<p>Horizont Europa ist das wichtigste Finanzierungsprogramm der EU f\u00fcr Forschung und Innovation und der zentrale Bestandteil des 9. Rahmenprogramms (RP9), das den Zeitraum 2021\u20132027 abdeckt. Das Programm soll einen Beitrag dazu leisten, den Klimawandel zu bew\u00e4ltigen, die UN-Ziele f\u00fcr nachhaltige Entwicklung zu erreichen sowie die Wettbewerbsf\u00e4higkeit und das Wachstum in der EU zu steigern. Seit Programmbeginn im Jahr 2021 hat die Europ\u00e4ische Kommission der Universit\u00e4t Luxemburg insgesamt 29,8 Mio. Euro f\u00fcr 73 Projekte bewilligt, darunter drei ERC-Grants, die seit 2021 gew\u00e4hrt wurden.<\/p>\n\n\n\n<p><br>Horizont 2020 (H2020) war von 2014 bis 2020 das Vorg\u00e4ngerprogramm von Horizont Europa. In diesem Zeitraum erhielt die Universit\u00e4t Luxemburg 121 Zusch\u00fcsse (entsprechend einer Erfolgsquote von 16,7 %) in H\u00f6he von insgesamt 66,8 Millionen Euro von der Europ\u00e4ischen Kommission.<\/p>\n\n\n\n<ul class=\"wp-block-unilux-blocks-quick-link-underline\">\n    \n<li class=\"wp-block-unilux-blocks-quick-link-underline-item\">\n    <a\n            href=\"https:\/\/www.uni.lu\/research-en\/eu-funding-high-profile-grants\/horizon-europe-2021-2027-projects\/\"\n            class=\"wp-block-unilux-blocks-anchor\"        target=\"\"\n>\n    \n<span class=\"hero__title__subject wp-block-unilux-blocks-plain-text\">Alle Projekte von Horizont Europa (2021-2027) (EN)<\/span><svg aria-hidden=\"true\" focusable=\"false\" class=\"icon icon-outline icon--arrow-right \"><use xlink:href=\"https:\/\/www.uni.lu\/wp-content\/themes\/unilux-theme\/assets\/images\/icons\/icons-outline.svg#icon--arrow-right\"><\/use><\/svg><\/a>\n<\/li>\n<\/ul><\/div><\/section>\n\n\n\n<section class=\"py-0 wp-block-unilux-blocks-free-section section\"><div class=\"container xl:max-w-screen-xl\">\n<h2 class=\"has-text-align-left wp-block-unilux-blocks-heading\"        id=\"grants-des-europaeischen-forschungsrats-european-research-council-erc\"\n    >\n<strong>Grants des Europ\u00e4ischen Forschungsrats (European Research Council, ERC)<\/strong><\/h2>\n\n\n\n<p>Der 2007 von der Europ\u00e4ischen Union gegr\u00fcndete ERC ist die wichtigste Einrichtung zur Finanzierung von Pionierforschung in Europa. Kreative Forschende aller Nationalit\u00e4ten und jeden Alters erhalten Mittel f\u00fcr die Durchf\u00fchrung von Projekten in ganz Europa. Ziel ist es, durch wettbewerbsorientierte Finanzierung die Spitzenforschung in Europa zu f\u00f6rdern und die Pionierforschung in allen Bereichen auf der Grundlage wissenschaftlicher Exzellenz zu unterst\u00fctzen. Der ERC hat f\u00fcnf Hauptf\u00f6rderprogramme: Starting Grants, Consolidator Grants, Advanced Grants, Synergy Grants und Proof of Concept Grants. Seit 2014 hat die Universit\u00e4t Luxemburg 20 ERC-Grants erhalten, F\u00fcnf davon im Rahmen von Horizont Europa.<\/p>\n\n\n<div class=\"py-48 first:pt-0 last:pb-0 wp-block-unilux-blocks-people-list\">\n    \n<h3 class=\"has-text-align-left wp-block-unilux-blocks-heading\"        id=\"aktuelle-grant-inhaber-und-lehrstuehle\"\n    >\n<strong>Aktuelle Grant-Inhaber und Lehrst\u00fchle<\/strong><\/h3>\n<ul class=\"flex flex-wrap -mx-16 wp-block-unilux-blocks-people-item-wrapper\">\n    <li class=\"w-full md:w-1\/2 p-16 wp-block-unilux-blocks-people-list-item\">\n    <div class=\"list-people bg-theme wp-block-unilux-blocks-people-item\">\n    \n<div class=\"wp-block-unilux-blocks-wrapper list-people__container\">\n<div class=\"wp-block-unilux-blocks-wrapper list-people__visual\"><figure class=\"wp-block-dev4-reusable-blocks-image w-full object-fit--cover\">\n    \n<img decoding=\"async\" class=\"wp-block-image unilux-custom-image-block\"\n                alt=\"Tegawend\u00e9 Fran\u00e7ois d Assise BISSYANDE\"\n            src=\"https:\/\/www.uni.lu\/wp-content\/uploads\/sites\/8\/2025\/02\/Tegawende-Francois-d-Assise-BISSYANDE_-people-list-block.jpg\"\n                    style=\"object-position: 50.00% 50.00%; font-family: &quot;object-fit: cover; object-position: 50.00% 50.00%;&quot;; aspect-ratio: 1\/1; object-fit: cover; width: 100%;\"\n        loading=\"lazy\"\n\/>    <\/figure><\/div>\n\n\n\n<div class=\"wp-block-unilux-blocks-wrapper list-people__body\">\n<h3 class=\"list-people__title has-text-align-left wp-block-unilux-blocks-heading\"        id=\"prof-tegawende-bissyande\"\n    >\nProf. Tegawend\u00e9 Bissyande<\/h3>\n\n\n\n<p class=\"list-people__description wp-block-unilux-blocks-plain-text\">Starting Grant<\/p>\n\n<div class=\"wp-block-unilux-blocks-simple-cta\">\n    <a\n        href=\"https:\/\/www.uni.lu\/snt-en\/people\/tegawende-francois-d-assise-bissyande\/\"\n        title=\"View profile\"\n        class=\"link-text link-text--icon list-people__link link-text link-absolute\"\n        target=\"\"\n    >\n        <span class=\"link-text__body\">\n            <span class=\"link-text__name\">Profil anzeigen<\/span>\n        <\/span>\n        <svg aria-hidden=\"true\" focusable=\"false\" class=\"icon icon-outline icon--arrow-right \"><use xlink:href=\"https:\/\/www.uni.lu\/wp-content\/themes\/unilux-theme\/assets\/images\/icons\/icons-outline.svg#icon--arrow-right\"><\/use><\/svg>    <\/a>\n<\/div>\n<\/div>\n<\/div>\n<\/div>\n\n<\/li><li class=\"w-full md:w-1\/2 p-16 wp-block-unilux-blocks-people-list-item\">\n    <div class=\"list-people bg-theme wp-block-unilux-blocks-people-item\">\n    \n<div class=\"wp-block-unilux-blocks-wrapper list-people__container\">\n<div class=\"wp-block-unilux-blocks-wrapper list-people__visual\"><figure class=\"wp-block-dev4-reusable-blocks-image w-full object-fit--cover\">\n    \n<img decoding=\"async\" class=\"wp-block-image unilux-custom-image-block\"\n                alt=\"Prof. Daniele Brida\"\n            src=\"https:\/\/www.uni.lu\/wp-content\/uploads\/sites\/8\/2025\/02\/Daniele-Brida_people-list-block.jpg\"\n                    style=\"object-position: 50.00% 50.00%; font-family: &quot;object-fit: cover; object-position: 50.00% 50.00%;&quot;; aspect-ratio: 1\/1; object-fit: cover; width: 100%;\"\n        loading=\"lazy\"\n\/>    <\/figure><\/div>\n\n\n\n<div class=\"wp-block-unilux-blocks-wrapper list-people__body\">\n<h3 class=\"list-people__title has-text-align-left wp-block-unilux-blocks-heading\"        id=\"prof-daniele-brida\"\n    >\nProf. Daniele Brida<\/h3>\n\n\n\n<p class=\"list-people__description wp-block-unilux-blocks-plain-text\">Consolidator Grant<\/p>\n\n<div class=\"wp-block-unilux-blocks-simple-cta\">\n    <a\n        href=\"https:\/\/www.uni.lu\/fstm-en\/people\/daniele-brida\/\"\n        title=\"View profile\"\n        class=\"link-text link-text--icon list-people__link link-text link-absolute\"\n        target=\"\"\n    >\n        <span class=\"link-text__body\">\n            <span class=\"link-text__name\">Profil anzeigen<\/span>\n        <\/span>\n        <svg aria-hidden=\"true\" focusable=\"false\" class=\"icon icon-outline icon--arrow-right \"><use xlink:href=\"https:\/\/www.uni.lu\/wp-content\/themes\/unilux-theme\/assets\/images\/icons\/icons-outline.svg#icon--arrow-right\"><\/use><\/svg>    <\/a>\n<\/div>\n<\/div>\n<\/div>\n<\/div>\n\n<\/li><li class=\"w-full md:w-1\/2 p-16 wp-block-unilux-blocks-people-list-item\">\n    <div class=\"list-people bg-theme wp-block-unilux-blocks-people-item\">\n    \n<div class=\"wp-block-unilux-blocks-wrapper list-people__container\">\n<div class=\"wp-block-unilux-blocks-wrapper list-people__visual\"><figure class=\"wp-block-dev4-reusable-blocks-image w-full object-fit--cover\">\n    \n<img decoding=\"async\" class=\"wp-block-image unilux-custom-image-block\"\n                alt=\"Prof Jean-S\u00e9bastien CORON\"\n            src=\"https:\/\/www.uni.lu\/wp-content\/uploads\/sites\/8\/2025\/02\/Sebastien-Coron_people-list-block.jpg\"\n                    style=\"object-position: 50.00% 50.00%; font-family: &quot;object-fit: cover; object-position: 50.00% 50.00%;&quot;; aspect-ratio: 1\/1; object-fit: cover; width: 100%;\"\n        loading=\"lazy\"\n\/>    <\/figure><\/div>\n\n\n\n<div class=\"wp-block-unilux-blocks-wrapper list-people__body\">\n<h3 class=\"list-people__title has-text-align-left wp-block-unilux-blocks-heading\"        id=\"prof-jean-sebastien-coron\"\n    >\nProf. Jean-S\u00e9bastien Coron<\/h3>\n\n\n\n<p class=\"list-people__description wp-block-unilux-blocks-plain-text\">Advanced Grant \u2022 Proof of Concept Grant<\/p>\n\n<div class=\"wp-block-unilux-blocks-simple-cta\">\n    <a\n        href=\"https:\/\/www.uni.lu\/fstm-en\/people\/jean-sebastien-coron\/\"\n        title=\"View profile\"\n        class=\"link-text link-text--icon list-people__link link-text link-absolute\"\n        target=\"\"\n    >\n        <span class=\"link-text__body\">\n            <span class=\"link-text__name\">Profil anzeigen<\/span>\n        <\/span>\n        <svg aria-hidden=\"true\" focusable=\"false\" class=\"icon icon-outline icon--arrow-right \"><use xlink:href=\"https:\/\/www.uni.lu\/wp-content\/themes\/unilux-theme\/assets\/images\/icons\/icons-outline.svg#icon--arrow-right\"><\/use><\/svg>    <\/a>\n<\/div>\n<\/div>\n<\/div>\n<\/div>\n\n<\/li><li class=\"w-full md:w-1\/2 p-16 wp-block-unilux-blocks-people-list-item\">\n    <div class=\"list-people bg-theme wp-block-unilux-blocks-people-item\">\n    \n<div class=\"wp-block-unilux-blocks-wrapper list-people__container\">\n<div class=\"wp-block-unilux-blocks-wrapper list-people__visual\"><figure class=\"wp-block-dev4-reusable-blocks-image w-full object-fit--cover\">\n    \n<img decoding=\"async\" class=\"wp-block-image unilux-custom-image-block\"\n                alt=\"Prof Paul WILMES\"\n            src=\"https:\/\/www.uni.lu\/wp-content\/uploads\/sites\/8\/2025\/02\/Paul-WILMES_people-list-block.jpg\"\n                    style=\"object-position: 50.00% 50.00%; font-family: &quot;object-fit: cover; object-position: 50.00% 50.00%;&quot;; aspect-ratio: 1\/1; object-fit: cover; width: 100%;\"\n        loading=\"lazy\"\n\/>    <\/figure><\/div>\n\n\n\n<div class=\"wp-block-unilux-blocks-wrapper list-people__body\">\n<h3 class=\"list-people__title has-text-align-left wp-block-unilux-blocks-heading\"        id=\"prof-paul-wilmes\"\n    >\nProf. Paul Wilmes<\/h3>\n\n\n\n<p class=\"list-people__description wp-block-unilux-blocks-plain-text\">Consolidator Grant<\/p>\n\n<div class=\"wp-block-unilux-blocks-simple-cta\">\n    <a\n        href=\"https:\/\/www.uni.lu\/lcsb-en\/people\/paul-wilmes\/\"\n        title=\"View profile\"\n        class=\"link-text link-text--icon list-people__link link-text link-absolute\"\n        target=\"\"\n    >\n        <span class=\"link-text__body\">\n            <span class=\"link-text__name\">Profil anzeigen<\/span>\n        <\/span>\n        <svg aria-hidden=\"true\" focusable=\"false\" class=\"icon icon-outline icon--arrow-right \"><use xlink:href=\"https:\/\/www.uni.lu\/wp-content\/themes\/unilux-theme\/assets\/images\/icons\/icons-outline.svg#icon--arrow-right\"><\/use><\/svg>    <\/a>\n<\/div>\n<\/div>\n<\/div>\n<\/div>\n\n<\/li><li class=\"w-full md:w-1\/2 p-16 wp-block-unilux-blocks-people-list-item\">\n    <div class=\"list-people bg-theme wp-block-unilux-blocks-people-item\">\n    \n<div class=\"wp-block-unilux-blocks-wrapper list-people__container\">\n<div class=\"wp-block-unilux-blocks-wrapper list-people__visual\"><figure class=\"wp-block-dev4-reusable-blocks-image w-full object-fit--cover\">\n    \n<img decoding=\"async\" class=\"wp-block-image unilux-custom-image-block\"\n                alt=\"Prof Jan LAGERWALL\"\n            src=\"https:\/\/www.uni.lu\/wp-content\/uploads\/sites\/8\/2025\/02\/Jan-LAGERWALL_people-list-block.jpg\"\n                    style=\"object-position: 50.00% 50.00%; font-family: &quot;object-fit: cover; object-position: 50.00% 50.00%;&quot;; aspect-ratio: 1\/1; object-fit: cover; width: 100%;\"\n        loading=\"lazy\"\n\/>    <\/figure><\/div>\n\n\n\n<div class=\"wp-block-unilux-blocks-wrapper list-people__body\">\n<h3 class=\"list-people__title has-text-align-left wp-block-unilux-blocks-heading\"        id=\"prof-jan-lagerwall\"\n    >\nProf. Jan Lagerwall<\/h3>\n\n\n\n<p class=\"list-people__description wp-block-unilux-blocks-plain-text\">Synergy Grant<\/p>\n\n<div class=\"wp-block-unilux-blocks-simple-cta\">\n    <a\n        href=\"https:\/\/www.uni.lu\/fstm-en\/people\/jan-lagerwall\/\"\n        title=\"View profile\"\n        class=\"link-text link-text--icon list-people__link link-text link-absolute\"\n        target=\"\"\n    >\n        <span class=\"link-text__body\">\n            <span class=\"link-text__name\">Profil anzeigen<\/span>\n        <\/span>\n        <svg aria-hidden=\"true\" focusable=\"false\" class=\"icon icon-outline icon--arrow-right \"><use xlink:href=\"https:\/\/www.uni.lu\/wp-content\/themes\/unilux-theme\/assets\/images\/icons\/icons-outline.svg#icon--arrow-right\"><\/use><\/svg>    <\/a>\n<\/div>\n<\/div>\n<\/div>\n<\/div>\n\n<\/li><li class=\"w-full md:w-1\/2 p-16 wp-block-unilux-blocks-people-list-item\">\n    <div class=\"list-people bg-theme wp-block-unilux-blocks-people-item\">\n    \n<div class=\"wp-block-unilux-blocks-wrapper list-people__container\">\n<div class=\"wp-block-unilux-blocks-wrapper list-people__visual\"><figure class=\"wp-block-dev4-reusable-blocks-image w-full object-fit--cover\">\n    \n<img decoding=\"async\" class=\"wp-block-image unilux-custom-image-block\"\n                alt=\"Prof Anja LEIST\"\n            src=\"https:\/\/www.uni.lu\/wp-content\/uploads\/sites\/8\/2025\/02\/Anja-LEIST_people-list-block.jpg\"\n                    style=\"object-position: 50.00% 50.00%; font-family: &quot;object-fit: cover; object-position: 50.00% 50.00%;&quot;; aspect-ratio: 1\/1; object-fit: cover; width: 100%;\"\n        loading=\"lazy\"\n\/>    <\/figure><\/div>\n\n\n\n<div class=\"wp-block-unilux-blocks-wrapper list-people__body\">\n<h3 class=\"list-people__title has-text-align-left wp-block-unilux-blocks-heading\"        id=\"prof-anja-leist\"\n    >\nProf. Anja Leist<\/h3>\n\n\n\n<p class=\"list-people__description wp-block-unilux-blocks-plain-text\">Starting Grant<\/p>\n\n<div class=\"wp-block-unilux-blocks-simple-cta\">\n    <a\n        href=\"https:\/\/www.uni.lu\/fhse-en\/people\/anja-leist\/\"\n        title=\"View profile\"\n        class=\"link-text link-text--icon list-people__link link-text link-absolute\"\n        target=\"\"\n    >\n        <span class=\"link-text__body\">\n            <span class=\"link-text__name\">Profil anzeigen<\/span>\n        <\/span>\n        <svg aria-hidden=\"true\" focusable=\"false\" class=\"icon icon-outline icon--arrow-right \"><use xlink:href=\"https:\/\/www.uni.lu\/wp-content\/themes\/unilux-theme\/assets\/images\/icons\/icons-outline.svg#icon--arrow-right\"><\/use><\/svg>    <\/a>\n<\/div>\n<\/div>\n<\/div>\n<\/div>\n\n<\/li><li class=\"w-full md:w-1\/2 p-16 wp-block-unilux-blocks-people-list-item\">\n    <div class=\"list-people bg-theme wp-block-unilux-blocks-people-item\">\n    \n<div class=\"wp-block-unilux-blocks-wrapper list-people__container\">\n<div class=\"wp-block-unilux-blocks-wrapper list-people__visual\"><figure class=\"wp-block-dev4-reusable-blocks-image w-full object-fit--cover\">\n    \n<img decoding=\"async\" class=\"wp-block-image unilux-custom-image-block\"\n                alt=\"Prof Mark PODOLSKIJ\"\n            src=\"https:\/\/www.uni.lu\/wp-content\/uploads\/sites\/8\/2025\/02\/Mark-PODOLSKIJ_people-list-block.jpg\"\n                    style=\"object-position: 50.00% 50.00%; font-family: &quot;object-fit: cover; object-position: 50.00% 50.00%;&quot;; aspect-ratio: 1\/1; object-fit: cover; width: 100%;\"\n        loading=\"lazy\"\n\/>    <\/figure><\/div>\n\n\n\n<div class=\"wp-block-unilux-blocks-wrapper list-people__body\">\n<h3 class=\"list-people__title has-text-align-left wp-block-unilux-blocks-heading\"        id=\"prof-mark-podolskij\"\n    >\nProf. Mark Podolskij<\/h3>\n\n\n\n<p class=\"list-people__description wp-block-unilux-blocks-plain-text\">Consolidator Grant<\/p>\n\n<div class=\"wp-block-unilux-blocks-simple-cta\">\n    <a\n        href=\"https:\/\/www.uni.lu\/fstm-en\/people\/mark-podolskij\/\"\n        title=\"View profile\"\n        class=\"link-text link-text--icon list-people__link link-text link-absolute\"\n        target=\"\"\n    >\n        <span class=\"link-text__body\">\n            <span class=\"link-text__name\">Profil anzeigen<\/span>\n        <\/span>\n        <svg aria-hidden=\"true\" focusable=\"false\" class=\"icon icon-outline icon--arrow-right \"><use xlink:href=\"https:\/\/www.uni.lu\/wp-content\/themes\/unilux-theme\/assets\/images\/icons\/icons-outline.svg#icon--arrow-right\"><\/use><\/svg>    <\/a>\n<\/div>\n<\/div>\n<\/div>\n<\/div>\n\n<\/li><li class=\"w-full md:w-1\/2 p-16 wp-block-unilux-blocks-people-list-item\">\n    <div class=\"list-people bg-theme wp-block-unilux-blocks-people-item\">\n    \n<div class=\"wp-block-unilux-blocks-wrapper list-people__container\">\n<div class=\"wp-block-unilux-blocks-wrapper list-people__visual\"><figure class=\"wp-block-dev4-reusable-blocks-image w-full object-fit--cover\">\n    \n<img decoding=\"async\" class=\"wp-block-image unilux-custom-image-block\"\n                alt=\"Prof. Anupam Sengupta\"\n            src=\"https:\/\/www.uni.lu\/wp-content\/uploads\/sites\/27\/2025\/12\/09123924\/sengupta-1536x1024-1.jpg\"\n                srcset=\"https:\/\/www.uni.lu\/wp-content\/uploads\/sites\/27\/2025\/12\/09123924\/sengupta-1536x1024-1-300x200.jpg 300w, https:\/\/www.uni.lu\/wp-content\/uploads\/sites\/27\/2025\/12\/09123924\/sengupta-1536x1024-1-1024x683.jpg 1024w, https:\/\/www.uni.lu\/wp-content\/uploads\/sites\/27\/2025\/12\/09123924\/sengupta-1536x1024-1-768x512.jpg 768w, https:\/\/www.uni.lu\/wp-content\/uploads\/sites\/27\/2025\/12\/09123924\/sengupta-1536x1024-1.jpg 1536w\"\n                style=\"object-position: 50.00% 50.00%; font-family: &quot;object-fit: cover; object-position: 50.00% 50.00%;&quot;; aspect-ratio: 1\/1; object-fit: cover; width: 100%;\"\n        loading=\"lazy\"\n\/>    <\/figure><\/div>\n\n\n\n<div class=\"wp-block-unilux-blocks-wrapper list-people__body\">\n<h3 class=\"list-people__title has-text-align-left wp-block-unilux-blocks-heading\"        id=\"prof-anupam-sengupta\"\n    >\nProf. Anupam Sengupta<\/h3>\n\n\n\n<p class=\"list-people__description wp-block-unilux-blocks-plain-text\">Consolidator Grant<\/p>\n\n<div class=\"wp-block-unilux-blocks-simple-cta\">\n    <a\n        href=\"https:\/\/www.uni.lu\/fstm-en\/people\/anupam-sengupta\/\"\n        title=\"View profile\"\n        class=\"link-text link-text--icon list-people__link link-text link-absolute\"\n        target=\"\"\n    >\n        <span class=\"link-text__body\">\n            <span class=\"link-text__name\">Profil anzeigen<\/span>\n        <\/span>\n        <svg aria-hidden=\"true\" focusable=\"false\" class=\"icon icon-outline icon--arrow-right \"><use xlink:href=\"https:\/\/www.uni.lu\/wp-content\/themes\/unilux-theme\/assets\/images\/icons\/icons-outline.svg#icon--arrow-right\"><\/use><\/svg>    <\/a>\n<\/div>\n<\/div>\n<\/div>\n<\/div>\n\n<\/li><li class=\"w-full md:w-1\/2 p-16 wp-block-unilux-blocks-people-list-item\">\n    <div class=\"list-people bg-theme wp-block-unilux-blocks-people-item\">\n    \n<div class=\"wp-block-unilux-blocks-wrapper list-people__container\">\n<div class=\"wp-block-unilux-blocks-wrapper list-people__visual\"><figure class=\"wp-block-dev4-reusable-blocks-image w-full object-fit--cover\">\n    \n<img decoding=\"async\" class=\"wp-block-image unilux-custom-image-block\"\n                alt=\"Prof Alexandre TKATCHENKO\"\n            src=\"https:\/\/www.uni.lu\/wp-content\/uploads\/sites\/8\/2025\/02\/Prof-Alexandre-TKATCHENKO_people-list-block.jpg\"\n                    style=\"object-position: 50.00% 50.00%; font-family: &quot;object-fit: cover; object-position: 50.00% 50.00%;&quot;; aspect-ratio: 1\/1; object-fit: cover; width: 100%;\"\n        loading=\"lazy\"\n\/>    <\/figure><\/div>\n\n\n\n<div class=\"wp-block-unilux-blocks-wrapper list-people__body\">\n<h3 class=\"list-people__title has-text-align-left wp-block-unilux-blocks-heading\"        id=\"prof-alexander-tkatchenko\"\n    >\nProf. Alexander Tkatchenko<\/h3>\n\n\n\n<p class=\"list-people__description wp-block-unilux-blocks-plain-text\">Proof of Concept Grant \u2022 Advanced Grant<\/p>\n\n<div class=\"wp-block-unilux-blocks-simple-cta\">\n    <a\n        href=\"https:\/\/www.uni.lu\/fstm-en\/people\/alexandre-tkatchenko\/\"\n        title=\"View profile\"\n        class=\"link-text link-text--icon list-people__link link-text link-absolute\"\n        target=\"\"\n    >\n        <span class=\"link-text__body\">\n            <span class=\"link-text__name\">Profil anzeigen<\/span>\n        <\/span>\n        <svg aria-hidden=\"true\" focusable=\"false\" class=\"icon icon-outline icon--arrow-right \"><use xlink:href=\"https:\/\/www.uni.lu\/wp-content\/themes\/unilux-theme\/assets\/images\/icons\/icons-outline.svg#icon--arrow-right\"><\/use><\/svg>    <\/a>\n<\/div>\n<\/div>\n<\/div>\n<\/div>\n\n<\/li><\/ul>\n\n<\/div>\n\n\n\n\n<ul class=\"wp-block-unilux-blocks-quick-link-highlight quick-link-list\">\n<li class=\"wp-block-unilux-blocks-quick-link-highlight-item\">\n    <a\n                    href=\"https:\/\/www.uni.lu\/research-de\/eu-finanzierung-und-hochdotierte-foerderungen\/erc-grants\/\"\n                    class=\"quick-link\"\n            target=\"\"\n    >\n            <span class=\"quick-link__container\">\n                <span class=\"quick-link__body\">\n                    <span class=\"quick-link__number\">\n                        ERC-Grants                    <\/span>\n                    <span class=\"quick-link__title\">\n                        Lesen Sie mehr \u00fcber unsere ERC-Grants                    <\/span>\n                    <span class=\"quick-link__action\">\n                                            <\/span>\n                <\/span>\n                <svg aria-hidden=\"true\" focusable=\"false\" class=\"icon icon-outline icon--arrow-right \"><use xlink:href=\"https:\/\/www.uni.lu\/wp-content\/themes\/unilux-theme\/assets\/images\/icons\/icons-outline.svg#icon--arrow-right\"><\/use><\/svg>            <\/span>\n    <\/a>\n<\/li>\n<\/ul>\n<\/div><\/section>\n\n\n\n<section class=\"wp-block-unilux-blocks-free-section section\"><div class=\"container xl:max-w-screen-xl\">\n<h2 class=\"has-text-align-left wp-block-unilux-blocks-heading\"        id=\"fnr-pearl-professuren\"\n    >\n<strong>FNR PEARL-Professuren<\/strong><\/h2>\n\n\n\n<p>Mit dem PEARL-Programm stellt der Nationale Forschungsfonds (Fonds National de la Recherche &#8211; FNR) luxemburgischen Forschungseinrichtungen attraktive Finanzierungspakete bereit, damit sie etablierte und international anerkannte Forschende f\u00fcr Luxemburg gewinnen k\u00f6nnen.<\/p>\n\n\n<div class=\"py-48 first:pt-0 last:pb-0 wp-block-unilux-blocks-people-list\">\n    \n<h3 class=\"has-text-align-left wp-block-unilux-blocks-heading\"        id=\"aktuelle-pearl-grant-inhaber-und-lehrstuehle-an-der-universitaet-luxemburg\"\n    >\n<strong>Aktuelle PEARL<\/strong> Grant-Inhaber und Lehrst\u00fchle<strong> an der Universit\u00e4t Luxemburg<\/strong><\/h3>\n<ul class=\"flex flex-wrap -mx-16 wp-block-unilux-blocks-people-item-wrapper\">\n    <li class=\"w-full md:w-1\/2 p-16 wp-block-unilux-blocks-people-list-item\">\n    <div class=\"list-people bg-theme wp-block-unilux-blocks-people-item\">\n    \n<div class=\"wp-block-unilux-blocks-wrapper list-people__container\">\n<div class=\"wp-block-unilux-blocks-wrapper list-people__visual\"><figure class=\"wp-block-dev4-reusable-blocks-image w-full object-fit--cover\">\n    \n<img decoding=\"async\" class=\"wp-block-image unilux-custom-image-block\"\n                alt=\"\"\n            src=\"https:\/\/www.uni.lu\/wp-content\/uploads\/sites\/8\/2024\/07\/NCER-FinTech-Gilbert-Fridgen.png\"\n                    style=\"object-position: 50.00% 50.00%; font-family: &quot;object-fit: cover; object-position: 50.00% 50.00%;&quot;; aspect-ratio: 1\/1; object-fit: cover; width: 100%;\"\n        loading=\"lazy\"\n\/>    <\/figure><\/div>\n\n\n\n<div class=\"wp-block-unilux-blocks-wrapper list-people__body\">\n<h3 class=\"list-people__title has-text-align-left wp-block-unilux-blocks-heading\"        id=\"prof-gilbert-fridgen\"\n    >\nProf Gilbert FRIDGEN<\/h3>\n\n\n\n<p class=\"list-people__description wp-block-unilux-blocks-plain-text\">PayPal-FNR PEARL-Lehrstuhl f\u00fcr Digitale Finanzdienstleistungen (FinTech)<\/p>\n\n<div class=\"wp-block-unilux-blocks-simple-cta\">\n    <a\n        href=\"https:\/\/www.uni.lu\/snt-en\/people\/gilbert-fridgen\/\"\n        title=\"View profile\"\n        class=\"link-text link-text--icon list-people__link link-text link-absolute\"\n        target=\"\"\n    >\n        <span class=\"link-text__body\">\n            <span class=\"link-text__name\">Profil anzeigen<\/span>\n        <\/span>\n        <svg aria-hidden=\"true\" focusable=\"false\" class=\"icon icon-outline icon--arrow-right \"><use xlink:href=\"https:\/\/www.uni.lu\/wp-content\/themes\/unilux-theme\/assets\/images\/icons\/icons-outline.svg#icon--arrow-right\"><\/use><\/svg>    <\/a>\n<\/div>\n<\/div>\n<\/div>\n<\/div>\n\n<\/li><li class=\"w-full md:w-1\/2 p-16 wp-block-unilux-blocks-people-list-item\">\n    <div class=\"list-people bg-theme wp-block-unilux-blocks-people-item\">\n    \n<div class=\"wp-block-unilux-blocks-wrapper list-people__container\">\n<div class=\"wp-block-unilux-blocks-wrapper list-people__visual\"><figure class=\"wp-block-dev4-reusable-blocks-image w-full object-fit--cover\">\n    \n<img decoding=\"async\" class=\"wp-block-image unilux-custom-image-block\"\n                alt=\"Sean TAKATS\"\n            src=\"https:\/\/www.uni.lu\/wp-content\/uploads\/sites\/8\/2025\/02\/Sean-TAKATS_people-list-block.jpg\"\n                    style=\"object-position: 50.00% 50.00%; font-family: &quot;object-fit: cover; object-position: 50.00% 50.00%;&quot;; aspect-ratio: 1\/1; object-fit: cover; width: 100%;\"\n        loading=\"lazy\"\n\/>    <\/figure><\/div>\n\n\n\n<div class=\"wp-block-unilux-blocks-wrapper list-people__body\">\n<h3 class=\"list-people__title has-text-align-left wp-block-unilux-blocks-heading\"        id=\"prof-sean-takats\"\n    >\nProf Sean TAKATS<\/h3>\n\n\n\n<p class=\"list-people__description wp-block-unilux-blocks-plain-text\">Lehrstuhl f\u00fcr Digital History Advanced Research Projects Accelerator (DHARPA)<\/p>\n\n<div class=\"wp-block-unilux-blocks-simple-cta\">\n    <a\n        href=\"https:\/\/www.uni.lu\/c2dh-en\/people\/sean-takats\/\"\n        title=\"View profile\"\n        class=\"link-text link-text--icon list-people__link link-text link-absolute\"\n        target=\"\"\n    >\n        <span class=\"link-text__body\">\n            <span class=\"link-text__name\">Profil anzeigen<\/span>\n        <\/span>\n        <svg aria-hidden=\"true\" focusable=\"false\" class=\"icon icon-outline icon--arrow-right \"><use xlink:href=\"https:\/\/www.uni.lu\/wp-content\/themes\/unilux-theme\/assets\/images\/icons\/icons-outline.svg#icon--arrow-right\"><\/use><\/svg>    <\/a>\n<\/div>\n<\/div>\n<\/div>\n<\/div>\n\n<\/li><li class=\"w-full md:w-1\/2 p-16 wp-block-unilux-blocks-people-list-item\">\n    <div class=\"list-people bg-theme wp-block-unilux-blocks-people-item\">\n    \n<div class=\"wp-block-unilux-blocks-wrapper list-people__container\">\n<div class=\"wp-block-unilux-blocks-wrapper list-people__visual\"><figure class=\"wp-block-dev4-reusable-blocks-image w-full object-fit--cover\">\n    \n<img decoding=\"async\" class=\"wp-block-image unilux-custom-image-block\"\n                alt=\"Jochen Klucken\"\n            src=\"https:\/\/www.uni.lu\/wp-content\/uploads\/sites\/8\/2025\/02\/Jochen-KLUCKEN_people-list-block.jpg\"\n                    style=\"object-position: 50.00% 50.00%; font-family: &quot;object-fit: cover; object-position: 50.00% 50.00%;&quot;; aspect-ratio: 1\/1; object-fit: cover; width: 100%;\"\n        loading=\"lazy\"\n\/>    <\/figure><\/div>\n\n\n\n<div class=\"wp-block-unilux-blocks-wrapper list-people__body\">\n<h3 class=\"list-people__title has-text-align-left wp-block-unilux-blocks-heading\"        id=\"prof-jochen-klucken\"\n    >\nProf Jochen KLUCKEN<\/h3>\n\n\n\n<p class=\"list-people__description wp-block-unilux-blocks-plain-text\">Lehrstuhl f\u00fcr Digitale Medizin (DigiHealthPD)<\/p>\n\n<\/div>\n<\/div>\n<\/div>\n\n<\/li><li class=\"w-full md:w-1\/2 p-16 wp-block-unilux-blocks-people-list-item\">\n    <div class=\"list-people bg-theme wp-block-unilux-blocks-people-item\">\n    \n<div class=\"wp-block-unilux-blocks-wrapper list-people__container\">\n<div class=\"wp-block-unilux-blocks-wrapper list-people__visual\"><figure class=\"wp-block-dev4-reusable-blocks-image w-full object-fit--cover\">\n    \n<img decoding=\"async\" class=\"wp-block-image unilux-custom-image-block\"\n                alt=\"\"\n            src=\"https:\/\/www.uni.lu\/wp-content\/uploads\/sites\/8\/2023\/08\/people-heneka-michael.jpg\"\n                    style=\"object-position: 50.00% 50.00%; font-family: &quot;object-fit: cover; object-position: 50.00% 50.00%;&quot;; aspect-ratio: 1\/1; object-fit: cover; width: 100%;\"\n        loading=\"lazy\"\n\/>    <\/figure><\/div>\n\n\n\n<div class=\"wp-block-unilux-blocks-wrapper list-people__body\">\n<h3 class=\"list-people__title has-text-align-left wp-block-unilux-blocks-heading\"        id=\"prof-michael-heneka\"\n    >\nProf Michael HENEKA<\/h3>\n\n\n\n<p class=\"list-people__description wp-block-unilux-blocks-plain-text\">Lehrstuhl f\u00fcr die Erforschung der Alzheimer-Krankheit (MiniAlz)<\/p>\n\n<\/div>\n<\/div>\n<\/div>\n\n<\/li><li class=\"w-full md:w-1\/2 p-16 wp-block-unilux-blocks-people-item-automated\"><div class=\"ulux-card card-people bg-theme\"><div class=\"list-people bg-theme\">\n    <div class=\"list-people__container\">\n        <div class=\"list-people__visual\">\n            <figure class=\"wp-block-dev4-reusable-blocks-image\">\n                <!-- Template Image Component: default -->\n<img decoding=\"async\" class=\"w-full\" width=\"\" height=\"\" rel=\"\" alt=\"Prof Vincent LENDERS\" src=\"https:\/\/www.uni.lu\/en\/person-image\/NTAwOTUzODFfX1ZpbmNlbnQgTEVOREVSUw==\" srcset=\"https:\/\/www.uni.lu\/en\/person-image\/NTAwOTUzODFfX1ZpbmNlbnQgTEVOREVSUw==--thumbnail 150w,https:\/\/www.uni.lu\/en\/person-image\/NTAwOTUzODFfX1ZpbmNlbnQgTEVOREVSUw==--medium 300w,https:\/\/www.uni.lu\/en\/person-image\/NTAwOTUzODFfX1ZpbmNlbnQgTEVOREVSUw==--medium_large 768w,https:\/\/www.uni.lu\/en\/person-image\/NTAwOTUzODFfX1ZpbmNlbnQgTEVOREVSUw==--large 1024w,https:\/\/www.uni.lu\/en\/person-image\/NTAwOTUzODFfX1ZpbmNlbnQgTEVOREVSUw==--1536x1536 1536w,https:\/\/www.uni.lu\/en\/person-image\/NTAwOTUzODFfX1ZpbmNlbnQgTEVOREVSUw==--2048x2048 2048w\" loading=\"lazy\" \/><!-- end Image Component -->\n            <\/figure>\n        <\/div>\n        <div class=\"list-people__body\">\n            <h3 class=\"list-people__title\">Prof Vincent LENDERS<\/h3>\n            <p class=\"list-people__description\">Full professor in Cybersecurity<\/p>\n            <div class=\"wp-block-unilux-blocks-simple-cta wp-block-unilux-blocks-people-item-automated\">\n    <a\n        href=\"https:\/\/www.uni.lu\/snt-en\/people\/vincent-lenders\/\"\n        title=\"Prof Vincent LENDERS\"\n        class=\"link-text link-text--icon list-people__link link-absolute\"\n        target=\"\"\n    >\n        <span class=\"link-text__body\">\n            <span class=\"link-text__name\">Profil anzeigen<\/span>\n        <\/span>\n        <svg aria-hidden=\"true\" focusable=\"false\" class=\"icon icon-outline icon--arrow-right \"><use xlink:href=\"https:\/\/www.uni.lu\/wp-content\/themes\/unilux-theme\/assets\/images\/icons\/icons-outline.svg#icon--arrow-right\"><\/use><\/svg>    <\/a>\n<\/div>\n        <\/div>\n    <\/div>\n<\/div>\n<\/div><\/li><\/ul>\n\n<\/div>\n\n<\/div><\/section>\n\n\n\n<section class=\"py-0 wp-block-unilux-blocks-free-section section\"><div class=\"container xl:max-w-screen-xl\">\n<h2 class=\"has-text-align-left wp-block-unilux-blocks-heading\"        id=\"fnr-attract-fellows\"\n    >\n<strong>FNR ATTRACT Fellows<\/strong><\/h2>\n\n\n\n<p>Das ATTRACT-Programm des FNR richtet sich an noch nicht in Luxemburg niedergelassene Forschende, die das Potenzial haben, eine Spitzenposition auf ihrem Forschungsgebiet zu erreichen. Das Programm bietet vielversprechenden Nachwuchsforschern die M\u00f6glichkeit, innerhalb einer der Forschungseinrichtungen des Landes ein eigenes Forschungsteam aufzubauen.<\/p>\n\n\n\n<h4 class=\"has-text-align-left wp-block-unilux-blocks-heading\"        id=\"aktuelle-attract-fellows-an-der-universitaet-luxemburg\"\n    >\nAktuelle ATTRACT Fellows an der Universit\u00e4t Luxemburg<\/h4>\n\n\n\n<div class=\"wp-block-unilux-blocks-guidebook-list-wrapper guidebook\">\n<header class=\"wp-block-unilux-blocks-wrapper guidebook__header\">\n<h3 class=\"guidebook__title has-text-align-left wp-block-unilux-blocks-heading\"        id=\"attract-starting-grants\"\n    >\nATTRACT Starting Grants<\/h3>\n\n\n\n<p><\/p>\n<\/header>\n\n\n<ul class=\"guidebook__listing  wp-block-unilux-blocks-guidebook-list\">\n    <li class=\"guidebook__item  wp-block-unilux-blocks-guidebook-list-item\">\n        <a\n        href=\"https:\/\/www.uni.lu\/lcsb-en\/people\/anne-grunewald\/\"\n        class=\"quick-link\"\n        target=\"\"\n    >\n            \n<div class=\"wp-block-unilux-blocks-wrapper guidebook__visual\"><figure class=\"wp-block-dev4-reusable-blocks-image w-full object-fit--cover\">\n    \n<img decoding=\"async\" class=\"wp-block-image unilux-custom-image-block\"\n                alt=\"Anne Gr\u00fcnewald\"\n            src=\"https:\/\/www.uni.lu\/wp-content\/uploads\/sites\/8\/2025\/02\/Anne-Gruenewald_people-list-block.jpg\"\n                    style=\"object-position: 50.00% 50.00%; font-family: &quot;object-fit: cover; object-position: 50.00% 50.00%;&quot;; aspect-ratio: 64\/97; object-fit: cover; width: 100%;\"\n        loading=\"lazy\"\n\/>    <\/figure><\/div>\n\n<div class=\"wp-block-unilux-blocks-wrapper guidebook__body\">\n<h4 class=\"guidebook__name has-text-align-left wp-block-unilux-blocks-heading\"        id=\"modelling-idiopathic-parkinsons-disease-associated-somatic-variation-in-dopaminergic-neurons-model-ipd\"\n    >\nModelling idiopathic Parkinson\u2019s disease-associated somatic variation in dopaminergic neurons \u2013 Model IPD<\/h4>\n\n\n\n<cite class=\"wp-block-unilux-blocks-plain-text\">Anne Gr\u00fcnewald<\/cite><\/div>\n        <\/a>\n    <\/li><li class=\"guidebook__item  wp-block-unilux-blocks-guidebook-list-item\">\n        <a\n        href=\"https:\/\/www.uni.lu\/fstm-en\/people\/anupam-sengupta\/\"\n        class=\"quick-link\"\n        target=\"\"\n    >\n            \n<div class=\"wp-block-unilux-blocks-wrapper guidebook__visual\"><figure class=\"wp-block-dev4-reusable-blocks-image w-full object-fit--cover\">\n    \n<img decoding=\"async\" class=\"wp-block-image unilux-custom-image-block\"\n                alt=\"\"\n            src=\"https:\/\/www.uni.lu\/wp-content\/uploads\/sites\/8\/2024\/09\/Anupam-Sengupta.jpg\"\n                    style=\"object-position: 50.00% 50.00%; font-family: &quot;object-fit: cover; object-position: 50.00% 50.00%;&quot;; aspect-ratio: 64\/97; object-fit: cover; width: 100%;\"\n        loading=\"lazy\"\n\/>    <\/figure><\/div>\n\n<div class=\"wp-block-unilux-blocks-wrapper guidebook__body\">\n<h4 class=\"guidebook__name has-text-align-left wp-block-unilux-blocks-heading\"        id=\"microbial-biophysics-of-rapid-adaptation-in-changing-environments-mbrace\"\n    >\nMicrobial Biophysics of Rapid Adaptation in Changing Environments \u2013 MBRACE<\/h4>\n\n\n\n<cite class=\"wp-block-unilux-blocks-plain-text\">Anupam Sengupta<\/cite><\/div>\n        <\/a>\n    <\/li><li class=\"guidebook__item  wp-block-unilux-blocks-guidebook-list-item\">\n        <a\n        href=\"https:\/\/www.uni.lu\/fstm-en\/people\/etienne-fodor\/\"\n        class=\"quick-link\"\n        target=\"\"\n    >\n            \n<div class=\"wp-block-unilux-blocks-wrapper guidebook__visual\"><figure class=\"wp-block-dev4-reusable-blocks-image w-full object-fit--cover\">\n    \n<img decoding=\"async\" class=\"wp-block-image unilux-custom-image-block\"\n                alt=\"Etienne FODOR\"\n            src=\"https:\/\/www.uni.lu\/wp-content\/uploads\/sites\/8\/2025\/02\/Etienne-FODOR_people-list-block.jpg\"\n                    style=\"object-position: 50.00% 50.00%; font-family: &quot;object-fit: cover; object-position: 50.00% 50.00%;&quot;; aspect-ratio: 64\/97; object-fit: cover; width: 100%;\"\n        loading=\"lazy\"\n\/>    <\/figure><\/div>\n\n<div class=\"wp-block-unilux-blocks-wrapper guidebook__body\">\n<h4 class=\"guidebook__name has-text-align-left wp-block-unilux-blocks-heading\"        id=\"statistical-mechanics-of-active-matter-smac\"\n    >\nStatistical Mechanics of Active Matter \u2013 SMAC<\/h4>\n\n\n\n<cite class=\"wp-block-unilux-blocks-plain-text\">Etienne Fodor<\/cite><\/div>\n        <\/a>\n    <\/li><\/ul><\/div>\n\n\n\n<div class=\"wp-block-unilux-blocks-guidebook-list-wrapper guidebook\">\n<header class=\"wp-block-unilux-blocks-wrapper guidebook__header\">\n<h3 class=\"guidebook__title has-text-align-left wp-block-unilux-blocks-heading\"        id=\"attract-consolidator-grant\"\n    >\nATTRACT Consolidator Grant<\/h3>\n\n\n\n<p><\/p>\n<\/header>\n\n\n<ul class=\"guidebook__listing  wp-block-unilux-blocks-guidebook-list\">\n    <li class=\"guidebook__item  wp-block-unilux-blocks-guidebook-list-item\">\n        <a\n        href=\"https:\/\/www.uni.lu\/fhse-en\/people\/pedro-cardoso-leite\/\"\n        class=\"quick-link\"\n        target=\"\"\n    >\n            \n<div class=\"wp-block-unilux-blocks-wrapper guidebook__visual\"><figure class=\"wp-block-dev4-reusable-blocks-image w-full object-fit--cover\">\n    \n<img decoding=\"async\" class=\"wp-block-image unilux-custom-image-block\"\n                alt=\"\"\n            src=\"https:\/\/www.uni.lu\/wp-content\/uploads\/sites\/8\/2025\/02\/Pedro-CARDOSO-LEITE_people-list-block-1.jpg\"\n                    style=\"object-position: 50.00% 50.00%; font-family: &quot;object-fit: cover; object-position: 50.00% 50.00%;&quot;; aspect-ratio: 64\/97; object-fit: cover; width: 100%;\"\n        loading=\"lazy\"\n\/>    <\/figure><\/div>\n\n<div class=\"wp-block-unilux-blocks-wrapper guidebook__body\">\n<h4 class=\"guidebook__name has-text-align-left wp-block-unilux-blocks-heading\"        id=\"scientifically-validated-digital-learning-environments-digilearn\"\n    >\nScientifically validated digital learning environments \u2013 DIGILEARN<\/h4>\n\n\n\n<cite class=\"wp-block-unilux-blocks-plain-text\">Pedro Cardoso-Leite<\/cite><\/div>\n        <\/a>\n    <\/li><li class=\"guidebook__item  wp-block-unilux-blocks-guidebook-list-item\">\n        <a\n        href=\"https:\/\/www.uni.lu\/fstm-en\/people\/alex-redinger\/\"\n        class=\"quick-link\"\n        target=\"\"\n    >\n            \n<div class=\"wp-block-unilux-blocks-wrapper guidebook__visual\"><figure class=\"wp-block-dev4-reusable-blocks-image w-full object-fit--cover\">\n    \n<img decoding=\"async\" class=\"wp-block-image unilux-custom-image-block\"\n                alt=\"Alex REDINGER\"\n            src=\"https:\/\/www.uni.lu\/wp-content\/uploads\/sites\/8\/2025\/02\/Alex-REDINGER_people-list-block.jpg\"\n                    style=\"object-position: 50.00% 50.00%; font-family: &quot;object-fit: cover; object-position: 50.00% 50.00%;&quot;; aspect-ratio: 64\/97; object-fit: cover; width: 100%;\"\n        loading=\"lazy\"\n\/>    <\/figure><\/div>\n\n<div class=\"wp-block-unilux-blocks-wrapper guidebook__body\">\n<h4 class=\"guidebook__name has-text-align-left wp-block-unilux-blocks-heading\"        id=\"surface-and-interface-science-on-photovoltaic-materials-sunspot\"\n    >\nSurface and interface science on photovoltaic materials \u2013 SUNSPOT<\/h4>\n\n\n\n<cite class=\"wp-block-unilux-blocks-plain-text\">Alex Redinger<\/cite><\/div>\n        <\/a>\n    <\/li><li class=\"guidebook__item  wp-block-unilux-blocks-guidebook-list-item\">\n        <a\n        href=\"https:\/\/www.uni.lu\/lcsb-en\/people\/emma-schymanski\/\"\n        class=\"quick-link\"\n        target=\"\"\n    >\n            \n<div class=\"wp-block-unilux-blocks-wrapper guidebook__visual\"><figure class=\"wp-block-dev4-reusable-blocks-image w-full object-fit--cover\">\n    \n<img decoding=\"async\" class=\"wp-block-image unilux-custom-image-block\"\n                alt=\"\"\n            src=\"https:\/\/www.uni.lu\/wp-content\/uploads\/sites\/8\/2024\/09\/Emma-Schymanski.jpg\"\n                    style=\"object-position: 37.00% 51.00%; font-family: &quot;object-fit: cover; object-position: 37.00% 51.00%;&quot;; aspect-ratio: 64\/97; object-fit: cover; width: 100%;\"\n        loading=\"lazy\"\n\/>    <\/figure><\/div>\n\n<div class=\"wp-block-unilux-blocks-wrapper guidebook__body\">\n<h4 class=\"guidebook__name has-text-align-left wp-block-unilux-blocks-heading\"        id=\"environmental-cheminformatics-to-identify-unknown-chemicals-and-their-effects-echidna\"\n    >\nEnvironmental Cheminformatics to Identify Unknown Chemicals and their Effects \u2013ECHIDNA<\/h4>\n\n\n\n<cite class=\"wp-block-unilux-blocks-plain-text\">Emma Schymanski<\/cite><\/div>\n        <\/a>\n    <\/li><li class=\"guidebook__item  wp-block-unilux-blocks-guidebook-list-item\">\n        <a\n        href=\"https:\/\/www.uni.lu\/c2dh-en\/people\/thomas-cauvin\/\"\n        class=\"quick-link\"\n        target=\"\"\n    >\n            \n<div class=\"wp-block-unilux-blocks-wrapper guidebook__visual\"><figure class=\"wp-block-dev4-reusable-blocks-image w-full object-fit--cover\">\n    \n<img decoding=\"async\" class=\"wp-block-image unilux-custom-image-block\"\n                alt=\"Thomas CAUVIN\"\n            src=\"https:\/\/www.uni.lu\/wp-content\/uploads\/sites\/8\/2025\/02\/Thomas-CAUVIN_people-list-block.jpg\"\n                    style=\"object-position: 50.00% 50.00%; font-family: &quot;object-fit: cover; object-position: 50.00% 50.00%;&quot;; aspect-ratio: 64\/97; object-fit: cover; width: 100%;\"\n        loading=\"lazy\"\n\/>    <\/figure><\/div>\n\n<div class=\"wp-block-unilux-blocks-wrapper guidebook__body\">\n<h4 class=\"guidebook__name has-text-align-left wp-block-unilux-blocks-heading\"        id=\"public-history-as-a-new-participatory-model-for-interpreting-the-past\"\n    >\nPublic history as a new participatory model for interpreting the past<\/h4>\n\n\n\n<cite class=\"wp-block-unilux-blocks-plain-text\">Thomas Cauvin<\/cite><\/div>\n        <\/a>\n    <\/li><li class=\"guidebook__item  wp-block-unilux-blocks-guidebook-list-item\">\n        <a\n        href=\"https:\/\/www.uni.lu\/fhse-en\/people\/lindsay-flynn\/\"\n        class=\"quick-link\"\n        target=\"\"\n    >\n            \n<div class=\"wp-block-unilux-blocks-wrapper guidebook__visual\"><figure class=\"wp-block-dev4-reusable-blocks-image w-full object-fit--cover\">\n    \n<img decoding=\"async\" class=\"wp-block-image unilux-custom-image-block\"\n                alt=\"Lindsay FLYNN\"\n            src=\"https:\/\/www.uni.lu\/wp-content\/uploads\/sites\/8\/2025\/02\/Lindsay-FLYNN_people-list-block.jpg\"\n                    style=\"object-position: 60.00% 46.00%; font-family: &quot;object-fit: cover; object-position: 60.00% 46.00%;&quot;; aspect-ratio: 64\/97; object-fit: cover; width: 100%;\"\n        loading=\"lazy\"\n\/>    <\/figure><\/div>\n\n<div class=\"wp-block-unilux-blocks-wrapper guidebook__body\">\n<h4 class=\"guidebook__name has-text-align-left wp-block-unilux-blocks-heading\"        id=\"pro-active-policymaking-for-equal-lives-propel\"\n    >\nPRO-Active Policymaking for Equal Lives \u2013 PROPEL<\/h4>\n\n\n\n<cite class=\"wp-block-unilux-blocks-plain-text\">Lindsay Flynn<\/cite><\/div>\n        <\/a>\n    <\/li><li class=\"guidebook__item  wp-block-unilux-blocks-guidebook-list-item\">\n        <a\n        href=\"https:\/\/www.uni.lu\/fstm-en\/people\/aurelia-chenu\/\"\n        class=\"quick-link\"\n        target=\"\"\n    >\n            \n<div class=\"wp-block-unilux-blocks-wrapper guidebook__visual\"><figure class=\"wp-block-dev4-reusable-blocks-image w-full object-fit--cover\">\n    \n<img decoding=\"async\" class=\"wp-block-image unilux-custom-image-block\"\n                alt=\"\"\n            src=\"https:\/\/www.uni.lu\/wp-content\/uploads\/sites\/8\/2023\/08\/people-chenu-aurelia.jpg\"\n                    style=\"object-position: 50.00% 50.00%; font-family: &quot;object-fit: cover; object-position: 50.00% 50.00%;&quot;; aspect-ratio: 64\/97; object-fit: cover; width: 100%;\"\n        loading=\"lazy\"\n\/>    <\/figure><\/div>\n\n<div class=\"wp-block-unilux-blocks-wrapper guidebook__body\">\n<h4 class=\"guidebook__name has-text-align-left wp-block-unilux-blocks-heading\"        id=\"quantum-dynamics-and-control\"\n    >\nQuantum dynamics and control<\/h4>\n\n\n\n<cite class=\"wp-block-unilux-blocks-plain-text\">Aur\u00e9lia Chenu<\/cite><\/div>\n        <\/a>\n    <\/li><\/ul><\/div>\n<\/div><\/section>\n\n\n\n<section class=\"wp-block-unilux-blocks-free-section section\"><div class=\"container xl:max-w-screen-xl\">\n<h2 class=\"has-text-align-left wp-block-unilux-blocks-heading\"        id=\"rapid-incentive-scheme-rise2-0-der-universitaet-luxemburg\"\n    >\n<strong>Rapid Incentive Scheme (RISE2.0) der Universit\u00e4t Luxemburg<\/strong><\/h2>\n\n\n\n<p>Das Rapid Incentive Scheme (RISE2.0) der Universit\u00e4t Luxemburg unterst\u00fctzt Forschende bei der Erstellung ihrer Antr\u00e4ge f\u00fcr Horizont Europa. Durch die Gew\u00e4hrung eines Zuschusses in H\u00f6he von bis zu 20.000 Euro wird die Qualit\u00e4t der im Rahmen aller Programme von Horizont Europa eingereichten Vorschl\u00e4ge optimiert, insbesondere f\u00fcr ERC- und MSCA-Kandidaten.<\/p>\n\n\n\n<h2 class=\"has-text-align-left wp-block-unilux-blocks-heading\"        id=\"marie-sklodowska-curie-massnahmen\"\n    >\nMarie Sk\u0142odowska-Curie-Ma\u00dfnahmen<\/h2>\n\n\n\n<p>Seit 2014 wurden der Universit\u00e4t Luxemburg \u00fcber 60 MSCA-Finanzhilfen mit einem EU-Beitrag von insgesamt 67,8 Mio. EUR f\u00fcr alle Beg\u00fcnstigten gew\u00e4hrt, wovon die Universit\u00e4t Luxemburg 13,2 Mio. EUR erhalten hat.<\/p>\n<\/div><\/section>\n\n\n\n<section class=\"py-0 wp-block-unilux-blocks-free-section section\"><div class=\"container xl:max-w-screen-xl\">\n<h2 class=\"has-text-align-left wp-block-unilux-blocks-heading\"        id=\"informationen-zu-institutionellen-validierungsverfahren\"\n    >\nInformationen zu institutionellen Validierungsverfahren<\/h2>\n\n\n\n<p><strong>F\u00fcr EU-Finanzierung:<\/strong><\/p>\n\n\n\n<p>Die Universit\u00e4t hat ein eigenes EU-Supportteam in der Abteilung f\u00fcr Forschungsf\u00f6rderung, das Forschende dabei unterst\u00fctzt, Finanzierungsm\u00f6glichkeiten zu ermitteln und Antr\u00e4ge f\u00fcr EU-Zusch\u00fcsse vorzubereiten, einzureichen und zu verwalten. Weitere Informationen zum gesamten Leistungsspektrum erhalten Sie beim EU-Supportteam in der Abteilung f\u00fcr Forschungsf\u00f6rderung.<\/p>\n\n\n\n<p><strong>F\u00fcr hochkar\u00e4tige F\u00f6rderungen:<\/strong><\/p>\n\n\n\n<p>Kandidaten f\u00fcr hochkar\u00e4tige F\u00f6rderungen werden im Rahmen eines umfassenden, mehrstufigen institutionellen Validierungsverfahrens ausgew\u00e4hlt. Sie werden von bef\u00fcrwortenden Professoren vorgeschlagen und von der entsprechenden Fakult\u00e4t angeh\u00f6rt. Au\u00dferdem wird die strategische Ausrichtung des Forschungsgebiets jedes Kandidaten auf den langfristigen Entwicklungsplan des Fachbereichs\/der Fakult\u00e4t\/des Zentrums bewertet. F\u00e4llt die Beurteilung durch die Peers positiv aus, bereiten Bewerber, betreuender Professor und die Abteilung f\u00fcr Forschungsf\u00f6rderung die Bewerbung des Kandidaten zur Validierung durch den Rektor vor. Das Rektorat bewertet die Bewerbungen im Hinblick auf ihre Qualit\u00e4t, ihre strategische Eignung und ihre Auswirkungen auf den langfristigen Entwicklungsplan der Universit\u00e4t sowie auf die Gleichstellung der Geschlechter. N\u00e4here Informationen zum Verfahren und zu den Bewerbungsfristen erhalten Sie von der Abteilung f\u00fcr Forschungsf\u00f6rderung.<\/p>\n<\/div><\/section>\n\n\n<section class=\"section section wp-block-unilux-blocks-quick-link-discover-section\">\n    <div class=\"container xl:max-w-screen-xl\">\n        \n<h2 class=\"has-text-align-left wp-block-unilux-blocks-heading\"        id=\"kontakt\"\n    >\nKontakt<\/h2>\n\n<ul class=\"wp-block-unilux-blocks-quick-link-discover quick-link-list\">\n<li class=\"wp-block-unilux-blocks-quick-link-discover-item\">\n    <a\n                    href=\"https:\/\/www.uni.lu\/de\/ueber-uns\/organisation\/verwaltung\/abteilung-fuer-forschungsfoerderung\/\"\n                    class=\"quick-link\"\n            target=\"\"\n    >\n            <span class=\"quick-link__container\">\n                <span class=\"quick-link__text\">\n                    Abteilung f\u00fcr Forschungsf\u00f6rderung                <\/span>\n                <svg aria-hidden=\"true\" focusable=\"false\" class=\"icon icon-outline icon--arrow-right \"><use xlink:href=\"https:\/\/www.uni.lu\/wp-content\/themes\/unilux-theme\/assets\/images\/icons\/icons-outline.svg#icon--arrow-right\"><\/use><\/svg>            <\/span>\n    <\/a>\n<\/li>\n<\/ul>\n    <\/div>\n<\/section><\/div>","protected":false},"excerpt":{"rendered":"","protected":false},"author":33,"featured_media":0,"parent":0,"menu_order":11,"comment_status":"closed","ping_status":"closed","template":"","meta":{"featured_image_focal_point":[],"show_featured_caption":false,"ulux_newsletter_groups":"","uluxPostTitle":"EU-Finanzierung und hochkar\u00e4tige F\u00f6rderungen","uluxPrePostTitle":"","_trash_the_other_posts":false,"_price":"","_stock":"","_tribe_ticket_header":"","_tribe_default_ticket_provider":"","_tribe_ticket_capacity":"0","_ticket_start_date":"","_ticket_end_date":"","_tribe_ticket_show_description":"","_tribe_ticket_show_not_going":false,"_tribe_ticket_use_global_stock":"","_tribe_ticket_global_stock_level":"","_global_stock_mode":"","_global_stock_cap":"","_tribe_rsvp_for_event":"","_tribe_ticket_going_count":"","_tribe_ticket_not_going_count":"","_tribe_tickets_list":"[]","_tribe_ticket_has_attendee_info_fields":false,"footnotes":""},"field-of-interest":[],"organisation":[],"authorship":[33],"acf":[],"yoast_head":"<!-- This site is optimized with the Yoast SEO Premium plugin v22.3 (Yoast SEO v22.3) - https:\/\/yoast.com\/wordpress\/plugins\/seo\/ -->\n<title>EU-Finanzierung und hochdotierte F\u00f6rderungen - Universit\u00e4t Luxemburg I Uni.lu<\/title>\n<meta name=\"robots\" content=\"index, follow, max-snippet:-1, max-image-preview:large, max-video-preview:-1\" \/>\n<link rel=\"canonical\" href=\"https:\/\/www.uni.lu\/research-de\/eu-finanzierung-und-hochdotierte-foerderungen\/\" \/>\n<meta property=\"og:locale\" content=\"de_DE\" \/>\n<meta property=\"og:type\" content=\"article\" \/>\n<meta property=\"og:title\" content=\"EU-Finanzierung und hochdotierte F\u00f6rderungen\" \/>\n<meta property=\"og:url\" content=\"https:\/\/www.uni.lu\/research-de\/eu-finanzierung-und-hochdotierte-foerderungen\/\" \/>\n<meta property=\"og:site_name\" content=\"RESEARCH DE\" \/>\n<meta property=\"article:modified_time\" content=\"2025-12-09T11:40:15+00:00\" \/>\n<meta property=\"og:image\" content=\"https:\/\/www.uni.lu\/wp-content\/uploads\/sites\/27\/2026\/03\/03115723\/UNIV_SM-Profile_1600x1600px-scaled.jpg\" \/>\n\t<meta property=\"og:image:width\" content=\"2560\" \/>\n\t<meta property=\"og:image:height\" content=\"2560\" \/>\n\t<meta property=\"og:image:type\" content=\"image\/jpeg\" \/>\n<meta name=\"twitter:card\" content=\"summary_large_image\" \/>\n<meta name=\"twitter:label1\" content=\"Gesch\u00e4tzte Lesezeit\" \/>\n\t<meta name=\"twitter:data1\" content=\"3 Minuten\" \/>\n<script type=\"application\/ld+json\" class=\"yoast-schema-graph\">{\"@context\":\"https:\/\/schema.org\",\"@graph\":[{\"@type\":\"WebPage\",\"@id\":\"https:\/\/www.uni.lu\/research-de\/eu-finanzierung-und-hochdotierte-foerderungen\/\",\"url\":\"https:\/\/www.uni.lu\/research-de\/eu-finanzierung-und-hochdotierte-foerderungen\/\",\"name\":\"EU-Finanzierung und hochdotierte F\u00f6rderungen - Universit\u00e4t Luxemburg I Uni.lu\",\"isPartOf\":{\"@id\":\"https:\/\/www.uni.lu\/research-de\/#website\"},\"datePublished\":\"2023-11-06T13:26:40+00:00\",\"dateModified\":\"2025-12-09T11:40:15+00:00\",\"breadcrumb\":{\"@id\":\"https:\/\/www.uni.lu\/research-de\/eu-finanzierung-und-hochdotierte-foerderungen\/#breadcrumb\"},\"inLanguage\":\"de-DE\",\"potentialAction\":[{\"@type\":\"ReadAction\",\"target\":[\"https:\/\/www.uni.lu\/research-de\/eu-finanzierung-und-hochdotierte-foerderungen\/\"]}]},{\"@type\":\"BreadcrumbList\",\"@id\":\"https:\/\/www.uni.lu\/research-de\/eu-finanzierung-und-hochdotierte-foerderungen\/#breadcrumb\",\"itemListElement\":[{\"@type\":\"ListItem\",\"position\":1,\"name\":\"Home\",\"item\":\"https:\/\/www.uni.lu\/de\"},{\"@type\":\"ListItem\",\"position\":2,\"name\":\"Forschung\",\"item\":\"https:\/\/www.uni.lu\/research-de\/\"},{\"@type\":\"ListItem\",\"position\":3,\"name\":\"EU-Finanzierung und hochdotierte F\u00f6rderungen\"}]},{\"@type\":\"WebSite\",\"@id\":\"https:\/\/www.uni.lu\/research-de\/#website\",\"url\":\"https:\/\/www.uni.lu\/research-de\/\",\"name\":\"Uni.lu\",\"description\":\"Forschung an der Universit\u00e4t Luxemburg\",\"publisher\":{\"@id\":\"https:\/\/www.uni.lu\/research-de\/#organization\"},\"alternateName\":\"Universit\u00e4t Luxemburg\",\"potentialAction\":[{\"@type\":\"SearchAction\",\"target\":{\"@type\":\"EntryPoint\",\"urlTemplate\":\"https:\/\/www.uni.lu\/research-de\/?s={search_term_string}\"},\"query-input\":\"required name=search_term_string\"}],\"inLanguage\":\"de-DE\"},{\"@type\":\"Organization\",\"@id\":\"https:\/\/www.uni.lu\/research-de\/#organization\",\"name\":\"Universit\u00e4t Luxemburg\",\"alternateName\":\"Uni.lu\",\"url\":\"https:\/\/www.uni.lu\/research-de\/\",\"logo\":{\"@type\":\"ImageObject\",\"inLanguage\":\"de-DE\",\"@id\":\"https:\/\/www.uni.lu\/research-de\/#\/schema\/logo\/image\/\",\"url\":\"https:\/\/www.uni.lu\/wp-content\/uploads\/sites\/27\/2026\/03\/03115723\/UNIV_SM-Profile_1600x1600px-scaled.jpg\",\"contentUrl\":\"https:\/\/www.uni.lu\/wp-content\/uploads\/sites\/27\/2026\/03\/03115723\/UNIV_SM-Profile_1600x1600px-scaled.jpg\",\"width\":2560,\"height\":2560,\"caption\":\"Universit\u00e4t Luxemburg\"},\"image\":{\"@id\":\"https:\/\/www.uni.lu\/research-de\/#\/schema\/logo\/image\/\"},\"description\":\"Forschung an der Universit\u00e4t Luxemburg\"}]}<\/script>\n<!-- \/ Yoast SEO Premium plugin. -->","yoast_head_json":{"title":"EU-Finanzierung und hochdotierte F\u00f6rderungen - Universit\u00e4t Luxemburg I Uni.lu","robots":{"index":"index","follow":"follow","max-snippet":"max-snippet:-1","max-image-preview":"max-image-preview:large","max-video-preview":"max-video-preview:-1"},"canonical":"https:\/\/www.uni.lu\/research-de\/eu-finanzierung-und-hochdotierte-foerderungen\/","og_locale":"de_DE","og_type":"article","og_title":"EU-Finanzierung und hochdotierte F\u00f6rderungen","og_url":"https:\/\/www.uni.lu\/research-de\/eu-finanzierung-und-hochdotierte-foerderungen\/","og_site_name":"RESEARCH DE","article_modified_time":"2025-12-09T11:40:15+00:00","og_image":[{"width":2560,"height":2560,"url":"https:\/\/www.uni.lu\/wp-content\/uploads\/sites\/27\/2026\/03\/03115723\/UNIV_SM-Profile_1600x1600px-scaled.jpg","type":"image\/jpeg"}],"twitter_card":"summary_large_image","twitter_misc":{"Gesch\u00e4tzte Lesezeit":"3 Minuten"},"schema":{"@context":"https:\/\/schema.org","@graph":[{"@type":"WebPage","@id":"https:\/\/www.uni.lu\/research-de\/eu-finanzierung-und-hochdotierte-foerderungen\/","url":"https:\/\/www.uni.lu\/research-de\/eu-finanzierung-und-hochdotierte-foerderungen\/","name":"EU-Finanzierung und hochdotierte F\u00f6rderungen - Universit\u00e4t Luxemburg I Uni.lu","isPartOf":{"@id":"https:\/\/www.uni.lu\/research-de\/#website"},"datePublished":"2023-11-06T13:26:40+00:00","dateModified":"2025-12-09T11:40:15+00:00","breadcrumb":{"@id":"https:\/\/www.uni.lu\/research-de\/eu-finanzierung-und-hochdotierte-foerderungen\/#breadcrumb"},"inLanguage":"de-DE","potentialAction":[{"@type":"ReadAction","target":["https:\/\/www.uni.lu\/research-de\/eu-finanzierung-und-hochdotierte-foerderungen\/"]}]},{"@type":"BreadcrumbList","@id":"https:\/\/www.uni.lu\/research-de\/eu-finanzierung-und-hochdotierte-foerderungen\/#breadcrumb","itemListElement":[{"@type":"ListItem","position":1,"name":"Home","item":"https:\/\/www.uni.lu\/de"},{"@type":"ListItem","position":2,"name":"Forschung","item":"https:\/\/www.uni.lu\/research-de\/"},{"@type":"ListItem","position":3,"name":"EU-Finanzierung und hochdotierte F\u00f6rderungen"}]},{"@type":"WebSite","@id":"https:\/\/www.uni.lu\/research-de\/#website","url":"https:\/\/www.uni.lu\/research-de\/","name":"Uni.lu","description":"Forschung an der Universit\u00e4t Luxemburg","publisher":{"@id":"https:\/\/www.uni.lu\/research-de\/#organization"},"alternateName":"Universit\u00e4t Luxemburg","potentialAction":[{"@type":"SearchAction","target":{"@type":"EntryPoint","urlTemplate":"https:\/\/www.uni.lu\/research-de\/?s={search_term_string}"},"query-input":"required name=search_term_string"}],"inLanguage":"de-DE"},{"@type":"Organization","@id":"https:\/\/www.uni.lu\/research-de\/#organization","name":"Universit\u00e4t Luxemburg","alternateName":"Uni.lu","url":"https:\/\/www.uni.lu\/research-de\/","logo":{"@type":"ImageObject","inLanguage":"de-DE","@id":"https:\/\/www.uni.lu\/research-de\/#\/schema\/logo\/image\/","url":"https:\/\/www.uni.lu\/wp-content\/uploads\/sites\/27\/2026\/03\/03115723\/UNIV_SM-Profile_1600x1600px-scaled.jpg","contentUrl":"https:\/\/www.uni.lu\/wp-content\/uploads\/sites\/27\/2026\/03\/03115723\/UNIV_SM-Profile_1600x1600px-scaled.jpg","width":2560,"height":2560,"caption":"Universit\u00e4t Luxemburg"},"image":{"@id":"https:\/\/www.uni.lu\/research-de\/#\/schema\/logo\/image\/"},"description":"Forschung an der Universit\u00e4t Luxemburg"}]}},"ticketed":false,"_links":{"self":[{"href":"https:\/\/www.uni.lu\/research-de\/wp-json\/wp\/v2\/pages\/34"}],"collection":[{"href":"https:\/\/www.uni.lu\/research-de\/wp-json\/wp\/v2\/pages"}],"about":[{"href":"https:\/\/www.uni.lu\/research-de\/wp-json\/wp\/v2\/types\/page"}],"author":[{"embeddable":true,"href":"https:\/\/www.uni.lu\/research-de\/wp-json\/wp\/v2\/users\/33"}],"replies":[{"embeddable":true,"href":"https:\/\/www.uni.lu\/research-de\/wp-json\/wp\/v2\/comments?post=34"}],"version-history":[{"count":5,"href":"https:\/\/www.uni.lu\/research-de\/wp-json\/wp\/v2\/pages\/34\/revisions"}],"predecessor-version":[{"id":750,"href":"https:\/\/www.uni.lu\/research-de\/wp-json\/wp\/v2\/pages\/34\/revisions\/750"}],"wp:authorship":[{"embeddable":true,"href":"https:\/\/www.uni.lu\/research-de\/wp-json\/wp\/v2\/users\/33"}],"wp:attachment":[{"href":"https:\/\/www.uni.lu\/research-de\/wp-json\/wp\/v2\/media?parent=34"}],"wp:term":[{"taxonomy":"field-of-interest","embeddable":true,"href":"https:\/\/www.uni.lu\/research-de\/wp-json\/wp\/v2\/field-of-interest?post=34"},{"taxonomy":"organisation","embeddable":true,"href":"https:\/\/www.uni.lu\/research-de\/wp-json\/wp\/v2\/organisation?post=34"}],"curies":[{"name":"wp","href":"https:\/\/api.w.org\/{rel}","templated":true}]}}