{"id":934,"date":"2023-06-26T13:06:29","date_gmt":"2023-06-26T13:06:29","guid":{"rendered":"https:\/\/website.prod.unilu.spikeseed.cloud\/llc-en\/?post_type=subject-guides&#038;p=934"},"modified":"2026-02-11T11:13:50","modified_gmt":"2026-02-11T10:13:50","slug":"french-studies","status":"publish","type":"subject-guides","link":"https:\/\/www.uni.lu\/llc-en\/subject-guides\/french-studies\/","title":{"rendered":"French Studies"},"content":{"rendered":"<div class=\"section py-0 static\">\n<section class=\"py-0 wp-block-unilux-blocks-free-section section\"><div class=\"container xl:max-w-screen-xl\"><div class=\"js-secondary-nav--sticky wp-block-unilux-blocks-secondary-navigation\" id=\"bcd85755-eb09-4388-8373-00379cc183d9\">\n    <nav\n        id=\"secondary-navigation\"\n        role=\"navigation\"\n        aria-label=\"Secondary menu\"\n        class=\"secondary-nav\"\n    >\n        <button\n            class=\"secondary-nav__button btn btn-solid--primary w-full\"\n            aria-expanded=\"false\"\n            aria-controls=\"secondary-navigation__list\"\n            title=\"The selected page is Overview\"\n            type=\"button\"\n        >\n            <span class=\"btn__name mr-auto\">Overview<\/span>\n            <svg aria-hidden=\"true\" focusable=\"false\" class=\"icon icon-outline icon--xs\">\n                <use xlink:href=\"https:\/\/www.uni.lu\/wp-content\/themes\/unilux-theme\/assets\/images\/icons\/icons-outline.svg#icon--arrow-down\" \/>\n            <\/svg>\n        <\/button>\n\n        <ul id=\"secondary-navigation__list\" class=\"secondary-nav__list\">\n            <li class=\"secondary-nav__item\">\n    <a\n        href=\"https:\/\/www.uni.lu\/llc-en\/\"\n        target=\"\"\n        rel=\"noreferrer noopener\"\n        class=\"secondary-nav__link \"\n            >\n        <svg aria-hidden=\"true\" focusable=\"false\" class=\"icon icon-outline icon--xs\">\n            <use xlink:href=\"https:\/\/www.uni.lu\/wp-content\/themes\/unilux-theme\/assets\/images\/icons\/icons-outline.svg#icon--arrow-right\" \/>\n        <\/svg>\n        <span class=\"secondary-nav__name\">Overview<\/span>\n    <\/a>\n<\/li>\n<li class=\"secondary-nav__item\">\n    <a\n        href=\"https:\/\/www.uni.lu\/llc-en\/luxembourg-learning-centre\/about\/\"\n        target=\"\"\n        rel=\"noreferrer noopener\"\n        class=\"secondary-nav__link \"\n            >\n        <svg aria-hidden=\"true\" focusable=\"false\" class=\"icon icon-outline icon--xs\">\n            <use xlink:href=\"https:\/\/www.uni.lu\/wp-content\/themes\/unilux-theme\/assets\/images\/icons\/icons-outline.svg#icon--arrow-right\" \/>\n        <\/svg>\n        <span class=\"secondary-nav__name\">About<\/span>\n    <\/a>\n<\/li>\n<li class=\"secondary-nav__item\">\n    <a\n        href=\"https:\/\/www.uni.lu\/llc-en\/facilities\/\"\n        target=\"\"\n        rel=\"noreferrer noopener\"\n        class=\"secondary-nav__link \"\n            >\n        <svg aria-hidden=\"true\" focusable=\"false\" class=\"icon icon-outline icon--xs\">\n            <use xlink:href=\"https:\/\/www.uni.lu\/wp-content\/themes\/unilux-theme\/assets\/images\/icons\/icons-outline.svg#icon--arrow-right\" \/>\n        <\/svg>\n        <span class=\"secondary-nav__name\">Facilities<\/span>\n    <\/a>\n<\/li>\n<li class=\"secondary-nav__item\">\n    <a\n        href=\"https:\/\/www.uni.lu\/llc-en\/services\/\"\n        target=\"\"\n        rel=\"noreferrer noopener\"\n        class=\"secondary-nav__link \"\n            >\n        <svg aria-hidden=\"true\" focusable=\"false\" class=\"icon icon-outline icon--xs\">\n            <use xlink:href=\"https:\/\/www.uni.lu\/wp-content\/themes\/unilux-theme\/assets\/images\/icons\/icons-outline.svg#icon--arrow-right\" \/>\n        <\/svg>\n        <span class=\"secondary-nav__name\">Services<\/span>\n    <\/a>\n<\/li>\n<li class=\"secondary-nav__item\">\n    <a\n        href=\"https:\/\/www.uni.lu\/llc-en\/resources-collections\/\"\n        target=\"\"\n        rel=\"noreferrer noopener\"\n        class=\"secondary-nav__link \"\n            >\n        <svg aria-hidden=\"true\" focusable=\"false\" class=\"icon icon-outline icon--xs\">\n            <use xlink:href=\"https:\/\/www.uni.lu\/wp-content\/themes\/unilux-theme\/assets\/images\/icons\/icons-outline.svg#icon--arrow-right\" \/>\n        <\/svg>\n        <span class=\"secondary-nav__name\">Resources &amp; Collections<\/span>\n    <\/a>\n<\/li>\n<li class=\"secondary-nav__item\">\n    <a\n        href=\"https:\/\/www.uni.lu\/llc-en\/subject-guide\/\"\n        target=\"\"\n        rel=\"noreferrer noopener\"\n        class=\"secondary-nav__link \"\n            >\n        <svg aria-hidden=\"true\" focusable=\"false\" class=\"icon icon-outline icon--xs\">\n            <use xlink:href=\"https:\/\/www.uni.lu\/wp-content\/themes\/unilux-theme\/assets\/images\/icons\/icons-outline.svg#icon--arrow-right\" \/>\n        <\/svg>\n        <span class=\"secondary-nav__name\">Subject Guides<\/span>\n    <\/a>\n<\/li>\n<li class=\"secondary-nav__item\">\n    <a\n        href=\"https:\/\/www.uni.lu\/llc-en\/skills-support\/\"\n        target=\"\"\n        rel=\"noreferrer noopener\"\n        class=\"secondary-nav__link \"\n            >\n        <svg aria-hidden=\"true\" focusable=\"false\" class=\"icon icon-outline icon--xs\">\n            <use xlink:href=\"https:\/\/www.uni.lu\/wp-content\/themes\/unilux-theme\/assets\/images\/icons\/icons-outline.svg#icon--arrow-right\" \/>\n        <\/svg>\n        <span class=\"secondary-nav__name\">Skills &amp; Support<\/span>\n    <\/a>\n<\/li>\n<li class=\"secondary-nav__item\">\n    <a\n        href=\"https:\/\/www.uni.lu\/llc-en\/contact\/\"\n        target=\"\"\n        rel=\"noreferrer noopener\"\n        class=\"secondary-nav__link \"\n            >\n        <svg aria-hidden=\"true\" focusable=\"false\" class=\"icon icon-outline icon--xs\">\n            <use xlink:href=\"https:\/\/www.uni.lu\/wp-content\/themes\/unilux-theme\/assets\/images\/icons\/icons-outline.svg#icon--arrow-right\" \/>\n        <\/svg>\n        <span class=\"secondary-nav__name\">Contact<\/span>\n    <\/a>\n<\/li>\n        <\/ul>\n    <\/nav>\n<\/div>\n<\/div><\/section>\n\n\n<section class=\"section section wp-block-unilux-blocks-content-card-icon-info-and-button-square \">\n    \n<div class=\"wp-block-unilux-blocks-wrapper container 2xl:max-w-screen-2xl\">\n<h1 class=\"has-text-align-left wp-block-unilux-blocks-heading\"        id=\"french-studies\"\n    >\nFrench Studies<\/h1>\n\n\n\n<div class=\"wp-block-unilux-blocks-wrapper flex flex-wrap -mx-16\">\n<div class=\"wp-block-unilux-blocks-wrapper flex-1 mb-48 lg:mb-0 px-16\"><div class=\"content-card content-card--right content-card__overlay--hidden wp-block-unilux-blocks-content-card\">\n    <div class=\"content-card__visual wp-block-unilux-blocks-content-card-visual-area\">\n    \n<section class=\"wp-block-unilux-blocks-image-video-wrapper\">\n    <figure class=\"wp-block-dev4-reusable-blocks-image  object-fit--cover\">\n    \n<img decoding=\"async\" class=\"wp-block-image unilux-custom-image-block\"\n                alt=\"french\"\n            src=\"https:\/\/www.uni.lu\/wp-content\/uploads\/sites\/14\/2023\/06\/French-studies-scaled.jpg\"\n                srcset=\"https:\/\/www.uni.lu\/wp-content\/uploads\/sites\/14\/2023\/06\/French-studies-300x225.jpg 300w, https:\/\/www.uni.lu\/wp-content\/uploads\/sites\/14\/2023\/06\/French-studies-1024x768.jpg 1024w, https:\/\/www.uni.lu\/wp-content\/uploads\/sites\/14\/2023\/06\/French-studies-768x576.jpg 768w, https:\/\/www.uni.lu\/wp-content\/uploads\/sites\/14\/2023\/06\/French-studies-1536x1152.jpg 1536w, https:\/\/www.uni.lu\/wp-content\/uploads\/sites\/14\/2023\/06\/French-studies-2048x1536.jpg 2048w\"\n                style=\"object-position: 52.00% 69.00%; font-family: &quot;object-fit: cover; object-position: 52.00% 69.00%;&quot;; aspect-ratio: 16\/9; object-fit: cover; width: 100%;\"\n        loading=\"lazy\"\n\/>    <\/figure><\/section>\n<div class=\"wp-block-unilux-blocks-wrapper content-card__overlay\">\n<a class=\"wp-block-unilux-blocks-button-highlight-rounded bottom-left\" \n    href=\"#\"\n    target=\"_self\"\n>\n    \n<span class=\"btn-highlight-rounded__name wp-block-unilux-blocks-plain-text\"><\/span>    <span class=\"icon-rounded\">\n        <svg aria-hidden=\"true\" focusable=\"false\" class=\"icon icon-outline icon--arrow-right icon--lg\"><use xlink:href=\"https:\/\/www.uni.lu\/wp-content\/themes\/unilux-theme\/assets\/images\/icons\/icons-outline.svg#icon--arrow-right\"><\/use><\/svg>    <\/span>\n<\/a><\/div>\n<\/div><div class=\"content-card__body is-gray-bg wp-block-unilux-blocks-content-card-free-area\">\n    \n<h2 class=\"has-text-align-left wp-block-unilux-blocks-heading\"        id=\"in-brief\"\n    >\nIn brief<\/h2>\n<div class=\"icon-info-wrapper\">\n    <ul class=\"wp-block-unilux-blocks-icon-info\">\n        <li class=\"wp-block-unilux-blocks-icon-info-item\">\n    \n<div class=\"wp-block-unilux-blocks-wrapper icon-info\">\n<div class=\"icon--primary icon--secondary-2  wp-block-unilux-blocks-icon-picker\">\n    <svg aria-hidden=\"true\" focusable=\"false\" class=\"icon icon-outline icon--address \"><use xlink:href=\"https:\/\/www.uni.lu\/wp-content\/themes\/unilux-theme\/assets\/images\/icons\/icons-outline.svg#icon--address\"><\/use><\/svg><\/div>\n\n\n<p class=\"has-1-125-rem-font-size\">Location of print resources: <br><strong>Floor -2<\/strong>: current books &amp; journals<br><strong>Floor -2<\/strong> (&#8220;The Stacks&#8221;): older\/ less used books<\/p>\n<\/div>\n<\/li>\n<li class=\"wp-block-unilux-blocks-icon-info-item\">\n    \n<div class=\"wp-block-unilux-blocks-wrapper icon-info\">\n<div class=\"icon--primary icon--secondary-2  wp-block-unilux-blocks-icon-picker\">\n    <svg aria-hidden=\"true\" focusable=\"false\" class=\"icon icon-outline icon--register \"><use xlink:href=\"https:\/\/www.uni.lu\/wp-content\/themes\/unilux-theme\/assets\/images\/icons\/icons-outline.svg#icon--register\"><\/use><\/svg><\/div>\n\n\n<p class=\"has-1-125-rem-font-size\">Classification codes: <br><strong>840, 440, 84\/1-92, 84 BE\/AS\/AF and AM<\/strong><br><br>Recently added <a href=\"https:\/\/www.a-z.lu\/discovery\/search?query=lds28,contains,newuni26*,AND&amp;query=lds33,contains,84*%20OR%2044*%20OR%2040*%20OR%2041*,AND&amp;tab=DiscoveryNetwork_UCV&amp;search_scope=DN_and_CI_UCV&amp;sortby=date_d&amp;vid=352LUX_UNI:BIBNET_UNION&amp;lang=fr&amp;mode=advanced&amp;offset=0\" target=\"_blank\" rel=\"noreferrer noopener\">printed books<\/a> in our collection<\/p>\n<\/div>\n<\/li>\n<li class=\"wp-block-unilux-blocks-icon-info-item\">\n    \n<div class=\"wp-block-unilux-blocks-wrapper icon-info\">\n<div class=\"icon--primary icon--secondary-2  wp-block-unilux-blocks-icon-picker\">\n    <svg aria-hidden=\"true\" focusable=\"false\" class=\"icon icon-outline icon--languages \"><use xlink:href=\"https:\/\/www.uni.lu\/wp-content\/themes\/unilux-theme\/assets\/images\/icons\/icons-outline.svg#icon--languages\"><\/use><\/svg><\/div>\n\n\n<p class=\"has-1-125-rem-font-size\">Contact: <br><a href=\"https:\/\/www.uni.lu\/en\/person\/NTAwMDI3MDBfX1NpbW9uZSBNT1lFTg==\/\">Simone Moyen<\/a><\/p>\n<\/div>\n<\/li>\n    <\/ul>\n<\/div>\n<\/div><\/div><\/div>\n\n\n\n<div class=\"wp-block-unilux-blocks-wrapper w-full md:w-auto px-16\">\n<div class=\"wp-block-unilux-blocks-wrapper flex flex-col items-center\">\n<h4 class=\"text-h4 has-text-align-left wp-block-unilux-blocks-heading\"        id=\"need-help\"\n    >\nNeed help?<\/h4>\n\n\n<a class=\"wp-block-unilux-blocks-button-highlight-square\"\n    href=\"https:\/\/www.uni.lu\/llc-en\/services\/ask-a-librarian\/\"\n    target=\"_self\"\n>\n    <span class=\"btn-highlight-square__container\">\n        <div class=\"btn-highlight-square__body\">\n    <svg aria-hidden=\"true\" focusable=\"false\" class=\"icon icon-outline icon--arrow-long-right icon--xl\"><use xlink:href=\"https:\/\/www.uni.lu\/wp-content\/themes\/unilux-theme\/assets\/images\/icons\/icons-outline.svg#icon--arrow-long-right\"><\/use><\/svg>    <span class=\"btn btn--dark\">\n        \n<span class=\"btn__name wp-block-unilux-blocks-plain-text\">Ask a librarian<\/span>    <\/span>\n<\/div><figure class=\"wp-block-dev4-reusable-blocks-image image-bg object-fit--cover\">\n    \n<img decoding=\"async\" class=\"wp-block-image unilux-custom-image-block\"\n                alt=\"LLC staff\"\n            src=\"https:\/\/www.uni.lu\/wp-content\/uploads\/sites\/14\/2023\/05\/Contact_AskaLibrarian-1-scaled.jpg\"\n                srcset=\"https:\/\/www.uni.lu\/wp-content\/uploads\/sites\/14\/2023\/05\/Contact_AskaLibrarian-1-300x225.jpg 300w, https:\/\/www.uni.lu\/wp-content\/uploads\/sites\/14\/2023\/05\/Contact_AskaLibrarian-1-1024x768.jpg 1024w, https:\/\/www.uni.lu\/wp-content\/uploads\/sites\/14\/2023\/05\/Contact_AskaLibrarian-1-768x576.jpg 768w, https:\/\/www.uni.lu\/wp-content\/uploads\/sites\/14\/2023\/05\/Contact_AskaLibrarian-1-1536x1152.jpg 1536w, https:\/\/www.uni.lu\/wp-content\/uploads\/sites\/14\/2023\/05\/Contact_AskaLibrarian-1-2048x1536.jpg 2048w\"\n                style=\"object-position: 50.00% 50.00%; font-family: &quot;object-fit: cover; object-position: 50.00% 50.00%;&quot;; aspect-ratio: 3\/4; object-fit: cover; width: 100%;\"\n        loading=\"lazy\"\n\/>    <\/figure>    <\/span>\n<\/a><\/div>\n<\/div>\n<\/div>\n<\/div>\n<\/section>\n\n\n<section class=\"py-0 wp-block-unilux-blocks-free-section section\"><div class=\"container xl:max-w-screen-xl\">\n<h2 class=\"has-text-align-left wp-block-unilux-blocks-heading\"        id=\"overview\"\n    >\nOverview<\/h2>\n\n\n\n<p>The Luxembourg Learning Centre has works by all major French and French-language authors accompanied by critical apparatuses, books about the French language, and a general literature and linguistics collection. All print and electronic resources can be found via the <a href=\"https:\/\/www.a-z.lu\/discovery\/search?vid=352LUX_UNI:BIBNET_UNION\" target=\"_blank\" rel=\"noreferrer noopener\">a-z.lu<\/a> catalogue. Current issues of print journals are located on the display shelves at the beginning of each collection, classified alphabetically by title. Older issues need to be ordered (see <a href=\"https:\/\/www.uni.lu\/llc-en\/resources-collections\/scientific-journals\/\">Journals<\/a>). Part of the collection, together with literature in French (fiction and criticism) from Belgium, Africa, Vietnam, Oceania, the French West Indies and Quebec, can be found in The Stacks, on floor -2 of the LLC.<br>Examples for classification codes are as follows:<\/p>\n\n\n\n<ul class=\"ulux-list\">\n<li class=\"ulux-list-item\">840: French literature (history and theory)<\/li>\n\n\n\n<li class=\"ulux-list-item\">84\/1-92: Authors and their critical apparatus are classified by period and in alphabetical order<\/li>\n\n\n\n<li class=\"ulux-list-item\">84 BE\/AS\/AF and AM: Literature in French<\/li>\n\n\n\n<li class=\"ulux-list-item\">800: General literature<\/li>\n\n\n\n<li class=\"ulux-list-item\">440: French language<\/li>\n\n\n\n<li class=\"ulux-list-item\">400 and 410: Linguistics<\/li>\n<\/ul>\n<\/div><\/section>\n\n\n\n<section class=\"wp-block-unilux-blocks-free-section section\"><div class=\"container xl:max-w-screen-xl\">\n<h2 class=\"has-text-align-left wp-block-unilux-blocks-heading\"        id=\"selected-resources-in-french-studies\"\n    >\nSelected resources in French Studies<\/h2>\n\n\n\n<div class=\"wp-block-unilux-blocks-accordion accordion accordion--theme accordion-standard\" data-reference=\"930a0188-9d20-4379-89b6-9bf7e3324482\" data-accordion-type=\"standard\"><div class=\"accordion__item  wp-block-unilux-blocks-accordion-item\">\n    <h3 class=\"accordion__header\"\n                    id=\"books-e-books\"\n        >\n        <button\n            type=\"button\"\n            id=\"accordion-labelledby-6c8fd64d-61c3-418c-9f7e-30956b17a6d4\"\n            class=\"accordion__button collapsed\"\n            aria-expanded=\"false\"\n            aria-controls=\"accordion-panel-6c8fd64d-61c3-418c-9f7e-30956b17a6d4\"\n            data-bs-toggle=\"collapse\"\n            data-bs-target=\"#accordion-panel-6c8fd64d-61c3-418c-9f7e-30956b17a6d4\"\n        >\n            <span class=\"accordion__title\">\n                                Books &amp; e-books            <\/span>\n\n            <svg aria-hidden=\"true\" focusable=\"false\" class=\"icon icon-outline icon--arrow-down \"><use xlink:href=\"https:\/\/www.uni.lu\/wp-content\/themes\/unilux-theme\/assets\/images\/icons\/icons-outline.svg#icon--arrow-down\"><\/use><\/svg>        <\/button>\n    <\/h3>\n    <div id=\"accordion-panel-6c8fd64d-61c3-418c-9f7e-30956b17a6d4\"\n        class=\"accordion__collapse collapse\"\n        aria-labelledby=\"accordion-labelledby-6c8fd64d-61c3-418c-9f7e-30956b17a6d4\"\n        data-bs-parent=\"[data-reference=&quot;930a0188-9d20-4379-89b6-9bf7e3324482&quot;]\"\n    >\n        <div class=\"accordion__body \">\n            \n<div class=\"wp-block-unilux-blocks-guidebook-list-wrapper guidebook\">\n<header class=\"wp-block-unilux-blocks-wrapper guidebook__header\">\n<h3 class=\"guidebook__title has-text-align-left wp-block-unilux-blocks-heading\"        id=\"books\"\n    >\nBooks<\/h3>\n\n\n\n<p>Available at the LLC<\/p>\n<\/header>\n\n\n<ul class=\"guidebook__listing  wp-block-unilux-blocks-guidebook-list\">\n    <li class=\"guidebook__item  wp-block-unilux-blocks-guidebook-list-item\">\n        <a\n        href=\"https:\/\/www.a-z.lu\/discovery\/fulldisplay?docid=alma990006621700107251&#038;context=L&#038;vid=352LUX_BIBNET_NETWORK:BIBNET_UNION&#038;search_scope=DN_and_CI&#038;tab=DiscoveryNetwork&#038;lang=fr\"\n        class=\"quick-link\"\n        target=\"_blank\"\n    >\n            \n<div class=\"wp-block-unilux-blocks-wrapper guidebook__visual\"><figure class=\"wp-block-dev4-reusable-blocks-image w-full object-fit--cover\">\n    \n<img decoding=\"async\" class=\"wp-block-image unilux-custom-image-block\"\n                alt=\"Le Lagarde &amp; Michard : Collection Litt\u00e9raire\nBook cover\"\n            src=\"https:\/\/www.uni.lu\/wp-content\/uploads\/sites\/14\/2023\/06\/8.1.1.jpg\"\n                srcset=\"https:\/\/www.uni.lu\/wp-content\/uploads\/sites\/14\/2023\/06\/8.1.1-220x300.jpg 220w, https:\/\/www.uni.lu\/wp-content\/uploads\/sites\/14\/2023\/06\/8.1.1.jpg 318w\"\n                style=\"object-position: 50.00% 50.00%; font-family: &quot;object-fit: cover; object-position: 50.00% 50.00%;&quot;; aspect-ratio: 64\/97; object-fit: cover; width: 100%;\"\n        loading=\"lazy\"\n\/>    <\/figure><\/div>\n\n<div class=\"wp-block-unilux-blocks-wrapper guidebook__body\">\n<h4 class=\"guidebook__name has-text-align-left wp-block-unilux-blocks-heading\"        id=\"lagarde-andre-and-michard-laurent-le-lagarde-michard-collection-litteraire-ed-diverses-ed-paris-bordas-2003-print\"\n    >\nLagarde, Andr\u00e9, and Michard, Laurent. Le Lagarde &amp; Michard : Collection Litt\u00e9raire. \u00c9d. Diverses]. ed. Paris: Bordas, 2003. Print.<\/h4>\n\n\n\n<cite class=\"wp-block-unilux-blocks-plain-text\"><\/cite><\/div>\n        <\/a>\n    <\/li><li class=\"guidebook__item  wp-block-unilux-blocks-guidebook-list-item\">\n        <a\n        href=\"https:\/\/www.a-z.lu\/discovery\/fulldisplay?docid=alma990014348180107251&#038;context=L&#038;vid=352LUX_BIBNET_NETWORK:BIBNET_UNION&#038;search_scope=DN_and_CI&#038;tab=DiscoveryNetwork&#038;lang=fr\"\n        class=\"quick-link\"\n        target=\"_blank\"\n    >\n            \n<div class=\"wp-block-unilux-blocks-wrapper guidebook__visual\"><figure class=\"wp-block-dev4-reusable-blocks-image w-full object-fit--cover\">\n    \n<img decoding=\"async\" class=\"wp-block-image unilux-custom-image-block\"\n                alt=\"Les Grandes Dates De La Litt\u00e9rature Fran\u00e7aise\nbook cover\"\n            src=\"https:\/\/www.uni.lu\/wp-content\/uploads\/sites\/14\/2023\/06\/8.1.2.jpg\"\n                srcset=\"https:\/\/www.uni.lu\/wp-content\/uploads\/sites\/14\/2023\/06\/8.1.2-217x300.jpg 217w, https:\/\/www.uni.lu\/wp-content\/uploads\/sites\/14\/2023\/06\/8.1.2.jpg 600w\"\n                style=\"object-position: 50.00% 50.00%; font-family: &quot;object-fit: cover; object-position: 50.00% 50.00%;&quot;; aspect-ratio: 64\/97; object-fit: cover; width: 100%;\"\n        loading=\"lazy\"\n\/>    <\/figure><\/div>\n\n<div class=\"wp-block-unilux-blocks-wrapper guidebook__body\">\n<h4 class=\"guidebook__name has-text-align-left wp-block-unilux-blocks-heading\"        id=\"couprie-alain-les-grandes-dates-de-la-litterature-francaise-2e-ed-ed-paris-armand-colin-2016-print-128-lettres\"\n    >\nCouprie, Alain. Les Grandes Dates De La Litt\u00e9rature Fran\u00e7aise. 2e \u00e9d.. ed. Paris: Armand Colin, 2016. Print. 128. Lettres.<\/h4>\n\n\n\n<cite class=\"wp-block-unilux-blocks-plain-text\"><\/cite><\/div>\n        <\/a>\n    <\/li><li class=\"guidebook__item  wp-block-unilux-blocks-guidebook-list-item\">\n        <a\n        href=\"https:\/\/www.a-z.lu\/discovery\/fulldisplay?docid=alma990015903790107251&#038;context=L&#038;vid=352LUX_BIBNET_NETWORK:BIBNET_UNION&#038;search_scope=DN_and_CI&#038;tab=DiscoveryNetwork&#038;lang=fr\"\n        class=\"quick-link\"\n        target=\"_blank\"\n    >\n            \n<div class=\"wp-block-unilux-blocks-wrapper guidebook__visual\"><figure class=\"wp-block-dev4-reusable-blocks-image w-full object-fit--cover\">\n    \n<img decoding=\"async\" class=\"wp-block-image unilux-custom-image-block\"\n                alt=\"Le Guide Pratique De Litt\u00e9rature Fran\u00e7aise\nbook cover\"\n            src=\"https:\/\/www.uni.lu\/wp-content\/uploads\/sites\/14\/2023\/06\/8.1.3.jpg\"\n                srcset=\"https:\/\/www.uni.lu\/wp-content\/uploads\/sites\/14\/2023\/06\/8.1.3-208x300.jpg 208w, https:\/\/www.uni.lu\/wp-content\/uploads\/sites\/14\/2023\/06\/8.1.3-710x1024.jpg 710w, https:\/\/www.uni.lu\/wp-content\/uploads\/sites\/14\/2023\/06\/8.1.3-768x1108.jpg 768w, https:\/\/www.uni.lu\/wp-content\/uploads\/sites\/14\/2023\/06\/8.1.3.jpg 1040w\"\n                style=\"object-position: 50.00% 50.00%; font-family: &quot;object-fit: cover; object-position: 50.00% 50.00%;&quot;; aspect-ratio: 64\/97; object-fit: cover; width: 100%;\"\n        loading=\"lazy\"\n\/>    <\/figure><\/div>\n\n<div class=\"wp-block-unilux-blocks-wrapper guidebook__body\">\n<h4 class=\"guidebook__name has-text-align-left wp-block-unilux-blocks-heading\"        id=\"freysselinard-benedicte-le-guide-pratique-de-litterature-francaise-des-origines-au-xxie-siecle-paris-ellipses-2019-print\"\n    >\nFreysselinard, B\u00e9n\u00e9dicte. Le Guide Pratique De Litt\u00e9rature Fran\u00e7aise : Des Origines Au XXIe Si\u00e8cle. Paris: Ellipses, 2019. Print.<\/h4>\n\n\n\n<cite class=\"wp-block-unilux-blocks-plain-text\"><\/cite><\/div>\n        <\/a>\n    <\/li><li class=\"guidebook__item  wp-block-unilux-blocks-guidebook-list-item\">\n        <a\n        href=\"https:\/\/www.a-z.lu\/discovery\/fulldisplay?docid=alma990014762630107251&#038;context=L&#038;vid=352LUX_BIBNET_NETWORK:BIBNET_UNION&#038;search_scope=DN_and_CI&#038;tab=DiscoveryNetwork&#038;lang=fr\"\n        class=\"quick-link\"\n        target=\"_blank\"\n    >\n            \n<div class=\"wp-block-unilux-blocks-wrapper guidebook__visual\"><figure class=\"wp-block-dev4-reusable-blocks-image w-full object-fit--cover\">\n    \n<img decoding=\"async\" class=\"wp-block-image unilux-custom-image-block\"\n                alt=\"La Litt\u00e9rature Fran\u00e7aise Du XXe Si\u00e8cle\nbook cover\"\n            src=\"https:\/\/www.uni.lu\/wp-content\/uploads\/sites\/14\/2023\/06\/8.1.4.jpeg\"\n                srcset=\"https:\/\/www.uni.lu\/wp-content\/uploads\/sites\/14\/2023\/06\/8.1.4-217x300.jpeg 217w, https:\/\/www.uni.lu\/wp-content\/uploads\/sites\/14\/2023\/06\/8.1.4-739x1024.jpeg 739w, https:\/\/www.uni.lu\/wp-content\/uploads\/sites\/14\/2023\/06\/8.1.4-768x1064.jpeg 768w, https:\/\/www.uni.lu\/wp-content\/uploads\/sites\/14\/2023\/06\/8.1.4-1109x1536.jpeg 1109w, https:\/\/www.uni.lu\/wp-content\/uploads\/sites\/14\/2023\/06\/8.1.4.jpeg 1400w\"\n                style=\"object-position: 50.00% 50.00%; font-family: &quot;object-fit: cover; object-position: 50.00% 50.00%;&quot;; aspect-ratio: 64\/97; object-fit: cover; width: 100%;\"\n        loading=\"lazy\"\n\/>    <\/figure><\/div>\n\n<div class=\"wp-block-unilux-blocks-wrapper guidebook__body\">\n<h4 class=\"guidebook__name has-text-align-left wp-block-unilux-blocks-heading\"        id=\"mitterand-henri-la-litterature-francaise-du-xxe-siecle-paris-a-colin-2017-print-ser-128\"\n    >\nMitterand, Henri. La Litt\u00e9rature Fran\u00e7aise Du XXe Si\u00e8cle. Paris: A. Colin, 2017. Print. Ser. 128.<\/h4>\n\n\n\n<cite class=\"wp-block-unilux-blocks-plain-text\"><\/cite><\/div>\n        <\/a>\n    <\/li><li class=\"guidebook__item  wp-block-unilux-blocks-guidebook-list-item\">\n        <a\n        href=\"https:\/\/www.a-z.lu\/discovery\/fulldisplay?docid=alma990012815680107251&#038;context=L&#038;vid=352LUX_BIBNET_NETWORK:BIBNET_UNION&#038;search_scope=DN_and_CI&#038;tab=DiscoveryNetwork&#038;lang=fr\"\n        class=\"quick-link\"\n        target=\"_blank\"\n    >\n            \n<div class=\"wp-block-unilux-blocks-wrapper guidebook__visual\"><figure class=\"wp-block-dev4-reusable-blocks-image w-full object-fit--cover\">\n    \n<img decoding=\"async\" class=\"wp-block-image unilux-custom-image-block\"\n                alt=\"Histoire De La Litt\u00e9rature Fran\u00e7aise\nbook cover\"\n            src=\"https:\/\/www.uni.lu\/wp-content\/uploads\/sites\/14\/2023\/06\/8.1.5.jpg\"\n                srcset=\"https:\/\/www.uni.lu\/wp-content\/uploads\/sites\/14\/2023\/06\/8.1.5-206x300.jpg 206w, https:\/\/www.uni.lu\/wp-content\/uploads\/sites\/14\/2023\/06\/8.1.5.jpg 686w\"\n                style=\"object-position: 50.00% 50.00%; font-family: &quot;object-fit: cover; object-position: 50.00% 50.00%;&quot;; aspect-ratio: 64\/97; object-fit: cover; width: 100%;\"\n        loading=\"lazy\"\n\/>    <\/figure><\/div>\n\n<div class=\"wp-block-unilux-blocks-wrapper guidebook__body\">\n<h4 class=\"guidebook__name has-text-align-left wp-block-unilux-blocks-heading\"        id=\"valette-bernard-histoire-de-la-litterature-francaise-paris-ellipses-2014-print-ellipses-poche\"\n    >\nValette, Bernard. Histoire De La Litt\u00e9rature Fran\u00e7aise. Paris: Ellipses, 2014. Print. Ellipses Poche.<\/h4>\n\n\n\n<cite class=\"wp-block-unilux-blocks-plain-text\"><\/cite><\/div>\n        <\/a>\n    <\/li><\/ul><\/div>\n\n<div class=\"wp-block-unilux-blocks-guidebook-list-wrapper guidebook\">\n<header class=\"wp-block-unilux-blocks-wrapper guidebook__header\">\n<h3 class=\"guidebook__title has-text-align-left wp-block-unilux-blocks-heading\"        id=\"e-books\"\n    >\nE-Books<\/h3>\n\n\n\n<p>Available via a-z.lu for university members with LLC registration<\/p>\n<\/header>\n\n\n<ul class=\"guidebook__listing  wp-block-unilux-blocks-guidebook-list\">\n    <li class=\"guidebook__item  wp-block-unilux-blocks-guidebook-list-item\">\n        <a\n        href=\"https:\/\/www.a-z.lu\/discovery\/fulldisplay?docid=alma990016517790107251&#038;context=L&#038;vid=352LUX_BIBNET_NETWORK:BIBNET_UNION&#038;search_scope=DN_and_CI&#038;tab=DiscoveryNetwork&#038;lang=fr\"\n        class=\"quick-link\"\n        target=\"_blank\"\n    >\n            \n<div class=\"wp-block-unilux-blocks-wrapper guidebook__visual\"><figure class=\"wp-block-dev4-reusable-blocks-image w-full object-fit--cover\">\n    \n<img decoding=\"async\" class=\"wp-block-image unilux-custom-image-block\"\n                alt=\"Tr\u00e9sor de la langue fran\u00e7aise (TLF)\nbook cover\"\n            src=\"https:\/\/www.uni.lu\/wp-content\/uploads\/sites\/14\/2023\/06\/8.1.6.jpg\"\n                srcset=\"https:\/\/www.uni.lu\/wp-content\/uploads\/sites\/14\/2023\/06\/8.1.6-217x300.jpg 217w, https:\/\/www.uni.lu\/wp-content\/uploads\/sites\/14\/2023\/06\/8.1.6.jpg 221w\"\n                style=\"object-position: 50.00% 50.00%; font-family: &quot;object-fit: cover; object-position: 50.00% 50.00%;&quot;; aspect-ratio: 64\/97; object-fit: cover; width: 100%;\"\n        loading=\"lazy\"\n\/>    <\/figure><\/div>\n\n<div class=\"wp-block-unilux-blocks-wrapper guidebook__body\">\n<h4 class=\"guidebook__name has-text-align-left wp-block-unilux-blocks-heading\"        id=\"tresor-de-la-langue-francaise-tlf\"\n    >\nTr\u00e9sor de la langue fran\u00e7aise (TLF)<\/h4>\n\n\n\n<cite class=\"wp-block-unilux-blocks-plain-text\">Version \u00e9lectronique du dictionnaire de r\u00e9f\u00e9rence des XIXe et XXe si\u00e8cles en 16 volumes.<\/cite><\/div>\n        <\/a>\n    <\/li><li class=\"guidebook__item  wp-block-unilux-blocks-guidebook-list-item\">\n        <a\n        href=\"https:\/\/www.a-z.lu\/discovery\/fulldisplay?docid=alma9922496365907251&#038;context=L&#038;vid=352LUX_BIBNET_NETWORK:BIBNET_UNION&#038;search_scope=DN_and_CI&#038;tab=DiscoveryNetwork&#038;lang=fr\"\n        class=\"quick-link\"\n        target=\"_blank\"\n    >\n            \n<div class=\"wp-block-unilux-blocks-wrapper guidebook__visual\"><figure class=\"wp-block-dev4-reusable-blocks-image w-full object-fit--cover\">\n    \n<img decoding=\"async\" class=\"wp-block-image unilux-custom-image-block\"\n                alt=\"Encyclop\u00e9die, ou, Dictionnaire raisonn\u00e9 des sciences, des arts et des m\u00e9tiers\nbook cover \"\n            src=\"https:\/\/www.uni.lu\/wp-content\/uploads\/sites\/14\/2023\/06\/8.1.7-scaled.jpg\"\n                srcset=\"https:\/\/www.uni.lu\/wp-content\/uploads\/sites\/14\/2023\/06\/8.1.7-184x300.jpg 184w, https:\/\/www.uni.lu\/wp-content\/uploads\/sites\/14\/2023\/06\/8.1.7-627x1024.jpg 627w, https:\/\/www.uni.lu\/wp-content\/uploads\/sites\/14\/2023\/06\/8.1.7-768x1255.jpg 768w, https:\/\/www.uni.lu\/wp-content\/uploads\/sites\/14\/2023\/06\/8.1.7-940x1536.jpg 940w, https:\/\/www.uni.lu\/wp-content\/uploads\/sites\/14\/2023\/06\/8.1.7-1253x2048.jpg 1253w, https:\/\/www.uni.lu\/wp-content\/uploads\/sites\/14\/2023\/06\/8.1.7-scaled.jpg 1567w\"\n                style=\"object-position: 50.00% 50.00%; font-family: &quot;object-fit: cover; object-position: 50.00% 50.00%;&quot;; aspect-ratio: 64\/97; object-fit: cover; width: 100%;\"\n        loading=\"lazy\"\n\/>    <\/figure><\/div>\n\n<div class=\"wp-block-unilux-blocks-wrapper guidebook__body\">\n<h4 class=\"guidebook__name has-text-align-left wp-block-unilux-blocks-heading\"        id=\"encyclopedie-ou-dictionnaire-raisonne-des-sciences-des-arts-et-des-metiers\"\n    >\nEncyclop\u00e9die, ou, Dictionnaire raisonn\u00e9 des sciences, des arts et des m\u00e9tiers<\/h4>\n\n\n\n<cite class=\"wp-block-unilux-blocks-plain-text\"><\/cite><\/div>\n        <\/a>\n    <\/li><li class=\"guidebook__item  wp-block-unilux-blocks-guidebook-list-item\">\n        <a\n        href=\"https:\/\/www.a-z.lu\/discovery\/fulldisplay?docid=alma990005109230107251&#038;context=L&#038;vid=352LUX_BIBNET_NETWORK:BIBNET_UNION&#038;search_scope=DN_and_CI&#038;tab=DiscoveryNetwork&#038;lang=fr\"\n        class=\"quick-link\"\n        target=\"_blank\"\n    >\n            \n<div class=\"wp-block-unilux-blocks-wrapper guidebook__visual\"><figure class=\"wp-block-dev4-reusable-blocks-image w-full object-fit--cover\">\n    \n<img decoding=\"async\" class=\"wp-block-image unilux-custom-image-block\"\n                alt=\"Dictionnaire Littr\u00e9\nbook cover\"\n            src=\"https:\/\/www.uni.lu\/wp-content\/uploads\/sites\/14\/2023\/06\/8.1.8.jpg\"\n                srcset=\"https:\/\/www.uni.lu\/wp-content\/uploads\/sites\/14\/2023\/06\/8.1.8-220x300.jpg 220w, https:\/\/www.uni.lu\/wp-content\/uploads\/sites\/14\/2023\/06\/8.1.8.jpg 400w\"\n                style=\"object-position: 50.00% 50.00%; font-family: &quot;object-fit: cover; object-position: 50.00% 50.00%;&quot;; aspect-ratio: 64\/97; object-fit: cover; width: 100%;\"\n        loading=\"lazy\"\n\/>    <\/figure><\/div>\n\n<div class=\"wp-block-unilux-blocks-wrapper guidebook__body\">\n<h4 class=\"guidebook__name has-text-align-left wp-block-unilux-blocks-heading\"        id=\"dictionnaire-littre\"\n    >\nDictionnaire Littr\u00e9<\/h4>\n\n\n\n<cite class=\"wp-block-unilux-blocks-plain-text\">Version int\u00e9grale en ligne du dictionnaire de la langue fran\u00e7aise d\u2019\u00c9mile Littr\u00e9.<\/cite><\/div>\n        <\/a>\n    <\/li><li class=\"guidebook__item  wp-block-unilux-blocks-guidebook-list-item\">\n        <a\n        href=\"https:\/\/www.les-dictionnaires.com\/\"\n        class=\"quick-link\"\n        target=\"_blank\"\n    >\n            \n<div class=\"wp-block-unilux-blocks-wrapper guidebook__visual\"><figure class=\"wp-block-dev4-reusable-blocks-image w-full object-fit--cover\">\n    \n<img decoding=\"async\" class=\"wp-block-image unilux-custom-image-block\"\n                alt=\"Les-Dictionnaires.com logo\"\n            src=\"https:\/\/www.uni.lu\/wp-content\/uploads\/sites\/14\/2023\/06\/les-dictionnaires.jpg\"\n                srcset=\"https:\/\/www.uni.lu\/wp-content\/uploads\/sites\/14\/2023\/06\/les-dictionnaires-192x300.jpg 192w, https:\/\/www.uni.lu\/wp-content\/uploads\/sites\/14\/2023\/06\/les-dictionnaires.jpg 223w\"\n                style=\"object-position: 50.00% 50.00%; font-family: &quot;object-fit: cover; object-position: 50.00% 50.00%;&quot;; aspect-ratio: 64\/97; object-fit: cover; width: 100%;\"\n        loading=\"lazy\"\n\/>    <\/figure><\/div>\n\n<div class=\"wp-block-unilux-blocks-wrapper guidebook__body\">\n<h4 class=\"guidebook__name has-text-align-left wp-block-unilux-blocks-heading\"        id=\"les-dictionnaires-com\"\n    >\nLes-Dictionnaires.com<\/h4>\n\n\n\n<cite class=\"wp-block-unilux-blocks-plain-text\">Annuaire des meilleurs dictionnaires francophones et internationaux.<\/cite><\/div>\n        <\/a>\n    <\/li><li class=\"guidebook__item  wp-block-unilux-blocks-guidebook-list-item\">\n        <a\n        href=\"https:\/\/www.a-z.lu\/discovery\/fulldisplay?docid=alma9920353306007251&#038;context=L&#038;vid=352LUX_BIBNET_NETWORK:BIBNET_UNION&#038;search_scope=DN_and_CI&#038;tab=DiscoveryNetwork&#038;lang=fr\"\n        class=\"quick-link\"\n        target=\"_blank\"\n    >\n            \n<div class=\"wp-block-unilux-blocks-wrapper guidebook__visual\"><figure class=\"wp-block-dev4-reusable-blocks-image w-full object-fit--cover\">\n    \n<img decoding=\"async\" class=\"wp-block-image unilux-custom-image-block\"\n                alt=\"Le Grand Robert logo\"\n            src=\"https:\/\/www.uni.lu\/wp-content\/uploads\/sites\/14\/2023\/06\/Le-Grand-Robert.jpg\"\n                srcset=\"https:\/\/www.uni.lu\/wp-content\/uploads\/sites\/14\/2023\/06\/Le-Grand-Robert-160x300.jpg 160w, https:\/\/www.uni.lu\/wp-content\/uploads\/sites\/14\/2023\/06\/Le-Grand-Robert.jpg 266w\"\n                style=\"object-position: 50.00% 50.00%; font-family: &quot;object-fit: cover; object-position: 50.00% 50.00%;&quot;; aspect-ratio: 64\/97; object-fit: cover; width: 100%;\"\n        loading=\"lazy\"\n\/>    <\/figure><\/div>\n\n<div class=\"wp-block-unilux-blocks-wrapper guidebook__body\">\n<h4 class=\"guidebook__name has-text-align-left wp-block-unilux-blocks-heading\"        id=\"le-grand-robert\"\n    >\nLe Grand Robert<\/h4>\n\n\n\n<cite class=\"wp-block-unilux-blocks-plain-text\"><\/cite><\/div>\n        <\/a>\n    <\/li><li class=\"guidebook__item  wp-block-unilux-blocks-guidebook-list-item\">\n        <a\n        href=\"https:\/\/www.a-z.lu\/discovery\/fulldisplay?docid=alma9920353315407251&#038;context=L&#038;vid=352LUX_BIBNET_NETWORK:BIBNET_UNION&#038;search_scope=DN_and_CI&#038;tab=DiscoveryNetwork&#038;lang=fr\"\n        class=\"quick-link\"\n        target=\"_blank\"\n    >\n            \n<div class=\"wp-block-unilux-blocks-wrapper guidebook__visual\"><figure class=\"wp-block-dev4-reusable-blocks-image w-full object-fit--cover\">\n    \n<img decoding=\"async\" class=\"wp-block-image unilux-custom-image-block\"\n                alt=\"Classiques Garnier logo\"\n            src=\"https:\/\/www.uni.lu\/wp-content\/uploads\/sites\/14\/2023\/06\/8.3.4.jpg\"\n                srcset=\"https:\/\/www.uni.lu\/wp-content\/uploads\/sites\/14\/2023\/06\/8.3.4-118x300.jpg 118w, https:\/\/www.uni.lu\/wp-content\/uploads\/sites\/14\/2023\/06\/8.3.4.jpg 249w\"\n                style=\"object-position: 50.00% 50.00%; font-family: &quot;object-fit: cover; object-position: 50.00% 50.00%;&quot;; aspect-ratio: 64\/97; object-fit: cover; width: 100%;\"\n        loading=\"lazy\"\n\/>    <\/figure><\/div>\n\n<div class=\"wp-block-unilux-blocks-wrapper guidebook__body\">\n<h4 class=\"guidebook__name has-text-align-left wp-block-unilux-blocks-heading\"        id=\"classiques-garnier-corpus-de-la-litterature-narrative\"\n    >\nClassiques Garnier &#8211; Corpus de la litt\u00e9rature narrative<\/h4>\n\n\n\n<cite class=\"wp-block-unilux-blocks-plain-text\"><\/cite><\/div>\n        <\/a>\n    <\/li><li class=\"guidebook__item  wp-block-unilux-blocks-guidebook-list-item\">\n        <a\n        href=\"https:\/\/www.a-z.lu\/discovery\/fulldisplay?docid=alma9920353315307251&#038;context=L&#038;vid=352LUX_BIBNET_NETWORK:BIBNET_UNION&#038;search_scope=DN_and_CI&#038;tab=DiscoveryNetwork&#038;lang=fr\"\n        class=\"quick-link\"\n        target=\"_blank\"\n    >\n            \n<div class=\"wp-block-unilux-blocks-wrapper guidebook__visual\"><figure class=\"wp-block-dev4-reusable-blocks-image w-full object-fit--cover\">\n    \n<img decoding=\"async\" class=\"wp-block-image unilux-custom-image-block\"\n                alt=\"Classiques Garnier logo\"\n            src=\"https:\/\/www.uni.lu\/wp-content\/uploads\/sites\/14\/2023\/06\/8.3.4.jpg\"\n                srcset=\"https:\/\/www.uni.lu\/wp-content\/uploads\/sites\/14\/2023\/06\/8.3.4-118x300.jpg 118w, https:\/\/www.uni.lu\/wp-content\/uploads\/sites\/14\/2023\/06\/8.3.4.jpg 249w\"\n                style=\"object-position: 50.00% 50.00%; font-family: &quot;object-fit: cover; object-position: 50.00% 50.00%;&quot;; aspect-ratio: 64\/97; object-fit: cover; width: 100%;\"\n        loading=\"lazy\"\n\/>    <\/figure><\/div>\n\n<div class=\"wp-block-unilux-blocks-wrapper guidebook__body\">\n<h4 class=\"guidebook__name has-text-align-left wp-block-unilux-blocks-heading\"        id=\"classiques-garnier-la-critique-litteraire\"\n    >\nClassiques Garnier &#8211; La critique litt\u00e9raire<\/h4>\n\n\n\n<cite class=\"wp-block-unilux-blocks-plain-text\"><\/cite><\/div>\n        <\/a>\n    <\/li><li class=\"guidebook__item  wp-block-unilux-blocks-guidebook-list-item\">\n        <a\n        href=\"https:\/\/www.a-z.lu\/discovery\/dbfulldisplay?docid=alma9920353298007251&#038;context=L&#038;vid=352LUX_BIBNET_NETWORK:BIBNET_UNION&#038;lang=en\"\n        class=\"quick-link\"\n        target=\"_blank\"\n    >\n            \n<div class=\"wp-block-unilux-blocks-wrapper guidebook__visual\"><figure class=\"wp-block-dev4-reusable-blocks-image w-full object-fit--cover\">\n    \n<img decoding=\"async\" class=\"wp-block-image unilux-custom-image-block\"\n                alt=\"CAIRN info logo\"\n            src=\"https:\/\/www.uni.lu\/wp-content\/uploads\/sites\/14\/2023\/06\/4.3.11.jpg\"\n                srcset=\"https:\/\/www.uni.lu\/wp-content\/uploads\/sites\/14\/2023\/06\/4.3.11-144x300.jpg 144w, https:\/\/www.uni.lu\/wp-content\/uploads\/sites\/14\/2023\/06\/4.3.11.jpg 152w\"\n                style=\"object-position: 50.00% 50.00%; font-family: &quot;object-fit: cover; object-position: 50.00% 50.00%;&quot;; aspect-ratio: 64\/97; object-fit: cover; width: 100%;\"\n        loading=\"lazy\"\n\/>    <\/figure><\/div>\n\n<div class=\"wp-block-unilux-blocks-wrapper guidebook__body\">\n<h4 class=\"guidebook__name has-text-align-left wp-block-unilux-blocks-heading\"        id=\"cairn\"\n    >\nCAIRN<\/h4>\n\n\n\n<cite class=\"wp-block-unilux-blocks-plain-text\"><\/cite><\/div>\n        <\/a>\n    <\/li><\/ul><\/div>\n        <\/div>\n    <\/div>\n<\/div>\n\n<div class=\"accordion__item  wp-block-unilux-blocks-accordion-item\">\n    <h3 class=\"accordion__header\"\n        >\n        <button\n            type=\"button\"\n            id=\"accordion-labelledby-1c003b58-d180-4585-bca7-104d1000db20\"\n            class=\"accordion__button collapsed\"\n            aria-expanded=\"false\"\n            aria-controls=\"accordion-panel-1c003b58-d180-4585-bca7-104d1000db20\"\n            data-bs-toggle=\"collapse\"\n            data-bs-target=\"#accordion-panel-1c003b58-d180-4585-bca7-104d1000db20\"\n        >\n            <span class=\"accordion__title\">\n                                Journals &amp; e-journals            <\/span>\n\n            <svg aria-hidden=\"true\" focusable=\"false\" class=\"icon icon-outline icon--arrow-down \"><use xlink:href=\"https:\/\/www.uni.lu\/wp-content\/themes\/unilux-theme\/assets\/images\/icons\/icons-outline.svg#icon--arrow-down\"><\/use><\/svg>        <\/button>\n    <\/h3>\n    <div id=\"accordion-panel-1c003b58-d180-4585-bca7-104d1000db20\"\n        class=\"accordion__collapse collapse\"\n        aria-labelledby=\"accordion-labelledby-1c003b58-d180-4585-bca7-104d1000db20\"\n        data-bs-parent=\"[data-reference=&quot;930a0188-9d20-4379-89b6-9bf7e3324482&quot;]\"\n    >\n        <div class=\"accordion__body \">\n            \n<div class=\"wp-block-unilux-blocks-guidebook-list-wrapper guidebook\">\n<header class=\"wp-block-unilux-blocks-wrapper guidebook__header\">\n<h3 class=\"guidebook__title has-text-align-left wp-block-unilux-blocks-heading\"        id=\"e-journals\"\n    >\ne-Journals<\/h3>\n\n\n\n<p>Available at the LLC on floor -2; the 5 most recent volumes on the shelf, older issues on request<\/p>\n<\/header>\n\n\n<ul class=\"guidebook__listing  wp-block-unilux-blocks-guidebook-list\">\n    <li class=\"guidebook__item  wp-block-unilux-blocks-guidebook-list-item\">\n        <a\n        href=\"https:\/\/www.a-z.lu\/discovery\/search?query=any,contains,litt%C3%A9rature%20fran%C3%A7aise,AND&#038;tab=DiscoveryNetwork_UCV&#038;search_scope=DN_and_CI_UCV&#038;vid=352LUX_BNL:BIBNET_UNION&#038;facet=rtype,include,journals&#038;facet=tlevel,include,online_resources&#038;mode=advanced&#038;offset=0\"\n        class=\"quick-link\"\n        target=\"_blank\"\n    >\n            \n<div class=\"wp-block-unilux-blocks-wrapper guidebook__visual\"><figure class=\"wp-block-dev4-reusable-blocks-image w-full object-fit--cover\">\n    \n<img decoding=\"async\" class=\"wp-block-image unilux-custom-image-block\"\n                alt=\"Logo A-z\"\n            src=\"https:\/\/www.uni.lu\/wp-content\/uploads\/sites\/14\/2023\/09\/a-z-RGB_light_smaller.png\"\n                srcset=\"https:\/\/www.uni.lu\/wp-content\/uploads\/sites\/14\/2023\/09\/a-z-RGB_light_smaller-247x300.png 247w, https:\/\/www.uni.lu\/wp-content\/uploads\/sites\/14\/2023\/09\/a-z-RGB_light_smaller-845x1024.png 845w, https:\/\/www.uni.lu\/wp-content\/uploads\/sites\/14\/2023\/09\/a-z-RGB_light_smaller-768x931.png 768w, https:\/\/www.uni.lu\/wp-content\/uploads\/sites\/14\/2023\/09\/a-z-RGB_light_smaller-1267x1536.png 1267w, https:\/\/www.uni.lu\/wp-content\/uploads\/sites\/14\/2023\/09\/a-z-RGB_light_smaller-1690x2048.png 1690w, https:\/\/www.uni.lu\/wp-content\/uploads\/sites\/14\/2023\/09\/a-z-RGB_light_smaller.png 1711w\"\n                style=\"object-position: 50.00% 50.00%; font-family: &quot;object-fit: cover; object-position: 50.00% 50.00%;&quot;; aspect-ratio: 64\/97; object-fit: cover; width: 100%;\"\n        loading=\"lazy\"\n\/>    <\/figure><\/div>\n\n<div class=\"wp-block-unilux-blocks-wrapper guidebook__body\">\n<h4 class=\"guidebook__name has-text-align-left wp-block-unilux-blocks-heading\"        id=\"overview-of-e-journals-in-a-z-lu-litterature-francaise\"\n    >\nOverview of e-journals in a-z.lu (Litt\u00e9rature fran\u00e7aise)<\/h4>\n\n\n\n<cite class=\"wp-block-unilux-blocks-plain-text\"><\/cite><\/div>\n        <\/a>\n    <\/li><\/ul><\/div>\n        <\/div>\n    <\/div>\n<\/div>\n\n<div class=\"accordion__item  wp-block-unilux-blocks-accordion-item\">\n    <h3 class=\"accordion__header\"\n        >\n        <button\n            type=\"button\"\n            id=\"accordion-labelledby-427e3280-f875-4f5e-813f-21174f13a75e\"\n            class=\"accordion__button collapsed\"\n            aria-expanded=\"false\"\n            aria-controls=\"accordion-panel-427e3280-f875-4f5e-813f-21174f13a75e\"\n            data-bs-toggle=\"collapse\"\n            data-bs-target=\"#accordion-panel-427e3280-f875-4f5e-813f-21174f13a75e\"\n        >\n            <span class=\"accordion__title\">\n                                Databases            <\/span>\n\n            <svg aria-hidden=\"true\" focusable=\"false\" class=\"icon icon-outline icon--arrow-down \"><use xlink:href=\"https:\/\/www.uni.lu\/wp-content\/themes\/unilux-theme\/assets\/images\/icons\/icons-outline.svg#icon--arrow-down\"><\/use><\/svg>        <\/button>\n    <\/h3>\n    <div id=\"accordion-panel-427e3280-f875-4f5e-813f-21174f13a75e\"\n        class=\"accordion__collapse collapse\"\n        aria-labelledby=\"accordion-labelledby-427e3280-f875-4f5e-813f-21174f13a75e\"\n        data-bs-parent=\"[data-reference=&quot;930a0188-9d20-4379-89b6-9bf7e3324482&quot;]\"\n    >\n        <div class=\"accordion__body \">\n            \n<div class=\"wp-block-unilux-blocks-guidebook-list-wrapper guidebook\">\n<header class=\"wp-block-unilux-blocks-wrapper guidebook__header\">\n<h3 class=\"guidebook__title has-text-align-left wp-block-unilux-blocks-heading\"        id=\"a-z-lu\"\n    >\na-z.lu<\/h3>\n\n\n\n<p>Available via a-z.lu for university members with LLC registration<\/p>\n<\/header>\n\n\n<ul class=\"guidebook__listing  wp-block-unilux-blocks-guidebook-list\">\n    <li class=\"guidebook__item  wp-block-unilux-blocks-guidebook-list-item\">\n        <a\n        href=\"https:\/\/www.a-z.lu\/discovery\/dbsearch?query=contains,dbcategory,&#038;tab=jsearch_slot&#038;sortby=title&#038;vid=352LUX_BIBNET_NETWORK:BIBNET_UNION&#038;offset=0&#038;databases=category,400%E2%94%80440\"\n        class=\"quick-link\"\n        target=\"_blank\"\n    >\n            \n<div class=\"wp-block-unilux-blocks-wrapper guidebook__visual\"><figure class=\"wp-block-dev4-reusable-blocks-image w-full object-fit--cover\">\n    \n<img decoding=\"async\" class=\"wp-block-image unilux-custom-image-block\"\n                alt=\"Logo A-z\"\n            src=\"https:\/\/www.uni.lu\/wp-content\/uploads\/sites\/14\/2023\/09\/a-z-RGB_light_smaller.png\"\n                srcset=\"https:\/\/www.uni.lu\/wp-content\/uploads\/sites\/14\/2023\/09\/a-z-RGB_light_smaller-247x300.png 247w, https:\/\/www.uni.lu\/wp-content\/uploads\/sites\/14\/2023\/09\/a-z-RGB_light_smaller-845x1024.png 845w, https:\/\/www.uni.lu\/wp-content\/uploads\/sites\/14\/2023\/09\/a-z-RGB_light_smaller-768x931.png 768w, https:\/\/www.uni.lu\/wp-content\/uploads\/sites\/14\/2023\/09\/a-z-RGB_light_smaller-1267x1536.png 1267w, https:\/\/www.uni.lu\/wp-content\/uploads\/sites\/14\/2023\/09\/a-z-RGB_light_smaller-1690x2048.png 1690w, https:\/\/www.uni.lu\/wp-content\/uploads\/sites\/14\/2023\/09\/a-z-RGB_light_smaller.png 1711w\"\n                style=\"object-position: 0.00% 45.00%; font-family: &quot;object-fit: cover; object-position: 0.00% 45.00%;&quot;; aspect-ratio: 64\/97; object-fit: cover; width: 100%;\"\n        loading=\"lazy\"\n\/>    <\/figure><\/div>\n\n<div class=\"wp-block-unilux-blocks-wrapper guidebook__body\">\n<h4 class=\"guidebook__name has-text-align-left wp-block-unilux-blocks-heading\"        id=\"overview-of-databases-in-a-z-lu\"\n    >\nOverview of databases in a-z.lu<\/h4>\n\n\n\n<cite class=\"wp-block-unilux-blocks-plain-text\"><\/cite><\/div>\n        <\/a>\n    <\/li><li class=\"guidebook__item  wp-block-unilux-blocks-guidebook-list-item\">\n        <a\n        href=\"https:\/\/www.a-z.lu\/discovery\/dbfulldisplay?docid=alma9920353298007251&#038;context=L&#038;vid=352LUX_BIBNET_NETWORK:BIBNET_UNION&#038;lang=en\"\n        class=\"quick-link\"\n        target=\"_blank\"\n    >\n            \n<div class=\"wp-block-unilux-blocks-wrapper guidebook__visual\"><figure class=\"wp-block-dev4-reusable-blocks-image w-full object-fit--cover\">\n    \n<img decoding=\"async\" class=\"wp-block-image unilux-custom-image-block\"\n                alt=\"CAIRN info logo\"\n            src=\"https:\/\/www.uni.lu\/wp-content\/uploads\/sites\/14\/2023\/06\/4.3.11.jpg\"\n                srcset=\"https:\/\/www.uni.lu\/wp-content\/uploads\/sites\/14\/2023\/06\/4.3.11-144x300.jpg 144w, https:\/\/www.uni.lu\/wp-content\/uploads\/sites\/14\/2023\/06\/4.3.11.jpg 152w\"\n                style=\"object-position: 50.00% 50.00%; font-family: &quot;object-fit: cover; object-position: 50.00% 50.00%;&quot;; aspect-ratio: 64\/97; object-fit: cover; width: 100%;\"\n        loading=\"lazy\"\n\/>    <\/figure><\/div>\n\n<div class=\"wp-block-unilux-blocks-wrapper guidebook__body\">\n<h4 class=\"guidebook__name has-text-align-left wp-block-unilux-blocks-heading\"        id=\"cairn\"\n    >\nCAIRN<\/h4>\n\n\n\n<cite class=\"wp-block-unilux-blocks-plain-text\">Catalogue des collections Que sais-je? (PUF) et Rep\u00e8res (La D\u00e9couverte), revues en sciences humaines et sociales de plus de quarante \u00e9diteurs, et des livres \u00e9lectronique des \u00e9titeurs francophone.<\/cite><\/div>\n        <\/a>\n    <\/li><li class=\"guidebook__item  wp-block-unilux-blocks-guidebook-list-item\">\n        <a\n        href=\"https:\/\/www.erudit.org\/en\/\"\n        class=\"quick-link\"\n        target=\"_blank\"\n    >\n            \n<div class=\"wp-block-unilux-blocks-wrapper guidebook__visual\"><figure class=\"wp-block-dev4-reusable-blocks-image w-full object-fit--cover\">\n    \n<img decoding=\"async\" class=\"wp-block-image unilux-custom-image-block\"\n                alt=\"\u00c9rudit logo\"\n            src=\"https:\/\/www.uni.lu\/wp-content\/uploads\/sites\/14\/2023\/06\/8.3.2.jpg\"\n                srcset=\"https:\/\/www.uni.lu\/wp-content\/uploads\/sites\/14\/2023\/06\/8.3.2-150x300.jpg 150w, https:\/\/www.uni.lu\/wp-content\/uploads\/sites\/14\/2023\/06\/8.3.2.jpg 231w\"\n                style=\"object-position: 50.00% 50.00%; font-family: &quot;object-fit: cover; object-position: 50.00% 50.00%;&quot;; aspect-ratio: 64\/97; object-fit: cover; width: 100%;\"\n        loading=\"lazy\"\n\/>    <\/figure><\/div>\n\n<div class=\"wp-block-unilux-blocks-wrapper guidebook__body\">\n<h4 class=\"guidebook__name has-text-align-left wp-block-unilux-blocks-heading\"        id=\"erudit\"\n    >\n\u00c9rudit<\/h4>\n\n\n\n<cite class=\"wp-block-unilux-blocks-plain-text\">Distribution platform with scientific journals, books, proceedings, thesises and other documents and data in the fields of humanities and social sciences as well as science (often in Open Access). Subscription required for all Journals published within the last two years.<\/cite><\/div>\n        <\/a>\n    <\/li><li class=\"guidebook__item  wp-block-unilux-blocks-guidebook-list-item\">\n        <a\n        href=\"https:\/\/www.a-z.lu\/discovery\/dbfulldisplay?docid=alma9920353319407251&#038;context=L&#038;vid=352LUX_BIBNET_NETWORK:BIBNET_UNION&#038;lang=en\"\n        class=\"quick-link\"\n        target=\"_blank\"\n    >\n            \n<div class=\"wp-block-unilux-blocks-wrapper guidebook__visual\"><figure class=\"wp-block-dev4-reusable-blocks-image w-full object-fit--cover\">\n    \n<img decoding=\"async\" class=\"wp-block-image unilux-custom-image-block\"\n                alt=\"Frantext logo\"\n            src=\"https:\/\/www.uni.lu\/wp-content\/uploads\/sites\/14\/2023\/06\/8.3.3.jpg\"\n                srcset=\"https:\/\/www.uni.lu\/wp-content\/uploads\/sites\/14\/2023\/06\/8.3.3-167x300.jpg 167w, https:\/\/www.uni.lu\/wp-content\/uploads\/sites\/14\/2023\/06\/8.3.3.jpg 272w\"\n                style=\"object-position: 50.00% 50.00%; font-family: &quot;object-fit: cover; object-position: 50.00% 50.00%;&quot;; aspect-ratio: 64\/97; object-fit: cover; width: 100%;\"\n        loading=\"lazy\"\n\/>    <\/figure><\/div>\n\n<div class=\"wp-block-unilux-blocks-wrapper guidebook__body\">\n<h4 class=\"guidebook__name has-text-align-left wp-block-unilux-blocks-heading\"        id=\"frantext\"\n    >\nFrantext<\/h4>\n\n\n\n<cite class=\"wp-block-unilux-blocks-plain-text\">Base de donn\u00e9es d\u00e9velopp\u00e9e \u00e0 l\u2019ATILF (Analyse et Traitement Informatique de la Langue Fran\u00e7aise) qui permet de faire des recherches simples et complexes sur des formes, des lemmes ou des cat\u00e9gories grammaticales et d\u2019afficher les r\u00e9sultats dans un contexte de 700 signes.<\/cite><\/div>\n        <\/a>\n    <\/li><li class=\"guidebook__item  wp-block-unilux-blocks-guidebook-list-item\">\n        <a\n        href=\"https:\/\/www.a-z.lu\/discovery\/fulldisplay?docid=alma9920353315407251&#038;context=L&#038;vid=352LUX_BIBNET_NETWORK:BIBNET_UNION&#038;search_scope=DN_and_CI&#038;tab=DiscoveryNetwork&#038;lang=fr\"\n        class=\"quick-link\"\n        target=\"_blank\"\n    >\n            \n<div class=\"wp-block-unilux-blocks-wrapper guidebook__visual\"><figure class=\"wp-block-dev4-reusable-blocks-image w-full object-fit--cover\">\n    \n<img decoding=\"async\" class=\"wp-block-image unilux-custom-image-block\"\n                alt=\"Classiques Garnier logo\"\n            src=\"https:\/\/www.uni.lu\/wp-content\/uploads\/sites\/14\/2023\/06\/8.3.4.jpg\"\n                srcset=\"https:\/\/www.uni.lu\/wp-content\/uploads\/sites\/14\/2023\/06\/8.3.4-118x300.jpg 118w, https:\/\/www.uni.lu\/wp-content\/uploads\/sites\/14\/2023\/06\/8.3.4.jpg 249w\"\n                style=\"object-position: 50.00% 50.00%; font-family: &quot;object-fit: cover; object-position: 50.00% 50.00%;&quot;; aspect-ratio: 64\/97; object-fit: cover; width: 100%;\"\n        loading=\"lazy\"\n\/>    <\/figure><\/div>\n\n<div class=\"wp-block-unilux-blocks-wrapper guidebook__body\">\n<h4 class=\"guidebook__name has-text-align-left wp-block-unilux-blocks-heading\"        id=\"classiques-garnier-corpus-de-la-litterature-narrative-acces-offert-par-les-amities-francaises-luxembourg\"\n    >\nClassiques Garnier &#8211; Corpus de la litt\u00e9rature narrative (acc\u00e8s offert par Les Amiti\u00e9s Fran\u00e7aises Luxembourg)<\/h4>\n\n\n\n<cite class=\"wp-block-unilux-blocks-plain-text\">Acc\u00e8s aux oeuvres majeures de la litt\u00e9rature fran\u00e7aise du Moyen-\u00e2ge au XXe si\u00e8cle, et \u00e0 la recherche textuelle<\/cite><\/div>\n        <\/a>\n    <\/li><li class=\"guidebook__item  wp-block-unilux-blocks-guidebook-list-item\">\n        <a\n        href=\"https:\/\/www.a-z.lu\/discovery\/fulldisplay?docid=alma9920353315307251&#038;context=L&#038;vid=352LUX_BIBNET_NETWORK:BIBNET_UNION&#038;search_scope=DN_and_CI&#038;tab=DiscoveryNetwork&#038;lang=fr\"\n        class=\"quick-link\"\n        target=\"_blank\"\n    >\n            \n<div class=\"wp-block-unilux-blocks-wrapper guidebook__visual\"><figure class=\"wp-block-dev4-reusable-blocks-image w-full object-fit--cover\">\n    \n<img decoding=\"async\" class=\"wp-block-image unilux-custom-image-block\"\n                alt=\"Classiques Garnier logo\"\n            src=\"https:\/\/www.uni.lu\/wp-content\/uploads\/sites\/14\/2023\/06\/8.3.4.jpg\"\n                srcset=\"https:\/\/www.uni.lu\/wp-content\/uploads\/sites\/14\/2023\/06\/8.3.4-118x300.jpg 118w, https:\/\/www.uni.lu\/wp-content\/uploads\/sites\/14\/2023\/06\/8.3.4.jpg 249w\"\n                style=\"object-position: 50.00% 50.00%; font-family: &quot;object-fit: cover; object-position: 50.00% 50.00%;&quot;; aspect-ratio: 64\/97; object-fit: cover; width: 100%;\"\n        loading=\"lazy\"\n\/>    <\/figure><\/div>\n\n<div class=\"wp-block-unilux-blocks-wrapper guidebook__body\">\n<h4 class=\"guidebook__name has-text-align-left wp-block-unilux-blocks-heading\"        id=\"classiques-garnier-la-critique-litteraire\"\n    >\nClassiques Garnier &#8211; La critique litt\u00e9raire<\/h4>\n\n\n\n<cite class=\"wp-block-unilux-blocks-plain-text\">Acc\u00e8s aux oeuvres critiques majeures de la litt\u00e9rature fran\u00e7aise du 18e au xxe si\u00e8cle<\/cite><\/div>\n        <\/a>\n    <\/li><li class=\"guidebook__item  wp-block-unilux-blocks-guidebook-list-item\">\n        <a\n        href=\"https:\/\/www.a-z.lu\/discovery\/dbfulldisplay?docid=alma9920353330007251&#038;context=L&#038;vid=352LUX_BIBNET_NETWORK:BIBNET_UNION&#038;lang=en\"\n        class=\"quick-link\"\n        target=\"_blank\"\n    >\n            \n<div class=\"wp-block-unilux-blocks-wrapper guidebook__visual\"><figure class=\"wp-block-dev4-reusable-blocks-image w-full object-fit--cover\">\n    \n<img decoding=\"async\" class=\"wp-block-image unilux-custom-image-block\"\n                alt=\"Munzinger online logo\"\n            src=\"https:\/\/www.uni.lu\/wp-content\/uploads\/sites\/14\/2023\/06\/1.3.5.jpg\"\n                srcset=\"https:\/\/www.uni.lu\/wp-content\/uploads\/sites\/14\/2023\/06\/1.3.5-300x300.jpg 300w, https:\/\/www.uni.lu\/wp-content\/uploads\/sites\/14\/2023\/06\/1.3.5-150x150.jpg 150w, https:\/\/www.uni.lu\/wp-content\/uploads\/sites\/14\/2023\/06\/1.3.5-768x768.jpg 768w, https:\/\/www.uni.lu\/wp-content\/uploads\/sites\/14\/2023\/06\/1.3.5.jpg 900w\"\n                style=\"object-position: 50.00% 50.00%; font-family: &quot;object-fit: cover; object-position: 50.00% 50.00%;&quot;; aspect-ratio: 64\/97; object-fit: cover; width: 100%;\"\n        loading=\"lazy\"\n\/>    <\/figure><\/div>\n\n<div class=\"wp-block-unilux-blocks-wrapper guidebook__body\">\n<h4 class=\"guidebook__name has-text-align-left wp-block-unilux-blocks-heading\"        id=\"munzinger-online\"\n    >\nMunzinger online<\/h4>\n\n\n\n<cite class=\"wp-block-unilux-blocks-plain-text\">La base de donn\u00e9es donne entre autre acc\u00e8s \u00e0 la version num\u00e9rique du Kindlers Literatur Lexikon, ainsi que du Kritisches Lexikon zur fremdsprachigen Gegenwartsliteratur : KLfG (\u00e9galement disponibles sur papier), qui recensent des essais biographiques et critiques sur des milliers d\u2019auteurs ainsi que des bibliographies tr\u00e8s exhaustives.<\/cite><\/div>\n        <\/a>\n    <\/li><li class=\"guidebook__item  wp-block-unilux-blocks-guidebook-list-item\">\n        <a\n        href=\"https:\/\/www.persee.fr\/\"\n        class=\"quick-link\"\n        target=\"_blank\"\n    >\n            \n<div class=\"wp-block-unilux-blocks-wrapper guidebook__visual\"><figure class=\"wp-block-dev4-reusable-blocks-image w-full object-fit--cover\">\n    \n<img decoding=\"async\" class=\"wp-block-image unilux-custom-image-block\"\n                alt=\"Pers\u00e9e logo\"\n            src=\"https:\/\/www.uni.lu\/wp-content\/uploads\/sites\/14\/2023\/06\/8.3.8.jpg\"\n                srcset=\"https:\/\/www.uni.lu\/wp-content\/uploads\/sites\/14\/2023\/06\/8.3.8-108x300.jpg 108w, https:\/\/www.uni.lu\/wp-content\/uploads\/sites\/14\/2023\/06\/8.3.8.jpg 109w\"\n                style=\"object-position: 50.00% 50.00%; font-family: &quot;object-fit: cover; object-position: 50.00% 50.00%;&quot;; aspect-ratio: 64\/97; object-fit: cover; width: 100%;\"\n        loading=\"lazy\"\n\/>    <\/figure><\/div>\n\n<div class=\"wp-block-unilux-blocks-wrapper guidebook__body\">\n<h4 class=\"guidebook__name has-text-align-left wp-block-unilux-blocks-heading\"        id=\"persee\"\n    >\nPers\u00e9e<\/h4>\n\n\n\n<cite class=\"wp-block-unilux-blocks-plain-text\">Portail de revues scientifiques fran\u00e7aises en sciences humaines et sociales.<\/cite><\/div>\n        <\/a>\n    <\/li><\/ul><\/div>\n        <\/div>\n    <\/div>\n<\/div>\n\n<div class=\"accordion__item  wp-block-unilux-blocks-accordion-item\">\n    <h3 class=\"accordion__header\"\n        >\n        <button\n            type=\"button\"\n            id=\"accordion-labelledby-dbef2a24-9d69-4ad3-86e5-1c2697abcc62\"\n            class=\"accordion__button collapsed\"\n            aria-expanded=\"false\"\n            aria-controls=\"accordion-panel-dbef2a24-9d69-4ad3-86e5-1c2697abcc62\"\n            data-bs-toggle=\"collapse\"\n            data-bs-target=\"#accordion-panel-dbef2a24-9d69-4ad3-86e5-1c2697abcc62\"\n        >\n            <span class=\"accordion__title\">\n                                Recommended Links            <\/span>\n\n            <svg aria-hidden=\"true\" focusable=\"false\" class=\"icon icon-outline icon--arrow-down \"><use xlink:href=\"https:\/\/www.uni.lu\/wp-content\/themes\/unilux-theme\/assets\/images\/icons\/icons-outline.svg#icon--arrow-down\"><\/use><\/svg>        <\/button>\n    <\/h3>\n    <div id=\"accordion-panel-dbef2a24-9d69-4ad3-86e5-1c2697abcc62\"\n        class=\"accordion__collapse collapse\"\n        aria-labelledby=\"accordion-labelledby-dbef2a24-9d69-4ad3-86e5-1c2697abcc62\"\n        data-bs-parent=\"[data-reference=&quot;930a0188-9d20-4379-89b6-9bf7e3324482&quot;]\"\n    >\n        <div class=\"accordion__body \">\n            \n<div class=\"wp-block-unilux-blocks-guidebook-list-wrapper guidebook\">\n<header class=\"wp-block-unilux-blocks-wrapper guidebook__header\">\n<h3 class=\"guidebook__title has-text-align-left wp-block-unilux-blocks-heading\"        id=\"freely-accessible-databases\"\n    >\nFreely accessible databases<\/h3>\n\n\n\n<p><\/p>\n<\/header>\n\n\n<ul class=\"guidebook__listing  wp-block-unilux-blocks-guidebook-list\">\n    <li class=\"guidebook__item  wp-block-unilux-blocks-guidebook-list-item\">\n        <a\n        href=\"https:\/\/www.ccdmd.qc.ca\/fr\/\"\n        class=\"quick-link\"\n        target=\"_blank\"\n    >\n            \n<div class=\"wp-block-unilux-blocks-wrapper guidebook__visual\"><figure class=\"wp-block-dev4-reusable-blocks-image w-full object-fit--cover\">\n    \n<img decoding=\"async\" class=\"wp-block-image unilux-custom-image-block\"\n                alt=\"Am\u00e9lioration du fran\u00e7ais logo\"\n            src=\"https:\/\/www.uni.lu\/wp-content\/uploads\/sites\/14\/2023\/06\/8.4.1.jpg\"\n                srcset=\"https:\/\/www.uni.lu\/wp-content\/uploads\/sites\/14\/2023\/06\/8.4.1-132x300.jpg 132w, https:\/\/www.uni.lu\/wp-content\/uploads\/sites\/14\/2023\/06\/8.4.1.jpg 249w\"\n                style=\"object-position: 50.00% 50.00%; font-family: &quot;object-fit: cover; object-position: 50.00% 50.00%;&quot;; aspect-ratio: 64\/97; object-fit: cover; width: 100%;\"\n        loading=\"lazy\"\n\/>    <\/figure><\/div>\n\n<div class=\"wp-block-unilux-blocks-wrapper guidebook__body\">\n<h4 class=\"guidebook__name has-text-align-left wp-block-unilux-blocks-heading\"        id=\"amelioration-du-francais\"\n    >\nAm\u00e9lioration du fran\u00e7ais<\/h4>\n\n\n\n<cite class=\"wp-block-unilux-blocks-plain-text\">Ressources en ligne destin\u00e9es aux \u00e9l\u00e8ves et \u00e0 \u00ab toute personne d\u00e9sireuse d&#8217;am\u00e9liorer ses comp\u00e9tences en fran\u00e7ais \u00bb.<\/cite><\/div>\n        <\/a>\n    <\/li><li class=\"guidebook__item  wp-block-unilux-blocks-guidebook-list-item\">\n        <a\n        href=\"https:\/\/www.theses.fr\/\"\n        class=\"quick-link\"\n        target=\"_blank\"\n    >\n            \n<div class=\"wp-block-unilux-blocks-wrapper guidebook__visual\"><figure class=\"wp-block-dev4-reusable-blocks-image w-full object-fit--cover\">\n    \n<img decoding=\"async\" class=\"wp-block-image unilux-custom-image-block\"\n                alt=\"Th\u00e8ses.fr logo\"\n            src=\"https:\/\/www.uni.lu\/wp-content\/uploads\/sites\/14\/2023\/06\/8.4.2.jpg\"\n                srcset=\"https:\/\/www.uni.lu\/wp-content\/uploads\/sites\/14\/2023\/06\/8.4.2-130x300.jpg 130w, https:\/\/www.uni.lu\/wp-content\/uploads\/sites\/14\/2023\/06\/8.4.2.jpg 160w\"\n                style=\"object-position: 50.00% 50.00%; font-family: &quot;object-fit: cover; object-position: 50.00% 50.00%;&quot;; aspect-ratio: 64\/97; object-fit: cover; width: 100%;\"\n        loading=\"lazy\"\n\/>    <\/figure><\/div>\n\n<div class=\"wp-block-unilux-blocks-wrapper guidebook__body\">\n<h4 class=\"guidebook__name has-text-align-left wp-block-unilux-blocks-heading\"        id=\"theses-fr\"\n    >\nTh\u00e8ses.fr<\/h4>\n\n\n\n<cite class=\"wp-block-unilux-blocks-plain-text\">Moteur de recherche des th\u00e8ses de doctorat fran\u00e7aises : r\u00e9f\u00e9rencement des th\u00e8ses soutenues en France depuis 1985.<\/cite><\/div>\n        <\/a>\n    <\/li><li class=\"guidebook__item  wp-block-unilux-blocks-guidebook-list-item\">\n        <a\n        href=\"https:\/\/gallica.bnf.fr\/accueil\/en\/content\/accueil-en?mode=desktop\"\n        class=\"quick-link\"\n        target=\"_blank\"\n    >\n            \n<div class=\"wp-block-unilux-blocks-wrapper guidebook__visual\"><figure class=\"wp-block-dev4-reusable-blocks-image w-full object-fit--cover\">\n    \n<img decoding=\"async\" class=\"wp-block-image unilux-custom-image-block\"\n                alt=\"BnF Gallica logo\"\n            src=\"https:\/\/www.uni.lu\/wp-content\/uploads\/sites\/14\/2023\/06\/8.4.3.jpg\"\n                srcset=\"https:\/\/www.uni.lu\/wp-content\/uploads\/sites\/14\/2023\/06\/8.4.3-163x300.jpg 163w, https:\/\/www.uni.lu\/wp-content\/uploads\/sites\/14\/2023\/06\/8.4.3.jpg 256w\"\n                style=\"object-position: 40.00% 51.00%; font-family: &quot;object-fit: cover; object-position: 40.00% 51.00%;&quot;; aspect-ratio: 64\/97; object-fit: cover; width: 100%;\"\n        loading=\"lazy\"\n\/>    <\/figure><\/div>\n\n<div class=\"wp-block-unilux-blocks-wrapper guidebook__body\">\n<h4 class=\"guidebook__name has-text-align-left wp-block-unilux-blocks-heading\"        id=\"gallica\"\n    >\nGallica<\/h4>\n\n\n\n<cite class=\"wp-block-unilux-blocks-plain-text\">Biblioth\u00e8que num\u00e9rique de la Biblioth\u00e8que nationale de France. T\u00e9moignages du patrimoine \u00e9crit fran\u00e7ais et de son rayonnement en Europe et dans le monde.<\/cite><\/div>\n        <\/a>\n    <\/li><li class=\"guidebook__item  wp-block-unilux-blocks-guidebook-list-item\">\n        <a\n        href=\"https:\/\/www.fabula.org\/\"\n        class=\"quick-link\"\n        target=\"_blank\"\n    >\n            \n<div class=\"wp-block-unilux-blocks-wrapper guidebook__visual\"><figure class=\"wp-block-dev4-reusable-blocks-image w-full object-fit--cover\">\n    \n<img decoding=\"async\" class=\"wp-block-image unilux-custom-image-block\"\n                alt=\"Fabula (logo). La recherche en litt\u00e9rature\"\n            src=\"https:\/\/www.uni.lu\/wp-content\/uploads\/sites\/14\/2023\/06\/8.4.4.jpg\"\n                srcset=\"https:\/\/www.uni.lu\/wp-content\/uploads\/sites\/14\/2023\/06\/8.4.4-152x300.jpg 152w, https:\/\/www.uni.lu\/wp-content\/uploads\/sites\/14\/2023\/06\/8.4.4.jpg 278w\"\n                style=\"object-position: 50.00% 50.00%; font-family: &quot;object-fit: cover; object-position: 50.00% 50.00%;&quot;; aspect-ratio: 64\/97; object-fit: cover; width: 100%;\"\n        loading=\"lazy\"\n\/>    <\/figure><\/div>\n\n<div class=\"wp-block-unilux-blocks-wrapper guidebook__body\">\n<h4 class=\"guidebook__name has-text-align-left wp-block-unilux-blocks-heading\"        id=\"fabula\"\n    >\nFabula<\/h4>\n\n\n\n<cite class=\"wp-block-unilux-blocks-plain-text\">Lieu de ressources et de rencontre destin\u00e9 aux chercheurs du large domaine des \u00e9tudes litt\u00e9raires et de la langue fran\u00e7aise.<\/cite><\/div>\n        <\/a>\n    <\/li><\/ul><\/div>\n        <\/div>\n    <\/div>\n<\/div><\/div>\n<\/div><\/section>\n\n\n<section class=\"section section wp-block-unilux-blocks-quick-link-discover-section\">\n    <div class=\"container xl:max-w-screen-xl\">\n        \n<h2 class=\"has-text-align-left wp-block-unilux-blocks-heading\"        id=\"discover-more\"\n    >\nDiscover more<\/h2>\n\n<ul class=\"wp-block-unilux-blocks-quick-link-discover quick-link-list\">\n<li class=\"wp-block-unilux-blocks-quick-link-discover-item\">\n    <a\n                    href=\"https:\/\/www.a-z.lu\/discovery\/purchaseRequest?vid=352LUX_BIBNET_NETWORK%3ABIBNET_UNION\"\n                    class=\"quick-link\"\n            target=\"_blank\"\n    >\n            <span class=\"quick-link__container\">\n                <span class=\"quick-link__text\">\n                    Acquisition request                <\/span>\n                <svg aria-hidden=\"true\" focusable=\"false\" class=\"icon icon-outline icon--external-link \"><use xlink:href=\"https:\/\/www.uni.lu\/wp-content\/themes\/unilux-theme\/assets\/images\/icons\/icons-outline.svg#icon--external-link\"><\/use><\/svg>            <\/span>\n    <\/a>\n<\/li>\n\n\n\n<li class=\"wp-block-unilux-blocks-quick-link-discover-item\">\n    <a\n                    href=\"https:\/\/a-z.lu\"\n                    class=\"quick-link\"\n            target=\"_blank\"\n    >\n            <span class=\"quick-link__container\">\n                <span class=\"quick-link__text\">\n                    a-z.lu                <\/span>\n                <svg aria-hidden=\"true\" focusable=\"false\" class=\"icon icon-outline icon--external-link \"><use xlink:href=\"https:\/\/www.uni.lu\/wp-content\/themes\/unilux-theme\/assets\/images\/icons\/icons-outline.svg#icon--external-link\"><\/use><\/svg>            <\/span>\n    <\/a>\n<\/li>\n\n\n\n<li class=\"wp-block-unilux-blocks-quick-link-discover-item\">\n    <a\n                    href=\"https:\/\/www.uni.lu\/llc-en\/skills-support\/\"\n                    class=\"quick-link\"\n            target=\"\"\n    >\n            <span class=\"quick-link__container\">\n                <span class=\"quick-link__text\">\n                    Skills &amp; support                <\/span>\n                <svg aria-hidden=\"true\" focusable=\"false\" class=\"icon icon-outline icon--arrow-right \"><use xlink:href=\"https:\/\/www.uni.lu\/wp-content\/themes\/unilux-theme\/assets\/images\/icons\/icons-outline.svg#icon--arrow-right\"><\/use><\/svg>            <\/span>\n    <\/a>\n<\/li>\n<\/ul>\n    <\/div>\n<\/section><\/div>","protected":false},"excerpt":{"rendered":"","protected":false},"author":39,"featured_media":0,"template":"","meta":{"featured_image_focal_point":[],"show_featured_caption":false,"ulux_newsletter_groups":"","uluxPostTitle":"Luxembourg Learning Centre (LLC)","uluxPrePostTitle":"","_trash_the_other_posts":false,"_price":"","_stock":"","_tribe_ticket_header":"","_tribe_default_ticket_provider":"","_tribe_ticket_capacity":"0","_ticket_start_date":"","_ticket_end_date":"","_tribe_ticket_show_description":"","_tribe_ticket_show_not_going":false,"_tribe_ticket_use_global_stock":"","_tribe_ticket_global_stock_level":"","_global_stock_mode":"","_global_stock_cap":"","_tribe_rsvp_for_event":"","_tribe_ticket_going_count":"","_tribe_ticket_not_going_count":"","_tribe_tickets_list":"[]","_tribe_ticket_has_attendee_info_fields":false},"field-of-interest":[],"authorship":[39],"acf":[],"yoast_head":"<!-- This site is optimized with the Yoast SEO Premium plugin v22.3 (Yoast SEO v22.3) - https:\/\/yoast.com\/wordpress\/plugins\/seo\/ -->\n<title>French Studies - Luxembourg Learning Centre (LLC) I Uni.lu<\/title>\n<meta name=\"description\" content=\"Navigation Menu Location of print resources: Floor -2: current books &amp; journalsFloor -2 (&quot;The Stacks&quot;): older\/ less used books Classification codes:\" \/>\n<meta name=\"robots\" content=\"index, follow, max-snippet:-1, max-image-preview:large, max-video-preview:-1\" \/>\n<link rel=\"canonical\" href=\"https:\/\/www.uni.lu\/llc-en\/subject-guides\/french-studies\/\" \/>\n<meta property=\"og:locale\" content=\"en_GB\" \/>\n<meta property=\"og:type\" content=\"article\" \/>\n<meta property=\"og:title\" content=\"French Studies\" \/>\n<meta property=\"og:description\" content=\"Navigation Menu Location of print resources: Floor -2: current books &amp; journalsFloor -2 (&quot;The Stacks&quot;): older\/ less used books Classification codes:\" \/>\n<meta property=\"og:url\" content=\"https:\/\/www.uni.lu\/llc-en\/subject-guides\/french-studies\/\" \/>\n<meta property=\"og:site_name\" content=\"LLC EN\" \/>\n<meta property=\"article:modified_time\" content=\"2026-02-11T10:13:50+00:00\" \/>\n<meta property=\"og:image\" content=\"https:\/\/www.uni.lu\/wp-content\/uploads\/sites\/14\/2026\/03\/03115512\/UNIV_SM-Profile_1600x1600px-scaled.jpg\" \/>\n\t<meta property=\"og:image:width\" content=\"2560\" \/>\n\t<meta property=\"og:image:height\" content=\"2560\" \/>\n\t<meta property=\"og:image:type\" content=\"image\/jpeg\" \/>\n<meta name=\"twitter:card\" content=\"summary_large_image\" \/>\n<meta name=\"twitter:label1\" content=\"Estimated reading time\" \/>\n\t<meta name=\"twitter:data1\" content=\"1 minute\" \/>\n<script type=\"application\/ld+json\" class=\"yoast-schema-graph\">{\"@context\":\"https:\/\/schema.org\",\"@graph\":[{\"@type\":\"WebPage\",\"@id\":\"https:\/\/www.uni.lu\/llc-en\/subject-guides\/french-studies\/\",\"url\":\"https:\/\/www.uni.lu\/llc-en\/subject-guides\/french-studies\/\",\"name\":\"French Studies - Luxembourg Learning Centre (LLC) I Uni.lu\",\"isPartOf\":{\"@id\":\"https:\/\/www.uni.lu\/llc-en\/#website\"},\"datePublished\":\"2023-06-26T13:06:29+00:00\",\"dateModified\":\"2026-02-11T10:13:50+00:00\",\"description\":\"Navigation Menu Location of print resources: Floor -2: current books &amp; journalsFloor -2 (\\\"The Stacks\\\"): older\/ less used books Classification codes:\",\"breadcrumb\":{\"@id\":\"https:\/\/www.uni.lu\/llc-en\/subject-guides\/french-studies\/#breadcrumb\"},\"inLanguage\":\"en-GB\",\"potentialAction\":[{\"@type\":\"ReadAction\",\"target\":[\"https:\/\/www.uni.lu\/llc-en\/subject-guides\/french-studies\/\"]}]},{\"@type\":\"BreadcrumbList\",\"@id\":\"https:\/\/www.uni.lu\/llc-en\/subject-guides\/french-studies\/#breadcrumb\",\"itemListElement\":[{\"@type\":\"ListItem\",\"position\":1,\"name\":\"Home\",\"item\":\"https:\/\/www.uni.lu\/en\"},{\"@type\":\"ListItem\",\"position\":2,\"name\":\"Luxembourg Learning Centre (LLC)\",\"item\":\"https:\/\/www.uni.lu\/llc-en\/\"},{\"@type\":\"ListItem\",\"position\":3,\"name\":\"Subject Guide\",\"item\":\"https:\/\/www.uni.lu\/llc-en\/subject-guides\/\"},{\"@type\":\"ListItem\",\"position\":4,\"name\":\"French Studies\"}]},{\"@type\":\"WebSite\",\"@id\":\"https:\/\/www.uni.lu\/llc-en\/#website\",\"url\":\"https:\/\/www.uni.lu\/llc-en\/\",\"name\":\"LLC\",\"description\":\"Luxembourg Learning Centre I Uni.lu\",\"publisher\":{\"@id\":\"https:\/\/www.uni.lu\/llc-en\/#organization\"},\"alternateName\":\"Luxembourg Learning Centre I University of Luxembourg\",\"potentialAction\":[{\"@type\":\"SearchAction\",\"target\":{\"@type\":\"EntryPoint\",\"urlTemplate\":\"https:\/\/www.uni.lu\/llc-en\/?s={search_term_string}\"},\"query-input\":\"required name=search_term_string\"}],\"inLanguage\":\"en-GB\"},{\"@type\":\"Organization\",\"@id\":\"https:\/\/www.uni.lu\/llc-en\/#organization\",\"name\":\"LLC - University of Luxembourg I Uni.lu\",\"alternateName\":\"Luxembourg Learning Centre\",\"url\":\"https:\/\/www.uni.lu\/llc-en\/\",\"logo\":{\"@type\":\"ImageObject\",\"inLanguage\":\"en-GB\",\"@id\":\"https:\/\/www.uni.lu\/llc-en\/#\/schema\/logo\/image\/\",\"url\":\"https:\/\/www.uni.lu\/wp-content\/uploads\/sites\/14\/2026\/03\/03115512\/UNIV_SM-Profile_1600x1600px-scaled.jpg\",\"contentUrl\":\"https:\/\/www.uni.lu\/wp-content\/uploads\/sites\/14\/2026\/03\/03115512\/UNIV_SM-Profile_1600x1600px-scaled.jpg\",\"width\":2560,\"height\":2560,\"caption\":\"LLC - University of Luxembourg I Uni.lu\"},\"image\":{\"@id\":\"https:\/\/www.uni.lu\/llc-en\/#\/schema\/logo\/image\/\"},\"description\":\"Luxembourg Learning Centre I Uni.lu\"}]}<\/script>\n<!-- \/ Yoast SEO Premium plugin. -->","yoast_head_json":{"title":"French Studies - Luxembourg Learning Centre (LLC) I Uni.lu","description":"Navigation Menu Location of print resources: Floor -2: current books &amp; journalsFloor -2 (\"The Stacks\"): older\/ less used books Classification codes:","robots":{"index":"index","follow":"follow","max-snippet":"max-snippet:-1","max-image-preview":"max-image-preview:large","max-video-preview":"max-video-preview:-1"},"canonical":"https:\/\/www.uni.lu\/llc-en\/subject-guides\/french-studies\/","og_locale":"en_GB","og_type":"article","og_title":"French Studies","og_description":"Navigation Menu Location of print resources: Floor -2: current books &amp; journalsFloor -2 (\"The Stacks\"): older\/ less used books Classification codes:","og_url":"https:\/\/www.uni.lu\/llc-en\/subject-guides\/french-studies\/","og_site_name":"LLC EN","article_modified_time":"2026-02-11T10:13:50+00:00","og_image":[{"width":2560,"height":2560,"url":"https:\/\/www.uni.lu\/wp-content\/uploads\/sites\/14\/2026\/03\/03115512\/UNIV_SM-Profile_1600x1600px-scaled.jpg","type":"image\/jpeg"}],"twitter_card":"summary_large_image","twitter_misc":{"Estimated reading time":"1 minute"},"schema":{"@context":"https:\/\/schema.org","@graph":[{"@type":"WebPage","@id":"https:\/\/www.uni.lu\/llc-en\/subject-guides\/french-studies\/","url":"https:\/\/www.uni.lu\/llc-en\/subject-guides\/french-studies\/","name":"French Studies - Luxembourg Learning Centre (LLC) I Uni.lu","isPartOf":{"@id":"https:\/\/www.uni.lu\/llc-en\/#website"},"datePublished":"2023-06-26T13:06:29+00:00","dateModified":"2026-02-11T10:13:50+00:00","description":"Navigation Menu Location of print resources: Floor -2: current books &amp; journalsFloor -2 (\"The Stacks\"): older\/ less used books Classification codes:","breadcrumb":{"@id":"https:\/\/www.uni.lu\/llc-en\/subject-guides\/french-studies\/#breadcrumb"},"inLanguage":"en-GB","potentialAction":[{"@type":"ReadAction","target":["https:\/\/www.uni.lu\/llc-en\/subject-guides\/french-studies\/"]}]},{"@type":"BreadcrumbList","@id":"https:\/\/www.uni.lu\/llc-en\/subject-guides\/french-studies\/#breadcrumb","itemListElement":[{"@type":"ListItem","position":1,"name":"Home","item":"https:\/\/www.uni.lu\/en"},{"@type":"ListItem","position":2,"name":"Luxembourg Learning Centre (LLC)","item":"https:\/\/www.uni.lu\/llc-en\/"},{"@type":"ListItem","position":3,"name":"Subject Guide","item":"https:\/\/www.uni.lu\/llc-en\/subject-guides\/"},{"@type":"ListItem","position":4,"name":"French Studies"}]},{"@type":"WebSite","@id":"https:\/\/www.uni.lu\/llc-en\/#website","url":"https:\/\/www.uni.lu\/llc-en\/","name":"LLC","description":"Luxembourg Learning Centre I Uni.lu","publisher":{"@id":"https:\/\/www.uni.lu\/llc-en\/#organization"},"alternateName":"Luxembourg Learning Centre I University of Luxembourg","potentialAction":[{"@type":"SearchAction","target":{"@type":"EntryPoint","urlTemplate":"https:\/\/www.uni.lu\/llc-en\/?s={search_term_string}"},"query-input":"required name=search_term_string"}],"inLanguage":"en-GB"},{"@type":"Organization","@id":"https:\/\/www.uni.lu\/llc-en\/#organization","name":"LLC - University of Luxembourg I Uni.lu","alternateName":"Luxembourg Learning Centre","url":"https:\/\/www.uni.lu\/llc-en\/","logo":{"@type":"ImageObject","inLanguage":"en-GB","@id":"https:\/\/www.uni.lu\/llc-en\/#\/schema\/logo\/image\/","url":"https:\/\/www.uni.lu\/wp-content\/uploads\/sites\/14\/2026\/03\/03115512\/UNIV_SM-Profile_1600x1600px-scaled.jpg","contentUrl":"https:\/\/www.uni.lu\/wp-content\/uploads\/sites\/14\/2026\/03\/03115512\/UNIV_SM-Profile_1600x1600px-scaled.jpg","width":2560,"height":2560,"caption":"LLC - University of Luxembourg I Uni.lu"},"image":{"@id":"https:\/\/www.uni.lu\/llc-en\/#\/schema\/logo\/image\/"},"description":"Luxembourg Learning Centre I Uni.lu"}]}},"_links":{"self":[{"href":"https:\/\/www.uni.lu\/llc-en\/wp-json\/wp\/v2\/subject-guides\/934"}],"collection":[{"href":"https:\/\/www.uni.lu\/llc-en\/wp-json\/wp\/v2\/subject-guides"}],"about":[{"href":"https:\/\/www.uni.lu\/llc-en\/wp-json\/wp\/v2\/types\/subject-guides"}],"author":[{"embeddable":true,"href":"https:\/\/www.uni.lu\/llc-en\/wp-json\/wp\/v2\/users\/39"}],"wp:authorship":[{"embeddable":true,"href":"https:\/\/www.uni.lu\/llc-en\/wp-json\/wp\/v2\/users\/39"}],"wp:attachment":[{"href":"https:\/\/www.uni.lu\/llc-en\/wp-json\/wp\/v2\/media?parent=934"}],"wp:term":[{"taxonomy":"field-of-interest","embeddable":true,"href":"https:\/\/www.uni.lu\/llc-en\/wp-json\/wp\/v2\/field-of-interest?post=934"}],"curies":[{"name":"wp","href":"https:\/\/api.w.org\/{rel}","templated":true}]}}