{"id":10790,"date":"2024-09-26T16:01:04","date_gmt":"2024-09-26T14:01:04","guid":{"rendered":"https:\/\/www.uni.lu\/life-en\/?post_type=events&#038;p=10790"},"modified":"2024-10-08T16:21:38","modified_gmt":"2024-10-08T14:21:38","slug":"meet-and-greet-with-artist-andrea-mancini","status":"publish","type":"events","link":"https:\/\/www.uni.lu\/life-en\/events\/meet-and-greet-with-artist-andrea-mancini\/","title":{"rendered":"Meet and Greet with artist Andrea Mancini\u00a0"},"content":{"rendered":"\n<section class=\"wp-block-unilux-blocks-free-section section\"><div class=\"container xl:max-w-screen-xl\">\n<p>We are pleased to have Andrea Mancini as \u201cArtiste invit\u00e9\u201d this year at the University of Luxembourg.<\/p>\n\n\n\n<p>You\u2019re invited to hear about his work and talk with him at our Meet&amp;Greet on Wednesday Oct. 9th at 12:00 at MSA 4th floor, room 4380. Drinks and snacks provided.<\/p>\n\n\n\n<p>He will be giving<a href=\"https:\/\/www.uni.lu\/life-en\/classes-workshops\/studio-pluri-arts\/\"> workshops <\/a>every Wednesday in Belval.<\/p>\n\n\n<div class=\"wp-block-unilux-blocks-spacer is-spacer-size-sm\"><\/div>\n\n\n<p><strong>Short bio:<\/strong><\/p>\n\n\n\n<p>Andrea&nbsp;Mancini (b. 1989) is an Italo Luxembourgish artist and musician based in Brussels, Belgium. Mancini\u2019s practice is interdisciplinary and investigates the relationship between space, matter and sound through composition, installation environments activated by performative acts. Some of his themes of research are currently the realms of intimacy and participative production. He is part of the artistic team for the ongoing exhibition A Comparative Dialogue Act at the Luxembourg Pavilion in the 2024 Venice Biennale. This year he will be running an entry-level weekly multidisciplinary art workshop at the university.<\/p>\n\n\n<div class=\"wp-block-unilux-blocks-spacer is-spacer-size-sm\"><\/div>\n\n\n<p><strong>Latest exhibitions &amp; projects:<\/strong><\/p>\n\n\n\n<p>2024 \u2013 A Comparative Dialogue Act by&nbsp;Andrea&nbsp;Mancini and Every Island, Luxembourg Pavilion, La Biennale di Venezia, Italy<\/p>\n\n\n\n<p>2023 \u2013 Minerals (Mixed media and transdisciplinary project), premiered at Multiplica Festival, Luxembourg; presented as an audio and visual performative installation in \u201cMan &amp; Mining\u201d (Group exhibition), Museum der Arbeit, Hamburg &amp; Weltkulturerbe V\u00f6lklinger H\u00fctte, V\u00f6lklingen, Germany<\/p>\n\n\n\n<p>2023 \u2013 Relics (Sculptural sound environment installation), presented at \u201cGet-out \/\/ Squatfabrik #2\u201d, Kulturfabrik, Esch-Alzette, Luxembourg<\/p>\n\n\n\n<p>2022 \u2013 Matter Of Deep Dreaming (audiovisual installation &amp; performance), presented at Casino Luxembourg \u2013 Forum d\u2019art contemporain, Luxembourg<\/p>\n\n\n<div class=\"wp-block-unilux-blocks-spacer is-spacer-size-sm\"><\/div>\n\n\n<ul class=\"wp-block-unilux-blocks-custom-buttons btn-list\"><li class=\"wp-block-unilux-blocks-custom-button\"    aria-disabled=\"false\"\n    >\n    <a\n        role=\"link\"\n        aria-disabled=\"false\"\n                    href=\"https:\/\/www.andreamancini.cc\/\"\n                target=\"_blank\"\n        class=\"btn btn--primary\"\n            >Artist&#8217;s information<\/a>\n<\/li>\n\n\n<li class=\"wp-block-unilux-blocks-custom-button\"    aria-disabled=\"false\"\n    >\n    <a\n        role=\"link\"\n        aria-disabled=\"false\"\n                    href=\"https:\/\/www.uni.lu\/life-en\/calendar?post_type=events&#038;p=10790&#038;calendar\"\n                target=\"_self\"\n        class=\"btn btn--secondary\"\n            >Add to calendar<\/a>\n<\/li>\n<\/ul>\n\n\n<div class=\"wp-block-unilux-blocks-spacer is-spacer-size-sm\"><\/div>\n\n\n<p><strong>\u00a9<\/strong>Andrea Mancini<\/p>\n<\/div><\/section>\n","protected":false},"excerpt":{"rendered":"","protected":false},"author":323,"featured_media":10793,"parent":0,"menu_order":0,"comment_status":"open","ping_status":"closed","template":"","format":"standard","meta":{"featured_image_focal_point":{"x":0.54,"y":0.63},"show_featured_caption":false,"ulux_newsletter_groups":"","uluxPostTitle":"","uluxPrePostTitle":"","_trash_the_other_posts":false,"_price":"","_stock":"","_tribe_ticket_header":"","_tribe_default_ticket_provider":"","_tribe_ticket_capacity":"0","_ticket_start_date":"","_ticket_end_date":"","_tribe_ticket_show_description":"","_tribe_ticket_show_not_going":false,"_tribe_ticket_use_global_stock":"","_tribe_ticket_global_stock_level":"","_global_stock_mode":"","_global_stock_cap":"","_tribe_rsvp_for_event":"","_tribe_ticket_going_count":"","_tribe_ticket_not_going_count":"","_tribe_tickets_list":"[]","_tribe_ticket_has_attendee_info_fields":false,"event_start_date":"2024-10-09 12:00:00","event_end_date":"2024-10-09 13:30:00","event_speaker_name":"","event_speaker_link":"","event_is_online":false,"event_location":"Maison du Savoir, room 4.380","event_street":"2, place de l\u2019Universit\u00e9","event_location_link":"https:\/\/www.uni.lu\/en\/about\/campuses\/belval-campus\/","event_zip_code":"4365","event_city":"Esch-sur-Alzette","event_country":"Luxembourg"},"events-topic":[307],"events-type":[285,290,289],"organisation":[776],"authorship":[323,118],"acf":[],"yoast_head":"<!-- This site is optimized with the Yoast SEO Premium plugin v22.3 (Yoast SEO v22.3) - https:\/\/yoast.com\/wordpress\/plugins\/seo\/ -->\n<title>Meet and Greet with artist Andrea Mancini\u00a0 - University of Luxembourg I Uni.lu<\/title>\n<meta name=\"description\" content=\"We are pleased to have Andrea Mancini as \u201cArtiste invit\u00e9\u201d this year at the University of Luxembourg. You\u2019re invited to hear about his work and talk with\" \/>\n<meta name=\"robots\" content=\"index, follow, max-snippet:-1, max-image-preview:large, max-video-preview:-1\" \/>\n<link rel=\"canonical\" href=\"https:\/\/www.uni.lu\/life-en\/events\/meet-and-greet-with-artist-andrea-mancini\/\" \/>\n<meta property=\"og:locale\" content=\"en_GB\" \/>\n<meta property=\"og:type\" content=\"article\" \/>\n<meta property=\"og:title\" content=\"Meet and Greet with artist Andrea Mancini\u00a0\" \/>\n<meta property=\"og:description\" content=\"We are pleased to have Andrea Mancini as \u201cArtiste invit\u00e9\u201d this year at the University of Luxembourg. You\u2019re invited to hear about his work and talk with\" \/>\n<meta property=\"og:url\" content=\"https:\/\/www.uni.lu\/life-en\/events\/meet-and-greet-with-artist-andrea-mancini\/\" \/>\n<meta property=\"og:site_name\" content=\"LIFE EN\" \/>\n<meta property=\"article:modified_time\" content=\"2024-10-08T14:21:38+00:00\" \/>\n<meta property=\"og:image\" content=\"https:\/\/www.uni.lu\/wp-content\/uploads\/sites\/29\/2024\/09\/Andrea-Mancini-MINERALS-4-scaled.jpg\" \/>\n\t<meta property=\"og:image:width\" content=\"2560\" \/>\n\t<meta property=\"og:image:height\" content=\"1707\" \/>\n\t<meta property=\"og:image:type\" content=\"image\/jpeg\" \/>\n<meta name=\"twitter:card\" content=\"summary_large_image\" \/>\n<meta name=\"twitter:label1\" content=\"Estimated reading time\" \/>\n\t<meta name=\"twitter:data1\" content=\"2 minutes\" \/>\n<script type=\"application\/ld+json\" class=\"yoast-schema-graph\">{\"@context\":\"https:\/\/schema.org\",\"@graph\":[{\"@type\":\"WebPage\",\"@id\":\"https:\/\/www.uni.lu\/life-en\/events\/meet-and-greet-with-artist-andrea-mancini\/\",\"url\":\"https:\/\/www.uni.lu\/life-en\/events\/meet-and-greet-with-artist-andrea-mancini\/\",\"name\":\"Meet and Greet with artist Andrea Mancini\u00a0 - University of Luxembourg I Uni.lu\",\"isPartOf\":{\"@id\":\"https:\/\/www.uni.lu\/life-en\/#website\"},\"primaryImageOfPage\":{\"@id\":\"https:\/\/www.uni.lu\/life-en\/events\/meet-and-greet-with-artist-andrea-mancini\/#primaryimage\"},\"image\":{\"@id\":\"https:\/\/www.uni.lu\/life-en\/events\/meet-and-greet-with-artist-andrea-mancini\/#primaryimage\"},\"thumbnailUrl\":\"https:\/\/www.uni.lu\/wp-content\/uploads\/sites\/29\/2024\/09\/Andrea-Mancini-MINERALS-4-scaled.jpg\",\"datePublished\":\"2024-09-26T14:01:04+00:00\",\"dateModified\":\"2024-10-08T14:21:38+00:00\",\"description\":\"We are pleased to have Andrea Mancini as \u201cArtiste invit\u00e9\u201d this year at the University of Luxembourg. You\u2019re invited to hear about his work and talk with\",\"breadcrumb\":{\"@id\":\"https:\/\/www.uni.lu\/life-en\/events\/meet-and-greet-with-artist-andrea-mancini\/#breadcrumb\"},\"inLanguage\":\"en-GB\",\"potentialAction\":[{\"@type\":\"ReadAction\",\"target\":[\"https:\/\/www.uni.lu\/life-en\/events\/meet-and-greet-with-artist-andrea-mancini\/\"]}]},{\"@type\":\"ImageObject\",\"inLanguage\":\"en-GB\",\"@id\":\"https:\/\/www.uni.lu\/life-en\/events\/meet-and-greet-with-artist-andrea-mancini\/#primaryimage\",\"url\":\"https:\/\/www.uni.lu\/wp-content\/uploads\/sites\/29\/2024\/09\/Andrea-Mancini-MINERALS-4-scaled.jpg\",\"contentUrl\":\"https:\/\/www.uni.lu\/wp-content\/uploads\/sites\/29\/2024\/09\/Andrea-Mancini-MINERALS-4-scaled.jpg\",\"width\":2560,\"height\":1707},{\"@type\":\"BreadcrumbList\",\"@id\":\"https:\/\/www.uni.lu\/life-en\/events\/meet-and-greet-with-artist-andrea-mancini\/#breadcrumb\",\"itemListElement\":[{\"@type\":\"ListItem\",\"position\":1,\"name\":\"Home\",\"item\":\"https:\/\/www.uni.lu\/en\"},{\"@type\":\"ListItem\",\"position\":2,\"name\":\"Life at the University\",\"item\":\"https:\/\/www.uni.lu\/life-en\/\"},{\"@type\":\"ListItem\",\"position\":3,\"name\":\"Events\",\"item\":\"https:\/\/www.uni.lu\/life-en\/events\/\"},{\"@type\":\"ListItem\",\"position\":4,\"name\":\"Meet and Greet with artist Andrea Mancini\u00a0\"}]},{\"@type\":\"WebSite\",\"@id\":\"https:\/\/www.uni.lu\/life-en\/#website\",\"url\":\"https:\/\/www.uni.lu\/life-en\/\",\"name\":\"Uni.lu\",\"description\":\"Life at the University of Luxembourg\",\"publisher\":{\"@id\":\"https:\/\/www.uni.lu\/life-en\/#organization\"},\"alternateName\":\"Universit\u00e4t Luxemburg\",\"potentialAction\":[{\"@type\":\"SearchAction\",\"target\":{\"@type\":\"EntryPoint\",\"urlTemplate\":\"https:\/\/www.uni.lu\/life-en\/?s={search_term_string}\"},\"query-input\":\"required name=search_term_string\"}],\"inLanguage\":\"en-GB\"},{\"@type\":\"Organization\",\"@id\":\"https:\/\/www.uni.lu\/life-en\/#organization\",\"name\":\"University of Luxembourg\",\"alternateName\":\"Uni.lu\",\"url\":\"https:\/\/www.uni.lu\/life-en\/\",\"logo\":{\"@type\":\"ImageObject\",\"inLanguage\":\"en-GB\",\"@id\":\"https:\/\/www.uni.lu\/life-en\/#\/schema\/logo\/image\/\",\"url\":\"https:\/\/www.uni.lu\/wp-content\/uploads\/sites\/29\/2026\/03\/03115118\/UNIV_SM-Profile_1600x1600px-scaled.jpg\",\"contentUrl\":\"https:\/\/www.uni.lu\/wp-content\/uploads\/sites\/29\/2026\/03\/03115118\/UNIV_SM-Profile_1600x1600px-scaled.jpg\",\"width\":2560,\"height\":2560,\"caption\":\"University of Luxembourg\"},\"image\":{\"@id\":\"https:\/\/www.uni.lu\/life-en\/#\/schema\/logo\/image\/\"},\"description\":\"Life at the University of Luxembourg\"}]}<\/script>\n<!-- \/ Yoast SEO Premium plugin. -->","yoast_head_json":{"title":"Meet and Greet with artist Andrea Mancini\u00a0 - University of Luxembourg I Uni.lu","description":"We are pleased to have Andrea Mancini as \u201cArtiste invit\u00e9\u201d this year at the University of Luxembourg. You\u2019re invited to hear about his work and talk with","robots":{"index":"index","follow":"follow","max-snippet":"max-snippet:-1","max-image-preview":"max-image-preview:large","max-video-preview":"max-video-preview:-1"},"canonical":"https:\/\/www.uni.lu\/life-en\/events\/meet-and-greet-with-artist-andrea-mancini\/","og_locale":"en_GB","og_type":"article","og_title":"Meet and Greet with artist Andrea Mancini\u00a0","og_description":"We are pleased to have Andrea Mancini as \u201cArtiste invit\u00e9\u201d this year at the University of Luxembourg. You\u2019re invited to hear about his work and talk with","og_url":"https:\/\/www.uni.lu\/life-en\/events\/meet-and-greet-with-artist-andrea-mancini\/","og_site_name":"LIFE EN","article_modified_time":"2024-10-08T14:21:38+00:00","og_image":[{"width":2560,"height":1707,"url":"https:\/\/www.uni.lu\/wp-content\/uploads\/sites\/29\/2024\/09\/Andrea-Mancini-MINERALS-4-scaled.jpg","type":"image\/jpeg"}],"twitter_card":"summary_large_image","twitter_misc":{"Estimated reading time":"2 minutes"},"schema":{"@context":"https:\/\/schema.org","@graph":[{"@type":"WebPage","@id":"https:\/\/www.uni.lu\/life-en\/events\/meet-and-greet-with-artist-andrea-mancini\/","url":"https:\/\/www.uni.lu\/life-en\/events\/meet-and-greet-with-artist-andrea-mancini\/","name":"Meet and Greet with artist Andrea Mancini\u00a0 - University of Luxembourg I Uni.lu","isPartOf":{"@id":"https:\/\/www.uni.lu\/life-en\/#website"},"primaryImageOfPage":{"@id":"https:\/\/www.uni.lu\/life-en\/events\/meet-and-greet-with-artist-andrea-mancini\/#primaryimage"},"image":{"@id":"https:\/\/www.uni.lu\/life-en\/events\/meet-and-greet-with-artist-andrea-mancini\/#primaryimage"},"thumbnailUrl":"https:\/\/www.uni.lu\/wp-content\/uploads\/sites\/29\/2024\/09\/Andrea-Mancini-MINERALS-4-scaled.jpg","datePublished":"2024-09-26T14:01:04+00:00","dateModified":"2024-10-08T14:21:38+00:00","description":"We are pleased to have Andrea Mancini as \u201cArtiste invit\u00e9\u201d this year at the University of Luxembourg. You\u2019re invited to hear about his work and talk with","breadcrumb":{"@id":"https:\/\/www.uni.lu\/life-en\/events\/meet-and-greet-with-artist-andrea-mancini\/#breadcrumb"},"inLanguage":"en-GB","potentialAction":[{"@type":"ReadAction","target":["https:\/\/www.uni.lu\/life-en\/events\/meet-and-greet-with-artist-andrea-mancini\/"]}]},{"@type":"ImageObject","inLanguage":"en-GB","@id":"https:\/\/www.uni.lu\/life-en\/events\/meet-and-greet-with-artist-andrea-mancini\/#primaryimage","url":"https:\/\/www.uni.lu\/wp-content\/uploads\/sites\/29\/2024\/09\/Andrea-Mancini-MINERALS-4-scaled.jpg","contentUrl":"https:\/\/www.uni.lu\/wp-content\/uploads\/sites\/29\/2024\/09\/Andrea-Mancini-MINERALS-4-scaled.jpg","width":2560,"height":1707},{"@type":"BreadcrumbList","@id":"https:\/\/www.uni.lu\/life-en\/events\/meet-and-greet-with-artist-andrea-mancini\/#breadcrumb","itemListElement":[{"@type":"ListItem","position":1,"name":"Home","item":"https:\/\/www.uni.lu\/en"},{"@type":"ListItem","position":2,"name":"Life at the University","item":"https:\/\/www.uni.lu\/life-en\/"},{"@type":"ListItem","position":3,"name":"Events","item":"https:\/\/www.uni.lu\/life-en\/events\/"},{"@type":"ListItem","position":4,"name":"Meet and Greet with artist Andrea Mancini\u00a0"}]},{"@type":"WebSite","@id":"https:\/\/www.uni.lu\/life-en\/#website","url":"https:\/\/www.uni.lu\/life-en\/","name":"Uni.lu","description":"Life at the University of Luxembourg","publisher":{"@id":"https:\/\/www.uni.lu\/life-en\/#organization"},"alternateName":"Universit\u00e4t Luxemburg","potentialAction":[{"@type":"SearchAction","target":{"@type":"EntryPoint","urlTemplate":"https:\/\/www.uni.lu\/life-en\/?s={search_term_string}"},"query-input":"required name=search_term_string"}],"inLanguage":"en-GB"},{"@type":"Organization","@id":"https:\/\/www.uni.lu\/life-en\/#organization","name":"University of Luxembourg","alternateName":"Uni.lu","url":"https:\/\/www.uni.lu\/life-en\/","logo":{"@type":"ImageObject","inLanguage":"en-GB","@id":"https:\/\/www.uni.lu\/life-en\/#\/schema\/logo\/image\/","url":"https:\/\/www.uni.lu\/wp-content\/uploads\/sites\/29\/2026\/03\/03115118\/UNIV_SM-Profile_1600x1600px-scaled.jpg","contentUrl":"https:\/\/www.uni.lu\/wp-content\/uploads\/sites\/29\/2026\/03\/03115118\/UNIV_SM-Profile_1600x1600px-scaled.jpg","width":2560,"height":2560,"caption":"University of Luxembourg"},"image":{"@id":"https:\/\/www.uni.lu\/life-en\/#\/schema\/logo\/image\/"},"description":"Life at the University of Luxembourg"}]}},"_links":{"self":[{"href":"https:\/\/www.uni.lu\/life-en\/wp-json\/wp\/v2\/events\/10790"}],"collection":[{"href":"https:\/\/www.uni.lu\/life-en\/wp-json\/wp\/v2\/events"}],"about":[{"href":"https:\/\/www.uni.lu\/life-en\/wp-json\/wp\/v2\/types\/events"}],"author":[{"embeddable":true,"href":"https:\/\/www.uni.lu\/life-en\/wp-json\/wp\/v2\/users\/323"}],"replies":[{"embeddable":true,"href":"https:\/\/www.uni.lu\/life-en\/wp-json\/wp\/v2\/comments?post=10790"}],"version-history":[{"count":2,"href":"https:\/\/www.uni.lu\/life-en\/wp-json\/wp\/v2\/events\/10790\/revisions"}],"predecessor-version":[{"id":10795,"href":"https:\/\/www.uni.lu\/life-en\/wp-json\/wp\/v2\/events\/10790\/revisions\/10795"}],"wp:authorship":[{"embeddable":true,"href":"https:\/\/www.uni.lu\/life-en\/wp-json\/wp\/v2\/users\/323"},{"embeddable":true,"href":"https:\/\/www.uni.lu\/life-en\/wp-json\/wp\/v2\/users\/118"}],"wp:featuredmedia":[{"embeddable":true,"href":"https:\/\/www.uni.lu\/life-en\/wp-json\/wp\/v2\/media\/10793"}],"wp:attachment":[{"href":"https:\/\/www.uni.lu\/life-en\/wp-json\/wp\/v2\/media?parent=10790"}],"wp:term":[{"taxonomy":"events-topic","embeddable":true,"href":"https:\/\/www.uni.lu\/life-en\/wp-json\/wp\/v2\/events-topic?post=10790"},{"taxonomy":"events-type","embeddable":true,"href":"https:\/\/www.uni.lu\/life-en\/wp-json\/wp\/v2\/events-type?post=10790"},{"taxonomy":"organisation","embeddable":true,"href":"https:\/\/www.uni.lu\/life-en\/wp-json\/wp\/v2\/organisation?post=10790"}],"curies":[{"name":"wp","href":"https:\/\/api.w.org\/{rel}","templated":true}]}}