{"id":305,"date":"2024-04-09T08:57:33","date_gmt":"2024-04-09T06:57:33","guid":{"rendered":"https:\/\/www.uni.lu\/life-de\/?page_id=305"},"modified":"2026-04-09T10:09:40","modified_gmt":"2026-04-09T08:09:40","slug":"kontakte-fuer-studierende","status":"publish","type":"page","link":"https:\/\/www.uni.lu\/life-de\/kontakte-fuer-studierende\/","title":{"rendered":"Kontakte f\u00fcr Studierende"},"content":{"rendered":"\n<section class=\"section no-padding-y wp-block-unilux-blocks-hero\">\n    <div class=\"hero hero--2  \">\n        \n<header class=\"wp-block-unilux-blocks-wrapper hero__header\">\n<div class=\"wp-block-unilux-blocks-wrapper hero__container\">\n<span class=\"hero__title__subject wp-block-unilux-blocks-plain-text\"><\/span>\n\n\n<h1 class=\"has-text-align-left wp-block-unilux-blocks-heading\"        id=\"kontakte-fuer-studierende\"\n    >\nKontakte f\u00fcr Studierende<\/h1>\n<\/div>\n<\/header>\n<figure class=\"wp-block-dev4-reusable-blocks-image hero__visual object-fit--cover\">\n    \n<img decoding=\"async\" class=\"wp-block-image unilux-custom-image-block\"\n                alt=\"Phone and pen on paper\"\n            src=\"https:\/\/www.uni.lu\/wp-content\/uploads\/sites\/9\/2023\/07\/recha-oktaviani-jE7CyVOW4kQ-unsplash-scaled.jpg\"\n                    style=\"object-position: 50.00% 50.00%; font-family: &quot;object-fit: cover; object-position: 50.00% 50.00%;&quot;; aspect-ratio: 16\/9; object-fit: cover; width: 100%;\"\n        loading=\"lazy\"\n\/>    <\/figure>\n<div class=\"wp-block-unilux-blocks-wrapper hero__body\">\n<div class=\"wp-block-unilux-blocks-wrapper hero__container\">\n<p class=\"wp-block-unilux-blocks-plain-text\">Finden Sie Ihren Ansprechpartner f\u00fcr Zulassung, Unterkunft und Studierendenservice.<\/p>\n\n\n<ul class=\"wp-block-unilux-blocks-custom-buttons btn-list\"><li class=\"wp-block-unilux-blocks-custom-button\"    aria-disabled=\"false\"\n    >\n    <a\n        role=\"link\"\n        aria-disabled=\"false\"\n                    href=\"#bama\"\n                target=\"_self\"\n        class=\"btn btn--primary\"\n            >Bachelor- und Master-Studierende, Gaststudierende<\/a>\n<\/li>\n\n\n<li class=\"wp-block-unilux-blocks-custom-button\"    aria-disabled=\"false\"\n    >\n    <a\n        role=\"link\"\n        aria-disabled=\"false\"\n                    href=\"#doktoranden\"\n                target=\"_self\"\n        class=\"btn btn--secondary\"\n            >Doktoranden<\/a>\n<\/li>\n<\/ul>\n<\/div>\n<\/div>\n    <\/div>\n<\/section>\n\n\n<section class=\"wp-block-unilux-blocks-free-section section\"><div class=\"container xl:max-w-screen-xl\">\n<h2 class=\"has-text-align-left wp-block-unilux-blocks-heading\"        id=\"bama\"\n    >\nBachelor &amp; Master\/Weiterbildung\/Gaststudierende<\/h2>\n\n\n<div class=\"wp-block-unilux-blocks-spacer is-spacer-size-sm\"><\/div>\n\n\n<h3 class=\"has-text-align-left wp-block-unilux-blocks-heading\"        id=\"fuer-allgemeine-anfragen-sehen-sie-bitte-zuerst-auf-unseren-informationsseiten-nach\"\n    >\nF\u00fcr allgemeine Anfragen sehen Sie bitte zuerst auf unseren Informationsseiten nach<\/h3>\n\n\n\n<ul class=\"wp-block-unilux-blocks-button-list-v2\">\n<li class=\"wp-block-unilux-blocks-button-list-item-v2\"><a class=\"quick-link\" href=\"https:\/\/www.uni.lu\/de\/zulassung\/\" target=\"\" role=\"link\" rel=\"noopener\" tabindex=\"0\"><span class=\"quick-link__container\">\n<div class=\"wp-block-unilux-blocks-block-inserter quick-link__img\"><\/div>\n\n\n\n<span class=\"quick-link__name wp-block-unilux-blocks-plain-text\">Zulassung<\/span>\n\n<svg aria-hidden=\"true\" focusable=\"false\" class=\"icon icon-outline icon--arrow-right \"><use xlink:href=\"https:\/\/www.uni.lu\/wp-content\/themes\/unilux-theme\/assets\/images\/icons\/icons-outline.svg#icon--arrow-right\"><\/use><\/svg><\/span><\/a><\/li>\n\n\n\n<li class=\"wp-block-unilux-blocks-button-list-item-v2\"><a class=\"quick-link\" href=\"https:\/\/www.uni.lu\/de\/zulassung\/rueckmeldung\/\" target=\"\" role=\"link\" rel=\"noopener\" tabindex=\"0\"><span class=\"quick-link__container\">\n<div class=\"wp-block-unilux-blocks-block-inserter quick-link__img\"><\/div>\n\n\n\n<span class=\"quick-link__name wp-block-unilux-blocks-plain-text\">Wiedereinschreibung<\/span>\n\n<svg aria-hidden=\"true\" focusable=\"false\" class=\"icon icon-outline icon--arrow-right \"><use xlink:href=\"https:\/\/www.uni.lu\/wp-content\/themes\/unilux-theme\/assets\/images\/icons\/icons-outline.svg#icon--arrow-right\"><\/use><\/svg><\/span><\/a><\/li>\n\n\n\n<li class=\"wp-block-unilux-blocks-button-list-item-v2\"><a class=\"quick-link\" href=\"https:\/\/www.uni.lu\/life-de\/wohnen\/\" target=\"\" role=\"link\" rel=\"noopener\" tabindex=\"0\"><span class=\"quick-link__container\">\n<div class=\"wp-block-unilux-blocks-block-inserter quick-link__img\"><\/div>\n\n\n\n<span class=\"quick-link__name wp-block-unilux-blocks-plain-text\">Studentisches Wohnen<\/span>\n\n<svg aria-hidden=\"true\" focusable=\"false\" class=\"icon icon-outline icon--arrow-right \"><use xlink:href=\"https:\/\/www.uni.lu\/wp-content\/themes\/unilux-theme\/assets\/images\/icons\/icons-outline.svg#icon--arrow-right\"><\/use><\/svg><\/span><\/a><\/li>\n<\/ul>\n\n\n<div class=\"wp-block-unilux-blocks-spacer is-spacer-size-sm\"><\/div>\n\n\n<h3 class=\"has-text-align-left wp-block-unilux-blocks-heading\"        id=\"kontakt-aufnehmen\"\n    >\nKontakt aufnehmen<\/h3>\n\n\n\n<div class=\"wp-block-unilux-blocks-accordion accordion accordion--theme accordion-standard\" data-reference=\"2d1f6ad5-8088-43c4-b526-8024722e1eb8\" data-accordion-type=\"standard\"><div class=\"accordion__item  wp-block-unilux-blocks-accordion-item\">\n    <h3 class=\"accordion__header\"\n        >\n        <button\n            type=\"button\"\n            id=\"accordion-labelledby-5386e550-7342-4f16-ae59-140caa58e05a\"\n            class=\"accordion__button collapsed\"\n            aria-expanded=\"false\"\n            aria-controls=\"accordion-panel-5386e550-7342-4f16-ae59-140caa58e05a\"\n            data-bs-toggle=\"collapse\"\n            data-bs-target=\"#accordion-panel-5386e550-7342-4f16-ae59-140caa58e05a\"\n        >\n            <span class=\"accordion__title\">\n                                <strong>Studierendenverwaltung &#8211; B\u00fcro f\u00fcr Zulassung und Immatrikulation<\/strong>            <\/span>\n\n            <svg aria-hidden=\"true\" focusable=\"false\" class=\"icon icon-outline icon--arrow-down \"><use xlink:href=\"https:\/\/www.uni.lu\/wp-content\/themes\/unilux-theme\/assets\/images\/icons\/icons-outline.svg#icon--arrow-down\"><\/use><\/svg>        <\/button>\n    <\/h3>\n    <div id=\"accordion-panel-5386e550-7342-4f16-ae59-140caa58e05a\"\n        class=\"accordion__collapse collapse\"\n        aria-labelledby=\"accordion-labelledby-5386e550-7342-4f16-ae59-140caa58e05a\"\n        data-bs-parent=\"[data-reference=&quot;2d1f6ad5-8088-43c4-b526-8024722e1eb8&quot;]\"\n    >\n        <div class=\"accordion__body \">\n            \n<p><em>(Teil der Abteilung f\u00fcr Studierendenangelegenheiten &#8211; SEVE)<\/em><\/p>\n\n<p>Bei allen Fragen zu:<\/p>\n\n<ul class=\"ulux-list\">\n<li class=\"ulux-list-item\">Immatrikulation<\/li>\n\n\n\n<li class=\"ulux-list-item\">Verwaltungsverfahren, Follow-up<\/li>\n\n\n\n<li class=\"ulux-list-item\">Zahlung<\/li>\n<\/ul>\n\n<p><strong>Mitteilung:<\/strong> Aufgrund von Renovierungsarbeiten k\u00f6nnen in der Woche ab dem 13. April keine Termine vereinbart werden. Bitte beachten Sie, dass der Telefonservice m\u00f6glicherweise beeintr\u00e4chtigt ist. Bei Fragen bitten wir Sie, ein Ticket zu erstellen.<\/p>\n<ul class=\"flex flex-wrap mt-24 -mx-16  wp-block-unilux-blocks-free-content-card\">\n    <li class=\"w-full sm:w-1\/2 lg:w-1\/3 px-16  wp-block-unilux-blocks-free-content-card-item\">\n    <div class=\"ulux-card card-workspace bg-theme\">\n        <div class=\"ulux-card__container card__container\">\n                        <div class=\"ulux-card__visual wp-block-unilux-blocks-free-content-card-item-visual\">\n    \n<div class=\"wp-block-unilux-blocks-image-video-wrapper\">\n    <\/div><\/div><div class=\"ulux-card__body wp-block-unilux-blocks-free-content-card-item-body\">\n    \n<span class=\"ulux-card__category wp-block-unilux-blocks-plain-text\"><\/span>\n<h4 class=\"ulux-card__title has-text-align-left wp-block-unilux-blocks-heading\"        id=\"schreiben-sie-uns\"\n    >\nSchreiben Sie uns<\/h4>\n<div class=\"ulux-card__description wp-block-unilux-blocks-free-content-card-item-free-content-area\">\n    \n<p>F\u00fcr <strong>immatrikulierte<\/strong> Studierende<\/p>\n<\/div><div class=\"self-center link-absolute wp-block-unilux-blocks-custom-button\"    aria-disabled=\"false\"\n    >\n    <a\n        role=\"link\"\n        aria-disabled=\"false\"\n                    href=\"https:\/\/service.uni.lu\/ssp\"\n                target=\"_blank\"\n        class=\"btn btn--primary\"\n            >Ein Ticket er\u00f6ffnen<\/a>\n<\/div>\n<\/div>        <\/div>\n    <\/div>\n<\/li><li class=\"w-full sm:w-1\/2 lg:w-1\/3 px-16  wp-block-unilux-blocks-free-content-card-item\">\n    <div class=\"ulux-card card-workspace bg-theme\">\n        <div class=\"ulux-card__container card__container\">\n                        <div class=\"ulux-card__visual wp-block-unilux-blocks-free-content-card-item-visual\">\n    \n<div class=\"wp-block-unilux-blocks-image-video-wrapper\">\n    <\/div><\/div><div class=\"ulux-card__body wp-block-unilux-blocks-free-content-card-item-body\">\n    \n<span class=\"ulux-card__category wp-block-unilux-blocks-plain-text\"><\/span>\n<h4 class=\"ulux-card__title has-text-align-left wp-block-unilux-blocks-heading\"        id=\"schreiben-sie-uns\"\n    >\nSchreiben Sie uns<\/h4>\n<div class=\"ulux-card__description wp-block-unilux-blocks-free-content-card-item-free-content-area\">\n    \n<p>F\u00fcr&nbsp;<strong>k\u00fcnftige&nbsp;<\/strong>Studierende<br>und <strong>weitere Kontaktpersonen<\/strong><\/p>\n<\/div><div class=\"self-center link-absolute wp-block-unilux-blocks-custom-button\"    aria-disabled=\"false\"\n    >\n    <a\n        role=\"link\"\n        aria-disabled=\"false\"\n                    href=\"https:\/\/service.uni.lu\/public?id=sn_seve_contact&#038;sys_id=21f444631be41d10466b20a1b24bcb67&#038;lang=en\"\n                target=\"_blank\"\n        class=\"btn btn--primary\"\n            >Ein Ticket er\u00f6ffnen<\/a>\n<\/div>\n<\/div>        <\/div>\n    <\/div>\n<\/li><li class=\"w-full sm:w-1\/2 lg:w-1\/3 px-16  wp-block-unilux-blocks-free-content-card-item\">\n    <div class=\"ulux-card card-workspace bg-theme\">\n        <div class=\"ulux-card__container card__container\">\n                        <div class=\"ulux-card__visual wp-block-unilux-blocks-free-content-card-item-visual\">\n    \n<div class=\"wp-block-unilux-blocks-image-video-wrapper\">\n    <\/div><\/div><div class=\"ulux-card__body wp-block-unilux-blocks-free-content-card-item-body\">\n    \n<span class=\"ulux-card__category wp-block-unilux-blocks-plain-text\">Nur nach Vereinbarung<\/span>\n<h4 class=\"ulux-card__title has-text-align-left wp-block-unilux-blocks-heading\"        id=\"besuchen-sie-uns\"\n    >\nBesuchen Sie uns<\/h4>\n<div class=\"ulux-card__description wp-block-unilux-blocks-free-content-card-item-free-content-area\">\n    \n<p>Service des \u00c9tudes et de la Vie \u00c9tudiante (SEVE)<br>Belval Campus<br>Maison du Savoir &#8211; 5th floor<br>2, place de l\u2019Universit\u00e9<br>L-4365 Esch-sur-Alzette<\/p>\n\n<p><strong>Tel.:<\/strong> +352 \/ 46 66 44 60 60<\/p>\n<\/div><div class=\"self-center link-absolute wp-block-unilux-blocks-custom-button\"    aria-disabled=\"false\"\n    >\n    <a\n        role=\"link\"\n        aria-disabled=\"false\"\n                    href=\"https:\/\/affluences.com\/universite-du-luxembourg-1\/universite-du-luxembourg\/reservation\"\n                target=\"_blank\"\n        class=\"btn btn--primary\"\n            >Termin vereinbaren<\/a>\n<\/div>\n<\/div>        <\/div>\n    <\/div>\n<\/li><\/ul>        <\/div>\n    <\/div>\n<\/div>\n\n<div class=\"accordion__item  wp-block-unilux-blocks-accordion-item\">\n    <h3 class=\"accordion__header\"\n        >\n        <button\n            type=\"button\"\n            id=\"accordion-labelledby-6fc0c99e-4ce4-47e8-85d6-020a5f942796\"\n            class=\"accordion__button collapsed\"\n            aria-expanded=\"false\"\n            aria-controls=\"accordion-panel-6fc0c99e-4ce4-47e8-85d6-020a5f942796\"\n            data-bs-toggle=\"collapse\"\n            data-bs-target=\"#accordion-panel-6fc0c99e-4ce4-47e8-85d6-020a5f942796\"\n        >\n            <span class=\"accordion__title\">\n                                <strong>Studierendenverwaltung &#8211; Studentisches Wohnen<\/strong>            <\/span>\n\n            <svg aria-hidden=\"true\" focusable=\"false\" class=\"icon icon-outline icon--arrow-down \"><use xlink:href=\"https:\/\/www.uni.lu\/wp-content\/themes\/unilux-theme\/assets\/images\/icons\/icons-outline.svg#icon--arrow-down\"><\/use><\/svg>        <\/button>\n    <\/h3>\n    <div id=\"accordion-panel-6fc0c99e-4ce4-47e8-85d6-020a5f942796\"\n        class=\"accordion__collapse collapse\"\n        aria-labelledby=\"accordion-labelledby-6fc0c99e-4ce4-47e8-85d6-020a5f942796\"\n        data-bs-parent=\"[data-reference=&quot;2d1f6ad5-8088-43c4-b526-8024722e1eb8&quot;]\"\n    >\n        <div class=\"accordion__body \">\n            \n<p><em>(Teil der Abteilung f\u00fcr Studierendenangelegenheiten<\/em> &#8211; <em>SEVE)<\/em><\/p>\n\n<p>Bei allen Fragen zu:<\/p>\n\n<ul class=\"ulux-list\">\n<li class=\"ulux-list-item\">Unterkunft<\/li>\n<\/ul>\n<ul class=\"flex flex-wrap mt-24 -mx-16  wp-block-unilux-blocks-free-content-card\">\n    <li class=\"w-full sm:w-1\/2 lg:w-1\/3 px-16  wp-block-unilux-blocks-free-content-card-item\">\n    <div class=\"ulux-card card-workspace bg-theme\">\n        <div class=\"ulux-card__container card__container\">\n                        <div class=\"ulux-card__visual wp-block-unilux-blocks-free-content-card-item-visual\">\n    \n<div class=\"wp-block-unilux-blocks-image-video-wrapper\">\n    <\/div><\/div><div class=\"ulux-card__body wp-block-unilux-blocks-free-content-card-item-body\">\n    \n<span class=\"ulux-card__category wp-block-unilux-blocks-plain-text\"><\/span>\n<h4 class=\"ulux-card__title has-text-align-left wp-block-unilux-blocks-heading\"        id=\"schreiben-sie-uns\"\n    >\nSchreiben Sie uns<\/h4>\n<div class=\"ulux-card__description wp-block-unilux-blocks-free-content-card-item-free-content-area\">\n    \n<p>F\u00fcr&nbsp;<strong>immatrikulierte <\/strong>Studierende<\/p>\n<\/div><div class=\"self-center link-absolute wp-block-unilux-blocks-custom-button\"    aria-disabled=\"false\"\n    >\n    <a\n        role=\"link\"\n        aria-disabled=\"false\"\n                    href=\"https:\/\/service.uni.lu\/ssp\"\n                target=\"_blank\"\n        class=\"btn btn--primary\"\n            >Ein Ticket er\u00f6ffnen<\/a>\n<\/div>\n<\/div>        <\/div>\n    <\/div>\n<\/li><li class=\"w-full sm:w-1\/2 lg:w-1\/3 px-16  wp-block-unilux-blocks-free-content-card-item\">\n    <div class=\"ulux-card card-workspace bg-theme\">\n        <div class=\"ulux-card__container card__container\">\n                        <div class=\"ulux-card__visual wp-block-unilux-blocks-free-content-card-item-visual\">\n    \n<div class=\"wp-block-unilux-blocks-image-video-wrapper\">\n    <\/div><\/div><div class=\"ulux-card__body wp-block-unilux-blocks-free-content-card-item-body\">\n    \n<span class=\"ulux-card__category wp-block-unilux-blocks-plain-text\"><\/span>\n<h4 class=\"ulux-card__title has-text-align-left wp-block-unilux-blocks-heading\"        id=\"schreiben-sie-uns\"\n    >\nSchreiben Sie uns<\/h4>\n<div class=\"ulux-card__description wp-block-unilux-blocks-free-content-card-item-free-content-area\">\n    \n<p>F\u00fcr <strong>k\u00fcnftige <\/strong>Studierende<\/p>\n<\/div><div class=\"self-center link-absolute wp-block-unilux-blocks-custom-button\"    aria-disabled=\"false\"\n    >\n    <a\n        role=\"link\"\n        aria-disabled=\"false\"\n                    href=\"https:\/\/service.uni.lu\/public?id=sn_seve_contact&#038;sys_id=08ecc9a41bf3d910466b20a1b24bcbe5&#038;lang=en\"\n                target=\"_blank\"\n        class=\"btn btn--primary\"\n            >Ein Ticket er\u00f6ffnen<\/a>\n<\/div>\n<\/div>        <\/div>\n    <\/div>\n<\/li><li class=\"w-full sm:w-1\/2 lg:w-1\/3 px-16  wp-block-unilux-blocks-free-content-card-item\">\n    <div class=\"ulux-card card-workspace bg-theme\">\n        <div class=\"ulux-card__container card__container\">\n                        <div class=\"ulux-card__visual wp-block-unilux-blocks-free-content-card-item-visual\">\n    \n<div class=\"wp-block-unilux-blocks-image-video-wrapper\">\n    <\/div><\/div><div class=\"ulux-card__body wp-block-unilux-blocks-free-content-card-item-body\">\n    \n<span class=\"ulux-card__category wp-block-unilux-blocks-plain-text\">Nur nach Vereinbarung<\/span>\n<h4 class=\"ulux-card__title has-text-align-left wp-block-unilux-blocks-heading\"        id=\"besuchen-sie-uns\"\n    >\nBesuchen Sie uns<\/h4>\n<div class=\"ulux-card__description wp-block-unilux-blocks-free-content-card-item-free-content-area\">\n    \n<p>Service des \u00c9tudes et de la Vie \u00c9tudiante (SEVE)<br>Belval Campus<br>Maison du Savoir &#8211; 5th floor<br>2, place de l\u2019Universit\u00e9<br>L-4365 Esch-sur-Alzette<\/p>\n\n<p><strong>Tel.:<\/strong> +352 \/ 46 66 44 60 60<\/p>\n<\/div><div class=\"self-center link-absolute wp-block-unilux-blocks-custom-button\"    aria-disabled=\"false\"\n    >\n    <a\n        role=\"link\"\n        aria-disabled=\"false\"\n                    href=\"https:\/\/affluences.com\/universite-du-luxembourg-1\/universite-du-luxembourg\/reservation\"\n                target=\"_blank\"\n        class=\"btn btn--primary\"\n            >Termin vereinbaren<\/a>\n<\/div>\n<\/div>        <\/div>\n    <\/div>\n<\/li><\/ul>        <\/div>\n    <\/div>\n<\/div>\n\n<div class=\"accordion__item  wp-block-unilux-blocks-accordion-item\">\n    <h3 class=\"accordion__header\"\n        >\n        <button\n            type=\"button\"\n            id=\"accordion-labelledby-6af5e72d-f82f-47a8-a62a-2e9e2bded011\"\n            class=\"accordion__button collapsed\"\n            aria-expanded=\"false\"\n            aria-controls=\"accordion-panel-6af5e72d-f82f-47a8-a62a-2e9e2bded011\"\n            data-bs-toggle=\"collapse\"\n            data-bs-target=\"#accordion-panel-6af5e72d-f82f-47a8-a62a-2e9e2bded011\"\n        >\n            <span class=\"accordion__title\">\n                                <strong>Karrierezentrum<\/strong>            <\/span>\n\n            <svg aria-hidden=\"true\" focusable=\"false\" class=\"icon icon-outline icon--arrow-down \"><use xlink:href=\"https:\/\/www.uni.lu\/wp-content\/themes\/unilux-theme\/assets\/images\/icons\/icons-outline.svg#icon--arrow-down\"><\/use><\/svg>        <\/button>\n    <\/h3>\n    <div id=\"accordion-panel-6af5e72d-f82f-47a8-a62a-2e9e2bded011\"\n        class=\"accordion__collapse collapse\"\n        aria-labelledby=\"accordion-labelledby-6af5e72d-f82f-47a8-a62a-2e9e2bded011\"\n        data-bs-parent=\"[data-reference=&quot;2d1f6ad5-8088-43c4-b526-8024722e1eb8&quot;]\"\n    >\n        <div class=\"accordion__body \">\n            \n<p>Bitte wenden Sie sich an:<\/p>\n<div class=\"icon-info-wrapper\">\n    <ul class=\"wp-block-unilux-blocks-icon-info\">\n        <li class=\"wp-block-unilux-blocks-icon-info-item\">\n    \n<div class=\"wp-block-unilux-blocks-wrapper icon-info\">\n<div class=\"icon--primary icon--secondary-2  wp-block-unilux-blocks-icon-picker\">\n    <svg aria-hidden=\"true\" focusable=\"false\" class=\"icon icon-outline icon--email \"><use xlink:href=\"https:\/\/www.uni.lu\/wp-content\/themes\/unilux-theme\/assets\/images\/icons\/icons-outline.svg#icon--email\"><\/use><\/svg><\/div>\n\n\n<p class=\"has-1-125-rem-font-size\"><a href=\"mailto:romain.raux@uni.lu\" target=\"_blank\" rel=\"noreferrer noopener\">romain.raux@uni.lu<\/a><\/p>\n<\/div>\n<\/li>\n<li class=\"wp-block-unilux-blocks-icon-info-item\">\n    \n<div class=\"wp-block-unilux-blocks-wrapper icon-info\">\n<div class=\"icon--primary icon--secondary-2  wp-block-unilux-blocks-icon-picker\">\n    <svg aria-hidden=\"true\" focusable=\"false\" class=\"icon icon-outline icon--email \"><use xlink:href=\"https:\/\/www.uni.lu\/wp-content\/themes\/unilux-theme\/assets\/images\/icons\/icons-outline.svg#icon--email\"><\/use><\/svg><\/div>\n\n\n<p class=\"has-1-125-rem-font-size\"><a href=\"mailto:careercentre@uni.lu\" target=\"_blank\" rel=\"noreferrer noopener\">careercentre@uni.lu<\/a><\/p>\n<\/div>\n<\/li>\n    <\/ul>\n<\/div>\n        <\/div>\n    <\/div>\n<\/div>\n\n<div class=\"accordion__item  wp-block-unilux-blocks-accordion-item\">\n    <h3 class=\"accordion__header\"\n        >\n        <button\n            type=\"button\"\n            id=\"accordion-labelledby-ffda1f95-83cf-474b-8510-79cc2e626765\"\n            class=\"accordion__button collapsed\"\n            aria-expanded=\"false\"\n            aria-controls=\"accordion-panel-ffda1f95-83cf-474b-8510-79cc2e626765\"\n            data-bs-toggle=\"collapse\"\n            data-bs-target=\"#accordion-panel-ffda1f95-83cf-474b-8510-79cc2e626765\"\n        >\n            <span class=\"accordion__title\">\n                                <strong><strong>Studierendenservice<\/strong><\/strong>            <\/span>\n\n            <svg aria-hidden=\"true\" focusable=\"false\" class=\"icon icon-outline icon--arrow-down \"><use xlink:href=\"https:\/\/www.uni.lu\/wp-content\/themes\/unilux-theme\/assets\/images\/icons\/icons-outline.svg#icon--arrow-down\"><\/use><\/svg>        <\/button>\n    <\/h3>\n    <div id=\"accordion-panel-ffda1f95-83cf-474b-8510-79cc2e626765\"\n        class=\"accordion__collapse collapse\"\n        aria-labelledby=\"accordion-labelledby-ffda1f95-83cf-474b-8510-79cc2e626765\"\n        data-bs-parent=\"[data-reference=&quot;2d1f6ad5-8088-43c4-b526-8024722e1eb8&quot;]\"\n    >\n        <div class=\"accordion__body \">\n            \n<p><em>(Teil der Abteilung f\u00fcr Studierendenangelegenheiten<\/em> &#8211; <em>SEVE)<\/em> <\/p>\n\n<p>Der Studierendenservice besteht aus drei Teams, die Studierenden helfen, sich an der Universit\u00e4t einzuleben und zurechtzufinden.<\/p>\n\n<ul class=\"ulux-list\">\n<li class=\"ulux-list-item\"><a href=\"https:\/\/www.uni.lu\/life-de\/soziales-leben\/unterstuetzung-von-initiativen\/\">B\u00fcro f\u00fcr studentisches Leben<\/a><\/li>\n\n\n\n<li class=\"ulux-list-item\">Inklusions-Team<\/li>\n\n\n\n<li class=\"ulux-list-item\">Team f\u00fcr psychische Gesundheit &amp; Wohlbefinden<\/li>\n<\/ul>\n\n<p>Unsere Dienste umfassen:<\/p>\n\n<div class=\"wp-block-columns is-layout-flex wp-block-columns-is-layout-flex\">\n<div class=\"wp-block-column is-layout-flow wp-block-column-is-layout-flow\">\n<ul class=\"ulux-list\">\n<li class=\"ulux-list-item\">Unterst\u00fctzung und Entwicklung von <a href=\"https:\/\/www.uni.lu\/life-de\/soziales-leben\/unterstuetzung-von-initiativen\/\">studentischem Leben und Beteiligung<\/a><\/li>\n\n\n\n<li class=\"ulux-list-item\"><a href=\"https:\/\/www.uni.lu\/life-de\/psychische-gesundheit-wohlbefinden\/beratung\/\">Beratung und Dienst f\u00fcr psychische Gesundheit<\/a><\/li>\n\n\n\n<li class=\"ulux-list-item\"><a href=\"https:\/\/www.uni.lu\/life-de\/gleichstellung-inklusion-vielfalt\/behindertenunterstuetzung\/\">Behinderung und Lernunterst\u00fctzung<\/a><\/li>\n\n\n\n<li class=\"ulux-list-item\"><a href=\"https:\/\/www.uni.lu\/life-de\/finanzielle-unterstuetzung\/\">finanzielle Unterst\u00fctzung<\/a><\/li>\n\n\n\n<li class=\"ulux-list-item\">Unterst\u00fctzung internationaler Studierender<\/li>\n\n\n\n<li class=\"ulux-list-item\"><a href=\"https:\/\/www.uni.lu\/life-de\/gleichstellung-inklusion-vielfalt\/unterstuetzung-gefluechteter-studierender\/\">Unterst\u00fctzung f\u00fcr Studierende mit Fl\u00fcchtlingshintergrund<\/a><\/li>\n<\/ul>\n<\/div>\n<\/div>\n<ul class=\"flex flex-wrap mt-24 -mx-16  wp-block-unilux-blocks-free-content-card\">\n    <li class=\"w-full sm:w-1\/2 lg:w-1\/3 px-16  wp-block-unilux-blocks-free-content-card-item\">\n    <div class=\"ulux-card card-workspace bg-theme\">\n        <div class=\"ulux-card__container card__container\">\n                        <div class=\"ulux-card__visual wp-block-unilux-blocks-free-content-card-item-visual\">\n    \n<div class=\"wp-block-unilux-blocks-image-video-wrapper\">\n    <\/div><\/div><div class=\"ulux-card__body wp-block-unilux-blocks-free-content-card-item-body\">\n    \n<span class=\"ulux-card__category wp-block-unilux-blocks-plain-text\">Nur nach Vereinbarung<\/span>\n<h4 class=\"ulux-card__title has-text-align-left wp-block-unilux-blocks-heading\"        id=\"persoenlich-oder-online\"\n    >\nPers\u00f6nlich oder online<\/h4>\n<div class=\"ulux-card__description wp-block-unilux-blocks-free-content-card-item-free-content-area\">\n    \n<p>F\u00fcr Dienste f\u00fcr psychische Gesundheit und Inklusionsb\u00fcro<\/p>\n\n<p><em>Alle Sitzungen sind kostenlos und vertraulich<\/em><\/p>\n<\/div><div class=\"self-center link-absolute wp-block-unilux-blocks-custom-button\"    aria-disabled=\"false\"\n    >\n    <a\n        role=\"link\"\n        aria-disabled=\"false\"\n                    href=\"https:\/\/go.karaconnect.com\/p\/unilu\"\n                target=\"_blank\"\n        class=\"btn btn--primary\"\n            >Einen Termin buchen<\/a>\n<\/div>\n<\/div>        <\/div>\n    <\/div>\n<\/li><li class=\"w-full sm:w-1\/2 lg:w-1\/3 px-16  wp-block-unilux-blocks-free-content-card-item\">\n    <div class=\"ulux-card card-workspace bg-theme\">\n        <div class=\"ulux-card__container card__container\">\n                        <div class=\"ulux-card__visual wp-block-unilux-blocks-free-content-card-item-visual\">\n    \n<div class=\"wp-block-unilux-blocks-image-video-wrapper\">\n    <\/div><\/div><div class=\"ulux-card__body wp-block-unilux-blocks-free-content-card-item-body\">\n    \n<span class=\"ulux-card__category wp-block-unilux-blocks-plain-text\">Buchung erforderlich<\/span>\n<h4 class=\"ulux-card__title has-text-align-left wp-block-unilux-blocks-heading\"        id=\"einen-kurs-buchen\"\n    >\nEinen Kurs buchen<\/h4>\n<div class=\"ulux-card__description wp-block-unilux-blocks-free-content-card-item-free-content-area\">\n    \n<p>Einen Sport-, Kunst- oder Wellnesskurs auf dem Campus buchen<\/p>\n<\/div><div class=\"self-center link-absolute wp-block-unilux-blocks-custom-button\"    aria-disabled=\"false\"\n    >\n    <a\n        role=\"link\"\n        aria-disabled=\"false\"\n                    href=\"https:\/\/affluences.com\/universite-du-luxembourg-1\/student-services\/reservation\"\n                target=\"_blank\"\n        class=\"btn btn--primary\"\n            >Online buchen<\/a>\n<\/div>\n<\/div>        <\/div>\n    <\/div>\n<\/li><\/ul>        <\/div>\n    <\/div>\n<\/div>\n\n<div class=\"accordion__item  wp-block-unilux-blocks-accordion-item\">\n    <h3 class=\"accordion__header\"\n        >\n        <button\n            type=\"button\"\n            id=\"accordion-labelledby-1b40dcf0-fbfe-45ee-b2bb-ae062d08cd11\"\n            class=\"accordion__button collapsed\"\n            aria-expanded=\"false\"\n            aria-controls=\"accordion-panel-1b40dcf0-fbfe-45ee-b2bb-ae062d08cd11\"\n            data-bs-toggle=\"collapse\"\n            data-bs-target=\"#accordion-panel-1b40dcf0-fbfe-45ee-b2bb-ae062d08cd11\"\n        >\n            <span class=\"accordion__title\">\n                                <strong><strong>Studierendenmobilit\u00e4t<\/strong><\/strong>            <\/span>\n\n            <svg aria-hidden=\"true\" focusable=\"false\" class=\"icon icon-outline icon--arrow-down \"><use xlink:href=\"https:\/\/www.uni.lu\/wp-content\/themes\/unilux-theme\/assets\/images\/icons\/icons-outline.svg#icon--arrow-down\"><\/use><\/svg>        <\/button>\n    <\/h3>\n    <div id=\"accordion-panel-1b40dcf0-fbfe-45ee-b2bb-ae062d08cd11\"\n        class=\"accordion__collapse collapse\"\n        aria-labelledby=\"accordion-labelledby-1b40dcf0-fbfe-45ee-b2bb-ae062d08cd11\"\n        data-bs-parent=\"[data-reference=&quot;2d1f6ad5-8088-43c4-b526-8024722e1eb8&quot;]\"\n    >\n        <div class=\"accordion__body \">\n            \n<p><em>(Teil des B\u00fcros f\u00fcr internationale Beziehungen)<\/em><\/p>\n\n<p>Bei allen Fragen zu:<\/p>\n\n<ul class=\"ulux-list\">\n<li class=\"ulux-list-item\">Eingehender und ausgehender Mobilit\u00e4t<\/li>\n<\/ul>\n<ul class=\"flex flex-wrap mt-24 -mx-16  wp-block-unilux-blocks-free-content-card\">\n    <li class=\"w-full sm:w-1\/2 lg:w-1\/3 px-16  wp-block-unilux-blocks-free-content-card-item\">\n    <div class=\"ulux-card card-workspace bg-theme\">\n        <div class=\"ulux-card__container card__container\">\n                        <div class=\"ulux-card__visual wp-block-unilux-blocks-free-content-card-item-visual\">\n    \n<div class=\"wp-block-unilux-blocks-image-video-wrapper\">\n    <\/div><\/div><div class=\"ulux-card__body wp-block-unilux-blocks-free-content-card-item-body\">\n    \n<span class=\"ulux-card__category wp-block-unilux-blocks-plain-text\"><\/span>\n<h4 class=\"ulux-card__title has-text-align-left wp-block-unilux-blocks-heading\"        id=\"eine-e-mail-senden\"\n    >\nEine E-Mail senden<\/h4>\n<div class=\"ulux-card__description wp-block-unilux-blocks-free-content-card-item-free-content-area\">\n    \n<p>F\u00fcr <strong>eintreffende Austauschstudierende<\/strong><\/p>\n<\/div><div class=\"self-center link-absolute wp-block-unilux-blocks-custom-button\"    aria-disabled=\"false\"\n    >\n    <a\n        role=\"link\"\n        aria-disabled=\"false\"\n                    href=\"mailto:incoming@uni.lu\"\n                target=\"_self\"\n        class=\"btn btn--primary\"\n            >Kontakt<\/a>\n<\/div>\n<\/div>        <\/div>\n    <\/div>\n<\/li><li class=\"w-full sm:w-1\/2 lg:w-1\/3 px-16  wp-block-unilux-blocks-free-content-card-item\">\n    <div class=\"ulux-card card-workspace bg-theme\">\n        <div class=\"ulux-card__container card__container\">\n                        <div class=\"ulux-card__visual wp-block-unilux-blocks-free-content-card-item-visual\">\n    \n<div class=\"wp-block-unilux-blocks-image-video-wrapper\">\n    <\/div><\/div><div class=\"ulux-card__body wp-block-unilux-blocks-free-content-card-item-body\">\n    \n<span class=\"ulux-card__category wp-block-unilux-blocks-plain-text\"><\/span>\n<h4 class=\"ulux-card__title has-text-align-left wp-block-unilux-blocks-heading\"        id=\"eine-e-mail-senden\"\n    >\nEine E-Mail senden<\/h4>\n<div class=\"ulux-card__description wp-block-unilux-blocks-free-content-card-item-free-content-area\">\n    \n<p>F\u00fcr&nbsp;<strong>abgehende Studierende<\/strong><\/p>\n<\/div><div class=\"self-center link-absolute wp-block-unilux-blocks-custom-button\"    aria-disabled=\"false\"\n    >\n    <a\n        role=\"link\"\n        aria-disabled=\"false\"\n                    href=\"mailto:bri.outgoing@uni.lu\"\n                target=\"_self\"\n        class=\"btn btn--primary\"\n            >Kontakt<\/a>\n<\/div>\n<\/div>        <\/div>\n    <\/div>\n<\/li><li class=\"w-full sm:w-1\/2 lg:w-1\/3 px-16  wp-block-unilux-blocks-free-content-card-item\">\n    <div class=\"ulux-card card-workspace bg-theme\">\n        <div class=\"ulux-card__container card__container\">\n                        <div class=\"ulux-card__visual wp-block-unilux-blocks-free-content-card-item-visual\">\n    \n<div class=\"wp-block-unilux-blocks-image-video-wrapper\">\n    <\/div><\/div><div class=\"ulux-card__body wp-block-unilux-blocks-free-content-card-item-body\">\n    \n<span class=\"ulux-card__category wp-block-unilux-blocks-plain-text\">Nur nach Vereinbarung<\/span>\n<h4 class=\"ulux-card__title has-text-align-left wp-block-unilux-blocks-heading\"        id=\"besuchen-sie-uns\"\n    >\nBesuchen Sie uns<\/h4>\n<div class=\"ulux-card__description wp-block-unilux-blocks-free-content-card-item-free-content-area\">\n    \n<p>International Relations Office \u2013 Mobility (BRI)<br>Belval Campus<br>Maison du Savoir, 7th floor<br>2 place de l&#8217;Universit\u00e9<br>L-4365 Esch-sur-Alzette<\/p>\n<\/div><div class=\"self-center link-absolute wp-block-unilux-blocks-custom-button\"    aria-disabled=\"false\"\n    >\n    <a\n        role=\"link\"\n        aria-disabled=\"false\"\n                    href=\"https:\/\/affluences.com\/universite-du-luxembourg-1\/universite-du-luxembourg\/reservation\"\n                target=\"_blank\"\n        class=\"btn btn--primary\"\n            >Termin vereinbaren<\/a>\n<\/div>\n<\/div>        <\/div>\n    <\/div>\n<\/li><\/ul>        <\/div>\n    <\/div>\n<\/div>\n\n<div class=\"accordion__item  wp-block-unilux-blocks-accordion-item\">\n    <h3 class=\"accordion__header\"\n        >\n        <button\n            type=\"button\"\n            id=\"accordion-labelledby-0dc1c7b3-e980-44f6-885f-fad0e9e24fc0\"\n            class=\"accordion__button collapsed\"\n            aria-expanded=\"false\"\n            aria-controls=\"accordion-panel-0dc1c7b3-e980-44f6-885f-fad0e9e24fc0\"\n            data-bs-toggle=\"collapse\"\n            data-bs-target=\"#accordion-panel-0dc1c7b3-e980-44f6-885f-fad0e9e24fc0\"\n        >\n            <span class=\"accordion__title\">\n                                <strong><strong>IT Student Care<\/strong><\/strong>            <\/span>\n\n            <svg aria-hidden=\"true\" focusable=\"false\" class=\"icon icon-outline icon--arrow-down \"><use xlink:href=\"https:\/\/www.uni.lu\/wp-content\/themes\/unilux-theme\/assets\/images\/icons\/icons-outline.svg#icon--arrow-down\"><\/use><\/svg>        <\/button>\n    <\/h3>\n    <div id=\"accordion-panel-0dc1c7b3-e980-44f6-885f-fad0e9e24fc0\"\n        class=\"accordion__collapse collapse\"\n        aria-labelledby=\"accordion-labelledby-0dc1c7b3-e980-44f6-885f-fad0e9e24fc0\"\n        data-bs-parent=\"[data-reference=&quot;2d1f6ad5-8088-43c4-b526-8024722e1eb8&quot;]\"\n    >\n        <div class=\"accordion__body \">\n            \n<p>Hilfe bei der Nutzung der <strong>IT-Systeme und -Einrichtungen<\/strong> der Universit\u00e4t.<\/p>\n\n<div class=\"wp-block-columns is-layout-flex wp-block-columns-is-layout-flex\">\n<div class=\"wp-block-column is-layout-flow wp-block-column-is-layout-flow\"><figure class=\"wp-block-dev4-reusable-blocks-image  object-fit--cover\">\n    \n<img decoding=\"async\" class=\"wp-block-image unilux-custom-image-block\"\n                alt=\"IT Student Care\"\n            src=\"https:\/\/www.uni.lu\/wp-content\/uploads\/sites\/30\/2024\/08\/IT-Student-Care.png\"\n                srcset=\"https:\/\/www.uni.lu\/wp-content\/uploads\/sites\/30\/2024\/08\/IT-Student-Care-300x191.png 300w, https:\/\/www.uni.lu\/wp-content\/uploads\/sites\/30\/2024\/08\/IT-Student-Care-1024x653.png 1024w, https:\/\/www.uni.lu\/wp-content\/uploads\/sites\/30\/2024\/08\/IT-Student-Care-768x490.png 768w, https:\/\/www.uni.lu\/wp-content\/uploads\/sites\/30\/2024\/08\/IT-Student-Care.png 1099w\"\n                style=\"object-position: 50.00% 50.00%; font-family: &quot;object-fit: cover; object-position: 50.00% 50.00%;&quot;; aspect-ratio: 16\/9; object-fit: cover; width: 100%;\"\n        loading=\"lazy\"\n\/>    <\/figure><\/div>\n\n\n\n<div class=\"wp-block-column is-layout-flow wp-block-column-is-layout-flow\">\n<p><strong>F\u00fcr immatrikulierte Studierende<\/strong><\/p>\n\n\n\n<ul class=\"wp-block-unilux-blocks-button-list-v2\">\n<li class=\"wp-block-unilux-blocks-button-list-item-v2\"><a class=\"quick-link\" href=\"https:\/\/service.uni.lu\/ssp\" target=\"_blank\" role=\"link\" rel=\"noopener\" tabindex=\"0\"><span class=\"quick-link__container\">\n<div class=\"wp-block-unilux-blocks-block-inserter quick-link__img\"><\/div>\n\n\n\n<span class=\"quick-link__name wp-block-unilux-blocks-plain-text\">Ein Ticket er\u00f6ffnen<\/span>\n\n<svg aria-hidden=\"true\" focusable=\"false\" class=\"icon icon-outline icon--external-link \"><use xlink:href=\"https:\/\/www.uni.lu\/wp-content\/themes\/unilux-theme\/assets\/images\/icons\/icons-outline.svg#icon--external-link\"><\/use><\/svg><\/span><\/a><\/li>\n<\/ul>\n\n\n<div class=\"wp-block-unilux-blocks-spacer is-spacer-size-sm\"><\/div>\n\n\n<p><strong>Oder nutzen Sie unseren Walk-in-Service<\/strong><\/p>\n\n\n\n<p><strong>Campus Belval<\/strong> \u2013 Maison du Savoir (3. Stock) \u2013 Montag bis Freitag, von 11.00 bis 15.00 Uhr<br><strong>Campus Kirchberg<\/strong> \u2013 B\u00e2timent Central (Student Lounge, Erdgeschoss) \u2013 Montag bis Freitag, von 11.00 bis 15.00 Uhr<\/p>\n<\/div>\n<\/div>\n        <\/div>\n    <\/div>\n<\/div><\/div>\n<\/div><\/section>\n\n\n\n<section class=\"wp-block-unilux-blocks-free-section section\"><div class=\"container xl:max-w-screen-xl\">\n<h2 class=\"has-text-align-left wp-block-unilux-blocks-heading\"        id=\"doktoranden\"\n    >\nDoktorand:innen<\/h2>\n\n\n<div class=\"wp-block-unilux-blocks-spacer is-spacer-size-sm\"><\/div>\n\n\n<h3 class=\"has-text-align-left wp-block-unilux-blocks-heading\"        id=\"fuer-allgemeine-anfragen-sehen-sie-bitte-zuerst-auf-unseren-informationsseiten-nach\"\n    >\nF\u00fcr allgemeine Anfragen sehen Sie bitte zuerst auf unseren Informationsseiten nach<\/h3>\n\n\n\n<ul class=\"wp-block-unilux-blocks-button-list-v2\">\n<li class=\"wp-block-unilux-blocks-button-list-item-v2\"><a class=\"quick-link\" href=\"https:\/\/www.uni.lu\/de\/zulassung\/doktoranden\/\" target=\"\" role=\"link\" rel=\"noopener\" tabindex=\"0\"><span class=\"quick-link__container\">\n<div class=\"wp-block-unilux-blocks-block-inserter quick-link__img\"><\/div>\n\n\n\n<span class=\"quick-link__name wp-block-unilux-blocks-plain-text\">Zulassung<\/span>\n\n<svg aria-hidden=\"true\" focusable=\"false\" class=\"icon icon-outline icon--arrow-right \"><use xlink:href=\"https:\/\/www.uni.lu\/wp-content\/themes\/unilux-theme\/assets\/images\/icons\/icons-outline.svg#icon--arrow-right\"><\/use><\/svg><\/span><\/a><\/li>\n\n\n\n<li class=\"wp-block-unilux-blocks-button-list-item-v2\"><a class=\"quick-link\" href=\"https:\/\/www.uni.lu\/research-de\/doktorandenausbildung\/\" target=\"\" role=\"link\" rel=\"noopener\" tabindex=\"0\"><span class=\"quick-link__container\">\n<div class=\"wp-block-unilux-blocks-block-inserter quick-link__img\"><\/div>\n\n\n\n<span class=\"quick-link__name wp-block-unilux-blocks-plain-text\">Doktorandenausbildung<\/span>\n\n<svg aria-hidden=\"true\" focusable=\"false\" class=\"icon icon-outline icon--arrow-right \"><use xlink:href=\"https:\/\/www.uni.lu\/wp-content\/themes\/unilux-theme\/assets\/images\/icons\/icons-outline.svg#icon--arrow-right\"><\/use><\/svg><\/span><\/a><\/li>\n\n\n\n<li class=\"wp-block-unilux-blocks-button-list-item-v2\"><a class=\"quick-link\" href=\"https:\/\/www.uni.lu\/life-de\/wohnen\/\" target=\"\" role=\"link\" rel=\"noopener\" tabindex=\"0\"><span class=\"quick-link__container\">\n<div class=\"wp-block-unilux-blocks-block-inserter quick-link__img\"><\/div>\n\n\n\n<span class=\"quick-link__name wp-block-unilux-blocks-plain-text\">Studentisches Wohnen<\/span>\n\n<svg aria-hidden=\"true\" focusable=\"false\" class=\"icon icon-outline icon--arrow-right \"><use xlink:href=\"https:\/\/www.uni.lu\/wp-content\/themes\/unilux-theme\/assets\/images\/icons\/icons-outline.svg#icon--arrow-right\"><\/use><\/svg><\/span><\/a><\/li>\n<\/ul>\n\n\n<div class=\"wp-block-unilux-blocks-spacer is-spacer-size-sm\"><\/div>\n\n\n<h3 class=\"has-text-align-left wp-block-unilux-blocks-heading\"        id=\"kontakt-aufnehmen\"\n    >\nKontakt aufnehmen<\/h3>\n\n\n\n<div class=\"wp-block-unilux-blocks-accordion accordion accordion--theme accordion-standard\" data-reference=\"b4740096-e134-4504-8d06-0d34e15d63f6\" data-accordion-type=\"standard\"><div class=\"accordion__item  wp-block-unilux-blocks-accordion-item\">\n    <h3 class=\"accordion__header\"\n        >\n        <button\n            type=\"button\"\n            id=\"accordion-labelledby-50a880b7-eede-43c8-b01c-221d98cc7bb4\"\n            class=\"accordion__button collapsed\"\n            aria-expanded=\"false\"\n            aria-controls=\"accordion-panel-50a880b7-eede-43c8-b01c-221d98cc7bb4\"\n            data-bs-toggle=\"collapse\"\n            data-bs-target=\"#accordion-panel-50a880b7-eede-43c8-b01c-221d98cc7bb4\"\n        >\n            <span class=\"accordion__title\">\n                                <strong>B\u00fcro f\u00fcr Doktorandenstudium<\/strong>            <\/span>\n\n            <svg aria-hidden=\"true\" focusable=\"false\" class=\"icon icon-outline icon--arrow-down \"><use xlink:href=\"https:\/\/www.uni.lu\/wp-content\/themes\/unilux-theme\/assets\/images\/icons\/icons-outline.svg#icon--arrow-down\"><\/use><\/svg>        <\/button>\n    <\/h3>\n    <div id=\"accordion-panel-50a880b7-eede-43c8-b01c-221d98cc7bb4\"\n        class=\"accordion__collapse collapse\"\n        aria-labelledby=\"accordion-labelledby-50a880b7-eede-43c8-b01c-221d98cc7bb4\"\n        data-bs-parent=\"[data-reference=&quot;b4740096-e134-4504-8d06-0d34e15d63f6&quot;]\"\n    >\n        <div class=\"accordion__body \">\n            \n<p>Bei allen Fragen zu:<\/p>\n\n<ul class=\"ulux-list\">\n<li class=\"ulux-list-item\">Antr\u00e4ge auf Annahme einer Doktorandin\/eines Doktoranden<\/li>\n\n\n\n<li class=\"ulux-list-item\">Registrierung<\/li>\n\n\n\n<li class=\"ulux-list-item\">Vereinbarung zur Doktorandenausbildung<\/li>\n\n\n\n<li class=\"ulux-list-item\">Referate<\/li>\n\n\n\n<li class=\"ulux-list-item\">Unterst\u00fctzung\/Empfehlungen<\/li>\n\n\n\n<li class=\"ulux-list-item\">Antr\u00e4ge auf Verteidigung der Dissertation<\/li>\n<\/ul>\n<ul class=\"flex flex-wrap mt-24 -mx-16  wp-block-unilux-blocks-free-content-card\">\n    <li class=\"w-full sm:w-1\/2 lg:w-1\/3 px-16  wp-block-unilux-blocks-free-content-card-item\">\n    <div class=\"ulux-card card-workspace bg-theme\">\n        <div class=\"ulux-card__container card__container\">\n                        <div class=\"ulux-card__visual wp-block-unilux-blocks-free-content-card-item-visual\">\n    \n<div class=\"wp-block-unilux-blocks-image-video-wrapper\">\n    <\/div><\/div><div class=\"ulux-card__body wp-block-unilux-blocks-free-content-card-item-body\">\n    \n<span class=\"ulux-card__category wp-block-unilux-blocks-plain-text\"><\/span>\n<h4 class=\"ulux-card__title has-text-align-left wp-block-unilux-blocks-heading\"        id=\"schreiben-sie-uns\"\n    >\nSchreiben Sie uns<\/h4>\n<div class=\"ulux-card__description wp-block-unilux-blocks-free-content-card-item-free-content-area\">\n    \n<p><\/p>\n<\/div><div class=\"self-center link-absolute wp-block-unilux-blocks-custom-button\"    aria-disabled=\"false\"\n    >\n    <a\n        role=\"link\"\n        aria-disabled=\"false\"\n                    href=\"mailto:phdstudies@uni.lu\"\n                target=\"_self\"\n        class=\"btn btn--primary\"\n            >Eine E-Mail senden<\/a>\n<\/div>\n<\/div>        <\/div>\n    <\/div>\n<\/li><li class=\"w-full sm:w-1\/2 lg:w-1\/3 px-16  wp-block-unilux-blocks-free-content-card-item\">\n    <div class=\"ulux-card card-workspace bg-theme\">\n        <div class=\"ulux-card__container card__container\">\n                        <div class=\"ulux-card__visual wp-block-unilux-blocks-free-content-card-item-visual\">\n    \n<div class=\"wp-block-unilux-blocks-image-video-wrapper\">\n    <\/div><\/div><div class=\"ulux-card__body wp-block-unilux-blocks-free-content-card-item-body\">\n    \n<span class=\"ulux-card__category wp-block-unilux-blocks-plain-text\">Nur nach Vereinbarung<\/span>\n<h4 class=\"ulux-card__title has-text-align-left wp-block-unilux-blocks-heading\"        id=\"besuchen-sie-uns\"\n    >\nBesuchen Sie uns<\/h4>\n<div class=\"ulux-card__description wp-block-unilux-blocks-free-content-card-item-free-content-area\">\n    \n<p>B\u00fcro f\u00fcr Promotionsstudien (Bureau des \u00e9tudes doctorales, BED)<br>Belval&nbsp;Campus&nbsp;<br>Maison du Savoir &#8211; 5th floor<br>2, place de l\u2019Universit\u00e9<br>L-4365 Esch-sur-Alzette<\/p>\n\n<p>Ge\u00f6ffnet von Montag bis Freitag von 9.00 bis 12.00 Uhr (nachmittags geschlossen), nur nach Vereinbarung zug\u00e4nglich.<\/p>\n<\/div><div class=\"self-center link-absolute wp-block-unilux-blocks-custom-button\"    aria-disabled=\"false\"\n    >\n    <a\n        role=\"link\"\n        aria-disabled=\"false\"\n                    href=\"https:\/\/affluences.com\/universite-du-luxembourg-1\/universite-du-luxembourg\/reservation\"\n                target=\"_blank\"\n        class=\"btn btn--primary\"\n            >Termin vereinbaren<\/a>\n<\/div>\n<\/div>        <\/div>\n    <\/div>\n<\/li><\/ul>        <\/div>\n    <\/div>\n<\/div>\n\n<div class=\"accordion__item  wp-block-unilux-blocks-accordion-item\">\n    <h3 class=\"accordion__header\"\n        >\n        <button\n            type=\"button\"\n            id=\"accordion-labelledby-f332cae3-89fa-478a-b7f0-3bc0cf2b8622\"\n            class=\"accordion__button collapsed\"\n            aria-expanded=\"false\"\n            aria-controls=\"accordion-panel-f332cae3-89fa-478a-b7f0-3bc0cf2b8622\"\n            data-bs-toggle=\"collapse\"\n            data-bs-target=\"#accordion-panel-f332cae3-89fa-478a-b7f0-3bc0cf2b8622\"\n        >\n            <span class=\"accordion__title\">\n                                <strong>Studierendenverwaltung &#8211; Studentisches Wohnen<\/strong>            <\/span>\n\n            <svg aria-hidden=\"true\" focusable=\"false\" class=\"icon icon-outline icon--arrow-down \"><use xlink:href=\"https:\/\/www.uni.lu\/wp-content\/themes\/unilux-theme\/assets\/images\/icons\/icons-outline.svg#icon--arrow-down\"><\/use><\/svg>        <\/button>\n    <\/h3>\n    <div id=\"accordion-panel-f332cae3-89fa-478a-b7f0-3bc0cf2b8622\"\n        class=\"accordion__collapse collapse\"\n        aria-labelledby=\"accordion-labelledby-f332cae3-89fa-478a-b7f0-3bc0cf2b8622\"\n        data-bs-parent=\"[data-reference=&quot;b4740096-e134-4504-8d06-0d34e15d63f6&quot;]\"\n    >\n        <div class=\"accordion__body \">\n            \n<p><em>(Teil der Abteilung f\u00fcr Studierendenangelegenheiten<\/em> &#8211; <em>SEVE)<\/em><\/p>\n\n<p>Bei allen Fragen zu:<\/p>\n\n<ul class=\"ulux-list\">\n<li class=\"ulux-list-item\">Unterkunft<\/li>\n<\/ul>\n<ul class=\"flex flex-wrap mt-24 -mx-16  wp-block-unilux-blocks-free-content-card\">\n    <li class=\"w-full sm:w-1\/2 lg:w-1\/3 px-16  wp-block-unilux-blocks-free-content-card-item\">\n    <div class=\"ulux-card card-workspace bg-theme\">\n        <div class=\"ulux-card__container card__container\">\n                        <div class=\"ulux-card__visual wp-block-unilux-blocks-free-content-card-item-visual\">\n    \n<div class=\"wp-block-unilux-blocks-image-video-wrapper\">\n    <\/div><\/div><div class=\"ulux-card__body wp-block-unilux-blocks-free-content-card-item-body\">\n    \n<span class=\"ulux-card__category wp-block-unilux-blocks-plain-text\"><\/span>\n<h4 class=\"ulux-card__title has-text-align-left wp-block-unilux-blocks-heading\"        id=\"schreiben-sie-uns\"\n    >\nSchreiben Sie uns<\/h4>\n<div class=\"ulux-card__description wp-block-unilux-blocks-free-content-card-item-free-content-area\">\n    \n<p>F\u00fcr&nbsp;<strong>immatrikulierte <\/strong>Studierende<\/p>\n<\/div><div class=\"self-center link-absolute wp-block-unilux-blocks-custom-button\"    aria-disabled=\"false\"\n    >\n    <a\n        role=\"link\"\n        aria-disabled=\"false\"\n                    href=\"https:\/\/service.uni.lu\/ssp\"\n                target=\"_blank\"\n        class=\"btn btn--primary\"\n            >Ein Ticket er\u00f6ffnen<\/a>\n<\/div>\n<\/div>        <\/div>\n    <\/div>\n<\/li><li class=\"w-full sm:w-1\/2 lg:w-1\/3 px-16  wp-block-unilux-blocks-free-content-card-item\">\n    <div class=\"ulux-card card-workspace bg-theme\">\n        <div class=\"ulux-card__container card__container\">\n                        <div class=\"ulux-card__visual wp-block-unilux-blocks-free-content-card-item-visual\">\n    \n<div class=\"wp-block-unilux-blocks-image-video-wrapper\">\n    <\/div><\/div><div class=\"ulux-card__body wp-block-unilux-blocks-free-content-card-item-body\">\n    \n<span class=\"ulux-card__category wp-block-unilux-blocks-plain-text\"><\/span>\n<h4 class=\"ulux-card__title has-text-align-left wp-block-unilux-blocks-heading\"        id=\"schreiben-sie-uns\"\n    >\nSchreiben Sie uns<\/h4>\n<div class=\"ulux-card__description wp-block-unilux-blocks-free-content-card-item-free-content-area\">\n    \n<p>F\u00fcr <strong>k\u00fcnftige<\/strong> Studierende<\/p>\n<\/div><div class=\"self-center link-absolute wp-block-unilux-blocks-custom-button\"    aria-disabled=\"false\"\n    >\n    <a\n        role=\"link\"\n        aria-disabled=\"false\"\n                    href=\"https:\/\/service.uni.lu\/public?id=sn_seve_contact&#038;sys_id=08ecc9a41bf3d910466b20a1b24bcbe5&#038;lang=en\"\n                target=\"_blank\"\n        class=\"btn btn--primary\"\n            >Ein Ticket er\u00f6ffnen<\/a>\n<\/div>\n<\/div>        <\/div>\n    <\/div>\n<\/li><li class=\"w-full sm:w-1\/2 lg:w-1\/3 px-16  wp-block-unilux-blocks-free-content-card-item\">\n    <div class=\"ulux-card card-workspace bg-theme\">\n        <div class=\"ulux-card__container card__container\">\n                        <div class=\"ulux-card__visual wp-block-unilux-blocks-free-content-card-item-visual\">\n    \n<div class=\"wp-block-unilux-blocks-image-video-wrapper\">\n    <\/div><\/div><div class=\"ulux-card__body wp-block-unilux-blocks-free-content-card-item-body\">\n    \n<span class=\"ulux-card__category wp-block-unilux-blocks-plain-text\">Nur nach Vereinbarung<\/span>\n<h4 class=\"ulux-card__title has-text-align-left wp-block-unilux-blocks-heading\"        id=\"besuchen-sie-uns\"\n    >\nBesuchen Sie uns<\/h4>\n<div class=\"ulux-card__description wp-block-unilux-blocks-free-content-card-item-free-content-area\">\n    \n<p>Service des \u00c9tudes et de la Vie \u00c9tudiante (SEVE)<br>Belval Campus<br>Maison du Savoir &#8211; 5th floor<br>2, place de l\u2019Universit\u00e9<br>L-4365 Esch-sur-Alzette<\/p>\n<\/div><div class=\"self-center link-absolute wp-block-unilux-blocks-custom-button\"    aria-disabled=\"false\"\n    >\n    <a\n        role=\"link\"\n        aria-disabled=\"false\"\n                    href=\"https:\/\/affluences.com\/universite-du-luxembourg-1\/universite-du-luxembourg\/reservation\"\n                target=\"_blank\"\n        class=\"btn btn--primary\"\n            >Termin vereinbaren<\/a>\n<\/div>\n<\/div>        <\/div>\n    <\/div>\n<\/li><\/ul>        <\/div>\n    <\/div>\n<\/div>\n\n<div class=\"accordion__item  wp-block-unilux-blocks-accordion-item\">\n    <h3 class=\"accordion__header\"\n        >\n        <button\n            type=\"button\"\n            id=\"accordion-labelledby-1241a62c-d6d9-4a16-9d33-576410a0a234\"\n            class=\"accordion__button collapsed\"\n            aria-expanded=\"false\"\n            aria-controls=\"accordion-panel-1241a62c-d6d9-4a16-9d33-576410a0a234\"\n            data-bs-toggle=\"collapse\"\n            data-bs-target=\"#accordion-panel-1241a62c-d6d9-4a16-9d33-576410a0a234\"\n        >\n            <span class=\"accordion__title\">\n                                <strong>Karrierezentrum<\/strong>            <\/span>\n\n            <svg aria-hidden=\"true\" focusable=\"false\" class=\"icon icon-outline icon--arrow-down \"><use xlink:href=\"https:\/\/www.uni.lu\/wp-content\/themes\/unilux-theme\/assets\/images\/icons\/icons-outline.svg#icon--arrow-down\"><\/use><\/svg>        <\/button>\n    <\/h3>\n    <div id=\"accordion-panel-1241a62c-d6d9-4a16-9d33-576410a0a234\"\n        class=\"accordion__collapse collapse\"\n        aria-labelledby=\"accordion-labelledby-1241a62c-d6d9-4a16-9d33-576410a0a234\"\n        data-bs-parent=\"[data-reference=&quot;b4740096-e134-4504-8d06-0d34e15d63f6&quot;]\"\n    >\n        <div class=\"accordion__body \">\n            \n<p>Bitte wenden Sie sich an:<\/p>\n<div class=\"icon-info-wrapper\">\n    <ul class=\"wp-block-unilux-blocks-icon-info\">\n        <li class=\"wp-block-unilux-blocks-icon-info-item\">\n    \n<div class=\"wp-block-unilux-blocks-wrapper icon-info\">\n<div class=\"icon--primary icon--secondary-2  wp-block-unilux-blocks-icon-picker\">\n    <svg aria-hidden=\"true\" focusable=\"false\" class=\"icon icon-outline icon--email \"><use xlink:href=\"https:\/\/www.uni.lu\/wp-content\/themes\/unilux-theme\/assets\/images\/icons\/icons-outline.svg#icon--email\"><\/use><\/svg><\/div>\n\n\n<p class=\"has-1-125-rem-font-size\"><a href=\"mailto:romain.raux@uni.lu\" target=\"_blank\" rel=\"noreferrer noopener\">romain.raux@uni.lu<\/a><\/p>\n<\/div>\n<\/li>\n<li class=\"wp-block-unilux-blocks-icon-info-item\">\n    \n<div class=\"wp-block-unilux-blocks-wrapper icon-info\">\n<div class=\"icon--primary icon--secondary-2  wp-block-unilux-blocks-icon-picker\">\n    <svg aria-hidden=\"true\" focusable=\"false\" class=\"icon icon-outline icon--email \"><use xlink:href=\"https:\/\/www.uni.lu\/wp-content\/themes\/unilux-theme\/assets\/images\/icons\/icons-outline.svg#icon--email\"><\/use><\/svg><\/div>\n\n\n<p class=\"has-1-125-rem-font-size\"><a href=\"mailto:careercentre@uni.lu\" target=\"_blank\" rel=\"noreferrer noopener\">careercentre@uni.lu<\/a><\/p>\n<\/div>\n<\/li>\n    <\/ul>\n<\/div>\n        <\/div>\n    <\/div>\n<\/div>\n\n<div class=\"accordion__item  wp-block-unilux-blocks-accordion-item\">\n    <h3 class=\"accordion__header\"\n        >\n        <button\n            type=\"button\"\n            id=\"accordion-labelledby-ed526ca7-d102-4734-9635-3c3153c92668\"\n            class=\"accordion__button collapsed\"\n            aria-expanded=\"false\"\n            aria-controls=\"accordion-panel-ed526ca7-d102-4734-9635-3c3153c92668\"\n            data-bs-toggle=\"collapse\"\n            data-bs-target=\"#accordion-panel-ed526ca7-d102-4734-9635-3c3153c92668\"\n        >\n            <span class=\"accordion__title\">\n                                <strong><strong>Studierendenservice<\/strong><\/strong>            <\/span>\n\n            <svg aria-hidden=\"true\" focusable=\"false\" class=\"icon icon-outline icon--arrow-down \"><use xlink:href=\"https:\/\/www.uni.lu\/wp-content\/themes\/unilux-theme\/assets\/images\/icons\/icons-outline.svg#icon--arrow-down\"><\/use><\/svg>        <\/button>\n    <\/h3>\n    <div id=\"accordion-panel-ed526ca7-d102-4734-9635-3c3153c92668\"\n        class=\"accordion__collapse collapse\"\n        aria-labelledby=\"accordion-labelledby-ed526ca7-d102-4734-9635-3c3153c92668\"\n        data-bs-parent=\"[data-reference=&quot;b4740096-e134-4504-8d06-0d34e15d63f6&quot;]\"\n    >\n        <div class=\"accordion__body \">\n            \n<p><em>(Teil der Abteilung f\u00fcr Studierendenangelegenheiten<\/em> &#8211; <em>SEVE)<\/em> <\/p>\n\n<p>Der Studierendenservice besteht aus drei Teams, die Studierenden helfen, sich an der Universit\u00e4t einzuleben und zurechtzufinden.<\/p>\n\n<ul class=\"ulux-list\">\n<li class=\"ulux-list-item\"><a href=\"https:\/\/www.uni.lu\/life-de\/soziales-leben\/unterstuetzung-von-initiativen\/\">B\u00fcro f\u00fcr studentisches Leben<\/a><\/li>\n\n\n\n<li class=\"ulux-list-item\">Inklusions-Team<\/li>\n\n\n\n<li class=\"ulux-list-item\">Team f\u00fcr psychische Gesundheit &amp; Wohlbefinden<\/li>\n<\/ul>\n\n<p>Unsere Dienste umfassen:<\/p>\n\n<div class=\"wp-block-columns is-layout-flex wp-block-columns-is-layout-flex\">\n<div class=\"wp-block-column is-layout-flow wp-block-column-is-layout-flow\">\n<ul class=\"ulux-list\">\n<li class=\"ulux-list-item\">Unterst\u00fctzung und Entwicklung von <a href=\"https:\/\/www.uni.lu\/life-de\/soziales-leben\/unterstuetzung-von-initiativen\/\">studentischem Leben und Beteiligung<\/a><\/li>\n\n\n\n<li class=\"ulux-list-item\"><a href=\"https:\/\/www.uni.lu\/life-de\/psychische-gesundheit-wohlbefinden\/beratung\/\">Beratung und Dienst f\u00fcr psychische Gesundheit<\/a><\/li>\n\n\n\n<li class=\"ulux-list-item\"><a href=\"https:\/\/www.uni.lu\/life-de\/gleichstellung-inklusion-vielfalt\/behindertenunterstuetzung\/\">Behinderung und Lernunterst\u00fctzung<\/a><\/li>\n<\/ul>\n<\/div>\n\n\n\n<div class=\"wp-block-column is-layout-flow wp-block-column-is-layout-flow\">\n<ul class=\"ulux-list\">\n<li class=\"ulux-list-item\"><a href=\"https:\/\/www.uni.lu\/life-de\/finanzielle-unterstuetzung\/\">finanzielle Unterst\u00fctzung<\/a><\/li>\n\n\n\n<li class=\"ulux-list-item\">Unterst\u00fctzung internationaler Studierender<\/li>\n\n\n\n<li class=\"ulux-list-item\"><a href=\"https:\/\/www.uni.lu\/life-de\/gleichstellung-inklusion-vielfalt\/unterstuetzung-gefluechteter-studierender\/\">Unterst\u00fctzung f\u00fcr Studierende mit Fl\u00fcchtlingshintergrund<\/a><\/li>\n<\/ul>\n<\/div>\n<\/div>\n<ul class=\"flex flex-wrap mt-24 -mx-16  wp-block-unilux-blocks-free-content-card\">\n    <li class=\"w-full sm:w-1\/2 lg:w-1\/3 px-16  wp-block-unilux-blocks-free-content-card-item\">\n    <div class=\"ulux-card card-workspace bg-theme\">\n        <div class=\"ulux-card__container card__container\">\n                        <div class=\"ulux-card__visual wp-block-unilux-blocks-free-content-card-item-visual\">\n    \n<div class=\"wp-block-unilux-blocks-image-video-wrapper\">\n    <\/div><\/div><div class=\"ulux-card__body wp-block-unilux-blocks-free-content-card-item-body\">\n    \n<span class=\"ulux-card__category wp-block-unilux-blocks-plain-text\">Nur nach Vereinbarung<\/span>\n<h4 class=\"ulux-card__title has-text-align-left wp-block-unilux-blocks-heading\"        id=\"persoenlich-oder-online\"\n    >\nPers\u00f6nlich oder online<\/h4>\n<div class=\"ulux-card__description wp-block-unilux-blocks-free-content-card-item-free-content-area\">\n    \n<p>F\u00fcr Dienste f\u00fcr psychische Gesundheit und Inklusionsb\u00fcro<\/p>\n\n<p><em>Alle Sitzungen sind kostenlos und vertraulich<\/em><\/p>\n<\/div><div class=\"self-center link-absolute wp-block-unilux-blocks-custom-button\"    aria-disabled=\"false\"\n    >\n    <a\n        role=\"link\"\n        aria-disabled=\"false\"\n                    href=\"https:\/\/go.karaconnect.com\/p\/unilu\"\n                target=\"_blank\"\n        class=\"btn btn--primary\"\n            >Einen Termin buchen<\/a>\n<\/div>\n<\/div>        <\/div>\n    <\/div>\n<\/li><li class=\"w-full sm:w-1\/2 lg:w-1\/3 px-16  wp-block-unilux-blocks-free-content-card-item\">\n    <div class=\"ulux-card card-workspace bg-theme\">\n        <div class=\"ulux-card__container card__container\">\n                        <div class=\"ulux-card__visual wp-block-unilux-blocks-free-content-card-item-visual\">\n    \n<div class=\"wp-block-unilux-blocks-image-video-wrapper\">\n    <\/div><\/div><div class=\"ulux-card__body wp-block-unilux-blocks-free-content-card-item-body\">\n    \n<span class=\"ulux-card__category wp-block-unilux-blocks-plain-text\">Buchung erforderlich<\/span>\n<h4 class=\"ulux-card__title has-text-align-left wp-block-unilux-blocks-heading\"        id=\"einen-kurs-buchen\"\n    >\nEinen Kurs buchen<\/h4>\n<div class=\"ulux-card__description wp-block-unilux-blocks-free-content-card-item-free-content-area\">\n    \n<p>Einen Sport-, Kunst- oder Wellnesskurs auf dem Campus buchen<\/p>\n<\/div><div class=\"self-center link-absolute wp-block-unilux-blocks-custom-button\"    aria-disabled=\"false\"\n    >\n    <a\n        role=\"link\"\n        aria-disabled=\"false\"\n                    href=\"https:\/\/affluences.com\/universite-du-luxembourg-1\/student-services\/reservation\"\n                target=\"_blank\"\n        class=\"btn btn--primary\"\n            >Online buchen<\/a>\n<\/div>\n<\/div>        <\/div>\n    <\/div>\n<\/li><\/ul>        <\/div>\n    <\/div>\n<\/div>\n\n<div class=\"accordion__item  wp-block-unilux-blocks-accordion-item\">\n    <h3 class=\"accordion__header\"\n        >\n        <button\n            type=\"button\"\n            id=\"accordion-labelledby-4540f3dd-296e-44f9-99c2-3750fc268168\"\n            class=\"accordion__button collapsed\"\n            aria-expanded=\"false\"\n            aria-controls=\"accordion-panel-4540f3dd-296e-44f9-99c2-3750fc268168\"\n            data-bs-toggle=\"collapse\"\n            data-bs-target=\"#accordion-panel-4540f3dd-296e-44f9-99c2-3750fc268168\"\n        >\n            <span class=\"accordion__title\">\n                                <strong><strong>IT Student Care<\/strong><\/strong>            <\/span>\n\n            <svg aria-hidden=\"true\" focusable=\"false\" class=\"icon icon-outline icon--arrow-down \"><use xlink:href=\"https:\/\/www.uni.lu\/wp-content\/themes\/unilux-theme\/assets\/images\/icons\/icons-outline.svg#icon--arrow-down\"><\/use><\/svg>        <\/button>\n    <\/h3>\n    <div id=\"accordion-panel-4540f3dd-296e-44f9-99c2-3750fc268168\"\n        class=\"accordion__collapse collapse\"\n        aria-labelledby=\"accordion-labelledby-4540f3dd-296e-44f9-99c2-3750fc268168\"\n        data-bs-parent=\"[data-reference=&quot;b4740096-e134-4504-8d06-0d34e15d63f6&quot;]\"\n    >\n        <div class=\"accordion__body \">\n            \n<p>Hilfe bei der Nutzung der <strong>IT-Systeme und -Einrichtungen<\/strong> der Universit\u00e4t.<\/p>\n\n<div class=\"wp-block-columns is-layout-flex wp-block-columns-is-layout-flex\">\n<div class=\"wp-block-column is-layout-flow wp-block-column-is-layout-flow\"><figure class=\"wp-block-dev4-reusable-blocks-image  object-fit--cover\">\n    \n<img decoding=\"async\" class=\"wp-block-image unilux-custom-image-block\"\n                alt=\"IT Student Care\"\n            src=\"https:\/\/www.uni.lu\/wp-content\/uploads\/sites\/30\/2024\/08\/IT-Student-Care.png\"\n                srcset=\"https:\/\/www.uni.lu\/wp-content\/uploads\/sites\/30\/2024\/08\/IT-Student-Care-300x191.png 300w, https:\/\/www.uni.lu\/wp-content\/uploads\/sites\/30\/2024\/08\/IT-Student-Care-1024x653.png 1024w, https:\/\/www.uni.lu\/wp-content\/uploads\/sites\/30\/2024\/08\/IT-Student-Care-768x490.png 768w, https:\/\/www.uni.lu\/wp-content\/uploads\/sites\/30\/2024\/08\/IT-Student-Care.png 1099w\"\n                style=\"object-position: 50.00% 50.00%; font-family: &quot;object-fit: cover; object-position: 50.00% 50.00%;&quot;; aspect-ratio: 16\/9; object-fit: cover; width: 100%;\"\n        loading=\"lazy\"\n\/>    <\/figure><\/div>\n\n\n\n<div class=\"wp-block-column is-layout-flow wp-block-column-is-layout-flow\">\n<p><strong><strong>F\u00fcr&nbsp;immatrikulierte Studierende<\/strong><\/strong><\/p>\n\n\n\n<ul class=\"wp-block-unilux-blocks-button-list-v2\">\n<li class=\"wp-block-unilux-blocks-button-list-item-v2\"><a class=\"quick-link\" href=\"https:\/\/service.uni.lu\/ssp\" target=\"_blank\" role=\"link\" rel=\"noopener\" tabindex=\"0\"><span class=\"quick-link__container\">\n<div class=\"wp-block-unilux-blocks-block-inserter quick-link__img\"><\/div>\n\n\n\n<span class=\"quick-link__name wp-block-unilux-blocks-plain-text\">Ein Ticket er\u00f6ffnen<\/span>\n\n<svg aria-hidden=\"true\" focusable=\"false\" class=\"icon icon-outline icon--external-link \"><use xlink:href=\"https:\/\/www.uni.lu\/wp-content\/themes\/unilux-theme\/assets\/images\/icons\/icons-outline.svg#icon--external-link\"><\/use><\/svg><\/span><\/a><\/li>\n<\/ul>\n\n\n<div class=\"wp-block-unilux-blocks-spacer is-spacer-size-sm\"><\/div>\n\n\n<p><strong>Oder nutzen Sie unseren Walk-in-Service<\/strong><\/p>\n\n\n\n<p><strong>Campus Belval<\/strong> \u2013 Maison du Savoir (3. Stock) \u2013 Montag bis Freitag, von 11.00 bis 15.00 Uhr<br><strong>Campus Kirchberg<\/strong> \u2013 B\u00e2timent Central (Student Lounge, Erdgeschoss) \u2013 Montag bis Freitag, von 11.00 bis 15.00 Uhr<\/p>\n<\/div>\n<\/div>\n        <\/div>\n    <\/div>\n<\/div><\/div>\n<\/div><\/section>\n","protected":false},"excerpt":{"rendered":"","protected":false},"author":337,"featured_media":0,"parent":0,"menu_order":0,"comment_status":"closed","ping_status":"closed","template":"","meta":{"featured_image_focal_point":[],"show_featured_caption":false,"ulux_newsletter_groups":"","uluxPostTitle":"","uluxPrePostTitle":"","_trash_the_other_posts":false,"_price":"","_stock":"","_tribe_ticket_header":"","_tribe_default_ticket_provider":"","_tribe_ticket_capacity":"0","_ticket_start_date":"","_ticket_end_date":"","_tribe_ticket_show_description":"","_tribe_ticket_show_not_going":false,"_tribe_ticket_use_global_stock":"","_tribe_ticket_global_stock_level":"","_global_stock_mode":"","_global_stock_cap":"","_tribe_rsvp_for_event":"","_tribe_ticket_going_count":"","_tribe_ticket_not_going_count":"","_tribe_tickets_list":"[]","_tribe_ticket_has_attendee_info_fields":false,"footnotes":""},"field-of-interest":[],"organisation":[],"authorship":[337],"acf":[],"yoast_head":"<!-- This site is optimized with the Yoast SEO Premium plugin v22.3 (Yoast SEO v22.3) - https:\/\/yoast.com\/wordpress\/plugins\/seo\/ -->\n<title>Kontakte f\u00fcr Studierende - Universit\u00e4t Luxemburg I Uni.lu<\/title>\n<meta name=\"description\" content=\"Kontakte f\u00fcr Studierende: Finden Sie Ihren Ansprechpartner f\u00fcr Zulassung, Unterkunft und Studierendenservice.\" \/>\n<meta name=\"robots\" content=\"index, follow, max-snippet:-1, max-image-preview:large, max-video-preview:-1\" \/>\n<link rel=\"canonical\" href=\"https:\/\/www.uni.lu\/life-de\/kontakte-fuer-studierende\/\" \/>\n<meta property=\"og:locale\" content=\"de_DE\" \/>\n<meta property=\"og:type\" content=\"article\" \/>\n<meta property=\"og:title\" content=\"Kontakte f\u00fcr Studierende\" \/>\n<meta property=\"og:description\" content=\"Kontakte f\u00fcr Studierende: Finden Sie Ihren Ansprechpartner f\u00fcr Zulassung, Unterkunft und Studierendenservice.\" \/>\n<meta property=\"og:url\" content=\"https:\/\/www.uni.lu\/life-de\/kontakte-fuer-studierende\/\" \/>\n<meta property=\"og:site_name\" content=\"LIFE DE\" \/>\n<meta property=\"article:modified_time\" content=\"2026-04-09T08:09:40+00:00\" \/>\n<meta property=\"og:image\" content=\"https:\/\/www.uni.lu\/wp-content\/uploads\/sites\/30\/2026\/03\/03115231\/UNIV_SM-Profile_1600x1600px-scaled.jpg\" \/>\n\t<meta property=\"og:image:width\" content=\"2560\" \/>\n\t<meta property=\"og:image:height\" content=\"2560\" \/>\n\t<meta property=\"og:image:type\" content=\"image\/jpeg\" \/>\n<meta name=\"twitter:card\" content=\"summary_large_image\" \/>\n<meta name=\"twitter:label1\" content=\"Gesch\u00e4tzte Lesezeit\" \/>\n\t<meta name=\"twitter:data1\" content=\"3 Minuten\" \/>\n<script type=\"application\/ld+json\" class=\"yoast-schema-graph\">{\"@context\":\"https:\/\/schema.org\",\"@graph\":[{\"@type\":\"WebPage\",\"@id\":\"https:\/\/www.uni.lu\/life-de\/kontakte-fuer-studierende\/\",\"url\":\"https:\/\/www.uni.lu\/life-de\/kontakte-fuer-studierende\/\",\"name\":\"Kontakte f\u00fcr Studierende - Universit\u00e4t Luxemburg I Uni.lu\",\"isPartOf\":{\"@id\":\"https:\/\/www.uni.lu\/life-de\/#website\"},\"datePublished\":\"2024-04-09T06:57:33+00:00\",\"dateModified\":\"2026-04-09T08:09:40+00:00\",\"description\":\"Kontakte f\u00fcr Studierende: Finden Sie Ihren Ansprechpartner f\u00fcr Zulassung, Unterkunft und Studierendenservice.\",\"breadcrumb\":{\"@id\":\"https:\/\/www.uni.lu\/life-de\/kontakte-fuer-studierende\/#breadcrumb\"},\"inLanguage\":\"de-DE\",\"potentialAction\":[{\"@type\":\"ReadAction\",\"target\":[\"https:\/\/www.uni.lu\/life-de\/kontakte-fuer-studierende\/\"]}]},{\"@type\":\"BreadcrumbList\",\"@id\":\"https:\/\/www.uni.lu\/life-de\/kontakte-fuer-studierende\/#breadcrumb\",\"itemListElement\":[{\"@type\":\"ListItem\",\"position\":1,\"name\":\"Home\",\"item\":\"https:\/\/www.uni.lu\/de\"},{\"@type\":\"ListItem\",\"position\":2,\"name\":\"Leben an der Universit\u00e4t\",\"item\":\"https:\/\/www.uni.lu\/life-de\/\"},{\"@type\":\"ListItem\",\"position\":3,\"name\":\"Kontakte f\u00fcr Studierende\"}]},{\"@type\":\"WebSite\",\"@id\":\"https:\/\/www.uni.lu\/life-de\/#website\",\"url\":\"https:\/\/www.uni.lu\/life-de\/\",\"name\":\"Uni.lu\",\"description\":\"Leben an der Universit\u00e4t Luxemburg\",\"publisher\":{\"@id\":\"https:\/\/www.uni.lu\/life-de\/#organization\"},\"alternateName\":\"Universit\u00e4t Luxemburg I Uni.lu\",\"potentialAction\":[{\"@type\":\"SearchAction\",\"target\":{\"@type\":\"EntryPoint\",\"urlTemplate\":\"https:\/\/www.uni.lu\/life-de\/?s={search_term_string}\"},\"query-input\":\"required name=search_term_string\"}],\"inLanguage\":\"de-DE\"},{\"@type\":\"Organization\",\"@id\":\"https:\/\/www.uni.lu\/life-de\/#organization\",\"name\":\"Universit\u00e4t Luxemburg\",\"alternateName\":\"Uni.lu\",\"url\":\"https:\/\/www.uni.lu\/life-de\/\",\"logo\":{\"@type\":\"ImageObject\",\"inLanguage\":\"de-DE\",\"@id\":\"https:\/\/www.uni.lu\/life-de\/#\/schema\/logo\/image\/\",\"url\":\"https:\/\/www.uni.lu\/wp-content\/uploads\/sites\/30\/2026\/03\/03115231\/UNIV_SM-Profile_1600x1600px-scaled.jpg\",\"contentUrl\":\"https:\/\/www.uni.lu\/wp-content\/uploads\/sites\/30\/2026\/03\/03115231\/UNIV_SM-Profile_1600x1600px-scaled.jpg\",\"width\":2560,\"height\":2560,\"caption\":\"Universit\u00e4t Luxemburg\"},\"image\":{\"@id\":\"https:\/\/www.uni.lu\/life-de\/#\/schema\/logo\/image\/\"},\"description\":\"Leben an der Universit\u00e4t Luxemburg\"}]}<\/script>\n<!-- \/ Yoast SEO Premium plugin. -->","yoast_head_json":{"title":"Kontakte f\u00fcr Studierende - Universit\u00e4t Luxemburg I Uni.lu","description":"Kontakte f\u00fcr Studierende: Finden Sie Ihren Ansprechpartner f\u00fcr Zulassung, Unterkunft und Studierendenservice.","robots":{"index":"index","follow":"follow","max-snippet":"max-snippet:-1","max-image-preview":"max-image-preview:large","max-video-preview":"max-video-preview:-1"},"canonical":"https:\/\/www.uni.lu\/life-de\/kontakte-fuer-studierende\/","og_locale":"de_DE","og_type":"article","og_title":"Kontakte f\u00fcr Studierende","og_description":"Kontakte f\u00fcr Studierende: Finden Sie Ihren Ansprechpartner f\u00fcr Zulassung, Unterkunft und Studierendenservice.","og_url":"https:\/\/www.uni.lu\/life-de\/kontakte-fuer-studierende\/","og_site_name":"LIFE DE","article_modified_time":"2026-04-09T08:09:40+00:00","og_image":[{"width":2560,"height":2560,"url":"https:\/\/www.uni.lu\/wp-content\/uploads\/sites\/30\/2026\/03\/03115231\/UNIV_SM-Profile_1600x1600px-scaled.jpg","type":"image\/jpeg"}],"twitter_card":"summary_large_image","twitter_misc":{"Gesch\u00e4tzte Lesezeit":"3 Minuten"},"schema":{"@context":"https:\/\/schema.org","@graph":[{"@type":"WebPage","@id":"https:\/\/www.uni.lu\/life-de\/kontakte-fuer-studierende\/","url":"https:\/\/www.uni.lu\/life-de\/kontakte-fuer-studierende\/","name":"Kontakte f\u00fcr Studierende - Universit\u00e4t Luxemburg I Uni.lu","isPartOf":{"@id":"https:\/\/www.uni.lu\/life-de\/#website"},"datePublished":"2024-04-09T06:57:33+00:00","dateModified":"2026-04-09T08:09:40+00:00","description":"Kontakte f\u00fcr Studierende: Finden Sie Ihren Ansprechpartner f\u00fcr Zulassung, Unterkunft und Studierendenservice.","breadcrumb":{"@id":"https:\/\/www.uni.lu\/life-de\/kontakte-fuer-studierende\/#breadcrumb"},"inLanguage":"de-DE","potentialAction":[{"@type":"ReadAction","target":["https:\/\/www.uni.lu\/life-de\/kontakte-fuer-studierende\/"]}]},{"@type":"BreadcrumbList","@id":"https:\/\/www.uni.lu\/life-de\/kontakte-fuer-studierende\/#breadcrumb","itemListElement":[{"@type":"ListItem","position":1,"name":"Home","item":"https:\/\/www.uni.lu\/de"},{"@type":"ListItem","position":2,"name":"Leben an der Universit\u00e4t","item":"https:\/\/www.uni.lu\/life-de\/"},{"@type":"ListItem","position":3,"name":"Kontakte f\u00fcr Studierende"}]},{"@type":"WebSite","@id":"https:\/\/www.uni.lu\/life-de\/#website","url":"https:\/\/www.uni.lu\/life-de\/","name":"Uni.lu","description":"Leben an der Universit\u00e4t Luxemburg","publisher":{"@id":"https:\/\/www.uni.lu\/life-de\/#organization"},"alternateName":"Universit\u00e4t Luxemburg I Uni.lu","potentialAction":[{"@type":"SearchAction","target":{"@type":"EntryPoint","urlTemplate":"https:\/\/www.uni.lu\/life-de\/?s={search_term_string}"},"query-input":"required name=search_term_string"}],"inLanguage":"de-DE"},{"@type":"Organization","@id":"https:\/\/www.uni.lu\/life-de\/#organization","name":"Universit\u00e4t Luxemburg","alternateName":"Uni.lu","url":"https:\/\/www.uni.lu\/life-de\/","logo":{"@type":"ImageObject","inLanguage":"de-DE","@id":"https:\/\/www.uni.lu\/life-de\/#\/schema\/logo\/image\/","url":"https:\/\/www.uni.lu\/wp-content\/uploads\/sites\/30\/2026\/03\/03115231\/UNIV_SM-Profile_1600x1600px-scaled.jpg","contentUrl":"https:\/\/www.uni.lu\/wp-content\/uploads\/sites\/30\/2026\/03\/03115231\/UNIV_SM-Profile_1600x1600px-scaled.jpg","width":2560,"height":2560,"caption":"Universit\u00e4t Luxemburg"},"image":{"@id":"https:\/\/www.uni.lu\/life-de\/#\/schema\/logo\/image\/"},"description":"Leben an der Universit\u00e4t Luxemburg"}]}},"ticketed":false,"_links":{"self":[{"href":"https:\/\/www.uni.lu\/life-de\/wp-json\/wp\/v2\/pages\/305"}],"collection":[{"href":"https:\/\/www.uni.lu\/life-de\/wp-json\/wp\/v2\/pages"}],"about":[{"href":"https:\/\/www.uni.lu\/life-de\/wp-json\/wp\/v2\/types\/page"}],"author":[{"embeddable":true,"href":"https:\/\/www.uni.lu\/life-de\/wp-json\/wp\/v2\/users\/337"}],"replies":[{"embeddable":true,"href":"https:\/\/www.uni.lu\/life-de\/wp-json\/wp\/v2\/comments?post=305"}],"version-history":[{"count":5,"href":"https:\/\/www.uni.lu\/life-de\/wp-json\/wp\/v2\/pages\/305\/revisions"}],"predecessor-version":[{"id":2220,"href":"https:\/\/www.uni.lu\/life-de\/wp-json\/wp\/v2\/pages\/305\/revisions\/2220"}],"wp:authorship":[{"embeddable":true,"href":"https:\/\/www.uni.lu\/life-de\/wp-json\/wp\/v2\/users\/337"}],"wp:attachment":[{"href":"https:\/\/www.uni.lu\/life-de\/wp-json\/wp\/v2\/media?parent=305"}],"wp:term":[{"taxonomy":"field-of-interest","embeddable":true,"href":"https:\/\/www.uni.lu\/life-de\/wp-json\/wp\/v2\/field-of-interest?post=305"},{"taxonomy":"organisation","embeddable":true,"href":"https:\/\/www.uni.lu\/life-de\/wp-json\/wp\/v2\/organisation?post=305"}],"curies":[{"name":"wp","href":"https:\/\/api.w.org\/{rel}","templated":true}]}}