{"id":758,"date":"2024-04-03T14:02:05","date_gmt":"2024-04-03T12:02:05","guid":{"rendered":"https:\/\/www.uni.lu\/lcsb-fr\/?post_type=events&#038;p=758"},"modified":"2024-04-18T10:25:40","modified_gmt":"2024-04-18T08:25:40","slug":"avancees-recherche-maladie-parkinson","status":"publish","type":"events","link":"https:\/\/www.uni.lu\/lcsb-fr\/events\/avancees-recherche-maladie-parkinson\/","title":{"rendered":"Les avanc\u00e9es de la recherche sur la maladie de Parkinson"},"content":{"rendered":"\n<section class=\"wp-block-unilux-blocks-free-section section\"><div class=\"container xl:max-w-screen-xl\">\n<h2 class=\"has-text-align-left wp-block-unilux-blocks-heading\"        id=\"soiree-conference-les-avancees-de-la-medecine-personnalisee-et-de-la-prevention-pour-la-maladie-de-parkinson\"\n    >\nSoir\u00e9e conf\u00e9rence: les avanc\u00e9es de la  m\u00e9decine personnalis\u00e9e et de la pr\u00e9vention pour la maladie de Parkinson<\/h2>\n\n\n\n<p>\u00c0 ce jour, les maladies neurod\u00e9g\u00e9n\u00e9ratives comme la maladie de Parkinson ne peuvent pas \u00eatre gu\u00e9ries. Cependant, la recherche peut aider \u00e0 en comprendre la complexit\u00e9 en \u00e9tudiant la g\u00e9n\u00e9tique et d\u2019autres facteurs de risque. L\u2019\u00e9volution rapide des nouvelles technologies va permettre aux chercheurs de d\u00e9velopper des traitements personnalis\u00e9s, ainsi que des nouvelles strat\u00e9gies de pr\u00e9vention.<\/p>\n\n\n\n<p>La conf\u00e9rence se tiendra en Allemand, n\u00e9anmoins des casques de traduction simultan\u00e9e en Fran\u00e7ais seront mis \u00e0 disposition. Pour r\u00e9server votre casque, veuillez svp vous inscrire \u00e0 la conf\u00e9rence avant le 18 avril.<\/p>\n\n\n\n<h2 class=\"has-text-align-left wp-block-unilux-blocks-heading\"        id=\"a-propos-de-lorateur\"\n    >\n\u00c0 propos de l&rsquo;orateur<\/h2>\n\n\n\n<p><a href=\"https:\/\/www.uni.lu\/lcsb-en\/people\/rejko-kruger\/\">Prof. Dr Rejko Kr\u00fcger<\/a> est professeur en neurosciences et directeur de recherche du groupe \u00ab\u00a0<a href=\"https:\/\/www.uni.lu\/lcsb-en\/research-groups\/translational-neuroscience\/\">Translational Neuroscience<\/a>\u00a0\u00bb au Luxembourg Centre for Systems Biomedicine de l&rsquo;Universit\u00e9 du Luxembourg. Il est \u00e9galement directeur de recherche du d\u00e9partement  \u00ab\u00a0Transversal Translational Medicine\u00a0\u00bb au Luxembourg Institute of Health et affili\u00e9 au Centre Hospitalier de Luxembourg.<\/p>\n\n\n\n<ul class=\"wp-block-unilux-blocks-custom-buttons btn-list\"><li class=\"wp-block-unilux-blocks-custom-button\"    aria-disabled=\"false\"\n    >\n    <a\n        role=\"link\"\n        aria-disabled=\"false\"\n                    href=\"http:\/\/ulsurvey.uni.lu\/index.php\/579333?lang=en\"\n                target=\"_blank\"\n        class=\"btn btn--secondary\"\n            >Je m&rsquo;enregistre<\/a>\n<\/li>\n\n\n<li class=\"wp-block-unilux-blocks-custom-button\"    aria-disabled=\"false\"\n    >\n    <a\n        role=\"link\"\n        aria-disabled=\"false\"\n                    href=\"https:\/\/www.uni.lu\/lcsb-fr\/calendar?post_type=events&#038;p=758&#038;calendar\"\n                target=\"_self\"\n        class=\"btn btn--dark\"\n            >Ajouter \u00e0 mon calendrier<\/a>\n<\/li>\n<\/ul>\n\n\n<div class=\"wp-block-unilux-blocks-spacer is-spacer-size-sm\"><\/div>\n\n\n<div class=\"wp-block-columns are-vertically-aligned-top is-layout-flex wp-block-columns-is-layout-flex\"><\/div>\n\n\n\n<div class=\"wp-block-columns is-layout-flex wp-block-columns-is-layout-flex\">\n<div class=\"wp-block-column is-layout-flow wp-block-column-is-layout-flow\" style=\"flex-basis:25%\"><\/div>\n\n\n\n<div class=\"wp-block-column is-layout-flow wp-block-column-is-layout-flow\" style=\"flex-basis:50%\"><\/div>\n\n\n\n<div class=\"wp-block-column is-layout-flow wp-block-column-is-layout-flow\" style=\"flex-basis:25%\"><figure class=\"wp-block-dev4-reusable-blocks-image  object-fit--scale-down\">\n    \n<img decoding=\"async\" class=\"wp-block-image unilux-custom-image-block\"\n                alt=\"\"\n            src=\"https:\/\/www.uni.lu\/wp-content\/uploads\/sites\/22\/2024\/04\/LOGO-DIEKIRCH_RGB.png\"\n                srcset=\"https:\/\/www.uni.lu\/wp-content\/uploads\/sites\/22\/2024\/04\/LOGO-DIEKIRCH_RGB-300x213.png 300w, https:\/\/www.uni.lu\/wp-content\/uploads\/sites\/22\/2024\/04\/LOGO-DIEKIRCH_RGB.png 714w\"\n                style=\"object-position: 50.00% 50.00%; font-family: &quot;object-fit: scale-down; object-position: 50.00% 50.00%;&quot;; aspect-ratio: 16\/9; object-fit: scale-down; width: 75%;\"\n        loading=\"lazy\"\n\/>    <\/figure><\/div>\n<\/div>\n<\/div><\/section>\n","protected":false},"excerpt":{"rendered":"<p>Brain graphic<\/p>\n","protected":false},"author":94,"featured_media":759,"parent":0,"menu_order":0,"comment_status":"open","ping_status":"closed","template":"","format":"standard","meta":{"featured_image_focal_point":[],"show_featured_caption":false,"ulux_newsletter_groups":"","uluxPostTitle":"","uluxPrePostTitle":"","_trash_the_other_posts":false,"_price":"","_stock":"","_tribe_ticket_header":"","_tribe_default_ticket_provider":"","_tribe_ticket_capacity":"0","_ticket_start_date":"","_ticket_end_date":"","_tribe_ticket_show_description":"","_tribe_ticket_show_not_going":false,"_tribe_ticket_use_global_stock":"","_tribe_ticket_global_stock_level":"","_global_stock_mode":"","_global_stock_cap":"","_tribe_rsvp_for_event":"","_tribe_ticket_going_count":"","_tribe_ticket_not_going_count":"","_tribe_tickets_list":"[]","_tribe_ticket_has_attendee_info_fields":false,"event_start_date":"2024-04-23 19:00:00","event_end_date":"2024-04-23 20:00:00","event_speaker_name":"Prof. Rejko Kr\u00fcger","event_speaker_link":"https:\/\/www.uni.lu\/lcsb-en\/people\/rejko-kruger\/","event_is_online":false,"event_location":"Al See\u00ebrei","event_street":"Rue de l'Industrie","event_location_link":"https:\/\/maps.app.goo.gl\/KWr1psbHY8GMBNaw9","event_zip_code":"9250","event_city":"Diekirch","event_country":"Luxembourg"},"events-topic":[307],"events-type":[318,323,324],"organisation":[525],"authorship":[94],"acf":[],"yoast_head":"<!-- This site is optimized with the Yoast SEO Premium plugin v22.3 (Yoast SEO v22.3) - https:\/\/yoast.com\/wordpress\/plugins\/seo\/ -->\n<title>Les avanc\u00e9es de la recherche sur la maladie de Parkinson - LCSB - Universit\u00e9 du Luxembourg I Uni.lu<\/title>\n<meta name=\"robots\" content=\"index, follow, max-snippet:-1, max-image-preview:large, max-video-preview:-1\" \/>\n<link rel=\"canonical\" href=\"https:\/\/www.uni.lu\/lcsb-fr\/events\/avancees-recherche-maladie-parkinson\/\" \/>\n<meta property=\"og:locale\" content=\"fr_FR\" \/>\n<meta property=\"og:type\" content=\"article\" \/>\n<meta property=\"og:title\" content=\"Les avanc\u00e9es de la recherche sur la maladie de Parkinson\" \/>\n<meta property=\"og:description\" content=\"Brain graphic\" \/>\n<meta property=\"og:url\" content=\"https:\/\/www.uni.lu\/lcsb-fr\/events\/avancees-recherche-maladie-parkinson\/\" \/>\n<meta property=\"og:site_name\" content=\"LCSB FR\" \/>\n<meta property=\"article:modified_time\" content=\"2024-04-18T08:25:40+00:00\" \/>\n<meta property=\"og:image\" content=\"https:\/\/www.uni.lu\/wp-content\/uploads\/sites\/22\/2024\/03\/3d-brain_Fotolia_70714064_M.jpg\" \/>\n\t<meta property=\"og:image:width\" content=\"1581\" \/>\n\t<meta property=\"og:image:height\" content=\"1201\" \/>\n\t<meta property=\"og:image:type\" content=\"image\/jpeg\" \/>\n<meta name=\"twitter:card\" content=\"summary_large_image\" \/>\n<meta name=\"twitter:label1\" content=\"Dur\u00e9e de lecture estim\u00e9e\" \/>\n\t<meta name=\"twitter:data1\" content=\"1 minute\" \/>\n<script type=\"application\/ld+json\" class=\"yoast-schema-graph\">{\"@context\":\"https:\/\/schema.org\",\"@graph\":[{\"@type\":\"WebPage\",\"@id\":\"https:\/\/www.uni.lu\/lcsb-fr\/events\/avancees-recherche-maladie-parkinson\/\",\"url\":\"https:\/\/www.uni.lu\/lcsb-fr\/events\/avancees-recherche-maladie-parkinson\/\",\"name\":\"Les avanc\u00e9es de la recherche sur la maladie de Parkinson - LCSB - Universit\u00e9 du Luxembourg I Uni.lu\",\"isPartOf\":{\"@id\":\"https:\/\/www.uni.lu\/lcsb-fr\/#website\"},\"primaryImageOfPage\":{\"@id\":\"https:\/\/www.uni.lu\/lcsb-fr\/events\/avancees-recherche-maladie-parkinson\/#primaryimage\"},\"image\":{\"@id\":\"https:\/\/www.uni.lu\/lcsb-fr\/events\/avancees-recherche-maladie-parkinson\/#primaryimage\"},\"thumbnailUrl\":\"https:\/\/www.uni.lu\/wp-content\/uploads\/sites\/22\/2024\/03\/3d-brain_Fotolia_70714064_M.jpg\",\"datePublished\":\"2024-04-03T12:02:05+00:00\",\"dateModified\":\"2024-04-18T08:25:40+00:00\",\"breadcrumb\":{\"@id\":\"https:\/\/www.uni.lu\/lcsb-fr\/events\/avancees-recherche-maladie-parkinson\/#breadcrumb\"},\"inLanguage\":\"fr-FR\",\"potentialAction\":[{\"@type\":\"ReadAction\",\"target\":[\"https:\/\/www.uni.lu\/lcsb-fr\/events\/avancees-recherche-maladie-parkinson\/\"]}]},{\"@type\":\"ImageObject\",\"inLanguage\":\"fr-FR\",\"@id\":\"https:\/\/www.uni.lu\/lcsb-fr\/events\/avancees-recherche-maladie-parkinson\/#primaryimage\",\"url\":\"https:\/\/www.uni.lu\/wp-content\/uploads\/sites\/22\/2024\/03\/3d-brain_Fotolia_70714064_M.jpg\",\"contentUrl\":\"https:\/\/www.uni.lu\/wp-content\/uploads\/sites\/22\/2024\/03\/3d-brain_Fotolia_70714064_M.jpg\",\"width\":1581,\"height\":1201,\"caption\":\"Wireframe model of the human brain\"},{\"@type\":\"BreadcrumbList\",\"@id\":\"https:\/\/www.uni.lu\/lcsb-fr\/events\/avancees-recherche-maladie-parkinson\/#breadcrumb\",\"itemListElement\":[{\"@type\":\"ListItem\",\"position\":1,\"name\":\"Home\",\"item\":\"https:\/\/www.uni.lu\/fr\"},{\"@type\":\"ListItem\",\"position\":2,\"name\":\"Luxembourg Centre for Systems Biomedicine (LCSB)\",\"item\":\"https:\/\/www.uni.lu\/lcsb-fr\/\"},{\"@type\":\"ListItem\",\"position\":3,\"name\":\"Events\",\"item\":\"https:\/\/www.uni.lu\/lcsb-fr\/events\/\"},{\"@type\":\"ListItem\",\"position\":4,\"name\":\"Les avanc\u00e9es de la recherche sur la maladie de Parkinson\"}]},{\"@type\":\"WebSite\",\"@id\":\"https:\/\/www.uni.lu\/lcsb-fr\/#website\",\"url\":\"https:\/\/www.uni.lu\/lcsb-fr\/\",\"name\":\"LCSB\",\"description\":\"Luxembourg Centre for Systems Biomedicine I Uni.lu\",\"publisher\":{\"@id\":\"https:\/\/www.uni.lu\/lcsb-fr\/#organization\"},\"alternateName\":\"Luxembourg Centre for Systems Biomedicine I Universit\u00e9 du Luxembourg\",\"potentialAction\":[{\"@type\":\"SearchAction\",\"target\":{\"@type\":\"EntryPoint\",\"urlTemplate\":\"https:\/\/www.uni.lu\/lcsb-fr\/?s={search_term_string}\"},\"query-input\":\"required name=search_term_string\"}],\"inLanguage\":\"fr-FR\"},{\"@type\":\"Organization\",\"@id\":\"https:\/\/www.uni.lu\/lcsb-fr\/#organization\",\"name\":\"LCSB - Universit\u00e9 du Luxembourg I Uni.lu\",\"alternateName\":\"Luxembourg Centre for Systems Biomedicine\",\"url\":\"https:\/\/www.uni.lu\/lcsb-fr\/\",\"logo\":{\"@type\":\"ImageObject\",\"inLanguage\":\"fr-FR\",\"@id\":\"https:\/\/www.uni.lu\/lcsb-fr\/#\/schema\/logo\/image\/\",\"url\":\"https:\/\/www.uni.lu\/wp-content\/uploads\/sites\/22\/2026\/03\/03113045\/LCSB_SM-Profile_1600x1600px-scaled.jpg\",\"contentUrl\":\"https:\/\/www.uni.lu\/wp-content\/uploads\/sites\/22\/2026\/03\/03113045\/LCSB_SM-Profile_1600x1600px-scaled.jpg\",\"width\":2560,\"height\":2560,\"caption\":\"LCSB - Universit\u00e9 du Luxembourg I Uni.lu\"},\"image\":\"https:\/\/www.uni.lu\/wp-content\/uploads\/sites\/22\/2026\/04\/24144333\/20200609-Belval-Campus_Henri-Goergen-23.jpg\",\"sameAs\":[\"https:\/\/www.linkedin.com\/showcase\/lcsb-university-of-luxembourg\"],\"email\":\"communication@uni.lu\",\"telephone\":\"+3524666441\",\"address\":{\"@type\":\"PostalAddress\",\"streetAddress\":\"7, avenue des Hauts- Fourneaux\",\"addressLocality\":\"Esch-sur-Alzette\",\"postalCode\":\"4365\",\"addressCountry\":\"LU\"},\"description\":\"Luxembourg Centre for Systems Biomedicine I Uni.lu\"}]}<\/script>\n<!-- \/ Yoast SEO Premium plugin. -->","yoast_head_json":{"title":"Les avanc\u00e9es de la recherche sur la maladie de Parkinson - LCSB - Universit\u00e9 du Luxembourg I Uni.lu","robots":{"index":"index","follow":"follow","max-snippet":"max-snippet:-1","max-image-preview":"max-image-preview:large","max-video-preview":"max-video-preview:-1"},"canonical":"https:\/\/www.uni.lu\/lcsb-fr\/events\/avancees-recherche-maladie-parkinson\/","og_locale":"fr_FR","og_type":"article","og_title":"Les avanc\u00e9es de la recherche sur la maladie de Parkinson","og_description":"Brain graphic","og_url":"https:\/\/www.uni.lu\/lcsb-fr\/events\/avancees-recherche-maladie-parkinson\/","og_site_name":"LCSB FR","article_modified_time":"2024-04-18T08:25:40+00:00","og_image":[{"width":1581,"height":1201,"url":"https:\/\/www.uni.lu\/wp-content\/uploads\/sites\/22\/2024\/03\/3d-brain_Fotolia_70714064_M.jpg","type":"image\/jpeg"}],"twitter_card":"summary_large_image","twitter_misc":{"Dur\u00e9e de lecture estim\u00e9e":"1 minute"},"schema":{"@context":"https:\/\/schema.org","@graph":[{"@type":"WebPage","@id":"https:\/\/www.uni.lu\/lcsb-fr\/events\/avancees-recherche-maladie-parkinson\/","url":"https:\/\/www.uni.lu\/lcsb-fr\/events\/avancees-recherche-maladie-parkinson\/","name":"Les avanc\u00e9es de la recherche sur la maladie de Parkinson - LCSB - Universit\u00e9 du Luxembourg I Uni.lu","isPartOf":{"@id":"https:\/\/www.uni.lu\/lcsb-fr\/#website"},"primaryImageOfPage":{"@id":"https:\/\/www.uni.lu\/lcsb-fr\/events\/avancees-recherche-maladie-parkinson\/#primaryimage"},"image":{"@id":"https:\/\/www.uni.lu\/lcsb-fr\/events\/avancees-recherche-maladie-parkinson\/#primaryimage"},"thumbnailUrl":"https:\/\/www.uni.lu\/wp-content\/uploads\/sites\/22\/2024\/03\/3d-brain_Fotolia_70714064_M.jpg","datePublished":"2024-04-03T12:02:05+00:00","dateModified":"2024-04-18T08:25:40+00:00","breadcrumb":{"@id":"https:\/\/www.uni.lu\/lcsb-fr\/events\/avancees-recherche-maladie-parkinson\/#breadcrumb"},"inLanguage":"fr-FR","potentialAction":[{"@type":"ReadAction","target":["https:\/\/www.uni.lu\/lcsb-fr\/events\/avancees-recherche-maladie-parkinson\/"]}]},{"@type":"ImageObject","inLanguage":"fr-FR","@id":"https:\/\/www.uni.lu\/lcsb-fr\/events\/avancees-recherche-maladie-parkinson\/#primaryimage","url":"https:\/\/www.uni.lu\/wp-content\/uploads\/sites\/22\/2024\/03\/3d-brain_Fotolia_70714064_M.jpg","contentUrl":"https:\/\/www.uni.lu\/wp-content\/uploads\/sites\/22\/2024\/03\/3d-brain_Fotolia_70714064_M.jpg","width":1581,"height":1201,"caption":"Wireframe model of the human brain"},{"@type":"BreadcrumbList","@id":"https:\/\/www.uni.lu\/lcsb-fr\/events\/avancees-recherche-maladie-parkinson\/#breadcrumb","itemListElement":[{"@type":"ListItem","position":1,"name":"Home","item":"https:\/\/www.uni.lu\/fr"},{"@type":"ListItem","position":2,"name":"Luxembourg Centre for Systems Biomedicine (LCSB)","item":"https:\/\/www.uni.lu\/lcsb-fr\/"},{"@type":"ListItem","position":3,"name":"Events","item":"https:\/\/www.uni.lu\/lcsb-fr\/events\/"},{"@type":"ListItem","position":4,"name":"Les avanc\u00e9es de la recherche sur la maladie de Parkinson"}]},{"@type":"WebSite","@id":"https:\/\/www.uni.lu\/lcsb-fr\/#website","url":"https:\/\/www.uni.lu\/lcsb-fr\/","name":"LCSB","description":"Luxembourg Centre for Systems Biomedicine I Uni.lu","publisher":{"@id":"https:\/\/www.uni.lu\/lcsb-fr\/#organization"},"alternateName":"Luxembourg Centre for Systems Biomedicine I Universit\u00e9 du Luxembourg","potentialAction":[{"@type":"SearchAction","target":{"@type":"EntryPoint","urlTemplate":"https:\/\/www.uni.lu\/lcsb-fr\/?s={search_term_string}"},"query-input":"required name=search_term_string"}],"inLanguage":"fr-FR"},{"@type":"Organization","@id":"https:\/\/www.uni.lu\/lcsb-fr\/#organization","name":"LCSB - Universit\u00e9 du Luxembourg I Uni.lu","alternateName":"Luxembourg Centre for Systems Biomedicine","url":"https:\/\/www.uni.lu\/lcsb-fr\/","logo":{"@type":"ImageObject","inLanguage":"fr-FR","@id":"https:\/\/www.uni.lu\/lcsb-fr\/#\/schema\/logo\/image\/","url":"https:\/\/www.uni.lu\/wp-content\/uploads\/sites\/22\/2026\/03\/03113045\/LCSB_SM-Profile_1600x1600px-scaled.jpg","contentUrl":"https:\/\/www.uni.lu\/wp-content\/uploads\/sites\/22\/2026\/03\/03113045\/LCSB_SM-Profile_1600x1600px-scaled.jpg","width":2560,"height":2560,"caption":"LCSB - Universit\u00e9 du Luxembourg I Uni.lu"},"image":"https:\/\/www.uni.lu\/wp-content\/uploads\/sites\/22\/2026\/04\/24144333\/20200609-Belval-Campus_Henri-Goergen-23.jpg","sameAs":["https:\/\/www.linkedin.com\/showcase\/lcsb-university-of-luxembourg"],"email":"communication@uni.lu","telephone":"+3524666441","address":{"@type":"PostalAddress","streetAddress":"7, avenue des Hauts- Fourneaux","addressLocality":"Esch-sur-Alzette","postalCode":"4365","addressCountry":"LU"},"description":"Luxembourg Centre for Systems Biomedicine I Uni.lu"}]}},"_links":{"self":[{"href":"https:\/\/www.uni.lu\/lcsb-fr\/wp-json\/wp\/v2\/events\/758"}],"collection":[{"href":"https:\/\/www.uni.lu\/lcsb-fr\/wp-json\/wp\/v2\/events"}],"about":[{"href":"https:\/\/www.uni.lu\/lcsb-fr\/wp-json\/wp\/v2\/types\/events"}],"author":[{"embeddable":true,"href":"https:\/\/www.uni.lu\/lcsb-fr\/wp-json\/wp\/v2\/users\/94"}],"replies":[{"embeddable":true,"href":"https:\/\/www.uni.lu\/lcsb-fr\/wp-json\/wp\/v2\/comments?post=758"}],"version-history":[{"count":6,"href":"https:\/\/www.uni.lu\/lcsb-fr\/wp-json\/wp\/v2\/events\/758\/revisions"}],"predecessor-version":[{"id":823,"href":"https:\/\/www.uni.lu\/lcsb-fr\/wp-json\/wp\/v2\/events\/758\/revisions\/823"}],"wp:authorship":[{"embeddable":true,"href":"https:\/\/www.uni.lu\/lcsb-fr\/wp-json\/wp\/v2\/users\/94"}],"wp:featuredmedia":[{"embeddable":true,"href":"https:\/\/www.uni.lu\/lcsb-fr\/wp-json\/wp\/v2\/media\/759"}],"wp:attachment":[{"href":"https:\/\/www.uni.lu\/lcsb-fr\/wp-json\/wp\/v2\/media?parent=758"}],"wp:term":[{"taxonomy":"events-topic","embeddable":true,"href":"https:\/\/www.uni.lu\/lcsb-fr\/wp-json\/wp\/v2\/events-topic?post=758"},{"taxonomy":"events-type","embeddable":true,"href":"https:\/\/www.uni.lu\/lcsb-fr\/wp-json\/wp\/v2\/events-type?post=758"},{"taxonomy":"organisation","embeddable":true,"href":"https:\/\/www.uni.lu\/lcsb-fr\/wp-json\/wp\/v2\/organisation?post=758"}],"curies":[{"name":"wp","href":"https:\/\/api.w.org\/{rel}","templated":true}]}}