{"id":3389,"date":"2026-02-01T06:33:57","date_gmt":"2026-02-01T05:33:57","guid":{"rendered":"https:\/\/www.uni.lu\/lcel-en\/people\/lucas-henrique-muniz-da-conceicao\/"},"modified":"2026-03-12T08:56:05","modified_gmt":"2026-03-12T07:56:05","slug":"lucas-henrique-muniz-da-conceicao","status":"publish","type":"people","link":"https:\/\/www.uni.lu\/lcel-en\/people\/lucas-henrique-muniz-da-conceicao\/","title":{"rendered":"Lucas Henrique MUNIZ DA CONCEICAO"},"content":{"rendered":"<div class=\"person-template\">\n    <div class=\"wp-block-unilux-people-person-hero wp-block-unilux-blocks-hero\">\n            <section id=\"hero-page\" class=\"section py-0\">\n            <div class=\"max-w-screen-3xl mx-auto wp-block-unilux-blocks-hero\">\n                <div class=\"hero hero--overflow-none\">\n                    <header class=\"hero__header\">\n                        <div class=\"hero__container\">\n                            <span class=\"hero__title__subject\">\n                                Our People                            <\/span>\n                            <h1>\n                                Dr.                                Lucas Henrique                                MUNIZ DA CONCEICAO                            <\/h1>\n                        <\/div>\n                    <\/header>\n                    <div class=\"hero__visual\">\n                        <img\n                                class=\"object-cover w-full h-full\"\n                                src=\"https:\/\/www.uni.lu\/en\/person-image\/NTAxMDA3MTNfX0x1Y2FzIEhlbnJpcXVlIE1VTklaIERBIENPTkNFSUNBTw==\"\n                                srcset=\"https:\/\/www.uni.lu\/en\/person-image\/NTAxMDA3MTNfX0x1Y2FzIEhlbnJpcXVlIE1VTklaIERBIENPTkNFSUNBTw==--thumbnail 150w,https:\/\/www.uni.lu\/en\/person-image\/NTAxMDA3MTNfX0x1Y2FzIEhlbnJpcXVlIE1VTklaIERBIENPTkNFSUNBTw==--medium 300w,https:\/\/www.uni.lu\/en\/person-image\/NTAxMDA3MTNfX0x1Y2FzIEhlbnJpcXVlIE1VTklaIERBIENPTkNFSUNBTw==--medium_large 768w,https:\/\/www.uni.lu\/en\/person-image\/NTAxMDA3MTNfX0x1Y2FzIEhlbnJpcXVlIE1VTklaIERBIENPTkNFSUNBTw==--large 1024w,https:\/\/www.uni.lu\/en\/person-image\/NTAxMDA3MTNfX0x1Y2FzIEhlbnJpcXVlIE1VTklaIERBIENPTkNFSUNBTw==--1536x1536 1536w,https:\/\/www.uni.lu\/en\/person-image\/NTAxMDA3MTNfX0x1Y2FzIEhlbnJpcXVlIE1VTklaIERBIENPTkNFSUNBTw==--2048x2048 2048w\"\n                                loading=\"lazy\"\n                                alt=\"\">\n                    <\/div>\n                    <div class=\"hero__body\">\n                        <div class=\"hero__container\">\n                            <p>Postdoctoral researcher<\/p>\n                            <h2 class=\"text-h6\">\n                                Contact                            <\/h2>\n                            <ul>\n                                                                <li>\n                                    <div class=\"icon-info icon-contact\">\n                                        <svg\n                                            aria-hidden=\"true\"\n                                            focusable=\"false\"\n                                            class=\"\n                                                icon\n                                                icon-outline\n                                                icon--primary\n                                                icon--secondary\n                                            \">\n\n                                            <use\n                                                xlink:href=\"https:\/\/www.uni.lu\/wp-content\/themes\/unilux-theme\/assets\/images\/icons\/icons-outline.svg#icon--email\">\n                                            <\/use>\n                                        <\/svg>\n                                        <div class=\"icon-info__body\">\n                                            &#108;u&#099;a&#115;he&#110;&#114;iqu&#101;&#046;&#109;u&#110;iz&#064;un&#105;.&#108;&#117;                                        <\/div>\n                                    <\/div>\n                                <\/li>\n                                                                                            <\/ul>\n                        <\/div>\n                    <\/div>\n                <\/div>\n            <\/div>\n        <\/section>\n    <\/div>\n\n<div class=\"wp-block-unilux-blocks-wrapper tabs-pre-heading\">\n<div class=\"wp-block-unilux-blocks-wrapper container xl:max-w-screen-xl\">\n<h2 class=\"has-text-align-left wp-block-unilux-blocks-heading\"        id=\"details\"\n    >\nDetails<\/h2>\n<\/div>\n<\/div>\n\n<div class=\"wp-block-unilux-blocks-wrapper container xl:max-w-screen-xl\">\n<div id=\"tab-nav\" class=\"tab-nav\">\n    <button\n        type=\"button\"\n        class=\"button-toggle btn btn--white w-full\"\n        aria-expanded=\"false\"\n        aria-controls=\"tab-nav__listing\"\n        title=\"The selected tab is CONTENT OF THE CURRENT LABEL\"\n    >\n        <span class=\"btn__name mr-auto\">Profile<\/span>\n        <svg aria-hidden=\"true\" focusable=\"false\" class=\"icon icon-outline icon--xs\">\n            <use xlink:href=\"https:\/\/www.uni.lu\/wp-content\/themes\/unilux-theme\/assets\/images\/icons\/icons-outline.svg#icon--arrow-down\" \/>\n        <\/svg>\n    <\/button>\n    <ul\n        id=\"tab-nav__listing\"\n        class=\"tab-nav__listing nav manual\"\n        role=\"tablist\"\n        aria-label=\"About me\"\n    >\n                <li role=\"presentation\" class=\"tab-nav__item\" key={button.id}>\n            <button\n                type=\"button\"\n                id=\"tab-profile-tab-50100713\"\n                data-bs-toggle=\"tab\"\n                data-bs-target=\"#tabpanel-profile-tab-50100713\"\n                role=\"tab\"\n                aria-controls=\"tabpanel-profile-tab-50100713\"\n                aria-selected=\"false\"\n                aria-current=\"false\"\n                class=\"tab-nav__button\"\n                tabIndex=\"-1\"\n            >\n                <svg aria-hidden=\"true\" focusable=\"false\" class=\"icon icon-outline icon--xs\">\n                    <use xlink:href=\"https:\/\/www.uni.lu\/wp-content\/themes\/unilux-theme\/assets\/images\/icons\/icons-outline.svg#icon--arrow-right\" \/>\n                <\/svg>\n                <span class=\"tab-nav__name\">Profile<\/span>\n            <\/button>\n        <\/li>\n                <li role=\"presentation\" class=\"tab-nav__item\" key={button.id}>\n            <button\n                type=\"button\"\n                id=\"tab-752507e0-d1e7-4f72-8ca2-2cb3893f894b\"\n                data-bs-toggle=\"tab\"\n                data-bs-target=\"#tabpanel-752507e0-d1e7-4f72-8ca2-2cb3893f894b\"\n                role=\"tab\"\n                aria-controls=\"tabpanel-752507e0-d1e7-4f72-8ca2-2cb3893f894b\"\n                aria-selected=\"false\"\n                aria-current=\"false\"\n                class=\"tab-nav__button\"\n                tabIndex=\"-1\"\n            >\n                <svg aria-hidden=\"true\" focusable=\"false\" class=\"icon icon-outline icon--xs\">\n                    <use xlink:href=\"https:\/\/www.uni.lu\/wp-content\/themes\/unilux-theme\/assets\/images\/icons\/icons-outline.svg#icon--arrow-right\" \/>\n                <\/svg>\n                <span class=\"tab-nav__name\">CV<\/span>\n            <\/button>\n        <\/li>\n                <li role=\"presentation\" class=\"tab-nav__item\" key={button.id}>\n            <button\n                type=\"button\"\n                id=\"tab-99179899-db6c-4224-88c0-05d41f0301c8\"\n                data-bs-toggle=\"tab\"\n                data-bs-target=\"#tabpanel-99179899-db6c-4224-88c0-05d41f0301c8\"\n                role=\"tab\"\n                aria-controls=\"tabpanel-99179899-db6c-4224-88c0-05d41f0301c8\"\n                aria-selected=\"false\"\n                aria-current=\"false\"\n                class=\"tab-nav__button\"\n                tabIndex=\"-1\"\n            >\n                <svg aria-hidden=\"true\" focusable=\"false\" class=\"icon icon-outline icon--xs\">\n                    <use xlink:href=\"https:\/\/www.uni.lu\/wp-content\/themes\/unilux-theme\/assets\/images\/icons\/icons-outline.svg#icon--arrow-right\" \/>\n                <\/svg>\n                <span class=\"tab-nav__name\">Publications<\/span>\n            <\/button>\n        <\/li>\n            <\/ul>\n<\/div>\n<div class=\"tab-content\">\n    <section\n    id=\"tabpanel-profile-tab-50100713\"\n    aria-labelledby=\"tab-profile-tab-50100713\"\n    class=\"tab-panel fade hidden is-hidden\"\n>\n    <div class=\"wp-block-unilux-people-person-details\">\n    \n<h3 class=\"has-text-align-left wp-block-unilux-blocks-heading\"        id=\"functions\"\n    >\nFunctions<\/h3>\n\n<p>Postdoctoral researcher<\/p>\n\n<h3 class=\"has-text-align-left wp-block-unilux-blocks-heading\"        id=\"in-detail\"\n    >\nIn detail<\/h3>\n<div class=\"customer-spacer-b-md\">\n    <ul class=\"list-highlighted\">\n            <li class=\"list-highlighted__item\">\n        <header class=\"list-highlighted__header\">\n            <h4 class=\"title\">\n                <strong>\n                    Organisation                <\/strong>\n            <\/h4>\n        <\/header>\n        <div class=\"list-highlighted__body\">\n            <a href=\"https:\/\/www.uni.lu\/lcel-en\/\" title=\"Luxembourg Centre for European Law\">Luxembourg Centre for European Law<\/a>        <\/div>\n    <\/li>\n    <li class=\"list-highlighted__item\">\n        <header class=\"list-highlighted__header\">\n            <h4 class=\"title\">\n                <strong>\n                    Department                <\/strong>\n            <\/h4>\n        <\/header>\n        <div class=\"list-highlighted__body\">\n            LCEL Research        <\/div>\n    <\/li>\n    <li class=\"list-highlighted__item\">\n        <header class=\"list-highlighted__header\">\n            <h4 class=\"title\">\n                <strong>\n                    Contact details                <\/strong>\n            <\/h4>\n        <\/header>\n        <div class=\"list-highlighted__body\">\n                            <div class=\"icon-info icon-list-item\">\n                    <svg aria-hidden=\"true\" focusable=\"false\"\n                        class=\"icon icon-outline icon--primary icon--secondary\">\n                        <use xlink:href=\"https:\/\/www.uni.lu\/wp-content\/themes\/unilux-theme\/assets\/images\/icons\/icons-outline.svg#icon--email\"><\/use>\n                    <\/svg>\n                    <div class=\"icon-info__body\">\n                        &#108;ucas&#104;&#101;nr&#105;q&#117;&#101;&#046;&#109;uni&#122;&#064;un&#105;&#046;l&#117;                    <\/div>\n                <\/div>\n            \n            \n            \n                    <\/div>\n    <\/li>\n    <\/ul>\n<\/div>\n<\/div>\n<\/section>\n<section\n    id=\"tabpanel-752507e0-d1e7-4f72-8ca2-2cb3893f894b\"\n    aria-labelledby=\"tab-752507e0-d1e7-4f72-8ca2-2cb3893f894b\"\n    class=\"tab-panel fade hidden is-hidden\"\n>\n    \n<ul class=\"wp-block-unilux-blocks-highlighted-list list-highlighted list-highlighted--architectural\"><li class=\"list-highlighted__item  wp-block-unilux-blocks-highlighted-list-item\">\n    <header class=\"list-highlighted__header wp-block-unilux-blocks-highlighted-list-item-header\">\n    \n<h4 class=\"title text-18 font-bold has-text-align-left wp-block-unilux-blocks-heading\"        id=\"current-position\"\n    >\nCurrent position<\/h4>\n<div class=\"wp-block-unilux-blocks-bigtext\">\n    <span>\n        \n    <\/span>\n<\/div><\/header><div class=\"list-highlighted__body wp-block-unilux-blocks-highlighted-list-item-body\">\n    <div class=\"wp-block-unilux-blocks-highlighted-list-item-free-content-area\">\n    \n<p>Lucas H. Muniz da Concei\u00e7\u00e3o is a Postdoctoral Researcher at the Luxembourg Centre for European Law (LCEL) at the University of Luxembourg.<\/p>\n<\/div><\/div><\/li>\n\n<li class=\"list-highlighted__item  wp-block-unilux-blocks-highlighted-list-item\">\n    <header class=\"list-highlighted__header wp-block-unilux-blocks-highlighted-list-item-header\">\n    \n<h4 class=\"title text-18 font-bold has-text-align-left wp-block-unilux-blocks-heading\"        id=\"research\"\n    >\nResearch<\/h4>\n<div class=\"wp-block-unilux-blocks-bigtext\">\n    <span>\n        \n    <\/span>\n<\/div><\/header><div class=\"list-highlighted__body wp-block-unilux-blocks-highlighted-list-item-body\">\n    <div class=\"wp-block-unilux-blocks-highlighted-list-item-free-content-area\">\n    \n<p>His research lies at the intersection of EU constitutional law, comparative public law, and democratic theory, with a particular focus on digital constitutional politics, digital sovereignty, and fundamental rights in the digital environment. His current project examines EU digital regulation in relation to democracy, media freedom, and instances of rule-of-law crisis, with particular attention to democratic erosion and populist contestation in EU member states.<\/p>\n<\/div><\/div><\/li>\n\n<li class=\"list-highlighted__item  wp-block-unilux-blocks-highlighted-list-item\">\n    <header class=\"list-highlighted__header wp-block-unilux-blocks-highlighted-list-item-header\">\n    \n<h4 class=\"title text-18 font-bold has-text-align-left wp-block-unilux-blocks-heading\"        id=\"awards-distinctions\"\n    >\nAwards\/Distinctions<\/h4>\n<div class=\"wp-block-unilux-blocks-bigtext\">\n    <span>\n        \n    <\/span>\n<\/div><\/header><div class=\"list-highlighted__body wp-block-unilux-blocks-highlighted-list-item-body\">\n    <div class=\"wp-block-unilux-blocks-highlighted-list-item-free-content-area\">\n    \n<p>Lucas received a full PhD Fellowship from Bocconi University (2021-2025), comprising a full tuition waiver and a merit-based stipend. He was awarded the School of Law Postgraduate Award at Birkbeck College for achieving the best GPA in the LL.M. in Constitutional Politics, Law, and Theory (2018) and also multiple merit-based scholarships, including the Ita\u00fa Scholarship Award (2017) and the Columbia University Summer Program Scholarship (2016).<\/p>\n<\/div><\/div><\/li>\n\n<li class=\"list-highlighted__item  wp-block-unilux-blocks-highlighted-list-item\">\n    <header class=\"list-highlighted__header wp-block-unilux-blocks-highlighted-list-item-header\">\n    \n<h4 class=\"title text-18 font-bold has-text-align-left wp-block-unilux-blocks-heading\"        id=\"work-experience\"\n    >\nWork experience<\/h4>\n<div class=\"wp-block-unilux-blocks-bigtext\">\n    <span>\n        \n    <\/span>\n<\/div><\/header><div class=\"list-highlighted__body wp-block-unilux-blocks-highlighted-list-item-body\">\n    <div class=\"wp-block-unilux-blocks-highlighted-list-item-free-content-area\">\n    \n<p>Between 2021 and 2025 he was a Research Fellow at the Bocconi Lab in European Studies (BLEST). Since 2023, he has served as Head Editor for Platform Governance at <em>The Digital Constitutionalist<\/em> blog. Also, in 2023 he was a Visiting Researcher at the Max Planck Institute for Comparative Public Law and International Law (Heidelberg). Previously, he held a research fellowship at the Institute for Technology &amp; Society in Rio de Janeiro (2021-2022).<\/p>\n<\/div><\/div><\/li>\n\n<li class=\"list-highlighted__item  wp-block-unilux-blocks-highlighted-list-item\">\n    <header class=\"list-highlighted__header wp-block-unilux-blocks-highlighted-list-item-header\">\n    \n<h4 class=\"title text-18 font-bold has-text-align-left wp-block-unilux-blocks-heading\"        id=\"educational-background\"\n    >\nEducational background<\/h4>\n<div class=\"wp-block-unilux-blocks-bigtext\">\n    <span>\n        \n    <\/span>\n<\/div><\/header><div class=\"list-highlighted__body wp-block-unilux-blocks-highlighted-list-item-body\">\n    <div class=\"wp-block-unilux-blocks-highlighted-list-item-free-content-area\">\n    \n<p>Dr Lucas Muniz da Concei\u00e7\u00e3o obtained a Bachelor of Laws from Federal University of Paran\u00e1, followed by an LL.M. with distinction from Birkbeck College, University of London. He then completed a PhD at Bocconi University, Milan, graduating <em>cum laude<\/em> in 2025.<\/p>\n<\/div><\/div><\/li><\/ul>\n<\/section>\n<section\n    id=\"tabpanel-99179899-db6c-4224-88c0-05d41f0301c8\"\n    aria-labelledby=\"tab-99179899-db6c-4224-88c0-05d41f0301c8\"\n    class=\"tab-panel fade hidden is-hidden\"\n>\n    \n<h4 class=\"has-text-align-left wp-block-unilux-blocks-heading\"        id=\"journal-publications-peer-reviewed\"\n    >\nJournal publications (peer reviewed)<\/h4>\n\n<ul class=\"ulux-list\">\n<li class=\"ulux-list-item\">Concei\u00e7\u00e3o, LHM, \u2018<a href=\"https:\/\/www.tandfonline.com\/doi\/full\/10.1080\/1369118X.2025.2492572\" target=\"_blank\" rel=\"noreferrer noopener\">The Quantum State of the individual in Platform Governance: Digital Constitutionalism and Global Democratisation<\/a>\u2019 <em>Information, Communication &amp; Society<\/em><\/li>\n\n\n\n<li class=\"ulux-list-item\">Concei\u00e7\u00e3o, LHM, \u2018<a href=\"https:\/\/www.cambridge.org\/core\/journals\/global-constitutionalism\/article\/constitutional-reflector-assessing-societal-and-digital-constitutionalism-in-metas-oversight-board\/92613C1947247CF04AC72B47CAACFEF4\" target=\"_blank\" rel=\"noreferrer noopener\">A Constitutional Reflector? Assessing Societal and Digital Constitutionalism in Meta&#8217;s Oversight Board<\/a>&#8216; (2024) <em>Global Constitutionalism<\/em>, 13(3): 557\u201390<\/li>\n\n\n\n<li class=\"ulux-list-item\"><em>Concei\u00e7\u00e3o LHM, &#8216;<a href=\"https:\/\/www.tandfonline.com\/doi\/full\/10.1080\/13260219.2022.2097296\" target=\"_blank\" rel=\"noreferrer noopener\">Social Media, Politics, and Law: The Role of Data in the Brazilian Constitutional Democracy<\/a><a href=\"http:\/\/10.1080\/13260219.2022.2097296\" target=\"_blank\" rel=\"noreferrer noopener\">&#8216;<\/a> (2022) Journal of Iberian and Latin American Research, 28(2): 290-309, DOI<\/em><\/li>\n<\/ul>\n\n<h4 class=\"has-text-align-left wp-block-unilux-blocks-heading\"        id=\"book-chapter\"\n    >\nBook chapter<\/h4>\n\n<ul class=\"ulux-list\">\n<li class=\"ulux-list-item\">Concei\u00e7\u00e3o, LHM, &#8216;Electoral Justice and the Supreme Federal Court in Brazilian Democracy&#8217; in Fasone, C., Mostacci, E., Romeo, G., (eds<em>), Judicial Review and Electoral Law in Global Perspective<\/em>  (Hart 2024)<\/li>\n<\/ul>\n\n<h4 class=\"has-text-align-left wp-block-unilux-blocks-heading\"        id=\"blog-posts-op-eds-and-legal-magazines\"\n    >\nBlog posts, op-eds and legal magazines<\/h4>\n\n<ul class=\"ulux-list\">\n<li class=\"ulux-list-item\">Concei\u00e7\u00e3o LHM, \u2018Private Power, Public Values: Anthropic and the Constitutional Dimension of Governance in the Digital Environment,\u2019 <a href=\"https:\/\/verfassungsblog.de\/anthropic-us\/\">Verfassungsblog<\/a>, March 11, 2026 <\/li>\n\n\n\n<li class=\"ulux-list-item\">Concei\u00e7\u00e3o LHM and Avelar, M., \u2018Story of a Death Foretold: The Suspension of X in Brazil and its Constitutional Implications,\u2019 <a href=\"https:\/\/dx.doi.org\/10.59704\/350887086862fde6\" target=\"_blank\" rel=\"noreferrer noopener\">Verfassungsblog<\/a>, Sep. 13, 2024<\/li>\n\n\n\n<li class=\"ulux-list-item\">Concei\u00e7\u00e3o LHM, &#8216;Brazilian Judges Regulate Elections&#8230; and AI &#8216;, <a href=\"https:\/\/dx.doi.org\/10.59704\/612f31a89ce38fc6\" target=\"_blank\" rel=\"noreferrer noopener\">Verfassungsblog<\/a>, Mar. 15, 2024<\/li>\n\n\n\n<li class=\"ulux-list-item\">Concei\u00e7\u00e3o LHM, \u2018Articulating Legitimacy through Policy Recommendations: Meta\u2019s Oversight Board and the Constitutionalisation of Platform Governance\u2019, <a href=\"https:\/\/dx.doi.org\/10.17176\/20221215-121659-0\" target=\"_blank\" rel=\"noreferrer noopener\">Verfassungsblog<\/a>, Dec. 15, 2022<\/li>\n\n\n\n<li class=\"ulux-list-item\">Concei\u00e7\u00e3o LHM, &#8216;Democracy&#8217;s Fixer: Disinformation and the Supreme Federal Court in Brazilian Politics,&#8217; <a href=\"https:\/\/www.iconnectblog.com\/democracys-fixer-disinformation-and-the-supreme-federal-court-in-brazilian-politics\/\" target=\"_blank\" rel=\"noreferrer noopener\">Int\u2019l J. Const. L. Blog (I\u00b7CONnect)<\/a>, Dec. 4, 2022.<\/li>\n\n\n\n<li class=\"ulux-list-item\">Concei\u00e7\u00e3o LHM, \u2018You Want it Darker? The Brazilian Supreme Court Kills the Flame: The Temporary Suspension of Telegram Services in Brazil&#8217;, <a href=\"https:\/\/www.iconnectblog.com\/you-want-it-darker-the-brazilian-supreme-court-kills-the-flame-the-temporary-suspension-of-telegram-services-in-brazil\/\" target=\"_blank\" rel=\"noreferrer noopener\">Int\u2019l J. Const. L. Blog (I\u00b7CONnect)<\/a>, Apr 12, 2022 <\/li>\n<\/ul>\n<\/section>\n<\/div>\n<\/div>\n<\/div>\n","protected":false},"excerpt":{"rendered":"","protected":false},"author":355,"featured_media":0,"parent":0,"menu_order":0,"template":"","meta":{"featured_image_focal_point":[],"show_featured_caption":false,"ulux_newsletter_groups":"","uluxPostTitle":"","uluxPrePostTitle":"","_trash_the_other_posts":false,"_price":"","_stock":"","_tribe_ticket_header":"","_tribe_default_ticket_provider":"","_tribe_ticket_capacity":"0","_ticket_start_date":"","_ticket_end_date":"","_tribe_ticket_show_description":"","_tribe_ticket_show_not_going":false,"_tribe_ticket_use_global_stock":"","_tribe_ticket_global_stock_level":"","_global_stock_mode":"","_global_stock_cap":"","_tribe_rsvp_for_event":"","_tribe_ticket_going_count":"","_tribe_ticket_not_going_count":"","_tribe_tickets_list":"[]","_tribe_ticket_has_attendee_info_fields":false,"person_selector_id":"50100713","person_selector_name":"Lucas Henrique MUNIZ DA CONCEICAO","person_migrated":true,"person_general_position_description":"Postdoctoral researcher (Luxembourg Centre for European Law - LCEL Research)"},"authorship":[355],"acf":[],"yoast_head":"<!-- This site is optimized with the Yoast SEO Premium plugin v22.3 (Yoast SEO v22.3) - https:\/\/yoast.com\/wordpress\/plugins\/seo\/ -->\n<title>Lucas Henrique MUNIZ DA CONCEICAO - LCEL - University of Luxembourg I Uni.lu<\/title>\n<meta name=\"description\" content=\"Postdoctoral researcher Lucas H. Muniz da Concei\u00e7\u00e3o is a Postdoctoral Researcher at the Luxembourg Centre for European Law (LCEL) at the University of\" \/>\n<meta name=\"robots\" content=\"index, follow, max-snippet:-1, max-image-preview:large, max-video-preview:-1\" \/>\n<link rel=\"canonical\" href=\"https:\/\/www.uni.lu\/lcel-en\/people\/lucas-henrique-muniz-da-conceicao\/\" \/>\n<meta property=\"og:locale\" content=\"en_GB\" \/>\n<meta property=\"og:type\" content=\"article\" \/>\n<meta property=\"og:title\" content=\"Lucas Henrique MUNIZ DA CONCEICAO\" \/>\n<meta property=\"og:description\" content=\"Postdoctoral researcher\" \/>\n<meta property=\"og:url\" content=\"https:\/\/www.uni.lu\/lcel-en\/people\/lucas-henrique-muniz-da-conceicao\/\" \/>\n<meta property=\"og:site_name\" content=\"LCEL EN\" \/>\n<meta property=\"article:modified_time\" content=\"2026-03-12T07:56:05+00:00\" \/>\n<meta property=\"og:image\" content=\"https:\/\/www.uni.lu\/en\/person-image\/NTAxMDA3MTNfX0x1Y2FzIEhlbnJpcXVlIE1VTklaIERBIENPTkNFSUNBTw==\" \/>\n\t<meta property=\"og:image:width\" content=\"2560\" \/>\n\t<meta property=\"og:image:height\" content=\"2560\" \/>\n\t<meta property=\"og:image:type\" content=\"image\/jpeg\" \/>\n<meta name=\"twitter:card\" content=\"summary_large_image\" \/>\n<meta name=\"twitter:label1\" content=\"Estimated reading time\" \/>\n\t<meta name=\"twitter:data1\" content=\"3 minutes\" \/>\n<script type=\"application\/ld+json\" class=\"yoast-schema-graph\">{\"@context\":\"https:\/\/schema.org\",\"@graph\":[{\"@type\":\"WebPage\",\"@id\":\"https:\/\/www.uni.lu\/lcel-en\/people\/lucas-henrique-muniz-da-conceicao\/\",\"url\":\"https:\/\/www.uni.lu\/lcel-en\/people\/lucas-henrique-muniz-da-conceicao\/\",\"name\":\"Lucas Henrique MUNIZ DA CONCEICAO - LCEL - University of Luxembourg I Uni.lu\",\"isPartOf\":{\"@id\":\"https:\/\/www.uni.lu\/lcel-en\/#website\"},\"datePublished\":\"2026-02-01T05:33:57+00:00\",\"dateModified\":\"2026-03-12T07:56:05+00:00\",\"description\":\"Postdoctoral researcher Lucas H. Muniz da Concei\u00e7\u00e3o is a Postdoctoral Researcher at the Luxembourg Centre for European Law (LCEL) at the University of\",\"breadcrumb\":{\"@id\":\"https:\/\/www.uni.lu\/lcel-en\/people\/lucas-henrique-muniz-da-conceicao\/#breadcrumb\"},\"inLanguage\":\"en-GB\",\"potentialAction\":[{\"@type\":\"ReadAction\",\"target\":[\"https:\/\/www.uni.lu\/lcel-en\/people\/lucas-henrique-muniz-da-conceicao\/\"]}]},{\"@type\":\"BreadcrumbList\",\"@id\":\"https:\/\/www.uni.lu\/lcel-en\/people\/lucas-henrique-muniz-da-conceicao\/#breadcrumb\",\"itemListElement\":[{\"@type\":\"ListItem\",\"position\":1,\"name\":\"Home\",\"item\":\"https:\/\/www.uni.lu\/en\"},{\"@type\":\"ListItem\",\"position\":2,\"name\":\"Luxembourg Centre for European Law (LCEL)\",\"item\":\"https:\/\/www.uni.lu\/lcel-en\/\"},{\"@type\":\"ListItem\",\"position\":3,\"name\":\"Lucas Henrique MUNIZ DA CONCEICAO\"}]},{\"@type\":\"WebSite\",\"@id\":\"https:\/\/www.uni.lu\/lcel-en\/#website\",\"url\":\"https:\/\/www.uni.lu\/lcel-en\/\",\"name\":\"LCEL\",\"description\":\"Luxembourg Centre for European Law I Uni.lu\",\"publisher\":{\"@id\":\"https:\/\/www.uni.lu\/lcel-en\/#organization\"},\"alternateName\":\"Luxembourg Centre for European Law I University of Luxembourg\",\"potentialAction\":[{\"@type\":\"SearchAction\",\"target\":{\"@type\":\"EntryPoint\",\"urlTemplate\":\"https:\/\/www.uni.lu\/lcel-en\/?s={search_term_string}\"},\"query-input\":\"required name=search_term_string\"}],\"inLanguage\":\"en-GB\"},{\"@type\":\"Organization\",\"@id\":\"https:\/\/www.uni.lu\/lcel-en\/#organization\",\"name\":\"LCEL - University of Luxembourg I Uni.lu\",\"alternateName\":\"Luxembourg Centre for European Law\",\"url\":\"https:\/\/www.uni.lu\/lcel-en\/\",\"logo\":{\"@type\":\"ImageObject\",\"inLanguage\":\"en-GB\",\"@id\":\"https:\/\/www.uni.lu\/lcel-en\/#\/schema\/logo\/image\/\",\"url\":\"https:\/\/www.uni.lu\/wp-content\/uploads\/sites\/32\/2026\/03\/03113645\/LCEL_SM-Profile_1600x1600px-scaled.jpg\",\"contentUrl\":\"https:\/\/www.uni.lu\/wp-content\/uploads\/sites\/32\/2026\/03\/03113645\/LCEL_SM-Profile_1600x1600px-scaled.jpg\",\"width\":2560,\"height\":2560,\"caption\":\"LCEL - University of Luxembourg I Uni.lu\"},\"image\":\"https:\/\/www.uni.lu\/wp-content\/uploads\/sites\/32\/2026\/04\/24144336\/20200609-Belval-Campus_Henri-Goergen-23.jpg\",\"sameAs\":[\"https:\/\/www.linkedin.com\/showcase\/lcel-university-of-luxembourg\/?originalSubdomain=lu\"],\"email\":\"communication@uni.lu\",\"telephone\":\"+3524666441\",\"address\":{\"@type\":\"PostalAddress\",\"streetAddress\":\"4, rue Alphonse Weicker\",\"addressLocality\":\"Luxembourg\",\"postalCode\":\"2721\",\"addressCountry\":\"LU\"},\"description\":\"Luxembourg Centre for European Law I Uni.lu\"}]}<\/script>\n<!-- \/ Yoast SEO Premium plugin. -->","yoast_head_json":{"title":"Lucas Henrique MUNIZ DA CONCEICAO - LCEL - University of Luxembourg I Uni.lu","description":"Postdoctoral researcher Lucas H. Muniz da Concei\u00e7\u00e3o is a Postdoctoral Researcher at the Luxembourg Centre for European Law (LCEL) at the University of","robots":{"index":"index","follow":"follow","max-snippet":"max-snippet:-1","max-image-preview":"max-image-preview:large","max-video-preview":"max-video-preview:-1"},"canonical":"https:\/\/www.uni.lu\/lcel-en\/people\/lucas-henrique-muniz-da-conceicao\/","og_locale":"en_GB","og_type":"article","og_title":"Lucas Henrique MUNIZ DA CONCEICAO","og_description":"Postdoctoral researcher","og_url":"https:\/\/www.uni.lu\/lcel-en\/people\/lucas-henrique-muniz-da-conceicao\/","og_site_name":"LCEL EN","article_modified_time":"2026-03-12T07:56:05+00:00","og_image":[{"width":2560,"height":2560,"url":"https:\/\/www.uni.lu\/en\/person-image\/NTAxMDA3MTNfX0x1Y2FzIEhlbnJpcXVlIE1VTklaIERBIENPTkNFSUNBTw==","type":"image\/jpeg"}],"twitter_card":"summary_large_image","twitter_misc":{"Estimated reading time":"3 minutes"},"schema":{"@context":"https:\/\/schema.org","@graph":[{"@type":"WebPage","@id":"https:\/\/www.uni.lu\/lcel-en\/people\/lucas-henrique-muniz-da-conceicao\/","url":"https:\/\/www.uni.lu\/lcel-en\/people\/lucas-henrique-muniz-da-conceicao\/","name":"Lucas Henrique MUNIZ DA CONCEICAO - LCEL - University of Luxembourg I Uni.lu","isPartOf":{"@id":"https:\/\/www.uni.lu\/lcel-en\/#website"},"datePublished":"2026-02-01T05:33:57+00:00","dateModified":"2026-03-12T07:56:05+00:00","description":"Postdoctoral researcher Lucas H. Muniz da Concei\u00e7\u00e3o is a Postdoctoral Researcher at the Luxembourg Centre for European Law (LCEL) at the University of","breadcrumb":{"@id":"https:\/\/www.uni.lu\/lcel-en\/people\/lucas-henrique-muniz-da-conceicao\/#breadcrumb"},"inLanguage":"en-GB","potentialAction":[{"@type":"ReadAction","target":["https:\/\/www.uni.lu\/lcel-en\/people\/lucas-henrique-muniz-da-conceicao\/"]}]},{"@type":"BreadcrumbList","@id":"https:\/\/www.uni.lu\/lcel-en\/people\/lucas-henrique-muniz-da-conceicao\/#breadcrumb","itemListElement":[{"@type":"ListItem","position":1,"name":"Home","item":"https:\/\/www.uni.lu\/en"},{"@type":"ListItem","position":2,"name":"Luxembourg Centre for European Law (LCEL)","item":"https:\/\/www.uni.lu\/lcel-en\/"},{"@type":"ListItem","position":3,"name":"Lucas Henrique MUNIZ DA CONCEICAO"}]},{"@type":"WebSite","@id":"https:\/\/www.uni.lu\/lcel-en\/#website","url":"https:\/\/www.uni.lu\/lcel-en\/","name":"LCEL","description":"Luxembourg Centre for European Law I Uni.lu","publisher":{"@id":"https:\/\/www.uni.lu\/lcel-en\/#organization"},"alternateName":"Luxembourg Centre for European Law I University of Luxembourg","potentialAction":[{"@type":"SearchAction","target":{"@type":"EntryPoint","urlTemplate":"https:\/\/www.uni.lu\/lcel-en\/?s={search_term_string}"},"query-input":"required name=search_term_string"}],"inLanguage":"en-GB"},{"@type":"Organization","@id":"https:\/\/www.uni.lu\/lcel-en\/#organization","name":"LCEL - University of Luxembourg I Uni.lu","alternateName":"Luxembourg Centre for European Law","url":"https:\/\/www.uni.lu\/lcel-en\/","logo":{"@type":"ImageObject","inLanguage":"en-GB","@id":"https:\/\/www.uni.lu\/lcel-en\/#\/schema\/logo\/image\/","url":"https:\/\/www.uni.lu\/wp-content\/uploads\/sites\/32\/2026\/03\/03113645\/LCEL_SM-Profile_1600x1600px-scaled.jpg","contentUrl":"https:\/\/www.uni.lu\/wp-content\/uploads\/sites\/32\/2026\/03\/03113645\/LCEL_SM-Profile_1600x1600px-scaled.jpg","width":2560,"height":2560,"caption":"LCEL - University of Luxembourg I Uni.lu"},"image":"https:\/\/www.uni.lu\/wp-content\/uploads\/sites\/32\/2026\/04\/24144336\/20200609-Belval-Campus_Henri-Goergen-23.jpg","sameAs":["https:\/\/www.linkedin.com\/showcase\/lcel-university-of-luxembourg\/?originalSubdomain=lu"],"email":"communication@uni.lu","telephone":"+3524666441","address":{"@type":"PostalAddress","streetAddress":"4, rue Alphonse Weicker","addressLocality":"Luxembourg","postalCode":"2721","addressCountry":"LU"},"description":"Luxembourg Centre for European Law I Uni.lu"}]}},"_links":{"self":[{"href":"https:\/\/www.uni.lu\/lcel-en\/wp-json\/wp\/v2\/people\/3389"}],"collection":[{"href":"https:\/\/www.uni.lu\/lcel-en\/wp-json\/wp\/v2\/people"}],"about":[{"href":"https:\/\/www.uni.lu\/lcel-en\/wp-json\/wp\/v2\/types\/people"}],"author":[{"embeddable":true,"href":"https:\/\/www.uni.lu\/lcel-en\/wp-json\/wp\/v2\/users\/355"}],"version-history":[{"count":5,"href":"https:\/\/www.uni.lu\/lcel-en\/wp-json\/wp\/v2\/people\/3389\/revisions"}],"predecessor-version":[{"id":3557,"href":"https:\/\/www.uni.lu\/lcel-en\/wp-json\/wp\/v2\/people\/3389\/revisions\/3557"}],"wp:authorship":[{"embeddable":true,"href":"https:\/\/www.uni.lu\/lcel-en\/wp-json\/wp\/v2\/users\/355"}],"wp:attachment":[{"href":"https:\/\/www.uni.lu\/lcel-en\/wp-json\/wp\/v2\/media?parent=3389"}],"curies":[{"name":"wp","href":"https:\/\/api.w.org\/{rel}","templated":true}]}}