{"id":923,"date":"2023-07-26T12:11:38","date_gmt":"2023-07-26T10:11:38","guid":{"rendered":"https:\/\/website.prod.unilu.spikeseed.cloud\/fstm-fr\/study-programs\/bachelor-en-medecine\/"},"modified":"2026-03-09T18:05:35","modified_gmt":"2026-03-09T17:05:35","slug":"bachelor-en-medecine","status":"publish","type":"study-programs","link":"https:\/\/www.uni.lu\/fstm-fr\/study-programs\/bachelor-en-medecine\/","title":{"rendered":"Bachelor en M\u00e9decine"},"content":{"rendered":"<div class=\"section py-0 static\">\n<div class=\"py-0 wp-block-unilux-blocks-study-programme-overview section\">\n<div class=\"wp-block-unilux-blocks-wrapper container xl:max-w-screen-xl\"><div class=\"js-secondary-nav--sticky wp-block-unilux-blocks-secondary-navigation\" id=\"d8c1a907-0818-40c0-a92e-4a8c7ca0da80\">\n    <nav\n        id=\"secondary-navigation\"\n        role=\"navigation\"\n        aria-label=\"Secondary menu\"\n        class=\"secondary-nav\"\n    >\n        <button\n            class=\"secondary-nav__button btn btn-solid--primary w-full\"\n            aria-expanded=\"false\"\n            aria-controls=\"secondary-navigation__list\"\n            title=\"The selected page is Accueil\"\n            type=\"button\"\n        >\n            <span class=\"btn__name mr-auto\">Accueil<\/span>\n            <svg aria-hidden=\"true\" focusable=\"false\" class=\"icon icon-outline icon--xs\">\n                <use xlink:href=\"https:\/\/www.uni.lu\/wp-content\/themes\/unilux-theme\/assets\/images\/icons\/icons-outline.svg#icon--arrow-down\" \/>\n            <\/svg>\n        <\/button>\n\n        <ul id=\"secondary-navigation__list\" class=\"secondary-nav__list\">\n            <li class=\"secondary-nav__item\">\n    <a\n        href=\"https:\/\/www.uni.lu\/fstm-fr\/study-programs\/bachelor-en-medecine\/\"\n        target=\"\"\n        rel=\"noreferrer noopener\"\n        class=\"secondary-nav__link isactived\"\n        aria-current=\"page\"    >\n        <svg aria-hidden=\"true\" focusable=\"false\" class=\"icon icon-outline icon--xs\">\n            <use xlink:href=\"https:\/\/www.uni.lu\/wp-content\/themes\/unilux-theme\/assets\/images\/icons\/icons-outline.svg#icon--arrow-right\" \/>\n        <\/svg>\n        <span class=\"secondary-nav__name\">Accueil<\/span>\n    <\/a>\n<\/li>\n<li class=\"secondary-nav__item\">\n    <a\n        href=\"https:\/\/www.uni.lu\/fstm-fr\/study-programs\/bachelor-en-medecine\/programme\/\"\n        target=\"\"\n        rel=\"noreferrer noopener\"\n        class=\"secondary-nav__link \"\n            >\n        <svg aria-hidden=\"true\" focusable=\"false\" class=\"icon icon-outline icon--xs\">\n            <use xlink:href=\"https:\/\/www.uni.lu\/wp-content\/themes\/unilux-theme\/assets\/images\/icons\/icons-outline.svg#icon--arrow-right\" \/>\n        <\/svg>\n        <span class=\"secondary-nav__name\">Programme<\/span>\n    <\/a>\n<\/li>\n<li class=\"secondary-nav__item\">\n    <a\n        href=\"https:\/\/www.uni.lu\/fstm-fr\/study-programs\/bachelor-en-medecine\/infrastructure\/\"\n        target=\"\"\n        rel=\"noreferrer noopener\"\n        class=\"secondary-nav__link \"\n            >\n        <svg aria-hidden=\"true\" focusable=\"false\" class=\"icon icon-outline icon--xs\">\n            <use xlink:href=\"https:\/\/www.uni.lu\/wp-content\/themes\/unilux-theme\/assets\/images\/icons\/icons-outline.svg#icon--arrow-right\" \/>\n        <\/svg>\n        <span class=\"secondary-nav__name\">Infrastructure<\/span>\n    <\/a>\n<\/li>\n<li class=\"secondary-nav__item\">\n    <a\n        href=\"https:\/\/www.uni.lu\/fstm-fr\/study-programs\/bachelor-en-medecine\/universites-partenaires\/\"\n        target=\"\"\n        rel=\"noreferrer noopener\"\n        class=\"secondary-nav__link \"\n            >\n        <svg aria-hidden=\"true\" focusable=\"false\" class=\"icon icon-outline icon--xs\">\n            <use xlink:href=\"https:\/\/www.uni.lu\/wp-content\/themes\/unilux-theme\/assets\/images\/icons\/icons-outline.svg#icon--arrow-right\" \/>\n        <\/svg>\n        <span class=\"secondary-nav__name\">Universit\u00e9s partenaires<\/span>\n    <\/a>\n<\/li>\n<li class=\"secondary-nav__item\">\n    <a\n        href=\"https:\/\/www.uni.lu\/fstm-fr\/study-programs\/bachelor-en-medecine\/carriere\/\"\n        target=\"\"\n        rel=\"noreferrer noopener\"\n        class=\"secondary-nav__link \"\n            >\n        <svg aria-hidden=\"true\" focusable=\"false\" class=\"icon icon-outline icon--xs\">\n            <use xlink:href=\"https:\/\/www.uni.lu\/wp-content\/themes\/unilux-theme\/assets\/images\/icons\/icons-outline.svg#icon--arrow-right\" \/>\n        <\/svg>\n        <span class=\"secondary-nav__name\">Carri\u00e8re<\/span>\n    <\/a>\n<\/li>\n<li class=\"secondary-nav__item\">\n    <a\n        href=\"https:\/\/www.uni.lu\/fstm-fr\/study-programs\/bachelor-en-medecine\/temoignages\/\"\n        target=\"\"\n        rel=\"noreferrer noopener\"\n        class=\"secondary-nav__link \"\n            >\n        <svg aria-hidden=\"true\" focusable=\"false\" class=\"icon icon-outline icon--xs\">\n            <use xlink:href=\"https:\/\/www.uni.lu\/wp-content\/themes\/unilux-theme\/assets\/images\/icons\/icons-outline.svg#icon--arrow-right\" \/>\n        <\/svg>\n        <span class=\"secondary-nav__name\">T\u00e9moignages<\/span>\n    <\/a>\n<\/li>\n<li class=\"secondary-nav__item\">\n    <a\n        href=\"https:\/\/www.uni.lu\/fstm-fr\/study-programs\/bachelor-en-medecine\/equipe-enseignante\/\"\n        target=\"\"\n        rel=\"noreferrer noopener\"\n        class=\"secondary-nav__link \"\n            >\n        <svg aria-hidden=\"true\" focusable=\"false\" class=\"icon icon-outline icon--xs\">\n            <use xlink:href=\"https:\/\/www.uni.lu\/wp-content\/themes\/unilux-theme\/assets\/images\/icons\/icons-outline.svg#icon--arrow-right\" \/>\n        <\/svg>\n        <span class=\"secondary-nav__name\">Equipe enseignante<\/span>\n    <\/a>\n<\/li>\n<li class=\"secondary-nav__item\">\n    <a\n        href=\"https:\/\/www.uni.lu\/fstm-fr\/study-programs\/bachelor-en-medecine\/admissions\/\"\n        target=\"\"\n        rel=\"noreferrer noopener\"\n        class=\"secondary-nav__link \"\n            >\n        <svg aria-hidden=\"true\" focusable=\"false\" class=\"icon icon-outline icon--xs\">\n            <use xlink:href=\"https:\/\/www.uni.lu\/wp-content\/themes\/unilux-theme\/assets\/images\/icons\/icons-outline.svg#icon--arrow-right\" \/>\n        <\/svg>\n        <span class=\"secondary-nav__name\">Admissions<\/span>\n    <\/a>\n<\/li>\n        <\/ul>\n    <\/nav>\n<\/div>\n<\/div>\n\n\n\n<div class=\"wp-block-unilux-blocks-wrapper max-w-screen-3xl mx-auto section py-0\">\n<section class=\"section no-padding-y wp-block-unilux-blocks-hero\">\n    <div class=\"hero hero--2 hero--overlay-top hero--overlay-bottom\">\n        \n<header class=\"wp-block-unilux-blocks-wrapper hero__header\">\n<div class=\"wp-block-unilux-blocks-wrapper hero__container\">\n<span class=\"hero__title__subject wp-block-unilux-blocks-plain-text\"><\/span>\n\n\n<h1 class=\"has-text-align-left wp-block-unilux-blocks-heading\"        id=\"devenez-un-futur-medecin\"\n    >\nDevenez un futur m\u00e9decin<\/h1>\n<\/div>\n<\/header>\n<figure class=\"wp-block-dev4-reusable-blocks-image hero__visual object-fit--cover\">\n    \n<img decoding=\"async\" class=\"wp-block-image unilux-custom-image-block\"\n                alt=\"Deux \u00e9tudiants mettent un masque \u00e0 oxyg\u00e8ne sur un mannequin\"\n            src=\"https:\/\/www.uni.lu\/wp-content\/uploads\/sites\/20\/2023\/07\/230321_Uni_conf_presse-18.jpg\"\n                srcset=\"https:\/\/www.uni.lu\/wp-content\/uploads\/sites\/20\/2023\/07\/230321_Uni_conf_presse-18-300x214.jpg 300w, https:\/\/www.uni.lu\/wp-content\/uploads\/sites\/20\/2023\/07\/230321_Uni_conf_presse-18-1024x730.jpg 1024w, https:\/\/www.uni.lu\/wp-content\/uploads\/sites\/20\/2023\/07\/230321_Uni_conf_presse-18-768x548.jpg 768w, https:\/\/www.uni.lu\/wp-content\/uploads\/sites\/20\/2023\/07\/230321_Uni_conf_presse-18-1536x1095.jpg 1536w, https:\/\/www.uni.lu\/wp-content\/uploads\/sites\/20\/2023\/07\/230321_Uni_conf_presse-18.jpg 2000w\"\n                style=\"object-position: 50.00% 50.00%; font-family: &quot;object-fit: cover; object-position: 50.00% 50.00%;&quot;; aspect-ratio: 16\/9; object-fit: cover; width: 100%;\"\n        loading=\"lazy\"\n\/>    <\/figure>\n<div class=\"wp-block-unilux-blocks-wrapper hero__body\">\n<div class=\"wp-block-unilux-blocks-wrapper hero__container\">\n<p class=\"wp-block-unilux-blocks-plain-text\">Le Bachelor en M\u00e9decine (BMED) se concentre sur le d\u00e9veloppement pr\u00e9coce de comp\u00e9tences cliniques \u00e0 travers une formation par simulation et du tutorat par des m\u00e9decins-p\u00e9dagogues confirm\u00e9s.<\/p>\n\n\n<ul class=\"wp-block-unilux-blocks-custom-buttons btn-list\"><li class=\"wp-block-unilux-blocks-custom-button\"    aria-disabled=\"false\"\n    >\n    <a\n        role=\"link\"\n        aria-disabled=\"false\"\n                    href=\"https:\/\/www.uni.lu\/fstm-fr\/study-programs\/bachelor-en-medecine\/programme\/\"\n                target=\"_self\"\n        class=\"btn btn--primary\"\n            >En savoir plus<\/a>\n<\/li>\n\n\n<li class=\"wp-block-unilux-blocks-custom-button\"    aria-disabled=\"false\"\n    >\n    <a\n        role=\"link\"\n        aria-disabled=\"false\"\n                    href=\"https:\/\/www.uni.lu\/fstm-fr\/study-programs\/bachelor-en-medecine\/admissions\/\"\n                target=\"_self\"\n        class=\"btn btn--secondary\"\n            >Crit\u00e8res d&rsquo;admission<\/a>\n<\/li>\n<\/ul>\n<\/div>\n<\/div>\n    <\/div>\n<\/section><\/div>\n\n\n\n<section class=\"wp-block-unilux-blocks-wrapper section py-0\">\n<div class=\"wp-block-unilux-blocks-wrapper container xl:max-w-screen-xl\">\n<div class=\"wp-block-unilux-blocks-wrapper p-16 sm:p-32 bg-gray-100\">\n<div class=\"wp-block-unilux-blocks-program-at-a-glance-info\">\n    <h2>Programme en un coup d\u2019oeil &#8211; <span class=\"text-theme\">180 ECTS<\/span><\/h2>\n    <ul class=\"flex flex-wrap -mx-16\">\n        <li class=\"w-full sm:w-1\/2 lg:w-1\/3 xl:w-1\/4 px-16\">\n            <div class=\"icon-info\">\n                <svg aria-hidden=\"true\" focusable=\"false\" class=\"icon icon-outline icon--duration  icon--lg\"><use xlink:href=\"https:\/\/www.uni.lu\/wp-content\/themes\/unilux-theme\/assets\/images\/icons\/icons-outline.svg#icon--duration\"><\/use><\/svg>                <div class=\"icon-info__body\">\n                    <div>Dur\u00e9e :<\/div>\n                    <div class=\"font-medium text-dark\">3 ans \/ 6 semestres<\/div>\n                <\/div>\n            <\/div>\n        <\/li>\n        <li class=\"w-full sm:w-1\/2 lg:w-1\/3 xl:w-1\/4 px-16\">\n            <div class=\"icon-info\">\n                <svg aria-hidden=\"true\" focusable=\"false\" class=\"icon icon-outline icon--languages  icon--lg\"><use xlink:href=\"https:\/\/www.uni.lu\/wp-content\/themes\/unilux-theme\/assets\/images\/icons\/icons-outline.svg#icon--languages\"><\/use><\/svg>                <div class=\"icon-info__body\">\n                    <div>Langues d&#039;enseignement :<\/div>\n                    <div class=\"font-medium text-dark\">FR + DE + EN<\/div>\n                <\/div>\n            <\/div>\n        <\/li>\n        <li class=\"w-full sm:w-1\/2 lg:w-1\/3 xl:w-1\/4 px-16\">\n            <div class=\"icon-info\">\n                <svg aria-hidden=\"true\" focusable=\"false\" class=\"icon icon-outline icon--admissions  icon--lg\"><use xlink:href=\"https:\/\/www.uni.lu\/wp-content\/themes\/unilux-theme\/assets\/images\/icons\/icons-outline.svg#icon--admissions\"><\/use><\/svg>                <div class=\"icon-info__body\">\n                    <div>Admissions :<\/div>\n                    <div class=\"font-medium text-dark\">\n                        UE : 1 Feb 2026 &#8211; 8 Jul 2026<br \/><br \/>\nNon-UE: 1 Feb 2026 &#8211; 24 Mar 2026<br \/>                    <\/div>\n                <\/div>\n            <\/div>\n        <\/li>\n        <li class=\"w-full sm:w-1\/2 lg:w-1\/3 xl:w-1\/4 px-16\">\n            <div class=\"icon-info\">\n                <svg aria-hidden=\"true\" focusable=\"false\" class=\"icon icon-outline icon--fees  icon--lg\"><use xlink:href=\"https:\/\/www.uni.lu\/wp-content\/themes\/unilux-theme\/assets\/images\/icons\/icons-outline.svg#icon--fees\"><\/use><\/svg>                <div class=\"icon-info__body\">\n                    <div>Frais d\u2019inscription :<\/div>\n                    <div class=\"font-medium text-dark\">\n                        400\u20ac\/ sem. (semestre 1,2,3,4,5,6)                    <\/div>\n                <\/div>\n            <\/div>\n        <\/li>\n        <li class=\"w-full sm:w-1\/2 lg:w-1\/3 xl:w-1\/4 px-16\">\n            <div class=\"icon-info\">\n                <svg aria-hidden=\"true\" focusable=\"false\" class=\"icon icon-outline icon--format  icon--lg\"><use xlink:href=\"https:\/\/www.uni.lu\/wp-content\/themes\/unilux-theme\/assets\/images\/icons\/icons-outline.svg#icon--format\"><\/use><\/svg>                <div class=\"icon-info__body\">\n                    <div>Format :<\/div>\n                    <div class=\"font-medium text-dark\">\n                                                    Programme \u00e0 temps plein                                            <\/div>\n                <\/div>\n            <\/div>\n        <\/li>\n\n        <!--        <li class=\"w-full sm:w-1\/2 lg:w-1\/3 xl:w-1\/4 px-16\">-->\n        <!--            <div class=\"icon-info\">-->\n        <!--                -->        <!--                <div class=\"icon-info__body\">-->\n        <!--                    <div>Campus:<\/div>-->\n        <!--                    <div class=\"font-medium text-dark\">-->\n        <!--                        Campus:-->\n        <!--                        -->        <!--                    <\/div>-->\n        <!--                <\/div>-->\n        <!--            <\/div>-->\n        <!--        <\/li>-->\n\n    <\/ul>\n<\/div><\/div>\n<\/div>\n<\/section>\n<\/div>\n\n\n\n<section class=\"wp-block-unilux-blocks-study-programme-about section\"><div class=\"container xl:max-w-screen-xl\"><div class=\"flex flex-wrap -mx-16\">\n<div class=\"wp-block-unilux-blocks-wrapper flex-1 mb-48 px-16\">\n<div class=\"wp-block-unilux-blocks-wrapper lg:w-11\/12\">\n<h2 class=\"has-text-align-left wp-block-unilux-blocks-heading\"        id=\"presentation\"\n    >\nPr\u00e9sentation<\/h2>\n\n\n\n<div class=\"wp-block-unilux-blocks-free-content-area\">\n<p>Intitul\u00e9 du dipl\u00f4me : Bachelor en M\u00e9decine<br>Dur\u00e9e : 3 ans \u00e0 temps plein \/ 6 semestres (180 ECTS) &#8211;  Possibilit\u00e9 de partir en 2\u00e8me ann\u00e9e vers nos universit\u00e9s partenaires<br>Langues : fran\u00e7ais (70%), allemand (20%), anglais (10%)<br><br>Important: Des certificats C1 officiels en fran\u00e7ais et en allemand d\u2019une \u00e9cole de langue agr\u00e9\u00e9e sont n\u00e9cessaires. Nous ne pouvons tenir aucun compte de cours particuliers ou formations priv\u00e9es !<\/p>\n\n\n\n<p><strong>L\u2019Universit\u00e9 offre \u00e0 ses \u00e9tudiants tout le soutien n\u00e9cessaire pour r\u00e9ussir ; aucun tutorat suppl\u00e9mentaire n\u2019est requis pour mener \u00e0 bien le programme.<\/strong><br><\/p>\n<\/div>\n<\/div>\n<\/div>\n\n\n\n<div class=\"wp-block-unilux-blocks-wrapper w-full md:w-auto px-16\">\n<div class=\"wp-block-unilux-blocks-wrapper flex flex-col items-center\">\n<h2 class=\"has-text-align-left wp-block-unilux-blocks-heading\"        id=\"plus-dinfo\"\n    >\nPlus d&rsquo;info<\/h2>\n\n\n<a class=\"wp-block-unilux-blocks-button-highlight-square\"\n    href=\"https:\/\/www.uni.lu\/wp-content\/uploads\/sites\/4\/2026\/03\/02093145\/Brochure-Health-Medicine-and-Life-Sciences-03-2026.pdf\"\n    target=\"_self\"\n>\n    <span class=\"btn-highlight-square__container\">\n        <div class=\"btn-highlight-square__body\">\n    <svg aria-hidden=\"true\" focusable=\"false\" class=\"icon icon-outline icon--download-link icon--xl\"><use xlink:href=\"https:\/\/www.uni.lu\/wp-content\/themes\/unilux-theme\/assets\/images\/icons\/icons-outline.svg#icon--download-link\"><\/use><\/svg>    <span class=\"btn btn--dark\">\n        \n<span class=\"btn__name wp-block-unilux-blocks-plain-text\">T\u00e9l\u00e9charger<\/span>    <\/span>\n<\/div><figure class=\"wp-block-dev4-reusable-blocks-image image-bg object-fit--cover\">\n    \n<img decoding=\"async\" class=\"wp-block-image unilux-custom-image-block\"\n                alt=\"\"\n            src=\"https:\/\/www.uni.lu\/wp-content\/uploads\/sites\/20\/2024\/02\/03092602\/Screenshot-2026-03-02-093307.png\"\n                srcset=\"https:\/\/www.uni.lu\/wp-content\/uploads\/sites\/20\/2024\/02\/03092602\/Screenshot-2026-03-02-093307-214x300.png 214w, https:\/\/www.uni.lu\/wp-content\/uploads\/sites\/20\/2024\/02\/03092602\/Screenshot-2026-03-02-093307.png 641w\"\n                style=\"object-position: 50.00% 80.00%; font-family: &quot;object-fit: cover; object-position: 50.00% 80.00%;&quot;; aspect-ratio: 3\/4; object-fit: cover; width: 100%;\"\n        loading=\"lazy\"\n\/>    <\/figure>    <\/span>\n<\/a><\/div>\n<\/div>\n<\/div><\/div><\/section>\n\n\n\n<section class=\"py-0 wp-block-unilux-blocks-free-section section\"><div class=\"container xl:max-w-screen-xl\">\n<h2 class=\"has-text-align-left wp-block-unilux-blocks-heading\"        id=\"atouts\"\n    >\nAtouts<\/h2>\n\n\n\n<div class=\"wp-block-columns is-layout-flex wp-block-columns-is-layout-flex\">\n<div class=\"wp-block-column is-layout-flow wp-block-column-is-layout-flow\">\n<p><strong>Insertion pr\u00e9coce dans la pratique m\u00e9dicale <\/strong><\/p>\n\n\n\n<p>Les \u00e9tudiants sont impliqu\u00e9s dans la pratique m\u00e9dicale d\u00e8s le d\u00e9but du programme. Le Bachelor est d\u00e9velopp\u00e9 en \u00e9troite collaboration avec les h\u00f4pitaux du Grand-Duch\u00e9 et les universit\u00e9s partenaires \u00e0 l&rsquo;\u00e9tranger. Plusieurs stages sont organis\u00e9s dans les diff\u00e9rentes institutions luxembourgeoises.<\/p>\n\n\n\n<p><strong>P\u00e9dagogie innovante<\/strong><\/p>\n\n\n\n<p>Ce programme utilise des concepts p\u00e9dagogiques contemporains et les derni\u00e8res technologies num\u00e9riques telles que l&rsquo;unit\u00e9 de simulation, la salle d&rsquo;anatomie avec table de dissection virtuelle, la chambre d\u2019h\u00f4pital virtuelle.<\/p>\n\n\n\n<p><strong>Conditions d\u2019apprentissage optimales<\/strong><\/p>\n\n\n\n<p>Le nombre limit\u00e9 d&rsquo;\u00e9tudiants en deuxi\u00e8me et troisi\u00e8me ann\u00e9e offre des conditions d&rsquo;apprentissage optimales. Les \u00e9tudiants ont l&rsquo;occasion de discuter avec les m\u00e9decins comp\u00e9tents du pays ainsi qu&rsquo;avec des collaborateurs externes et des professeurs de diverses universit\u00e9s europ\u00e9ennes.<\/p>\n<\/div>\n\n\n\n<div class=\"wp-block-column is-layout-flow wp-block-column-is-layout-flow\"><figure class=\"wp-block-dev4-reusable-blocks-image  object-fit--cover\">\n    \n<img decoding=\"async\" class=\"wp-block-image unilux-custom-image-block\"\n                alt=\"\"\n            src=\"https:\/\/www.uni.lu\/wp-content\/uploads\/sites\/4\/2023\/07\/DSC07383.jpg\"\n                    style=\"object-position: 50.00% 50.00%; font-family: &quot;object-fit: cover; object-position: 50.00% 50.00%;&quot;; aspect-ratio: 16\/9; object-fit: cover; width: 100%;\"\n        loading=\"lazy\"\n\/>    <\/figure><\/div>\n<\/div>\n<\/div><\/section>\n\n\n\n<section class=\"wp-block-unilux-blocks-free-section section\"><div class=\"container xl:max-w-screen-xl\">\n<h2 class=\"has-text-align-left wp-block-unilux-blocks-heading\"        id=\"contact\"\n    >\nContact<\/h2>\n\n\n\n<p>Pour toute question concernant le Bachelor en m\u00e9decine, veuillez adresser votre demande \u00e0<\/p>\n\n\n<div class=\"icon-info-wrapper\">\n    <ul class=\"wp-block-unilux-blocks-icon-info\">\n        <li class=\"wp-block-unilux-blocks-icon-info-item\">\n    \n<div class=\"wp-block-unilux-blocks-wrapper icon-info\">\n<div class=\"icon--primary icon--secondary-2  wp-block-unilux-blocks-icon-picker\">\n    <svg aria-hidden=\"true\" focusable=\"false\" class=\"icon icon-outline icon--email \"><use xlink:href=\"https:\/\/www.uni.lu\/wp-content\/themes\/unilux-theme\/assets\/images\/icons\/icons-outline.svg#icon--email\"><\/use><\/svg><\/div>\n\n\n<p class=\"has-1-125-rem-font-size\"><a href=\"mailto:bmed@uni.lu\">bmed@uni.lu<\/a><\/p>\n<\/div>\n<\/li>\n    <\/ul>\n<\/div>\n\n\n<ul class=\"flex flex-wrap mt-24 -mx-16  wp-block-unilux-blocks-free-content-card\">\n    <li class=\"w-full sm:w-1\/2 lg:w-1\/3 px-16 wp-block-unilux-blocks-people-item-automated\"><div class=\"ulux-card card-people bg-theme\">    <div class=\"ulux-card__container\">\n        <div class=\"ulux-card__visual\">\n            <!-- Template Image Component: default -->\n<img decoding=\"async\" class=\"w-full\" width=\"\" height=\"\" rel=\"\" alt=\"Affiliate Prof Pascal STAMMET\" src=\"https:\/\/www.uni.lu\/en\/person-image\/NTAwNDY2MjlfX1Bhc2NhbCBTVEFNTUVU\" srcset=\"https:\/\/www.uni.lu\/en\/person-image\/NTAwNDY2MjlfX1Bhc2NhbCBTVEFNTUVU--thumbnail 150w,https:\/\/www.uni.lu\/en\/person-image\/NTAwNDY2MjlfX1Bhc2NhbCBTVEFNTUVU--medium 300w,https:\/\/www.uni.lu\/en\/person-image\/NTAwNDY2MjlfX1Bhc2NhbCBTVEFNTUVU--medium_large 768w,https:\/\/www.uni.lu\/en\/person-image\/NTAwNDY2MjlfX1Bhc2NhbCBTVEFNTUVU--large 1024w,https:\/\/www.uni.lu\/en\/person-image\/NTAwNDY2MjlfX1Bhc2NhbCBTVEFNTUVU--1536x1536 1536w,https:\/\/www.uni.lu\/en\/person-image\/NTAwNDY2MjlfX1Bhc2NhbCBTVEFNTUVU--2048x2048 2048w\" loading=\"lazy\" \/><!-- end Image Component -->\n        <\/div>\n        <div class=\"ulux-card__body card-people\">\n            <h3 class=\"card__name\">Affiliate Prof Pascal STAMMET<\/h3>\n            <div class=\"card__organization\">FSTM<\/div>\n            <div class=\"card__function\">Affiliated professor of Medecine<\/div>\n            <div class=\"ulux-card__link-wrapper card__link wp-block-unilux-blocks-simple-cta wp-block-unilux-blocks-people-item-automated\">\n    <a\n        href=\"https:\/\/www.uni.lu\/fstm-en\/people\/pascal-stammet\/\"\n        title=\"Affiliate Prof Pascal STAMMET\"\n        class=\"link-text link-text--icon ulux-card__link link-absolute\"\n        target=\"\"\n    >\n        <span class=\"link-text__body\">\n            <span class=\"link-text__name\">Voir le profil<\/span>\n        <\/span>\n        <svg aria-hidden=\"true\" focusable=\"false\" class=\"icon icon-outline icon--arrow-right \"><use xlink:href=\"https:\/\/www.uni.lu\/wp-content\/themes\/unilux-theme\/assets\/images\/icons\/icons-outline.svg#icon--arrow-right\"><\/use><\/svg>    <\/a>\n<\/div>\n        <\/div>\n    <\/div>\n<\/div><\/li><li class=\"w-full sm:w-1\/2 lg:w-1\/3 px-16 wp-block-unilux-blocks-people-item-automated\"><div class=\"ulux-card card-people bg-theme\">    <div class=\"ulux-card__container\">\n        <div class=\"ulux-card__visual\">\n            <!-- Template Image Component: default -->\n<img decoding=\"async\" class=\"w-full\" width=\"\" height=\"\" rel=\"\" alt=\"Dr. Maria Angeliki PAVLOU\" src=\"https:\/\/www.uni.lu\/en\/person-image\/NTAwMDI4MjNfX01hcmlhIEFuZ2VsaWtpIFBBVkxPVQ==\" srcset=\"https:\/\/www.uni.lu\/en\/person-image\/NTAwMDI4MjNfX01hcmlhIEFuZ2VsaWtpIFBBVkxPVQ==--thumbnail 150w,https:\/\/www.uni.lu\/en\/person-image\/NTAwMDI4MjNfX01hcmlhIEFuZ2VsaWtpIFBBVkxPVQ==--medium 300w,https:\/\/www.uni.lu\/en\/person-image\/NTAwMDI4MjNfX01hcmlhIEFuZ2VsaWtpIFBBVkxPVQ==--medium_large 768w,https:\/\/www.uni.lu\/en\/person-image\/NTAwMDI4MjNfX01hcmlhIEFuZ2VsaWtpIFBBVkxPVQ==--large 1024w,https:\/\/www.uni.lu\/en\/person-image\/NTAwMDI4MjNfX01hcmlhIEFuZ2VsaWtpIFBBVkxPVQ==--1536x1536 1536w,https:\/\/www.uni.lu\/en\/person-image\/NTAwMDI4MjNfX01hcmlhIEFuZ2VsaWtpIFBBVkxPVQ==--2048x2048 2048w\" loading=\"lazy\" \/><!-- end Image Component -->\n        <\/div>\n        <div class=\"ulux-card__body card-people\">\n            <h3 class=\"card__name\">Dr. Maria Angeliki PAVLOU<\/h3>\n            <div class=\"card__organization\">FSTM<\/div>\n            <div class=\"card__function\">Research scientist<\/div>\n            <div class=\"ulux-card__link-wrapper card__link wp-block-unilux-blocks-simple-cta wp-block-unilux-blocks-people-item-automated\">\n    <a\n        href=\"https:\/\/www.uni.lu\/fstm-en\/people\/maria-angeliki-pavlou\/\"\n        title=\"Dr. Maria Angeliki PAVLOU\"\n        class=\"link-text link-text--icon ulux-card__link link-absolute\"\n        target=\"\"\n    >\n        <span class=\"link-text__body\">\n            <span class=\"link-text__name\">Voir le profil<\/span>\n        <\/span>\n        <svg aria-hidden=\"true\" focusable=\"false\" class=\"icon icon-outline icon--arrow-right \"><use xlink:href=\"https:\/\/www.uni.lu\/wp-content\/themes\/unilux-theme\/assets\/images\/icons\/icons-outline.svg#icon--arrow-right\"><\/use><\/svg>    <\/a>\n<\/div>\n        <\/div>\n    <\/div>\n<\/div><\/li><li class=\"w-full sm:w-1\/2 lg:w-1\/3 px-16 wp-block-unilux-blocks-people-item-automated\"><div class=\"ulux-card card-people bg-theme\">    <div class=\"ulux-card__container\">\n        <div class=\"ulux-card__visual\">\n            <!-- Template Image Component: default -->\n<img decoding=\"async\" class=\"w-full\" width=\"\" height=\"\" rel=\"\" alt=\"M\u00e9gane COPPENS\" src=\"https:\/\/www.uni.lu\/en\/person-image\/NTAwNjUwMTVfX03DqWdhbmUgQ09QUEVOUw==\" srcset=\"https:\/\/www.uni.lu\/en\/person-image\/NTAwNjUwMTVfX03DqWdhbmUgQ09QUEVOUw==--thumbnail 150w,https:\/\/www.uni.lu\/en\/person-image\/NTAwNjUwMTVfX03DqWdhbmUgQ09QUEVOUw==--medium 300w,https:\/\/www.uni.lu\/en\/person-image\/NTAwNjUwMTVfX03DqWdhbmUgQ09QUEVOUw==--medium_large 768w,https:\/\/www.uni.lu\/en\/person-image\/NTAwNjUwMTVfX03DqWdhbmUgQ09QUEVOUw==--large 1024w,https:\/\/www.uni.lu\/en\/person-image\/NTAwNjUwMTVfX03DqWdhbmUgQ09QUEVOUw==--1536x1536 1536w,https:\/\/www.uni.lu\/en\/person-image\/NTAwNjUwMTVfX03DqWdhbmUgQ09QUEVOUw==--2048x2048 2048w\" loading=\"lazy\" \/><!-- end Image Component -->\n        <\/div>\n        <div class=\"ulux-card__body card-people\">\n            <h3 class=\"card__name\">M\u00e9gane COPPENS<\/h3>\n            <div class=\"card__organization\">FSTM<\/div>\n            <div class=\"card__function\">Study Programme Administrator<\/div>\n            <div class=\"ulux-card__link-wrapper card__link wp-block-unilux-blocks-simple-cta wp-block-unilux-blocks-people-item-automated\">\n    <a\n        href=\"https:\/\/www.uni.lu\/fstm-en\/people\/megane-coppens\/\"\n        title=\"M\u00e9gane COPPENS\"\n        class=\"link-text link-text--icon ulux-card__link link-absolute\"\n        target=\"\"\n    >\n        <span class=\"link-text__body\">\n            <span class=\"link-text__name\">Voir le profil<\/span>\n        <\/span>\n        <svg aria-hidden=\"true\" focusable=\"false\" class=\"icon icon-outline icon--arrow-right \"><use xlink:href=\"https:\/\/www.uni.lu\/wp-content\/themes\/unilux-theme\/assets\/images\/icons\/icons-outline.svg#icon--arrow-right\"><\/use><\/svg>    <\/a>\n<\/div>\n        <\/div>\n    <\/div>\n<\/div><\/li><li class=\"w-full sm:w-1\/2 lg:w-1\/3 px-16 wp-block-unilux-blocks-people-item-automated\"><div class=\"ulux-card card-people bg-theme\">    <div class=\"ulux-card__container\">\n        <div class=\"ulux-card__visual\">\n            <!-- Template Image Component: default -->\n<img decoding=\"async\" class=\"w-full\" width=\"\" height=\"\" rel=\"\" alt=\"Ambre REMIATTE\" src=\"https:\/\/www.uni.lu\/en\/person-image\/NTAwNDQ1NzBfX0FtYnJlIFJFTUlBVFRF\" srcset=\"https:\/\/www.uni.lu\/en\/person-image\/NTAwNDQ1NzBfX0FtYnJlIFJFTUlBVFRF--thumbnail 150w,https:\/\/www.uni.lu\/en\/person-image\/NTAwNDQ1NzBfX0FtYnJlIFJFTUlBVFRF--medium 300w,https:\/\/www.uni.lu\/en\/person-image\/NTAwNDQ1NzBfX0FtYnJlIFJFTUlBVFRF--medium_large 768w,https:\/\/www.uni.lu\/en\/person-image\/NTAwNDQ1NzBfX0FtYnJlIFJFTUlBVFRF--large 1024w,https:\/\/www.uni.lu\/en\/person-image\/NTAwNDQ1NzBfX0FtYnJlIFJFTUlBVFRF--1536x1536 1536w,https:\/\/www.uni.lu\/en\/person-image\/NTAwNDQ1NzBfX0FtYnJlIFJFTUlBVFRF--2048x2048 2048w\" loading=\"lazy\" \/><!-- end Image Component -->\n        <\/div>\n        <div class=\"ulux-card__body card-people\">\n            <h3 class=\"card__name\">Ambre REMIATTE<\/h3>\n            <div class=\"card__organization\">FSTM<\/div>\n            <div class=\"card__function\">Study Programme Administrator<\/div>\n            <div class=\"ulux-card__link-wrapper card__link wp-block-unilux-blocks-simple-cta wp-block-unilux-blocks-people-item-automated\">\n    <a\n        href=\"https:\/\/www.uni.lu\/fstm-en\/people\/ambre-remiatte\/\"\n        title=\"Ambre REMIATTE\"\n        class=\"link-text link-text--icon ulux-card__link link-absolute\"\n        target=\"\"\n    >\n        <span class=\"link-text__body\">\n            <span class=\"link-text__name\">Voir le profil<\/span>\n        <\/span>\n        <svg aria-hidden=\"true\" focusable=\"false\" class=\"icon icon-outline icon--arrow-right \"><use xlink:href=\"https:\/\/www.uni.lu\/wp-content\/themes\/unilux-theme\/assets\/images\/icons\/icons-outline.svg#icon--arrow-right\"><\/use><\/svg>    <\/a>\n<\/div>\n        <\/div>\n    <\/div>\n<\/div><\/li><\/ul><\/div><\/section>\n\n\n<section class=\"section section wp-block-unilux-blocks-quick-link-discover-section py-0\">\n    <div class=\"container xl:max-w-screen-xl\">\n        \n<h2 class=\"has-text-align-left wp-block-unilux-blocks-heading\"        id=\"en-savoir-plus\"\n    >\nEn savoir plus<\/h2>\n\n<ul class=\"wp-block-unilux-blocks-quick-link-discover quick-link-list\">\n<li class=\"wp-block-unilux-blocks-quick-link-discover-item\">\n    <a\n                    href=\"https:\/\/www.uni.lu\/life-fr\/aide-financiere\/\"\n                    class=\"quick-link\"\n            target=\"\"\n    >\n            <span class=\"quick-link__container\">\n                <span class=\"quick-link__text\">\n                    Possibilit\u00e9s de financement                <\/span>\n                <svg aria-hidden=\"true\" focusable=\"false\" class=\"icon icon-outline icon--arrow-right \"><use xlink:href=\"https:\/\/www.uni.lu\/wp-content\/themes\/unilux-theme\/assets\/images\/icons\/icons-outline.svg#icon--arrow-right\"><\/use><\/svg>            <\/span>\n    <\/a>\n<\/li>\n\n\n\n<li class=\"wp-block-unilux-blocks-quick-link-discover-item\">\n    <a\n                    href=\"https:\/\/www.uni.lu\/life-fr\/logement\/\"\n                    class=\"quick-link\"\n            target=\"\"\n    >\n            <span class=\"quick-link__container\">\n                <span class=\"quick-link__text\">\n                    D\u00e9couvrez votre future maison                <\/span>\n                <svg aria-hidden=\"true\" focusable=\"false\" class=\"icon icon-outline icon--arrow-right \"><use xlink:href=\"https:\/\/www.uni.lu\/wp-content\/themes\/unilux-theme\/assets\/images\/icons\/icons-outline.svg#icon--arrow-right\"><\/use><\/svg>            <\/span>\n    <\/a>\n<\/li>\n\n\n\n<li class=\"wp-block-unilux-blocks-quick-link-discover-item\">\n    <a\n                    href=\"https:\/\/www.uni.lu\/fr\/pour-les-futurs-etudiants-et-doctorants\/\"\n                    class=\"quick-link\"\n            target=\"\"\n    >\n            <span class=\"quick-link__container\">\n                <span class=\"quick-link__text\">\n                    Informations pour les futurs \u00e9tudiants et doctorants                <\/span>\n                <svg aria-hidden=\"true\" focusable=\"false\" class=\"icon icon-outline icon--arrow-right \"><use xlink:href=\"https:\/\/www.uni.lu\/wp-content\/themes\/unilux-theme\/assets\/images\/icons\/icons-outline.svg#icon--arrow-right\"><\/use><\/svg>            <\/span>\n    <\/a>\n<\/li>\n<\/ul>\n    <\/div>\n<\/section><\/div>","protected":false},"excerpt":{"rendered":"<p>Le Bachelor en M\u00e9decine (BMED) se concentre sur le d\u00e9veloppement pr\u00e9coce de comp\u00e9tences cliniques \u00e0 travers une formation par simulation et du tutorat par des m\u00e9decins-p\u00e9dagogues confirm\u00e9s.<\/p>\n","protected":false},"author":264,"featured_media":1122,"parent":0,"menu_order":0,"template":"","meta":{"featured_image_focal_point":[],"show_featured_caption":false,"ulux_newsletter_groups":"","uluxPostTitle":"Bachelor en M\u00e9decine","uluxPrePostTitle":"Programmes d\u2019\u00e9tudes","_trash_the_other_posts":false,"_price":"","_stock":"","_tribe_ticket_header":"","_tribe_default_ticket_provider":"","_tribe_ticket_capacity":"0","_ticket_start_date":"","_ticket_end_date":"","_tribe_ticket_show_description":"","_tribe_ticket_show_not_going":false,"_tribe_ticket_use_global_stock":"","_tribe_ticket_global_stock_level":"","_global_stock_mode":"","_global_stock_cap":"","_tribe_rsvp_for_event":"","_tribe_ticket_going_count":"","_tribe_ticket_not_going_count":"","_tribe_tickets_list":"[]","_tribe_ticket_has_attendee_info_fields":false,"study_program_identifiers":"BA_MED__F1_BA_MED_GEN__F1_BA_MED","override_seo_title":false},"type-of-studies":[241],"teaching-languages":[252],"field-of-interest":[289],"organisation":[95,24],"authorship":[264,314],"acf":[],"yoast_head":"<!-- This site is optimized with the Yoast SEO Premium plugin v22.3 (Yoast SEO v22.3) - https:\/\/yoast.com\/wordpress\/plugins\/seo\/ -->\n<title>Bachelor en M\u00e9decine - FSTM I Universit\u00e9 du Luxembourg<\/title>\n<meta name=\"description\" content=\"Le Bachelor en M\u00e9decine se concentre sur le d\u00e9veloppement pr\u00e9coce de comp\u00e9tences cliniques \u00e0 travers une formation par simulation.\" \/>\n<meta name=\"robots\" content=\"index, follow, max-snippet:-1, max-image-preview:large, max-video-preview:-1\" \/>\n<link rel=\"canonical\" href=\"https:\/\/www.uni.lu\/fstm-fr\/study-programs\/bachelor-en-medecine\/\" \/>\n<meta property=\"og:locale\" content=\"fr_FR\" \/>\n<meta property=\"og:type\" content=\"article\" \/>\n<meta property=\"og:title\" content=\"Bachelor en M\u00e9decine\" \/>\n<meta property=\"og:description\" content=\"Le Bachelor en M\u00e9decine se concentre sur le d\u00e9veloppement pr\u00e9coce de comp\u00e9tences cliniques \u00e0 travers une formation par simulation.\" \/>\n<meta property=\"og:url\" content=\"https:\/\/www.uni.lu\/fstm-fr\/study-programs\/bachelor-en-medecine\/\" \/>\n<meta property=\"og:site_name\" content=\"FSTM FR\" \/>\n<meta property=\"article:publisher\" content=\"https:\/\/www.facebook.com\/fstm.uni.lu\/\" \/>\n<meta property=\"article:modified_time\" content=\"2026-03-09T17:05:35+00:00\" \/>\n<meta property=\"og:image\" content=\"https:\/\/www.uni.lu\/wp-content\/uploads\/sites\/20\/2023\/07\/230321_Uni_conf_presse-18.jpg\" \/>\n\t<meta property=\"og:image:width\" content=\"2000\" \/>\n\t<meta property=\"og:image:height\" content=\"1426\" \/>\n\t<meta property=\"og:image:type\" content=\"image\/jpeg\" \/>\n<meta name=\"twitter:card\" content=\"summary_large_image\" \/>\n<meta name=\"twitter:label1\" content=\"Dur\u00e9e de lecture estim\u00e9e\" \/>\n\t<meta name=\"twitter:data1\" content=\"2 minutes\" \/>\n<script type=\"application\/ld+json\" class=\"yoast-schema-graph\">{\"@context\":\"https:\/\/schema.org\",\"@graph\":[{\"@type\":\"WebPage\",\"@id\":\"https:\/\/www.uni.lu\/fstm-fr\/study-programs\/bachelor-en-medecine\/\",\"url\":\"https:\/\/www.uni.lu\/fstm-fr\/study-programs\/bachelor-en-medecine\/\",\"name\":\"Bachelor en M\u00e9decine - FSTM I Universit\u00e9 du Luxembourg\",\"isPartOf\":{\"@id\":\"https:\/\/www.uni.lu\/fstm-fr\/#website\"},\"primaryImageOfPage\":{\"@id\":\"https:\/\/www.uni.lu\/fstm-fr\/study-programs\/bachelor-en-medecine\/#primaryimage\"},\"image\":{\"@id\":\"https:\/\/www.uni.lu\/fstm-fr\/study-programs\/bachelor-en-medecine\/#primaryimage\"},\"thumbnailUrl\":\"https:\/\/www.uni.lu\/wp-content\/uploads\/sites\/20\/2023\/07\/230321_Uni_conf_presse-18.jpg\",\"datePublished\":\"2023-07-26T10:11:38+00:00\",\"dateModified\":\"2026-03-09T17:05:35+00:00\",\"description\":\"Le Bachelor en M\u00e9decine se concentre sur le d\u00e9veloppement pr\u00e9coce de comp\u00e9tences cliniques \u00e0 travers une formation par simulation.\",\"breadcrumb\":{\"@id\":\"https:\/\/www.uni.lu\/fstm-fr\/study-programs\/bachelor-en-medecine\/#breadcrumb\"},\"inLanguage\":\"fr-FR\",\"potentialAction\":[{\"@type\":\"ReadAction\",\"target\":[\"https:\/\/www.uni.lu\/fstm-fr\/study-programs\/bachelor-en-medecine\/\"]}]},{\"@type\":\"ImageObject\",\"inLanguage\":\"fr-FR\",\"@id\":\"https:\/\/www.uni.lu\/fstm-fr\/study-programs\/bachelor-en-medecine\/#primaryimage\",\"url\":\"https:\/\/www.uni.lu\/wp-content\/uploads\/sites\/20\/2023\/07\/230321_Uni_conf_presse-18.jpg\",\"contentUrl\":\"https:\/\/www.uni.lu\/wp-content\/uploads\/sites\/20\/2023\/07\/230321_Uni_conf_presse-18.jpg\",\"width\":2000,\"height\":1426,\"caption\":\"Bachelor en M\u00e9decine (BMED)\"},{\"@type\":\"BreadcrumbList\",\"@id\":\"https:\/\/www.uni.lu\/fstm-fr\/study-programs\/bachelor-en-medecine\/#breadcrumb\",\"itemListElement\":[{\"@type\":\"ListItem\",\"position\":1,\"name\":\"Home\",\"item\":\"https:\/\/www.uni.lu\/fr\"},{\"@type\":\"ListItem\",\"position\":2,\"name\":\"Facult\u00e9 des Sciences, des Technologies et de M\u00e9decine\",\"item\":\"https:\/\/www.uni.lu\/fstm-fr\/\"},{\"@type\":\"ListItem\",\"position\":3,\"name\":\"Programmes d'\u00e9tudes\",\"item\":\"https:\/\/www.uni.lu\/fstm-fr\/study-programs\/\"},{\"@type\":\"ListItem\",\"position\":4,\"name\":\"Bachelor en M\u00e9decine\"}]},{\"@type\":\"WebSite\",\"@id\":\"https:\/\/www.uni.lu\/fstm-fr\/#website\",\"url\":\"https:\/\/www.uni.lu\/fstm-fr\/\",\"name\":\"FSTM\",\"description\":\"Facult\u00e9 des Sciences, des Technologies et de M\u00e9decine I Uni.lu\",\"publisher\":{\"@id\":\"https:\/\/www.uni.lu\/fstm-fr\/#organization\"},\"alternateName\":\"Facult\u00e9 des Sciences, des Technologies et de M\u00e9decine I Universit\u00e9 du Luxembourg\",\"potentialAction\":[{\"@type\":\"SearchAction\",\"target\":{\"@type\":\"EntryPoint\",\"urlTemplate\":\"https:\/\/www.uni.lu\/fstm-fr\/?s={search_term_string}\"},\"query-input\":\"required name=search_term_string\"}],\"inLanguage\":\"fr-FR\"},{\"@type\":\"Organization\",\"@id\":\"https:\/\/www.uni.lu\/fstm-fr\/#organization\",\"name\":\"FSTM - Universit\u00e9 du Luxembourg I Uni.lu\",\"alternateName\":\"Facult\u00e9 des Sciences, des Technologies et de M\u00e9decine\",\"url\":\"https:\/\/www.uni.lu\/fstm-fr\/\",\"logo\":{\"@type\":\"ImageObject\",\"inLanguage\":\"fr-FR\",\"@id\":\"https:\/\/www.uni.lu\/fstm-fr\/#\/schema\/logo\/image\/\",\"url\":\"https:\/\/www.uni.lu\/wp-content\/uploads\/sites\/20\/2026\/03\/03111744\/FSTM_SM-Profile_1600x1600px-scaled.jpg\",\"contentUrl\":\"https:\/\/www.uni.lu\/wp-content\/uploads\/sites\/20\/2026\/03\/03111744\/FSTM_SM-Profile_1600x1600px-scaled.jpg\",\"width\":2560,\"height\":2560,\"caption\":\"FSTM - Universit\u00e9 du Luxembourg I Uni.lu\"},\"image\":\"https:\/\/www.uni.lu\/wp-content\/uploads\/sites\/20\/2026\/04\/24144332\/20200609-Belval-Campus_Henri-Goergen-23.jpg\",\"sameAs\":[\"https:\/\/www.facebook.com\/fstm.uni.lu\/\",\"https:\/\/www.linkedin.com\/showcase\/fstm-uni-lu\"],\"email\":\"communication@uni.lu\",\"telephone\":\"+3524666441\",\"address\":{\"@type\":\"PostalAddress\",\"streetAddress\":\"2, place de l\u2019Universit\u00e9\",\"addressLocality\":\"Esch-sur-Alzette\",\"postalCode\":\"4365\",\"addressCountry\":\"LU\"},\"description\":\"Facult\u00e9 des Sciences, des Technologies et de M\u00e9decine I Uni.lu\"}]}<\/script>\n<!-- \/ Yoast SEO Premium plugin. -->","yoast_head_json":{"title":"Bachelor en M\u00e9decine - FSTM I Universit\u00e9 du Luxembourg","description":"Le Bachelor en M\u00e9decine se concentre sur le d\u00e9veloppement pr\u00e9coce de comp\u00e9tences cliniques \u00e0 travers une formation par simulation.","robots":{"index":"index","follow":"follow","max-snippet":"max-snippet:-1","max-image-preview":"max-image-preview:large","max-video-preview":"max-video-preview:-1"},"canonical":"https:\/\/www.uni.lu\/fstm-fr\/study-programs\/bachelor-en-medecine\/","og_locale":"fr_FR","og_type":"article","og_title":"Bachelor en M\u00e9decine","og_description":"Le Bachelor en M\u00e9decine se concentre sur le d\u00e9veloppement pr\u00e9coce de comp\u00e9tences cliniques \u00e0 travers une formation par simulation.","og_url":"https:\/\/www.uni.lu\/fstm-fr\/study-programs\/bachelor-en-medecine\/","og_site_name":"FSTM FR","article_publisher":"https:\/\/www.facebook.com\/fstm.uni.lu\/","article_modified_time":"2026-03-09T17:05:35+00:00","og_image":[{"width":2000,"height":1426,"url":"https:\/\/www.uni.lu\/wp-content\/uploads\/sites\/20\/2023\/07\/230321_Uni_conf_presse-18.jpg","type":"image\/jpeg"}],"twitter_card":"summary_large_image","twitter_misc":{"Dur\u00e9e de lecture estim\u00e9e":"2 minutes"},"schema":{"@context":"https:\/\/schema.org","@graph":[{"@type":"WebPage","@id":"https:\/\/www.uni.lu\/fstm-fr\/study-programs\/bachelor-en-medecine\/","url":"https:\/\/www.uni.lu\/fstm-fr\/study-programs\/bachelor-en-medecine\/","name":"Bachelor en M\u00e9decine - FSTM I Universit\u00e9 du Luxembourg","isPartOf":{"@id":"https:\/\/www.uni.lu\/fstm-fr\/#website"},"primaryImageOfPage":{"@id":"https:\/\/www.uni.lu\/fstm-fr\/study-programs\/bachelor-en-medecine\/#primaryimage"},"image":{"@id":"https:\/\/www.uni.lu\/fstm-fr\/study-programs\/bachelor-en-medecine\/#primaryimage"},"thumbnailUrl":"https:\/\/www.uni.lu\/wp-content\/uploads\/sites\/20\/2023\/07\/230321_Uni_conf_presse-18.jpg","datePublished":"2023-07-26T10:11:38+00:00","dateModified":"2026-03-09T17:05:35+00:00","description":"Le Bachelor en M\u00e9decine se concentre sur le d\u00e9veloppement pr\u00e9coce de comp\u00e9tences cliniques \u00e0 travers une formation par simulation.","breadcrumb":{"@id":"https:\/\/www.uni.lu\/fstm-fr\/study-programs\/bachelor-en-medecine\/#breadcrumb"},"inLanguage":"fr-FR","potentialAction":[{"@type":"ReadAction","target":["https:\/\/www.uni.lu\/fstm-fr\/study-programs\/bachelor-en-medecine\/"]}]},{"@type":"ImageObject","inLanguage":"fr-FR","@id":"https:\/\/www.uni.lu\/fstm-fr\/study-programs\/bachelor-en-medecine\/#primaryimage","url":"https:\/\/www.uni.lu\/wp-content\/uploads\/sites\/20\/2023\/07\/230321_Uni_conf_presse-18.jpg","contentUrl":"https:\/\/www.uni.lu\/wp-content\/uploads\/sites\/20\/2023\/07\/230321_Uni_conf_presse-18.jpg","width":2000,"height":1426,"caption":"Bachelor en M\u00e9decine (BMED)"},{"@type":"BreadcrumbList","@id":"https:\/\/www.uni.lu\/fstm-fr\/study-programs\/bachelor-en-medecine\/#breadcrumb","itemListElement":[{"@type":"ListItem","position":1,"name":"Home","item":"https:\/\/www.uni.lu\/fr"},{"@type":"ListItem","position":2,"name":"Facult\u00e9 des Sciences, des Technologies et de M\u00e9decine","item":"https:\/\/www.uni.lu\/fstm-fr\/"},{"@type":"ListItem","position":3,"name":"Programmes d'\u00e9tudes","item":"https:\/\/www.uni.lu\/fstm-fr\/study-programs\/"},{"@type":"ListItem","position":4,"name":"Bachelor en M\u00e9decine"}]},{"@type":"WebSite","@id":"https:\/\/www.uni.lu\/fstm-fr\/#website","url":"https:\/\/www.uni.lu\/fstm-fr\/","name":"FSTM","description":"Facult\u00e9 des Sciences, des Technologies et de M\u00e9decine I Uni.lu","publisher":{"@id":"https:\/\/www.uni.lu\/fstm-fr\/#organization"},"alternateName":"Facult\u00e9 des Sciences, des Technologies et de M\u00e9decine I Universit\u00e9 du Luxembourg","potentialAction":[{"@type":"SearchAction","target":{"@type":"EntryPoint","urlTemplate":"https:\/\/www.uni.lu\/fstm-fr\/?s={search_term_string}"},"query-input":"required name=search_term_string"}],"inLanguage":"fr-FR"},{"@type":"Organization","@id":"https:\/\/www.uni.lu\/fstm-fr\/#organization","name":"FSTM - Universit\u00e9 du Luxembourg I Uni.lu","alternateName":"Facult\u00e9 des Sciences, des Technologies et de M\u00e9decine","url":"https:\/\/www.uni.lu\/fstm-fr\/","logo":{"@type":"ImageObject","inLanguage":"fr-FR","@id":"https:\/\/www.uni.lu\/fstm-fr\/#\/schema\/logo\/image\/","url":"https:\/\/www.uni.lu\/wp-content\/uploads\/sites\/20\/2026\/03\/03111744\/FSTM_SM-Profile_1600x1600px-scaled.jpg","contentUrl":"https:\/\/www.uni.lu\/wp-content\/uploads\/sites\/20\/2026\/03\/03111744\/FSTM_SM-Profile_1600x1600px-scaled.jpg","width":2560,"height":2560,"caption":"FSTM - Universit\u00e9 du Luxembourg I Uni.lu"},"image":"https:\/\/www.uni.lu\/wp-content\/uploads\/sites\/20\/2026\/04\/24144332\/20200609-Belval-Campus_Henri-Goergen-23.jpg","sameAs":["https:\/\/www.facebook.com\/fstm.uni.lu\/","https:\/\/www.linkedin.com\/showcase\/fstm-uni-lu"],"email":"communication@uni.lu","telephone":"+3524666441","address":{"@type":"PostalAddress","streetAddress":"2, place de l\u2019Universit\u00e9","addressLocality":"Esch-sur-Alzette","postalCode":"4365","addressCountry":"LU"},"description":"Facult\u00e9 des Sciences, des Technologies et de M\u00e9decine I Uni.lu"}]}},"_links":{"self":[{"href":"https:\/\/www.uni.lu\/fstm-fr\/wp-json\/wp\/v2\/study-programs\/923"}],"collection":[{"href":"https:\/\/www.uni.lu\/fstm-fr\/wp-json\/wp\/v2\/study-programs"}],"about":[{"href":"https:\/\/www.uni.lu\/fstm-fr\/wp-json\/wp\/v2\/types\/study-programs"}],"author":[{"embeddable":true,"href":"https:\/\/www.uni.lu\/fstm-fr\/wp-json\/wp\/v2\/users\/264"}],"version-history":[{"count":0,"href":"https:\/\/www.uni.lu\/fstm-fr\/wp-json\/wp\/v2\/study-programs\/923\/revisions"}],"wp:authorship":[{"embeddable":true,"href":"https:\/\/www.uni.lu\/fstm-fr\/wp-json\/wp\/v2\/users\/264"},{"embeddable":true,"href":"https:\/\/www.uni.lu\/fstm-fr\/wp-json\/wp\/v2\/users\/314"}],"wp:featuredmedia":[{"embeddable":true,"href":"https:\/\/www.uni.lu\/fstm-fr\/wp-json\/wp\/v2\/media\/1122"}],"wp:attachment":[{"href":"https:\/\/www.uni.lu\/fstm-fr\/wp-json\/wp\/v2\/media?parent=923"}],"wp:term":[{"taxonomy":"type-of-studies","embeddable":true,"href":"https:\/\/www.uni.lu\/fstm-fr\/wp-json\/wp\/v2\/type-of-studies?post=923"},{"taxonomy":"teaching-languages","embeddable":true,"href":"https:\/\/www.uni.lu\/fstm-fr\/wp-json\/wp\/v2\/teaching-languages?post=923"},{"taxonomy":"field-of-interest","embeddable":true,"href":"https:\/\/www.uni.lu\/fstm-fr\/wp-json\/wp\/v2\/field-of-interest?post=923"},{"taxonomy":"organisation","embeddable":true,"href":"https:\/\/www.uni.lu\/fstm-fr\/wp-json\/wp\/v2\/organisation?post=923"}],"curies":[{"name":"wp","href":"https:\/\/api.w.org\/{rel}","templated":true}]}}