{"id":2170,"date":"2022-11-16T13:31:40","date_gmt":"2022-11-16T12:31:40","guid":{"rendered":"https:\/\/www.uni.lu\/fstm-fr\/events\/co2redres-conference\/"},"modified":"2022-11-16T13:31:40","modified_gmt":"2022-11-16T12:31:40","slug":"co2redres-conference","status":"publish","type":"events","link":"https:\/\/www.uni.lu\/fstm-fr\/events\/co2redres-conference\/","title":{"rendered":"CO2REDRES Conference"},"content":{"rendered":"<section class=\"wp-block-unilux-blocks-free-section section\"><div class=\"container xl:max-w-screen-xl\"><p>Our CO2REDRES conference will take place on Tuesday, 13 December 2022 from 09:00 to 16:30 on Campus Limpertsberg (room BSC 003) at the University of Luxembourg.<\/p><p>The conference will bring together the relevant stakeholders in the region and internationally to share their insights on innovation and the latest developments in the field of sustainable concrete as well as the results of the project CO2REDRES.<\/p><p>The morning session will include talks from academic representatives and industrial partners focusing on the importance of sustainability in the built environment as a whole and the latest new developments in this field.<\/p><p>In the afternoon, more in-depth presentations on the findings of the researchers from the university partners during the project time will take place.<\/p><p>The conference addresses businesses and the public administration in general, engineering students, sustainability and construction industry professionals, academic staff, and the public interested in this topic. Everyone is welcome to join!<\/p><p>Please save December 13, 2022 in your diaries. Further information regarding the programme will follow soon. We are already looking forward to welcoming you.<\/p><\/div><\/section>","protected":false},"excerpt":{"rendered":"","protected":false},"author":0,"featured_media":2171,"parent":0,"menu_order":0,"comment_status":"open","ping_status":"closed","template":"","format":"standard","meta":{"featured_image_focal_point":[],"show_featured_caption":false,"ulux_newsletter_groups":"","uluxPostTitle":"","uluxPrePostTitle":"","_trash_the_other_posts":false,"_price":"","_stock":"","_tribe_ticket_header":"","_tribe_default_ticket_provider":"","_tribe_ticket_capacity":"0","_ticket_start_date":"","_ticket_end_date":"","_tribe_ticket_show_description":"","_tribe_ticket_show_not_going":false,"_tribe_ticket_use_global_stock":"","_tribe_ticket_global_stock_level":"","_global_stock_mode":"","_global_stock_cap":"","_tribe_rsvp_for_event":"","_tribe_ticket_going_count":"","_tribe_ticket_not_going_count":"","_tribe_tickets_list":"[]","_tribe_ticket_has_attendee_info_fields":false,"event_start_date":"2022-12-13 09:00:00","event_end_date":"2022-12-13 16:00:00","event_speaker_name":"","event_speaker_link":"","event_is_online":false,"event_location":"Campus Limperstberg - Room BSC 003 ","event_street":"","event_location_link":"","event_zip_code":"","event_city":"","event_country":"LU"},"events-topic":[],"events-type":[],"organisation":[24],"authorship":[],"acf":[],"yoast_head":"<!-- This site is optimized with the Yoast SEO Premium plugin v22.3 (Yoast SEO v22.3) - https:\/\/yoast.com\/wordpress\/plugins\/seo\/ -->\n<title>CO2REDRES Conference - FSTM I Uni.lu<\/title>\n<meta name=\"description\" content=\"Our CO2REDRES conference will take place on Tuesday, 13 December 2022 from 09:00 to 16:30 on Campus Limpertsberg (room BSC 003) at the University of\" \/>\n<meta name=\"robots\" content=\"index, follow, max-snippet:-1, max-image-preview:large, max-video-preview:-1\" \/>\n<link rel=\"canonical\" href=\"https:\/\/www.uni.lu\/fstm-fr\/events\/co2redres-conference\/\" \/>\n<meta property=\"og:locale\" content=\"fr_FR\" \/>\n<meta property=\"og:type\" content=\"article\" \/>\n<meta property=\"og:title\" content=\"CO2REDRES Conference\" \/>\n<meta property=\"og:description\" content=\"Our CO2REDRES conference will take place on Tuesday, 13 December 2022 from 09:00 to 16:30 on Campus Limpertsberg (room BSC 003) at the University of\" \/>\n<meta property=\"og:url\" content=\"https:\/\/www.uni.lu\/fstm-fr\/events\/co2redres-conference\/\" \/>\n<meta property=\"og:site_name\" content=\"FSTM FR\" \/>\n<meta property=\"article:publisher\" content=\"https:\/\/www.facebook.com\/fstm.uni.lu\/\" \/>\n<meta property=\"og:image\" content=\"https:\/\/www.uni.lu\/wp-content\/uploads\/sites\/20\/2026\/03\/03111744\/FSTM_SM-Profile_1600x1600px-scaled.jpg\" \/>\n\t<meta property=\"og:image:width\" content=\"2560\" \/>\n\t<meta property=\"og:image:height\" content=\"2560\" \/>\n\t<meta property=\"og:image:type\" content=\"image\/jpeg\" \/>\n<meta name=\"twitter:card\" content=\"summary_large_image\" \/>\n<meta name=\"twitter:label1\" content=\"Dur\u00e9e de lecture estim\u00e9e\" \/>\n\t<meta name=\"twitter:data1\" content=\"1 minute\" \/>\n<script type=\"application\/ld+json\" class=\"yoast-schema-graph\">{\"@context\":\"https:\/\/schema.org\",\"@graph\":[{\"@type\":\"WebPage\",\"@id\":\"https:\/\/www.uni.lu\/fstm-fr\/events\/co2redres-conference\/\",\"url\":\"https:\/\/www.uni.lu\/fstm-fr\/events\/co2redres-conference\/\",\"name\":\"CO2REDRES Conference - FSTM I Uni.lu\",\"isPartOf\":{\"@id\":\"https:\/\/www.uni.lu\/fstm-fr\/#website\"},\"primaryImageOfPage\":{\"@id\":\"https:\/\/www.uni.lu\/fstm-fr\/events\/co2redres-conference\/#primaryimage\"},\"image\":{\"@id\":\"https:\/\/www.uni.lu\/fstm-fr\/events\/co2redres-conference\/#primaryimage\"},\"thumbnailUrl\":\"https:\/\/www.uni.lu\/wp-content\/uploads\/sites\/20\/2022\/11\/default-10.jpg\",\"datePublished\":\"2022-11-16T12:31:40+00:00\",\"dateModified\":\"2022-11-16T12:31:40+00:00\",\"description\":\"Our CO2REDRES conference will take place on Tuesday, 13 December 2022 from 09:00 to 16:30 on Campus Limpertsberg (room BSC 003) at the University of\",\"breadcrumb\":{\"@id\":\"https:\/\/www.uni.lu\/fstm-fr\/events\/co2redres-conference\/#breadcrumb\"},\"inLanguage\":\"fr-FR\",\"potentialAction\":[{\"@type\":\"ReadAction\",\"target\":[\"https:\/\/www.uni.lu\/fstm-fr\/events\/co2redres-conference\/\"]}]},{\"@type\":\"ImageObject\",\"inLanguage\":\"fr-FR\",\"@id\":\"https:\/\/www.uni.lu\/fstm-fr\/events\/co2redres-conference\/#primaryimage\",\"url\":\"https:\/\/www.uni.lu\/wp-content\/uploads\/sites\/20\/2022\/11\/default-10.jpg\",\"contentUrl\":\"https:\/\/www.uni.lu\/wp-content\/uploads\/sites\/20\/2022\/11\/default-10.jpg\",\"width\":1500,\"height\":1125},{\"@type\":\"BreadcrumbList\",\"@id\":\"https:\/\/www.uni.lu\/fstm-fr\/events\/co2redres-conference\/#breadcrumb\",\"itemListElement\":[{\"@type\":\"ListItem\",\"position\":1,\"name\":\"Home\",\"item\":\"https:\/\/www.uni.lu\/fr\"},{\"@type\":\"ListItem\",\"position\":2,\"name\":\"Facult\u00e9 des Sciences, des Technologies et de M\u00e9decine\",\"item\":\"https:\/\/www.uni.lu\/fstm-fr\/\"},{\"@type\":\"ListItem\",\"position\":3,\"name\":\"Events\",\"item\":\"https:\/\/www.uni.lu\/fstm-fr\/events\/\"},{\"@type\":\"ListItem\",\"position\":4,\"name\":\"CO2REDRES Conference\"}]},{\"@type\":\"WebSite\",\"@id\":\"https:\/\/www.uni.lu\/fstm-fr\/#website\",\"url\":\"https:\/\/www.uni.lu\/fstm-fr\/\",\"name\":\"FSTM\",\"description\":\"Facult\u00e9 des Sciences, des Technologies et de M\u00e9decine I Uni.lu\",\"publisher\":{\"@id\":\"https:\/\/www.uni.lu\/fstm-fr\/#organization\"},\"alternateName\":\"Facult\u00e9 des Sciences, des Technologies et de M\u00e9decine I Universit\u00e9 du Luxembourg\",\"potentialAction\":[{\"@type\":\"SearchAction\",\"target\":{\"@type\":\"EntryPoint\",\"urlTemplate\":\"https:\/\/www.uni.lu\/fstm-fr\/?s={search_term_string}\"},\"query-input\":\"required name=search_term_string\"}],\"inLanguage\":\"fr-FR\"},{\"@type\":\"Organization\",\"@id\":\"https:\/\/www.uni.lu\/fstm-fr\/#organization\",\"name\":\"FSTM - Universit\u00e9 du Luxembourg I Uni.lu\",\"alternateName\":\"Facult\u00e9 des Sciences, des Technologies et de M\u00e9decine\",\"url\":\"https:\/\/www.uni.lu\/fstm-fr\/\",\"logo\":{\"@type\":\"ImageObject\",\"inLanguage\":\"fr-FR\",\"@id\":\"https:\/\/www.uni.lu\/fstm-fr\/#\/schema\/logo\/image\/\",\"url\":\"https:\/\/www.uni.lu\/wp-content\/uploads\/sites\/20\/2026\/03\/03111744\/FSTM_SM-Profile_1600x1600px-scaled.jpg\",\"contentUrl\":\"https:\/\/www.uni.lu\/wp-content\/uploads\/sites\/20\/2026\/03\/03111744\/FSTM_SM-Profile_1600x1600px-scaled.jpg\",\"width\":2560,\"height\":2560,\"caption\":\"FSTM - Universit\u00e9 du Luxembourg I Uni.lu\"},\"image\":\"https:\/\/www.uni.lu\/wp-content\/uploads\/sites\/20\/2026\/04\/24144332\/20200609-Belval-Campus_Henri-Goergen-23.jpg\",\"sameAs\":[\"https:\/\/www.facebook.com\/fstm.uni.lu\/\",\"https:\/\/www.linkedin.com\/showcase\/fstm-uni-lu\"],\"email\":\"communication@uni.lu\",\"telephone\":\"+3524666441\",\"address\":{\"@type\":\"PostalAddress\",\"streetAddress\":\"2, place de l\u2019Universit\u00e9\",\"addressLocality\":\"Esch-sur-Alzette\",\"postalCode\":\"4365\",\"addressCountry\":\"LU\"},\"description\":\"Facult\u00e9 des Sciences, des Technologies et de M\u00e9decine I Uni.lu\"}]}<\/script>\n<!-- \/ Yoast SEO Premium plugin. -->","yoast_head_json":{"title":"CO2REDRES Conference - FSTM I Uni.lu","description":"Our CO2REDRES conference will take place on Tuesday, 13 December 2022 from 09:00 to 16:30 on Campus Limpertsberg (room BSC 003) at the University of","robots":{"index":"index","follow":"follow","max-snippet":"max-snippet:-1","max-image-preview":"max-image-preview:large","max-video-preview":"max-video-preview:-1"},"canonical":"https:\/\/www.uni.lu\/fstm-fr\/events\/co2redres-conference\/","og_locale":"fr_FR","og_type":"article","og_title":"CO2REDRES Conference","og_description":"Our CO2REDRES conference will take place on Tuesday, 13 December 2022 from 09:00 to 16:30 on Campus Limpertsberg (room BSC 003) at the University of","og_url":"https:\/\/www.uni.lu\/fstm-fr\/events\/co2redres-conference\/","og_site_name":"FSTM FR","article_publisher":"https:\/\/www.facebook.com\/fstm.uni.lu\/","og_image":[{"width":2560,"height":2560,"url":"https:\/\/www.uni.lu\/wp-content\/uploads\/sites\/20\/2026\/03\/03111744\/FSTM_SM-Profile_1600x1600px-scaled.jpg","type":"image\/jpeg"}],"twitter_card":"summary_large_image","twitter_misc":{"Dur\u00e9e de lecture estim\u00e9e":"1 minute"},"schema":{"@context":"https:\/\/schema.org","@graph":[{"@type":"WebPage","@id":"https:\/\/www.uni.lu\/fstm-fr\/events\/co2redres-conference\/","url":"https:\/\/www.uni.lu\/fstm-fr\/events\/co2redres-conference\/","name":"CO2REDRES Conference - FSTM I Uni.lu","isPartOf":{"@id":"https:\/\/www.uni.lu\/fstm-fr\/#website"},"primaryImageOfPage":{"@id":"https:\/\/www.uni.lu\/fstm-fr\/events\/co2redres-conference\/#primaryimage"},"image":{"@id":"https:\/\/www.uni.lu\/fstm-fr\/events\/co2redres-conference\/#primaryimage"},"thumbnailUrl":"https:\/\/www.uni.lu\/wp-content\/uploads\/sites\/20\/2022\/11\/default-10.jpg","datePublished":"2022-11-16T12:31:40+00:00","dateModified":"2022-11-16T12:31:40+00:00","description":"Our CO2REDRES conference will take place on Tuesday, 13 December 2022 from 09:00 to 16:30 on Campus Limpertsberg (room BSC 003) at the University of","breadcrumb":{"@id":"https:\/\/www.uni.lu\/fstm-fr\/events\/co2redres-conference\/#breadcrumb"},"inLanguage":"fr-FR","potentialAction":[{"@type":"ReadAction","target":["https:\/\/www.uni.lu\/fstm-fr\/events\/co2redres-conference\/"]}]},{"@type":"ImageObject","inLanguage":"fr-FR","@id":"https:\/\/www.uni.lu\/fstm-fr\/events\/co2redres-conference\/#primaryimage","url":"https:\/\/www.uni.lu\/wp-content\/uploads\/sites\/20\/2022\/11\/default-10.jpg","contentUrl":"https:\/\/www.uni.lu\/wp-content\/uploads\/sites\/20\/2022\/11\/default-10.jpg","width":1500,"height":1125},{"@type":"BreadcrumbList","@id":"https:\/\/www.uni.lu\/fstm-fr\/events\/co2redres-conference\/#breadcrumb","itemListElement":[{"@type":"ListItem","position":1,"name":"Home","item":"https:\/\/www.uni.lu\/fr"},{"@type":"ListItem","position":2,"name":"Facult\u00e9 des Sciences, des Technologies et de M\u00e9decine","item":"https:\/\/www.uni.lu\/fstm-fr\/"},{"@type":"ListItem","position":3,"name":"Events","item":"https:\/\/www.uni.lu\/fstm-fr\/events\/"},{"@type":"ListItem","position":4,"name":"CO2REDRES Conference"}]},{"@type":"WebSite","@id":"https:\/\/www.uni.lu\/fstm-fr\/#website","url":"https:\/\/www.uni.lu\/fstm-fr\/","name":"FSTM","description":"Facult\u00e9 des Sciences, des Technologies et de M\u00e9decine I Uni.lu","publisher":{"@id":"https:\/\/www.uni.lu\/fstm-fr\/#organization"},"alternateName":"Facult\u00e9 des Sciences, des Technologies et de M\u00e9decine I Universit\u00e9 du Luxembourg","potentialAction":[{"@type":"SearchAction","target":{"@type":"EntryPoint","urlTemplate":"https:\/\/www.uni.lu\/fstm-fr\/?s={search_term_string}"},"query-input":"required name=search_term_string"}],"inLanguage":"fr-FR"},{"@type":"Organization","@id":"https:\/\/www.uni.lu\/fstm-fr\/#organization","name":"FSTM - Universit\u00e9 du Luxembourg I Uni.lu","alternateName":"Facult\u00e9 des Sciences, des Technologies et de M\u00e9decine","url":"https:\/\/www.uni.lu\/fstm-fr\/","logo":{"@type":"ImageObject","inLanguage":"fr-FR","@id":"https:\/\/www.uni.lu\/fstm-fr\/#\/schema\/logo\/image\/","url":"https:\/\/www.uni.lu\/wp-content\/uploads\/sites\/20\/2026\/03\/03111744\/FSTM_SM-Profile_1600x1600px-scaled.jpg","contentUrl":"https:\/\/www.uni.lu\/wp-content\/uploads\/sites\/20\/2026\/03\/03111744\/FSTM_SM-Profile_1600x1600px-scaled.jpg","width":2560,"height":2560,"caption":"FSTM - Universit\u00e9 du Luxembourg I Uni.lu"},"image":"https:\/\/www.uni.lu\/wp-content\/uploads\/sites\/20\/2026\/04\/24144332\/20200609-Belval-Campus_Henri-Goergen-23.jpg","sameAs":["https:\/\/www.facebook.com\/fstm.uni.lu\/","https:\/\/www.linkedin.com\/showcase\/fstm-uni-lu"],"email":"communication@uni.lu","telephone":"+3524666441","address":{"@type":"PostalAddress","streetAddress":"2, place de l\u2019Universit\u00e9","addressLocality":"Esch-sur-Alzette","postalCode":"4365","addressCountry":"LU"},"description":"Facult\u00e9 des Sciences, des Technologies et de M\u00e9decine I Uni.lu"}]}},"_links":{"self":[{"href":"https:\/\/www.uni.lu\/fstm-fr\/wp-json\/wp\/v2\/events\/2170"}],"collection":[{"href":"https:\/\/www.uni.lu\/fstm-fr\/wp-json\/wp\/v2\/events"}],"about":[{"href":"https:\/\/www.uni.lu\/fstm-fr\/wp-json\/wp\/v2\/types\/events"}],"replies":[{"embeddable":true,"href":"https:\/\/www.uni.lu\/fstm-fr\/wp-json\/wp\/v2\/comments?post=2170"}],"version-history":[{"count":0,"href":"https:\/\/www.uni.lu\/fstm-fr\/wp-json\/wp\/v2\/events\/2170\/revisions"}],"wp:featuredmedia":[{"embeddable":true,"href":"https:\/\/www.uni.lu\/fstm-fr\/wp-json\/wp\/v2\/media\/2171"}],"wp:attachment":[{"href":"https:\/\/www.uni.lu\/fstm-fr\/wp-json\/wp\/v2\/media?parent=2170"}],"wp:term":[{"taxonomy":"events-topic","embeddable":true,"href":"https:\/\/www.uni.lu\/fstm-fr\/wp-json\/wp\/v2\/events-topic?post=2170"},{"taxonomy":"events-type","embeddable":true,"href":"https:\/\/www.uni.lu\/fstm-fr\/wp-json\/wp\/v2\/events-type?post=2170"},{"taxonomy":"organisation","embeddable":true,"href":"https:\/\/www.uni.lu\/fstm-fr\/wp-json\/wp\/v2\/organisation?post=2170"}],"curies":[{"name":"wp","href":"https:\/\/api.w.org\/{rel}","templated":true}]}}