{"id":2053,"date":"2022-05-19T13:32:14","date_gmt":"2022-05-19T11:32:14","guid":{"rendered":"https:\/\/www.uni.lu\/fstm-fr\/events\/workshop-space-technical-standardization\/"},"modified":"2022-05-19T13:32:14","modified_gmt":"2022-05-19T11:32:14","slug":"workshop-space-technical-standardization","status":"publish","type":"events","link":"https:\/\/www.uni.lu\/fstm-fr\/events\/workshop-space-technical-standardization\/","title":{"rendered":"Workshop \u201cSpace &amp; Technical Standardization\u201d"},"content":{"rendered":"<section class=\"wp-block-unilux-blocks-free-section section\"><div class=\"container xl:max-w-screen-xl\"><p>In collaboration with the University of Luxembourg, ILNAS will organize a Workshop \u201cSpace &#038; Technical Standardization\u201d on Wednesday June 29<sup>th\u00a0<\/sup>2022 at the <i>Maison de la Biom\u00e9decine II<\/i> (Biotech II) on the Belval Campus.<\/p><p>This workshop will address the space domain from the technical standardization point of view and related activities in the Grand Duchy of Luxembourg.<\/p><p>The first session will give an overview of <a href=\"https:\/\/portail-qualite.public.lu\/fr\/normes-normalisation\/secteurs\/aerospatial.html\" target=\"_self\" title=\"\" rel=\"noopener\"><strong>technical standardization developments for the space sector in Luxembourg<\/strong><\/a> with a particular focus on<strong>\u00a0the new edition of the Standards Analysis of the Aerospace Sector &#8211; Luxembourg.<\/strong><\/p><p>The second session, dedicated to standardization, research and education, will notably introduce the <strong><a href=\"https:\/\/portail-qualite.public.lu\/fr\/normes-normalisation\/education-recherche\/normalisation-recherche.html\" target=\"_self\" title=\"\" rel=\"noopener\">joint ILNAS\/University of Luxembourg-SnT research program \u201cTechnical Standardisation for Trustworthy ICT, Aerospace and Construction<\/a><\/strong>\u201d, including the presentation of the PhD student involved in the program, for the space sector, and the related objectives.<\/p><p><strong>Note\u00a0: The workshop will be organized in English.<\/strong><\/p><p>While participation is free-of-charge, the number of available seats is limited. Therefore, registration is mandatory. We invite you to confirm your presence by Thursday, June 21<sup>th\u00a0<\/sup>2022 at the latest.<\/p><p>In case of cancellation or replacement by another participant, we kindly invite you to inform us by e-mail. Any cancellation not communicated less than 7 days prior to the event may result in administrative fees of up to 30,00 \u20ac per person.<\/p><p>Register <a href=\"https:\/\/www.eventbrite.com\/e\/workshop-space-technical-standardization-ilnasuniversite-du-luxembourg-tickets-345575614967\" target=\"_self\" title=\"\" rel=\"noopener\">here<\/a>\u00a0<\/p><\/div><\/section>","protected":false},"excerpt":{"rendered":"<p>In collaboration with the University of Luxembourg, ILNAS will organize a Workshop \u201cSpace &amp; Technical Standardization\u201d on Wednesday June 29th\u00a02022 at the Maison de la Biom\u00e9decine II (Biotech II) on the Belval Campus.This workshop will address the space domain from the technical standardization point of view and related activities in the Grand Duchy of Luxembourg.<\/p>\n","protected":false},"author":0,"featured_media":2054,"parent":0,"menu_order":0,"comment_status":"open","ping_status":"closed","template":"","format":"standard","meta":{"featured_image_focal_point":[],"show_featured_caption":false,"ulux_newsletter_groups":"","uluxPostTitle":"","uluxPrePostTitle":"","_trash_the_other_posts":false,"_price":"","_stock":"","_tribe_ticket_header":"","_tribe_default_ticket_provider":"","_tribe_ticket_capacity":"0","_ticket_start_date":"","_ticket_end_date":"","_tribe_ticket_show_description":"","_tribe_ticket_show_not_going":false,"_tribe_ticket_use_global_stock":"","_tribe_ticket_global_stock_level":"","_global_stock_mode":"","_global_stock_cap":"","_tribe_rsvp_for_event":"","_tribe_ticket_going_count":"","_tribe_ticket_not_going_count":"","_tribe_tickets_list":"[]","_tribe_ticket_has_attendee_info_fields":false,"event_start_date":"2022-06-29 09:30:00","event_end_date":"2022-06-29 14:00:00","event_speaker_name":"","event_speaker_link":"","event_is_online":false,"event_location":"University of Luxembourg (Belval Campus)\r\nBiotech II\r\n6, avenue du Swing\r\nL-4367 Belvaux\r\n","event_street":"","event_location_link":"","event_zip_code":"","event_city":"","event_country":"LU"},"events-topic":[],"events-type":[],"organisation":[24],"authorship":[],"acf":[],"yoast_head":"<!-- This site is optimized with the Yoast SEO Premium plugin v22.3 (Yoast SEO v22.3) - https:\/\/yoast.com\/wordpress\/plugins\/seo\/ -->\n<title>Workshop \u201cSpace &amp; Technical Standardization\u201d - FSTM I Uni.lu<\/title>\n<meta name=\"description\" content=\"In collaboration with the University of Luxembourg, ILNAS will organize a Workshop \u201cSpace &amp; Technical Standardization\u201d on Wednesday June 29th\u00a02022 at the Maison de la Biom\u00e9decine II (Biotech II) on the Belval Campus.This workshop will address the space domain from the technical standardization point of view and related activities in the Grand Duchy of Luxembourg.\" \/>\n<meta name=\"robots\" content=\"index, follow, max-snippet:-1, max-image-preview:large, max-video-preview:-1\" \/>\n<link rel=\"canonical\" href=\"https:\/\/www.uni.lu\/fstm-fr\/events\/workshop-space-technical-standardization\/\" \/>\n<meta property=\"og:locale\" content=\"fr_FR\" \/>\n<meta property=\"og:type\" content=\"article\" \/>\n<meta property=\"og:title\" content=\"Workshop \u201cSpace &amp; Technical Standardization\u201d\" \/>\n<meta property=\"og:description\" content=\"In collaboration with the University of Luxembourg, ILNAS will organize a Workshop \u201cSpace &amp; Technical Standardization\u201d on Wednesday June 29th\u00a02022 at the Maison de la Biom\u00e9decine II (Biotech II) on the Belval Campus.This workshop will address the space domain from the technical standardization point of view and related activities in the Grand Duchy of Luxembourg.\" \/>\n<meta property=\"og:url\" content=\"https:\/\/www.uni.lu\/fstm-fr\/events\/workshop-space-technical-standardization\/\" \/>\n<meta property=\"og:site_name\" content=\"FSTM FR\" \/>\n<meta property=\"article:publisher\" content=\"https:\/\/www.facebook.com\/fstm.uni.lu\/\" \/>\n<meta property=\"og:image\" content=\"https:\/\/www.uni.lu\/wp-content\/uploads\/sites\/20\/2026\/03\/03111744\/FSTM_SM-Profile_1600x1600px-scaled.jpg\" \/>\n\t<meta property=\"og:image:width\" content=\"2560\" \/>\n\t<meta property=\"og:image:height\" content=\"2560\" \/>\n\t<meta property=\"og:image:type\" content=\"image\/jpeg\" \/>\n<meta name=\"twitter:card\" content=\"summary_large_image\" \/>\n<meta name=\"twitter:label1\" content=\"Dur\u00e9e de lecture estim\u00e9e\" \/>\n\t<meta name=\"twitter:data1\" content=\"1 minute\" \/>\n<script type=\"application\/ld+json\" class=\"yoast-schema-graph\">{\"@context\":\"https:\/\/schema.org\",\"@graph\":[{\"@type\":\"WebPage\",\"@id\":\"https:\/\/www.uni.lu\/fstm-fr\/events\/workshop-space-technical-standardization\/\",\"url\":\"https:\/\/www.uni.lu\/fstm-fr\/events\/workshop-space-technical-standardization\/\",\"name\":\"Workshop \u201cSpace &amp; Technical Standardization\u201d - FSTM I Uni.lu\",\"isPartOf\":{\"@id\":\"https:\/\/www.uni.lu\/fstm-fr\/#website\"},\"primaryImageOfPage\":{\"@id\":\"https:\/\/www.uni.lu\/fstm-fr\/events\/workshop-space-technical-standardization\/#primaryimage\"},\"image\":{\"@id\":\"https:\/\/www.uni.lu\/fstm-fr\/events\/workshop-space-technical-standardization\/#primaryimage\"},\"thumbnailUrl\":\"https:\/\/www.uni.lu\/wp-content\/uploads\/sites\/20\/2022\/05\/workshop_space_technical_standardization.png\",\"datePublished\":\"2022-05-19T11:32:14+00:00\",\"dateModified\":\"2022-05-19T11:32:14+00:00\",\"description\":\"In collaboration with the University of Luxembourg, ILNAS will organize a Workshop \u201cSpace &amp; Technical Standardization\u201d on Wednesday June 29th\u00a02022 at the Maison de la Biom\u00e9decine II (Biotech II) on the Belval Campus.This workshop will address the space domain from the technical standardization point of view and related activities in the Grand Duchy of Luxembourg.\",\"breadcrumb\":{\"@id\":\"https:\/\/www.uni.lu\/fstm-fr\/events\/workshop-space-technical-standardization\/#breadcrumb\"},\"inLanguage\":\"fr-FR\",\"potentialAction\":[{\"@type\":\"ReadAction\",\"target\":[\"https:\/\/www.uni.lu\/fstm-fr\/events\/workshop-space-technical-standardization\/\"]}]},{\"@type\":\"ImageObject\",\"inLanguage\":\"fr-FR\",\"@id\":\"https:\/\/www.uni.lu\/fstm-fr\/events\/workshop-space-technical-standardization\/#primaryimage\",\"url\":\"https:\/\/www.uni.lu\/wp-content\/uploads\/sites\/20\/2022\/05\/workshop_space_technical_standardization.png\",\"contentUrl\":\"https:\/\/www.uni.lu\/wp-content\/uploads\/sites\/20\/2022\/05\/workshop_space_technical_standardization.png\",\"width\":851,\"height\":352},{\"@type\":\"BreadcrumbList\",\"@id\":\"https:\/\/www.uni.lu\/fstm-fr\/events\/workshop-space-technical-standardization\/#breadcrumb\",\"itemListElement\":[{\"@type\":\"ListItem\",\"position\":1,\"name\":\"Home\",\"item\":\"https:\/\/www.uni.lu\/fr\"},{\"@type\":\"ListItem\",\"position\":2,\"name\":\"Facult\u00e9 des Sciences, des Technologies et de M\u00e9decine\",\"item\":\"https:\/\/www.uni.lu\/fstm-fr\/\"},{\"@type\":\"ListItem\",\"position\":3,\"name\":\"Events\",\"item\":\"https:\/\/www.uni.lu\/fstm-fr\/events\/\"},{\"@type\":\"ListItem\",\"position\":4,\"name\":\"Workshop \u201cSpace &amp; Technical Standardization\u201d\"}]},{\"@type\":\"WebSite\",\"@id\":\"https:\/\/www.uni.lu\/fstm-fr\/#website\",\"url\":\"https:\/\/www.uni.lu\/fstm-fr\/\",\"name\":\"FSTM\",\"description\":\"Facult\u00e9 des Sciences, des Technologies et de M\u00e9decine I Uni.lu\",\"publisher\":{\"@id\":\"https:\/\/www.uni.lu\/fstm-fr\/#organization\"},\"alternateName\":\"Facult\u00e9 des Sciences, des Technologies et de M\u00e9decine I Universit\u00e9 du Luxembourg\",\"potentialAction\":[{\"@type\":\"SearchAction\",\"target\":{\"@type\":\"EntryPoint\",\"urlTemplate\":\"https:\/\/www.uni.lu\/fstm-fr\/?s={search_term_string}\"},\"query-input\":\"required name=search_term_string\"}],\"inLanguage\":\"fr-FR\"},{\"@type\":\"Organization\",\"@id\":\"https:\/\/www.uni.lu\/fstm-fr\/#organization\",\"name\":\"FSTM - Universit\u00e9 du Luxembourg I Uni.lu\",\"alternateName\":\"Facult\u00e9 des Sciences, des Technologies et de M\u00e9decine\",\"url\":\"https:\/\/www.uni.lu\/fstm-fr\/\",\"logo\":{\"@type\":\"ImageObject\",\"inLanguage\":\"fr-FR\",\"@id\":\"https:\/\/www.uni.lu\/fstm-fr\/#\/schema\/logo\/image\/\",\"url\":\"https:\/\/www.uni.lu\/wp-content\/uploads\/sites\/20\/2026\/03\/03111744\/FSTM_SM-Profile_1600x1600px-scaled.jpg\",\"contentUrl\":\"https:\/\/www.uni.lu\/wp-content\/uploads\/sites\/20\/2026\/03\/03111744\/FSTM_SM-Profile_1600x1600px-scaled.jpg\",\"width\":2560,\"height\":2560,\"caption\":\"FSTM - Universit\u00e9 du Luxembourg I Uni.lu\"},\"image\":\"https:\/\/www.uni.lu\/wp-content\/uploads\/sites\/20\/2026\/04\/24144332\/20200609-Belval-Campus_Henri-Goergen-23.jpg\",\"sameAs\":[\"https:\/\/www.facebook.com\/fstm.uni.lu\/\",\"https:\/\/www.linkedin.com\/showcase\/fstm-uni-lu\"],\"email\":\"communication@uni.lu\",\"telephone\":\"+3524666441\",\"address\":{\"@type\":\"PostalAddress\",\"streetAddress\":\"2, place de l\u2019Universit\u00e9\",\"addressLocality\":\"Esch-sur-Alzette\",\"postalCode\":\"4365\",\"addressCountry\":\"LU\"},\"description\":\"Facult\u00e9 des Sciences, des Technologies et de M\u00e9decine I Uni.lu\"}]}<\/script>\n<!-- \/ Yoast SEO Premium plugin. -->","yoast_head_json":{"title":"Workshop \u201cSpace &amp; Technical Standardization\u201d - FSTM I Uni.lu","description":"In collaboration with the University of Luxembourg, ILNAS will organize a Workshop \u201cSpace &amp; Technical Standardization\u201d on Wednesday June 29th\u00a02022 at the Maison de la Biom\u00e9decine II (Biotech II) on the Belval Campus.This workshop will address the space domain from the technical standardization point of view and related activities in the Grand Duchy of Luxembourg.","robots":{"index":"index","follow":"follow","max-snippet":"max-snippet:-1","max-image-preview":"max-image-preview:large","max-video-preview":"max-video-preview:-1"},"canonical":"https:\/\/www.uni.lu\/fstm-fr\/events\/workshop-space-technical-standardization\/","og_locale":"fr_FR","og_type":"article","og_title":"Workshop \u201cSpace &amp; Technical Standardization\u201d","og_description":"In collaboration with the University of Luxembourg, ILNAS will organize a Workshop \u201cSpace &amp; Technical Standardization\u201d on Wednesday June 29th\u00a02022 at the Maison de la Biom\u00e9decine II (Biotech II) on the Belval Campus.This workshop will address the space domain from the technical standardization point of view and related activities in the Grand Duchy of Luxembourg.","og_url":"https:\/\/www.uni.lu\/fstm-fr\/events\/workshop-space-technical-standardization\/","og_site_name":"FSTM FR","article_publisher":"https:\/\/www.facebook.com\/fstm.uni.lu\/","og_image":[{"width":2560,"height":2560,"url":"https:\/\/www.uni.lu\/wp-content\/uploads\/sites\/20\/2026\/03\/03111744\/FSTM_SM-Profile_1600x1600px-scaled.jpg","type":"image\/jpeg"}],"twitter_card":"summary_large_image","twitter_misc":{"Dur\u00e9e de lecture estim\u00e9e":"1 minute"},"schema":{"@context":"https:\/\/schema.org","@graph":[{"@type":"WebPage","@id":"https:\/\/www.uni.lu\/fstm-fr\/events\/workshop-space-technical-standardization\/","url":"https:\/\/www.uni.lu\/fstm-fr\/events\/workshop-space-technical-standardization\/","name":"Workshop \u201cSpace &amp; Technical Standardization\u201d - FSTM I Uni.lu","isPartOf":{"@id":"https:\/\/www.uni.lu\/fstm-fr\/#website"},"primaryImageOfPage":{"@id":"https:\/\/www.uni.lu\/fstm-fr\/events\/workshop-space-technical-standardization\/#primaryimage"},"image":{"@id":"https:\/\/www.uni.lu\/fstm-fr\/events\/workshop-space-technical-standardization\/#primaryimage"},"thumbnailUrl":"https:\/\/www.uni.lu\/wp-content\/uploads\/sites\/20\/2022\/05\/workshop_space_technical_standardization.png","datePublished":"2022-05-19T11:32:14+00:00","dateModified":"2022-05-19T11:32:14+00:00","description":"In collaboration with the University of Luxembourg, ILNAS will organize a Workshop \u201cSpace &amp; Technical Standardization\u201d on Wednesday June 29th\u00a02022 at the Maison de la Biom\u00e9decine II (Biotech II) on the Belval Campus.This workshop will address the space domain from the technical standardization point of view and related activities in the Grand Duchy of Luxembourg.","breadcrumb":{"@id":"https:\/\/www.uni.lu\/fstm-fr\/events\/workshop-space-technical-standardization\/#breadcrumb"},"inLanguage":"fr-FR","potentialAction":[{"@type":"ReadAction","target":["https:\/\/www.uni.lu\/fstm-fr\/events\/workshop-space-technical-standardization\/"]}]},{"@type":"ImageObject","inLanguage":"fr-FR","@id":"https:\/\/www.uni.lu\/fstm-fr\/events\/workshop-space-technical-standardization\/#primaryimage","url":"https:\/\/www.uni.lu\/wp-content\/uploads\/sites\/20\/2022\/05\/workshop_space_technical_standardization.png","contentUrl":"https:\/\/www.uni.lu\/wp-content\/uploads\/sites\/20\/2022\/05\/workshop_space_technical_standardization.png","width":851,"height":352},{"@type":"BreadcrumbList","@id":"https:\/\/www.uni.lu\/fstm-fr\/events\/workshop-space-technical-standardization\/#breadcrumb","itemListElement":[{"@type":"ListItem","position":1,"name":"Home","item":"https:\/\/www.uni.lu\/fr"},{"@type":"ListItem","position":2,"name":"Facult\u00e9 des Sciences, des Technologies et de M\u00e9decine","item":"https:\/\/www.uni.lu\/fstm-fr\/"},{"@type":"ListItem","position":3,"name":"Events","item":"https:\/\/www.uni.lu\/fstm-fr\/events\/"},{"@type":"ListItem","position":4,"name":"Workshop \u201cSpace &amp; Technical Standardization\u201d"}]},{"@type":"WebSite","@id":"https:\/\/www.uni.lu\/fstm-fr\/#website","url":"https:\/\/www.uni.lu\/fstm-fr\/","name":"FSTM","description":"Facult\u00e9 des Sciences, des Technologies et de M\u00e9decine I Uni.lu","publisher":{"@id":"https:\/\/www.uni.lu\/fstm-fr\/#organization"},"alternateName":"Facult\u00e9 des Sciences, des Technologies et de M\u00e9decine I Universit\u00e9 du Luxembourg","potentialAction":[{"@type":"SearchAction","target":{"@type":"EntryPoint","urlTemplate":"https:\/\/www.uni.lu\/fstm-fr\/?s={search_term_string}"},"query-input":"required name=search_term_string"}],"inLanguage":"fr-FR"},{"@type":"Organization","@id":"https:\/\/www.uni.lu\/fstm-fr\/#organization","name":"FSTM - Universit\u00e9 du Luxembourg I Uni.lu","alternateName":"Facult\u00e9 des Sciences, des Technologies et de M\u00e9decine","url":"https:\/\/www.uni.lu\/fstm-fr\/","logo":{"@type":"ImageObject","inLanguage":"fr-FR","@id":"https:\/\/www.uni.lu\/fstm-fr\/#\/schema\/logo\/image\/","url":"https:\/\/www.uni.lu\/wp-content\/uploads\/sites\/20\/2026\/03\/03111744\/FSTM_SM-Profile_1600x1600px-scaled.jpg","contentUrl":"https:\/\/www.uni.lu\/wp-content\/uploads\/sites\/20\/2026\/03\/03111744\/FSTM_SM-Profile_1600x1600px-scaled.jpg","width":2560,"height":2560,"caption":"FSTM - Universit\u00e9 du Luxembourg I Uni.lu"},"image":"https:\/\/www.uni.lu\/wp-content\/uploads\/sites\/20\/2026\/04\/24144332\/20200609-Belval-Campus_Henri-Goergen-23.jpg","sameAs":["https:\/\/www.facebook.com\/fstm.uni.lu\/","https:\/\/www.linkedin.com\/showcase\/fstm-uni-lu"],"email":"communication@uni.lu","telephone":"+3524666441","address":{"@type":"PostalAddress","streetAddress":"2, place de l\u2019Universit\u00e9","addressLocality":"Esch-sur-Alzette","postalCode":"4365","addressCountry":"LU"},"description":"Facult\u00e9 des Sciences, des Technologies et de M\u00e9decine I Uni.lu"}]}},"_links":{"self":[{"href":"https:\/\/www.uni.lu\/fstm-fr\/wp-json\/wp\/v2\/events\/2053"}],"collection":[{"href":"https:\/\/www.uni.lu\/fstm-fr\/wp-json\/wp\/v2\/events"}],"about":[{"href":"https:\/\/www.uni.lu\/fstm-fr\/wp-json\/wp\/v2\/types\/events"}],"replies":[{"embeddable":true,"href":"https:\/\/www.uni.lu\/fstm-fr\/wp-json\/wp\/v2\/comments?post=2053"}],"version-history":[{"count":0,"href":"https:\/\/www.uni.lu\/fstm-fr\/wp-json\/wp\/v2\/events\/2053\/revisions"}],"wp:featuredmedia":[{"embeddable":true,"href":"https:\/\/www.uni.lu\/fstm-fr\/wp-json\/wp\/v2\/media\/2054"}],"wp:attachment":[{"href":"https:\/\/www.uni.lu\/fstm-fr\/wp-json\/wp\/v2\/media?parent=2053"}],"wp:term":[{"taxonomy":"events-topic","embeddable":true,"href":"https:\/\/www.uni.lu\/fstm-fr\/wp-json\/wp\/v2\/events-topic?post=2053"},{"taxonomy":"events-type","embeddable":true,"href":"https:\/\/www.uni.lu\/fstm-fr\/wp-json\/wp\/v2\/events-type?post=2053"},{"taxonomy":"organisation","embeddable":true,"href":"https:\/\/www.uni.lu\/fstm-fr\/wp-json\/wp\/v2\/organisation?post=2053"}],"curies":[{"name":"wp","href":"https:\/\/api.w.org\/{rel}","templated":true}]}}