{"id":1779,"date":"2021-06-07T15:45:37","date_gmt":"2021-06-07T13:45:37","guid":{"rendered":"https:\/\/www.uni.lu\/fstm-fr\/events\/massena-young-scientist-conference-2021-24th-25th-of-june-2021\/"},"modified":"2021-06-07T15:45:37","modified_gmt":"2021-06-07T13:45:37","slug":"massena-young-scientist-conference-2021-24th-25th-of-june-2021","status":"publish","type":"events","link":"https:\/\/www.uni.lu\/fstm-fr\/events\/massena-young-scientist-conference-2021-24th-25th-of-june-2021\/","title":{"rendered":"MASSENA Young Scientist Conference 2021 &#8211; 24th, 25th of June 2021"},"content":{"rendered":"<section class=\"wp-block-unilux-blocks-free-section section\"><div class=\"container xl:max-w-screen-xl\"><p>Dear All,\u00a0<\/p><p><a href=\"https:\/\/massenaysc2021.uni.lu\/\" target=\"_self\" title=\"\" rel=\"noopener\">MASSENA Young Scientist Conference<\/a><a href=\"http:\/\/www.sporthotel.lu\/\" target=\"_self\" title=\"\" rel=\"noopener\">Sport Hotel Leweck<\/a><strong>\u00a0is taking place in a hybrid mode on 24<sup>th<\/sup>, 25<sup>th<\/sup> of June 2021 at <\/strong><strong>\u00a0Luxembourg!\u00a0<\/strong><\/p><p>Whether you have submitted an abstract or not, we welcome you all to register to the MASSENA Young Scientist Conference and enjoy two days of filled with fun, exchange of knowledge and networking. You can choose to attend the conference virtually or live. If you choose to attend the conference in person, we welcome you to stay with us one night at the Sport Hotel.\u00a0<\/p><p>The platform for registrations is now open. Click on the link below:\u00a0<\/p><p><a href=\"https:\/\/list.ungerboeck.com\/PROD\/emc00\/register.aspx?OrgCode=10&#038;EvtID=5555&#038;AppCode=REG&#038;CC=121042603651\" target=\"_self\" title=\"\" rel=\"noopener\">Click to register<\/a>\u00a0<\/p><p><strong>Please note the deadline for registrations is set for June 18, 2021. <\/strong>\u00a0<\/p><p>So join us!\u00a0<\/p><p>Please note that even if you have submitted and abstract and it has been accepted, you need to complete the registration process separately. \u00a0<\/p><p>\u00a0<\/p><p>\u00a0<\/p><p>\u00a0<strong>MASSENA Young Scientist Conference 2021\u00a0<\/strong><\/p><p>Organised by the \u00ab\u00a0<a href=\"http:\/\/www.uni.lu\" target=\"_self\" title=\"\" rel=\"noopener\">University of Luxembourg<\/a>\u00a0\u00bb &#038; the \u00ab\u00a0<a href=\"http:\/\/www.list.lu\/\" target=\"_self\" title=\"\" rel=\"noopener\">Luxembourg Institute of Science and Technology<\/a>\u00ab\u00a0<\/p><p>Supported by the \u00ab\u00a0<a href=\"http:\/\/www.fnr.lu\/\" target=\"_self\" title=\"\" rel=\"noopener\">Luxembourg National Research Fund<\/a>\u00a0\u00bb\u00a0<\/p><p><strong>web: <\/strong><strong>\u00a0 |\u00a0 e-mail:<\/strong><a href=\"mailto:massenaysc2021.uni.lu\" target=\"_self\" title=\"\" rel=\"noopener\"><strong>massenaysc2021.uni.lu<\/strong><\/a><a href=\"mailto:info.massenaysc2021@uni.lu\" target=\"_self\" title=\"\" rel=\"noopener\"><strong>info.massenaysc2021@uni.lu<\/strong><\/a>\u00a0<\/p><\/div><\/section>","protected":false},"excerpt":{"rendered":"","protected":false},"author":0,"featured_media":1780,"parent":0,"menu_order":0,"comment_status":"open","ping_status":"closed","template":"","format":"standard","meta":{"featured_image_focal_point":[],"show_featured_caption":false,"ulux_newsletter_groups":"","uluxPostTitle":"","uluxPrePostTitle":"","_trash_the_other_posts":false,"_price":"","_stock":"","_tribe_ticket_header":"","_tribe_default_ticket_provider":"","_tribe_ticket_capacity":"0","_ticket_start_date":"","_ticket_end_date":"","_tribe_ticket_show_description":"","_tribe_ticket_show_not_going":false,"_tribe_ticket_use_global_stock":"","_tribe_ticket_global_stock_level":"","_global_stock_mode":"","_global_stock_cap":"","_tribe_rsvp_for_event":"","_tribe_ticket_going_count":"","_tribe_ticket_not_going_count":"","_tribe_tickets_list":"[]","_tribe_ticket_has_attendee_info_fields":false,"event_start_date":"2021-06-24 09:00:00","event_end_date":"2021-06-25 17:00:00","event_speaker_name":"","event_speaker_link":"","event_is_online":false,"event_location":"Leweck Resort\r\nLepschter-Dellt\r\n9378 Lipperscheid\r\nLuxembourg\r\n(+352) 99 00 22\r\ninfo@sporthotel.lu","event_street":"","event_location_link":"","event_zip_code":"","event_city":"","event_country":"LU"},"events-topic":[310],"events-type":[],"organisation":[75],"authorship":[],"acf":[],"yoast_head":"<!-- This site is optimized with the Yoast SEO Premium plugin v22.3 (Yoast SEO v22.3) - https:\/\/yoast.com\/wordpress\/plugins\/seo\/ -->\n<title>MASSENA Young Scientist Conference 2021 - 24th, 25th of June 2021 - FSTM I Uni.lu<\/title>\n<meta name=\"description\" content=\"Dear All,\u00a0MASSENA Young Scientist ConferenceSport Hotel Leweck\u00a0is taking place in a hybrid mode on 24th, 25th of June 2021 at \u00a0Luxembourg!\u00a0Whether you\" \/>\n<meta name=\"robots\" content=\"index, follow, max-snippet:-1, max-image-preview:large, max-video-preview:-1\" \/>\n<link rel=\"canonical\" href=\"https:\/\/www.uni.lu\/fstm-fr\/events\/massena-young-scientist-conference-2021-24th-25th-of-june-2021\/\" \/>\n<meta property=\"og:locale\" content=\"fr_FR\" \/>\n<meta property=\"og:type\" content=\"article\" \/>\n<meta property=\"og:title\" content=\"MASSENA Young Scientist Conference 2021 - 24th, 25th of June 2021\" \/>\n<meta property=\"og:description\" content=\"Dear All,\u00a0MASSENA Young Scientist ConferenceSport Hotel Leweck\u00a0is taking place in a hybrid mode on 24th, 25th of June 2021 at \u00a0Luxembourg!\u00a0Whether you\" \/>\n<meta property=\"og:url\" content=\"https:\/\/www.uni.lu\/fstm-fr\/events\/massena-young-scientist-conference-2021-24th-25th-of-june-2021\/\" \/>\n<meta property=\"og:site_name\" content=\"FSTM FR\" \/>\n<meta property=\"article:publisher\" content=\"https:\/\/www.facebook.com\/fstm.uni.lu\/\" \/>\n<meta property=\"og:image\" content=\"https:\/\/www.uni.lu\/wp-content\/uploads\/sites\/20\/2026\/03\/03111744\/FSTM_SM-Profile_1600x1600px-scaled.jpg\" \/>\n\t<meta property=\"og:image:width\" content=\"2560\" \/>\n\t<meta property=\"og:image:height\" content=\"2560\" \/>\n\t<meta property=\"og:image:type\" content=\"image\/jpeg\" \/>\n<meta name=\"twitter:card\" content=\"summary_large_image\" \/>\n<meta name=\"twitter:label1\" content=\"Dur\u00e9e de lecture estim\u00e9e\" \/>\n\t<meta name=\"twitter:data1\" content=\"1 minute\" \/>\n<script type=\"application\/ld+json\" class=\"yoast-schema-graph\">{\"@context\":\"https:\/\/schema.org\",\"@graph\":[{\"@type\":\"WebPage\",\"@id\":\"https:\/\/www.uni.lu\/fstm-fr\/events\/massena-young-scientist-conference-2021-24th-25th-of-june-2021\/\",\"url\":\"https:\/\/www.uni.lu\/fstm-fr\/events\/massena-young-scientist-conference-2021-24th-25th-of-june-2021\/\",\"name\":\"MASSENA Young Scientist Conference 2021 - 24th, 25th of June 2021 - FSTM I Uni.lu\",\"isPartOf\":{\"@id\":\"https:\/\/www.uni.lu\/fstm-fr\/#website\"},\"primaryImageOfPage\":{\"@id\":\"https:\/\/www.uni.lu\/fstm-fr\/events\/massena-young-scientist-conference-2021-24th-25th-of-june-2021\/#primaryimage\"},\"image\":{\"@id\":\"https:\/\/www.uni.lu\/fstm-fr\/events\/massena-young-scientist-conference-2021-24th-25th-of-june-2021\/#primaryimage\"},\"thumbnailUrl\":\"https:\/\/www.uni.lu\/wp-content\/uploads\/sites\/20\/2021\/06\/default-3.jpg\",\"datePublished\":\"2021-06-07T13:45:37+00:00\",\"dateModified\":\"2021-06-07T13:45:37+00:00\",\"description\":\"Dear All,\u00a0MASSENA Young Scientist ConferenceSport Hotel Leweck\u00a0is taking place in a hybrid mode on 24th, 25th of June 2021 at \u00a0Luxembourg!\u00a0Whether you\",\"breadcrumb\":{\"@id\":\"https:\/\/www.uni.lu\/fstm-fr\/events\/massena-young-scientist-conference-2021-24th-25th-of-june-2021\/#breadcrumb\"},\"inLanguage\":\"fr-FR\",\"potentialAction\":[{\"@type\":\"ReadAction\",\"target\":[\"https:\/\/www.uni.lu\/fstm-fr\/events\/massena-young-scientist-conference-2021-24th-25th-of-june-2021\/\"]}]},{\"@type\":\"ImageObject\",\"inLanguage\":\"fr-FR\",\"@id\":\"https:\/\/www.uni.lu\/fstm-fr\/events\/massena-young-scientist-conference-2021-24th-25th-of-june-2021\/#primaryimage\",\"url\":\"https:\/\/www.uni.lu\/wp-content\/uploads\/sites\/20\/2021\/06\/default-3.jpg\",\"contentUrl\":\"https:\/\/www.uni.lu\/wp-content\/uploads\/sites\/20\/2021\/06\/default-3.jpg\",\"width\":1500,\"height\":1125},{\"@type\":\"BreadcrumbList\",\"@id\":\"https:\/\/www.uni.lu\/fstm-fr\/events\/massena-young-scientist-conference-2021-24th-25th-of-june-2021\/#breadcrumb\",\"itemListElement\":[{\"@type\":\"ListItem\",\"position\":1,\"name\":\"Home\",\"item\":\"https:\/\/www.uni.lu\/fr\"},{\"@type\":\"ListItem\",\"position\":2,\"name\":\"Facult\u00e9 des Sciences, des Technologies et de M\u00e9decine\",\"item\":\"https:\/\/www.uni.lu\/fstm-fr\/\"},{\"@type\":\"ListItem\",\"position\":3,\"name\":\"Events\",\"item\":\"https:\/\/www.uni.lu\/fstm-fr\/events\/\"},{\"@type\":\"ListItem\",\"position\":4,\"name\":\"MASSENA Young Scientist Conference 2021 - 24th, 25th of June 2021\"}]},{\"@type\":\"WebSite\",\"@id\":\"https:\/\/www.uni.lu\/fstm-fr\/#website\",\"url\":\"https:\/\/www.uni.lu\/fstm-fr\/\",\"name\":\"FSTM\",\"description\":\"Facult\u00e9 des Sciences, des Technologies et de M\u00e9decine I Uni.lu\",\"publisher\":{\"@id\":\"https:\/\/www.uni.lu\/fstm-fr\/#organization\"},\"alternateName\":\"Facult\u00e9 des Sciences, des Technologies et de M\u00e9decine I Universit\u00e9 du Luxembourg\",\"potentialAction\":[{\"@type\":\"SearchAction\",\"target\":{\"@type\":\"EntryPoint\",\"urlTemplate\":\"https:\/\/www.uni.lu\/fstm-fr\/?s={search_term_string}\"},\"query-input\":\"required name=search_term_string\"}],\"inLanguage\":\"fr-FR\"},{\"@type\":\"Organization\",\"@id\":\"https:\/\/www.uni.lu\/fstm-fr\/#organization\",\"name\":\"FSTM - Universit\u00e9 du Luxembourg I Uni.lu\",\"alternateName\":\"Facult\u00e9 des Sciences, des Technologies et de M\u00e9decine\",\"url\":\"https:\/\/www.uni.lu\/fstm-fr\/\",\"logo\":{\"@type\":\"ImageObject\",\"inLanguage\":\"fr-FR\",\"@id\":\"https:\/\/www.uni.lu\/fstm-fr\/#\/schema\/logo\/image\/\",\"url\":\"https:\/\/www.uni.lu\/wp-content\/uploads\/sites\/20\/2026\/03\/03111744\/FSTM_SM-Profile_1600x1600px-scaled.jpg\",\"contentUrl\":\"https:\/\/www.uni.lu\/wp-content\/uploads\/sites\/20\/2026\/03\/03111744\/FSTM_SM-Profile_1600x1600px-scaled.jpg\",\"width\":2560,\"height\":2560,\"caption\":\"FSTM - Universit\u00e9 du Luxembourg I Uni.lu\"},\"image\":\"https:\/\/www.uni.lu\/wp-content\/uploads\/sites\/20\/2026\/04\/24144332\/20200609-Belval-Campus_Henri-Goergen-23.jpg\",\"sameAs\":[\"https:\/\/www.facebook.com\/fstm.uni.lu\/\",\"https:\/\/www.linkedin.com\/showcase\/fstm-uni-lu\"],\"email\":\"communication@uni.lu\",\"telephone\":\"+3524666441\",\"address\":{\"@type\":\"PostalAddress\",\"streetAddress\":\"2, place de l\u2019Universit\u00e9\",\"addressLocality\":\"Esch-sur-Alzette\",\"postalCode\":\"4365\",\"addressCountry\":\"LU\"},\"description\":\"Facult\u00e9 des Sciences, des Technologies et de M\u00e9decine I Uni.lu\"}]}<\/script>\n<!-- \/ Yoast SEO Premium plugin. -->","yoast_head_json":{"title":"MASSENA Young Scientist Conference 2021 - 24th, 25th of June 2021 - FSTM I Uni.lu","description":"Dear All,\u00a0MASSENA Young Scientist ConferenceSport Hotel Leweck\u00a0is taking place in a hybrid mode on 24th, 25th of June 2021 at \u00a0Luxembourg!\u00a0Whether you","robots":{"index":"index","follow":"follow","max-snippet":"max-snippet:-1","max-image-preview":"max-image-preview:large","max-video-preview":"max-video-preview:-1"},"canonical":"https:\/\/www.uni.lu\/fstm-fr\/events\/massena-young-scientist-conference-2021-24th-25th-of-june-2021\/","og_locale":"fr_FR","og_type":"article","og_title":"MASSENA Young Scientist Conference 2021 - 24th, 25th of June 2021","og_description":"Dear All,\u00a0MASSENA Young Scientist ConferenceSport Hotel Leweck\u00a0is taking place in a hybrid mode on 24th, 25th of June 2021 at \u00a0Luxembourg!\u00a0Whether you","og_url":"https:\/\/www.uni.lu\/fstm-fr\/events\/massena-young-scientist-conference-2021-24th-25th-of-june-2021\/","og_site_name":"FSTM FR","article_publisher":"https:\/\/www.facebook.com\/fstm.uni.lu\/","og_image":[{"width":2560,"height":2560,"url":"https:\/\/www.uni.lu\/wp-content\/uploads\/sites\/20\/2026\/03\/03111744\/FSTM_SM-Profile_1600x1600px-scaled.jpg","type":"image\/jpeg"}],"twitter_card":"summary_large_image","twitter_misc":{"Dur\u00e9e de lecture estim\u00e9e":"1 minute"},"schema":{"@context":"https:\/\/schema.org","@graph":[{"@type":"WebPage","@id":"https:\/\/www.uni.lu\/fstm-fr\/events\/massena-young-scientist-conference-2021-24th-25th-of-june-2021\/","url":"https:\/\/www.uni.lu\/fstm-fr\/events\/massena-young-scientist-conference-2021-24th-25th-of-june-2021\/","name":"MASSENA Young Scientist Conference 2021 - 24th, 25th of June 2021 - FSTM I Uni.lu","isPartOf":{"@id":"https:\/\/www.uni.lu\/fstm-fr\/#website"},"primaryImageOfPage":{"@id":"https:\/\/www.uni.lu\/fstm-fr\/events\/massena-young-scientist-conference-2021-24th-25th-of-june-2021\/#primaryimage"},"image":{"@id":"https:\/\/www.uni.lu\/fstm-fr\/events\/massena-young-scientist-conference-2021-24th-25th-of-june-2021\/#primaryimage"},"thumbnailUrl":"https:\/\/www.uni.lu\/wp-content\/uploads\/sites\/20\/2021\/06\/default-3.jpg","datePublished":"2021-06-07T13:45:37+00:00","dateModified":"2021-06-07T13:45:37+00:00","description":"Dear All,\u00a0MASSENA Young Scientist ConferenceSport Hotel Leweck\u00a0is taking place in a hybrid mode on 24th, 25th of June 2021 at \u00a0Luxembourg!\u00a0Whether you","breadcrumb":{"@id":"https:\/\/www.uni.lu\/fstm-fr\/events\/massena-young-scientist-conference-2021-24th-25th-of-june-2021\/#breadcrumb"},"inLanguage":"fr-FR","potentialAction":[{"@type":"ReadAction","target":["https:\/\/www.uni.lu\/fstm-fr\/events\/massena-young-scientist-conference-2021-24th-25th-of-june-2021\/"]}]},{"@type":"ImageObject","inLanguage":"fr-FR","@id":"https:\/\/www.uni.lu\/fstm-fr\/events\/massena-young-scientist-conference-2021-24th-25th-of-june-2021\/#primaryimage","url":"https:\/\/www.uni.lu\/wp-content\/uploads\/sites\/20\/2021\/06\/default-3.jpg","contentUrl":"https:\/\/www.uni.lu\/wp-content\/uploads\/sites\/20\/2021\/06\/default-3.jpg","width":1500,"height":1125},{"@type":"BreadcrumbList","@id":"https:\/\/www.uni.lu\/fstm-fr\/events\/massena-young-scientist-conference-2021-24th-25th-of-june-2021\/#breadcrumb","itemListElement":[{"@type":"ListItem","position":1,"name":"Home","item":"https:\/\/www.uni.lu\/fr"},{"@type":"ListItem","position":2,"name":"Facult\u00e9 des Sciences, des Technologies et de M\u00e9decine","item":"https:\/\/www.uni.lu\/fstm-fr\/"},{"@type":"ListItem","position":3,"name":"Events","item":"https:\/\/www.uni.lu\/fstm-fr\/events\/"},{"@type":"ListItem","position":4,"name":"MASSENA Young Scientist Conference 2021 - 24th, 25th of June 2021"}]},{"@type":"WebSite","@id":"https:\/\/www.uni.lu\/fstm-fr\/#website","url":"https:\/\/www.uni.lu\/fstm-fr\/","name":"FSTM","description":"Facult\u00e9 des Sciences, des Technologies et de M\u00e9decine I Uni.lu","publisher":{"@id":"https:\/\/www.uni.lu\/fstm-fr\/#organization"},"alternateName":"Facult\u00e9 des Sciences, des Technologies et de M\u00e9decine I Universit\u00e9 du Luxembourg","potentialAction":[{"@type":"SearchAction","target":{"@type":"EntryPoint","urlTemplate":"https:\/\/www.uni.lu\/fstm-fr\/?s={search_term_string}"},"query-input":"required name=search_term_string"}],"inLanguage":"fr-FR"},{"@type":"Organization","@id":"https:\/\/www.uni.lu\/fstm-fr\/#organization","name":"FSTM - Universit\u00e9 du Luxembourg I Uni.lu","alternateName":"Facult\u00e9 des Sciences, des Technologies et de M\u00e9decine","url":"https:\/\/www.uni.lu\/fstm-fr\/","logo":{"@type":"ImageObject","inLanguage":"fr-FR","@id":"https:\/\/www.uni.lu\/fstm-fr\/#\/schema\/logo\/image\/","url":"https:\/\/www.uni.lu\/wp-content\/uploads\/sites\/20\/2026\/03\/03111744\/FSTM_SM-Profile_1600x1600px-scaled.jpg","contentUrl":"https:\/\/www.uni.lu\/wp-content\/uploads\/sites\/20\/2026\/03\/03111744\/FSTM_SM-Profile_1600x1600px-scaled.jpg","width":2560,"height":2560,"caption":"FSTM - Universit\u00e9 du Luxembourg I Uni.lu"},"image":"https:\/\/www.uni.lu\/wp-content\/uploads\/sites\/20\/2026\/04\/24144332\/20200609-Belval-Campus_Henri-Goergen-23.jpg","sameAs":["https:\/\/www.facebook.com\/fstm.uni.lu\/","https:\/\/www.linkedin.com\/showcase\/fstm-uni-lu"],"email":"communication@uni.lu","telephone":"+3524666441","address":{"@type":"PostalAddress","streetAddress":"2, place de l\u2019Universit\u00e9","addressLocality":"Esch-sur-Alzette","postalCode":"4365","addressCountry":"LU"},"description":"Facult\u00e9 des Sciences, des Technologies et de M\u00e9decine I Uni.lu"}]}},"_links":{"self":[{"href":"https:\/\/www.uni.lu\/fstm-fr\/wp-json\/wp\/v2\/events\/1779"}],"collection":[{"href":"https:\/\/www.uni.lu\/fstm-fr\/wp-json\/wp\/v2\/events"}],"about":[{"href":"https:\/\/www.uni.lu\/fstm-fr\/wp-json\/wp\/v2\/types\/events"}],"replies":[{"embeddable":true,"href":"https:\/\/www.uni.lu\/fstm-fr\/wp-json\/wp\/v2\/comments?post=1779"}],"version-history":[{"count":0,"href":"https:\/\/www.uni.lu\/fstm-fr\/wp-json\/wp\/v2\/events\/1779\/revisions"}],"wp:featuredmedia":[{"embeddable":true,"href":"https:\/\/www.uni.lu\/fstm-fr\/wp-json\/wp\/v2\/media\/1780"}],"wp:attachment":[{"href":"https:\/\/www.uni.lu\/fstm-fr\/wp-json\/wp\/v2\/media?parent=1779"}],"wp:term":[{"taxonomy":"events-topic","embeddable":true,"href":"https:\/\/www.uni.lu\/fstm-fr\/wp-json\/wp\/v2\/events-topic?post=1779"},{"taxonomy":"events-type","embeddable":true,"href":"https:\/\/www.uni.lu\/fstm-fr\/wp-json\/wp\/v2\/events-type?post=1779"},{"taxonomy":"organisation","embeddable":true,"href":"https:\/\/www.uni.lu\/fstm-fr\/wp-json\/wp\/v2\/organisation?post=1779"}],"curies":[{"name":"wp","href":"https:\/\/api.w.org\/{rel}","templated":true}]}}