{"version":"1.0","provider_name":"FSTM FR","provider_url":"https:\/\/www.uni.lu\/fstm-fr","author_name":"FSTM FR","author_url":"https:\/\/www.uni.lu\/fstm-fr","title":"Mathematik zum Anfassen: exposition itin\u00e9rante au Luxembourg","type":"rich","width":600,"height":338,"html":"<blockquote class=\"wp-embedded-content\" data-secret=\"2Yl1nf5xTy\"><a href=\"https:\/\/www.uni.lu\/fstm-fr\/news\/mathematik-zum-anfassen-exposition-itinerante-au-luxembourg\/\">Mathematik zum Anfassen: exposition itin\u00e9rante au Luxembourg<\/a><\/blockquote><iframe sandbox=\"allow-scripts\" security=\"restricted\" src=\"https:\/\/www.uni.lu\/fstm-fr\/news\/mathematik-zum-anfassen-exposition-itinerante-au-luxembourg\/embed\/#?secret=2Yl1nf5xTy\" width=\"600\" height=\"338\" title=\"\u00ab\u00a0Mathematik zum Anfassen: exposition itin\u00e9rante au Luxembourg\u00a0\u00bb &#8212; FSTM FR\" data-secret=\"2Yl1nf5xTy\" frameborder=\"0\" marginwidth=\"0\" marginheight=\"0\" scrolling=\"no\" class=\"wp-embedded-content\"><\/iframe><script>\n\/*! This file is auto-generated *\/\n!function(c,d){\"use strict\";var e=!1,o=!1;if(d.querySelector)if(c.addEventListener)e=!0;if(c.wp=c.wp||{},c.wp.receiveEmbedMessage);else if(c.wp.receiveEmbedMessage=function(e){var t=e.data;if(!t);else if(!(t.secret||t.message||t.value));else if(\/[^a-zA-Z0-9]\/.test(t.secret));else{for(var r,s,a,i=d.querySelectorAll('iframe[data-secret=\"'+t.secret+'\"]'),n=d.querySelectorAll('blockquote[data-secret=\"'+t.secret+'\"]'),o=new RegExp(\"^https?:$\",\"i\"),l=0;l<n.length;l++)n[l].style.display=\"none\";for(l=0;l<i.length;l++)if(r=i[l],e.source!==r.contentWindow);else{if(r.removeAttribute(\"style\"),\"height\"===t.message){if(1e3<(s=parseInt(t.value,10)))s=1e3;else if(~~s<200)s=200;r.height=s}if(\"link\"===t.message)if(s=d.createElement(\"a\"),a=d.createElement(\"a\"),s.href=r.getAttribute(\"src\"),a.href=t.value,!o.test(a.protocol));else if(a.host===s.host)if(d.activeElement===r)c.top.location.href=t.value}}},e)c.addEventListener(\"message\",c.wp.receiveEmbedMessage,!1),d.addEventListener(\"DOMContentLoaded\",t,!1),c.addEventListener(\"load\",t,!1);function t(){if(o);else{o=!0;for(var e,t,r,s=-1!==navigator.appVersion.indexOf(\"MSIE 10\"),a=!!navigator.userAgent.match(\/Trident.*rv:11\\.\/),i=d.querySelectorAll(\"iframe.wp-embedded-content\"),n=0;n<i.length;n++){if(!(r=(t=i[n]).getAttribute(\"data-secret\")))r=Math.random().toString(36).substr(2,10),t.src+=\"#?secret=\"+r,t.setAttribute(\"data-secret\",r);if(s||a)(e=t.cloneNode(!0)).removeAttribute(\"security\"),t.parentNode.replaceChild(e,t);t.contentWindow.postMessage({message:\"ready\",secret:r},\"*\")}}}}(window,document);\n<\/script>\n","thumbnail_url":"https:\/\/www.uni.lu\/wp-content\/uploads\/sites\/20\/2018\/05\/mathematik_zum_anfassen_exposition_itinerante_au_luxembourg.jpg","thumbnail_width":800,"thumbnail_height":600,"description":"L\u2019exposition itin\u00e9rante \"Mathematik zum Anfassen\" a \u00e9t\u00e9 officiellement inaugur\u00e9e le 7 mai 2018\u00a0au Lyc\u00e9e Josy Barthel Mamer,\u00a0en pr\u00e9sence de Francine Closener, secr\u00e9taire d'Etat \u00e0 l'Economie et de Marc Schiltz, secr\u00e9taire g\u00e9n\u00e9ral du Fonds National de la Recherche (FNR). Ce projet, initi\u00e9 par l'Unit\u00e9 de Recherche en Math\u00e9matiques de l'Universit\u00e9 du Luxembourg (RMATH), vise \u00e0 faire d\u00e9couvrir \u00e0 un maximum de lyc\u00e9en(ne)s les math\u00e9matiques sous un autre angle. L'exposition sera pr\u00e9sente dans 10 lyc\u00e9es luxembourgeois en 2018."}