{"id":36966,"date":"2025-03-24T09:44:29","date_gmt":"2025-03-24T08:44:29","guid":{"rendered":"https:\/\/www.uni.lu\/fstm-en\/people\/pascal-stammet\/"},"modified":"2026-04-08T12:12:16","modified_gmt":"2026-04-08T10:12:16","slug":"pascal-stammet","status":"publish","type":"people","link":"https:\/\/www.uni.lu\/fstm-en\/people\/pascal-stammet\/","title":{"rendered":"Pascal STAMMET"},"content":{"rendered":"<div class=\"person-template\">\n    <div class=\"wp-block-unilux-people-person-hero wp-block-unilux-blocks-hero\">\n            <section id=\"hero-page\" class=\"section py-0\">\n            <div class=\"max-w-screen-3xl mx-auto wp-block-unilux-blocks-hero\">\n                <div class=\"hero hero--overflow-none\">\n                    <header class=\"hero__header\">\n                        <div class=\"hero__container\">\n                            <span class=\"hero__title__subject\">\n                                Our People                            <\/span>\n                            <h1>\n                                Affiliate Prof                                Pascal                                STAMMET                            <\/h1>\n                        <\/div>\n                    <\/header>\n                    <div class=\"hero__visual\">\n                        <img\n                                class=\"object-cover w-full h-full\"\n                                src=\"https:\/\/www.uni.lu\/en\/person-image\/NTAwNDY2MjlfX1Bhc2NhbCBTVEFNTUVU\"\n                                srcset=\"https:\/\/www.uni.lu\/en\/person-image\/NTAwNDY2MjlfX1Bhc2NhbCBTVEFNTUVU--thumbnail 150w,https:\/\/www.uni.lu\/en\/person-image\/NTAwNDY2MjlfX1Bhc2NhbCBTVEFNTUVU--medium 300w,https:\/\/www.uni.lu\/en\/person-image\/NTAwNDY2MjlfX1Bhc2NhbCBTVEFNTUVU--medium_large 768w,https:\/\/www.uni.lu\/en\/person-image\/NTAwNDY2MjlfX1Bhc2NhbCBTVEFNTUVU--large 1024w,https:\/\/www.uni.lu\/en\/person-image\/NTAwNDY2MjlfX1Bhc2NhbCBTVEFNTUVU--1536x1536 1536w,https:\/\/www.uni.lu\/en\/person-image\/NTAwNDY2MjlfX1Bhc2NhbCBTVEFNTUVU--2048x2048 2048w\"\n                                loading=\"lazy\"\n                                alt=\"\">\n                    <\/div>\n                    <div class=\"hero__body\">\n                        <div class=\"hero__container\">\n                            <p>Affiliated professor of Medecine<\/p>\n                            <h2 class=\"text-h6\">\n                                Contact                            <\/h2>\n                            <ul>\n                                                                <li>\n                                    <div class=\"icon-info icon-contact\">\n                                        <svg\n                                            aria-hidden=\"true\"\n                                            focusable=\"false\"\n                                            class=\"\n                                                icon\n                                                icon-outline\n                                                icon--primary\n                                                icon--secondary\n                                            \">\n\n                                            <use\n                                                xlink:href=\"https:\/\/www.uni.lu\/wp-content\/themes\/unilux-theme\/assets\/images\/icons\/icons-outline.svg#icon--email\">\n                                            <\/use>\n                                        <\/svg>\n                                        <div class=\"icon-info__body\">\n                                            &#112;asc&#097;l&#046;sta&#109;&#109;e&#116;&#064;&#117;&#110;&#105;.l&#117;                                        <\/div>\n                                    <\/div>\n                                <\/li>\n                                                                                                <li>\n                                    <div class=\"icon-info icon-contact\">\n                                        <svg\n                                                aria-hidden=\"true\"\n                                                focusable=\"false\"\n                                                class=\"\n                                                    icon icon-outline\n                                                    icon--primary\n                                                    icon--secondary\n                                                \">\n\n                                            <use xlink:href=\"https:\/\/www.uni.lu\/wp-content\/themes\/unilux-theme\/assets\/images\/icons\/icons-outline.svg#icon--phone\">\n                                            <\/use>\n                                        <\/svg>\n                                        <div class=\"icon-info__body\">\n                                            (+352) 46 66 44\n                                            5612                                        <\/div>\n                                    <\/div>\n                                <\/li>\n                                                            <\/ul>\n                        <\/div>\n                    <\/div>\n                <\/div>\n            <\/div>\n        <\/section>\n    <\/div>\n\n<div class=\"wp-block-unilux-blocks-wrapper tabs-pre-heading\">\n<div class=\"wp-block-unilux-blocks-wrapper container xl:max-w-screen-xl\">\n<h2 class=\"has-text-align-left wp-block-unilux-blocks-heading\"        id=\"details\"\n    >\nDetails<\/h2>\n<\/div>\n<\/div>\n\n<div class=\"wp-block-unilux-blocks-wrapper container xl:max-w-screen-xl\">\n<div id=\"tab-nav\" class=\"tab-nav\">\n    <button\n        type=\"button\"\n        class=\"button-toggle btn btn--white w-full\"\n        aria-expanded=\"false\"\n        aria-controls=\"tab-nav__listing\"\n        title=\"The selected tab is CONTENT OF THE CURRENT LABEL\"\n    >\n        <span class=\"btn__name mr-auto\">Profile<\/span>\n        <svg aria-hidden=\"true\" focusable=\"false\" class=\"icon icon-outline icon--xs\">\n            <use xlink:href=\"https:\/\/www.uni.lu\/wp-content\/themes\/unilux-theme\/assets\/images\/icons\/icons-outline.svg#icon--arrow-down\" \/>\n        <\/svg>\n    <\/button>\n    <ul\n        id=\"tab-nav__listing\"\n        class=\"tab-nav__listing nav manual\"\n        role=\"tablist\"\n        aria-label=\"About me\"\n    >\n                <li role=\"presentation\" class=\"tab-nav__item\" key={button.id}>\n            <button\n                type=\"button\"\n                id=\"tab-profile-tab-50046629\"\n                data-bs-toggle=\"tab\"\n                data-bs-target=\"#tabpanel-profile-tab-50046629\"\n                role=\"tab\"\n                aria-controls=\"tabpanel-profile-tab-50046629\"\n                aria-selected=\"false\"\n                aria-current=\"false\"\n                class=\"tab-nav__button\"\n                tabIndex=\"-1\"\n            >\n                <svg aria-hidden=\"true\" focusable=\"false\" class=\"icon icon-outline icon--xs\">\n                    <use xlink:href=\"https:\/\/www.uni.lu\/wp-content\/themes\/unilux-theme\/assets\/images\/icons\/icons-outline.svg#icon--arrow-right\" \/>\n                <\/svg>\n                <span class=\"tab-nav__name\">Profile<\/span>\n            <\/button>\n        <\/li>\n                <li role=\"presentation\" class=\"tab-nav__item\" key={button.id}>\n            <button\n                type=\"button\"\n                id=\"tab-4294fe4d-f3ba-4c02-8f8c-ecb17a121232\"\n                data-bs-toggle=\"tab\"\n                data-bs-target=\"#tabpanel-4294fe4d-f3ba-4c02-8f8c-ecb17a121232\"\n                role=\"tab\"\n                aria-controls=\"tabpanel-4294fe4d-f3ba-4c02-8f8c-ecb17a121232\"\n                aria-selected=\"false\"\n                aria-current=\"false\"\n                class=\"tab-nav__button\"\n                tabIndex=\"-1\"\n            >\n                <svg aria-hidden=\"true\" focusable=\"false\" class=\"icon icon-outline icon--xs\">\n                    <use xlink:href=\"https:\/\/www.uni.lu\/wp-content\/themes\/unilux-theme\/assets\/images\/icons\/icons-outline.svg#icon--arrow-right\" \/>\n                <\/svg>\n                <span class=\"tab-nav__name\">CV<\/span>\n            <\/button>\n        <\/li>\n            <\/ul>\n<\/div>\n<div class=\"tab-content\">\n    <section\n    id=\"tabpanel-profile-tab-50046629\"\n    aria-labelledby=\"tab-profile-tab-50046629\"\n    class=\"tab-panel fade hidden is-hidden\"\n>\n    <div class=\"wp-block-unilux-people-person-details\">\n    \n<h3 class=\"has-text-align-left wp-block-unilux-blocks-heading\"        id=\"functions\"\n    >\nFunctions<\/h3>\n\n<p>Affiliated professor of Medecine<\/p>\n\n<h3 class=\"has-text-align-left wp-block-unilux-blocks-heading\"        id=\"in-detail\"\n    >\nIn detail<\/h3>\n<div class=\"customer-spacer-b-md\">\n    <ul class=\"list-highlighted\">\n            <li class=\"list-highlighted__item\">\n        <header class=\"list-highlighted__header\">\n            <h4 class=\"title\">\n                <strong>\n                    Organisation                <\/strong>\n            <\/h4>\n        <\/header>\n        <div class=\"list-highlighted__body\">\n            <a href=\"https:\/\/www.uni.lu\/fstm-en\/\" title=\"Faculty of Science, Technology and Medicine\">Faculty of Science, Technology and Medicine<\/a>        <\/div>\n    <\/li>\n    <li class=\"list-highlighted__item\">\n        <header class=\"list-highlighted__header\">\n            <h4 class=\"title\">\n                <strong>\n                    Department                <\/strong>\n            <\/h4>\n        <\/header>\n        <div class=\"list-highlighted__body\">\n            Department of Health, Medicine and Life Sciences        <\/div>\n    <\/li>\n    <li class=\"list-highlighted__item\">\n        <header class=\"list-highlighted__header\">\n            <h4 class=\"title\">\n                <strong>\n                    Postal address                <\/strong>\n            <\/h4>\n        <\/header>\n        <div class=\"list-highlighted__body\">\n            Maison du Nombre<br>6, avenue de la Fonte<br>L-4364 ESCH        <\/div>\n    <\/li>\n    <li class=\"list-highlighted__item\">\n        <header class=\"list-highlighted__header\">\n            <h4 class=\"title\">\n                <strong>\n                    Campus office                <\/strong>\n            <\/h4>\n        <\/header>\n        <div class=\"list-highlighted__body\">\n            MNO, E02 0245010        <\/div>\n    <\/li>\n    <li class=\"list-highlighted__item\">\n        <header class=\"list-highlighted__header\">\n            <h4 class=\"title\">\n                <strong>\n                    Contact details                <\/strong>\n            <\/h4>\n        <\/header>\n        <div class=\"list-highlighted__body\">\n                            <div class=\"icon-info icon-list-item\">\n                    <svg aria-hidden=\"true\" focusable=\"false\"\n                        class=\"icon icon-outline icon--primary icon--secondary\">\n                        <use xlink:href=\"https:\/\/www.uni.lu\/wp-content\/themes\/unilux-theme\/assets\/images\/icons\/icons-outline.svg#icon--email\"><\/use>\n                    <\/svg>\n                    <div class=\"icon-info__body\">\n                        pasc&#097;l&#046;&#115;&#116;a&#109;&#109;&#101;&#116;&#064;&#117;n&#105;&#046;&#108;&#117;                    <\/div>\n                <\/div>\n            \n                            <div class=\"icon-info icon-list-item\">\n                    <svg aria-hidden=\"true\" focusable=\"false\"\n                        class=\"icon icon-outline icon--primary icon--secondary\">\n                        <use xlink:href=\"https:\/\/www.uni.lu\/wp-content\/themes\/unilux-theme\/assets\/images\/icons\/icons-outline.svg#icon--phone\"><\/use>\n                    <\/svg>\n                    <div class=\"icon-info__body\">\n                        (+352) 46 66 44 5612                    <\/div>\n                <\/div>\n            \n            \n                    <\/div>\n    <\/li>\n    <\/ul>\n<\/div>\n<div style=\"display: inline-block\" class=\"wp-block-unilux-people-person-details\">\n<div class=\"wp-block-button is-style-primary\">\n    <a class=\"wp-block-button__link\" href=\"https:\/\/orbilu.uni.lu\/profile?uid=50046629\" target=\"_blank\">Publications on ORBilu<\/a>\n<\/div><\/div><\/div>\n<\/section>\n<section\n    id=\"tabpanel-4294fe4d-f3ba-4c02-8f8c-ecb17a121232\"\n    aria-labelledby=\"tab-4294fe4d-f3ba-4c02-8f8c-ecb17a121232\"\n    class=\"tab-panel fade hidden is-hidden\"\n>\n    \n<ul class=\"wp-block-unilux-blocks-highlighted-list list-highlighted list-highlighted--architectural\"><li class=\"list-highlighted__item  wp-block-unilux-blocks-highlighted-list-item\">\n    <header class=\"list-highlighted__header wp-block-unilux-blocks-highlighted-list-item-header\">\n    \n<h4 class=\"title text-18 font-bold has-text-align-left wp-block-unilux-blocks-heading\"        id=\"current-position\"\n    >\nCurrent position<\/h4>\n<div class=\"wp-block-unilux-blocks-bigtext\">\n    <span>\n        \n    <\/span>\n<\/div><\/header><div class=\"list-highlighted__body wp-block-unilux-blocks-highlighted-list-item-body\">\n    <div class=\"wp-block-unilux-blocks-highlighted-list-item-free-content-area\">\n    \n<p>Pascal Stammet is Clinical Affiliated Professor at the <a href=\"https:\/\/www.uni.lu\/fstm-en\/research-departments\/department-of-health-medicine-and-life-sciences\/\">Department of Health, Medicine and Life Sciences<\/a> of the Faculty of Science, Technology and Medicine. He is also the current Director of Studies of the Bachelor of Medicine. As a part-time position, he shares his worktime between the University and the Centre Hospitalier de Luxembourg (CHL), where he has clinical activity as anaesthesiologist&#8211;intensive care physician.<\/p>\n<\/div><\/div><\/li>\n\n<li class=\"list-highlighted__item  wp-block-unilux-blocks-highlighted-list-item\">\n    <header class=\"list-highlighted__header wp-block-unilux-blocks-highlighted-list-item-header\">\n    \n<h4 class=\"title text-18 font-bold has-text-align-left wp-block-unilux-blocks-heading\"        id=\"research\"\n    >\nResearch<\/h4>\n<div class=\"wp-block-unilux-blocks-bigtext\">\n    <span>\n        \n    <\/span>\n<\/div><\/header><div class=\"list-highlighted__body wp-block-unilux-blocks-highlighted-list-item-body\">\n    <div class=\"wp-block-unilux-blocks-highlighted-list-item-free-content-area\">\n    \n<p>His research mainly focuses on post cardiac arrest care through involvement in clinical studies and by investigating molecular changes induced by cardiac arrest in collaboration with different research institutions and partners. The overarching goal of his research is the improvement of patient outcomes after this devastating condition, for which current outcomes remain poor.<\/p>\n<\/div><\/div><\/li>\n\n<li class=\"list-highlighted__item  wp-block-unilux-blocks-highlighted-list-item\">\n    <header class=\"list-highlighted__header wp-block-unilux-blocks-highlighted-list-item-header\">\n    \n<h4 class=\"title text-18 font-bold has-text-align-left wp-block-unilux-blocks-heading\"        id=\"teaching\"\n    >\nTeaching<\/h4>\n<div class=\"wp-block-unilux-blocks-bigtext\">\n    <span>\n        \n    <\/span>\n<\/div><\/header><div class=\"list-highlighted__body wp-block-unilux-blocks-highlighted-list-item-body\">\n    <div class=\"wp-block-unilux-blocks-highlighted-list-item-free-content-area\">\n    \n<p>His teaching activities encompass clinical lectures in human physiology, acute critical and emergency medicine, both in the medical curriculum as well as in nursing sciences. He is member of several PhD supervision committees.<\/p>\n<\/div><\/div><\/li>\n\n<li class=\"list-highlighted__item  wp-block-unilux-blocks-highlighted-list-item\">\n    <header class=\"list-highlighted__header wp-block-unilux-blocks-highlighted-list-item-header\">\n    \n<h4 class=\"title text-18 font-bold has-text-align-left wp-block-unilux-blocks-heading\"        id=\"outreach\"\n    >\nOutreach<\/h4>\n<div class=\"wp-block-unilux-blocks-bigtext\">\n    <span>\n        \n    <\/span>\n<\/div><\/header><div class=\"list-highlighted__body wp-block-unilux-blocks-highlighted-list-item-body\">\n    <div class=\"wp-block-unilux-blocks-highlighted-list-item-free-content-area\">\n    \n<p>Previous clinical research results of large multicentre studies have led to a direct impact on international guidelines on the care of post cardiac arrest patients. Local research focus lies on improvement of the national health system striving to identify paths and approaches to enhance care for those patients. He is also part of international networks on cardiac arrest research. He has published more than 80 peer reviewed articles as author and co-author. He also serves as active reviewer for intensive care journals.<\/p>\n<\/div><\/div><\/li>\n\n<li class=\"list-highlighted__item  wp-block-unilux-blocks-highlighted-list-item\">\n    <header class=\"list-highlighted__header wp-block-unilux-blocks-highlighted-list-item-header\">\n    \n<h4 class=\"title text-18 font-bold has-text-align-left wp-block-unilux-blocks-heading\"        id=\"work-experience\"\n    >\nWork experience<\/h4>\n<div class=\"wp-block-unilux-blocks-bigtext\">\n    <span>\n        \n    <\/span>\n<\/div><\/header><div class=\"list-highlighted__body wp-block-unilux-blocks-highlighted-list-item-body\">\n    <div class=\"wp-block-unilux-blocks-highlighted-list-item-free-content-area\">\n    \n<p>After his medical and speciality training in Strasbourg, Li\u00e8ge, Luxembourg and Paris, he joined the Centre Hospitalier de Luxembourg (CHL) in 2005. Between 2017 and 2021, he became the first medical and health director of the newly created \u201cCorps grand-ducal d\u2019incendie et de secours, CGDIS,\u201d where he accompanied the reorganisation and integration of the prehospital emergency services (\u201cSAMU\u201d). In 2021, he integrated the CHL again and became an invited Professor of Medicine at the University of Luxembourg, for the newly created Bachelor of Medicine. He is the University&#8217;s first affiliated clinical professor and has served as Director of Studies of this programme since 2024. <\/p>\n<\/div><\/div><\/li>\n\n<li class=\"list-highlighted__item  wp-block-unilux-blocks-highlighted-list-item\">\n    <header class=\"list-highlighted__header wp-block-unilux-blocks-highlighted-list-item-header\">\n    \n<h4 class=\"title text-18 font-bold has-text-align-left wp-block-unilux-blocks-heading\"        id=\"educational-background\"\n    >\nEducational background<\/h4>\n<div class=\"wp-block-unilux-blocks-bigtext\">\n    <span>\n        \n    <\/span>\n<\/div><\/header><div class=\"list-highlighted__body wp-block-unilux-blocks-highlighted-list-item-body\">\n    <div class=\"wp-block-unilux-blocks-highlighted-list-item-free-content-area\">\n    \n<p>Prof. Stammet obtained his medical degree in 1998 after his university studies in Strasbourg and Li\u00e8ge. He became a board-certified anaesthesiologist in 2004 and intensive care physician in 2005. He also holds a certification as emergency physician from Li\u00e8ge University as well as a certification on extracorporeal membrane oxygenation (ECMO), from Piti\u00e9-Salp\u00eatri\u00e8re Hospital, Paris. In 2016, he was awarded a PhD in Medical Science at Li\u00e8ge University.<\/p>\n<\/div><\/div><\/li><\/ul>\n<\/section>\n<\/div>\n<\/div>\n<\/div>\n","protected":false},"excerpt":{"rendered":"","protected":false},"author":44,"featured_media":0,"parent":0,"menu_order":0,"template":"","meta":{"featured_image_focal_point":[],"show_featured_caption":false,"ulux_newsletter_groups":"","uluxPostTitle":"","uluxPrePostTitle":"","_trash_the_other_posts":false,"_price":"","_stock":"","_tribe_ticket_header":"","_tribe_default_ticket_provider":"","_tribe_ticket_capacity":"0","_ticket_start_date":"","_ticket_end_date":"","_tribe_ticket_show_description":"","_tribe_ticket_show_not_going":false,"_tribe_ticket_use_global_stock":"","_tribe_ticket_global_stock_level":"","_global_stock_mode":"","_global_stock_cap":"","_tribe_rsvp_for_event":"","_tribe_ticket_going_count":"","_tribe_ticket_not_going_count":"","_tribe_tickets_list":"[]","_tribe_ticket_has_attendee_info_fields":false,"person_selector_id":"50046629","person_selector_name":"Pascal STAMMET","person_migrated":true,"person_general_position_description":"Affiliated professor of Medecine (Faculty of Science, Technology and Medicine - Department of Health, Medicine and Life Sciences)"},"authorship":[44],"acf":[],"yoast_head":"<!-- This site is optimized with the Yoast SEO Premium plugin v22.3 (Yoast SEO v22.3) - https:\/\/yoast.com\/wordpress\/plugins\/seo\/ -->\n<title>Pascal STAMMET - FSTM - University of Luxembourg I Uni.lu<\/title>\n<meta name=\"description\" content=\"Affiliated professor of Medecine Pascal Stammet is Clinical Affiliated Professor at the Department of Health, Medicine and Life Sciences of the Faculty of\" \/>\n<meta name=\"robots\" content=\"index, follow, max-snippet:-1, max-image-preview:large, max-video-preview:-1\" \/>\n<link rel=\"canonical\" href=\"https:\/\/www.uni.lu\/fstm-en\/people\/pascal-stammet\/\" \/>\n<meta property=\"og:locale\" content=\"en_GB\" \/>\n<meta property=\"og:type\" content=\"article\" \/>\n<meta property=\"og:title\" content=\"Pascal STAMMET\" \/>\n<meta property=\"og:description\" content=\"Affiliated professor of Medecine\" \/>\n<meta property=\"og:url\" content=\"https:\/\/www.uni.lu\/fstm-en\/people\/pascal-stammet\/\" \/>\n<meta property=\"og:site_name\" content=\"FSTM EN\" \/>\n<meta property=\"article:publisher\" content=\"https:\/\/www.facebook.com\/fstm.uni.lu\/\" \/>\n<meta property=\"article:modified_time\" content=\"2026-04-08T10:12:16+00:00\" \/>\n<meta property=\"og:image\" content=\"https:\/\/www.uni.lu\/en\/person-image\/NTAwNDY2MjlfX1Bhc2NhbCBTVEFNTUVU\" \/>\n\t<meta property=\"og:image:width\" content=\"2560\" \/>\n\t<meta property=\"og:image:height\" content=\"2560\" \/>\n\t<meta property=\"og:image:type\" content=\"image\/jpeg\" \/>\n<meta name=\"twitter:card\" content=\"summary_large_image\" \/>\n<meta name=\"twitter:label1\" content=\"Estimated reading time\" \/>\n\t<meta name=\"twitter:data1\" content=\"2 minutes\" \/>\n<script type=\"application\/ld+json\" class=\"yoast-schema-graph\">{\"@context\":\"https:\/\/schema.org\",\"@graph\":[{\"@type\":\"WebPage\",\"@id\":\"https:\/\/www.uni.lu\/fstm-en\/people\/pascal-stammet\/\",\"url\":\"https:\/\/www.uni.lu\/fstm-en\/people\/pascal-stammet\/\",\"name\":\"Pascal STAMMET - FSTM - University of Luxembourg I Uni.lu\",\"isPartOf\":{\"@id\":\"https:\/\/www.uni.lu\/fstm-en\/#website\"},\"datePublished\":\"2025-03-24T08:44:29+00:00\",\"dateModified\":\"2026-04-08T10:12:16+00:00\",\"description\":\"Affiliated professor of Medecine Pascal Stammet is Clinical Affiliated Professor at the Department of Health, Medicine and Life Sciences of the Faculty of\",\"breadcrumb\":{\"@id\":\"https:\/\/www.uni.lu\/fstm-en\/people\/pascal-stammet\/#breadcrumb\"},\"inLanguage\":\"en-GB\",\"potentialAction\":[{\"@type\":\"ReadAction\",\"target\":[\"https:\/\/www.uni.lu\/fstm-en\/people\/pascal-stammet\/\"]}]},{\"@type\":\"BreadcrumbList\",\"@id\":\"https:\/\/www.uni.lu\/fstm-en\/people\/pascal-stammet\/#breadcrumb\",\"itemListElement\":[{\"@type\":\"ListItem\",\"position\":1,\"name\":\"Home\",\"item\":\"https:\/\/www.uni.lu\/en\"},{\"@type\":\"ListItem\",\"position\":2,\"name\":\"Faculty of Science, Technology and Medicine\",\"item\":\"https:\/\/www.uni.lu\/fstm-en\/\"},{\"@type\":\"ListItem\",\"position\":3,\"name\":\"Pascal STAMMET\"}]},{\"@type\":\"WebSite\",\"@id\":\"https:\/\/www.uni.lu\/fstm-en\/#website\",\"url\":\"https:\/\/www.uni.lu\/fstm-en\/\",\"name\":\"FSTM\",\"description\":\"Faculty of Science, Technology and Medicine I Uni.lu\",\"publisher\":{\"@id\":\"https:\/\/www.uni.lu\/fstm-en\/#organization\"},\"alternateName\":\"Faculty of Science, Technology and Medicine I University of Luxembourg\",\"potentialAction\":[{\"@type\":\"SearchAction\",\"target\":{\"@type\":\"EntryPoint\",\"urlTemplate\":\"https:\/\/www.uni.lu\/fstm-en\/?s={search_term_string}\"},\"query-input\":\"required name=search_term_string\"}],\"inLanguage\":\"en-GB\"},{\"@type\":\"Organization\",\"@id\":\"https:\/\/www.uni.lu\/fstm-en\/#organization\",\"name\":\"FSTM - University of Luxembourg I Uni.lu\",\"alternateName\":\"Faculty of Science, Technology and Medicine\",\"url\":\"https:\/\/www.uni.lu\/fstm-en\/\",\"logo\":{\"@type\":\"ImageObject\",\"inLanguage\":\"en-GB\",\"@id\":\"https:\/\/www.uni.lu\/fstm-en\/#\/schema\/logo\/image\/\",\"url\":\"https:\/\/www.uni.lu\/wp-content\/uploads\/sites\/4\/2026\/03\/03111650\/FSTM_SM-Profile_1600x1600px-scaled.jpg\",\"contentUrl\":\"https:\/\/www.uni.lu\/wp-content\/uploads\/sites\/4\/2026\/03\/03111650\/FSTM_SM-Profile_1600x1600px-scaled.jpg\",\"width\":2560,\"height\":2560,\"caption\":\"FSTM - University of Luxembourg I Uni.lu\"},\"image\":\"https:\/\/www.uni.lu\/wp-content\/uploads\/sites\/4\/2026\/04\/24144328\/20200609-Belval-Campus_Henri-Goergen-23.jpg\",\"sameAs\":[\"https:\/\/www.facebook.com\/fstm.uni.lu\/\",\"https:\/\/www.linkedin.com\/showcase\/fstm-uni-lu\"],\"email\":\"communication@uni.lu\",\"telephone\":\"+3524666441\",\"address\":{\"@type\":\"PostalAddress\",\"streetAddress\":\"2, place de l\u2019Universit\u00e9\",\"addressLocality\":\"Esch-sur-Alzette\",\"postalCode\":\"4365\",\"addressCountry\":\"LU\"},\"description\":\"Faculty of Science, Technology and Medicine I Uni.lu\"}]}<\/script>\n<!-- \/ Yoast SEO Premium plugin. -->","yoast_head_json":{"title":"Pascal STAMMET - FSTM - University of Luxembourg I Uni.lu","description":"Affiliated professor of Medecine Pascal Stammet is Clinical Affiliated Professor at the Department of Health, Medicine and Life Sciences of the Faculty of","robots":{"index":"index","follow":"follow","max-snippet":"max-snippet:-1","max-image-preview":"max-image-preview:large","max-video-preview":"max-video-preview:-1"},"canonical":"https:\/\/www.uni.lu\/fstm-en\/people\/pascal-stammet\/","og_locale":"en_GB","og_type":"article","og_title":"Pascal STAMMET","og_description":"Affiliated professor of Medecine","og_url":"https:\/\/www.uni.lu\/fstm-en\/people\/pascal-stammet\/","og_site_name":"FSTM EN","article_publisher":"https:\/\/www.facebook.com\/fstm.uni.lu\/","article_modified_time":"2026-04-08T10:12:16+00:00","og_image":[{"width":2560,"height":2560,"url":"https:\/\/www.uni.lu\/en\/person-image\/NTAwNDY2MjlfX1Bhc2NhbCBTVEFNTUVU","type":"image\/jpeg"}],"twitter_card":"summary_large_image","twitter_misc":{"Estimated reading time":"2 minutes"},"schema":{"@context":"https:\/\/schema.org","@graph":[{"@type":"WebPage","@id":"https:\/\/www.uni.lu\/fstm-en\/people\/pascal-stammet\/","url":"https:\/\/www.uni.lu\/fstm-en\/people\/pascal-stammet\/","name":"Pascal STAMMET - FSTM - University of Luxembourg I Uni.lu","isPartOf":{"@id":"https:\/\/www.uni.lu\/fstm-en\/#website"},"datePublished":"2025-03-24T08:44:29+00:00","dateModified":"2026-04-08T10:12:16+00:00","description":"Affiliated professor of Medecine Pascal Stammet is Clinical Affiliated Professor at the Department of Health, Medicine and Life Sciences of the Faculty of","breadcrumb":{"@id":"https:\/\/www.uni.lu\/fstm-en\/people\/pascal-stammet\/#breadcrumb"},"inLanguage":"en-GB","potentialAction":[{"@type":"ReadAction","target":["https:\/\/www.uni.lu\/fstm-en\/people\/pascal-stammet\/"]}]},{"@type":"BreadcrumbList","@id":"https:\/\/www.uni.lu\/fstm-en\/people\/pascal-stammet\/#breadcrumb","itemListElement":[{"@type":"ListItem","position":1,"name":"Home","item":"https:\/\/www.uni.lu\/en"},{"@type":"ListItem","position":2,"name":"Faculty of Science, Technology and Medicine","item":"https:\/\/www.uni.lu\/fstm-en\/"},{"@type":"ListItem","position":3,"name":"Pascal STAMMET"}]},{"@type":"WebSite","@id":"https:\/\/www.uni.lu\/fstm-en\/#website","url":"https:\/\/www.uni.lu\/fstm-en\/","name":"FSTM","description":"Faculty of Science, Technology and Medicine I Uni.lu","publisher":{"@id":"https:\/\/www.uni.lu\/fstm-en\/#organization"},"alternateName":"Faculty of Science, Technology and Medicine I University of Luxembourg","potentialAction":[{"@type":"SearchAction","target":{"@type":"EntryPoint","urlTemplate":"https:\/\/www.uni.lu\/fstm-en\/?s={search_term_string}"},"query-input":"required name=search_term_string"}],"inLanguage":"en-GB"},{"@type":"Organization","@id":"https:\/\/www.uni.lu\/fstm-en\/#organization","name":"FSTM - University of Luxembourg I Uni.lu","alternateName":"Faculty of Science, Technology and Medicine","url":"https:\/\/www.uni.lu\/fstm-en\/","logo":{"@type":"ImageObject","inLanguage":"en-GB","@id":"https:\/\/www.uni.lu\/fstm-en\/#\/schema\/logo\/image\/","url":"https:\/\/www.uni.lu\/wp-content\/uploads\/sites\/4\/2026\/03\/03111650\/FSTM_SM-Profile_1600x1600px-scaled.jpg","contentUrl":"https:\/\/www.uni.lu\/wp-content\/uploads\/sites\/4\/2026\/03\/03111650\/FSTM_SM-Profile_1600x1600px-scaled.jpg","width":2560,"height":2560,"caption":"FSTM - University of Luxembourg I Uni.lu"},"image":"https:\/\/www.uni.lu\/wp-content\/uploads\/sites\/4\/2026\/04\/24144328\/20200609-Belval-Campus_Henri-Goergen-23.jpg","sameAs":["https:\/\/www.facebook.com\/fstm.uni.lu\/","https:\/\/www.linkedin.com\/showcase\/fstm-uni-lu"],"email":"communication@uni.lu","telephone":"+3524666441","address":{"@type":"PostalAddress","streetAddress":"2, place de l\u2019Universit\u00e9","addressLocality":"Esch-sur-Alzette","postalCode":"4365","addressCountry":"LU"},"description":"Faculty of Science, Technology and Medicine I Uni.lu"}]}},"_links":{"self":[{"href":"https:\/\/www.uni.lu\/fstm-en\/wp-json\/wp\/v2\/people\/36966"}],"collection":[{"href":"https:\/\/www.uni.lu\/fstm-en\/wp-json\/wp\/v2\/people"}],"about":[{"href":"https:\/\/www.uni.lu\/fstm-en\/wp-json\/wp\/v2\/types\/people"}],"author":[{"embeddable":true,"href":"https:\/\/www.uni.lu\/fstm-en\/wp-json\/wp\/v2\/users\/44"}],"version-history":[{"count":5,"href":"https:\/\/www.uni.lu\/fstm-en\/wp-json\/wp\/v2\/people\/36966\/revisions"}],"predecessor-version":[{"id":47017,"href":"https:\/\/www.uni.lu\/fstm-en\/wp-json\/wp\/v2\/people\/36966\/revisions\/47017"}],"wp:authorship":[{"embeddable":true,"href":"https:\/\/www.uni.lu\/fstm-en\/wp-json\/wp\/v2\/users\/44"}],"wp:attachment":[{"href":"https:\/\/www.uni.lu\/fstm-en\/wp-json\/wp\/v2\/media?parent=36966"}],"curies":[{"name":"wp","href":"https:\/\/api.w.org\/{rel}","templated":true}]}}