{"id":26653,"date":"2024-08-23T12:54:59","date_gmt":"2024-08-23T10:54:59","guid":{"rendered":"https:\/\/www.uni.lu\/fstm-en\/?post_type=events&#038;p=26653"},"modified":"2024-08-23T13:25:17","modified_gmt":"2024-08-23T11:25:17","slug":"journee-mondiale-de-la-normalisation-2024","status":"publish","type":"events","link":"https:\/\/www.uni.lu\/fstm-en\/events\/journee-mondiale-de-la-normalisation-2024\/","title":{"rendered":"Journ\u00e9e Mondiale de la Normalisation 2024"},"content":{"rendered":"\n<section class=\"wp-block-unilux-blocks-free-section section\"><div class=\"container xl:max-w-screen-xl\">\n<p><strong>L\u2019ILNAS, en collaboration avec l\u2019Universit\u00e9 du Luxembourg, organise un \u00e9v\u00e9nement afin de c\u00e9l\u00e9brer la Journ\u00e9e Mondiale de la Normalisation, le mardi 15 octobre 2024, d\u00e8s 13h30, \u00e0 la Maison de la Biom\u00e9decine II (Biotech II) sur le Campus d&#8217;Esch-Belval.<\/strong><\/p>\n\n\n\n<p>Plac\u00e9 sous le signe du d\u00e9veloppement durable, cet \u00e9v\u00e9nement sera introduit par le Minist\u00e8re de l\u2019Economie qui fournira une vision globale des initiatives \u00e9conomiques luxembourgeoises supportant les objectifs de d\u00e9veloppement durable. Cette intervention sera compl\u00e9t\u00e9e par une pr\u00e9sentation des d\u00e9veloppements strat\u00e9giques normatifs r\u00e9alis\u00e9s au Grand-Duch\u00e9 de Luxembourg, avec une vue rapproch\u00e9e des activit\u00e9s entrant dans le cadre de la nouvelle&nbsp;<a href=\"https:\/\/portail-qualite.public.lu\/dam-assets\/publications\/normalisation\/2024\/politique-luxembourgeoise-normalisation-technique-developpement-durable-2024-2026.pdf\" target=\"_blank\" rel=\"noreferrer noopener\">Politique luxembourgeoise pour la normalisation technique du domaine du d\u00e9veloppement durable (2024-2026)<\/a>.<\/p>\n\n\n\n<p>Avec un accent mis sur l\u2019objectif de d\u00e9veloppement \u00ab&nbsp;sant\u00e9 et bien-\u00eatre&nbsp;\u00bb, cette premi\u00e8re session se poursuivra avec l\u2019intervention d\u2019un d\u00e9l\u00e9gu\u00e9 en normalisation qui fournira une vue pratique de la normalisation et permettra ainsi au public pr\u00e9sent de prendre connaissance du r\u00f4le des normes dans le contexte de la durabilit\u00e9, et de comprendre l\u2019int\u00e9r\u00eat de la participation \u00e0 la normalisation technique pour les d\u00e9l\u00e9gu\u00e9s contribuant aux travaux normatifs.<\/p>\n\n\n\n<p>La seconde partie de l\u2019\u00e9v\u00e9nement permettra \u00e0 l\u2019Universit\u00e9 du Luxembourg de pr\u00e9senter les derniers r\u00e9sultats du&nbsp;<a href=\"https:\/\/portail-qualite.public.lu\/fr\/normes-normalisation\/education-recherche\/normalisation-recherche.html\">programme de recherche ILNAS\/Universit\u00e9 du Luxembourg-SnT \u00ab&nbsp;<em>Technical Standardisation for Trustworthy ICT, Aerospace, and Construction<\/em>&nbsp;\u00bb (2021-2024)<\/a>. Les doctorants impliqu\u00e9s dans ce programme pr\u00e9senteront le document \u00ab&nbsp;<em>Research-driven standardization opportunities for ICT, construction and aerospace&nbsp;<\/em>\u00bb<em>,&nbsp;<\/em>qui serapubli\u00e9 le jour de l\u2019\u00e9v\u00e9nement. Cette publication met en avant les opportunit\u00e9s de normalisation identifi\u00e9es durant leurs activit\u00e9s de recherche : la cr\u00e9ation de mosa\u00efques d\u2019images satellitaires multi-sources, l\u2019extension des protocoles de communication du domaine spatial au&nbsp;<em>Federated Learning<\/em>&nbsp;ou encore l\u2019utilisation de normes dans la programmation par contraintes pour l\u2019optimisation \u00e9nerg\u00e9tique des b\u00e2timents. Cette seconde partie sera aussi l\u2019occasion de pr\u00e9senter le futur programme de recherche qui couvrira la p\u00e9riode 2025-2028. Les futurs doctorants auront comme champ d\u2019application principal le d\u00e9veloppement durable appliqu\u00e9 aux trois secteurs porteurs de la&nbsp;<a href=\"https:\/\/portail-qualite.public.lu\/dam-assets\/publications\/normalisation\/2024\/strategie-normative-luxembourgeoise-2024-2030.pdf\" target=\"_blank\" rel=\"noreferrer noopener\">Strat\u00e9gie normative luxembourgeoise 2024-2030<\/a>.<\/p>\n\n\n\n<p>Pour cl\u00f4turer cet \u00e9v\u00e9nement, l\u2019ILNAS aura le plaisir de remettre le troph\u00e9e \u00ab&nbsp;<em>D\u00e9l\u00e9gu\u00e9 national en normalisation<\/em>&nbsp;\u00bb qui viendra r\u00e9compenser le travail normatif d&#8217;un expert national. Enfin, l&#8217;ensemble des participants seront convi\u00e9s \u00e0 un cocktail afin de favoriser les partages d\u2019exp\u00e9riences et les \u00e9changes. Une mani\u00e8re \u00e9galement de remercier toutes les personnes investies dans la normalisation technique au Grand-Duch\u00e9 de Luxembourg.<\/p>\n\n\n\n<h2 class=\"has-text-align-left wp-block-unilux-blocks-heading\"        id=\"inscription\"\n    >\nInscription<\/h2>\n\n\n\n<p>Bien que la participation soit gratuite, le nombre de places disponibles est limit\u00e9. L&#8217;inscription est donc obligatoire. Nous vous invitons \u00e0 confirmer votre pr\u00e9sence au plus tard le mardi 8 octobre 2024. En cas d&#8217;annulation ou de remplacement par un autre participant, nous vous invitons \u00e0 nous en informer par e-mail.<\/p>\n\n\n\n<p><strong>En cas d\u2019absence non excus\u00e9e, ou d\u2019annulation d\u2019une inscription non communiqu\u00e9e 48 heures avant l\u2019\u00e9v\u00e9nement, nous nous r\u00e9servons le droit de refuser temporairement la participation de la personne concern\u00e9e lors de prochains \u00e9v\u00e9nements.<\/strong><\/p>\n\n\n\n<p>Inscrivez-vous ici :&nbsp;<a href=\"https:\/\/journee-mondiale-normalisation-2024.eventbrite.com\/\" target=\"_blank\" rel=\"noreferrer noopener\">https:\/\/journee-mondiale-normalisation-2024.eventbrite.com<\/a><\/p>\n<\/div><\/section>\n","protected":false},"excerpt":{"rendered":"","protected":false},"author":52,"featured_media":26666,"parent":0,"menu_order":0,"comment_status":"open","ping_status":"closed","template":"","format":"standard","meta":{"featured_image_focal_point":{"x":0.2,"y":0.1},"show_featured_caption":false,"ulux_newsletter_groups":"","uluxPostTitle":"","uluxPrePostTitle":"","_trash_the_other_posts":false,"_price":"","_stock":"","_tribe_ticket_header":"","_tribe_default_ticket_provider":"","_tribe_ticket_capacity":"0","_ticket_start_date":"","_ticket_end_date":"","_tribe_ticket_show_description":"","_tribe_ticket_show_not_going":false,"_tribe_ticket_use_global_stock":"","_tribe_ticket_global_stock_level":"","_global_stock_mode":"","_global_stock_cap":"","_tribe_rsvp_for_event":"","_tribe_ticket_going_count":"","_tribe_ticket_not_going_count":"","_tribe_tickets_list":"[]","_tribe_ticket_has_attendee_info_fields":false,"event_start_date":"2024-10-15 13:30:00","event_end_date":"2024-10-15 18:00:00","event_speaker_name":"","event_speaker_link":"","event_is_online":false,"event_location":"Maison de la Biom\u00e9decine ","event_street":"6 Avenue du Swing","event_location_link":"","event_zip_code":"4365","event_city":"Belval","event_country":"Luxembourg"},"events-topic":[],"events-type":[330,329,322],"organisation":[31,29],"authorship":[52],"acf":[],"yoast_head":"<!-- This site is optimized with the Yoast SEO Premium plugin v22.3 (Yoast SEO v22.3) - https:\/\/yoast.com\/wordpress\/plugins\/seo\/ -->\n<title>Journ\u00e9e Mondiale de la Normalisation 2024 - FSTM events I Uni.lu<\/title>\n<meta name=\"description\" content=\"L\u2019ILNAS, en collaboration avec l\u2019Universit\u00e9 du Luxembourg, organise un \u00e9v\u00e9nement afin de c\u00e9l\u00e9brer la Journ\u00e9e Mondiale de la Normalisation, le mardi 15\" \/>\n<meta name=\"robots\" content=\"index, follow, max-snippet:-1, max-image-preview:large, max-video-preview:-1\" \/>\n<link rel=\"canonical\" href=\"https:\/\/www.uni.lu\/fstm-en\/events\/journee-mondiale-de-la-normalisation-2024\/\" \/>\n<meta property=\"og:locale\" content=\"en_GB\" \/>\n<meta property=\"og:type\" content=\"article\" \/>\n<meta property=\"og:title\" content=\"Journ\u00e9e Mondiale de la Normalisation 2024\" \/>\n<meta property=\"og:description\" content=\"L\u2019ILNAS, en collaboration avec l\u2019Universit\u00e9 du Luxembourg, organise un \u00e9v\u00e9nement afin de c\u00e9l\u00e9brer la Journ\u00e9e Mondiale de la Normalisation, le mardi 15\" \/>\n<meta property=\"og:url\" content=\"https:\/\/www.uni.lu\/fstm-en\/events\/journee-mondiale-de-la-normalisation-2024\/\" \/>\n<meta property=\"og:site_name\" content=\"FSTM EN\" \/>\n<meta property=\"article:publisher\" content=\"https:\/\/www.facebook.com\/fstm.uni.lu\/\" \/>\n<meta property=\"article:modified_time\" content=\"2024-08-23T11:25:17+00:00\" \/>\n<meta property=\"og:image\" content=\"https:\/\/www.uni.lu\/wp-content\/uploads\/sites\/4\/2024\/08\/1.jpg\" \/>\n\t<meta property=\"og:image:width\" content=\"969\" \/>\n\t<meta property=\"og:image:height\" content=\"981\" \/>\n\t<meta property=\"og:image:type\" content=\"image\/jpeg\" \/>\n<meta name=\"twitter:card\" content=\"summary_large_image\" \/>\n<meta name=\"twitter:label1\" content=\"Estimated reading time\" \/>\n\t<meta name=\"twitter:data1\" content=\"3 minutes\" \/>\n<script type=\"application\/ld+json\" class=\"yoast-schema-graph\">{\"@context\":\"https:\/\/schema.org\",\"@graph\":[{\"@type\":\"WebPage\",\"@id\":\"https:\/\/www.uni.lu\/fstm-en\/events\/journee-mondiale-de-la-normalisation-2024\/\",\"url\":\"https:\/\/www.uni.lu\/fstm-en\/events\/journee-mondiale-de-la-normalisation-2024\/\",\"name\":\"Journ\u00e9e Mondiale de la Normalisation 2024 - FSTM events I Uni.lu\",\"isPartOf\":{\"@id\":\"https:\/\/www.uni.lu\/fstm-en\/#website\"},\"primaryImageOfPage\":{\"@id\":\"https:\/\/www.uni.lu\/fstm-en\/events\/journee-mondiale-de-la-normalisation-2024\/#primaryimage\"},\"image\":{\"@id\":\"https:\/\/www.uni.lu\/fstm-en\/events\/journee-mondiale-de-la-normalisation-2024\/#primaryimage\"},\"thumbnailUrl\":\"https:\/\/www.uni.lu\/wp-content\/uploads\/sites\/4\/2024\/08\/1.jpg\",\"datePublished\":\"2024-08-23T10:54:59+00:00\",\"dateModified\":\"2024-08-23T11:25:17+00:00\",\"description\":\"L\u2019ILNAS, en collaboration avec l\u2019Universit\u00e9 du Luxembourg, organise un \u00e9v\u00e9nement afin de c\u00e9l\u00e9brer la Journ\u00e9e Mondiale de la Normalisation, le mardi 15\",\"breadcrumb\":{\"@id\":\"https:\/\/www.uni.lu\/fstm-en\/events\/journee-mondiale-de-la-normalisation-2024\/#breadcrumb\"},\"inLanguage\":\"en-GB\",\"potentialAction\":[{\"@type\":\"ReadAction\",\"target\":[\"https:\/\/www.uni.lu\/fstm-en\/events\/journee-mondiale-de-la-normalisation-2024\/\"]}]},{\"@type\":\"ImageObject\",\"inLanguage\":\"en-GB\",\"@id\":\"https:\/\/www.uni.lu\/fstm-en\/events\/journee-mondiale-de-la-normalisation-2024\/#primaryimage\",\"url\":\"https:\/\/www.uni.lu\/wp-content\/uploads\/sites\/4\/2024\/08\/1.jpg\",\"contentUrl\":\"https:\/\/www.uni.lu\/wp-content\/uploads\/sites\/4\/2024\/08\/1.jpg\",\"width\":969,\"height\":981},{\"@type\":\"BreadcrumbList\",\"@id\":\"https:\/\/www.uni.lu\/fstm-en\/events\/journee-mondiale-de-la-normalisation-2024\/#breadcrumb\",\"itemListElement\":[{\"@type\":\"ListItem\",\"position\":1,\"name\":\"Home\",\"item\":\"https:\/\/www.uni.lu\/en\"},{\"@type\":\"ListItem\",\"position\":2,\"name\":\"Faculty of Science, Technology and Medicine\",\"item\":\"https:\/\/www.uni.lu\/fstm-en\/\"},{\"@type\":\"ListItem\",\"position\":3,\"name\":\"Events\",\"item\":\"https:\/\/www.uni.lu\/fstm-en\/events\/\"},{\"@type\":\"ListItem\",\"position\":4,\"name\":\"Journ\u00e9e Mondiale de la Normalisation 2024\"}]},{\"@type\":\"WebSite\",\"@id\":\"https:\/\/www.uni.lu\/fstm-en\/#website\",\"url\":\"https:\/\/www.uni.lu\/fstm-en\/\",\"name\":\"FSTM\",\"description\":\"Faculty of Science, Technology and Medicine I Uni.lu\",\"publisher\":{\"@id\":\"https:\/\/www.uni.lu\/fstm-en\/#organization\"},\"alternateName\":\"Faculty of Science, Technology and Medicine I University of Luxembourg\",\"potentialAction\":[{\"@type\":\"SearchAction\",\"target\":{\"@type\":\"EntryPoint\",\"urlTemplate\":\"https:\/\/www.uni.lu\/fstm-en\/?s={search_term_string}\"},\"query-input\":\"required name=search_term_string\"}],\"inLanguage\":\"en-GB\"},{\"@type\":\"Organization\",\"@id\":\"https:\/\/www.uni.lu\/fstm-en\/#organization\",\"name\":\"FSTM - University of Luxembourg I Uni.lu\",\"alternateName\":\"Faculty of Science, Technology and Medicine\",\"url\":\"https:\/\/www.uni.lu\/fstm-en\/\",\"logo\":{\"@type\":\"ImageObject\",\"inLanguage\":\"en-GB\",\"@id\":\"https:\/\/www.uni.lu\/fstm-en\/#\/schema\/logo\/image\/\",\"url\":\"https:\/\/www.uni.lu\/wp-content\/uploads\/sites\/4\/2026\/03\/03111650\/FSTM_SM-Profile_1600x1600px-scaled.jpg\",\"contentUrl\":\"https:\/\/www.uni.lu\/wp-content\/uploads\/sites\/4\/2026\/03\/03111650\/FSTM_SM-Profile_1600x1600px-scaled.jpg\",\"width\":2560,\"height\":2560,\"caption\":\"FSTM - University of Luxembourg I Uni.lu\"},\"image\":\"https:\/\/www.uni.lu\/wp-content\/uploads\/sites\/4\/2026\/04\/24144328\/20200609-Belval-Campus_Henri-Goergen-23.jpg\",\"sameAs\":[\"https:\/\/www.facebook.com\/fstm.uni.lu\/\",\"https:\/\/www.linkedin.com\/showcase\/fstm-uni-lu\"],\"email\":\"communication@uni.lu\",\"telephone\":\"+3524666441\",\"address\":{\"@type\":\"PostalAddress\",\"streetAddress\":\"2, place de l\u2019Universit\u00e9\",\"addressLocality\":\"Esch-sur-Alzette\",\"postalCode\":\"4365\",\"addressCountry\":\"LU\"},\"description\":\"Faculty of Science, Technology and Medicine I Uni.lu\"}]}<\/script>\n<!-- \/ Yoast SEO Premium plugin. -->","yoast_head_json":{"title":"Journ\u00e9e Mondiale de la Normalisation 2024 - FSTM events I Uni.lu","description":"L\u2019ILNAS, en collaboration avec l\u2019Universit\u00e9 du Luxembourg, organise un \u00e9v\u00e9nement afin de c\u00e9l\u00e9brer la Journ\u00e9e Mondiale de la Normalisation, le mardi 15","robots":{"index":"index","follow":"follow","max-snippet":"max-snippet:-1","max-image-preview":"max-image-preview:large","max-video-preview":"max-video-preview:-1"},"canonical":"https:\/\/www.uni.lu\/fstm-en\/events\/journee-mondiale-de-la-normalisation-2024\/","og_locale":"en_GB","og_type":"article","og_title":"Journ\u00e9e Mondiale de la Normalisation 2024","og_description":"L\u2019ILNAS, en collaboration avec l\u2019Universit\u00e9 du Luxembourg, organise un \u00e9v\u00e9nement afin de c\u00e9l\u00e9brer la Journ\u00e9e Mondiale de la Normalisation, le mardi 15","og_url":"https:\/\/www.uni.lu\/fstm-en\/events\/journee-mondiale-de-la-normalisation-2024\/","og_site_name":"FSTM EN","article_publisher":"https:\/\/www.facebook.com\/fstm.uni.lu\/","article_modified_time":"2024-08-23T11:25:17+00:00","og_image":[{"width":969,"height":981,"url":"https:\/\/www.uni.lu\/wp-content\/uploads\/sites\/4\/2024\/08\/1.jpg","type":"image\/jpeg"}],"twitter_card":"summary_large_image","twitter_misc":{"Estimated reading time":"3 minutes"},"schema":{"@context":"https:\/\/schema.org","@graph":[{"@type":"WebPage","@id":"https:\/\/www.uni.lu\/fstm-en\/events\/journee-mondiale-de-la-normalisation-2024\/","url":"https:\/\/www.uni.lu\/fstm-en\/events\/journee-mondiale-de-la-normalisation-2024\/","name":"Journ\u00e9e Mondiale de la Normalisation 2024 - FSTM events I Uni.lu","isPartOf":{"@id":"https:\/\/www.uni.lu\/fstm-en\/#website"},"primaryImageOfPage":{"@id":"https:\/\/www.uni.lu\/fstm-en\/events\/journee-mondiale-de-la-normalisation-2024\/#primaryimage"},"image":{"@id":"https:\/\/www.uni.lu\/fstm-en\/events\/journee-mondiale-de-la-normalisation-2024\/#primaryimage"},"thumbnailUrl":"https:\/\/www.uni.lu\/wp-content\/uploads\/sites\/4\/2024\/08\/1.jpg","datePublished":"2024-08-23T10:54:59+00:00","dateModified":"2024-08-23T11:25:17+00:00","description":"L\u2019ILNAS, en collaboration avec l\u2019Universit\u00e9 du Luxembourg, organise un \u00e9v\u00e9nement afin de c\u00e9l\u00e9brer la Journ\u00e9e Mondiale de la Normalisation, le mardi 15","breadcrumb":{"@id":"https:\/\/www.uni.lu\/fstm-en\/events\/journee-mondiale-de-la-normalisation-2024\/#breadcrumb"},"inLanguage":"en-GB","potentialAction":[{"@type":"ReadAction","target":["https:\/\/www.uni.lu\/fstm-en\/events\/journee-mondiale-de-la-normalisation-2024\/"]}]},{"@type":"ImageObject","inLanguage":"en-GB","@id":"https:\/\/www.uni.lu\/fstm-en\/events\/journee-mondiale-de-la-normalisation-2024\/#primaryimage","url":"https:\/\/www.uni.lu\/wp-content\/uploads\/sites\/4\/2024\/08\/1.jpg","contentUrl":"https:\/\/www.uni.lu\/wp-content\/uploads\/sites\/4\/2024\/08\/1.jpg","width":969,"height":981},{"@type":"BreadcrumbList","@id":"https:\/\/www.uni.lu\/fstm-en\/events\/journee-mondiale-de-la-normalisation-2024\/#breadcrumb","itemListElement":[{"@type":"ListItem","position":1,"name":"Home","item":"https:\/\/www.uni.lu\/en"},{"@type":"ListItem","position":2,"name":"Faculty of Science, Technology and Medicine","item":"https:\/\/www.uni.lu\/fstm-en\/"},{"@type":"ListItem","position":3,"name":"Events","item":"https:\/\/www.uni.lu\/fstm-en\/events\/"},{"@type":"ListItem","position":4,"name":"Journ\u00e9e Mondiale de la Normalisation 2024"}]},{"@type":"WebSite","@id":"https:\/\/www.uni.lu\/fstm-en\/#website","url":"https:\/\/www.uni.lu\/fstm-en\/","name":"FSTM","description":"Faculty of Science, Technology and Medicine I Uni.lu","publisher":{"@id":"https:\/\/www.uni.lu\/fstm-en\/#organization"},"alternateName":"Faculty of Science, Technology and Medicine I University of Luxembourg","potentialAction":[{"@type":"SearchAction","target":{"@type":"EntryPoint","urlTemplate":"https:\/\/www.uni.lu\/fstm-en\/?s={search_term_string}"},"query-input":"required name=search_term_string"}],"inLanguage":"en-GB"},{"@type":"Organization","@id":"https:\/\/www.uni.lu\/fstm-en\/#organization","name":"FSTM - University of Luxembourg I Uni.lu","alternateName":"Faculty of Science, Technology and Medicine","url":"https:\/\/www.uni.lu\/fstm-en\/","logo":{"@type":"ImageObject","inLanguage":"en-GB","@id":"https:\/\/www.uni.lu\/fstm-en\/#\/schema\/logo\/image\/","url":"https:\/\/www.uni.lu\/wp-content\/uploads\/sites\/4\/2026\/03\/03111650\/FSTM_SM-Profile_1600x1600px-scaled.jpg","contentUrl":"https:\/\/www.uni.lu\/wp-content\/uploads\/sites\/4\/2026\/03\/03111650\/FSTM_SM-Profile_1600x1600px-scaled.jpg","width":2560,"height":2560,"caption":"FSTM - University of Luxembourg I Uni.lu"},"image":"https:\/\/www.uni.lu\/wp-content\/uploads\/sites\/4\/2026\/04\/24144328\/20200609-Belval-Campus_Henri-Goergen-23.jpg","sameAs":["https:\/\/www.facebook.com\/fstm.uni.lu\/","https:\/\/www.linkedin.com\/showcase\/fstm-uni-lu"],"email":"communication@uni.lu","telephone":"+3524666441","address":{"@type":"PostalAddress","streetAddress":"2, place de l\u2019Universit\u00e9","addressLocality":"Esch-sur-Alzette","postalCode":"4365","addressCountry":"LU"},"description":"Faculty of Science, Technology and Medicine I Uni.lu"}]}},"_links":{"self":[{"href":"https:\/\/www.uni.lu\/fstm-en\/wp-json\/wp\/v2\/events\/26653"}],"collection":[{"href":"https:\/\/www.uni.lu\/fstm-en\/wp-json\/wp\/v2\/events"}],"about":[{"href":"https:\/\/www.uni.lu\/fstm-en\/wp-json\/wp\/v2\/types\/events"}],"author":[{"embeddable":true,"href":"https:\/\/www.uni.lu\/fstm-en\/wp-json\/wp\/v2\/users\/52"}],"replies":[{"embeddable":true,"href":"https:\/\/www.uni.lu\/fstm-en\/wp-json\/wp\/v2\/comments?post=26653"}],"version-history":[{"count":2,"href":"https:\/\/www.uni.lu\/fstm-en\/wp-json\/wp\/v2\/events\/26653\/revisions"}],"predecessor-version":[{"id":26657,"href":"https:\/\/www.uni.lu\/fstm-en\/wp-json\/wp\/v2\/events\/26653\/revisions\/26657"}],"wp:authorship":[{"embeddable":true,"href":"https:\/\/www.uni.lu\/fstm-en\/wp-json\/wp\/v2\/users\/52"}],"wp:featuredmedia":[{"embeddable":true,"href":"https:\/\/www.uni.lu\/fstm-en\/wp-json\/wp\/v2\/media\/26666"}],"wp:attachment":[{"href":"https:\/\/www.uni.lu\/fstm-en\/wp-json\/wp\/v2\/media?parent=26653"}],"wp:term":[{"taxonomy":"events-topic","embeddable":true,"href":"https:\/\/www.uni.lu\/fstm-en\/wp-json\/wp\/v2\/events-topic?post=26653"},{"taxonomy":"events-type","embeddable":true,"href":"https:\/\/www.uni.lu\/fstm-en\/wp-json\/wp\/v2\/events-type?post=26653"},{"taxonomy":"organisation","embeddable":true,"href":"https:\/\/www.uni.lu\/fstm-en\/wp-json\/wp\/v2\/organisation?post=26653"}],"curies":[{"name":"wp","href":"https:\/\/api.w.org\/{rel}","templated":true}]}}