{"id":215,"date":"2025-04-24T08:56:23","date_gmt":"2025-04-24T06:56:23","guid":{"rendered":"https:\/\/www.uni.lu\/fstm-de\/?post_type=events&#038;p=215"},"modified":"2025-07-15T09:54:57","modified_gmt":"2025-07-15T07:54:57","slug":"einsatz-von-virtual-reality-exergaming-zur-foerderung-koerperlicher-aktivitaet-bei-menschen-mittleren-und-hoeheren-alters","status":"publish","type":"events","link":"https:\/\/www.uni.lu\/fstm-de\/events\/einsatz-von-virtual-reality-exergaming-zur-foerderung-koerperlicher-aktivitaet-bei-menschen-mittleren-und-hoeheren-alters\/","title":{"rendered":"Einsatz von Virtual-Reality-Exergaming zur F\u00f6rderung k\u00f6rperlicher Aktivit\u00e4t bei Menschen mittleren und h\u00f6heren Alters"},"content":{"rendered":"\n<section class=\"wp-block-unilux-blocks-free-section section\"><div class=\"container xl:max-w-screen-xl\">\n<p>Trotz der positiven gesundheitlichen Effekte, die mit regelm\u00e4\u00dfiger k\u00f6rperlicher Aktivit\u00e4t verbunden sind,&nbsp;zeigen&nbsp;Menschen mittleren und h\u00f6heren Alters&nbsp;eine reduzierte&nbsp;k\u00f6rperliche&nbsp;Aktivit\u00e4t. Aus gesundheitspsychologischer Sicht ist ein Mangel an Selbstwirksamkeit (SE) ein bedeutender Faktor f\u00fcr Inaktivit\u00e4t. Menschen, die weniger Vertrauen in ihre eigene F\u00e4higkeit zur Aus\u00fcbung k\u00f6rperlicher Aktivit\u00e4t haben (= Bewegungsselbstwirksamkeit), erreichen seltener die Bewegungsempfehlungen der Weltgesundheitsorganisation (WHO).<\/p>\n\n\n\n<p>Exergames (= bewegungsbasierte Videospiele) in der virtuellen Realit\u00e4t bieten beispielsweise ein Potenzial zur Unterst\u00fctzung von Verhaltens\u00e4nderungen. Der Einsatz von VR-Exergames&nbsp;in&nbsp;Studien mit Menschen mittleren und h\u00f6heren Alters ist jedoch bislang begrenzt, und es ist wenig \u00fcber die Wirksamkeit von Virtual-Reality-Exergaming auf die Bewegungsselbstwirksamkeit bekannt.<\/p>\n\n\n\n<p>Ziel der Konferenz ist es zu zeigen, ob die Bewegungsselbstwirksamkeit durch das Spielen von VR-Exergames gesteigert werden kann. Die Pr\u00e4sentation basiert auf der Masterarbeit der Referentin und wird auf Deutsch gehalten.<\/p>\n\n\n\n<p><strong>Der Teilnahmelink wird nach der <a href=\"https:\/\/forms.office.com\/e\/7x8fvkBDKS\" target=\"_blank\" rel=\"noreferrer noopener\">Anmeldung <\/a>versendet.<\/strong><\/p>\n\n\n<div class=\"wp-block-unilux-blocks-spacer is-spacer-size-sm\"><\/div>\n\n\n<h2 class=\"has-text-align-left wp-block-unilux-blocks-heading\"        id=\"zur-referentin\"\n    >\nZur Referentin<\/h2>\n\n\n\n<p>Almira Muratovic ist eine diplomierte Krankenschwester aus Luxemburg mit einem Bachelor- und einem Masterabschluss in Pflegewissenschaft. Ihre berufliche Erfahrung umfasst sowohl die Gesundheitsforschung als auch die klinische Pflegepraxis. W\u00e4hrend ihres Masterstudiums war sie als wissenschaftliche Mitarbeiterin an mehreren Projekten im Fachbereich Pflegewissenschaft der Universit\u00e4t Trier beteiligt. Die Forschungsprojekte befassten sich mit Pr\u00e4vention und Gesundheitsf\u00f6rderung in der Kardiologie. Derzeit arbeitet sie als kardiologische Pflegefachkraft am Universit\u00e4tsSpital Z\u00fcrich.<\/p>\n\n\n<ul class=\"flex flex-wrap mt-24 -mx-16  wp-block-unilux-blocks-free-content-card\">\n    <li class=\"w-full sm:w-1\/2 lg:w-1\/3 px-16  wp-block-unilux-blocks-free-content-card-item\">\n    <div class=\"ulux-card card-people bg-theme\">\n        <div class=\"ulux-card__container card__container\">\n                        <div class=\"ulux-card__visual wp-block-unilux-blocks-free-content-card-item-visual\">\n    \n<div class=\"wp-block-unilux-blocks-image-video-wrapper\">\n    <figure class=\"wp-block-dev4-reusable-blocks-image  object-fit--cover\">\n    \n<img decoding=\"async\" class=\"wp-block-image unilux-custom-image-block\"\n                alt=\"\"\n            src=\"https:\/\/www.uni.lu\/wp-content\/uploads\/sites\/19\/2025\/04\/image-4.png\"\n                srcset=\"https:\/\/www.uni.lu\/wp-content\/uploads\/sites\/19\/2025\/04\/image-4-225x300.png 225w, https:\/\/www.uni.lu\/wp-content\/uploads\/sites\/19\/2025\/04\/image-4.png 240w\"\n                style=\"object-position: 50.00% 50.00%; font-family: &quot;object-fit: cover; object-position: 50.00% 50.00%;&quot;; aspect-ratio: 4\/3; object-fit: cover; width: 100%;\"\n        loading=\"lazy\"\n\/>    <\/figure><\/div><\/div><div class=\"ulux-card__body wp-block-unilux-blocks-free-content-card-item-body\">\n    \n<div class=\"card__activity wp-block-unilux-blocks-plain-text\"><\/div>\n<h3 class=\"card__name has-text-align-left wp-block-unilux-blocks-heading\"        id=\"almira-muratovic\"\n    >\nAlmira Muratovic<\/h3>\n\n<div class=\"card__organization wp-block-unilux-blocks-plain-text\"><\/div>\n<div class=\"card__function wp-block-unilux-blocks-plain-text\"><\/div>\n<div class=\"card__interest wp-block-unilux-blocks-plain-text\">Kardiologische Pflegefachkraft <\/div><\/div>        <\/div>\n    <\/div>\n<\/li><\/ul>\n\n\n<section class=\"py-0 wp-block-unilux-blocks-free-section section\"><div class=\"container xl:max-w-screen-xl\">\n<ul class=\"wp-block-unilux-blocks-custom-buttons btn-list\"><\/ul>\n<\/div><\/section>\n\n\n<div class=\"wp-block-unilux-blocks-spacer is-spacer-size-sm\"><\/div>\n\n\n<p><strong>Der Teilnahmelink wird nach der Anmeldung versendet.<\/strong><\/p>\n\n\n<div class=\"wp-block-unilux-blocks-spacer is-spacer-size-md\"><\/div>\n\n\n<h2 class=\"has-text-align-left wp-block-unilux-blocks-heading\"        id=\"kontakt\"\n    >\nKontakt<\/h2>\n\n\n\n<p>Bei Fragen oder Anfragen zur Anmeldung wenden Sie sich bitte an unsere Konferenzkoordination.<\/p>\n\n\n<div class=\"flex flex-wrap -mx-16  wp-block-unilux-blocks-highlighted-person-list\">\n    <div class=\"w-full md:w-1\/2 px-16  wp-block-unilux-blocks-highlighted-person-list-item\">\n    \n<h3 class=\"has-text-align-left wp-block-unilux-blocks-heading\"    >\n<\/h3>\n\n<div class=\"wp-block-unilux-blocks-wrapper list-people bg-theme\">\n<div class=\"wp-block-unilux-blocks-wrapper list-people__container\">\n<div class=\"wp-block-unilux-blocks-wrapper list-people__visual\"><figure class=\"wp-block-dev4-reusable-blocks-image w-full object-fit--cover\">\n    \n<img decoding=\"async\" class=\"wp-block-image unilux-custom-image-block\"\n                alt=\"\"\n            src=\"https:\/\/www.uni.lu\/wp-content\/uploads\/sites\/4\/2025\/02\/Screenshot-2025-02-28-101807.png\"\n                    style=\"object-position: 80.00% 42.00%; font-family: &quot;object-fit: cover; object-position: 80.00% 42.00%;&quot;; aspect-ratio: 1\/1; object-fit: cover; width: 100%;\"\n        loading=\"lazy\"\n\/>    <\/figure><\/div>\n\n\n\n<div class=\"wp-block-unilux-blocks-wrapper list-people__body\">\n<h5 class=\"list-people__title has-text-align-left wp-block-unilux-blocks-heading\"        id=\"dan-lecoq\"\n    >\nDan Lecoq<\/h5>\n\n\n\n<p class=\"list-people__description wp-block-unilux-blocks-plain-text\"><\/p>\n\n<div class=\"wp-block-unilux-blocks-simple-cta\">\n    <a\n        href=\"mailto:dan.lecoq@uni.lu\"\n        title=\"Learn More\"\n        class=\"link-text link-text--icon link-absolute\"\n        target=\"\"\n    >\n        <span class=\"link-text__body\">\n            <span class=\"link-text__name\">Learn More<\/span>\n        <\/span>\n        <svg aria-hidden=\"true\" focusable=\"false\" class=\"icon icon-outline icon--arrow-right \"><use xlink:href=\"https:\/\/www.uni.lu\/wp-content\/themes\/unilux-theme\/assets\/images\/icons\/icons-outline.svg#icon--arrow-right\"><\/use><\/svg>    <\/a>\n<\/div>\n<\/div>\n<\/div>\n<\/div>\n<\/div><div class=\"w-full md:w-1\/2 px-16  wp-block-unilux-blocks-highlighted-person-list-item\">\n    \n<h3 class=\"has-text-align-left wp-block-unilux-blocks-heading\"    >\n<\/h3>\n\n<div class=\"wp-block-unilux-blocks-wrapper list-people bg-theme\">\n<div class=\"wp-block-unilux-blocks-wrapper list-people__container\">\n<div class=\"wp-block-unilux-blocks-wrapper list-people__visual\"><figure class=\"wp-block-dev4-reusable-blocks-image w-full object-fit--cover\">\n    \n<img decoding=\"async\" class=\"wp-block-image unilux-custom-image-block\"\n                alt=\"\"\n            src=\"https:\/\/www.uni.lu\/wp-content\/uploads\/sites\/4\/2025\/03\/Jo-Pic_my-pic.png\"\n                    style=\"object-position: 50.00% 50.00%; font-family: &quot;object-fit: cover; object-position: 50.00% 50.00%;&quot;; aspect-ratio: 1\/1; object-fit: cover; width: 100%;\"\n        loading=\"lazy\"\n\/>    <\/figure><\/div>\n\n\n\n<div class=\"wp-block-unilux-blocks-wrapper list-people__body\">\n<h5 class=\"list-people__title has-text-align-left wp-block-unilux-blocks-heading\"        id=\"jyoshma-dsouza\"\n    >\nJyoshma Dsouza<\/h5>\n\n\n\n<p class=\"list-people__description wp-block-unilux-blocks-plain-text\"><\/p>\n\n<div class=\"wp-block-unilux-blocks-simple-cta\">\n    <a\n        href=\"mailto:jyoshma.dsouza@uni.lu\"\n        title=\"Learn More\"\n        class=\"link-text link-text--icon link-absolute\"\n        target=\"\"\n    >\n        <span class=\"link-text__body\">\n            <span class=\"link-text__name\">Learn More<\/span>\n        <\/span>\n        <svg aria-hidden=\"true\" focusable=\"false\" class=\"icon icon-outline icon--arrow-right \"><use xlink:href=\"https:\/\/www.uni.lu\/wp-content\/themes\/unilux-theme\/assets\/images\/icons\/icons-outline.svg#icon--arrow-right\"><\/use><\/svg>    <\/a>\n<\/div>\n<\/div>\n<\/div>\n<\/div>\n<\/div><div class=\"w-full md:w-1\/2 px-16  wp-block-unilux-blocks-highlighted-person-list-item\">\n    \n<h3 class=\"has-text-align-left wp-block-unilux-blocks-heading\"    >\n<\/h3>\n\n<div class=\"wp-block-unilux-blocks-wrapper list-people bg-theme\">\n<div class=\"wp-block-unilux-blocks-wrapper list-people__container\">\n<div class=\"wp-block-unilux-blocks-wrapper list-people__visual\"><figure class=\"wp-block-dev4-reusable-blocks-image w-full object-fit--cover\">\n    \n<img decoding=\"async\" class=\"wp-block-image unilux-custom-image-block\"\n                alt=\"\"\n            src=\"https:\/\/www.uni.lu\/wp-content\/uploads\/sites\/4\/2025\/02\/Screenshot-2025-02-28-101843.png\"\n                    style=\"object-position: 50.00% 50.00%; font-family: &quot;object-fit: cover; object-position: 50.00% 50.00%;&quot;; aspect-ratio: 1\/1; object-fit: cover; width: 100%;\"\n        loading=\"lazy\"\n\/>    <\/figure><\/div>\n\n\n\n<div class=\"wp-block-unilux-blocks-wrapper list-people__body\">\n<h5 class=\"list-people__title has-text-align-left wp-block-unilux-blocks-heading\"        id=\"anne-marie-hanff\"\n    >\nAnne-Marie Hanff<\/h5>\n\n\n\n<p class=\"list-people__description wp-block-unilux-blocks-plain-text\"><\/p>\n\n<div class=\"wp-block-unilux-blocks-simple-cta\">\n    <a\n        href=\"mailto:anne-marie.hanff@uni.lu\"\n        title=\"Learn More\"\n        class=\"link-text link-text--icon link-absolute\"\n        target=\"\"\n    >\n        <span class=\"link-text__body\">\n            <span class=\"link-text__name\">Learn More<\/span>\n        <\/span>\n        <svg aria-hidden=\"true\" focusable=\"false\" class=\"icon icon-outline icon--arrow-right \"><use xlink:href=\"https:\/\/www.uni.lu\/wp-content\/themes\/unilux-theme\/assets\/images\/icons\/icons-outline.svg#icon--arrow-right\"><\/use><\/svg>    <\/a>\n<\/div>\n<\/div>\n<\/div>\n<\/div>\n<\/div><\/div><\/div><\/section>\n","protected":false},"excerpt":{"rendered":"","protected":false},"author":325,"featured_media":217,"parent":0,"menu_order":0,"comment_status":"open","ping_status":"closed","template":"","format":"standard","meta":{"featured_image_focal_point":[],"show_featured_caption":false,"ulux_newsletter_groups":"","uluxPostTitle":"","uluxPrePostTitle":"","_trash_the_other_posts":false,"_price":"","_stock":"","_tribe_ticket_header":"","_tribe_default_ticket_provider":"","_tribe_ticket_capacity":"0","_ticket_start_date":"","_ticket_end_date":"","_tribe_ticket_show_description":"","_tribe_ticket_show_not_going":false,"_tribe_ticket_use_global_stock":"","_tribe_ticket_global_stock_level":"","_global_stock_mode":"","_global_stock_cap":"","_tribe_rsvp_for_event":"","_tribe_ticket_going_count":"","_tribe_ticket_not_going_count":"","_tribe_tickets_list":"[]","_tribe_ticket_has_attendee_info_fields":false,"event_start_date":"2025-05-22 12:30:00","event_end_date":"2025-05-22 13:30:00","event_speaker_name":"Almira Muratovic","event_speaker_link":"","event_is_online":true,"event_location":"Online","event_street":"","event_location_link":"","event_zip_code":"","event_city":"","event_country":""},"events-topic":[372],"events-type":[371],"organisation":[],"authorship":[325],"acf":[],"yoast_head":"<!-- This site is optimized with the Yoast SEO Premium plugin v22.3 (Yoast SEO v22.3) - https:\/\/yoast.com\/wordpress\/plugins\/seo\/ -->\n<title>Einsatz von Virtual-Reality-Exergaming zur F\u00f6rderung k\u00f6rperlicher Aktivit\u00e4t bei Menschen mittleren und h\u00f6heren Alters - FSTM - Universit\u00e4t Luxemburg I Uni.lu<\/title>\n<meta name=\"description\" content=\"Trotz der positiven gesundheitlichen Effekte, die mit regelm\u00e4\u00dfiger k\u00f6rperlicher Aktivit\u00e4t verbunden sind,&nbsp;zeigen&nbsp;Menschen mittleren und h\u00f6heren\" \/>\n<meta name=\"robots\" content=\"index, follow, max-snippet:-1, max-image-preview:large, max-video-preview:-1\" \/>\n<link rel=\"canonical\" href=\"https:\/\/www.uni.lu\/fstm-de\/events\/einsatz-von-virtual-reality-exergaming-zur-foerderung-koerperlicher-aktivitaet-bei-menschen-mittleren-und-hoeheren-alters\/\" \/>\n<meta property=\"og:locale\" content=\"de_DE\" \/>\n<meta property=\"og:type\" content=\"article\" \/>\n<meta property=\"og:title\" content=\"Einsatz von Virtual-Reality-Exergaming zur F\u00f6rderung k\u00f6rperlicher Aktivit\u00e4t bei Menschen mittleren und h\u00f6heren Alters\" \/>\n<meta property=\"og:description\" content=\"Trotz der positiven gesundheitlichen Effekte, die mit regelm\u00e4\u00dfiger k\u00f6rperlicher Aktivit\u00e4t verbunden sind,&nbsp;zeigen&nbsp;Menschen mittleren und h\u00f6heren\" \/>\n<meta property=\"og:url\" content=\"https:\/\/www.uni.lu\/fstm-de\/events\/einsatz-von-virtual-reality-exergaming-zur-foerderung-koerperlicher-aktivitaet-bei-menschen-mittleren-und-hoeheren-alters\/\" \/>\n<meta property=\"og:site_name\" content=\"FSTM DE\" \/>\n<meta property=\"article:publisher\" content=\"https:\/\/www.facebook.com\/fstm.uni.lu\/\" \/>\n<meta property=\"article:modified_time\" content=\"2025-07-15T07:54:57+00:00\" \/>\n<meta property=\"og:image\" content=\"https:\/\/www.uni.lu\/wp-content\/uploads\/sites\/19\/2025\/04\/AdobeStock_555370429-min-scaled.jpeg\" \/>\n\t<meta property=\"og:image:width\" content=\"2560\" \/>\n\t<meta property=\"og:image:height\" content=\"1357\" \/>\n\t<meta property=\"og:image:type\" content=\"image\/jpeg\" \/>\n<meta name=\"twitter:card\" content=\"summary_large_image\" \/>\n<meta name=\"twitter:label1\" content=\"Gesch\u00e4tzte Lesezeit\" \/>\n\t<meta name=\"twitter:data1\" content=\"2 Minuten\" \/>\n<script type=\"application\/ld+json\" class=\"yoast-schema-graph\">{\"@context\":\"https:\/\/schema.org\",\"@graph\":[{\"@type\":\"WebPage\",\"@id\":\"https:\/\/www.uni.lu\/fstm-de\/events\/einsatz-von-virtual-reality-exergaming-zur-foerderung-koerperlicher-aktivitaet-bei-menschen-mittleren-und-hoeheren-alters\/\",\"url\":\"https:\/\/www.uni.lu\/fstm-de\/events\/einsatz-von-virtual-reality-exergaming-zur-foerderung-koerperlicher-aktivitaet-bei-menschen-mittleren-und-hoeheren-alters\/\",\"name\":\"Einsatz von Virtual-Reality-Exergaming zur F\u00f6rderung k\u00f6rperlicher Aktivit\u00e4t bei Menschen mittleren und h\u00f6heren Alters - FSTM - Universit\u00e4t Luxemburg I Uni.lu\",\"isPartOf\":{\"@id\":\"https:\/\/www.uni.lu\/fstm-de\/#website\"},\"primaryImageOfPage\":{\"@id\":\"https:\/\/www.uni.lu\/fstm-de\/events\/einsatz-von-virtual-reality-exergaming-zur-foerderung-koerperlicher-aktivitaet-bei-menschen-mittleren-und-hoeheren-alters\/#primaryimage\"},\"image\":{\"@id\":\"https:\/\/www.uni.lu\/fstm-de\/events\/einsatz-von-virtual-reality-exergaming-zur-foerderung-koerperlicher-aktivitaet-bei-menschen-mittleren-und-hoeheren-alters\/#primaryimage\"},\"thumbnailUrl\":\"https:\/\/www.uni.lu\/wp-content\/uploads\/sites\/19\/2025\/04\/AdobeStock_555370429-min-scaled.jpeg\",\"datePublished\":\"2025-04-24T06:56:23+00:00\",\"dateModified\":\"2025-07-15T07:54:57+00:00\",\"description\":\"Trotz der positiven gesundheitlichen Effekte, die mit regelm\u00e4\u00dfiger k\u00f6rperlicher Aktivit\u00e4t verbunden sind,&nbsp;zeigen&nbsp;Menschen mittleren und h\u00f6heren\",\"breadcrumb\":{\"@id\":\"https:\/\/www.uni.lu\/fstm-de\/events\/einsatz-von-virtual-reality-exergaming-zur-foerderung-koerperlicher-aktivitaet-bei-menschen-mittleren-und-hoeheren-alters\/#breadcrumb\"},\"inLanguage\":\"de-DE\",\"potentialAction\":[{\"@type\":\"ReadAction\",\"target\":[\"https:\/\/www.uni.lu\/fstm-de\/events\/einsatz-von-virtual-reality-exergaming-zur-foerderung-koerperlicher-aktivitaet-bei-menschen-mittleren-und-hoeheren-alters\/\"]}]},{\"@type\":\"ImageObject\",\"inLanguage\":\"de-DE\",\"@id\":\"https:\/\/www.uni.lu\/fstm-de\/events\/einsatz-von-virtual-reality-exergaming-zur-foerderung-koerperlicher-aktivitaet-bei-menschen-mittleren-und-hoeheren-alters\/#primaryimage\",\"url\":\"https:\/\/www.uni.lu\/wp-content\/uploads\/sites\/19\/2025\/04\/AdobeStock_555370429-min-scaled.jpeg\",\"contentUrl\":\"https:\/\/www.uni.lu\/wp-content\/uploads\/sites\/19\/2025\/04\/AdobeStock_555370429-min-scaled.jpeg\",\"width\":2560,\"height\":1357},{\"@type\":\"BreadcrumbList\",\"@id\":\"https:\/\/www.uni.lu\/fstm-de\/events\/einsatz-von-virtual-reality-exergaming-zur-foerderung-koerperlicher-aktivitaet-bei-menschen-mittleren-und-hoeheren-alters\/#breadcrumb\",\"itemListElement\":[{\"@type\":\"ListItem\",\"position\":1,\"name\":\"Home\",\"item\":\"https:\/\/www.uni.lu\/de\"},{\"@type\":\"ListItem\",\"position\":2,\"name\":\"Fakult\u00e4t f\u00fcr Naturwissenschaften, Technologie und Medizin\",\"item\":\"https:\/\/www.uni.lu\/fstm-de\/\"},{\"@type\":\"ListItem\",\"position\":3,\"name\":\"Events\",\"item\":\"https:\/\/www.uni.lu\/fstm-de\/events\/\"},{\"@type\":\"ListItem\",\"position\":4,\"name\":\"Einsatz von Virtual-Reality-Exergaming zur F\u00f6rderung k\u00f6rperlicher Aktivit\u00e4t bei Menschen mittleren und h\u00f6heren Alters\"}]},{\"@type\":\"WebSite\",\"@id\":\"https:\/\/www.uni.lu\/fstm-de\/#website\",\"url\":\"https:\/\/www.uni.lu\/fstm-de\/\",\"name\":\"FSTM\",\"description\":\"Fakult\u00e4t f\u00fcr Naturwissenschaften, Technologie und Medizin I Uni.lu\",\"publisher\":{\"@id\":\"https:\/\/www.uni.lu\/fstm-de\/#organization\"},\"alternateName\":\"Fakult\u00e4t f\u00fcr Naturwissenschaften, Technologie und Medizin I Universit\u00e4t Luxemburg\",\"potentialAction\":[{\"@type\":\"SearchAction\",\"target\":{\"@type\":\"EntryPoint\",\"urlTemplate\":\"https:\/\/www.uni.lu\/fstm-de\/?s={search_term_string}\"},\"query-input\":\"required name=search_term_string\"}],\"inLanguage\":\"de-DE\"},{\"@type\":\"Organization\",\"@id\":\"https:\/\/www.uni.lu\/fstm-de\/#organization\",\"name\":\"FSTM - Universit\u00e4t Luxemburg I Uni.lu\",\"alternateName\":\"Fakult\u00e4t f\u00fcr Naturwissenschaften, Technologie und Medizin\",\"url\":\"https:\/\/www.uni.lu\/fstm-de\/\",\"logo\":{\"@type\":\"ImageObject\",\"inLanguage\":\"de-DE\",\"@id\":\"https:\/\/www.uni.lu\/fstm-de\/#\/schema\/logo\/image\/\",\"url\":\"https:\/\/www.uni.lu\/wp-content\/uploads\/sites\/19\/2026\/03\/03111827\/FSTM_SM-Profile_1600x1600px-scaled.jpg\",\"contentUrl\":\"https:\/\/www.uni.lu\/wp-content\/uploads\/sites\/19\/2026\/03\/03111827\/FSTM_SM-Profile_1600x1600px-scaled.jpg\",\"width\":2560,\"height\":2560,\"caption\":\"FSTM - Universit\u00e4t Luxemburg I Uni.lu\"},\"image\":\"https:\/\/www.uni.lu\/wp-content\/uploads\/sites\/19\/2026\/04\/24144332\/20200609-Belval-Campus_Henri-Goergen-23.jpg\",\"sameAs\":[\"https:\/\/www.facebook.com\/fstm.uni.lu\/\",\"https:\/\/www.linkedin.com\/showcase\/fstm-uni-lu\"],\"email\":\"communication@uni.lu\",\"telephone\":\"+3524666441\",\"address\":{\"@type\":\"PostalAddress\",\"streetAddress\":\"2, place de l\u2019Universit\u00e9\",\"addressLocality\":\"Esch-sur-Alzette\",\"postalCode\":\"4365\",\"addressCountry\":\"LU\"},\"description\":\"Fakult\u00e4t f\u00fcr Naturwissenschaften, Technologie und Medizin I Uni.lu\"}]}<\/script>\n<!-- \/ Yoast SEO Premium plugin. -->","yoast_head_json":{"title":"Einsatz von Virtual-Reality-Exergaming zur F\u00f6rderung k\u00f6rperlicher Aktivit\u00e4t bei Menschen mittleren und h\u00f6heren Alters - FSTM - Universit\u00e4t Luxemburg I Uni.lu","description":"Trotz der positiven gesundheitlichen Effekte, die mit regelm\u00e4\u00dfiger k\u00f6rperlicher Aktivit\u00e4t verbunden sind,&nbsp;zeigen&nbsp;Menschen mittleren und h\u00f6heren","robots":{"index":"index","follow":"follow","max-snippet":"max-snippet:-1","max-image-preview":"max-image-preview:large","max-video-preview":"max-video-preview:-1"},"canonical":"https:\/\/www.uni.lu\/fstm-de\/events\/einsatz-von-virtual-reality-exergaming-zur-foerderung-koerperlicher-aktivitaet-bei-menschen-mittleren-und-hoeheren-alters\/","og_locale":"de_DE","og_type":"article","og_title":"Einsatz von Virtual-Reality-Exergaming zur F\u00f6rderung k\u00f6rperlicher Aktivit\u00e4t bei Menschen mittleren und h\u00f6heren Alters","og_description":"Trotz der positiven gesundheitlichen Effekte, die mit regelm\u00e4\u00dfiger k\u00f6rperlicher Aktivit\u00e4t verbunden sind,&nbsp;zeigen&nbsp;Menschen mittleren und h\u00f6heren","og_url":"https:\/\/www.uni.lu\/fstm-de\/events\/einsatz-von-virtual-reality-exergaming-zur-foerderung-koerperlicher-aktivitaet-bei-menschen-mittleren-und-hoeheren-alters\/","og_site_name":"FSTM DE","article_publisher":"https:\/\/www.facebook.com\/fstm.uni.lu\/","article_modified_time":"2025-07-15T07:54:57+00:00","og_image":[{"width":2560,"height":1357,"url":"https:\/\/www.uni.lu\/wp-content\/uploads\/sites\/19\/2025\/04\/AdobeStock_555370429-min-scaled.jpeg","type":"image\/jpeg"}],"twitter_card":"summary_large_image","twitter_misc":{"Gesch\u00e4tzte Lesezeit":"2 Minuten"},"schema":{"@context":"https:\/\/schema.org","@graph":[{"@type":"WebPage","@id":"https:\/\/www.uni.lu\/fstm-de\/events\/einsatz-von-virtual-reality-exergaming-zur-foerderung-koerperlicher-aktivitaet-bei-menschen-mittleren-und-hoeheren-alters\/","url":"https:\/\/www.uni.lu\/fstm-de\/events\/einsatz-von-virtual-reality-exergaming-zur-foerderung-koerperlicher-aktivitaet-bei-menschen-mittleren-und-hoeheren-alters\/","name":"Einsatz von Virtual-Reality-Exergaming zur F\u00f6rderung k\u00f6rperlicher Aktivit\u00e4t bei Menschen mittleren und h\u00f6heren Alters - FSTM - Universit\u00e4t Luxemburg I Uni.lu","isPartOf":{"@id":"https:\/\/www.uni.lu\/fstm-de\/#website"},"primaryImageOfPage":{"@id":"https:\/\/www.uni.lu\/fstm-de\/events\/einsatz-von-virtual-reality-exergaming-zur-foerderung-koerperlicher-aktivitaet-bei-menschen-mittleren-und-hoeheren-alters\/#primaryimage"},"image":{"@id":"https:\/\/www.uni.lu\/fstm-de\/events\/einsatz-von-virtual-reality-exergaming-zur-foerderung-koerperlicher-aktivitaet-bei-menschen-mittleren-und-hoeheren-alters\/#primaryimage"},"thumbnailUrl":"https:\/\/www.uni.lu\/wp-content\/uploads\/sites\/19\/2025\/04\/AdobeStock_555370429-min-scaled.jpeg","datePublished":"2025-04-24T06:56:23+00:00","dateModified":"2025-07-15T07:54:57+00:00","description":"Trotz der positiven gesundheitlichen Effekte, die mit regelm\u00e4\u00dfiger k\u00f6rperlicher Aktivit\u00e4t verbunden sind,&nbsp;zeigen&nbsp;Menschen mittleren und h\u00f6heren","breadcrumb":{"@id":"https:\/\/www.uni.lu\/fstm-de\/events\/einsatz-von-virtual-reality-exergaming-zur-foerderung-koerperlicher-aktivitaet-bei-menschen-mittleren-und-hoeheren-alters\/#breadcrumb"},"inLanguage":"de-DE","potentialAction":[{"@type":"ReadAction","target":["https:\/\/www.uni.lu\/fstm-de\/events\/einsatz-von-virtual-reality-exergaming-zur-foerderung-koerperlicher-aktivitaet-bei-menschen-mittleren-und-hoeheren-alters\/"]}]},{"@type":"ImageObject","inLanguage":"de-DE","@id":"https:\/\/www.uni.lu\/fstm-de\/events\/einsatz-von-virtual-reality-exergaming-zur-foerderung-koerperlicher-aktivitaet-bei-menschen-mittleren-und-hoeheren-alters\/#primaryimage","url":"https:\/\/www.uni.lu\/wp-content\/uploads\/sites\/19\/2025\/04\/AdobeStock_555370429-min-scaled.jpeg","contentUrl":"https:\/\/www.uni.lu\/wp-content\/uploads\/sites\/19\/2025\/04\/AdobeStock_555370429-min-scaled.jpeg","width":2560,"height":1357},{"@type":"BreadcrumbList","@id":"https:\/\/www.uni.lu\/fstm-de\/events\/einsatz-von-virtual-reality-exergaming-zur-foerderung-koerperlicher-aktivitaet-bei-menschen-mittleren-und-hoeheren-alters\/#breadcrumb","itemListElement":[{"@type":"ListItem","position":1,"name":"Home","item":"https:\/\/www.uni.lu\/de"},{"@type":"ListItem","position":2,"name":"Fakult\u00e4t f\u00fcr Naturwissenschaften, Technologie und Medizin","item":"https:\/\/www.uni.lu\/fstm-de\/"},{"@type":"ListItem","position":3,"name":"Events","item":"https:\/\/www.uni.lu\/fstm-de\/events\/"},{"@type":"ListItem","position":4,"name":"Einsatz von Virtual-Reality-Exergaming zur F\u00f6rderung k\u00f6rperlicher Aktivit\u00e4t bei Menschen mittleren und h\u00f6heren Alters"}]},{"@type":"WebSite","@id":"https:\/\/www.uni.lu\/fstm-de\/#website","url":"https:\/\/www.uni.lu\/fstm-de\/","name":"FSTM","description":"Fakult\u00e4t f\u00fcr Naturwissenschaften, Technologie und Medizin I Uni.lu","publisher":{"@id":"https:\/\/www.uni.lu\/fstm-de\/#organization"},"alternateName":"Fakult\u00e4t f\u00fcr Naturwissenschaften, Technologie und Medizin I Universit\u00e4t Luxemburg","potentialAction":[{"@type":"SearchAction","target":{"@type":"EntryPoint","urlTemplate":"https:\/\/www.uni.lu\/fstm-de\/?s={search_term_string}"},"query-input":"required name=search_term_string"}],"inLanguage":"de-DE"},{"@type":"Organization","@id":"https:\/\/www.uni.lu\/fstm-de\/#organization","name":"FSTM - Universit\u00e4t Luxemburg I Uni.lu","alternateName":"Fakult\u00e4t f\u00fcr Naturwissenschaften, Technologie und Medizin","url":"https:\/\/www.uni.lu\/fstm-de\/","logo":{"@type":"ImageObject","inLanguage":"de-DE","@id":"https:\/\/www.uni.lu\/fstm-de\/#\/schema\/logo\/image\/","url":"https:\/\/www.uni.lu\/wp-content\/uploads\/sites\/19\/2026\/03\/03111827\/FSTM_SM-Profile_1600x1600px-scaled.jpg","contentUrl":"https:\/\/www.uni.lu\/wp-content\/uploads\/sites\/19\/2026\/03\/03111827\/FSTM_SM-Profile_1600x1600px-scaled.jpg","width":2560,"height":2560,"caption":"FSTM - Universit\u00e4t Luxemburg I Uni.lu"},"image":"https:\/\/www.uni.lu\/wp-content\/uploads\/sites\/19\/2026\/04\/24144332\/20200609-Belval-Campus_Henri-Goergen-23.jpg","sameAs":["https:\/\/www.facebook.com\/fstm.uni.lu\/","https:\/\/www.linkedin.com\/showcase\/fstm-uni-lu"],"email":"communication@uni.lu","telephone":"+3524666441","address":{"@type":"PostalAddress","streetAddress":"2, place de l\u2019Universit\u00e9","addressLocality":"Esch-sur-Alzette","postalCode":"4365","addressCountry":"LU"},"description":"Fakult\u00e4t f\u00fcr Naturwissenschaften, Technologie und Medizin I Uni.lu"}]}},"_links":{"self":[{"href":"https:\/\/www.uni.lu\/fstm-de\/wp-json\/wp\/v2\/events\/215"}],"collection":[{"href":"https:\/\/www.uni.lu\/fstm-de\/wp-json\/wp\/v2\/events"}],"about":[{"href":"https:\/\/www.uni.lu\/fstm-de\/wp-json\/wp\/v2\/types\/events"}],"author":[{"embeddable":true,"href":"https:\/\/www.uni.lu\/fstm-de\/wp-json\/wp\/v2\/users\/325"}],"replies":[{"embeddable":true,"href":"https:\/\/www.uni.lu\/fstm-de\/wp-json\/wp\/v2\/comments?post=215"}],"version-history":[{"count":5,"href":"https:\/\/www.uni.lu\/fstm-de\/wp-json\/wp\/v2\/events\/215\/revisions"}],"predecessor-version":[{"id":252,"href":"https:\/\/www.uni.lu\/fstm-de\/wp-json\/wp\/v2\/events\/215\/revisions\/252"}],"wp:authorship":[{"embeddable":true,"href":"https:\/\/www.uni.lu\/fstm-de\/wp-json\/wp\/v2\/users\/325"}],"wp:featuredmedia":[{"embeddable":true,"href":"https:\/\/www.uni.lu\/fstm-de\/wp-json\/wp\/v2\/media\/217"}],"wp:attachment":[{"href":"https:\/\/www.uni.lu\/fstm-de\/wp-json\/wp\/v2\/media?parent=215"}],"wp:term":[{"taxonomy":"events-topic","embeddable":true,"href":"https:\/\/www.uni.lu\/fstm-de\/wp-json\/wp\/v2\/events-topic?post=215"},{"taxonomy":"events-type","embeddable":true,"href":"https:\/\/www.uni.lu\/fstm-de\/wp-json\/wp\/v2\/events-type?post=215"},{"taxonomy":"organisation","embeddable":true,"href":"https:\/\/www.uni.lu\/fstm-de\/wp-json\/wp\/v2\/organisation?post=215"}],"curies":[{"name":"wp","href":"https:\/\/api.w.org\/{rel}","templated":true}]}}