{"id":4760,"date":"2023-12-11T08:35:00","date_gmt":"2023-12-11T07:35:00","guid":{"rendered":"https:\/\/www.uni.lu\/fr\/?page_id=4760"},"modified":"2026-03-02T16:27:49","modified_gmt":"2026-03-02T15:27:49","slug":"politique-de-signalement","status":"publish","type":"page","link":"https:\/\/www.uni.lu\/fr\/a-propos\/ethique-et-integrite\/politique-de-signalement\/","title":{"rendered":"Politique de signalement"},"content":{"rendered":"\n<section class=\"py-0 wp-block-unilux-blocks-free-section section\"><div class=\"container xl:max-w-screen-xl\">\n<h1 class=\"has-text-align-left wp-block-unilux-blocks-heading\"        id=\"signalements-whistleblowing-a-luniversite-du-luxembourg\"\n    >\nSignalements (\u2018Whistleblowing\u2019) \u00e0 l&rsquo;Universit\u00e9 du Luxembourg<\/h1>\n\n\n\n<p>L\u2019Universit\u00e9 du Luxembourg (l\u2019\u00ab Universit\u00e9 \u00bb) tient \u00e0 respecter les normes de conduite \u00e9thique les plus strictes et aspire \u00e0 cr\u00e9er un environnement s\u00fbr dans lequel les violations du droit peuvent \u00eatre signal\u00e9es sans crainte de repr\u00e9sailles.<\/p>\n\n\n\n<p>\u00c0 cette fin et conform\u00e9ment \u00e0 la l\u00e9gislation europ\u00e9enne et nationale, l&rsquo;Universit\u00e9 a mis en place un syst\u00e8me de signalement qui permet aux personnes, notamment celles ci-dessous, qui obtiennent des informations dans le cadre de leurs activit\u00e9s professionnelles de signaler en toute s\u00e9curit\u00e9 une violation par l&rsquo;Universit\u00e9 du droit national ou du droit europ\u00e9en directement applicable.<\/p>\n\n\n\n<ul class=\"ulux-list\">\n<li class=\"ulux-list-item\">Le personnel de l\u2019Universit\u00e9, y compris les fonctionnaires&nbsp;;<\/li>\n\n\n\n<li class=\"ulux-list-item\">Les membres du Conseil de gouvernance&nbsp;;<\/li>\n\n\n\n<li class=\"ulux-list-item\">Les \u00e9tudiants de l\u2019Universit\u00e9&nbsp;;<\/li>\n\n\n\n<li class=\"ulux-list-item\">Les volontaires et les stagiaires r\u00e9mun\u00e9r\u00e9s ou non&nbsp;;<\/li>\n\n\n\n<li class=\"ulux-list-item\">Les contractants, les sous-traitants et les fournisseurs.<\/li>\n<\/ul>\n<\/div><\/section>\n\n\n<section class=\"section section pb-0 wp-block-unilux-blocks-page-intro py-0\">\n    \n<div class=\"wp-block-unilux-blocks-wrapper container xl:max-w-screen-xl\">\n<div class=\"wp-block-unilux-blocks-wrapper flex flex-wrap -mx-16\">\n<div class=\"wp-block-unilux-blocks-wrapper flex-1 mb-48 px-16\">\n<h1 class=\"has-text-align-left wp-block-unilux-blocks-heading\"    >\n<\/h1>\n\n\n\n<p>L\u2019Universit\u00e9 prend les affaires de signalement tr\u00e8s au s\u00e9rieux. Par cons\u00e9quent, seuls des signalements graves peuvent \u00eatre effectu\u00e9s. L\u2019Universit\u00e9 traitera les signalements comme des r\u00e9clamations formelles. Les affaires qui n\u2019entrent pas dans ce cadre doivent \u00eatre signal\u00e9es par le biais d\u2019autres canaux de l\u2019Universit\u00e9. Une liste d\u2019autres ressources propos\u00e9es est incluse dans la politique de signalement de l&rsquo;Universit\u00e9.<br>&nbsp;<br>Tout faux signalement d\u00e9lib\u00e9r\u00e9 peut entra\u00eener des mesures disciplinaires.<br><br>Il convient d\u2019effectuer les signalements sur le canal de signalement, une plateforme en ligne confidentielle et s\u00e9curis\u00e9e, mise \u00e0 disposition par la soci\u00e9t\u00e9 EQS, o\u00f9 se trouvent \u00e9galement les consignes d\u2019utilisation. La soci\u00e9t\u00e9 KPMG assiste l\u2019Universit\u00e9 dans la gestion de la plateforme en proc\u00e9dant \u00e0 une premi\u00e8re \u00e9valuation des signalements re\u00e7us.<\/p>\n\n\n\n<ul class=\"wp-block-unilux-blocks-custom-buttons btn-list\"><li class=\"wp-block-unilux-blocks-custom-button\"    aria-disabled=\"false\"\n    >\n    <a\n        role=\"link\"\n        aria-disabled=\"false\"\n                    href=\"https:\/\/www.uni.lu\/wp-content\/uploads\/sites\/11\/2024\/04\/whistleblowing_policy_FR_2004_04.pdf\"\n                target=\"_blank\"\n        class=\"btn btn--primary\"\n            >Politique de signalement &lsquo;Whistleblowing&rsquo;<\/a>\n<\/li>\n\n\n<li class=\"wp-block-unilux-blocks-custom-button\"    aria-disabled=\"false\"\n    >\n    <a\n        role=\"link\"\n        aria-disabled=\"false\"\n                    href=\"https:\/\/www.uni.lu\/wp-content\/uploads\/sites\/9\/2023\/12\/Whistleblowing-privacy-notice_EN.pdf\"\n                target=\"_blank\"\n        class=\"btn btn--primary\"\n            >Whistleblowing privacy notice (EN)<\/a>\n<\/li>\n<\/ul>\n<\/div>\n\n\n\n<div class=\"wp-block-unilux-blocks-wrapper w-full md:w-auto px-16\">\n<div class=\"wp-block-unilux-blocks-wrapper flex flex-col items-center\">\n<h2 class=\"text-h4 has-text-align-left wp-block-unilux-blocks-heading\"        id=\"soumettre-une-alerte\"\n    >\nSoumettre une alerte<\/h2>\n\n\n<a class=\"wp-block-unilux-blocks-button-highlight-square\"\n    href=\"https:\/\/unilu.integrityline.app\/?lang=fr\"\n    target=\"_blank\"\n>\n    <span class=\"btn-highlight-square__container\">\n        <div class=\"btn-highlight-square__body\">\n    <svg aria-hidden=\"true\" focusable=\"false\" class=\"icon icon-outline icon--external-link icon--xl\"><use xlink:href=\"https:\/\/www.uni.lu\/wp-content\/themes\/unilux-theme\/assets\/images\/icons\/icons-outline.svg#icon--external-link\"><\/use><\/svg>    <span class=\"btn btn--dark\">\n        \n<span class=\"btn__name wp-block-unilux-blocks-plain-text\">Canal de signalement<\/span>    <\/span>\n<\/div><figure class=\"wp-block-dev4-reusable-blocks-image image-bg object-fit--contain\">\n    \n<img decoding=\"async\" class=\"wp-block-image unilux-custom-image-block\"\n                alt=\"\"\n            src=\"https:\/\/www.uni.lu\/wp-content\/uploads\/sites\/11\/2026\/03\/01193553\/universite-du-luxembourg-logo.svg\"\n                    style=\"object-position: 61.00% 21.00%; font-family: &quot;object-fit: contain; object-position: 61.00% 21.00%;&quot;; aspect-ratio: 3\/4; object-fit: contain; width: 100%;\"\n        loading=\"lazy\"\n\/>    <\/figure>    <\/span>\n<\/a><\/div>\n<\/div>\n<\/div>\n<\/div>\n<\/section>\n\n\n<section class=\"wp-block-unilux-blocks-free-section section\"><div class=\"container xl:max-w-screen-xl\">\n<h2 class=\"has-text-align-left wp-block-unilux-blocks-heading\"        id=\"questions-frequentes\"\n    >\nQuestions fr\u00e9quentes<\/h2>\n\n\n\n<div class=\"wp-block-unilux-blocks-accordion accordion accordion--theme accordion-standard\" data-reference=\"6b07db75-b71a-4328-ac02-dd19af238d79\" data-accordion-type=\"standard\"><div class=\"accordion__item  wp-block-unilux-blocks-accordion-item\">\n    <h3 class=\"accordion__header\"\n        >\n        <button\n            type=\"button\"\n            id=\"accordion-labelledby-bc1b43db-1183-4fda-ab99-59f3101d2ea7\"\n            class=\"accordion__button collapsed\"\n            aria-expanded=\"false\"\n            aria-controls=\"accordion-panel-bc1b43db-1183-4fda-ab99-59f3101d2ea7\"\n            data-bs-toggle=\"collapse\"\n            data-bs-target=\"#accordion-panel-bc1b43db-1183-4fda-ab99-59f3101d2ea7\"\n        >\n            <span class=\"accordion__title\">\n                                <strong>Que peut-on signaler ?<\/strong>            <\/span>\n\n            <svg aria-hidden=\"true\" focusable=\"false\" class=\"icon icon-outline icon--arrow-down \"><use xlink:href=\"https:\/\/www.uni.lu\/wp-content\/themes\/unilux-theme\/assets\/images\/icons\/icons-outline.svg#icon--arrow-down\"><\/use><\/svg>        <\/button>\n    <\/h3>\n    <div id=\"accordion-panel-bc1b43db-1183-4fda-ab99-59f3101d2ea7\"\n        class=\"accordion__collapse collapse\"\n        aria-labelledby=\"accordion-labelledby-bc1b43db-1183-4fda-ab99-59f3101d2ea7\"\n        data-bs-parent=\"[data-reference=&quot;6b07db75-b71a-4328-ac02-dd19af238d79&quot;]\"\n    >\n        <div class=\"accordion__body \">\n            \n<p>Cette plateforme permet aux personnes qui obtiennent des informations dans le cadre de leurs activit\u00e9s professionnelles de signaler une violation du droit national ou du droit europ\u00e9en directement applicable par l&rsquo;Universit\u00e9.<\/p>\n\n<p>L\u2019Universit\u00e9 prend les affaires de signalement tr\u00e8s au s\u00e9rieux. Par cons\u00e9quent, seuls des signalements graves peuvent \u00eatre effectu\u00e9s. L\u2019Universit\u00e9 traitera les signalements comme des r\u00e9clamations formelles.<\/p>\n\n<p>Les affaires qui n\u2019entrent pas dans ce cadre doivent \u00eatre signal\u00e9es par le biais d\u2019autres canaux de l\u2019Universit\u00e9. Une liste d\u2019autres ressources propos\u00e9es est incluse dans la politique de signalement de l&rsquo;Universit\u00e9.<\/p>\n\n<p>Tout faux signalement d\u00e9lib\u00e9r\u00e9 peut entra\u00eener des mesures disciplinaires.<\/p>\n\n<p>En cas de doute quant au canal \u00e0 utiliser pour signaler une violation grave du droit national ou du droit europ\u00e9en d\u2019application directe par l\u2019Universit\u00e9, la personne peut utiliser la plateforme de signalement de l\u2019Universit\u00e9, o\u00f9 son signalement sera \u00e9valu\u00e9 et, le cas \u00e9ch\u00e9ant, renvoy\u00e9 vers un autre canal de l\u2019Universit\u00e9.<\/p>\n        <\/div>\n    <\/div>\n<\/div>\n\n<div class=\"accordion__item  wp-block-unilux-blocks-accordion-item\">\n    <h3 class=\"accordion__header\"\n        >\n        <button\n            type=\"button\"\n            id=\"accordion-labelledby-3df9fd39-4a5c-4a50-9e6f-f915d34aaef2\"\n            class=\"accordion__button collapsed\"\n            aria-expanded=\"false\"\n            aria-controls=\"accordion-panel-3df9fd39-4a5c-4a50-9e6f-f915d34aaef2\"\n            data-bs-toggle=\"collapse\"\n            data-bs-target=\"#accordion-panel-3df9fd39-4a5c-4a50-9e6f-f915d34aaef2\"\n        >\n            <span class=\"accordion__title\">\n                                <strong>Qui peut effectuer un signalement ?<\/strong>            <\/span>\n\n            <svg aria-hidden=\"true\" focusable=\"false\" class=\"icon icon-outline icon--arrow-down \"><use xlink:href=\"https:\/\/www.uni.lu\/wp-content\/themes\/unilux-theme\/assets\/images\/icons\/icons-outline.svg#icon--arrow-down\"><\/use><\/svg>        <\/button>\n    <\/h3>\n    <div id=\"accordion-panel-3df9fd39-4a5c-4a50-9e6f-f915d34aaef2\"\n        class=\"accordion__collapse collapse\"\n        aria-labelledby=\"accordion-labelledby-3df9fd39-4a5c-4a50-9e6f-f915d34aaef2\"\n        data-bs-parent=\"[data-reference=&quot;6b07db75-b71a-4328-ac02-dd19af238d79&quot;]\"\n    >\n        <div class=\"accordion__body \">\n            \n<p>Toute personne qui obtient des informations concernant une violation du droit national ou du droit europ\u00e9en d\u2019application directe par l\u2019Universit\u00e9 dans le cadre de ses activit\u00e9s professionnelles peut effectuer un signalement, y compris :<\/p>\n\n<ul class=\"ulux-list\">\n<li class=\"ulux-list-item\">Le personnel de l\u2019Universit\u00e9, y compris les fonctionnaires&nbsp;;<\/li>\n\n\n\n<li class=\"ulux-list-item\">Les membres du Conseil de gouvernance&nbsp;;<\/li>\n\n\n\n<li class=\"ulux-list-item\">Les \u00e9tudiants de l\u2019Universit\u00e9&nbsp;;<\/li>\n\n\n\n<li class=\"ulux-list-item\">Les volontaires et les stagiaires r\u00e9mun\u00e9r\u00e9s ou non&nbsp;;<\/li>\n\n\n\n<li class=\"ulux-list-item\">Les entrepreneurs, les sous-traitants et les fournisseurs.<\/li>\n<\/ul>\n\n<p>Les personnes dont la relation de travail avec l\u2019Universit\u00e9 est termin\u00e9e ou n\u2019a pas encore commenc\u00e9 peuvent \u00e9galement effectuer des signalements (pendant le processus de recrutement, par exemple).<\/p>\n        <\/div>\n    <\/div>\n<\/div>\n\n<div class=\"accordion__item  wp-block-unilux-blocks-accordion-item\">\n    <h3 class=\"accordion__header\"\n        >\n        <button\n            type=\"button\"\n            id=\"accordion-labelledby-153584a1-8699-4a93-b151-b0a02360d863\"\n            class=\"accordion__button collapsed\"\n            aria-expanded=\"false\"\n            aria-controls=\"accordion-panel-153584a1-8699-4a93-b151-b0a02360d863\"\n            data-bs-toggle=\"collapse\"\n            data-bs-target=\"#accordion-panel-153584a1-8699-4a93-b151-b0a02360d863\"\n        >\n            <span class=\"accordion__title\">\n                                <strong>Comment soumettre un signalement ?<\/strong>            <\/span>\n\n            <svg aria-hidden=\"true\" focusable=\"false\" class=\"icon icon-outline icon--arrow-down \"><use xlink:href=\"https:\/\/www.uni.lu\/wp-content\/themes\/unilux-theme\/assets\/images\/icons\/icons-outline.svg#icon--arrow-down\"><\/use><\/svg>        <\/button>\n    <\/h3>\n    <div id=\"accordion-panel-153584a1-8699-4a93-b151-b0a02360d863\"\n        class=\"accordion__collapse collapse\"\n        aria-labelledby=\"accordion-labelledby-153584a1-8699-4a93-b151-b0a02360d863\"\n        data-bs-parent=\"[data-reference=&quot;6b07db75-b71a-4328-ac02-dd19af238d79&quot;]\"\n    >\n        <div class=\"accordion__body \">\n            \n<p>Il convient d\u2019effectuer les signalements sur le <a href=\"https:\/\/unilu.integrityline.app\/?lang=fr\" target=\"_blank\" rel=\"noreferrer noopener\">canal de signalment<\/a>, une plateforme en ligne confidentielle et s\u00e9curis\u00e9e, mise \u00e0 disposition par la soci\u00e9t\u00e9 EQS, o\u00f9 se trouvent \u00e9galement les consignes d\u2019utilisation. Les signalements peuvent s\u2019effectuer, au choix, dans une des quatre langues utilis\u00e9es \u00e0 l\u2019Universit\u00e9 (Fran\u00e7ais, anglais, allemand ou luxembourgeois).<\/p>\n        <\/div>\n    <\/div>\n<\/div>\n\n<div class=\"accordion__item  wp-block-unilux-blocks-accordion-item\">\n    <h3 class=\"accordion__header\"\n        >\n        <button\n            type=\"button\"\n            id=\"accordion-labelledby-74c88746-02d9-4260-9c76-df5aaead820e\"\n            class=\"accordion__button collapsed\"\n            aria-expanded=\"false\"\n            aria-controls=\"accordion-panel-74c88746-02d9-4260-9c76-df5aaead820e\"\n            data-bs-toggle=\"collapse\"\n            data-bs-target=\"#accordion-panel-74c88746-02d9-4260-9c76-df5aaead820e\"\n        >\n            <span class=\"accordion__title\">\n                                <strong>Quels sont les \u00e9l\u00e9ments \u00e0 inclure ?<\/strong>            <\/span>\n\n            <svg aria-hidden=\"true\" focusable=\"false\" class=\"icon icon-outline icon--arrow-down \"><use xlink:href=\"https:\/\/www.uni.lu\/wp-content\/themes\/unilux-theme\/assets\/images\/icons\/icons-outline.svg#icon--arrow-down\"><\/use><\/svg>        <\/button>\n    <\/h3>\n    <div id=\"accordion-panel-74c88746-02d9-4260-9c76-df5aaead820e\"\n        class=\"accordion__collapse collapse\"\n        aria-labelledby=\"accordion-labelledby-74c88746-02d9-4260-9c76-df5aaead820e\"\n        data-bs-parent=\"[data-reference=&quot;6b07db75-b71a-4328-ac02-dd19af238d79&quot;]\"\n    >\n        <div class=\"accordion__body \">\n            \n<p>Les signalements doivent comprendre un maximum d\u2019informations factuelles et de d\u00e9tails, pour permettre un suivi.<\/p>\n        <\/div>\n    <\/div>\n<\/div>\n\n<div class=\"accordion__item  wp-block-unilux-blocks-accordion-item\">\n    <h3 class=\"accordion__header\"\n        >\n        <button\n            type=\"button\"\n            id=\"accordion-labelledby-fda7889e-b46f-445c-ae14-754909bcfe9d\"\n            class=\"accordion__button collapsed\"\n            aria-expanded=\"false\"\n            aria-controls=\"accordion-panel-fda7889e-b46f-445c-ae14-754909bcfe9d\"\n            data-bs-toggle=\"collapse\"\n            data-bs-target=\"#accordion-panel-fda7889e-b46f-445c-ae14-754909bcfe9d\"\n        >\n            <span class=\"accordion__title\">\n                                <strong>Traitement des signalements<\/strong>            <\/span>\n\n            <svg aria-hidden=\"true\" focusable=\"false\" class=\"icon icon-outline icon--arrow-down \"><use xlink:href=\"https:\/\/www.uni.lu\/wp-content\/themes\/unilux-theme\/assets\/images\/icons\/icons-outline.svg#icon--arrow-down\"><\/use><\/svg>        <\/button>\n    <\/h3>\n    <div id=\"accordion-panel-fda7889e-b46f-445c-ae14-754909bcfe9d\"\n        class=\"accordion__collapse collapse\"\n        aria-labelledby=\"accordion-labelledby-fda7889e-b46f-445c-ae14-754909bcfe9d\"\n        data-bs-parent=\"[data-reference=&quot;6b07db75-b71a-4328-ac02-dd19af238d79&quot;]\"\n    >\n        <div class=\"accordion__body \">\n            \n<p>Une premi\u00e8re \u00e9valuation des signalements re\u00e7us est assur\u00e9e par la soci\u00e9t\u00e9 KPMG qui assiste l\u2019Universit\u00e9 dans la gestion de la plateforme. KPMG peut demander des informations compl\u00e9mentaires dans le cadre de l&rsquo;\u00e9valuation initiale.<\/p>\n\n<p>S\u2019il est estim\u00e9 que le signalement entre dans le cadre de la politique, il est transmis au Recteur, qui d\u00e9cidera des mesures de suivi \u00e0 lui donner en concertation avec un comit\u00e9 d\u00e9sign\u00e9 par le Recteur. Ce comit\u00e9 informera le pr\u00e9sident du Conseil de gouvernance.<\/p>\n\n<p>Pour le suivi, y compris les enqu\u00eates, d&rsquo;autres services de l&rsquo;universit\u00e9 et une assistance externe peuvent \u00eatre impliqu\u00e9s, en fonction de la nature de l&rsquo;affaire.<\/p>\n        <\/div>\n    <\/div>\n<\/div>\n\n<div class=\"accordion__item  wp-block-unilux-blocks-accordion-item\">\n    <h3 class=\"accordion__header\"\n        >\n        <button\n            type=\"button\"\n            id=\"accordion-labelledby-1a442dd9-162e-40b4-aba6-d6277a969d76\"\n            class=\"accordion__button collapsed\"\n            aria-expanded=\"false\"\n            aria-controls=\"accordion-panel-1a442dd9-162e-40b4-aba6-d6277a969d76\"\n            data-bs-toggle=\"collapse\"\n            data-bs-target=\"#accordion-panel-1a442dd9-162e-40b4-aba6-d6277a969d76\"\n        >\n            <span class=\"accordion__title\">\n                                <strong>Puis-je rester anonyme ?<\/strong>            <\/span>\n\n            <svg aria-hidden=\"true\" focusable=\"false\" class=\"icon icon-outline icon--arrow-down \"><use xlink:href=\"https:\/\/www.uni.lu\/wp-content\/themes\/unilux-theme\/assets\/images\/icons\/icons-outline.svg#icon--arrow-down\"><\/use><\/svg>        <\/button>\n    <\/h3>\n    <div id=\"accordion-panel-1a442dd9-162e-40b4-aba6-d6277a969d76\"\n        class=\"accordion__collapse collapse\"\n        aria-labelledby=\"accordion-labelledby-1a442dd9-162e-40b4-aba6-d6277a969d76\"\n        data-bs-parent=\"[data-reference=&quot;6b07db75-b71a-4328-ac02-dd19af238d79&quot;]\"\n    >\n        <div class=\"accordion__body \">\n            \n<p>Il n\u2019est pas possible d\u2019effectuer un signalement anonyme, car cela pourrait entraver l\u2019enqu\u00eate et compromettre la protection de l\u2019auteur en cas de repr\u00e9sailles.<\/p>\n\n<p>Les signalements doivent donc \u00eatre effectu\u00e9s directement par les personnes souhaitant signaler un acte ou une omission illicite, et non par un interm\u00e9diaire.<\/p>\n        <\/div>\n    <\/div>\n<\/div>\n\n<div class=\"accordion__item  wp-block-unilux-blocks-accordion-item\">\n    <h3 class=\"accordion__header\"\n        >\n        <button\n            type=\"button\"\n            id=\"accordion-labelledby-8922e8f2-9bda-4181-bbf8-31f9fe056c89\"\n            class=\"accordion__button collapsed\"\n            aria-expanded=\"false\"\n            aria-controls=\"accordion-panel-8922e8f2-9bda-4181-bbf8-31f9fe056c89\"\n            data-bs-toggle=\"collapse\"\n            data-bs-target=\"#accordion-panel-8922e8f2-9bda-4181-bbf8-31f9fe056c89\"\n        >\n            <span class=\"accordion__title\">\n                                <strong>Quand obtiendrai-je une r\u00e9ponse ?<\/strong>            <\/span>\n\n            <svg aria-hidden=\"true\" focusable=\"false\" class=\"icon icon-outline icon--arrow-down \"><use xlink:href=\"https:\/\/www.uni.lu\/wp-content\/themes\/unilux-theme\/assets\/images\/icons\/icons-outline.svg#icon--arrow-down\"><\/use><\/svg>        <\/button>\n    <\/h3>\n    <div id=\"accordion-panel-8922e8f2-9bda-4181-bbf8-31f9fe056c89\"\n        class=\"accordion__collapse collapse\"\n        aria-labelledby=\"accordion-labelledby-8922e8f2-9bda-4181-bbf8-31f9fe056c89\"\n        data-bs-parent=\"[data-reference=&quot;6b07db75-b71a-4328-ac02-dd19af238d79&quot;]\"\n    >\n        <div class=\"accordion__body \">\n            \n<p>L\u2019auteur d\u2019un signalement effectu\u00e9 par le biais de la plateforme en ligne s\u00e9curis\u00e9e re\u00e7oit un accus\u00e9 de r\u00e9ception dans un d\u00e9lai de sept jours. Il peut lui \u00eatre demand\u00e9 de fournir des informations suppl\u00e9mentaires avant d\u2019aller plus loin.<\/p>\n\n<p>L\u2019auteur du signalement recevra un retour d\u2019informations et, le cas \u00e9ch\u00e9ant, sera inform\u00e9 des mesures prises dans un d\u00e9lai de trois mois suivant l\u2019accus\u00e9 de r\u00e9ception initial.<\/p>\n        <\/div>\n    <\/div>\n<\/div>\n\n<div class=\"accordion__item  wp-block-unilux-blocks-accordion-item\">\n    <h3 class=\"accordion__header\"\n        >\n        <button\n            type=\"button\"\n            id=\"accordion-labelledby-b3c830b7-d06e-43ed-96b8-d705f370d046\"\n            class=\"accordion__button collapsed\"\n            aria-expanded=\"false\"\n            aria-controls=\"accordion-panel-b3c830b7-d06e-43ed-96b8-d705f370d046\"\n            data-bs-toggle=\"collapse\"\n            data-bs-target=\"#accordion-panel-b3c830b7-d06e-43ed-96b8-d705f370d046\"\n        >\n            <span class=\"accordion__title\">\n                                <strong>Mesures de protection<\/strong>            <\/span>\n\n            <svg aria-hidden=\"true\" focusable=\"false\" class=\"icon icon-outline icon--arrow-down \"><use xlink:href=\"https:\/\/www.uni.lu\/wp-content\/themes\/unilux-theme\/assets\/images\/icons\/icons-outline.svg#icon--arrow-down\"><\/use><\/svg>        <\/button>\n    <\/h3>\n    <div id=\"accordion-panel-b3c830b7-d06e-43ed-96b8-d705f370d046\"\n        class=\"accordion__collapse collapse\"\n        aria-labelledby=\"accordion-labelledby-b3c830b7-d06e-43ed-96b8-d705f370d046\"\n        data-bs-parent=\"[data-reference=&quot;6b07db75-b71a-4328-ac02-dd19af238d79&quot;]\"\n    >\n        <div class=\"accordion__body \">\n            \n<p>Toute forme de repr\u00e9sailles \u00e0 l\u2019\u00e9gard des personnes soulevant des pr\u00e9occupations dans le cadre de la pr\u00e9sente politique est interdite. Une liste non exhaustive des mesures de repr\u00e9sailles interdites se trouve en annexe de la politique de signalements. Le cas \u00e9ch\u00e9ant, d\u2019autres mesures de protection, comme l\u2019adaptation temporaire des conditions de travail, peuvent \u00eatre prises.<\/p>\n\n<p>Tous les signalements, y compris l\u2019identit\u00e9 des auteurs et des personnes vis\u00e9es, seront trait\u00e9s en toute confidentialit\u00e9.<\/p>\n\n<p>Ces mesures de protection s\u2019appliquent \u00e9galement aux :<\/p>\n\n<ul class=\"ulux-list\">\n<li class=\"ulux-list-item\">facilitateurs, \u00e0 savoir les personnes qui aident un auteur de signalement au cours du processus de signalement dans un contexte professionnel&nbsp;;<\/li>\n\n\n\n<li class=\"ulux-list-item\">tiers qui sont en lien avec l\u2019auteur de signalement et qui risquent de faire l\u2019objet de repr\u00e9sailles dans un contexte professionnel, tels que des coll\u00e8gues&nbsp;;<\/li>\n\n\n\n<li class=\"ulux-list-item\">entit\u00e9s juridiques appartenant \u00e0 l\u2019auteur de signalement ou pour lesquelles il travaille, ou encore avec lesquelles il est en lien dans un contexte professionnel.<\/li>\n<\/ul>\n\n<p>Les auteurs qui effectuent sciemment un faux signalement ne b\u00e9n\u00e9ficieront pas d\u2019une protection au titre de la pr\u00e9sente politique et, le cas \u00e9ch\u00e9ant, l\u2019Universit\u00e9 prendra les mesures disciplinaires qui s\u2019imposent.<\/p>\n        <\/div>\n    <\/div>\n<\/div>\n\n<div class=\"accordion__item  wp-block-unilux-blocks-accordion-item\">\n    <h3 class=\"accordion__header\"\n        >\n        <button\n            type=\"button\"\n            id=\"accordion-labelledby-c857e704-4d1f-4590-88d0-6d8eb5849b4e\"\n            class=\"accordion__button collapsed\"\n            aria-expanded=\"false\"\n            aria-controls=\"accordion-panel-c857e704-4d1f-4590-88d0-6d8eb5849b4e\"\n            data-bs-toggle=\"collapse\"\n            data-bs-target=\"#accordion-panel-c857e704-4d1f-4590-88d0-6d8eb5849b4e\"\n        >\n            <span class=\"accordion__title\">\n                                <strong>Quels sont les droits de la\/des personne(s) concern\u00e9e(s) par le rapport ?<\/strong>            <\/span>\n\n            <svg aria-hidden=\"true\" focusable=\"false\" class=\"icon icon-outline icon--arrow-down \"><use xlink:href=\"https:\/\/www.uni.lu\/wp-content\/themes\/unilux-theme\/assets\/images\/icons\/icons-outline.svg#icon--arrow-down\"><\/use><\/svg>        <\/button>\n    <\/h3>\n    <div id=\"accordion-panel-c857e704-4d1f-4590-88d0-6d8eb5849b4e\"\n        class=\"accordion__collapse collapse\"\n        aria-labelledby=\"accordion-labelledby-c857e704-4d1f-4590-88d0-6d8eb5849b4e\"\n        data-bs-parent=\"[data-reference=&quot;6b07db75-b71a-4328-ac02-dd19af238d79&quot;]\"\n    >\n        <div class=\"accordion__body \">\n            \n<p>Les informations relatives aux personnes concern\u00e9es par le rapport resteront confidentielles et ne seront pas divulgu\u00e9es \u00e0 quiconque n&rsquo;est pas impliqu\u00e9 dans l&rsquo;examen de la question.<\/p>\n\n<p>Si les personnes concern\u00e9es par les rapports font partie de l&rsquo;objet d&rsquo;une enqu\u00eate, elles auront la possibilit\u00e9, \u00e0 un stade appropri\u00e9 de l&rsquo;enqu\u00eate, de r\u00e9pondre aux all\u00e9gations avant qu&rsquo;une conclusion ne soit tir\u00e9e.<\/p>\n        <\/div>\n    <\/div>\n<\/div><\/div>\n<\/div><\/section>\n","protected":false},"excerpt":{"rendered":"","protected":false},"author":33,"featured_media":0,"parent":3429,"menu_order":0,"comment_status":"closed","ping_status":"closed","template":"","meta":{"featured_image_focal_point":[],"show_featured_caption":false,"ulux_newsletter_groups":"","uluxPostTitle":"","uluxPrePostTitle":"\u00c9thique et int\u00e9grit\u00e9","_trash_the_other_posts":false,"_price":"","_stock":"","_tribe_ticket_header":"","_tribe_default_ticket_provider":"","_tribe_ticket_capacity":"0","_ticket_start_date":"","_ticket_end_date":"","_tribe_ticket_show_description":"","_tribe_ticket_show_not_going":false,"_tribe_ticket_use_global_stock":"","_tribe_ticket_global_stock_level":"","_global_stock_mode":"","_global_stock_cap":"","_tribe_rsvp_for_event":"","_tribe_ticket_going_count":"","_tribe_ticket_not_going_count":"","_tribe_tickets_list":"[]","_tribe_ticket_has_attendee_info_fields":false,"footnotes":""},"field-of-interest":[],"organisation":[],"authorship":[33],"acf":[],"yoast_head":"<!-- This site is optimized with the Yoast SEO Premium plugin v22.3 (Yoast SEO v22.3) - https:\/\/yoast.com\/wordpress\/plugins\/seo\/ -->\n<title>Politique de signalement - Universit\u00e9 du Luxembourg<\/title>\n<meta name=\"description\" content=\"L&#039;Universit\u00e9 a mis en place une politique de signalement qui permet de signaler en toute s\u00e9curit\u00e9 les violations de la loi.\" \/>\n<meta name=\"robots\" content=\"index, follow, max-snippet:-1, max-image-preview:large, max-video-preview:-1\" \/>\n<link rel=\"canonical\" href=\"https:\/\/www.uni.lu\/fr\/a-propos\/ethique-et-integrite\/politique-de-signalement\/\" \/>\n<meta property=\"og:locale\" content=\"fr_FR\" \/>\n<meta property=\"og:type\" content=\"article\" \/>\n<meta property=\"og:title\" content=\"Politique de signalement\" \/>\n<meta property=\"og:description\" content=\"L&#039;Universit\u00e9 a mis en place une politique de signalement qui permet de signaler en toute s\u00e9curit\u00e9 les violations de la loi.\" \/>\n<meta property=\"og:url\" content=\"https:\/\/www.uni.lu\/fr\/a-propos\/ethique-et-integrite\/politique-de-signalement\/\" \/>\n<meta property=\"og:site_name\" content=\"UNI FR\" \/>\n<meta property=\"article:publisher\" content=\"https:\/\/www.facebook.com\/uni.lu\" \/>\n<meta property=\"article:modified_time\" content=\"2026-03-02T15:27:49+00:00\" \/>\n<meta property=\"og:image\" content=\"https:\/\/www.uni.lu\/wp-content\/uploads\/sites\/11\/2026\/03\/03120045\/UNIV_SM-Profile_1600x1600px-scaled.jpg\" \/>\n\t<meta property=\"og:image:width\" content=\"2560\" \/>\n\t<meta property=\"og:image:height\" content=\"2560\" \/>\n\t<meta property=\"og:image:type\" content=\"image\/jpeg\" \/>\n<meta name=\"twitter:card\" content=\"summary_large_image\" \/>\n<meta name=\"twitter:label1\" content=\"Dur\u00e9e de lecture estim\u00e9e\" \/>\n\t<meta name=\"twitter:data1\" content=\"6 minutes\" \/>\n<script type=\"application\/ld+json\" class=\"yoast-schema-graph\">{\"@context\":\"https:\/\/schema.org\",\"@graph\":[{\"@type\":\"WebPage\",\"@id\":\"https:\/\/www.uni.lu\/fr\/a-propos\/ethique-et-integrite\/politique-de-signalement\/\",\"url\":\"https:\/\/www.uni.lu\/fr\/a-propos\/ethique-et-integrite\/politique-de-signalement\/\",\"name\":\"Politique de signalement - Universit\u00e9 du Luxembourg\",\"isPartOf\":{\"@id\":\"https:\/\/www.uni.lu\/fr\/#website\"},\"datePublished\":\"2023-12-11T07:35:00+00:00\",\"dateModified\":\"2026-03-02T15:27:49+00:00\",\"description\":\"L'Universit\u00e9 a mis en place une politique de signalement qui permet de signaler en toute s\u00e9curit\u00e9 les violations de la loi.\",\"breadcrumb\":{\"@id\":\"https:\/\/www.uni.lu\/fr\/a-propos\/ethique-et-integrite\/politique-de-signalement\/#breadcrumb\"},\"inLanguage\":\"fr-FR\",\"potentialAction\":[{\"@type\":\"ReadAction\",\"target\":[\"https:\/\/www.uni.lu\/fr\/a-propos\/ethique-et-integrite\/politique-de-signalement\/\"]}]},{\"@type\":\"BreadcrumbList\",\"@id\":\"https:\/\/www.uni.lu\/fr\/a-propos\/ethique-et-integrite\/politique-de-signalement\/#breadcrumb\",\"itemListElement\":[{\"@type\":\"ListItem\",\"position\":1,\"name\":\"Home\",\"item\":\"https:\/\/www.uni.lu\/fr\/\"},{\"@type\":\"ListItem\",\"position\":2,\"name\":\"\u00c0 propos\",\"item\":\"https:\/\/www.uni.lu\/fr\/a-propos\/\"},{\"@type\":\"ListItem\",\"position\":3,\"name\":\"\u00c9thique et int\u00e9grit\u00e9\",\"item\":\"https:\/\/www.uni.lu\/fr\/a-propos\/ethique-et-integrite\/\"},{\"@type\":\"ListItem\",\"position\":4,\"name\":\"Politique de signalement\"}]},{\"@type\":\"WebSite\",\"@id\":\"https:\/\/www.uni.lu\/fr\/#website\",\"url\":\"https:\/\/www.uni.lu\/fr\/\",\"name\":\"Uni.lu\",\"description\":\"Universit\u00e9 du Luxembourg\",\"publisher\":{\"@id\":\"https:\/\/www.uni.lu\/fr\/#organization\"},\"alternateName\":\"Universit\u00e9 du Luxembourg\",\"potentialAction\":[{\"@type\":\"SearchAction\",\"target\":{\"@type\":\"EntryPoint\",\"urlTemplate\":\"https:\/\/www.uni.lu\/fr\/?s={search_term_string}\"},\"query-input\":\"required name=search_term_string\"}],\"inLanguage\":\"fr-FR\"},{\"@type\":\"Organization\",\"@id\":\"https:\/\/www.uni.lu\/fr\/#organization\",\"name\":\"Universit\u00e9 du Luxembourg\",\"alternateName\":\"Uni.lu\",\"url\":\"https:\/\/www.uni.lu\/fr\/\",\"logo\":{\"@type\":\"ImageObject\",\"inLanguage\":\"fr-FR\",\"@id\":\"https:\/\/www.uni.lu\/fr\/#\/schema\/logo\/image\/\",\"url\":\"https:\/\/www.uni.lu\/wp-content\/uploads\/sites\/11\/2026\/03\/03120045\/UNIV_SM-Profile_1600x1600px-scaled.jpg\",\"contentUrl\":\"https:\/\/www.uni.lu\/wp-content\/uploads\/sites\/11\/2026\/03\/03120045\/UNIV_SM-Profile_1600x1600px-scaled.jpg\",\"width\":2560,\"height\":2560,\"caption\":\"Universit\u00e9 du Luxembourg\"},\"image\":\"https:\/\/www.uni.lu\/wp-content\/uploads\/sites\/11\/2026\/04\/24120552\/20200609-Belval-Campus_Henri-Goergen-23.jpg\",\"sameAs\":[\"https:\/\/www.facebook.com\/uni.lu\",\"https:\/\/www.linkedin.com\/school\/university-of-luxembourg\/\",\"https:\/\/www.instagram.com\/uni.lu\",\"https:\/\/www.youtube.com\/@uni_lu\",\"https:\/\/en.wikipedia.org\/wiki\/University_of_Luxembourg\"],\"email\":\"communication@uni.lu\",\"telephone\":\"+352 46 66 44 1\",\"address\":{\"@type\":\"PostalAddress\",\"streetAddress\":\"2, place de l\u2019Universit\u00e9\",\"addressLocality\":\"Esch-sur-Alzette\",\"postalCode\":\"4365\",\"addressCountry\":\"LU\"},\"description\":\"Universit\u00e9 du Luxembourg\"}]}<\/script>\n<!-- \/ Yoast SEO Premium plugin. -->","yoast_head_json":{"title":"Politique de signalement - Universit\u00e9 du Luxembourg","description":"L'Universit\u00e9 a mis en place une politique de signalement qui permet de signaler en toute s\u00e9curit\u00e9 les violations de la loi.","robots":{"index":"index","follow":"follow","max-snippet":"max-snippet:-1","max-image-preview":"max-image-preview:large","max-video-preview":"max-video-preview:-1"},"canonical":"https:\/\/www.uni.lu\/fr\/a-propos\/ethique-et-integrite\/politique-de-signalement\/","og_locale":"fr_FR","og_type":"article","og_title":"Politique de signalement","og_description":"L'Universit\u00e9 a mis en place une politique de signalement qui permet de signaler en toute s\u00e9curit\u00e9 les violations de la loi.","og_url":"https:\/\/www.uni.lu\/fr\/a-propos\/ethique-et-integrite\/politique-de-signalement\/","og_site_name":"UNI FR","article_publisher":"https:\/\/www.facebook.com\/uni.lu","article_modified_time":"2026-03-02T15:27:49+00:00","og_image":[{"width":2560,"height":2560,"url":"https:\/\/www.uni.lu\/wp-content\/uploads\/sites\/11\/2026\/03\/03120045\/UNIV_SM-Profile_1600x1600px-scaled.jpg","type":"image\/jpeg"}],"twitter_card":"summary_large_image","twitter_misc":{"Dur\u00e9e de lecture estim\u00e9e":"6 minutes"},"schema":{"@context":"https:\/\/schema.org","@graph":[{"@type":"WebPage","@id":"https:\/\/www.uni.lu\/fr\/a-propos\/ethique-et-integrite\/politique-de-signalement\/","url":"https:\/\/www.uni.lu\/fr\/a-propos\/ethique-et-integrite\/politique-de-signalement\/","name":"Politique de signalement - Universit\u00e9 du Luxembourg","isPartOf":{"@id":"https:\/\/www.uni.lu\/fr\/#website"},"datePublished":"2023-12-11T07:35:00+00:00","dateModified":"2026-03-02T15:27:49+00:00","description":"L'Universit\u00e9 a mis en place une politique de signalement qui permet de signaler en toute s\u00e9curit\u00e9 les violations de la loi.","breadcrumb":{"@id":"https:\/\/www.uni.lu\/fr\/a-propos\/ethique-et-integrite\/politique-de-signalement\/#breadcrumb"},"inLanguage":"fr-FR","potentialAction":[{"@type":"ReadAction","target":["https:\/\/www.uni.lu\/fr\/a-propos\/ethique-et-integrite\/politique-de-signalement\/"]}]},{"@type":"BreadcrumbList","@id":"https:\/\/www.uni.lu\/fr\/a-propos\/ethique-et-integrite\/politique-de-signalement\/#breadcrumb","itemListElement":[{"@type":"ListItem","position":1,"name":"Home","item":"https:\/\/www.uni.lu\/fr\/"},{"@type":"ListItem","position":2,"name":"\u00c0 propos","item":"https:\/\/www.uni.lu\/fr\/a-propos\/"},{"@type":"ListItem","position":3,"name":"\u00c9thique et int\u00e9grit\u00e9","item":"https:\/\/www.uni.lu\/fr\/a-propos\/ethique-et-integrite\/"},{"@type":"ListItem","position":4,"name":"Politique de signalement"}]},{"@type":"WebSite","@id":"https:\/\/www.uni.lu\/fr\/#website","url":"https:\/\/www.uni.lu\/fr\/","name":"Uni.lu","description":"Universit\u00e9 du Luxembourg","publisher":{"@id":"https:\/\/www.uni.lu\/fr\/#organization"},"alternateName":"Universit\u00e9 du Luxembourg","potentialAction":[{"@type":"SearchAction","target":{"@type":"EntryPoint","urlTemplate":"https:\/\/www.uni.lu\/fr\/?s={search_term_string}"},"query-input":"required name=search_term_string"}],"inLanguage":"fr-FR"},{"@type":"Organization","@id":"https:\/\/www.uni.lu\/fr\/#organization","name":"Universit\u00e9 du Luxembourg","alternateName":"Uni.lu","url":"https:\/\/www.uni.lu\/fr\/","logo":{"@type":"ImageObject","inLanguage":"fr-FR","@id":"https:\/\/www.uni.lu\/fr\/#\/schema\/logo\/image\/","url":"https:\/\/www.uni.lu\/wp-content\/uploads\/sites\/11\/2026\/03\/03120045\/UNIV_SM-Profile_1600x1600px-scaled.jpg","contentUrl":"https:\/\/www.uni.lu\/wp-content\/uploads\/sites\/11\/2026\/03\/03120045\/UNIV_SM-Profile_1600x1600px-scaled.jpg","width":2560,"height":2560,"caption":"Universit\u00e9 du Luxembourg"},"image":"https:\/\/www.uni.lu\/wp-content\/uploads\/sites\/11\/2026\/04\/24120552\/20200609-Belval-Campus_Henri-Goergen-23.jpg","sameAs":["https:\/\/www.facebook.com\/uni.lu","https:\/\/www.linkedin.com\/school\/university-of-luxembourg\/","https:\/\/www.instagram.com\/uni.lu","https:\/\/www.youtube.com\/@uni_lu","https:\/\/en.wikipedia.org\/wiki\/University_of_Luxembourg"],"email":"communication@uni.lu","telephone":"+352 46 66 44 1","address":{"@type":"PostalAddress","streetAddress":"2, place de l\u2019Universit\u00e9","addressLocality":"Esch-sur-Alzette","postalCode":"4365","addressCountry":"LU"},"description":"Universit\u00e9 du Luxembourg"}]}},"ticketed":false,"_links":{"self":[{"href":"https:\/\/www.uni.lu\/fr\/wp-json\/wp\/v2\/pages\/4760"}],"collection":[{"href":"https:\/\/www.uni.lu\/fr\/wp-json\/wp\/v2\/pages"}],"about":[{"href":"https:\/\/www.uni.lu\/fr\/wp-json\/wp\/v2\/types\/page"}],"author":[{"embeddable":true,"href":"https:\/\/www.uni.lu\/fr\/wp-json\/wp\/v2\/users\/33"}],"replies":[{"embeddable":true,"href":"https:\/\/www.uni.lu\/fr\/wp-json\/wp\/v2\/comments?post=4760"}],"version-history":[{"count":5,"href":"https:\/\/www.uni.lu\/fr\/wp-json\/wp\/v2\/pages\/4760\/revisions"}],"predecessor-version":[{"id":18801,"href":"https:\/\/www.uni.lu\/fr\/wp-json\/wp\/v2\/pages\/4760\/revisions\/18801"}],"up":[{"embeddable":true,"href":"https:\/\/www.uni.lu\/fr\/wp-json\/wp\/v2\/pages\/3429"}],"wp:authorship":[{"embeddable":true,"href":"https:\/\/www.uni.lu\/fr\/wp-json\/wp\/v2\/users\/33"}],"wp:attachment":[{"href":"https:\/\/www.uni.lu\/fr\/wp-json\/wp\/v2\/media?parent=4760"}],"wp:term":[{"taxonomy":"field-of-interest","embeddable":true,"href":"https:\/\/www.uni.lu\/fr\/wp-json\/wp\/v2\/field-of-interest?post=4760"},{"taxonomy":"organisation","embeddable":true,"href":"https:\/\/www.uni.lu\/fr\/wp-json\/wp\/v2\/organisation?post=4760"}],"curies":[{"name":"wp","href":"https:\/\/api.w.org\/{rel}","templated":true}]}}