{"id":3429,"date":"2023-10-17T11:56:57","date_gmt":"2023-10-17T09:56:57","guid":{"rendered":"https:\/\/www.uni.lu\/fr\/?page_id=3429"},"modified":"2024-11-12T09:02:36","modified_gmt":"2024-11-12T08:02:36","slug":"ethique-et-integrite","status":"publish","type":"page","link":"https:\/\/www.uni.lu\/fr\/a-propos\/ethique-et-integrite\/","title":{"rendered":"\u00c9thique et int\u00e9grit\u00e9"},"content":{"rendered":"\n<section class=\"section no-padding-y wp-block-unilux-blocks-hero\">\n    <div class=\"hero hero--2  \">\n        \n<header class=\"wp-block-unilux-blocks-wrapper hero__header\">\n<div class=\"wp-block-unilux-blocks-wrapper hero__container\">\n<span class=\"hero__title__subject wp-block-unilux-blocks-plain-text\"><\/span>\n\n\n<h1 class=\"has-text-align-left wp-block-unilux-blocks-heading\"        id=\"ethique-et-integrite\"\n    >\n\u00c9thique et int\u00e9grit\u00e9<\/h1>\n<\/div>\n<\/header>\n<figure class=\"wp-block-dev4-reusable-blocks-image hero__visual object-fit--cover\">\n    \n<img decoding=\"async\" class=\"wp-block-image unilux-custom-image-block\"\n                alt=\"\"\n            src=\"https:\/\/www.uni.lu\/wp-content\/uploads\/sites\/9\/2023\/07\/20200609-Belval-Campus_Henri-Goergen-9.jpg\"\n                    style=\"object-position: 50.00% 49.00%; font-family: &quot;object-fit: cover; object-position: 50.00% 49.00%;&quot;; aspect-ratio: 16\/9; object-fit: cover; width: 100%;\"\n        loading=\"lazy\"\n\/>    <\/figure>\n<div class=\"wp-block-unilux-blocks-wrapper hero__body\">\n<div class=\"wp-block-unilux-blocks-wrapper hero__container\">\n<p class=\"wp-block-unilux-blocks-plain-text\">\u00c0 l&rsquo;Universit\u00e9 du Luxembourg, nous nous effor\u00e7ons d&rsquo;atteindre l&rsquo;excellence et la qualit\u00e9 et de r\u00e9pondre aux crit\u00e8res \u00e9thiques les plus \u00e9lev\u00e9s dans toutes nos missions. Cela n&rsquo;est possible qu&rsquo;en gardant nos valeurs au premier plan de tout ce que nous faisons.<\/p>\n\n\n<ul class=\"wp-block-unilux-blocks-custom-buttons btn-list\">\n\n<\/ul>\n<\/div>\n<\/div>\n    <\/div>\n<\/section>\n\n\n<section class=\"wp-block-unilux-blocks-free-section section\"><div class=\"container xl:max-w-screen-xl\">\n<h2 class=\"has-text-align-left wp-block-unilux-blocks-heading\"        id=\"les-informations-cles-et-comites-concernees\"\n    >\nLes informations cl\u00e9s et comit\u00e9s concern\u00e9es<\/h2>\n\n\n<div class=\"wp-block-unilux-blocks-spacer is-spacer-size-sm\"><\/div>\n\n<ul class=\"wp-block-unilux-blocks-button-list\">\n    <li class=\"wp-block-unilux-blocks-button-list-item\">\n    <a\n            href=\"https:\/\/www.uni.lu\/wp-content\/uploads\/sites\/9\/2023\/09\/200615-Code-of-Conduct-English-for-publication.pdf\"\n            class=\"quick-link wp-block-unilux-blocks-anchor\"        target=\"_blank\"\n>\n    \n<span class=\"wp-block-unilux-blocks-wrapper quick-link__container\"><figure class=\"wp-block-dev4-reusable-blocks-image quick-link__img object-fit--scale-down\">\n        <\/figure>\n\n\n<span class=\"quick-link__name wp-block-unilux-blocks-plain-text\">Code de Conduite (PDF) (EN)<\/span>\n\n<svg aria-hidden=\"true\" focusable=\"false\" class=\"icon icon-outline icon--download \"><use xlink:href=\"https:\/\/www.uni.lu\/wp-content\/themes\/unilux-theme\/assets\/images\/icons\/icons-outline.svg#icon--download\"><\/use><\/svg><\/span>\n<\/a>\n<\/li><\/ul>\n\n\n<div class=\"wp-block-unilux-blocks-spacer is-spacer-size-sm\"><\/div>\n\n\n<ul class=\"wp-block-unilux-blocks-quick-link-underline\">\n    \n<li class=\"wp-block-unilux-blocks-quick-link-underline-item\">\n    <a\n            href=\"https:\/\/www.uni.lu\/fr\/etudes\/questions-academiques\/conduite-academique\/\"\n            class=\"wp-block-unilux-blocks-anchor\"        target=\"\"\n>\n    \n<span class=\"hero__title__subject wp-block-unilux-blocks-plain-text\"> <br>Conduite acad\u00e9mique, fraude et plagiat<\/span><svg aria-hidden=\"true\" focusable=\"false\" class=\"icon icon-outline icon--arrow-right \"><use xlink:href=\"https:\/\/www.uni.lu\/wp-content\/themes\/unilux-theme\/assets\/images\/icons\/icons-outline.svg#icon--arrow-right\"><\/use><\/svg><\/a>\n<\/li>\n\n<li class=\"wp-block-unilux-blocks-quick-link-underline-item\">\n    <a\n            href=\"https:\/\/www.uni.lu\/fr\/a-propos\/ethique-et-integrite\/integrite-scientifique\/\"\n            class=\"wp-block-unilux-blocks-anchor\"        target=\"\"\n>\n    \n<span class=\"hero__title__subject wp-block-unilux-blocks-plain-text\">Int\u00e9grit\u00e9 scientifique<\/span><svg aria-hidden=\"true\" focusable=\"false\" class=\"icon icon-outline icon--arrow-right \"><use xlink:href=\"https:\/\/www.uni.lu\/wp-content\/themes\/unilux-theme\/assets\/images\/icons\/icons-outline.svg#icon--arrow-right\"><\/use><\/svg><\/a>\n<\/li>\n\n<li class=\"wp-block-unilux-blocks-quick-link-underline-item\">\n    <a\n            href=\"https:\/\/www.uni.lu\/fr\/a-propos\/organisation\/administration\/comite-pour-l-ethique-dans-la-recherche\/\"\n            class=\"wp-block-unilux-blocks-anchor\"        target=\"\"\n>\n    \n<span class=\"hero__title__subject wp-block-unilux-blocks-plain-text\">Comit\u00e9 pour l\u2019\u00e9thique dans la recherche (CER)<\/span><svg aria-hidden=\"true\" focusable=\"false\" class=\"icon icon-outline icon--arrow-right \"><use xlink:href=\"https:\/\/www.uni.lu\/wp-content\/themes\/unilux-theme\/assets\/images\/icons\/icons-outline.svg#icon--arrow-right\"><\/use><\/svg><\/a>\n<\/li>\n\n<li class=\"wp-block-unilux-blocks-quick-link-underline-item\">\n    <a\n            href=\"https:\/\/www.uni.lu\/fr\/a-propos\/gouvernance\/comite-d-ethique-pour-l-experimentation-animale\/\"\n            class=\"wp-block-unilux-blocks-anchor\"        target=\"\"\n>\n    \n<span class=\"hero__title__subject wp-block-unilux-blocks-plain-text\">Comit\u00e9 d\u2019\u00e9thique pour l\u2019exp\u00e9rimentation animale (CEEA)<\/span><svg aria-hidden=\"true\" focusable=\"false\" class=\"icon icon-outline icon--arrow-right \"><use xlink:href=\"https:\/\/www.uni.lu\/wp-content\/themes\/unilux-theme\/assets\/images\/icons\/icons-outline.svg#icon--arrow-right\"><\/use><\/svg><\/a>\n<\/li>\n\n<li class=\"wp-block-unilux-blocks-quick-link-underline-item\">\n    <a\n            href=\"https:\/\/www.uni.lu\/fr\/a-propos\/ethique-et-integrite\/politique-de-signalement\/\"\n            class=\"wp-block-unilux-blocks-anchor\"        target=\"\"\n>\n    \n<span class=\"hero__title__subject wp-block-unilux-blocks-plain-text\">Politique de signalement (\u2018Whistleblowing\u2019) <\/span><svg aria-hidden=\"true\" focusable=\"false\" class=\"icon icon-outline icon--arrow-right \"><use xlink:href=\"https:\/\/www.uni.lu\/wp-content\/themes\/unilux-theme\/assets\/images\/icons\/icons-outline.svg#icon--arrow-right\"><\/use><\/svg><\/a>\n<\/li>\n<\/ul><\/div><\/section>\n","protected":false},"excerpt":{"rendered":"","protected":false},"author":33,"featured_media":0,"parent":2540,"menu_order":9,"comment_status":"closed","ping_status":"closed","template":"","meta":{"featured_image_focal_point":[],"show_featured_caption":false,"ulux_newsletter_groups":"","uluxPostTitle":"","uluxPrePostTitle":"","_trash_the_other_posts":false,"_price":"","_stock":"","_tribe_ticket_header":"","_tribe_default_ticket_provider":"","_tribe_ticket_capacity":"0","_ticket_start_date":"","_ticket_end_date":"","_tribe_ticket_show_description":"","_tribe_ticket_show_not_going":false,"_tribe_ticket_use_global_stock":"","_tribe_ticket_global_stock_level":"","_global_stock_mode":"","_global_stock_cap":"","_tribe_rsvp_for_event":"","_tribe_ticket_going_count":"","_tribe_ticket_not_going_count":"","_tribe_tickets_list":"[]","_tribe_ticket_has_attendee_info_fields":false,"footnotes":""},"field-of-interest":[],"organisation":[],"authorship":[33],"acf":[],"yoast_head":"<!-- This site is optimized with the Yoast SEO Premium plugin v22.3 (Yoast SEO v22.3) - https:\/\/yoast.com\/wordpress\/plugins\/seo\/ -->\n<title>\u00c9thique et int\u00e9grit\u00e9 - Universit\u00e9 du Luxembourg<\/title>\n<meta name=\"description\" content=\"\u00c0 l&#039;Universit\u00e9 du Luxembourg, nous nous effor\u00e7ons de r\u00e9pondre aux crit\u00e8res d&#039;\u00e9thique et d&#039;int\u00e9grit\u00e9 les plus \u00e9lev\u00e9s.\" \/>\n<meta name=\"robots\" content=\"index, follow, max-snippet:-1, max-image-preview:large, max-video-preview:-1\" \/>\n<link rel=\"canonical\" href=\"https:\/\/www.uni.lu\/fr\/a-propos\/ethique-et-integrite\/\" \/>\n<meta property=\"og:locale\" content=\"fr_FR\" \/>\n<meta property=\"og:type\" content=\"article\" \/>\n<meta property=\"og:title\" content=\"\u00c9thique et int\u00e9grit\u00e9\" \/>\n<meta property=\"og:description\" content=\"\u00c0 l&#039;Universit\u00e9 du Luxembourg, nous nous effor\u00e7ons de r\u00e9pondre aux crit\u00e8res d&#039;\u00e9thique et d&#039;int\u00e9grit\u00e9 les plus \u00e9lev\u00e9s.\" \/>\n<meta property=\"og:url\" content=\"https:\/\/www.uni.lu\/fr\/a-propos\/ethique-et-integrite\/\" \/>\n<meta property=\"og:site_name\" content=\"UNI FR\" \/>\n<meta property=\"article:publisher\" content=\"https:\/\/www.facebook.com\/uni.lu\" \/>\n<meta property=\"article:modified_time\" content=\"2024-11-12T08:02:36+00:00\" \/>\n<meta property=\"og:image\" content=\"https:\/\/www.uni.lu\/wp-content\/uploads\/sites\/11\/2026\/03\/03120045\/UNIV_SM-Profile_1600x1600px-scaled.jpg\" \/>\n\t<meta property=\"og:image:width\" content=\"2560\" \/>\n\t<meta property=\"og:image:height\" content=\"2560\" \/>\n\t<meta property=\"og:image:type\" content=\"image\/jpeg\" \/>\n<meta name=\"twitter:card\" content=\"summary_large_image\" \/>\n<script type=\"application\/ld+json\" class=\"yoast-schema-graph\">{\"@context\":\"https:\/\/schema.org\",\"@graph\":[{\"@type\":\"WebPage\",\"@id\":\"https:\/\/www.uni.lu\/fr\/a-propos\/ethique-et-integrite\/\",\"url\":\"https:\/\/www.uni.lu\/fr\/a-propos\/ethique-et-integrite\/\",\"name\":\"\u00c9thique et int\u00e9grit\u00e9 - Universit\u00e9 du Luxembourg\",\"isPartOf\":{\"@id\":\"https:\/\/www.uni.lu\/fr\/#website\"},\"datePublished\":\"2023-10-17T09:56:57+00:00\",\"dateModified\":\"2024-11-12T08:02:36+00:00\",\"description\":\"\u00c0 l'Universit\u00e9 du Luxembourg, nous nous effor\u00e7ons de r\u00e9pondre aux crit\u00e8res d'\u00e9thique et d'int\u00e9grit\u00e9 les plus \u00e9lev\u00e9s.\",\"breadcrumb\":{\"@id\":\"https:\/\/www.uni.lu\/fr\/a-propos\/ethique-et-integrite\/#breadcrumb\"},\"inLanguage\":\"fr-FR\",\"potentialAction\":[{\"@type\":\"ReadAction\",\"target\":[\"https:\/\/www.uni.lu\/fr\/a-propos\/ethique-et-integrite\/\"]}]},{\"@type\":\"BreadcrumbList\",\"@id\":\"https:\/\/www.uni.lu\/fr\/a-propos\/ethique-et-integrite\/#breadcrumb\",\"itemListElement\":[{\"@type\":\"ListItem\",\"position\":1,\"name\":\"Home\",\"item\":\"https:\/\/www.uni.lu\/fr\/\"},{\"@type\":\"ListItem\",\"position\":2,\"name\":\"\u00c0 propos\",\"item\":\"https:\/\/www.uni.lu\/fr\/a-propos\/\"},{\"@type\":\"ListItem\",\"position\":3,\"name\":\"\u00c9thique et int\u00e9grit\u00e9\"}]},{\"@type\":\"WebSite\",\"@id\":\"https:\/\/www.uni.lu\/fr\/#website\",\"url\":\"https:\/\/www.uni.lu\/fr\/\",\"name\":\"Uni.lu\",\"description\":\"Universit\u00e9 du Luxembourg\",\"publisher\":{\"@id\":\"https:\/\/www.uni.lu\/fr\/#organization\"},\"alternateName\":\"Universit\u00e9 du Luxembourg\",\"potentialAction\":[{\"@type\":\"SearchAction\",\"target\":{\"@type\":\"EntryPoint\",\"urlTemplate\":\"https:\/\/www.uni.lu\/fr\/?s={search_term_string}\"},\"query-input\":\"required name=search_term_string\"}],\"inLanguage\":\"fr-FR\"},{\"@type\":\"Organization\",\"@id\":\"https:\/\/www.uni.lu\/fr\/#organization\",\"name\":\"Universit\u00e9 du Luxembourg\",\"alternateName\":\"Uni.lu\",\"url\":\"https:\/\/www.uni.lu\/fr\/\",\"logo\":{\"@type\":\"ImageObject\",\"inLanguage\":\"fr-FR\",\"@id\":\"https:\/\/www.uni.lu\/fr\/#\/schema\/logo\/image\/\",\"url\":\"https:\/\/www.uni.lu\/wp-content\/uploads\/sites\/11\/2026\/03\/03120045\/UNIV_SM-Profile_1600x1600px-scaled.jpg\",\"contentUrl\":\"https:\/\/www.uni.lu\/wp-content\/uploads\/sites\/11\/2026\/03\/03120045\/UNIV_SM-Profile_1600x1600px-scaled.jpg\",\"width\":2560,\"height\":2560,\"caption\":\"Universit\u00e9 du Luxembourg\"},\"image\":\"https:\/\/www.uni.lu\/wp-content\/uploads\/sites\/11\/2026\/04\/24120552\/20200609-Belval-Campus_Henri-Goergen-23.jpg\",\"sameAs\":[\"https:\/\/www.facebook.com\/uni.lu\",\"https:\/\/www.linkedin.com\/school\/university-of-luxembourg\/\",\"https:\/\/www.instagram.com\/uni.lu\",\"https:\/\/www.youtube.com\/@uni_lu\",\"https:\/\/en.wikipedia.org\/wiki\/University_of_Luxembourg\"],\"email\":\"communication@uni.lu\",\"telephone\":\"+352 46 66 44 1\",\"address\":{\"@type\":\"PostalAddress\",\"streetAddress\":\"2, place de l\u2019Universit\u00e9\",\"addressLocality\":\"Esch-sur-Alzette\",\"postalCode\":\"4365\",\"addressCountry\":\"LU\"},\"description\":\"Universit\u00e9 du Luxembourg\"}]}<\/script>\n<!-- \/ Yoast SEO Premium plugin. -->","yoast_head_json":{"title":"\u00c9thique et int\u00e9grit\u00e9 - Universit\u00e9 du Luxembourg","description":"\u00c0 l'Universit\u00e9 du Luxembourg, nous nous effor\u00e7ons de r\u00e9pondre aux crit\u00e8res d'\u00e9thique et d'int\u00e9grit\u00e9 les plus \u00e9lev\u00e9s.","robots":{"index":"index","follow":"follow","max-snippet":"max-snippet:-1","max-image-preview":"max-image-preview:large","max-video-preview":"max-video-preview:-1"},"canonical":"https:\/\/www.uni.lu\/fr\/a-propos\/ethique-et-integrite\/","og_locale":"fr_FR","og_type":"article","og_title":"\u00c9thique et int\u00e9grit\u00e9","og_description":"\u00c0 l'Universit\u00e9 du Luxembourg, nous nous effor\u00e7ons de r\u00e9pondre aux crit\u00e8res d'\u00e9thique et d'int\u00e9grit\u00e9 les plus \u00e9lev\u00e9s.","og_url":"https:\/\/www.uni.lu\/fr\/a-propos\/ethique-et-integrite\/","og_site_name":"UNI FR","article_publisher":"https:\/\/www.facebook.com\/uni.lu","article_modified_time":"2024-11-12T08:02:36+00:00","og_image":[{"width":2560,"height":2560,"url":"https:\/\/www.uni.lu\/wp-content\/uploads\/sites\/11\/2026\/03\/03120045\/UNIV_SM-Profile_1600x1600px-scaled.jpg","type":"image\/jpeg"}],"twitter_card":"summary_large_image","schema":{"@context":"https:\/\/schema.org","@graph":[{"@type":"WebPage","@id":"https:\/\/www.uni.lu\/fr\/a-propos\/ethique-et-integrite\/","url":"https:\/\/www.uni.lu\/fr\/a-propos\/ethique-et-integrite\/","name":"\u00c9thique et int\u00e9grit\u00e9 - Universit\u00e9 du Luxembourg","isPartOf":{"@id":"https:\/\/www.uni.lu\/fr\/#website"},"datePublished":"2023-10-17T09:56:57+00:00","dateModified":"2024-11-12T08:02:36+00:00","description":"\u00c0 l'Universit\u00e9 du Luxembourg, nous nous effor\u00e7ons de r\u00e9pondre aux crit\u00e8res d'\u00e9thique et d'int\u00e9grit\u00e9 les plus \u00e9lev\u00e9s.","breadcrumb":{"@id":"https:\/\/www.uni.lu\/fr\/a-propos\/ethique-et-integrite\/#breadcrumb"},"inLanguage":"fr-FR","potentialAction":[{"@type":"ReadAction","target":["https:\/\/www.uni.lu\/fr\/a-propos\/ethique-et-integrite\/"]}]},{"@type":"BreadcrumbList","@id":"https:\/\/www.uni.lu\/fr\/a-propos\/ethique-et-integrite\/#breadcrumb","itemListElement":[{"@type":"ListItem","position":1,"name":"Home","item":"https:\/\/www.uni.lu\/fr\/"},{"@type":"ListItem","position":2,"name":"\u00c0 propos","item":"https:\/\/www.uni.lu\/fr\/a-propos\/"},{"@type":"ListItem","position":3,"name":"\u00c9thique et int\u00e9grit\u00e9"}]},{"@type":"WebSite","@id":"https:\/\/www.uni.lu\/fr\/#website","url":"https:\/\/www.uni.lu\/fr\/","name":"Uni.lu","description":"Universit\u00e9 du Luxembourg","publisher":{"@id":"https:\/\/www.uni.lu\/fr\/#organization"},"alternateName":"Universit\u00e9 du Luxembourg","potentialAction":[{"@type":"SearchAction","target":{"@type":"EntryPoint","urlTemplate":"https:\/\/www.uni.lu\/fr\/?s={search_term_string}"},"query-input":"required name=search_term_string"}],"inLanguage":"fr-FR"},{"@type":"Organization","@id":"https:\/\/www.uni.lu\/fr\/#organization","name":"Universit\u00e9 du Luxembourg","alternateName":"Uni.lu","url":"https:\/\/www.uni.lu\/fr\/","logo":{"@type":"ImageObject","inLanguage":"fr-FR","@id":"https:\/\/www.uni.lu\/fr\/#\/schema\/logo\/image\/","url":"https:\/\/www.uni.lu\/wp-content\/uploads\/sites\/11\/2026\/03\/03120045\/UNIV_SM-Profile_1600x1600px-scaled.jpg","contentUrl":"https:\/\/www.uni.lu\/wp-content\/uploads\/sites\/11\/2026\/03\/03120045\/UNIV_SM-Profile_1600x1600px-scaled.jpg","width":2560,"height":2560,"caption":"Universit\u00e9 du Luxembourg"},"image":"https:\/\/www.uni.lu\/wp-content\/uploads\/sites\/11\/2026\/04\/24120552\/20200609-Belval-Campus_Henri-Goergen-23.jpg","sameAs":["https:\/\/www.facebook.com\/uni.lu","https:\/\/www.linkedin.com\/school\/university-of-luxembourg\/","https:\/\/www.instagram.com\/uni.lu","https:\/\/www.youtube.com\/@uni_lu","https:\/\/en.wikipedia.org\/wiki\/University_of_Luxembourg"],"email":"communication@uni.lu","telephone":"+352 46 66 44 1","address":{"@type":"PostalAddress","streetAddress":"2, place de l\u2019Universit\u00e9","addressLocality":"Esch-sur-Alzette","postalCode":"4365","addressCountry":"LU"},"description":"Universit\u00e9 du Luxembourg"}]}},"ticketed":false,"_links":{"self":[{"href":"https:\/\/www.uni.lu\/fr\/wp-json\/wp\/v2\/pages\/3429"}],"collection":[{"href":"https:\/\/www.uni.lu\/fr\/wp-json\/wp\/v2\/pages"}],"about":[{"href":"https:\/\/www.uni.lu\/fr\/wp-json\/wp\/v2\/types\/page"}],"author":[{"embeddable":true,"href":"https:\/\/www.uni.lu\/fr\/wp-json\/wp\/v2\/users\/33"}],"replies":[{"embeddable":true,"href":"https:\/\/www.uni.lu\/fr\/wp-json\/wp\/v2\/comments?post=3429"}],"version-history":[{"count":5,"href":"https:\/\/www.uni.lu\/fr\/wp-json\/wp\/v2\/pages\/3429\/revisions"}],"predecessor-version":[{"id":13131,"href":"https:\/\/www.uni.lu\/fr\/wp-json\/wp\/v2\/pages\/3429\/revisions\/13131"}],"up":[{"embeddable":true,"href":"https:\/\/www.uni.lu\/fr\/wp-json\/wp\/v2\/pages\/2540"}],"wp:authorship":[{"embeddable":true,"href":"https:\/\/www.uni.lu\/fr\/wp-json\/wp\/v2\/users\/33"}],"wp:attachment":[{"href":"https:\/\/www.uni.lu\/fr\/wp-json\/wp\/v2\/media?parent=3429"}],"wp:term":[{"taxonomy":"field-of-interest","embeddable":true,"href":"https:\/\/www.uni.lu\/fr\/wp-json\/wp\/v2\/field-of-interest?post=3429"},{"taxonomy":"organisation","embeddable":true,"href":"https:\/\/www.uni.lu\/fr\/wp-json\/wp\/v2\/organisation?post=3429"}],"curies":[{"name":"wp","href":"https:\/\/api.w.org\/{rel}","templated":true}]}}