{"id":3365,"date":"2023-10-12T16:18:00","date_gmt":"2023-10-12T14:18:00","guid":{"rendered":"https:\/\/www.uni.lu\/fr\/?page_id=3365"},"modified":"2026-04-02T08:58:52","modified_gmt":"2026-04-02T06:58:52","slug":"formation-de-tutorat","status":"publish","type":"page","link":"https:\/\/www.uni.lu\/fr\/etudes\/centre-de-langues\/formation-de-tutorat\/","title":{"rendered":"Formation de tutorat en langues"},"content":{"rendered":"<div class=\"section py-0 static\">\n<section class=\"py-0 wp-block-unilux-blocks-free-section section\"><div class=\"container xl:max-w-screen-xl\"><!-- SecondaryNavigationMirror --><div class=\"js-secondary-nav--sticky wp-block-unilux-blocks-secondary-navigation\" id=\"74ff3cb9-b06f-4c74-b0bc-a552f9dc8dec\">\n    <nav id=\"secondary-navigation\" role=\"navigation\" aria-label=\"Secondary menu\" class=\"secondary-nav\">\n        <button class=\"secondary-nav__button btn btn-solid--primary w-full\" aria-expanded=\"false\" aria-controls=\"secondary-navigation__list\" title=\"The selected page is Formation de tutorat en langues\" type=\"button\">\n            <span class=\"btn__name mr-auto\">Formation de tutorat en langues<\/span>\n            <svg aria-hidden=\"true\" focusable=\"false\" class=\"icon icon-outline icon--xs\">\n                <use xlink:href=\"https:\/\/www.uni.lu\/wp-content\/themes\/unilux-theme\/assets\/images\/icons\/icons-outline.svg#icon--arrow-down\" \/>\n            <\/svg>\n        <\/button>\n\n        <ul id=\"secondary-navigation__list\" class=\"secondary-nav__list\">\n            <li class=\"secondary-nav__item\">\n    <a href=\"https:\/\/www.uni.lu\/fr\/etudes\/centre-de-langues\/\" target=\"\" rel=\"noreferrer noopener\" class=\"secondary-nav__link \">\n        <svg aria-hidden=\"true\" focusable=\"false\" class=\"icon icon-outline icon--xs\">\n            <use xlink:href=\"https:\/\/www.uni.lu\/wp-content\/themes\/unilux-theme\/assets\/images\/icons\/icons-outline.svg#icon--arrow-right\" \/>\n        <\/svg>\n        <span class=\"secondary-nav__name\">Aper\u00e7u<\/span>\n    <\/a>\n<\/li>\n<li class=\"secondary-nav__item\">\n    <a href=\"https:\/\/www.uni.lu\/fr\/etudes\/centre-de-langues\/offre-de-cours\/\" target=\"\" rel=\"noreferrer noopener\" class=\"secondary-nav__link \">\n        <svg aria-hidden=\"true\" focusable=\"false\" class=\"icon icon-outline icon--xs\">\n            <use xlink:href=\"https:\/\/www.uni.lu\/wp-content\/themes\/unilux-theme\/assets\/images\/icons\/icons-outline.svg#icon--arrow-right\" \/>\n        <\/svg>\n        <span class=\"secondary-nav__name\">Offre de cours<\/span>\n    <\/a>\n<\/li>\n<li class=\"secondary-nav__item\">\n    <a href=\"https:\/\/www.uni.lu\/fr\/etudes\/centre-de-langues\/consultations-en-redaction\/\" target=\"\" rel=\"noreferrer noopener\" class=\"secondary-nav__link \">\n        <svg aria-hidden=\"true\" focusable=\"false\" class=\"icon icon-outline icon--xs\">\n            <use xlink:href=\"https:\/\/www.uni.lu\/wp-content\/themes\/unilux-theme\/assets\/images\/icons\/icons-outline.svg#icon--arrow-right\" \/>\n        <\/svg>\n        <span class=\"secondary-nav__name\">Consultations en r\u00e9daction<\/span>\n    <\/a>\n<\/li>\n<li class=\"secondary-nav__item\">\n    <a href=\"https:\/\/www.uni.lu\/fr\/etudes\/centre-de-langues\/formation-de-tutorat\/\" target=\"\" rel=\"noreferrer noopener\" class=\"secondary-nav__link isactived\" aria-current=\"page\">\n        <svg aria-hidden=\"true\" focusable=\"false\" class=\"icon icon-outline icon--xs\">\n            <use xlink:href=\"https:\/\/www.uni.lu\/wp-content\/themes\/unilux-theme\/assets\/images\/icons\/icons-outline.svg#icon--arrow-right\" \/>\n        <\/svg>\n        <span class=\"secondary-nav__name\">Formation de tutorat en langues<\/span>\n    <\/a>\n<\/li>\n<li class=\"secondary-nav__item\">\n    <a href=\"https:\/\/www.uni.lu\/fr\/etudes\/centre-de-langues\/auto-apprentissage\/\" target=\"\" rel=\"noreferrer noopener\" class=\"secondary-nav__link \">\n        <svg aria-hidden=\"true\" focusable=\"false\" class=\"icon icon-outline icon--xs\">\n            <use xlink:href=\"https:\/\/www.uni.lu\/wp-content\/themes\/unilux-theme\/assets\/images\/icons\/icons-outline.svg#icon--arrow-right\" \/>\n        <\/svg>\n        <span class=\"secondary-nav__name\">L\u2019auto-apprentissage<\/span>\n    <\/a>\n<\/li>\n<li class=\"secondary-nav__item\">\n    <a href=\"https:\/\/www.uni.lu\/fr\/etudes\/centre-de-langues\/recherche\/\" target=\"\" rel=\"noreferrer noopener\" class=\"secondary-nav__link \">\n        <svg aria-hidden=\"true\" focusable=\"false\" class=\"icon icon-outline icon--xs\">\n            <use xlink:href=\"https:\/\/www.uni.lu\/wp-content\/themes\/unilux-theme\/assets\/images\/icons\/icons-outline.svg#icon--arrow-right\" \/>\n        <\/svg>\n        <span class=\"secondary-nav__name\">Recherche<\/span>\n    <\/a>\n<\/li>\n<li class=\"secondary-nav__item\">\n    <a href=\"https:\/\/www.uni.lu\/fr\/etudes\/centre-de-langues\/contact\/\" target=\"\" rel=\"noreferrer noopener\" class=\"secondary-nav__link \">\n        <svg aria-hidden=\"true\" focusable=\"false\" class=\"icon icon-outline icon--xs\">\n            <use xlink:href=\"https:\/\/www.uni.lu\/wp-content\/themes\/unilux-theme\/assets\/images\/icons\/icons-outline.svg#icon--arrow-right\" \/>\n        <\/svg>\n        <span class=\"secondary-nav__name\">Contact<\/span>\n    <\/a>\n<\/li>\n        <\/ul>\n    <\/nav>\n<\/div>\n<!-- end SecondaryNavigationMirror --><\/div><\/section>\n\n\n\n<section class=\"wp-block-unilux-blocks-free-section section\"><div class=\"container xl:max-w-screen-xl\">\n<h1 class=\"has-text-align-left wp-block-unilux-blocks-heading\"        id=\"formation-de-tutorat-en-langues\"\n    >\nFormation de tutorat en langues<\/h1>\n\n\n\n<div class=\"wp-block-columns is-layout-flex wp-block-columns-is-layout-flex\">\n<div class=\"wp-block-column is-layout-flow wp-block-column-is-layout-flow\">\n<p>Au <strong>semestre d&rsquo;\u00e9t\u00e9<\/strong>, le Centre de Langues vous propose <strong>une formation de tuteur\u00b7rice pour l&rsquo;apprentissage des langues et la r\u00e9daction<\/strong> en fran\u00e7ais, allemand et anglais. A l&rsquo;issue de cette formation, un certificat du Centre de Langues vous est d\u00e9livr\u00e9 et vous pouvez conseiller vos coll\u00e8gues d\u2019\u00e9tudes dans l\u2019apprentissage des langues et la r\u00e9daction de travaux.<\/p>\n\n\n\n<p>La formation de tuteur\u00b7rice de langues et de r\u00e9daction peut \u00eatre ajout\u00e9e dans les programmes d&rsquo;\u00e9tudes suivants:<\/p>\n\n\n\n<ul class=\"ulux-list\">\n<li class=\"ulux-list-item\">Bachelor en Cultures Europ\u00e9ennes (4 ECTS)<\/li>\n\n\n\n<li class=\"ulux-list-item\">Master in Learning and Communication in Multilingual and Multicultural Contexts (5 ECTS)<\/li>\n\n\n\n<li class=\"ulux-list-item\">Master en Enseignement Secondaire (professionnel) (5 ECTS)<\/li>\n<\/ul>\n<\/div>\n\n\n\n<div class=\"wp-block-column is-layout-flow wp-block-column-is-layout-flow\"><figure class=\"wp-block-dev4-reusable-blocks-image  object-fit--cover\">\n    \n<img decoding=\"async\" class=\"wp-block-image unilux-custom-image-block\"\n                alt=\"Peer tutoring Become a language peer tutor, Devenez un tuteur en langue, werden Sie Sprachtutor oder Sprachtutorin\"\n            src=\"https:\/\/www.uni.lu\/wp-content\/uploads\/sites\/9\/2023\/09\/Peer-tutoring-flyer.png\"\n                    style=\"object-position: 50.00% 50.00%; font-family: &quot;object-fit: cover; object-position: 50.00% 50.00%;&quot;; aspect-ratio: 16\/9; object-fit: cover; width: 100%;\"\n        loading=\"lazy\"\n\/>    <\/figure><\/div>\n<\/div>\n\n\n\n<p><strong>Profil requis:<\/strong><\/p>\n\n\n\n<ul class=\"ulux-list\">\n<li class=\"ulux-list-item\">Tr\u00e8s bonnes connaissances dans la\/les langue(s) pour laquelle \/lesquelles vous d\u00e9sirez faire la formation de tuteur\u00b7rice (max. 2 langues);<\/li>\n\n\n\n<li class=\"ulux-list-item\">Engagement social et volont\u00e9 de soutenir vos camarades d\u2019\u00e9tudes;<\/li>\n\n\n\n<li class=\"ulux-list-item\">Fort int\u00e9r\u00eat pour les langues, la grammaire, le style, la communication interculturelle et les processus d\u2019apprentissage.<\/li>\n<\/ul>\n\n\n\n<div class=\"icon--dark icon--dark-2 icon--lg wp-block-unilux-blocks-icon-picker\">\n    <svg aria-hidden=\"true\" focusable=\"false\" class=\"icon icon-outline icon--idea \"><use xlink:href=\"https:\/\/www.uni.lu\/wp-content\/themes\/unilux-theme\/assets\/images\/icons\/icons-outline.svg#icon--idea\"><\/use><\/svg><\/div>\n\n\n<p><strong>Apr\u00e8s avoir suivi la formation avec succ\u00e8s<\/strong>, vous pouvez postuler pour <strong>un poste de tuteur\u00b7rice<\/strong> au Centre de Langues (contrat d\u2019\u00e9tudiant\u00b7e assistant\u00b7e) en fonction des places disponibles.<\/p>\n<\/div><\/section>\n\n\n\n<section class=\"py-0 wp-block-unilux-blocks-free-section section\"><div class=\"container xl:max-w-screen-xl\">\n<h2 class=\"has-text-align-left wp-block-unilux-blocks-heading\"        id=\"candidature\"\n    >\nCandidature<\/h2>\n\n\n\n<p>Veuillez envoyer les documents suivants <strong>avant le 2 mars 2026<\/strong> :<\/p>\n\n\n\n<ul class=\"ulux-list\">\n<li class=\"ulux-list-item\">un tr\u00e8s bon texte \u00e9crit par vous-m\u00eame dans la\/les langue(s) (max. 2 langues) pour laquelle\/lesquelles vous voulez faire la formation (5 \u00e0 10 pages);<\/li>\n\n\n\n<li class=\"ulux-list-item\">une lettre de motivation.<\/li>\n<\/ul>\n\n\n<div class=\"icon-info-wrapper\">\n    <ul class=\"wp-block-unilux-blocks-icon-info\">\n        <li class=\"wp-block-unilux-blocks-icon-info-item\">\n    \n<div class=\"wp-block-unilux-blocks-wrapper icon-info\">\n<div class=\"icon--primary icon--secondary-2  wp-block-unilux-blocks-icon-picker\">\n    <svg aria-hidden=\"true\" focusable=\"false\" class=\"icon icon-outline icon--email \"><use xlink:href=\"https:\/\/www.uni.lu\/wp-content\/themes\/unilux-theme\/assets\/images\/icons\/icons-outline.svg#icon--email\"><\/use><\/svg><\/div>\n\n\n<p class=\"has-1-125-rem-font-size\"><a href=\"mailto:languagecentre@uni.lu\" target=\"_blank\" rel=\"noreferrer noopener\">languagecentre@uni.lu<\/a><\/p>\n<\/div>\n<\/li>\n    <\/ul>\n<\/div>\n\n\n\n<p>Apr\u00e8s une premi\u00e8re s\u00e9lection sur dossier, les candidat\u00b7e\u00b7s s\u00e9lectionn\u00e9\u00b7e\u00b7s d\u00e9buteront la formation en mars 2026 (voir dates ci-dessous).<\/p>\n<\/div><\/section>\n\n\n\n<section class=\"wp-block-unilux-blocks-free-section section\"><div class=\"container xl:max-w-screen-xl\">\n<h2 class=\"has-text-align-left wp-block-unilux-blocks-heading\"        id=\"la-formation\"\n    >\nLa formation<\/h2>\n\n\n\n<p>La formation est compos\u00e9e de 3 modules (th\u00e9orie, pratique, e-portfolio) et d\u2019un examen final.<\/p>\n\n\n\n<figure class=\"wp-block-table is-style-stripes\"><table><thead><tr><th class=\"has-text-align-left\" data-align=\"left\"><strong>Module<\/strong><\/th><th class=\"has-text-align-center\" data-align=\"center\"><strong>ECTS<\/strong><\/th><th class=\"has-text-align-center\" data-align=\"center\"><strong>Dates 2025-202<\/strong>6<\/th><\/tr><\/thead><tbody><tr><td class=\"has-text-align-left\" data-align=\"left\">Th\u00e9orie<br>24 unit\u00e9s (3 ateliers de 8 unit\u00e9s)<\/td><td class=\"has-text-align-center\" data-align=\"center\">1<\/td><td class=\"has-text-align-center\" data-align=\"center\">Le 10 et 11 mars,<br>le 17 et 18 mars,<br>le 25 mars et 14 avril<br>De 17h30 \u00e0 20h15<br>Campus de Belval<\/td><\/tr><tr><td class=\"has-text-align-left\" data-align=\"left\">Pratique<br>Observation de cours et enseignement<\/td><td class=\"has-text-align-center\" data-align=\"center\">1-2<\/td><td class=\"has-text-align-center\" data-align=\"center\">Au cours du semestre.<\/td><\/tr><tr><td class=\"has-text-align-left\" data-align=\"left\">E-Portfolio<br>R\u00e9flexion, mat\u00e9riel de cours, id\u00e9es<\/td><td class=\"has-text-align-center\" data-align=\"center\">1-2<\/td><td class=\"has-text-align-center\" data-align=\"center\">A remettre \u00e0 la fin du semestre.<\/td><\/tr><tr><td class=\"has-text-align-left\" data-align=\"left\">Pr\u00e9sentation finale<\/td><td class=\"has-text-align-center\" data-align=\"center\"><\/td><td class=\"has-text-align-center\" data-align=\"center\">juin 2026<\/td><\/tr><\/tbody><tfoot><tr><td class=\"has-text-align-left\" data-align=\"left\"><strong>Total ECTS<\/strong><\/td><td class=\"has-text-align-center\" data-align=\"center\"><strong>3-5<\/strong><\/td><td class=\"has-text-align-center\" data-align=\"center\"><\/td><\/tr><\/tfoot><\/table><\/figure>\n\n\n<div class=\"wp-block-unilux-blocks-spacer is-spacer-size-sm\"><\/div>\n\n\n<div class=\"wp-block-unilux-blocks-accordion accordion accordion--theme accordion-standard\" data-reference=\"2644d786-51a9-40d4-9568-5a00502f593c\" data-accordion-type=\"standard\"><div class=\"accordion__item  wp-block-unilux-blocks-accordion-item\">\n    <h3 class=\"accordion__header\"\n        >\n        <button\n            type=\"button\"\n            id=\"accordion-labelledby-bf3eda35-c000-4c03-ac0e-77c59e7674e1\"\n            class=\"accordion__button collapsed\"\n            aria-expanded=\"false\"\n            aria-controls=\"accordion-panel-bf3eda35-c000-4c03-ac0e-77c59e7674e1\"\n            data-bs-toggle=\"collapse\"\n            data-bs-target=\"#accordion-panel-bf3eda35-c000-4c03-ac0e-77c59e7674e1\"\n        >\n            <span class=\"accordion__title\">\n                                Module th\u00e9orique            <\/span>\n\n            <svg aria-hidden=\"true\" focusable=\"false\" class=\"icon icon-outline icon--arrow-down \"><use xlink:href=\"https:\/\/www.uni.lu\/wp-content\/themes\/unilux-theme\/assets\/images\/icons\/icons-outline.svg#icon--arrow-down\"><\/use><\/svg>        <\/button>\n    <\/h3>\n    <div id=\"accordion-panel-bf3eda35-c000-4c03-ac0e-77c59e7674e1\"\n        class=\"accordion__collapse collapse\"\n        aria-labelledby=\"accordion-labelledby-bf3eda35-c000-4c03-ac0e-77c59e7674e1\"\n        data-bs-parent=\"[data-reference=&quot;2644d786-51a9-40d4-9568-5a00502f593c&quot;]\"\n    >\n        <div class=\"accordion__body \">\n            \n<p>Il est divis\u00e9 en 6 parties selon les th\u00e8mes suivants:<\/p>\n\n<ol class=\"ulux-list\">\n<li class=\"ulux-list-item\"><strong>Accompagnement des processus d&rsquo;apprentissage des langues<\/strong><\/li>\n<\/ol>\n\n<p>Les \u00e9tudiant\u00b7e\u00b7s font connaissance des diff\u00e9rentes m\u00e9thodes d&rsquo;aide \u00e0 l&rsquo;apprentissage des langues et ils apprennent comment ils\u00b7elles peuvent soutenir d&rsquo;autres personnes dans cet apprentissage: conseil sur l&rsquo;apprentissage, conduite d&rsquo;un journal d&rsquo;apprentissage et d&rsquo;un e-portfolio, auto-\u00e9valuation, vue d&rsquo;ensemble sur le mat\u00e9riel didactique etc.<\/p>\n\n<p>Dates: le 10 et 11 mars, de 17h30 \u00e0 20h15<\/p>\n\n<ol start=\"2\" class=\"ulux-list\">\n<li class=\"ulux-list-item\"><strong>Ecrire et pr\u00e9senter dans le contexte universitaire<\/strong><\/li>\n<\/ol>\n\n<p>Les \u00e9tudiant\u00b7e\u00b7s d\u00e9couvrent les m\u00e9thodes de conseil de r\u00e9daction et de pr\u00e9sentation et ils\u00b7elles apprennent comment ils\u00b7elles peuvent soutenir les processus de r\u00e9daction et la mise en place de pr\u00e9sentations dans des contextes acad\u00e9miques ou professionnels: construction des connaissances sur les types de textes, travail de soutien r\u00e9dactionnel, accompagnement des processus de r\u00e9daction acad\u00e9mique, \u00e9laboration des programmes de travail, motivation, techniques de pr\u00e9sentation etc.<\/p>\n\n<p>Dates: le 17 et 18 mars, de 17h30 \u00e0 20h15<\/p>\n\n<ol start=\"3\" class=\"ulux-list\">\n<li class=\"ulux-list-item\"><strong>Comp\u00e9tence interculturelle et didactique multilingue<\/strong><\/li>\n<\/ol>\n\n<p>Les \u00e9tudiant\u00b7e\u00b7s d\u00e9couvrent les principes de la communication interculturelle et ils\u00b7elles apprennent comment utiliser ces comp\u00e9tences pour la consultation et le soutien d&rsquo;apprentissage dans un contexte multilingue avec des \u00e9tudiants internationaux.<\/p>\n\n<p>Dates: le 25 mars et 14 avril, de 17h30 \u00e0 20h15<\/p>\n        <\/div>\n    <\/div>\n<\/div>\n\n<div class=\"accordion__item  wp-block-unilux-blocks-accordion-item\">\n    <h3 class=\"accordion__header\"\n        >\n        <button\n            type=\"button\"\n            id=\"accordion-labelledby-e8590ca6-b65c-491b-b5da-ef83ad2f17ea\"\n            class=\"accordion__button collapsed\"\n            aria-expanded=\"false\"\n            aria-controls=\"accordion-panel-e8590ca6-b65c-491b-b5da-ef83ad2f17ea\"\n            data-bs-toggle=\"collapse\"\n            data-bs-target=\"#accordion-panel-e8590ca6-b65c-491b-b5da-ef83ad2f17ea\"\n        >\n            <span class=\"accordion__title\">\n                                Module pratique            <\/span>\n\n            <svg aria-hidden=\"true\" focusable=\"false\" class=\"icon icon-outline icon--arrow-down \"><use xlink:href=\"https:\/\/www.uni.lu\/wp-content\/themes\/unilux-theme\/assets\/images\/icons\/icons-outline.svg#icon--arrow-down\"><\/use><\/svg>        <\/button>\n    <\/h3>\n    <div id=\"accordion-panel-e8590ca6-b65c-491b-b5da-ef83ad2f17ea\"\n        class=\"accordion__collapse collapse\"\n        aria-labelledby=\"accordion-labelledby-e8590ca6-b65c-491b-b5da-ef83ad2f17ea\"\n        data-bs-parent=\"[data-reference=&quot;2644d786-51a9-40d4-9568-5a00502f593c&quot;]\"\n    >\n        <div class=\"accordion__body \">\n            \n<p>Lors du module pratique, les \u00e9tudiant\u00b7e\u00b7s participent activement \u00e0 quelques s\u00e9ances de deux cours du Centre de Langues (cours g\u00e9n\u00e9raux de langues, soutien r\u00e9dactionnel, pr\u00e9sentation, communication interculturelle, cours de conversation). La participation active veut dire qu&rsquo;ils\u00b7elles ne fr\u00e9quentent pas seulement les cours, mais ils\u00b7elles documentent et refl\u00e8tent dans l&rsquo;e-portfolio les observations faites et le processus d&rsquo;apprentissage. De plus, ils\u00b7elles con\u00e7oivent des exercices dont ils\u00b7elles vont pr\u00e9senter une partie eux-m\u00eames, apr\u00e8s l&rsquo;accord d&rsquo;un membre du Centre de Langues, soit dans un cours, soit dans un entretien de consultation sous la supervision d&rsquo;un\u00b7e enseignant\u00b7e.<\/p>\n\n<p>Date: au cours du semestre<\/p>\n        <\/div>\n    <\/div>\n<\/div>\n\n<div class=\"accordion__item  wp-block-unilux-blocks-accordion-item\">\n    <h3 class=\"accordion__header\"\n        >\n        <button\n            type=\"button\"\n            id=\"accordion-labelledby-8a21bbd3-2ecd-4627-ac15-e2fdc64c5108\"\n            class=\"accordion__button collapsed\"\n            aria-expanded=\"false\"\n            aria-controls=\"accordion-panel-8a21bbd3-2ecd-4627-ac15-e2fdc64c5108\"\n            data-bs-toggle=\"collapse\"\n            data-bs-target=\"#accordion-panel-8a21bbd3-2ecd-4627-ac15-e2fdc64c5108\"\n        >\n            <span class=\"accordion__title\">\n                                Module de l&rsquo;e-portfolio            <\/span>\n\n            <svg aria-hidden=\"true\" focusable=\"false\" class=\"icon icon-outline icon--arrow-down \"><use xlink:href=\"https:\/\/www.uni.lu\/wp-content\/themes\/unilux-theme\/assets\/images\/icons\/icons-outline.svg#icon--arrow-down\"><\/use><\/svg>        <\/button>\n    <\/h3>\n    <div id=\"accordion-panel-8a21bbd3-2ecd-4627-ac15-e2fdc64c5108\"\n        class=\"accordion__collapse collapse\"\n        aria-labelledby=\"accordion-labelledby-8a21bbd3-2ecd-4627-ac15-e2fdc64c5108\"\n        data-bs-parent=\"[data-reference=&quot;2644d786-51a9-40d4-9568-5a00502f593c&quot;]\"\n    >\n        <div class=\"accordion__body \">\n            \n<p>Les \u00e9tudiant\u00b7e\u00b7s vont r\u00e9aliser un portfolio sur l&rsquo;int\u00e9gralit\u00e9 de la formation en refl\u00e9tant et documentant leurs propres exp\u00e9riences d&rsquo;apprentissage, en t\u00e9l\u00e9chargeant leurs exercices et en cr\u00e9ant un poster pour la pr\u00e9sentation finale.<\/p>\n\n<p>Date: \u00e0 rendre \u00e0 la fin du semestre<\/p>\n        <\/div>\n    <\/div>\n<\/div>\n\n<div class=\"accordion__item  wp-block-unilux-blocks-accordion-item\">\n    <h3 class=\"accordion__header\"\n        >\n        <button\n            type=\"button\"\n            id=\"accordion-labelledby-e0adde05-0fe3-44f7-8ba7-b4e2f704cd36\"\n            class=\"accordion__button collapsed\"\n            aria-expanded=\"false\"\n            aria-controls=\"accordion-panel-e0adde05-0fe3-44f7-8ba7-b4e2f704cd36\"\n            data-bs-toggle=\"collapse\"\n            data-bs-target=\"#accordion-panel-e0adde05-0fe3-44f7-8ba7-b4e2f704cd36\"\n        >\n            <span class=\"accordion__title\">\n                                L&rsquo;examen final            <\/span>\n\n            <svg aria-hidden=\"true\" focusable=\"false\" class=\"icon icon-outline icon--arrow-down \"><use xlink:href=\"https:\/\/www.uni.lu\/wp-content\/themes\/unilux-theme\/assets\/images\/icons\/icons-outline.svg#icon--arrow-down\"><\/use><\/svg>        <\/button>\n    <\/h3>\n    <div id=\"accordion-panel-e0adde05-0fe3-44f7-8ba7-b4e2f704cd36\"\n        class=\"accordion__collapse collapse\"\n        aria-labelledby=\"accordion-labelledby-e0adde05-0fe3-44f7-8ba7-b4e2f704cd36\"\n        data-bs-parent=\"[data-reference=&quot;2644d786-51a9-40d4-9568-5a00502f593c&quot;]\"\n    >\n        <div class=\"accordion__body \">\n            \n<p>Pour la pr\u00e9sentation finale, la conception d&rsquo;un poster est attendue \u00e0 partir de l&rsquo;e-portfolio. Apr\u00e8s avoir pass\u00e9 avec succ\u00e8s les diff\u00e9rents modules, la pr\u00e9sentation finale et l&rsquo;entretien final, les \u00e9tudiant\u00b7e\u00b7s recevront le certificat de tuteur\u00b7rice en apprentissage des langues et r\u00e9daction.<\/p>\n\n<p>Date: &nbsp;<strong>en juin 2026<\/strong><\/p>\n        <\/div>\n    <\/div>\n<\/div><\/div>\n<\/div><\/section>\n<\/div>","protected":false},"excerpt":{"rendered":"","protected":false},"author":382,"featured_media":0,"parent":3357,"menu_order":0,"comment_status":"closed","ping_status":"closed","template":"","meta":{"featured_image_focal_point":[],"show_featured_caption":false,"ulux_newsletter_groups":"","uluxPostTitle":"Centre de langues","uluxPrePostTitle":"\u00c9tudes","_trash_the_other_posts":false,"_price":"","_stock":"","_tribe_ticket_header":"","_tribe_default_ticket_provider":"","_tribe_ticket_capacity":"0","_ticket_start_date":"","_ticket_end_date":"","_tribe_ticket_show_description":"","_tribe_ticket_show_not_going":false,"_tribe_ticket_use_global_stock":"","_tribe_ticket_global_stock_level":"","_global_stock_mode":"","_global_stock_cap":"","_tribe_rsvp_for_event":"","_tribe_ticket_going_count":"","_tribe_ticket_not_going_count":"","_tribe_tickets_list":"[]","_tribe_ticket_has_attendee_info_fields":false,"footnotes":""},"field-of-interest":[],"organisation":[],"authorship":[208,204,328,382,33],"acf":[],"yoast_head":"<!-- This site is optimized with the Yoast SEO Premium plugin v22.3 (Yoast SEO v22.3) - https:\/\/yoast.com\/wordpress\/plugins\/seo\/ -->\n<title>Formation de tutorat en langues - Universit\u00e9 du Luxembourg<\/title>\n<meta name=\"description\" content=\"le Centre de Langues vous propose une formation de tuteur.rice pour l&#039;apprentissage des langues et la r\u00e9daction.\" \/>\n<meta name=\"robots\" content=\"index, follow, max-snippet:-1, max-image-preview:large, max-video-preview:-1\" \/>\n<link rel=\"canonical\" href=\"https:\/\/www.uni.lu\/fr\/etudes\/centre-de-langues\/formation-de-tutorat\/\" \/>\n<meta property=\"og:locale\" content=\"fr_FR\" \/>\n<meta property=\"og:type\" content=\"article\" \/>\n<meta property=\"og:title\" content=\"Formation de tutorat en langues\" \/>\n<meta property=\"og:description\" content=\"le Centre de Langues vous propose une formation de tuteur.rice pour l&#039;apprentissage des langues et la r\u00e9daction.\" \/>\n<meta property=\"og:url\" content=\"https:\/\/www.uni.lu\/fr\/etudes\/centre-de-langues\/formation-de-tutorat\/\" \/>\n<meta property=\"og:site_name\" content=\"UNI FR\" \/>\n<meta property=\"article:publisher\" content=\"https:\/\/www.facebook.com\/uni.lu\" \/>\n<meta property=\"article:modified_time\" content=\"2026-04-02T06:58:52+00:00\" \/>\n<meta property=\"og:image\" content=\"https:\/\/www.uni.lu\/wp-content\/uploads\/sites\/11\/2026\/03\/03120045\/UNIV_SM-Profile_1600x1600px-scaled.jpg\" \/>\n\t<meta property=\"og:image:width\" content=\"2560\" \/>\n\t<meta property=\"og:image:height\" content=\"2560\" \/>\n\t<meta property=\"og:image:type\" content=\"image\/jpeg\" \/>\n<meta name=\"twitter:card\" content=\"summary_large_image\" \/>\n<meta name=\"twitter:label1\" content=\"Dur\u00e9e de lecture estim\u00e9e\" \/>\n\t<meta name=\"twitter:data1\" content=\"4 minutes\" \/>\n<script type=\"application\/ld+json\" class=\"yoast-schema-graph\">{\"@context\":\"https:\/\/schema.org\",\"@graph\":[{\"@type\":\"WebPage\",\"@id\":\"https:\/\/www.uni.lu\/fr\/etudes\/centre-de-langues\/formation-de-tutorat\/\",\"url\":\"https:\/\/www.uni.lu\/fr\/etudes\/centre-de-langues\/formation-de-tutorat\/\",\"name\":\"Formation de tutorat en langues - Universit\u00e9 du Luxembourg\",\"isPartOf\":{\"@id\":\"https:\/\/www.uni.lu\/fr\/#website\"},\"datePublished\":\"2023-10-12T14:18:00+00:00\",\"dateModified\":\"2026-04-02T06:58:52+00:00\",\"description\":\"le Centre de Langues vous propose une formation de tuteur.rice pour l'apprentissage des langues et la r\u00e9daction.\",\"breadcrumb\":{\"@id\":\"https:\/\/www.uni.lu\/fr\/etudes\/centre-de-langues\/formation-de-tutorat\/#breadcrumb\"},\"inLanguage\":\"fr-FR\",\"potentialAction\":[{\"@type\":\"ReadAction\",\"target\":[\"https:\/\/www.uni.lu\/fr\/etudes\/centre-de-langues\/formation-de-tutorat\/\"]}]},{\"@type\":\"BreadcrumbList\",\"@id\":\"https:\/\/www.uni.lu\/fr\/etudes\/centre-de-langues\/formation-de-tutorat\/#breadcrumb\",\"itemListElement\":[{\"@type\":\"ListItem\",\"position\":1,\"name\":\"Home\",\"item\":\"https:\/\/www.uni.lu\/fr\/\"},{\"@type\":\"ListItem\",\"position\":2,\"name\":\"\u00c9tudes\",\"item\":\"https:\/\/www.uni.lu\/fr\/etudes\/\"},{\"@type\":\"ListItem\",\"position\":3,\"name\":\"Centre de langues\",\"item\":\"https:\/\/www.uni.lu\/fr\/etudes\/centre-de-langues\/\"},{\"@type\":\"ListItem\",\"position\":4,\"name\":\"Formation de tutorat en langues\"}]},{\"@type\":\"WebSite\",\"@id\":\"https:\/\/www.uni.lu\/fr\/#website\",\"url\":\"https:\/\/www.uni.lu\/fr\/\",\"name\":\"Uni.lu\",\"description\":\"Universit\u00e9 du Luxembourg\",\"publisher\":{\"@id\":\"https:\/\/www.uni.lu\/fr\/#organization\"},\"alternateName\":\"Universit\u00e9 du Luxembourg\",\"potentialAction\":[{\"@type\":\"SearchAction\",\"target\":{\"@type\":\"EntryPoint\",\"urlTemplate\":\"https:\/\/www.uni.lu\/fr\/?s={search_term_string}\"},\"query-input\":\"required name=search_term_string\"}],\"inLanguage\":\"fr-FR\"},{\"@type\":\"Organization\",\"@id\":\"https:\/\/www.uni.lu\/fr\/#organization\",\"name\":\"Universit\u00e9 du Luxembourg\",\"alternateName\":\"Uni.lu\",\"url\":\"https:\/\/www.uni.lu\/fr\/\",\"logo\":{\"@type\":\"ImageObject\",\"inLanguage\":\"fr-FR\",\"@id\":\"https:\/\/www.uni.lu\/fr\/#\/schema\/logo\/image\/\",\"url\":\"https:\/\/www.uni.lu\/wp-content\/uploads\/sites\/11\/2026\/03\/03120045\/UNIV_SM-Profile_1600x1600px-scaled.jpg\",\"contentUrl\":\"https:\/\/www.uni.lu\/wp-content\/uploads\/sites\/11\/2026\/03\/03120045\/UNIV_SM-Profile_1600x1600px-scaled.jpg\",\"width\":2560,\"height\":2560,\"caption\":\"Universit\u00e9 du Luxembourg\"},\"image\":\"https:\/\/www.uni.lu\/wp-content\/uploads\/sites\/11\/2026\/04\/24120552\/20200609-Belval-Campus_Henri-Goergen-23.jpg\",\"sameAs\":[\"https:\/\/www.facebook.com\/uni.lu\",\"https:\/\/www.linkedin.com\/school\/university-of-luxembourg\/\",\"https:\/\/www.instagram.com\/uni.lu\",\"https:\/\/www.youtube.com\/@uni_lu\",\"https:\/\/en.wikipedia.org\/wiki\/University_of_Luxembourg\"],\"email\":\"communication@uni.lu\",\"telephone\":\"+352 46 66 44 1\",\"address\":{\"@type\":\"PostalAddress\",\"streetAddress\":\"2, place de l\u2019Universit\u00e9\",\"addressLocality\":\"Esch-sur-Alzette\",\"postalCode\":\"4365\",\"addressCountry\":\"LU\"},\"description\":\"Universit\u00e9 du Luxembourg\"}]}<\/script>\n<!-- \/ Yoast SEO Premium plugin. -->","yoast_head_json":{"title":"Formation de tutorat en langues - Universit\u00e9 du Luxembourg","description":"le Centre de Langues vous propose une formation de tuteur.rice pour l'apprentissage des langues et la r\u00e9daction.","robots":{"index":"index","follow":"follow","max-snippet":"max-snippet:-1","max-image-preview":"max-image-preview:large","max-video-preview":"max-video-preview:-1"},"canonical":"https:\/\/www.uni.lu\/fr\/etudes\/centre-de-langues\/formation-de-tutorat\/","og_locale":"fr_FR","og_type":"article","og_title":"Formation de tutorat en langues","og_description":"le Centre de Langues vous propose une formation de tuteur.rice pour l'apprentissage des langues et la r\u00e9daction.","og_url":"https:\/\/www.uni.lu\/fr\/etudes\/centre-de-langues\/formation-de-tutorat\/","og_site_name":"UNI FR","article_publisher":"https:\/\/www.facebook.com\/uni.lu","article_modified_time":"2026-04-02T06:58:52+00:00","og_image":[{"width":2560,"height":2560,"url":"https:\/\/www.uni.lu\/wp-content\/uploads\/sites\/11\/2026\/03\/03120045\/UNIV_SM-Profile_1600x1600px-scaled.jpg","type":"image\/jpeg"}],"twitter_card":"summary_large_image","twitter_misc":{"Dur\u00e9e de lecture estim\u00e9e":"4 minutes"},"schema":{"@context":"https:\/\/schema.org","@graph":[{"@type":"WebPage","@id":"https:\/\/www.uni.lu\/fr\/etudes\/centre-de-langues\/formation-de-tutorat\/","url":"https:\/\/www.uni.lu\/fr\/etudes\/centre-de-langues\/formation-de-tutorat\/","name":"Formation de tutorat en langues - Universit\u00e9 du Luxembourg","isPartOf":{"@id":"https:\/\/www.uni.lu\/fr\/#website"},"datePublished":"2023-10-12T14:18:00+00:00","dateModified":"2026-04-02T06:58:52+00:00","description":"le Centre de Langues vous propose une formation de tuteur.rice pour l'apprentissage des langues et la r\u00e9daction.","breadcrumb":{"@id":"https:\/\/www.uni.lu\/fr\/etudes\/centre-de-langues\/formation-de-tutorat\/#breadcrumb"},"inLanguage":"fr-FR","potentialAction":[{"@type":"ReadAction","target":["https:\/\/www.uni.lu\/fr\/etudes\/centre-de-langues\/formation-de-tutorat\/"]}]},{"@type":"BreadcrumbList","@id":"https:\/\/www.uni.lu\/fr\/etudes\/centre-de-langues\/formation-de-tutorat\/#breadcrumb","itemListElement":[{"@type":"ListItem","position":1,"name":"Home","item":"https:\/\/www.uni.lu\/fr\/"},{"@type":"ListItem","position":2,"name":"\u00c9tudes","item":"https:\/\/www.uni.lu\/fr\/etudes\/"},{"@type":"ListItem","position":3,"name":"Centre de langues","item":"https:\/\/www.uni.lu\/fr\/etudes\/centre-de-langues\/"},{"@type":"ListItem","position":4,"name":"Formation de tutorat en langues"}]},{"@type":"WebSite","@id":"https:\/\/www.uni.lu\/fr\/#website","url":"https:\/\/www.uni.lu\/fr\/","name":"Uni.lu","description":"Universit\u00e9 du Luxembourg","publisher":{"@id":"https:\/\/www.uni.lu\/fr\/#organization"},"alternateName":"Universit\u00e9 du Luxembourg","potentialAction":[{"@type":"SearchAction","target":{"@type":"EntryPoint","urlTemplate":"https:\/\/www.uni.lu\/fr\/?s={search_term_string}"},"query-input":"required name=search_term_string"}],"inLanguage":"fr-FR"},{"@type":"Organization","@id":"https:\/\/www.uni.lu\/fr\/#organization","name":"Universit\u00e9 du Luxembourg","alternateName":"Uni.lu","url":"https:\/\/www.uni.lu\/fr\/","logo":{"@type":"ImageObject","inLanguage":"fr-FR","@id":"https:\/\/www.uni.lu\/fr\/#\/schema\/logo\/image\/","url":"https:\/\/www.uni.lu\/wp-content\/uploads\/sites\/11\/2026\/03\/03120045\/UNIV_SM-Profile_1600x1600px-scaled.jpg","contentUrl":"https:\/\/www.uni.lu\/wp-content\/uploads\/sites\/11\/2026\/03\/03120045\/UNIV_SM-Profile_1600x1600px-scaled.jpg","width":2560,"height":2560,"caption":"Universit\u00e9 du Luxembourg"},"image":"https:\/\/www.uni.lu\/wp-content\/uploads\/sites\/11\/2026\/04\/24120552\/20200609-Belval-Campus_Henri-Goergen-23.jpg","sameAs":["https:\/\/www.facebook.com\/uni.lu","https:\/\/www.linkedin.com\/school\/university-of-luxembourg\/","https:\/\/www.instagram.com\/uni.lu","https:\/\/www.youtube.com\/@uni_lu","https:\/\/en.wikipedia.org\/wiki\/University_of_Luxembourg"],"email":"communication@uni.lu","telephone":"+352 46 66 44 1","address":{"@type":"PostalAddress","streetAddress":"2, place de l\u2019Universit\u00e9","addressLocality":"Esch-sur-Alzette","postalCode":"4365","addressCountry":"LU"},"description":"Universit\u00e9 du Luxembourg"}]}},"ticketed":false,"_links":{"self":[{"href":"https:\/\/www.uni.lu\/fr\/wp-json\/wp\/v2\/pages\/3365"}],"collection":[{"href":"https:\/\/www.uni.lu\/fr\/wp-json\/wp\/v2\/pages"}],"about":[{"href":"https:\/\/www.uni.lu\/fr\/wp-json\/wp\/v2\/types\/page"}],"author":[{"embeddable":true,"href":"https:\/\/www.uni.lu\/fr\/wp-json\/wp\/v2\/users\/382"}],"replies":[{"embeddable":true,"href":"https:\/\/www.uni.lu\/fr\/wp-json\/wp\/v2\/comments?post=3365"}],"version-history":[{"count":5,"href":"https:\/\/www.uni.lu\/fr\/wp-json\/wp\/v2\/pages\/3365\/revisions"}],"predecessor-version":[{"id":17539,"href":"https:\/\/www.uni.lu\/fr\/wp-json\/wp\/v2\/pages\/3365\/revisions\/17539"}],"up":[{"embeddable":true,"href":"https:\/\/www.uni.lu\/fr\/wp-json\/wp\/v2\/pages\/3357"}],"wp:authorship":[{"embeddable":true,"href":"https:\/\/www.uni.lu\/fr\/wp-json\/wp\/v2\/users\/208"},{"embeddable":true,"href":"https:\/\/www.uni.lu\/fr\/wp-json\/wp\/v2\/users\/204"},{"embeddable":true,"href":"https:\/\/www.uni.lu\/fr\/wp-json\/wp\/v2\/users\/328"},{"embeddable":true,"href":"https:\/\/www.uni.lu\/fr\/wp-json\/wp\/v2\/users\/382"},{"embeddable":true,"href":"https:\/\/www.uni.lu\/fr\/wp-json\/wp\/v2\/users\/33"}],"wp:attachment":[{"href":"https:\/\/www.uni.lu\/fr\/wp-json\/wp\/v2\/media?parent=3365"}],"wp:term":[{"taxonomy":"field-of-interest","embeddable":true,"href":"https:\/\/www.uni.lu\/fr\/wp-json\/wp\/v2\/field-of-interest?post=3365"},{"taxonomy":"organisation","embeddable":true,"href":"https:\/\/www.uni.lu\/fr\/wp-json\/wp\/v2\/organisation?post=3365"}],"curies":[{"name":"wp","href":"https:\/\/api.w.org\/{rel}","templated":true}]}}