{"id":2722,"date":"2023-10-04T09:48:57","date_gmt":"2023-10-04T07:48:57","guid":{"rendered":"https:\/\/www.uni.lu\/fr\/?page_id=2722"},"modified":"2026-01-30T15:45:27","modified_gmt":"2026-01-30T14:45:27","slug":"conseil-universitaire","status":"publish","type":"page","link":"https:\/\/www.uni.lu\/fr\/a-propos\/gouvernance\/conseil-universitaire\/","title":{"rendered":"Conseil universitaire"},"content":{"rendered":"\n<section class=\"py-0 wp-block-unilux-blocks-free-section section\"><div class=\"container xl:max-w-screen-xl\">\n<h1 class=\"has-text-align-left wp-block-unilux-blocks-heading\"        id=\"conseil-universitaire\"\n    >\nConseil universitaire<\/h1>\n\n\n\n<p>Le conseil universitaire assiste le recteur dans l&rsquo;organisation des activit\u00e9s d&rsquo;enseignement et de recherche, d\u00e9cide de l&rsquo;orientation des programmes d&rsquo;\u00e9tudes et \u00e9met des avis sur le r\u00e8glement int\u00e9rieur, la nomination des membres du rectorat, le plan quadriennal, le budget et d&rsquo;autres d\u00e9cisions strat\u00e9giques.<\/p>\n\n\n\n<p>Prof. Dr Georg Mein a \u00e9t\u00e9 \u00e9lu par le conseil universitaire lors de son assembl\u00e9e constitutive du 7 novembre 2023.<\/p>\n<\/div><\/section>\n\n\n\n<section class=\"wp-block-unilux-blocks-free-section section\"><div class=\"container xl:max-w-screen-xl\"><div class=\"py-48 first:pt-0 last:pb-0 wp-block-unilux-blocks-people-list\">\n    \n<h2 class=\"has-text-align-left wp-block-unilux-blocks-heading\"        id=\"president-du-conseil-universitaire\"\n    >\nPr\u00e9sident du conseil universitaire<\/h2>\n<ul class=\"flex flex-wrap -mx-16 wp-block-unilux-blocks-people-item-wrapper\">\n    <li class=\"w-full md:w-1\/2 p-16 wp-block-unilux-blocks-people-item-automated\"><div class=\"ulux-card card-people bg-theme\"><div class=\"list-people bg-theme\">\n    <div class=\"list-people__container\">\n        <div class=\"list-people__visual\">\n            <figure class=\"wp-block-dev4-reusable-blocks-image\">\n                <!-- Template Image Component: default -->\n<img decoding=\"async\" class=\"w-full\" width=\"\" height=\"\" rel=\"\" alt=\"Prof Georg MEIN\" src=\"https:\/\/www.uni.lu\/en\/person-image\/NTAwMDIzNjhfX0dlb3JnIE1FSU4=\" srcset=\"https:\/\/www.uni.lu\/en\/person-image\/NTAwMDIzNjhfX0dlb3JnIE1FSU4=--thumbnail 150w,https:\/\/www.uni.lu\/en\/person-image\/NTAwMDIzNjhfX0dlb3JnIE1FSU4=--medium 300w,https:\/\/www.uni.lu\/en\/person-image\/NTAwMDIzNjhfX0dlb3JnIE1FSU4=--medium_large 768w,https:\/\/www.uni.lu\/en\/person-image\/NTAwMDIzNjhfX0dlb3JnIE1FSU4=--large 1024w,https:\/\/www.uni.lu\/en\/person-image\/NTAwMDIzNjhfX0dlb3JnIE1FSU4=--1536x1536 1536w,https:\/\/www.uni.lu\/en\/person-image\/NTAwMDIzNjhfX0dlb3JnIE1FSU4=--2048x2048 2048w\" loading=\"lazy\" \/><!-- end Image Component -->\n            <\/figure>\n        <\/div>\n        <div class=\"list-people__body\">\n            <h3 class=\"list-people__title\">Prof Georg MEIN<\/h3>\n            <p class=\"list-people__description\">Head of ULIDE, Full professor<\/p>\n            <div class=\"wp-block-unilux-blocks-simple-cta wp-block-unilux-blocks-people-item-automated\">\n    <a\n        href=\"https:\/\/www.uni.lu\/fhse-en\/people\/georg-mein\/\"\n        title=\"Prof Georg MEIN\"\n        class=\"link-text link-text--icon list-people__link link-absolute\"\n        target=\"\"\n    >\n        <span class=\"link-text__body\">\n            <span class=\"link-text__name\">Voir le profil<\/span>\n        <\/span>\n        <svg aria-hidden=\"true\" focusable=\"false\" class=\"icon icon-outline icon--arrow-right \"><use xlink:href=\"https:\/\/www.uni.lu\/wp-content\/themes\/unilux-theme\/assets\/images\/icons\/icons-outline.svg#icon--arrow-right\"><\/use><\/svg>    <\/a>\n<\/div>\n        <\/div>\n    <\/div>\n<\/div>\n<\/div><\/li><\/ul>\n\n<\/div>\n\n\n\n<div class=\"wp-block-unilux-blocks-spacer is-spacer-size-sm\"><\/div>\n\n\n<h3 class=\"has-text-align-left wp-block-unilux-blocks-heading\"        id=\"membres\"\n    >\nMembres<\/h3>\n\n\n\n<p>\u00c0 partir du 1er novembre 2023 et conform\u00e9ment \u00e0 la <a href=\"https:\/\/www.uni.lu\/wp-content\/uploads\/sites\/9\/2023\/11\/Loi-du-27-juin-2018-modifiee-ayant-pour-objet-lorganisation-de-lUniversite-du-Luxembourg.pdf\" target=\"_blank\" rel=\"noreferrer noopener\">Loi du 27 juin 2018<\/a> entr\u00e9e en vigueur le 1er ao\u00fbt 2018, le conseil universitaire est compos\u00e9 de 24 membres tel que suit :<\/p>\n\n\n\n<div class=\"wp-block-unilux-blocks-accordion accordion accordion--theme accordion-standard\" data-reference=\"c922c250-6887-4b78-a3ff-e96e70fee5ea\" data-accordion-type=\"standard\"><div class=\"accordion__item  wp-block-unilux-blocks-accordion-item\">\n    <h3 class=\"accordion__header\"\n                    id=\"membres\"\n        >\n        <button\n            type=\"button\"\n            id=\"accordion-labelledby-34463118-dd14-429d-9432-6909bf06f55f\"\n            class=\"accordion__button collapsed\"\n            aria-expanded=\"false\"\n            aria-controls=\"accordion-panel-34463118-dd14-429d-9432-6909bf06f55f\"\n            data-bs-toggle=\"collapse\"\n            data-bs-target=\"#accordion-panel-34463118-dd14-429d-9432-6909bf06f55f\"\n        >\n            <span class=\"accordion__title\">\n                                Membres            <\/span>\n\n            <svg aria-hidden=\"true\" focusable=\"false\" class=\"icon icon-outline icon--arrow-down \"><use xlink:href=\"https:\/\/www.uni.lu\/wp-content\/themes\/unilux-theme\/assets\/images\/icons\/icons-outline.svg#icon--arrow-down\"><\/use><\/svg>        <\/button>\n    <\/h3>\n    <div id=\"accordion-panel-34463118-dd14-429d-9432-6909bf06f55f\"\n        class=\"accordion__collapse collapse\"\n        aria-labelledby=\"accordion-labelledby-34463118-dd14-429d-9432-6909bf06f55f\"\n        data-bs-parent=\"[data-reference=&quot;c922c250-6887-4b78-a3ff-e96e70fee5ea&quot;]\"\n    >\n        <div class=\"accordion__body \">\n            \n<p><strong>Membres \u00e9lus par les professeurs de la FHSE<\/strong><\/p>\n\n<ul class=\"ulux-list\">\n<li class=\"ulux-list-item\">Georg MEIN, Chair du conseil universitaire<\/li>\n\n\n\n<li class=\"ulux-list-item\">Conchita D&rsquo;AMBROSIO<\/li>\n<\/ul>\n\n<p><strong>Membres \u00e9lus par les enseignants-chercheurs de la FHSE<\/strong><\/p>\n\n<ul class=\"ulux-list\">\n<li class=\"ulux-list-item\">Dominic HARION<\/li>\n\n\n\n<li class=\"ulux-list-item\">Johannes PAUSE<\/li>\n<\/ul>\n\n<p><strong><strong>Membres \u00e9lus par les professeurs de la FDEF<\/strong><\/strong><\/p>\n\n<ul class=\"ulux-list\">\n<li class=\"ulux-list-item\">Nicolas JONARD<\/li>\n\n\n\n<li class=\"ulux-list-item\">Diane PIERRET<\/li>\n<\/ul>\n\n<p><strong><strong>Membres \u00e9lus par les enseignants-chercheurs de la FDEF<\/strong><\/strong><\/p>\n\n<ul class=\"ulux-list\">\n<li class=\"ulux-list-item\">Laura AADE<\/li>\n\n\n\n<li class=\"ulux-list-item\">Imen DEROUICHE<\/li>\n<\/ul>\n\n<p><strong><strong><strong>Membres \u00e9lus par les professeurs de la FSTM<\/strong><\/strong><\/strong><\/p>\n\n<ul class=\"ulux-list\">\n<li class=\"ulux-list-item\">Luis LEIVA<\/li>\n\n\n\n<li class=\"ulux-list-item\">Ludger WIRTZ<\/li>\n<\/ul>\n\n<p><strong><strong>Membres \u00e9lus par les enseignants-chercheurs de la FSTM<\/strong><\/strong><\/p>\n\n<ul class=\"ulux-list\">\n<li class=\"ulux-list-item\">J\u00f6rg BALLER<\/li>\n\n\n\n<li class=\"ulux-list-item\">Elisabeth SCHAFFNER-RECKINGER<\/li>\n<\/ul>\n\n<p><strong>Membres \u00e9lus par les professeurs des centres interdisciplinaires<\/strong><\/p>\n\n<ul class=\"ulux-list\">\n<li class=\"ulux-list-item\">Rapha\u00ebl FRANK (SnT)<\/li>\n\n\n\n<li class=\"ulux-list-item\">Jacques KLEIN (SnT)<\/li>\n<\/ul>\n\n<p><strong>Membres \u00e9lus par les enseignants-chercheurs des centres interdisciplinaires<\/strong><\/p>\n\n<ul class=\"ulux-list\">\n<li class=\"ulux-list-item\">Elena DANESCU (C\u00b2DH)<\/li>\n\n\n\n<li class=\"ulux-list-item\">Cedric LACZNY (LCSB)<\/li>\n<\/ul>\n\n<p><strong>Membres \u00e9lus par le personnel administratif, financier et technique<\/strong><\/p>\n\n<ul class=\"ulux-list\">\n<li class=\"ulux-list-item\">Oliver GLASSL (FSTM)<\/li>\n\n\n\n<li class=\"ulux-list-item\">Adolfo SOMMARRIBAS (FHSE)<\/li>\n<\/ul>\n\n<p><strong>Membres \u00e9lus par la d\u00e9l\u00e9gation des \u00e9tudiants<\/strong><\/p>\n\n<ul class=\"ulux-list\">\n<li class=\"ulux-list-item\">Stefan Vladimir CAPITANESCU (FSTM)<\/li>\n\n\n\n<li class=\"ulux-list-item\">Harsh CHAURASIA (FSTM)<\/li>\n\n\n\n<li class=\"ulux-list-item\">Robert KOSTANDYAN (FDEF)<\/li>\n\n\n\n<li class=\"ulux-list-item\">Karl PIROTTA (FHSE)<\/li>\n\n\n\n<li class=\"ulux-list-item\">Re\u0161ad RAMDEDOVI\u0106 (FHSE)<\/li>\n\n\n\n<li class=\"ulux-list-item\">Alexandra SOME\u015eAN (FHSE)<\/li>\n<\/ul>\n        <\/div>\n    <\/div>\n<\/div>\n\n<div class=\"accordion__item  wp-block-unilux-blocks-accordion-item\">\n    <h3 class=\"accordion__header\"\n                    id=\"participants-sans-droit-de-vote\"\n        >\n        <button\n            type=\"button\"\n            id=\"accordion-labelledby-b07b804b-fbbd-4dad-931a-8f66c4c3288b\"\n            class=\"accordion__button collapsed\"\n            aria-expanded=\"false\"\n            aria-controls=\"accordion-panel-b07b804b-fbbd-4dad-931a-8f66c4c3288b\"\n            data-bs-toggle=\"collapse\"\n            data-bs-target=\"#accordion-panel-b07b804b-fbbd-4dad-931a-8f66c4c3288b\"\n        >\n            <span class=\"accordion__title\">\n                                Participants sans droit de vote            <\/span>\n\n            <svg aria-hidden=\"true\" focusable=\"false\" class=\"icon icon-outline icon--arrow-down \"><use xlink:href=\"https:\/\/www.uni.lu\/wp-content\/themes\/unilux-theme\/assets\/images\/icons\/icons-outline.svg#icon--arrow-down\"><\/use><\/svg>        <\/button>\n    <\/h3>\n    <div id=\"accordion-panel-b07b804b-fbbd-4dad-931a-8f66c4c3288b\"\n        class=\"accordion__collapse collapse\"\n        aria-labelledby=\"accordion-labelledby-b07b804b-fbbd-4dad-931a-8f66c4c3288b\"\n        data-bs-parent=\"[data-reference=&quot;c922c250-6887-4b78-a3ff-e96e70fee5ea&quot;]\"\n    >\n        <div class=\"accordion__body \">\n            \n<ul class=\"ulux-list\">\n<li class=\"ulux-list-item\">Jens Kreisel, recteur<\/li>\n\n\n\n<li class=\"ulux-list-item\">Marie-H\u00e9l\u00e8ne Jobin, vice-rectrice<\/li>\n\n\n\n<li class=\"ulux-list-item\">Philippe Hiligsmann, vice-rectrice<\/li>\n\n\n\n<li class=\"ulux-list-item\">Simone Niclou, vice-rectrice<\/li>\n\n\n\n<li class=\"ulux-list-item\">Marc Grabrowski, directeur administratif et financier<\/li>\n\n\n\n<li class=\"ulux-list-item\">Massimo Malvetti, secr\u00e9taire g\u00e9n\u00e9ral du conseil de gouvernance<\/li>\n\n\n\n<li class=\"ulux-list-item\">Pascal Bouvry, doyen de la FSTM<\/li>\n\n\n\n<li class=\"ulux-list-item\">Katalin Ligeti, doyenne de la FDEF<\/li>\n\n\n\n<li class=\"ulux-list-item\">Robert Harmsen, doyen de la FHSE<\/li>\n\n\n\n<li class=\"ulux-list-item\">Andreas Fickers, directeur du Centre Interdisciplinaire C<sup>2<\/sup>DH<\/li>\n\n\n\n<li class=\"ulux-list-item\">Michael Heneka, directeur du Centre Interdisciplinaire LCSB<\/li>\n\n\n\n<li class=\"ulux-list-item\">Yves le Traon, directeur du Centre Interdisciplinaire SnT<\/li>\n\n\n\n<li class=\"ulux-list-item\">Takis Tridimas, directeur du LCEL<\/li>\n\n\n\n<li class=\"ulux-list-item\">Ralf SEPPELT, directeur du LCSES<\/li>\n\n\n\n<li class=\"ulux-list-item\">J\u00f6rg Gerkrath, membre d\u00e9sign\u00e9 par la d\u00e9l\u00e9gation du personnel<\/li>\n\n\n\n<li class=\"ulux-list-item\">Joanna West, d\u00e9l\u00e9gu\u00e9e aux am\u00e9nagements raisonnables<\/li>\n\n\n\n<li class=\"ulux-list-item\">Skerdilajda Zanaj, d\u00e9l\u00e9gu\u00e9e \u00e0 l&rsquo;\u00e9galit\u00e9 du genre<\/li>\n<\/ul>\n        <\/div>\n    <\/div>\n<\/div><\/div>\n\n\n\n<h4 class=\"has-text-align-left wp-block-unilux-blocks-heading\"        id=\"administration\"\n    >\nAdministration<\/h4>\n\n\n\n<ul class=\"ulux-list\">\n<li class=\"ulux-list-item\">Nathalie Klopfenstein, administratrice<\/li>\n<\/ul>\n<\/div><\/section>\n\n\n\n<section class=\"py-0 wp-block-unilux-blocks-free-section section\"><div class=\"container xl:max-w-screen-xl\">\n<h5 class=\"has-text-align-left wp-block-unilux-blocks-heading\"        id=\"les-acteurs-suivants-appuient-egalement-les-autorites-de-gouvernance-de-luniversite\"\n    >\nLes acteurs suivants appuient \u00e9galement les autorit\u00e9s de gouvernance de l&rsquo;universit\u00e9<\/h5>\n\n\n\n<p>La <a href=\"https:\/\/www.uni.lu\/fr\/a-propos\/gouvernance\/commission-d-egalite-du-genre\/\">d\u00e9l\u00e9gu\u00e9e \u00e0 l\u00e9galit\u00e9 du genre<\/a>, Skerdilajda Zanaj, conseille et appuie le Rectorat en ce qui concerne le d\u00e9veloppement et la mise en oeuvre du plan d&rsquo;action relatif au genre.<\/p>\n\n\n\n<p>La <a href=\"https:\/\/www.uni.lu\/fr\/a-propos\/gouvernance\/commission-des-amenagements-raisonnables\/\">d\u00e9l\u00e9gu\u00e9e aux am\u00e9nagements raisonnables<\/a>, Joanna West, conseille et appuie le Rectorat dans la gestion des am\u00e9nagements raisonnables pour ceux qui ont des besoins \u00e9ducatifs sp\u00e9cifiques.<\/p>\n\n\n\n<p>La <a href=\"https:\/\/www.uni.lu\/fr\/a-propos\/gouvernance\/delegation-des-etudiants\/\">d\u00e9l\u00e9gation des \u00e9tudiants<\/a> a comme mission de repr\u00e9senter les \u00e9tudiants de l\u2019Universit\u00e9 et de d\u00e9fendre et promouvoir leurs int\u00e9r\u00eats li\u00e9s aux questions relatives aux programmes d&rsquo;\u00e9tudes et \u00e0 la gestion de l\u2019Universit\u00e9.<\/p>\n\n\n\n<p>La <a href=\"https:\/\/www.uni.lu\/fr\/a-propos\/gouvernance\/delegation-du-personnel\/\">d\u00e9l\u00e9gation du personnel<\/a> a comme mission g\u00e9n\u00e9rale de prot\u00e9ger et de d\u00e9fendre les int\u00e9r\u00eats du personnel salari\u00e9 de l\u2019Universit\u00e9 en mati\u00e8re de conditions de travail, de s\u00e9curit\u00e9 de l\u2019emploi et de statut social.<\/p>\n\n\n\n<h5 class=\"has-text-align-left wp-block-unilux-blocks-heading\"        id=\"la-recherche-et-la-formation-doctorale-sont-menees-au-sein-de-chacune-des-trois-facultes-et-des-trois-centres-interdisciplinaires\"\n    >\nLa recherche et la formation doctorale sont men\u00e9es au sein de chacune des trois facult\u00e9s et des trois centres interdisciplinaires<\/h5>\n\n\n\n<p>La Facult\u00e9 des sciences, des technologies et de m\u00e9decine (doyen : Pascal Bouvry)<br>La Facult\u00e9 de droit, d&rsquo;\u00e9conomie et de finance (doyenne : Katalin Ligeti)<br>La Facut\u00e9 des sciences humaines, des sciences de l&rsquo;\u00e9ducation et des sciences sociales (doyen : Robert Harmsen)<\/p>\n\n\n\n<p>Interdisciplinary Centre for Security, Reliability and Trust (directeur : Bj\u00f6rn Ottersten)<br>Luxembourg Centre for Systems Biomedicine (directeur : Michael Heneka)<br>Luxembourg Centre for Contemporary and Digital History (directeur : Andreas Fickers)<\/p>\n\n\n\n<p>Les cours aux niveaux bachelor et master, et les programmes de certificat sont r\u00e9alis\u00e9s par nos facult\u00e9s aussi que par le University of Luxembourg Competence Centre (Centre de comp\u00e9tence de l&rsquo;Universit\u00e9 du Luxembourg).<\/p>\n<\/div><\/section>\n","protected":false},"excerpt":{"rendered":"","protected":false},"author":33,"featured_media":0,"parent":2579,"menu_order":5,"comment_status":"closed","ping_status":"closed","template":"","meta":{"featured_image_focal_point":[],"show_featured_caption":false,"ulux_newsletter_groups":"","uluxPostTitle":"","uluxPrePostTitle":"","_trash_the_other_posts":false,"_price":"","_stock":"","_tribe_ticket_header":"","_tribe_default_ticket_provider":"","_tribe_ticket_capacity":"0","_ticket_start_date":"","_ticket_end_date":"","_tribe_ticket_show_description":"","_tribe_ticket_show_not_going":false,"_tribe_ticket_use_global_stock":"","_tribe_ticket_global_stock_level":"","_global_stock_mode":"","_global_stock_cap":"","_tribe_rsvp_for_event":"","_tribe_ticket_going_count":"","_tribe_ticket_not_going_count":"","_tribe_tickets_list":"[]","_tribe_ticket_has_attendee_info_fields":false,"footnotes":""},"field-of-interest":[],"organisation":[],"authorship":[33],"acf":[],"yoast_head":"<!-- This site is optimized with the Yoast SEO Premium plugin v22.3 (Yoast SEO v22.3) - https:\/\/yoast.com\/wordpress\/plugins\/seo\/ -->\n<title>Conseil universitaire - Universit\u00e9 du Luxembourg<\/title>\n<meta name=\"description\" content=\"Le conseil universitaire assiste le recteur dans l&#039;organisation des activit\u00e9s d&#039;enseignement et de recherche de l&#039;Universit\u00e9.\" \/>\n<meta name=\"robots\" content=\"index, follow, max-snippet:-1, max-image-preview:large, max-video-preview:-1\" \/>\n<link rel=\"canonical\" href=\"https:\/\/www.uni.lu\/fr\/a-propos\/gouvernance\/conseil-universitaire\/\" \/>\n<meta property=\"og:locale\" content=\"fr_FR\" \/>\n<meta property=\"og:type\" content=\"article\" \/>\n<meta property=\"og:title\" content=\"Conseil universitaire\" \/>\n<meta property=\"og:description\" content=\"Le conseil universitaire assiste le recteur dans l&#039;organisation des activit\u00e9s d&#039;enseignement et de recherche de l&#039;Universit\u00e9.\" \/>\n<meta property=\"og:url\" content=\"https:\/\/www.uni.lu\/fr\/a-propos\/gouvernance\/conseil-universitaire\/\" \/>\n<meta property=\"og:site_name\" content=\"UNI FR\" \/>\n<meta property=\"article:publisher\" content=\"https:\/\/www.facebook.com\/uni.lu\" \/>\n<meta property=\"article:modified_time\" content=\"2026-01-30T14:45:27+00:00\" \/>\n<meta property=\"og:image\" content=\"https:\/\/www.uni.lu\/wp-content\/uploads\/sites\/11\/2026\/03\/03120045\/UNIV_SM-Profile_1600x1600px-scaled.jpg\" \/>\n\t<meta property=\"og:image:width\" content=\"2560\" \/>\n\t<meta property=\"og:image:height\" content=\"2560\" \/>\n\t<meta property=\"og:image:type\" content=\"image\/jpeg\" \/>\n<meta name=\"twitter:card\" content=\"summary_large_image\" \/>\n<meta name=\"twitter:label1\" content=\"Dur\u00e9e de lecture estim\u00e9e\" \/>\n\t<meta name=\"twitter:data1\" content=\"3 minutes\" \/>\n<script type=\"application\/ld+json\" class=\"yoast-schema-graph\">{\"@context\":\"https:\/\/schema.org\",\"@graph\":[{\"@type\":\"WebPage\",\"@id\":\"https:\/\/www.uni.lu\/fr\/a-propos\/gouvernance\/conseil-universitaire\/\",\"url\":\"https:\/\/www.uni.lu\/fr\/a-propos\/gouvernance\/conseil-universitaire\/\",\"name\":\"Conseil universitaire - Universit\u00e9 du Luxembourg\",\"isPartOf\":{\"@id\":\"https:\/\/www.uni.lu\/fr\/#website\"},\"datePublished\":\"2023-10-04T07:48:57+00:00\",\"dateModified\":\"2026-01-30T14:45:27+00:00\",\"description\":\"Le conseil universitaire assiste le recteur dans l'organisation des activit\u00e9s d'enseignement et de recherche de l'Universit\u00e9.\",\"breadcrumb\":{\"@id\":\"https:\/\/www.uni.lu\/fr\/a-propos\/gouvernance\/conseil-universitaire\/#breadcrumb\"},\"inLanguage\":\"fr-FR\",\"potentialAction\":[{\"@type\":\"ReadAction\",\"target\":[\"https:\/\/www.uni.lu\/fr\/a-propos\/gouvernance\/conseil-universitaire\/\"]}]},{\"@type\":\"BreadcrumbList\",\"@id\":\"https:\/\/www.uni.lu\/fr\/a-propos\/gouvernance\/conseil-universitaire\/#breadcrumb\",\"itemListElement\":[{\"@type\":\"ListItem\",\"position\":1,\"name\":\"Home\",\"item\":\"https:\/\/www.uni.lu\/fr\/\"},{\"@type\":\"ListItem\",\"position\":2,\"name\":\"\u00c0 propos\",\"item\":\"https:\/\/www.uni.lu\/fr\/a-propos\/\"},{\"@type\":\"ListItem\",\"position\":3,\"name\":\"Gouvernance\",\"item\":\"https:\/\/www.uni.lu\/fr\/a-propos\/gouvernance\/\"},{\"@type\":\"ListItem\",\"position\":4,\"name\":\"Conseil universitaire\"}]},{\"@type\":\"WebSite\",\"@id\":\"https:\/\/www.uni.lu\/fr\/#website\",\"url\":\"https:\/\/www.uni.lu\/fr\/\",\"name\":\"Uni.lu\",\"description\":\"Universit\u00e9 du Luxembourg\",\"publisher\":{\"@id\":\"https:\/\/www.uni.lu\/fr\/#organization\"},\"alternateName\":\"Universit\u00e9 du Luxembourg\",\"potentialAction\":[{\"@type\":\"SearchAction\",\"target\":{\"@type\":\"EntryPoint\",\"urlTemplate\":\"https:\/\/www.uni.lu\/fr\/?s={search_term_string}\"},\"query-input\":\"required name=search_term_string\"}],\"inLanguage\":\"fr-FR\"},{\"@type\":\"Organization\",\"@id\":\"https:\/\/www.uni.lu\/fr\/#organization\",\"name\":\"Universit\u00e9 du Luxembourg\",\"alternateName\":\"Uni.lu\",\"url\":\"https:\/\/www.uni.lu\/fr\/\",\"logo\":{\"@type\":\"ImageObject\",\"inLanguage\":\"fr-FR\",\"@id\":\"https:\/\/www.uni.lu\/fr\/#\/schema\/logo\/image\/\",\"url\":\"https:\/\/www.uni.lu\/wp-content\/uploads\/sites\/11\/2026\/03\/03120045\/UNIV_SM-Profile_1600x1600px-scaled.jpg\",\"contentUrl\":\"https:\/\/www.uni.lu\/wp-content\/uploads\/sites\/11\/2026\/03\/03120045\/UNIV_SM-Profile_1600x1600px-scaled.jpg\",\"width\":2560,\"height\":2560,\"caption\":\"Universit\u00e9 du Luxembourg\"},\"image\":\"https:\/\/www.uni.lu\/wp-content\/uploads\/sites\/11\/2026\/04\/24120552\/20200609-Belval-Campus_Henri-Goergen-23.jpg\",\"sameAs\":[\"https:\/\/www.facebook.com\/uni.lu\",\"https:\/\/www.linkedin.com\/school\/university-of-luxembourg\/\",\"https:\/\/www.instagram.com\/uni.lu\",\"https:\/\/www.youtube.com\/@uni_lu\",\"https:\/\/en.wikipedia.org\/wiki\/University_of_Luxembourg\"],\"email\":\"communication@uni.lu\",\"telephone\":\"+352 46 66 44 1\",\"address\":{\"@type\":\"PostalAddress\",\"streetAddress\":\"2, place de l\u2019Universit\u00e9\",\"addressLocality\":\"Esch-sur-Alzette\",\"postalCode\":\"4365\",\"addressCountry\":\"LU\"},\"description\":\"Universit\u00e9 du Luxembourg\"}]}<\/script>\n<!-- \/ Yoast SEO Premium plugin. -->","yoast_head_json":{"title":"Conseil universitaire - Universit\u00e9 du Luxembourg","description":"Le conseil universitaire assiste le recteur dans l'organisation des activit\u00e9s d'enseignement et de recherche de l'Universit\u00e9.","robots":{"index":"index","follow":"follow","max-snippet":"max-snippet:-1","max-image-preview":"max-image-preview:large","max-video-preview":"max-video-preview:-1"},"canonical":"https:\/\/www.uni.lu\/fr\/a-propos\/gouvernance\/conseil-universitaire\/","og_locale":"fr_FR","og_type":"article","og_title":"Conseil universitaire","og_description":"Le conseil universitaire assiste le recteur dans l'organisation des activit\u00e9s d'enseignement et de recherche de l'Universit\u00e9.","og_url":"https:\/\/www.uni.lu\/fr\/a-propos\/gouvernance\/conseil-universitaire\/","og_site_name":"UNI FR","article_publisher":"https:\/\/www.facebook.com\/uni.lu","article_modified_time":"2026-01-30T14:45:27+00:00","og_image":[{"width":2560,"height":2560,"url":"https:\/\/www.uni.lu\/wp-content\/uploads\/sites\/11\/2026\/03\/03120045\/UNIV_SM-Profile_1600x1600px-scaled.jpg","type":"image\/jpeg"}],"twitter_card":"summary_large_image","twitter_misc":{"Dur\u00e9e de lecture estim\u00e9e":"3 minutes"},"schema":{"@context":"https:\/\/schema.org","@graph":[{"@type":"WebPage","@id":"https:\/\/www.uni.lu\/fr\/a-propos\/gouvernance\/conseil-universitaire\/","url":"https:\/\/www.uni.lu\/fr\/a-propos\/gouvernance\/conseil-universitaire\/","name":"Conseil universitaire - Universit\u00e9 du Luxembourg","isPartOf":{"@id":"https:\/\/www.uni.lu\/fr\/#website"},"datePublished":"2023-10-04T07:48:57+00:00","dateModified":"2026-01-30T14:45:27+00:00","description":"Le conseil universitaire assiste le recteur dans l'organisation des activit\u00e9s d'enseignement et de recherche de l'Universit\u00e9.","breadcrumb":{"@id":"https:\/\/www.uni.lu\/fr\/a-propos\/gouvernance\/conseil-universitaire\/#breadcrumb"},"inLanguage":"fr-FR","potentialAction":[{"@type":"ReadAction","target":["https:\/\/www.uni.lu\/fr\/a-propos\/gouvernance\/conseil-universitaire\/"]}]},{"@type":"BreadcrumbList","@id":"https:\/\/www.uni.lu\/fr\/a-propos\/gouvernance\/conseil-universitaire\/#breadcrumb","itemListElement":[{"@type":"ListItem","position":1,"name":"Home","item":"https:\/\/www.uni.lu\/fr\/"},{"@type":"ListItem","position":2,"name":"\u00c0 propos","item":"https:\/\/www.uni.lu\/fr\/a-propos\/"},{"@type":"ListItem","position":3,"name":"Gouvernance","item":"https:\/\/www.uni.lu\/fr\/a-propos\/gouvernance\/"},{"@type":"ListItem","position":4,"name":"Conseil universitaire"}]},{"@type":"WebSite","@id":"https:\/\/www.uni.lu\/fr\/#website","url":"https:\/\/www.uni.lu\/fr\/","name":"Uni.lu","description":"Universit\u00e9 du Luxembourg","publisher":{"@id":"https:\/\/www.uni.lu\/fr\/#organization"},"alternateName":"Universit\u00e9 du Luxembourg","potentialAction":[{"@type":"SearchAction","target":{"@type":"EntryPoint","urlTemplate":"https:\/\/www.uni.lu\/fr\/?s={search_term_string}"},"query-input":"required name=search_term_string"}],"inLanguage":"fr-FR"},{"@type":"Organization","@id":"https:\/\/www.uni.lu\/fr\/#organization","name":"Universit\u00e9 du Luxembourg","alternateName":"Uni.lu","url":"https:\/\/www.uni.lu\/fr\/","logo":{"@type":"ImageObject","inLanguage":"fr-FR","@id":"https:\/\/www.uni.lu\/fr\/#\/schema\/logo\/image\/","url":"https:\/\/www.uni.lu\/wp-content\/uploads\/sites\/11\/2026\/03\/03120045\/UNIV_SM-Profile_1600x1600px-scaled.jpg","contentUrl":"https:\/\/www.uni.lu\/wp-content\/uploads\/sites\/11\/2026\/03\/03120045\/UNIV_SM-Profile_1600x1600px-scaled.jpg","width":2560,"height":2560,"caption":"Universit\u00e9 du Luxembourg"},"image":"https:\/\/www.uni.lu\/wp-content\/uploads\/sites\/11\/2026\/04\/24120552\/20200609-Belval-Campus_Henri-Goergen-23.jpg","sameAs":["https:\/\/www.facebook.com\/uni.lu","https:\/\/www.linkedin.com\/school\/university-of-luxembourg\/","https:\/\/www.instagram.com\/uni.lu","https:\/\/www.youtube.com\/@uni_lu","https:\/\/en.wikipedia.org\/wiki\/University_of_Luxembourg"],"email":"communication@uni.lu","telephone":"+352 46 66 44 1","address":{"@type":"PostalAddress","streetAddress":"2, place de l\u2019Universit\u00e9","addressLocality":"Esch-sur-Alzette","postalCode":"4365","addressCountry":"LU"},"description":"Universit\u00e9 du Luxembourg"}]}},"ticketed":false,"_links":{"self":[{"href":"https:\/\/www.uni.lu\/fr\/wp-json\/wp\/v2\/pages\/2722"}],"collection":[{"href":"https:\/\/www.uni.lu\/fr\/wp-json\/wp\/v2\/pages"}],"about":[{"href":"https:\/\/www.uni.lu\/fr\/wp-json\/wp\/v2\/types\/page"}],"author":[{"embeddable":true,"href":"https:\/\/www.uni.lu\/fr\/wp-json\/wp\/v2\/users\/33"}],"replies":[{"embeddable":true,"href":"https:\/\/www.uni.lu\/fr\/wp-json\/wp\/v2\/comments?post=2722"}],"version-history":[{"count":4,"href":"https:\/\/www.uni.lu\/fr\/wp-json\/wp\/v2\/pages\/2722\/revisions"}],"predecessor-version":[{"id":18119,"href":"https:\/\/www.uni.lu\/fr\/wp-json\/wp\/v2\/pages\/2722\/revisions\/18119"}],"up":[{"embeddable":true,"href":"https:\/\/www.uni.lu\/fr\/wp-json\/wp\/v2\/pages\/2579"}],"wp:authorship":[{"embeddable":true,"href":"https:\/\/www.uni.lu\/fr\/wp-json\/wp\/v2\/users\/33"}],"wp:attachment":[{"href":"https:\/\/www.uni.lu\/fr\/wp-json\/wp\/v2\/media?parent=2722"}],"wp:term":[{"taxonomy":"field-of-interest","embeddable":true,"href":"https:\/\/www.uni.lu\/fr\/wp-json\/wp\/v2\/field-of-interest?post=2722"},{"taxonomy":"organisation","embeddable":true,"href":"https:\/\/www.uni.lu\/fr\/wp-json\/wp\/v2\/organisation?post=2722"}],"curies":[{"name":"wp","href":"https:\/\/api.w.org\/{rel}","templated":true}]}}