{"id":2672,"date":"2023-10-03T11:30:39","date_gmt":"2023-10-03T09:30:39","guid":{"rendered":"https:\/\/www.uni.lu\/fr\/?page_id=2672"},"modified":"2025-05-05T16:08:25","modified_gmt":"2025-05-05T14:08:25","slug":"laudit-interne","status":"publish","type":"page","link":"https:\/\/www.uni.lu\/fr\/a-propos\/gouvernance\/le-conseil-de-gouvernance\/laudit-interne\/","title":{"rendered":"L\u2019audit interne"},"content":{"rendered":"\n<section class=\"wp-block-unilux-blocks-free-section section\"><div class=\"container xl:max-w-screen-xl\">\n<h1 class=\"has-text-align-left wp-block-unilux-blocks-heading\"        id=\"audit-interne\"\n    >\nAudit interne<\/h1>\n\n\n\n<p>L\u2019audit interne fournit <strong>une assurance qualit\u00e9 et des conseils ind\u00e9pendants et objectifs<\/strong>\u202fafin d\u2019\u00e9valuer et d\u2019am\u00e9liorer l\u2019efficacit\u00e9 des processus de gestion des risques, de contr\u00f4le et de gouvernance. Le <strong>plan d\u2019audit<\/strong>\u202fp\u00e9riodique est approuv\u00e9 par le\u202f<a href=\"https:\/\/www.uni.lu\/fr\/a-propos\/gouvernance\/le-conseil-de-gouvernance\/\" target=\"_blank\" rel=\"noreferrer noopener\">Conseil de gouvernance<\/a>, dont rel\u00e8ve l\u2019audit interne.&nbsp;<\/p>\n\n\n\n<h2 class=\"has-text-align-left wp-block-unilux-blocks-heading\"        id=\"mission-et-objectifs\"\n    >\n<strong>Mission et objectifs<\/strong><\/h2>\n\n\n\n<p>\u00ab\u202f[\u2026] l\u2019audit interne est une activit\u00e9 d\u2019assurance et de conseil ind\u00e9pendante et objective, con\u00e7ue pour apporter une valeur ajout\u00e9e et am\u00e9liorer le fonctionnement d\u2019une organisation. [\u2026]\u202f\u00bb (Source\u202f: Institut des auditeurs internes)<\/p>\n\n\n\n<p>L\u2019audit interne aide l\u2019Universit\u00e9 \u00e0 atteindre ses objectifs en lui offrant une approche syst\u00e9matique et rigoureuse pour \u00e9valuer et am\u00e9liorer l\u2019efficacit\u00e9 des processus de gestion des risques, de contr\u00f4le et de gouvernance.<\/p>\n<\/div><\/section>\n\n\n\n<section class=\"py-0 wp-block-unilux-blocks-free-section section\"><div class=\"container xl:max-w-screen-xl\">\n<h2 class=\"has-text-align-left wp-block-unilux-blocks-heading\"        id=\"domaine-dactivite\"\n    >\nDomaine d\u2019activit\u00e9<\/h2>\n\n\n\n<p>Les missions d\u2019audit sont d\u00e9finies dans le plan d\u2019audit p\u00e9riodique, qui est approuv\u00e9 par le Conseil de gouvernance.<\/p>\n\n\n\n<p>Tous les sujets pour lesquels le Conseil de gouvernance prend des d\u00e9cisions peuvent faire l\u2019objet d\u2019un audit. Le large \u00e9ventail de services\u202fde l\u2019audit interne consiste notamment \u00e0\u202f:<\/p>\n\n\n\n<ul class=\"ulux-list\">\n<li class=\"ulux-list-item\">r\u00e9aliser des audits afin de r\u00e9examiner les syst\u00e8mes \u00e9tablis de contr\u00f4le interne\u202f;<\/li>\n\n\n\n<li class=\"ulux-list-item\">v\u00e9rifier le respect des politiques, proc\u00e9dures, lois et r\u00e9glementations\u202f;<\/li>\n\n\n\n<li class=\"ulux-list-item\">\u00e9valuer la fiabilit\u00e9 et l\u2019int\u00e9grit\u00e9 des informations relatives aux finances, \u00e0 la gestion et au fonctionnement\u202f;<\/li>\n\n\n\n<li class=\"ulux-list-item\">\u00e9valuer les moyens de sauvegarder les actifs\u202f;<\/li>\n\n\n\n<li class=\"ulux-list-item\">\u00e9valuer les syst\u00e8mes con\u00e7us pour promouvoir l\u2019utilisation \u00e9conomique et efficace des ressources\u202f;<\/li>\n\n\n\n<li class=\"ulux-list-item\">participer au d\u00e9veloppement des nouveaux produits ou syst\u00e8mes en r\u00e9examinant les projets \u00e0 certaines \u00e9tapes.<\/li>\n<\/ul>\n\n\n\n<p>Des activit\u00e9s ad hoc peuvent \u00eatre men\u00e9es en fonction de la disponibilit\u00e9 des ressources\u202f:<\/p>\n\n\n\n<ul class=\"ulux-list\">\n<li class=\"ulux-list-item\">services de conseil et de consultation en mati\u00e8re de gouvernance, de gestion des risques et de contr\u00f4le\u202f;&nbsp;<\/li>\n\n\n\n<li class=\"ulux-list-item\">consultations aux fins d\u2019audits externes (p.\u202fex. Cour des comptes, audit des comptes annuels, Commission europ\u00e9enne, FNR, etc.).&nbsp;<\/li>\n<\/ul>\n\n\n\n<h2 class=\"has-text-align-left wp-block-unilux-blocks-heading\"        id=\"organisation-et-independance\"\n    >\nOrganisation et ind\u00e9pendance<\/h2>\n\n\n\n<p>Afin de maintenir l\u2019ind\u00e9pendance des activit\u00e9s d\u2019audit interne, l\u2019<strong>audit interne rend compte au Conseil de gouvernance<\/strong>.<\/p>\n\n\n\n<p>Toutes les activit\u00e9s d\u2019audit interne doivent rester libres d\u2019influence de la part de toute personne de l\u2019Universit\u00e9 du Luxembourg, afin que les auditeurs puissent garder un \u00e9tat d\u2019esprit ind\u00e9pendant et objectif. Sont concern\u00e9es les questions touchant \u00e0 la s\u00e9lection de l\u2019audit, au champ d\u2019application, aux proc\u00e9dures, \u00e0 la fr\u00e9quence et au calendrier ainsi qu\u2019au contenu des rapports d\u2019audit.<\/p>\n<\/div><\/section>\n\n\n\n<section class=\"wp-block-unilux-blocks-free-section section\"><div class=\"container xl:max-w-screen-xl\"><div class=\"py-48 first:pt-0 last:pb-0 wp-block-unilux-blocks-people-list\">\n    \n<h2 class=\"has-text-align-left wp-block-unilux-blocks-heading\"        id=\"chef-dequipe-de-laudit-interne\"\n    >\nChef d&rsquo;\u00e9quipe de l&rsquo;audit interne<\/h2>\n<ul class=\"flex flex-wrap -mx-16 wp-block-unilux-blocks-people-item-wrapper\">\n    <li class=\"w-full md:w-1\/2 p-16 wp-block-unilux-blocks-people-item-automated\"><div class=\"ulux-card card-people bg-theme\"><div class=\"list-people bg-theme\">\n    <div class=\"list-people__container\">\n        <div class=\"list-people__visual\">\n            <figure class=\"wp-block-dev4-reusable-blocks-image\">\n                <!-- Template Image Component: default -->\n<img decoding=\"async\" class=\"w-full\" width=\"\" height=\"\" rel=\"\" alt=\"Vinciane LABASSE\" src=\"https:\/\/www.uni.lu\/en\/person-image\/NTAwOTM5ODRfX1ZpbmNpYW5lIExBQkFTU0U=\" srcset=\"https:\/\/www.uni.lu\/en\/person-image\/NTAwOTM5ODRfX1ZpbmNpYW5lIExBQkFTU0U=--thumbnail 150w,https:\/\/www.uni.lu\/en\/person-image\/NTAwOTM5ODRfX1ZpbmNpYW5lIExBQkFTU0U=--medium 300w,https:\/\/www.uni.lu\/en\/person-image\/NTAwOTM5ODRfX1ZpbmNpYW5lIExBQkFTU0U=--medium_large 768w,https:\/\/www.uni.lu\/en\/person-image\/NTAwOTM5ODRfX1ZpbmNpYW5lIExBQkFTU0U=--large 1024w,https:\/\/www.uni.lu\/en\/person-image\/NTAwOTM5ODRfX1ZpbmNpYW5lIExBQkFTU0U=--1536x1536 1536w,https:\/\/www.uni.lu\/en\/person-image\/NTAwOTM5ODRfX1ZpbmNpYW5lIExBQkFTU0U=--2048x2048 2048w\" loading=\"lazy\" \/><!-- end Image Component -->\n            <\/figure>\n        <\/div>\n        <div class=\"list-people__body\">\n            <h3 class=\"list-people__title\">Vinciane LABASSE<\/h3>\n            <p class=\"list-people__description\">Team Leader of Internal Audit team<\/p>\n            <div class=\"wp-block-unilux-blocks-simple-cta wp-block-unilux-blocks-people-item-automated\">\n    <a\n        href=\"https:\/\/www.uni.lu\/en\/people\/vinciane-labasse\/\"\n        title=\"Vinciane LABASSE\"\n        class=\"link-text link-text--icon list-people__link link-absolute\"\n        target=\"\"\n    >\n        <span class=\"link-text__body\">\n            <span class=\"link-text__name\">Voir le profil<\/span>\n        <\/span>\n        <svg aria-hidden=\"true\" focusable=\"false\" class=\"icon icon-outline icon--arrow-right \"><use xlink:href=\"https:\/\/www.uni.lu\/wp-content\/themes\/unilux-theme\/assets\/images\/icons\/icons-outline.svg#icon--arrow-right\"><\/use><\/svg>    <\/a>\n<\/div>\n        <\/div>\n    <\/div>\n<\/div>\n<\/div><\/li><\/ul>\n\n<\/div>\n\n\n\n<div class=\"py-48 first:pt-0 last:pb-0 wp-block-unilux-blocks-people-list\">\n    \n<h2 class=\"has-text-align-left wp-block-unilux-blocks-heading\"        id=\"auditeurs-internes\"\n    >\nAuditeurs internes<\/h2>\n<ul class=\"flex flex-wrap -mx-16 wp-block-unilux-blocks-people-item-wrapper\">\n    <li class=\"w-full md:w-1\/2 p-16 wp-block-unilux-blocks-people-item-automated\"><div class=\"ulux-card card-people bg-theme\"><div class=\"list-people bg-theme\">\n    <div class=\"list-people__container\">\n        <div class=\"list-people__visual\">\n            <figure class=\"wp-block-dev4-reusable-blocks-image\">\n                <!-- Template Image Component: default -->\n<img decoding=\"async\" class=\"w-full\" width=\"\" height=\"\" rel=\"\" alt=\"Tuan Minh NGUYEN\" src=\"https:\/\/www.uni.lu\/en\/person-image\/NTAwNzIyMzVfX1R1YW4gTWluaCBOR1VZRU4=\" srcset=\"https:\/\/www.uni.lu\/en\/person-image\/NTAwNzIyMzVfX1R1YW4gTWluaCBOR1VZRU4=--thumbnail 150w,https:\/\/www.uni.lu\/en\/person-image\/NTAwNzIyMzVfX1R1YW4gTWluaCBOR1VZRU4=--medium 300w,https:\/\/www.uni.lu\/en\/person-image\/NTAwNzIyMzVfX1R1YW4gTWluaCBOR1VZRU4=--medium_large 768w,https:\/\/www.uni.lu\/en\/person-image\/NTAwNzIyMzVfX1R1YW4gTWluaCBOR1VZRU4=--large 1024w,https:\/\/www.uni.lu\/en\/person-image\/NTAwNzIyMzVfX1R1YW4gTWluaCBOR1VZRU4=--1536x1536 1536w,https:\/\/www.uni.lu\/en\/person-image\/NTAwNzIyMzVfX1R1YW4gTWluaCBOR1VZRU4=--2048x2048 2048w\" loading=\"lazy\" \/><!-- end Image Component -->\n            <\/figure>\n        <\/div>\n        <div class=\"list-people__body\">\n            <h3 class=\"list-people__title\">Tuan Minh NGUYEN<\/h3>\n            <p class=\"list-people__description\">Internal Auditor<\/p>\n            <div class=\"wp-block-unilux-blocks-simple-cta wp-block-unilux-blocks-people-item-automated\">\n    <a\n        href=\"https:\/\/www.uni.lu\/en\/people\/tuan-minh-nguyen\/\"\n        title=\"Tuan Minh NGUYEN\"\n        class=\"link-text link-text--icon list-people__link link-absolute\"\n        target=\"\"\n    >\n        <span class=\"link-text__body\">\n            <span class=\"link-text__name\">Voir le profil<\/span>\n        <\/span>\n        <svg aria-hidden=\"true\" focusable=\"false\" class=\"icon icon-outline icon--arrow-right \"><use xlink:href=\"https:\/\/www.uni.lu\/wp-content\/themes\/unilux-theme\/assets\/images\/icons\/icons-outline.svg#icon--arrow-right\"><\/use><\/svg>    <\/a>\n<\/div>\n        <\/div>\n    <\/div>\n<\/div>\n<\/div><\/li><li class=\"w-full md:w-1\/2 p-16 wp-block-unilux-blocks-people-item-automated\"><div class=\"ulux-card card-people bg-theme\"><div class=\"list-people bg-theme\">\n    <div class=\"list-people__container\">\n        <div class=\"list-people__visual\">\n            <figure class=\"wp-block-dev4-reusable-blocks-image\">\n                <!-- Template Image Component: default -->\n<img decoding=\"async\" class=\"w-full\" width=\"\" height=\"\" rel=\"\" alt=\"Abdurahim LASHAB\" src=\"https:\/\/www.uni.lu\/en\/person-image\/NTAwMTgzNjNfX0FiZHVyYWhpbSBMQVNIQUI=\" srcset=\"https:\/\/www.uni.lu\/en\/person-image\/NTAwMTgzNjNfX0FiZHVyYWhpbSBMQVNIQUI=--thumbnail 150w,https:\/\/www.uni.lu\/en\/person-image\/NTAwMTgzNjNfX0FiZHVyYWhpbSBMQVNIQUI=--medium 300w,https:\/\/www.uni.lu\/en\/person-image\/NTAwMTgzNjNfX0FiZHVyYWhpbSBMQVNIQUI=--medium_large 768w,https:\/\/www.uni.lu\/en\/person-image\/NTAwMTgzNjNfX0FiZHVyYWhpbSBMQVNIQUI=--large 1024w,https:\/\/www.uni.lu\/en\/person-image\/NTAwMTgzNjNfX0FiZHVyYWhpbSBMQVNIQUI=--1536x1536 1536w,https:\/\/www.uni.lu\/en\/person-image\/NTAwMTgzNjNfX0FiZHVyYWhpbSBMQVNIQUI=--2048x2048 2048w\" loading=\"lazy\" \/><!-- end Image Component -->\n            <\/figure>\n        <\/div>\n        <div class=\"list-people__body\">\n            <h3 class=\"list-people__title\">Abdurahim LASHAB<\/h3>\n            <p class=\"list-people__description\">Internal Auditor<\/p>\n            <div class=\"wp-block-unilux-blocks-simple-cta wp-block-unilux-blocks-people-item-automated\">\n    <a\n        href=\"https:\/\/www.uni.lu\/en\/people\/abdurahim-lashab\/\"\n        title=\"Abdurahim LASHAB\"\n        class=\"link-text link-text--icon list-people__link link-absolute\"\n        target=\"\"\n    >\n        <span class=\"link-text__body\">\n            <span class=\"link-text__name\">Voir le profil<\/span>\n        <\/span>\n        <svg aria-hidden=\"true\" focusable=\"false\" class=\"icon icon-outline icon--arrow-right \"><use xlink:href=\"https:\/\/www.uni.lu\/wp-content\/themes\/unilux-theme\/assets\/images\/icons\/icons-outline.svg#icon--arrow-right\"><\/use><\/svg>    <\/a>\n<\/div>\n        <\/div>\n    <\/div>\n<\/div>\n<\/div><\/li><\/ul>\n\n<\/div>\n\n<\/div><\/section>\n","protected":false},"excerpt":{"rendered":"","protected":false},"author":33,"featured_media":0,"parent":2581,"menu_order":1,"comment_status":"closed","ping_status":"closed","template":"","meta":{"featured_image_focal_point":[],"show_featured_caption":false,"ulux_newsletter_groups":"","uluxPostTitle":"","uluxPrePostTitle":"","_trash_the_other_posts":false,"_price":"","_stock":"","_tribe_ticket_header":"","_tribe_default_ticket_provider":"","_tribe_ticket_capacity":"0","_ticket_start_date":"","_ticket_end_date":"","_tribe_ticket_show_description":"","_tribe_ticket_show_not_going":false,"_tribe_ticket_use_global_stock":"","_tribe_ticket_global_stock_level":"","_global_stock_mode":"","_global_stock_cap":"","_tribe_rsvp_for_event":"","_tribe_ticket_going_count":"","_tribe_ticket_not_going_count":"","_tribe_tickets_list":"[]","_tribe_ticket_has_attendee_info_fields":false,"footnotes":""},"field-of-interest":[],"organisation":[],"authorship":[33],"acf":[],"yoast_head":"<!-- This site is optimized with the Yoast SEO Premium plugin v22.3 (Yoast SEO v22.3) - https:\/\/yoast.com\/wordpress\/plugins\/seo\/ -->\n<title>L\u2019audit interne - Universit\u00e9 du Luxembourg<\/title>\n<meta name=\"description\" content=\"L\u2019audit interne fournit une assurance qualit\u00e9 et des conseils ind\u00e9pendants\u202fafin d\u2019\u00e9valuer et d\u2019am\u00e9liorer l\u2019efficacit\u00e9 des processus.\" \/>\n<meta name=\"robots\" content=\"index, follow, max-snippet:-1, max-image-preview:large, max-video-preview:-1\" \/>\n<link rel=\"canonical\" href=\"https:\/\/www.uni.lu\/fr\/a-propos\/gouvernance\/le-conseil-de-gouvernance\/laudit-interne\/\" \/>\n<meta property=\"og:locale\" content=\"fr_FR\" \/>\n<meta property=\"og:type\" content=\"article\" \/>\n<meta property=\"og:title\" content=\"L\u2019audit interne\" \/>\n<meta property=\"og:description\" content=\"L\u2019audit interne fournit une assurance qualit\u00e9 et des conseils ind\u00e9pendants\u202fafin d\u2019\u00e9valuer et d\u2019am\u00e9liorer l\u2019efficacit\u00e9 des processus.\" \/>\n<meta property=\"og:url\" content=\"https:\/\/www.uni.lu\/fr\/a-propos\/gouvernance\/le-conseil-de-gouvernance\/laudit-interne\/\" \/>\n<meta property=\"og:site_name\" content=\"UNI FR\" \/>\n<meta property=\"article:publisher\" content=\"https:\/\/www.facebook.com\/uni.lu\" \/>\n<meta property=\"article:modified_time\" content=\"2025-05-05T14:08:25+00:00\" \/>\n<meta property=\"og:image\" content=\"https:\/\/www.uni.lu\/wp-content\/uploads\/sites\/11\/2026\/03\/03120045\/UNIV_SM-Profile_1600x1600px-scaled.jpg\" \/>\n\t<meta property=\"og:image:width\" content=\"2560\" \/>\n\t<meta property=\"og:image:height\" content=\"2560\" \/>\n\t<meta property=\"og:image:type\" content=\"image\/jpeg\" \/>\n<meta name=\"twitter:card\" content=\"summary_large_image\" \/>\n<meta name=\"twitter:label1\" content=\"Dur\u00e9e de lecture estim\u00e9e\" \/>\n\t<meta name=\"twitter:data1\" content=\"2 minutes\" \/>\n<script type=\"application\/ld+json\" class=\"yoast-schema-graph\">{\"@context\":\"https:\/\/schema.org\",\"@graph\":[{\"@type\":\"WebPage\",\"@id\":\"https:\/\/www.uni.lu\/fr\/a-propos\/gouvernance\/le-conseil-de-gouvernance\/laudit-interne\/\",\"url\":\"https:\/\/www.uni.lu\/fr\/a-propos\/gouvernance\/le-conseil-de-gouvernance\/laudit-interne\/\",\"name\":\"L\u2019audit interne - Universit\u00e9 du Luxembourg\",\"isPartOf\":{\"@id\":\"https:\/\/www.uni.lu\/fr\/#website\"},\"datePublished\":\"2023-10-03T09:30:39+00:00\",\"dateModified\":\"2025-05-05T14:08:25+00:00\",\"description\":\"L\u2019audit interne fournit une assurance qualit\u00e9 et des conseils ind\u00e9pendants\u202fafin d\u2019\u00e9valuer et d\u2019am\u00e9liorer l\u2019efficacit\u00e9 des processus.\",\"breadcrumb\":{\"@id\":\"https:\/\/www.uni.lu\/fr\/a-propos\/gouvernance\/le-conseil-de-gouvernance\/laudit-interne\/#breadcrumb\"},\"inLanguage\":\"fr-FR\",\"potentialAction\":[{\"@type\":\"ReadAction\",\"target\":[\"https:\/\/www.uni.lu\/fr\/a-propos\/gouvernance\/le-conseil-de-gouvernance\/laudit-interne\/\"]}]},{\"@type\":\"BreadcrumbList\",\"@id\":\"https:\/\/www.uni.lu\/fr\/a-propos\/gouvernance\/le-conseil-de-gouvernance\/laudit-interne\/#breadcrumb\",\"itemListElement\":[{\"@type\":\"ListItem\",\"position\":1,\"name\":\"Home\",\"item\":\"https:\/\/www.uni.lu\/fr\/\"},{\"@type\":\"ListItem\",\"position\":2,\"name\":\"\u00c0 propos\",\"item\":\"https:\/\/www.uni.lu\/fr\/a-propos\/\"},{\"@type\":\"ListItem\",\"position\":3,\"name\":\"Gouvernance\",\"item\":\"https:\/\/www.uni.lu\/fr\/a-propos\/gouvernance\/\"},{\"@type\":\"ListItem\",\"position\":4,\"name\":\"Le Conseil de gouvernance\",\"item\":\"https:\/\/www.uni.lu\/fr\/a-propos\/gouvernance\/le-conseil-de-gouvernance\/\"},{\"@type\":\"ListItem\",\"position\":5,\"name\":\"L\u2019audit interne\"}]},{\"@type\":\"WebSite\",\"@id\":\"https:\/\/www.uni.lu\/fr\/#website\",\"url\":\"https:\/\/www.uni.lu\/fr\/\",\"name\":\"Uni.lu\",\"description\":\"Universit\u00e9 du Luxembourg\",\"publisher\":{\"@id\":\"https:\/\/www.uni.lu\/fr\/#organization\"},\"alternateName\":\"Universit\u00e9 du Luxembourg\",\"potentialAction\":[{\"@type\":\"SearchAction\",\"target\":{\"@type\":\"EntryPoint\",\"urlTemplate\":\"https:\/\/www.uni.lu\/fr\/?s={search_term_string}\"},\"query-input\":\"required name=search_term_string\"}],\"inLanguage\":\"fr-FR\"},{\"@type\":\"Organization\",\"@id\":\"https:\/\/www.uni.lu\/fr\/#organization\",\"name\":\"Universit\u00e9 du Luxembourg\",\"alternateName\":\"Uni.lu\",\"url\":\"https:\/\/www.uni.lu\/fr\/\",\"logo\":{\"@type\":\"ImageObject\",\"inLanguage\":\"fr-FR\",\"@id\":\"https:\/\/www.uni.lu\/fr\/#\/schema\/logo\/image\/\",\"url\":\"https:\/\/www.uni.lu\/wp-content\/uploads\/sites\/11\/2026\/03\/03120045\/UNIV_SM-Profile_1600x1600px-scaled.jpg\",\"contentUrl\":\"https:\/\/www.uni.lu\/wp-content\/uploads\/sites\/11\/2026\/03\/03120045\/UNIV_SM-Profile_1600x1600px-scaled.jpg\",\"width\":2560,\"height\":2560,\"caption\":\"Universit\u00e9 du Luxembourg\"},\"image\":\"https:\/\/www.uni.lu\/wp-content\/uploads\/sites\/11\/2026\/04\/24120552\/20200609-Belval-Campus_Henri-Goergen-23.jpg\",\"sameAs\":[\"https:\/\/www.facebook.com\/uni.lu\",\"https:\/\/www.linkedin.com\/school\/university-of-luxembourg\/\",\"https:\/\/www.instagram.com\/uni.lu\",\"https:\/\/www.youtube.com\/@uni_lu\",\"https:\/\/en.wikipedia.org\/wiki\/University_of_Luxembourg\"],\"email\":\"communication@uni.lu\",\"telephone\":\"+352 46 66 44 1\",\"address\":{\"@type\":\"PostalAddress\",\"streetAddress\":\"2, place de l\u2019Universit\u00e9\",\"addressLocality\":\"Esch-sur-Alzette\",\"postalCode\":\"4365\",\"addressCountry\":\"LU\"},\"description\":\"Universit\u00e9 du Luxembourg\"}]}<\/script>\n<!-- \/ Yoast SEO Premium plugin. -->","yoast_head_json":{"title":"L\u2019audit interne - Universit\u00e9 du Luxembourg","description":"L\u2019audit interne fournit une assurance qualit\u00e9 et des conseils ind\u00e9pendants\u202fafin d\u2019\u00e9valuer et d\u2019am\u00e9liorer l\u2019efficacit\u00e9 des processus.","robots":{"index":"index","follow":"follow","max-snippet":"max-snippet:-1","max-image-preview":"max-image-preview:large","max-video-preview":"max-video-preview:-1"},"canonical":"https:\/\/www.uni.lu\/fr\/a-propos\/gouvernance\/le-conseil-de-gouvernance\/laudit-interne\/","og_locale":"fr_FR","og_type":"article","og_title":"L\u2019audit interne","og_description":"L\u2019audit interne fournit une assurance qualit\u00e9 et des conseils ind\u00e9pendants\u202fafin d\u2019\u00e9valuer et d\u2019am\u00e9liorer l\u2019efficacit\u00e9 des processus.","og_url":"https:\/\/www.uni.lu\/fr\/a-propos\/gouvernance\/le-conseil-de-gouvernance\/laudit-interne\/","og_site_name":"UNI FR","article_publisher":"https:\/\/www.facebook.com\/uni.lu","article_modified_time":"2025-05-05T14:08:25+00:00","og_image":[{"width":2560,"height":2560,"url":"https:\/\/www.uni.lu\/wp-content\/uploads\/sites\/11\/2026\/03\/03120045\/UNIV_SM-Profile_1600x1600px-scaled.jpg","type":"image\/jpeg"}],"twitter_card":"summary_large_image","twitter_misc":{"Dur\u00e9e de lecture estim\u00e9e":"2 minutes"},"schema":{"@context":"https:\/\/schema.org","@graph":[{"@type":"WebPage","@id":"https:\/\/www.uni.lu\/fr\/a-propos\/gouvernance\/le-conseil-de-gouvernance\/laudit-interne\/","url":"https:\/\/www.uni.lu\/fr\/a-propos\/gouvernance\/le-conseil-de-gouvernance\/laudit-interne\/","name":"L\u2019audit interne - Universit\u00e9 du Luxembourg","isPartOf":{"@id":"https:\/\/www.uni.lu\/fr\/#website"},"datePublished":"2023-10-03T09:30:39+00:00","dateModified":"2025-05-05T14:08:25+00:00","description":"L\u2019audit interne fournit une assurance qualit\u00e9 et des conseils ind\u00e9pendants\u202fafin d\u2019\u00e9valuer et d\u2019am\u00e9liorer l\u2019efficacit\u00e9 des processus.","breadcrumb":{"@id":"https:\/\/www.uni.lu\/fr\/a-propos\/gouvernance\/le-conseil-de-gouvernance\/laudit-interne\/#breadcrumb"},"inLanguage":"fr-FR","potentialAction":[{"@type":"ReadAction","target":["https:\/\/www.uni.lu\/fr\/a-propos\/gouvernance\/le-conseil-de-gouvernance\/laudit-interne\/"]}]},{"@type":"BreadcrumbList","@id":"https:\/\/www.uni.lu\/fr\/a-propos\/gouvernance\/le-conseil-de-gouvernance\/laudit-interne\/#breadcrumb","itemListElement":[{"@type":"ListItem","position":1,"name":"Home","item":"https:\/\/www.uni.lu\/fr\/"},{"@type":"ListItem","position":2,"name":"\u00c0 propos","item":"https:\/\/www.uni.lu\/fr\/a-propos\/"},{"@type":"ListItem","position":3,"name":"Gouvernance","item":"https:\/\/www.uni.lu\/fr\/a-propos\/gouvernance\/"},{"@type":"ListItem","position":4,"name":"Le Conseil de gouvernance","item":"https:\/\/www.uni.lu\/fr\/a-propos\/gouvernance\/le-conseil-de-gouvernance\/"},{"@type":"ListItem","position":5,"name":"L\u2019audit interne"}]},{"@type":"WebSite","@id":"https:\/\/www.uni.lu\/fr\/#website","url":"https:\/\/www.uni.lu\/fr\/","name":"Uni.lu","description":"Universit\u00e9 du Luxembourg","publisher":{"@id":"https:\/\/www.uni.lu\/fr\/#organization"},"alternateName":"Universit\u00e9 du Luxembourg","potentialAction":[{"@type":"SearchAction","target":{"@type":"EntryPoint","urlTemplate":"https:\/\/www.uni.lu\/fr\/?s={search_term_string}"},"query-input":"required name=search_term_string"}],"inLanguage":"fr-FR"},{"@type":"Organization","@id":"https:\/\/www.uni.lu\/fr\/#organization","name":"Universit\u00e9 du Luxembourg","alternateName":"Uni.lu","url":"https:\/\/www.uni.lu\/fr\/","logo":{"@type":"ImageObject","inLanguage":"fr-FR","@id":"https:\/\/www.uni.lu\/fr\/#\/schema\/logo\/image\/","url":"https:\/\/www.uni.lu\/wp-content\/uploads\/sites\/11\/2026\/03\/03120045\/UNIV_SM-Profile_1600x1600px-scaled.jpg","contentUrl":"https:\/\/www.uni.lu\/wp-content\/uploads\/sites\/11\/2026\/03\/03120045\/UNIV_SM-Profile_1600x1600px-scaled.jpg","width":2560,"height":2560,"caption":"Universit\u00e9 du Luxembourg"},"image":"https:\/\/www.uni.lu\/wp-content\/uploads\/sites\/11\/2026\/04\/24120552\/20200609-Belval-Campus_Henri-Goergen-23.jpg","sameAs":["https:\/\/www.facebook.com\/uni.lu","https:\/\/www.linkedin.com\/school\/university-of-luxembourg\/","https:\/\/www.instagram.com\/uni.lu","https:\/\/www.youtube.com\/@uni_lu","https:\/\/en.wikipedia.org\/wiki\/University_of_Luxembourg"],"email":"communication@uni.lu","telephone":"+352 46 66 44 1","address":{"@type":"PostalAddress","streetAddress":"2, place de l\u2019Universit\u00e9","addressLocality":"Esch-sur-Alzette","postalCode":"4365","addressCountry":"LU"},"description":"Universit\u00e9 du Luxembourg"}]}},"ticketed":false,"_links":{"self":[{"href":"https:\/\/www.uni.lu\/fr\/wp-json\/wp\/v2\/pages\/2672"}],"collection":[{"href":"https:\/\/www.uni.lu\/fr\/wp-json\/wp\/v2\/pages"}],"about":[{"href":"https:\/\/www.uni.lu\/fr\/wp-json\/wp\/v2\/types\/page"}],"author":[{"embeddable":true,"href":"https:\/\/www.uni.lu\/fr\/wp-json\/wp\/v2\/users\/33"}],"replies":[{"embeddable":true,"href":"https:\/\/www.uni.lu\/fr\/wp-json\/wp\/v2\/comments?post=2672"}],"version-history":[{"count":5,"href":"https:\/\/www.uni.lu\/fr\/wp-json\/wp\/v2\/pages\/2672\/revisions"}],"predecessor-version":[{"id":15168,"href":"https:\/\/www.uni.lu\/fr\/wp-json\/wp\/v2\/pages\/2672\/revisions\/15168"}],"up":[{"embeddable":true,"href":"https:\/\/www.uni.lu\/fr\/wp-json\/wp\/v2\/pages\/2581"}],"wp:authorship":[{"embeddable":true,"href":"https:\/\/www.uni.lu\/fr\/wp-json\/wp\/v2\/users\/33"}],"wp:attachment":[{"href":"https:\/\/www.uni.lu\/fr\/wp-json\/wp\/v2\/media?parent=2672"}],"wp:term":[{"taxonomy":"field-of-interest","embeddable":true,"href":"https:\/\/www.uni.lu\/fr\/wp-json\/wp\/v2\/field-of-interest?post=2672"},{"taxonomy":"organisation","embeddable":true,"href":"https:\/\/www.uni.lu\/fr\/wp-json\/wp\/v2\/organisation?post=2672"}],"curies":[{"name":"wp","href":"https:\/\/api.w.org\/{rel}","templated":true}]}}