{"id":2667,"date":"2023-10-03T11:14:21","date_gmt":"2023-10-03T09:14:21","guid":{"rendered":"https:\/\/www.uni.lu\/fr\/?page_id=2667"},"modified":"2026-03-25T11:55:32","modified_gmt":"2026-03-25T10:55:32","slug":"reseaux-internationaux","status":"publish","type":"page","link":"https:\/\/www.uni.lu\/fr\/a-propos\/partenaires-et-reseaux-internationaux\/reseaux-internationaux\/","title":{"rendered":"R\u00e9seaux internationaux"},"content":{"rendered":"<div class=\"section py-0 static\">\n<section class=\"py-0 wp-block-unilux-blocks-free-section section\"><div class=\"container xl:max-w-screen-xl\"><!-- SecondaryNavigationMirror --><div class=\"js-secondary-nav--sticky wp-block-unilux-blocks-secondary-navigation\" id=\"92220f94-8d93-4a51-a67b-fa414b576163\">\n    <nav id=\"secondary-navigation\" role=\"navigation\" aria-label=\"Secondary menu\" class=\"secondary-nav\">\n        <button class=\"secondary-nav__button btn btn-solid--primary w-full\" aria-expanded=\"false\" aria-controls=\"secondary-navigation__list\" title=\"The selected page is R\u00e9seaux internationaux\" type=\"button\">\n            <span class=\"btn__name mr-auto\">R\u00e9seaux internationaux<\/span>\n            <svg aria-hidden=\"true\" focusable=\"false\" class=\"icon icon-outline icon--xs\">\n                <use xlink:href=\"https:\/\/www.uni.lu\/wp-content\/themes\/unilux-theme\/assets\/images\/icons\/icons-outline.svg#icon--arrow-down\" \/>\n            <\/svg>\n        <\/button>\n\n        <ul id=\"secondary-navigation__list\" class=\"secondary-nav__list\">\n            <li class=\"secondary-nav__item\">\n    <a href=\"https:\/\/www.uni.lu\/fr\/a-propos\/partenaires-et-reseaux-internationaux\/\" target=\"\" rel=\"noreferrer noopener\" class=\"secondary-nav__link \">\n        <svg aria-hidden=\"true\" focusable=\"false\" class=\"icon icon-outline icon--xs\">\n            <use xlink:href=\"https:\/\/www.uni.lu\/wp-content\/themes\/unilux-theme\/assets\/images\/icons\/icons-outline.svg#icon--arrow-right\" \/>\n        <\/svg>\n        <span class=\"secondary-nav__name\">Aper\u00e7u<\/span>\n    <\/a>\n<\/li>\n<li class=\"secondary-nav__item\">\n    <a href=\"https:\/\/www.uni.lu\/fr\/a-propos\/partenaires-et-reseaux-internationaux\/partenaires-academiques\/\" target=\"\" rel=\"noreferrer noopener\" class=\"secondary-nav__link \">\n        <svg aria-hidden=\"true\" focusable=\"false\" class=\"icon icon-outline icon--xs\">\n            <use xlink:href=\"https:\/\/www.uni.lu\/wp-content\/themes\/unilux-theme\/assets\/images\/icons\/icons-outline.svg#icon--arrow-right\" \/>\n        <\/svg>\n        <span class=\"secondary-nav__name\">Partenaires acad\u00e9miques<\/span>\n    <\/a>\n<\/li>\n<li class=\"secondary-nav__item\">\n    <a href=\"https:\/\/www.uni.lu\/fr\/a-propos\/partenaires-et-reseaux-internationaux\/reseaux-internationaux\/\" target=\"\" rel=\"noreferrer noopener\" class=\"secondary-nav__link isactived\" aria-current=\"page\">\n        <svg aria-hidden=\"true\" focusable=\"false\" class=\"icon icon-outline icon--xs\">\n            <use xlink:href=\"https:\/\/www.uni.lu\/wp-content\/themes\/unilux-theme\/assets\/images\/icons\/icons-outline.svg#icon--arrow-right\" \/>\n        <\/svg>\n        <span class=\"secondary-nav__name\">R\u00e9seaux internationaux<\/span>\n    <\/a>\n<\/li>\n        <\/ul>\n    <\/nav>\n<\/div>\n<!-- end SecondaryNavigationMirror --><\/div><\/section>\n\n\n\n<section class=\"wp-block-unilux-blocks-free-section section\"><div class=\"container xl:max-w-screen-xl\">\n<h1 class=\"has-text-align-left wp-block-unilux-blocks-heading\"        id=\"les-reseaux-internationaux\"\n    >\nLes r\u00e9seaux internationaux<\/h1>\n\n\n<ul class=\"flex flex-wrap mt-24 -mx-16  wp-block-unilux-blocks-free-content-card\">\n    <li class=\"w-full sm:w-1\/2 lg:w-1\/3 px-16  wp-block-unilux-blocks-free-content-card-item\">\n    <div class=\"ulux-card card-spin-offs bg-gray-300\">\n        <div class=\"ulux-card__container card__container\">\n                        <div class=\"ulux-card__visual wp-block-unilux-blocks-free-content-card-item-visual\">\n    \n<div class=\"wp-block-unilux-blocks-image-video-wrapper\">\n    <figure class=\"wp-block-dev4-reusable-blocks-image  object-fit--cover\">\n    \n<img decoding=\"async\" class=\"wp-block-image unilux-custom-image-block\"\n                alt=\"\"\n            src=\"https:\/\/www.uni.lu\/wp-content\/uploads\/sites\/11\/2025\/05\/27091240\/logo-guild-colour-CMYK-3000px.png\"\n                srcset=\"https:\/\/www.uni.lu\/wp-content\/uploads\/sites\/11\/2025\/05\/27091240\/logo-guild-colour-CMYK-3000px-300x191.png 300w, https:\/\/www.uni.lu\/wp-content\/uploads\/sites\/11\/2025\/05\/27091240\/logo-guild-colour-CMYK-3000px-1024x652.png 1024w, https:\/\/www.uni.lu\/wp-content\/uploads\/sites\/11\/2025\/05\/27091240\/logo-guild-colour-CMYK-3000px-768x489.png 768w, https:\/\/www.uni.lu\/wp-content\/uploads\/sites\/11\/2025\/05\/27091240\/logo-guild-colour-CMYK-3000px-1536x977.png 1536w, https:\/\/www.uni.lu\/wp-content\/uploads\/sites\/11\/2025\/05\/27091240\/logo-guild-colour-CMYK-3000px-2048x1303.png 2048w\"\n                style=\"object-position: 50.00% 50.00%; font-family: &quot;object-fit: cover; object-position: 50.00% 50.00%;&quot;; aspect-ratio: 4\/3; object-fit: cover; width: 100%;\"\n        loading=\"lazy\"\n\/>    <\/figure><\/div><\/div><div class=\"ulux-card__body wp-block-unilux-blocks-free-content-card-item-body\">\n    \n<h3 class=\"ulux-card__title has-text-align-left wp-block-unilux-blocks-heading\"        id=\"the-guild\"\n    >\nThe Guild <\/h3>\n<div class=\"ulux-card__description wp-block-unilux-blocks-free-content-card-item-free-content-area\">\n    \n<p>\u201cThe Guild of European Research-Intensive Universities\u201d est un r\u00e9seau tr\u00e8s prestigieux regroupant des universit\u00e9s europ\u00e9ennes tourn\u00e9es vers la recherche.<\/p>\n<\/div><div class=\"wp-block-unilux-blocks-simple-cta\">\n    <a\n        href=\"https:\/\/www.uni.lu\/en\/about\/partners-international-networks\/the-guild\/\"\n        title=\"Learn more\"\n        class=\"link-text link-text--icon ulux-card__link link-text link-absolute\"\n        target=\"\"\n    >\n        <span class=\"link-text__body\">\n            <span class=\"link-text__name\">En savoir plus (EN)<\/span>\n        <\/span>\n        <svg aria-hidden=\"true\" focusable=\"false\" class=\"icon icon-outline icon--arrow-right \"><use xlink:href=\"https:\/\/www.uni.lu\/wp-content\/themes\/unilux-theme\/assets\/images\/icons\/icons-outline.svg#icon--arrow-right\"><\/use><\/svg>    <\/a>\n<\/div>\n<\/div>        <\/div>\n    <\/div>\n<\/li><\/ul>\n\n\n<h2 class=\"has-text-align-left wp-block-unilux-blocks-heading\"        id=\"niveau-europeen\"\n    >\nNiveau europ\u00e9en<\/h2>\n\n\n<ul class=\"flex flex-wrap mt-24 -mx-16  wp-block-unilux-blocks-free-content-card\">\n    <li class=\"w-full sm:w-1\/2 lg:w-1\/3 px-16  wp-block-unilux-blocks-free-content-card-item\">\n    <div class=\"ulux-card card-spin-offs bg-gray-300\">\n        <div class=\"ulux-card__container card__container\">\n                        <div class=\"ulux-card__visual wp-block-unilux-blocks-free-content-card-item-visual\">\n    \n<div class=\"wp-block-unilux-blocks-image-video-wrapper\">\n    <figure class=\"wp-block-dev4-reusable-blocks-image  object-fit--cover\">\n    \n<img decoding=\"async\" class=\"wp-block-image unilux-custom-image-block\"\n                alt=\"UNIVERSEH \u2013 European Space University for Earth and Humanity\"\n            src=\"https:\/\/www.uni.lu\/wp-content\/uploads\/sites\/9\/2023\/07\/Universeh_logo.jpg\"\n                srcset=\"https:\/\/www.uni.lu\/wp-content\/uploads\/sites\/11\/2023\/02\/round_table_gender_biases_in_medicine-300x225.jpg 300w, https:\/\/www.uni.lu\/wp-content\/uploads\/sites\/11\/2023\/02\/round_table_gender_biases_in_medicine-768x576.jpg 768w, https:\/\/www.uni.lu\/wp-content\/uploads\/sites\/11\/2023\/02\/round_table_gender_biases_in_medicine.jpg 800w\"\n                style=\"object-position: 50.00% 50.00%; font-family: &quot;object-fit: cover; object-position: 50.00% 50.00%;&quot;; aspect-ratio: 4\/3; object-fit: cover; width: 100%;\"\n        loading=\"lazy\"\n\/>    <\/figure><\/div><\/div><div class=\"ulux-card__body wp-block-unilux-blocks-free-content-card-item-body\">\n    \n<h3 class=\"ulux-card__title has-text-align-left wp-block-unilux-blocks-heading\"        id=\"universeh-universite-europeenne-de-lespace-pour-la-terre-et-lhumanite\"\n    >\nUNIVERSEH \u2013 Universit\u00e9 europ\u00e9enne de l\u2019espace pour la Terre et l&rsquo;Humanit\u00e9<\/h3>\n<div class=\"ulux-card__description wp-block-unilux-blocks-free-content-card-item-free-content-area\">\n    \n<p><\/p>\n<\/div><div class=\"wp-block-unilux-blocks-simple-cta\">\n    <a\n        href=\"https:\/\/universeh.eu\/\"\n        title=\"Learn more\"\n        class=\"link-text link-text--icon ulux-card__link link-text link-absolute\"\n        target=\"_blank\"\n    >\n        <span class=\"link-text__body\">\n            <span class=\"link-text__name\">Consultez le site web (EN)<\/span>\n        <\/span>\n        <svg aria-hidden=\"true\" focusable=\"false\" class=\"icon icon-outline icon--external-link \"><use xlink:href=\"https:\/\/www.uni.lu\/wp-content\/themes\/unilux-theme\/assets\/images\/icons\/icons-outline.svg#icon--external-link\"><\/use><\/svg>    <\/a>\n<\/div>\n<\/div>        <\/div>\n    <\/div>\n<\/li><li class=\"w-full sm:w-1\/2 lg:w-1\/3 px-16  wp-block-unilux-blocks-free-content-card-item\">\n    <div class=\"ulux-card card-spin-offs bg-gray-300\">\n        <div class=\"ulux-card__container card__container\">\n                        <div class=\"ulux-card__visual wp-block-unilux-blocks-free-content-card-item-visual\">\n    \n<div class=\"wp-block-unilux-blocks-image-video-wrapper\">\n    <figure class=\"wp-block-dev4-reusable-blocks-image  object-fit--cover\">\n    \n<img decoding=\"async\" class=\"wp-block-image unilux-custom-image-block\"\n                alt=\"\"\n            src=\"https:\/\/www.uni.lu\/wp-content\/uploads\/sites\/9\/2023\/09\/logo-eumaster4hpc-800x600px.png\"\n                    style=\"object-position: 50.00% 50.00%; font-family: &quot;object-fit: cover; object-position: 50.00% 50.00%;&quot;; aspect-ratio: 4\/3; object-fit: cover; width: 100%;\"\n        loading=\"lazy\"\n\/>    <\/figure><\/div><\/div><div class=\"ulux-card__body wp-block-unilux-blocks-free-content-card-item-body\">\n    \n<h3 class=\"ulux-card__title has-text-align-left wp-block-unilux-blocks-heading\"        id=\"eumaster4hpc\"\n    >\nEUMaster4HPC<\/h3>\n<div class=\"ulux-card__description wp-block-unilux-blocks-free-content-card-item-free-content-area\">\n    \n<p><\/p>\n<\/div><div class=\"wp-block-unilux-blocks-simple-cta\">\n    <a\n        href=\"https:\/\/eumaster4hpc.uni.lu\/\"\n        title=\"Learn more\"\n        class=\"link-text link-text--icon ulux-card__link link-text link-absolute\"\n        target=\"_blank\"\n    >\n        <span class=\"link-text__body\">\n            <span class=\"link-text__name\">Consultez le site web (EN)<\/span>\n        <\/span>\n        <svg aria-hidden=\"true\" focusable=\"false\" class=\"icon icon-outline icon--external-link \"><use xlink:href=\"https:\/\/www.uni.lu\/wp-content\/themes\/unilux-theme\/assets\/images\/icons\/icons-outline.svg#icon--external-link\"><\/use><\/svg>    <\/a>\n<\/div>\n<\/div>        <\/div>\n    <\/div>\n<\/li><li class=\"w-full sm:w-1\/2 lg:w-1\/3 px-16  wp-block-unilux-blocks-free-content-card-item\">\n    <div class=\"ulux-card card-spin-offs bg-gray-300\">\n        <div class=\"ulux-card__container card__container\">\n                        <div class=\"ulux-card__visual wp-block-unilux-blocks-free-content-card-item-visual\">\n    \n<div class=\"wp-block-unilux-blocks-image-video-wrapper\">\n    <figure class=\"wp-block-dev4-reusable-blocks-image  object-fit--scale-down\">\n    \n<img decoding=\"async\" class=\"wp-block-image unilux-custom-image-block\"\n                alt=\"EURAXESS, logo\"\n            src=\"https:\/\/www.uni.lu\/wp-content\/uploads\/sites\/9\/2023\/07\/euraxess_logo.jpg\"\n                srcset=\"https:\/\/www.uni.lu\/wp-content\/uploads\/sites\/11\/2023\/02\/l_education_aux_medias_l_heure_des_choix-300x225.jpg 300w, https:\/\/www.uni.lu\/wp-content\/uploads\/sites\/11\/2023\/02\/l_education_aux_medias_l_heure_des_choix-768x576.jpg 768w, https:\/\/www.uni.lu\/wp-content\/uploads\/sites\/11\/2023\/02\/l_education_aux_medias_l_heure_des_choix.jpg 800w\"\n                style=\"object-position: 42.00% 46.00%; font-family: &quot;object-fit: scale-down; object-position: 42.00% 46.00%;&quot;; aspect-ratio: 4\/3; object-fit: scale-down; width: 100%;\"\n        loading=\"lazy\"\n\/>    <\/figure><\/div><\/div><div class=\"ulux-card__body wp-block-unilux-blocks-free-content-card-item-body\">\n    \n<h3 class=\"ulux-card__title has-text-align-left wp-block-unilux-blocks-heading\"        id=\"euraxess\"\n    >\nEURAXESS<\/h3>\n<div class=\"ulux-card__description wp-block-unilux-blocks-free-content-card-item-free-content-area\">\n    \n<p><\/p>\n<\/div><div class=\"wp-block-unilux-blocks-simple-cta\">\n    <a\n        href=\"https:\/\/www.euraxess.lu\/\"\n        title=\"Learn more\"\n        class=\"link-text link-text--icon ulux-card__link link-text link-absolute\"\n        target=\"_blank\"\n    >\n        <span class=\"link-text__body\">\n            <span class=\"link-text__name\">Consultez le site web (EN)<\/span>\n        <\/span>\n        <svg aria-hidden=\"true\" focusable=\"false\" class=\"icon icon-outline icon--external-link \"><use xlink:href=\"https:\/\/www.uni.lu\/wp-content\/themes\/unilux-theme\/assets\/images\/icons\/icons-outline.svg#icon--external-link\"><\/use><\/svg>    <\/a>\n<\/div>\n<\/div>        <\/div>\n    <\/div>\n<\/li><li class=\"w-full sm:w-1\/2 lg:w-1\/3 px-16  wp-block-unilux-blocks-free-content-card-item\">\n    <div class=\"ulux-card card-spin-offs bg-gray-300\">\n        <div class=\"ulux-card__container card__container\">\n                        <div class=\"ulux-card__visual wp-block-unilux-blocks-free-content-card-item-visual\">\n    \n<div class=\"wp-block-unilux-blocks-image-video-wrapper\">\n    <figure class=\"wp-block-dev4-reusable-blocks-image  object-fit--cover\">\n    \n<img decoding=\"async\" class=\"wp-block-image unilux-custom-image-block\"\n                alt=\"European Documentation Centre\"\n            src=\"https:\/\/www.uni.lu\/wp-content\/uploads\/sites\/11\/2026\/01\/20154343\/European-Documentation-Centre_EDC_logo-v.png\"\n                srcset=\"https:\/\/www.uni.lu\/wp-content\/uploads\/sites\/11\/2026\/01\/20154343\/European-Documentation-Centre_EDC_logo-v-300x300.png 300w, https:\/\/www.uni.lu\/wp-content\/uploads\/sites\/11\/2026\/01\/20154343\/European-Documentation-Centre_EDC_logo-v-1024x1024.png 1024w, https:\/\/www.uni.lu\/wp-content\/uploads\/sites\/11\/2026\/01\/20154343\/European-Documentation-Centre_EDC_logo-v-150x150.png 150w, https:\/\/www.uni.lu\/wp-content\/uploads\/sites\/11\/2026\/01\/20154343\/European-Documentation-Centre_EDC_logo-v-768x768.png 768w, https:\/\/www.uni.lu\/wp-content\/uploads\/sites\/11\/2026\/01\/20154343\/European-Documentation-Centre_EDC_logo-v.png 1080w\"\n                style=\"object-position: 50.00% 50.00%; font-family: &quot;object-fit: cover; object-position: 50.00% 50.00%;&quot;; aspect-ratio: 4\/3; object-fit: cover; width: 100%;\"\n        loading=\"lazy\"\n\/>    <\/figure><\/div><\/div><div class=\"ulux-card__body wp-block-unilux-blocks-free-content-card-item-body\">\n    \n<h3 class=\"ulux-card__title has-text-align-left wp-block-unilux-blocks-heading\"        id=\"european-documentation-centre-edc-unilu\"\n    >\nEuropean Documentation Centre (EDC-UNILU)<\/h3>\n<div class=\"ulux-card__description wp-block-unilux-blocks-free-content-card-item-free-content-area\">\n    \n<p><\/p>\n<\/div><div class=\"wp-block-unilux-blocks-simple-cta\">\n    <a\n        href=\"https:\/\/www.uni.lu\/en\/about\/partners-international-networks\/international-networks\/european-documentation-centre\/\"\n        title=\"Learn more\"\n        class=\"link-text link-text--icon ulux-card__link link-text link-absolute\"\n        target=\"\"\n    >\n        <span class=\"link-text__body\">\n            <span class=\"link-text__name\">En savoir plus (EN)<\/span>\n        <\/span>\n        <svg aria-hidden=\"true\" focusable=\"false\" class=\"icon icon-outline icon--arrow-right \"><use xlink:href=\"https:\/\/www.uni.lu\/wp-content\/themes\/unilux-theme\/assets\/images\/icons\/icons-outline.svg#icon--arrow-right\"><\/use><\/svg>    <\/a>\n<\/div>\n<\/div>        <\/div>\n    <\/div>\n<\/li><li class=\"w-full sm:w-1\/2 lg:w-1\/3 px-16  wp-block-unilux-blocks-free-content-card-item\">\n    <div class=\"ulux-card card-spin-offs bg-gray-300\">\n        <div class=\"ulux-card__container card__container\">\n                        <div class=\"ulux-card__visual wp-block-unilux-blocks-free-content-card-item-visual\">\n    \n<div class=\"wp-block-unilux-blocks-image-video-wrapper\">\n    <figure class=\"wp-block-dev4-reusable-blocks-image  object-fit--cover\">\n    \n<img decoding=\"async\" class=\"wp-block-image unilux-custom-image-block\"\n                alt=\"Europe Direct University of Luxembourg logo\"\n            src=\"https:\/\/www.uni.lu\/wp-content\/uploads\/sites\/11\/2023\/11\/logo-edunilu-800x600px.png\"\n                srcset=\"https:\/\/www.uni.lu\/wp-content\/uploads\/sites\/11\/2023\/11\/logo-edunilu-800x600px-300x225.png 300w, https:\/\/www.uni.lu\/wp-content\/uploads\/sites\/11\/2023\/11\/logo-edunilu-800x600px-768x576.png 768w, https:\/\/www.uni.lu\/wp-content\/uploads\/sites\/11\/2023\/11\/logo-edunilu-800x600px.png 800w\"\n                style=\"object-position: 50.00% 50.00%; font-family: &quot;object-fit: cover; object-position: 50.00% 50.00%;&quot;; aspect-ratio: 4\/3; object-fit: cover; width: 100%;\"\n        loading=\"lazy\"\n\/>    <\/figure><\/div><\/div><div class=\"ulux-card__body wp-block-unilux-blocks-free-content-card-item-body\">\n    \n<h3 class=\"ulux-card__title has-text-align-left wp-block-unilux-blocks-heading\"        id=\"europe-direct-university-of-luxembourg-ed-unilu\"\n    >\nEurope Direct University of Luxembourg (ED-UNILU)<\/h3>\n<div class=\"ulux-card__description wp-block-unilux-blocks-free-content-card-item-free-content-area\">\n    \n<p><sub>(2021-2025)<\/sub><\/p>\n<\/div><div class=\"wp-block-unilux-blocks-simple-cta\">\n    <a\n        href=\"https:\/\/www.uni.lu\/en\/about\/partners-international-networks\/international-networks\/europe-direct-university-of-luxembourg\/\"\n        title=\"Learn more\"\n        class=\"link-text link-text--icon ulux-card__link link-text link-absolute\"\n        target=\"\"\n    >\n        <span class=\"link-text__body\">\n            <span class=\"link-text__name\">En savoir plus (EN)<\/span>\n        <\/span>\n        <svg aria-hidden=\"true\" focusable=\"false\" class=\"icon icon-outline icon--arrow-right \"><use xlink:href=\"https:\/\/www.uni.lu\/wp-content\/themes\/unilux-theme\/assets\/images\/icons\/icons-outline.svg#icon--arrow-right\"><\/use><\/svg>    <\/a>\n<\/div>\n<\/div>        <\/div>\n    <\/div>\n<\/li><\/ul>\n\n\n<h2 class=\"has-text-align-left wp-block-unilux-blocks-heading\"        id=\"niveau-regional\"\n    >\nNiveau r\u00e9gional<\/h2>\n\n\n<ul class=\"flex flex-wrap mt-24 -mx-16  wp-block-unilux-blocks-free-content-card\">\n    <li class=\"w-full sm:w-1\/2 lg:w-1\/3 px-16  wp-block-unilux-blocks-free-content-card-item\">\n    <div class=\"ulux-card card-spin-offs bg-gray-300\">\n        <div class=\"ulux-card__container card__container\">\n                        <div class=\"ulux-card__visual wp-block-unilux-blocks-free-content-card-item-visual\">\n    \n<div class=\"wp-block-unilux-blocks-image-video-wrapper\">\n    <figure class=\"wp-block-dev4-reusable-blocks-image  object-fit--cover\">\n    \n<img decoding=\"async\" class=\"wp-block-image unilux-custom-image-block\"\n                alt=\"\"\n            src=\"https:\/\/www.uni.lu\/wp-content\/uploads\/sites\/11\/2025\/07\/28072520\/UniGR_Logo.jpg\"\n                srcset=\"https:\/\/www.uni.lu\/wp-content\/uploads\/sites\/11\/2025\/07\/28072520\/UniGR_Logo-300x198.jpg 300w, https:\/\/www.uni.lu\/wp-content\/uploads\/sites\/11\/2025\/07\/28072520\/UniGR_Logo.jpg 730w\"\n                style=\"object-position: 50.00% 50.00%; font-family: &quot;object-fit: cover; object-position: 50.00% 50.00%;&quot;; aspect-ratio: 4\/3; object-fit: cover; width: 100%;\"\n        loading=\"lazy\"\n\/>    <\/figure><\/div><\/div><div class=\"ulux-card__body wp-block-unilux-blocks-free-content-card-item-body\">\n    \n<h3 class=\"ulux-card__title has-text-align-left wp-block-unilux-blocks-heading\"        id=\"universite-de-la-grande-region-unigr\"\n    >\nUniversit\u00e9 de la Grande R\u00e9gion (UniGR)<\/h3>\n<div class=\"ulux-card__description wp-block-unilux-blocks-free-content-card-item-free-content-area\">\n    \n<p><\/p>\n<\/div><div class=\"wp-block-unilux-blocks-simple-cta\">\n    <a\n        href=\"https:\/\/www.uni.lu\/fr\/admissions\/etudiants-invites-a-l-unigr\/\"\n        title=\"Learn more\"\n        class=\"link-text link-text--icon ulux-card__link link-text link-absolute\"\n        target=\"\"\n    >\n        <span class=\"link-text__body\">\n            <span class=\"link-text__name\">En savoir plus<\/span>\n        <\/span>\n        <svg aria-hidden=\"true\" focusable=\"false\" class=\"icon icon-outline icon--arrow-right \"><use xlink:href=\"https:\/\/www.uni.lu\/wp-content\/themes\/unilux-theme\/assets\/images\/icons\/icons-outline.svg#icon--arrow-right\"><\/use><\/svg>    <\/a>\n<\/div>\n<\/div>        <\/div>\n    <\/div>\n<\/li><\/ul>\n\n\n<h2 class=\"has-text-align-left wp-block-unilux-blocks-heading\"        id=\"autres-reseaux\"\n    >\nAutres r\u00e9seaux<\/h2>\n\n\n<ul class=\"flex flex-wrap mt-24 -mx-16  wp-block-unilux-blocks-free-content-card\">\n    <li class=\"w-full sm:w-1\/2 lg:w-1\/3 px-16  wp-block-unilux-blocks-free-content-card-item\">\n    <div class=\"ulux-card card-spin-offs bg-gray-300\">\n        <div class=\"ulux-card__container card__container\">\n                        <div class=\"ulux-card__visual wp-block-unilux-blocks-free-content-card-item-visual\">\n    \n<div class=\"wp-block-unilux-blocks-image-video-wrapper\">\n    <figure class=\"wp-block-dev4-reusable-blocks-image  object-fit--cover\">\n    \n<img decoding=\"async\" class=\"wp-block-image unilux-custom-image-block\"\n                alt=\"Agence Universitaire de la Francophonie, logo\"\n            src=\"https:\/\/www.uni.lu\/wp-content\/uploads\/sites\/9\/2023\/07\/AUF-logo.png\"\n                    style=\"object-position: 50.00% 50.00%; font-family: &quot;object-fit: cover; object-position: 50.00% 50.00%;&quot;; aspect-ratio: 4\/3; object-fit: cover; width: 100%;\"\n        loading=\"lazy\"\n\/>    <\/figure><\/div><\/div><div class=\"ulux-card__body wp-block-unilux-blocks-free-content-card-item-body\">\n    \n<h3 class=\"ulux-card__title has-text-align-left wp-block-unilux-blocks-heading\"        id=\"agence-universitaire-de-la-francophonie-auf\"\n    >\nAgence Universitaire de la Francophonie (AUF)<\/h3>\n<div class=\"ulux-card__description wp-block-unilux-blocks-free-content-card-item-free-content-area\">\n    \n<p><\/p>\n<\/div><div class=\"wp-block-unilux-blocks-simple-cta\">\n    <a\n        href=\"https:\/\/www.auf.org\/\"\n        title=\"Learn more\"\n        class=\"link-text link-text--icon ulux-card__link link-text link-absolute\"\n        target=\"_blank\"\n    >\n        <span class=\"link-text__body\">\n            <span class=\"link-text__name\">Consultez le site web<\/span>\n        <\/span>\n        <svg aria-hidden=\"true\" focusable=\"false\" class=\"icon icon-outline icon--external-link \"><use xlink:href=\"https:\/\/www.uni.lu\/wp-content\/themes\/unilux-theme\/assets\/images\/icons\/icons-outline.svg#icon--external-link\"><\/use><\/svg>    <\/a>\n<\/div>\n<\/div>        <\/div>\n    <\/div>\n<\/li><li class=\"w-full sm:w-1\/2 lg:w-1\/3 px-16  wp-block-unilux-blocks-free-content-card-item\">\n    <div class=\"ulux-card card-spin-offs bg-gray-300\">\n        <div class=\"ulux-card__container card__container\">\n                        <div class=\"ulux-card__visual wp-block-unilux-blocks-free-content-card-item-visual\">\n    \n<div class=\"wp-block-unilux-blocks-image-video-wrapper\">\n    <figure class=\"wp-block-dev4-reusable-blocks-image  object-fit--cover\">\n    \n<img decoding=\"async\" class=\"wp-block-image unilux-custom-image-block\"\n                alt=\"European University Association, logo\"\n            src=\"https:\/\/www.uni.lu\/wp-content\/uploads\/sites\/9\/2023\/07\/European_University_Association_logo.-1.png\"\n                    style=\"object-position: 50.00% 50.00%; font-family: &quot;object-fit: cover; object-position: 50.00% 50.00%;&quot;; aspect-ratio: 4\/3; object-fit: cover; width: 100%;\"\n        loading=\"lazy\"\n\/>    <\/figure><\/div><\/div><div class=\"ulux-card__body wp-block-unilux-blocks-free-content-card-item-body\">\n    \n<h3 class=\"ulux-card__title has-text-align-left wp-block-unilux-blocks-heading\"        id=\"association-europeenne-des-universites-eua\"\n    >\nAssociation europ\u00e9enne des universit\u00e9s (EUA)<\/h3>\n<div class=\"ulux-card__description wp-block-unilux-blocks-free-content-card-item-free-content-area\">\n    \n<p><\/p>\n<\/div><div class=\"wp-block-unilux-blocks-simple-cta\">\n    <a\n        href=\"https:\/\/eua.eu\/\"\n        title=\"Learn more\"\n        class=\"link-text link-text--icon ulux-card__link link-text link-absolute\"\n        target=\"_blank\"\n    >\n        <span class=\"link-text__body\">\n            <span class=\"link-text__name\">Consultez le site web<\/span>\n        <\/span>\n        <svg aria-hidden=\"true\" focusable=\"false\" class=\"icon icon-outline icon--external-link \"><use xlink:href=\"https:\/\/www.uni.lu\/wp-content\/themes\/unilux-theme\/assets\/images\/icons\/icons-outline.svg#icon--external-link\"><\/use><\/svg>    <\/a>\n<\/div>\n<\/div>        <\/div>\n    <\/div>\n<\/li><li class=\"w-full sm:w-1\/2 lg:w-1\/3 px-16  wp-block-unilux-blocks-free-content-card-item\">\n    <div class=\"ulux-card card-spin-offs bg-gray-300\">\n        <div class=\"ulux-card__container card__container\">\n                        <div class=\"ulux-card__visual wp-block-unilux-blocks-free-content-card-item-visual\">\n    \n<div class=\"wp-block-unilux-blocks-image-video-wrapper\">\n    <figure class=\"wp-block-dev4-reusable-blocks-image  object-fit--cover\">\n    \n<img decoding=\"async\" class=\"wp-block-image unilux-custom-image-block\"\n                alt=\"\"\n            src=\"https:\/\/www.uni.lu\/wp-content\/uploads\/sites\/9\/2023\/07\/EUA-Council-for-Doctoral-Education-logo-1.png\"\n                    style=\"object-position: 50.00% 50.00%; font-family: &quot;object-fit: cover; object-position: 50.00% 50.00%;&quot;; aspect-ratio: 4\/3; object-fit: cover; width: 100%;\"\n        loading=\"lazy\"\n\/>    <\/figure><\/div><\/div><div class=\"ulux-card__body wp-block-unilux-blocks-free-content-card-item-body\">\n    \n<h3 class=\"ulux-card__title has-text-align-left wp-block-unilux-blocks-heading\"        id=\"conseil-des-etudes-doctorales-de-leua\"\n    >\nConseil des \u00e9tudes doctorales de l\u2019EUA<\/h3>\n<div class=\"ulux-card__description wp-block-unilux-blocks-free-content-card-item-free-content-area\">\n    \n<p><\/p>\n<\/div><div class=\"wp-block-unilux-blocks-simple-cta\">\n    <a\n        href=\"https:\/\/eua-cde.org\/\"\n        title=\"Learn more\"\n        class=\"link-text link-text--icon ulux-card__link link-text link-absolute\"\n        target=\"_blank\"\n    >\n        <span class=\"link-text__body\">\n            <span class=\"link-text__name\">Consultez le site web<\/span>\n        <\/span>\n        <svg aria-hidden=\"true\" focusable=\"false\" class=\"icon icon-outline icon--external-link \"><use xlink:href=\"https:\/\/www.uni.lu\/wp-content\/themes\/unilux-theme\/assets\/images\/icons\/icons-outline.svg#icon--external-link\"><\/use><\/svg>    <\/a>\n<\/div>\n<\/div>        <\/div>\n    <\/div>\n<\/li><li class=\"w-full sm:w-1\/2 lg:w-1\/3 px-16  wp-block-unilux-blocks-free-content-card-item\">\n    <div class=\"ulux-card card-spin-offs bg-gray-300\">\n        <div class=\"ulux-card__container card__container\">\n                        <div class=\"ulux-card__visual wp-block-unilux-blocks-free-content-card-item-visual\">\n    \n<div class=\"wp-block-unilux-blocks-image-video-wrapper\">\n    <figure class=\"wp-block-dev4-reusable-blocks-image  object-fit--cover\">\n    \n<img decoding=\"async\" class=\"wp-block-image unilux-custom-image-block\"\n                alt=\"EUF Logo\"\n            src=\"https:\/\/www.uni.lu\/wp-content\/uploads\/sites\/9\/2023\/07\/EUF_logo.png\"\n                    style=\"object-position: 39.00% 60.00%; font-family: &quot;object-fit: cover; object-position: 39.00% 60.00%;&quot;; aspect-ratio: 4\/3; object-fit: cover; width: 100%;\"\n        loading=\"lazy\"\n\/>    <\/figure><\/div><\/div><div class=\"ulux-card__body wp-block-unilux-blocks-free-content-card-item-body\">\n    \n<h3 class=\"ulux-card__title has-text-align-left wp-block-unilux-blocks-heading\"        id=\"euf-european-university-foundation\"\n    >\nEUF European University Foundation<\/h3>\n<div class=\"ulux-card__description wp-block-unilux-blocks-free-content-card-item-free-content-area\">\n    \n<p>La Fondation europ\u00e9enne de l&rsquo;universit\u00e9 vise \u00e0 acc\u00e9l\u00e9rer la modernisation de l&rsquo;espace europ\u00e9en de l&rsquo;enseignement sup\u00e9rieur. La Fondation concentre son action sur cinq piliers et d\u00e9fend la diversit\u00e9 et l&rsquo;\u00e9quit\u00e9 sociale dans l&rsquo;enseignement sup\u00e9rieur.<\/p>\n<\/div><div class=\"wp-block-unilux-blocks-simple-cta\">\n    <a\n        href=\"https:\/\/uni-foundation.eu\/\"\n        title=\"Learn more\"\n        class=\"link-text link-text--icon ulux-card__link link-text link-absolute\"\n        target=\"_blank\"\n    >\n        <span class=\"link-text__body\">\n            <span class=\"link-text__name\">Consultez le site web<\/span>\n        <\/span>\n        <svg aria-hidden=\"true\" focusable=\"false\" class=\"icon icon-outline icon--external-link \"><use xlink:href=\"https:\/\/www.uni.lu\/wp-content\/themes\/unilux-theme\/assets\/images\/icons\/icons-outline.svg#icon--external-link\"><\/use><\/svg>    <\/a>\n<\/div>\n<\/div>        <\/div>\n    <\/div>\n<\/li><li class=\"w-full sm:w-1\/2 lg:w-1\/3 px-16  wp-block-unilux-blocks-free-content-card-item\">\n    <div class=\"ulux-card card-spin-offs bg-gray-300\">\n        <div class=\"ulux-card__container card__container\">\n                        <div class=\"ulux-card__visual wp-block-unilux-blocks-free-content-card-item-visual\">\n    \n<div class=\"wp-block-unilux-blocks-image-video-wrapper\">\n    <figure class=\"wp-block-dev4-reusable-blocks-image  object-fit--cover\">\n    \n<img decoding=\"async\" class=\"wp-block-image unilux-custom-image-block\"\n                alt=\"The Europaeum, logo\"\n            src=\"https:\/\/www.uni.lu\/wp-content\/uploads\/sites\/9\/2023\/07\/The-Europaeum-logo.png\"\n                    style=\"object-position: 50.00% 50.00%; font-family: &quot;object-fit: cover; object-position: 50.00% 50.00%;&quot;; aspect-ratio: 4\/3; object-fit: cover; width: 100%;\"\n        loading=\"lazy\"\n\/>    <\/figure><\/div><\/div><div class=\"ulux-card__body wp-block-unilux-blocks-free-content-card-item-body\">\n    \n<h3 class=\"ulux-card__title has-text-align-left wp-block-unilux-blocks-heading\"        id=\"the-europaeum\"\n    >\nThe Europaeum<\/h3>\n<div class=\"ulux-card__description wp-block-unilux-blocks-free-content-card-item-free-content-area\">\n    \n<p><\/p>\n<\/div><div class=\"wp-block-unilux-blocks-simple-cta\">\n    <a\n        href=\"https:\/\/europaeum.org\/\"\n        title=\"Learn more\"\n        class=\"link-text link-text--icon ulux-card__link link-text link-absolute\"\n        target=\"_blank\"\n    >\n        <span class=\"link-text__body\">\n            <span class=\"link-text__name\">Consultez le site web<\/span>\n        <\/span>\n        <svg aria-hidden=\"true\" focusable=\"false\" class=\"icon icon-outline icon--external-link \"><use xlink:href=\"https:\/\/www.uni.lu\/wp-content\/themes\/unilux-theme\/assets\/images\/icons\/icons-outline.svg#icon--external-link\"><\/use><\/svg>    <\/a>\n<\/div>\n<\/div>        <\/div>\n    <\/div>\n<\/li><li class=\"w-full sm:w-1\/2 lg:w-1\/3 px-16  wp-block-unilux-blocks-free-content-card-item\">\n    <div class=\"ulux-card card-spin-offs bg-gray-300\">\n        <div class=\"ulux-card__container card__container\">\n                        <div class=\"ulux-card__visual wp-block-unilux-blocks-free-content-card-item-visual\">\n    \n<div class=\"wp-block-unilux-blocks-image-video-wrapper\">\n    <figure class=\"wp-block-dev4-reusable-blocks-image  object-fit--cover\">\n    \n<img decoding=\"async\" class=\"wp-block-image unilux-custom-image-block\"\n                alt=\"University Network of the European Capitals of Culture (UNECC)\"\n            src=\"https:\/\/www.uni.lu\/wp-content\/uploads\/sites\/9\/2023\/07\/uneecc_logo.png\"\n                srcset=\"https:\/\/www.uni.lu\/wp-content\/uploads\/sites\/11\/2024\/01\/utopies_contemporaines_en_information_documentation-203x300.jpg 203w, https:\/\/www.uni.lu\/wp-content\/uploads\/sites\/11\/2024\/01\/utopies_contemporaines_en_information_documentation.jpg 263w\"\n                style=\"object-position: 50.00% 50.00%; font-family: &quot;object-fit: cover; object-position: 50.00% 50.00%;&quot;; aspect-ratio: 4\/3; object-fit: cover; width: 100%;\"\n        loading=\"lazy\"\n\/>    <\/figure><\/div><\/div><div class=\"ulux-card__body wp-block-unilux-blocks-free-content-card-item-body\">\n    \n<h3 class=\"ulux-card__title has-text-align-left wp-block-unilux-blocks-heading\"        id=\"reseau-universitaire-des-capitales-europeennes-de-la-culture-unecc\"\n    >\nR\u00e9seau universitaire des capitales europ\u00e9ennes de la culture (UNECC)<\/h3>\n<div class=\"ulux-card__description wp-block-unilux-blocks-free-content-card-item-free-content-area\">\n    \n<p><\/p>\n<\/div><div class=\"wp-block-unilux-blocks-simple-cta\">\n    <a\n        href=\"https:\/\/uneecc.org\/\"\n        title=\"Learn more\"\n        class=\"link-text link-text--icon ulux-card__link link-text link-absolute\"\n        target=\"_blank\"\n    >\n        <span class=\"link-text__body\">\n            <span class=\"link-text__name\">Consultez le site web<\/span>\n        <\/span>\n        <svg aria-hidden=\"true\" focusable=\"false\" class=\"icon icon-outline icon--external-link \"><use xlink:href=\"https:\/\/www.uni.lu\/wp-content\/themes\/unilux-theme\/assets\/images\/icons\/icons-outline.svg#icon--external-link\"><\/use><\/svg>    <\/a>\n<\/div>\n<\/div>        <\/div>\n    <\/div>\n<\/li><li class=\"w-full sm:w-1\/2 lg:w-1\/3 px-16  wp-block-unilux-blocks-free-content-card-item\">\n    <div class=\"ulux-card card-spin-offs bg-gray-300\">\n        <div class=\"ulux-card__container card__container\">\n                        <div class=\"ulux-card__visual wp-block-unilux-blocks-free-content-card-item-visual\">\n    \n<div class=\"wp-block-unilux-blocks-image-video-wrapper\">\n    <figure class=\"wp-block-dev4-reusable-blocks-image  object-fit--cover\">\n    \n<img decoding=\"async\" class=\"wp-block-image unilux-custom-image-block\"\n                alt=\"Logo Unica\"\n            src=\"https:\/\/www.uni.lu\/wp-content\/uploads\/sites\/9\/2023\/09\/unica-logo.png\"\n                    style=\"object-position: 28.00% 45.00%; font-family: &quot;object-fit: cover; object-position: 28.00% 45.00%;&quot;; aspect-ratio: 4\/3; object-fit: cover; width: 100%;\"\n        loading=\"lazy\"\n\/>    <\/figure><\/div><\/div><div class=\"ulux-card__body wp-block-unilux-blocks-free-content-card-item-body\">\n    \n<h3 class=\"ulux-card__title has-text-align-left wp-block-unilux-blocks-heading\"        id=\"unica\"\n    >\nUNICA<\/h3>\n<div class=\"ulux-card__description wp-block-unilux-blocks-free-content-card-item-free-content-area\">\n    \n<p>R\u00e9seau des universit\u00e9s des capitales d&rsquo;Europe<\/p>\n<\/div><div class=\"wp-block-unilux-blocks-simple-cta\">\n    <a\n        href=\"https:\/\/www.unica-network.eu\/\"\n        title=\"Learn more\"\n        class=\"link-text link-text--icon ulux-card__link link-text link-absolute\"\n        target=\"_blank\"\n    >\n        <span class=\"link-text__body\">\n            <span class=\"link-text__name\">Consultez le site web<\/span>\n        <\/span>\n        <svg aria-hidden=\"true\" focusable=\"false\" class=\"icon icon-outline icon--external-link \"><use xlink:href=\"https:\/\/www.uni.lu\/wp-content\/themes\/unilux-theme\/assets\/images\/icons\/icons-outline.svg#icon--external-link\"><\/use><\/svg>    <\/a>\n<\/div>\n<\/div>        <\/div>\n    <\/div>\n<\/li><\/ul><\/div><\/section>\n<\/div>","protected":false},"excerpt":{"rendered":"","protected":false},"author":33,"featured_media":0,"parent":2662,"menu_order":3,"comment_status":"closed","ping_status":"closed","template":"","meta":{"featured_image_focal_point":[],"show_featured_caption":false,"ulux_newsletter_groups":"","uluxPostTitle":"Partenaires et r\u00e9seaux internationaux","uluxPrePostTitle":"\u00c0 propos","_trash_the_other_posts":false,"_price":"","_stock":"","_tribe_ticket_header":"","_tribe_default_ticket_provider":"","_tribe_ticket_capacity":"0","_ticket_start_date":"","_ticket_end_date":"","_tribe_ticket_show_description":"","_tribe_ticket_show_not_going":false,"_tribe_ticket_use_global_stock":"","_tribe_ticket_global_stock_level":"","_global_stock_mode":"","_global_stock_cap":"","_tribe_rsvp_for_event":"","_tribe_ticket_going_count":"","_tribe_ticket_not_going_count":"","_tribe_tickets_list":"[]","_tribe_ticket_has_attendee_info_fields":false,"footnotes":""},"field-of-interest":[],"organisation":[],"authorship":[33],"acf":[],"yoast_head":"<!-- This site is optimized with the Yoast SEO Premium plugin v22.3 (Yoast SEO v22.3) - https:\/\/yoast.com\/wordpress\/plugins\/seo\/ -->\n<title>R\u00e9seaux internationaux - Universit\u00e9 du Luxembourg<\/title>\n<meta name=\"description\" content=\"Les r\u00e9seaux internationaux: L&#039;Universit\u00e9 est membre de plusieurs r\u00e9seaux universitaires r\u00e9gionaux, europ\u00e9ens et mondiaux.\" \/>\n<meta name=\"robots\" content=\"index, follow, max-snippet:-1, max-image-preview:large, max-video-preview:-1\" \/>\n<link rel=\"canonical\" href=\"https:\/\/www.uni.lu\/fr\/a-propos\/partenaires-et-reseaux-internationaux\/reseaux-internationaux\/\" \/>\n<meta property=\"og:locale\" content=\"fr_FR\" \/>\n<meta property=\"og:type\" content=\"article\" \/>\n<meta property=\"og:title\" content=\"R\u00e9seaux internationaux\" \/>\n<meta property=\"og:description\" content=\"Les r\u00e9seaux internationaux: L&#039;Universit\u00e9 est membre de plusieurs r\u00e9seaux universitaires r\u00e9gionaux, europ\u00e9ens et mondiaux.\" \/>\n<meta property=\"og:url\" content=\"https:\/\/www.uni.lu\/fr\/a-propos\/partenaires-et-reseaux-internationaux\/reseaux-internationaux\/\" \/>\n<meta property=\"og:site_name\" content=\"UNI FR\" \/>\n<meta property=\"article:publisher\" content=\"https:\/\/www.facebook.com\/uni.lu\" \/>\n<meta property=\"article:modified_time\" content=\"2026-03-25T10:55:32+00:00\" \/>\n<meta property=\"og:image\" content=\"https:\/\/www.uni.lu\/wp-content\/uploads\/sites\/11\/2026\/03\/03120045\/UNIV_SM-Profile_1600x1600px-scaled.jpg\" \/>\n\t<meta property=\"og:image:width\" content=\"2560\" \/>\n\t<meta property=\"og:image:height\" content=\"2560\" \/>\n\t<meta property=\"og:image:type\" content=\"image\/jpeg\" \/>\n<meta name=\"twitter:card\" content=\"summary_large_image\" \/>\n<meta name=\"twitter:label1\" content=\"Dur\u00e9e de lecture estim\u00e9e\" \/>\n\t<meta name=\"twitter:data1\" content=\"1 minute\" \/>\n<script type=\"application\/ld+json\" class=\"yoast-schema-graph\">{\"@context\":\"https:\/\/schema.org\",\"@graph\":[{\"@type\":\"WebPage\",\"@id\":\"https:\/\/www.uni.lu\/fr\/a-propos\/partenaires-et-reseaux-internationaux\/reseaux-internationaux\/\",\"url\":\"https:\/\/www.uni.lu\/fr\/a-propos\/partenaires-et-reseaux-internationaux\/reseaux-internationaux\/\",\"name\":\"R\u00e9seaux internationaux - Universit\u00e9 du Luxembourg\",\"isPartOf\":{\"@id\":\"https:\/\/www.uni.lu\/fr\/#website\"},\"datePublished\":\"2023-10-03T09:14:21+00:00\",\"dateModified\":\"2026-03-25T10:55:32+00:00\",\"description\":\"Les r\u00e9seaux internationaux: L'Universit\u00e9 est membre de plusieurs r\u00e9seaux universitaires r\u00e9gionaux, europ\u00e9ens et mondiaux.\",\"breadcrumb\":{\"@id\":\"https:\/\/www.uni.lu\/fr\/a-propos\/partenaires-et-reseaux-internationaux\/reseaux-internationaux\/#breadcrumb\"},\"inLanguage\":\"fr-FR\",\"potentialAction\":[{\"@type\":\"ReadAction\",\"target\":[\"https:\/\/www.uni.lu\/fr\/a-propos\/partenaires-et-reseaux-internationaux\/reseaux-internationaux\/\"]}]},{\"@type\":\"BreadcrumbList\",\"@id\":\"https:\/\/www.uni.lu\/fr\/a-propos\/partenaires-et-reseaux-internationaux\/reseaux-internationaux\/#breadcrumb\",\"itemListElement\":[{\"@type\":\"ListItem\",\"position\":1,\"name\":\"Home\",\"item\":\"https:\/\/www.uni.lu\/fr\/\"},{\"@type\":\"ListItem\",\"position\":2,\"name\":\"\u00c0 propos\",\"item\":\"https:\/\/www.uni.lu\/fr\/a-propos\/\"},{\"@type\":\"ListItem\",\"position\":3,\"name\":\"Partenaires et r\u00e9seaux internationaux\",\"item\":\"https:\/\/www.uni.lu\/fr\/a-propos\/partenaires-et-reseaux-internationaux\/\"},{\"@type\":\"ListItem\",\"position\":4,\"name\":\"R\u00e9seaux internationaux\"}]},{\"@type\":\"WebSite\",\"@id\":\"https:\/\/www.uni.lu\/fr\/#website\",\"url\":\"https:\/\/www.uni.lu\/fr\/\",\"name\":\"Uni.lu\",\"description\":\"Universit\u00e9 du Luxembourg\",\"publisher\":{\"@id\":\"https:\/\/www.uni.lu\/fr\/#organization\"},\"alternateName\":\"Universit\u00e9 du Luxembourg\",\"potentialAction\":[{\"@type\":\"SearchAction\",\"target\":{\"@type\":\"EntryPoint\",\"urlTemplate\":\"https:\/\/www.uni.lu\/fr\/?s={search_term_string}\"},\"query-input\":\"required name=search_term_string\"}],\"inLanguage\":\"fr-FR\"},{\"@type\":\"Organization\",\"@id\":\"https:\/\/www.uni.lu\/fr\/#organization\",\"name\":\"Universit\u00e9 du Luxembourg\",\"alternateName\":\"Uni.lu\",\"url\":\"https:\/\/www.uni.lu\/fr\/\",\"logo\":{\"@type\":\"ImageObject\",\"inLanguage\":\"fr-FR\",\"@id\":\"https:\/\/www.uni.lu\/fr\/#\/schema\/logo\/image\/\",\"url\":\"https:\/\/www.uni.lu\/wp-content\/uploads\/sites\/11\/2026\/03\/03120045\/UNIV_SM-Profile_1600x1600px-scaled.jpg\",\"contentUrl\":\"https:\/\/www.uni.lu\/wp-content\/uploads\/sites\/11\/2026\/03\/03120045\/UNIV_SM-Profile_1600x1600px-scaled.jpg\",\"width\":2560,\"height\":2560,\"caption\":\"Universit\u00e9 du Luxembourg\"},\"image\":\"https:\/\/www.uni.lu\/wp-content\/uploads\/sites\/11\/2026\/04\/24120552\/20200609-Belval-Campus_Henri-Goergen-23.jpg\",\"sameAs\":[\"https:\/\/www.facebook.com\/uni.lu\",\"https:\/\/www.linkedin.com\/school\/university-of-luxembourg\/\",\"https:\/\/www.instagram.com\/uni.lu\",\"https:\/\/www.youtube.com\/@uni_lu\",\"https:\/\/en.wikipedia.org\/wiki\/University_of_Luxembourg\"],\"email\":\"communication@uni.lu\",\"telephone\":\"+352 46 66 44 1\",\"address\":{\"@type\":\"PostalAddress\",\"streetAddress\":\"2, place de l\u2019Universit\u00e9\",\"addressLocality\":\"Esch-sur-Alzette\",\"postalCode\":\"4365\",\"addressCountry\":\"LU\"},\"description\":\"Universit\u00e9 du Luxembourg\"}]}<\/script>\n<!-- \/ Yoast SEO Premium plugin. -->","yoast_head_json":{"title":"R\u00e9seaux internationaux - Universit\u00e9 du Luxembourg","description":"Les r\u00e9seaux internationaux: L'Universit\u00e9 est membre de plusieurs r\u00e9seaux universitaires r\u00e9gionaux, europ\u00e9ens et mondiaux.","robots":{"index":"index","follow":"follow","max-snippet":"max-snippet:-1","max-image-preview":"max-image-preview:large","max-video-preview":"max-video-preview:-1"},"canonical":"https:\/\/www.uni.lu\/fr\/a-propos\/partenaires-et-reseaux-internationaux\/reseaux-internationaux\/","og_locale":"fr_FR","og_type":"article","og_title":"R\u00e9seaux internationaux","og_description":"Les r\u00e9seaux internationaux: L'Universit\u00e9 est membre de plusieurs r\u00e9seaux universitaires r\u00e9gionaux, europ\u00e9ens et mondiaux.","og_url":"https:\/\/www.uni.lu\/fr\/a-propos\/partenaires-et-reseaux-internationaux\/reseaux-internationaux\/","og_site_name":"UNI FR","article_publisher":"https:\/\/www.facebook.com\/uni.lu","article_modified_time":"2026-03-25T10:55:32+00:00","og_image":[{"width":2560,"height":2560,"url":"https:\/\/www.uni.lu\/wp-content\/uploads\/sites\/11\/2026\/03\/03120045\/UNIV_SM-Profile_1600x1600px-scaled.jpg","type":"image\/jpeg"}],"twitter_card":"summary_large_image","twitter_misc":{"Dur\u00e9e de lecture estim\u00e9e":"1 minute"},"schema":{"@context":"https:\/\/schema.org","@graph":[{"@type":"WebPage","@id":"https:\/\/www.uni.lu\/fr\/a-propos\/partenaires-et-reseaux-internationaux\/reseaux-internationaux\/","url":"https:\/\/www.uni.lu\/fr\/a-propos\/partenaires-et-reseaux-internationaux\/reseaux-internationaux\/","name":"R\u00e9seaux internationaux - Universit\u00e9 du Luxembourg","isPartOf":{"@id":"https:\/\/www.uni.lu\/fr\/#website"},"datePublished":"2023-10-03T09:14:21+00:00","dateModified":"2026-03-25T10:55:32+00:00","description":"Les r\u00e9seaux internationaux: L'Universit\u00e9 est membre de plusieurs r\u00e9seaux universitaires r\u00e9gionaux, europ\u00e9ens et mondiaux.","breadcrumb":{"@id":"https:\/\/www.uni.lu\/fr\/a-propos\/partenaires-et-reseaux-internationaux\/reseaux-internationaux\/#breadcrumb"},"inLanguage":"fr-FR","potentialAction":[{"@type":"ReadAction","target":["https:\/\/www.uni.lu\/fr\/a-propos\/partenaires-et-reseaux-internationaux\/reseaux-internationaux\/"]}]},{"@type":"BreadcrumbList","@id":"https:\/\/www.uni.lu\/fr\/a-propos\/partenaires-et-reseaux-internationaux\/reseaux-internationaux\/#breadcrumb","itemListElement":[{"@type":"ListItem","position":1,"name":"Home","item":"https:\/\/www.uni.lu\/fr\/"},{"@type":"ListItem","position":2,"name":"\u00c0 propos","item":"https:\/\/www.uni.lu\/fr\/a-propos\/"},{"@type":"ListItem","position":3,"name":"Partenaires et r\u00e9seaux internationaux","item":"https:\/\/www.uni.lu\/fr\/a-propos\/partenaires-et-reseaux-internationaux\/"},{"@type":"ListItem","position":4,"name":"R\u00e9seaux internationaux"}]},{"@type":"WebSite","@id":"https:\/\/www.uni.lu\/fr\/#website","url":"https:\/\/www.uni.lu\/fr\/","name":"Uni.lu","description":"Universit\u00e9 du Luxembourg","publisher":{"@id":"https:\/\/www.uni.lu\/fr\/#organization"},"alternateName":"Universit\u00e9 du Luxembourg","potentialAction":[{"@type":"SearchAction","target":{"@type":"EntryPoint","urlTemplate":"https:\/\/www.uni.lu\/fr\/?s={search_term_string}"},"query-input":"required name=search_term_string"}],"inLanguage":"fr-FR"},{"@type":"Organization","@id":"https:\/\/www.uni.lu\/fr\/#organization","name":"Universit\u00e9 du Luxembourg","alternateName":"Uni.lu","url":"https:\/\/www.uni.lu\/fr\/","logo":{"@type":"ImageObject","inLanguage":"fr-FR","@id":"https:\/\/www.uni.lu\/fr\/#\/schema\/logo\/image\/","url":"https:\/\/www.uni.lu\/wp-content\/uploads\/sites\/11\/2026\/03\/03120045\/UNIV_SM-Profile_1600x1600px-scaled.jpg","contentUrl":"https:\/\/www.uni.lu\/wp-content\/uploads\/sites\/11\/2026\/03\/03120045\/UNIV_SM-Profile_1600x1600px-scaled.jpg","width":2560,"height":2560,"caption":"Universit\u00e9 du Luxembourg"},"image":"https:\/\/www.uni.lu\/wp-content\/uploads\/sites\/11\/2026\/04\/24120552\/20200609-Belval-Campus_Henri-Goergen-23.jpg","sameAs":["https:\/\/www.facebook.com\/uni.lu","https:\/\/www.linkedin.com\/school\/university-of-luxembourg\/","https:\/\/www.instagram.com\/uni.lu","https:\/\/www.youtube.com\/@uni_lu","https:\/\/en.wikipedia.org\/wiki\/University_of_Luxembourg"],"email":"communication@uni.lu","telephone":"+352 46 66 44 1","address":{"@type":"PostalAddress","streetAddress":"2, place de l\u2019Universit\u00e9","addressLocality":"Esch-sur-Alzette","postalCode":"4365","addressCountry":"LU"},"description":"Universit\u00e9 du Luxembourg"}]}},"ticketed":false,"_links":{"self":[{"href":"https:\/\/www.uni.lu\/fr\/wp-json\/wp\/v2\/pages\/2667"}],"collection":[{"href":"https:\/\/www.uni.lu\/fr\/wp-json\/wp\/v2\/pages"}],"about":[{"href":"https:\/\/www.uni.lu\/fr\/wp-json\/wp\/v2\/types\/page"}],"author":[{"embeddable":true,"href":"https:\/\/www.uni.lu\/fr\/wp-json\/wp\/v2\/users\/33"}],"replies":[{"embeddable":true,"href":"https:\/\/www.uni.lu\/fr\/wp-json\/wp\/v2\/comments?post=2667"}],"version-history":[{"count":5,"href":"https:\/\/www.uni.lu\/fr\/wp-json\/wp\/v2\/pages\/2667\/revisions"}],"predecessor-version":[{"id":19156,"href":"https:\/\/www.uni.lu\/fr\/wp-json\/wp\/v2\/pages\/2667\/revisions\/19156"}],"up":[{"embeddable":true,"href":"https:\/\/www.uni.lu\/fr\/wp-json\/wp\/v2\/pages\/2662"}],"wp:authorship":[{"embeddable":true,"href":"https:\/\/www.uni.lu\/fr\/wp-json\/wp\/v2\/users\/33"}],"wp:attachment":[{"href":"https:\/\/www.uni.lu\/fr\/wp-json\/wp\/v2\/media?parent=2667"}],"wp:term":[{"taxonomy":"field-of-interest","embeddable":true,"href":"https:\/\/www.uni.lu\/fr\/wp-json\/wp\/v2\/field-of-interest?post=2667"},{"taxonomy":"organisation","embeddable":true,"href":"https:\/\/www.uni.lu\/fr\/wp-json\/wp\/v2\/organisation?post=2667"}],"curies":[{"name":"wp","href":"https:\/\/api.w.org\/{rel}","templated":true}]}}