{"id":9337,"date":"2023-04-07T11:09:39","date_gmt":"2023-04-07T09:09:39","guid":{"rendered":"https:\/\/www.uni.lu\/fr\/events\/unitalks-international-girls-in-ict-day\/"},"modified":"2024-03-25T22:19:08","modified_gmt":"2024-03-25T21:19:08","slug":"unitalks-international-girls-in-ict-day","status":"publish","type":"events","link":"https:\/\/www.uni.lu\/fr\/events\/unitalks-international-girls-in-ict-day\/","title":{"rendered":"UniTalks: International Girls in ICT Day"},"content":{"rendered":"<section class=\"wp-block-unilux-blocks-free-section section\"><div class=\"container xl:max-w-screen-xl\"><p><strong>Pourquoi les femmes ont quitt\u00e9 l&rsquo;informatique et pourquoi ce n\u2019est pas une fatalit\u00e9\u2026<\/strong><\/p><p>Notre d\u00e9fi sera de mieux comprendre l&rsquo;\u00e9volution historique qui, depuis les ann\u00e9es 1950, a conduit \u00e0 la d\u00e9saffection progressive des femmes pour les \u00e9tudes d&rsquo;informatique. Cette tendance n&rsquo;est pas sans cons\u00e9quence sur les usages, les pratiques, les produits et applications num\u00e9riques. Elle est manifeste dans les repr\u00e9sentations, les m\u00e9tiers, les programmes ou encore les algorithmes. Qu\u2019est-il arriv\u00e9 aux \u00ab Computer Girls \u00bb enthousiastes des origines ?<\/p><p>Val\u00e9rie Schafer est professeur d&rsquo;histoire contemporaine au Centre d&rsquo;histoire contemporaine et num\u00e9rique (C\u00b2DH) de l&rsquo;Universit\u00e9 du Luxembourg. Elle est sp\u00e9cialis\u00e9e dans l&rsquo;histoire de l&rsquo;informatique, des t\u00e9l\u00e9communications, des cultures num\u00e9riques et des r\u00e9seaux de donn\u00e9es.<\/p><p><strong>D\u00e9velopper les comp\u00e9tences informatiques des filles de fa\u00e7on ludique<\/strong><\/p><p>En mati\u00e8re d&rsquo;informatique, filles et gar\u00e7ons sont aussi dou\u00e9s les uns que les autres. Pourtant, les ateliers d&rsquo;informatique et les tutoriels attirent plut\u00f4t les gar\u00e7ons. Comment d\u00e9velopper les comp\u00e9tences en informatique de la jeune g\u00e9n\u00e9ration de fa\u00e7on plus \u00e9quilibr\u00e9e ? D\u00e9couvrez quelques astuces pour cr\u00e9er des activit\u00e9s ludiques, avec ou sans \u00e9cran, et faire d\u00e9couvrir le monde num\u00e9rique aux filles d&rsquo;une nouvelle mani\u00e8re. Et si vous avez des adolescentes dans votre entourage, explorez avec elles la toute nouvelle plateforme \u00ab Digital Girls \u00bb lanc\u00e9e par le Scienteens Lab.<\/p><p>R\u00e9gine Poussin est responsable du projet \u00ab Become a Computer Scientist \u00bb au Scienteens Lab de l&rsquo;Universit\u00e9 du Luxembourg. Elle est \u00e9galement l&rsquo;auteure du livre \u00ab J\u2019explore le monde num\u00e9rique \u00bb pour les enfants de 8 \u00e0 12 ans avec 52 activit\u00e9s sans \u00e9cran.<\/p><p>Cette session des UniTalks se fera exceptionellement en fran\u00e7ais.<\/p><p><a href=\"https:\/\/unilu.webex.com\/unilu\/j.php?MTID=mcac9e0bb6899bcbb68b3fcba1df73b52\" target=\"_self\" title=\"Join the UniTalks session: International Girls in ICT Day\" rel=\"noopener\">Join the session<\/a><\/p><\/div><\/section>","protected":false},"excerpt":{"rendered":"","protected":false},"author":33,"featured_media":9338,"parent":0,"menu_order":0,"comment_status":"open","ping_status":"closed","template":"","format":"standard","meta":{"featured_image_focal_point":[],"show_featured_caption":false,"ulux_newsletter_groups":"","uluxPostTitle":"","uluxPrePostTitle":"","_trash_the_other_posts":false,"_price":"","_stock":"","_tribe_ticket_header":"","_tribe_default_ticket_provider":"","_tribe_ticket_capacity":"0","_ticket_start_date":"","_ticket_end_date":"","_tribe_ticket_show_description":"","_tribe_ticket_show_not_going":false,"_tribe_ticket_use_global_stock":"","_tribe_ticket_global_stock_level":"","_global_stock_mode":"","_global_stock_cap":"","_tribe_rsvp_for_event":"","_tribe_ticket_going_count":"","_tribe_ticket_not_going_count":"","_tribe_tickets_list":"[]","_tribe_ticket_has_attendee_info_fields":false,"event_start_date":"2023-04-27 12:30:00","event_end_date":"2023-04-27 13:30:00","event_speaker_name":"Val\u00e9rie Schafer and R\u00e9gine Poussin","event_speaker_link":"","event_is_online":false,"event_location":"Online","event_street":"","event_location_link":"","event_zip_code":"","event_city":"","event_country":"LU"},"events-topic":[],"events-type":[],"organisation":[373,226],"authorship":[33],"acf":[],"yoast_head":"<!-- This site is optimized with the Yoast SEO Premium plugin v22.3 (Yoast SEO v22.3) - https:\/\/yoast.com\/wordpress\/plugins\/seo\/ -->\n<title>UniTalks: International Girls in ICT Day - Universit\u00e9 du Luxembourg<\/title>\n<meta name=\"description\" content=\"Pourquoi les femmes ont quitt\u00e9 l&#039;informatique et pourquoi ce n\u2019est pas une fatalit\u00e9\u2026Notre d\u00e9fi sera de mieux comprendre l&#039;\u00e9volution historique qui, depuis\" \/>\n<meta name=\"robots\" content=\"index, follow, max-snippet:-1, max-image-preview:large, max-video-preview:-1\" \/>\n<link rel=\"canonical\" href=\"https:\/\/www.uni.lu\/fr\/events\/unitalks-international-girls-in-ict-day\/\" \/>\n<meta property=\"og:locale\" content=\"fr_FR\" \/>\n<meta property=\"og:type\" content=\"article\" \/>\n<meta property=\"og:title\" content=\"UniTalks: International Girls in ICT Day\" \/>\n<meta property=\"og:description\" content=\"Pourquoi les femmes ont quitt\u00e9 l&#039;informatique et pourquoi ce n\u2019est pas une fatalit\u00e9\u2026Notre d\u00e9fi sera de mieux comprendre l&#039;\u00e9volution historique qui, depuis\" \/>\n<meta property=\"og:url\" content=\"https:\/\/www.uni.lu\/fr\/events\/unitalks-international-girls-in-ict-day\/\" \/>\n<meta property=\"og:site_name\" content=\"UNI FR\" \/>\n<meta property=\"article:publisher\" content=\"https:\/\/www.facebook.com\/uni.lu\" \/>\n<meta property=\"article:modified_time\" content=\"2024-03-25T21:19:08+00:00\" \/>\n<meta property=\"og:image\" content=\"https:\/\/www.uni.lu\/wp-content\/uploads\/sites\/11\/2023\/04\/unitalks_international_girls_in_ict_day.jpg\" \/>\n\t<meta property=\"og:image:width\" content=\"800\" \/>\n\t<meta property=\"og:image:height\" content=\"600\" \/>\n\t<meta property=\"og:image:type\" content=\"image\/jpeg\" \/>\n<meta name=\"twitter:card\" content=\"summary_large_image\" \/>\n<meta name=\"twitter:label1\" content=\"Dur\u00e9e de lecture estim\u00e9e\" \/>\n\t<meta name=\"twitter:data1\" content=\"1 minute\" \/>\n<script type=\"application\/ld+json\" class=\"yoast-schema-graph\">{\"@context\":\"https:\/\/schema.org\",\"@graph\":[{\"@type\":\"WebPage\",\"@id\":\"https:\/\/www.uni.lu\/fr\/events\/unitalks-international-girls-in-ict-day\/\",\"url\":\"https:\/\/www.uni.lu\/fr\/events\/unitalks-international-girls-in-ict-day\/\",\"name\":\"UniTalks: International Girls in ICT Day - Universit\u00e9 du Luxembourg\",\"isPartOf\":{\"@id\":\"https:\/\/www.uni.lu\/fr\/#website\"},\"primaryImageOfPage\":{\"@id\":\"https:\/\/www.uni.lu\/fr\/events\/unitalks-international-girls-in-ict-day\/#primaryimage\"},\"image\":{\"@id\":\"https:\/\/www.uni.lu\/fr\/events\/unitalks-international-girls-in-ict-day\/#primaryimage\"},\"thumbnailUrl\":\"https:\/\/www.uni.lu\/wp-content\/uploads\/sites\/11\/2023\/04\/unitalks_international_girls_in_ict_day.jpg\",\"datePublished\":\"2023-04-07T09:09:39+00:00\",\"dateModified\":\"2024-03-25T21:19:08+00:00\",\"description\":\"Pourquoi les femmes ont quitt\u00e9 l'informatique et pourquoi ce n\u2019est pas une fatalit\u00e9\u2026Notre d\u00e9fi sera de mieux comprendre l'\u00e9volution historique qui, depuis\",\"breadcrumb\":{\"@id\":\"https:\/\/www.uni.lu\/fr\/events\/unitalks-international-girls-in-ict-day\/#breadcrumb\"},\"inLanguage\":\"fr-FR\",\"potentialAction\":[{\"@type\":\"ReadAction\",\"target\":[\"https:\/\/www.uni.lu\/fr\/events\/unitalks-international-girls-in-ict-day\/\"]}]},{\"@type\":\"ImageObject\",\"inLanguage\":\"fr-FR\",\"@id\":\"https:\/\/www.uni.lu\/fr\/events\/unitalks-international-girls-in-ict-day\/#primaryimage\",\"url\":\"https:\/\/www.uni.lu\/wp-content\/uploads\/sites\/11\/2023\/04\/unitalks_international_girls_in_ict_day.jpg\",\"contentUrl\":\"https:\/\/www.uni.lu\/wp-content\/uploads\/sites\/11\/2023\/04\/unitalks_international_girls_in_ict_day.jpg\",\"width\":800,\"height\":600},{\"@type\":\"BreadcrumbList\",\"@id\":\"https:\/\/www.uni.lu\/fr\/events\/unitalks-international-girls-in-ict-day\/#breadcrumb\",\"itemListElement\":[{\"@type\":\"ListItem\",\"position\":1,\"name\":\"Home\",\"item\":\"https:\/\/www.uni.lu\/fr\/\"},{\"@type\":\"ListItem\",\"position\":2,\"name\":\"Events\",\"item\":\"https:\/\/www.uni.lu\/fr\/events\/\"},{\"@type\":\"ListItem\",\"position\":3,\"name\":\"UniTalks: International Girls in ICT Day\"}]},{\"@type\":\"WebSite\",\"@id\":\"https:\/\/www.uni.lu\/fr\/#website\",\"url\":\"https:\/\/www.uni.lu\/fr\/\",\"name\":\"Uni.lu\",\"description\":\"Universit\u00e9 du Luxembourg\",\"publisher\":{\"@id\":\"https:\/\/www.uni.lu\/fr\/#organization\"},\"alternateName\":\"Universit\u00e9 du Luxembourg\",\"potentialAction\":[{\"@type\":\"SearchAction\",\"target\":{\"@type\":\"EntryPoint\",\"urlTemplate\":\"https:\/\/www.uni.lu\/fr\/?s={search_term_string}\"},\"query-input\":\"required name=search_term_string\"}],\"inLanguage\":\"fr-FR\"},{\"@type\":\"Organization\",\"@id\":\"https:\/\/www.uni.lu\/fr\/#organization\",\"name\":\"Universit\u00e9 du Luxembourg\",\"alternateName\":\"Uni.lu\",\"url\":\"https:\/\/www.uni.lu\/fr\/\",\"logo\":{\"@type\":\"ImageObject\",\"inLanguage\":\"fr-FR\",\"@id\":\"https:\/\/www.uni.lu\/fr\/#\/schema\/logo\/image\/\",\"url\":\"https:\/\/www.uni.lu\/wp-content\/uploads\/sites\/11\/2026\/03\/03120045\/UNIV_SM-Profile_1600x1600px-scaled.jpg\",\"contentUrl\":\"https:\/\/www.uni.lu\/wp-content\/uploads\/sites\/11\/2026\/03\/03120045\/UNIV_SM-Profile_1600x1600px-scaled.jpg\",\"width\":2560,\"height\":2560,\"caption\":\"Universit\u00e9 du Luxembourg\"},\"image\":\"https:\/\/www.uni.lu\/wp-content\/uploads\/sites\/11\/2026\/04\/24120552\/20200609-Belval-Campus_Henri-Goergen-23.jpg\",\"sameAs\":[\"https:\/\/www.facebook.com\/uni.lu\",\"https:\/\/www.linkedin.com\/school\/university-of-luxembourg\/\",\"https:\/\/www.instagram.com\/uni.lu\",\"https:\/\/www.youtube.com\/@uni_lu\",\"https:\/\/en.wikipedia.org\/wiki\/University_of_Luxembourg\"],\"email\":\"communication@uni.lu\",\"telephone\":\"+352 46 66 44 1\",\"address\":{\"@type\":\"PostalAddress\",\"streetAddress\":\"2, place de l\u2019Universit\u00e9\",\"addressLocality\":\"Esch-sur-Alzette\",\"postalCode\":\"4365\",\"addressCountry\":\"LU\"},\"description\":\"Universit\u00e9 du Luxembourg\"}]}<\/script>\n<!-- \/ Yoast SEO Premium plugin. -->","yoast_head_json":{"title":"UniTalks: International Girls in ICT Day - Universit\u00e9 du Luxembourg","description":"Pourquoi les femmes ont quitt\u00e9 l'informatique et pourquoi ce n\u2019est pas une fatalit\u00e9\u2026Notre d\u00e9fi sera de mieux comprendre l'\u00e9volution historique qui, depuis","robots":{"index":"index","follow":"follow","max-snippet":"max-snippet:-1","max-image-preview":"max-image-preview:large","max-video-preview":"max-video-preview:-1"},"canonical":"https:\/\/www.uni.lu\/fr\/events\/unitalks-international-girls-in-ict-day\/","og_locale":"fr_FR","og_type":"article","og_title":"UniTalks: International Girls in ICT Day","og_description":"Pourquoi les femmes ont quitt\u00e9 l'informatique et pourquoi ce n\u2019est pas une fatalit\u00e9\u2026Notre d\u00e9fi sera de mieux comprendre l'\u00e9volution historique qui, depuis","og_url":"https:\/\/www.uni.lu\/fr\/events\/unitalks-international-girls-in-ict-day\/","og_site_name":"UNI FR","article_publisher":"https:\/\/www.facebook.com\/uni.lu","article_modified_time":"2024-03-25T21:19:08+00:00","og_image":[{"width":800,"height":600,"url":"https:\/\/www.uni.lu\/wp-content\/uploads\/sites\/11\/2023\/04\/unitalks_international_girls_in_ict_day.jpg","type":"image\/jpeg"}],"twitter_card":"summary_large_image","twitter_misc":{"Dur\u00e9e de lecture estim\u00e9e":"1 minute"},"schema":{"@context":"https:\/\/schema.org","@graph":[{"@type":"WebPage","@id":"https:\/\/www.uni.lu\/fr\/events\/unitalks-international-girls-in-ict-day\/","url":"https:\/\/www.uni.lu\/fr\/events\/unitalks-international-girls-in-ict-day\/","name":"UniTalks: International Girls in ICT Day - Universit\u00e9 du Luxembourg","isPartOf":{"@id":"https:\/\/www.uni.lu\/fr\/#website"},"primaryImageOfPage":{"@id":"https:\/\/www.uni.lu\/fr\/events\/unitalks-international-girls-in-ict-day\/#primaryimage"},"image":{"@id":"https:\/\/www.uni.lu\/fr\/events\/unitalks-international-girls-in-ict-day\/#primaryimage"},"thumbnailUrl":"https:\/\/www.uni.lu\/wp-content\/uploads\/sites\/11\/2023\/04\/unitalks_international_girls_in_ict_day.jpg","datePublished":"2023-04-07T09:09:39+00:00","dateModified":"2024-03-25T21:19:08+00:00","description":"Pourquoi les femmes ont quitt\u00e9 l'informatique et pourquoi ce n\u2019est pas une fatalit\u00e9\u2026Notre d\u00e9fi sera de mieux comprendre l'\u00e9volution historique qui, depuis","breadcrumb":{"@id":"https:\/\/www.uni.lu\/fr\/events\/unitalks-international-girls-in-ict-day\/#breadcrumb"},"inLanguage":"fr-FR","potentialAction":[{"@type":"ReadAction","target":["https:\/\/www.uni.lu\/fr\/events\/unitalks-international-girls-in-ict-day\/"]}]},{"@type":"ImageObject","inLanguage":"fr-FR","@id":"https:\/\/www.uni.lu\/fr\/events\/unitalks-international-girls-in-ict-day\/#primaryimage","url":"https:\/\/www.uni.lu\/wp-content\/uploads\/sites\/11\/2023\/04\/unitalks_international_girls_in_ict_day.jpg","contentUrl":"https:\/\/www.uni.lu\/wp-content\/uploads\/sites\/11\/2023\/04\/unitalks_international_girls_in_ict_day.jpg","width":800,"height":600},{"@type":"BreadcrumbList","@id":"https:\/\/www.uni.lu\/fr\/events\/unitalks-international-girls-in-ict-day\/#breadcrumb","itemListElement":[{"@type":"ListItem","position":1,"name":"Home","item":"https:\/\/www.uni.lu\/fr\/"},{"@type":"ListItem","position":2,"name":"Events","item":"https:\/\/www.uni.lu\/fr\/events\/"},{"@type":"ListItem","position":3,"name":"UniTalks: International Girls in ICT Day"}]},{"@type":"WebSite","@id":"https:\/\/www.uni.lu\/fr\/#website","url":"https:\/\/www.uni.lu\/fr\/","name":"Uni.lu","description":"Universit\u00e9 du Luxembourg","publisher":{"@id":"https:\/\/www.uni.lu\/fr\/#organization"},"alternateName":"Universit\u00e9 du Luxembourg","potentialAction":[{"@type":"SearchAction","target":{"@type":"EntryPoint","urlTemplate":"https:\/\/www.uni.lu\/fr\/?s={search_term_string}"},"query-input":"required name=search_term_string"}],"inLanguage":"fr-FR"},{"@type":"Organization","@id":"https:\/\/www.uni.lu\/fr\/#organization","name":"Universit\u00e9 du Luxembourg","alternateName":"Uni.lu","url":"https:\/\/www.uni.lu\/fr\/","logo":{"@type":"ImageObject","inLanguage":"fr-FR","@id":"https:\/\/www.uni.lu\/fr\/#\/schema\/logo\/image\/","url":"https:\/\/www.uni.lu\/wp-content\/uploads\/sites\/11\/2026\/03\/03120045\/UNIV_SM-Profile_1600x1600px-scaled.jpg","contentUrl":"https:\/\/www.uni.lu\/wp-content\/uploads\/sites\/11\/2026\/03\/03120045\/UNIV_SM-Profile_1600x1600px-scaled.jpg","width":2560,"height":2560,"caption":"Universit\u00e9 du Luxembourg"},"image":"https:\/\/www.uni.lu\/wp-content\/uploads\/sites\/11\/2026\/04\/24120552\/20200609-Belval-Campus_Henri-Goergen-23.jpg","sameAs":["https:\/\/www.facebook.com\/uni.lu","https:\/\/www.linkedin.com\/school\/university-of-luxembourg\/","https:\/\/www.instagram.com\/uni.lu","https:\/\/www.youtube.com\/@uni_lu","https:\/\/en.wikipedia.org\/wiki\/University_of_Luxembourg"],"email":"communication@uni.lu","telephone":"+352 46 66 44 1","address":{"@type":"PostalAddress","streetAddress":"2, place de l\u2019Universit\u00e9","addressLocality":"Esch-sur-Alzette","postalCode":"4365","addressCountry":"LU"},"description":"Universit\u00e9 du Luxembourg"}]}},"_links":{"self":[{"href":"https:\/\/www.uni.lu\/fr\/wp-json\/wp\/v2\/events\/9337"}],"collection":[{"href":"https:\/\/www.uni.lu\/fr\/wp-json\/wp\/v2\/events"}],"about":[{"href":"https:\/\/www.uni.lu\/fr\/wp-json\/wp\/v2\/types\/events"}],"author":[{"embeddable":true,"href":"https:\/\/www.uni.lu\/fr\/wp-json\/wp\/v2\/users\/33"}],"replies":[{"embeddable":true,"href":"https:\/\/www.uni.lu\/fr\/wp-json\/wp\/v2\/comments?post=9337"}],"version-history":[{"count":1,"href":"https:\/\/www.uni.lu\/fr\/wp-json\/wp\/v2\/events\/9337\/revisions"}],"predecessor-version":[{"id":9988,"href":"https:\/\/www.uni.lu\/fr\/wp-json\/wp\/v2\/events\/9337\/revisions\/9988"}],"wp:authorship":[{"embeddable":true,"href":"https:\/\/www.uni.lu\/fr\/wp-json\/wp\/v2\/users\/33"}],"wp:featuredmedia":[{"embeddable":true,"href":"https:\/\/www.uni.lu\/fr\/wp-json\/wp\/v2\/media\/9338"}],"wp:attachment":[{"href":"https:\/\/www.uni.lu\/fr\/wp-json\/wp\/v2\/media?parent=9337"}],"wp:term":[{"taxonomy":"events-topic","embeddable":true,"href":"https:\/\/www.uni.lu\/fr\/wp-json\/wp\/v2\/events-topic?post=9337"},{"taxonomy":"events-type","embeddable":true,"href":"https:\/\/www.uni.lu\/fr\/wp-json\/wp\/v2\/events-type?post=9337"},{"taxonomy":"organisation","embeddable":true,"href":"https:\/\/www.uni.lu\/fr\/wp-json\/wp\/v2\/organisation?post=9337"}],"curies":[{"name":"wp","href":"https:\/\/api.w.org\/{rel}","templated":true}]}}