{"id":9212,"date":"2023-02-01T08:57:19","date_gmt":"2023-02-01T07:57:19","guid":{"rendered":"https:\/\/www.uni.lu\/fr\/events\/table-ronde-usages-pedagogiques-de-chatgpt\/"},"modified":"2023-02-01T08:57:19","modified_gmt":"2023-02-01T07:57:19","slug":"table-ronde-usages-pedagogiques-de-chatgpt","status":"publish","type":"events","link":"https:\/\/www.uni.lu\/fr\/events\/table-ronde-usages-pedagogiques-de-chatgpt\/","title":{"rendered":"Table-ronde : usages p\u00e9dagogiques de ChatGPT"},"content":{"rendered":"<section class=\"wp-block-unilux-blocks-free-section section\"><div class=\"container xl:max-w-screen-xl\"><p>Cette table ronde sera l&rsquo;occasion de discuter de l&rsquo;usage de ChatGPT dans l&rsquo;enseignement sup\u00e9rieur.<\/p><p>Faut-il avoir peur de ChatGPT ? Sorti \u00e0 la fin de l\u2019ann\u00e9e 2022, ce chatbot, reposant sur un syst\u00e8me d\u2019intelligence artificielle, a provoqu\u00e9 de forts remous dans l\u2019enseignement sup\u00e9rieur. Capable de r\u00e9pondre de mani\u00e8re coh\u00e9rente \u00e0 des questions parfois complexes, le spectre de son emploi par les \u00e9tudiants pour leurs examens inqui\u00e8te les enseignants. Quels seront les usages \u00e9tudiants de ce type de syst\u00e8me ? Comment en discuter avec eux et quelles politiques mettre en place ? Des exp\u00e9rimentations p\u00e9dagogiques avec ChatGPT sont-elles possibles, si ce n\u2019est souhaitables ?<\/p><p>Cette table-ronde se propose d\u2019aborder quelques-unes de ces questions. Mod\u00e9r\u00e9e par Val\u00e9rie Schafer (historienne, C\u00b2DH, Universit\u00e9 du Luxembourg), elle mettra en dialogue des enseignants et enseignantes d\u2019horizon et de disciplines vari\u00e9es, int\u00e9ress\u00e9s aux usages p\u00e9dagogiques de l\u2019intelligence artificielle :<\/p><ul class=\"ulux-list\"><li class=\"ulux-list-item\">Pierre-Carl Langlais (humanit\u00e9s num\u00e9riques, opsci)<\/li><li class=\"ulux-list-item\">St\u00e9phane Crozat (sciences informatiques, COSTECH, Universit\u00e9 Technologique de Compi\u00e8gne)<\/li><li class=\"ulux-list-item\">Caroline Muller (historienne, EA Tempora, Universit\u00e9 Rennes 2)<\/li><li class=\"ulux-list-item\">Fr\u00e9d\u00e9ric Clavert (historien, C\u00b2DH, Universit\u00e9 du Luxembourg).<\/li><\/ul><p>Un large moment sera consacr\u00e9 \u00e0 la discussion avec le public pr\u00e9sent.<\/p><\/div><\/section>","protected":false},"excerpt":{"rendered":"<p>Cette table ronde sera l&rsquo;occasion de discuter de l&rsquo;usage de ChatGPT dans l&rsquo;enseignement sup\u00e9rieur.<\/p>\n","protected":false},"author":0,"featured_media":9213,"parent":0,"menu_order":0,"comment_status":"open","ping_status":"closed","template":"","format":"standard","meta":{"featured_image_focal_point":[],"show_featured_caption":false,"ulux_newsletter_groups":"","uluxPostTitle":"","uluxPrePostTitle":"","_trash_the_other_posts":false,"_price":"","_stock":"","_tribe_ticket_header":"","_tribe_default_ticket_provider":"","_tribe_ticket_capacity":"0","_ticket_start_date":"","_ticket_end_date":"","_tribe_ticket_show_description":"","_tribe_ticket_show_not_going":false,"_tribe_ticket_use_global_stock":"","_tribe_ticket_global_stock_level":"","_global_stock_mode":"","_global_stock_cap":"","_tribe_rsvp_for_event":"","_tribe_ticket_going_count":"","_tribe_ticket_not_going_count":"","_tribe_tickets_list":"[]","_tribe_ticket_has_attendee_info_fields":false,"event_start_date":"2023-02-09 13:00:00","event_end_date":"2023-02-09 14:30:00","event_speaker_name":"","event_speaker_link":"","event_is_online":false,"event_location":"Online","event_street":"","event_location_link":"","event_zip_code":"","event_city":"","event_country":"LU"},"events-topic":[312],"events-type":[],"organisation":[221,226],"authorship":[],"acf":[],"yoast_head":"<!-- This site is optimized with the Yoast SEO Premium plugin v22.3 (Yoast SEO v22.3) - https:\/\/yoast.com\/wordpress\/plugins\/seo\/ -->\n<title>Table-ronde : usages p\u00e9dagogiques de ChatGPT - Universit\u00e9 du Luxembourg<\/title>\n<meta name=\"description\" content=\"Cette table ronde sera l&#039;occasion de discuter de l&#039;usage de ChatGPT dans l&#039;enseignement sup\u00e9rieur.\" \/>\n<meta name=\"robots\" content=\"index, follow, max-snippet:-1, max-image-preview:large, max-video-preview:-1\" \/>\n<link rel=\"canonical\" href=\"https:\/\/www.uni.lu\/fr\/events\/table-ronde-usages-pedagogiques-de-chatgpt\/\" \/>\n<meta property=\"og:locale\" content=\"fr_FR\" \/>\n<meta property=\"og:type\" content=\"article\" \/>\n<meta property=\"og:title\" content=\"Table-ronde : usages p\u00e9dagogiques de ChatGPT\" \/>\n<meta property=\"og:description\" content=\"Cette table ronde sera l&#039;occasion de discuter de l&#039;usage de ChatGPT dans l&#039;enseignement sup\u00e9rieur.\" \/>\n<meta property=\"og:url\" content=\"https:\/\/www.uni.lu\/fr\/events\/table-ronde-usages-pedagogiques-de-chatgpt\/\" \/>\n<meta property=\"og:site_name\" content=\"UNI FR\" \/>\n<meta property=\"article:publisher\" content=\"https:\/\/www.facebook.com\/uni.lu\" \/>\n<meta property=\"og:image\" content=\"https:\/\/www.uni.lu\/wp-content\/uploads\/sites\/11\/2026\/03\/03120045\/UNIV_SM-Profile_1600x1600px-scaled.jpg\" \/>\n\t<meta property=\"og:image:width\" content=\"2560\" \/>\n\t<meta property=\"og:image:height\" content=\"2560\" \/>\n\t<meta property=\"og:image:type\" content=\"image\/jpeg\" \/>\n<meta name=\"twitter:card\" content=\"summary_large_image\" \/>\n<meta name=\"twitter:label1\" content=\"Dur\u00e9e de lecture estim\u00e9e\" \/>\n\t<meta name=\"twitter:data1\" content=\"1 minute\" \/>\n<script type=\"application\/ld+json\" class=\"yoast-schema-graph\">{\"@context\":\"https:\/\/schema.org\",\"@graph\":[{\"@type\":\"WebPage\",\"@id\":\"https:\/\/www.uni.lu\/fr\/events\/table-ronde-usages-pedagogiques-de-chatgpt\/\",\"url\":\"https:\/\/www.uni.lu\/fr\/events\/table-ronde-usages-pedagogiques-de-chatgpt\/\",\"name\":\"Table-ronde : usages p\u00e9dagogiques de ChatGPT - Universit\u00e9 du Luxembourg\",\"isPartOf\":{\"@id\":\"https:\/\/www.uni.lu\/fr\/#website\"},\"primaryImageOfPage\":{\"@id\":\"https:\/\/www.uni.lu\/fr\/events\/table-ronde-usages-pedagogiques-de-chatgpt\/#primaryimage\"},\"image\":{\"@id\":\"https:\/\/www.uni.lu\/fr\/events\/table-ronde-usages-pedagogiques-de-chatgpt\/#primaryimage\"},\"thumbnailUrl\":\"https:\/\/www.uni.lu\/wp-content\/uploads\/sites\/11\/2023\/02\/table_ronde_usages_pedagogiques_de_chatgpt.jpg\",\"datePublished\":\"2023-02-01T07:57:19+00:00\",\"dateModified\":\"2023-02-01T07:57:19+00:00\",\"description\":\"Cette table ronde sera l'occasion de discuter de l'usage de ChatGPT dans l'enseignement sup\u00e9rieur.\",\"breadcrumb\":{\"@id\":\"https:\/\/www.uni.lu\/fr\/events\/table-ronde-usages-pedagogiques-de-chatgpt\/#breadcrumb\"},\"inLanguage\":\"fr-FR\",\"potentialAction\":[{\"@type\":\"ReadAction\",\"target\":[\"https:\/\/www.uni.lu\/fr\/events\/table-ronde-usages-pedagogiques-de-chatgpt\/\"]}]},{\"@type\":\"ImageObject\",\"inLanguage\":\"fr-FR\",\"@id\":\"https:\/\/www.uni.lu\/fr\/events\/table-ronde-usages-pedagogiques-de-chatgpt\/#primaryimage\",\"url\":\"https:\/\/www.uni.lu\/wp-content\/uploads\/sites\/11\/2023\/02\/table_ronde_usages_pedagogiques_de_chatgpt.jpg\",\"contentUrl\":\"https:\/\/www.uni.lu\/wp-content\/uploads\/sites\/11\/2023\/02\/table_ronde_usages_pedagogiques_de_chatgpt.jpg\",\"width\":800,\"height\":600},{\"@type\":\"BreadcrumbList\",\"@id\":\"https:\/\/www.uni.lu\/fr\/events\/table-ronde-usages-pedagogiques-de-chatgpt\/#breadcrumb\",\"itemListElement\":[{\"@type\":\"ListItem\",\"position\":1,\"name\":\"Home\",\"item\":\"https:\/\/www.uni.lu\/fr\/\"},{\"@type\":\"ListItem\",\"position\":2,\"name\":\"Events\",\"item\":\"https:\/\/www.uni.lu\/fr\/events\/\"},{\"@type\":\"ListItem\",\"position\":3,\"name\":\"Table-ronde : usages p\u00e9dagogiques de ChatGPT\"}]},{\"@type\":\"WebSite\",\"@id\":\"https:\/\/www.uni.lu\/fr\/#website\",\"url\":\"https:\/\/www.uni.lu\/fr\/\",\"name\":\"Uni.lu\",\"description\":\"Universit\u00e9 du Luxembourg\",\"publisher\":{\"@id\":\"https:\/\/www.uni.lu\/fr\/#organization\"},\"alternateName\":\"Universit\u00e9 du Luxembourg\",\"potentialAction\":[{\"@type\":\"SearchAction\",\"target\":{\"@type\":\"EntryPoint\",\"urlTemplate\":\"https:\/\/www.uni.lu\/fr\/?s={search_term_string}\"},\"query-input\":\"required name=search_term_string\"}],\"inLanguage\":\"fr-FR\"},{\"@type\":\"Organization\",\"@id\":\"https:\/\/www.uni.lu\/fr\/#organization\",\"name\":\"Universit\u00e9 du Luxembourg\",\"alternateName\":\"Uni.lu\",\"url\":\"https:\/\/www.uni.lu\/fr\/\",\"logo\":{\"@type\":\"ImageObject\",\"inLanguage\":\"fr-FR\",\"@id\":\"https:\/\/www.uni.lu\/fr\/#\/schema\/logo\/image\/\",\"url\":\"https:\/\/www.uni.lu\/wp-content\/uploads\/sites\/11\/2026\/03\/03120045\/UNIV_SM-Profile_1600x1600px-scaled.jpg\",\"contentUrl\":\"https:\/\/www.uni.lu\/wp-content\/uploads\/sites\/11\/2026\/03\/03120045\/UNIV_SM-Profile_1600x1600px-scaled.jpg\",\"width\":2560,\"height\":2560,\"caption\":\"Universit\u00e9 du Luxembourg\"},\"image\":\"https:\/\/www.uni.lu\/wp-content\/uploads\/sites\/11\/2026\/04\/24120552\/20200609-Belval-Campus_Henri-Goergen-23.jpg\",\"sameAs\":[\"https:\/\/www.facebook.com\/uni.lu\",\"https:\/\/www.linkedin.com\/school\/university-of-luxembourg\/\",\"https:\/\/www.instagram.com\/uni.lu\",\"https:\/\/www.youtube.com\/@uni_lu\",\"https:\/\/en.wikipedia.org\/wiki\/University_of_Luxembourg\"],\"email\":\"communication@uni.lu\",\"telephone\":\"+352 46 66 44 1\",\"address\":{\"@type\":\"PostalAddress\",\"streetAddress\":\"2, place de l\u2019Universit\u00e9\",\"addressLocality\":\"Esch-sur-Alzette\",\"postalCode\":\"4365\",\"addressCountry\":\"LU\"},\"description\":\"Universit\u00e9 du Luxembourg\"}]}<\/script>\n<!-- \/ Yoast SEO Premium plugin. -->","yoast_head_json":{"title":"Table-ronde : usages p\u00e9dagogiques de ChatGPT - Universit\u00e9 du Luxembourg","description":"Cette table ronde sera l'occasion de discuter de l'usage de ChatGPT dans l'enseignement sup\u00e9rieur.","robots":{"index":"index","follow":"follow","max-snippet":"max-snippet:-1","max-image-preview":"max-image-preview:large","max-video-preview":"max-video-preview:-1"},"canonical":"https:\/\/www.uni.lu\/fr\/events\/table-ronde-usages-pedagogiques-de-chatgpt\/","og_locale":"fr_FR","og_type":"article","og_title":"Table-ronde : usages p\u00e9dagogiques de ChatGPT","og_description":"Cette table ronde sera l'occasion de discuter de l'usage de ChatGPT dans l'enseignement sup\u00e9rieur.","og_url":"https:\/\/www.uni.lu\/fr\/events\/table-ronde-usages-pedagogiques-de-chatgpt\/","og_site_name":"UNI FR","article_publisher":"https:\/\/www.facebook.com\/uni.lu","og_image":[{"width":2560,"height":2560,"url":"https:\/\/www.uni.lu\/wp-content\/uploads\/sites\/11\/2026\/03\/03120045\/UNIV_SM-Profile_1600x1600px-scaled.jpg","type":"image\/jpeg"}],"twitter_card":"summary_large_image","twitter_misc":{"Dur\u00e9e de lecture estim\u00e9e":"1 minute"},"schema":{"@context":"https:\/\/schema.org","@graph":[{"@type":"WebPage","@id":"https:\/\/www.uni.lu\/fr\/events\/table-ronde-usages-pedagogiques-de-chatgpt\/","url":"https:\/\/www.uni.lu\/fr\/events\/table-ronde-usages-pedagogiques-de-chatgpt\/","name":"Table-ronde : usages p\u00e9dagogiques de ChatGPT - Universit\u00e9 du Luxembourg","isPartOf":{"@id":"https:\/\/www.uni.lu\/fr\/#website"},"primaryImageOfPage":{"@id":"https:\/\/www.uni.lu\/fr\/events\/table-ronde-usages-pedagogiques-de-chatgpt\/#primaryimage"},"image":{"@id":"https:\/\/www.uni.lu\/fr\/events\/table-ronde-usages-pedagogiques-de-chatgpt\/#primaryimage"},"thumbnailUrl":"https:\/\/www.uni.lu\/wp-content\/uploads\/sites\/11\/2023\/02\/table_ronde_usages_pedagogiques_de_chatgpt.jpg","datePublished":"2023-02-01T07:57:19+00:00","dateModified":"2023-02-01T07:57:19+00:00","description":"Cette table ronde sera l'occasion de discuter de l'usage de ChatGPT dans l'enseignement sup\u00e9rieur.","breadcrumb":{"@id":"https:\/\/www.uni.lu\/fr\/events\/table-ronde-usages-pedagogiques-de-chatgpt\/#breadcrumb"},"inLanguage":"fr-FR","potentialAction":[{"@type":"ReadAction","target":["https:\/\/www.uni.lu\/fr\/events\/table-ronde-usages-pedagogiques-de-chatgpt\/"]}]},{"@type":"ImageObject","inLanguage":"fr-FR","@id":"https:\/\/www.uni.lu\/fr\/events\/table-ronde-usages-pedagogiques-de-chatgpt\/#primaryimage","url":"https:\/\/www.uni.lu\/wp-content\/uploads\/sites\/11\/2023\/02\/table_ronde_usages_pedagogiques_de_chatgpt.jpg","contentUrl":"https:\/\/www.uni.lu\/wp-content\/uploads\/sites\/11\/2023\/02\/table_ronde_usages_pedagogiques_de_chatgpt.jpg","width":800,"height":600},{"@type":"BreadcrumbList","@id":"https:\/\/www.uni.lu\/fr\/events\/table-ronde-usages-pedagogiques-de-chatgpt\/#breadcrumb","itemListElement":[{"@type":"ListItem","position":1,"name":"Home","item":"https:\/\/www.uni.lu\/fr\/"},{"@type":"ListItem","position":2,"name":"Events","item":"https:\/\/www.uni.lu\/fr\/events\/"},{"@type":"ListItem","position":3,"name":"Table-ronde : usages p\u00e9dagogiques de ChatGPT"}]},{"@type":"WebSite","@id":"https:\/\/www.uni.lu\/fr\/#website","url":"https:\/\/www.uni.lu\/fr\/","name":"Uni.lu","description":"Universit\u00e9 du Luxembourg","publisher":{"@id":"https:\/\/www.uni.lu\/fr\/#organization"},"alternateName":"Universit\u00e9 du Luxembourg","potentialAction":[{"@type":"SearchAction","target":{"@type":"EntryPoint","urlTemplate":"https:\/\/www.uni.lu\/fr\/?s={search_term_string}"},"query-input":"required name=search_term_string"}],"inLanguage":"fr-FR"},{"@type":"Organization","@id":"https:\/\/www.uni.lu\/fr\/#organization","name":"Universit\u00e9 du Luxembourg","alternateName":"Uni.lu","url":"https:\/\/www.uni.lu\/fr\/","logo":{"@type":"ImageObject","inLanguage":"fr-FR","@id":"https:\/\/www.uni.lu\/fr\/#\/schema\/logo\/image\/","url":"https:\/\/www.uni.lu\/wp-content\/uploads\/sites\/11\/2026\/03\/03120045\/UNIV_SM-Profile_1600x1600px-scaled.jpg","contentUrl":"https:\/\/www.uni.lu\/wp-content\/uploads\/sites\/11\/2026\/03\/03120045\/UNIV_SM-Profile_1600x1600px-scaled.jpg","width":2560,"height":2560,"caption":"Universit\u00e9 du Luxembourg"},"image":"https:\/\/www.uni.lu\/wp-content\/uploads\/sites\/11\/2026\/04\/24120552\/20200609-Belval-Campus_Henri-Goergen-23.jpg","sameAs":["https:\/\/www.facebook.com\/uni.lu","https:\/\/www.linkedin.com\/school\/university-of-luxembourg\/","https:\/\/www.instagram.com\/uni.lu","https:\/\/www.youtube.com\/@uni_lu","https:\/\/en.wikipedia.org\/wiki\/University_of_Luxembourg"],"email":"communication@uni.lu","telephone":"+352 46 66 44 1","address":{"@type":"PostalAddress","streetAddress":"2, place de l\u2019Universit\u00e9","addressLocality":"Esch-sur-Alzette","postalCode":"4365","addressCountry":"LU"},"description":"Universit\u00e9 du Luxembourg"}]}},"_links":{"self":[{"href":"https:\/\/www.uni.lu\/fr\/wp-json\/wp\/v2\/events\/9212"}],"collection":[{"href":"https:\/\/www.uni.lu\/fr\/wp-json\/wp\/v2\/events"}],"about":[{"href":"https:\/\/www.uni.lu\/fr\/wp-json\/wp\/v2\/types\/events"}],"replies":[{"embeddable":true,"href":"https:\/\/www.uni.lu\/fr\/wp-json\/wp\/v2\/comments?post=9212"}],"version-history":[{"count":0,"href":"https:\/\/www.uni.lu\/fr\/wp-json\/wp\/v2\/events\/9212\/revisions"}],"wp:featuredmedia":[{"embeddable":true,"href":"https:\/\/www.uni.lu\/fr\/wp-json\/wp\/v2\/media\/9213"}],"wp:attachment":[{"href":"https:\/\/www.uni.lu\/fr\/wp-json\/wp\/v2\/media?parent=9212"}],"wp:term":[{"taxonomy":"events-topic","embeddable":true,"href":"https:\/\/www.uni.lu\/fr\/wp-json\/wp\/v2\/events-topic?post=9212"},{"taxonomy":"events-type","embeddable":true,"href":"https:\/\/www.uni.lu\/fr\/wp-json\/wp\/v2\/events-type?post=9212"},{"taxonomy":"organisation","embeddable":true,"href":"https:\/\/www.uni.lu\/fr\/wp-json\/wp\/v2\/organisation?post=9212"}],"curies":[{"name":"wp","href":"https:\/\/api.w.org\/{rel}","templated":true}]}}