{"id":9151,"date":"2022-12-05T09:51:12","date_gmt":"2022-12-05T08:51:12","guid":{"rendered":"https:\/\/www.uni.lu\/fr\/events\/leconomie-des-medias-a-lere-de-la-plateformisation\/"},"modified":"2022-12-05T09:51:12","modified_gmt":"2022-12-05T08:51:12","slug":"leconomie-des-medias-a-lere-de-la-plateformisation","status":"publish","type":"events","link":"https:\/\/www.uni.lu\/fr\/events\/leconomie-des-medias-a-lere-de-la-plateformisation\/","title":{"rendered":"L\u2019\u00e9conomie des m\u00e9dias \u00e0 l\u2019\u00e8re de la plateformisation"},"content":{"rendered":"<section class=\"wp-block-unilux-blocks-free-section section\"><div class=\"container xl:max-w-screen-xl\"><p>Dans le cadre du projet Medialux de l\u2019Universit\u00e9 du Luxembourg, coordonn\u00e9 par Dr. Rapha\u00ebl Kies et Dr. St\u00e9phanie Lukasik, le Professeur en Sciences de l\u2019information et la communication, Alexandre Joux tiendra une conf\u00e9rence le 6 d\u00e9cembre 2022 de 14h \u00e0 15h45 en ligne sur L\u2019\u00e9conomie des m\u00e9dias \u00e0 l\u2019\u00e8re de la plateformisation.<\/p>\n<h3 class=\"has-text-align-left wp-block-unilux-blocks-heading\"        id=\"sujet-de-la-conference\"\n    >\nSujet de la conf\u00e9rence<\/h3>\n<p>L\u2019\u00e9conomie des m\u00e9dias a longtemps \u00e9t\u00e9 consid\u00e9r\u00e9e selon une approche sectorielle qui a repos\u00e9 sur l&rsquo;\u00e9conomie industrielle et qui a accompagn\u00e9 les politiques de concurrence et de r\u00e9gulation. Avec la digitalisation, cette approche vole en \u00e9clats en passant d&rsquo;une logique de l&rsquo;offre \u00e0 une logique de la demande interfac\u00e9e avec les moyens de diffusion des contenus. Or, cette nouvelle logique n\u2019est pas prise en compte dans la r\u00e9gulation car elle omet de penser les m\u00e9dias comme des \u00e9cosyst\u00e8mes en int\u00e9grant les plateformes. Alexandre Joux pr\u00e9sentera son approche pour penser la plateformisation. Une approche qui repose sur l&rsquo;analyse des strat\u00e9gies des acteurs.<\/p>\n<h3 class=\"has-text-align-left wp-block-unilux-blocks-heading\"        id=\"alexandre-joux\"\n    >\nAlexandre Joux<\/h3>\n<p><a href=\"https:\/\/irsic.univ-amu.fr\/Alexandre-JOUX\" target=\"_self\" title=\"Alexandre Joux\" rel=\"noopener\">Alexandre Joux<\/a> est Professeur en Sciences de l\u2019information et de la communication \u00e0 Aix-Marseille Universit\u00e9 et chercheur \u00e0 l\u2019Institut M\u00e9diterran\u00e9en des Sciences de l\u2019Information et de la Communication (IMSIC) en France. Il a \u00e9t\u00e9 Directeur de l\u2019\u00c9cole de Journalisme et de Communication d\u2019Aix-Marseille Universit\u00e9 pendant dix ans de 2012 \u00e0 2022. Il est l\u2019auteur de trois ouvrages : L\u2019information d\u2019actualit\u00e9 au prisme des fake news (2018, co-dirig\u00e9 avec Maud P\u00e9lissier), L\u2019Introduction \u00e0 l\u2019\u00e9conomie des m\u00e9dias (2014 co-\u00e9crit avec Marc Bassoni), Les Nouvelles fronti\u00e8res du Net. A qui appartient l\u2019Internet ? (2010, co-\u00e9crit avec Laure Kaltenbach). Alexandre Joux a \u00e9galement r\u00e9dig\u00e9 plusieurs articles dans des revues scientifiques comme Les Enjeux de l\u2019information et de la Communication, Herm\u00e8s, R\u00e9seaux.<\/p><\/div><\/section>","protected":false},"excerpt":{"rendered":"","protected":false},"author":0,"featured_media":9152,"parent":0,"menu_order":0,"comment_status":"open","ping_status":"closed","template":"","format":"standard","meta":{"featured_image_focal_point":[],"show_featured_caption":false,"ulux_newsletter_groups":"","uluxPostTitle":"","uluxPrePostTitle":"","_trash_the_other_posts":false,"_price":"","_stock":"","_tribe_ticket_header":"","_tribe_default_ticket_provider":"","_tribe_ticket_capacity":"0","_ticket_start_date":"","_ticket_end_date":"","_tribe_ticket_show_description":"","_tribe_ticket_show_not_going":false,"_tribe_ticket_use_global_stock":"","_tribe_ticket_global_stock_level":"","_global_stock_mode":"","_global_stock_cap":"","_tribe_rsvp_for_event":"","_tribe_ticket_going_count":"","_tribe_ticket_not_going_count":"","_tribe_tickets_list":"[]","_tribe_ticket_has_attendee_info_fields":false,"event_start_date":"2022-12-06 14:00:00","event_end_date":"2022-12-06 15:45:00","event_speaker_name":"Prof. Alexandre Joux","event_speaker_link":"","event_is_online":false,"event_location":"En ligne","event_street":"","event_location_link":"","event_zip_code":"","event_city":"","event_country":"LU"},"events-topic":[],"events-type":[],"organisation":[226],"authorship":[],"acf":[],"yoast_head":"<!-- This site is optimized with the Yoast SEO Premium plugin v22.3 (Yoast SEO v22.3) - https:\/\/yoast.com\/wordpress\/plugins\/seo\/ -->\n<title>L\u2019\u00e9conomie des m\u00e9dias \u00e0 l\u2019\u00e8re de la plateformisation - Universit\u00e9 du Luxembourg<\/title>\n<meta name=\"description\" content=\"Dans le cadre du projet Medialux de l\u2019Universit\u00e9 du Luxembourg, coordonn\u00e9 par Dr. Rapha\u00ebl Kies et Dr. St\u00e9phanie Lukasik, le Professeur en Sciences de\" \/>\n<meta name=\"robots\" content=\"index, follow, max-snippet:-1, max-image-preview:large, max-video-preview:-1\" \/>\n<link rel=\"canonical\" href=\"https:\/\/www.uni.lu\/fr\/events\/leconomie-des-medias-a-lere-de-la-plateformisation\/\" \/>\n<meta property=\"og:locale\" content=\"fr_FR\" \/>\n<meta property=\"og:type\" content=\"article\" \/>\n<meta property=\"og:title\" content=\"L\u2019\u00e9conomie des m\u00e9dias \u00e0 l\u2019\u00e8re de la plateformisation\" \/>\n<meta property=\"og:description\" content=\"Dans le cadre du projet Medialux de l\u2019Universit\u00e9 du Luxembourg, coordonn\u00e9 par Dr. Rapha\u00ebl Kies et Dr. St\u00e9phanie Lukasik, le Professeur en Sciences de\" \/>\n<meta property=\"og:url\" content=\"https:\/\/www.uni.lu\/fr\/events\/leconomie-des-medias-a-lere-de-la-plateformisation\/\" \/>\n<meta property=\"og:site_name\" content=\"UNI FR\" \/>\n<meta property=\"article:publisher\" content=\"https:\/\/www.facebook.com\/uni.lu\" \/>\n<meta property=\"og:image\" content=\"https:\/\/www.uni.lu\/wp-content\/uploads\/sites\/11\/2026\/03\/03120045\/UNIV_SM-Profile_1600x1600px-scaled.jpg\" \/>\n\t<meta property=\"og:image:width\" content=\"2560\" \/>\n\t<meta property=\"og:image:height\" content=\"2560\" \/>\n\t<meta property=\"og:image:type\" content=\"image\/jpeg\" \/>\n<meta name=\"twitter:card\" content=\"summary_large_image\" \/>\n<meta name=\"twitter:label1\" content=\"Dur\u00e9e de lecture estim\u00e9e\" \/>\n\t<meta name=\"twitter:data1\" content=\"1 minute\" \/>\n<script type=\"application\/ld+json\" class=\"yoast-schema-graph\">{\"@context\":\"https:\/\/schema.org\",\"@graph\":[{\"@type\":\"WebPage\",\"@id\":\"https:\/\/www.uni.lu\/fr\/events\/leconomie-des-medias-a-lere-de-la-plateformisation\/\",\"url\":\"https:\/\/www.uni.lu\/fr\/events\/leconomie-des-medias-a-lere-de-la-plateformisation\/\",\"name\":\"L\u2019\u00e9conomie des m\u00e9dias \u00e0 l\u2019\u00e8re de la plateformisation - Universit\u00e9 du Luxembourg\",\"isPartOf\":{\"@id\":\"https:\/\/www.uni.lu\/fr\/#website\"},\"primaryImageOfPage\":{\"@id\":\"https:\/\/www.uni.lu\/fr\/events\/leconomie-des-medias-a-lere-de-la-plateformisation\/#primaryimage\"},\"image\":{\"@id\":\"https:\/\/www.uni.lu\/fr\/events\/leconomie-des-medias-a-lere-de-la-plateformisation\/#primaryimage\"},\"thumbnailUrl\":\"https:\/\/www.uni.lu\/wp-content\/uploads\/sites\/11\/2022\/12\/l_economie_des_medias_a_l_ere_de_la_plateformisation.jpg\",\"datePublished\":\"2022-12-05T08:51:12+00:00\",\"dateModified\":\"2022-12-05T08:51:12+00:00\",\"description\":\"Dans le cadre du projet Medialux de l\u2019Universit\u00e9 du Luxembourg, coordonn\u00e9 par Dr. Rapha\u00ebl Kies et Dr. St\u00e9phanie Lukasik, le Professeur en Sciences de\",\"breadcrumb\":{\"@id\":\"https:\/\/www.uni.lu\/fr\/events\/leconomie-des-medias-a-lere-de-la-plateformisation\/#breadcrumb\"},\"inLanguage\":\"fr-FR\",\"potentialAction\":[{\"@type\":\"ReadAction\",\"target\":[\"https:\/\/www.uni.lu\/fr\/events\/leconomie-des-medias-a-lere-de-la-plateformisation\/\"]}]},{\"@type\":\"ImageObject\",\"inLanguage\":\"fr-FR\",\"@id\":\"https:\/\/www.uni.lu\/fr\/events\/leconomie-des-medias-a-lere-de-la-plateformisation\/#primaryimage\",\"url\":\"https:\/\/www.uni.lu\/wp-content\/uploads\/sites\/11\/2022\/12\/l_economie_des_medias_a_l_ere_de_la_plateformisation.jpg\",\"contentUrl\":\"https:\/\/www.uni.lu\/wp-content\/uploads\/sites\/11\/2022\/12\/l_economie_des_medias_a_l_ere_de_la_plateformisation.jpg\",\"width\":800,\"height\":600},{\"@type\":\"BreadcrumbList\",\"@id\":\"https:\/\/www.uni.lu\/fr\/events\/leconomie-des-medias-a-lere-de-la-plateformisation\/#breadcrumb\",\"itemListElement\":[{\"@type\":\"ListItem\",\"position\":1,\"name\":\"Home\",\"item\":\"https:\/\/www.uni.lu\/fr\/\"},{\"@type\":\"ListItem\",\"position\":2,\"name\":\"Events\",\"item\":\"https:\/\/www.uni.lu\/fr\/events\/\"},{\"@type\":\"ListItem\",\"position\":3,\"name\":\"L\u2019\u00e9conomie des m\u00e9dias \u00e0 l\u2019\u00e8re de la plateformisation\"}]},{\"@type\":\"WebSite\",\"@id\":\"https:\/\/www.uni.lu\/fr\/#website\",\"url\":\"https:\/\/www.uni.lu\/fr\/\",\"name\":\"Uni.lu\",\"description\":\"Universit\u00e9 du Luxembourg\",\"publisher\":{\"@id\":\"https:\/\/www.uni.lu\/fr\/#organization\"},\"alternateName\":\"Universit\u00e9 du Luxembourg\",\"potentialAction\":[{\"@type\":\"SearchAction\",\"target\":{\"@type\":\"EntryPoint\",\"urlTemplate\":\"https:\/\/www.uni.lu\/fr\/?s={search_term_string}\"},\"query-input\":\"required name=search_term_string\"}],\"inLanguage\":\"fr-FR\"},{\"@type\":\"Organization\",\"@id\":\"https:\/\/www.uni.lu\/fr\/#organization\",\"name\":\"Universit\u00e9 du Luxembourg\",\"alternateName\":\"Uni.lu\",\"url\":\"https:\/\/www.uni.lu\/fr\/\",\"logo\":{\"@type\":\"ImageObject\",\"inLanguage\":\"fr-FR\",\"@id\":\"https:\/\/www.uni.lu\/fr\/#\/schema\/logo\/image\/\",\"url\":\"https:\/\/www.uni.lu\/wp-content\/uploads\/sites\/11\/2026\/03\/03120045\/UNIV_SM-Profile_1600x1600px-scaled.jpg\",\"contentUrl\":\"https:\/\/www.uni.lu\/wp-content\/uploads\/sites\/11\/2026\/03\/03120045\/UNIV_SM-Profile_1600x1600px-scaled.jpg\",\"width\":2560,\"height\":2560,\"caption\":\"Universit\u00e9 du Luxembourg\"},\"image\":\"https:\/\/www.uni.lu\/wp-content\/uploads\/sites\/11\/2026\/04\/24120552\/20200609-Belval-Campus_Henri-Goergen-23.jpg\",\"sameAs\":[\"https:\/\/www.facebook.com\/uni.lu\",\"https:\/\/www.linkedin.com\/school\/university-of-luxembourg\/\",\"https:\/\/www.instagram.com\/uni.lu\",\"https:\/\/www.youtube.com\/@uni_lu\",\"https:\/\/en.wikipedia.org\/wiki\/University_of_Luxembourg\"],\"email\":\"communication@uni.lu\",\"telephone\":\"+352 46 66 44 1\",\"address\":{\"@type\":\"PostalAddress\",\"streetAddress\":\"2, place de l\u2019Universit\u00e9\",\"addressLocality\":\"Esch-sur-Alzette\",\"postalCode\":\"4365\",\"addressCountry\":\"LU\"},\"description\":\"Universit\u00e9 du Luxembourg\"}]}<\/script>\n<!-- \/ Yoast SEO Premium plugin. -->","yoast_head_json":{"title":"L\u2019\u00e9conomie des m\u00e9dias \u00e0 l\u2019\u00e8re de la plateformisation - Universit\u00e9 du Luxembourg","description":"Dans le cadre du projet Medialux de l\u2019Universit\u00e9 du Luxembourg, coordonn\u00e9 par Dr. Rapha\u00ebl Kies et Dr. St\u00e9phanie Lukasik, le Professeur en Sciences de","robots":{"index":"index","follow":"follow","max-snippet":"max-snippet:-1","max-image-preview":"max-image-preview:large","max-video-preview":"max-video-preview:-1"},"canonical":"https:\/\/www.uni.lu\/fr\/events\/leconomie-des-medias-a-lere-de-la-plateformisation\/","og_locale":"fr_FR","og_type":"article","og_title":"L\u2019\u00e9conomie des m\u00e9dias \u00e0 l\u2019\u00e8re de la plateformisation","og_description":"Dans le cadre du projet Medialux de l\u2019Universit\u00e9 du Luxembourg, coordonn\u00e9 par Dr. Rapha\u00ebl Kies et Dr. St\u00e9phanie Lukasik, le Professeur en Sciences de","og_url":"https:\/\/www.uni.lu\/fr\/events\/leconomie-des-medias-a-lere-de-la-plateformisation\/","og_site_name":"UNI FR","article_publisher":"https:\/\/www.facebook.com\/uni.lu","og_image":[{"width":2560,"height":2560,"url":"https:\/\/www.uni.lu\/wp-content\/uploads\/sites\/11\/2026\/03\/03120045\/UNIV_SM-Profile_1600x1600px-scaled.jpg","type":"image\/jpeg"}],"twitter_card":"summary_large_image","twitter_misc":{"Dur\u00e9e de lecture estim\u00e9e":"1 minute"},"schema":{"@context":"https:\/\/schema.org","@graph":[{"@type":"WebPage","@id":"https:\/\/www.uni.lu\/fr\/events\/leconomie-des-medias-a-lere-de-la-plateformisation\/","url":"https:\/\/www.uni.lu\/fr\/events\/leconomie-des-medias-a-lere-de-la-plateformisation\/","name":"L\u2019\u00e9conomie des m\u00e9dias \u00e0 l\u2019\u00e8re de la plateformisation - Universit\u00e9 du Luxembourg","isPartOf":{"@id":"https:\/\/www.uni.lu\/fr\/#website"},"primaryImageOfPage":{"@id":"https:\/\/www.uni.lu\/fr\/events\/leconomie-des-medias-a-lere-de-la-plateformisation\/#primaryimage"},"image":{"@id":"https:\/\/www.uni.lu\/fr\/events\/leconomie-des-medias-a-lere-de-la-plateformisation\/#primaryimage"},"thumbnailUrl":"https:\/\/www.uni.lu\/wp-content\/uploads\/sites\/11\/2022\/12\/l_economie_des_medias_a_l_ere_de_la_plateformisation.jpg","datePublished":"2022-12-05T08:51:12+00:00","dateModified":"2022-12-05T08:51:12+00:00","description":"Dans le cadre du projet Medialux de l\u2019Universit\u00e9 du Luxembourg, coordonn\u00e9 par Dr. Rapha\u00ebl Kies et Dr. St\u00e9phanie Lukasik, le Professeur en Sciences de","breadcrumb":{"@id":"https:\/\/www.uni.lu\/fr\/events\/leconomie-des-medias-a-lere-de-la-plateformisation\/#breadcrumb"},"inLanguage":"fr-FR","potentialAction":[{"@type":"ReadAction","target":["https:\/\/www.uni.lu\/fr\/events\/leconomie-des-medias-a-lere-de-la-plateformisation\/"]}]},{"@type":"ImageObject","inLanguage":"fr-FR","@id":"https:\/\/www.uni.lu\/fr\/events\/leconomie-des-medias-a-lere-de-la-plateformisation\/#primaryimage","url":"https:\/\/www.uni.lu\/wp-content\/uploads\/sites\/11\/2022\/12\/l_economie_des_medias_a_l_ere_de_la_plateformisation.jpg","contentUrl":"https:\/\/www.uni.lu\/wp-content\/uploads\/sites\/11\/2022\/12\/l_economie_des_medias_a_l_ere_de_la_plateformisation.jpg","width":800,"height":600},{"@type":"BreadcrumbList","@id":"https:\/\/www.uni.lu\/fr\/events\/leconomie-des-medias-a-lere-de-la-plateformisation\/#breadcrumb","itemListElement":[{"@type":"ListItem","position":1,"name":"Home","item":"https:\/\/www.uni.lu\/fr\/"},{"@type":"ListItem","position":2,"name":"Events","item":"https:\/\/www.uni.lu\/fr\/events\/"},{"@type":"ListItem","position":3,"name":"L\u2019\u00e9conomie des m\u00e9dias \u00e0 l\u2019\u00e8re de la plateformisation"}]},{"@type":"WebSite","@id":"https:\/\/www.uni.lu\/fr\/#website","url":"https:\/\/www.uni.lu\/fr\/","name":"Uni.lu","description":"Universit\u00e9 du Luxembourg","publisher":{"@id":"https:\/\/www.uni.lu\/fr\/#organization"},"alternateName":"Universit\u00e9 du Luxembourg","potentialAction":[{"@type":"SearchAction","target":{"@type":"EntryPoint","urlTemplate":"https:\/\/www.uni.lu\/fr\/?s={search_term_string}"},"query-input":"required name=search_term_string"}],"inLanguage":"fr-FR"},{"@type":"Organization","@id":"https:\/\/www.uni.lu\/fr\/#organization","name":"Universit\u00e9 du Luxembourg","alternateName":"Uni.lu","url":"https:\/\/www.uni.lu\/fr\/","logo":{"@type":"ImageObject","inLanguage":"fr-FR","@id":"https:\/\/www.uni.lu\/fr\/#\/schema\/logo\/image\/","url":"https:\/\/www.uni.lu\/wp-content\/uploads\/sites\/11\/2026\/03\/03120045\/UNIV_SM-Profile_1600x1600px-scaled.jpg","contentUrl":"https:\/\/www.uni.lu\/wp-content\/uploads\/sites\/11\/2026\/03\/03120045\/UNIV_SM-Profile_1600x1600px-scaled.jpg","width":2560,"height":2560,"caption":"Universit\u00e9 du Luxembourg"},"image":"https:\/\/www.uni.lu\/wp-content\/uploads\/sites\/11\/2026\/04\/24120552\/20200609-Belval-Campus_Henri-Goergen-23.jpg","sameAs":["https:\/\/www.facebook.com\/uni.lu","https:\/\/www.linkedin.com\/school\/university-of-luxembourg\/","https:\/\/www.instagram.com\/uni.lu","https:\/\/www.youtube.com\/@uni_lu","https:\/\/en.wikipedia.org\/wiki\/University_of_Luxembourg"],"email":"communication@uni.lu","telephone":"+352 46 66 44 1","address":{"@type":"PostalAddress","streetAddress":"2, place de l\u2019Universit\u00e9","addressLocality":"Esch-sur-Alzette","postalCode":"4365","addressCountry":"LU"},"description":"Universit\u00e9 du Luxembourg"}]}},"_links":{"self":[{"href":"https:\/\/www.uni.lu\/fr\/wp-json\/wp\/v2\/events\/9151"}],"collection":[{"href":"https:\/\/www.uni.lu\/fr\/wp-json\/wp\/v2\/events"}],"about":[{"href":"https:\/\/www.uni.lu\/fr\/wp-json\/wp\/v2\/types\/events"}],"replies":[{"embeddable":true,"href":"https:\/\/www.uni.lu\/fr\/wp-json\/wp\/v2\/comments?post=9151"}],"version-history":[{"count":0,"href":"https:\/\/www.uni.lu\/fr\/wp-json\/wp\/v2\/events\/9151\/revisions"}],"wp:featuredmedia":[{"embeddable":true,"href":"https:\/\/www.uni.lu\/fr\/wp-json\/wp\/v2\/media\/9152"}],"wp:attachment":[{"href":"https:\/\/www.uni.lu\/fr\/wp-json\/wp\/v2\/media?parent=9151"}],"wp:term":[{"taxonomy":"events-topic","embeddable":true,"href":"https:\/\/www.uni.lu\/fr\/wp-json\/wp\/v2\/events-topic?post=9151"},{"taxonomy":"events-type","embeddable":true,"href":"https:\/\/www.uni.lu\/fr\/wp-json\/wp\/v2\/events-type?post=9151"},{"taxonomy":"organisation","embeddable":true,"href":"https:\/\/www.uni.lu\/fr\/wp-json\/wp\/v2\/organisation?post=9151"}],"curies":[{"name":"wp","href":"https:\/\/api.w.org\/{rel}","templated":true}]}}