{"id":9149,"date":"2022-11-30T10:16:36","date_gmt":"2022-11-30T09:16:36","guid":{"rendered":"https:\/\/www.uni.lu\/fr\/events\/abschiedsvortrag-der-geist-ein-kreatives-meisterstuck-unseres-gehirns\/"},"modified":"2022-11-30T10:16:36","modified_gmt":"2022-11-30T09:16:36","slug":"abschiedsvortrag-der-geist-ein-kreatives-meisterstuck-unseres-gehirns","status":"publish","type":"events","link":"https:\/\/www.uni.lu\/fr\/events\/abschiedsvortrag-der-geist-ein-kreatives-meisterstuck-unseres-gehirns\/","title":{"rendered":"Abschiedsvortrag: Der Geist, ein kreatives Meisterst\u00fcck unseres Gehirns?"},"content":{"rendered":"<section class=\"wp-block-unilux-blocks-free-section section\"><div class=\"container xl:max-w-screen-xl\"><p>Seit Anbeginn der Menschheit fragen wir uns, ob unser Geist (unsere Seele) und unser K\u00f6rper verschieden voneinander sind und unabh\u00e4ngig voneinander existieren, oder ob unser K\u00f6rper den Geist letztendlich hervorbringt. Diskussionen dieses Leib-Seele-Problems wurden \u00fcber sehr lange Zeit haupts\u00e4chlich durch mystische, religi\u00f6se und philosophische Vorstellungen gepr\u00e4gt. In neuester Zeit hat sich allerdings die Hirnforschung und speziell die Neurobiologie des Verhaltens rasant entwickelt \u2013 m\u00f6glichweise kann sie wesentliche Befunde und Argumente zur Kl\u00e4rung des Problems beitragen. Auf diese naturwissenschaftlichen bzw. biologischen Beitr\u00e4ge soll im Vortrag besonders eingegangen werden.<\/p><p>Fernand Anton, Senior-Professor f\u00fcr biologische Psychologie an der Universit\u00e4t Luxemburg, promovierte 1983 an der Universit\u00e4t Innsbruck und verbrachte anschlie\u00dfend Postdoc-Phasen<\/p><p>am Institut f\u00fcr Physiologie der Universit\u00e4t Heidelberg bzw. an den National Institutes of Health (Bethesda, USA). Bevor er an die Universit\u00e4t Luxemburg kam, war er wissenschaftlicher Mitarbeiter am Institut f\u00fcr Physiologie der Universit\u00e4t Erlangen-N\u00fcrnberg, wo er 1994 habilitierte. Sein Fachgebiet ist die Neurophysiologie der nozizeptiven Verarbeitung und die Messung von Schmerzen bei Tieren und Menschen.<\/p><p>Kontat: <a href=\"mailto:andre.melzer@uni.lu\" target=\"_self\" title=\"\" rel=\"noopener\">andre.melzer@uni.lu<\/a><\/p>Foto: tageblatt.lu<\/div><\/section>","protected":false},"excerpt":{"rendered":"<p>Seit Anbeginn der Menschheit fragen wir uns, ob unser Geist (unsere Seele) und unser K\u00f6rper verschieden voneinander sind und unabh\u00e4ngig voneinander existieren, oder ob unser K\u00f6rper den Geist letztendlich hervorbringt. Diskussionen dieses Leib-Seele-Problems wurden \u00fcber sehr lange Zeit haupts\u00e4chlich durch mystische, religi\u00f6se und philosophische Vorstellungen gepr\u00e4gt. In neuester Zeit hat sich allerdings die Hirnforschung und speziell die Neurobiologie des Verhaltens rasant entwickelt \u2013 m\u00f6glichweise kann sie wesentliche Befunde und Argumente zur Kl\u00e4rung des Problems beitragen. Auf diese naturwissenschaftlichen bzw. biologischen Beitr\u00e4ge soll im Vortrag besonders eingegangen werden.Fernand Anton, Senior-Professor f\u00fcr biologische Psychologie an der Universit\u00e4t Luxemburg, promovierte 1983 an der Universit\u00e4t Innsbruck und verbrachte anschlie\u00dfend Postdoc-Phasenam Institut f\u00fcr Physiologie der Universit\u00e4t Heidelberg bzw. an den National Institutes of Health (Bethesda, USA). Bevor er an die Universit\u00e4t Luxemburg kam, war er wissenschaftlicher Mitarbeiter am Institut f\u00fcr Physiologie der Universit\u00e4t Erlangen-N\u00fcrnberg, wo er 1994 habilitierte. Sein Fachgebiet ist die Neurophysiologie der nozizeptiven Verarbeitung und die Messung von Schmerzen bei Tieren und Menschen.Kontat: andre.melzer@uni.luFoto: tageblatt.lu<\/p>\n","protected":false},"author":0,"featured_media":9150,"parent":0,"menu_order":0,"comment_status":"open","ping_status":"closed","template":"","format":"standard","meta":{"featured_image_focal_point":[],"show_featured_caption":false,"ulux_newsletter_groups":"","uluxPostTitle":"","uluxPrePostTitle":"","_trash_the_other_posts":false,"_price":"","_stock":"","_tribe_ticket_header":"","_tribe_default_ticket_provider":"","_tribe_ticket_capacity":"0","_ticket_start_date":"","_ticket_end_date":"","_tribe_ticket_show_description":"","_tribe_ticket_show_not_going":false,"_tribe_ticket_use_global_stock":"","_tribe_ticket_global_stock_level":"","_global_stock_mode":"","_global_stock_cap":"","_tribe_rsvp_for_event":"","_tribe_ticket_going_count":"","_tribe_ticket_not_going_count":"","_tribe_tickets_list":"[]","_tribe_ticket_has_attendee_info_fields":false,"event_start_date":"2022-12-08 17:00:00","event_end_date":"2022-12-08 18:30:00","event_speaker_name":"Ferand Anton ","event_speaker_link":"","event_is_online":false,"event_location":"Campus Belval, Maison du Savoir, Raum 3.520","event_street":"","event_location_link":"","event_zip_code":"","event_city":"","event_country":"LU"},"events-topic":[],"events-type":[],"organisation":[147,226],"authorship":[],"acf":[],"yoast_head":"<!-- This site is optimized with the Yoast SEO Premium plugin v22.3 (Yoast SEO v22.3) - https:\/\/yoast.com\/wordpress\/plugins\/seo\/ -->\n<title>Abschiedsvortrag: Der Geist, ein kreatives Meisterst\u00fcck unseres Gehirns? - Universit\u00e9 du Luxembourg<\/title>\n<meta name=\"description\" content=\"Seit Anbeginn der Menschheit fragen wir uns, ob unser Geist (unsere Seele) und unser K\u00f6rper verschieden voneinander sind und unabh\u00e4ngig voneinander existieren, oder ob unser K\u00f6rper den Geist letztendlich hervorbringt. Diskussionen dieses Leib-Seele-Problems wurden \u00fcber sehr lange Zeit haupts\u00e4chlich durch mystische, religi\u00f6se und philosophische Vorstellungen gepr\u00e4gt. In neuester Zeit hat sich allerdings die Hirnforschung und speziell die Neurobiologie des Verhaltens rasant entwickelt \u2013 m\u00f6glichweise kann sie wesentliche Befunde und Argumente zur Kl\u00e4rung des Problems beitragen. Auf diese naturwissenschaftlichen bzw. biologischen Beitr\u00e4ge soll im Vortrag besonders eingegangen werden.Fernand Anton, Senior-Professor f\u00fcr biologische Psychologie an der Universit\u00e4t Luxemburg, promovierte 1983 an der Universit\u00e4t Innsbruck und verbrachte anschlie\u00dfend Postdoc-Phasenam Institut f\u00fcr Physiologie der Universit\u00e4t Heidelberg bzw. an den National Institutes of Health (Bethesda, USA). Bevor er an die Universit\u00e4t Luxemburg kam, war er wissenschaftlicher Mitarbeiter am Institut f\u00fcr Physiologie der Universit\u00e4t Erlangen-N\u00fcrnberg, wo er 1994 habilitierte. Sein Fachgebiet ist die Neurophysiologie der nozizeptiven Verarbeitung und die Messung von Schmerzen bei Tieren und Menschen.Kontat: andre.melzer@uni.luFoto: tageblatt.lu\" \/>\n<meta name=\"robots\" content=\"index, follow, max-snippet:-1, max-image-preview:large, max-video-preview:-1\" \/>\n<link rel=\"canonical\" href=\"https:\/\/www.uni.lu\/fr\/events\/abschiedsvortrag-der-geist-ein-kreatives-meisterstuck-unseres-gehirns\/\" \/>\n<meta property=\"og:locale\" content=\"fr_FR\" \/>\n<meta property=\"og:type\" content=\"article\" \/>\n<meta property=\"og:title\" content=\"Abschiedsvortrag: Der Geist, ein kreatives Meisterst\u00fcck unseres Gehirns?\" \/>\n<meta property=\"og:description\" content=\"Seit Anbeginn der Menschheit fragen wir uns, ob unser Geist (unsere Seele) und unser K\u00f6rper verschieden voneinander sind und unabh\u00e4ngig voneinander existieren, oder ob unser K\u00f6rper den Geist letztendlich hervorbringt. Diskussionen dieses Leib-Seele-Problems wurden \u00fcber sehr lange Zeit haupts\u00e4chlich durch mystische, religi\u00f6se und philosophische Vorstellungen gepr\u00e4gt. In neuester Zeit hat sich allerdings die Hirnforschung und speziell die Neurobiologie des Verhaltens rasant entwickelt \u2013 m\u00f6glichweise kann sie wesentliche Befunde und Argumente zur Kl\u00e4rung des Problems beitragen. Auf diese naturwissenschaftlichen bzw. biologischen Beitr\u00e4ge soll im Vortrag besonders eingegangen werden.Fernand Anton, Senior-Professor f\u00fcr biologische Psychologie an der Universit\u00e4t Luxemburg, promovierte 1983 an der Universit\u00e4t Innsbruck und verbrachte anschlie\u00dfend Postdoc-Phasenam Institut f\u00fcr Physiologie der Universit\u00e4t Heidelberg bzw. an den National Institutes of Health (Bethesda, USA). Bevor er an die Universit\u00e4t Luxemburg kam, war er wissenschaftlicher Mitarbeiter am Institut f\u00fcr Physiologie der Universit\u00e4t Erlangen-N\u00fcrnberg, wo er 1994 habilitierte. Sein Fachgebiet ist die Neurophysiologie der nozizeptiven Verarbeitung und die Messung von Schmerzen bei Tieren und Menschen.Kontat: andre.melzer@uni.luFoto: tageblatt.lu\" \/>\n<meta property=\"og:url\" content=\"https:\/\/www.uni.lu\/fr\/events\/abschiedsvortrag-der-geist-ein-kreatives-meisterstuck-unseres-gehirns\/\" \/>\n<meta property=\"og:site_name\" content=\"UNI FR\" \/>\n<meta property=\"article:publisher\" content=\"https:\/\/www.facebook.com\/uni.lu\" \/>\n<meta property=\"og:image\" content=\"https:\/\/www.uni.lu\/wp-content\/uploads\/sites\/11\/2026\/03\/03120045\/UNIV_SM-Profile_1600x1600px-scaled.jpg\" \/>\n\t<meta property=\"og:image:width\" content=\"2560\" \/>\n\t<meta property=\"og:image:height\" content=\"2560\" \/>\n\t<meta property=\"og:image:type\" content=\"image\/jpeg\" \/>\n<meta name=\"twitter:card\" content=\"summary_large_image\" \/>\n<meta name=\"twitter:label1\" content=\"Dur\u00e9e de lecture estim\u00e9e\" \/>\n\t<meta name=\"twitter:data1\" content=\"1 minute\" \/>\n<script type=\"application\/ld+json\" class=\"yoast-schema-graph\">{\"@context\":\"https:\/\/schema.org\",\"@graph\":[{\"@type\":\"WebPage\",\"@id\":\"https:\/\/www.uni.lu\/fr\/events\/abschiedsvortrag-der-geist-ein-kreatives-meisterstuck-unseres-gehirns\/\",\"url\":\"https:\/\/www.uni.lu\/fr\/events\/abschiedsvortrag-der-geist-ein-kreatives-meisterstuck-unseres-gehirns\/\",\"name\":\"Abschiedsvortrag: Der Geist, ein kreatives Meisterst\u00fcck unseres Gehirns? - Universit\u00e9 du Luxembourg\",\"isPartOf\":{\"@id\":\"https:\/\/www.uni.lu\/fr\/#website\"},\"primaryImageOfPage\":{\"@id\":\"https:\/\/www.uni.lu\/fr\/events\/abschiedsvortrag-der-geist-ein-kreatives-meisterstuck-unseres-gehirns\/#primaryimage\"},\"image\":{\"@id\":\"https:\/\/www.uni.lu\/fr\/events\/abschiedsvortrag-der-geist-ein-kreatives-meisterstuck-unseres-gehirns\/#primaryimage\"},\"thumbnailUrl\":\"https:\/\/www.uni.lu\/wp-content\/uploads\/sites\/11\/2022\/11\/abschiedsvortrag_der_geist_ein_kreatives_meisterstueck_unseres_gehirns.jpg\",\"datePublished\":\"2022-11-30T09:16:36+00:00\",\"dateModified\":\"2022-11-30T09:16:36+00:00\",\"description\":\"Seit Anbeginn der Menschheit fragen wir uns, ob unser Geist (unsere Seele) und unser K\u00f6rper verschieden voneinander sind und unabh\u00e4ngig voneinander existieren, oder ob unser K\u00f6rper den Geist letztendlich hervorbringt. Diskussionen dieses Leib-Seele-Problems wurden \u00fcber sehr lange Zeit haupts\u00e4chlich durch mystische, religi\u00f6se und philosophische Vorstellungen gepr\u00e4gt. In neuester Zeit hat sich allerdings die Hirnforschung und speziell die Neurobiologie des Verhaltens rasant entwickelt \u2013 m\u00f6glichweise kann sie wesentliche Befunde und Argumente zur Kl\u00e4rung des Problems beitragen. Auf diese naturwissenschaftlichen bzw. biologischen Beitr\u00e4ge soll im Vortrag besonders eingegangen werden.Fernand Anton, Senior-Professor f\u00fcr biologische Psychologie an der Universit\u00e4t Luxemburg, promovierte 1983 an der Universit\u00e4t Innsbruck und verbrachte anschlie\u00dfend Postdoc-Phasenam Institut f\u00fcr Physiologie der Universit\u00e4t Heidelberg bzw. an den National Institutes of Health (Bethesda, USA). Bevor er an die Universit\u00e4t Luxemburg kam, war er wissenschaftlicher Mitarbeiter am Institut f\u00fcr Physiologie der Universit\u00e4t Erlangen-N\u00fcrnberg, wo er 1994 habilitierte. Sein Fachgebiet ist die Neurophysiologie der nozizeptiven Verarbeitung und die Messung von Schmerzen bei Tieren und Menschen.Kontat: andre.melzer@uni.luFoto: tageblatt.lu\",\"breadcrumb\":{\"@id\":\"https:\/\/www.uni.lu\/fr\/events\/abschiedsvortrag-der-geist-ein-kreatives-meisterstuck-unseres-gehirns\/#breadcrumb\"},\"inLanguage\":\"fr-FR\",\"potentialAction\":[{\"@type\":\"ReadAction\",\"target\":[\"https:\/\/www.uni.lu\/fr\/events\/abschiedsvortrag-der-geist-ein-kreatives-meisterstuck-unseres-gehirns\/\"]}]},{\"@type\":\"ImageObject\",\"inLanguage\":\"fr-FR\",\"@id\":\"https:\/\/www.uni.lu\/fr\/events\/abschiedsvortrag-der-geist-ein-kreatives-meisterstuck-unseres-gehirns\/#primaryimage\",\"url\":\"https:\/\/www.uni.lu\/wp-content\/uploads\/sites\/11\/2022\/11\/abschiedsvortrag_der_geist_ein_kreatives_meisterstueck_unseres_gehirns.jpg\",\"contentUrl\":\"https:\/\/www.uni.lu\/wp-content\/uploads\/sites\/11\/2022\/11\/abschiedsvortrag_der_geist_ein_kreatives_meisterstueck_unseres_gehirns.jpg\",\"width\":819,\"height\":813},{\"@type\":\"BreadcrumbList\",\"@id\":\"https:\/\/www.uni.lu\/fr\/events\/abschiedsvortrag-der-geist-ein-kreatives-meisterstuck-unseres-gehirns\/#breadcrumb\",\"itemListElement\":[{\"@type\":\"ListItem\",\"position\":1,\"name\":\"Home\",\"item\":\"https:\/\/www.uni.lu\/fr\/\"},{\"@type\":\"ListItem\",\"position\":2,\"name\":\"Events\",\"item\":\"https:\/\/www.uni.lu\/fr\/events\/\"},{\"@type\":\"ListItem\",\"position\":3,\"name\":\"Abschiedsvortrag: Der Geist, ein kreatives Meisterst\u00fcck unseres Gehirns?\"}]},{\"@type\":\"WebSite\",\"@id\":\"https:\/\/www.uni.lu\/fr\/#website\",\"url\":\"https:\/\/www.uni.lu\/fr\/\",\"name\":\"Uni.lu\",\"description\":\"Universit\u00e9 du Luxembourg\",\"publisher\":{\"@id\":\"https:\/\/www.uni.lu\/fr\/#organization\"},\"alternateName\":\"Universit\u00e9 du Luxembourg\",\"potentialAction\":[{\"@type\":\"SearchAction\",\"target\":{\"@type\":\"EntryPoint\",\"urlTemplate\":\"https:\/\/www.uni.lu\/fr\/?s={search_term_string}\"},\"query-input\":\"required name=search_term_string\"}],\"inLanguage\":\"fr-FR\"},{\"@type\":\"Organization\",\"@id\":\"https:\/\/www.uni.lu\/fr\/#organization\",\"name\":\"Universit\u00e9 du Luxembourg\",\"alternateName\":\"Uni.lu\",\"url\":\"https:\/\/www.uni.lu\/fr\/\",\"logo\":{\"@type\":\"ImageObject\",\"inLanguage\":\"fr-FR\",\"@id\":\"https:\/\/www.uni.lu\/fr\/#\/schema\/logo\/image\/\",\"url\":\"https:\/\/www.uni.lu\/wp-content\/uploads\/sites\/11\/2026\/03\/03120045\/UNIV_SM-Profile_1600x1600px-scaled.jpg\",\"contentUrl\":\"https:\/\/www.uni.lu\/wp-content\/uploads\/sites\/11\/2026\/03\/03120045\/UNIV_SM-Profile_1600x1600px-scaled.jpg\",\"width\":2560,\"height\":2560,\"caption\":\"Universit\u00e9 du Luxembourg\"},\"image\":\"https:\/\/www.uni.lu\/wp-content\/uploads\/sites\/11\/2026\/04\/24120552\/20200609-Belval-Campus_Henri-Goergen-23.jpg\",\"sameAs\":[\"https:\/\/www.facebook.com\/uni.lu\",\"https:\/\/www.linkedin.com\/school\/university-of-luxembourg\/\",\"https:\/\/www.instagram.com\/uni.lu\",\"https:\/\/www.youtube.com\/@uni_lu\",\"https:\/\/en.wikipedia.org\/wiki\/University_of_Luxembourg\"],\"email\":\"communication@uni.lu\",\"telephone\":\"+352 46 66 44 1\",\"address\":{\"@type\":\"PostalAddress\",\"streetAddress\":\"2, place de l\u2019Universit\u00e9\",\"addressLocality\":\"Esch-sur-Alzette\",\"postalCode\":\"4365\",\"addressCountry\":\"LU\"},\"description\":\"Universit\u00e9 du Luxembourg\"}]}<\/script>\n<!-- \/ Yoast SEO Premium plugin. -->","yoast_head_json":{"title":"Abschiedsvortrag: Der Geist, ein kreatives Meisterst\u00fcck unseres Gehirns? - Universit\u00e9 du Luxembourg","description":"Seit Anbeginn der Menschheit fragen wir uns, ob unser Geist (unsere Seele) und unser K\u00f6rper verschieden voneinander sind und unabh\u00e4ngig voneinander existieren, oder ob unser K\u00f6rper den Geist letztendlich hervorbringt. Diskussionen dieses Leib-Seele-Problems wurden \u00fcber sehr lange Zeit haupts\u00e4chlich durch mystische, religi\u00f6se und philosophische Vorstellungen gepr\u00e4gt. In neuester Zeit hat sich allerdings die Hirnforschung und speziell die Neurobiologie des Verhaltens rasant entwickelt \u2013 m\u00f6glichweise kann sie wesentliche Befunde und Argumente zur Kl\u00e4rung des Problems beitragen. Auf diese naturwissenschaftlichen bzw. biologischen Beitr\u00e4ge soll im Vortrag besonders eingegangen werden.Fernand Anton, Senior-Professor f\u00fcr biologische Psychologie an der Universit\u00e4t Luxemburg, promovierte 1983 an der Universit\u00e4t Innsbruck und verbrachte anschlie\u00dfend Postdoc-Phasenam Institut f\u00fcr Physiologie der Universit\u00e4t Heidelberg bzw. an den National Institutes of Health (Bethesda, USA). Bevor er an die Universit\u00e4t Luxemburg kam, war er wissenschaftlicher Mitarbeiter am Institut f\u00fcr Physiologie der Universit\u00e4t Erlangen-N\u00fcrnberg, wo er 1994 habilitierte. Sein Fachgebiet ist die Neurophysiologie der nozizeptiven Verarbeitung und die Messung von Schmerzen bei Tieren und Menschen.Kontat: andre.melzer@uni.luFoto: tageblatt.lu","robots":{"index":"index","follow":"follow","max-snippet":"max-snippet:-1","max-image-preview":"max-image-preview:large","max-video-preview":"max-video-preview:-1"},"canonical":"https:\/\/www.uni.lu\/fr\/events\/abschiedsvortrag-der-geist-ein-kreatives-meisterstuck-unseres-gehirns\/","og_locale":"fr_FR","og_type":"article","og_title":"Abschiedsvortrag: Der Geist, ein kreatives Meisterst\u00fcck unseres Gehirns?","og_description":"Seit Anbeginn der Menschheit fragen wir uns, ob unser Geist (unsere Seele) und unser K\u00f6rper verschieden voneinander sind und unabh\u00e4ngig voneinander existieren, oder ob unser K\u00f6rper den Geist letztendlich hervorbringt. Diskussionen dieses Leib-Seele-Problems wurden \u00fcber sehr lange Zeit haupts\u00e4chlich durch mystische, religi\u00f6se und philosophische Vorstellungen gepr\u00e4gt. In neuester Zeit hat sich allerdings die Hirnforschung und speziell die Neurobiologie des Verhaltens rasant entwickelt \u2013 m\u00f6glichweise kann sie wesentliche Befunde und Argumente zur Kl\u00e4rung des Problems beitragen. Auf diese naturwissenschaftlichen bzw. biologischen Beitr\u00e4ge soll im Vortrag besonders eingegangen werden.Fernand Anton, Senior-Professor f\u00fcr biologische Psychologie an der Universit\u00e4t Luxemburg, promovierte 1983 an der Universit\u00e4t Innsbruck und verbrachte anschlie\u00dfend Postdoc-Phasenam Institut f\u00fcr Physiologie der Universit\u00e4t Heidelberg bzw. an den National Institutes of Health (Bethesda, USA). Bevor er an die Universit\u00e4t Luxemburg kam, war er wissenschaftlicher Mitarbeiter am Institut f\u00fcr Physiologie der Universit\u00e4t Erlangen-N\u00fcrnberg, wo er 1994 habilitierte. Sein Fachgebiet ist die Neurophysiologie der nozizeptiven Verarbeitung und die Messung von Schmerzen bei Tieren und Menschen.Kontat: andre.melzer@uni.luFoto: tageblatt.lu","og_url":"https:\/\/www.uni.lu\/fr\/events\/abschiedsvortrag-der-geist-ein-kreatives-meisterstuck-unseres-gehirns\/","og_site_name":"UNI FR","article_publisher":"https:\/\/www.facebook.com\/uni.lu","og_image":[{"width":2560,"height":2560,"url":"https:\/\/www.uni.lu\/wp-content\/uploads\/sites\/11\/2026\/03\/03120045\/UNIV_SM-Profile_1600x1600px-scaled.jpg","type":"image\/jpeg"}],"twitter_card":"summary_large_image","twitter_misc":{"Dur\u00e9e de lecture estim\u00e9e":"1 minute"},"schema":{"@context":"https:\/\/schema.org","@graph":[{"@type":"WebPage","@id":"https:\/\/www.uni.lu\/fr\/events\/abschiedsvortrag-der-geist-ein-kreatives-meisterstuck-unseres-gehirns\/","url":"https:\/\/www.uni.lu\/fr\/events\/abschiedsvortrag-der-geist-ein-kreatives-meisterstuck-unseres-gehirns\/","name":"Abschiedsvortrag: Der Geist, ein kreatives Meisterst\u00fcck unseres Gehirns? - Universit\u00e9 du Luxembourg","isPartOf":{"@id":"https:\/\/www.uni.lu\/fr\/#website"},"primaryImageOfPage":{"@id":"https:\/\/www.uni.lu\/fr\/events\/abschiedsvortrag-der-geist-ein-kreatives-meisterstuck-unseres-gehirns\/#primaryimage"},"image":{"@id":"https:\/\/www.uni.lu\/fr\/events\/abschiedsvortrag-der-geist-ein-kreatives-meisterstuck-unseres-gehirns\/#primaryimage"},"thumbnailUrl":"https:\/\/www.uni.lu\/wp-content\/uploads\/sites\/11\/2022\/11\/abschiedsvortrag_der_geist_ein_kreatives_meisterstueck_unseres_gehirns.jpg","datePublished":"2022-11-30T09:16:36+00:00","dateModified":"2022-11-30T09:16:36+00:00","description":"Seit Anbeginn der Menschheit fragen wir uns, ob unser Geist (unsere Seele) und unser K\u00f6rper verschieden voneinander sind und unabh\u00e4ngig voneinander existieren, oder ob unser K\u00f6rper den Geist letztendlich hervorbringt. Diskussionen dieses Leib-Seele-Problems wurden \u00fcber sehr lange Zeit haupts\u00e4chlich durch mystische, religi\u00f6se und philosophische Vorstellungen gepr\u00e4gt. In neuester Zeit hat sich allerdings die Hirnforschung und speziell die Neurobiologie des Verhaltens rasant entwickelt \u2013 m\u00f6glichweise kann sie wesentliche Befunde und Argumente zur Kl\u00e4rung des Problems beitragen. Auf diese naturwissenschaftlichen bzw. biologischen Beitr\u00e4ge soll im Vortrag besonders eingegangen werden.Fernand Anton, Senior-Professor f\u00fcr biologische Psychologie an der Universit\u00e4t Luxemburg, promovierte 1983 an der Universit\u00e4t Innsbruck und verbrachte anschlie\u00dfend Postdoc-Phasenam Institut f\u00fcr Physiologie der Universit\u00e4t Heidelberg bzw. an den National Institutes of Health (Bethesda, USA). Bevor er an die Universit\u00e4t Luxemburg kam, war er wissenschaftlicher Mitarbeiter am Institut f\u00fcr Physiologie der Universit\u00e4t Erlangen-N\u00fcrnberg, wo er 1994 habilitierte. Sein Fachgebiet ist die Neurophysiologie der nozizeptiven Verarbeitung und die Messung von Schmerzen bei Tieren und Menschen.Kontat: andre.melzer@uni.luFoto: tageblatt.lu","breadcrumb":{"@id":"https:\/\/www.uni.lu\/fr\/events\/abschiedsvortrag-der-geist-ein-kreatives-meisterstuck-unseres-gehirns\/#breadcrumb"},"inLanguage":"fr-FR","potentialAction":[{"@type":"ReadAction","target":["https:\/\/www.uni.lu\/fr\/events\/abschiedsvortrag-der-geist-ein-kreatives-meisterstuck-unseres-gehirns\/"]}]},{"@type":"ImageObject","inLanguage":"fr-FR","@id":"https:\/\/www.uni.lu\/fr\/events\/abschiedsvortrag-der-geist-ein-kreatives-meisterstuck-unseres-gehirns\/#primaryimage","url":"https:\/\/www.uni.lu\/wp-content\/uploads\/sites\/11\/2022\/11\/abschiedsvortrag_der_geist_ein_kreatives_meisterstueck_unseres_gehirns.jpg","contentUrl":"https:\/\/www.uni.lu\/wp-content\/uploads\/sites\/11\/2022\/11\/abschiedsvortrag_der_geist_ein_kreatives_meisterstueck_unseres_gehirns.jpg","width":819,"height":813},{"@type":"BreadcrumbList","@id":"https:\/\/www.uni.lu\/fr\/events\/abschiedsvortrag-der-geist-ein-kreatives-meisterstuck-unseres-gehirns\/#breadcrumb","itemListElement":[{"@type":"ListItem","position":1,"name":"Home","item":"https:\/\/www.uni.lu\/fr\/"},{"@type":"ListItem","position":2,"name":"Events","item":"https:\/\/www.uni.lu\/fr\/events\/"},{"@type":"ListItem","position":3,"name":"Abschiedsvortrag: Der Geist, ein kreatives Meisterst\u00fcck unseres Gehirns?"}]},{"@type":"WebSite","@id":"https:\/\/www.uni.lu\/fr\/#website","url":"https:\/\/www.uni.lu\/fr\/","name":"Uni.lu","description":"Universit\u00e9 du Luxembourg","publisher":{"@id":"https:\/\/www.uni.lu\/fr\/#organization"},"alternateName":"Universit\u00e9 du Luxembourg","potentialAction":[{"@type":"SearchAction","target":{"@type":"EntryPoint","urlTemplate":"https:\/\/www.uni.lu\/fr\/?s={search_term_string}"},"query-input":"required name=search_term_string"}],"inLanguage":"fr-FR"},{"@type":"Organization","@id":"https:\/\/www.uni.lu\/fr\/#organization","name":"Universit\u00e9 du Luxembourg","alternateName":"Uni.lu","url":"https:\/\/www.uni.lu\/fr\/","logo":{"@type":"ImageObject","inLanguage":"fr-FR","@id":"https:\/\/www.uni.lu\/fr\/#\/schema\/logo\/image\/","url":"https:\/\/www.uni.lu\/wp-content\/uploads\/sites\/11\/2026\/03\/03120045\/UNIV_SM-Profile_1600x1600px-scaled.jpg","contentUrl":"https:\/\/www.uni.lu\/wp-content\/uploads\/sites\/11\/2026\/03\/03120045\/UNIV_SM-Profile_1600x1600px-scaled.jpg","width":2560,"height":2560,"caption":"Universit\u00e9 du Luxembourg"},"image":"https:\/\/www.uni.lu\/wp-content\/uploads\/sites\/11\/2026\/04\/24120552\/20200609-Belval-Campus_Henri-Goergen-23.jpg","sameAs":["https:\/\/www.facebook.com\/uni.lu","https:\/\/www.linkedin.com\/school\/university-of-luxembourg\/","https:\/\/www.instagram.com\/uni.lu","https:\/\/www.youtube.com\/@uni_lu","https:\/\/en.wikipedia.org\/wiki\/University_of_Luxembourg"],"email":"communication@uni.lu","telephone":"+352 46 66 44 1","address":{"@type":"PostalAddress","streetAddress":"2, place de l\u2019Universit\u00e9","addressLocality":"Esch-sur-Alzette","postalCode":"4365","addressCountry":"LU"},"description":"Universit\u00e9 du Luxembourg"}]}},"_links":{"self":[{"href":"https:\/\/www.uni.lu\/fr\/wp-json\/wp\/v2\/events\/9149"}],"collection":[{"href":"https:\/\/www.uni.lu\/fr\/wp-json\/wp\/v2\/events"}],"about":[{"href":"https:\/\/www.uni.lu\/fr\/wp-json\/wp\/v2\/types\/events"}],"replies":[{"embeddable":true,"href":"https:\/\/www.uni.lu\/fr\/wp-json\/wp\/v2\/comments?post=9149"}],"version-history":[{"count":0,"href":"https:\/\/www.uni.lu\/fr\/wp-json\/wp\/v2\/events\/9149\/revisions"}],"wp:featuredmedia":[{"embeddable":true,"href":"https:\/\/www.uni.lu\/fr\/wp-json\/wp\/v2\/media\/9150"}],"wp:attachment":[{"href":"https:\/\/www.uni.lu\/fr\/wp-json\/wp\/v2\/media?parent=9149"}],"wp:term":[{"taxonomy":"events-topic","embeddable":true,"href":"https:\/\/www.uni.lu\/fr\/wp-json\/wp\/v2\/events-topic?post=9149"},{"taxonomy":"events-type","embeddable":true,"href":"https:\/\/www.uni.lu\/fr\/wp-json\/wp\/v2\/events-type?post=9149"},{"taxonomy":"organisation","embeddable":true,"href":"https:\/\/www.uni.lu\/fr\/wp-json\/wp\/v2\/organisation?post=9149"}],"curies":[{"name":"wp","href":"https:\/\/api.w.org\/{rel}","templated":true}]}}