{"id":9126,"date":"2022-11-18T09:24:42","date_gmt":"2022-11-18T08:24:42","guid":{"rendered":"https:\/\/www.uni.lu\/fr\/events\/forum-z-reparieren-gestern-und-heute\/"},"modified":"2022-11-18T09:24:42","modified_gmt":"2022-11-18T08:24:42","slug":"forum-z-reparieren-gestern-und-heute","status":"publish","type":"events","link":"https:\/\/www.uni.lu\/fr\/events\/forum-z-reparieren-gestern-und-heute\/","title":{"rendered":"Forum Z: Reparieren gestern und heute"},"content":{"rendered":"<section class=\"wp-block-unilux-blocks-free-section section\"><div class=\"container xl:max-w-screen-xl\"><p>Auf diesem Forum Z erkunden wir Reparaturpraktiken gestern und heute.<\/p><p>Von 10 bis 15 Uhr organisieren wir zusammen mit Repair Caf\u00e9 L\u00ebtzebuerg, dem Naturpark Our und dem Ancien Cin\u00e9ma ein Repair Caf\u00e9. Repair Caf\u00e9s sind Treffen, bei denen ehrenamtliche Reparateure gemeinsam mit anderen ihre kaputten Dinge reparieren: kleine elektrische Ger\u00e4te, Kleidung, Fahrr\u00e4der, Spielzeug, kleine M\u00f6bel und vieles mehr\u00a0 \u2026 alles was kaputt ist, ist Willkommen und hat eine Chance auf eine zweites Leben verdient.<\/p><p>Im Anschluss, von 15 bis 16.30 Uhr, gibt es drei Kurzvortr\u00e4ge zur Geschichte des Reparierens mit anschlie\u00dfendem Umtrunk.<\/p><p><\/p><p><strong>10.00 &#8211; 15.00 Uhr: Repair Caf\u00e9<\/strong><\/p><p><strong>15.00 &#8211; 16.30 Uhr: Kurzvortr\u00e4ge<\/strong> (mit anschlie\u00dfendem Umtrunk)<\/p><ul class=\"ulux-list\"><li class=\"ulux-list-item\">Stefan Krebs: Reparieren und die Lebensdauer der Dinge<\/li><li class=\"ulux-list-item\">Thomas Hoppenheit: Vom Verschwinden der kleinen Reparaturl\u00e4den<\/li><li class=\"ulux-list-item\">Rebecca Mossop: Die Wartung des Luxemburger Telefonsystems<\/li><\/ul><p><\/p><p>Sprachen: DE, FR, LU, EN (repair caf\u00e9), DE (Vortr\u00e4ge)<\/p><p><\/p><p>Freier Eintritt.<\/p><\/div><\/section>","protected":false},"excerpt":{"rendered":"<p>Auf diesem Forum Z erkunden wir Reparaturpraktiken gestern und heute.<\/p>\n","protected":false},"author":0,"featured_media":9127,"parent":0,"menu_order":0,"comment_status":"open","ping_status":"closed","template":"","format":"standard","meta":{"featured_image_focal_point":[],"show_featured_caption":false,"ulux_newsletter_groups":"","uluxPostTitle":"","uluxPrePostTitle":"","_trash_the_other_posts":false,"_price":"","_stock":"","_tribe_ticket_header":"","_tribe_default_ticket_provider":"","_tribe_ticket_capacity":"0","_ticket_start_date":"","_ticket_end_date":"","_tribe_ticket_show_description":"","_tribe_ticket_show_not_going":false,"_tribe_ticket_use_global_stock":"","_tribe_ticket_global_stock_level":"","_global_stock_mode":"","_global_stock_cap":"","_tribe_rsvp_for_event":"","_tribe_ticket_going_count":"","_tribe_ticket_not_going_count":"","_tribe_tickets_list":"[]","_tribe_ticket_has_attendee_info_fields":false,"event_start_date":"2022-12-03 10:00:00","event_end_date":"2022-12-03 16:30:00","event_speaker_name":"","event_speaker_link":"","event_is_online":false,"event_location":"Ancien Cin\u00e9ma","event_street":"23 Grand Rue","event_location_link":"","event_zip_code":"L-9410","event_city":"Vianden","event_country":"LU"},"events-topic":[312],"events-type":[],"organisation":[221,226],"authorship":[],"acf":[],"yoast_head":"<!-- This site is optimized with the Yoast SEO Premium plugin v22.3 (Yoast SEO v22.3) - https:\/\/yoast.com\/wordpress\/plugins\/seo\/ -->\n<title>Forum Z: Reparieren gestern und heute - Universit\u00e9 du Luxembourg<\/title>\n<meta name=\"description\" content=\"Auf diesem Forum Z erkunden wir Reparaturpraktiken gestern und heute.\" \/>\n<meta name=\"robots\" content=\"index, follow, max-snippet:-1, max-image-preview:large, max-video-preview:-1\" \/>\n<link rel=\"canonical\" href=\"https:\/\/www.uni.lu\/fr\/events\/forum-z-reparieren-gestern-und-heute\/\" \/>\n<meta property=\"og:locale\" content=\"fr_FR\" \/>\n<meta property=\"og:type\" content=\"article\" \/>\n<meta property=\"og:title\" content=\"Forum Z: Reparieren gestern und heute\" \/>\n<meta property=\"og:description\" content=\"Auf diesem Forum Z erkunden wir Reparaturpraktiken gestern und heute.\" \/>\n<meta property=\"og:url\" content=\"https:\/\/www.uni.lu\/fr\/events\/forum-z-reparieren-gestern-und-heute\/\" \/>\n<meta property=\"og:site_name\" content=\"UNI FR\" \/>\n<meta property=\"article:publisher\" content=\"https:\/\/www.facebook.com\/uni.lu\" \/>\n<meta property=\"og:image\" content=\"https:\/\/www.uni.lu\/wp-content\/uploads\/sites\/11\/2026\/03\/03120045\/UNIV_SM-Profile_1600x1600px-scaled.jpg\" \/>\n\t<meta property=\"og:image:width\" content=\"2560\" \/>\n\t<meta property=\"og:image:height\" content=\"2560\" \/>\n\t<meta property=\"og:image:type\" content=\"image\/jpeg\" \/>\n<meta name=\"twitter:card\" content=\"summary_large_image\" \/>\n<meta name=\"twitter:label1\" content=\"Dur\u00e9e de lecture estim\u00e9e\" \/>\n\t<meta name=\"twitter:data1\" content=\"1 minute\" \/>\n<script type=\"application\/ld+json\" class=\"yoast-schema-graph\">{\"@context\":\"https:\/\/schema.org\",\"@graph\":[{\"@type\":\"WebPage\",\"@id\":\"https:\/\/www.uni.lu\/fr\/events\/forum-z-reparieren-gestern-und-heute\/\",\"url\":\"https:\/\/www.uni.lu\/fr\/events\/forum-z-reparieren-gestern-und-heute\/\",\"name\":\"Forum Z: Reparieren gestern und heute - Universit\u00e9 du Luxembourg\",\"isPartOf\":{\"@id\":\"https:\/\/www.uni.lu\/fr\/#website\"},\"primaryImageOfPage\":{\"@id\":\"https:\/\/www.uni.lu\/fr\/events\/forum-z-reparieren-gestern-und-heute\/#primaryimage\"},\"image\":{\"@id\":\"https:\/\/www.uni.lu\/fr\/events\/forum-z-reparieren-gestern-und-heute\/#primaryimage\"},\"thumbnailUrl\":\"https:\/\/www.uni.lu\/wp-content\/uploads\/sites\/11\/2022\/11\/forum_z_reparieren_gestern_und_heute.jpg\",\"datePublished\":\"2022-11-18T08:24:42+00:00\",\"dateModified\":\"2022-11-18T08:24:42+00:00\",\"description\":\"Auf diesem Forum Z erkunden wir Reparaturpraktiken gestern und heute.\",\"breadcrumb\":{\"@id\":\"https:\/\/www.uni.lu\/fr\/events\/forum-z-reparieren-gestern-und-heute\/#breadcrumb\"},\"inLanguage\":\"fr-FR\",\"potentialAction\":[{\"@type\":\"ReadAction\",\"target\":[\"https:\/\/www.uni.lu\/fr\/events\/forum-z-reparieren-gestern-und-heute\/\"]}]},{\"@type\":\"ImageObject\",\"inLanguage\":\"fr-FR\",\"@id\":\"https:\/\/www.uni.lu\/fr\/events\/forum-z-reparieren-gestern-und-heute\/#primaryimage\",\"url\":\"https:\/\/www.uni.lu\/wp-content\/uploads\/sites\/11\/2022\/11\/forum_z_reparieren_gestern_und_heute.jpg\",\"contentUrl\":\"https:\/\/www.uni.lu\/wp-content\/uploads\/sites\/11\/2022\/11\/forum_z_reparieren_gestern_und_heute.jpg\",\"width\":800,\"height\":600},{\"@type\":\"BreadcrumbList\",\"@id\":\"https:\/\/www.uni.lu\/fr\/events\/forum-z-reparieren-gestern-und-heute\/#breadcrumb\",\"itemListElement\":[{\"@type\":\"ListItem\",\"position\":1,\"name\":\"Home\",\"item\":\"https:\/\/www.uni.lu\/fr\/\"},{\"@type\":\"ListItem\",\"position\":2,\"name\":\"Events\",\"item\":\"https:\/\/www.uni.lu\/fr\/events\/\"},{\"@type\":\"ListItem\",\"position\":3,\"name\":\"Forum Z: Reparieren gestern und heute\"}]},{\"@type\":\"WebSite\",\"@id\":\"https:\/\/www.uni.lu\/fr\/#website\",\"url\":\"https:\/\/www.uni.lu\/fr\/\",\"name\":\"Uni.lu\",\"description\":\"Universit\u00e9 du Luxembourg\",\"publisher\":{\"@id\":\"https:\/\/www.uni.lu\/fr\/#organization\"},\"alternateName\":\"Universit\u00e9 du Luxembourg\",\"potentialAction\":[{\"@type\":\"SearchAction\",\"target\":{\"@type\":\"EntryPoint\",\"urlTemplate\":\"https:\/\/www.uni.lu\/fr\/?s={search_term_string}\"},\"query-input\":\"required name=search_term_string\"}],\"inLanguage\":\"fr-FR\"},{\"@type\":\"Organization\",\"@id\":\"https:\/\/www.uni.lu\/fr\/#organization\",\"name\":\"Universit\u00e9 du Luxembourg\",\"alternateName\":\"Uni.lu\",\"url\":\"https:\/\/www.uni.lu\/fr\/\",\"logo\":{\"@type\":\"ImageObject\",\"inLanguage\":\"fr-FR\",\"@id\":\"https:\/\/www.uni.lu\/fr\/#\/schema\/logo\/image\/\",\"url\":\"https:\/\/www.uni.lu\/wp-content\/uploads\/sites\/11\/2026\/03\/03120045\/UNIV_SM-Profile_1600x1600px-scaled.jpg\",\"contentUrl\":\"https:\/\/www.uni.lu\/wp-content\/uploads\/sites\/11\/2026\/03\/03120045\/UNIV_SM-Profile_1600x1600px-scaled.jpg\",\"width\":2560,\"height\":2560,\"caption\":\"Universit\u00e9 du Luxembourg\"},\"image\":\"https:\/\/www.uni.lu\/wp-content\/uploads\/sites\/11\/2026\/04\/24120552\/20200609-Belval-Campus_Henri-Goergen-23.jpg\",\"sameAs\":[\"https:\/\/www.facebook.com\/uni.lu\",\"https:\/\/www.linkedin.com\/school\/university-of-luxembourg\/\",\"https:\/\/www.instagram.com\/uni.lu\",\"https:\/\/www.youtube.com\/@uni_lu\",\"https:\/\/en.wikipedia.org\/wiki\/University_of_Luxembourg\"],\"email\":\"communication@uni.lu\",\"telephone\":\"+352 46 66 44 1\",\"address\":{\"@type\":\"PostalAddress\",\"streetAddress\":\"2, place de l\u2019Universit\u00e9\",\"addressLocality\":\"Esch-sur-Alzette\",\"postalCode\":\"4365\",\"addressCountry\":\"LU\"},\"description\":\"Universit\u00e9 du Luxembourg\"}]}<\/script>\n<!-- \/ Yoast SEO Premium plugin. -->","yoast_head_json":{"title":"Forum Z: Reparieren gestern und heute - Universit\u00e9 du Luxembourg","description":"Auf diesem Forum Z erkunden wir Reparaturpraktiken gestern und heute.","robots":{"index":"index","follow":"follow","max-snippet":"max-snippet:-1","max-image-preview":"max-image-preview:large","max-video-preview":"max-video-preview:-1"},"canonical":"https:\/\/www.uni.lu\/fr\/events\/forum-z-reparieren-gestern-und-heute\/","og_locale":"fr_FR","og_type":"article","og_title":"Forum Z: Reparieren gestern und heute","og_description":"Auf diesem Forum Z erkunden wir Reparaturpraktiken gestern und heute.","og_url":"https:\/\/www.uni.lu\/fr\/events\/forum-z-reparieren-gestern-und-heute\/","og_site_name":"UNI FR","article_publisher":"https:\/\/www.facebook.com\/uni.lu","og_image":[{"width":2560,"height":2560,"url":"https:\/\/www.uni.lu\/wp-content\/uploads\/sites\/11\/2026\/03\/03120045\/UNIV_SM-Profile_1600x1600px-scaled.jpg","type":"image\/jpeg"}],"twitter_card":"summary_large_image","twitter_misc":{"Dur\u00e9e de lecture estim\u00e9e":"1 minute"},"schema":{"@context":"https:\/\/schema.org","@graph":[{"@type":"WebPage","@id":"https:\/\/www.uni.lu\/fr\/events\/forum-z-reparieren-gestern-und-heute\/","url":"https:\/\/www.uni.lu\/fr\/events\/forum-z-reparieren-gestern-und-heute\/","name":"Forum Z: Reparieren gestern und heute - Universit\u00e9 du Luxembourg","isPartOf":{"@id":"https:\/\/www.uni.lu\/fr\/#website"},"primaryImageOfPage":{"@id":"https:\/\/www.uni.lu\/fr\/events\/forum-z-reparieren-gestern-und-heute\/#primaryimage"},"image":{"@id":"https:\/\/www.uni.lu\/fr\/events\/forum-z-reparieren-gestern-und-heute\/#primaryimage"},"thumbnailUrl":"https:\/\/www.uni.lu\/wp-content\/uploads\/sites\/11\/2022\/11\/forum_z_reparieren_gestern_und_heute.jpg","datePublished":"2022-11-18T08:24:42+00:00","dateModified":"2022-11-18T08:24:42+00:00","description":"Auf diesem Forum Z erkunden wir Reparaturpraktiken gestern und heute.","breadcrumb":{"@id":"https:\/\/www.uni.lu\/fr\/events\/forum-z-reparieren-gestern-und-heute\/#breadcrumb"},"inLanguage":"fr-FR","potentialAction":[{"@type":"ReadAction","target":["https:\/\/www.uni.lu\/fr\/events\/forum-z-reparieren-gestern-und-heute\/"]}]},{"@type":"ImageObject","inLanguage":"fr-FR","@id":"https:\/\/www.uni.lu\/fr\/events\/forum-z-reparieren-gestern-und-heute\/#primaryimage","url":"https:\/\/www.uni.lu\/wp-content\/uploads\/sites\/11\/2022\/11\/forum_z_reparieren_gestern_und_heute.jpg","contentUrl":"https:\/\/www.uni.lu\/wp-content\/uploads\/sites\/11\/2022\/11\/forum_z_reparieren_gestern_und_heute.jpg","width":800,"height":600},{"@type":"BreadcrumbList","@id":"https:\/\/www.uni.lu\/fr\/events\/forum-z-reparieren-gestern-und-heute\/#breadcrumb","itemListElement":[{"@type":"ListItem","position":1,"name":"Home","item":"https:\/\/www.uni.lu\/fr\/"},{"@type":"ListItem","position":2,"name":"Events","item":"https:\/\/www.uni.lu\/fr\/events\/"},{"@type":"ListItem","position":3,"name":"Forum Z: Reparieren gestern und heute"}]},{"@type":"WebSite","@id":"https:\/\/www.uni.lu\/fr\/#website","url":"https:\/\/www.uni.lu\/fr\/","name":"Uni.lu","description":"Universit\u00e9 du Luxembourg","publisher":{"@id":"https:\/\/www.uni.lu\/fr\/#organization"},"alternateName":"Universit\u00e9 du Luxembourg","potentialAction":[{"@type":"SearchAction","target":{"@type":"EntryPoint","urlTemplate":"https:\/\/www.uni.lu\/fr\/?s={search_term_string}"},"query-input":"required name=search_term_string"}],"inLanguage":"fr-FR"},{"@type":"Organization","@id":"https:\/\/www.uni.lu\/fr\/#organization","name":"Universit\u00e9 du Luxembourg","alternateName":"Uni.lu","url":"https:\/\/www.uni.lu\/fr\/","logo":{"@type":"ImageObject","inLanguage":"fr-FR","@id":"https:\/\/www.uni.lu\/fr\/#\/schema\/logo\/image\/","url":"https:\/\/www.uni.lu\/wp-content\/uploads\/sites\/11\/2026\/03\/03120045\/UNIV_SM-Profile_1600x1600px-scaled.jpg","contentUrl":"https:\/\/www.uni.lu\/wp-content\/uploads\/sites\/11\/2026\/03\/03120045\/UNIV_SM-Profile_1600x1600px-scaled.jpg","width":2560,"height":2560,"caption":"Universit\u00e9 du Luxembourg"},"image":"https:\/\/www.uni.lu\/wp-content\/uploads\/sites\/11\/2026\/04\/24120552\/20200609-Belval-Campus_Henri-Goergen-23.jpg","sameAs":["https:\/\/www.facebook.com\/uni.lu","https:\/\/www.linkedin.com\/school\/university-of-luxembourg\/","https:\/\/www.instagram.com\/uni.lu","https:\/\/www.youtube.com\/@uni_lu","https:\/\/en.wikipedia.org\/wiki\/University_of_Luxembourg"],"email":"communication@uni.lu","telephone":"+352 46 66 44 1","address":{"@type":"PostalAddress","streetAddress":"2, place de l\u2019Universit\u00e9","addressLocality":"Esch-sur-Alzette","postalCode":"4365","addressCountry":"LU"},"description":"Universit\u00e9 du Luxembourg"}]}},"_links":{"self":[{"href":"https:\/\/www.uni.lu\/fr\/wp-json\/wp\/v2\/events\/9126"}],"collection":[{"href":"https:\/\/www.uni.lu\/fr\/wp-json\/wp\/v2\/events"}],"about":[{"href":"https:\/\/www.uni.lu\/fr\/wp-json\/wp\/v2\/types\/events"}],"replies":[{"embeddable":true,"href":"https:\/\/www.uni.lu\/fr\/wp-json\/wp\/v2\/comments?post=9126"}],"version-history":[{"count":0,"href":"https:\/\/www.uni.lu\/fr\/wp-json\/wp\/v2\/events\/9126\/revisions"}],"wp:featuredmedia":[{"embeddable":true,"href":"https:\/\/www.uni.lu\/fr\/wp-json\/wp\/v2\/media\/9127"}],"wp:attachment":[{"href":"https:\/\/www.uni.lu\/fr\/wp-json\/wp\/v2\/media?parent=9126"}],"wp:term":[{"taxonomy":"events-topic","embeddable":true,"href":"https:\/\/www.uni.lu\/fr\/wp-json\/wp\/v2\/events-topic?post=9126"},{"taxonomy":"events-type","embeddable":true,"href":"https:\/\/www.uni.lu\/fr\/wp-json\/wp\/v2\/events-type?post=9126"},{"taxonomy":"organisation","embeddable":true,"href":"https:\/\/www.uni.lu\/fr\/wp-json\/wp\/v2\/organisation?post=9126"}],"curies":[{"name":"wp","href":"https:\/\/api.w.org\/{rel}","templated":true}]}}