{"id":9111,"date":"2022-11-09T10:04:17","date_gmt":"2022-11-09T09:04:17","guid":{"rendered":"https:\/\/www.uni.lu\/fr\/events\/concert-de-la-chorale-mixte-de-luniversite-du-holde-kunst-2\/"},"modified":"2022-11-09T10:04:17","modified_gmt":"2022-11-09T09:04:17","slug":"concert-de-la-chorale-mixte-de-luniversite-du-holde-kunst-2","status":"publish","type":"events","link":"https:\/\/www.uni.lu\/fr\/events\/concert-de-la-chorale-mixte-de-luniversite-du-holde-kunst-2\/","title":{"rendered":"Concert de la chorale mixte de l&rsquo;Universit\u00e9 &#8211; \u00abDU HOLDE KUNST\u00bb"},"content":{"rendered":"<section class=\"wp-block-unilux-blocks-free-section section\"><div class=\"container xl:max-w-screen-xl\"><p><strong>C\u00e9l\u00e9bration chorale de l\u2019Art et de la Culture<\/strong><\/p><p>Programm: Show tunes, classical songs, folk melodies, L\u00ebtzebuerger Lidder<\/p><p>With the kind support of<\/p><ul class=\"ulux-list\"><li class=\"ulux-list-item\">UNI.LU, espace cultures\u00a0<\/li><li class=\"ulux-list-item\">Fondation Loutsch-Weydert<\/li><\/ul><p><strong>University of Luxembourg Choir<\/strong><\/p><p>Le Choeur de l\u2019Universit\u00e9 est un m\u00e9lange de voix dynamiques qui a pour mission d\u2019apporter l\u2019harmonie au Luxembourg et audel\u00e0. Un choeur s\u00e9lectif qui n\u2019est pas r\u00e9serv\u00e9 \u00e0 la communaut\u00e9 universitaire mais est ouvert \u00e0 tous ceux et celles qui habitent au Luxembourg. Ce choeur est fier de produire de la musique de haute qualit\u00e9 tout en favorisant un sens de la communaut\u00e9 et du service au Luxembourg et \u00e0 l\u2019\u00e9tranger. Le choeur propose un r\u00e9pertoire diversifi\u00e9 et multilingue \u2013 \u00e0 l\u2019image de ses membres. Interpr\u00e9tant \u00e0 la fois a cappella et avec orchestre, les s\u00e9lections vont de la litt\u00e9rature traditionnelle de la renaissance, classique et moderne, \u00e0 un r\u00e9pertoire de chansons plus l\u00e9g\u00e8res utilis\u00e9es pour divers \u00e9v\u00e9nements.<\/p><p>Direction: Thomas Gareau<\/p><p>Entr\u00e9e libre l Qu\u00eate \u00e0 la fin du concert au profit de CARE LUXEMBOURG<\/p><\/div><\/section>","protected":false},"excerpt":{"rendered":"<p>C\u00e9l\u00e9bration chorale de l\u2019Art et de la CultureProgramm: Show tunes, classical songs, folk melodies, L\u00ebtzebuerger LidderWith the kind support ofUNI.LU, espace cultures\u00a0Fondation Loutsch-Weydert<\/p>\n","protected":false},"author":0,"featured_media":9112,"parent":0,"menu_order":0,"comment_status":"open","ping_status":"closed","template":"","format":"standard","meta":{"featured_image_focal_point":[],"show_featured_caption":false,"ulux_newsletter_groups":"","uluxPostTitle":"","uluxPrePostTitle":"","_trash_the_other_posts":false,"_price":"","_stock":"","_tribe_ticket_header":"","_tribe_default_ticket_provider":"","_tribe_ticket_capacity":"0","_ticket_start_date":"","_ticket_end_date":"","_tribe_ticket_show_description":"","_tribe_ticket_show_not_going":false,"_tribe_ticket_use_global_stock":"","_tribe_ticket_global_stock_level":"","_global_stock_mode":"","_global_stock_cap":"","_tribe_rsvp_for_event":"","_tribe_ticket_going_count":"","_tribe_ticket_not_going_count":"","_tribe_tickets_list":"[]","_tribe_ticket_has_attendee_info_fields":false,"event_start_date":"2022-11-18 20:00:00","event_end_date":"2022-11-18 21:30:00","event_speaker_name":"","event_speaker_link":"","event_is_online":false,"event_location":"Protestant church\r\n5 Rue de la Congr\u00e9gation\r\n1352 Luxembourg\r\n","event_street":"","event_location_link":"","event_zip_code":"","event_city":"","event_country":"LU"},"events-topic":[],"events-type":[],"organisation":[226],"authorship":[],"acf":[],"yoast_head":"<!-- This site is optimized with the Yoast SEO Premium plugin v22.3 (Yoast SEO v22.3) - https:\/\/yoast.com\/wordpress\/plugins\/seo\/ -->\n<title>Concert de la chorale mixte de l&#039;Universit\u00e9 - \u00abDU HOLDE KUNST\u00bb - Universit\u00e9 du Luxembourg<\/title>\n<meta name=\"description\" content=\"C\u00e9l\u00e9bration chorale de l\u2019Art et de la CultureProgramm: Show tunes, classical songs, folk melodies, L\u00ebtzebuerger LidderWith the kind support ofUNI.LU, espace cultures\u00a0Fondation Loutsch-Weydert\" \/>\n<meta name=\"robots\" content=\"index, follow, max-snippet:-1, max-image-preview:large, max-video-preview:-1\" \/>\n<link rel=\"canonical\" href=\"https:\/\/www.uni.lu\/fr\/events\/concert-de-la-chorale-mixte-de-luniversite-du-holde-kunst-2\/\" \/>\n<meta property=\"og:locale\" content=\"fr_FR\" \/>\n<meta property=\"og:type\" content=\"article\" \/>\n<meta property=\"og:title\" content=\"Concert de la chorale mixte de l&#039;Universit\u00e9 - \u00abDU HOLDE KUNST\u00bb\" \/>\n<meta property=\"og:description\" content=\"C\u00e9l\u00e9bration chorale de l\u2019Art et de la CultureProgramm: Show tunes, classical songs, folk melodies, L\u00ebtzebuerger LidderWith the kind support ofUNI.LU, espace cultures\u00a0Fondation Loutsch-Weydert\" \/>\n<meta property=\"og:url\" content=\"https:\/\/www.uni.lu\/fr\/events\/concert-de-la-chorale-mixte-de-luniversite-du-holde-kunst-2\/\" \/>\n<meta property=\"og:site_name\" content=\"UNI FR\" \/>\n<meta property=\"article:publisher\" content=\"https:\/\/www.facebook.com\/uni.lu\" \/>\n<meta property=\"og:image\" content=\"https:\/\/www.uni.lu\/wp-content\/uploads\/sites\/11\/2026\/03\/03120045\/UNIV_SM-Profile_1600x1600px-scaled.jpg\" \/>\n\t<meta property=\"og:image:width\" content=\"2560\" \/>\n\t<meta property=\"og:image:height\" content=\"2560\" \/>\n\t<meta property=\"og:image:type\" content=\"image\/jpeg\" \/>\n<meta name=\"twitter:card\" content=\"summary_large_image\" \/>\n<meta name=\"twitter:label1\" content=\"Dur\u00e9e de lecture estim\u00e9e\" \/>\n\t<meta name=\"twitter:data1\" content=\"1 minute\" \/>\n<script type=\"application\/ld+json\" class=\"yoast-schema-graph\">{\"@context\":\"https:\/\/schema.org\",\"@graph\":[{\"@type\":\"WebPage\",\"@id\":\"https:\/\/www.uni.lu\/fr\/events\/concert-de-la-chorale-mixte-de-luniversite-du-holde-kunst-2\/\",\"url\":\"https:\/\/www.uni.lu\/fr\/events\/concert-de-la-chorale-mixte-de-luniversite-du-holde-kunst-2\/\",\"name\":\"Concert de la chorale mixte de l'Universit\u00e9 - \u00abDU HOLDE KUNST\u00bb - Universit\u00e9 du Luxembourg\",\"isPartOf\":{\"@id\":\"https:\/\/www.uni.lu\/fr\/#website\"},\"primaryImageOfPage\":{\"@id\":\"https:\/\/www.uni.lu\/fr\/events\/concert-de-la-chorale-mixte-de-luniversite-du-holde-kunst-2\/#primaryimage\"},\"image\":{\"@id\":\"https:\/\/www.uni.lu\/fr\/events\/concert-de-la-chorale-mixte-de-luniversite-du-holde-kunst-2\/#primaryimage\"},\"thumbnailUrl\":\"https:\/\/www.uni.lu\/wp-content\/uploads\/sites\/11\/2022\/11\/du_holde_kunst.jpg\",\"datePublished\":\"2022-11-09T09:04:17+00:00\",\"dateModified\":\"2022-11-09T09:04:17+00:00\",\"description\":\"C\u00e9l\u00e9bration chorale de l\u2019Art et de la CultureProgramm: Show tunes, classical songs, folk melodies, L\u00ebtzebuerger LidderWith the kind support ofUNI.LU, espace cultures\u00a0Fondation Loutsch-Weydert\",\"breadcrumb\":{\"@id\":\"https:\/\/www.uni.lu\/fr\/events\/concert-de-la-chorale-mixte-de-luniversite-du-holde-kunst-2\/#breadcrumb\"},\"inLanguage\":\"fr-FR\",\"potentialAction\":[{\"@type\":\"ReadAction\",\"target\":[\"https:\/\/www.uni.lu\/fr\/events\/concert-de-la-chorale-mixte-de-luniversite-du-holde-kunst-2\/\"]}]},{\"@type\":\"ImageObject\",\"inLanguage\":\"fr-FR\",\"@id\":\"https:\/\/www.uni.lu\/fr\/events\/concert-de-la-chorale-mixte-de-luniversite-du-holde-kunst-2\/#primaryimage\",\"url\":\"https:\/\/www.uni.lu\/wp-content\/uploads\/sites\/11\/2022\/11\/du_holde_kunst.jpg\",\"contentUrl\":\"https:\/\/www.uni.lu\/wp-content\/uploads\/sites\/11\/2022\/11\/du_holde_kunst.jpg\",\"width\":800,\"height\":600},{\"@type\":\"BreadcrumbList\",\"@id\":\"https:\/\/www.uni.lu\/fr\/events\/concert-de-la-chorale-mixte-de-luniversite-du-holde-kunst-2\/#breadcrumb\",\"itemListElement\":[{\"@type\":\"ListItem\",\"position\":1,\"name\":\"Home\",\"item\":\"https:\/\/www.uni.lu\/fr\/\"},{\"@type\":\"ListItem\",\"position\":2,\"name\":\"Events\",\"item\":\"https:\/\/www.uni.lu\/fr\/events\/\"},{\"@type\":\"ListItem\",\"position\":3,\"name\":\"Concert de la chorale mixte de l'Universit\u00e9 - \u00abDU HOLDE KUNST\u00bb\"}]},{\"@type\":\"WebSite\",\"@id\":\"https:\/\/www.uni.lu\/fr\/#website\",\"url\":\"https:\/\/www.uni.lu\/fr\/\",\"name\":\"Uni.lu\",\"description\":\"Universit\u00e9 du Luxembourg\",\"publisher\":{\"@id\":\"https:\/\/www.uni.lu\/fr\/#organization\"},\"alternateName\":\"Universit\u00e9 du Luxembourg\",\"potentialAction\":[{\"@type\":\"SearchAction\",\"target\":{\"@type\":\"EntryPoint\",\"urlTemplate\":\"https:\/\/www.uni.lu\/fr\/?s={search_term_string}\"},\"query-input\":\"required name=search_term_string\"}],\"inLanguage\":\"fr-FR\"},{\"@type\":\"Organization\",\"@id\":\"https:\/\/www.uni.lu\/fr\/#organization\",\"name\":\"Universit\u00e9 du Luxembourg\",\"alternateName\":\"Uni.lu\",\"url\":\"https:\/\/www.uni.lu\/fr\/\",\"logo\":{\"@type\":\"ImageObject\",\"inLanguage\":\"fr-FR\",\"@id\":\"https:\/\/www.uni.lu\/fr\/#\/schema\/logo\/image\/\",\"url\":\"https:\/\/www.uni.lu\/wp-content\/uploads\/sites\/11\/2026\/03\/03120045\/UNIV_SM-Profile_1600x1600px-scaled.jpg\",\"contentUrl\":\"https:\/\/www.uni.lu\/wp-content\/uploads\/sites\/11\/2026\/03\/03120045\/UNIV_SM-Profile_1600x1600px-scaled.jpg\",\"width\":2560,\"height\":2560,\"caption\":\"Universit\u00e9 du Luxembourg\"},\"image\":\"https:\/\/www.uni.lu\/wp-content\/uploads\/sites\/11\/2026\/04\/24120552\/20200609-Belval-Campus_Henri-Goergen-23.jpg\",\"sameAs\":[\"https:\/\/www.facebook.com\/uni.lu\",\"https:\/\/www.linkedin.com\/school\/university-of-luxembourg\/\",\"https:\/\/www.instagram.com\/uni.lu\",\"https:\/\/www.youtube.com\/@uni_lu\",\"https:\/\/en.wikipedia.org\/wiki\/University_of_Luxembourg\"],\"email\":\"communication@uni.lu\",\"telephone\":\"+352 46 66 44 1\",\"address\":{\"@type\":\"PostalAddress\",\"streetAddress\":\"2, place de l\u2019Universit\u00e9\",\"addressLocality\":\"Esch-sur-Alzette\",\"postalCode\":\"4365\",\"addressCountry\":\"LU\"},\"description\":\"Universit\u00e9 du Luxembourg\"}]}<\/script>\n<!-- \/ Yoast SEO Premium plugin. -->","yoast_head_json":{"title":"Concert de la chorale mixte de l'Universit\u00e9 - \u00abDU HOLDE KUNST\u00bb - Universit\u00e9 du Luxembourg","description":"C\u00e9l\u00e9bration chorale de l\u2019Art et de la CultureProgramm: Show tunes, classical songs, folk melodies, L\u00ebtzebuerger LidderWith the kind support ofUNI.LU, espace cultures\u00a0Fondation Loutsch-Weydert","robots":{"index":"index","follow":"follow","max-snippet":"max-snippet:-1","max-image-preview":"max-image-preview:large","max-video-preview":"max-video-preview:-1"},"canonical":"https:\/\/www.uni.lu\/fr\/events\/concert-de-la-chorale-mixte-de-luniversite-du-holde-kunst-2\/","og_locale":"fr_FR","og_type":"article","og_title":"Concert de la chorale mixte de l'Universit\u00e9 - \u00abDU HOLDE KUNST\u00bb","og_description":"C\u00e9l\u00e9bration chorale de l\u2019Art et de la CultureProgramm: Show tunes, classical songs, folk melodies, L\u00ebtzebuerger LidderWith the kind support ofUNI.LU, espace cultures\u00a0Fondation Loutsch-Weydert","og_url":"https:\/\/www.uni.lu\/fr\/events\/concert-de-la-chorale-mixte-de-luniversite-du-holde-kunst-2\/","og_site_name":"UNI FR","article_publisher":"https:\/\/www.facebook.com\/uni.lu","og_image":[{"width":2560,"height":2560,"url":"https:\/\/www.uni.lu\/wp-content\/uploads\/sites\/11\/2026\/03\/03120045\/UNIV_SM-Profile_1600x1600px-scaled.jpg","type":"image\/jpeg"}],"twitter_card":"summary_large_image","twitter_misc":{"Dur\u00e9e de lecture estim\u00e9e":"1 minute"},"schema":{"@context":"https:\/\/schema.org","@graph":[{"@type":"WebPage","@id":"https:\/\/www.uni.lu\/fr\/events\/concert-de-la-chorale-mixte-de-luniversite-du-holde-kunst-2\/","url":"https:\/\/www.uni.lu\/fr\/events\/concert-de-la-chorale-mixte-de-luniversite-du-holde-kunst-2\/","name":"Concert de la chorale mixte de l'Universit\u00e9 - \u00abDU HOLDE KUNST\u00bb - Universit\u00e9 du Luxembourg","isPartOf":{"@id":"https:\/\/www.uni.lu\/fr\/#website"},"primaryImageOfPage":{"@id":"https:\/\/www.uni.lu\/fr\/events\/concert-de-la-chorale-mixte-de-luniversite-du-holde-kunst-2\/#primaryimage"},"image":{"@id":"https:\/\/www.uni.lu\/fr\/events\/concert-de-la-chorale-mixte-de-luniversite-du-holde-kunst-2\/#primaryimage"},"thumbnailUrl":"https:\/\/www.uni.lu\/wp-content\/uploads\/sites\/11\/2022\/11\/du_holde_kunst.jpg","datePublished":"2022-11-09T09:04:17+00:00","dateModified":"2022-11-09T09:04:17+00:00","description":"C\u00e9l\u00e9bration chorale de l\u2019Art et de la CultureProgramm: Show tunes, classical songs, folk melodies, L\u00ebtzebuerger LidderWith the kind support ofUNI.LU, espace cultures\u00a0Fondation Loutsch-Weydert","breadcrumb":{"@id":"https:\/\/www.uni.lu\/fr\/events\/concert-de-la-chorale-mixte-de-luniversite-du-holde-kunst-2\/#breadcrumb"},"inLanguage":"fr-FR","potentialAction":[{"@type":"ReadAction","target":["https:\/\/www.uni.lu\/fr\/events\/concert-de-la-chorale-mixte-de-luniversite-du-holde-kunst-2\/"]}]},{"@type":"ImageObject","inLanguage":"fr-FR","@id":"https:\/\/www.uni.lu\/fr\/events\/concert-de-la-chorale-mixte-de-luniversite-du-holde-kunst-2\/#primaryimage","url":"https:\/\/www.uni.lu\/wp-content\/uploads\/sites\/11\/2022\/11\/du_holde_kunst.jpg","contentUrl":"https:\/\/www.uni.lu\/wp-content\/uploads\/sites\/11\/2022\/11\/du_holde_kunst.jpg","width":800,"height":600},{"@type":"BreadcrumbList","@id":"https:\/\/www.uni.lu\/fr\/events\/concert-de-la-chorale-mixte-de-luniversite-du-holde-kunst-2\/#breadcrumb","itemListElement":[{"@type":"ListItem","position":1,"name":"Home","item":"https:\/\/www.uni.lu\/fr\/"},{"@type":"ListItem","position":2,"name":"Events","item":"https:\/\/www.uni.lu\/fr\/events\/"},{"@type":"ListItem","position":3,"name":"Concert de la chorale mixte de l'Universit\u00e9 - \u00abDU HOLDE KUNST\u00bb"}]},{"@type":"WebSite","@id":"https:\/\/www.uni.lu\/fr\/#website","url":"https:\/\/www.uni.lu\/fr\/","name":"Uni.lu","description":"Universit\u00e9 du Luxembourg","publisher":{"@id":"https:\/\/www.uni.lu\/fr\/#organization"},"alternateName":"Universit\u00e9 du Luxembourg","potentialAction":[{"@type":"SearchAction","target":{"@type":"EntryPoint","urlTemplate":"https:\/\/www.uni.lu\/fr\/?s={search_term_string}"},"query-input":"required name=search_term_string"}],"inLanguage":"fr-FR"},{"@type":"Organization","@id":"https:\/\/www.uni.lu\/fr\/#organization","name":"Universit\u00e9 du Luxembourg","alternateName":"Uni.lu","url":"https:\/\/www.uni.lu\/fr\/","logo":{"@type":"ImageObject","inLanguage":"fr-FR","@id":"https:\/\/www.uni.lu\/fr\/#\/schema\/logo\/image\/","url":"https:\/\/www.uni.lu\/wp-content\/uploads\/sites\/11\/2026\/03\/03120045\/UNIV_SM-Profile_1600x1600px-scaled.jpg","contentUrl":"https:\/\/www.uni.lu\/wp-content\/uploads\/sites\/11\/2026\/03\/03120045\/UNIV_SM-Profile_1600x1600px-scaled.jpg","width":2560,"height":2560,"caption":"Universit\u00e9 du Luxembourg"},"image":"https:\/\/www.uni.lu\/wp-content\/uploads\/sites\/11\/2026\/04\/24120552\/20200609-Belval-Campus_Henri-Goergen-23.jpg","sameAs":["https:\/\/www.facebook.com\/uni.lu","https:\/\/www.linkedin.com\/school\/university-of-luxembourg\/","https:\/\/www.instagram.com\/uni.lu","https:\/\/www.youtube.com\/@uni_lu","https:\/\/en.wikipedia.org\/wiki\/University_of_Luxembourg"],"email":"communication@uni.lu","telephone":"+352 46 66 44 1","address":{"@type":"PostalAddress","streetAddress":"2, place de l\u2019Universit\u00e9","addressLocality":"Esch-sur-Alzette","postalCode":"4365","addressCountry":"LU"},"description":"Universit\u00e9 du Luxembourg"}]}},"_links":{"self":[{"href":"https:\/\/www.uni.lu\/fr\/wp-json\/wp\/v2\/events\/9111"}],"collection":[{"href":"https:\/\/www.uni.lu\/fr\/wp-json\/wp\/v2\/events"}],"about":[{"href":"https:\/\/www.uni.lu\/fr\/wp-json\/wp\/v2\/types\/events"}],"replies":[{"embeddable":true,"href":"https:\/\/www.uni.lu\/fr\/wp-json\/wp\/v2\/comments?post=9111"}],"version-history":[{"count":0,"href":"https:\/\/www.uni.lu\/fr\/wp-json\/wp\/v2\/events\/9111\/revisions"}],"wp:featuredmedia":[{"embeddable":true,"href":"https:\/\/www.uni.lu\/fr\/wp-json\/wp\/v2\/media\/9112"}],"wp:attachment":[{"href":"https:\/\/www.uni.lu\/fr\/wp-json\/wp\/v2\/media?parent=9111"}],"wp:term":[{"taxonomy":"events-topic","embeddable":true,"href":"https:\/\/www.uni.lu\/fr\/wp-json\/wp\/v2\/events-topic?post=9111"},{"taxonomy":"events-type","embeddable":true,"href":"https:\/\/www.uni.lu\/fr\/wp-json\/wp\/v2\/events-type?post=9111"},{"taxonomy":"organisation","embeddable":true,"href":"https:\/\/www.uni.lu\/fr\/wp-json\/wp\/v2\/organisation?post=9111"}],"curies":[{"name":"wp","href":"https:\/\/api.w.org\/{rel}","templated":true}]}}