{"id":9092,"date":"2022-10-31T10:52:15","date_gmt":"2022-10-31T09:52:15","guid":{"rendered":"https:\/\/www.uni.lu\/fr\/events\/buchprasentation-luxemburg-standarddeutsch-worterbuch-der-deutschen-gegenwartssprache-in-luxemburg\/"},"modified":"2022-10-31T10:52:15","modified_gmt":"2022-10-31T09:52:15","slug":"buchprasentation-luxemburg-standarddeutsch-worterbuch-der-deutschen-gegenwartssprache-in-luxemburg","status":"publish","type":"events","link":"https:\/\/www.uni.lu\/fr\/events\/buchprasentation-luxemburg-standarddeutsch-worterbuch-der-deutschen-gegenwartssprache-in-luxemburg\/","title":{"rendered":"Buchpr\u00e4sentation: Luxemburg Standarddeutsch \u2013 W\u00f6rterbuch der deutschen Gegenwartssprache in Luxemburg"},"content":{"rendered":"<section class=\"wp-block-unilux-blocks-free-section section\"><div class=\"container xl:max-w-screen-xl\"><p>Die Fakult\u00e4t der Geisteswissenschaften, der Erziehungswissenschaften und der Sozialwissenschaften l\u00e4dt zur Buchvorstellung <strong>\u201eLuxemburger Standarddeutsch \u2013 W\u00f6rterbuch der deutschen Gegenwartssprache in Luxemburg\u201c<\/strong> durch den Verfasser Prof. Dr. Heinz Sieburg ein.<\/p><p>Das W\u00f6rterbuch, das Mitte Oktober im Duden-Verlag erschienen ist &#8211; bietet zum ersten Mal &#8211; einen kompakten \u00dcberblick \u00fcber die deutsche Standardsprache (Hochsprache) in Luxemburg. Wie in \u00d6sterreich und der Schweiz haben sich auch in Luxemburg mit der Zeit bestimmte sprachliche Eigenst\u00e4ndigkeiten gegen\u00fcber Deutschland herausgebildet. Das W\u00f6rterbuch dokumentiert und erl\u00e4utert diese in \u00fcber 1.300 Wortartikeln aus unterschiedlichen Bereichen (Alltag, Politik, Verwaltung, Schule, Gesundheit etc.).<\/p><p>Vor dem Hintergrund der Mehrsprachigkeit wird dar\u00fcber hinaus die sprachwissenschaftliche Systematik der Luxemburger Varianten beschrieben. Erl\u00e4utert werden insbesondere aber auch m\u00f6gliche Implikationen auf den Bildungssektor.<\/p><p>Durch die Pr\u00e4sentation f\u00fchrt Prof. Dr. Heinz Sieburg mit einer Einf\u00fchrung durch Prof. Dr. Georg Mein.<\/p><\/div><\/section>","protected":false},"excerpt":{"rendered":"<p>Die Fakult\u00e4t der Geisteswissenschaften, der Erziehungswissenschaften und der Sozialwissenschaften l\u00e4dt zur Buchvorstellung \u201eLuxemburger Standarddeutsch \u2013 W\u00f6rterbuch der deutschen Gegenwartssprache in Luxemburg\u201c durch den Verfasser Prof. Dr. Heinz Sieburg ein.<\/p>\n","protected":false},"author":0,"featured_media":9093,"parent":0,"menu_order":0,"comment_status":"open","ping_status":"closed","template":"","format":"standard","meta":{"featured_image_focal_point":[],"show_featured_caption":false,"ulux_newsletter_groups":"","uluxPostTitle":"","uluxPrePostTitle":"","_trash_the_other_posts":false,"_price":"","_stock":"","_tribe_ticket_header":"","_tribe_default_ticket_provider":"","_tribe_ticket_capacity":"0","_ticket_start_date":"","_ticket_end_date":"","_tribe_ticket_show_description":"","_tribe_ticket_show_not_going":false,"_tribe_ticket_use_global_stock":"","_tribe_ticket_global_stock_level":"","_global_stock_mode":"","_global_stock_cap":"","_tribe_rsvp_for_event":"","_tribe_ticket_going_count":"","_tribe_ticket_not_going_count":"","_tribe_tickets_list":"[]","_tribe_ticket_has_attendee_info_fields":false,"event_start_date":"2022-11-03 14:00:00","event_end_date":"2022-11-03 15:00:00","event_speaker_name":"Prof. Dr. Heinz Sieburg","event_speaker_link":"","event_is_online":false,"event_location":"Campus Belval, Maison des Sciences Humaines, Black Box","event_street":"","event_location_link":"","event_zip_code":"","event_city":"","event_country":"LU"},"events-topic":[],"events-type":[],"organisation":[147,226],"authorship":[],"acf":[],"yoast_head":"<!-- This site is optimized with the Yoast SEO Premium plugin v22.3 (Yoast SEO v22.3) - https:\/\/yoast.com\/wordpress\/plugins\/seo\/ -->\n<title>Buchpr\u00e4sentation: Luxemburg Standarddeutsch \u2013 W\u00f6rterbuch der deutschen Gegenwartssprache in Luxemburg - Universit\u00e9 du Luxembourg<\/title>\n<meta name=\"description\" content=\"Die Fakult\u00e4t der Geisteswissenschaften, der Erziehungswissenschaften und der Sozialwissenschaften l\u00e4dt zur Buchvorstellung \u201eLuxemburger Standarddeutsch \u2013 W\u00f6rterbuch der deutschen Gegenwartssprache in Luxemburg\u201c durch den Verfasser Prof. Dr. Heinz Sieburg ein.\" \/>\n<meta name=\"robots\" content=\"index, follow, max-snippet:-1, max-image-preview:large, max-video-preview:-1\" \/>\n<link rel=\"canonical\" href=\"https:\/\/www.uni.lu\/fr\/events\/buchprasentation-luxemburg-standarddeutsch-worterbuch-der-deutschen-gegenwartssprache-in-luxemburg\/\" \/>\n<meta property=\"og:locale\" content=\"fr_FR\" \/>\n<meta property=\"og:type\" content=\"article\" \/>\n<meta property=\"og:title\" content=\"Buchpr\u00e4sentation: Luxemburg Standarddeutsch \u2013 W\u00f6rterbuch der deutschen Gegenwartssprache in Luxemburg\" \/>\n<meta property=\"og:description\" content=\"Die Fakult\u00e4t der Geisteswissenschaften, der Erziehungswissenschaften und der Sozialwissenschaften l\u00e4dt zur Buchvorstellung \u201eLuxemburger Standarddeutsch \u2013 W\u00f6rterbuch der deutschen Gegenwartssprache in Luxemburg\u201c durch den Verfasser Prof. Dr. Heinz Sieburg ein.\" \/>\n<meta property=\"og:url\" content=\"https:\/\/www.uni.lu\/fr\/events\/buchprasentation-luxemburg-standarddeutsch-worterbuch-der-deutschen-gegenwartssprache-in-luxemburg\/\" \/>\n<meta property=\"og:site_name\" content=\"UNI FR\" \/>\n<meta property=\"article:publisher\" content=\"https:\/\/www.facebook.com\/uni.lu\" \/>\n<meta property=\"og:image\" content=\"https:\/\/www.uni.lu\/wp-content\/uploads\/sites\/11\/2026\/03\/03120045\/UNIV_SM-Profile_1600x1600px-scaled.jpg\" \/>\n\t<meta property=\"og:image:width\" content=\"2560\" \/>\n\t<meta property=\"og:image:height\" content=\"2560\" \/>\n\t<meta property=\"og:image:type\" content=\"image\/jpeg\" \/>\n<meta name=\"twitter:card\" content=\"summary_large_image\" \/>\n<meta name=\"twitter:label1\" content=\"Dur\u00e9e de lecture estim\u00e9e\" \/>\n\t<meta name=\"twitter:data1\" content=\"1 minute\" \/>\n<script type=\"application\/ld+json\" class=\"yoast-schema-graph\">{\"@context\":\"https:\/\/schema.org\",\"@graph\":[{\"@type\":\"WebPage\",\"@id\":\"https:\/\/www.uni.lu\/fr\/events\/buchprasentation-luxemburg-standarddeutsch-worterbuch-der-deutschen-gegenwartssprache-in-luxemburg\/\",\"url\":\"https:\/\/www.uni.lu\/fr\/events\/buchprasentation-luxemburg-standarddeutsch-worterbuch-der-deutschen-gegenwartssprache-in-luxemburg\/\",\"name\":\"Buchpr\u00e4sentation: Luxemburg Standarddeutsch \u2013 W\u00f6rterbuch der deutschen Gegenwartssprache in Luxemburg - Universit\u00e9 du Luxembourg\",\"isPartOf\":{\"@id\":\"https:\/\/www.uni.lu\/fr\/#website\"},\"primaryImageOfPage\":{\"@id\":\"https:\/\/www.uni.lu\/fr\/events\/buchprasentation-luxemburg-standarddeutsch-worterbuch-der-deutschen-gegenwartssprache-in-luxemburg\/#primaryimage\"},\"image\":{\"@id\":\"https:\/\/www.uni.lu\/fr\/events\/buchprasentation-luxemburg-standarddeutsch-worterbuch-der-deutschen-gegenwartssprache-in-luxemburg\/#primaryimage\"},\"thumbnailUrl\":\"https:\/\/www.uni.lu\/wp-content\/uploads\/sites\/11\/2022\/10\/buchpraesentation_luxemburg_standarddeutsch_woerterbuch_der_deutschen_gegenwartssprache_in_luxemburg.jpg\",\"datePublished\":\"2022-10-31T09:52:15+00:00\",\"dateModified\":\"2022-10-31T09:52:15+00:00\",\"description\":\"Die Fakult\u00e4t der Geisteswissenschaften, der Erziehungswissenschaften und der Sozialwissenschaften l\u00e4dt zur Buchvorstellung \u201eLuxemburger Standarddeutsch \u2013 W\u00f6rterbuch der deutschen Gegenwartssprache in Luxemburg\u201c durch den Verfasser Prof. Dr. Heinz Sieburg ein.\",\"breadcrumb\":{\"@id\":\"https:\/\/www.uni.lu\/fr\/events\/buchprasentation-luxemburg-standarddeutsch-worterbuch-der-deutschen-gegenwartssprache-in-luxemburg\/#breadcrumb\"},\"inLanguage\":\"fr-FR\",\"potentialAction\":[{\"@type\":\"ReadAction\",\"target\":[\"https:\/\/www.uni.lu\/fr\/events\/buchprasentation-luxemburg-standarddeutsch-worterbuch-der-deutschen-gegenwartssprache-in-luxemburg\/\"]}]},{\"@type\":\"ImageObject\",\"inLanguage\":\"fr-FR\",\"@id\":\"https:\/\/www.uni.lu\/fr\/events\/buchprasentation-luxemburg-standarddeutsch-worterbuch-der-deutschen-gegenwartssprache-in-luxemburg\/#primaryimage\",\"url\":\"https:\/\/www.uni.lu\/wp-content\/uploads\/sites\/11\/2022\/10\/buchpraesentation_luxemburg_standarddeutsch_woerterbuch_der_deutschen_gegenwartssprache_in_luxemburg.jpg\",\"contentUrl\":\"https:\/\/www.uni.lu\/wp-content\/uploads\/sites\/11\/2022\/10\/buchpraesentation_luxemburg_standarddeutsch_woerterbuch_der_deutschen_gegenwartssprache_in_luxemburg.jpg\",\"width\":800,\"height\":600},{\"@type\":\"BreadcrumbList\",\"@id\":\"https:\/\/www.uni.lu\/fr\/events\/buchprasentation-luxemburg-standarddeutsch-worterbuch-der-deutschen-gegenwartssprache-in-luxemburg\/#breadcrumb\",\"itemListElement\":[{\"@type\":\"ListItem\",\"position\":1,\"name\":\"Home\",\"item\":\"https:\/\/www.uni.lu\/fr\/\"},{\"@type\":\"ListItem\",\"position\":2,\"name\":\"Events\",\"item\":\"https:\/\/www.uni.lu\/fr\/events\/\"},{\"@type\":\"ListItem\",\"position\":3,\"name\":\"Buchpr\u00e4sentation: Luxemburg Standarddeutsch \u2013 W\u00f6rterbuch der deutschen Gegenwartssprache in Luxemburg\"}]},{\"@type\":\"WebSite\",\"@id\":\"https:\/\/www.uni.lu\/fr\/#website\",\"url\":\"https:\/\/www.uni.lu\/fr\/\",\"name\":\"Uni.lu\",\"description\":\"Universit\u00e9 du Luxembourg\",\"publisher\":{\"@id\":\"https:\/\/www.uni.lu\/fr\/#organization\"},\"alternateName\":\"Universit\u00e9 du Luxembourg\",\"potentialAction\":[{\"@type\":\"SearchAction\",\"target\":{\"@type\":\"EntryPoint\",\"urlTemplate\":\"https:\/\/www.uni.lu\/fr\/?s={search_term_string}\"},\"query-input\":\"required name=search_term_string\"}],\"inLanguage\":\"fr-FR\"},{\"@type\":\"Organization\",\"@id\":\"https:\/\/www.uni.lu\/fr\/#organization\",\"name\":\"Universit\u00e9 du Luxembourg\",\"alternateName\":\"Uni.lu\",\"url\":\"https:\/\/www.uni.lu\/fr\/\",\"logo\":{\"@type\":\"ImageObject\",\"inLanguage\":\"fr-FR\",\"@id\":\"https:\/\/www.uni.lu\/fr\/#\/schema\/logo\/image\/\",\"url\":\"https:\/\/www.uni.lu\/wp-content\/uploads\/sites\/11\/2026\/03\/03120045\/UNIV_SM-Profile_1600x1600px-scaled.jpg\",\"contentUrl\":\"https:\/\/www.uni.lu\/wp-content\/uploads\/sites\/11\/2026\/03\/03120045\/UNIV_SM-Profile_1600x1600px-scaled.jpg\",\"width\":2560,\"height\":2560,\"caption\":\"Universit\u00e9 du Luxembourg\"},\"image\":\"https:\/\/www.uni.lu\/wp-content\/uploads\/sites\/11\/2026\/04\/24120552\/20200609-Belval-Campus_Henri-Goergen-23.jpg\",\"sameAs\":[\"https:\/\/www.facebook.com\/uni.lu\",\"https:\/\/www.linkedin.com\/school\/university-of-luxembourg\/\",\"https:\/\/www.instagram.com\/uni.lu\",\"https:\/\/www.youtube.com\/@uni_lu\",\"https:\/\/en.wikipedia.org\/wiki\/University_of_Luxembourg\"],\"email\":\"communication@uni.lu\",\"telephone\":\"+352 46 66 44 1\",\"address\":{\"@type\":\"PostalAddress\",\"streetAddress\":\"2, place de l\u2019Universit\u00e9\",\"addressLocality\":\"Esch-sur-Alzette\",\"postalCode\":\"4365\",\"addressCountry\":\"LU\"},\"description\":\"Universit\u00e9 du Luxembourg\"}]}<\/script>\n<!-- \/ Yoast SEO Premium plugin. -->","yoast_head_json":{"title":"Buchpr\u00e4sentation: Luxemburg Standarddeutsch \u2013 W\u00f6rterbuch der deutschen Gegenwartssprache in Luxemburg - Universit\u00e9 du Luxembourg","description":"Die Fakult\u00e4t der Geisteswissenschaften, der Erziehungswissenschaften und der Sozialwissenschaften l\u00e4dt zur Buchvorstellung \u201eLuxemburger Standarddeutsch \u2013 W\u00f6rterbuch der deutschen Gegenwartssprache in Luxemburg\u201c durch den Verfasser Prof. Dr. Heinz Sieburg ein.","robots":{"index":"index","follow":"follow","max-snippet":"max-snippet:-1","max-image-preview":"max-image-preview:large","max-video-preview":"max-video-preview:-1"},"canonical":"https:\/\/www.uni.lu\/fr\/events\/buchprasentation-luxemburg-standarddeutsch-worterbuch-der-deutschen-gegenwartssprache-in-luxemburg\/","og_locale":"fr_FR","og_type":"article","og_title":"Buchpr\u00e4sentation: Luxemburg Standarddeutsch \u2013 W\u00f6rterbuch der deutschen Gegenwartssprache in Luxemburg","og_description":"Die Fakult\u00e4t der Geisteswissenschaften, der Erziehungswissenschaften und der Sozialwissenschaften l\u00e4dt zur Buchvorstellung \u201eLuxemburger Standarddeutsch \u2013 W\u00f6rterbuch der deutschen Gegenwartssprache in Luxemburg\u201c durch den Verfasser Prof. Dr. Heinz Sieburg ein.","og_url":"https:\/\/www.uni.lu\/fr\/events\/buchprasentation-luxemburg-standarddeutsch-worterbuch-der-deutschen-gegenwartssprache-in-luxemburg\/","og_site_name":"UNI FR","article_publisher":"https:\/\/www.facebook.com\/uni.lu","og_image":[{"width":2560,"height":2560,"url":"https:\/\/www.uni.lu\/wp-content\/uploads\/sites\/11\/2026\/03\/03120045\/UNIV_SM-Profile_1600x1600px-scaled.jpg","type":"image\/jpeg"}],"twitter_card":"summary_large_image","twitter_misc":{"Dur\u00e9e de lecture estim\u00e9e":"1 minute"},"schema":{"@context":"https:\/\/schema.org","@graph":[{"@type":"WebPage","@id":"https:\/\/www.uni.lu\/fr\/events\/buchprasentation-luxemburg-standarddeutsch-worterbuch-der-deutschen-gegenwartssprache-in-luxemburg\/","url":"https:\/\/www.uni.lu\/fr\/events\/buchprasentation-luxemburg-standarddeutsch-worterbuch-der-deutschen-gegenwartssprache-in-luxemburg\/","name":"Buchpr\u00e4sentation: Luxemburg Standarddeutsch \u2013 W\u00f6rterbuch der deutschen Gegenwartssprache in Luxemburg - Universit\u00e9 du Luxembourg","isPartOf":{"@id":"https:\/\/www.uni.lu\/fr\/#website"},"primaryImageOfPage":{"@id":"https:\/\/www.uni.lu\/fr\/events\/buchprasentation-luxemburg-standarddeutsch-worterbuch-der-deutschen-gegenwartssprache-in-luxemburg\/#primaryimage"},"image":{"@id":"https:\/\/www.uni.lu\/fr\/events\/buchprasentation-luxemburg-standarddeutsch-worterbuch-der-deutschen-gegenwartssprache-in-luxemburg\/#primaryimage"},"thumbnailUrl":"https:\/\/www.uni.lu\/wp-content\/uploads\/sites\/11\/2022\/10\/buchpraesentation_luxemburg_standarddeutsch_woerterbuch_der_deutschen_gegenwartssprache_in_luxemburg.jpg","datePublished":"2022-10-31T09:52:15+00:00","dateModified":"2022-10-31T09:52:15+00:00","description":"Die Fakult\u00e4t der Geisteswissenschaften, der Erziehungswissenschaften und der Sozialwissenschaften l\u00e4dt zur Buchvorstellung \u201eLuxemburger Standarddeutsch \u2013 W\u00f6rterbuch der deutschen Gegenwartssprache in Luxemburg\u201c durch den Verfasser Prof. Dr. Heinz Sieburg ein.","breadcrumb":{"@id":"https:\/\/www.uni.lu\/fr\/events\/buchprasentation-luxemburg-standarddeutsch-worterbuch-der-deutschen-gegenwartssprache-in-luxemburg\/#breadcrumb"},"inLanguage":"fr-FR","potentialAction":[{"@type":"ReadAction","target":["https:\/\/www.uni.lu\/fr\/events\/buchprasentation-luxemburg-standarddeutsch-worterbuch-der-deutschen-gegenwartssprache-in-luxemburg\/"]}]},{"@type":"ImageObject","inLanguage":"fr-FR","@id":"https:\/\/www.uni.lu\/fr\/events\/buchprasentation-luxemburg-standarddeutsch-worterbuch-der-deutschen-gegenwartssprache-in-luxemburg\/#primaryimage","url":"https:\/\/www.uni.lu\/wp-content\/uploads\/sites\/11\/2022\/10\/buchpraesentation_luxemburg_standarddeutsch_woerterbuch_der_deutschen_gegenwartssprache_in_luxemburg.jpg","contentUrl":"https:\/\/www.uni.lu\/wp-content\/uploads\/sites\/11\/2022\/10\/buchpraesentation_luxemburg_standarddeutsch_woerterbuch_der_deutschen_gegenwartssprache_in_luxemburg.jpg","width":800,"height":600},{"@type":"BreadcrumbList","@id":"https:\/\/www.uni.lu\/fr\/events\/buchprasentation-luxemburg-standarddeutsch-worterbuch-der-deutschen-gegenwartssprache-in-luxemburg\/#breadcrumb","itemListElement":[{"@type":"ListItem","position":1,"name":"Home","item":"https:\/\/www.uni.lu\/fr\/"},{"@type":"ListItem","position":2,"name":"Events","item":"https:\/\/www.uni.lu\/fr\/events\/"},{"@type":"ListItem","position":3,"name":"Buchpr\u00e4sentation: Luxemburg Standarddeutsch \u2013 W\u00f6rterbuch der deutschen Gegenwartssprache in Luxemburg"}]},{"@type":"WebSite","@id":"https:\/\/www.uni.lu\/fr\/#website","url":"https:\/\/www.uni.lu\/fr\/","name":"Uni.lu","description":"Universit\u00e9 du Luxembourg","publisher":{"@id":"https:\/\/www.uni.lu\/fr\/#organization"},"alternateName":"Universit\u00e9 du Luxembourg","potentialAction":[{"@type":"SearchAction","target":{"@type":"EntryPoint","urlTemplate":"https:\/\/www.uni.lu\/fr\/?s={search_term_string}"},"query-input":"required name=search_term_string"}],"inLanguage":"fr-FR"},{"@type":"Organization","@id":"https:\/\/www.uni.lu\/fr\/#organization","name":"Universit\u00e9 du Luxembourg","alternateName":"Uni.lu","url":"https:\/\/www.uni.lu\/fr\/","logo":{"@type":"ImageObject","inLanguage":"fr-FR","@id":"https:\/\/www.uni.lu\/fr\/#\/schema\/logo\/image\/","url":"https:\/\/www.uni.lu\/wp-content\/uploads\/sites\/11\/2026\/03\/03120045\/UNIV_SM-Profile_1600x1600px-scaled.jpg","contentUrl":"https:\/\/www.uni.lu\/wp-content\/uploads\/sites\/11\/2026\/03\/03120045\/UNIV_SM-Profile_1600x1600px-scaled.jpg","width":2560,"height":2560,"caption":"Universit\u00e9 du Luxembourg"},"image":"https:\/\/www.uni.lu\/wp-content\/uploads\/sites\/11\/2026\/04\/24120552\/20200609-Belval-Campus_Henri-Goergen-23.jpg","sameAs":["https:\/\/www.facebook.com\/uni.lu","https:\/\/www.linkedin.com\/school\/university-of-luxembourg\/","https:\/\/www.instagram.com\/uni.lu","https:\/\/www.youtube.com\/@uni_lu","https:\/\/en.wikipedia.org\/wiki\/University_of_Luxembourg"],"email":"communication@uni.lu","telephone":"+352 46 66 44 1","address":{"@type":"PostalAddress","streetAddress":"2, place de l\u2019Universit\u00e9","addressLocality":"Esch-sur-Alzette","postalCode":"4365","addressCountry":"LU"},"description":"Universit\u00e9 du Luxembourg"}]}},"_links":{"self":[{"href":"https:\/\/www.uni.lu\/fr\/wp-json\/wp\/v2\/events\/9092"}],"collection":[{"href":"https:\/\/www.uni.lu\/fr\/wp-json\/wp\/v2\/events"}],"about":[{"href":"https:\/\/www.uni.lu\/fr\/wp-json\/wp\/v2\/types\/events"}],"replies":[{"embeddable":true,"href":"https:\/\/www.uni.lu\/fr\/wp-json\/wp\/v2\/comments?post=9092"}],"version-history":[{"count":0,"href":"https:\/\/www.uni.lu\/fr\/wp-json\/wp\/v2\/events\/9092\/revisions"}],"wp:featuredmedia":[{"embeddable":true,"href":"https:\/\/www.uni.lu\/fr\/wp-json\/wp\/v2\/media\/9093"}],"wp:attachment":[{"href":"https:\/\/www.uni.lu\/fr\/wp-json\/wp\/v2\/media?parent=9092"}],"wp:term":[{"taxonomy":"events-topic","embeddable":true,"href":"https:\/\/www.uni.lu\/fr\/wp-json\/wp\/v2\/events-topic?post=9092"},{"taxonomy":"events-type","embeddable":true,"href":"https:\/\/www.uni.lu\/fr\/wp-json\/wp\/v2\/events-type?post=9092"},{"taxonomy":"organisation","embeddable":true,"href":"https:\/\/www.uni.lu\/fr\/wp-json\/wp\/v2\/organisation?post=9092"}],"curies":[{"name":"wp","href":"https:\/\/api.w.org\/{rel}","templated":true}]}}