{"id":9081,"date":"2022-10-25T14:18:34","date_gmt":"2022-10-25T12:18:34","guid":{"rendered":"https:\/\/www.uni.lu\/fr\/events\/presentation-de-lapplication-web-moving-lusitalia\/"},"modified":"2022-10-25T14:18:34","modified_gmt":"2022-10-25T12:18:34","slug":"presentation-de-lapplication-web-moving-lusitalia","status":"publish","type":"events","link":"https:\/\/www.uni.lu\/fr\/events\/presentation-de-lapplication-web-moving-lusitalia\/","title":{"rendered":"Pr\u00e9sentation de l\u2019application web \u00abMoving Lusitalia\u00bb"},"content":{"rendered":"<section class=\"wp-block-unilux-blocks-free-section section\"><div class=\"container xl:max-w-screen-xl\"><p>Une application d\u00e9di\u00e9e \u00e0 l\u2019histoire du quartier de la Petite Italie \u00e0 Dudelange.<\/p><p>L\u2019application <i>Movi<\/i><i>ng<\/i><i>Lusitalia<\/i> permet de parcourir la Petite Italie, Smartphone \u00e0 la main, et d\u2019explorer ainsi les histoires de lieux et de vies, r\u00e9v\u00e9lant les changements de rythme, de temps et d\u2019espace du quartier au fil des d\u00e9cennies.\u00a0<\/p><p>N\u00e9 \u00e0 la fin du XIX\u00e8me si\u00e8cle avec les d\u00e9buts de la sid\u00e9rurgie, le quartier Italie \u00e9tait, contrairement \u00e0 son nom, certes occup\u00e9 par des immigr\u00e9s italiens, mais aussi par de nombreux Luxembourgeois, des\u00a0Allemands etc. Du point de vue professionnel, il s&rsquo;agissait avant tout d&rsquo;un quartier o\u00f9 vivaient des ouvriers mineurs avec leurs familles. Apr\u00e8s la Seconde Guerre mondiale, les Italiens repr\u00e9sentent la majorit\u00e9 des habitants. \u00c0 partir des ann\u00e9es 1970, ces occupants l\u2019ont progressivement abandonn\u00e9 provoquant la d\u00e9t\u00e9rioration du b\u00e2ti. D\u00e8s lors la modicit\u00e9 des loyers a attir\u00e9 de nouvelles vagues d\u2019immigrants dont des Portugais, des Cap-Verdiens, des Espagnols ou encore des familles d\u2019ex-Yougoslavie. Aujourd\u2019hui la plupart des maisons individuelles sont propri\u00e9t\u00e9 de leurs occupants d\u2019origine portugaise. Le quartier, qui a entam\u00e9 une nouvelle reconversion avec le XXI\u00e8me si\u00e8cle, constitue un t\u00e9moignage unique de l\u2019histoire des migrations contemporaines au Grand-Duch\u00e9.<\/p><p>Gr\u00e2ce \u00e0 cette WebApp, vous pourrez parcourir ce quartier unique et serez entra\u00een\u00e9 dans une exp\u00e9rience immersive qui vous ouvrira des \u00ab\u00a0fen\u00eatres sur le pass\u00e9\u00a0\u00bb \u00e0 travers des images, des histoires, des voix et des compositions sonores qui enveloppent les visiteurs, les transformant en nouveaux \u00ab\u00a0voyageurs du temps\u00a0\u00bb. La WebApp compl\u00e8te l\u2019exposition Lusitalia pr\u00e9sent\u00e9e \u00e0 la Gare-Usines jusqu\u2019au 18 d\u00e9cembre 2022.<\/p><p>L\u2019application a \u00e9t\u00e9 r\u00e9alis\u00e9e par le C\u00b2DH, en coop\u00e9ration avec Tokonoma, dans le cadre du projet Moving Lusitalia. Ce projet, men\u00e9 par le Centre de Documentation des Migrations humaines (CDMH), \u00e9tudie le quartier de la Petite Italie \u00e0 travers le double prisme du local et du transnational dans une approche de \u00ab\u00a0micro-histoire globale\u00a0\u00bb.<\/p><p><strong>Elle sera officiellement pr\u00e9sent\u00e9e le<\/strong><\/p><p>Mardi 8 novembre \u00e0 17 heures<\/p><p>au Centre de Documentation sur les Migrations Humaines, (Gare-Usines, L-3481 Dudelange)<\/p><p><strong>en pr\u00e9sence de Madame Sam Tanson, Ministre de la Culture<\/strong><\/p><p>Apr\u00e8s un bref mot d\u2019accueil, nous vous invitons \u00e0 parcourir le court chemin entre le Centre et le Boulodrome \u00e0 la d\u00e9couverte de deux points d\u2019int\u00e9r\u00eat de Lusitalia avant de poursuivre l\u2019\u00e9v\u00e9nement au Boulodrome du quartier, avec les discours officiels et de terminer avec un verre de l\u2019amiti\u00e9 interculturelle.<\/p><p>Participation gratuite sans inscription.<\/p><\/div><\/section>","protected":false},"excerpt":{"rendered":"<p>Une application d\u00e9di\u00e9e \u00e0 l\u2019histoire du quartier de la Petite Italie \u00e0 Dudelange.<\/p>\n","protected":false},"author":0,"featured_media":9082,"parent":0,"menu_order":0,"comment_status":"open","ping_status":"closed","template":"","format":"standard","meta":{"featured_image_focal_point":[],"show_featured_caption":false,"ulux_newsletter_groups":"","uluxPostTitle":"","uluxPrePostTitle":"","_trash_the_other_posts":false,"_price":"","_stock":"","_tribe_ticket_header":"","_tribe_default_ticket_provider":"","_tribe_ticket_capacity":"0","_ticket_start_date":"","_ticket_end_date":"","_tribe_ticket_show_description":"","_tribe_ticket_show_not_going":false,"_tribe_ticket_use_global_stock":"","_tribe_ticket_global_stock_level":"","_global_stock_mode":"","_global_stock_cap":"","_tribe_rsvp_for_event":"","_tribe_ticket_going_count":"","_tribe_ticket_not_going_count":"","_tribe_tickets_list":"[]","_tribe_ticket_has_attendee_info_fields":false,"event_start_date":"2022-11-08 17:00:00","event_end_date":"2022-11-08 18:30:00","event_speaker_name":"Sam Tanson","event_speaker_link":"","event_is_online":false,"event_location":"Centre de Documentation sur les Migrations Humaines","event_street":"Gare-Usines","event_location_link":"","event_zip_code":"L-3481","event_city":"Dudelange","event_country":"LU"},"events-topic":[312],"events-type":[],"organisation":[221,226],"authorship":[],"acf":[],"yoast_head":"<!-- This site is optimized with the Yoast SEO Premium plugin v22.3 (Yoast SEO v22.3) - https:\/\/yoast.com\/wordpress\/plugins\/seo\/ -->\n<title>Pr\u00e9sentation de l\u2019application web \u00abMoving Lusitalia\u00bb - Universit\u00e9 du Luxembourg<\/title>\n<meta name=\"description\" content=\"Une application d\u00e9di\u00e9e \u00e0 l\u2019histoire du quartier de la Petite Italie \u00e0 Dudelange.\" \/>\n<meta name=\"robots\" content=\"index, follow, max-snippet:-1, max-image-preview:large, max-video-preview:-1\" \/>\n<link rel=\"canonical\" href=\"https:\/\/www.uni.lu\/fr\/events\/presentation-de-lapplication-web-moving-lusitalia\/\" \/>\n<meta property=\"og:locale\" content=\"fr_FR\" \/>\n<meta property=\"og:type\" content=\"article\" \/>\n<meta property=\"og:title\" content=\"Pr\u00e9sentation de l\u2019application web \u00abMoving Lusitalia\u00bb\" \/>\n<meta property=\"og:description\" content=\"Une application d\u00e9di\u00e9e \u00e0 l\u2019histoire du quartier de la Petite Italie \u00e0 Dudelange.\" \/>\n<meta property=\"og:url\" content=\"https:\/\/www.uni.lu\/fr\/events\/presentation-de-lapplication-web-moving-lusitalia\/\" \/>\n<meta property=\"og:site_name\" content=\"UNI FR\" \/>\n<meta property=\"article:publisher\" content=\"https:\/\/www.facebook.com\/uni.lu\" \/>\n<meta property=\"og:image\" content=\"https:\/\/www.uni.lu\/wp-content\/uploads\/sites\/11\/2026\/03\/03120045\/UNIV_SM-Profile_1600x1600px-scaled.jpg\" \/>\n\t<meta property=\"og:image:width\" content=\"2560\" \/>\n\t<meta property=\"og:image:height\" content=\"2560\" \/>\n\t<meta property=\"og:image:type\" content=\"image\/jpeg\" \/>\n<meta name=\"twitter:card\" content=\"summary_large_image\" \/>\n<meta name=\"twitter:label1\" content=\"Dur\u00e9e de lecture estim\u00e9e\" \/>\n\t<meta name=\"twitter:data1\" content=\"2 minutes\" \/>\n<script type=\"application\/ld+json\" class=\"yoast-schema-graph\">{\"@context\":\"https:\/\/schema.org\",\"@graph\":[{\"@type\":\"WebPage\",\"@id\":\"https:\/\/www.uni.lu\/fr\/events\/presentation-de-lapplication-web-moving-lusitalia\/\",\"url\":\"https:\/\/www.uni.lu\/fr\/events\/presentation-de-lapplication-web-moving-lusitalia\/\",\"name\":\"Pr\u00e9sentation de l\u2019application web \u00abMoving Lusitalia\u00bb - Universit\u00e9 du Luxembourg\",\"isPartOf\":{\"@id\":\"https:\/\/www.uni.lu\/fr\/#website\"},\"primaryImageOfPage\":{\"@id\":\"https:\/\/www.uni.lu\/fr\/events\/presentation-de-lapplication-web-moving-lusitalia\/#primaryimage\"},\"image\":{\"@id\":\"https:\/\/www.uni.lu\/fr\/events\/presentation-de-lapplication-web-moving-lusitalia\/#primaryimage\"},\"thumbnailUrl\":\"https:\/\/www.uni.lu\/wp-content\/uploads\/sites\/11\/2022\/10\/presentation_de_l_application_web_moving_lusitalia.jpg\",\"datePublished\":\"2022-10-25T12:18:34+00:00\",\"dateModified\":\"2022-10-25T12:18:34+00:00\",\"description\":\"Une application d\u00e9di\u00e9e \u00e0 l\u2019histoire du quartier de la Petite Italie \u00e0 Dudelange.\",\"breadcrumb\":{\"@id\":\"https:\/\/www.uni.lu\/fr\/events\/presentation-de-lapplication-web-moving-lusitalia\/#breadcrumb\"},\"inLanguage\":\"fr-FR\",\"potentialAction\":[{\"@type\":\"ReadAction\",\"target\":[\"https:\/\/www.uni.lu\/fr\/events\/presentation-de-lapplication-web-moving-lusitalia\/\"]}]},{\"@type\":\"ImageObject\",\"inLanguage\":\"fr-FR\",\"@id\":\"https:\/\/www.uni.lu\/fr\/events\/presentation-de-lapplication-web-moving-lusitalia\/#primaryimage\",\"url\":\"https:\/\/www.uni.lu\/wp-content\/uploads\/sites\/11\/2022\/10\/presentation_de_l_application_web_moving_lusitalia.jpg\",\"contentUrl\":\"https:\/\/www.uni.lu\/wp-content\/uploads\/sites\/11\/2022\/10\/presentation_de_l_application_web_moving_lusitalia.jpg\",\"width\":800,\"height\":600},{\"@type\":\"BreadcrumbList\",\"@id\":\"https:\/\/www.uni.lu\/fr\/events\/presentation-de-lapplication-web-moving-lusitalia\/#breadcrumb\",\"itemListElement\":[{\"@type\":\"ListItem\",\"position\":1,\"name\":\"Home\",\"item\":\"https:\/\/www.uni.lu\/fr\/\"},{\"@type\":\"ListItem\",\"position\":2,\"name\":\"Events\",\"item\":\"https:\/\/www.uni.lu\/fr\/events\/\"},{\"@type\":\"ListItem\",\"position\":3,\"name\":\"Pr\u00e9sentation de l\u2019application web \u00abMoving Lusitalia\u00bb\"}]},{\"@type\":\"WebSite\",\"@id\":\"https:\/\/www.uni.lu\/fr\/#website\",\"url\":\"https:\/\/www.uni.lu\/fr\/\",\"name\":\"Uni.lu\",\"description\":\"Universit\u00e9 du Luxembourg\",\"publisher\":{\"@id\":\"https:\/\/www.uni.lu\/fr\/#organization\"},\"alternateName\":\"Universit\u00e9 du Luxembourg\",\"potentialAction\":[{\"@type\":\"SearchAction\",\"target\":{\"@type\":\"EntryPoint\",\"urlTemplate\":\"https:\/\/www.uni.lu\/fr\/?s={search_term_string}\"},\"query-input\":\"required name=search_term_string\"}],\"inLanguage\":\"fr-FR\"},{\"@type\":\"Organization\",\"@id\":\"https:\/\/www.uni.lu\/fr\/#organization\",\"name\":\"Universit\u00e9 du Luxembourg\",\"alternateName\":\"Uni.lu\",\"url\":\"https:\/\/www.uni.lu\/fr\/\",\"logo\":{\"@type\":\"ImageObject\",\"inLanguage\":\"fr-FR\",\"@id\":\"https:\/\/www.uni.lu\/fr\/#\/schema\/logo\/image\/\",\"url\":\"https:\/\/www.uni.lu\/wp-content\/uploads\/sites\/11\/2026\/03\/03120045\/UNIV_SM-Profile_1600x1600px-scaled.jpg\",\"contentUrl\":\"https:\/\/www.uni.lu\/wp-content\/uploads\/sites\/11\/2026\/03\/03120045\/UNIV_SM-Profile_1600x1600px-scaled.jpg\",\"width\":2560,\"height\":2560,\"caption\":\"Universit\u00e9 du Luxembourg\"},\"image\":\"https:\/\/www.uni.lu\/wp-content\/uploads\/sites\/11\/2026\/04\/24120552\/20200609-Belval-Campus_Henri-Goergen-23.jpg\",\"sameAs\":[\"https:\/\/www.facebook.com\/uni.lu\",\"https:\/\/www.linkedin.com\/school\/university-of-luxembourg\/\",\"https:\/\/www.instagram.com\/uni.lu\",\"https:\/\/www.youtube.com\/@uni_lu\",\"https:\/\/en.wikipedia.org\/wiki\/University_of_Luxembourg\"],\"email\":\"communication@uni.lu\",\"telephone\":\"+352 46 66 44 1\",\"address\":{\"@type\":\"PostalAddress\",\"streetAddress\":\"2, place de l\u2019Universit\u00e9\",\"addressLocality\":\"Esch-sur-Alzette\",\"postalCode\":\"4365\",\"addressCountry\":\"LU\"},\"description\":\"Universit\u00e9 du Luxembourg\"}]}<\/script>\n<!-- \/ Yoast SEO Premium plugin. -->","yoast_head_json":{"title":"Pr\u00e9sentation de l\u2019application web \u00abMoving Lusitalia\u00bb - Universit\u00e9 du Luxembourg","description":"Une application d\u00e9di\u00e9e \u00e0 l\u2019histoire du quartier de la Petite Italie \u00e0 Dudelange.","robots":{"index":"index","follow":"follow","max-snippet":"max-snippet:-1","max-image-preview":"max-image-preview:large","max-video-preview":"max-video-preview:-1"},"canonical":"https:\/\/www.uni.lu\/fr\/events\/presentation-de-lapplication-web-moving-lusitalia\/","og_locale":"fr_FR","og_type":"article","og_title":"Pr\u00e9sentation de l\u2019application web \u00abMoving Lusitalia\u00bb","og_description":"Une application d\u00e9di\u00e9e \u00e0 l\u2019histoire du quartier de la Petite Italie \u00e0 Dudelange.","og_url":"https:\/\/www.uni.lu\/fr\/events\/presentation-de-lapplication-web-moving-lusitalia\/","og_site_name":"UNI FR","article_publisher":"https:\/\/www.facebook.com\/uni.lu","og_image":[{"width":2560,"height":2560,"url":"https:\/\/www.uni.lu\/wp-content\/uploads\/sites\/11\/2026\/03\/03120045\/UNIV_SM-Profile_1600x1600px-scaled.jpg","type":"image\/jpeg"}],"twitter_card":"summary_large_image","twitter_misc":{"Dur\u00e9e de lecture estim\u00e9e":"2 minutes"},"schema":{"@context":"https:\/\/schema.org","@graph":[{"@type":"WebPage","@id":"https:\/\/www.uni.lu\/fr\/events\/presentation-de-lapplication-web-moving-lusitalia\/","url":"https:\/\/www.uni.lu\/fr\/events\/presentation-de-lapplication-web-moving-lusitalia\/","name":"Pr\u00e9sentation de l\u2019application web \u00abMoving Lusitalia\u00bb - Universit\u00e9 du Luxembourg","isPartOf":{"@id":"https:\/\/www.uni.lu\/fr\/#website"},"primaryImageOfPage":{"@id":"https:\/\/www.uni.lu\/fr\/events\/presentation-de-lapplication-web-moving-lusitalia\/#primaryimage"},"image":{"@id":"https:\/\/www.uni.lu\/fr\/events\/presentation-de-lapplication-web-moving-lusitalia\/#primaryimage"},"thumbnailUrl":"https:\/\/www.uni.lu\/wp-content\/uploads\/sites\/11\/2022\/10\/presentation_de_l_application_web_moving_lusitalia.jpg","datePublished":"2022-10-25T12:18:34+00:00","dateModified":"2022-10-25T12:18:34+00:00","description":"Une application d\u00e9di\u00e9e \u00e0 l\u2019histoire du quartier de la Petite Italie \u00e0 Dudelange.","breadcrumb":{"@id":"https:\/\/www.uni.lu\/fr\/events\/presentation-de-lapplication-web-moving-lusitalia\/#breadcrumb"},"inLanguage":"fr-FR","potentialAction":[{"@type":"ReadAction","target":["https:\/\/www.uni.lu\/fr\/events\/presentation-de-lapplication-web-moving-lusitalia\/"]}]},{"@type":"ImageObject","inLanguage":"fr-FR","@id":"https:\/\/www.uni.lu\/fr\/events\/presentation-de-lapplication-web-moving-lusitalia\/#primaryimage","url":"https:\/\/www.uni.lu\/wp-content\/uploads\/sites\/11\/2022\/10\/presentation_de_l_application_web_moving_lusitalia.jpg","contentUrl":"https:\/\/www.uni.lu\/wp-content\/uploads\/sites\/11\/2022\/10\/presentation_de_l_application_web_moving_lusitalia.jpg","width":800,"height":600},{"@type":"BreadcrumbList","@id":"https:\/\/www.uni.lu\/fr\/events\/presentation-de-lapplication-web-moving-lusitalia\/#breadcrumb","itemListElement":[{"@type":"ListItem","position":1,"name":"Home","item":"https:\/\/www.uni.lu\/fr\/"},{"@type":"ListItem","position":2,"name":"Events","item":"https:\/\/www.uni.lu\/fr\/events\/"},{"@type":"ListItem","position":3,"name":"Pr\u00e9sentation de l\u2019application web \u00abMoving Lusitalia\u00bb"}]},{"@type":"WebSite","@id":"https:\/\/www.uni.lu\/fr\/#website","url":"https:\/\/www.uni.lu\/fr\/","name":"Uni.lu","description":"Universit\u00e9 du Luxembourg","publisher":{"@id":"https:\/\/www.uni.lu\/fr\/#organization"},"alternateName":"Universit\u00e9 du Luxembourg","potentialAction":[{"@type":"SearchAction","target":{"@type":"EntryPoint","urlTemplate":"https:\/\/www.uni.lu\/fr\/?s={search_term_string}"},"query-input":"required name=search_term_string"}],"inLanguage":"fr-FR"},{"@type":"Organization","@id":"https:\/\/www.uni.lu\/fr\/#organization","name":"Universit\u00e9 du Luxembourg","alternateName":"Uni.lu","url":"https:\/\/www.uni.lu\/fr\/","logo":{"@type":"ImageObject","inLanguage":"fr-FR","@id":"https:\/\/www.uni.lu\/fr\/#\/schema\/logo\/image\/","url":"https:\/\/www.uni.lu\/wp-content\/uploads\/sites\/11\/2026\/03\/03120045\/UNIV_SM-Profile_1600x1600px-scaled.jpg","contentUrl":"https:\/\/www.uni.lu\/wp-content\/uploads\/sites\/11\/2026\/03\/03120045\/UNIV_SM-Profile_1600x1600px-scaled.jpg","width":2560,"height":2560,"caption":"Universit\u00e9 du Luxembourg"},"image":"https:\/\/www.uni.lu\/wp-content\/uploads\/sites\/11\/2026\/04\/24120552\/20200609-Belval-Campus_Henri-Goergen-23.jpg","sameAs":["https:\/\/www.facebook.com\/uni.lu","https:\/\/www.linkedin.com\/school\/university-of-luxembourg\/","https:\/\/www.instagram.com\/uni.lu","https:\/\/www.youtube.com\/@uni_lu","https:\/\/en.wikipedia.org\/wiki\/University_of_Luxembourg"],"email":"communication@uni.lu","telephone":"+352 46 66 44 1","address":{"@type":"PostalAddress","streetAddress":"2, place de l\u2019Universit\u00e9","addressLocality":"Esch-sur-Alzette","postalCode":"4365","addressCountry":"LU"},"description":"Universit\u00e9 du Luxembourg"}]}},"_links":{"self":[{"href":"https:\/\/www.uni.lu\/fr\/wp-json\/wp\/v2\/events\/9081"}],"collection":[{"href":"https:\/\/www.uni.lu\/fr\/wp-json\/wp\/v2\/events"}],"about":[{"href":"https:\/\/www.uni.lu\/fr\/wp-json\/wp\/v2\/types\/events"}],"replies":[{"embeddable":true,"href":"https:\/\/www.uni.lu\/fr\/wp-json\/wp\/v2\/comments?post=9081"}],"version-history":[{"count":0,"href":"https:\/\/www.uni.lu\/fr\/wp-json\/wp\/v2\/events\/9081\/revisions"}],"wp:featuredmedia":[{"embeddable":true,"href":"https:\/\/www.uni.lu\/fr\/wp-json\/wp\/v2\/media\/9082"}],"wp:attachment":[{"href":"https:\/\/www.uni.lu\/fr\/wp-json\/wp\/v2\/media?parent=9081"}],"wp:term":[{"taxonomy":"events-topic","embeddable":true,"href":"https:\/\/www.uni.lu\/fr\/wp-json\/wp\/v2\/events-topic?post=9081"},{"taxonomy":"events-type","embeddable":true,"href":"https:\/\/www.uni.lu\/fr\/wp-json\/wp\/v2\/events-type?post=9081"},{"taxonomy":"organisation","embeddable":true,"href":"https:\/\/www.uni.lu\/fr\/wp-json\/wp\/v2\/organisation?post=9081"}],"curies":[{"name":"wp","href":"https:\/\/api.w.org\/{rel}","templated":true}]}}