{"id":9048,"date":"2022-10-14T11:30:55","date_gmt":"2022-10-14T09:30:55","guid":{"rendered":"https:\/\/www.uni.lu\/fr\/events\/lusine-secrete\/"},"modified":"2022-10-14T11:30:55","modified_gmt":"2022-10-14T09:30:55","slug":"lusine-secrete","status":"publish","type":"events","link":"https:\/\/www.uni.lu\/fr\/events\/lusine-secrete\/","title":{"rendered":"L&rsquo;usine secr\u00e8te"},"content":{"rendered":"<section class=\"wp-block-unilux-blocks-free-section section\"><div class=\"container xl:max-w-screen-xl\"><p>Projection du documentaire sur la sid\u00e9rurgie et les mines en pr\u00e9sence de son r\u00e9alisateur Emmanuel Graff.<\/p><p>Tourn\u00e9 en Lorraine et au Luxembourg, \u00ab L\u2018usine secr\u00e8te \u00bb propose un regard empathique et fort sur la sid\u00e9rurgie et les mines, en montrant des dessous peu connus de ce monde particulier : l\u2019autonomie, l\u2019humour, la d\u00e9brouille, la fauche, la bricole, l\u2019alcool, l\u2019entraide. Comment tissait-on des liens entre sid\u00e9rurgistes ou mineurs ? Comment d\u00e9jouait-on les surveillances des gardes pour sortir du materiel ? Comment s\u2019arrangeait-on pour \u00ab bricoler \u00bb sur place des objets qu\u2019on ramenait ensuite \u00e0 la maison ou dans son jardin ? Comment prenait-on des libert\u00e9s sur les r\u00e8glements ? Et qu\u2019est devenue avec le temps cette autonomie ouvri\u00e8re connue mais peu racont\u00e9e ? Au final, \u00e0 quoi servaient ces syst\u00e8mes de transgression ?<\/p><p>\u00ab L\u2019usine secr\u00e8te \u00bb dresse un portrait original et inhabituel du monde ouvrier et de ses \u00e9volutions sur 50 ans. Il fait partie de ces rares documentaires sur des sujets s\u00e9rieux mais trait\u00e9s avec humour et donc pouvant aussi s\u2019adresser \u00ab aux jeunes \u00bb\u2026 Car l\u2019autonomie dans le travail est un th\u00e8me universel.<\/p><p><\/p><p><\/p><\/div><\/section>","protected":false},"excerpt":{"rendered":"<p>Projection du documentaire sur la sid\u00e9rurgie et les mines en pr\u00e9sence de son r\u00e9alisateur Emmanuel Graff.<\/p>\n","protected":false},"author":0,"featured_media":9049,"parent":0,"menu_order":0,"comment_status":"open","ping_status":"closed","template":"","format":"standard","meta":{"featured_image_focal_point":[],"show_featured_caption":false,"ulux_newsletter_groups":"","uluxPostTitle":"","uluxPrePostTitle":"","_trash_the_other_posts":false,"_price":"","_stock":"","_tribe_ticket_header":"","_tribe_default_ticket_provider":"","_tribe_ticket_capacity":"0","_ticket_start_date":"","_ticket_end_date":"","_tribe_ticket_show_description":"","_tribe_ticket_show_not_going":false,"_tribe_ticket_use_global_stock":"","_tribe_ticket_global_stock_level":"","_global_stock_mode":"","_global_stock_cap":"","_tribe_rsvp_for_event":"","_tribe_ticket_going_count":"","_tribe_ticket_not_going_count":"","_tribe_tickets_list":"[]","_tribe_ticket_has_attendee_info_fields":false,"event_start_date":"2022-12-06 16:30:00","event_end_date":"2022-12-06 18:30:00","event_speaker_name":"Emmanuel Graff","event_speaker_link":"","event_is_online":false,"event_location":"Black Box\r\nMaison des Sciences humaines","event_street":"11, Porte des Sciences","event_location_link":"","event_zip_code":"L-4366","event_city":"Esch-sur-Alzette","event_country":"LU"},"events-topic":[312],"events-type":[],"organisation":[221,226],"authorship":[],"acf":[],"yoast_head":"<!-- This site is optimized with the Yoast SEO Premium plugin v22.3 (Yoast SEO v22.3) - https:\/\/yoast.com\/wordpress\/plugins\/seo\/ -->\n<title>L&#039;usine secr\u00e8te - Universit\u00e9 du Luxembourg<\/title>\n<meta name=\"description\" content=\"Projection du documentaire sur la sid\u00e9rurgie et les mines en pr\u00e9sence de son r\u00e9alisateur Emmanuel Graff.\" \/>\n<meta name=\"robots\" content=\"index, follow, max-snippet:-1, max-image-preview:large, max-video-preview:-1\" \/>\n<link rel=\"canonical\" href=\"https:\/\/www.uni.lu\/fr\/events\/lusine-secrete\/\" \/>\n<meta property=\"og:locale\" content=\"fr_FR\" \/>\n<meta property=\"og:type\" content=\"article\" \/>\n<meta property=\"og:title\" content=\"L&#039;usine secr\u00e8te\" \/>\n<meta property=\"og:description\" content=\"Projection du documentaire sur la sid\u00e9rurgie et les mines en pr\u00e9sence de son r\u00e9alisateur Emmanuel Graff.\" \/>\n<meta property=\"og:url\" content=\"https:\/\/www.uni.lu\/fr\/events\/lusine-secrete\/\" \/>\n<meta property=\"og:site_name\" content=\"UNI FR\" \/>\n<meta property=\"article:publisher\" content=\"https:\/\/www.facebook.com\/uni.lu\" \/>\n<meta property=\"og:image\" content=\"https:\/\/www.uni.lu\/wp-content\/uploads\/sites\/11\/2026\/03\/03120045\/UNIV_SM-Profile_1600x1600px-scaled.jpg\" \/>\n\t<meta property=\"og:image:width\" content=\"2560\" \/>\n\t<meta property=\"og:image:height\" content=\"2560\" \/>\n\t<meta property=\"og:image:type\" content=\"image\/jpeg\" \/>\n<meta name=\"twitter:card\" content=\"summary_large_image\" \/>\n<meta name=\"twitter:label1\" content=\"Dur\u00e9e de lecture estim\u00e9e\" \/>\n\t<meta name=\"twitter:data1\" content=\"1 minute\" \/>\n<script type=\"application\/ld+json\" class=\"yoast-schema-graph\">{\"@context\":\"https:\/\/schema.org\",\"@graph\":[{\"@type\":\"WebPage\",\"@id\":\"https:\/\/www.uni.lu\/fr\/events\/lusine-secrete\/\",\"url\":\"https:\/\/www.uni.lu\/fr\/events\/lusine-secrete\/\",\"name\":\"L'usine secr\u00e8te - Universit\u00e9 du Luxembourg\",\"isPartOf\":{\"@id\":\"https:\/\/www.uni.lu\/fr\/#website\"},\"primaryImageOfPage\":{\"@id\":\"https:\/\/www.uni.lu\/fr\/events\/lusine-secrete\/#primaryimage\"},\"image\":{\"@id\":\"https:\/\/www.uni.lu\/fr\/events\/lusine-secrete\/#primaryimage\"},\"thumbnailUrl\":\"https:\/\/www.uni.lu\/wp-content\/uploads\/sites\/11\/2022\/10\/l_usine_secrete.jpg\",\"datePublished\":\"2022-10-14T09:30:55+00:00\",\"dateModified\":\"2022-10-14T09:30:55+00:00\",\"description\":\"Projection du documentaire sur la sid\u00e9rurgie et les mines en pr\u00e9sence de son r\u00e9alisateur Emmanuel Graff.\",\"breadcrumb\":{\"@id\":\"https:\/\/www.uni.lu\/fr\/events\/lusine-secrete\/#breadcrumb\"},\"inLanguage\":\"fr-FR\",\"potentialAction\":[{\"@type\":\"ReadAction\",\"target\":[\"https:\/\/www.uni.lu\/fr\/events\/lusine-secrete\/\"]}]},{\"@type\":\"ImageObject\",\"inLanguage\":\"fr-FR\",\"@id\":\"https:\/\/www.uni.lu\/fr\/events\/lusine-secrete\/#primaryimage\",\"url\":\"https:\/\/www.uni.lu\/wp-content\/uploads\/sites\/11\/2022\/10\/l_usine_secrete.jpg\",\"contentUrl\":\"https:\/\/www.uni.lu\/wp-content\/uploads\/sites\/11\/2022\/10\/l_usine_secrete.jpg\",\"width\":800,\"height\":600},{\"@type\":\"BreadcrumbList\",\"@id\":\"https:\/\/www.uni.lu\/fr\/events\/lusine-secrete\/#breadcrumb\",\"itemListElement\":[{\"@type\":\"ListItem\",\"position\":1,\"name\":\"Home\",\"item\":\"https:\/\/www.uni.lu\/fr\/\"},{\"@type\":\"ListItem\",\"position\":2,\"name\":\"Events\",\"item\":\"https:\/\/www.uni.lu\/fr\/events\/\"},{\"@type\":\"ListItem\",\"position\":3,\"name\":\"L'usine secr\u00e8te\"}]},{\"@type\":\"WebSite\",\"@id\":\"https:\/\/www.uni.lu\/fr\/#website\",\"url\":\"https:\/\/www.uni.lu\/fr\/\",\"name\":\"Uni.lu\",\"description\":\"Universit\u00e9 du Luxembourg\",\"publisher\":{\"@id\":\"https:\/\/www.uni.lu\/fr\/#organization\"},\"alternateName\":\"Universit\u00e9 du Luxembourg\",\"potentialAction\":[{\"@type\":\"SearchAction\",\"target\":{\"@type\":\"EntryPoint\",\"urlTemplate\":\"https:\/\/www.uni.lu\/fr\/?s={search_term_string}\"},\"query-input\":\"required name=search_term_string\"}],\"inLanguage\":\"fr-FR\"},{\"@type\":\"Organization\",\"@id\":\"https:\/\/www.uni.lu\/fr\/#organization\",\"name\":\"Universit\u00e9 du Luxembourg\",\"alternateName\":\"Uni.lu\",\"url\":\"https:\/\/www.uni.lu\/fr\/\",\"logo\":{\"@type\":\"ImageObject\",\"inLanguage\":\"fr-FR\",\"@id\":\"https:\/\/www.uni.lu\/fr\/#\/schema\/logo\/image\/\",\"url\":\"https:\/\/www.uni.lu\/wp-content\/uploads\/sites\/11\/2026\/03\/03120045\/UNIV_SM-Profile_1600x1600px-scaled.jpg\",\"contentUrl\":\"https:\/\/www.uni.lu\/wp-content\/uploads\/sites\/11\/2026\/03\/03120045\/UNIV_SM-Profile_1600x1600px-scaled.jpg\",\"width\":2560,\"height\":2560,\"caption\":\"Universit\u00e9 du Luxembourg\"},\"image\":\"https:\/\/www.uni.lu\/wp-content\/uploads\/sites\/11\/2026\/04\/24120552\/20200609-Belval-Campus_Henri-Goergen-23.jpg\",\"sameAs\":[\"https:\/\/www.facebook.com\/uni.lu\",\"https:\/\/www.linkedin.com\/school\/university-of-luxembourg\/\",\"https:\/\/www.instagram.com\/uni.lu\",\"https:\/\/www.youtube.com\/@uni_lu\",\"https:\/\/en.wikipedia.org\/wiki\/University_of_Luxembourg\"],\"email\":\"communication@uni.lu\",\"telephone\":\"+352 46 66 44 1\",\"address\":{\"@type\":\"PostalAddress\",\"streetAddress\":\"2, place de l\u2019Universit\u00e9\",\"addressLocality\":\"Esch-sur-Alzette\",\"postalCode\":\"4365\",\"addressCountry\":\"LU\"},\"description\":\"Universit\u00e9 du Luxembourg\"}]}<\/script>\n<!-- \/ Yoast SEO Premium plugin. -->","yoast_head_json":{"title":"L'usine secr\u00e8te - Universit\u00e9 du Luxembourg","description":"Projection du documentaire sur la sid\u00e9rurgie et les mines en pr\u00e9sence de son r\u00e9alisateur Emmanuel Graff.","robots":{"index":"index","follow":"follow","max-snippet":"max-snippet:-1","max-image-preview":"max-image-preview:large","max-video-preview":"max-video-preview:-1"},"canonical":"https:\/\/www.uni.lu\/fr\/events\/lusine-secrete\/","og_locale":"fr_FR","og_type":"article","og_title":"L'usine secr\u00e8te","og_description":"Projection du documentaire sur la sid\u00e9rurgie et les mines en pr\u00e9sence de son r\u00e9alisateur Emmanuel Graff.","og_url":"https:\/\/www.uni.lu\/fr\/events\/lusine-secrete\/","og_site_name":"UNI FR","article_publisher":"https:\/\/www.facebook.com\/uni.lu","og_image":[{"width":2560,"height":2560,"url":"https:\/\/www.uni.lu\/wp-content\/uploads\/sites\/11\/2026\/03\/03120045\/UNIV_SM-Profile_1600x1600px-scaled.jpg","type":"image\/jpeg"}],"twitter_card":"summary_large_image","twitter_misc":{"Dur\u00e9e de lecture estim\u00e9e":"1 minute"},"schema":{"@context":"https:\/\/schema.org","@graph":[{"@type":"WebPage","@id":"https:\/\/www.uni.lu\/fr\/events\/lusine-secrete\/","url":"https:\/\/www.uni.lu\/fr\/events\/lusine-secrete\/","name":"L'usine secr\u00e8te - Universit\u00e9 du Luxembourg","isPartOf":{"@id":"https:\/\/www.uni.lu\/fr\/#website"},"primaryImageOfPage":{"@id":"https:\/\/www.uni.lu\/fr\/events\/lusine-secrete\/#primaryimage"},"image":{"@id":"https:\/\/www.uni.lu\/fr\/events\/lusine-secrete\/#primaryimage"},"thumbnailUrl":"https:\/\/www.uni.lu\/wp-content\/uploads\/sites\/11\/2022\/10\/l_usine_secrete.jpg","datePublished":"2022-10-14T09:30:55+00:00","dateModified":"2022-10-14T09:30:55+00:00","description":"Projection du documentaire sur la sid\u00e9rurgie et les mines en pr\u00e9sence de son r\u00e9alisateur Emmanuel Graff.","breadcrumb":{"@id":"https:\/\/www.uni.lu\/fr\/events\/lusine-secrete\/#breadcrumb"},"inLanguage":"fr-FR","potentialAction":[{"@type":"ReadAction","target":["https:\/\/www.uni.lu\/fr\/events\/lusine-secrete\/"]}]},{"@type":"ImageObject","inLanguage":"fr-FR","@id":"https:\/\/www.uni.lu\/fr\/events\/lusine-secrete\/#primaryimage","url":"https:\/\/www.uni.lu\/wp-content\/uploads\/sites\/11\/2022\/10\/l_usine_secrete.jpg","contentUrl":"https:\/\/www.uni.lu\/wp-content\/uploads\/sites\/11\/2022\/10\/l_usine_secrete.jpg","width":800,"height":600},{"@type":"BreadcrumbList","@id":"https:\/\/www.uni.lu\/fr\/events\/lusine-secrete\/#breadcrumb","itemListElement":[{"@type":"ListItem","position":1,"name":"Home","item":"https:\/\/www.uni.lu\/fr\/"},{"@type":"ListItem","position":2,"name":"Events","item":"https:\/\/www.uni.lu\/fr\/events\/"},{"@type":"ListItem","position":3,"name":"L'usine secr\u00e8te"}]},{"@type":"WebSite","@id":"https:\/\/www.uni.lu\/fr\/#website","url":"https:\/\/www.uni.lu\/fr\/","name":"Uni.lu","description":"Universit\u00e9 du Luxembourg","publisher":{"@id":"https:\/\/www.uni.lu\/fr\/#organization"},"alternateName":"Universit\u00e9 du Luxembourg","potentialAction":[{"@type":"SearchAction","target":{"@type":"EntryPoint","urlTemplate":"https:\/\/www.uni.lu\/fr\/?s={search_term_string}"},"query-input":"required name=search_term_string"}],"inLanguage":"fr-FR"},{"@type":"Organization","@id":"https:\/\/www.uni.lu\/fr\/#organization","name":"Universit\u00e9 du Luxembourg","alternateName":"Uni.lu","url":"https:\/\/www.uni.lu\/fr\/","logo":{"@type":"ImageObject","inLanguage":"fr-FR","@id":"https:\/\/www.uni.lu\/fr\/#\/schema\/logo\/image\/","url":"https:\/\/www.uni.lu\/wp-content\/uploads\/sites\/11\/2026\/03\/03120045\/UNIV_SM-Profile_1600x1600px-scaled.jpg","contentUrl":"https:\/\/www.uni.lu\/wp-content\/uploads\/sites\/11\/2026\/03\/03120045\/UNIV_SM-Profile_1600x1600px-scaled.jpg","width":2560,"height":2560,"caption":"Universit\u00e9 du Luxembourg"},"image":"https:\/\/www.uni.lu\/wp-content\/uploads\/sites\/11\/2026\/04\/24120552\/20200609-Belval-Campus_Henri-Goergen-23.jpg","sameAs":["https:\/\/www.facebook.com\/uni.lu","https:\/\/www.linkedin.com\/school\/university-of-luxembourg\/","https:\/\/www.instagram.com\/uni.lu","https:\/\/www.youtube.com\/@uni_lu","https:\/\/en.wikipedia.org\/wiki\/University_of_Luxembourg"],"email":"communication@uni.lu","telephone":"+352 46 66 44 1","address":{"@type":"PostalAddress","streetAddress":"2, place de l\u2019Universit\u00e9","addressLocality":"Esch-sur-Alzette","postalCode":"4365","addressCountry":"LU"},"description":"Universit\u00e9 du Luxembourg"}]}},"_links":{"self":[{"href":"https:\/\/www.uni.lu\/fr\/wp-json\/wp\/v2\/events\/9048"}],"collection":[{"href":"https:\/\/www.uni.lu\/fr\/wp-json\/wp\/v2\/events"}],"about":[{"href":"https:\/\/www.uni.lu\/fr\/wp-json\/wp\/v2\/types\/events"}],"replies":[{"embeddable":true,"href":"https:\/\/www.uni.lu\/fr\/wp-json\/wp\/v2\/comments?post=9048"}],"version-history":[{"count":0,"href":"https:\/\/www.uni.lu\/fr\/wp-json\/wp\/v2\/events\/9048\/revisions"}],"wp:featuredmedia":[{"embeddable":true,"href":"https:\/\/www.uni.lu\/fr\/wp-json\/wp\/v2\/media\/9049"}],"wp:attachment":[{"href":"https:\/\/www.uni.lu\/fr\/wp-json\/wp\/v2\/media?parent=9048"}],"wp:term":[{"taxonomy":"events-topic","embeddable":true,"href":"https:\/\/www.uni.lu\/fr\/wp-json\/wp\/v2\/events-topic?post=9048"},{"taxonomy":"events-type","embeddable":true,"href":"https:\/\/www.uni.lu\/fr\/wp-json\/wp\/v2\/events-type?post=9048"},{"taxonomy":"organisation","embeddable":true,"href":"https:\/\/www.uni.lu\/fr\/wp-json\/wp\/v2\/organisation?post=9048"}],"curies":[{"name":"wp","href":"https:\/\/api.w.org\/{rel}","templated":true}]}}