{"id":9038,"date":"2022-10-13T12:51:45","date_gmt":"2022-10-13T10:51:45","guid":{"rendered":"https:\/\/www.uni.lu\/fr\/events\/debat-avec-gilles-grin-et-jacques-santer-construction-europeenne-la-revolution-dun-continent\/"},"modified":"2022-10-13T12:51:45","modified_gmt":"2022-10-13T10:51:45","slug":"debat-avec-gilles-grin-et-jacques-santer-construction-europeenne-la-revolution-dun-continent","status":"publish","type":"events","link":"https:\/\/www.uni.lu\/fr\/events\/debat-avec-gilles-grin-et-jacques-santer-construction-europeenne-la-revolution-dun-continent\/","title":{"rendered":"D\u00e9bat avec Gilles Grin et Jacques Santer &#8211; Construction europ\u00e9enne: la r\u00e9volution d&rsquo;un continent"},"content":{"rendered":"<section class=\"wp-block-unilux-blocks-free-section section\"><div class=\"container xl:max-w-screen-xl\"><p><i>\u00ab L\u2019Europe se fera dans les crises et sera la somme des solutions apport\u00e9es \u00e0 ces crises \u00bb,<\/i> notait Jean Monnet (1888-1979) dans ses m\u00e9moires (Jean Monnet :\u00a0<i>M\u00e9moires<\/i>. Paris : \u00e9d. Fayard, 1976, p. 488.).<\/p><p>Cette phrase fut pr\u00e9monitoire pour l\u2019Europe, actuellement \u00e9branl\u00e9e par une situation g\u00e9opolitique et \u00e9conomique in\u00e9dite, qui met \u00e0 l\u2019\u00e9preuve la paix et les valeurs communes que le multilat\u00e9ralisme avait engendr\u00e9es apr\u00e8s la Seconde Guerre mondiale. Sous nos yeux \u00e9merge un nouveau syst\u00e8me de l\u2019ordre mondial, dans lequel l\u2019Union europ\u00e9enne et les d\u00e9mocraties occidentales occupent une place de choix. Dans ces profonds bouleversements, les historiens &#8211; anim\u00e9s \u00e0 la fois par le devoir de m\u00e9moire et par l\u2019engagement citoyen \u2013 analysent les enseignements du pass\u00e9 pour mieux comprendre les d\u00e9fis actuels et pour d\u00e9battre, avec un large public venu d\u2019horizons diff\u00e9rents, des perspectives d\u2019avenir.<\/p><p>L\u2019<strong>Europe Direct Universit\u00e9 du Luxembourg<\/strong>, l\u2019<strong>Institut Pierre Werner<\/strong>, la <strong>Fondation du M\u00e9rite europ\u00e9en<\/strong> et la <strong>Fondation Jean Monnet pour l\u2019Europe <\/strong>ont le plaisir de vous convier \u00e0 un d\u00e9bat avec <strong>Monsieur Gilles Grin<\/strong> (Fondation Jean Monnet pour l\u2019Europe, Lausanne) et<strong>\u00a0Monsieur <\/strong>, ministre d\u2019Etat honoraire, Premier Ministre du Grand-Duch\u00e9 de Luxembourg (1984-1995), Pr\u00e9sident de la Commission europ\u00e9enne (1995 -1999), Pr\u00e9sident de la Fondation du M\u00e9rite Europ\u00e9en, qui aura lieu\u00a0le<strong>Jacques Santer<\/strong><\/p><p><strong>jeudi 10 novembre 2022<\/strong>, de\u00a0<strong>18h30 \u00e0 20h00<\/strong>\u00a0<\/p><p>au\u00a0<strong>Centre Culturel de Rencontres Abbaye de Neum\u00fcnster,\u00a0<\/strong><strong>salle Jos\u00e9 Ensch<\/strong><\/p><p><\/p>\n<h2 class=\"has-text-align-left wp-block-unilux-blocks-heading\"        id=\"programme\"\n    >\nProgramme<\/h2>\n<p>18h30 \u2013 Ouverture de la manifestation<\/p><p>Allocution d\u2019ouverture \u2013 <strong>Prof. Catherine L\u00e9glu<\/strong>, Vice-Rectrice acad\u00e9mique de l\u2019Universit\u00e9 du Luxembourg<\/p><p>Remarques introductives \u2013 <strong>Dr Elena Danescu<\/strong>, Coordinatrice de l\u2019Europe Direct Universit\u00e9 du Luxembourg<\/p><p>18h40 \u2013 Pr\u00e9sentation de l\u2019ouvrage \u00ab Construction europ\u00e9enne: la r\u00e9volution d\u2019un continent \u00bb,<\/p><p>Prix du livre \u00ab Mieux comprendre l\u2019Europe \u00bb 2022, auteur Dr Gilles Grin<\/p><p>19h00 \u2013 D\u00e9bat avec le public avec la participation du <strong>Dr Gilles Grin<\/strong> et de <strong>Monsieur <\/strong><strong>Jacques Santer,<\/strong><\/p><p>Mod\u00e9ratrice <strong>Elena Danescu<\/strong><\/p><p>19h40 \u2013 Remarques conclusives \u2013 <strong>Monsieur <\/strong><strong>Jacques Santer<\/strong><\/p><p>20h00 \u2013 Cl\u00f4ture de la manifestation<\/p><p><\/p>\n<h2 class=\"has-text-align-left wp-block-unilux-blocks-heading\"        id=\"sur-louvrage\"\n    >\nSur l&rsquo;ouvrage<\/h2>\n<p>Dans cet essai historique sur la construction europ\u00e9enne, l\u2019auteur passe en revue deux si\u00e8cles d\u2019histoire du continent (1815 \u00e0 2021). Il analyse d\u2019abord le creux atteint par l\u2019Europe en 1945, pour \u00e9voquer ensuite la naissance, les d\u00e9veloppements et les limites de l\u2019Europe communautaire, devenue Union europ\u00e9enne. La conclusion qui se dessine est que le processus de construction europ\u00e9enne initi\u00e9 au lendemain de la Seconde Guerre mondiale repr\u00e9sente la r\u00e9volution d\u2019un continent qui a su rompre avec la fatalit\u00e9 historique des guerres intestines et incessantes du pass\u00e9.<\/p><p>Cet ouvrage est une publication en acc\u00e8s ouvert, disponible :<\/p><ul class=\"ulux-list\"><li class=\"ulux-list-item\">en version FR, sur : https:\/\/jean-monnet.ch\/publication\/5397\/<\/li><li class=\"ulux-list-item\">en version EN, sur : <a href=\"https:\/\/jean-monnet.ch\/wp-content\/uploads\/2022\/03\/22-04-european-integration-g--grin-cdd-n-24.pdf\" target=\"_self\" title=\"\" rel=\"noopener\">https:\/\/jean-monnet.ch\/wp-content\/uploads\/2022\/03\/22-04-european-integration-g&#8211;grin-cdd-n-24.pdf<\/a><\/li><\/ul>\n<h2 class=\"has-text-align-left wp-block-unilux-blocks-heading\"        id=\"sur-lauteur\"\n    >\nSur l&rsquo;auteur<\/h2>\n<p><strong>Gilles Grin<\/strong> est directeur de la Fondation Jean Monnet pour l\u2019Europe \u00e0 Lausanne depuis 2012. Il est par ailleurs enseignant \u00e0 l\u2019Universit\u00e9 de Lausanne (Suisse), responsable d\u2019un cours sur l\u2019int\u00e9gration europ\u00e9enne. Dipl\u00f4m\u00e9 de l\u2019Universit\u00e9 de Lausanne, de l\u2019Universit\u00e9 Yale aux \u00c9tats-Unis et de la London School of Economics and Political Science, il est docteur en relations internationales de l\u2019Institut de hautes \u00e9tudes internationales et du d\u00e9veloppement \u00e0 Gen\u00e8ve. Il est l\u2019auteur d\u2019environ 70 publications consacr\u00e9es largement aux questions europ\u00e9ennes. Son dernier ouvrage, intitul\u00e9 \u00abConstruction europ\u00e9enne: la r\u00e9volution d\u2019un continent \u00bb, a re\u00e7u le Prix du livre \u00ab Mieux comprendre l\u2019Europe \u00bb 2022.<\/p><\/div><\/section>","protected":false},"excerpt":{"rendered":"","protected":false},"author":0,"featured_media":9039,"parent":0,"menu_order":0,"comment_status":"open","ping_status":"closed","template":"","format":"standard","meta":{"featured_image_focal_point":[],"show_featured_caption":false,"ulux_newsletter_groups":"","uluxPostTitle":"","uluxPrePostTitle":"","_trash_the_other_posts":false,"_price":"","_stock":"","_tribe_ticket_header":"","_tribe_default_ticket_provider":"","_tribe_ticket_capacity":"0","_ticket_start_date":"","_ticket_end_date":"","_tribe_ticket_show_description":"","_tribe_ticket_show_not_going":false,"_tribe_ticket_use_global_stock":"","_tribe_ticket_global_stock_level":"","_global_stock_mode":"","_global_stock_cap":"","_tribe_rsvp_for_event":"","_tribe_ticket_going_count":"","_tribe_ticket_not_going_count":"","_tribe_tickets_list":"[]","_tribe_ticket_has_attendee_info_fields":false,"event_start_date":"2022-11-10 18:30:00","event_end_date":"2022-11-10 20:00:00","event_speaker_name":"Dr Gilles Grin, Monsieur Jacques Santer, Prof. Catherine L\u00e9glu, Dr Elena Danescu","event_speaker_link":"","event_is_online":false,"event_location":"Centre Culturel de Rencontres Abbaye de Neum\u00fcnster, salle Jos\u00e9 Ensch","event_street":"","event_location_link":"","event_zip_code":"","event_city":"","event_country":"LU"},"events-topic":[322],"events-type":[],"organisation":[221,226],"authorship":[],"acf":[],"yoast_head":"<!-- This site is optimized with the Yoast SEO Premium plugin v22.3 (Yoast SEO v22.3) - https:\/\/yoast.com\/wordpress\/plugins\/seo\/ -->\n<title>D\u00e9bat avec Gilles Grin et Jacques Santer - Construction europ\u00e9enne: la r\u00e9volution d&#039;un continent - Universit\u00e9 du Luxembourg<\/title>\n<meta name=\"description\" content=\"\u00ab L\u2019Europe se fera dans les crises et sera la somme des solutions apport\u00e9es \u00e0 ces crises \u00bb, notait Jean Monnet (1888-1979) dans ses m\u00e9moires (Jean Monnet\" \/>\n<meta name=\"robots\" content=\"index, follow, max-snippet:-1, max-image-preview:large, max-video-preview:-1\" \/>\n<link rel=\"canonical\" href=\"https:\/\/www.uni.lu\/fr\/events\/debat-avec-gilles-grin-et-jacques-santer-construction-europeenne-la-revolution-dun-continent\/\" \/>\n<meta property=\"og:locale\" content=\"fr_FR\" \/>\n<meta property=\"og:type\" content=\"article\" \/>\n<meta property=\"og:title\" content=\"D\u00e9bat avec Gilles Grin et Jacques Santer - Construction europ\u00e9enne: la r\u00e9volution d&#039;un continent\" \/>\n<meta property=\"og:description\" content=\"\u00ab L\u2019Europe se fera dans les crises et sera la somme des solutions apport\u00e9es \u00e0 ces crises \u00bb, notait Jean Monnet (1888-1979) dans ses m\u00e9moires (Jean Monnet\" \/>\n<meta property=\"og:url\" content=\"https:\/\/www.uni.lu\/fr\/events\/debat-avec-gilles-grin-et-jacques-santer-construction-europeenne-la-revolution-dun-continent\/\" \/>\n<meta property=\"og:site_name\" content=\"UNI FR\" \/>\n<meta property=\"article:publisher\" content=\"https:\/\/www.facebook.com\/uni.lu\" \/>\n<meta property=\"og:image\" content=\"https:\/\/www.uni.lu\/wp-content\/uploads\/sites\/11\/2026\/03\/03120045\/UNIV_SM-Profile_1600x1600px-scaled.jpg\" \/>\n\t<meta property=\"og:image:width\" content=\"2560\" \/>\n\t<meta property=\"og:image:height\" content=\"2560\" \/>\n\t<meta property=\"og:image:type\" content=\"image\/jpeg\" \/>\n<meta name=\"twitter:card\" content=\"summary_large_image\" \/>\n<meta name=\"twitter:label1\" content=\"Dur\u00e9e de lecture estim\u00e9e\" \/>\n\t<meta name=\"twitter:data1\" content=\"3 minutes\" \/>\n<script type=\"application\/ld+json\" class=\"yoast-schema-graph\">{\"@context\":\"https:\/\/schema.org\",\"@graph\":[{\"@type\":\"WebPage\",\"@id\":\"https:\/\/www.uni.lu\/fr\/events\/debat-avec-gilles-grin-et-jacques-santer-construction-europeenne-la-revolution-dun-continent\/\",\"url\":\"https:\/\/www.uni.lu\/fr\/events\/debat-avec-gilles-grin-et-jacques-santer-construction-europeenne-la-revolution-dun-continent\/\",\"name\":\"D\u00e9bat avec Gilles Grin et Jacques Santer - Construction europ\u00e9enne: la r\u00e9volution d'un continent - Universit\u00e9 du Luxembourg\",\"isPartOf\":{\"@id\":\"https:\/\/www.uni.lu\/fr\/#website\"},\"primaryImageOfPage\":{\"@id\":\"https:\/\/www.uni.lu\/fr\/events\/debat-avec-gilles-grin-et-jacques-santer-construction-europeenne-la-revolution-dun-continent\/#primaryimage\"},\"image\":{\"@id\":\"https:\/\/www.uni.lu\/fr\/events\/debat-avec-gilles-grin-et-jacques-santer-construction-europeenne-la-revolution-dun-continent\/#primaryimage\"},\"thumbnailUrl\":\"https:\/\/www.uni.lu\/wp-content\/uploads\/sites\/11\/2022\/10\/debat_avec_gilles_grin_et_jacques_santer_construction_europeenne_la_revolution_d_un_continent.jpg\",\"datePublished\":\"2022-10-13T10:51:45+00:00\",\"dateModified\":\"2022-10-13T10:51:45+00:00\",\"description\":\"\u00ab L\u2019Europe se fera dans les crises et sera la somme des solutions apport\u00e9es \u00e0 ces crises \u00bb, notait Jean Monnet (1888-1979) dans ses m\u00e9moires (Jean Monnet\",\"breadcrumb\":{\"@id\":\"https:\/\/www.uni.lu\/fr\/events\/debat-avec-gilles-grin-et-jacques-santer-construction-europeenne-la-revolution-dun-continent\/#breadcrumb\"},\"inLanguage\":\"fr-FR\",\"potentialAction\":[{\"@type\":\"ReadAction\",\"target\":[\"https:\/\/www.uni.lu\/fr\/events\/debat-avec-gilles-grin-et-jacques-santer-construction-europeenne-la-revolution-dun-continent\/\"]}]},{\"@type\":\"ImageObject\",\"inLanguage\":\"fr-FR\",\"@id\":\"https:\/\/www.uni.lu\/fr\/events\/debat-avec-gilles-grin-et-jacques-santer-construction-europeenne-la-revolution-dun-continent\/#primaryimage\",\"url\":\"https:\/\/www.uni.lu\/wp-content\/uploads\/sites\/11\/2022\/10\/debat_avec_gilles_grin_et_jacques_santer_construction_europeenne_la_revolution_d_un_continent.jpg\",\"contentUrl\":\"https:\/\/www.uni.lu\/wp-content\/uploads\/sites\/11\/2022\/10\/debat_avec_gilles_grin_et_jacques_santer_construction_europeenne_la_revolution_d_un_continent.jpg\",\"width\":800,\"height\":600},{\"@type\":\"BreadcrumbList\",\"@id\":\"https:\/\/www.uni.lu\/fr\/events\/debat-avec-gilles-grin-et-jacques-santer-construction-europeenne-la-revolution-dun-continent\/#breadcrumb\",\"itemListElement\":[{\"@type\":\"ListItem\",\"position\":1,\"name\":\"Home\",\"item\":\"https:\/\/www.uni.lu\/fr\/\"},{\"@type\":\"ListItem\",\"position\":2,\"name\":\"Events\",\"item\":\"https:\/\/www.uni.lu\/fr\/events\/\"},{\"@type\":\"ListItem\",\"position\":3,\"name\":\"D\u00e9bat avec Gilles Grin et Jacques Santer - Construction europ\u00e9enne: la r\u00e9volution d'un continent\"}]},{\"@type\":\"WebSite\",\"@id\":\"https:\/\/www.uni.lu\/fr\/#website\",\"url\":\"https:\/\/www.uni.lu\/fr\/\",\"name\":\"Uni.lu\",\"description\":\"Universit\u00e9 du Luxembourg\",\"publisher\":{\"@id\":\"https:\/\/www.uni.lu\/fr\/#organization\"},\"alternateName\":\"Universit\u00e9 du Luxembourg\",\"potentialAction\":[{\"@type\":\"SearchAction\",\"target\":{\"@type\":\"EntryPoint\",\"urlTemplate\":\"https:\/\/www.uni.lu\/fr\/?s={search_term_string}\"},\"query-input\":\"required name=search_term_string\"}],\"inLanguage\":\"fr-FR\"},{\"@type\":\"Organization\",\"@id\":\"https:\/\/www.uni.lu\/fr\/#organization\",\"name\":\"Universit\u00e9 du Luxembourg\",\"alternateName\":\"Uni.lu\",\"url\":\"https:\/\/www.uni.lu\/fr\/\",\"logo\":{\"@type\":\"ImageObject\",\"inLanguage\":\"fr-FR\",\"@id\":\"https:\/\/www.uni.lu\/fr\/#\/schema\/logo\/image\/\",\"url\":\"https:\/\/www.uni.lu\/wp-content\/uploads\/sites\/11\/2026\/03\/03120045\/UNIV_SM-Profile_1600x1600px-scaled.jpg\",\"contentUrl\":\"https:\/\/www.uni.lu\/wp-content\/uploads\/sites\/11\/2026\/03\/03120045\/UNIV_SM-Profile_1600x1600px-scaled.jpg\",\"width\":2560,\"height\":2560,\"caption\":\"Universit\u00e9 du Luxembourg\"},\"image\":\"https:\/\/www.uni.lu\/wp-content\/uploads\/sites\/11\/2026\/04\/24120552\/20200609-Belval-Campus_Henri-Goergen-23.jpg\",\"sameAs\":[\"https:\/\/www.facebook.com\/uni.lu\",\"https:\/\/www.linkedin.com\/school\/university-of-luxembourg\/\",\"https:\/\/www.instagram.com\/uni.lu\",\"https:\/\/www.youtube.com\/@uni_lu\",\"https:\/\/en.wikipedia.org\/wiki\/University_of_Luxembourg\"],\"email\":\"communication@uni.lu\",\"telephone\":\"+352 46 66 44 1\",\"address\":{\"@type\":\"PostalAddress\",\"streetAddress\":\"2, place de l\u2019Universit\u00e9\",\"addressLocality\":\"Esch-sur-Alzette\",\"postalCode\":\"4365\",\"addressCountry\":\"LU\"},\"description\":\"Universit\u00e9 du Luxembourg\"}]}<\/script>\n<!-- \/ Yoast SEO Premium plugin. -->","yoast_head_json":{"title":"D\u00e9bat avec Gilles Grin et Jacques Santer - Construction europ\u00e9enne: la r\u00e9volution d'un continent - Universit\u00e9 du Luxembourg","description":"\u00ab L\u2019Europe se fera dans les crises et sera la somme des solutions apport\u00e9es \u00e0 ces crises \u00bb, notait Jean Monnet (1888-1979) dans ses m\u00e9moires (Jean Monnet","robots":{"index":"index","follow":"follow","max-snippet":"max-snippet:-1","max-image-preview":"max-image-preview:large","max-video-preview":"max-video-preview:-1"},"canonical":"https:\/\/www.uni.lu\/fr\/events\/debat-avec-gilles-grin-et-jacques-santer-construction-europeenne-la-revolution-dun-continent\/","og_locale":"fr_FR","og_type":"article","og_title":"D\u00e9bat avec Gilles Grin et Jacques Santer - Construction europ\u00e9enne: la r\u00e9volution d'un continent","og_description":"\u00ab L\u2019Europe se fera dans les crises et sera la somme des solutions apport\u00e9es \u00e0 ces crises \u00bb, notait Jean Monnet (1888-1979) dans ses m\u00e9moires (Jean Monnet","og_url":"https:\/\/www.uni.lu\/fr\/events\/debat-avec-gilles-grin-et-jacques-santer-construction-europeenne-la-revolution-dun-continent\/","og_site_name":"UNI FR","article_publisher":"https:\/\/www.facebook.com\/uni.lu","og_image":[{"width":2560,"height":2560,"url":"https:\/\/www.uni.lu\/wp-content\/uploads\/sites\/11\/2026\/03\/03120045\/UNIV_SM-Profile_1600x1600px-scaled.jpg","type":"image\/jpeg"}],"twitter_card":"summary_large_image","twitter_misc":{"Dur\u00e9e de lecture estim\u00e9e":"3 minutes"},"schema":{"@context":"https:\/\/schema.org","@graph":[{"@type":"WebPage","@id":"https:\/\/www.uni.lu\/fr\/events\/debat-avec-gilles-grin-et-jacques-santer-construction-europeenne-la-revolution-dun-continent\/","url":"https:\/\/www.uni.lu\/fr\/events\/debat-avec-gilles-grin-et-jacques-santer-construction-europeenne-la-revolution-dun-continent\/","name":"D\u00e9bat avec Gilles Grin et Jacques Santer - Construction europ\u00e9enne: la r\u00e9volution d'un continent - Universit\u00e9 du Luxembourg","isPartOf":{"@id":"https:\/\/www.uni.lu\/fr\/#website"},"primaryImageOfPage":{"@id":"https:\/\/www.uni.lu\/fr\/events\/debat-avec-gilles-grin-et-jacques-santer-construction-europeenne-la-revolution-dun-continent\/#primaryimage"},"image":{"@id":"https:\/\/www.uni.lu\/fr\/events\/debat-avec-gilles-grin-et-jacques-santer-construction-europeenne-la-revolution-dun-continent\/#primaryimage"},"thumbnailUrl":"https:\/\/www.uni.lu\/wp-content\/uploads\/sites\/11\/2022\/10\/debat_avec_gilles_grin_et_jacques_santer_construction_europeenne_la_revolution_d_un_continent.jpg","datePublished":"2022-10-13T10:51:45+00:00","dateModified":"2022-10-13T10:51:45+00:00","description":"\u00ab L\u2019Europe se fera dans les crises et sera la somme des solutions apport\u00e9es \u00e0 ces crises \u00bb, notait Jean Monnet (1888-1979) dans ses m\u00e9moires (Jean Monnet","breadcrumb":{"@id":"https:\/\/www.uni.lu\/fr\/events\/debat-avec-gilles-grin-et-jacques-santer-construction-europeenne-la-revolution-dun-continent\/#breadcrumb"},"inLanguage":"fr-FR","potentialAction":[{"@type":"ReadAction","target":["https:\/\/www.uni.lu\/fr\/events\/debat-avec-gilles-grin-et-jacques-santer-construction-europeenne-la-revolution-dun-continent\/"]}]},{"@type":"ImageObject","inLanguage":"fr-FR","@id":"https:\/\/www.uni.lu\/fr\/events\/debat-avec-gilles-grin-et-jacques-santer-construction-europeenne-la-revolution-dun-continent\/#primaryimage","url":"https:\/\/www.uni.lu\/wp-content\/uploads\/sites\/11\/2022\/10\/debat_avec_gilles_grin_et_jacques_santer_construction_europeenne_la_revolution_d_un_continent.jpg","contentUrl":"https:\/\/www.uni.lu\/wp-content\/uploads\/sites\/11\/2022\/10\/debat_avec_gilles_grin_et_jacques_santer_construction_europeenne_la_revolution_d_un_continent.jpg","width":800,"height":600},{"@type":"BreadcrumbList","@id":"https:\/\/www.uni.lu\/fr\/events\/debat-avec-gilles-grin-et-jacques-santer-construction-europeenne-la-revolution-dun-continent\/#breadcrumb","itemListElement":[{"@type":"ListItem","position":1,"name":"Home","item":"https:\/\/www.uni.lu\/fr\/"},{"@type":"ListItem","position":2,"name":"Events","item":"https:\/\/www.uni.lu\/fr\/events\/"},{"@type":"ListItem","position":3,"name":"D\u00e9bat avec Gilles Grin et Jacques Santer - Construction europ\u00e9enne: la r\u00e9volution d'un continent"}]},{"@type":"WebSite","@id":"https:\/\/www.uni.lu\/fr\/#website","url":"https:\/\/www.uni.lu\/fr\/","name":"Uni.lu","description":"Universit\u00e9 du Luxembourg","publisher":{"@id":"https:\/\/www.uni.lu\/fr\/#organization"},"alternateName":"Universit\u00e9 du Luxembourg","potentialAction":[{"@type":"SearchAction","target":{"@type":"EntryPoint","urlTemplate":"https:\/\/www.uni.lu\/fr\/?s={search_term_string}"},"query-input":"required name=search_term_string"}],"inLanguage":"fr-FR"},{"@type":"Organization","@id":"https:\/\/www.uni.lu\/fr\/#organization","name":"Universit\u00e9 du Luxembourg","alternateName":"Uni.lu","url":"https:\/\/www.uni.lu\/fr\/","logo":{"@type":"ImageObject","inLanguage":"fr-FR","@id":"https:\/\/www.uni.lu\/fr\/#\/schema\/logo\/image\/","url":"https:\/\/www.uni.lu\/wp-content\/uploads\/sites\/11\/2026\/03\/03120045\/UNIV_SM-Profile_1600x1600px-scaled.jpg","contentUrl":"https:\/\/www.uni.lu\/wp-content\/uploads\/sites\/11\/2026\/03\/03120045\/UNIV_SM-Profile_1600x1600px-scaled.jpg","width":2560,"height":2560,"caption":"Universit\u00e9 du Luxembourg"},"image":"https:\/\/www.uni.lu\/wp-content\/uploads\/sites\/11\/2026\/04\/24120552\/20200609-Belval-Campus_Henri-Goergen-23.jpg","sameAs":["https:\/\/www.facebook.com\/uni.lu","https:\/\/www.linkedin.com\/school\/university-of-luxembourg\/","https:\/\/www.instagram.com\/uni.lu","https:\/\/www.youtube.com\/@uni_lu","https:\/\/en.wikipedia.org\/wiki\/University_of_Luxembourg"],"email":"communication@uni.lu","telephone":"+352 46 66 44 1","address":{"@type":"PostalAddress","streetAddress":"2, place de l\u2019Universit\u00e9","addressLocality":"Esch-sur-Alzette","postalCode":"4365","addressCountry":"LU"},"description":"Universit\u00e9 du Luxembourg"}]}},"_links":{"self":[{"href":"https:\/\/www.uni.lu\/fr\/wp-json\/wp\/v2\/events\/9038"}],"collection":[{"href":"https:\/\/www.uni.lu\/fr\/wp-json\/wp\/v2\/events"}],"about":[{"href":"https:\/\/www.uni.lu\/fr\/wp-json\/wp\/v2\/types\/events"}],"replies":[{"embeddable":true,"href":"https:\/\/www.uni.lu\/fr\/wp-json\/wp\/v2\/comments?post=9038"}],"version-history":[{"count":0,"href":"https:\/\/www.uni.lu\/fr\/wp-json\/wp\/v2\/events\/9038\/revisions"}],"wp:featuredmedia":[{"embeddable":true,"href":"https:\/\/www.uni.lu\/fr\/wp-json\/wp\/v2\/media\/9039"}],"wp:attachment":[{"href":"https:\/\/www.uni.lu\/fr\/wp-json\/wp\/v2\/media?parent=9038"}],"wp:term":[{"taxonomy":"events-topic","embeddable":true,"href":"https:\/\/www.uni.lu\/fr\/wp-json\/wp\/v2\/events-topic?post=9038"},{"taxonomy":"events-type","embeddable":true,"href":"https:\/\/www.uni.lu\/fr\/wp-json\/wp\/v2\/events-type?post=9038"},{"taxonomy":"organisation","embeddable":true,"href":"https:\/\/www.uni.lu\/fr\/wp-json\/wp\/v2\/organisation?post=9038"}],"curies":[{"name":"wp","href":"https:\/\/api.w.org\/{rel}","templated":true}]}}