{"id":9036,"date":"2022-10-13T11:52:14","date_gmt":"2022-10-13T09:52:14","guid":{"rendered":"https:\/\/www.uni.lu\/fr\/events\/portrait-dune-epoque-dans-plus-de-150-romans-de-camilo-castelo-branco\/"},"modified":"2022-10-13T11:52:14","modified_gmt":"2022-10-13T09:52:14","slug":"portrait-dune-epoque-dans-plus-de-150-romans-de-camilo-castelo-branco","status":"publish","type":"events","link":"https:\/\/www.uni.lu\/fr\/events\/portrait-dune-epoque-dans-plus-de-150-romans-de-camilo-castelo-branco\/","title":{"rendered":"Portrait d&rsquo;une \u00c9poque. Dans plus de 150 romans de Camilo Castelo Branco"},"content":{"rendered":"<section class=\"wp-block-unilux-blocks-free-section section\"><div class=\"container xl:max-w-screen-xl\"><p>\u00c0 l&rsquo;\u00e2ge de soixante-cinq ans (1890),\u00a0Camilo Castelo Branco, l&rsquo;auteur le plus prolifique de la litt\u00e9rature portugaise se suicida. Il laissait derri\u00e8re lui une \u0153uvre immense, laquelle lui avait permis, cas rare \u00e0 l&rsquo;\u00e9poque, de vivre de son \u00e9criture. Originale, percutante, voire impitoyable, son \u0153uvre refl\u00e8te sa vie \u00e9galement troubl\u00e9e, et r\u00e9v\u00e8le un Portugal de fin de si\u00e8cle, une soci\u00e9t\u00e9 monarchique et lib\u00e9rale jacobine, mais conservatrice et arri\u00e9r\u00e9e par rapport \u00e0 une Europe qui b\u00e9n\u00e9ficiait d\u00e9j\u00e0 grandement de la r\u00e9volution industrielle et des progr\u00e8s scientifiques y associ\u00e9s.<\/p>Joaquim Pinto da Silva, conf\u00e9rencier<p>N\u00e9 \u00e0 Foz do Douro, Porto.\u00a0\u00c9crivain et militant civique et culturel,\u00a0fondateur, partenaire et membre de nombreuses organisations.\u00a0En 1978,\u00a0il fonde\u00a0<i>O Progresso da Foz<\/i>, \u00e0 Porto,\u00a0qu&rsquo;il\u00a0dirige.\u00a0De 1999 \u00e0\u00a0aujourd&rsquo;hui, il dirige \u00e9galement Orfeu, \u00e0 Bruxelles (centre culturel,\u00a0maison d&rsquo;\u00e9dition, librairie). Il a publi\u00e9 plusieurs livres et de\u00a0nombreux articles dans des journaux et des magazines. Il est titulaire\u00a0d&rsquo;une licence en Langues et Litt\u00e9ratures Modernes et d&rsquo;un dipl\u00f4me de\u00a0troisi\u00e8me cycle en traduction litt\u00e9raire. Le gouvernement portugais\u00a0l\u2019a d\u00e9cor\u00e9, en 2005, de l&rsquo;Ordre de l&rsquo;Infant D. Henrique.<\/p><p><strong>Contact: <\/strong>adilia.martinsdecarvalho@ext.uni.lu <\/p><\/div><\/section>","protected":false},"excerpt":{"rendered":"<p>\u00c0 l&rsquo;\u00e2ge de soixante-cinq ans (1890),\u00a0Camilo Castelo Branco, l&rsquo;auteur le plus prolifique de la litt\u00e9rature portugaise se suicida. Il laissait derri\u00e8re lui une \u0153uvre immense, laquelle lui avait permis, cas rare \u00e0 l&rsquo;\u00e9poque, de vivre de son \u00e9criture. Originale, percutante, voire impitoyable, son \u0153uvre refl\u00e8te sa vie \u00e9galement troubl\u00e9e, et r\u00e9v\u00e8le un Portugal de fin de si\u00e8cle, une soci\u00e9t\u00e9 monarchique et lib\u00e9rale jacobine, mais conservatrice et arri\u00e9r\u00e9e par rapport \u00e0 une Europe qui b\u00e9n\u00e9ficiait d\u00e9j\u00e0 grandement de la r\u00e9volution industrielle et des progr\u00e8s scientifiques y associ\u00e9s.<\/p>\n","protected":false},"author":0,"featured_media":9037,"parent":0,"menu_order":0,"comment_status":"open","ping_status":"closed","template":"","format":"standard","meta":{"featured_image_focal_point":[],"show_featured_caption":false,"ulux_newsletter_groups":"","uluxPostTitle":"","uluxPrePostTitle":"","_trash_the_other_posts":false,"_price":"","_stock":"","_tribe_ticket_header":"","_tribe_default_ticket_provider":"","_tribe_ticket_capacity":"0","_ticket_start_date":"","_ticket_end_date":"","_tribe_ticket_show_description":"","_tribe_ticket_show_not_going":false,"_tribe_ticket_use_global_stock":"","_tribe_ticket_global_stock_level":"","_global_stock_mode":"","_global_stock_cap":"","_tribe_rsvp_for_event":"","_tribe_ticket_going_count":"","_tribe_ticket_not_going_count":"","_tribe_tickets_list":"[]","_tribe_ticket_has_attendee_info_fields":false,"event_start_date":"2022-10-19 15:00:00","event_end_date":"2022-10-19 16:30:00","event_speaker_name":"Joaquim Pinto da Silva","event_speaker_link":"","event_is_online":false,"event_location":"Campus de Belval, Maison du Savoir, Salle 2.400","event_street":"","event_location_link":"","event_zip_code":"","event_city":"","event_country":"LU"},"events-topic":[],"events-type":[],"organisation":[147,226],"authorship":[],"acf":[],"yoast_head":"<!-- This site is optimized with the Yoast SEO Premium plugin v22.3 (Yoast SEO v22.3) - https:\/\/yoast.com\/wordpress\/plugins\/seo\/ -->\n<title>Portrait d&#039;une \u00c9poque. Dans plus de 150 romans de Camilo Castelo Branco - Universit\u00e9 du Luxembourg<\/title>\n<meta name=\"description\" content=\"\u00c0 l&#039;\u00e2ge de soixante-cinq ans (1890),\u00a0Camilo Castelo Branco, l&#039;auteur le plus prolifique de la litt\u00e9rature portugaise se suicida. Il laissait derri\u00e8re lui une \u0153uvre immense, laquelle lui avait permis, cas rare \u00e0 l&#039;\u00e9poque, de vivre de son \u00e9criture. Originale, percutante, voire impitoyable, son \u0153uvre refl\u00e8te sa vie \u00e9galement troubl\u00e9e, et r\u00e9v\u00e8le un Portugal de fin de si\u00e8cle, une soci\u00e9t\u00e9 monarchique et lib\u00e9rale jacobine, mais conservatrice et arri\u00e9r\u00e9e par rapport \u00e0 une Europe qui b\u00e9n\u00e9ficiait d\u00e9j\u00e0 grandement de la r\u00e9volution industrielle et des progr\u00e8s scientifiques y associ\u00e9s.\" \/>\n<meta name=\"robots\" content=\"index, follow, max-snippet:-1, max-image-preview:large, max-video-preview:-1\" \/>\n<link rel=\"canonical\" href=\"https:\/\/www.uni.lu\/fr\/events\/portrait-dune-epoque-dans-plus-de-150-romans-de-camilo-castelo-branco\/\" \/>\n<meta property=\"og:locale\" content=\"fr_FR\" \/>\n<meta property=\"og:type\" content=\"article\" \/>\n<meta property=\"og:title\" content=\"Portrait d&#039;une \u00c9poque. Dans plus de 150 romans de Camilo Castelo Branco\" \/>\n<meta property=\"og:description\" content=\"\u00c0 l&#039;\u00e2ge de soixante-cinq ans (1890),\u00a0Camilo Castelo Branco, l&#039;auteur le plus prolifique de la litt\u00e9rature portugaise se suicida. Il laissait derri\u00e8re lui une \u0153uvre immense, laquelle lui avait permis, cas rare \u00e0 l&#039;\u00e9poque, de vivre de son \u00e9criture. Originale, percutante, voire impitoyable, son \u0153uvre refl\u00e8te sa vie \u00e9galement troubl\u00e9e, et r\u00e9v\u00e8le un Portugal de fin de si\u00e8cle, une soci\u00e9t\u00e9 monarchique et lib\u00e9rale jacobine, mais conservatrice et arri\u00e9r\u00e9e par rapport \u00e0 une Europe qui b\u00e9n\u00e9ficiait d\u00e9j\u00e0 grandement de la r\u00e9volution industrielle et des progr\u00e8s scientifiques y associ\u00e9s.\" \/>\n<meta property=\"og:url\" content=\"https:\/\/www.uni.lu\/fr\/events\/portrait-dune-epoque-dans-plus-de-150-romans-de-camilo-castelo-branco\/\" \/>\n<meta property=\"og:site_name\" content=\"UNI FR\" \/>\n<meta property=\"article:publisher\" content=\"https:\/\/www.facebook.com\/uni.lu\" \/>\n<meta property=\"og:image\" content=\"https:\/\/www.uni.lu\/wp-content\/uploads\/sites\/11\/2026\/03\/03120045\/UNIV_SM-Profile_1600x1600px-scaled.jpg\" \/>\n\t<meta property=\"og:image:width\" content=\"2560\" \/>\n\t<meta property=\"og:image:height\" content=\"2560\" \/>\n\t<meta property=\"og:image:type\" content=\"image\/jpeg\" \/>\n<meta name=\"twitter:card\" content=\"summary_large_image\" \/>\n<meta name=\"twitter:label1\" content=\"Dur\u00e9e de lecture estim\u00e9e\" \/>\n\t<meta name=\"twitter:data1\" content=\"1 minute\" \/>\n<script type=\"application\/ld+json\" class=\"yoast-schema-graph\">{\"@context\":\"https:\/\/schema.org\",\"@graph\":[{\"@type\":\"WebPage\",\"@id\":\"https:\/\/www.uni.lu\/fr\/events\/portrait-dune-epoque-dans-plus-de-150-romans-de-camilo-castelo-branco\/\",\"url\":\"https:\/\/www.uni.lu\/fr\/events\/portrait-dune-epoque-dans-plus-de-150-romans-de-camilo-castelo-branco\/\",\"name\":\"Portrait d'une \u00c9poque. Dans plus de 150 romans de Camilo Castelo Branco - Universit\u00e9 du Luxembourg\",\"isPartOf\":{\"@id\":\"https:\/\/www.uni.lu\/fr\/#website\"},\"primaryImageOfPage\":{\"@id\":\"https:\/\/www.uni.lu\/fr\/events\/portrait-dune-epoque-dans-plus-de-150-romans-de-camilo-castelo-branco\/#primaryimage\"},\"image\":{\"@id\":\"https:\/\/www.uni.lu\/fr\/events\/portrait-dune-epoque-dans-plus-de-150-romans-de-camilo-castelo-branco\/#primaryimage\"},\"thumbnailUrl\":\"https:\/\/www.uni.lu\/wp-content\/uploads\/sites\/11\/2022\/10\/portrait_d_une_epoque_dans_plus_de_150_romans_de_camilo_castelo_branco.jpg\",\"datePublished\":\"2022-10-13T09:52:14+00:00\",\"dateModified\":\"2022-10-13T09:52:14+00:00\",\"description\":\"\u00c0 l'\u00e2ge de soixante-cinq ans (1890),\u00a0Camilo Castelo Branco, l'auteur le plus prolifique de la litt\u00e9rature portugaise se suicida. Il laissait derri\u00e8re lui une \u0153uvre immense, laquelle lui avait permis, cas rare \u00e0 l'\u00e9poque, de vivre de son \u00e9criture. Originale, percutante, voire impitoyable, son \u0153uvre refl\u00e8te sa vie \u00e9galement troubl\u00e9e, et r\u00e9v\u00e8le un Portugal de fin de si\u00e8cle, une soci\u00e9t\u00e9 monarchique et lib\u00e9rale jacobine, mais conservatrice et arri\u00e9r\u00e9e par rapport \u00e0 une Europe qui b\u00e9n\u00e9ficiait d\u00e9j\u00e0 grandement de la r\u00e9volution industrielle et des progr\u00e8s scientifiques y associ\u00e9s.\",\"breadcrumb\":{\"@id\":\"https:\/\/www.uni.lu\/fr\/events\/portrait-dune-epoque-dans-plus-de-150-romans-de-camilo-castelo-branco\/#breadcrumb\"},\"inLanguage\":\"fr-FR\",\"potentialAction\":[{\"@type\":\"ReadAction\",\"target\":[\"https:\/\/www.uni.lu\/fr\/events\/portrait-dune-epoque-dans-plus-de-150-romans-de-camilo-castelo-branco\/\"]}]},{\"@type\":\"ImageObject\",\"inLanguage\":\"fr-FR\",\"@id\":\"https:\/\/www.uni.lu\/fr\/events\/portrait-dune-epoque-dans-plus-de-150-romans-de-camilo-castelo-branco\/#primaryimage\",\"url\":\"https:\/\/www.uni.lu\/wp-content\/uploads\/sites\/11\/2022\/10\/portrait_d_une_epoque_dans_plus_de_150_romans_de_camilo_castelo_branco.jpg\",\"contentUrl\":\"https:\/\/www.uni.lu\/wp-content\/uploads\/sites\/11\/2022\/10\/portrait_d_une_epoque_dans_plus_de_150_romans_de_camilo_castelo_branco.jpg\",\"width\":800,\"height\":600},{\"@type\":\"BreadcrumbList\",\"@id\":\"https:\/\/www.uni.lu\/fr\/events\/portrait-dune-epoque-dans-plus-de-150-romans-de-camilo-castelo-branco\/#breadcrumb\",\"itemListElement\":[{\"@type\":\"ListItem\",\"position\":1,\"name\":\"Home\",\"item\":\"https:\/\/www.uni.lu\/fr\/\"},{\"@type\":\"ListItem\",\"position\":2,\"name\":\"Events\",\"item\":\"https:\/\/www.uni.lu\/fr\/events\/\"},{\"@type\":\"ListItem\",\"position\":3,\"name\":\"Portrait d'une \u00c9poque. Dans plus de 150 romans de Camilo Castelo Branco\"}]},{\"@type\":\"WebSite\",\"@id\":\"https:\/\/www.uni.lu\/fr\/#website\",\"url\":\"https:\/\/www.uni.lu\/fr\/\",\"name\":\"Uni.lu\",\"description\":\"Universit\u00e9 du Luxembourg\",\"publisher\":{\"@id\":\"https:\/\/www.uni.lu\/fr\/#organization\"},\"alternateName\":\"Universit\u00e9 du Luxembourg\",\"potentialAction\":[{\"@type\":\"SearchAction\",\"target\":{\"@type\":\"EntryPoint\",\"urlTemplate\":\"https:\/\/www.uni.lu\/fr\/?s={search_term_string}\"},\"query-input\":\"required name=search_term_string\"}],\"inLanguage\":\"fr-FR\"},{\"@type\":\"Organization\",\"@id\":\"https:\/\/www.uni.lu\/fr\/#organization\",\"name\":\"Universit\u00e9 du Luxembourg\",\"alternateName\":\"Uni.lu\",\"url\":\"https:\/\/www.uni.lu\/fr\/\",\"logo\":{\"@type\":\"ImageObject\",\"inLanguage\":\"fr-FR\",\"@id\":\"https:\/\/www.uni.lu\/fr\/#\/schema\/logo\/image\/\",\"url\":\"https:\/\/www.uni.lu\/wp-content\/uploads\/sites\/11\/2026\/03\/03120045\/UNIV_SM-Profile_1600x1600px-scaled.jpg\",\"contentUrl\":\"https:\/\/www.uni.lu\/wp-content\/uploads\/sites\/11\/2026\/03\/03120045\/UNIV_SM-Profile_1600x1600px-scaled.jpg\",\"width\":2560,\"height\":2560,\"caption\":\"Universit\u00e9 du Luxembourg\"},\"image\":\"https:\/\/www.uni.lu\/wp-content\/uploads\/sites\/11\/2026\/04\/24120552\/20200609-Belval-Campus_Henri-Goergen-23.jpg\",\"sameAs\":[\"https:\/\/www.facebook.com\/uni.lu\",\"https:\/\/www.linkedin.com\/school\/university-of-luxembourg\/\",\"https:\/\/www.instagram.com\/uni.lu\",\"https:\/\/www.youtube.com\/@uni_lu\",\"https:\/\/en.wikipedia.org\/wiki\/University_of_Luxembourg\"],\"email\":\"communication@uni.lu\",\"telephone\":\"+352 46 66 44 1\",\"address\":{\"@type\":\"PostalAddress\",\"streetAddress\":\"2, place de l\u2019Universit\u00e9\",\"addressLocality\":\"Esch-sur-Alzette\",\"postalCode\":\"4365\",\"addressCountry\":\"LU\"},\"description\":\"Universit\u00e9 du Luxembourg\"}]}<\/script>\n<!-- \/ Yoast SEO Premium plugin. -->","yoast_head_json":{"title":"Portrait d'une \u00c9poque. Dans plus de 150 romans de Camilo Castelo Branco - Universit\u00e9 du Luxembourg","description":"\u00c0 l'\u00e2ge de soixante-cinq ans (1890),\u00a0Camilo Castelo Branco, l'auteur le plus prolifique de la litt\u00e9rature portugaise se suicida. Il laissait derri\u00e8re lui une \u0153uvre immense, laquelle lui avait permis, cas rare \u00e0 l'\u00e9poque, de vivre de son \u00e9criture. Originale, percutante, voire impitoyable, son \u0153uvre refl\u00e8te sa vie \u00e9galement troubl\u00e9e, et r\u00e9v\u00e8le un Portugal de fin de si\u00e8cle, une soci\u00e9t\u00e9 monarchique et lib\u00e9rale jacobine, mais conservatrice et arri\u00e9r\u00e9e par rapport \u00e0 une Europe qui b\u00e9n\u00e9ficiait d\u00e9j\u00e0 grandement de la r\u00e9volution industrielle et des progr\u00e8s scientifiques y associ\u00e9s.","robots":{"index":"index","follow":"follow","max-snippet":"max-snippet:-1","max-image-preview":"max-image-preview:large","max-video-preview":"max-video-preview:-1"},"canonical":"https:\/\/www.uni.lu\/fr\/events\/portrait-dune-epoque-dans-plus-de-150-romans-de-camilo-castelo-branco\/","og_locale":"fr_FR","og_type":"article","og_title":"Portrait d'une \u00c9poque. Dans plus de 150 romans de Camilo Castelo Branco","og_description":"\u00c0 l'\u00e2ge de soixante-cinq ans (1890),\u00a0Camilo Castelo Branco, l'auteur le plus prolifique de la litt\u00e9rature portugaise se suicida. Il laissait derri\u00e8re lui une \u0153uvre immense, laquelle lui avait permis, cas rare \u00e0 l'\u00e9poque, de vivre de son \u00e9criture. Originale, percutante, voire impitoyable, son \u0153uvre refl\u00e8te sa vie \u00e9galement troubl\u00e9e, et r\u00e9v\u00e8le un Portugal de fin de si\u00e8cle, une soci\u00e9t\u00e9 monarchique et lib\u00e9rale jacobine, mais conservatrice et arri\u00e9r\u00e9e par rapport \u00e0 une Europe qui b\u00e9n\u00e9ficiait d\u00e9j\u00e0 grandement de la r\u00e9volution industrielle et des progr\u00e8s scientifiques y associ\u00e9s.","og_url":"https:\/\/www.uni.lu\/fr\/events\/portrait-dune-epoque-dans-plus-de-150-romans-de-camilo-castelo-branco\/","og_site_name":"UNI FR","article_publisher":"https:\/\/www.facebook.com\/uni.lu","og_image":[{"width":2560,"height":2560,"url":"https:\/\/www.uni.lu\/wp-content\/uploads\/sites\/11\/2026\/03\/03120045\/UNIV_SM-Profile_1600x1600px-scaled.jpg","type":"image\/jpeg"}],"twitter_card":"summary_large_image","twitter_misc":{"Dur\u00e9e de lecture estim\u00e9e":"1 minute"},"schema":{"@context":"https:\/\/schema.org","@graph":[{"@type":"WebPage","@id":"https:\/\/www.uni.lu\/fr\/events\/portrait-dune-epoque-dans-plus-de-150-romans-de-camilo-castelo-branco\/","url":"https:\/\/www.uni.lu\/fr\/events\/portrait-dune-epoque-dans-plus-de-150-romans-de-camilo-castelo-branco\/","name":"Portrait d'une \u00c9poque. Dans plus de 150 romans de Camilo Castelo Branco - Universit\u00e9 du Luxembourg","isPartOf":{"@id":"https:\/\/www.uni.lu\/fr\/#website"},"primaryImageOfPage":{"@id":"https:\/\/www.uni.lu\/fr\/events\/portrait-dune-epoque-dans-plus-de-150-romans-de-camilo-castelo-branco\/#primaryimage"},"image":{"@id":"https:\/\/www.uni.lu\/fr\/events\/portrait-dune-epoque-dans-plus-de-150-romans-de-camilo-castelo-branco\/#primaryimage"},"thumbnailUrl":"https:\/\/www.uni.lu\/wp-content\/uploads\/sites\/11\/2022\/10\/portrait_d_une_epoque_dans_plus_de_150_romans_de_camilo_castelo_branco.jpg","datePublished":"2022-10-13T09:52:14+00:00","dateModified":"2022-10-13T09:52:14+00:00","description":"\u00c0 l'\u00e2ge de soixante-cinq ans (1890),\u00a0Camilo Castelo Branco, l'auteur le plus prolifique de la litt\u00e9rature portugaise se suicida. Il laissait derri\u00e8re lui une \u0153uvre immense, laquelle lui avait permis, cas rare \u00e0 l'\u00e9poque, de vivre de son \u00e9criture. Originale, percutante, voire impitoyable, son \u0153uvre refl\u00e8te sa vie \u00e9galement troubl\u00e9e, et r\u00e9v\u00e8le un Portugal de fin de si\u00e8cle, une soci\u00e9t\u00e9 monarchique et lib\u00e9rale jacobine, mais conservatrice et arri\u00e9r\u00e9e par rapport \u00e0 une Europe qui b\u00e9n\u00e9ficiait d\u00e9j\u00e0 grandement de la r\u00e9volution industrielle et des progr\u00e8s scientifiques y associ\u00e9s.","breadcrumb":{"@id":"https:\/\/www.uni.lu\/fr\/events\/portrait-dune-epoque-dans-plus-de-150-romans-de-camilo-castelo-branco\/#breadcrumb"},"inLanguage":"fr-FR","potentialAction":[{"@type":"ReadAction","target":["https:\/\/www.uni.lu\/fr\/events\/portrait-dune-epoque-dans-plus-de-150-romans-de-camilo-castelo-branco\/"]}]},{"@type":"ImageObject","inLanguage":"fr-FR","@id":"https:\/\/www.uni.lu\/fr\/events\/portrait-dune-epoque-dans-plus-de-150-romans-de-camilo-castelo-branco\/#primaryimage","url":"https:\/\/www.uni.lu\/wp-content\/uploads\/sites\/11\/2022\/10\/portrait_d_une_epoque_dans_plus_de_150_romans_de_camilo_castelo_branco.jpg","contentUrl":"https:\/\/www.uni.lu\/wp-content\/uploads\/sites\/11\/2022\/10\/portrait_d_une_epoque_dans_plus_de_150_romans_de_camilo_castelo_branco.jpg","width":800,"height":600},{"@type":"BreadcrumbList","@id":"https:\/\/www.uni.lu\/fr\/events\/portrait-dune-epoque-dans-plus-de-150-romans-de-camilo-castelo-branco\/#breadcrumb","itemListElement":[{"@type":"ListItem","position":1,"name":"Home","item":"https:\/\/www.uni.lu\/fr\/"},{"@type":"ListItem","position":2,"name":"Events","item":"https:\/\/www.uni.lu\/fr\/events\/"},{"@type":"ListItem","position":3,"name":"Portrait d'une \u00c9poque. Dans plus de 150 romans de Camilo Castelo Branco"}]},{"@type":"WebSite","@id":"https:\/\/www.uni.lu\/fr\/#website","url":"https:\/\/www.uni.lu\/fr\/","name":"Uni.lu","description":"Universit\u00e9 du Luxembourg","publisher":{"@id":"https:\/\/www.uni.lu\/fr\/#organization"},"alternateName":"Universit\u00e9 du Luxembourg","potentialAction":[{"@type":"SearchAction","target":{"@type":"EntryPoint","urlTemplate":"https:\/\/www.uni.lu\/fr\/?s={search_term_string}"},"query-input":"required name=search_term_string"}],"inLanguage":"fr-FR"},{"@type":"Organization","@id":"https:\/\/www.uni.lu\/fr\/#organization","name":"Universit\u00e9 du Luxembourg","alternateName":"Uni.lu","url":"https:\/\/www.uni.lu\/fr\/","logo":{"@type":"ImageObject","inLanguage":"fr-FR","@id":"https:\/\/www.uni.lu\/fr\/#\/schema\/logo\/image\/","url":"https:\/\/www.uni.lu\/wp-content\/uploads\/sites\/11\/2026\/03\/03120045\/UNIV_SM-Profile_1600x1600px-scaled.jpg","contentUrl":"https:\/\/www.uni.lu\/wp-content\/uploads\/sites\/11\/2026\/03\/03120045\/UNIV_SM-Profile_1600x1600px-scaled.jpg","width":2560,"height":2560,"caption":"Universit\u00e9 du Luxembourg"},"image":"https:\/\/www.uni.lu\/wp-content\/uploads\/sites\/11\/2026\/04\/24120552\/20200609-Belval-Campus_Henri-Goergen-23.jpg","sameAs":["https:\/\/www.facebook.com\/uni.lu","https:\/\/www.linkedin.com\/school\/university-of-luxembourg\/","https:\/\/www.instagram.com\/uni.lu","https:\/\/www.youtube.com\/@uni_lu","https:\/\/en.wikipedia.org\/wiki\/University_of_Luxembourg"],"email":"communication@uni.lu","telephone":"+352 46 66 44 1","address":{"@type":"PostalAddress","streetAddress":"2, place de l\u2019Universit\u00e9","addressLocality":"Esch-sur-Alzette","postalCode":"4365","addressCountry":"LU"},"description":"Universit\u00e9 du Luxembourg"}]}},"_links":{"self":[{"href":"https:\/\/www.uni.lu\/fr\/wp-json\/wp\/v2\/events\/9036"}],"collection":[{"href":"https:\/\/www.uni.lu\/fr\/wp-json\/wp\/v2\/events"}],"about":[{"href":"https:\/\/www.uni.lu\/fr\/wp-json\/wp\/v2\/types\/events"}],"replies":[{"embeddable":true,"href":"https:\/\/www.uni.lu\/fr\/wp-json\/wp\/v2\/comments?post=9036"}],"version-history":[{"count":0,"href":"https:\/\/www.uni.lu\/fr\/wp-json\/wp\/v2\/events\/9036\/revisions"}],"wp:featuredmedia":[{"embeddable":true,"href":"https:\/\/www.uni.lu\/fr\/wp-json\/wp\/v2\/media\/9037"}],"wp:attachment":[{"href":"https:\/\/www.uni.lu\/fr\/wp-json\/wp\/v2\/media?parent=9036"}],"wp:term":[{"taxonomy":"events-topic","embeddable":true,"href":"https:\/\/www.uni.lu\/fr\/wp-json\/wp\/v2\/events-topic?post=9036"},{"taxonomy":"events-type","embeddable":true,"href":"https:\/\/www.uni.lu\/fr\/wp-json\/wp\/v2\/events-type?post=9036"},{"taxonomy":"organisation","embeddable":true,"href":"https:\/\/www.uni.lu\/fr\/wp-json\/wp\/v2\/organisation?post=9036"}],"curies":[{"name":"wp","href":"https:\/\/api.w.org\/{rel}","templated":true}]}}