{"id":9034,"date":"2022-10-07T14:25:16","date_gmt":"2022-10-07T12:25:16","guid":{"rendered":"https:\/\/www.uni.lu\/fr\/events\/universite-a-lessai-2\/"},"modified":"2022-10-07T14:25:16","modified_gmt":"2022-10-07T12:25:16","slug":"universite-a-lessai-2","status":"publish","type":"events","link":"https:\/\/www.uni.lu\/fr\/events\/universite-a-lessai-2\/","title":{"rendered":"Universit\u00e9 \u00e0 l\u2019essai"},"content":{"rendered":"<section class=\"wp-block-unilux-blocks-free-section section\"><div class=\"container xl:max-w-screen-xl\"><p>Tu aimerais savoir si l\u2019universit\u00e9 est faite pour toi\u00a0? Tu souhaites en apprendre davantage sur les cours, les services et la vie \u00e9tudiante \u00e0 l\u2019Universit\u00e9 du Luxembourg\u00a0? Alors, teste ton universit\u00e9 et exp\u00e9rimente la vie d\u2019un \u00e9tudiant de premi\u00e8re ann\u00e9e\u00a0!<\/p><p>Du 2 au 4 novembre, l\u2019Universit\u00e9 accueille des lyc\u00e9ens du Luxembourg et de la Grande-R\u00e9gion pour leur faire d\u00e9couvrir la vie \u00e9tudiante. C\u2019est l\u2019occasion d\u2019assister aux cours de Droit, Sciences \u00e9conomiques, Gestion, Biologie, M\u00e9decine, Math\u00e9matiques, Psychologie, Sciences de l\u2019\u00e9ducation, Sciences sociales et \u00e9ducatives, Histoire, Philosophie, Germanistik, Etudes Fran\u00e7aises, English studies, Langue et Litt\u00e9rature Luxembourgeoises, Enseignement Musical et Dessin d\u2019Animation.<\/p><p>Les cours propos\u00e9s sont des cours de premi\u00e8re ann\u00e9e de Bachelor. Tu pourras rencontrer d\u2019autres \u00e9tudiants et des professeurs, visiter le Campus de Belval ainsi que le Luxembourg Learning Centre et recevoir toutes les r\u00e9ponses \u00e0 tes questions en ce qui concerne l\u2019admission, le logement et la vie \u00e9tudiante \u00e0 l\u2019Universit\u00e9 du Luxembourg.<\/p><p>L\u2019inscription est obligatoire et est ouverte du 7 octobre au 28 octobre 2022 sur\u00a0<a href=\"https:\/\/unialessai.uni.lu\" target=\"_blank\" title=\"Universit\u00e9 \u00e0 l'essai\" rel=\"noopener\">unialessai.uni.lu<\/a><\/p><\/div><\/section>","protected":false},"excerpt":{"rendered":"<p>Tu aimerais savoir si l\u2019universit\u00e9 est faite pour toi\u00a0? Tu souhaites en apprendre davantage sur les cours, les services et la vie \u00e9tudiante \u00e0 l\u2019Universit\u00e9 du Luxembourg\u00a0? Alors, teste ton universit\u00e9 et exp\u00e9rimente la vie d\u2019un \u00e9tudiant de premi\u00e8re ann\u00e9e\u00a0!<\/p>\n","protected":false},"author":0,"featured_media":9035,"parent":0,"menu_order":0,"comment_status":"open","ping_status":"closed","template":"","format":"standard","meta":{"featured_image_focal_point":[],"show_featured_caption":false,"ulux_newsletter_groups":"","uluxPostTitle":"","uluxPrePostTitle":"","_trash_the_other_posts":false,"_price":"","_stock":"","_tribe_ticket_header":"","_tribe_default_ticket_provider":"","_tribe_ticket_capacity":"0","_ticket_start_date":"","_ticket_end_date":"","_tribe_ticket_show_description":"","_tribe_ticket_show_not_going":false,"_tribe_ticket_use_global_stock":"","_tribe_ticket_global_stock_level":"","_global_stock_mode":"","_global_stock_cap":"","_tribe_rsvp_for_event":"","_tribe_ticket_going_count":"","_tribe_ticket_not_going_count":"","_tribe_tickets_list":"[]","_tribe_ticket_has_attendee_info_fields":false,"event_start_date":"2022-11-02 09:00:00","event_end_date":"2022-11-04 15:30:00","event_speaker_name":"","event_speaker_link":"","event_is_online":false,"event_location":"Campus de Belval","event_street":"","event_location_link":"","event_zip_code":"","event_city":"","event_country":"LU"},"events-topic":[],"events-type":[],"organisation":[226],"authorship":[],"acf":[],"yoast_head":"<!-- This site is optimized with the Yoast SEO Premium plugin v22.3 (Yoast SEO v22.3) - https:\/\/yoast.com\/wordpress\/plugins\/seo\/ -->\n<title>Universit\u00e9 \u00e0 l\u2019essai - Universit\u00e9 du Luxembourg<\/title>\n<meta name=\"description\" content=\"Tu aimerais savoir si l\u2019universit\u00e9 est faite pour toi\u00a0? Tu souhaites en apprendre davantage sur les cours, les services et la vie \u00e9tudiante \u00e0 l\u2019Universit\u00e9 du Luxembourg\u00a0? Alors, teste ton universit\u00e9 et exp\u00e9rimente la vie d\u2019un \u00e9tudiant de premi\u00e8re ann\u00e9e\u00a0!\" \/>\n<meta name=\"robots\" content=\"index, follow, max-snippet:-1, max-image-preview:large, max-video-preview:-1\" \/>\n<link rel=\"canonical\" href=\"https:\/\/www.uni.lu\/fr\/events\/universite-a-lessai-2\/\" \/>\n<meta property=\"og:locale\" content=\"fr_FR\" \/>\n<meta property=\"og:type\" content=\"article\" \/>\n<meta property=\"og:title\" content=\"Universit\u00e9 \u00e0 l\u2019essai\" \/>\n<meta property=\"og:description\" content=\"Tu aimerais savoir si l\u2019universit\u00e9 est faite pour toi\u00a0? Tu souhaites en apprendre davantage sur les cours, les services et la vie \u00e9tudiante \u00e0 l\u2019Universit\u00e9 du Luxembourg\u00a0? Alors, teste ton universit\u00e9 et exp\u00e9rimente la vie d\u2019un \u00e9tudiant de premi\u00e8re ann\u00e9e\u00a0!\" \/>\n<meta property=\"og:url\" content=\"https:\/\/www.uni.lu\/fr\/events\/universite-a-lessai-2\/\" \/>\n<meta property=\"og:site_name\" content=\"UNI FR\" \/>\n<meta property=\"article:publisher\" content=\"https:\/\/www.facebook.com\/uni.lu\" \/>\n<meta property=\"og:image\" content=\"https:\/\/www.uni.lu\/wp-content\/uploads\/sites\/11\/2026\/03\/03120045\/UNIV_SM-Profile_1600x1600px-scaled.jpg\" \/>\n\t<meta property=\"og:image:width\" content=\"2560\" \/>\n\t<meta property=\"og:image:height\" content=\"2560\" \/>\n\t<meta property=\"og:image:type\" content=\"image\/jpeg\" \/>\n<meta name=\"twitter:card\" content=\"summary_large_image\" \/>\n<meta name=\"twitter:label1\" content=\"Dur\u00e9e de lecture estim\u00e9e\" \/>\n\t<meta name=\"twitter:data1\" content=\"1 minute\" \/>\n<script type=\"application\/ld+json\" class=\"yoast-schema-graph\">{\"@context\":\"https:\/\/schema.org\",\"@graph\":[{\"@type\":\"WebPage\",\"@id\":\"https:\/\/www.uni.lu\/fr\/events\/universite-a-lessai-2\/\",\"url\":\"https:\/\/www.uni.lu\/fr\/events\/universite-a-lessai-2\/\",\"name\":\"Universit\u00e9 \u00e0 l\u2019essai - Universit\u00e9 du Luxembourg\",\"isPartOf\":{\"@id\":\"https:\/\/www.uni.lu\/fr\/#website\"},\"primaryImageOfPage\":{\"@id\":\"https:\/\/www.uni.lu\/fr\/events\/universite-a-lessai-2\/#primaryimage\"},\"image\":{\"@id\":\"https:\/\/www.uni.lu\/fr\/events\/universite-a-lessai-2\/#primaryimage\"},\"thumbnailUrl\":\"https:\/\/www.uni.lu\/wp-content\/uploads\/sites\/11\/2022\/10\/universite_a_l_essai.jpg\",\"datePublished\":\"2022-10-07T12:25:16+00:00\",\"dateModified\":\"2022-10-07T12:25:16+00:00\",\"description\":\"Tu aimerais savoir si l\u2019universit\u00e9 est faite pour toi\u00a0? Tu souhaites en apprendre davantage sur les cours, les services et la vie \u00e9tudiante \u00e0 l\u2019Universit\u00e9 du Luxembourg\u00a0? Alors, teste ton universit\u00e9 et exp\u00e9rimente la vie d\u2019un \u00e9tudiant de premi\u00e8re ann\u00e9e\u00a0!\",\"breadcrumb\":{\"@id\":\"https:\/\/www.uni.lu\/fr\/events\/universite-a-lessai-2\/#breadcrumb\"},\"inLanguage\":\"fr-FR\",\"potentialAction\":[{\"@type\":\"ReadAction\",\"target\":[\"https:\/\/www.uni.lu\/fr\/events\/universite-a-lessai-2\/\"]}]},{\"@type\":\"ImageObject\",\"inLanguage\":\"fr-FR\",\"@id\":\"https:\/\/www.uni.lu\/fr\/events\/universite-a-lessai-2\/#primaryimage\",\"url\":\"https:\/\/www.uni.lu\/wp-content\/uploads\/sites\/11\/2022\/10\/universite_a_l_essai.jpg\",\"contentUrl\":\"https:\/\/www.uni.lu\/wp-content\/uploads\/sites\/11\/2022\/10\/universite_a_l_essai.jpg\",\"width\":800,\"height\":600},{\"@type\":\"BreadcrumbList\",\"@id\":\"https:\/\/www.uni.lu\/fr\/events\/universite-a-lessai-2\/#breadcrumb\",\"itemListElement\":[{\"@type\":\"ListItem\",\"position\":1,\"name\":\"Home\",\"item\":\"https:\/\/www.uni.lu\/fr\/\"},{\"@type\":\"ListItem\",\"position\":2,\"name\":\"Events\",\"item\":\"https:\/\/www.uni.lu\/fr\/events\/\"},{\"@type\":\"ListItem\",\"position\":3,\"name\":\"Universit\u00e9 \u00e0 l\u2019essai\"}]},{\"@type\":\"WebSite\",\"@id\":\"https:\/\/www.uni.lu\/fr\/#website\",\"url\":\"https:\/\/www.uni.lu\/fr\/\",\"name\":\"Uni.lu\",\"description\":\"Universit\u00e9 du Luxembourg\",\"publisher\":{\"@id\":\"https:\/\/www.uni.lu\/fr\/#organization\"},\"alternateName\":\"Universit\u00e9 du Luxembourg\",\"potentialAction\":[{\"@type\":\"SearchAction\",\"target\":{\"@type\":\"EntryPoint\",\"urlTemplate\":\"https:\/\/www.uni.lu\/fr\/?s={search_term_string}\"},\"query-input\":\"required name=search_term_string\"}],\"inLanguage\":\"fr-FR\"},{\"@type\":\"Organization\",\"@id\":\"https:\/\/www.uni.lu\/fr\/#organization\",\"name\":\"Universit\u00e9 du Luxembourg\",\"alternateName\":\"Uni.lu\",\"url\":\"https:\/\/www.uni.lu\/fr\/\",\"logo\":{\"@type\":\"ImageObject\",\"inLanguage\":\"fr-FR\",\"@id\":\"https:\/\/www.uni.lu\/fr\/#\/schema\/logo\/image\/\",\"url\":\"https:\/\/www.uni.lu\/wp-content\/uploads\/sites\/11\/2026\/03\/03120045\/UNIV_SM-Profile_1600x1600px-scaled.jpg\",\"contentUrl\":\"https:\/\/www.uni.lu\/wp-content\/uploads\/sites\/11\/2026\/03\/03120045\/UNIV_SM-Profile_1600x1600px-scaled.jpg\",\"width\":2560,\"height\":2560,\"caption\":\"Universit\u00e9 du Luxembourg\"},\"image\":\"https:\/\/www.uni.lu\/wp-content\/uploads\/sites\/11\/2026\/04\/24120552\/20200609-Belval-Campus_Henri-Goergen-23.jpg\",\"sameAs\":[\"https:\/\/www.facebook.com\/uni.lu\",\"https:\/\/www.linkedin.com\/school\/university-of-luxembourg\/\",\"https:\/\/www.instagram.com\/uni.lu\",\"https:\/\/www.youtube.com\/@uni_lu\",\"https:\/\/en.wikipedia.org\/wiki\/University_of_Luxembourg\"],\"email\":\"communication@uni.lu\",\"telephone\":\"+352 46 66 44 1\",\"address\":{\"@type\":\"PostalAddress\",\"streetAddress\":\"2, place de l\u2019Universit\u00e9\",\"addressLocality\":\"Esch-sur-Alzette\",\"postalCode\":\"4365\",\"addressCountry\":\"LU\"},\"description\":\"Universit\u00e9 du Luxembourg\"}]}<\/script>\n<!-- \/ Yoast SEO Premium plugin. -->","yoast_head_json":{"title":"Universit\u00e9 \u00e0 l\u2019essai - Universit\u00e9 du Luxembourg","description":"Tu aimerais savoir si l\u2019universit\u00e9 est faite pour toi\u00a0? Tu souhaites en apprendre davantage sur les cours, les services et la vie \u00e9tudiante \u00e0 l\u2019Universit\u00e9 du Luxembourg\u00a0? Alors, teste ton universit\u00e9 et exp\u00e9rimente la vie d\u2019un \u00e9tudiant de premi\u00e8re ann\u00e9e\u00a0!","robots":{"index":"index","follow":"follow","max-snippet":"max-snippet:-1","max-image-preview":"max-image-preview:large","max-video-preview":"max-video-preview:-1"},"canonical":"https:\/\/www.uni.lu\/fr\/events\/universite-a-lessai-2\/","og_locale":"fr_FR","og_type":"article","og_title":"Universit\u00e9 \u00e0 l\u2019essai","og_description":"Tu aimerais savoir si l\u2019universit\u00e9 est faite pour toi\u00a0? Tu souhaites en apprendre davantage sur les cours, les services et la vie \u00e9tudiante \u00e0 l\u2019Universit\u00e9 du Luxembourg\u00a0? Alors, teste ton universit\u00e9 et exp\u00e9rimente la vie d\u2019un \u00e9tudiant de premi\u00e8re ann\u00e9e\u00a0!","og_url":"https:\/\/www.uni.lu\/fr\/events\/universite-a-lessai-2\/","og_site_name":"UNI FR","article_publisher":"https:\/\/www.facebook.com\/uni.lu","og_image":[{"width":2560,"height":2560,"url":"https:\/\/www.uni.lu\/wp-content\/uploads\/sites\/11\/2026\/03\/03120045\/UNIV_SM-Profile_1600x1600px-scaled.jpg","type":"image\/jpeg"}],"twitter_card":"summary_large_image","twitter_misc":{"Dur\u00e9e de lecture estim\u00e9e":"1 minute"},"schema":{"@context":"https:\/\/schema.org","@graph":[{"@type":"WebPage","@id":"https:\/\/www.uni.lu\/fr\/events\/universite-a-lessai-2\/","url":"https:\/\/www.uni.lu\/fr\/events\/universite-a-lessai-2\/","name":"Universit\u00e9 \u00e0 l\u2019essai - Universit\u00e9 du Luxembourg","isPartOf":{"@id":"https:\/\/www.uni.lu\/fr\/#website"},"primaryImageOfPage":{"@id":"https:\/\/www.uni.lu\/fr\/events\/universite-a-lessai-2\/#primaryimage"},"image":{"@id":"https:\/\/www.uni.lu\/fr\/events\/universite-a-lessai-2\/#primaryimage"},"thumbnailUrl":"https:\/\/www.uni.lu\/wp-content\/uploads\/sites\/11\/2022\/10\/universite_a_l_essai.jpg","datePublished":"2022-10-07T12:25:16+00:00","dateModified":"2022-10-07T12:25:16+00:00","description":"Tu aimerais savoir si l\u2019universit\u00e9 est faite pour toi\u00a0? Tu souhaites en apprendre davantage sur les cours, les services et la vie \u00e9tudiante \u00e0 l\u2019Universit\u00e9 du Luxembourg\u00a0? Alors, teste ton universit\u00e9 et exp\u00e9rimente la vie d\u2019un \u00e9tudiant de premi\u00e8re ann\u00e9e\u00a0!","breadcrumb":{"@id":"https:\/\/www.uni.lu\/fr\/events\/universite-a-lessai-2\/#breadcrumb"},"inLanguage":"fr-FR","potentialAction":[{"@type":"ReadAction","target":["https:\/\/www.uni.lu\/fr\/events\/universite-a-lessai-2\/"]}]},{"@type":"ImageObject","inLanguage":"fr-FR","@id":"https:\/\/www.uni.lu\/fr\/events\/universite-a-lessai-2\/#primaryimage","url":"https:\/\/www.uni.lu\/wp-content\/uploads\/sites\/11\/2022\/10\/universite_a_l_essai.jpg","contentUrl":"https:\/\/www.uni.lu\/wp-content\/uploads\/sites\/11\/2022\/10\/universite_a_l_essai.jpg","width":800,"height":600},{"@type":"BreadcrumbList","@id":"https:\/\/www.uni.lu\/fr\/events\/universite-a-lessai-2\/#breadcrumb","itemListElement":[{"@type":"ListItem","position":1,"name":"Home","item":"https:\/\/www.uni.lu\/fr\/"},{"@type":"ListItem","position":2,"name":"Events","item":"https:\/\/www.uni.lu\/fr\/events\/"},{"@type":"ListItem","position":3,"name":"Universit\u00e9 \u00e0 l\u2019essai"}]},{"@type":"WebSite","@id":"https:\/\/www.uni.lu\/fr\/#website","url":"https:\/\/www.uni.lu\/fr\/","name":"Uni.lu","description":"Universit\u00e9 du Luxembourg","publisher":{"@id":"https:\/\/www.uni.lu\/fr\/#organization"},"alternateName":"Universit\u00e9 du Luxembourg","potentialAction":[{"@type":"SearchAction","target":{"@type":"EntryPoint","urlTemplate":"https:\/\/www.uni.lu\/fr\/?s={search_term_string}"},"query-input":"required name=search_term_string"}],"inLanguage":"fr-FR"},{"@type":"Organization","@id":"https:\/\/www.uni.lu\/fr\/#organization","name":"Universit\u00e9 du Luxembourg","alternateName":"Uni.lu","url":"https:\/\/www.uni.lu\/fr\/","logo":{"@type":"ImageObject","inLanguage":"fr-FR","@id":"https:\/\/www.uni.lu\/fr\/#\/schema\/logo\/image\/","url":"https:\/\/www.uni.lu\/wp-content\/uploads\/sites\/11\/2026\/03\/03120045\/UNIV_SM-Profile_1600x1600px-scaled.jpg","contentUrl":"https:\/\/www.uni.lu\/wp-content\/uploads\/sites\/11\/2026\/03\/03120045\/UNIV_SM-Profile_1600x1600px-scaled.jpg","width":2560,"height":2560,"caption":"Universit\u00e9 du Luxembourg"},"image":"https:\/\/www.uni.lu\/wp-content\/uploads\/sites\/11\/2026\/04\/24120552\/20200609-Belval-Campus_Henri-Goergen-23.jpg","sameAs":["https:\/\/www.facebook.com\/uni.lu","https:\/\/www.linkedin.com\/school\/university-of-luxembourg\/","https:\/\/www.instagram.com\/uni.lu","https:\/\/www.youtube.com\/@uni_lu","https:\/\/en.wikipedia.org\/wiki\/University_of_Luxembourg"],"email":"communication@uni.lu","telephone":"+352 46 66 44 1","address":{"@type":"PostalAddress","streetAddress":"2, place de l\u2019Universit\u00e9","addressLocality":"Esch-sur-Alzette","postalCode":"4365","addressCountry":"LU"},"description":"Universit\u00e9 du Luxembourg"}]}},"_links":{"self":[{"href":"https:\/\/www.uni.lu\/fr\/wp-json\/wp\/v2\/events\/9034"}],"collection":[{"href":"https:\/\/www.uni.lu\/fr\/wp-json\/wp\/v2\/events"}],"about":[{"href":"https:\/\/www.uni.lu\/fr\/wp-json\/wp\/v2\/types\/events"}],"replies":[{"embeddable":true,"href":"https:\/\/www.uni.lu\/fr\/wp-json\/wp\/v2\/comments?post=9034"}],"version-history":[{"count":0,"href":"https:\/\/www.uni.lu\/fr\/wp-json\/wp\/v2\/events\/9034\/revisions"}],"wp:featuredmedia":[{"embeddable":true,"href":"https:\/\/www.uni.lu\/fr\/wp-json\/wp\/v2\/media\/9035"}],"wp:attachment":[{"href":"https:\/\/www.uni.lu\/fr\/wp-json\/wp\/v2\/media?parent=9034"}],"wp:term":[{"taxonomy":"events-topic","embeddable":true,"href":"https:\/\/www.uni.lu\/fr\/wp-json\/wp\/v2\/events-topic?post=9034"},{"taxonomy":"events-type","embeddable":true,"href":"https:\/\/www.uni.lu\/fr\/wp-json\/wp\/v2\/events-type?post=9034"},{"taxonomy":"organisation","embeddable":true,"href":"https:\/\/www.uni.lu\/fr\/wp-json\/wp\/v2\/organisation?post=9034"}],"curies":[{"name":"wp","href":"https:\/\/api.w.org\/{rel}","templated":true}]}}