{"id":9020,"date":"2022-09-26T14:10:21","date_gmt":"2022-09-26T12:10:21","guid":{"rendered":"https:\/\/www.uni.lu\/fr\/events\/unesco-chair-in-human-rights-25-10-2022-panel-discussion-the-governance-of-climate-change-multilateralism-human-rights-and-democratic-deliberation\/"},"modified":"2022-09-26T14:10:21","modified_gmt":"2022-09-26T12:10:21","slug":"unesco-chair-in-human-rights-25-10-2022-panel-discussion-the-governance-of-climate-change-multilateralism-human-rights-and-democratic-deliberation","status":"publish","type":"events","link":"https:\/\/www.uni.lu\/fr\/events\/unesco-chair-in-human-rights-25-10-2022-panel-discussion-the-governance-of-climate-change-multilateralism-human-rights-and-democratic-deliberation\/","title":{"rendered":"UNESCO Chair in Human Rights 25.10.2022: Panel Discussion: The Governance of Climate Change: Multilateralism, Human Rights and Democratic  Deliberation"},"content":{"rendered":"<section class=\"wp-block-unilux-blocks-free-section section\"><div class=\"container xl:max-w-screen-xl\"><p>The Governance of Climate Change: Multilateralism, Human Rights and Democratic Deliberation Co-organised with the Association Luxembourgeoise pour les Nations Unies (ALNU). As the overriding existential challenge of our times, climate change further poses the ultimate challenge to our models and practices of governance at all levels. Effectively dealing with global warming will require all of: a reinvigoration of contested multilateral institutions; major, costly changes of national policy; robust community-level initiatives; and substantial changes in individual behaviour. The transformations demanded are thus paradigm-shifting to an unprecedented extent, while also engaging equally fundamental questions of human rights. Against this background, the present event provides a distinctive forum for the discussion of these existential challenges seen through an appropriately \u2018Glocal\u2019 prism, drawing out the interconnections of the international and local political arenas. Our panel of speakers will survey the development of the multilateral climate change regime from a human rights perspective, outline Luxembourg\u2019s foreign policy objectives as regards human rights and climate change, discuss the findings and lessons of the national citizens\u2019 assembly on climate change (Klima-Biergerrot), present the resolutions agreed by a group of some 50 secondary school students who participated in a recently concluded ALNU project, and provide insight into the organisation and functioning of the innovative Minett UNESCO Biosphere project. Speakers: Anne Goedert (Ambassador at Large for Human Rights, Ministry of Foreign and European Affairs); Robert Harmsen (UNESCO Chair in Human Rights, University of Luxembourg); Rapha\u00ebl Kies (Research Scientist, University of Luxembourg); Andr\u00e9 Rollinger, (President, Association Luxembourgeoise pour les Nations Unies); (Ga\u00eblle Tavernier, General Manager, Pro Sud), moderated by Simone Beck (President, The Luxembourg Commission for Cooperation with UNESCO). A sandwich lunch will be available from 1 pm<\/p><p>Speakers: Anne Goedert (Ambassador at Large for Human Rights, Ministry of Foreign and European Affairs); Robert Harmsen (UNESCO Chair in Human Rights, University of Luxembourg); Rapha\u00ebl Kies (Research Scientist, University of Luxembourg); Andr\u00e9 Rollinger, (President, Association Luxembourgeoise pour les Nations Unies); (Ga\u00eblle Tavernier, General Manager, Pro Sud), moderated by Simone Beck (President, The Luxembourg Commission for Cooperation with UNESCO).<\/p><\/div><\/section>","protected":false},"excerpt":{"rendered":"<p>The Governance of Climate Change: Multilateralism, Human Rights and Democratic Deliberation Co-organised with the Association Luxembourgeoise pour les Nations Unies (ALNU). As the overriding existential challenge of our times, climate change further poses the ultimate challenge to our models and practices of governance at all levels. Effectively dealing with global warming will require all of: a reinvigoration of contested multilateral institutions; major, costly changes of national policy; robust community-level initiatives; and substantial changes in individual behaviour. The transformations demanded are thus paradigm-shifting to an unprecedented extent, while also engaging equally fundamental questions of human rights. Against this background, the present event provides a distinctive forum for the discussion of these existential challenges seen through an appropriately \u2018Glocal\u2019 prism, drawing out the interconnections of the international and local political arenas. Our panel of speakers will survey the development of the multilateral climate change regime from a human rights perspective, outline Luxembourg\u2019s foreign policy objectives as regards human rights and climate change, discuss the findings and lessons of the national citizens\u2019 assembly on climate change (Klima-Biergerrot), present the resolutions agreed by a group of some 50 secondary school students who participated in a recently concluded ALNU project, and provide insight into the organisation and functioning of the innovative Minett UNESCO Biosphere project. Speakers: Anne Goedert (Ambassador at Large for Human Rights, Ministry of Foreign and European Affairs); Robert Harmsen (UNESCO Chair in Human Rights, University of Luxembourg); Rapha\u00ebl Kies (Research Scientist, University of Luxembourg); Andr\u00e9 Rollinger, (President, Association Luxembourgeoise pour les Nations Unies); (Ga\u00eblle Tavernier, General Manager, Pro Sud), moderated by Simone Beck (President, The Luxembourg Commission for Cooperation with UNESCO). A sandwich lunch will be available from 1 pm<\/p>\n","protected":false},"author":0,"featured_media":9021,"parent":0,"menu_order":0,"comment_status":"open","ping_status":"closed","template":"","format":"standard","meta":{"featured_image_focal_point":[],"show_featured_caption":false,"ulux_newsletter_groups":"","uluxPostTitle":"","uluxPrePostTitle":"","_trash_the_other_posts":false,"_price":"","_stock":"","_tribe_ticket_header":"","_tribe_default_ticket_provider":"","_tribe_ticket_capacity":"0","_ticket_start_date":"","_ticket_end_date":"","_tribe_ticket_show_description":"","_tribe_ticket_show_not_going":false,"_tribe_ticket_use_global_stock":"","_tribe_ticket_global_stock_level":"","_global_stock_mode":"","_global_stock_cap":"","_tribe_rsvp_for_event":"","_tribe_ticket_going_count":"","_tribe_ticket_not_going_count":"","_tribe_tickets_list":"[]","_tribe_ticket_has_attendee_info_fields":false,"event_start_date":"2022-10-25 14:00:00","event_end_date":"2022-10-25 16:00:00","event_speaker_name":"","event_speaker_link":"","event_is_online":false,"event_location":"Maison des Sciences Humaines, Black Box","event_street":"","event_location_link":"","event_zip_code":"","event_city":"","event_country":"LU"},"events-topic":[318],"events-type":[],"organisation":[179,147,226],"authorship":[],"acf":[],"yoast_head":"<!-- This site is optimized with the Yoast SEO Premium plugin v22.3 (Yoast SEO v22.3) - https:\/\/yoast.com\/wordpress\/plugins\/seo\/ -->\n<title>UNESCO Chair in Human Rights 25.10.2022: Panel Discussion: The Governance of Climate Change: Multilateralism, Human Rights and Democratic Deliberation - Universit\u00e9 du Luxembourg<\/title>\n<meta name=\"description\" content=\"The Governance of Climate Change: Multilateralism, Human Rights and Democratic Deliberation Co-organised with the Association Luxembourgeoise pour les Nations Unies (ALNU). As the overriding existential challenge of our times, climate change further poses the ultimate challenge to our models and practices of governance at all levels. Effectively dealing with global warming will require all of: a reinvigoration of contested multilateral institutions; major, costly changes of national policy; robust community-level initiatives; and substantial changes in individual behaviour. The transformations demanded are thus paradigm-shifting to an unprecedented extent, while also engaging equally fundamental questions of human rights. Against this background, the present event provides a distinctive forum for the discussion of these existential challenges seen through an appropriately \u2018Glocal\u2019 prism, drawing out the interconnections of the international and local political arenas. Our panel of speakers will survey the development of the multilateral climate change regime from a human rights perspective, outline Luxembourg\u2019s foreign policy objectives as regards human rights and climate change, discuss the findings and lessons of the national citizens\u2019 assembly on climate change (Klima-Biergerrot), present the resolutions agreed by a group of some 50 secondary school students who participated in a recently concluded ALNU project, and provide insight into the organisation and functioning of the innovative Minett UNESCO Biosphere project. Speakers: Anne Goedert (Ambassador at Large for Human Rights, Ministry of Foreign and European Affairs); Robert Harmsen (UNESCO Chair in Human Rights, University of Luxembourg); Rapha\u00ebl Kies (Research Scientist, University of Luxembourg); Andr\u00e9 Rollinger, (President, Association Luxembourgeoise pour les Nations Unies); (Ga\u00eblle Tavernier, General Manager, Pro Sud), moderated by Simone Beck (President, The Luxembourg Commission for Cooperation with UNESCO). A sandwich lunch will be available from 1 pm\" \/>\n<meta name=\"robots\" content=\"index, follow, max-snippet:-1, max-image-preview:large, max-video-preview:-1\" \/>\n<link rel=\"canonical\" href=\"https:\/\/www.uni.lu\/fr\/events\/unesco-chair-in-human-rights-25-10-2022-panel-discussion-the-governance-of-climate-change-multilateralism-human-rights-and-democratic-deliberation\/\" \/>\n<meta property=\"og:locale\" content=\"fr_FR\" \/>\n<meta property=\"og:type\" content=\"article\" \/>\n<meta property=\"og:title\" content=\"UNESCO Chair in Human Rights 25.10.2022: Panel Discussion: The Governance of Climate Change: Multilateralism, Human Rights and Democratic Deliberation\" \/>\n<meta property=\"og:description\" content=\"The Governance of Climate Change: Multilateralism, Human Rights and Democratic Deliberation Co-organised with the Association Luxembourgeoise pour les Nations Unies (ALNU). As the overriding existential challenge of our times, climate change further poses the ultimate challenge to our models and practices of governance at all levels. Effectively dealing with global warming will require all of: a reinvigoration of contested multilateral institutions; major, costly changes of national policy; robust community-level initiatives; and substantial changes in individual behaviour. The transformations demanded are thus paradigm-shifting to an unprecedented extent, while also engaging equally fundamental questions of human rights. Against this background, the present event provides a distinctive forum for the discussion of these existential challenges seen through an appropriately \u2018Glocal\u2019 prism, drawing out the interconnections of the international and local political arenas. Our panel of speakers will survey the development of the multilateral climate change regime from a human rights perspective, outline Luxembourg\u2019s foreign policy objectives as regards human rights and climate change, discuss the findings and lessons of the national citizens\u2019 assembly on climate change (Klima-Biergerrot), present the resolutions agreed by a group of some 50 secondary school students who participated in a recently concluded ALNU project, and provide insight into the organisation and functioning of the innovative Minett UNESCO Biosphere project. Speakers: Anne Goedert (Ambassador at Large for Human Rights, Ministry of Foreign and European Affairs); Robert Harmsen (UNESCO Chair in Human Rights, University of Luxembourg); Rapha\u00ebl Kies (Research Scientist, University of Luxembourg); Andr\u00e9 Rollinger, (President, Association Luxembourgeoise pour les Nations Unies); (Ga\u00eblle Tavernier, General Manager, Pro Sud), moderated by Simone Beck (President, The Luxembourg Commission for Cooperation with UNESCO). A sandwich lunch will be available from 1 pm\" \/>\n<meta property=\"og:url\" content=\"https:\/\/www.uni.lu\/fr\/events\/unesco-chair-in-human-rights-25-10-2022-panel-discussion-the-governance-of-climate-change-multilateralism-human-rights-and-democratic-deliberation\/\" \/>\n<meta property=\"og:site_name\" content=\"UNI FR\" \/>\n<meta property=\"article:publisher\" content=\"https:\/\/www.facebook.com\/uni.lu\" \/>\n<meta property=\"og:image\" content=\"https:\/\/www.uni.lu\/wp-content\/uploads\/sites\/11\/2026\/03\/03120045\/UNIV_SM-Profile_1600x1600px-scaled.jpg\" \/>\n\t<meta property=\"og:image:width\" content=\"2560\" \/>\n\t<meta property=\"og:image:height\" content=\"2560\" \/>\n\t<meta property=\"og:image:type\" content=\"image\/jpeg\" \/>\n<meta name=\"twitter:card\" content=\"summary_large_image\" \/>\n<meta name=\"twitter:label1\" content=\"Dur\u00e9e de lecture estim\u00e9e\" \/>\n\t<meta name=\"twitter:data1\" content=\"2 minutes\" \/>\n<script type=\"application\/ld+json\" class=\"yoast-schema-graph\">{\"@context\":\"https:\/\/schema.org\",\"@graph\":[{\"@type\":\"WebPage\",\"@id\":\"https:\/\/www.uni.lu\/fr\/events\/unesco-chair-in-human-rights-25-10-2022-panel-discussion-the-governance-of-climate-change-multilateralism-human-rights-and-democratic-deliberation\/\",\"url\":\"https:\/\/www.uni.lu\/fr\/events\/unesco-chair-in-human-rights-25-10-2022-panel-discussion-the-governance-of-climate-change-multilateralism-human-rights-and-democratic-deliberation\/\",\"name\":\"UNESCO Chair in Human Rights 25.10.2022: Panel Discussion: The Governance of Climate Change: Multilateralism, Human Rights and Democratic Deliberation - Universit\u00e9 du Luxembourg\",\"isPartOf\":{\"@id\":\"https:\/\/www.uni.lu\/fr\/#website\"},\"primaryImageOfPage\":{\"@id\":\"https:\/\/www.uni.lu\/fr\/events\/unesco-chair-in-human-rights-25-10-2022-panel-discussion-the-governance-of-climate-change-multilateralism-human-rights-and-democratic-deliberation\/#primaryimage\"},\"image\":{\"@id\":\"https:\/\/www.uni.lu\/fr\/events\/unesco-chair-in-human-rights-25-10-2022-panel-discussion-the-governance-of-climate-change-multilateralism-human-rights-and-democratic-deliberation\/#primaryimage\"},\"thumbnailUrl\":\"https:\/\/www.uni.lu\/wp-content\/uploads\/sites\/11\/2022\/09\/unesco_chair_in_human_rights_25_10_2022.jpg\",\"datePublished\":\"2022-09-26T12:10:21+00:00\",\"dateModified\":\"2022-09-26T12:10:21+00:00\",\"description\":\"The Governance of Climate Change: Multilateralism, Human Rights and Democratic Deliberation Co-organised with the Association Luxembourgeoise pour les Nations Unies (ALNU). As the overriding existential challenge of our times, climate change further poses the ultimate challenge to our models and practices of governance at all levels. Effectively dealing with global warming will require all of: a reinvigoration of contested multilateral institutions; major, costly changes of national policy; robust community-level initiatives; and substantial changes in individual behaviour. The transformations demanded are thus paradigm-shifting to an unprecedented extent, while also engaging equally fundamental questions of human rights. Against this background, the present event provides a distinctive forum for the discussion of these existential challenges seen through an appropriately \u2018Glocal\u2019 prism, drawing out the interconnections of the international and local political arenas. Our panel of speakers will survey the development of the multilateral climate change regime from a human rights perspective, outline Luxembourg\u2019s foreign policy objectives as regards human rights and climate change, discuss the findings and lessons of the national citizens\u2019 assembly on climate change (Klima-Biergerrot), present the resolutions agreed by a group of some 50 secondary school students who participated in a recently concluded ALNU project, and provide insight into the organisation and functioning of the innovative Minett UNESCO Biosphere project. Speakers: Anne Goedert (Ambassador at Large for Human Rights, Ministry of Foreign and European Affairs); Robert Harmsen (UNESCO Chair in Human Rights, University of Luxembourg); Rapha\u00ebl Kies (Research Scientist, University of Luxembourg); Andr\u00e9 Rollinger, (President, Association Luxembourgeoise pour les Nations Unies); (Ga\u00eblle Tavernier, General Manager, Pro Sud), moderated by Simone Beck (President, The Luxembourg Commission for Cooperation with UNESCO). A sandwich lunch will be available from 1 pm\",\"breadcrumb\":{\"@id\":\"https:\/\/www.uni.lu\/fr\/events\/unesco-chair-in-human-rights-25-10-2022-panel-discussion-the-governance-of-climate-change-multilateralism-human-rights-and-democratic-deliberation\/#breadcrumb\"},\"inLanguage\":\"fr-FR\",\"potentialAction\":[{\"@type\":\"ReadAction\",\"target\":[\"https:\/\/www.uni.lu\/fr\/events\/unesco-chair-in-human-rights-25-10-2022-panel-discussion-the-governance-of-climate-change-multilateralism-human-rights-and-democratic-deliberation\/\"]}]},{\"@type\":\"ImageObject\",\"inLanguage\":\"fr-FR\",\"@id\":\"https:\/\/www.uni.lu\/fr\/events\/unesco-chair-in-human-rights-25-10-2022-panel-discussion-the-governance-of-climate-change-multilateralism-human-rights-and-democratic-deliberation\/#primaryimage\",\"url\":\"https:\/\/www.uni.lu\/wp-content\/uploads\/sites\/11\/2022\/09\/unesco_chair_in_human_rights_25_10_2022.jpg\",\"contentUrl\":\"https:\/\/www.uni.lu\/wp-content\/uploads\/sites\/11\/2022\/09\/unesco_chair_in_human_rights_25_10_2022.jpg\",\"width\":800,\"height\":600},{\"@type\":\"BreadcrumbList\",\"@id\":\"https:\/\/www.uni.lu\/fr\/events\/unesco-chair-in-human-rights-25-10-2022-panel-discussion-the-governance-of-climate-change-multilateralism-human-rights-and-democratic-deliberation\/#breadcrumb\",\"itemListElement\":[{\"@type\":\"ListItem\",\"position\":1,\"name\":\"Home\",\"item\":\"https:\/\/www.uni.lu\/fr\/\"},{\"@type\":\"ListItem\",\"position\":2,\"name\":\"Events\",\"item\":\"https:\/\/www.uni.lu\/fr\/events\/\"},{\"@type\":\"ListItem\",\"position\":3,\"name\":\"UNESCO Chair in Human Rights 25.10.2022: Panel Discussion: The Governance of Climate Change: Multilateralism, Human Rights and Democratic Deliberation\"}]},{\"@type\":\"WebSite\",\"@id\":\"https:\/\/www.uni.lu\/fr\/#website\",\"url\":\"https:\/\/www.uni.lu\/fr\/\",\"name\":\"Uni.lu\",\"description\":\"Universit\u00e9 du Luxembourg\",\"publisher\":{\"@id\":\"https:\/\/www.uni.lu\/fr\/#organization\"},\"alternateName\":\"Universit\u00e9 du Luxembourg\",\"potentialAction\":[{\"@type\":\"SearchAction\",\"target\":{\"@type\":\"EntryPoint\",\"urlTemplate\":\"https:\/\/www.uni.lu\/fr\/?s={search_term_string}\"},\"query-input\":\"required name=search_term_string\"}],\"inLanguage\":\"fr-FR\"},{\"@type\":\"Organization\",\"@id\":\"https:\/\/www.uni.lu\/fr\/#organization\",\"name\":\"Universit\u00e9 du Luxembourg\",\"alternateName\":\"Uni.lu\",\"url\":\"https:\/\/www.uni.lu\/fr\/\",\"logo\":{\"@type\":\"ImageObject\",\"inLanguage\":\"fr-FR\",\"@id\":\"https:\/\/www.uni.lu\/fr\/#\/schema\/logo\/image\/\",\"url\":\"https:\/\/www.uni.lu\/wp-content\/uploads\/sites\/11\/2026\/03\/03120045\/UNIV_SM-Profile_1600x1600px-scaled.jpg\",\"contentUrl\":\"https:\/\/www.uni.lu\/wp-content\/uploads\/sites\/11\/2026\/03\/03120045\/UNIV_SM-Profile_1600x1600px-scaled.jpg\",\"width\":2560,\"height\":2560,\"caption\":\"Universit\u00e9 du Luxembourg\"},\"image\":\"https:\/\/www.uni.lu\/wp-content\/uploads\/sites\/11\/2026\/04\/24120552\/20200609-Belval-Campus_Henri-Goergen-23.jpg\",\"sameAs\":[\"https:\/\/www.facebook.com\/uni.lu\",\"https:\/\/www.linkedin.com\/school\/university-of-luxembourg\/\",\"https:\/\/www.instagram.com\/uni.lu\",\"https:\/\/www.youtube.com\/@uni_lu\",\"https:\/\/en.wikipedia.org\/wiki\/University_of_Luxembourg\"],\"email\":\"communication@uni.lu\",\"telephone\":\"+352 46 66 44 1\",\"address\":{\"@type\":\"PostalAddress\",\"streetAddress\":\"2, place de l\u2019Universit\u00e9\",\"addressLocality\":\"Esch-sur-Alzette\",\"postalCode\":\"4365\",\"addressCountry\":\"LU\"},\"description\":\"Universit\u00e9 du Luxembourg\"}]}<\/script>\n<!-- \/ Yoast SEO Premium plugin. -->","yoast_head_json":{"title":"UNESCO Chair in Human Rights 25.10.2022: Panel Discussion: The Governance of Climate Change: Multilateralism, Human Rights and Democratic Deliberation - Universit\u00e9 du Luxembourg","description":"The Governance of Climate Change: Multilateralism, Human Rights and Democratic Deliberation Co-organised with the Association Luxembourgeoise pour les Nations Unies (ALNU). As the overriding existential challenge of our times, climate change further poses the ultimate challenge to our models and practices of governance at all levels. Effectively dealing with global warming will require all of: a reinvigoration of contested multilateral institutions; major, costly changes of national policy; robust community-level initiatives; and substantial changes in individual behaviour. The transformations demanded are thus paradigm-shifting to an unprecedented extent, while also engaging equally fundamental questions of human rights. Against this background, the present event provides a distinctive forum for the discussion of these existential challenges seen through an appropriately \u2018Glocal\u2019 prism, drawing out the interconnections of the international and local political arenas. Our panel of speakers will survey the development of the multilateral climate change regime from a human rights perspective, outline Luxembourg\u2019s foreign policy objectives as regards human rights and climate change, discuss the findings and lessons of the national citizens\u2019 assembly on climate change (Klima-Biergerrot), present the resolutions agreed by a group of some 50 secondary school students who participated in a recently concluded ALNU project, and provide insight into the organisation and functioning of the innovative Minett UNESCO Biosphere project. Speakers: Anne Goedert (Ambassador at Large for Human Rights, Ministry of Foreign and European Affairs); Robert Harmsen (UNESCO Chair in Human Rights, University of Luxembourg); Rapha\u00ebl Kies (Research Scientist, University of Luxembourg); Andr\u00e9 Rollinger, (President, Association Luxembourgeoise pour les Nations Unies); (Ga\u00eblle Tavernier, General Manager, Pro Sud), moderated by Simone Beck (President, The Luxembourg Commission for Cooperation with UNESCO). A sandwich lunch will be available from 1 pm","robots":{"index":"index","follow":"follow","max-snippet":"max-snippet:-1","max-image-preview":"max-image-preview:large","max-video-preview":"max-video-preview:-1"},"canonical":"https:\/\/www.uni.lu\/fr\/events\/unesco-chair-in-human-rights-25-10-2022-panel-discussion-the-governance-of-climate-change-multilateralism-human-rights-and-democratic-deliberation\/","og_locale":"fr_FR","og_type":"article","og_title":"UNESCO Chair in Human Rights 25.10.2022: Panel Discussion: The Governance of Climate Change: Multilateralism, Human Rights and Democratic Deliberation","og_description":"The Governance of Climate Change: Multilateralism, Human Rights and Democratic Deliberation Co-organised with the Association Luxembourgeoise pour les Nations Unies (ALNU). As the overriding existential challenge of our times, climate change further poses the ultimate challenge to our models and practices of governance at all levels. Effectively dealing with global warming will require all of: a reinvigoration of contested multilateral institutions; major, costly changes of national policy; robust community-level initiatives; and substantial changes in individual behaviour. The transformations demanded are thus paradigm-shifting to an unprecedented extent, while also engaging equally fundamental questions of human rights. Against this background, the present event provides a distinctive forum for the discussion of these existential challenges seen through an appropriately \u2018Glocal\u2019 prism, drawing out the interconnections of the international and local political arenas. Our panel of speakers will survey the development of the multilateral climate change regime from a human rights perspective, outline Luxembourg\u2019s foreign policy objectives as regards human rights and climate change, discuss the findings and lessons of the national citizens\u2019 assembly on climate change (Klima-Biergerrot), present the resolutions agreed by a group of some 50 secondary school students who participated in a recently concluded ALNU project, and provide insight into the organisation and functioning of the innovative Minett UNESCO Biosphere project. Speakers: Anne Goedert (Ambassador at Large for Human Rights, Ministry of Foreign and European Affairs); Robert Harmsen (UNESCO Chair in Human Rights, University of Luxembourg); Rapha\u00ebl Kies (Research Scientist, University of Luxembourg); Andr\u00e9 Rollinger, (President, Association Luxembourgeoise pour les Nations Unies); (Ga\u00eblle Tavernier, General Manager, Pro Sud), moderated by Simone Beck (President, The Luxembourg Commission for Cooperation with UNESCO). A sandwich lunch will be available from 1 pm","og_url":"https:\/\/www.uni.lu\/fr\/events\/unesco-chair-in-human-rights-25-10-2022-panel-discussion-the-governance-of-climate-change-multilateralism-human-rights-and-democratic-deliberation\/","og_site_name":"UNI FR","article_publisher":"https:\/\/www.facebook.com\/uni.lu","og_image":[{"width":2560,"height":2560,"url":"https:\/\/www.uni.lu\/wp-content\/uploads\/sites\/11\/2026\/03\/03120045\/UNIV_SM-Profile_1600x1600px-scaled.jpg","type":"image\/jpeg"}],"twitter_card":"summary_large_image","twitter_misc":{"Dur\u00e9e de lecture estim\u00e9e":"2 minutes"},"schema":{"@context":"https:\/\/schema.org","@graph":[{"@type":"WebPage","@id":"https:\/\/www.uni.lu\/fr\/events\/unesco-chair-in-human-rights-25-10-2022-panel-discussion-the-governance-of-climate-change-multilateralism-human-rights-and-democratic-deliberation\/","url":"https:\/\/www.uni.lu\/fr\/events\/unesco-chair-in-human-rights-25-10-2022-panel-discussion-the-governance-of-climate-change-multilateralism-human-rights-and-democratic-deliberation\/","name":"UNESCO Chair in Human Rights 25.10.2022: Panel Discussion: The Governance of Climate Change: Multilateralism, Human Rights and Democratic Deliberation - Universit\u00e9 du Luxembourg","isPartOf":{"@id":"https:\/\/www.uni.lu\/fr\/#website"},"primaryImageOfPage":{"@id":"https:\/\/www.uni.lu\/fr\/events\/unesco-chair-in-human-rights-25-10-2022-panel-discussion-the-governance-of-climate-change-multilateralism-human-rights-and-democratic-deliberation\/#primaryimage"},"image":{"@id":"https:\/\/www.uni.lu\/fr\/events\/unesco-chair-in-human-rights-25-10-2022-panel-discussion-the-governance-of-climate-change-multilateralism-human-rights-and-democratic-deliberation\/#primaryimage"},"thumbnailUrl":"https:\/\/www.uni.lu\/wp-content\/uploads\/sites\/11\/2022\/09\/unesco_chair_in_human_rights_25_10_2022.jpg","datePublished":"2022-09-26T12:10:21+00:00","dateModified":"2022-09-26T12:10:21+00:00","description":"The Governance of Climate Change: Multilateralism, Human Rights and Democratic Deliberation Co-organised with the Association Luxembourgeoise pour les Nations Unies (ALNU). As the overriding existential challenge of our times, climate change further poses the ultimate challenge to our models and practices of governance at all levels. Effectively dealing with global warming will require all of: a reinvigoration of contested multilateral institutions; major, costly changes of national policy; robust community-level initiatives; and substantial changes in individual behaviour. The transformations demanded are thus paradigm-shifting to an unprecedented extent, while also engaging equally fundamental questions of human rights. Against this background, the present event provides a distinctive forum for the discussion of these existential challenges seen through an appropriately \u2018Glocal\u2019 prism, drawing out the interconnections of the international and local political arenas. Our panel of speakers will survey the development of the multilateral climate change regime from a human rights perspective, outline Luxembourg\u2019s foreign policy objectives as regards human rights and climate change, discuss the findings and lessons of the national citizens\u2019 assembly on climate change (Klima-Biergerrot), present the resolutions agreed by a group of some 50 secondary school students who participated in a recently concluded ALNU project, and provide insight into the organisation and functioning of the innovative Minett UNESCO Biosphere project. Speakers: Anne Goedert (Ambassador at Large for Human Rights, Ministry of Foreign and European Affairs); Robert Harmsen (UNESCO Chair in Human Rights, University of Luxembourg); Rapha\u00ebl Kies (Research Scientist, University of Luxembourg); Andr\u00e9 Rollinger, (President, Association Luxembourgeoise pour les Nations Unies); (Ga\u00eblle Tavernier, General Manager, Pro Sud), moderated by Simone Beck (President, The Luxembourg Commission for Cooperation with UNESCO). A sandwich lunch will be available from 1 pm","breadcrumb":{"@id":"https:\/\/www.uni.lu\/fr\/events\/unesco-chair-in-human-rights-25-10-2022-panel-discussion-the-governance-of-climate-change-multilateralism-human-rights-and-democratic-deliberation\/#breadcrumb"},"inLanguage":"fr-FR","potentialAction":[{"@type":"ReadAction","target":["https:\/\/www.uni.lu\/fr\/events\/unesco-chair-in-human-rights-25-10-2022-panel-discussion-the-governance-of-climate-change-multilateralism-human-rights-and-democratic-deliberation\/"]}]},{"@type":"ImageObject","inLanguage":"fr-FR","@id":"https:\/\/www.uni.lu\/fr\/events\/unesco-chair-in-human-rights-25-10-2022-panel-discussion-the-governance-of-climate-change-multilateralism-human-rights-and-democratic-deliberation\/#primaryimage","url":"https:\/\/www.uni.lu\/wp-content\/uploads\/sites\/11\/2022\/09\/unesco_chair_in_human_rights_25_10_2022.jpg","contentUrl":"https:\/\/www.uni.lu\/wp-content\/uploads\/sites\/11\/2022\/09\/unesco_chair_in_human_rights_25_10_2022.jpg","width":800,"height":600},{"@type":"BreadcrumbList","@id":"https:\/\/www.uni.lu\/fr\/events\/unesco-chair-in-human-rights-25-10-2022-panel-discussion-the-governance-of-climate-change-multilateralism-human-rights-and-democratic-deliberation\/#breadcrumb","itemListElement":[{"@type":"ListItem","position":1,"name":"Home","item":"https:\/\/www.uni.lu\/fr\/"},{"@type":"ListItem","position":2,"name":"Events","item":"https:\/\/www.uni.lu\/fr\/events\/"},{"@type":"ListItem","position":3,"name":"UNESCO Chair in Human Rights 25.10.2022: Panel Discussion: The Governance of Climate Change: Multilateralism, Human Rights and Democratic Deliberation"}]},{"@type":"WebSite","@id":"https:\/\/www.uni.lu\/fr\/#website","url":"https:\/\/www.uni.lu\/fr\/","name":"Uni.lu","description":"Universit\u00e9 du Luxembourg","publisher":{"@id":"https:\/\/www.uni.lu\/fr\/#organization"},"alternateName":"Universit\u00e9 du Luxembourg","potentialAction":[{"@type":"SearchAction","target":{"@type":"EntryPoint","urlTemplate":"https:\/\/www.uni.lu\/fr\/?s={search_term_string}"},"query-input":"required name=search_term_string"}],"inLanguage":"fr-FR"},{"@type":"Organization","@id":"https:\/\/www.uni.lu\/fr\/#organization","name":"Universit\u00e9 du Luxembourg","alternateName":"Uni.lu","url":"https:\/\/www.uni.lu\/fr\/","logo":{"@type":"ImageObject","inLanguage":"fr-FR","@id":"https:\/\/www.uni.lu\/fr\/#\/schema\/logo\/image\/","url":"https:\/\/www.uni.lu\/wp-content\/uploads\/sites\/11\/2026\/03\/03120045\/UNIV_SM-Profile_1600x1600px-scaled.jpg","contentUrl":"https:\/\/www.uni.lu\/wp-content\/uploads\/sites\/11\/2026\/03\/03120045\/UNIV_SM-Profile_1600x1600px-scaled.jpg","width":2560,"height":2560,"caption":"Universit\u00e9 du Luxembourg"},"image":"https:\/\/www.uni.lu\/wp-content\/uploads\/sites\/11\/2026\/04\/24120552\/20200609-Belval-Campus_Henri-Goergen-23.jpg","sameAs":["https:\/\/www.facebook.com\/uni.lu","https:\/\/www.linkedin.com\/school\/university-of-luxembourg\/","https:\/\/www.instagram.com\/uni.lu","https:\/\/www.youtube.com\/@uni_lu","https:\/\/en.wikipedia.org\/wiki\/University_of_Luxembourg"],"email":"communication@uni.lu","telephone":"+352 46 66 44 1","address":{"@type":"PostalAddress","streetAddress":"2, place de l\u2019Universit\u00e9","addressLocality":"Esch-sur-Alzette","postalCode":"4365","addressCountry":"LU"},"description":"Universit\u00e9 du Luxembourg"}]}},"_links":{"self":[{"href":"https:\/\/www.uni.lu\/fr\/wp-json\/wp\/v2\/events\/9020"}],"collection":[{"href":"https:\/\/www.uni.lu\/fr\/wp-json\/wp\/v2\/events"}],"about":[{"href":"https:\/\/www.uni.lu\/fr\/wp-json\/wp\/v2\/types\/events"}],"replies":[{"embeddable":true,"href":"https:\/\/www.uni.lu\/fr\/wp-json\/wp\/v2\/comments?post=9020"}],"version-history":[{"count":0,"href":"https:\/\/www.uni.lu\/fr\/wp-json\/wp\/v2\/events\/9020\/revisions"}],"wp:featuredmedia":[{"embeddable":true,"href":"https:\/\/www.uni.lu\/fr\/wp-json\/wp\/v2\/media\/9021"}],"wp:attachment":[{"href":"https:\/\/www.uni.lu\/fr\/wp-json\/wp\/v2\/media?parent=9020"}],"wp:term":[{"taxonomy":"events-topic","embeddable":true,"href":"https:\/\/www.uni.lu\/fr\/wp-json\/wp\/v2\/events-topic?post=9020"},{"taxonomy":"events-type","embeddable":true,"href":"https:\/\/www.uni.lu\/fr\/wp-json\/wp\/v2\/events-type?post=9020"},{"taxonomy":"organisation","embeddable":true,"href":"https:\/\/www.uni.lu\/fr\/wp-json\/wp\/v2\/organisation?post=9020"}],"curies":[{"name":"wp","href":"https:\/\/api.w.org\/{rel}","templated":true}]}}