{"id":8990,"date":"2022-09-12T15:00:07","date_gmt":"2022-09-12T13:00:07","guid":{"rendered":"https:\/\/www.uni.lu\/fr\/events\/les-democraties-contestees-legitimite-populisme-et-polarisation\/"},"modified":"2022-09-12T15:00:07","modified_gmt":"2022-09-12T13:00:07","slug":"les-democraties-contestees-legitimite-populisme-et-polarisation","status":"publish","type":"events","link":"https:\/\/www.uni.lu\/fr\/events\/les-democraties-contestees-legitimite-populisme-et-polarisation\/","title":{"rendered":"Les d\u00e9mocraties contest\u00e9es : l\u00e9gitimit\u00e9, populisme et polarisation"},"content":{"rendered":"<section class=\"wp-block-unilux-blocks-free-section section\"><div class=\"container xl:max-w-screen-xl\"><p>\u00c0 l\u2019occasion de la Journ\u00e9e internationale de la D\u00e9mocratie et de la rentr\u00e9e acad\u00e9mique du <a href=\"http:\/\/mep.uni.lu\" target=\"_blank\" title=\"\" rel=\"noopener\">Master en \u00e9tudes parlementaires<\/a>,\u00a0les crises auxquelles les d\u00e9mocraties sont aujourd\u2019hui confront\u00e9es, les r\u00e9ponses potentielles \u00e0 apporter \u00e0 la d\u00e9fiance exprim\u00e9e \u00e0 l\u2019\u00e9gard du syst\u00e8me d\u00e9mocratique et les enseignements historiques \u00e0 puiser de la premi\u00e8re vague de d\u00e9mocratisation europ\u00e9enne seront discut\u00e9s pendant deux jours par des parlementaires, des acad\u00e9miques et des praticiens \u00e0 l&rsquo;occasion de la conf\u00e9rence \u00ab\u00a0Les d\u00e9mocratie contest\u00e9es : l\u00e9gitimit\u00e9, populisme et polarisation\u00a0\u00bb.<\/p><p>Cette conf\u00e9rence est la premi\u00e8re activit\u00e9 d\u2019enseignement et de recherche co-organis\u00e9e entre l<a href=\"http:\/\/chaireparlementaire.uni.lu\" target=\"_blank\" title=\"\" rel=\"noopener\">a Chaire de recherche en \u00e9tudes parlementaires- Universit\u00e9 du Luxembourg-\u00a0<\/a>\u00a0et <a href=\"http:\/\/apf.francophonie.org\/\" target=\"_blank\" title=\"\" rel=\"noopener\">l&rsquo;Assembl\u00e9e parlementaire de la Francophonie<\/a><\/p><ul class=\"ulux-list\"><li class=\"ulux-list-item\">1\u00e8re session : Etat de la d\u00e9mocratie (crise de la repr\u00e9sentativit\u00e9, populisme et polarisation) ;<\/li><li class=\"ulux-list-item\">2\u00e8me session : Enseignements du pass\u00e9 (enseignements de la premi\u00e8re vague de d\u00e9mocratisation) ;<\/li><li class=\"ulux-list-item\">3\u00e8me session : R\u00e9ponses actuelles (Assembl\u00e9es citoyennes et outils de participation directe) ;<\/li><li class=\"ulux-list-item\">4\u00e8me session : D\u00e9mocratie en pratique (intervention de parlementaires de l\u2019Assembl\u00e9e parlementaire de la Francophonie).<\/li><\/ul><p>Pour participer, merci de vous inscrire obligatoirement\u00a0<strong>avant le 14 septembre 2022\u00a0<a href=\"https:\/\/www.eventbrite.fr\/e\/billets-les-democraties-contestees-legitimite-populisme-et-polarisation-388700562847\" target=\"_blank\" title=\"\" rel=\"noopener\">via Eventbrite\u00a0<\/a><\/strong><\/p><p>Les personnes inscrites peuvent \u00e9galement suivre\u00a0la conf\u00e9rence en ligne. Un lien leur sera envoy\u00e9 apr\u00e8s inscription.<\/p><\/div><\/section>","protected":false},"excerpt":{"rendered":"","protected":false},"author":0,"featured_media":8991,"parent":0,"menu_order":0,"comment_status":"open","ping_status":"closed","template":"","format":"standard","meta":{"featured_image_focal_point":[],"show_featured_caption":false,"ulux_newsletter_groups":"","uluxPostTitle":"","uluxPrePostTitle":"","_trash_the_other_posts":false,"_price":"","_stock":"","_tribe_ticket_header":"","_tribe_default_ticket_provider":"","_tribe_ticket_capacity":"0","_ticket_start_date":"","_ticket_end_date":"","_tribe_ticket_show_description":"","_tribe_ticket_show_not_going":false,"_tribe_ticket_use_global_stock":"","_tribe_ticket_global_stock_level":"","_global_stock_mode":"","_global_stock_cap":"","_tribe_rsvp_for_event":"","_tribe_ticket_going_count":"","_tribe_ticket_not_going_count":"","_tribe_tickets_list":"[]","_tribe_ticket_has_attendee_info_fields":false,"event_start_date":"2022-09-15 09:00:00","event_end_date":"2022-09-16 16:00:00","event_speaker_name":"","event_speaker_link":"","event_is_online":false,"event_location":"Campus Beval\r\nMaison du Savoir- Auditoire 3.510 (3e \u00e9tage)\r\n\r\n","event_street":"2, Avenue de l'Universit\u00e9","event_location_link":"","event_zip_code":"L-4365","event_city":"Esch-sur-Alzette","event_country":"LU"},"events-topic":[318],"events-type":[],"organisation":[179,147,226],"authorship":[],"acf":[],"yoast_head":"<!-- This site is optimized with the Yoast SEO Premium plugin v22.3 (Yoast SEO v22.3) - https:\/\/yoast.com\/wordpress\/plugins\/seo\/ -->\n<title>Les d\u00e9mocraties contest\u00e9es : l\u00e9gitimit\u00e9, populisme et polarisation - Universit\u00e9 du Luxembourg<\/title>\n<meta name=\"description\" content=\"\u00c0 l\u2019occasion de la Journ\u00e9e internationale de la D\u00e9mocratie et de la rentr\u00e9e acad\u00e9mique du Master en \u00e9tudes parlementaires,\u00a0les crises auxquelles les\" \/>\n<meta name=\"robots\" content=\"index, follow, max-snippet:-1, max-image-preview:large, max-video-preview:-1\" \/>\n<link rel=\"canonical\" href=\"https:\/\/www.uni.lu\/fr\/events\/les-democraties-contestees-legitimite-populisme-et-polarisation\/\" \/>\n<meta property=\"og:locale\" content=\"fr_FR\" \/>\n<meta property=\"og:type\" content=\"article\" \/>\n<meta property=\"og:title\" content=\"Les d\u00e9mocraties contest\u00e9es : l\u00e9gitimit\u00e9, populisme et polarisation\" \/>\n<meta property=\"og:description\" content=\"\u00c0 l\u2019occasion de la Journ\u00e9e internationale de la D\u00e9mocratie et de la rentr\u00e9e acad\u00e9mique du Master en \u00e9tudes parlementaires,\u00a0les crises auxquelles les\" \/>\n<meta property=\"og:url\" content=\"https:\/\/www.uni.lu\/fr\/events\/les-democraties-contestees-legitimite-populisme-et-polarisation\/\" \/>\n<meta property=\"og:site_name\" content=\"UNI FR\" \/>\n<meta property=\"article:publisher\" content=\"https:\/\/www.facebook.com\/uni.lu\" \/>\n<meta property=\"og:image\" content=\"https:\/\/www.uni.lu\/wp-content\/uploads\/sites\/11\/2026\/03\/03120045\/UNIV_SM-Profile_1600x1600px-scaled.jpg\" \/>\n\t<meta property=\"og:image:width\" content=\"2560\" \/>\n\t<meta property=\"og:image:height\" content=\"2560\" \/>\n\t<meta property=\"og:image:type\" content=\"image\/jpeg\" \/>\n<meta name=\"twitter:card\" content=\"summary_large_image\" \/>\n<meta name=\"twitter:label1\" content=\"Dur\u00e9e de lecture estim\u00e9e\" \/>\n\t<meta name=\"twitter:data1\" content=\"1 minute\" \/>\n<script type=\"application\/ld+json\" class=\"yoast-schema-graph\">{\"@context\":\"https:\/\/schema.org\",\"@graph\":[{\"@type\":\"WebPage\",\"@id\":\"https:\/\/www.uni.lu\/fr\/events\/les-democraties-contestees-legitimite-populisme-et-polarisation\/\",\"url\":\"https:\/\/www.uni.lu\/fr\/events\/les-democraties-contestees-legitimite-populisme-et-polarisation\/\",\"name\":\"Les d\u00e9mocraties contest\u00e9es : l\u00e9gitimit\u00e9, populisme et polarisation - Universit\u00e9 du Luxembourg\",\"isPartOf\":{\"@id\":\"https:\/\/www.uni.lu\/fr\/#website\"},\"primaryImageOfPage\":{\"@id\":\"https:\/\/www.uni.lu\/fr\/events\/les-democraties-contestees-legitimite-populisme-et-polarisation\/#primaryimage\"},\"image\":{\"@id\":\"https:\/\/www.uni.lu\/fr\/events\/les-democraties-contestees-legitimite-populisme-et-polarisation\/#primaryimage\"},\"thumbnailUrl\":\"https:\/\/www.uni.lu\/wp-content\/uploads\/sites\/11\/2022\/09\/les_democraties_contestees_legitimite_populisme_et_polarisation.jpg\",\"datePublished\":\"2022-09-12T13:00:07+00:00\",\"dateModified\":\"2022-09-12T13:00:07+00:00\",\"description\":\"\u00c0 l\u2019occasion de la Journ\u00e9e internationale de la D\u00e9mocratie et de la rentr\u00e9e acad\u00e9mique du Master en \u00e9tudes parlementaires,\u00a0les crises auxquelles les\",\"breadcrumb\":{\"@id\":\"https:\/\/www.uni.lu\/fr\/events\/les-democraties-contestees-legitimite-populisme-et-polarisation\/#breadcrumb\"},\"inLanguage\":\"fr-FR\",\"potentialAction\":[{\"@type\":\"ReadAction\",\"target\":[\"https:\/\/www.uni.lu\/fr\/events\/les-democraties-contestees-legitimite-populisme-et-polarisation\/\"]}]},{\"@type\":\"ImageObject\",\"inLanguage\":\"fr-FR\",\"@id\":\"https:\/\/www.uni.lu\/fr\/events\/les-democraties-contestees-legitimite-populisme-et-polarisation\/#primaryimage\",\"url\":\"https:\/\/www.uni.lu\/wp-content\/uploads\/sites\/11\/2022\/09\/les_democraties_contestees_legitimite_populisme_et_polarisation.jpg\",\"contentUrl\":\"https:\/\/www.uni.lu\/wp-content\/uploads\/sites\/11\/2022\/09\/les_democraties_contestees_legitimite_populisme_et_polarisation.jpg\",\"width\":800,\"height\":600},{\"@type\":\"BreadcrumbList\",\"@id\":\"https:\/\/www.uni.lu\/fr\/events\/les-democraties-contestees-legitimite-populisme-et-polarisation\/#breadcrumb\",\"itemListElement\":[{\"@type\":\"ListItem\",\"position\":1,\"name\":\"Home\",\"item\":\"https:\/\/www.uni.lu\/fr\/\"},{\"@type\":\"ListItem\",\"position\":2,\"name\":\"Events\",\"item\":\"https:\/\/www.uni.lu\/fr\/events\/\"},{\"@type\":\"ListItem\",\"position\":3,\"name\":\"Les d\u00e9mocraties contest\u00e9es : l\u00e9gitimit\u00e9, populisme et polarisation\"}]},{\"@type\":\"WebSite\",\"@id\":\"https:\/\/www.uni.lu\/fr\/#website\",\"url\":\"https:\/\/www.uni.lu\/fr\/\",\"name\":\"Uni.lu\",\"description\":\"Universit\u00e9 du Luxembourg\",\"publisher\":{\"@id\":\"https:\/\/www.uni.lu\/fr\/#organization\"},\"alternateName\":\"Universit\u00e9 du Luxembourg\",\"potentialAction\":[{\"@type\":\"SearchAction\",\"target\":{\"@type\":\"EntryPoint\",\"urlTemplate\":\"https:\/\/www.uni.lu\/fr\/?s={search_term_string}\"},\"query-input\":\"required name=search_term_string\"}],\"inLanguage\":\"fr-FR\"},{\"@type\":\"Organization\",\"@id\":\"https:\/\/www.uni.lu\/fr\/#organization\",\"name\":\"Universit\u00e9 du Luxembourg\",\"alternateName\":\"Uni.lu\",\"url\":\"https:\/\/www.uni.lu\/fr\/\",\"logo\":{\"@type\":\"ImageObject\",\"inLanguage\":\"fr-FR\",\"@id\":\"https:\/\/www.uni.lu\/fr\/#\/schema\/logo\/image\/\",\"url\":\"https:\/\/www.uni.lu\/wp-content\/uploads\/sites\/11\/2026\/03\/03120045\/UNIV_SM-Profile_1600x1600px-scaled.jpg\",\"contentUrl\":\"https:\/\/www.uni.lu\/wp-content\/uploads\/sites\/11\/2026\/03\/03120045\/UNIV_SM-Profile_1600x1600px-scaled.jpg\",\"width\":2560,\"height\":2560,\"caption\":\"Universit\u00e9 du Luxembourg\"},\"image\":\"https:\/\/www.uni.lu\/wp-content\/uploads\/sites\/11\/2026\/04\/24120552\/20200609-Belval-Campus_Henri-Goergen-23.jpg\",\"sameAs\":[\"https:\/\/www.facebook.com\/uni.lu\",\"https:\/\/www.linkedin.com\/school\/university-of-luxembourg\/\",\"https:\/\/www.instagram.com\/uni.lu\",\"https:\/\/www.youtube.com\/@uni_lu\",\"https:\/\/en.wikipedia.org\/wiki\/University_of_Luxembourg\"],\"email\":\"communication@uni.lu\",\"telephone\":\"+352 46 66 44 1\",\"address\":{\"@type\":\"PostalAddress\",\"streetAddress\":\"2, place de l\u2019Universit\u00e9\",\"addressLocality\":\"Esch-sur-Alzette\",\"postalCode\":\"4365\",\"addressCountry\":\"LU\"},\"description\":\"Universit\u00e9 du Luxembourg\"}]}<\/script>\n<!-- \/ Yoast SEO Premium plugin. -->","yoast_head_json":{"title":"Les d\u00e9mocraties contest\u00e9es : l\u00e9gitimit\u00e9, populisme et polarisation - Universit\u00e9 du Luxembourg","description":"\u00c0 l\u2019occasion de la Journ\u00e9e internationale de la D\u00e9mocratie et de la rentr\u00e9e acad\u00e9mique du Master en \u00e9tudes parlementaires,\u00a0les crises auxquelles les","robots":{"index":"index","follow":"follow","max-snippet":"max-snippet:-1","max-image-preview":"max-image-preview:large","max-video-preview":"max-video-preview:-1"},"canonical":"https:\/\/www.uni.lu\/fr\/events\/les-democraties-contestees-legitimite-populisme-et-polarisation\/","og_locale":"fr_FR","og_type":"article","og_title":"Les d\u00e9mocraties contest\u00e9es : l\u00e9gitimit\u00e9, populisme et polarisation","og_description":"\u00c0 l\u2019occasion de la Journ\u00e9e internationale de la D\u00e9mocratie et de la rentr\u00e9e acad\u00e9mique du Master en \u00e9tudes parlementaires,\u00a0les crises auxquelles les","og_url":"https:\/\/www.uni.lu\/fr\/events\/les-democraties-contestees-legitimite-populisme-et-polarisation\/","og_site_name":"UNI FR","article_publisher":"https:\/\/www.facebook.com\/uni.lu","og_image":[{"width":2560,"height":2560,"url":"https:\/\/www.uni.lu\/wp-content\/uploads\/sites\/11\/2026\/03\/03120045\/UNIV_SM-Profile_1600x1600px-scaled.jpg","type":"image\/jpeg"}],"twitter_card":"summary_large_image","twitter_misc":{"Dur\u00e9e de lecture estim\u00e9e":"1 minute"},"schema":{"@context":"https:\/\/schema.org","@graph":[{"@type":"WebPage","@id":"https:\/\/www.uni.lu\/fr\/events\/les-democraties-contestees-legitimite-populisme-et-polarisation\/","url":"https:\/\/www.uni.lu\/fr\/events\/les-democraties-contestees-legitimite-populisme-et-polarisation\/","name":"Les d\u00e9mocraties contest\u00e9es : l\u00e9gitimit\u00e9, populisme et polarisation - Universit\u00e9 du Luxembourg","isPartOf":{"@id":"https:\/\/www.uni.lu\/fr\/#website"},"primaryImageOfPage":{"@id":"https:\/\/www.uni.lu\/fr\/events\/les-democraties-contestees-legitimite-populisme-et-polarisation\/#primaryimage"},"image":{"@id":"https:\/\/www.uni.lu\/fr\/events\/les-democraties-contestees-legitimite-populisme-et-polarisation\/#primaryimage"},"thumbnailUrl":"https:\/\/www.uni.lu\/wp-content\/uploads\/sites\/11\/2022\/09\/les_democraties_contestees_legitimite_populisme_et_polarisation.jpg","datePublished":"2022-09-12T13:00:07+00:00","dateModified":"2022-09-12T13:00:07+00:00","description":"\u00c0 l\u2019occasion de la Journ\u00e9e internationale de la D\u00e9mocratie et de la rentr\u00e9e acad\u00e9mique du Master en \u00e9tudes parlementaires,\u00a0les crises auxquelles les","breadcrumb":{"@id":"https:\/\/www.uni.lu\/fr\/events\/les-democraties-contestees-legitimite-populisme-et-polarisation\/#breadcrumb"},"inLanguage":"fr-FR","potentialAction":[{"@type":"ReadAction","target":["https:\/\/www.uni.lu\/fr\/events\/les-democraties-contestees-legitimite-populisme-et-polarisation\/"]}]},{"@type":"ImageObject","inLanguage":"fr-FR","@id":"https:\/\/www.uni.lu\/fr\/events\/les-democraties-contestees-legitimite-populisme-et-polarisation\/#primaryimage","url":"https:\/\/www.uni.lu\/wp-content\/uploads\/sites\/11\/2022\/09\/les_democraties_contestees_legitimite_populisme_et_polarisation.jpg","contentUrl":"https:\/\/www.uni.lu\/wp-content\/uploads\/sites\/11\/2022\/09\/les_democraties_contestees_legitimite_populisme_et_polarisation.jpg","width":800,"height":600},{"@type":"BreadcrumbList","@id":"https:\/\/www.uni.lu\/fr\/events\/les-democraties-contestees-legitimite-populisme-et-polarisation\/#breadcrumb","itemListElement":[{"@type":"ListItem","position":1,"name":"Home","item":"https:\/\/www.uni.lu\/fr\/"},{"@type":"ListItem","position":2,"name":"Events","item":"https:\/\/www.uni.lu\/fr\/events\/"},{"@type":"ListItem","position":3,"name":"Les d\u00e9mocraties contest\u00e9es : l\u00e9gitimit\u00e9, populisme et polarisation"}]},{"@type":"WebSite","@id":"https:\/\/www.uni.lu\/fr\/#website","url":"https:\/\/www.uni.lu\/fr\/","name":"Uni.lu","description":"Universit\u00e9 du Luxembourg","publisher":{"@id":"https:\/\/www.uni.lu\/fr\/#organization"},"alternateName":"Universit\u00e9 du Luxembourg","potentialAction":[{"@type":"SearchAction","target":{"@type":"EntryPoint","urlTemplate":"https:\/\/www.uni.lu\/fr\/?s={search_term_string}"},"query-input":"required name=search_term_string"}],"inLanguage":"fr-FR"},{"@type":"Organization","@id":"https:\/\/www.uni.lu\/fr\/#organization","name":"Universit\u00e9 du Luxembourg","alternateName":"Uni.lu","url":"https:\/\/www.uni.lu\/fr\/","logo":{"@type":"ImageObject","inLanguage":"fr-FR","@id":"https:\/\/www.uni.lu\/fr\/#\/schema\/logo\/image\/","url":"https:\/\/www.uni.lu\/wp-content\/uploads\/sites\/11\/2026\/03\/03120045\/UNIV_SM-Profile_1600x1600px-scaled.jpg","contentUrl":"https:\/\/www.uni.lu\/wp-content\/uploads\/sites\/11\/2026\/03\/03120045\/UNIV_SM-Profile_1600x1600px-scaled.jpg","width":2560,"height":2560,"caption":"Universit\u00e9 du Luxembourg"},"image":"https:\/\/www.uni.lu\/wp-content\/uploads\/sites\/11\/2026\/04\/24120552\/20200609-Belval-Campus_Henri-Goergen-23.jpg","sameAs":["https:\/\/www.facebook.com\/uni.lu","https:\/\/www.linkedin.com\/school\/university-of-luxembourg\/","https:\/\/www.instagram.com\/uni.lu","https:\/\/www.youtube.com\/@uni_lu","https:\/\/en.wikipedia.org\/wiki\/University_of_Luxembourg"],"email":"communication@uni.lu","telephone":"+352 46 66 44 1","address":{"@type":"PostalAddress","streetAddress":"2, place de l\u2019Universit\u00e9","addressLocality":"Esch-sur-Alzette","postalCode":"4365","addressCountry":"LU"},"description":"Universit\u00e9 du Luxembourg"}]}},"_links":{"self":[{"href":"https:\/\/www.uni.lu\/fr\/wp-json\/wp\/v2\/events\/8990"}],"collection":[{"href":"https:\/\/www.uni.lu\/fr\/wp-json\/wp\/v2\/events"}],"about":[{"href":"https:\/\/www.uni.lu\/fr\/wp-json\/wp\/v2\/types\/events"}],"replies":[{"embeddable":true,"href":"https:\/\/www.uni.lu\/fr\/wp-json\/wp\/v2\/comments?post=8990"}],"version-history":[{"count":0,"href":"https:\/\/www.uni.lu\/fr\/wp-json\/wp\/v2\/events\/8990\/revisions"}],"wp:featuredmedia":[{"embeddable":true,"href":"https:\/\/www.uni.lu\/fr\/wp-json\/wp\/v2\/media\/8991"}],"wp:attachment":[{"href":"https:\/\/www.uni.lu\/fr\/wp-json\/wp\/v2\/media?parent=8990"}],"wp:term":[{"taxonomy":"events-topic","embeddable":true,"href":"https:\/\/www.uni.lu\/fr\/wp-json\/wp\/v2\/events-topic?post=8990"},{"taxonomy":"events-type","embeddable":true,"href":"https:\/\/www.uni.lu\/fr\/wp-json\/wp\/v2\/events-type?post=8990"},{"taxonomy":"organisation","embeddable":true,"href":"https:\/\/www.uni.lu\/fr\/wp-json\/wp\/v2\/organisation?post=8990"}],"curies":[{"name":"wp","href":"https:\/\/api.w.org\/{rel}","templated":true}]}}