{"id":8988,"date":"2022-09-12T13:46:09","date_gmt":"2022-09-12T11:46:09","guid":{"rendered":"https:\/\/www.uni.lu\/fr\/events\/presentation-et-lancement-officiel-du-memorial-digital-de-la-shoah-au-luxembourg\/"},"modified":"2022-09-12T13:46:09","modified_gmt":"2022-09-12T11:46:09","slug":"presentation-et-lancement-officiel-du-memorial-digital-de-la-shoah-au-luxembourg","status":"publish","type":"events","link":"https:\/\/www.uni.lu\/fr\/events\/presentation-et-lancement-officiel-du-memorial-digital-de-la-shoah-au-luxembourg\/","title":{"rendered":"Pr\u00e9sentation et lancement officiel du M\u00e9morial digital de la Shoah au Luxembourg"},"content":{"rendered":"<section class=\"wp-block-unilux-blocks-free-section section\"><div class=\"container xl:max-w-screen-xl\"><p>La <a href=\"https:\/\/fondluxshoah.lu\/\" target=\"_blank\" title=\"\" rel=\"noopener\">Fondation luxembourgeoise pour la M\u00e9moire de la Shoah (FLMS)<\/a> et le Luxembourg Centre for Contemporary and Digital History (C\u00b2DH) de l\u2019Universit\u00e9 du Luxembourg se sont donn\u00e9 la mission de construire un M\u00e9morial digital \u00e0 la m\u00e9moire des personnes ayant v\u00e9cu au Luxembourg qui ont \u00e9t\u00e9 pers\u00e9cut\u00e9es pour des motifs raciaux avant et pendant la Seconde Guerre mondiale.<\/p><p>L\u2019objectif principal du m\u00e9morial est de retracer dans la mesure du possible le v\u00e9cu de ces personnes, le milieu dans lequel ils ont \u00e9volu\u00e9 au Luxembourg avant la Shoah et de d\u00e9crire leur parcours pendant la Seconde Guerre mondiale.<\/p><p>Ce projet \u00e0 caract\u00e8re scientifique et public sera ouvert \u00e0 tou-te-s les int\u00e9ress\u00e9-e-s, chercheur-e-s, survivant-e-s, descendant-e-s des victimes, associations et milieu scolaire. Chaque personne int\u00e9ress\u00e9e est invit\u00e9e \u00e0 contribuer au M\u00e9morial.<\/p><p>Le 12 octobre 2022, la FMLS et le\u00a0C\u00b2DH pr\u00e9senteront le site web du M\u00e9morial et le lanceront officiellement \u00e0 l&rsquo;Abbaye de Neim\u00ebnster. Le M\u00e9morial comportera \u00e0 ce moment-l\u00e0 les biographies de plusieurs dizaines de familles. Le M\u00e9morial se d\u00e9finit comme un work in progress participatif, avec l&rsquo;objectif d&rsquo;\u00e9crire ensemble les biographies des familles des environ 5.000 personnes ayant v\u00e9cu au Luxembourg et qui ont \u00e9t\u00e9 pers\u00e9cut\u00e9es pour des motifs raciaux avant et pendant la Seconde Guerre mondiale.<\/p><p>Entr\u00e9e gratuite. Inscription sous <a href=\"mailto:billetterie@neimenster.lu\" target=\"_self\" title=\"\" rel=\"noopener\">billetterie@neimenster.lu<\/a>.<\/p><p><\/p>\n<h5 class=\"has-text-align-left wp-block-unilux-blocks-heading\"        id=\"photo-de-rysia-sessler-avec-ses-enfants-sur-la-declaration-darrivee-de-la-famille-a-luxembourg-ville-le-14-avril-1931-de-nationalite-polonaise-elle-etait-lepouse-deisig-deutscher-enseignant-dhe\"\n    >\nPhoto de Rysia Sessler avec ses enfants sur la d\u00e9claration d&rsquo;arriv\u00e9e de la famille \u00e0 Luxembourg-ville le 14 avril 1931. De nationalit\u00e9 polonaise, elle \u00e9tait l&rsquo;\u00e9pouse d&rsquo;Eisig Deutscher, enseignant d&rsquo;h\u00e9breu. Sur la photo, on reconna\u00eet aussi leur quatre enfants: (de g. \u00e0 dr.) Simon, 11 ans, Ryfka, 3 ans, Benzion, 8 ans, Hindla, 7 ans. Tous les membres de la famille Deutscher-Sessler ont \u00e9t\u00e9 d\u00e9port\u00e9s dans le convoi qui m\u00e8ne du Luxembourg occup\u00e9 par les nazis au ghetto de Litzmannstadt, le 16 octobre 1941, et ensuite gaz\u00e9s au camp de Chelmno en 1942. Source\u00a0: ANLux, Minist\u00e8re de la Justice, Police des \u00e9trangers, J-108-0367582.<\/h5>\n<\/div><\/section>","protected":false},"excerpt":{"rendered":"","protected":false},"author":0,"featured_media":8989,"parent":0,"menu_order":0,"comment_status":"open","ping_status":"closed","template":"","format":"standard","meta":{"featured_image_focal_point":[],"show_featured_caption":false,"ulux_newsletter_groups":"","uluxPostTitle":"","uluxPrePostTitle":"","_trash_the_other_posts":false,"_price":"","_stock":"","_tribe_ticket_header":"","_tribe_default_ticket_provider":"","_tribe_ticket_capacity":"0","_ticket_start_date":"","_ticket_end_date":"","_tribe_ticket_show_description":"","_tribe_ticket_show_not_going":false,"_tribe_ticket_use_global_stock":"","_tribe_ticket_global_stock_level":"","_global_stock_mode":"","_global_stock_cap":"","_tribe_rsvp_for_event":"","_tribe_ticket_going_count":"","_tribe_ticket_not_going_count":"","_tribe_tickets_list":"[]","_tribe_ticket_has_attendee_info_fields":false,"event_start_date":"2022-10-12 19:00:00","event_end_date":"2022-10-12 20:30:00","event_speaker_name":"","event_speaker_link":"","event_is_online":false,"event_location":"Salle Edmond Dune\r\nCCRN Abbaye Neim\u00ebnster","event_street":"28, rue M\u00fcnster","event_location_link":"","event_zip_code":"L-2160 ","event_city":"Luxembourg","event_country":"LU"},"events-topic":[312],"events-type":[],"organisation":[221,226],"authorship":[],"acf":[],"yoast_head":"<!-- This site is optimized with the Yoast SEO Premium plugin v22.3 (Yoast SEO v22.3) - https:\/\/yoast.com\/wordpress\/plugins\/seo\/ -->\n<title>Pr\u00e9sentation et lancement officiel du M\u00e9morial digital de la Shoah au Luxembourg - Universit\u00e9 du Luxembourg<\/title>\n<meta name=\"description\" content=\"La Fondation luxembourgeoise pour la M\u00e9moire de la Shoah (FLMS) et le Luxembourg Centre for Contemporary and Digital History (C\u00b2DH) de l\u2019Universit\u00e9 du\" \/>\n<meta name=\"robots\" content=\"index, follow, max-snippet:-1, max-image-preview:large, max-video-preview:-1\" \/>\n<link rel=\"canonical\" href=\"https:\/\/www.uni.lu\/fr\/events\/presentation-et-lancement-officiel-du-memorial-digital-de-la-shoah-au-luxembourg\/\" \/>\n<meta property=\"og:locale\" content=\"fr_FR\" \/>\n<meta property=\"og:type\" content=\"article\" \/>\n<meta property=\"og:title\" content=\"Pr\u00e9sentation et lancement officiel du M\u00e9morial digital de la Shoah au Luxembourg\" \/>\n<meta property=\"og:description\" content=\"La Fondation luxembourgeoise pour la M\u00e9moire de la Shoah (FLMS) et le Luxembourg Centre for Contemporary and Digital History (C\u00b2DH) de l\u2019Universit\u00e9 du\" \/>\n<meta property=\"og:url\" content=\"https:\/\/www.uni.lu\/fr\/events\/presentation-et-lancement-officiel-du-memorial-digital-de-la-shoah-au-luxembourg\/\" \/>\n<meta property=\"og:site_name\" content=\"UNI FR\" \/>\n<meta property=\"article:publisher\" content=\"https:\/\/www.facebook.com\/uni.lu\" \/>\n<meta property=\"og:image\" content=\"https:\/\/www.uni.lu\/wp-content\/uploads\/sites\/11\/2026\/03\/03120045\/UNIV_SM-Profile_1600x1600px-scaled.jpg\" \/>\n\t<meta property=\"og:image:width\" content=\"2560\" \/>\n\t<meta property=\"og:image:height\" content=\"2560\" \/>\n\t<meta property=\"og:image:type\" content=\"image\/jpeg\" \/>\n<meta name=\"twitter:card\" content=\"summary_large_image\" \/>\n<meta name=\"twitter:label1\" content=\"Dur\u00e9e de lecture estim\u00e9e\" \/>\n\t<meta name=\"twitter:data1\" content=\"1 minute\" \/>\n<script type=\"application\/ld+json\" class=\"yoast-schema-graph\">{\"@context\":\"https:\/\/schema.org\",\"@graph\":[{\"@type\":\"WebPage\",\"@id\":\"https:\/\/www.uni.lu\/fr\/events\/presentation-et-lancement-officiel-du-memorial-digital-de-la-shoah-au-luxembourg\/\",\"url\":\"https:\/\/www.uni.lu\/fr\/events\/presentation-et-lancement-officiel-du-memorial-digital-de-la-shoah-au-luxembourg\/\",\"name\":\"Pr\u00e9sentation et lancement officiel du M\u00e9morial digital de la Shoah au Luxembourg - Universit\u00e9 du Luxembourg\",\"isPartOf\":{\"@id\":\"https:\/\/www.uni.lu\/fr\/#website\"},\"primaryImageOfPage\":{\"@id\":\"https:\/\/www.uni.lu\/fr\/events\/presentation-et-lancement-officiel-du-memorial-digital-de-la-shoah-au-luxembourg\/#primaryimage\"},\"image\":{\"@id\":\"https:\/\/www.uni.lu\/fr\/events\/presentation-et-lancement-officiel-du-memorial-digital-de-la-shoah-au-luxembourg\/#primaryimage\"},\"thumbnailUrl\":\"https:\/\/www.uni.lu\/wp-content\/uploads\/sites\/11\/2022\/09\/presentation_et_lancement_officiel_du_memorial_digital_de_la_shoah_au_luxembourg.jpg\",\"datePublished\":\"2022-09-12T11:46:09+00:00\",\"dateModified\":\"2022-09-12T11:46:09+00:00\",\"description\":\"La Fondation luxembourgeoise pour la M\u00e9moire de la Shoah (FLMS) et le Luxembourg Centre for Contemporary and Digital History (C\u00b2DH) de l\u2019Universit\u00e9 du\",\"breadcrumb\":{\"@id\":\"https:\/\/www.uni.lu\/fr\/events\/presentation-et-lancement-officiel-du-memorial-digital-de-la-shoah-au-luxembourg\/#breadcrumb\"},\"inLanguage\":\"fr-FR\",\"potentialAction\":[{\"@type\":\"ReadAction\",\"target\":[\"https:\/\/www.uni.lu\/fr\/events\/presentation-et-lancement-officiel-du-memorial-digital-de-la-shoah-au-luxembourg\/\"]}]},{\"@type\":\"ImageObject\",\"inLanguage\":\"fr-FR\",\"@id\":\"https:\/\/www.uni.lu\/fr\/events\/presentation-et-lancement-officiel-du-memorial-digital-de-la-shoah-au-luxembourg\/#primaryimage\",\"url\":\"https:\/\/www.uni.lu\/wp-content\/uploads\/sites\/11\/2022\/09\/presentation_et_lancement_officiel_du_memorial_digital_de_la_shoah_au_luxembourg.jpg\",\"contentUrl\":\"https:\/\/www.uni.lu\/wp-content\/uploads\/sites\/11\/2022\/09\/presentation_et_lancement_officiel_du_memorial_digital_de_la_shoah_au_luxembourg.jpg\",\"width\":800,\"height\":600},{\"@type\":\"BreadcrumbList\",\"@id\":\"https:\/\/www.uni.lu\/fr\/events\/presentation-et-lancement-officiel-du-memorial-digital-de-la-shoah-au-luxembourg\/#breadcrumb\",\"itemListElement\":[{\"@type\":\"ListItem\",\"position\":1,\"name\":\"Home\",\"item\":\"https:\/\/www.uni.lu\/fr\/\"},{\"@type\":\"ListItem\",\"position\":2,\"name\":\"Events\",\"item\":\"https:\/\/www.uni.lu\/fr\/events\/\"},{\"@type\":\"ListItem\",\"position\":3,\"name\":\"Pr\u00e9sentation et lancement officiel du M\u00e9morial digital de la Shoah au Luxembourg\"}]},{\"@type\":\"WebSite\",\"@id\":\"https:\/\/www.uni.lu\/fr\/#website\",\"url\":\"https:\/\/www.uni.lu\/fr\/\",\"name\":\"Uni.lu\",\"description\":\"Universit\u00e9 du Luxembourg\",\"publisher\":{\"@id\":\"https:\/\/www.uni.lu\/fr\/#organization\"},\"alternateName\":\"Universit\u00e9 du Luxembourg\",\"potentialAction\":[{\"@type\":\"SearchAction\",\"target\":{\"@type\":\"EntryPoint\",\"urlTemplate\":\"https:\/\/www.uni.lu\/fr\/?s={search_term_string}\"},\"query-input\":\"required name=search_term_string\"}],\"inLanguage\":\"fr-FR\"},{\"@type\":\"Organization\",\"@id\":\"https:\/\/www.uni.lu\/fr\/#organization\",\"name\":\"Universit\u00e9 du Luxembourg\",\"alternateName\":\"Uni.lu\",\"url\":\"https:\/\/www.uni.lu\/fr\/\",\"logo\":{\"@type\":\"ImageObject\",\"inLanguage\":\"fr-FR\",\"@id\":\"https:\/\/www.uni.lu\/fr\/#\/schema\/logo\/image\/\",\"url\":\"https:\/\/www.uni.lu\/wp-content\/uploads\/sites\/11\/2026\/03\/03120045\/UNIV_SM-Profile_1600x1600px-scaled.jpg\",\"contentUrl\":\"https:\/\/www.uni.lu\/wp-content\/uploads\/sites\/11\/2026\/03\/03120045\/UNIV_SM-Profile_1600x1600px-scaled.jpg\",\"width\":2560,\"height\":2560,\"caption\":\"Universit\u00e9 du Luxembourg\"},\"image\":\"https:\/\/www.uni.lu\/wp-content\/uploads\/sites\/11\/2026\/04\/24120552\/20200609-Belval-Campus_Henri-Goergen-23.jpg\",\"sameAs\":[\"https:\/\/www.facebook.com\/uni.lu\",\"https:\/\/www.linkedin.com\/school\/university-of-luxembourg\/\",\"https:\/\/www.instagram.com\/uni.lu\",\"https:\/\/www.youtube.com\/@uni_lu\",\"https:\/\/en.wikipedia.org\/wiki\/University_of_Luxembourg\"],\"email\":\"communication@uni.lu\",\"telephone\":\"+352 46 66 44 1\",\"address\":{\"@type\":\"PostalAddress\",\"streetAddress\":\"2, place de l\u2019Universit\u00e9\",\"addressLocality\":\"Esch-sur-Alzette\",\"postalCode\":\"4365\",\"addressCountry\":\"LU\"},\"description\":\"Universit\u00e9 du Luxembourg\"}]}<\/script>\n<!-- \/ Yoast SEO Premium plugin. -->","yoast_head_json":{"title":"Pr\u00e9sentation et lancement officiel du M\u00e9morial digital de la Shoah au Luxembourg - Universit\u00e9 du Luxembourg","description":"La Fondation luxembourgeoise pour la M\u00e9moire de la Shoah (FLMS) et le Luxembourg Centre for Contemporary and Digital History (C\u00b2DH) de l\u2019Universit\u00e9 du","robots":{"index":"index","follow":"follow","max-snippet":"max-snippet:-1","max-image-preview":"max-image-preview:large","max-video-preview":"max-video-preview:-1"},"canonical":"https:\/\/www.uni.lu\/fr\/events\/presentation-et-lancement-officiel-du-memorial-digital-de-la-shoah-au-luxembourg\/","og_locale":"fr_FR","og_type":"article","og_title":"Pr\u00e9sentation et lancement officiel du M\u00e9morial digital de la Shoah au Luxembourg","og_description":"La Fondation luxembourgeoise pour la M\u00e9moire de la Shoah (FLMS) et le Luxembourg Centre for Contemporary and Digital History (C\u00b2DH) de l\u2019Universit\u00e9 du","og_url":"https:\/\/www.uni.lu\/fr\/events\/presentation-et-lancement-officiel-du-memorial-digital-de-la-shoah-au-luxembourg\/","og_site_name":"UNI FR","article_publisher":"https:\/\/www.facebook.com\/uni.lu","og_image":[{"width":2560,"height":2560,"url":"https:\/\/www.uni.lu\/wp-content\/uploads\/sites\/11\/2026\/03\/03120045\/UNIV_SM-Profile_1600x1600px-scaled.jpg","type":"image\/jpeg"}],"twitter_card":"summary_large_image","twitter_misc":{"Dur\u00e9e de lecture estim\u00e9e":"1 minute"},"schema":{"@context":"https:\/\/schema.org","@graph":[{"@type":"WebPage","@id":"https:\/\/www.uni.lu\/fr\/events\/presentation-et-lancement-officiel-du-memorial-digital-de-la-shoah-au-luxembourg\/","url":"https:\/\/www.uni.lu\/fr\/events\/presentation-et-lancement-officiel-du-memorial-digital-de-la-shoah-au-luxembourg\/","name":"Pr\u00e9sentation et lancement officiel du M\u00e9morial digital de la Shoah au Luxembourg - Universit\u00e9 du Luxembourg","isPartOf":{"@id":"https:\/\/www.uni.lu\/fr\/#website"},"primaryImageOfPage":{"@id":"https:\/\/www.uni.lu\/fr\/events\/presentation-et-lancement-officiel-du-memorial-digital-de-la-shoah-au-luxembourg\/#primaryimage"},"image":{"@id":"https:\/\/www.uni.lu\/fr\/events\/presentation-et-lancement-officiel-du-memorial-digital-de-la-shoah-au-luxembourg\/#primaryimage"},"thumbnailUrl":"https:\/\/www.uni.lu\/wp-content\/uploads\/sites\/11\/2022\/09\/presentation_et_lancement_officiel_du_memorial_digital_de_la_shoah_au_luxembourg.jpg","datePublished":"2022-09-12T11:46:09+00:00","dateModified":"2022-09-12T11:46:09+00:00","description":"La Fondation luxembourgeoise pour la M\u00e9moire de la Shoah (FLMS) et le Luxembourg Centre for Contemporary and Digital History (C\u00b2DH) de l\u2019Universit\u00e9 du","breadcrumb":{"@id":"https:\/\/www.uni.lu\/fr\/events\/presentation-et-lancement-officiel-du-memorial-digital-de-la-shoah-au-luxembourg\/#breadcrumb"},"inLanguage":"fr-FR","potentialAction":[{"@type":"ReadAction","target":["https:\/\/www.uni.lu\/fr\/events\/presentation-et-lancement-officiel-du-memorial-digital-de-la-shoah-au-luxembourg\/"]}]},{"@type":"ImageObject","inLanguage":"fr-FR","@id":"https:\/\/www.uni.lu\/fr\/events\/presentation-et-lancement-officiel-du-memorial-digital-de-la-shoah-au-luxembourg\/#primaryimage","url":"https:\/\/www.uni.lu\/wp-content\/uploads\/sites\/11\/2022\/09\/presentation_et_lancement_officiel_du_memorial_digital_de_la_shoah_au_luxembourg.jpg","contentUrl":"https:\/\/www.uni.lu\/wp-content\/uploads\/sites\/11\/2022\/09\/presentation_et_lancement_officiel_du_memorial_digital_de_la_shoah_au_luxembourg.jpg","width":800,"height":600},{"@type":"BreadcrumbList","@id":"https:\/\/www.uni.lu\/fr\/events\/presentation-et-lancement-officiel-du-memorial-digital-de-la-shoah-au-luxembourg\/#breadcrumb","itemListElement":[{"@type":"ListItem","position":1,"name":"Home","item":"https:\/\/www.uni.lu\/fr\/"},{"@type":"ListItem","position":2,"name":"Events","item":"https:\/\/www.uni.lu\/fr\/events\/"},{"@type":"ListItem","position":3,"name":"Pr\u00e9sentation et lancement officiel du M\u00e9morial digital de la Shoah au Luxembourg"}]},{"@type":"WebSite","@id":"https:\/\/www.uni.lu\/fr\/#website","url":"https:\/\/www.uni.lu\/fr\/","name":"Uni.lu","description":"Universit\u00e9 du Luxembourg","publisher":{"@id":"https:\/\/www.uni.lu\/fr\/#organization"},"alternateName":"Universit\u00e9 du Luxembourg","potentialAction":[{"@type":"SearchAction","target":{"@type":"EntryPoint","urlTemplate":"https:\/\/www.uni.lu\/fr\/?s={search_term_string}"},"query-input":"required name=search_term_string"}],"inLanguage":"fr-FR"},{"@type":"Organization","@id":"https:\/\/www.uni.lu\/fr\/#organization","name":"Universit\u00e9 du Luxembourg","alternateName":"Uni.lu","url":"https:\/\/www.uni.lu\/fr\/","logo":{"@type":"ImageObject","inLanguage":"fr-FR","@id":"https:\/\/www.uni.lu\/fr\/#\/schema\/logo\/image\/","url":"https:\/\/www.uni.lu\/wp-content\/uploads\/sites\/11\/2026\/03\/03120045\/UNIV_SM-Profile_1600x1600px-scaled.jpg","contentUrl":"https:\/\/www.uni.lu\/wp-content\/uploads\/sites\/11\/2026\/03\/03120045\/UNIV_SM-Profile_1600x1600px-scaled.jpg","width":2560,"height":2560,"caption":"Universit\u00e9 du Luxembourg"},"image":"https:\/\/www.uni.lu\/wp-content\/uploads\/sites\/11\/2026\/04\/24120552\/20200609-Belval-Campus_Henri-Goergen-23.jpg","sameAs":["https:\/\/www.facebook.com\/uni.lu","https:\/\/www.linkedin.com\/school\/university-of-luxembourg\/","https:\/\/www.instagram.com\/uni.lu","https:\/\/www.youtube.com\/@uni_lu","https:\/\/en.wikipedia.org\/wiki\/University_of_Luxembourg"],"email":"communication@uni.lu","telephone":"+352 46 66 44 1","address":{"@type":"PostalAddress","streetAddress":"2, place de l\u2019Universit\u00e9","addressLocality":"Esch-sur-Alzette","postalCode":"4365","addressCountry":"LU"},"description":"Universit\u00e9 du Luxembourg"}]}},"_links":{"self":[{"href":"https:\/\/www.uni.lu\/fr\/wp-json\/wp\/v2\/events\/8988"}],"collection":[{"href":"https:\/\/www.uni.lu\/fr\/wp-json\/wp\/v2\/events"}],"about":[{"href":"https:\/\/www.uni.lu\/fr\/wp-json\/wp\/v2\/types\/events"}],"replies":[{"embeddable":true,"href":"https:\/\/www.uni.lu\/fr\/wp-json\/wp\/v2\/comments?post=8988"}],"version-history":[{"count":0,"href":"https:\/\/www.uni.lu\/fr\/wp-json\/wp\/v2\/events\/8988\/revisions"}],"wp:featuredmedia":[{"embeddable":true,"href":"https:\/\/www.uni.lu\/fr\/wp-json\/wp\/v2\/media\/8989"}],"wp:attachment":[{"href":"https:\/\/www.uni.lu\/fr\/wp-json\/wp\/v2\/media?parent=8988"}],"wp:term":[{"taxonomy":"events-topic","embeddable":true,"href":"https:\/\/www.uni.lu\/fr\/wp-json\/wp\/v2\/events-topic?post=8988"},{"taxonomy":"events-type","embeddable":true,"href":"https:\/\/www.uni.lu\/fr\/wp-json\/wp\/v2\/events-type?post=8988"},{"taxonomy":"organisation","embeddable":true,"href":"https:\/\/www.uni.lu\/fr\/wp-json\/wp\/v2\/organisation?post=8988"}],"curies":[{"name":"wp","href":"https:\/\/api.w.org\/{rel}","templated":true}]}}