{"id":8980,"date":"2022-09-06T11:28:39","date_gmt":"2022-09-06T09:28:39","guid":{"rendered":"https:\/\/www.uni.lu\/fr\/events\/le-patrimoine-industriel-local-regional-international\/"},"modified":"2022-09-06T11:28:39","modified_gmt":"2022-09-06T09:28:39","slug":"le-patrimoine-industriel-local-regional-international","status":"publish","type":"events","link":"https:\/\/www.uni.lu\/fr\/events\/le-patrimoine-industriel-local-regional-international\/","title":{"rendered":"Le patrimoine industriel : local \u2013 r\u00e9gional \u2013 international"},"content":{"rendered":"<section class=\"wp-block-unilux-blocks-free-section section\"><div class=\"container xl:max-w-screen-xl\"><p>Lors de ce Forum Z, nous discutons ensemble de la pr\u00e9servation du patrimoine culturel industriel. En partant de la mine Cockerill et de diverses initiatives locales et r\u00e9gionales pour pr\u00e9server le patrimoine industriel du Minett, nous regardons de l&rsquo;autre c\u00f4t\u00e9 de la fronti\u00e8re vers le bassin ferrif\u00e8re de la Lorraine et plus loin la r\u00e9gion mini\u00e8re d&rsquo;Erzgebirge.<\/p><p>La discussion sera suivie d&rsquo;une r\u00e9ception.<\/p><p>Langues: allemand, fran\u00e7ais, luxembourgeois.<\/p><p><\/p><p><strong>Table ronde avec<\/strong><\/p><ul class=\"ulux-list\"><li class=\"ulux-list-item\">Helmuth Albrecht (TU Bergakademie Freiberg (tbc))<\/li><li class=\"ulux-list-item\">Simone Beck (Commission nationale luxembourgeoise pour la coop\u00e9ration avec l&rsquo;UNESCO)<\/li><li class=\"ulux-list-item\">Henri Clemens (Entente Mine Cockerill)<\/li><li class=\"ulux-list-item\">Jean-Paul Guilianelli (Association pour la M\u00e9moire Industrielle du Grand Longwy)<\/li><li class=\"ulux-list-item\">Jacques Maas (C\u00b2DH)<\/li><li class=\"ulux-list-item\">Denis Scuto (C\u00b2DH)<\/li><\/ul><p>Mod\u00e9ration: Stefan Krebs (C\u00b2DH)<\/p><\/div><\/section>","protected":false},"excerpt":{"rendered":"","protected":false},"author":0,"featured_media":8981,"parent":0,"menu_order":0,"comment_status":"open","ping_status":"closed","template":"","format":"standard","meta":{"featured_image_focal_point":[],"show_featured_caption":false,"ulux_newsletter_groups":"","uluxPostTitle":"","uluxPrePostTitle":"","_trash_the_other_posts":false,"_price":"","_stock":"","_tribe_ticket_header":"","_tribe_default_ticket_provider":"","_tribe_ticket_capacity":"0","_ticket_start_date":"","_ticket_end_date":"","_tribe_ticket_show_description":"","_tribe_ticket_show_not_going":false,"_tribe_ticket_use_global_stock":"","_tribe_ticket_global_stock_level":"","_global_stock_mode":"","_global_stock_cap":"","_tribe_rsvp_for_event":"","_tribe_ticket_going_count":"","_tribe_ticket_not_going_count":"","_tribe_tickets_list":"[]","_tribe_ticket_has_attendee_info_fields":false,"event_start_date":"2022-10-17 17:30:00","event_end_date":"2022-10-17 19:30:00","event_speaker_name":"","event_speaker_link":"","event_is_online":false,"event_location":"Mine Cockerill \/ Ellergronn","event_street":"Rue Jean-Pierre Bausch","event_location_link":"","event_zip_code":"L-4114","event_city":"Esch-sur-Alzette","event_country":"LU"},"events-topic":[312],"events-type":[],"organisation":[221,226],"authorship":[],"acf":[],"yoast_head":"<!-- This site is optimized with the Yoast SEO Premium plugin v22.3 (Yoast SEO v22.3) - https:\/\/yoast.com\/wordpress\/plugins\/seo\/ -->\n<title>Le patrimoine industriel : local \u2013 r\u00e9gional \u2013 international - Universit\u00e9 du Luxembourg<\/title>\n<meta name=\"description\" content=\"Lors de ce Forum Z, nous discutons ensemble de la pr\u00e9servation du patrimoine culturel industriel. En partant de la mine Cockerill et de diverses\" \/>\n<meta name=\"robots\" content=\"index, follow, max-snippet:-1, max-image-preview:large, max-video-preview:-1\" \/>\n<link rel=\"canonical\" href=\"https:\/\/www.uni.lu\/fr\/events\/le-patrimoine-industriel-local-regional-international\/\" \/>\n<meta property=\"og:locale\" content=\"fr_FR\" \/>\n<meta property=\"og:type\" content=\"article\" \/>\n<meta property=\"og:title\" content=\"Le patrimoine industriel : local \u2013 r\u00e9gional \u2013 international\" \/>\n<meta property=\"og:description\" content=\"Lors de ce Forum Z, nous discutons ensemble de la pr\u00e9servation du patrimoine culturel industriel. En partant de la mine Cockerill et de diverses\" \/>\n<meta property=\"og:url\" content=\"https:\/\/www.uni.lu\/fr\/events\/le-patrimoine-industriel-local-regional-international\/\" \/>\n<meta property=\"og:site_name\" content=\"UNI FR\" \/>\n<meta property=\"article:publisher\" content=\"https:\/\/www.facebook.com\/uni.lu\" \/>\n<meta property=\"og:image\" content=\"https:\/\/www.uni.lu\/wp-content\/uploads\/sites\/11\/2026\/03\/03120045\/UNIV_SM-Profile_1600x1600px-scaled.jpg\" \/>\n\t<meta property=\"og:image:width\" content=\"2560\" \/>\n\t<meta property=\"og:image:height\" content=\"2560\" \/>\n\t<meta property=\"og:image:type\" content=\"image\/jpeg\" \/>\n<meta name=\"twitter:card\" content=\"summary_large_image\" \/>\n<meta name=\"twitter:label1\" content=\"Dur\u00e9e de lecture estim\u00e9e\" \/>\n\t<meta name=\"twitter:data1\" content=\"1 minute\" \/>\n<script type=\"application\/ld+json\" class=\"yoast-schema-graph\">{\"@context\":\"https:\/\/schema.org\",\"@graph\":[{\"@type\":\"WebPage\",\"@id\":\"https:\/\/www.uni.lu\/fr\/events\/le-patrimoine-industriel-local-regional-international\/\",\"url\":\"https:\/\/www.uni.lu\/fr\/events\/le-patrimoine-industriel-local-regional-international\/\",\"name\":\"Le patrimoine industriel : local \u2013 r\u00e9gional \u2013 international - Universit\u00e9 du Luxembourg\",\"isPartOf\":{\"@id\":\"https:\/\/www.uni.lu\/fr\/#website\"},\"primaryImageOfPage\":{\"@id\":\"https:\/\/www.uni.lu\/fr\/events\/le-patrimoine-industriel-local-regional-international\/#primaryimage\"},\"image\":{\"@id\":\"https:\/\/www.uni.lu\/fr\/events\/le-patrimoine-industriel-local-regional-international\/#primaryimage\"},\"thumbnailUrl\":\"https:\/\/www.uni.lu\/wp-content\/uploads\/sites\/11\/2022\/09\/le_patrimoine_industriel_local_regional_international.jpg\",\"datePublished\":\"2022-09-06T09:28:39+00:00\",\"dateModified\":\"2022-09-06T09:28:39+00:00\",\"description\":\"Lors de ce Forum Z, nous discutons ensemble de la pr\u00e9servation du patrimoine culturel industriel. En partant de la mine Cockerill et de diverses\",\"breadcrumb\":{\"@id\":\"https:\/\/www.uni.lu\/fr\/events\/le-patrimoine-industriel-local-regional-international\/#breadcrumb\"},\"inLanguage\":\"fr-FR\",\"potentialAction\":[{\"@type\":\"ReadAction\",\"target\":[\"https:\/\/www.uni.lu\/fr\/events\/le-patrimoine-industriel-local-regional-international\/\"]}]},{\"@type\":\"ImageObject\",\"inLanguage\":\"fr-FR\",\"@id\":\"https:\/\/www.uni.lu\/fr\/events\/le-patrimoine-industriel-local-regional-international\/#primaryimage\",\"url\":\"https:\/\/www.uni.lu\/wp-content\/uploads\/sites\/11\/2022\/09\/le_patrimoine_industriel_local_regional_international.jpg\",\"contentUrl\":\"https:\/\/www.uni.lu\/wp-content\/uploads\/sites\/11\/2022\/09\/le_patrimoine_industriel_local_regional_international.jpg\",\"width\":800,\"height\":600},{\"@type\":\"BreadcrumbList\",\"@id\":\"https:\/\/www.uni.lu\/fr\/events\/le-patrimoine-industriel-local-regional-international\/#breadcrumb\",\"itemListElement\":[{\"@type\":\"ListItem\",\"position\":1,\"name\":\"Home\",\"item\":\"https:\/\/www.uni.lu\/fr\/\"},{\"@type\":\"ListItem\",\"position\":2,\"name\":\"Events\",\"item\":\"https:\/\/www.uni.lu\/fr\/events\/\"},{\"@type\":\"ListItem\",\"position\":3,\"name\":\"Le patrimoine industriel : local \u2013 r\u00e9gional \u2013 international\"}]},{\"@type\":\"WebSite\",\"@id\":\"https:\/\/www.uni.lu\/fr\/#website\",\"url\":\"https:\/\/www.uni.lu\/fr\/\",\"name\":\"Uni.lu\",\"description\":\"Universit\u00e9 du Luxembourg\",\"publisher\":{\"@id\":\"https:\/\/www.uni.lu\/fr\/#organization\"},\"alternateName\":\"Universit\u00e9 du Luxembourg\",\"potentialAction\":[{\"@type\":\"SearchAction\",\"target\":{\"@type\":\"EntryPoint\",\"urlTemplate\":\"https:\/\/www.uni.lu\/fr\/?s={search_term_string}\"},\"query-input\":\"required name=search_term_string\"}],\"inLanguage\":\"fr-FR\"},{\"@type\":\"Organization\",\"@id\":\"https:\/\/www.uni.lu\/fr\/#organization\",\"name\":\"Universit\u00e9 du Luxembourg\",\"alternateName\":\"Uni.lu\",\"url\":\"https:\/\/www.uni.lu\/fr\/\",\"logo\":{\"@type\":\"ImageObject\",\"inLanguage\":\"fr-FR\",\"@id\":\"https:\/\/www.uni.lu\/fr\/#\/schema\/logo\/image\/\",\"url\":\"https:\/\/www.uni.lu\/wp-content\/uploads\/sites\/11\/2026\/03\/03120045\/UNIV_SM-Profile_1600x1600px-scaled.jpg\",\"contentUrl\":\"https:\/\/www.uni.lu\/wp-content\/uploads\/sites\/11\/2026\/03\/03120045\/UNIV_SM-Profile_1600x1600px-scaled.jpg\",\"width\":2560,\"height\":2560,\"caption\":\"Universit\u00e9 du Luxembourg\"},\"image\":\"https:\/\/www.uni.lu\/wp-content\/uploads\/sites\/11\/2026\/04\/24120552\/20200609-Belval-Campus_Henri-Goergen-23.jpg\",\"sameAs\":[\"https:\/\/www.facebook.com\/uni.lu\",\"https:\/\/www.linkedin.com\/school\/university-of-luxembourg\/\",\"https:\/\/www.instagram.com\/uni.lu\",\"https:\/\/www.youtube.com\/@uni_lu\",\"https:\/\/en.wikipedia.org\/wiki\/University_of_Luxembourg\"],\"email\":\"communication@uni.lu\",\"telephone\":\"+352 46 66 44 1\",\"address\":{\"@type\":\"PostalAddress\",\"streetAddress\":\"2, place de l\u2019Universit\u00e9\",\"addressLocality\":\"Esch-sur-Alzette\",\"postalCode\":\"4365\",\"addressCountry\":\"LU\"},\"description\":\"Universit\u00e9 du Luxembourg\"}]}<\/script>\n<!-- \/ Yoast SEO Premium plugin. -->","yoast_head_json":{"title":"Le patrimoine industriel : local \u2013 r\u00e9gional \u2013 international - Universit\u00e9 du Luxembourg","description":"Lors de ce Forum Z, nous discutons ensemble de la pr\u00e9servation du patrimoine culturel industriel. En partant de la mine Cockerill et de diverses","robots":{"index":"index","follow":"follow","max-snippet":"max-snippet:-1","max-image-preview":"max-image-preview:large","max-video-preview":"max-video-preview:-1"},"canonical":"https:\/\/www.uni.lu\/fr\/events\/le-patrimoine-industriel-local-regional-international\/","og_locale":"fr_FR","og_type":"article","og_title":"Le patrimoine industriel : local \u2013 r\u00e9gional \u2013 international","og_description":"Lors de ce Forum Z, nous discutons ensemble de la pr\u00e9servation du patrimoine culturel industriel. En partant de la mine Cockerill et de diverses","og_url":"https:\/\/www.uni.lu\/fr\/events\/le-patrimoine-industriel-local-regional-international\/","og_site_name":"UNI FR","article_publisher":"https:\/\/www.facebook.com\/uni.lu","og_image":[{"width":2560,"height":2560,"url":"https:\/\/www.uni.lu\/wp-content\/uploads\/sites\/11\/2026\/03\/03120045\/UNIV_SM-Profile_1600x1600px-scaled.jpg","type":"image\/jpeg"}],"twitter_card":"summary_large_image","twitter_misc":{"Dur\u00e9e de lecture estim\u00e9e":"1 minute"},"schema":{"@context":"https:\/\/schema.org","@graph":[{"@type":"WebPage","@id":"https:\/\/www.uni.lu\/fr\/events\/le-patrimoine-industriel-local-regional-international\/","url":"https:\/\/www.uni.lu\/fr\/events\/le-patrimoine-industriel-local-regional-international\/","name":"Le patrimoine industriel : local \u2013 r\u00e9gional \u2013 international - Universit\u00e9 du Luxembourg","isPartOf":{"@id":"https:\/\/www.uni.lu\/fr\/#website"},"primaryImageOfPage":{"@id":"https:\/\/www.uni.lu\/fr\/events\/le-patrimoine-industriel-local-regional-international\/#primaryimage"},"image":{"@id":"https:\/\/www.uni.lu\/fr\/events\/le-patrimoine-industriel-local-regional-international\/#primaryimage"},"thumbnailUrl":"https:\/\/www.uni.lu\/wp-content\/uploads\/sites\/11\/2022\/09\/le_patrimoine_industriel_local_regional_international.jpg","datePublished":"2022-09-06T09:28:39+00:00","dateModified":"2022-09-06T09:28:39+00:00","description":"Lors de ce Forum Z, nous discutons ensemble de la pr\u00e9servation du patrimoine culturel industriel. En partant de la mine Cockerill et de diverses","breadcrumb":{"@id":"https:\/\/www.uni.lu\/fr\/events\/le-patrimoine-industriel-local-regional-international\/#breadcrumb"},"inLanguage":"fr-FR","potentialAction":[{"@type":"ReadAction","target":["https:\/\/www.uni.lu\/fr\/events\/le-patrimoine-industriel-local-regional-international\/"]}]},{"@type":"ImageObject","inLanguage":"fr-FR","@id":"https:\/\/www.uni.lu\/fr\/events\/le-patrimoine-industriel-local-regional-international\/#primaryimage","url":"https:\/\/www.uni.lu\/wp-content\/uploads\/sites\/11\/2022\/09\/le_patrimoine_industriel_local_regional_international.jpg","contentUrl":"https:\/\/www.uni.lu\/wp-content\/uploads\/sites\/11\/2022\/09\/le_patrimoine_industriel_local_regional_international.jpg","width":800,"height":600},{"@type":"BreadcrumbList","@id":"https:\/\/www.uni.lu\/fr\/events\/le-patrimoine-industriel-local-regional-international\/#breadcrumb","itemListElement":[{"@type":"ListItem","position":1,"name":"Home","item":"https:\/\/www.uni.lu\/fr\/"},{"@type":"ListItem","position":2,"name":"Events","item":"https:\/\/www.uni.lu\/fr\/events\/"},{"@type":"ListItem","position":3,"name":"Le patrimoine industriel : local \u2013 r\u00e9gional \u2013 international"}]},{"@type":"WebSite","@id":"https:\/\/www.uni.lu\/fr\/#website","url":"https:\/\/www.uni.lu\/fr\/","name":"Uni.lu","description":"Universit\u00e9 du Luxembourg","publisher":{"@id":"https:\/\/www.uni.lu\/fr\/#organization"},"alternateName":"Universit\u00e9 du Luxembourg","potentialAction":[{"@type":"SearchAction","target":{"@type":"EntryPoint","urlTemplate":"https:\/\/www.uni.lu\/fr\/?s={search_term_string}"},"query-input":"required name=search_term_string"}],"inLanguage":"fr-FR"},{"@type":"Organization","@id":"https:\/\/www.uni.lu\/fr\/#organization","name":"Universit\u00e9 du Luxembourg","alternateName":"Uni.lu","url":"https:\/\/www.uni.lu\/fr\/","logo":{"@type":"ImageObject","inLanguage":"fr-FR","@id":"https:\/\/www.uni.lu\/fr\/#\/schema\/logo\/image\/","url":"https:\/\/www.uni.lu\/wp-content\/uploads\/sites\/11\/2026\/03\/03120045\/UNIV_SM-Profile_1600x1600px-scaled.jpg","contentUrl":"https:\/\/www.uni.lu\/wp-content\/uploads\/sites\/11\/2026\/03\/03120045\/UNIV_SM-Profile_1600x1600px-scaled.jpg","width":2560,"height":2560,"caption":"Universit\u00e9 du Luxembourg"},"image":"https:\/\/www.uni.lu\/wp-content\/uploads\/sites\/11\/2026\/04\/24120552\/20200609-Belval-Campus_Henri-Goergen-23.jpg","sameAs":["https:\/\/www.facebook.com\/uni.lu","https:\/\/www.linkedin.com\/school\/university-of-luxembourg\/","https:\/\/www.instagram.com\/uni.lu","https:\/\/www.youtube.com\/@uni_lu","https:\/\/en.wikipedia.org\/wiki\/University_of_Luxembourg"],"email":"communication@uni.lu","telephone":"+352 46 66 44 1","address":{"@type":"PostalAddress","streetAddress":"2, place de l\u2019Universit\u00e9","addressLocality":"Esch-sur-Alzette","postalCode":"4365","addressCountry":"LU"},"description":"Universit\u00e9 du Luxembourg"}]}},"_links":{"self":[{"href":"https:\/\/www.uni.lu\/fr\/wp-json\/wp\/v2\/events\/8980"}],"collection":[{"href":"https:\/\/www.uni.lu\/fr\/wp-json\/wp\/v2\/events"}],"about":[{"href":"https:\/\/www.uni.lu\/fr\/wp-json\/wp\/v2\/types\/events"}],"replies":[{"embeddable":true,"href":"https:\/\/www.uni.lu\/fr\/wp-json\/wp\/v2\/comments?post=8980"}],"version-history":[{"count":0,"href":"https:\/\/www.uni.lu\/fr\/wp-json\/wp\/v2\/events\/8980\/revisions"}],"wp:featuredmedia":[{"embeddable":true,"href":"https:\/\/www.uni.lu\/fr\/wp-json\/wp\/v2\/media\/8981"}],"wp:attachment":[{"href":"https:\/\/www.uni.lu\/fr\/wp-json\/wp\/v2\/media?parent=8980"}],"wp:term":[{"taxonomy":"events-topic","embeddable":true,"href":"https:\/\/www.uni.lu\/fr\/wp-json\/wp\/v2\/events-topic?post=8980"},{"taxonomy":"events-type","embeddable":true,"href":"https:\/\/www.uni.lu\/fr\/wp-json\/wp\/v2\/events-type?post=8980"},{"taxonomy":"organisation","embeddable":true,"href":"https:\/\/www.uni.lu\/fr\/wp-json\/wp\/v2\/organisation?post=8980"}],"curies":[{"name":"wp","href":"https:\/\/api.w.org\/{rel}","templated":true}]}}