{"id":8974,"date":"2022-08-25T09:46:21","date_gmt":"2022-08-25T07:46:21","guid":{"rendered":"https:\/\/www.uni.lu\/fr\/events\/the-impact-of-war-experiences-in-europe-the-conscription-of-non-german-men-and-women-into-the-wehrmacht-and-reichsarbeitsdienst-1938-1945\/"},"modified":"2022-08-25T09:46:21","modified_gmt":"2022-08-25T07:46:21","slug":"the-impact-of-war-experiences-in-europe-the-conscription-of-non-german-men-and-women-into-the-wehrmacht-and-reichsarbeitsdienst-1938-1945","status":"publish","type":"events","link":"https:\/\/www.uni.lu\/fr\/events\/the-impact-of-war-experiences-in-europe-the-conscription-of-non-german-men-and-women-into-the-wehrmacht-and-reichsarbeitsdienst-1938-1945\/","title":{"rendered":"The impact of war experiences in Europe \u2013 The conscription of non-German men and women into the Wehrmacht and Reichsarbeitsdienst (1938-1945)"},"content":{"rendered":"<section class=\"wp-block-unilux-blocks-free-section section\"><div class=\"container xl:max-w-screen-xl\"><p>International conference organised by the C\u00b2DH WARLUX team.<\/p><p>In connection with the <a href=\"https:\/\/www.c2dh.uni.lu\/projects\/warlux-soldiers-and-their-communities-wwii-impact-and-legacy-war-experiences-luxembourg\" target=\"_blank\" title=\"\" rel=\"noopener\">WARLUX research project<\/a>, launched in 2020 at the Luxembourg Centre for Contemporary and Digital History (C\u00b2DH) \/ University of Luxembourg, we are pleased to invite you to our international conference on 26-28 October 2022. The conference will focus on the impact of war experiences of non-German nationals serving in the Nazi German armed forces and labour organisations.<\/p><p>The conference will be organised in a <strong>hybrid mode<\/strong>, which will allow for both physical and online participation.<\/p><p>Please <strong>register<\/strong> <a href=\"https:\/\/ulsurvey.uni.lu\/index.php\/589372?lang=en\" target=\"_blank\" title=\"\" rel=\"noopener\">here<\/a>.<\/p><p>For more information please contact: <a href=\"mailto:warlux@uni.lu\" target=\"_self\" title=\"\" rel=\"noopener\">warlux@uni.lu<\/a><\/p>\n<h3 class=\"has-text-align-left wp-block-unilux-blocks-heading\"        id=\"programme\"\n    >\nPROGRAMME<\/h3>\n\n<h4 class=\"has-text-align-left wp-block-unilux-blocks-heading\"        id=\"wednesday-26-october\"\n    >\nWednesday, 26 October<\/h4>\n<p>17.30\u00a0\u00a0\u00a0<\/p><p>Arrival &#038; Registration<\/p><p>18.00<\/p><p>Welcome by Denis Scuto<\/p><p>18.15<\/p><p>Keynote \u201c<i>Historicizing Experiences of War: Profits and Pitfalls of Narratological Approaches<\/i>\u201d<\/p><p><strong>J\u00f6rg Echternkamp<\/strong>, Zentrum f\u00fcr Milit\u00e4rgeschichte und Sozialwissenschaften der Bundeswehr (ZMSBw) \/ Martin-Luther-Universit\u00e4t Halle-Wittenberg<\/p><p><\/p>\n<h4 class=\"has-text-align-left wp-block-unilux-blocks-heading\"        id=\"thursday-27-october\"\n    >\nThursday, 27 October<\/h4>\n<p>09.00\u00a0\u00a0\u00a0<\/p><p>Registration<\/p><p>09.15<\/p><p><strong>PANEL 1 &#8211; Mechanisms of recruitment and military service<\/strong><\/p><p><\/p><p>Moderator: <strong>Peter M. Quadflieg<\/strong><\/p><p><\/p><p><i>Naturalisation and Military Service during the Second World War<\/i><\/p><p><strong>Denis Scuto<\/strong>, C\u00b2DH, University of Luxembourg<\/p><p><\/p><p><i>Being a Soldier \u2013 Between individual and soldierly experientality of Luxembourgish recruits in WWII<\/i><\/p><p><strong>Nina Janz<\/strong>, C\u00b2DH, University of Luxembourg<\/p><p><\/p><p><i>Fighting for the enemy: recruitment of Slovenians for the Waffen-SS during the Second World War<\/i><\/p><p><strong>Klemen Kocjancic<\/strong>, Defence Research Centre of the Faculty of Social Sciences, University of Ljubljana<\/p><p>11.15<\/p><p>Coffee break<\/p><p>11.45<\/p><p><strong>PANEL 2 &#8211; Shifting allegiances<\/strong><\/p><p><\/p><p>Moderator: <strong>Christoph Br\u00fcll <\/strong><\/p><p><\/p><p><i>Identity change as a survival strategy: Forcibly mobilized Wehrmacht soldiers applying for the Allied armies-in-exile<\/i><\/p><p><strong>Zdenko Mar\u0161\u00e1lek<\/strong>, Institute of Contemporary History\/Czech Academy of Sciences<\/p><p><\/p><p><i>From \u2018forced conscription\u2019 to compulsory military service: Luxembourg\u2019s \u2018forced conscripts\u2019 and the question of post-war military service<\/i><\/p><p><strong>Felix Streicher<\/strong>, Department of History, Maastricht University<\/p><p><strong>Nina Janz<\/strong>, C\u00b2DH, University of Luxembourg<\/p><p><\/p><p><i>Friends and\/or Enemies? Conflicting Loyalties among Soldiers Fighting Both in the German Army and the Allied Forces<\/i><\/p><p><strong>Machteld Venken<\/strong>, C\u00b2DH, University of Luxembourg<\/p><p>13.15<\/p><p>Lunch break<\/p><p>14.30<\/p><p><strong>PANEL 3 &#8211; War experiences from below<\/strong><\/p><p><\/p><p>Moderator: <strong>Sonja Kmec<\/strong><\/p><p><\/p><p><i>Adaptive Stances of East Belgians in the Wehrmacht and Reichsarbeitsdienst (1940-1945). Insights Through Ego Documents<\/i><\/p><p><strong>Philippe Beck<\/strong>, Zentrum f\u00fcr Ostbelgische Geschichte &#038; UCLouvain<\/p><p><\/p><p><i>Forcibly Mobilised Slovene Soldiers in Wehrmacht \u2013 Diaries&rsquo; Analysis of their War Experiences<\/i><\/p><p><strong>Monika Kokalj Ko\u010devar<\/strong>, National Museum of Contemporary History of Slovenia<\/p><p>15.30<\/p><p>Coffee break<\/p><p>15.45<\/p><p><i>Paper and ink in the Soviet camp 188 in Tambov: capturing the camp life of Luxembourger conscripts<\/i>\u00a0<\/p><p><strong>Inna Ganschow<\/strong>, C\u00b2DH, University of Luxembourg<\/p><p><\/p><p><i>Navigating War and Identity: Malgr\u00e9-nous Marc(z)ell Wolfersberger in the German Army, 1942-1944<\/i><\/p><p><strong>David W. Wildermuth<\/strong>, Shippensburg State University<\/p><p>18.30<\/p><p>Keynote <i>\u201c&rsquo;Forced conscripts&rsquo; in history and memory\u201d<\/i><\/p><p><strong>Elizabeth Vlossak<\/strong>, Brock University<\/p><p>20.00<\/p><p>Dinner for the participants<\/p>\n<h4 class=\"has-text-align-left wp-block-unilux-blocks-heading\"        id=\"friday-28-october\"\n    >\nFriday, 28 October<\/h4>\n<p>09.30\u00a0\u00a0\u00a0<\/p><p><strong>PANEL 4 &#8211; Draft evasion, desertion, imprisonment and their consequences<\/strong><\/p><p><\/p><p>Moderator: <strong>Jean-Noel Grandhomme<\/strong><\/p><p><\/p><p><i>Family liability and Umsiedlung \u2013 Consequences of desertion on families of Luxembourgish recruits (1942-1945)<\/i><\/p><p><strong>Sarah Maya Vercruysse<\/strong>, C\u00b2DH, University of Luxembourg<\/p><p><\/p><p><i>Beihilfe zur Fahnenflucht in der Rechtsprechung der deutschen Sondergerichten auf den besetzten Gebieten Polens (1939-1945)<\/i><\/p><p><strong>Konrad Graczyk<\/strong>, University of Silesia in Katowice &#038; Institute of National Remembrance in Warsaw<\/p><p>10.30<\/p><p>Coffee break<\/p><p>10.45<\/p><p><i>La captivit\u00e9 des Malgr\u00e9-Nous alsaciens &#038; mosellans chez les Alli\u00e9s anglo-saxons<\/i><\/p><p><strong>Philippe G\u00e9ny<\/strong>, l\u2019\u00c9cole Doctorale de l\u2019Universit\u00e9 Bordeaux Montaigne<\/p><p><\/p><p><i>Alsatian Draft Evaders in Switzerland (1942-1945)<\/i><\/p><p><strong>Tobias Kossytor<\/strong>, European University Institute<\/p><p>11.45<\/p><p>Closing discussion<\/p><p>12.15<\/p><p>Lunch<\/p><\/div><\/section>","protected":false},"excerpt":{"rendered":"<p>International conference organised by the C\u00b2DH WARLUX team.<\/p>\n","protected":false},"author":0,"featured_media":8975,"parent":0,"menu_order":0,"comment_status":"open","ping_status":"closed","template":"","format":"standard","meta":{"featured_image_focal_point":[],"show_featured_caption":false,"ulux_newsletter_groups":"","uluxPostTitle":"","uluxPrePostTitle":"","_trash_the_other_posts":false,"_price":"","_stock":"","_tribe_ticket_header":"","_tribe_default_ticket_provider":"","_tribe_ticket_capacity":"0","_ticket_start_date":"","_ticket_end_date":"","_tribe_ticket_show_description":"","_tribe_ticket_show_not_going":false,"_tribe_ticket_use_global_stock":"","_tribe_ticket_global_stock_level":"","_global_stock_mode":"","_global_stock_cap":"","_tribe_rsvp_for_event":"","_tribe_ticket_going_count":"","_tribe_ticket_not_going_count":"","_tribe_tickets_list":"[]","_tribe_ticket_has_attendee_info_fields":false,"event_start_date":"2022-10-26 17:30:00","event_end_date":"2022-10-28 12:15:00","event_speaker_name":"","event_speaker_link":"","event_is_online":false,"event_location":"Maison du Savoir","event_street":"2, avenue de l'Universit\u00e9","event_location_link":"","event_zip_code":"L-4365","event_city":"Esch-sur-Alzette","event_country":"LU"},"events-topic":[312],"events-type":[],"organisation":[221,226],"authorship":[],"acf":[],"yoast_head":"<!-- This site is optimized with the Yoast SEO Premium plugin v22.3 (Yoast SEO v22.3) - https:\/\/yoast.com\/wordpress\/plugins\/seo\/ -->\n<title>The impact of war experiences in Europe \u2013 The conscription of non-German men and women into the Wehrmacht and Reichsarbeitsdienst (1938-1945) - Universit\u00e9 du Luxembourg<\/title>\n<meta name=\"description\" content=\"International conference organised by the C\u00b2DH WARLUX team.\" \/>\n<meta name=\"robots\" content=\"index, follow, max-snippet:-1, max-image-preview:large, max-video-preview:-1\" \/>\n<link rel=\"canonical\" href=\"https:\/\/www.uni.lu\/fr\/events\/the-impact-of-war-experiences-in-europe-the-conscription-of-non-german-men-and-women-into-the-wehrmacht-and-reichsarbeitsdienst-1938-1945\/\" \/>\n<meta property=\"og:locale\" content=\"fr_FR\" \/>\n<meta property=\"og:type\" content=\"article\" \/>\n<meta property=\"og:title\" content=\"The impact of war experiences in Europe \u2013 The conscription of non-German men and women into the Wehrmacht and Reichsarbeitsdienst (1938-1945)\" \/>\n<meta property=\"og:description\" content=\"International conference organised by the C\u00b2DH WARLUX team.\" \/>\n<meta property=\"og:url\" content=\"https:\/\/www.uni.lu\/fr\/events\/the-impact-of-war-experiences-in-europe-the-conscription-of-non-german-men-and-women-into-the-wehrmacht-and-reichsarbeitsdienst-1938-1945\/\" \/>\n<meta property=\"og:site_name\" content=\"UNI FR\" \/>\n<meta property=\"article:publisher\" content=\"https:\/\/www.facebook.com\/uni.lu\" \/>\n<meta property=\"og:image\" content=\"https:\/\/www.uni.lu\/wp-content\/uploads\/sites\/11\/2026\/03\/03120045\/UNIV_SM-Profile_1600x1600px-scaled.jpg\" \/>\n\t<meta property=\"og:image:width\" content=\"2560\" \/>\n\t<meta property=\"og:image:height\" content=\"2560\" \/>\n\t<meta property=\"og:image:type\" content=\"image\/jpeg\" \/>\n<meta name=\"twitter:card\" content=\"summary_large_image\" \/>\n<meta name=\"twitter:label1\" content=\"Dur\u00e9e de lecture estim\u00e9e\" \/>\n\t<meta name=\"twitter:data1\" content=\"2 minutes\" \/>\n<script type=\"application\/ld+json\" class=\"yoast-schema-graph\">{\"@context\":\"https:\/\/schema.org\",\"@graph\":[{\"@type\":\"WebPage\",\"@id\":\"https:\/\/www.uni.lu\/fr\/events\/the-impact-of-war-experiences-in-europe-the-conscription-of-non-german-men-and-women-into-the-wehrmacht-and-reichsarbeitsdienst-1938-1945\/\",\"url\":\"https:\/\/www.uni.lu\/fr\/events\/the-impact-of-war-experiences-in-europe-the-conscription-of-non-german-men-and-women-into-the-wehrmacht-and-reichsarbeitsdienst-1938-1945\/\",\"name\":\"The impact of war experiences in Europe \u2013 The conscription of non-German men and women into the Wehrmacht and Reichsarbeitsdienst (1938-1945) - Universit\u00e9 du Luxembourg\",\"isPartOf\":{\"@id\":\"https:\/\/www.uni.lu\/fr\/#website\"},\"primaryImageOfPage\":{\"@id\":\"https:\/\/www.uni.lu\/fr\/events\/the-impact-of-war-experiences-in-europe-the-conscription-of-non-german-men-and-women-into-the-wehrmacht-and-reichsarbeitsdienst-1938-1945\/#primaryimage\"},\"image\":{\"@id\":\"https:\/\/www.uni.lu\/fr\/events\/the-impact-of-war-experiences-in-europe-the-conscription-of-non-german-men-and-women-into-the-wehrmacht-and-reichsarbeitsdienst-1938-1945\/#primaryimage\"},\"thumbnailUrl\":\"https:\/\/www.uni.lu\/wp-content\/uploads\/sites\/11\/2022\/08\/the_impact_of_war_experiences_in_europe_the_conscription_of_non_german_men_and_women_into_the_wehrmacht_and_reichsarbeitsdienst_1938_1945.jpg\",\"datePublished\":\"2022-08-25T07:46:21+00:00\",\"dateModified\":\"2022-08-25T07:46:21+00:00\",\"description\":\"International conference organised by the C\u00b2DH WARLUX team.\",\"breadcrumb\":{\"@id\":\"https:\/\/www.uni.lu\/fr\/events\/the-impact-of-war-experiences-in-europe-the-conscription-of-non-german-men-and-women-into-the-wehrmacht-and-reichsarbeitsdienst-1938-1945\/#breadcrumb\"},\"inLanguage\":\"fr-FR\",\"potentialAction\":[{\"@type\":\"ReadAction\",\"target\":[\"https:\/\/www.uni.lu\/fr\/events\/the-impact-of-war-experiences-in-europe-the-conscription-of-non-german-men-and-women-into-the-wehrmacht-and-reichsarbeitsdienst-1938-1945\/\"]}]},{\"@type\":\"ImageObject\",\"inLanguage\":\"fr-FR\",\"@id\":\"https:\/\/www.uni.lu\/fr\/events\/the-impact-of-war-experiences-in-europe-the-conscription-of-non-german-men-and-women-into-the-wehrmacht-and-reichsarbeitsdienst-1938-1945\/#primaryimage\",\"url\":\"https:\/\/www.uni.lu\/wp-content\/uploads\/sites\/11\/2022\/08\/the_impact_of_war_experiences_in_europe_the_conscription_of_non_german_men_and_women_into_the_wehrmacht_and_reichsarbeitsdienst_1938_1945.jpg\",\"contentUrl\":\"https:\/\/www.uni.lu\/wp-content\/uploads\/sites\/11\/2022\/08\/the_impact_of_war_experiences_in_europe_the_conscription_of_non_german_men_and_women_into_the_wehrmacht_and_reichsarbeitsdienst_1938_1945.jpg\",\"width\":800,\"height\":600},{\"@type\":\"BreadcrumbList\",\"@id\":\"https:\/\/www.uni.lu\/fr\/events\/the-impact-of-war-experiences-in-europe-the-conscription-of-non-german-men-and-women-into-the-wehrmacht-and-reichsarbeitsdienst-1938-1945\/#breadcrumb\",\"itemListElement\":[{\"@type\":\"ListItem\",\"position\":1,\"name\":\"Home\",\"item\":\"https:\/\/www.uni.lu\/fr\/\"},{\"@type\":\"ListItem\",\"position\":2,\"name\":\"Events\",\"item\":\"https:\/\/www.uni.lu\/fr\/events\/\"},{\"@type\":\"ListItem\",\"position\":3,\"name\":\"The impact of war experiences in Europe \u2013 The conscription of non-German men and women into the Wehrmacht and Reichsarbeitsdienst (1938-1945)\"}]},{\"@type\":\"WebSite\",\"@id\":\"https:\/\/www.uni.lu\/fr\/#website\",\"url\":\"https:\/\/www.uni.lu\/fr\/\",\"name\":\"Uni.lu\",\"description\":\"Universit\u00e9 du Luxembourg\",\"publisher\":{\"@id\":\"https:\/\/www.uni.lu\/fr\/#organization\"},\"alternateName\":\"Universit\u00e9 du Luxembourg\",\"potentialAction\":[{\"@type\":\"SearchAction\",\"target\":{\"@type\":\"EntryPoint\",\"urlTemplate\":\"https:\/\/www.uni.lu\/fr\/?s={search_term_string}\"},\"query-input\":\"required name=search_term_string\"}],\"inLanguage\":\"fr-FR\"},{\"@type\":\"Organization\",\"@id\":\"https:\/\/www.uni.lu\/fr\/#organization\",\"name\":\"Universit\u00e9 du Luxembourg\",\"alternateName\":\"Uni.lu\",\"url\":\"https:\/\/www.uni.lu\/fr\/\",\"logo\":{\"@type\":\"ImageObject\",\"inLanguage\":\"fr-FR\",\"@id\":\"https:\/\/www.uni.lu\/fr\/#\/schema\/logo\/image\/\",\"url\":\"https:\/\/www.uni.lu\/wp-content\/uploads\/sites\/11\/2026\/03\/03120045\/UNIV_SM-Profile_1600x1600px-scaled.jpg\",\"contentUrl\":\"https:\/\/www.uni.lu\/wp-content\/uploads\/sites\/11\/2026\/03\/03120045\/UNIV_SM-Profile_1600x1600px-scaled.jpg\",\"width\":2560,\"height\":2560,\"caption\":\"Universit\u00e9 du Luxembourg\"},\"image\":\"https:\/\/www.uni.lu\/wp-content\/uploads\/sites\/11\/2026\/04\/24120552\/20200609-Belval-Campus_Henri-Goergen-23.jpg\",\"sameAs\":[\"https:\/\/www.facebook.com\/uni.lu\",\"https:\/\/www.linkedin.com\/school\/university-of-luxembourg\/\",\"https:\/\/www.instagram.com\/uni.lu\",\"https:\/\/www.youtube.com\/@uni_lu\",\"https:\/\/en.wikipedia.org\/wiki\/University_of_Luxembourg\"],\"email\":\"communication@uni.lu\",\"telephone\":\"+352 46 66 44 1\",\"address\":{\"@type\":\"PostalAddress\",\"streetAddress\":\"2, place de l\u2019Universit\u00e9\",\"addressLocality\":\"Esch-sur-Alzette\",\"postalCode\":\"4365\",\"addressCountry\":\"LU\"},\"description\":\"Universit\u00e9 du Luxembourg\"}]}<\/script>\n<!-- \/ Yoast SEO Premium plugin. -->","yoast_head_json":{"title":"The impact of war experiences in Europe \u2013 The conscription of non-German men and women into the Wehrmacht and Reichsarbeitsdienst (1938-1945) - Universit\u00e9 du Luxembourg","description":"International conference organised by the C\u00b2DH WARLUX team.","robots":{"index":"index","follow":"follow","max-snippet":"max-snippet:-1","max-image-preview":"max-image-preview:large","max-video-preview":"max-video-preview:-1"},"canonical":"https:\/\/www.uni.lu\/fr\/events\/the-impact-of-war-experiences-in-europe-the-conscription-of-non-german-men-and-women-into-the-wehrmacht-and-reichsarbeitsdienst-1938-1945\/","og_locale":"fr_FR","og_type":"article","og_title":"The impact of war experiences in Europe \u2013 The conscription of non-German men and women into the Wehrmacht and Reichsarbeitsdienst (1938-1945)","og_description":"International conference organised by the C\u00b2DH WARLUX team.","og_url":"https:\/\/www.uni.lu\/fr\/events\/the-impact-of-war-experiences-in-europe-the-conscription-of-non-german-men-and-women-into-the-wehrmacht-and-reichsarbeitsdienst-1938-1945\/","og_site_name":"UNI FR","article_publisher":"https:\/\/www.facebook.com\/uni.lu","og_image":[{"width":2560,"height":2560,"url":"https:\/\/www.uni.lu\/wp-content\/uploads\/sites\/11\/2026\/03\/03120045\/UNIV_SM-Profile_1600x1600px-scaled.jpg","type":"image\/jpeg"}],"twitter_card":"summary_large_image","twitter_misc":{"Dur\u00e9e de lecture estim\u00e9e":"2 minutes"},"schema":{"@context":"https:\/\/schema.org","@graph":[{"@type":"WebPage","@id":"https:\/\/www.uni.lu\/fr\/events\/the-impact-of-war-experiences-in-europe-the-conscription-of-non-german-men-and-women-into-the-wehrmacht-and-reichsarbeitsdienst-1938-1945\/","url":"https:\/\/www.uni.lu\/fr\/events\/the-impact-of-war-experiences-in-europe-the-conscription-of-non-german-men-and-women-into-the-wehrmacht-and-reichsarbeitsdienst-1938-1945\/","name":"The impact of war experiences in Europe \u2013 The conscription of non-German men and women into the Wehrmacht and Reichsarbeitsdienst (1938-1945) - Universit\u00e9 du Luxembourg","isPartOf":{"@id":"https:\/\/www.uni.lu\/fr\/#website"},"primaryImageOfPage":{"@id":"https:\/\/www.uni.lu\/fr\/events\/the-impact-of-war-experiences-in-europe-the-conscription-of-non-german-men-and-women-into-the-wehrmacht-and-reichsarbeitsdienst-1938-1945\/#primaryimage"},"image":{"@id":"https:\/\/www.uni.lu\/fr\/events\/the-impact-of-war-experiences-in-europe-the-conscription-of-non-german-men-and-women-into-the-wehrmacht-and-reichsarbeitsdienst-1938-1945\/#primaryimage"},"thumbnailUrl":"https:\/\/www.uni.lu\/wp-content\/uploads\/sites\/11\/2022\/08\/the_impact_of_war_experiences_in_europe_the_conscription_of_non_german_men_and_women_into_the_wehrmacht_and_reichsarbeitsdienst_1938_1945.jpg","datePublished":"2022-08-25T07:46:21+00:00","dateModified":"2022-08-25T07:46:21+00:00","description":"International conference organised by the C\u00b2DH WARLUX team.","breadcrumb":{"@id":"https:\/\/www.uni.lu\/fr\/events\/the-impact-of-war-experiences-in-europe-the-conscription-of-non-german-men-and-women-into-the-wehrmacht-and-reichsarbeitsdienst-1938-1945\/#breadcrumb"},"inLanguage":"fr-FR","potentialAction":[{"@type":"ReadAction","target":["https:\/\/www.uni.lu\/fr\/events\/the-impact-of-war-experiences-in-europe-the-conscription-of-non-german-men-and-women-into-the-wehrmacht-and-reichsarbeitsdienst-1938-1945\/"]}]},{"@type":"ImageObject","inLanguage":"fr-FR","@id":"https:\/\/www.uni.lu\/fr\/events\/the-impact-of-war-experiences-in-europe-the-conscription-of-non-german-men-and-women-into-the-wehrmacht-and-reichsarbeitsdienst-1938-1945\/#primaryimage","url":"https:\/\/www.uni.lu\/wp-content\/uploads\/sites\/11\/2022\/08\/the_impact_of_war_experiences_in_europe_the_conscription_of_non_german_men_and_women_into_the_wehrmacht_and_reichsarbeitsdienst_1938_1945.jpg","contentUrl":"https:\/\/www.uni.lu\/wp-content\/uploads\/sites\/11\/2022\/08\/the_impact_of_war_experiences_in_europe_the_conscription_of_non_german_men_and_women_into_the_wehrmacht_and_reichsarbeitsdienst_1938_1945.jpg","width":800,"height":600},{"@type":"BreadcrumbList","@id":"https:\/\/www.uni.lu\/fr\/events\/the-impact-of-war-experiences-in-europe-the-conscription-of-non-german-men-and-women-into-the-wehrmacht-and-reichsarbeitsdienst-1938-1945\/#breadcrumb","itemListElement":[{"@type":"ListItem","position":1,"name":"Home","item":"https:\/\/www.uni.lu\/fr\/"},{"@type":"ListItem","position":2,"name":"Events","item":"https:\/\/www.uni.lu\/fr\/events\/"},{"@type":"ListItem","position":3,"name":"The impact of war experiences in Europe \u2013 The conscription of non-German men and women into the Wehrmacht and Reichsarbeitsdienst (1938-1945)"}]},{"@type":"WebSite","@id":"https:\/\/www.uni.lu\/fr\/#website","url":"https:\/\/www.uni.lu\/fr\/","name":"Uni.lu","description":"Universit\u00e9 du Luxembourg","publisher":{"@id":"https:\/\/www.uni.lu\/fr\/#organization"},"alternateName":"Universit\u00e9 du Luxembourg","potentialAction":[{"@type":"SearchAction","target":{"@type":"EntryPoint","urlTemplate":"https:\/\/www.uni.lu\/fr\/?s={search_term_string}"},"query-input":"required name=search_term_string"}],"inLanguage":"fr-FR"},{"@type":"Organization","@id":"https:\/\/www.uni.lu\/fr\/#organization","name":"Universit\u00e9 du Luxembourg","alternateName":"Uni.lu","url":"https:\/\/www.uni.lu\/fr\/","logo":{"@type":"ImageObject","inLanguage":"fr-FR","@id":"https:\/\/www.uni.lu\/fr\/#\/schema\/logo\/image\/","url":"https:\/\/www.uni.lu\/wp-content\/uploads\/sites\/11\/2026\/03\/03120045\/UNIV_SM-Profile_1600x1600px-scaled.jpg","contentUrl":"https:\/\/www.uni.lu\/wp-content\/uploads\/sites\/11\/2026\/03\/03120045\/UNIV_SM-Profile_1600x1600px-scaled.jpg","width":2560,"height":2560,"caption":"Universit\u00e9 du Luxembourg"},"image":"https:\/\/www.uni.lu\/wp-content\/uploads\/sites\/11\/2026\/04\/24120552\/20200609-Belval-Campus_Henri-Goergen-23.jpg","sameAs":["https:\/\/www.facebook.com\/uni.lu","https:\/\/www.linkedin.com\/school\/university-of-luxembourg\/","https:\/\/www.instagram.com\/uni.lu","https:\/\/www.youtube.com\/@uni_lu","https:\/\/en.wikipedia.org\/wiki\/University_of_Luxembourg"],"email":"communication@uni.lu","telephone":"+352 46 66 44 1","address":{"@type":"PostalAddress","streetAddress":"2, place de l\u2019Universit\u00e9","addressLocality":"Esch-sur-Alzette","postalCode":"4365","addressCountry":"LU"},"description":"Universit\u00e9 du Luxembourg"}]}},"_links":{"self":[{"href":"https:\/\/www.uni.lu\/fr\/wp-json\/wp\/v2\/events\/8974"}],"collection":[{"href":"https:\/\/www.uni.lu\/fr\/wp-json\/wp\/v2\/events"}],"about":[{"href":"https:\/\/www.uni.lu\/fr\/wp-json\/wp\/v2\/types\/events"}],"replies":[{"embeddable":true,"href":"https:\/\/www.uni.lu\/fr\/wp-json\/wp\/v2\/comments?post=8974"}],"version-history":[{"count":0,"href":"https:\/\/www.uni.lu\/fr\/wp-json\/wp\/v2\/events\/8974\/revisions"}],"wp:featuredmedia":[{"embeddable":true,"href":"https:\/\/www.uni.lu\/fr\/wp-json\/wp\/v2\/media\/8975"}],"wp:attachment":[{"href":"https:\/\/www.uni.lu\/fr\/wp-json\/wp\/v2\/media?parent=8974"}],"wp:term":[{"taxonomy":"events-topic","embeddable":true,"href":"https:\/\/www.uni.lu\/fr\/wp-json\/wp\/v2\/events-topic?post=8974"},{"taxonomy":"events-type","embeddable":true,"href":"https:\/\/www.uni.lu\/fr\/wp-json\/wp\/v2\/events-type?post=8974"},{"taxonomy":"organisation","embeddable":true,"href":"https:\/\/www.uni.lu\/fr\/wp-json\/wp\/v2\/organisation?post=8974"}],"curies":[{"name":"wp","href":"https:\/\/api.w.org\/{rel}","templated":true}]}}