{"id":8936,"date":"2022-07-01T14:36:48","date_gmt":"2022-07-01T12:36:48","guid":{"rendered":"https:\/\/www.uni.lu\/fr\/events\/2nd-robert-schuman-lecture-luxembourg-capitale-europeenne-a-coeur-ou-a-raison\/"},"modified":"2022-07-01T14:36:48","modified_gmt":"2022-07-01T12:36:48","slug":"2nd-robert-schuman-lecture-luxembourg-capitale-europeenne-a-coeur-ou-a-raison","status":"publish","type":"events","link":"https:\/\/www.uni.lu\/fr\/events\/2nd-robert-schuman-lecture-luxembourg-capitale-europeenne-a-coeur-ou-a-raison\/","title":{"rendered":"2nd Robert Schuman Lecture &#8211; Luxembourg \u2013 Capitale europ\u00e9enne \u00e0 c\u0153ur ou \u00e0 raison?"},"content":{"rendered":"<section class=\"wp-block-unilux-blocks-free-section section\"><div class=\"container xl:max-w-screen-xl\"><p>2nd Robert Schuman Lecture<\/p><p>L\u2019entr\u00e9e en vigueur, le 23 juillet 1952, du trait\u00e9 de la Communaut\u00e9 Europ\u00e9enne du Charon et de l\u2019Acier et le choix de Luxembourg comme lieu de travail provisoire de la CECA marque le destin de la ville en tant que \u201cpremi\u00e8re capitale de l\u2019Europe unie\u201d. L\u2019Ex\u00e9cutif communautaire ind\u00e9pendant, la Haute Autorit\u00e9 pr\u00e9sid\u00e9e par Jean Monnet, ouvre officiellement ses travaux le 10 ao\u00fbt 1952 \u00e0 l\u2019H\u00f4tel de Ville \u2013 en pr\u00e9sence du Bourgmestre \u00c9mile Hamilius \u2013 et installe ses services dans le b\u00e2timent qui abrite aujourd\u2019hui la Spuerkeess. La r\u00e9union solennelle de la Cour de Justice se tient le 10 d\u00e9cembre au Cercle Municipal, \u00e0 la Place d\u2019Armes, tadis que les bureaux des juges fonctionnent \u00e0 la Villa Vauban. De 1952 \u00e0 1954, la grande salle de l\u2019H\u00f4tel de Ville accueille r\u00e9guli\u00e8rement les r\u00e9unions du Conseil sp\u00e9cial de ministres. Au fur et \u00e0 mesure de la construction europ\u00e9enne et gr\u00e2ce aux efforts de la diplomatie luxembourgeoise, la ville de Luxembourg allait consolider son statut europ\u00e9en (toujours provisoire), aux c\u00f4t\u00e9s de Strasbourg (si\u00e8ge de l\u2019Assembl\u00e9e commune) et de Bruxelles, qui s\u2019y rajoute en 1958, dans le sillage de la cr\u00e9ation de la Communaut\u00e9 \u00e9conomique europ\u00e9enne (CEE) et l\u2019Euratom. Ce n\u2019est que le Conseil europ\u00e9en d\u2019\u00c9dimbourg (1992) consacre la tripolarit\u00e9 Luxembourg \u2013 Bruxelles \u2013 Strasbourg comme \u00ab capitales permanentes de l\u2019Union \u00bb.<\/p><p>Pour retracer les moments forts du devenir europ\u00e9en de la capitale du Grand-Duch\u00e9 de Luxembourg,\u00a0 pour \u00e9couter les t\u00e9moignages d\u2019\u00e9minentes personnalit\u00e9s luxembourgeoises et europ\u00e9ennes et pour d\u00e9battre des perspectives d\u2019avenir:<\/p><p><strong>l\u2019Europe Direct de l\u2019Universit\u00e9 du Luxembourg<\/strong> et ses partenaires<\/p><p>\u2013 l\u2019Universit\u00e9 du Luxembourg, le Luxembourg Centre for Contemporary and Digital History (C\u00b2DH),<\/p><p>la Ville du Luxembourg, le Minist\u00e8re des Affaires \u00e9trang\u00e8res et europ\u00e9ennes, la Fondation du M\u00e9rite Europ\u00e9en, le Mouvement europ\u00e9en Luxembourg, la Repr\u00e9sentation de la Commission europ\u00e9enne et le Bureau de liaison du Parlement europ\u00e9en au Luxembourg,<\/p><p>ainsi que les centres Europe Direct de la Grande R\u00e9gion \u00a0\u2013<\/p><p>ont le plaisir de vous convier \u00e0 <strong>la 2e \u00e9dition de \u201cRobert Schuman Lecture\u201d<\/strong> intitul\u00e9e:<\/p><p>\u00a0<\/p><p><strong><i>La manifestation \u00a0aura lieu le mercredi 6 juillet 2022, de 18h00 \u00e0 20h00 \u00e0 l\u2019Auditorium Cercle Cit\u00e9 (3, Rue Genistre, L-1623 Luxembourg).<\/i><\/strong><\/p><p><strong>Inscription possible jusqu&rsquo;au 4 juillet par courriel \u00e0 :\u00a0Europe-Direct-University@uni.lu<\/strong><\/p>\n<h3 class=\"has-text-align-left wp-block-unilux-blocks-heading\"        id=\"programme\"\n    >\nProgramme\u00a0<\/h3>\n<p><strong>Ouverture<\/strong><\/p><p><strong>18h00 Mot de bienvenue<\/strong><\/p><ul class=\"ulux-list\"><li class=\"ulux-list-item\"><strong>Dr Elena Danescu<\/strong>, Coordinatrice Europe Direct de l\u2019Universit\u00e9 du\u00a0Luxembourg<\/li><li class=\"ulux-list-item\"><strong>Prof. Dr St\u00e9phane Pallage<\/strong>, Recteur de l\u2019Universit\u00e9 du Luxembourg<\/li><\/ul><p><strong>18h10 Allocution d\u2019ouverture<\/strong><\/p><ul class=\"ulux-list\"><li class=\"ulux-list-item\"><strong>Mme Lydie Polfer<\/strong>, Bourgmestre de la Ville de Luxembourg<\/li><\/ul><p><strong>Conf\u00e9rence<\/strong><\/p><p><strong>18h25 De l\u2019installation pr\u00e9cipit\u00e9e \u00e0 la lancinante question du si\u00e8ge\u2026<\/strong><\/p><ul class=\"ulux-list\"><li class=\"ulux-list-item\"><strong>Mme Colette Flesch<\/strong>, ancienne Bourgmestre de la Ville de\u00a0Luxembourg, ancienne d\u00e9put\u00e9e luxembourgeoise et europ\u00e9enne,\u00a0ancienne Vice-Premi\u00e8re Ministre et Ministre des Affaires \u00e9trang\u00e8res<\/li><li class=\"ulux-list-item\">Session de questions-r\u00e9ponses avec le public<\/li><\/ul><p><strong>19h10 Capitale europ\u00e9enne, urbanisme et architecture<\/strong><\/p><ul class=\"ulux-list\"><li class=\"ulux-list-item\"><strong>Dr Robert L. Philippart<\/strong>, docteur en histoire<\/li><\/ul><p><strong>Cl\u00f4ture<\/strong><\/p><p><strong>19h45 Conclusions<\/strong><\/p><ul class=\"ulux-list\"><li class=\"ulux-list-item\"><strong>M. Jacques Santer<\/strong>, Ministre d\u2019\u00c9tat honoraire, ancien Pr\u00e9sident\u00a0de la Commission europ\u00e9enne, Pr\u00e9sident de la Fondation du\u00a0M\u00e9rite Europ\u00e9en<\/li><\/ul><p><\/p>\n<h3 class=\"has-text-align-left wp-block-unilux-blocks-heading\"        id=\"presentation-des-orateurs\"\n    >\nPr\u00e9sentation des orateurs<\/h3>\n<p><strong>Mme Colette Flesch<\/strong> est \u00e9lue pour la premi\u00e8re fois \u00e0 la Chambre des d\u00e9put\u00e9s en\u00a01969. En 1970, elle devient, \u00e0 32 ans, la premi\u00e8re femme bourgmestre de la Ville de\u00a0Luxembourg, mandat qu\u2019elle exerce jusqu\u2019en 1980. Elle a \u00e9t\u00e9 \u00e9lue de nombreuses\u00a0fois \u00e0 la Chambre des d\u00e9put\u00e9s (1969-1980, 1984-1989, 2004-2009) et au Parlement\u00a0europ\u00e9en (1969-1980, 1984-1985, 1989-1990, 1999-2004). En 1976, elle est la\u00a0secr\u00e9taire g\u00e9n\u00e9rale du Parti d\u00e9mocratique, dont elle devient la pr\u00e9sidente (1981-1989). De 1980 \u00e0 1984, elle est Vice-Premier ministre du gouvernement conduit par Pierre Werner, tout en d\u00e9tenant les portefeuilles des Affaires \u00e9trang\u00e8res, du\u00a0Commerce ext\u00e9rieur et de la Coop\u00e9ration, de l&rsquo;\u00c9conomie, des Petites et Moyennes\u00a0entreprises et de la Justice. De 1990 \u00e0 1997, elle a \u00e9t\u00e9 directrice g\u00e9n\u00e9rale de<\/p><p>l&rsquo;Information, de la Communication, de la Culture et de l&rsquo;Audiovisuel et de 1997 \u00e0\u00a01999 de la Traduction et de l&rsquo;Informatique \u00e0 la Commission europ\u00e9enne. Elle a\u00a0\u00e9galement \u00e9t\u00e9 pr\u00e9sidente de l\u2019Institut Europ\u00e9en des Itin\u00e9raires Culturels (IEIC).\u00a0Escrimeuse \u00e9m\u00e9rite, Colette Flesch a particip\u00e9 en individuel \u00e0 trois \u00e9ditions des Jeux\u00a0olympiques (1960, 1964 et 1968).<\/p><p><strong>M. Robert L. Philippart<\/strong> est Docteur en histoire de l&rsquo;Universit\u00e9 Catholique de\u00a0Louvain (UCL) et est actuellement gestionnaire de site de l&rsquo;UNESCO au Minist\u00e8re de\u00a0la Culture pour le bien \u00ab Luxembourg, vieux quartiers et fortifications \u00bb inscrit au\u00a0registre du patrimoine mondial, ainsi que coordinateur du patrimoine naturel\u00a0aupr\u00e8s de ce minist\u00e8re. Ses recherches et publications portent sur l&rsquo;histoire urbaine,<\/p><p>l&rsquo;architecture, l&rsquo;histoire sociale ainsi que sur l&rsquo;ing\u00e9nierie luxembourgeoise en Chine. Il\u00a0\u00e9tait directeur de l&rsquo;Office National du Tourisme (1993-2015) et directeur-ambassadeur\u00a0touristique \u00e0 Luxembourg for Tourism en 2016\/2017. De 2006 \u00e0 2018\u00a0il fut collaborateur scientifique aupr\u00e8s de l&rsquo;Institute for the analyses of change in\u00a0contemporary and historical societies (UCL). Il est membre du Directoire de la<\/p><p>Fondation du M\u00e9rite Europ\u00e9en, membre du Conseil d&rsquo;Administration de l&rsquo;Institut\u00a0Europ\u00e9en des Itin\u00e9raires Culturels (IEIC) et expert associ\u00e9 \u00e0 la Commission\u00a0luxembourgeoise pour la coop\u00e9ration avec l&rsquo;UNESCO.<\/p>\n<h3 class=\"has-text-align-left wp-block-unilux-blocks-heading\"        id=\"partenaires\"\n    >\nPartenaires<\/h3>\n<figure class=\"wp-block-dev4-reusable-blocks-image  object-fit--contain\">\n    \n<img decoding=\"async\" class=\"wp-block-image unilux-custom-image-block\"\n                alt=\"\"\n            src=\"https:\/\/www.uni.lu\/wp-content\/uploads\/sites\/11\/2024\/01\/partenaires_reference.png\"\n                srcset=\"https:\/\/www.uni.lu\/wp-content\/uploads\/sites\/11\/2024\/01\/partenaires_reference-300x136.png 300w, https:\/\/www.uni.lu\/wp-content\/uploads\/sites\/11\/2024\/01\/partenaires_reference.png 540w\"\n                style=\"object-position: 50.00% 50.00%; font-family: &quot;object-fit: contain; object-position: 50.00% 50.00%;&quot;; aspect-ratio: 21\/9; object-fit: contain; width: 100%;\"\n        loading=\"lazy\"\n\/>    <\/figure>\n<h3 class=\"has-text-align-left wp-block-unilux-blocks-heading\"        id=\"enregistrement-du-webinaire\"\n    >\nEnregistrement du Webinaire:<\/h3>\n<p><\/p><\/div><\/section>","protected":false},"excerpt":{"rendered":"<p>2nd Robert Schuman Lecture<\/p>\n","protected":false},"author":0,"featured_media":8937,"parent":0,"menu_order":0,"comment_status":"open","ping_status":"closed","template":"","format":"standard","meta":{"featured_image_focal_point":[],"show_featured_caption":false,"ulux_newsletter_groups":"","uluxPostTitle":"","uluxPrePostTitle":"","_trash_the_other_posts":false,"_price":"","_stock":"","_tribe_ticket_header":"","_tribe_default_ticket_provider":"","_tribe_ticket_capacity":"0","_ticket_start_date":"","_ticket_end_date":"","_tribe_ticket_show_description":"","_tribe_ticket_show_not_going":false,"_tribe_ticket_use_global_stock":"","_tribe_ticket_global_stock_level":"","_global_stock_mode":"","_global_stock_cap":"","_tribe_rsvp_for_event":"","_tribe_ticket_going_count":"","_tribe_ticket_not_going_count":"","_tribe_tickets_list":"[]","_tribe_ticket_has_attendee_info_fields":false,"event_start_date":"2022-07-06 18:00:00","event_end_date":"2022-07-06 20:00:00","event_speaker_name":"par ordre alphab\u00e9tique : Dr Elena Danescu, Mme Colette Flesch, Prof. Dr St\u00e9phane Pallage, Dr Robert L. Philippart, Mme Lydie Polfer, M. Jacques Santer","event_speaker_link":"","event_is_online":false,"event_location":"Cercle Cit\u00e9 - Auditorium - 2\u00e8me \u00e9tage","event_street":"Cercle Cit\u00e9 Luxembourg - 3 rue Genistre","event_location_link":"","event_zip_code":"L-2012","event_city":"Luxembourg","event_country":"LU"},"events-topic":[322],"events-type":[],"organisation":[221,226],"authorship":[],"acf":[],"yoast_head":"<!-- This site is optimized with the Yoast SEO Premium plugin v22.3 (Yoast SEO v22.3) - https:\/\/yoast.com\/wordpress\/plugins\/seo\/ -->\n<title>2nd Robert Schuman Lecture - Luxembourg \u2013 Capitale europ\u00e9enne \u00e0 c\u0153ur ou \u00e0 raison? - Universit\u00e9 du Luxembourg<\/title>\n<meta name=\"description\" content=\"2nd Robert Schuman Lecture\" \/>\n<meta name=\"robots\" content=\"index, follow, max-snippet:-1, max-image-preview:large, max-video-preview:-1\" \/>\n<link rel=\"canonical\" href=\"https:\/\/www.uni.lu\/fr\/events\/2nd-robert-schuman-lecture-luxembourg-capitale-europeenne-a-coeur-ou-a-raison\/\" \/>\n<meta property=\"og:locale\" content=\"fr_FR\" \/>\n<meta property=\"og:type\" content=\"article\" \/>\n<meta property=\"og:title\" content=\"2nd Robert Schuman Lecture - Luxembourg \u2013 Capitale europ\u00e9enne \u00e0 c\u0153ur ou \u00e0 raison?\" \/>\n<meta property=\"og:description\" content=\"2nd Robert Schuman Lecture\" \/>\n<meta property=\"og:url\" content=\"https:\/\/www.uni.lu\/fr\/events\/2nd-robert-schuman-lecture-luxembourg-capitale-europeenne-a-coeur-ou-a-raison\/\" \/>\n<meta property=\"og:site_name\" content=\"UNI FR\" \/>\n<meta property=\"article:publisher\" content=\"https:\/\/www.facebook.com\/uni.lu\" \/>\n<meta property=\"og:image\" content=\"https:\/\/www.uni.lu\/wp-content\/uploads\/sites\/11\/2026\/03\/03120045\/UNIV_SM-Profile_1600x1600px-scaled.jpg\" \/>\n\t<meta property=\"og:image:width\" content=\"2560\" \/>\n\t<meta property=\"og:image:height\" content=\"2560\" \/>\n\t<meta property=\"og:image:type\" content=\"image\/jpeg\" \/>\n<meta name=\"twitter:card\" content=\"summary_large_image\" \/>\n<meta name=\"twitter:label1\" content=\"Dur\u00e9e de lecture estim\u00e9e\" \/>\n\t<meta name=\"twitter:data1\" content=\"4 minutes\" \/>\n<script type=\"application\/ld+json\" class=\"yoast-schema-graph\">{\"@context\":\"https:\/\/schema.org\",\"@graph\":[{\"@type\":\"WebPage\",\"@id\":\"https:\/\/www.uni.lu\/fr\/events\/2nd-robert-schuman-lecture-luxembourg-capitale-europeenne-a-coeur-ou-a-raison\/\",\"url\":\"https:\/\/www.uni.lu\/fr\/events\/2nd-robert-schuman-lecture-luxembourg-capitale-europeenne-a-coeur-ou-a-raison\/\",\"name\":\"2nd Robert Schuman Lecture - Luxembourg \u2013 Capitale europ\u00e9enne \u00e0 c\u0153ur ou \u00e0 raison? - Universit\u00e9 du Luxembourg\",\"isPartOf\":{\"@id\":\"https:\/\/www.uni.lu\/fr\/#website\"},\"primaryImageOfPage\":{\"@id\":\"https:\/\/www.uni.lu\/fr\/events\/2nd-robert-schuman-lecture-luxembourg-capitale-europeenne-a-coeur-ou-a-raison\/#primaryimage\"},\"image\":{\"@id\":\"https:\/\/www.uni.lu\/fr\/events\/2nd-robert-schuman-lecture-luxembourg-capitale-europeenne-a-coeur-ou-a-raison\/#primaryimage\"},\"thumbnailUrl\":\"https:\/\/www.uni.lu\/wp-content\/uploads\/sites\/11\/2022\/07\/2nd_robert_schuman_lecture_luxembourg_capitale_europeenne_a_coeur_ou_a_raison.jpg\",\"datePublished\":\"2022-07-01T12:36:48+00:00\",\"dateModified\":\"2022-07-01T12:36:48+00:00\",\"description\":\"2nd Robert Schuman Lecture\",\"breadcrumb\":{\"@id\":\"https:\/\/www.uni.lu\/fr\/events\/2nd-robert-schuman-lecture-luxembourg-capitale-europeenne-a-coeur-ou-a-raison\/#breadcrumb\"},\"inLanguage\":\"fr-FR\",\"potentialAction\":[{\"@type\":\"ReadAction\",\"target\":[\"https:\/\/www.uni.lu\/fr\/events\/2nd-robert-schuman-lecture-luxembourg-capitale-europeenne-a-coeur-ou-a-raison\/\"]}]},{\"@type\":\"ImageObject\",\"inLanguage\":\"fr-FR\",\"@id\":\"https:\/\/www.uni.lu\/fr\/events\/2nd-robert-schuman-lecture-luxembourg-capitale-europeenne-a-coeur-ou-a-raison\/#primaryimage\",\"url\":\"https:\/\/www.uni.lu\/wp-content\/uploads\/sites\/11\/2022\/07\/2nd_robert_schuman_lecture_luxembourg_capitale_europeenne_a_coeur_ou_a_raison.jpg\",\"contentUrl\":\"https:\/\/www.uni.lu\/wp-content\/uploads\/sites\/11\/2022\/07\/2nd_robert_schuman_lecture_luxembourg_capitale_europeenne_a_coeur_ou_a_raison.jpg\",\"width\":800,\"height\":600},{\"@type\":\"BreadcrumbList\",\"@id\":\"https:\/\/www.uni.lu\/fr\/events\/2nd-robert-schuman-lecture-luxembourg-capitale-europeenne-a-coeur-ou-a-raison\/#breadcrumb\",\"itemListElement\":[{\"@type\":\"ListItem\",\"position\":1,\"name\":\"Home\",\"item\":\"https:\/\/www.uni.lu\/fr\/\"},{\"@type\":\"ListItem\",\"position\":2,\"name\":\"Events\",\"item\":\"https:\/\/www.uni.lu\/fr\/events\/\"},{\"@type\":\"ListItem\",\"position\":3,\"name\":\"2nd Robert Schuman Lecture - Luxembourg \u2013 Capitale europ\u00e9enne \u00e0 c\u0153ur ou \u00e0 raison?\"}]},{\"@type\":\"WebSite\",\"@id\":\"https:\/\/www.uni.lu\/fr\/#website\",\"url\":\"https:\/\/www.uni.lu\/fr\/\",\"name\":\"Uni.lu\",\"description\":\"Universit\u00e9 du Luxembourg\",\"publisher\":{\"@id\":\"https:\/\/www.uni.lu\/fr\/#organization\"},\"alternateName\":\"Universit\u00e9 du Luxembourg\",\"potentialAction\":[{\"@type\":\"SearchAction\",\"target\":{\"@type\":\"EntryPoint\",\"urlTemplate\":\"https:\/\/www.uni.lu\/fr\/?s={search_term_string}\"},\"query-input\":\"required name=search_term_string\"}],\"inLanguage\":\"fr-FR\"},{\"@type\":\"Organization\",\"@id\":\"https:\/\/www.uni.lu\/fr\/#organization\",\"name\":\"Universit\u00e9 du Luxembourg\",\"alternateName\":\"Uni.lu\",\"url\":\"https:\/\/www.uni.lu\/fr\/\",\"logo\":{\"@type\":\"ImageObject\",\"inLanguage\":\"fr-FR\",\"@id\":\"https:\/\/www.uni.lu\/fr\/#\/schema\/logo\/image\/\",\"url\":\"https:\/\/www.uni.lu\/wp-content\/uploads\/sites\/11\/2026\/03\/03120045\/UNIV_SM-Profile_1600x1600px-scaled.jpg\",\"contentUrl\":\"https:\/\/www.uni.lu\/wp-content\/uploads\/sites\/11\/2026\/03\/03120045\/UNIV_SM-Profile_1600x1600px-scaled.jpg\",\"width\":2560,\"height\":2560,\"caption\":\"Universit\u00e9 du Luxembourg\"},\"image\":\"https:\/\/www.uni.lu\/wp-content\/uploads\/sites\/11\/2026\/04\/24120552\/20200609-Belval-Campus_Henri-Goergen-23.jpg\",\"sameAs\":[\"https:\/\/www.facebook.com\/uni.lu\",\"https:\/\/www.linkedin.com\/school\/university-of-luxembourg\/\",\"https:\/\/www.instagram.com\/uni.lu\",\"https:\/\/www.youtube.com\/@uni_lu\",\"https:\/\/en.wikipedia.org\/wiki\/University_of_Luxembourg\"],\"email\":\"communication@uni.lu\",\"telephone\":\"+352 46 66 44 1\",\"address\":{\"@type\":\"PostalAddress\",\"streetAddress\":\"2, place de l\u2019Universit\u00e9\",\"addressLocality\":\"Esch-sur-Alzette\",\"postalCode\":\"4365\",\"addressCountry\":\"LU\"},\"description\":\"Universit\u00e9 du Luxembourg\"}]}<\/script>\n<!-- \/ Yoast SEO Premium plugin. -->","yoast_head_json":{"title":"2nd Robert Schuman Lecture - Luxembourg \u2013 Capitale europ\u00e9enne \u00e0 c\u0153ur ou \u00e0 raison? - Universit\u00e9 du Luxembourg","description":"2nd Robert Schuman Lecture","robots":{"index":"index","follow":"follow","max-snippet":"max-snippet:-1","max-image-preview":"max-image-preview:large","max-video-preview":"max-video-preview:-1"},"canonical":"https:\/\/www.uni.lu\/fr\/events\/2nd-robert-schuman-lecture-luxembourg-capitale-europeenne-a-coeur-ou-a-raison\/","og_locale":"fr_FR","og_type":"article","og_title":"2nd Robert Schuman Lecture - Luxembourg \u2013 Capitale europ\u00e9enne \u00e0 c\u0153ur ou \u00e0 raison?","og_description":"2nd Robert Schuman Lecture","og_url":"https:\/\/www.uni.lu\/fr\/events\/2nd-robert-schuman-lecture-luxembourg-capitale-europeenne-a-coeur-ou-a-raison\/","og_site_name":"UNI FR","article_publisher":"https:\/\/www.facebook.com\/uni.lu","og_image":[{"width":2560,"height":2560,"url":"https:\/\/www.uni.lu\/wp-content\/uploads\/sites\/11\/2026\/03\/03120045\/UNIV_SM-Profile_1600x1600px-scaled.jpg","type":"image\/jpeg"}],"twitter_card":"summary_large_image","twitter_misc":{"Dur\u00e9e de lecture estim\u00e9e":"4 minutes"},"schema":{"@context":"https:\/\/schema.org","@graph":[{"@type":"WebPage","@id":"https:\/\/www.uni.lu\/fr\/events\/2nd-robert-schuman-lecture-luxembourg-capitale-europeenne-a-coeur-ou-a-raison\/","url":"https:\/\/www.uni.lu\/fr\/events\/2nd-robert-schuman-lecture-luxembourg-capitale-europeenne-a-coeur-ou-a-raison\/","name":"2nd Robert Schuman Lecture - Luxembourg \u2013 Capitale europ\u00e9enne \u00e0 c\u0153ur ou \u00e0 raison? - Universit\u00e9 du Luxembourg","isPartOf":{"@id":"https:\/\/www.uni.lu\/fr\/#website"},"primaryImageOfPage":{"@id":"https:\/\/www.uni.lu\/fr\/events\/2nd-robert-schuman-lecture-luxembourg-capitale-europeenne-a-coeur-ou-a-raison\/#primaryimage"},"image":{"@id":"https:\/\/www.uni.lu\/fr\/events\/2nd-robert-schuman-lecture-luxembourg-capitale-europeenne-a-coeur-ou-a-raison\/#primaryimage"},"thumbnailUrl":"https:\/\/www.uni.lu\/wp-content\/uploads\/sites\/11\/2022\/07\/2nd_robert_schuman_lecture_luxembourg_capitale_europeenne_a_coeur_ou_a_raison.jpg","datePublished":"2022-07-01T12:36:48+00:00","dateModified":"2022-07-01T12:36:48+00:00","description":"2nd Robert Schuman Lecture","breadcrumb":{"@id":"https:\/\/www.uni.lu\/fr\/events\/2nd-robert-schuman-lecture-luxembourg-capitale-europeenne-a-coeur-ou-a-raison\/#breadcrumb"},"inLanguage":"fr-FR","potentialAction":[{"@type":"ReadAction","target":["https:\/\/www.uni.lu\/fr\/events\/2nd-robert-schuman-lecture-luxembourg-capitale-europeenne-a-coeur-ou-a-raison\/"]}]},{"@type":"ImageObject","inLanguage":"fr-FR","@id":"https:\/\/www.uni.lu\/fr\/events\/2nd-robert-schuman-lecture-luxembourg-capitale-europeenne-a-coeur-ou-a-raison\/#primaryimage","url":"https:\/\/www.uni.lu\/wp-content\/uploads\/sites\/11\/2022\/07\/2nd_robert_schuman_lecture_luxembourg_capitale_europeenne_a_coeur_ou_a_raison.jpg","contentUrl":"https:\/\/www.uni.lu\/wp-content\/uploads\/sites\/11\/2022\/07\/2nd_robert_schuman_lecture_luxembourg_capitale_europeenne_a_coeur_ou_a_raison.jpg","width":800,"height":600},{"@type":"BreadcrumbList","@id":"https:\/\/www.uni.lu\/fr\/events\/2nd-robert-schuman-lecture-luxembourg-capitale-europeenne-a-coeur-ou-a-raison\/#breadcrumb","itemListElement":[{"@type":"ListItem","position":1,"name":"Home","item":"https:\/\/www.uni.lu\/fr\/"},{"@type":"ListItem","position":2,"name":"Events","item":"https:\/\/www.uni.lu\/fr\/events\/"},{"@type":"ListItem","position":3,"name":"2nd Robert Schuman Lecture - Luxembourg \u2013 Capitale europ\u00e9enne \u00e0 c\u0153ur ou \u00e0 raison?"}]},{"@type":"WebSite","@id":"https:\/\/www.uni.lu\/fr\/#website","url":"https:\/\/www.uni.lu\/fr\/","name":"Uni.lu","description":"Universit\u00e9 du Luxembourg","publisher":{"@id":"https:\/\/www.uni.lu\/fr\/#organization"},"alternateName":"Universit\u00e9 du Luxembourg","potentialAction":[{"@type":"SearchAction","target":{"@type":"EntryPoint","urlTemplate":"https:\/\/www.uni.lu\/fr\/?s={search_term_string}"},"query-input":"required name=search_term_string"}],"inLanguage":"fr-FR"},{"@type":"Organization","@id":"https:\/\/www.uni.lu\/fr\/#organization","name":"Universit\u00e9 du Luxembourg","alternateName":"Uni.lu","url":"https:\/\/www.uni.lu\/fr\/","logo":{"@type":"ImageObject","inLanguage":"fr-FR","@id":"https:\/\/www.uni.lu\/fr\/#\/schema\/logo\/image\/","url":"https:\/\/www.uni.lu\/wp-content\/uploads\/sites\/11\/2026\/03\/03120045\/UNIV_SM-Profile_1600x1600px-scaled.jpg","contentUrl":"https:\/\/www.uni.lu\/wp-content\/uploads\/sites\/11\/2026\/03\/03120045\/UNIV_SM-Profile_1600x1600px-scaled.jpg","width":2560,"height":2560,"caption":"Universit\u00e9 du Luxembourg"},"image":"https:\/\/www.uni.lu\/wp-content\/uploads\/sites\/11\/2026\/04\/24120552\/20200609-Belval-Campus_Henri-Goergen-23.jpg","sameAs":["https:\/\/www.facebook.com\/uni.lu","https:\/\/www.linkedin.com\/school\/university-of-luxembourg\/","https:\/\/www.instagram.com\/uni.lu","https:\/\/www.youtube.com\/@uni_lu","https:\/\/en.wikipedia.org\/wiki\/University_of_Luxembourg"],"email":"communication@uni.lu","telephone":"+352 46 66 44 1","address":{"@type":"PostalAddress","streetAddress":"2, place de l\u2019Universit\u00e9","addressLocality":"Esch-sur-Alzette","postalCode":"4365","addressCountry":"LU"},"description":"Universit\u00e9 du Luxembourg"}]}},"_links":{"self":[{"href":"https:\/\/www.uni.lu\/fr\/wp-json\/wp\/v2\/events\/8936"}],"collection":[{"href":"https:\/\/www.uni.lu\/fr\/wp-json\/wp\/v2\/events"}],"about":[{"href":"https:\/\/www.uni.lu\/fr\/wp-json\/wp\/v2\/types\/events"}],"replies":[{"embeddable":true,"href":"https:\/\/www.uni.lu\/fr\/wp-json\/wp\/v2\/comments?post=8936"}],"version-history":[{"count":0,"href":"https:\/\/www.uni.lu\/fr\/wp-json\/wp\/v2\/events\/8936\/revisions"}],"wp:featuredmedia":[{"embeddable":true,"href":"https:\/\/www.uni.lu\/fr\/wp-json\/wp\/v2\/media\/8937"}],"wp:attachment":[{"href":"https:\/\/www.uni.lu\/fr\/wp-json\/wp\/v2\/media?parent=8936"}],"wp:term":[{"taxonomy":"events-topic","embeddable":true,"href":"https:\/\/www.uni.lu\/fr\/wp-json\/wp\/v2\/events-topic?post=8936"},{"taxonomy":"events-type","embeddable":true,"href":"https:\/\/www.uni.lu\/fr\/wp-json\/wp\/v2\/events-type?post=8936"},{"taxonomy":"organisation","embeddable":true,"href":"https:\/\/www.uni.lu\/fr\/wp-json\/wp\/v2\/organisation?post=8936"}],"curies":[{"name":"wp","href":"https:\/\/api.w.org\/{rel}","templated":true}]}}