{"id":8929,"date":"2022-06-21T14:34:30","date_gmt":"2022-06-21T12:34:30","guid":{"rendered":"https:\/\/www.uni.lu\/fr\/events\/formation-continue-en-amenagement-du-territoire-session-dinformation\/"},"modified":"2022-06-21T14:34:30","modified_gmt":"2022-06-21T12:34:30","slug":"formation-continue-en-amenagement-du-territoire-session-dinformation","status":"publish","type":"events","link":"https:\/\/www.uni.lu\/fr\/events\/formation-continue-en-amenagement-du-territoire-session-dinformation\/","title":{"rendered":"Formation Continue en Am\u00e9nagement du Territoire: Session d&rsquo;information"},"content":{"rendered":"<section class=\"wp-block-unilux-blocks-free-section section\"><div class=\"container xl:max-w-screen-xl\"><p>Le D\u00e9partement de G\u00e9ographie et Am\u00e9nagement du Territoire, en collaboration avec l\u2019Ordre des Architectes et des Ing\u00e9nieurs-Conseils (OAI), a le plaisir de vous inviter \u00e0 une s\u00e9ance d\u2019information et de pr\u00e9sentation de la Formation Continue en Am\u00e9nagement du Territoire qui se tiendra <strong>le 14 juillet 2022 \u00e0 18h30 au Forum da Vinci au 6 Bd Grande-Duchesse Charlotte \u00e0 Luxembourg<\/strong>.<\/p><p>La s\u00e9ance d\u2019information est ouverte aux praticiens des bureaux de planification, des administrations publiques ou des syndicats intercommunaux qui travaillent dans le domaine de l\u2019am\u00e9nagement communal et r\u00e9gional au Luxembourg et dans la Grande R\u00e9gion, en particulier les architectes, urbanistes, g\u00e9ographes ainsi que les ing\u00e9nieurs-techniciens ayant une exp\u00e9rience professionnelle pertinente.<\/p><p>\u00a0<\/p><p>La s\u00e9ance offrira une opportunit\u00e9 aux participants de d\u00e9couvrir la Formation Continue en Am\u00e9nagement du Territoire qui permet d\u2019acqu\u00e9rir les principes fondamentaux de l\u2019am\u00e9nagement du territoire au Luxembourg ainsi que des connaissances sur les instruments de planification, \u00e0 savoir le Programme Directeur d\u2019Am\u00e9nagement du Territoire, les Plans Directeurs Sectoriels, les Etudes Pr\u00e9paratoires, les Plans d\u2019Am\u00e9nagement G\u00e9n\u00e9raux et Particuliers (PAG, PAP), ainsi que les Sch\u00e9mas Directeurs.<\/p><p>\u00a0<\/p><p>Merci de confirmer votre pr\u00e9sence \u00e0 cette s\u00e9ance d\u2019information par mail (<a href=\"mailto:tom.becker@uni.lu\" target=\"_self\" title=\"\" rel=\"noopener\">tom.becker@uni.lu<\/a>) <strong>avant le 12 juillet 2022.<\/strong><\/p><p>\u00a0<\/p><p>Pour plus d&rsquo;informations sur la Formation Continue en Am\u00e9nagement du Territoire, veuillez consulter notre page d\u00e9di\u00e9e\u00a0: fcat.uni.lu<\/p><\/div><\/section>","protected":false},"excerpt":{"rendered":"<p>Le D\u00e9partement de G\u00e9ographie et Am\u00e9nagement du Territoire, en collaboration avec l\u2019Ordre des Architectes et des Ing\u00e9nieurs-Conseils (OAI), a le plaisir de vous inviter \u00e0 une s\u00e9ance d\u2019information et de pr\u00e9sentation de la Formation Continue en Am\u00e9nagement du Territoire qui se tiendra le 14 juillet 2022 \u00e0 18h30 au Forum da Vinci au 6 Bd Grande-Duchesse Charlotte \u00e0 Luxembourg.<\/p>\n","protected":false},"author":0,"featured_media":8930,"parent":0,"menu_order":0,"comment_status":"open","ping_status":"closed","template":"","format":"standard","meta":{"featured_image_focal_point":[],"show_featured_caption":false,"ulux_newsletter_groups":"","uluxPostTitle":"","uluxPrePostTitle":"","_trash_the_other_posts":false,"_price":"","_stock":"","_tribe_ticket_header":"","_tribe_default_ticket_provider":"","_tribe_ticket_capacity":"0","_ticket_start_date":"","_ticket_end_date":"","_tribe_ticket_show_description":"","_tribe_ticket_show_not_going":false,"_tribe_ticket_use_global_stock":"","_tribe_ticket_global_stock_level":"","_global_stock_mode":"","_global_stock_cap":"","_tribe_rsvp_for_event":"","_tribe_ticket_going_count":"","_tribe_ticket_not_going_count":"","_tribe_tickets_list":"[]","_tribe_ticket_has_attendee_info_fields":false,"event_start_date":"2022-07-14 18:30:00","event_end_date":"2022-07-14 19:30:00","event_speaker_name":"","event_speaker_link":"","event_is_online":false,"event_location":"Forum da Vinci","event_street":" 6 Bd Grande-Duchesse Charlotte","event_location_link":"","event_zip_code":"","event_city":"Luxembourg","event_country":"LU"},"events-topic":[],"events-type":[],"organisation":[147,226],"authorship":[],"acf":[],"yoast_head":"<!-- This site is optimized with the Yoast SEO Premium plugin v22.3 (Yoast SEO v22.3) - https:\/\/yoast.com\/wordpress\/plugins\/seo\/ -->\n<title>Formation Continue en Am\u00e9nagement du Territoire: Session d&#039;information - Universit\u00e9 du Luxembourg<\/title>\n<meta name=\"description\" content=\"Le D\u00e9partement de G\u00e9ographie et Am\u00e9nagement du Territoire, en collaboration avec l\u2019Ordre des Architectes et des Ing\u00e9nieurs-Conseils (OAI), a le plaisir de vous inviter \u00e0 une s\u00e9ance d\u2019information et de pr\u00e9sentation de la Formation Continue en Am\u00e9nagement du Territoire qui se tiendra le 14 juillet 2022 \u00e0 18h30 au Forum da Vinci au 6 Bd Grande-Duchesse Charlotte \u00e0 Luxembourg.\" \/>\n<meta name=\"robots\" content=\"index, follow, max-snippet:-1, max-image-preview:large, max-video-preview:-1\" \/>\n<link rel=\"canonical\" href=\"https:\/\/www.uni.lu\/fr\/events\/formation-continue-en-amenagement-du-territoire-session-dinformation\/\" \/>\n<meta property=\"og:locale\" content=\"fr_FR\" \/>\n<meta property=\"og:type\" content=\"article\" \/>\n<meta property=\"og:title\" content=\"Formation Continue en Am\u00e9nagement du Territoire: Session d&#039;information\" \/>\n<meta property=\"og:description\" content=\"Le D\u00e9partement de G\u00e9ographie et Am\u00e9nagement du Territoire, en collaboration avec l\u2019Ordre des Architectes et des Ing\u00e9nieurs-Conseils (OAI), a le plaisir de vous inviter \u00e0 une s\u00e9ance d\u2019information et de pr\u00e9sentation de la Formation Continue en Am\u00e9nagement du Territoire qui se tiendra le 14 juillet 2022 \u00e0 18h30 au Forum da Vinci au 6 Bd Grande-Duchesse Charlotte \u00e0 Luxembourg.\" \/>\n<meta property=\"og:url\" content=\"https:\/\/www.uni.lu\/fr\/events\/formation-continue-en-amenagement-du-territoire-session-dinformation\/\" \/>\n<meta property=\"og:site_name\" content=\"UNI FR\" \/>\n<meta property=\"article:publisher\" content=\"https:\/\/www.facebook.com\/uni.lu\" \/>\n<meta property=\"og:image\" content=\"https:\/\/www.uni.lu\/wp-content\/uploads\/sites\/11\/2026\/03\/03120045\/UNIV_SM-Profile_1600x1600px-scaled.jpg\" \/>\n\t<meta property=\"og:image:width\" content=\"2560\" \/>\n\t<meta property=\"og:image:height\" content=\"2560\" \/>\n\t<meta property=\"og:image:type\" content=\"image\/jpeg\" \/>\n<meta name=\"twitter:card\" content=\"summary_large_image\" \/>\n<meta name=\"twitter:label1\" content=\"Dur\u00e9e de lecture estim\u00e9e\" \/>\n\t<meta name=\"twitter:data1\" content=\"1 minute\" \/>\n<script type=\"application\/ld+json\" class=\"yoast-schema-graph\">{\"@context\":\"https:\/\/schema.org\",\"@graph\":[{\"@type\":\"WebPage\",\"@id\":\"https:\/\/www.uni.lu\/fr\/events\/formation-continue-en-amenagement-du-territoire-session-dinformation\/\",\"url\":\"https:\/\/www.uni.lu\/fr\/events\/formation-continue-en-amenagement-du-territoire-session-dinformation\/\",\"name\":\"Formation Continue en Am\u00e9nagement du Territoire: Session d'information - Universit\u00e9 du Luxembourg\",\"isPartOf\":{\"@id\":\"https:\/\/www.uni.lu\/fr\/#website\"},\"primaryImageOfPage\":{\"@id\":\"https:\/\/www.uni.lu\/fr\/events\/formation-continue-en-amenagement-du-territoire-session-dinformation\/#primaryimage\"},\"image\":{\"@id\":\"https:\/\/www.uni.lu\/fr\/events\/formation-continue-en-amenagement-du-territoire-session-dinformation\/#primaryimage\"},\"thumbnailUrl\":\"https:\/\/www.uni.lu\/wp-content\/uploads\/sites\/11\/2022\/06\/formation_continue_en_amenagement_du_territoire_session_d_information.jpg\",\"datePublished\":\"2022-06-21T12:34:30+00:00\",\"dateModified\":\"2022-06-21T12:34:30+00:00\",\"description\":\"Le D\u00e9partement de G\u00e9ographie et Am\u00e9nagement du Territoire, en collaboration avec l\u2019Ordre des Architectes et des Ing\u00e9nieurs-Conseils (OAI), a le plaisir de vous inviter \u00e0 une s\u00e9ance d\u2019information et de pr\u00e9sentation de la Formation Continue en Am\u00e9nagement du Territoire qui se tiendra le 14 juillet 2022 \u00e0 18h30 au Forum da Vinci au 6 Bd Grande-Duchesse Charlotte \u00e0 Luxembourg.\",\"breadcrumb\":{\"@id\":\"https:\/\/www.uni.lu\/fr\/events\/formation-continue-en-amenagement-du-territoire-session-dinformation\/#breadcrumb\"},\"inLanguage\":\"fr-FR\",\"potentialAction\":[{\"@type\":\"ReadAction\",\"target\":[\"https:\/\/www.uni.lu\/fr\/events\/formation-continue-en-amenagement-du-territoire-session-dinformation\/\"]}]},{\"@type\":\"ImageObject\",\"inLanguage\":\"fr-FR\",\"@id\":\"https:\/\/www.uni.lu\/fr\/events\/formation-continue-en-amenagement-du-territoire-session-dinformation\/#primaryimage\",\"url\":\"https:\/\/www.uni.lu\/wp-content\/uploads\/sites\/11\/2022\/06\/formation_continue_en_amenagement_du_territoire_session_d_information.jpg\",\"contentUrl\":\"https:\/\/www.uni.lu\/wp-content\/uploads\/sites\/11\/2022\/06\/formation_continue_en_amenagement_du_territoire_session_d_information.jpg\",\"width\":1296,\"height\":1296},{\"@type\":\"BreadcrumbList\",\"@id\":\"https:\/\/www.uni.lu\/fr\/events\/formation-continue-en-amenagement-du-territoire-session-dinformation\/#breadcrumb\",\"itemListElement\":[{\"@type\":\"ListItem\",\"position\":1,\"name\":\"Home\",\"item\":\"https:\/\/www.uni.lu\/fr\/\"},{\"@type\":\"ListItem\",\"position\":2,\"name\":\"Events\",\"item\":\"https:\/\/www.uni.lu\/fr\/events\/\"},{\"@type\":\"ListItem\",\"position\":3,\"name\":\"Formation Continue en Am\u00e9nagement du Territoire: Session d'information\"}]},{\"@type\":\"WebSite\",\"@id\":\"https:\/\/www.uni.lu\/fr\/#website\",\"url\":\"https:\/\/www.uni.lu\/fr\/\",\"name\":\"Uni.lu\",\"description\":\"Universit\u00e9 du Luxembourg\",\"publisher\":{\"@id\":\"https:\/\/www.uni.lu\/fr\/#organization\"},\"alternateName\":\"Universit\u00e9 du Luxembourg\",\"potentialAction\":[{\"@type\":\"SearchAction\",\"target\":{\"@type\":\"EntryPoint\",\"urlTemplate\":\"https:\/\/www.uni.lu\/fr\/?s={search_term_string}\"},\"query-input\":\"required name=search_term_string\"}],\"inLanguage\":\"fr-FR\"},{\"@type\":\"Organization\",\"@id\":\"https:\/\/www.uni.lu\/fr\/#organization\",\"name\":\"Universit\u00e9 du Luxembourg\",\"alternateName\":\"Uni.lu\",\"url\":\"https:\/\/www.uni.lu\/fr\/\",\"logo\":{\"@type\":\"ImageObject\",\"inLanguage\":\"fr-FR\",\"@id\":\"https:\/\/www.uni.lu\/fr\/#\/schema\/logo\/image\/\",\"url\":\"https:\/\/www.uni.lu\/wp-content\/uploads\/sites\/11\/2026\/03\/03120045\/UNIV_SM-Profile_1600x1600px-scaled.jpg\",\"contentUrl\":\"https:\/\/www.uni.lu\/wp-content\/uploads\/sites\/11\/2026\/03\/03120045\/UNIV_SM-Profile_1600x1600px-scaled.jpg\",\"width\":2560,\"height\":2560,\"caption\":\"Universit\u00e9 du Luxembourg\"},\"image\":\"https:\/\/www.uni.lu\/wp-content\/uploads\/sites\/11\/2026\/04\/24120552\/20200609-Belval-Campus_Henri-Goergen-23.jpg\",\"sameAs\":[\"https:\/\/www.facebook.com\/uni.lu\",\"https:\/\/www.linkedin.com\/school\/university-of-luxembourg\/\",\"https:\/\/www.instagram.com\/uni.lu\",\"https:\/\/www.youtube.com\/@uni_lu\",\"https:\/\/en.wikipedia.org\/wiki\/University_of_Luxembourg\"],\"email\":\"communication@uni.lu\",\"telephone\":\"+352 46 66 44 1\",\"address\":{\"@type\":\"PostalAddress\",\"streetAddress\":\"2, place de l\u2019Universit\u00e9\",\"addressLocality\":\"Esch-sur-Alzette\",\"postalCode\":\"4365\",\"addressCountry\":\"LU\"},\"description\":\"Universit\u00e9 du Luxembourg\"}]}<\/script>\n<!-- \/ Yoast SEO Premium plugin. -->","yoast_head_json":{"title":"Formation Continue en Am\u00e9nagement du Territoire: Session d'information - Universit\u00e9 du Luxembourg","description":"Le D\u00e9partement de G\u00e9ographie et Am\u00e9nagement du Territoire, en collaboration avec l\u2019Ordre des Architectes et des Ing\u00e9nieurs-Conseils (OAI), a le plaisir de vous inviter \u00e0 une s\u00e9ance d\u2019information et de pr\u00e9sentation de la Formation Continue en Am\u00e9nagement du Territoire qui se tiendra le 14 juillet 2022 \u00e0 18h30 au Forum da Vinci au 6 Bd Grande-Duchesse Charlotte \u00e0 Luxembourg.","robots":{"index":"index","follow":"follow","max-snippet":"max-snippet:-1","max-image-preview":"max-image-preview:large","max-video-preview":"max-video-preview:-1"},"canonical":"https:\/\/www.uni.lu\/fr\/events\/formation-continue-en-amenagement-du-territoire-session-dinformation\/","og_locale":"fr_FR","og_type":"article","og_title":"Formation Continue en Am\u00e9nagement du Territoire: Session d'information","og_description":"Le D\u00e9partement de G\u00e9ographie et Am\u00e9nagement du Territoire, en collaboration avec l\u2019Ordre des Architectes et des Ing\u00e9nieurs-Conseils (OAI), a le plaisir de vous inviter \u00e0 une s\u00e9ance d\u2019information et de pr\u00e9sentation de la Formation Continue en Am\u00e9nagement du Territoire qui se tiendra le 14 juillet 2022 \u00e0 18h30 au Forum da Vinci au 6 Bd Grande-Duchesse Charlotte \u00e0 Luxembourg.","og_url":"https:\/\/www.uni.lu\/fr\/events\/formation-continue-en-amenagement-du-territoire-session-dinformation\/","og_site_name":"UNI FR","article_publisher":"https:\/\/www.facebook.com\/uni.lu","og_image":[{"width":2560,"height":2560,"url":"https:\/\/www.uni.lu\/wp-content\/uploads\/sites\/11\/2026\/03\/03120045\/UNIV_SM-Profile_1600x1600px-scaled.jpg","type":"image\/jpeg"}],"twitter_card":"summary_large_image","twitter_misc":{"Dur\u00e9e de lecture estim\u00e9e":"1 minute"},"schema":{"@context":"https:\/\/schema.org","@graph":[{"@type":"WebPage","@id":"https:\/\/www.uni.lu\/fr\/events\/formation-continue-en-amenagement-du-territoire-session-dinformation\/","url":"https:\/\/www.uni.lu\/fr\/events\/formation-continue-en-amenagement-du-territoire-session-dinformation\/","name":"Formation Continue en Am\u00e9nagement du Territoire: Session d'information - Universit\u00e9 du Luxembourg","isPartOf":{"@id":"https:\/\/www.uni.lu\/fr\/#website"},"primaryImageOfPage":{"@id":"https:\/\/www.uni.lu\/fr\/events\/formation-continue-en-amenagement-du-territoire-session-dinformation\/#primaryimage"},"image":{"@id":"https:\/\/www.uni.lu\/fr\/events\/formation-continue-en-amenagement-du-territoire-session-dinformation\/#primaryimage"},"thumbnailUrl":"https:\/\/www.uni.lu\/wp-content\/uploads\/sites\/11\/2022\/06\/formation_continue_en_amenagement_du_territoire_session_d_information.jpg","datePublished":"2022-06-21T12:34:30+00:00","dateModified":"2022-06-21T12:34:30+00:00","description":"Le D\u00e9partement de G\u00e9ographie et Am\u00e9nagement du Territoire, en collaboration avec l\u2019Ordre des Architectes et des Ing\u00e9nieurs-Conseils (OAI), a le plaisir de vous inviter \u00e0 une s\u00e9ance d\u2019information et de pr\u00e9sentation de la Formation Continue en Am\u00e9nagement du Territoire qui se tiendra le 14 juillet 2022 \u00e0 18h30 au Forum da Vinci au 6 Bd Grande-Duchesse Charlotte \u00e0 Luxembourg.","breadcrumb":{"@id":"https:\/\/www.uni.lu\/fr\/events\/formation-continue-en-amenagement-du-territoire-session-dinformation\/#breadcrumb"},"inLanguage":"fr-FR","potentialAction":[{"@type":"ReadAction","target":["https:\/\/www.uni.lu\/fr\/events\/formation-continue-en-amenagement-du-territoire-session-dinformation\/"]}]},{"@type":"ImageObject","inLanguage":"fr-FR","@id":"https:\/\/www.uni.lu\/fr\/events\/formation-continue-en-amenagement-du-territoire-session-dinformation\/#primaryimage","url":"https:\/\/www.uni.lu\/wp-content\/uploads\/sites\/11\/2022\/06\/formation_continue_en_amenagement_du_territoire_session_d_information.jpg","contentUrl":"https:\/\/www.uni.lu\/wp-content\/uploads\/sites\/11\/2022\/06\/formation_continue_en_amenagement_du_territoire_session_d_information.jpg","width":1296,"height":1296},{"@type":"BreadcrumbList","@id":"https:\/\/www.uni.lu\/fr\/events\/formation-continue-en-amenagement-du-territoire-session-dinformation\/#breadcrumb","itemListElement":[{"@type":"ListItem","position":1,"name":"Home","item":"https:\/\/www.uni.lu\/fr\/"},{"@type":"ListItem","position":2,"name":"Events","item":"https:\/\/www.uni.lu\/fr\/events\/"},{"@type":"ListItem","position":3,"name":"Formation Continue en Am\u00e9nagement du Territoire: Session d'information"}]},{"@type":"WebSite","@id":"https:\/\/www.uni.lu\/fr\/#website","url":"https:\/\/www.uni.lu\/fr\/","name":"Uni.lu","description":"Universit\u00e9 du Luxembourg","publisher":{"@id":"https:\/\/www.uni.lu\/fr\/#organization"},"alternateName":"Universit\u00e9 du Luxembourg","potentialAction":[{"@type":"SearchAction","target":{"@type":"EntryPoint","urlTemplate":"https:\/\/www.uni.lu\/fr\/?s={search_term_string}"},"query-input":"required name=search_term_string"}],"inLanguage":"fr-FR"},{"@type":"Organization","@id":"https:\/\/www.uni.lu\/fr\/#organization","name":"Universit\u00e9 du Luxembourg","alternateName":"Uni.lu","url":"https:\/\/www.uni.lu\/fr\/","logo":{"@type":"ImageObject","inLanguage":"fr-FR","@id":"https:\/\/www.uni.lu\/fr\/#\/schema\/logo\/image\/","url":"https:\/\/www.uni.lu\/wp-content\/uploads\/sites\/11\/2026\/03\/03120045\/UNIV_SM-Profile_1600x1600px-scaled.jpg","contentUrl":"https:\/\/www.uni.lu\/wp-content\/uploads\/sites\/11\/2026\/03\/03120045\/UNIV_SM-Profile_1600x1600px-scaled.jpg","width":2560,"height":2560,"caption":"Universit\u00e9 du Luxembourg"},"image":"https:\/\/www.uni.lu\/wp-content\/uploads\/sites\/11\/2026\/04\/24120552\/20200609-Belval-Campus_Henri-Goergen-23.jpg","sameAs":["https:\/\/www.facebook.com\/uni.lu","https:\/\/www.linkedin.com\/school\/university-of-luxembourg\/","https:\/\/www.instagram.com\/uni.lu","https:\/\/www.youtube.com\/@uni_lu","https:\/\/en.wikipedia.org\/wiki\/University_of_Luxembourg"],"email":"communication@uni.lu","telephone":"+352 46 66 44 1","address":{"@type":"PostalAddress","streetAddress":"2, place de l\u2019Universit\u00e9","addressLocality":"Esch-sur-Alzette","postalCode":"4365","addressCountry":"LU"},"description":"Universit\u00e9 du Luxembourg"}]}},"_links":{"self":[{"href":"https:\/\/www.uni.lu\/fr\/wp-json\/wp\/v2\/events\/8929"}],"collection":[{"href":"https:\/\/www.uni.lu\/fr\/wp-json\/wp\/v2\/events"}],"about":[{"href":"https:\/\/www.uni.lu\/fr\/wp-json\/wp\/v2\/types\/events"}],"replies":[{"embeddable":true,"href":"https:\/\/www.uni.lu\/fr\/wp-json\/wp\/v2\/comments?post=8929"}],"version-history":[{"count":0,"href":"https:\/\/www.uni.lu\/fr\/wp-json\/wp\/v2\/events\/8929\/revisions"}],"wp:featuredmedia":[{"embeddable":true,"href":"https:\/\/www.uni.lu\/fr\/wp-json\/wp\/v2\/media\/8930"}],"wp:attachment":[{"href":"https:\/\/www.uni.lu\/fr\/wp-json\/wp\/v2\/media?parent=8929"}],"wp:term":[{"taxonomy":"events-topic","embeddable":true,"href":"https:\/\/www.uni.lu\/fr\/wp-json\/wp\/v2\/events-topic?post=8929"},{"taxonomy":"events-type","embeddable":true,"href":"https:\/\/www.uni.lu\/fr\/wp-json\/wp\/v2\/events-type?post=8929"},{"taxonomy":"organisation","embeddable":true,"href":"https:\/\/www.uni.lu\/fr\/wp-json\/wp\/v2\/organisation?post=8929"}],"curies":[{"name":"wp","href":"https:\/\/api.w.org\/{rel}","templated":true}]}}