{"id":8925,"date":"2022-06-20T10:36:36","date_gmt":"2022-06-20T08:36:36","guid":{"rendered":"https:\/\/www.uni.lu\/fr\/events\/wie-tut-man-dinge-nur-mit-worten\/"},"modified":"2022-06-20T10:36:36","modified_gmt":"2022-06-20T08:36:36","slug":"wie-tut-man-dinge-nur-mit-worten","status":"publish","type":"events","link":"https:\/\/www.uni.lu\/fr\/events\/wie-tut-man-dinge-nur-mit-worten\/","title":{"rendered":"Wie tut man Dinge nur mit Worten?"},"content":{"rendered":"<section class=\"wp-block-unilux-blocks-free-section section\"><div class=\"container xl:max-w-screen-xl\"><p>** Seminar im Rahmen der Vortragsreihe der Arbeitsgruppe \u201eHumanities and Religion\u201c **<\/p><p>Sprache durchdringt unser Leben als Individuum. Sie entstammt aus der Beziehung zum anderen und pr\u00e4gt uns. \u00dcber das Wunder und die Macht der Sprache nachzudenken lohnt sich; es hilft, sich bewusst zu werden, wie sie Existenzen pr\u00e4gt, Heimat gibt, Wirklichkeit erhellen oder verdunkeln kann. Sie fordert uns auch zur Innovation heraus und erm\u00f6glicht sie.<\/p><p>Die franz\u00f6sische Wissenschaftlerin <strong>Barbara Cassin<\/strong>, Altphilologin, Philosophin und Mitglied der <i>Acad\u00e9mie fran\u00e7aise<\/i> hat sich ausf\u00fchrlich mit der poetischen, der rhetorischen und der politischen Performanz und Performativit\u00e4t der Sprache auseinandergesetzt. Dabei geht sie von der Sophistik aus und entwickelt \u00fcber John Austin, Desmond Tutu, Hannah Arendt und Sigmund Freud bzw. Jacques Lacan eine Theorie, in der Sprachen sich nicht auf ein Mittel der Kommunikation reduzieren lassen, sondern in ihrer Pluralit\u00e4t eine Kraft bilden, um verschiedene Welten hervorzubringen.<\/p><p>Die Arbeitsgruppe \u201cHumanities and Religion\u201d organisiert zur Sprache ein Seminar, in dem das Denken von Barbara Cassin vorgestellt und diskutiert wird. Dabei geht es darum, die Macht der Sprache im Zusammenhang mit existentiellen und politischen Herausforderungen zu explizieren und zu diskutieren. Dies geschieht unter vier <strong>Perspektiven<\/strong>:<\/p><ul class=\"ulux-list\"><li class=\"ulux-list-item\"><i>Performation als Invention. Die sophistische Rhetorik der Barbara Cassin<\/i>. Einf\u00fchrung: Chris Doude van Troostwijk<\/li><li class=\"ulux-list-item\"><i>La Pr\u00e9carit\u00e9 de la Langue: Dire et penser entre errance et erreur! (Une approche critique de la notion d\u2019homonymie)<\/i>. Einf\u00fchrung:\u00a0 Ren\u00e9 Gonner<\/li><li class=\"ulux-list-item\"><i>Heimat, Heimweh, Sehnsucht und Sprache: Cassin im Gespr\u00e4ch mit Hannah Arendt<\/i>. Einf\u00fchrung: Jean-Marie Weber<\/li><li class=\"ulux-list-item\"><i>Die Sprache als Pharmakon: Heilmittel und Gift: von den Sophisten zur Psychoanalyse<\/i>. Einf\u00fchrung: Jean-Marie Weber<\/li><\/ul><p>Die einzelnen Themen werden in einem 20-min\u00fctigen Vortrag eingef\u00fchrt und anschlie\u00dfend diskutiert.<\/p><p><strong>Interessierte<\/strong> k\u00f6nnen sich <strong>bis zum 20.06.2022<\/strong> anmelden bei: jean-maire.weber[@]uni.lu<\/p><\/div><\/section>","protected":false},"excerpt":{"rendered":"<p>** Seminar im Rahmen der Vortragsreihe der Arbeitsgruppe \u201eHumanities and Religion\u201c **<\/p>\n","protected":false},"author":0,"featured_media":8926,"parent":0,"menu_order":0,"comment_status":"open","ping_status":"closed","template":"","format":"standard","meta":{"featured_image_focal_point":[],"show_featured_caption":false,"ulux_newsletter_groups":"","uluxPostTitle":"","uluxPrePostTitle":"","_trash_the_other_posts":false,"_price":"","_stock":"","_tribe_ticket_header":"","_tribe_default_ticket_provider":"","_tribe_ticket_capacity":"0","_ticket_start_date":"","_ticket_end_date":"","_tribe_ticket_show_description":"","_tribe_ticket_show_not_going":false,"_tribe_ticket_use_global_stock":"","_tribe_ticket_global_stock_level":"","_global_stock_mode":"","_global_stock_cap":"","_tribe_rsvp_for_event":"","_tribe_ticket_going_count":"","_tribe_ticket_not_going_count":"","_tribe_tickets_list":"[]","_tribe_ticket_has_attendee_info_fields":false,"event_start_date":"2022-06-22 10:00:00","event_end_date":"2022-06-22 16:00:00","event_speaker_name":"Chris Doude van Troostwijk, Ren\u00e9 Gonner und Jean-Marie Weber","event_speaker_link":"","event_is_online":false,"event_location":"Campus Belval, Maison du Savoir, Raum MSA 2.240","event_street":"","event_location_link":"","event_zip_code":"","event_city":"","event_country":"LU"},"events-topic":[318],"events-type":[],"organisation":[179,147,226],"authorship":[],"acf":[],"yoast_head":"<!-- This site is optimized with the Yoast SEO Premium plugin v22.3 (Yoast SEO v22.3) - https:\/\/yoast.com\/wordpress\/plugins\/seo\/ -->\n<title>Wie tut man Dinge nur mit Worten? - Universit\u00e9 du Luxembourg<\/title>\n<meta name=\"description\" content=\"** Seminar im Rahmen der Vortragsreihe der Arbeitsgruppe \u201eHumanities and Religion\u201c **\" \/>\n<meta name=\"robots\" content=\"index, follow, max-snippet:-1, max-image-preview:large, max-video-preview:-1\" \/>\n<link rel=\"canonical\" href=\"https:\/\/www.uni.lu\/fr\/events\/wie-tut-man-dinge-nur-mit-worten\/\" \/>\n<meta property=\"og:locale\" content=\"fr_FR\" \/>\n<meta property=\"og:type\" content=\"article\" \/>\n<meta property=\"og:title\" content=\"Wie tut man Dinge nur mit Worten?\" \/>\n<meta property=\"og:description\" content=\"** Seminar im Rahmen der Vortragsreihe der Arbeitsgruppe \u201eHumanities and Religion\u201c **\" \/>\n<meta property=\"og:url\" content=\"https:\/\/www.uni.lu\/fr\/events\/wie-tut-man-dinge-nur-mit-worten\/\" \/>\n<meta property=\"og:site_name\" content=\"UNI FR\" \/>\n<meta property=\"article:publisher\" content=\"https:\/\/www.facebook.com\/uni.lu\" \/>\n<meta property=\"og:image\" content=\"https:\/\/www.uni.lu\/wp-content\/uploads\/sites\/11\/2026\/03\/03120045\/UNIV_SM-Profile_1600x1600px-scaled.jpg\" \/>\n\t<meta property=\"og:image:width\" content=\"2560\" \/>\n\t<meta property=\"og:image:height\" content=\"2560\" \/>\n\t<meta property=\"og:image:type\" content=\"image\/jpeg\" \/>\n<meta name=\"twitter:card\" content=\"summary_large_image\" \/>\n<meta name=\"twitter:label1\" content=\"Dur\u00e9e de lecture estim\u00e9e\" \/>\n\t<meta name=\"twitter:data1\" content=\"1 minute\" \/>\n<script type=\"application\/ld+json\" class=\"yoast-schema-graph\">{\"@context\":\"https:\/\/schema.org\",\"@graph\":[{\"@type\":\"WebPage\",\"@id\":\"https:\/\/www.uni.lu\/fr\/events\/wie-tut-man-dinge-nur-mit-worten\/\",\"url\":\"https:\/\/www.uni.lu\/fr\/events\/wie-tut-man-dinge-nur-mit-worten\/\",\"name\":\"Wie tut man Dinge nur mit Worten? - Universit\u00e9 du Luxembourg\",\"isPartOf\":{\"@id\":\"https:\/\/www.uni.lu\/fr\/#website\"},\"primaryImageOfPage\":{\"@id\":\"https:\/\/www.uni.lu\/fr\/events\/wie-tut-man-dinge-nur-mit-worten\/#primaryimage\"},\"image\":{\"@id\":\"https:\/\/www.uni.lu\/fr\/events\/wie-tut-man-dinge-nur-mit-worten\/#primaryimage\"},\"thumbnailUrl\":\"https:\/\/www.uni.lu\/wp-content\/uploads\/sites\/11\/2022\/06\/wie_tut_man_dinge_nur_mit_worten.jpg\",\"datePublished\":\"2022-06-20T08:36:36+00:00\",\"dateModified\":\"2022-06-20T08:36:36+00:00\",\"description\":\"** Seminar im Rahmen der Vortragsreihe der Arbeitsgruppe \u201eHumanities and Religion\u201c **\",\"breadcrumb\":{\"@id\":\"https:\/\/www.uni.lu\/fr\/events\/wie-tut-man-dinge-nur-mit-worten\/#breadcrumb\"},\"inLanguage\":\"fr-FR\",\"potentialAction\":[{\"@type\":\"ReadAction\",\"target\":[\"https:\/\/www.uni.lu\/fr\/events\/wie-tut-man-dinge-nur-mit-worten\/\"]}]},{\"@type\":\"ImageObject\",\"inLanguage\":\"fr-FR\",\"@id\":\"https:\/\/www.uni.lu\/fr\/events\/wie-tut-man-dinge-nur-mit-worten\/#primaryimage\",\"url\":\"https:\/\/www.uni.lu\/wp-content\/uploads\/sites\/11\/2022\/06\/wie_tut_man_dinge_nur_mit_worten.jpg\",\"contentUrl\":\"https:\/\/www.uni.lu\/wp-content\/uploads\/sites\/11\/2022\/06\/wie_tut_man_dinge_nur_mit_worten.jpg\",\"width\":800,\"height\":600},{\"@type\":\"BreadcrumbList\",\"@id\":\"https:\/\/www.uni.lu\/fr\/events\/wie-tut-man-dinge-nur-mit-worten\/#breadcrumb\",\"itemListElement\":[{\"@type\":\"ListItem\",\"position\":1,\"name\":\"Home\",\"item\":\"https:\/\/www.uni.lu\/fr\/\"},{\"@type\":\"ListItem\",\"position\":2,\"name\":\"Events\",\"item\":\"https:\/\/www.uni.lu\/fr\/events\/\"},{\"@type\":\"ListItem\",\"position\":3,\"name\":\"Wie tut man Dinge nur mit Worten?\"}]},{\"@type\":\"WebSite\",\"@id\":\"https:\/\/www.uni.lu\/fr\/#website\",\"url\":\"https:\/\/www.uni.lu\/fr\/\",\"name\":\"Uni.lu\",\"description\":\"Universit\u00e9 du Luxembourg\",\"publisher\":{\"@id\":\"https:\/\/www.uni.lu\/fr\/#organization\"},\"alternateName\":\"Universit\u00e9 du Luxembourg\",\"potentialAction\":[{\"@type\":\"SearchAction\",\"target\":{\"@type\":\"EntryPoint\",\"urlTemplate\":\"https:\/\/www.uni.lu\/fr\/?s={search_term_string}\"},\"query-input\":\"required name=search_term_string\"}],\"inLanguage\":\"fr-FR\"},{\"@type\":\"Organization\",\"@id\":\"https:\/\/www.uni.lu\/fr\/#organization\",\"name\":\"Universit\u00e9 du Luxembourg\",\"alternateName\":\"Uni.lu\",\"url\":\"https:\/\/www.uni.lu\/fr\/\",\"logo\":{\"@type\":\"ImageObject\",\"inLanguage\":\"fr-FR\",\"@id\":\"https:\/\/www.uni.lu\/fr\/#\/schema\/logo\/image\/\",\"url\":\"https:\/\/www.uni.lu\/wp-content\/uploads\/sites\/11\/2026\/03\/03120045\/UNIV_SM-Profile_1600x1600px-scaled.jpg\",\"contentUrl\":\"https:\/\/www.uni.lu\/wp-content\/uploads\/sites\/11\/2026\/03\/03120045\/UNIV_SM-Profile_1600x1600px-scaled.jpg\",\"width\":2560,\"height\":2560,\"caption\":\"Universit\u00e9 du Luxembourg\"},\"image\":\"https:\/\/www.uni.lu\/wp-content\/uploads\/sites\/11\/2026\/04\/24120552\/20200609-Belval-Campus_Henri-Goergen-23.jpg\",\"sameAs\":[\"https:\/\/www.facebook.com\/uni.lu\",\"https:\/\/www.linkedin.com\/school\/university-of-luxembourg\/\",\"https:\/\/www.instagram.com\/uni.lu\",\"https:\/\/www.youtube.com\/@uni_lu\",\"https:\/\/en.wikipedia.org\/wiki\/University_of_Luxembourg\"],\"email\":\"communication@uni.lu\",\"telephone\":\"+352 46 66 44 1\",\"address\":{\"@type\":\"PostalAddress\",\"streetAddress\":\"2, place de l\u2019Universit\u00e9\",\"addressLocality\":\"Esch-sur-Alzette\",\"postalCode\":\"4365\",\"addressCountry\":\"LU\"},\"description\":\"Universit\u00e9 du Luxembourg\"}]}<\/script>\n<!-- \/ Yoast SEO Premium plugin. -->","yoast_head_json":{"title":"Wie tut man Dinge nur mit Worten? - Universit\u00e9 du Luxembourg","description":"** Seminar im Rahmen der Vortragsreihe der Arbeitsgruppe \u201eHumanities and Religion\u201c **","robots":{"index":"index","follow":"follow","max-snippet":"max-snippet:-1","max-image-preview":"max-image-preview:large","max-video-preview":"max-video-preview:-1"},"canonical":"https:\/\/www.uni.lu\/fr\/events\/wie-tut-man-dinge-nur-mit-worten\/","og_locale":"fr_FR","og_type":"article","og_title":"Wie tut man Dinge nur mit Worten?","og_description":"** Seminar im Rahmen der Vortragsreihe der Arbeitsgruppe \u201eHumanities and Religion\u201c **","og_url":"https:\/\/www.uni.lu\/fr\/events\/wie-tut-man-dinge-nur-mit-worten\/","og_site_name":"UNI FR","article_publisher":"https:\/\/www.facebook.com\/uni.lu","og_image":[{"width":2560,"height":2560,"url":"https:\/\/www.uni.lu\/wp-content\/uploads\/sites\/11\/2026\/03\/03120045\/UNIV_SM-Profile_1600x1600px-scaled.jpg","type":"image\/jpeg"}],"twitter_card":"summary_large_image","twitter_misc":{"Dur\u00e9e de lecture estim\u00e9e":"1 minute"},"schema":{"@context":"https:\/\/schema.org","@graph":[{"@type":"WebPage","@id":"https:\/\/www.uni.lu\/fr\/events\/wie-tut-man-dinge-nur-mit-worten\/","url":"https:\/\/www.uni.lu\/fr\/events\/wie-tut-man-dinge-nur-mit-worten\/","name":"Wie tut man Dinge nur mit Worten? - Universit\u00e9 du Luxembourg","isPartOf":{"@id":"https:\/\/www.uni.lu\/fr\/#website"},"primaryImageOfPage":{"@id":"https:\/\/www.uni.lu\/fr\/events\/wie-tut-man-dinge-nur-mit-worten\/#primaryimage"},"image":{"@id":"https:\/\/www.uni.lu\/fr\/events\/wie-tut-man-dinge-nur-mit-worten\/#primaryimage"},"thumbnailUrl":"https:\/\/www.uni.lu\/wp-content\/uploads\/sites\/11\/2022\/06\/wie_tut_man_dinge_nur_mit_worten.jpg","datePublished":"2022-06-20T08:36:36+00:00","dateModified":"2022-06-20T08:36:36+00:00","description":"** Seminar im Rahmen der Vortragsreihe der Arbeitsgruppe \u201eHumanities and Religion\u201c **","breadcrumb":{"@id":"https:\/\/www.uni.lu\/fr\/events\/wie-tut-man-dinge-nur-mit-worten\/#breadcrumb"},"inLanguage":"fr-FR","potentialAction":[{"@type":"ReadAction","target":["https:\/\/www.uni.lu\/fr\/events\/wie-tut-man-dinge-nur-mit-worten\/"]}]},{"@type":"ImageObject","inLanguage":"fr-FR","@id":"https:\/\/www.uni.lu\/fr\/events\/wie-tut-man-dinge-nur-mit-worten\/#primaryimage","url":"https:\/\/www.uni.lu\/wp-content\/uploads\/sites\/11\/2022\/06\/wie_tut_man_dinge_nur_mit_worten.jpg","contentUrl":"https:\/\/www.uni.lu\/wp-content\/uploads\/sites\/11\/2022\/06\/wie_tut_man_dinge_nur_mit_worten.jpg","width":800,"height":600},{"@type":"BreadcrumbList","@id":"https:\/\/www.uni.lu\/fr\/events\/wie-tut-man-dinge-nur-mit-worten\/#breadcrumb","itemListElement":[{"@type":"ListItem","position":1,"name":"Home","item":"https:\/\/www.uni.lu\/fr\/"},{"@type":"ListItem","position":2,"name":"Events","item":"https:\/\/www.uni.lu\/fr\/events\/"},{"@type":"ListItem","position":3,"name":"Wie tut man Dinge nur mit Worten?"}]},{"@type":"WebSite","@id":"https:\/\/www.uni.lu\/fr\/#website","url":"https:\/\/www.uni.lu\/fr\/","name":"Uni.lu","description":"Universit\u00e9 du Luxembourg","publisher":{"@id":"https:\/\/www.uni.lu\/fr\/#organization"},"alternateName":"Universit\u00e9 du Luxembourg","potentialAction":[{"@type":"SearchAction","target":{"@type":"EntryPoint","urlTemplate":"https:\/\/www.uni.lu\/fr\/?s={search_term_string}"},"query-input":"required name=search_term_string"}],"inLanguage":"fr-FR"},{"@type":"Organization","@id":"https:\/\/www.uni.lu\/fr\/#organization","name":"Universit\u00e9 du Luxembourg","alternateName":"Uni.lu","url":"https:\/\/www.uni.lu\/fr\/","logo":{"@type":"ImageObject","inLanguage":"fr-FR","@id":"https:\/\/www.uni.lu\/fr\/#\/schema\/logo\/image\/","url":"https:\/\/www.uni.lu\/wp-content\/uploads\/sites\/11\/2026\/03\/03120045\/UNIV_SM-Profile_1600x1600px-scaled.jpg","contentUrl":"https:\/\/www.uni.lu\/wp-content\/uploads\/sites\/11\/2026\/03\/03120045\/UNIV_SM-Profile_1600x1600px-scaled.jpg","width":2560,"height":2560,"caption":"Universit\u00e9 du Luxembourg"},"image":"https:\/\/www.uni.lu\/wp-content\/uploads\/sites\/11\/2026\/04\/24120552\/20200609-Belval-Campus_Henri-Goergen-23.jpg","sameAs":["https:\/\/www.facebook.com\/uni.lu","https:\/\/www.linkedin.com\/school\/university-of-luxembourg\/","https:\/\/www.instagram.com\/uni.lu","https:\/\/www.youtube.com\/@uni_lu","https:\/\/en.wikipedia.org\/wiki\/University_of_Luxembourg"],"email":"communication@uni.lu","telephone":"+352 46 66 44 1","address":{"@type":"PostalAddress","streetAddress":"2, place de l\u2019Universit\u00e9","addressLocality":"Esch-sur-Alzette","postalCode":"4365","addressCountry":"LU"},"description":"Universit\u00e9 du Luxembourg"}]}},"_links":{"self":[{"href":"https:\/\/www.uni.lu\/fr\/wp-json\/wp\/v2\/events\/8925"}],"collection":[{"href":"https:\/\/www.uni.lu\/fr\/wp-json\/wp\/v2\/events"}],"about":[{"href":"https:\/\/www.uni.lu\/fr\/wp-json\/wp\/v2\/types\/events"}],"replies":[{"embeddable":true,"href":"https:\/\/www.uni.lu\/fr\/wp-json\/wp\/v2\/comments?post=8925"}],"version-history":[{"count":0,"href":"https:\/\/www.uni.lu\/fr\/wp-json\/wp\/v2\/events\/8925\/revisions"}],"wp:featuredmedia":[{"embeddable":true,"href":"https:\/\/www.uni.lu\/fr\/wp-json\/wp\/v2\/media\/8926"}],"wp:attachment":[{"href":"https:\/\/www.uni.lu\/fr\/wp-json\/wp\/v2\/media?parent=8925"}],"wp:term":[{"taxonomy":"events-topic","embeddable":true,"href":"https:\/\/www.uni.lu\/fr\/wp-json\/wp\/v2\/events-topic?post=8925"},{"taxonomy":"events-type","embeddable":true,"href":"https:\/\/www.uni.lu\/fr\/wp-json\/wp\/v2\/events-type?post=8925"},{"taxonomy":"organisation","embeddable":true,"href":"https:\/\/www.uni.lu\/fr\/wp-json\/wp\/v2\/organisation?post=8925"}],"curies":[{"name":"wp","href":"https:\/\/api.w.org\/{rel}","templated":true}]}}