{"id":8905,"date":"2022-05-30T09:11:39","date_gmt":"2022-05-30T07:11:39","guid":{"rendered":"https:\/\/www.uni.lu\/fr\/events\/linvention-desch-sur-alzette-josef-stubben-et-les-architectes-de-la-ville\/"},"modified":"2022-05-30T09:11:39","modified_gmt":"2022-05-30T07:11:39","slug":"linvention-desch-sur-alzette-josef-stubben-et-les-architectes-de-la-ville","status":"publish","type":"events","link":"https:\/\/www.uni.lu\/fr\/events\/linvention-desch-sur-alzette-josef-stubben-et-les-architectes-de-la-ville\/","title":{"rendered":"L\u2019invention d\u2019Esch-sur-Alzette. Josef St\u00fcbben et les architectes de la ville."},"content":{"rendered":"<section class=\"wp-block-unilux-blocks-free-section section\"><div class=\"container xl:max-w-screen-xl\"><p>Exposition au \u00ab\u00a0Bridderhaus\u00a0\u00bb \u00e0 Esch-sur-Alzette.<\/p><p>La premi\u00e8re exposition organis\u00e9e au Bridderhaus, ancien h\u00f4pital de la ville (1873), renov\u00e9 et transform\u00e9 en r\u00e9sidence d\u2019artistes, est consacr\u00e9e \u00e0 un urbaniste qui a relev\u00e9 un grand d\u00e9fi il y a presque cent ans : r\u00e9inventer Esch-sur-Alzette en contrecarrant l\u2019emprise croissante de l\u2019industrie sur la capitale du Bassin minier luxembourgeois par un plan vert.<\/p><p>Le plan d\u2019extension d\u2019Esch-sur-Alzette r\u00e9alis\u00e9 en 1924-1925 par l\u2019urbaniste allemand Josef St\u00fcbben (1845-1936) parvient \u00e0 contrebalancer les grands espaces industriels qui encerclent la ville, dont trois usines sid\u00e9rurgiques, par des parcs, des alle\u0301es d\u2019arbres, des promenades, des constructions ae\u0301re\u0301es, de belles places publiques pour cr\u00e9er une ville inspir\u00e9e des cit\u00e9s-jardins anglaises.<\/p><p>St\u00fcbben y a mis en pratique les grands principes de son \u0153uvre monumentale, avec presque cent plans d\u2019extension, surtout pour des villes allemandes et belges, mais aussi en Italie, en Suisse, en Autriche, en Espagne, en Su\u00e8de, au Luxembourg : espaces verts, air et lumi\u00e8re.<\/p><p>\u00c0 c\u00f4t\u00e9 du plan St\u00fcbben pour Esch, expos\u00e9 pour la premi\u00e8re fois, et d\u2019une vue d\u2019ensemble 3D de la ville d\u2019aujourd\u2019hui, les dessins originaux des nombreux architectes eschois qui ont particip\u00e9, par les b\u00e2timents publics et les maisons d\u2019habitation ou de commerce qu\u2019ils ont con\u00e7us, \u00e0 l\u2019embellissement de la m\u00e9tropole du fer, seront au centre de cette exposition qui vous fera d\u00e9couvrir d\u2019une fa\u00e7on in\u00e9dite le riche patrimoine architectural et urbain de la Ville d\u2019Esch-sur-Alzette.<\/p><p>Face \u00e0 l\u2019urgence environnementale et au besoin de cr\u00e9er des villes d\u00e9carbon\u00e9es donc vertes, la red\u00e9couverte du plan d\u2019extension r\u00e9alis\u00e9 par Josef St\u00fcbben pour la Ville d\u2019Esch-sur-Alzette en 1924-1925 est d\u2019une actualit\u00e9 br\u00fblante.<\/p><p>\u00c0 c\u00f4t\u00e9 du plan St\u00fcbben pour Esch, expos\u00e9 pour la premi\u00e8re fois, et d\u2019une vue d\u2019ensemble 3D de la ville d\u2019aujourd\u2019hui, les dessins originaux des nombreux architectes eschois qui ont particip\u00e9, par les b\u00e2timents publics et les maisons d\u2019habitation ou de commerce qu\u2019ils ont con\u00e7us, \u00e0 l\u2019embellissement de la m\u00e9tropole du fer, seront au centre de cette exposition qui vous fera d\u00e9couvrir d\u2019une fa\u00e7on in\u00e9dite le riche patrimoine architectural et urbain de la Ville d\u2019Esch-sur-Alzette.<\/p><p>Face \u00e0 l\u2019urgence environnementale et au besoin de cr\u00e9er des villes d\u00e9carbon\u00e9es donc vertes, la red\u00e9couverte du plan d\u2019extension r\u00e9alis\u00e9 par Josef St\u00fcbben pour la Ville d\u2019Esch-sur-Alzette en 1924-1925 est d\u2019une actualit\u00e9 br\u00fblante.<\/p><p><strong>Organisateurs de l\u2019exposition:<\/strong> frEsch asbl, Luxembourg Centre for Contemporary and Digital History (C\u00b2DH), L\u00ebtzebuerger Architektur Mus\u00e9e (LAM).<\/p><p><strong>Commissaires de l\u2019exposition:<\/strong> Alain Linster (LAM), Denis Scuto (C\u00b2DH).<\/p><p><strong>Textes de l\u2019exposition:<\/strong> Alain Linster, Denis Scuto, Manu Scuto.<\/p><p><strong>Lieu de l\u2019exposition:<\/strong> Bridderhaus, 1, rue L\u00e9on Metz, L-4238 Esch-sur-Alzette.<\/p><p>Le v<strong>ernissage<\/strong> de l&rsquo;exposition aura lieu le\u00a0 samedi, 18 juin 2022 \u00e0 17 heures. L&rsquo;exposition est ouverte ou public du 19 juin au 15 septembre 2022.<\/p><\/div><\/section>","protected":false},"excerpt":{"rendered":"<p>Exposition au \u00ab\u00a0Bridderhaus\u00a0\u00bb \u00e0 Esch-sur-Alzette.<\/p>\n","protected":false},"author":0,"featured_media":8906,"parent":0,"menu_order":0,"comment_status":"open","ping_status":"closed","template":"","format":"standard","meta":{"featured_image_focal_point":[],"show_featured_caption":false,"ulux_newsletter_groups":"","uluxPostTitle":"","uluxPrePostTitle":"","_trash_the_other_posts":false,"_price":"","_stock":"","_tribe_ticket_header":"","_tribe_default_ticket_provider":"","_tribe_ticket_capacity":"0","_ticket_start_date":"","_ticket_end_date":"","_tribe_ticket_show_description":"","_tribe_ticket_show_not_going":false,"_tribe_ticket_use_global_stock":"","_tribe_ticket_global_stock_level":"","_global_stock_mode":"","_global_stock_cap":"","_tribe_rsvp_for_event":"","_tribe_ticket_going_count":"","_tribe_ticket_not_going_count":"","_tribe_tickets_list":"[]","_tribe_ticket_has_attendee_info_fields":false,"event_start_date":"2022-06-18 17:00:00","event_end_date":"2022-09-15 18:00:00","event_speaker_name":"","event_speaker_link":"","event_is_online":false,"event_location":"Bridderhaus","event_street":"1, rue L\u00e9on Metz","event_location_link":"","event_zip_code":"L-4238 ","event_city":"Esch-sur-Alzette","event_country":"LU"},"events-topic":[312],"events-type":[],"organisation":[221,226],"authorship":[],"acf":[],"yoast_head":"<!-- This site is optimized with the Yoast SEO Premium plugin v22.3 (Yoast SEO v22.3) - https:\/\/yoast.com\/wordpress\/plugins\/seo\/ -->\n<title>L\u2019invention d\u2019Esch-sur-Alzette. Josef St\u00fcbben et les architectes de la ville. - Universit\u00e9 du Luxembourg<\/title>\n<meta name=\"description\" content=\"Exposition au &quot;Bridderhaus&quot; \u00e0 Esch-sur-Alzette.\" \/>\n<meta name=\"robots\" content=\"index, follow, max-snippet:-1, max-image-preview:large, max-video-preview:-1\" \/>\n<link rel=\"canonical\" href=\"https:\/\/www.uni.lu\/fr\/events\/linvention-desch-sur-alzette-josef-stubben-et-les-architectes-de-la-ville\/\" \/>\n<meta property=\"og:locale\" content=\"fr_FR\" \/>\n<meta property=\"og:type\" content=\"article\" \/>\n<meta property=\"og:title\" content=\"L\u2019invention d\u2019Esch-sur-Alzette. Josef St\u00fcbben et les architectes de la ville.\" \/>\n<meta property=\"og:description\" content=\"Exposition au &quot;Bridderhaus&quot; \u00e0 Esch-sur-Alzette.\" \/>\n<meta property=\"og:url\" content=\"https:\/\/www.uni.lu\/fr\/events\/linvention-desch-sur-alzette-josef-stubben-et-les-architectes-de-la-ville\/\" \/>\n<meta property=\"og:site_name\" content=\"UNI FR\" \/>\n<meta property=\"article:publisher\" content=\"https:\/\/www.facebook.com\/uni.lu\" \/>\n<meta property=\"og:image\" content=\"https:\/\/www.uni.lu\/wp-content\/uploads\/sites\/11\/2026\/03\/03120045\/UNIV_SM-Profile_1600x1600px-scaled.jpg\" \/>\n\t<meta property=\"og:image:width\" content=\"2560\" \/>\n\t<meta property=\"og:image:height\" content=\"2560\" \/>\n\t<meta property=\"og:image:type\" content=\"image\/jpeg\" \/>\n<meta name=\"twitter:card\" content=\"summary_large_image\" \/>\n<meta name=\"twitter:label1\" content=\"Dur\u00e9e de lecture estim\u00e9e\" \/>\n\t<meta name=\"twitter:data1\" content=\"3 minutes\" \/>\n<script type=\"application\/ld+json\" class=\"yoast-schema-graph\">{\"@context\":\"https:\/\/schema.org\",\"@graph\":[{\"@type\":\"WebPage\",\"@id\":\"https:\/\/www.uni.lu\/fr\/events\/linvention-desch-sur-alzette-josef-stubben-et-les-architectes-de-la-ville\/\",\"url\":\"https:\/\/www.uni.lu\/fr\/events\/linvention-desch-sur-alzette-josef-stubben-et-les-architectes-de-la-ville\/\",\"name\":\"L\u2019invention d\u2019Esch-sur-Alzette. Josef St\u00fcbben et les architectes de la ville. - Universit\u00e9 du Luxembourg\",\"isPartOf\":{\"@id\":\"https:\/\/www.uni.lu\/fr\/#website\"},\"primaryImageOfPage\":{\"@id\":\"https:\/\/www.uni.lu\/fr\/events\/linvention-desch-sur-alzette-josef-stubben-et-les-architectes-de-la-ville\/#primaryimage\"},\"image\":{\"@id\":\"https:\/\/www.uni.lu\/fr\/events\/linvention-desch-sur-alzette-josef-stubben-et-les-architectes-de-la-ville\/#primaryimage\"},\"thumbnailUrl\":\"https:\/\/www.uni.lu\/wp-content\/uploads\/sites\/11\/2022\/05\/l_invention_d_esch_sur_alzette_josef_stuebben_et_les_architectes_de_la_ville.jpg\",\"datePublished\":\"2022-05-30T07:11:39+00:00\",\"dateModified\":\"2022-05-30T07:11:39+00:00\",\"description\":\"Exposition au \\\"Bridderhaus\\\" \u00e0 Esch-sur-Alzette.\",\"breadcrumb\":{\"@id\":\"https:\/\/www.uni.lu\/fr\/events\/linvention-desch-sur-alzette-josef-stubben-et-les-architectes-de-la-ville\/#breadcrumb\"},\"inLanguage\":\"fr-FR\",\"potentialAction\":[{\"@type\":\"ReadAction\",\"target\":[\"https:\/\/www.uni.lu\/fr\/events\/linvention-desch-sur-alzette-josef-stubben-et-les-architectes-de-la-ville\/\"]}]},{\"@type\":\"ImageObject\",\"inLanguage\":\"fr-FR\",\"@id\":\"https:\/\/www.uni.lu\/fr\/events\/linvention-desch-sur-alzette-josef-stubben-et-les-architectes-de-la-ville\/#primaryimage\",\"url\":\"https:\/\/www.uni.lu\/wp-content\/uploads\/sites\/11\/2022\/05\/l_invention_d_esch_sur_alzette_josef_stuebben_et_les_architectes_de_la_ville.jpg\",\"contentUrl\":\"https:\/\/www.uni.lu\/wp-content\/uploads\/sites\/11\/2022\/05\/l_invention_d_esch_sur_alzette_josef_stuebben_et_les_architectes_de_la_ville.jpg\",\"width\":800,\"height\":600},{\"@type\":\"BreadcrumbList\",\"@id\":\"https:\/\/www.uni.lu\/fr\/events\/linvention-desch-sur-alzette-josef-stubben-et-les-architectes-de-la-ville\/#breadcrumb\",\"itemListElement\":[{\"@type\":\"ListItem\",\"position\":1,\"name\":\"Home\",\"item\":\"https:\/\/www.uni.lu\/fr\/\"},{\"@type\":\"ListItem\",\"position\":2,\"name\":\"Events\",\"item\":\"https:\/\/www.uni.lu\/fr\/events\/\"},{\"@type\":\"ListItem\",\"position\":3,\"name\":\"L\u2019invention d\u2019Esch-sur-Alzette. Josef St\u00fcbben et les architectes de la ville.\"}]},{\"@type\":\"WebSite\",\"@id\":\"https:\/\/www.uni.lu\/fr\/#website\",\"url\":\"https:\/\/www.uni.lu\/fr\/\",\"name\":\"Uni.lu\",\"description\":\"Universit\u00e9 du Luxembourg\",\"publisher\":{\"@id\":\"https:\/\/www.uni.lu\/fr\/#organization\"},\"alternateName\":\"Universit\u00e9 du Luxembourg\",\"potentialAction\":[{\"@type\":\"SearchAction\",\"target\":{\"@type\":\"EntryPoint\",\"urlTemplate\":\"https:\/\/www.uni.lu\/fr\/?s={search_term_string}\"},\"query-input\":\"required name=search_term_string\"}],\"inLanguage\":\"fr-FR\"},{\"@type\":\"Organization\",\"@id\":\"https:\/\/www.uni.lu\/fr\/#organization\",\"name\":\"Universit\u00e9 du Luxembourg\",\"alternateName\":\"Uni.lu\",\"url\":\"https:\/\/www.uni.lu\/fr\/\",\"logo\":{\"@type\":\"ImageObject\",\"inLanguage\":\"fr-FR\",\"@id\":\"https:\/\/www.uni.lu\/fr\/#\/schema\/logo\/image\/\",\"url\":\"https:\/\/www.uni.lu\/wp-content\/uploads\/sites\/11\/2026\/03\/03120045\/UNIV_SM-Profile_1600x1600px-scaled.jpg\",\"contentUrl\":\"https:\/\/www.uni.lu\/wp-content\/uploads\/sites\/11\/2026\/03\/03120045\/UNIV_SM-Profile_1600x1600px-scaled.jpg\",\"width\":2560,\"height\":2560,\"caption\":\"Universit\u00e9 du Luxembourg\"},\"image\":\"https:\/\/www.uni.lu\/wp-content\/uploads\/sites\/11\/2026\/04\/24120552\/20200609-Belval-Campus_Henri-Goergen-23.jpg\",\"sameAs\":[\"https:\/\/www.facebook.com\/uni.lu\",\"https:\/\/www.linkedin.com\/school\/university-of-luxembourg\/\",\"https:\/\/www.instagram.com\/uni.lu\",\"https:\/\/www.youtube.com\/@uni_lu\",\"https:\/\/en.wikipedia.org\/wiki\/University_of_Luxembourg\"],\"email\":\"communication@uni.lu\",\"telephone\":\"+352 46 66 44 1\",\"address\":{\"@type\":\"PostalAddress\",\"streetAddress\":\"2, place de l\u2019Universit\u00e9\",\"addressLocality\":\"Esch-sur-Alzette\",\"postalCode\":\"4365\",\"addressCountry\":\"LU\"},\"description\":\"Universit\u00e9 du Luxembourg\"}]}<\/script>\n<!-- \/ Yoast SEO Premium plugin. -->","yoast_head_json":{"title":"L\u2019invention d\u2019Esch-sur-Alzette. Josef St\u00fcbben et les architectes de la ville. - Universit\u00e9 du Luxembourg","description":"Exposition au \"Bridderhaus\" \u00e0 Esch-sur-Alzette.","robots":{"index":"index","follow":"follow","max-snippet":"max-snippet:-1","max-image-preview":"max-image-preview:large","max-video-preview":"max-video-preview:-1"},"canonical":"https:\/\/www.uni.lu\/fr\/events\/linvention-desch-sur-alzette-josef-stubben-et-les-architectes-de-la-ville\/","og_locale":"fr_FR","og_type":"article","og_title":"L\u2019invention d\u2019Esch-sur-Alzette. Josef St\u00fcbben et les architectes de la ville.","og_description":"Exposition au \"Bridderhaus\" \u00e0 Esch-sur-Alzette.","og_url":"https:\/\/www.uni.lu\/fr\/events\/linvention-desch-sur-alzette-josef-stubben-et-les-architectes-de-la-ville\/","og_site_name":"UNI FR","article_publisher":"https:\/\/www.facebook.com\/uni.lu","og_image":[{"width":2560,"height":2560,"url":"https:\/\/www.uni.lu\/wp-content\/uploads\/sites\/11\/2026\/03\/03120045\/UNIV_SM-Profile_1600x1600px-scaled.jpg","type":"image\/jpeg"}],"twitter_card":"summary_large_image","twitter_misc":{"Dur\u00e9e de lecture estim\u00e9e":"3 minutes"},"schema":{"@context":"https:\/\/schema.org","@graph":[{"@type":"WebPage","@id":"https:\/\/www.uni.lu\/fr\/events\/linvention-desch-sur-alzette-josef-stubben-et-les-architectes-de-la-ville\/","url":"https:\/\/www.uni.lu\/fr\/events\/linvention-desch-sur-alzette-josef-stubben-et-les-architectes-de-la-ville\/","name":"L\u2019invention d\u2019Esch-sur-Alzette. Josef St\u00fcbben et les architectes de la ville. - Universit\u00e9 du Luxembourg","isPartOf":{"@id":"https:\/\/www.uni.lu\/fr\/#website"},"primaryImageOfPage":{"@id":"https:\/\/www.uni.lu\/fr\/events\/linvention-desch-sur-alzette-josef-stubben-et-les-architectes-de-la-ville\/#primaryimage"},"image":{"@id":"https:\/\/www.uni.lu\/fr\/events\/linvention-desch-sur-alzette-josef-stubben-et-les-architectes-de-la-ville\/#primaryimage"},"thumbnailUrl":"https:\/\/www.uni.lu\/wp-content\/uploads\/sites\/11\/2022\/05\/l_invention_d_esch_sur_alzette_josef_stuebben_et_les_architectes_de_la_ville.jpg","datePublished":"2022-05-30T07:11:39+00:00","dateModified":"2022-05-30T07:11:39+00:00","description":"Exposition au \"Bridderhaus\" \u00e0 Esch-sur-Alzette.","breadcrumb":{"@id":"https:\/\/www.uni.lu\/fr\/events\/linvention-desch-sur-alzette-josef-stubben-et-les-architectes-de-la-ville\/#breadcrumb"},"inLanguage":"fr-FR","potentialAction":[{"@type":"ReadAction","target":["https:\/\/www.uni.lu\/fr\/events\/linvention-desch-sur-alzette-josef-stubben-et-les-architectes-de-la-ville\/"]}]},{"@type":"ImageObject","inLanguage":"fr-FR","@id":"https:\/\/www.uni.lu\/fr\/events\/linvention-desch-sur-alzette-josef-stubben-et-les-architectes-de-la-ville\/#primaryimage","url":"https:\/\/www.uni.lu\/wp-content\/uploads\/sites\/11\/2022\/05\/l_invention_d_esch_sur_alzette_josef_stuebben_et_les_architectes_de_la_ville.jpg","contentUrl":"https:\/\/www.uni.lu\/wp-content\/uploads\/sites\/11\/2022\/05\/l_invention_d_esch_sur_alzette_josef_stuebben_et_les_architectes_de_la_ville.jpg","width":800,"height":600},{"@type":"BreadcrumbList","@id":"https:\/\/www.uni.lu\/fr\/events\/linvention-desch-sur-alzette-josef-stubben-et-les-architectes-de-la-ville\/#breadcrumb","itemListElement":[{"@type":"ListItem","position":1,"name":"Home","item":"https:\/\/www.uni.lu\/fr\/"},{"@type":"ListItem","position":2,"name":"Events","item":"https:\/\/www.uni.lu\/fr\/events\/"},{"@type":"ListItem","position":3,"name":"L\u2019invention d\u2019Esch-sur-Alzette. Josef St\u00fcbben et les architectes de la ville."}]},{"@type":"WebSite","@id":"https:\/\/www.uni.lu\/fr\/#website","url":"https:\/\/www.uni.lu\/fr\/","name":"Uni.lu","description":"Universit\u00e9 du Luxembourg","publisher":{"@id":"https:\/\/www.uni.lu\/fr\/#organization"},"alternateName":"Universit\u00e9 du Luxembourg","potentialAction":[{"@type":"SearchAction","target":{"@type":"EntryPoint","urlTemplate":"https:\/\/www.uni.lu\/fr\/?s={search_term_string}"},"query-input":"required name=search_term_string"}],"inLanguage":"fr-FR"},{"@type":"Organization","@id":"https:\/\/www.uni.lu\/fr\/#organization","name":"Universit\u00e9 du Luxembourg","alternateName":"Uni.lu","url":"https:\/\/www.uni.lu\/fr\/","logo":{"@type":"ImageObject","inLanguage":"fr-FR","@id":"https:\/\/www.uni.lu\/fr\/#\/schema\/logo\/image\/","url":"https:\/\/www.uni.lu\/wp-content\/uploads\/sites\/11\/2026\/03\/03120045\/UNIV_SM-Profile_1600x1600px-scaled.jpg","contentUrl":"https:\/\/www.uni.lu\/wp-content\/uploads\/sites\/11\/2026\/03\/03120045\/UNIV_SM-Profile_1600x1600px-scaled.jpg","width":2560,"height":2560,"caption":"Universit\u00e9 du Luxembourg"},"image":"https:\/\/www.uni.lu\/wp-content\/uploads\/sites\/11\/2026\/04\/24120552\/20200609-Belval-Campus_Henri-Goergen-23.jpg","sameAs":["https:\/\/www.facebook.com\/uni.lu","https:\/\/www.linkedin.com\/school\/university-of-luxembourg\/","https:\/\/www.instagram.com\/uni.lu","https:\/\/www.youtube.com\/@uni_lu","https:\/\/en.wikipedia.org\/wiki\/University_of_Luxembourg"],"email":"communication@uni.lu","telephone":"+352 46 66 44 1","address":{"@type":"PostalAddress","streetAddress":"2, place de l\u2019Universit\u00e9","addressLocality":"Esch-sur-Alzette","postalCode":"4365","addressCountry":"LU"},"description":"Universit\u00e9 du Luxembourg"}]}},"_links":{"self":[{"href":"https:\/\/www.uni.lu\/fr\/wp-json\/wp\/v2\/events\/8905"}],"collection":[{"href":"https:\/\/www.uni.lu\/fr\/wp-json\/wp\/v2\/events"}],"about":[{"href":"https:\/\/www.uni.lu\/fr\/wp-json\/wp\/v2\/types\/events"}],"replies":[{"embeddable":true,"href":"https:\/\/www.uni.lu\/fr\/wp-json\/wp\/v2\/comments?post=8905"}],"version-history":[{"count":0,"href":"https:\/\/www.uni.lu\/fr\/wp-json\/wp\/v2\/events\/8905\/revisions"}],"wp:featuredmedia":[{"embeddable":true,"href":"https:\/\/www.uni.lu\/fr\/wp-json\/wp\/v2\/media\/8906"}],"wp:attachment":[{"href":"https:\/\/www.uni.lu\/fr\/wp-json\/wp\/v2\/media?parent=8905"}],"wp:term":[{"taxonomy":"events-topic","embeddable":true,"href":"https:\/\/www.uni.lu\/fr\/wp-json\/wp\/v2\/events-topic?post=8905"},{"taxonomy":"events-type","embeddable":true,"href":"https:\/\/www.uni.lu\/fr\/wp-json\/wp\/v2\/events-type?post=8905"},{"taxonomy":"organisation","embeddable":true,"href":"https:\/\/www.uni.lu\/fr\/wp-json\/wp\/v2\/organisation?post=8905"}],"curies":[{"name":"wp","href":"https:\/\/api.w.org\/{rel}","templated":true}]}}