{"id":8888,"date":"2022-05-17T13:32:05","date_gmt":"2022-05-17T11:32:05","guid":{"rendered":"https:\/\/www.uni.lu\/fr\/events\/conference-cavour-merkel-la-tenacia-della-politica\/"},"modified":"2022-05-17T13:32:05","modified_gmt":"2022-05-17T11:32:05","slug":"conference-cavour-merkel-la-tenacia-della-politica","status":"publish","type":"events","link":"https:\/\/www.uni.lu\/fr\/events\/conference-cavour-merkel-la-tenacia-della-politica\/","title":{"rendered":"Conference: Cavour-Merkel : La tenacia della politica"},"content":{"rendered":"<section class=\"wp-block-unilux-blocks-free-section section\"><div class=\"container xl:max-w-screen-xl\"><p>La conf\u00e9rence vise \u00e0 souligner la capacit\u00e9 des deux figures politiques de tisser patiemment les conditions\u00a0pour la r\u00e9ussite de leurs projets g\u00e9opolitiques et de maintenir un cadre politique stable pour pouvoir\u00a0assoir leurs op\u00e9rations \u00e0 niveau international.<\/p><p><strong>Prof. Dr. Alessandro Politi<\/strong><\/p><p>Il enseigne G\u00e9opolitique dans la SIOI, Societ\u00e0 Italiana per\u00a0l\u2019Organizzazione Internazionale, \u00e0 Rome et Analyse\u00a0strat\u00e9gique dans la IASSP de Milan. Il a \u00e9t\u00e9 conseiller politique dans la KFOR (Kosovo\u00a0Force) et conseiller de 4 Ministres de la\u00a0D\u00e9fense en Italie. Son dernier livre\u00a0s\u2019intitule \u00ab Goodbye, Merkel \u00bb.<\/p><p><a href=\"https:\/\/unilu.webex.com\/unilu\/j.php?MTID=m38df677cee1280d3328a215a21fd01d9\" target=\"_self\" title=\"Assister \u00e0 la conf\u00e9rence via webex\" rel=\"noopener\">Assister \u00e0 la conf\u00e9rence via webex<\/a><\/p><p>Flyer <\/p><p><\/p><p>Contact<\/p><p><a href=\"mailto:formation.italien@uni.lu\" target=\"_self\" title=\"\" rel=\"noopener\">formation.italien@uni.lu<\/a>\u00a0<\/p><\/div><\/section>","protected":false},"excerpt":{"rendered":"<p>La conf\u00e9rence vise \u00e0 souligner la capacit\u00e9 des deux figures politiques de tisser patiemment les conditions\u00a0pour la r\u00e9ussite de leurs projets g\u00e9opolitiques et de maintenir un cadre politique stable pour pouvoir\u00a0assoir leurs op\u00e9rations \u00e0 niveau international.<\/p>\n","protected":false},"author":0,"featured_media":8889,"parent":0,"menu_order":0,"comment_status":"open","ping_status":"closed","template":"","format":"standard","meta":{"featured_image_focal_point":[],"show_featured_caption":false,"ulux_newsletter_groups":"","uluxPostTitle":"","uluxPrePostTitle":"","_trash_the_other_posts":false,"_price":"","_stock":"","_tribe_ticket_header":"","_tribe_default_ticket_provider":"","_tribe_ticket_capacity":"0","_ticket_start_date":"","_ticket_end_date":"","_tribe_ticket_show_description":"","_tribe_ticket_show_not_going":false,"_tribe_ticket_use_global_stock":"","_tribe_ticket_global_stock_level":"","_global_stock_mode":"","_global_stock_cap":"","_tribe_rsvp_for_event":"","_tribe_ticket_going_count":"","_tribe_ticket_not_going_count":"","_tribe_tickets_list":"[]","_tribe_ticket_has_attendee_info_fields":false,"event_start_date":"2022-05-18 18:15:00","event_end_date":"2022-05-18 20:00:00","event_speaker_name":"Prof. Dr. Alessandro Politi","event_speaker_link":"","event_is_online":false,"event_location":"Universit\u00e9 du Luxembourg\r\nCampus Kirchberg, Salle D17\r\net webex:  https:\/\/unilu.webex.com\/unilu\/j.php?MTID=m38df677cee1280d3328a215a21fd01d9 ","event_street":"","event_location_link":"","event_zip_code":"","event_city":"","event_country":"LU"},"events-topic":[],"events-type":[],"organisation":[147,226],"authorship":[],"acf":[],"yoast_head":"<!-- This site is optimized with the Yoast SEO Premium plugin v22.3 (Yoast SEO v22.3) - https:\/\/yoast.com\/wordpress\/plugins\/seo\/ -->\n<title>Conference: Cavour-Merkel : La tenacia della politica - Universit\u00e9 du Luxembourg<\/title>\n<meta name=\"description\" content=\"La conf\u00e9rence vise \u00e0 souligner la capacit\u00e9 des deux figures politiques de tisser patiemment les conditions\u00a0pour la r\u00e9ussite de leurs projets g\u00e9opolitiques et de maintenir un cadre politique stable pour pouvoir\u00a0assoir leurs op\u00e9rations \u00e0 niveau international.\" \/>\n<meta name=\"robots\" content=\"index, follow, max-snippet:-1, max-image-preview:large, max-video-preview:-1\" \/>\n<link rel=\"canonical\" href=\"https:\/\/www.uni.lu\/fr\/events\/conference-cavour-merkel-la-tenacia-della-politica\/\" \/>\n<meta property=\"og:locale\" content=\"fr_FR\" \/>\n<meta property=\"og:type\" content=\"article\" \/>\n<meta property=\"og:title\" content=\"Conference: Cavour-Merkel : La tenacia della politica\" \/>\n<meta property=\"og:description\" content=\"La conf\u00e9rence vise \u00e0 souligner la capacit\u00e9 des deux figures politiques de tisser patiemment les conditions\u00a0pour la r\u00e9ussite de leurs projets g\u00e9opolitiques et de maintenir un cadre politique stable pour pouvoir\u00a0assoir leurs op\u00e9rations \u00e0 niveau international.\" \/>\n<meta property=\"og:url\" content=\"https:\/\/www.uni.lu\/fr\/events\/conference-cavour-merkel-la-tenacia-della-politica\/\" \/>\n<meta property=\"og:site_name\" content=\"UNI FR\" \/>\n<meta property=\"article:publisher\" content=\"https:\/\/www.facebook.com\/uni.lu\" \/>\n<meta property=\"og:image\" content=\"https:\/\/www.uni.lu\/wp-content\/uploads\/sites\/11\/2026\/03\/03120045\/UNIV_SM-Profile_1600x1600px-scaled.jpg\" \/>\n\t<meta property=\"og:image:width\" content=\"2560\" \/>\n\t<meta property=\"og:image:height\" content=\"2560\" \/>\n\t<meta property=\"og:image:type\" content=\"image\/jpeg\" \/>\n<meta name=\"twitter:card\" content=\"summary_large_image\" \/>\n<meta name=\"twitter:label1\" content=\"Dur\u00e9e de lecture estim\u00e9e\" \/>\n\t<meta name=\"twitter:data1\" content=\"1 minute\" \/>\n<script type=\"application\/ld+json\" class=\"yoast-schema-graph\">{\"@context\":\"https:\/\/schema.org\",\"@graph\":[{\"@type\":\"WebPage\",\"@id\":\"https:\/\/www.uni.lu\/fr\/events\/conference-cavour-merkel-la-tenacia-della-politica\/\",\"url\":\"https:\/\/www.uni.lu\/fr\/events\/conference-cavour-merkel-la-tenacia-della-politica\/\",\"name\":\"Conference: Cavour-Merkel : La tenacia della politica - Universit\u00e9 du Luxembourg\",\"isPartOf\":{\"@id\":\"https:\/\/www.uni.lu\/fr\/#website\"},\"primaryImageOfPage\":{\"@id\":\"https:\/\/www.uni.lu\/fr\/events\/conference-cavour-merkel-la-tenacia-della-politica\/#primaryimage\"},\"image\":{\"@id\":\"https:\/\/www.uni.lu\/fr\/events\/conference-cavour-merkel-la-tenacia-della-politica\/#primaryimage\"},\"thumbnailUrl\":\"https:\/\/www.uni.lu\/wp-content\/uploads\/sites\/11\/2022\/05\/cavour_merkel_la_tenacia_della_politica.jpg\",\"datePublished\":\"2022-05-17T11:32:05+00:00\",\"dateModified\":\"2022-05-17T11:32:05+00:00\",\"description\":\"La conf\u00e9rence vise \u00e0 souligner la capacit\u00e9 des deux figures politiques de tisser patiemment les conditions\u00a0pour la r\u00e9ussite de leurs projets g\u00e9opolitiques et de maintenir un cadre politique stable pour pouvoir\u00a0assoir leurs op\u00e9rations \u00e0 niveau international.\",\"breadcrumb\":{\"@id\":\"https:\/\/www.uni.lu\/fr\/events\/conference-cavour-merkel-la-tenacia-della-politica\/#breadcrumb\"},\"inLanguage\":\"fr-FR\",\"potentialAction\":[{\"@type\":\"ReadAction\",\"target\":[\"https:\/\/www.uni.lu\/fr\/events\/conference-cavour-merkel-la-tenacia-della-politica\/\"]}]},{\"@type\":\"ImageObject\",\"inLanguage\":\"fr-FR\",\"@id\":\"https:\/\/www.uni.lu\/fr\/events\/conference-cavour-merkel-la-tenacia-della-politica\/#primaryimage\",\"url\":\"https:\/\/www.uni.lu\/wp-content\/uploads\/sites\/11\/2022\/05\/cavour_merkel_la_tenacia_della_politica.jpg\",\"contentUrl\":\"https:\/\/www.uni.lu\/wp-content\/uploads\/sites\/11\/2022\/05\/cavour_merkel_la_tenacia_della_politica.jpg\",\"width\":800,\"height\":600},{\"@type\":\"BreadcrumbList\",\"@id\":\"https:\/\/www.uni.lu\/fr\/events\/conference-cavour-merkel-la-tenacia-della-politica\/#breadcrumb\",\"itemListElement\":[{\"@type\":\"ListItem\",\"position\":1,\"name\":\"Home\",\"item\":\"https:\/\/www.uni.lu\/fr\/\"},{\"@type\":\"ListItem\",\"position\":2,\"name\":\"Events\",\"item\":\"https:\/\/www.uni.lu\/fr\/events\/\"},{\"@type\":\"ListItem\",\"position\":3,\"name\":\"Conference: Cavour-Merkel : La tenacia della politica\"}]},{\"@type\":\"WebSite\",\"@id\":\"https:\/\/www.uni.lu\/fr\/#website\",\"url\":\"https:\/\/www.uni.lu\/fr\/\",\"name\":\"Uni.lu\",\"description\":\"Universit\u00e9 du Luxembourg\",\"publisher\":{\"@id\":\"https:\/\/www.uni.lu\/fr\/#organization\"},\"alternateName\":\"Universit\u00e9 du Luxembourg\",\"potentialAction\":[{\"@type\":\"SearchAction\",\"target\":{\"@type\":\"EntryPoint\",\"urlTemplate\":\"https:\/\/www.uni.lu\/fr\/?s={search_term_string}\"},\"query-input\":\"required name=search_term_string\"}],\"inLanguage\":\"fr-FR\"},{\"@type\":\"Organization\",\"@id\":\"https:\/\/www.uni.lu\/fr\/#organization\",\"name\":\"Universit\u00e9 du Luxembourg\",\"alternateName\":\"Uni.lu\",\"url\":\"https:\/\/www.uni.lu\/fr\/\",\"logo\":{\"@type\":\"ImageObject\",\"inLanguage\":\"fr-FR\",\"@id\":\"https:\/\/www.uni.lu\/fr\/#\/schema\/logo\/image\/\",\"url\":\"https:\/\/www.uni.lu\/wp-content\/uploads\/sites\/11\/2026\/03\/03120045\/UNIV_SM-Profile_1600x1600px-scaled.jpg\",\"contentUrl\":\"https:\/\/www.uni.lu\/wp-content\/uploads\/sites\/11\/2026\/03\/03120045\/UNIV_SM-Profile_1600x1600px-scaled.jpg\",\"width\":2560,\"height\":2560,\"caption\":\"Universit\u00e9 du Luxembourg\"},\"image\":\"https:\/\/www.uni.lu\/wp-content\/uploads\/sites\/11\/2026\/04\/24120552\/20200609-Belval-Campus_Henri-Goergen-23.jpg\",\"sameAs\":[\"https:\/\/www.facebook.com\/uni.lu\",\"https:\/\/www.linkedin.com\/school\/university-of-luxembourg\/\",\"https:\/\/www.instagram.com\/uni.lu\",\"https:\/\/www.youtube.com\/@uni_lu\",\"https:\/\/en.wikipedia.org\/wiki\/University_of_Luxembourg\"],\"email\":\"communication@uni.lu\",\"telephone\":\"+352 46 66 44 1\",\"address\":{\"@type\":\"PostalAddress\",\"streetAddress\":\"2, place de l\u2019Universit\u00e9\",\"addressLocality\":\"Esch-sur-Alzette\",\"postalCode\":\"4365\",\"addressCountry\":\"LU\"},\"description\":\"Universit\u00e9 du Luxembourg\"}]}<\/script>\n<!-- \/ Yoast SEO Premium plugin. -->","yoast_head_json":{"title":"Conference: Cavour-Merkel : La tenacia della politica - Universit\u00e9 du Luxembourg","description":"La conf\u00e9rence vise \u00e0 souligner la capacit\u00e9 des deux figures politiques de tisser patiemment les conditions\u00a0pour la r\u00e9ussite de leurs projets g\u00e9opolitiques et de maintenir un cadre politique stable pour pouvoir\u00a0assoir leurs op\u00e9rations \u00e0 niveau international.","robots":{"index":"index","follow":"follow","max-snippet":"max-snippet:-1","max-image-preview":"max-image-preview:large","max-video-preview":"max-video-preview:-1"},"canonical":"https:\/\/www.uni.lu\/fr\/events\/conference-cavour-merkel-la-tenacia-della-politica\/","og_locale":"fr_FR","og_type":"article","og_title":"Conference: Cavour-Merkel : La tenacia della politica","og_description":"La conf\u00e9rence vise \u00e0 souligner la capacit\u00e9 des deux figures politiques de tisser patiemment les conditions\u00a0pour la r\u00e9ussite de leurs projets g\u00e9opolitiques et de maintenir un cadre politique stable pour pouvoir\u00a0assoir leurs op\u00e9rations \u00e0 niveau international.","og_url":"https:\/\/www.uni.lu\/fr\/events\/conference-cavour-merkel-la-tenacia-della-politica\/","og_site_name":"UNI FR","article_publisher":"https:\/\/www.facebook.com\/uni.lu","og_image":[{"width":2560,"height":2560,"url":"https:\/\/www.uni.lu\/wp-content\/uploads\/sites\/11\/2026\/03\/03120045\/UNIV_SM-Profile_1600x1600px-scaled.jpg","type":"image\/jpeg"}],"twitter_card":"summary_large_image","twitter_misc":{"Dur\u00e9e de lecture estim\u00e9e":"1 minute"},"schema":{"@context":"https:\/\/schema.org","@graph":[{"@type":"WebPage","@id":"https:\/\/www.uni.lu\/fr\/events\/conference-cavour-merkel-la-tenacia-della-politica\/","url":"https:\/\/www.uni.lu\/fr\/events\/conference-cavour-merkel-la-tenacia-della-politica\/","name":"Conference: Cavour-Merkel : La tenacia della politica - Universit\u00e9 du Luxembourg","isPartOf":{"@id":"https:\/\/www.uni.lu\/fr\/#website"},"primaryImageOfPage":{"@id":"https:\/\/www.uni.lu\/fr\/events\/conference-cavour-merkel-la-tenacia-della-politica\/#primaryimage"},"image":{"@id":"https:\/\/www.uni.lu\/fr\/events\/conference-cavour-merkel-la-tenacia-della-politica\/#primaryimage"},"thumbnailUrl":"https:\/\/www.uni.lu\/wp-content\/uploads\/sites\/11\/2022\/05\/cavour_merkel_la_tenacia_della_politica.jpg","datePublished":"2022-05-17T11:32:05+00:00","dateModified":"2022-05-17T11:32:05+00:00","description":"La conf\u00e9rence vise \u00e0 souligner la capacit\u00e9 des deux figures politiques de tisser patiemment les conditions\u00a0pour la r\u00e9ussite de leurs projets g\u00e9opolitiques et de maintenir un cadre politique stable pour pouvoir\u00a0assoir leurs op\u00e9rations \u00e0 niveau international.","breadcrumb":{"@id":"https:\/\/www.uni.lu\/fr\/events\/conference-cavour-merkel-la-tenacia-della-politica\/#breadcrumb"},"inLanguage":"fr-FR","potentialAction":[{"@type":"ReadAction","target":["https:\/\/www.uni.lu\/fr\/events\/conference-cavour-merkel-la-tenacia-della-politica\/"]}]},{"@type":"ImageObject","inLanguage":"fr-FR","@id":"https:\/\/www.uni.lu\/fr\/events\/conference-cavour-merkel-la-tenacia-della-politica\/#primaryimage","url":"https:\/\/www.uni.lu\/wp-content\/uploads\/sites\/11\/2022\/05\/cavour_merkel_la_tenacia_della_politica.jpg","contentUrl":"https:\/\/www.uni.lu\/wp-content\/uploads\/sites\/11\/2022\/05\/cavour_merkel_la_tenacia_della_politica.jpg","width":800,"height":600},{"@type":"BreadcrumbList","@id":"https:\/\/www.uni.lu\/fr\/events\/conference-cavour-merkel-la-tenacia-della-politica\/#breadcrumb","itemListElement":[{"@type":"ListItem","position":1,"name":"Home","item":"https:\/\/www.uni.lu\/fr\/"},{"@type":"ListItem","position":2,"name":"Events","item":"https:\/\/www.uni.lu\/fr\/events\/"},{"@type":"ListItem","position":3,"name":"Conference: Cavour-Merkel : La tenacia della politica"}]},{"@type":"WebSite","@id":"https:\/\/www.uni.lu\/fr\/#website","url":"https:\/\/www.uni.lu\/fr\/","name":"Uni.lu","description":"Universit\u00e9 du Luxembourg","publisher":{"@id":"https:\/\/www.uni.lu\/fr\/#organization"},"alternateName":"Universit\u00e9 du Luxembourg","potentialAction":[{"@type":"SearchAction","target":{"@type":"EntryPoint","urlTemplate":"https:\/\/www.uni.lu\/fr\/?s={search_term_string}"},"query-input":"required name=search_term_string"}],"inLanguage":"fr-FR"},{"@type":"Organization","@id":"https:\/\/www.uni.lu\/fr\/#organization","name":"Universit\u00e9 du Luxembourg","alternateName":"Uni.lu","url":"https:\/\/www.uni.lu\/fr\/","logo":{"@type":"ImageObject","inLanguage":"fr-FR","@id":"https:\/\/www.uni.lu\/fr\/#\/schema\/logo\/image\/","url":"https:\/\/www.uni.lu\/wp-content\/uploads\/sites\/11\/2026\/03\/03120045\/UNIV_SM-Profile_1600x1600px-scaled.jpg","contentUrl":"https:\/\/www.uni.lu\/wp-content\/uploads\/sites\/11\/2026\/03\/03120045\/UNIV_SM-Profile_1600x1600px-scaled.jpg","width":2560,"height":2560,"caption":"Universit\u00e9 du Luxembourg"},"image":"https:\/\/www.uni.lu\/wp-content\/uploads\/sites\/11\/2026\/04\/24120552\/20200609-Belval-Campus_Henri-Goergen-23.jpg","sameAs":["https:\/\/www.facebook.com\/uni.lu","https:\/\/www.linkedin.com\/school\/university-of-luxembourg\/","https:\/\/www.instagram.com\/uni.lu","https:\/\/www.youtube.com\/@uni_lu","https:\/\/en.wikipedia.org\/wiki\/University_of_Luxembourg"],"email":"communication@uni.lu","telephone":"+352 46 66 44 1","address":{"@type":"PostalAddress","streetAddress":"2, place de l\u2019Universit\u00e9","addressLocality":"Esch-sur-Alzette","postalCode":"4365","addressCountry":"LU"},"description":"Universit\u00e9 du Luxembourg"}]}},"_links":{"self":[{"href":"https:\/\/www.uni.lu\/fr\/wp-json\/wp\/v2\/events\/8888"}],"collection":[{"href":"https:\/\/www.uni.lu\/fr\/wp-json\/wp\/v2\/events"}],"about":[{"href":"https:\/\/www.uni.lu\/fr\/wp-json\/wp\/v2\/types\/events"}],"replies":[{"embeddable":true,"href":"https:\/\/www.uni.lu\/fr\/wp-json\/wp\/v2\/comments?post=8888"}],"version-history":[{"count":0,"href":"https:\/\/www.uni.lu\/fr\/wp-json\/wp\/v2\/events\/8888\/revisions"}],"wp:featuredmedia":[{"embeddable":true,"href":"https:\/\/www.uni.lu\/fr\/wp-json\/wp\/v2\/media\/8889"}],"wp:attachment":[{"href":"https:\/\/www.uni.lu\/fr\/wp-json\/wp\/v2\/media?parent=8888"}],"wp:term":[{"taxonomy":"events-topic","embeddable":true,"href":"https:\/\/www.uni.lu\/fr\/wp-json\/wp\/v2\/events-topic?post=8888"},{"taxonomy":"events-type","embeddable":true,"href":"https:\/\/www.uni.lu\/fr\/wp-json\/wp\/v2\/events-type?post=8888"},{"taxonomy":"organisation","embeddable":true,"href":"https:\/\/www.uni.lu\/fr\/wp-json\/wp\/v2\/organisation?post=8888"}],"curies":[{"name":"wp","href":"https:\/\/api.w.org\/{rel}","templated":true}]}}