{"id":8871,"date":"2022-05-04T16:52:35","date_gmt":"2022-05-04T14:52:35","guid":{"rendered":"https:\/\/www.uni.lu\/fr\/events\/exposition-la-declaration-schuman-9-mai-1950-4-mai-2022-4-juin-2022\/"},"modified":"2022-05-04T16:52:35","modified_gmt":"2022-05-04T14:52:35","slug":"exposition-la-declaration-schuman-9-mai-1950-4-mai-2022-4-juin-2022","status":"publish","type":"events","link":"https:\/\/www.uni.lu\/fr\/events\/exposition-la-declaration-schuman-9-mai-1950-4-mai-2022-4-juin-2022\/","title":{"rendered":"Exposition &#8211; La d\u00e9claration Schuman, 9 Mai 1950 (4 Mai 2022 &#8211; 4 Juin 2022)"},"content":{"rendered":"<section class=\"wp-block-unilux-blocks-free-section section\"><div class=\"container xl:max-w-screen-xl\"><p>Le 9 mai 2020, l\u2019Europe a marqu\u00e9 le 70e anniversaire de la d\u00e9claration de Robert Schuman.<\/p><p>Alors que l\u2019Union europ\u00e9enne affronte aujourd\u2019hui des d\u00e9fis majeurs, l\u2019Europe Direct de l\u2019Universit\u00e9 du Luxembourg et le Service de recherche du Parlement europ\u00e9en (EPRS) vous invitent \u00e0 visiter l\u2019exposition r\u00e9alis\u00e9e par le Parlement europ\u00e9en autour de cette initiative r\u00e9volutionnaire qui, le 9 mai 1950, a servi de point de d\u00e9part \u00e0 la construction de l&rsquo;Europe communautaire.<\/p><p>Il faut en effet ne pas oublier tous les efforts qui ont \u00e9t\u00e9 n\u00e9cessaires &#8211; en pleine Guerre froide &#8211; pour poser les premiers jalons d\u2019un processus d\u2019int\u00e9gration qui a tant marqu\u00e9 l\u2019histoire de notre continent.<\/p><p>L&rsquo;exposition est accueillie au <strong>Luxembourg Learning Centre<\/strong> (LLC) de l\u2019Universit\u00e9 du Luxembourg \u00e0 Belval <strong>du 4 mai au 4 juin 2022<\/strong> et pourra \u00eatre visit\u00e9e <strong>du lundi au vendredi de 8h00 \u00e0 20h00<\/strong>, ainsi que <strong>samedi et dimanche de 8h00 \u00e0 17h00<\/strong>.<\/p>\n<h3 class=\"has-text-align-left wp-block-unilux-blocks-heading\"        id=\"video\"\n    >\nVideo<\/h3>\n<p><a href=\"https:\/\/multimedia.europarl.europa.eu\/en\/video\/clip-exhibition-for-the-70th-anniversary-of-the-schuman-declaration-version-with-french-subtitles_EP102159_FR_ST%20\" target=\"_blank\" title=\"Video Exposition 70th anniversary of the Schuman Declaration\" rel=\"noopener\">Exhibition for the 70th anniversary of the Schuman Declaration<\/a> (Version with French subtitles)<\/p>\n<h3 class=\"has-text-align-left wp-block-unilux-blocks-heading\"        id=\"exposition-europeana\"\n    >\nExposition Europeana<\/h3>\n<p><a href=\"https:\/\/www.europeana.eu\/fr\/exhibitions\/70th-anniversary-of-the-schuman-declaration\" target=\"_blank\" title=\"Exposition 70th anniversary of the Schuman declaration\" rel=\"noopener\">70e anniversaire de la d\u00e9claration Schuman. 9 Mai 1950<\/a><\/p>\n<h3 class=\"has-text-align-left wp-block-unilux-blocks-heading\"        id=\"site-internet-des-archives-historiques\"\n    >\nSite Internet des Archives historiques<\/h3>\n<p><a href=\"https:\/\/www.europarl.europa.eu\/historicalarchives\/en\/home.html\" target=\"_blank\" title=\"Archives Historiques\" rel=\"noopener\">https:\/\/www.europarl.europa.eu\/historicalarchives\/en\/home.html<\/a><\/p><p><strong>Photo:<\/strong><\/p><p>Robert Schuman delivering his declaration in the Salon de l&rsquo;Horloge in the French Foreign Ministry building at Quai d&rsquo;Orsay in Paris on 9 May 1950 \u00a9 European Union, 2020<\/p><figure class=\"wp-block-dev4-reusable-blocks-image  object-fit--contain\">\n    \n<img decoding=\"async\" class=\"wp-block-image unilux-custom-image-block\"\n                alt=\"\"\n            src=\"https:\/\/www.uni.lu\/wp-content\/uploads\/sites\/11\/2024\/01\/partenaires_exposition.png\"\n                srcset=\"https:\/\/www.uni.lu\/wp-content\/uploads\/sites\/11\/2024\/01\/partenaires_exposition-300x27.png 300w, https:\/\/www.uni.lu\/wp-content\/uploads\/sites\/11\/2024\/01\/partenaires_exposition.png 500w\"\n                style=\"object-position: 50.00% 50.00%; font-family: &quot;object-fit: contain; object-position: 50.00% 50.00%;&quot;; aspect-ratio: 16\/9; object-fit: contain; width: 100%;\"\n        loading=\"lazy\"\n\/>    <\/figure><\/div><\/section>","protected":false},"excerpt":{"rendered":"","protected":false},"author":0,"featured_media":8872,"parent":0,"menu_order":0,"comment_status":"open","ping_status":"closed","template":"","format":"standard","meta":{"featured_image_focal_point":[],"show_featured_caption":false,"ulux_newsletter_groups":"","uluxPostTitle":"","uluxPrePostTitle":"","_trash_the_other_posts":false,"_price":"","_stock":"","_tribe_ticket_header":"","_tribe_default_ticket_provider":"","_tribe_ticket_capacity":"0","_ticket_start_date":"","_ticket_end_date":"","_tribe_ticket_show_description":"","_tribe_ticket_show_not_going":false,"_tribe_ticket_use_global_stock":"","_tribe_ticket_global_stock_level":"","_global_stock_mode":"","_global_stock_cap":"","_tribe_rsvp_for_event":"","_tribe_ticket_going_count":"","_tribe_ticket_not_going_count":"","_tribe_tickets_list":"[]","_tribe_ticket_has_attendee_info_fields":false,"event_start_date":"2022-05-04 08:00:00","event_end_date":"2022-06-04 17:00:00","event_speaker_name":"","event_speaker_link":"","event_is_online":false,"event_location":"Luxembourg Learning Centre (LLC) - Campus de Belval","event_street":"","event_location_link":"","event_zip_code":"","event_city":"","event_country":"LU"},"events-topic":[322],"events-type":[],"organisation":[221,226],"authorship":[],"acf":[],"yoast_head":"<!-- This site is optimized with the Yoast SEO Premium plugin v22.3 (Yoast SEO v22.3) - https:\/\/yoast.com\/wordpress\/plugins\/seo\/ -->\n<title>Exposition - La d\u00e9claration Schuman, 9 Mai 1950 (4 Mai 2022 - 4 Juin 2022) - Universit\u00e9 du Luxembourg<\/title>\n<meta name=\"description\" content=\"Le 9 mai 2020, l\u2019Europe a marqu\u00e9 le 70e anniversaire de la d\u00e9claration de Robert Schuman.Alors que l\u2019Union europ\u00e9enne affronte aujourd\u2019hui des d\u00e9fis\" \/>\n<meta name=\"robots\" content=\"index, follow, max-snippet:-1, max-image-preview:large, max-video-preview:-1\" \/>\n<link rel=\"canonical\" href=\"https:\/\/www.uni.lu\/fr\/events\/exposition-la-declaration-schuman-9-mai-1950-4-mai-2022-4-juin-2022\/\" \/>\n<meta property=\"og:locale\" content=\"fr_FR\" \/>\n<meta property=\"og:type\" content=\"article\" \/>\n<meta property=\"og:title\" content=\"Exposition - La d\u00e9claration Schuman, 9 Mai 1950 (4 Mai 2022 - 4 Juin 2022)\" \/>\n<meta property=\"og:description\" content=\"Le 9 mai 2020, l\u2019Europe a marqu\u00e9 le 70e anniversaire de la d\u00e9claration de Robert Schuman.Alors que l\u2019Union europ\u00e9enne affronte aujourd\u2019hui des d\u00e9fis\" \/>\n<meta property=\"og:url\" content=\"https:\/\/www.uni.lu\/fr\/events\/exposition-la-declaration-schuman-9-mai-1950-4-mai-2022-4-juin-2022\/\" \/>\n<meta property=\"og:site_name\" content=\"UNI FR\" \/>\n<meta property=\"article:publisher\" content=\"https:\/\/www.facebook.com\/uni.lu\" \/>\n<meta property=\"og:image\" content=\"https:\/\/www.uni.lu\/wp-content\/uploads\/sites\/11\/2026\/03\/03120045\/UNIV_SM-Profile_1600x1600px-scaled.jpg\" \/>\n\t<meta property=\"og:image:width\" content=\"2560\" \/>\n\t<meta property=\"og:image:height\" content=\"2560\" \/>\n\t<meta property=\"og:image:type\" content=\"image\/jpeg\" \/>\n<meta name=\"twitter:card\" content=\"summary_large_image\" \/>\n<meta name=\"twitter:label1\" content=\"Dur\u00e9e de lecture estim\u00e9e\" \/>\n\t<meta name=\"twitter:data1\" content=\"1 minute\" \/>\n<script type=\"application\/ld+json\" class=\"yoast-schema-graph\">{\"@context\":\"https:\/\/schema.org\",\"@graph\":[{\"@type\":\"WebPage\",\"@id\":\"https:\/\/www.uni.lu\/fr\/events\/exposition-la-declaration-schuman-9-mai-1950-4-mai-2022-4-juin-2022\/\",\"url\":\"https:\/\/www.uni.lu\/fr\/events\/exposition-la-declaration-schuman-9-mai-1950-4-mai-2022-4-juin-2022\/\",\"name\":\"Exposition - La d\u00e9claration Schuman, 9 Mai 1950 (4 Mai 2022 - 4 Juin 2022) - Universit\u00e9 du Luxembourg\",\"isPartOf\":{\"@id\":\"https:\/\/www.uni.lu\/fr\/#website\"},\"primaryImageOfPage\":{\"@id\":\"https:\/\/www.uni.lu\/fr\/events\/exposition-la-declaration-schuman-9-mai-1950-4-mai-2022-4-juin-2022\/#primaryimage\"},\"image\":{\"@id\":\"https:\/\/www.uni.lu\/fr\/events\/exposition-la-declaration-schuman-9-mai-1950-4-mai-2022-4-juin-2022\/#primaryimage\"},\"thumbnailUrl\":\"https:\/\/www.uni.lu\/wp-content\/uploads\/sites\/11\/2022\/05\/exposition_la_declaration_schuman_9_mai_1950_4_mai_2022_4_juin_2022.jpg\",\"datePublished\":\"2022-05-04T14:52:35+00:00\",\"dateModified\":\"2022-05-04T14:52:35+00:00\",\"description\":\"Le 9 mai 2020, l\u2019Europe a marqu\u00e9 le 70e anniversaire de la d\u00e9claration de Robert Schuman.Alors que l\u2019Union europ\u00e9enne affronte aujourd\u2019hui des d\u00e9fis\",\"breadcrumb\":{\"@id\":\"https:\/\/www.uni.lu\/fr\/events\/exposition-la-declaration-schuman-9-mai-1950-4-mai-2022-4-juin-2022\/#breadcrumb\"},\"inLanguage\":\"fr-FR\",\"potentialAction\":[{\"@type\":\"ReadAction\",\"target\":[\"https:\/\/www.uni.lu\/fr\/events\/exposition-la-declaration-schuman-9-mai-1950-4-mai-2022-4-juin-2022\/\"]}]},{\"@type\":\"ImageObject\",\"inLanguage\":\"fr-FR\",\"@id\":\"https:\/\/www.uni.lu\/fr\/events\/exposition-la-declaration-schuman-9-mai-1950-4-mai-2022-4-juin-2022\/#primaryimage\",\"url\":\"https:\/\/www.uni.lu\/wp-content\/uploads\/sites\/11\/2022\/05\/exposition_la_declaration_schuman_9_mai_1950_4_mai_2022_4_juin_2022.jpg\",\"contentUrl\":\"https:\/\/www.uni.lu\/wp-content\/uploads\/sites\/11\/2022\/05\/exposition_la_declaration_schuman_9_mai_1950_4_mai_2022_4_juin_2022.jpg\",\"width\":800,\"height\":600},{\"@type\":\"BreadcrumbList\",\"@id\":\"https:\/\/www.uni.lu\/fr\/events\/exposition-la-declaration-schuman-9-mai-1950-4-mai-2022-4-juin-2022\/#breadcrumb\",\"itemListElement\":[{\"@type\":\"ListItem\",\"position\":1,\"name\":\"Home\",\"item\":\"https:\/\/www.uni.lu\/fr\/\"},{\"@type\":\"ListItem\",\"position\":2,\"name\":\"Events\",\"item\":\"https:\/\/www.uni.lu\/fr\/events\/\"},{\"@type\":\"ListItem\",\"position\":3,\"name\":\"Exposition - La d\u00e9claration Schuman, 9 Mai 1950 (4 Mai 2022 - 4 Juin 2022)\"}]},{\"@type\":\"WebSite\",\"@id\":\"https:\/\/www.uni.lu\/fr\/#website\",\"url\":\"https:\/\/www.uni.lu\/fr\/\",\"name\":\"Uni.lu\",\"description\":\"Universit\u00e9 du Luxembourg\",\"publisher\":{\"@id\":\"https:\/\/www.uni.lu\/fr\/#organization\"},\"alternateName\":\"Universit\u00e9 du Luxembourg\",\"potentialAction\":[{\"@type\":\"SearchAction\",\"target\":{\"@type\":\"EntryPoint\",\"urlTemplate\":\"https:\/\/www.uni.lu\/fr\/?s={search_term_string}\"},\"query-input\":\"required name=search_term_string\"}],\"inLanguage\":\"fr-FR\"},{\"@type\":\"Organization\",\"@id\":\"https:\/\/www.uni.lu\/fr\/#organization\",\"name\":\"Universit\u00e9 du Luxembourg\",\"alternateName\":\"Uni.lu\",\"url\":\"https:\/\/www.uni.lu\/fr\/\",\"logo\":{\"@type\":\"ImageObject\",\"inLanguage\":\"fr-FR\",\"@id\":\"https:\/\/www.uni.lu\/fr\/#\/schema\/logo\/image\/\",\"url\":\"https:\/\/www.uni.lu\/wp-content\/uploads\/sites\/11\/2026\/03\/03120045\/UNIV_SM-Profile_1600x1600px-scaled.jpg\",\"contentUrl\":\"https:\/\/www.uni.lu\/wp-content\/uploads\/sites\/11\/2026\/03\/03120045\/UNIV_SM-Profile_1600x1600px-scaled.jpg\",\"width\":2560,\"height\":2560,\"caption\":\"Universit\u00e9 du Luxembourg\"},\"image\":\"https:\/\/www.uni.lu\/wp-content\/uploads\/sites\/11\/2026\/04\/24120552\/20200609-Belval-Campus_Henri-Goergen-23.jpg\",\"sameAs\":[\"https:\/\/www.facebook.com\/uni.lu\",\"https:\/\/www.linkedin.com\/school\/university-of-luxembourg\/\",\"https:\/\/www.instagram.com\/uni.lu\",\"https:\/\/www.youtube.com\/@uni_lu\",\"https:\/\/en.wikipedia.org\/wiki\/University_of_Luxembourg\"],\"email\":\"communication@uni.lu\",\"telephone\":\"+352 46 66 44 1\",\"address\":{\"@type\":\"PostalAddress\",\"streetAddress\":\"2, place de l\u2019Universit\u00e9\",\"addressLocality\":\"Esch-sur-Alzette\",\"postalCode\":\"4365\",\"addressCountry\":\"LU\"},\"description\":\"Universit\u00e9 du Luxembourg\"}]}<\/script>\n<!-- \/ Yoast SEO Premium plugin. -->","yoast_head_json":{"title":"Exposition - La d\u00e9claration Schuman, 9 Mai 1950 (4 Mai 2022 - 4 Juin 2022) - Universit\u00e9 du Luxembourg","description":"Le 9 mai 2020, l\u2019Europe a marqu\u00e9 le 70e anniversaire de la d\u00e9claration de Robert Schuman.Alors que l\u2019Union europ\u00e9enne affronte aujourd\u2019hui des d\u00e9fis","robots":{"index":"index","follow":"follow","max-snippet":"max-snippet:-1","max-image-preview":"max-image-preview:large","max-video-preview":"max-video-preview:-1"},"canonical":"https:\/\/www.uni.lu\/fr\/events\/exposition-la-declaration-schuman-9-mai-1950-4-mai-2022-4-juin-2022\/","og_locale":"fr_FR","og_type":"article","og_title":"Exposition - La d\u00e9claration Schuman, 9 Mai 1950 (4 Mai 2022 - 4 Juin 2022)","og_description":"Le 9 mai 2020, l\u2019Europe a marqu\u00e9 le 70e anniversaire de la d\u00e9claration de Robert Schuman.Alors que l\u2019Union europ\u00e9enne affronte aujourd\u2019hui des d\u00e9fis","og_url":"https:\/\/www.uni.lu\/fr\/events\/exposition-la-declaration-schuman-9-mai-1950-4-mai-2022-4-juin-2022\/","og_site_name":"UNI FR","article_publisher":"https:\/\/www.facebook.com\/uni.lu","og_image":[{"width":2560,"height":2560,"url":"https:\/\/www.uni.lu\/wp-content\/uploads\/sites\/11\/2026\/03\/03120045\/UNIV_SM-Profile_1600x1600px-scaled.jpg","type":"image\/jpeg"}],"twitter_card":"summary_large_image","twitter_misc":{"Dur\u00e9e de lecture estim\u00e9e":"1 minute"},"schema":{"@context":"https:\/\/schema.org","@graph":[{"@type":"WebPage","@id":"https:\/\/www.uni.lu\/fr\/events\/exposition-la-declaration-schuman-9-mai-1950-4-mai-2022-4-juin-2022\/","url":"https:\/\/www.uni.lu\/fr\/events\/exposition-la-declaration-schuman-9-mai-1950-4-mai-2022-4-juin-2022\/","name":"Exposition - La d\u00e9claration Schuman, 9 Mai 1950 (4 Mai 2022 - 4 Juin 2022) - Universit\u00e9 du Luxembourg","isPartOf":{"@id":"https:\/\/www.uni.lu\/fr\/#website"},"primaryImageOfPage":{"@id":"https:\/\/www.uni.lu\/fr\/events\/exposition-la-declaration-schuman-9-mai-1950-4-mai-2022-4-juin-2022\/#primaryimage"},"image":{"@id":"https:\/\/www.uni.lu\/fr\/events\/exposition-la-declaration-schuman-9-mai-1950-4-mai-2022-4-juin-2022\/#primaryimage"},"thumbnailUrl":"https:\/\/www.uni.lu\/wp-content\/uploads\/sites\/11\/2022\/05\/exposition_la_declaration_schuman_9_mai_1950_4_mai_2022_4_juin_2022.jpg","datePublished":"2022-05-04T14:52:35+00:00","dateModified":"2022-05-04T14:52:35+00:00","description":"Le 9 mai 2020, l\u2019Europe a marqu\u00e9 le 70e anniversaire de la d\u00e9claration de Robert Schuman.Alors que l\u2019Union europ\u00e9enne affronte aujourd\u2019hui des d\u00e9fis","breadcrumb":{"@id":"https:\/\/www.uni.lu\/fr\/events\/exposition-la-declaration-schuman-9-mai-1950-4-mai-2022-4-juin-2022\/#breadcrumb"},"inLanguage":"fr-FR","potentialAction":[{"@type":"ReadAction","target":["https:\/\/www.uni.lu\/fr\/events\/exposition-la-declaration-schuman-9-mai-1950-4-mai-2022-4-juin-2022\/"]}]},{"@type":"ImageObject","inLanguage":"fr-FR","@id":"https:\/\/www.uni.lu\/fr\/events\/exposition-la-declaration-schuman-9-mai-1950-4-mai-2022-4-juin-2022\/#primaryimage","url":"https:\/\/www.uni.lu\/wp-content\/uploads\/sites\/11\/2022\/05\/exposition_la_declaration_schuman_9_mai_1950_4_mai_2022_4_juin_2022.jpg","contentUrl":"https:\/\/www.uni.lu\/wp-content\/uploads\/sites\/11\/2022\/05\/exposition_la_declaration_schuman_9_mai_1950_4_mai_2022_4_juin_2022.jpg","width":800,"height":600},{"@type":"BreadcrumbList","@id":"https:\/\/www.uni.lu\/fr\/events\/exposition-la-declaration-schuman-9-mai-1950-4-mai-2022-4-juin-2022\/#breadcrumb","itemListElement":[{"@type":"ListItem","position":1,"name":"Home","item":"https:\/\/www.uni.lu\/fr\/"},{"@type":"ListItem","position":2,"name":"Events","item":"https:\/\/www.uni.lu\/fr\/events\/"},{"@type":"ListItem","position":3,"name":"Exposition - La d\u00e9claration Schuman, 9 Mai 1950 (4 Mai 2022 - 4 Juin 2022)"}]},{"@type":"WebSite","@id":"https:\/\/www.uni.lu\/fr\/#website","url":"https:\/\/www.uni.lu\/fr\/","name":"Uni.lu","description":"Universit\u00e9 du Luxembourg","publisher":{"@id":"https:\/\/www.uni.lu\/fr\/#organization"},"alternateName":"Universit\u00e9 du Luxembourg","potentialAction":[{"@type":"SearchAction","target":{"@type":"EntryPoint","urlTemplate":"https:\/\/www.uni.lu\/fr\/?s={search_term_string}"},"query-input":"required name=search_term_string"}],"inLanguage":"fr-FR"},{"@type":"Organization","@id":"https:\/\/www.uni.lu\/fr\/#organization","name":"Universit\u00e9 du Luxembourg","alternateName":"Uni.lu","url":"https:\/\/www.uni.lu\/fr\/","logo":{"@type":"ImageObject","inLanguage":"fr-FR","@id":"https:\/\/www.uni.lu\/fr\/#\/schema\/logo\/image\/","url":"https:\/\/www.uni.lu\/wp-content\/uploads\/sites\/11\/2026\/03\/03120045\/UNIV_SM-Profile_1600x1600px-scaled.jpg","contentUrl":"https:\/\/www.uni.lu\/wp-content\/uploads\/sites\/11\/2026\/03\/03120045\/UNIV_SM-Profile_1600x1600px-scaled.jpg","width":2560,"height":2560,"caption":"Universit\u00e9 du Luxembourg"},"image":"https:\/\/www.uni.lu\/wp-content\/uploads\/sites\/11\/2026\/04\/24120552\/20200609-Belval-Campus_Henri-Goergen-23.jpg","sameAs":["https:\/\/www.facebook.com\/uni.lu","https:\/\/www.linkedin.com\/school\/university-of-luxembourg\/","https:\/\/www.instagram.com\/uni.lu","https:\/\/www.youtube.com\/@uni_lu","https:\/\/en.wikipedia.org\/wiki\/University_of_Luxembourg"],"email":"communication@uni.lu","telephone":"+352 46 66 44 1","address":{"@type":"PostalAddress","streetAddress":"2, place de l\u2019Universit\u00e9","addressLocality":"Esch-sur-Alzette","postalCode":"4365","addressCountry":"LU"},"description":"Universit\u00e9 du Luxembourg"}]}},"_links":{"self":[{"href":"https:\/\/www.uni.lu\/fr\/wp-json\/wp\/v2\/events\/8871"}],"collection":[{"href":"https:\/\/www.uni.lu\/fr\/wp-json\/wp\/v2\/events"}],"about":[{"href":"https:\/\/www.uni.lu\/fr\/wp-json\/wp\/v2\/types\/events"}],"replies":[{"embeddable":true,"href":"https:\/\/www.uni.lu\/fr\/wp-json\/wp\/v2\/comments?post=8871"}],"version-history":[{"count":0,"href":"https:\/\/www.uni.lu\/fr\/wp-json\/wp\/v2\/events\/8871\/revisions"}],"wp:featuredmedia":[{"embeddable":true,"href":"https:\/\/www.uni.lu\/fr\/wp-json\/wp\/v2\/media\/8872"}],"wp:attachment":[{"href":"https:\/\/www.uni.lu\/fr\/wp-json\/wp\/v2\/media?parent=8871"}],"wp:term":[{"taxonomy":"events-topic","embeddable":true,"href":"https:\/\/www.uni.lu\/fr\/wp-json\/wp\/v2\/events-topic?post=8871"},{"taxonomy":"events-type","embeddable":true,"href":"https:\/\/www.uni.lu\/fr\/wp-json\/wp\/v2\/events-type?post=8871"},{"taxonomy":"organisation","embeddable":true,"href":"https:\/\/www.uni.lu\/fr\/wp-json\/wp\/v2\/organisation?post=8871"}],"curies":[{"name":"wp","href":"https:\/\/api.w.org\/{rel}","templated":true}]}}