{"id":8866,"date":"2022-03-29T14:11:54","date_gmt":"2022-03-29T12:11:54","guid":{"rendered":"https:\/\/www.uni.lu\/fr\/events\/colloque-franco-allemand-apprendre-et-enseigner-la-musique\/"},"modified":"2022-03-29T14:11:54","modified_gmt":"2022-03-29T12:11:54","slug":"colloque-franco-allemand-apprendre-et-enseigner-la-musique","status":"publish","type":"events","link":"https:\/\/www.uni.lu\/fr\/events\/colloque-franco-allemand-apprendre-et-enseigner-la-musique\/","title":{"rendered":"Colloque franco-allemand \u00ab\u00a0Apprendre et enseigner la musique\u00a0\u00bb"},"content":{"rendered":"<section class=\"wp-block-unilux-blocks-free-section section\"><div class=\"container xl:max-w-screen-xl\"><p>Les termes \u00ab\u00a0enseignement\u00a0\u00bb et \u00ab\u00a0apprentissage\u00a0\u00bb sont g\u00e9n\u00e9ralement associ\u00e9s l&rsquo;un \u00e0 l&rsquo;autre dans un rapport de causalit\u00e9. L'\u00a0\u00bbenseignement\u00a0\u00bb concerne les concepts et les attitudes p\u00e9dagogiques de l&rsquo;enseignant, qui sont \u00e0 la base de l'\u00a0\u00bbapprentissage\u00a0\u00bb et dont les effets entrent en jeu avec les r\u00e9sultats d&rsquo;apprentissage des apprenants. Le fait que tout enseignement soit \u00e9galement un apprentissage, que l&rsquo;apprentissage et l&rsquo;enseignement se conditionnent mutuellement et se distinguent l&rsquo;un de l&rsquo;autre, sera examin\u00e9 de plus pr\u00e8s dans le cadre de cette conf\u00e9rence en tenant compte de l&rsquo;enseignement de la musique. Ce dernier doit \u00eatre compris comme un enseignement de la musique qui prend en compte aussi bien la musique dans l&rsquo;enseignement g\u00e9n\u00e9ral dans ses diff\u00e9rents objectifs\u00a0 et dimensions que l&rsquo;enseignement instrumental et vocal qui inclut \u00e9galement les pratiques musicales interdisciplinaires.\u00a0 Le lieu de la conf\u00e9rence offre une perspective internationale, puisque c&rsquo;est au Luxembourg que se rencontrent les diff\u00e9rentes traditions disciplinaires et \u00e9ducatives des pays europ\u00e9ens voisins.<\/p><\/div><\/section>","protected":false},"excerpt":{"rendered":"<p>Les termes \u00ab\u00a0enseignement\u00a0\u00bb et \u00ab\u00a0apprentissage\u00a0\u00bb sont g\u00e9n\u00e9ralement associ\u00e9s l&rsquo;un \u00e0 l&rsquo;autre dans un rapport de causalit\u00e9. L'\u00a0\u00bbenseignement\u00a0\u00bb concerne les concepts et les attitudes p\u00e9dagogiques de l&rsquo;enseignant, qui sont \u00e0 la base de l'\u00a0\u00bbapprentissage\u00a0\u00bb et dont les effets entrent en jeu avec les r\u00e9sultats d&rsquo;apprentissage des apprenants. Le fait que tout enseignement soit \u00e9galement un apprentissage, que l&rsquo;apprentissage et l&rsquo;enseignement se conditionnent mutuellement et se distinguent l&rsquo;un de l&rsquo;autre, sera examin\u00e9 de plus pr\u00e8s dans le cadre de cette conf\u00e9rence en tenant compte de l&rsquo;enseignement de la musique. Ce dernier doit \u00eatre compris comme un enseignement de la musique qui prend en compte aussi bien la musique dans l&rsquo;enseignement g\u00e9n\u00e9ral dans ses diff\u00e9rents objectifs\u00a0 et dimensions que l&rsquo;enseignement instrumental et vocal qui inclut \u00e9galement les pratiques musicales interdisciplinaires.\u00a0 Le lieu de la conf\u00e9rence offre une perspective internationale, puisque c&rsquo;est au Luxembourg que se rencontrent les diff\u00e9rentes traditions disciplinaires et \u00e9ducatives des pays europ\u00e9ens voisins.<\/p>\n","protected":false},"author":0,"featured_media":8867,"parent":0,"menu_order":0,"comment_status":"open","ping_status":"closed","template":"","format":"standard","meta":{"featured_image_focal_point":[],"show_featured_caption":false,"ulux_newsletter_groups":"","uluxPostTitle":"","uluxPrePostTitle":"","_trash_the_other_posts":false,"_price":"","_stock":"","_tribe_ticket_header":"","_tribe_default_ticket_provider":"","_tribe_ticket_capacity":"0","_ticket_start_date":"","_ticket_end_date":"","_tribe_ticket_show_description":"","_tribe_ticket_show_not_going":false,"_tribe_ticket_use_global_stock":"","_tribe_ticket_global_stock_level":"","_global_stock_mode":"","_global_stock_cap":"","_tribe_rsvp_for_event":"","_tribe_ticket_going_count":"","_tribe_ticket_not_going_count":"","_tribe_tickets_list":"[]","_tribe_ticket_has_attendee_info_fields":false,"event_start_date":"2022-05-19 17:00:00","event_end_date":"2022-05-21 16:00:00","event_speaker_name":"","event_speaker_link":"","event_is_online":false,"event_location":"","event_street":"","event_location_link":"","event_zip_code":"","event_city":"","event_country":"LU"},"events-topic":[],"events-type":[],"organisation":[147,226],"authorship":[],"acf":[],"yoast_head":"<!-- This site is optimized with the Yoast SEO Premium plugin v22.3 (Yoast SEO v22.3) - https:\/\/yoast.com\/wordpress\/plugins\/seo\/ -->\n<title>Colloque franco-allemand &quot;Apprendre et enseigner la musique&quot; - Universit\u00e9 du Luxembourg<\/title>\n<meta name=\"description\" content=\"Les termes &quot;enseignement&quot; et &quot;apprentissage&quot; sont g\u00e9n\u00e9ralement associ\u00e9s l&#039;un \u00e0 l&#039;autre dans un rapport de causalit\u00e9. L&#039;&quot;enseignement&quot; concerne les concepts et les attitudes p\u00e9dagogiques de l&#039;enseignant, qui sont \u00e0 la base de l&#039;&quot;apprentissage&quot; et dont les effets entrent en jeu avec les r\u00e9sultats d&#039;apprentissage des apprenants. Le fait que tout enseignement soit \u00e9galement un apprentissage, que l&#039;apprentissage et l&#039;enseignement se conditionnent mutuellement et se distinguent l&#039;un de l&#039;autre, sera examin\u00e9 de plus pr\u00e8s dans le cadre de cette conf\u00e9rence en tenant compte de l&#039;enseignement de la musique. Ce dernier doit \u00eatre compris comme un enseignement de la musique qui prend en compte aussi bien la musique dans l&#039;enseignement g\u00e9n\u00e9ral dans ses diff\u00e9rents objectifs\u00a0 et dimensions que l&#039;enseignement instrumental et vocal qui inclut \u00e9galement les pratiques musicales interdisciplinaires.\u00a0 Le lieu de la conf\u00e9rence offre une perspective internationale, puisque c&#039;est au Luxembourg que se rencontrent les diff\u00e9rentes traditions disciplinaires et \u00e9ducatives des pays europ\u00e9ens voisins.\" \/>\n<meta name=\"robots\" content=\"index, follow, max-snippet:-1, max-image-preview:large, max-video-preview:-1\" \/>\n<link rel=\"canonical\" href=\"https:\/\/www.uni.lu\/fr\/events\/colloque-franco-allemand-apprendre-et-enseigner-la-musique\/\" \/>\n<meta property=\"og:locale\" content=\"fr_FR\" \/>\n<meta property=\"og:type\" content=\"article\" \/>\n<meta property=\"og:title\" content=\"Colloque franco-allemand &quot;Apprendre et enseigner la musique&quot;\" \/>\n<meta property=\"og:description\" content=\"Les termes &quot;enseignement&quot; et &quot;apprentissage&quot; sont g\u00e9n\u00e9ralement associ\u00e9s l&#039;un \u00e0 l&#039;autre dans un rapport de causalit\u00e9. L&#039;&quot;enseignement&quot; concerne les concepts et les attitudes p\u00e9dagogiques de l&#039;enseignant, qui sont \u00e0 la base de l&#039;&quot;apprentissage&quot; et dont les effets entrent en jeu avec les r\u00e9sultats d&#039;apprentissage des apprenants. Le fait que tout enseignement soit \u00e9galement un apprentissage, que l&#039;apprentissage et l&#039;enseignement se conditionnent mutuellement et se distinguent l&#039;un de l&#039;autre, sera examin\u00e9 de plus pr\u00e8s dans le cadre de cette conf\u00e9rence en tenant compte de l&#039;enseignement de la musique. Ce dernier doit \u00eatre compris comme un enseignement de la musique qui prend en compte aussi bien la musique dans l&#039;enseignement g\u00e9n\u00e9ral dans ses diff\u00e9rents objectifs\u00a0 et dimensions que l&#039;enseignement instrumental et vocal qui inclut \u00e9galement les pratiques musicales interdisciplinaires.\u00a0 Le lieu de la conf\u00e9rence offre une perspective internationale, puisque c&#039;est au Luxembourg que se rencontrent les diff\u00e9rentes traditions disciplinaires et \u00e9ducatives des pays europ\u00e9ens voisins.\" \/>\n<meta property=\"og:url\" content=\"https:\/\/www.uni.lu\/fr\/events\/colloque-franco-allemand-apprendre-et-enseigner-la-musique\/\" \/>\n<meta property=\"og:site_name\" content=\"UNI FR\" \/>\n<meta property=\"article:publisher\" content=\"https:\/\/www.facebook.com\/uni.lu\" \/>\n<meta property=\"og:image\" content=\"https:\/\/www.uni.lu\/wp-content\/uploads\/sites\/11\/2026\/03\/03120045\/UNIV_SM-Profile_1600x1600px-scaled.jpg\" \/>\n\t<meta property=\"og:image:width\" content=\"2560\" \/>\n\t<meta property=\"og:image:height\" content=\"2560\" \/>\n\t<meta property=\"og:image:type\" content=\"image\/jpeg\" \/>\n<meta name=\"twitter:card\" content=\"summary_large_image\" \/>\n<meta name=\"twitter:label1\" content=\"Dur\u00e9e de lecture estim\u00e9e\" \/>\n\t<meta name=\"twitter:data1\" content=\"1 minute\" \/>\n<script type=\"application\/ld+json\" class=\"yoast-schema-graph\">{\"@context\":\"https:\/\/schema.org\",\"@graph\":[{\"@type\":\"WebPage\",\"@id\":\"https:\/\/www.uni.lu\/fr\/events\/colloque-franco-allemand-apprendre-et-enseigner-la-musique\/\",\"url\":\"https:\/\/www.uni.lu\/fr\/events\/colloque-franco-allemand-apprendre-et-enseigner-la-musique\/\",\"name\":\"Colloque franco-allemand \\\"Apprendre et enseigner la musique\\\" - Universit\u00e9 du Luxembourg\",\"isPartOf\":{\"@id\":\"https:\/\/www.uni.lu\/fr\/#website\"},\"primaryImageOfPage\":{\"@id\":\"https:\/\/www.uni.lu\/fr\/events\/colloque-franco-allemand-apprendre-et-enseigner-la-musique\/#primaryimage\"},\"image\":{\"@id\":\"https:\/\/www.uni.lu\/fr\/events\/colloque-franco-allemand-apprendre-et-enseigner-la-musique\/#primaryimage\"},\"thumbnailUrl\":\"https:\/\/www.uni.lu\/wp-content\/uploads\/sites\/11\/2022\/03\/dimensions_cibles_de_l_enseignement_musical_dans_une_perspective_internationale.jpg\",\"datePublished\":\"2022-03-29T12:11:54+00:00\",\"dateModified\":\"2022-03-29T12:11:54+00:00\",\"description\":\"Les termes \\\"enseignement\\\" et \\\"apprentissage\\\" sont g\u00e9n\u00e9ralement associ\u00e9s l'un \u00e0 l'autre dans un rapport de causalit\u00e9. L'\\\"enseignement\\\" concerne les concepts et les attitudes p\u00e9dagogiques de l'enseignant, qui sont \u00e0 la base de l'\\\"apprentissage\\\" et dont les effets entrent en jeu avec les r\u00e9sultats d'apprentissage des apprenants. Le fait que tout enseignement soit \u00e9galement un apprentissage, que l'apprentissage et l'enseignement se conditionnent mutuellement et se distinguent l'un de l'autre, sera examin\u00e9 de plus pr\u00e8s dans le cadre de cette conf\u00e9rence en tenant compte de l'enseignement de la musique. Ce dernier doit \u00eatre compris comme un enseignement de la musique qui prend en compte aussi bien la musique dans l'enseignement g\u00e9n\u00e9ral dans ses diff\u00e9rents objectifs\u00a0 et dimensions que l'enseignement instrumental et vocal qui inclut \u00e9galement les pratiques musicales interdisciplinaires.\u00a0 Le lieu de la conf\u00e9rence offre une perspective internationale, puisque c'est au Luxembourg que se rencontrent les diff\u00e9rentes traditions disciplinaires et \u00e9ducatives des pays europ\u00e9ens voisins.\",\"breadcrumb\":{\"@id\":\"https:\/\/www.uni.lu\/fr\/events\/colloque-franco-allemand-apprendre-et-enseigner-la-musique\/#breadcrumb\"},\"inLanguage\":\"fr-FR\",\"potentialAction\":[{\"@type\":\"ReadAction\",\"target\":[\"https:\/\/www.uni.lu\/fr\/events\/colloque-franco-allemand-apprendre-et-enseigner-la-musique\/\"]}]},{\"@type\":\"ImageObject\",\"inLanguage\":\"fr-FR\",\"@id\":\"https:\/\/www.uni.lu\/fr\/events\/colloque-franco-allemand-apprendre-et-enseigner-la-musique\/#primaryimage\",\"url\":\"https:\/\/www.uni.lu\/wp-content\/uploads\/sites\/11\/2022\/03\/dimensions_cibles_de_l_enseignement_musical_dans_une_perspective_internationale.jpg\",\"contentUrl\":\"https:\/\/www.uni.lu\/wp-content\/uploads\/sites\/11\/2022\/03\/dimensions_cibles_de_l_enseignement_musical_dans_une_perspective_internationale.jpg\",\"width\":800,\"height\":600},{\"@type\":\"BreadcrumbList\",\"@id\":\"https:\/\/www.uni.lu\/fr\/events\/colloque-franco-allemand-apprendre-et-enseigner-la-musique\/#breadcrumb\",\"itemListElement\":[{\"@type\":\"ListItem\",\"position\":1,\"name\":\"Home\",\"item\":\"https:\/\/www.uni.lu\/fr\/\"},{\"@type\":\"ListItem\",\"position\":2,\"name\":\"Events\",\"item\":\"https:\/\/www.uni.lu\/fr\/events\/\"},{\"@type\":\"ListItem\",\"position\":3,\"name\":\"Colloque franco-allemand \\\"Apprendre et enseigner la musique\\\"\"}]},{\"@type\":\"WebSite\",\"@id\":\"https:\/\/www.uni.lu\/fr\/#website\",\"url\":\"https:\/\/www.uni.lu\/fr\/\",\"name\":\"Uni.lu\",\"description\":\"Universit\u00e9 du Luxembourg\",\"publisher\":{\"@id\":\"https:\/\/www.uni.lu\/fr\/#organization\"},\"alternateName\":\"Universit\u00e9 du Luxembourg\",\"potentialAction\":[{\"@type\":\"SearchAction\",\"target\":{\"@type\":\"EntryPoint\",\"urlTemplate\":\"https:\/\/www.uni.lu\/fr\/?s={search_term_string}\"},\"query-input\":\"required name=search_term_string\"}],\"inLanguage\":\"fr-FR\"},{\"@type\":\"Organization\",\"@id\":\"https:\/\/www.uni.lu\/fr\/#organization\",\"name\":\"Universit\u00e9 du Luxembourg\",\"alternateName\":\"Uni.lu\",\"url\":\"https:\/\/www.uni.lu\/fr\/\",\"logo\":{\"@type\":\"ImageObject\",\"inLanguage\":\"fr-FR\",\"@id\":\"https:\/\/www.uni.lu\/fr\/#\/schema\/logo\/image\/\",\"url\":\"https:\/\/www.uni.lu\/wp-content\/uploads\/sites\/11\/2026\/03\/03120045\/UNIV_SM-Profile_1600x1600px-scaled.jpg\",\"contentUrl\":\"https:\/\/www.uni.lu\/wp-content\/uploads\/sites\/11\/2026\/03\/03120045\/UNIV_SM-Profile_1600x1600px-scaled.jpg\",\"width\":2560,\"height\":2560,\"caption\":\"Universit\u00e9 du Luxembourg\"},\"image\":\"https:\/\/www.uni.lu\/wp-content\/uploads\/sites\/11\/2026\/04\/24120552\/20200609-Belval-Campus_Henri-Goergen-23.jpg\",\"sameAs\":[\"https:\/\/www.facebook.com\/uni.lu\",\"https:\/\/www.linkedin.com\/school\/university-of-luxembourg\/\",\"https:\/\/www.instagram.com\/uni.lu\",\"https:\/\/www.youtube.com\/@uni_lu\",\"https:\/\/en.wikipedia.org\/wiki\/University_of_Luxembourg\"],\"email\":\"communication@uni.lu\",\"telephone\":\"+352 46 66 44 1\",\"address\":{\"@type\":\"PostalAddress\",\"streetAddress\":\"2, place de l\u2019Universit\u00e9\",\"addressLocality\":\"Esch-sur-Alzette\",\"postalCode\":\"4365\",\"addressCountry\":\"LU\"},\"description\":\"Universit\u00e9 du Luxembourg\"}]}<\/script>\n<!-- \/ Yoast SEO Premium plugin. -->","yoast_head_json":{"title":"Colloque franco-allemand \"Apprendre et enseigner la musique\" - Universit\u00e9 du Luxembourg","description":"Les termes \"enseignement\" et \"apprentissage\" sont g\u00e9n\u00e9ralement associ\u00e9s l'un \u00e0 l'autre dans un rapport de causalit\u00e9. L'\"enseignement\" concerne les concepts et les attitudes p\u00e9dagogiques de l'enseignant, qui sont \u00e0 la base de l'\"apprentissage\" et dont les effets entrent en jeu avec les r\u00e9sultats d'apprentissage des apprenants. Le fait que tout enseignement soit \u00e9galement un apprentissage, que l'apprentissage et l'enseignement se conditionnent mutuellement et se distinguent l'un de l'autre, sera examin\u00e9 de plus pr\u00e8s dans le cadre de cette conf\u00e9rence en tenant compte de l'enseignement de la musique. Ce dernier doit \u00eatre compris comme un enseignement de la musique qui prend en compte aussi bien la musique dans l'enseignement g\u00e9n\u00e9ral dans ses diff\u00e9rents objectifs\u00a0 et dimensions que l'enseignement instrumental et vocal qui inclut \u00e9galement les pratiques musicales interdisciplinaires.\u00a0 Le lieu de la conf\u00e9rence offre une perspective internationale, puisque c'est au Luxembourg que se rencontrent les diff\u00e9rentes traditions disciplinaires et \u00e9ducatives des pays europ\u00e9ens voisins.","robots":{"index":"index","follow":"follow","max-snippet":"max-snippet:-1","max-image-preview":"max-image-preview:large","max-video-preview":"max-video-preview:-1"},"canonical":"https:\/\/www.uni.lu\/fr\/events\/colloque-franco-allemand-apprendre-et-enseigner-la-musique\/","og_locale":"fr_FR","og_type":"article","og_title":"Colloque franco-allemand \"Apprendre et enseigner la musique\"","og_description":"Les termes \"enseignement\" et \"apprentissage\" sont g\u00e9n\u00e9ralement associ\u00e9s l'un \u00e0 l'autre dans un rapport de causalit\u00e9. L'\"enseignement\" concerne les concepts et les attitudes p\u00e9dagogiques de l'enseignant, qui sont \u00e0 la base de l'\"apprentissage\" et dont les effets entrent en jeu avec les r\u00e9sultats d'apprentissage des apprenants. Le fait que tout enseignement soit \u00e9galement un apprentissage, que l'apprentissage et l'enseignement se conditionnent mutuellement et se distinguent l'un de l'autre, sera examin\u00e9 de plus pr\u00e8s dans le cadre de cette conf\u00e9rence en tenant compte de l'enseignement de la musique. Ce dernier doit \u00eatre compris comme un enseignement de la musique qui prend en compte aussi bien la musique dans l'enseignement g\u00e9n\u00e9ral dans ses diff\u00e9rents objectifs\u00a0 et dimensions que l'enseignement instrumental et vocal qui inclut \u00e9galement les pratiques musicales interdisciplinaires.\u00a0 Le lieu de la conf\u00e9rence offre une perspective internationale, puisque c'est au Luxembourg que se rencontrent les diff\u00e9rentes traditions disciplinaires et \u00e9ducatives des pays europ\u00e9ens voisins.","og_url":"https:\/\/www.uni.lu\/fr\/events\/colloque-franco-allemand-apprendre-et-enseigner-la-musique\/","og_site_name":"UNI FR","article_publisher":"https:\/\/www.facebook.com\/uni.lu","og_image":[{"width":2560,"height":2560,"url":"https:\/\/www.uni.lu\/wp-content\/uploads\/sites\/11\/2026\/03\/03120045\/UNIV_SM-Profile_1600x1600px-scaled.jpg","type":"image\/jpeg"}],"twitter_card":"summary_large_image","twitter_misc":{"Dur\u00e9e de lecture estim\u00e9e":"1 minute"},"schema":{"@context":"https:\/\/schema.org","@graph":[{"@type":"WebPage","@id":"https:\/\/www.uni.lu\/fr\/events\/colloque-franco-allemand-apprendre-et-enseigner-la-musique\/","url":"https:\/\/www.uni.lu\/fr\/events\/colloque-franco-allemand-apprendre-et-enseigner-la-musique\/","name":"Colloque franco-allemand \"Apprendre et enseigner la musique\" - Universit\u00e9 du Luxembourg","isPartOf":{"@id":"https:\/\/www.uni.lu\/fr\/#website"},"primaryImageOfPage":{"@id":"https:\/\/www.uni.lu\/fr\/events\/colloque-franco-allemand-apprendre-et-enseigner-la-musique\/#primaryimage"},"image":{"@id":"https:\/\/www.uni.lu\/fr\/events\/colloque-franco-allemand-apprendre-et-enseigner-la-musique\/#primaryimage"},"thumbnailUrl":"https:\/\/www.uni.lu\/wp-content\/uploads\/sites\/11\/2022\/03\/dimensions_cibles_de_l_enseignement_musical_dans_une_perspective_internationale.jpg","datePublished":"2022-03-29T12:11:54+00:00","dateModified":"2022-03-29T12:11:54+00:00","description":"Les termes \"enseignement\" et \"apprentissage\" sont g\u00e9n\u00e9ralement associ\u00e9s l'un \u00e0 l'autre dans un rapport de causalit\u00e9. L'\"enseignement\" concerne les concepts et les attitudes p\u00e9dagogiques de l'enseignant, qui sont \u00e0 la base de l'\"apprentissage\" et dont les effets entrent en jeu avec les r\u00e9sultats d'apprentissage des apprenants. Le fait que tout enseignement soit \u00e9galement un apprentissage, que l'apprentissage et l'enseignement se conditionnent mutuellement et se distinguent l'un de l'autre, sera examin\u00e9 de plus pr\u00e8s dans le cadre de cette conf\u00e9rence en tenant compte de l'enseignement de la musique. Ce dernier doit \u00eatre compris comme un enseignement de la musique qui prend en compte aussi bien la musique dans l'enseignement g\u00e9n\u00e9ral dans ses diff\u00e9rents objectifs\u00a0 et dimensions que l'enseignement instrumental et vocal qui inclut \u00e9galement les pratiques musicales interdisciplinaires.\u00a0 Le lieu de la conf\u00e9rence offre une perspective internationale, puisque c'est au Luxembourg que se rencontrent les diff\u00e9rentes traditions disciplinaires et \u00e9ducatives des pays europ\u00e9ens voisins.","breadcrumb":{"@id":"https:\/\/www.uni.lu\/fr\/events\/colloque-franco-allemand-apprendre-et-enseigner-la-musique\/#breadcrumb"},"inLanguage":"fr-FR","potentialAction":[{"@type":"ReadAction","target":["https:\/\/www.uni.lu\/fr\/events\/colloque-franco-allemand-apprendre-et-enseigner-la-musique\/"]}]},{"@type":"ImageObject","inLanguage":"fr-FR","@id":"https:\/\/www.uni.lu\/fr\/events\/colloque-franco-allemand-apprendre-et-enseigner-la-musique\/#primaryimage","url":"https:\/\/www.uni.lu\/wp-content\/uploads\/sites\/11\/2022\/03\/dimensions_cibles_de_l_enseignement_musical_dans_une_perspective_internationale.jpg","contentUrl":"https:\/\/www.uni.lu\/wp-content\/uploads\/sites\/11\/2022\/03\/dimensions_cibles_de_l_enseignement_musical_dans_une_perspective_internationale.jpg","width":800,"height":600},{"@type":"BreadcrumbList","@id":"https:\/\/www.uni.lu\/fr\/events\/colloque-franco-allemand-apprendre-et-enseigner-la-musique\/#breadcrumb","itemListElement":[{"@type":"ListItem","position":1,"name":"Home","item":"https:\/\/www.uni.lu\/fr\/"},{"@type":"ListItem","position":2,"name":"Events","item":"https:\/\/www.uni.lu\/fr\/events\/"},{"@type":"ListItem","position":3,"name":"Colloque franco-allemand \"Apprendre et enseigner la musique\""}]},{"@type":"WebSite","@id":"https:\/\/www.uni.lu\/fr\/#website","url":"https:\/\/www.uni.lu\/fr\/","name":"Uni.lu","description":"Universit\u00e9 du Luxembourg","publisher":{"@id":"https:\/\/www.uni.lu\/fr\/#organization"},"alternateName":"Universit\u00e9 du Luxembourg","potentialAction":[{"@type":"SearchAction","target":{"@type":"EntryPoint","urlTemplate":"https:\/\/www.uni.lu\/fr\/?s={search_term_string}"},"query-input":"required name=search_term_string"}],"inLanguage":"fr-FR"},{"@type":"Organization","@id":"https:\/\/www.uni.lu\/fr\/#organization","name":"Universit\u00e9 du Luxembourg","alternateName":"Uni.lu","url":"https:\/\/www.uni.lu\/fr\/","logo":{"@type":"ImageObject","inLanguage":"fr-FR","@id":"https:\/\/www.uni.lu\/fr\/#\/schema\/logo\/image\/","url":"https:\/\/www.uni.lu\/wp-content\/uploads\/sites\/11\/2026\/03\/03120045\/UNIV_SM-Profile_1600x1600px-scaled.jpg","contentUrl":"https:\/\/www.uni.lu\/wp-content\/uploads\/sites\/11\/2026\/03\/03120045\/UNIV_SM-Profile_1600x1600px-scaled.jpg","width":2560,"height":2560,"caption":"Universit\u00e9 du Luxembourg"},"image":"https:\/\/www.uni.lu\/wp-content\/uploads\/sites\/11\/2026\/04\/24120552\/20200609-Belval-Campus_Henri-Goergen-23.jpg","sameAs":["https:\/\/www.facebook.com\/uni.lu","https:\/\/www.linkedin.com\/school\/university-of-luxembourg\/","https:\/\/www.instagram.com\/uni.lu","https:\/\/www.youtube.com\/@uni_lu","https:\/\/en.wikipedia.org\/wiki\/University_of_Luxembourg"],"email":"communication@uni.lu","telephone":"+352 46 66 44 1","address":{"@type":"PostalAddress","streetAddress":"2, place de l\u2019Universit\u00e9","addressLocality":"Esch-sur-Alzette","postalCode":"4365","addressCountry":"LU"},"description":"Universit\u00e9 du Luxembourg"}]}},"_links":{"self":[{"href":"https:\/\/www.uni.lu\/fr\/wp-json\/wp\/v2\/events\/8866"}],"collection":[{"href":"https:\/\/www.uni.lu\/fr\/wp-json\/wp\/v2\/events"}],"about":[{"href":"https:\/\/www.uni.lu\/fr\/wp-json\/wp\/v2\/types\/events"}],"replies":[{"embeddable":true,"href":"https:\/\/www.uni.lu\/fr\/wp-json\/wp\/v2\/comments?post=8866"}],"version-history":[{"count":0,"href":"https:\/\/www.uni.lu\/fr\/wp-json\/wp\/v2\/events\/8866\/revisions"}],"wp:featuredmedia":[{"embeddable":true,"href":"https:\/\/www.uni.lu\/fr\/wp-json\/wp\/v2\/media\/8867"}],"wp:attachment":[{"href":"https:\/\/www.uni.lu\/fr\/wp-json\/wp\/v2\/media?parent=8866"}],"wp:term":[{"taxonomy":"events-topic","embeddable":true,"href":"https:\/\/www.uni.lu\/fr\/wp-json\/wp\/v2\/events-topic?post=8866"},{"taxonomy":"events-type","embeddable":true,"href":"https:\/\/www.uni.lu\/fr\/wp-json\/wp\/v2\/events-type?post=8866"},{"taxonomy":"organisation","embeddable":true,"href":"https:\/\/www.uni.lu\/fr\/wp-json\/wp\/v2\/organisation?post=8866"}],"curies":[{"name":"wp","href":"https:\/\/api.w.org\/{rel}","templated":true}]}}