{"id":8860,"date":"2022-04-19T12:07:22","date_gmt":"2022-04-19T10:07:22","guid":{"rendered":"https:\/\/www.uni.lu\/fr\/events\/forum-z-liewen-am-minett-revisited\/"},"modified":"2022-04-19T12:07:22","modified_gmt":"2022-04-19T10:07:22","slug":"forum-z-liewen-am-minett-revisited","status":"publish","type":"events","link":"https:\/\/www.uni.lu\/fr\/events\/forum-z-liewen-am-minett-revisited\/","title":{"rendered":"Forum Z: Liewen am Minett revisited"},"content":{"rendered":"<section class=\"wp-block-unilux-blocks-free-section section\"><div class=\"container xl:max-w-screen-xl\"><p>Ce ForumZ rappelle le c\u00e9l\u00e8bre projet photo \u00ab Liewen am Minett \u00bb, qui a document\u00e9 le Minett \u00e0 la fin des ann\u00e9es 1980 et a d\u00e9clench\u00e9 un d\u00e9bat sur l&rsquo;identit\u00e9 de la r\u00e9gion.<\/p><p>Le projet \u00ab\u00a0Liewen am Minett\u00a0\u00bb est n\u00e9 en 1986 \u00e0 l&rsquo;initiative du ministre de la Culture Robert Krieps. Dans l&rsquo;avant-propos du livre photo, il affirmait que le c\u0153ur de l&rsquo;industrie luxembourgeoise, \u00ab\u00a0le berceau de sa prosp\u00e9rit\u00e9 et le support mat\u00e9riel de l&rsquo;ind\u00e9pendance nationale\u00a0\u00bb &#8211; le Minett &#8211; avait \u00e9t\u00e9 oubli\u00e9 \u00e0 tort, tout comme son \u00ab\u00a0nouveau type de personne\u00a0\u00bb &#8211; le Minettsdapp. \u00ab\u00a0C&rsquo;est donc une sorte de tort\u00a0\u00bb, a poursuivi Krieps, \u00ab\u00a0que nous voulons r\u00e9parer en rendant justice \u00e0 un monde qui a travers\u00e9 de profondes blessures et de nouveaux changements au cours de la derni\u00e8re d\u00e9cennie. Nous pr\u00e9sentons un instantan\u00e9 d&rsquo;une partie de notre pays dont les riches facettes sont inconnues. \u00bb Le livre photo, orchestr\u00e9 par Jean Back, pr\u00e9sentait des photos de 16 photographes amateurs et professionnels. \u00ab\u00a0Liewen am Minett\u00a0\u00bb est probablement le premier projet officiel de photographie sociale, destin\u00e9 \u00e0 documenter la vie dans la r\u00e9gion pendant la crise de l&rsquo;acier, en particulier la vie et les paysages qu&rsquo;on ne retrouvera bient\u00f4t plus. Une lettre \u00e0 l&rsquo;\u00e9diteur publi\u00e9e dans le <i>Tageblatt<\/i> se plaignait que les photographes ne cherchaient probablement que le c\u00f4t\u00e9 laid du Minett et que les photos ne repr\u00e9sentaient pas vraiment le Minett et ses habitants. Cela a d\u00e9clench\u00e9 un d\u00e9bat public sur l&rsquo;identit\u00e9 de la r\u00e9gion et de ses habitants. Environ 35 ans plus tard, la chercheuse Viktoria Boretska a repris ce projet et s&rsquo;est entretenue avec certains des protagonistes, mais aussi avec des jeunes photographes qui documentent toujours la r\u00e9gion en mutation. Le film fait partie du projet du Luxembourg Centre for Contemporary and Digital History \u00ab <a href=\"https:\/\/www.c2dh.uni.lu\/projects\/remixing-industrial-pasts-digital-age-sounds-images-ecologies-practices-and-materialities\" target=\"_blank\" title=\"\" rel=\"noopener\">Remixing Industrial Pasts in the Digital Age<\/a> \u00bb. Le projet de recherche est financ\u00e9 par la <a href=\"https:\/\/esch2022.lu\/fr\/\" target=\"_blank\" title=\"\" rel=\"noopener\">Capitale europ\u00e9enne de la culture Esch2022<\/a>.<\/p><p><\/p><p><strong>Programme<\/strong><\/p><ul class=\"ulux-list\"><li class=\"ulux-list-item\">Projection du documentaire \u201cIdentity Disputes: The Image of Life in the Minett\u201d de Viktoria Boretska et Lars Sch\u00f6nfelder;<\/li><li class=\"ulux-list-item\">Table ronde avec Jean Back, Philippe Matsas, Sana Murad, Laurent Sturm et Viktoria Boretska.<\/li><\/ul><p>Langues parl\u00e9es: anglais, allemand, fran\u00e7ais, luxembourgeois.<\/p><p>L&rsquo;\u00e9v\u00e9nement est suivi d&rsquo;une r\u00e9ception.<\/p><p>Entr\u00e9e libre. Pour des raison d&rsquo;organisation, nous appr\u00e9cions une <a href=\"https:\/\/www.eventbrite.fr\/e\/liewen-am-minett-revisited-tickets-323030140847\" target=\"_blank\" title=\"\" rel=\"noopener\">inscription<\/a> pr\u00e9alable.<\/p><p><\/p>\n<h5 class=\"has-text-align-left wp-block-unilux-blocks-heading\"        id=\"wolfgang-osterheld\"\n    >\n\u00a9 Wolfgang Osterheld<\/h5>\n<p><\/p><\/div><\/section>","protected":false},"excerpt":{"rendered":"<p>Ce ForumZ rappelle le c\u00e9l\u00e8bre projet photo \u00ab Liewen am Minett \u00bb, qui a document\u00e9 le Minett \u00e0 la fin des ann\u00e9es 1980 et a d\u00e9clench\u00e9 un d\u00e9bat sur l&rsquo;identit\u00e9 de la r\u00e9gion.<\/p>\n","protected":false},"author":0,"featured_media":8861,"parent":0,"menu_order":0,"comment_status":"open","ping_status":"closed","template":"","format":"standard","meta":{"featured_image_focal_point":[],"show_featured_caption":false,"ulux_newsletter_groups":"","uluxPostTitle":"","uluxPrePostTitle":"","_trash_the_other_posts":false,"_price":"","_stock":"","_tribe_ticket_header":"","_tribe_default_ticket_provider":"","_tribe_ticket_capacity":"0","_ticket_start_date":"","_ticket_end_date":"","_tribe_ticket_show_description":"","_tribe_ticket_show_not_going":false,"_tribe_ticket_use_global_stock":"","_tribe_ticket_global_stock_level":"","_global_stock_mode":"","_global_stock_cap":"","_tribe_rsvp_for_event":"","_tribe_ticket_going_count":"","_tribe_ticket_not_going_count":"","_tribe_tickets_list":"[]","_tribe_ticket_has_attendee_info_fields":false,"event_start_date":"2022-05-21 11:00:00","event_end_date":"2022-05-21 13:00:00","event_speaker_name":"","event_speaker_link":"","event_is_online":false,"event_location":"Centre national de l'audiovisuel","event_street":"1b, rue du Centenaire","event_location_link":"","event_zip_code":"L-3475","event_city":"Dudelange","event_country":"LU"},"events-topic":[312],"events-type":[],"organisation":[221,226],"authorship":[],"acf":[],"yoast_head":"<!-- This site is optimized with the Yoast SEO Premium plugin v22.3 (Yoast SEO v22.3) - https:\/\/yoast.com\/wordpress\/plugins\/seo\/ -->\n<title>Forum Z: Liewen am Minett revisited - Universit\u00e9 du Luxembourg<\/title>\n<meta name=\"description\" content=\"Ce ForumZ rappelle le c\u00e9l\u00e8bre projet photo \u00ab Liewen am Minett \u00bb, qui a document\u00e9 le Minett \u00e0 la fin des ann\u00e9es 1980 et a d\u00e9clench\u00e9 un d\u00e9bat sur l&#039;identit\u00e9 de la r\u00e9gion.\" \/>\n<meta name=\"robots\" content=\"index, follow, max-snippet:-1, max-image-preview:large, max-video-preview:-1\" \/>\n<link rel=\"canonical\" href=\"https:\/\/www.uni.lu\/fr\/events\/forum-z-liewen-am-minett-revisited\/\" \/>\n<meta property=\"og:locale\" content=\"fr_FR\" \/>\n<meta property=\"og:type\" content=\"article\" \/>\n<meta property=\"og:title\" content=\"Forum Z: Liewen am Minett revisited\" \/>\n<meta property=\"og:description\" content=\"Ce ForumZ rappelle le c\u00e9l\u00e8bre projet photo \u00ab Liewen am Minett \u00bb, qui a document\u00e9 le Minett \u00e0 la fin des ann\u00e9es 1980 et a d\u00e9clench\u00e9 un d\u00e9bat sur l&#039;identit\u00e9 de la r\u00e9gion.\" \/>\n<meta property=\"og:url\" content=\"https:\/\/www.uni.lu\/fr\/events\/forum-z-liewen-am-minett-revisited\/\" \/>\n<meta property=\"og:site_name\" content=\"UNI FR\" \/>\n<meta property=\"article:publisher\" content=\"https:\/\/www.facebook.com\/uni.lu\" \/>\n<meta property=\"og:image\" content=\"https:\/\/www.uni.lu\/wp-content\/uploads\/sites\/11\/2026\/03\/03120045\/UNIV_SM-Profile_1600x1600px-scaled.jpg\" \/>\n\t<meta property=\"og:image:width\" content=\"2560\" \/>\n\t<meta property=\"og:image:height\" content=\"2560\" \/>\n\t<meta property=\"og:image:type\" content=\"image\/jpeg\" \/>\n<meta name=\"twitter:card\" content=\"summary_large_image\" \/>\n<meta name=\"twitter:label1\" content=\"Dur\u00e9e de lecture estim\u00e9e\" \/>\n\t<meta name=\"twitter:data1\" content=\"2 minutes\" \/>\n<script type=\"application\/ld+json\" class=\"yoast-schema-graph\">{\"@context\":\"https:\/\/schema.org\",\"@graph\":[{\"@type\":\"WebPage\",\"@id\":\"https:\/\/www.uni.lu\/fr\/events\/forum-z-liewen-am-minett-revisited\/\",\"url\":\"https:\/\/www.uni.lu\/fr\/events\/forum-z-liewen-am-minett-revisited\/\",\"name\":\"Forum Z: Liewen am Minett revisited - Universit\u00e9 du Luxembourg\",\"isPartOf\":{\"@id\":\"https:\/\/www.uni.lu\/fr\/#website\"},\"primaryImageOfPage\":{\"@id\":\"https:\/\/www.uni.lu\/fr\/events\/forum-z-liewen-am-minett-revisited\/#primaryimage\"},\"image\":{\"@id\":\"https:\/\/www.uni.lu\/fr\/events\/forum-z-liewen-am-minett-revisited\/#primaryimage\"},\"thumbnailUrl\":\"https:\/\/www.uni.lu\/wp-content\/uploads\/sites\/11\/2022\/04\/forum_z_liewen_am_minett_revisited.jpg\",\"datePublished\":\"2022-04-19T10:07:22+00:00\",\"dateModified\":\"2022-04-19T10:07:22+00:00\",\"description\":\"Ce ForumZ rappelle le c\u00e9l\u00e8bre projet photo \u00ab Liewen am Minett \u00bb, qui a document\u00e9 le Minett \u00e0 la fin des ann\u00e9es 1980 et a d\u00e9clench\u00e9 un d\u00e9bat sur l'identit\u00e9 de la r\u00e9gion.\",\"breadcrumb\":{\"@id\":\"https:\/\/www.uni.lu\/fr\/events\/forum-z-liewen-am-minett-revisited\/#breadcrumb\"},\"inLanguage\":\"fr-FR\",\"potentialAction\":[{\"@type\":\"ReadAction\",\"target\":[\"https:\/\/www.uni.lu\/fr\/events\/forum-z-liewen-am-minett-revisited\/\"]}]},{\"@type\":\"ImageObject\",\"inLanguage\":\"fr-FR\",\"@id\":\"https:\/\/www.uni.lu\/fr\/events\/forum-z-liewen-am-minett-revisited\/#primaryimage\",\"url\":\"https:\/\/www.uni.lu\/wp-content\/uploads\/sites\/11\/2022\/04\/forum_z_liewen_am_minett_revisited.jpg\",\"contentUrl\":\"https:\/\/www.uni.lu\/wp-content\/uploads\/sites\/11\/2022\/04\/forum_z_liewen_am_minett_revisited.jpg\",\"width\":800,\"height\":600},{\"@type\":\"BreadcrumbList\",\"@id\":\"https:\/\/www.uni.lu\/fr\/events\/forum-z-liewen-am-minett-revisited\/#breadcrumb\",\"itemListElement\":[{\"@type\":\"ListItem\",\"position\":1,\"name\":\"Home\",\"item\":\"https:\/\/www.uni.lu\/fr\/\"},{\"@type\":\"ListItem\",\"position\":2,\"name\":\"Events\",\"item\":\"https:\/\/www.uni.lu\/fr\/events\/\"},{\"@type\":\"ListItem\",\"position\":3,\"name\":\"Forum Z: Liewen am Minett revisited\"}]},{\"@type\":\"WebSite\",\"@id\":\"https:\/\/www.uni.lu\/fr\/#website\",\"url\":\"https:\/\/www.uni.lu\/fr\/\",\"name\":\"Uni.lu\",\"description\":\"Universit\u00e9 du Luxembourg\",\"publisher\":{\"@id\":\"https:\/\/www.uni.lu\/fr\/#organization\"},\"alternateName\":\"Universit\u00e9 du Luxembourg\",\"potentialAction\":[{\"@type\":\"SearchAction\",\"target\":{\"@type\":\"EntryPoint\",\"urlTemplate\":\"https:\/\/www.uni.lu\/fr\/?s={search_term_string}\"},\"query-input\":\"required name=search_term_string\"}],\"inLanguage\":\"fr-FR\"},{\"@type\":\"Organization\",\"@id\":\"https:\/\/www.uni.lu\/fr\/#organization\",\"name\":\"Universit\u00e9 du Luxembourg\",\"alternateName\":\"Uni.lu\",\"url\":\"https:\/\/www.uni.lu\/fr\/\",\"logo\":{\"@type\":\"ImageObject\",\"inLanguage\":\"fr-FR\",\"@id\":\"https:\/\/www.uni.lu\/fr\/#\/schema\/logo\/image\/\",\"url\":\"https:\/\/www.uni.lu\/wp-content\/uploads\/sites\/11\/2026\/03\/03120045\/UNIV_SM-Profile_1600x1600px-scaled.jpg\",\"contentUrl\":\"https:\/\/www.uni.lu\/wp-content\/uploads\/sites\/11\/2026\/03\/03120045\/UNIV_SM-Profile_1600x1600px-scaled.jpg\",\"width\":2560,\"height\":2560,\"caption\":\"Universit\u00e9 du Luxembourg\"},\"image\":\"https:\/\/www.uni.lu\/wp-content\/uploads\/sites\/11\/2026\/04\/24120552\/20200609-Belval-Campus_Henri-Goergen-23.jpg\",\"sameAs\":[\"https:\/\/www.facebook.com\/uni.lu\",\"https:\/\/www.linkedin.com\/school\/university-of-luxembourg\/\",\"https:\/\/www.instagram.com\/uni.lu\",\"https:\/\/www.youtube.com\/@uni_lu\",\"https:\/\/en.wikipedia.org\/wiki\/University_of_Luxembourg\"],\"email\":\"communication@uni.lu\",\"telephone\":\"+352 46 66 44 1\",\"address\":{\"@type\":\"PostalAddress\",\"streetAddress\":\"2, place de l\u2019Universit\u00e9\",\"addressLocality\":\"Esch-sur-Alzette\",\"postalCode\":\"4365\",\"addressCountry\":\"LU\"},\"description\":\"Universit\u00e9 du Luxembourg\"}]}<\/script>\n<!-- \/ Yoast SEO Premium plugin. -->","yoast_head_json":{"title":"Forum Z: Liewen am Minett revisited - Universit\u00e9 du Luxembourg","description":"Ce ForumZ rappelle le c\u00e9l\u00e8bre projet photo \u00ab Liewen am Minett \u00bb, qui a document\u00e9 le Minett \u00e0 la fin des ann\u00e9es 1980 et a d\u00e9clench\u00e9 un d\u00e9bat sur l'identit\u00e9 de la r\u00e9gion.","robots":{"index":"index","follow":"follow","max-snippet":"max-snippet:-1","max-image-preview":"max-image-preview:large","max-video-preview":"max-video-preview:-1"},"canonical":"https:\/\/www.uni.lu\/fr\/events\/forum-z-liewen-am-minett-revisited\/","og_locale":"fr_FR","og_type":"article","og_title":"Forum Z: Liewen am Minett revisited","og_description":"Ce ForumZ rappelle le c\u00e9l\u00e8bre projet photo \u00ab Liewen am Minett \u00bb, qui a document\u00e9 le Minett \u00e0 la fin des ann\u00e9es 1980 et a d\u00e9clench\u00e9 un d\u00e9bat sur l'identit\u00e9 de la r\u00e9gion.","og_url":"https:\/\/www.uni.lu\/fr\/events\/forum-z-liewen-am-minett-revisited\/","og_site_name":"UNI FR","article_publisher":"https:\/\/www.facebook.com\/uni.lu","og_image":[{"width":2560,"height":2560,"url":"https:\/\/www.uni.lu\/wp-content\/uploads\/sites\/11\/2026\/03\/03120045\/UNIV_SM-Profile_1600x1600px-scaled.jpg","type":"image\/jpeg"}],"twitter_card":"summary_large_image","twitter_misc":{"Dur\u00e9e de lecture estim\u00e9e":"2 minutes"},"schema":{"@context":"https:\/\/schema.org","@graph":[{"@type":"WebPage","@id":"https:\/\/www.uni.lu\/fr\/events\/forum-z-liewen-am-minett-revisited\/","url":"https:\/\/www.uni.lu\/fr\/events\/forum-z-liewen-am-minett-revisited\/","name":"Forum Z: Liewen am Minett revisited - Universit\u00e9 du Luxembourg","isPartOf":{"@id":"https:\/\/www.uni.lu\/fr\/#website"},"primaryImageOfPage":{"@id":"https:\/\/www.uni.lu\/fr\/events\/forum-z-liewen-am-minett-revisited\/#primaryimage"},"image":{"@id":"https:\/\/www.uni.lu\/fr\/events\/forum-z-liewen-am-minett-revisited\/#primaryimage"},"thumbnailUrl":"https:\/\/www.uni.lu\/wp-content\/uploads\/sites\/11\/2022\/04\/forum_z_liewen_am_minett_revisited.jpg","datePublished":"2022-04-19T10:07:22+00:00","dateModified":"2022-04-19T10:07:22+00:00","description":"Ce ForumZ rappelle le c\u00e9l\u00e8bre projet photo \u00ab Liewen am Minett \u00bb, qui a document\u00e9 le Minett \u00e0 la fin des ann\u00e9es 1980 et a d\u00e9clench\u00e9 un d\u00e9bat sur l'identit\u00e9 de la r\u00e9gion.","breadcrumb":{"@id":"https:\/\/www.uni.lu\/fr\/events\/forum-z-liewen-am-minett-revisited\/#breadcrumb"},"inLanguage":"fr-FR","potentialAction":[{"@type":"ReadAction","target":["https:\/\/www.uni.lu\/fr\/events\/forum-z-liewen-am-minett-revisited\/"]}]},{"@type":"ImageObject","inLanguage":"fr-FR","@id":"https:\/\/www.uni.lu\/fr\/events\/forum-z-liewen-am-minett-revisited\/#primaryimage","url":"https:\/\/www.uni.lu\/wp-content\/uploads\/sites\/11\/2022\/04\/forum_z_liewen_am_minett_revisited.jpg","contentUrl":"https:\/\/www.uni.lu\/wp-content\/uploads\/sites\/11\/2022\/04\/forum_z_liewen_am_minett_revisited.jpg","width":800,"height":600},{"@type":"BreadcrumbList","@id":"https:\/\/www.uni.lu\/fr\/events\/forum-z-liewen-am-minett-revisited\/#breadcrumb","itemListElement":[{"@type":"ListItem","position":1,"name":"Home","item":"https:\/\/www.uni.lu\/fr\/"},{"@type":"ListItem","position":2,"name":"Events","item":"https:\/\/www.uni.lu\/fr\/events\/"},{"@type":"ListItem","position":3,"name":"Forum Z: Liewen am Minett revisited"}]},{"@type":"WebSite","@id":"https:\/\/www.uni.lu\/fr\/#website","url":"https:\/\/www.uni.lu\/fr\/","name":"Uni.lu","description":"Universit\u00e9 du Luxembourg","publisher":{"@id":"https:\/\/www.uni.lu\/fr\/#organization"},"alternateName":"Universit\u00e9 du Luxembourg","potentialAction":[{"@type":"SearchAction","target":{"@type":"EntryPoint","urlTemplate":"https:\/\/www.uni.lu\/fr\/?s={search_term_string}"},"query-input":"required name=search_term_string"}],"inLanguage":"fr-FR"},{"@type":"Organization","@id":"https:\/\/www.uni.lu\/fr\/#organization","name":"Universit\u00e9 du Luxembourg","alternateName":"Uni.lu","url":"https:\/\/www.uni.lu\/fr\/","logo":{"@type":"ImageObject","inLanguage":"fr-FR","@id":"https:\/\/www.uni.lu\/fr\/#\/schema\/logo\/image\/","url":"https:\/\/www.uni.lu\/wp-content\/uploads\/sites\/11\/2026\/03\/03120045\/UNIV_SM-Profile_1600x1600px-scaled.jpg","contentUrl":"https:\/\/www.uni.lu\/wp-content\/uploads\/sites\/11\/2026\/03\/03120045\/UNIV_SM-Profile_1600x1600px-scaled.jpg","width":2560,"height":2560,"caption":"Universit\u00e9 du Luxembourg"},"image":"https:\/\/www.uni.lu\/wp-content\/uploads\/sites\/11\/2026\/04\/24120552\/20200609-Belval-Campus_Henri-Goergen-23.jpg","sameAs":["https:\/\/www.facebook.com\/uni.lu","https:\/\/www.linkedin.com\/school\/university-of-luxembourg\/","https:\/\/www.instagram.com\/uni.lu","https:\/\/www.youtube.com\/@uni_lu","https:\/\/en.wikipedia.org\/wiki\/University_of_Luxembourg"],"email":"communication@uni.lu","telephone":"+352 46 66 44 1","address":{"@type":"PostalAddress","streetAddress":"2, place de l\u2019Universit\u00e9","addressLocality":"Esch-sur-Alzette","postalCode":"4365","addressCountry":"LU"},"description":"Universit\u00e9 du Luxembourg"}]}},"_links":{"self":[{"href":"https:\/\/www.uni.lu\/fr\/wp-json\/wp\/v2\/events\/8860"}],"collection":[{"href":"https:\/\/www.uni.lu\/fr\/wp-json\/wp\/v2\/events"}],"about":[{"href":"https:\/\/www.uni.lu\/fr\/wp-json\/wp\/v2\/types\/events"}],"replies":[{"embeddable":true,"href":"https:\/\/www.uni.lu\/fr\/wp-json\/wp\/v2\/comments?post=8860"}],"version-history":[{"count":0,"href":"https:\/\/www.uni.lu\/fr\/wp-json\/wp\/v2\/events\/8860\/revisions"}],"wp:featuredmedia":[{"embeddable":true,"href":"https:\/\/www.uni.lu\/fr\/wp-json\/wp\/v2\/media\/8861"}],"wp:attachment":[{"href":"https:\/\/www.uni.lu\/fr\/wp-json\/wp\/v2\/media?parent=8860"}],"wp:term":[{"taxonomy":"events-topic","embeddable":true,"href":"https:\/\/www.uni.lu\/fr\/wp-json\/wp\/v2\/events-topic?post=8860"},{"taxonomy":"events-type","embeddable":true,"href":"https:\/\/www.uni.lu\/fr\/wp-json\/wp\/v2\/events-type?post=8860"},{"taxonomy":"organisation","embeddable":true,"href":"https:\/\/www.uni.lu\/fr\/wp-json\/wp\/v2\/organisation?post=8860"}],"curies":[{"name":"wp","href":"https:\/\/api.w.org\/{rel}","templated":true}]}}