{"id":8834,"date":"2022-03-11T17:14:55","date_gmt":"2022-03-11T16:14:55","guid":{"rendered":"https:\/\/www.uni.lu\/fr\/events\/conference-de-lancement-cahiers-de-fiscalite-luxembourgeoise-et-europeenne\/"},"modified":"2022-03-11T17:14:55","modified_gmt":"2022-03-11T16:14:55","slug":"conference-de-lancement-cahiers-de-fiscalite-luxembourgeoise-et-europeenne","status":"publish","type":"events","link":"https:\/\/www.uni.lu\/fr\/events\/conference-de-lancement-cahiers-de-fiscalite-luxembourgeoise-et-europeenne\/","title":{"rendered":"Conf\u00e9rence de lancement &#8211; Cahiers de fiscalit\u00e9 luxembourgeoise et europ\u00e9enne"},"content":{"rendered":"<section class=\"wp-block-unilux-blocks-free-section section\"><div class=\"container xl:max-w-screen-xl\"><p><strong>Cette conf\u00e9rence est organis\u00e9e par Larcier en partenariat avec l&rsquo;Universit\u00e9 du Luxembourg.<\/strong><\/p>\n<h3 class=\"has-text-align-left wp-block-unilux-blocks-heading\"        id=\"resume\"\n    >\nR\u00e9sum\u00e9<\/h3>\n<p>Les Cahiers de fiscalit\u00e9 luxembourgeoise et europ\u00e9enne offrent une analyse rigoureuse et th\u00e9matique du droit fiscal luxembourgeois. Associant les exigences de la recherche scientifique \u00e0 la r\u00e9alit\u00e9 de la pratique administrative luxembourgeoise, les Cahiers proposent deux fois par an une s\u00e9lection d\u2019analyses doctrinales r\u00e9dig\u00e9es par des experts luxembourgeois et \u00e9trangers. Chaque num\u00e9ro des Cahiers constitue \u00e9galement le reflet d\u2019une analyse syst\u00e9mique de la jurisprudence fiscale la plus r\u00e9cente au niveau national \u2013 contributions directes (juridictions administratives) et fiscalit\u00e9 indirecte (juridictions judiciaires) \u2013 et au niveau supranational (CJUE, CEDH).<\/p><p>La recherche en droit fiscal luxembourgeois \u00e9tant au coeur de ce projet collectif \u00e9ditorial, les Cahiers publient r\u00e9guli\u00e8rement des actes de colloques, des extraits de th\u00e8ses de doctorat r\u00e9cemment soutenues et un travail pluriannuel de r\u00e9daction de commentaires de la loi g\u00e9n\u00e9rale des imp\u00f4ts (Abgabenordnung).<\/p>\n<h3 class=\"has-text-align-left wp-block-unilux-blocks-heading\"        id=\"programme\"\n    >\nProgramme<\/h3>\n<figure class=\"wp-block-dev4-reusable-blocks-image  object-fit--contain\">\n    \n<img decoding=\"async\" class=\"wp-block-image unilux-custom-image-block\"\n                alt=\"\"\n            src=\"https:\/\/www.uni.lu\/wp-content\/uploads\/sites\/11\/2024\/01\/capture.png\"\n                srcset=\"https:\/\/www.uni.lu\/wp-content\/uploads\/sites\/11\/2024\/01\/capture-300x126.png 300w, https:\/\/www.uni.lu\/wp-content\/uploads\/sites\/11\/2024\/01\/capture-1024x430.png 1024w, https:\/\/www.uni.lu\/wp-content\/uploads\/sites\/11\/2024\/01\/capture-768x323.png 768w, https:\/\/www.uni.lu\/wp-content\/uploads\/sites\/11\/2024\/01\/capture.png 1211w\"\n                style=\"object-position: 50.00% 50.00%; font-family: &quot;object-fit: contain; object-position: 50.00% 50.00%;&quot;; aspect-ratio: 21\/9; object-fit: contain; width: 100%;\"\n        loading=\"lazy\"\n\/>    <\/figure>\n<h3 class=\"has-text-align-left wp-block-unilux-blocks-heading\"        id=\"inscription\"\n    >\nInscription<\/h3>\n<p>Veuillez <a href=\"https:\/\/www.eventbrite.fr\/e\/inscription-conference-de-lancement-cahiers-de-fiscalite-luxembourgeoise-et-europeenne-295211424317?mc_cid=f012a04c68&#038;mc_eid=d062f7eb71\" target=\"_blank\" title=\"\" rel=\"noopener\">cliquer ici<\/a> pour vous inscrire \u00e0 cette conf\u00e9rence.<\/p><p><\/p><figure class=\"wp-block-dev4-reusable-blocks-image  object-fit--contain\">\n    \n<img decoding=\"async\" class=\"wp-block-image unilux-custom-image-block\"\n                alt=\"\"\n            src=\"https:\/\/www.uni.lu\/wp-content\/uploads\/sites\/11\/2024\/01\/logo_larcier.png\"\n                srcset=\"https:\/\/www.uni.lu\/wp-content\/uploads\/sites\/11\/2024\/01\/logo_larcier-300x89.png 300w, https:\/\/www.uni.lu\/wp-content\/uploads\/sites\/11\/2024\/01\/logo_larcier-768x227.png 768w, https:\/\/www.uni.lu\/wp-content\/uploads\/sites\/11\/2024\/01\/logo_larcier.png 839w\"\n                style=\"object-position: 50.00% 50.00%; font-family: &quot;object-fit: contain; object-position: 50.00% 50.00%;&quot;; aspect-ratio: 32\/9; object-fit: contain; width: 100%;\"\n        loading=\"lazy\"\n\/>    <\/figure><\/div><\/section>","protected":false},"excerpt":{"rendered":"<p>Cette conf\u00e9rence est organis\u00e9e par Larcier en partenariat avec l&rsquo;Universit\u00e9 du Luxembourg.<\/p>\n","protected":false},"author":0,"featured_media":8835,"parent":0,"menu_order":0,"comment_status":"open","ping_status":"closed","template":"","format":"standard","meta":{"featured_image_focal_point":[],"show_featured_caption":false,"ulux_newsletter_groups":"","uluxPostTitle":"","uluxPrePostTitle":"","_trash_the_other_posts":false,"_price":"","_stock":"","_tribe_ticket_header":"","_tribe_default_ticket_provider":"","_tribe_ticket_capacity":"0","_ticket_start_date":"","_ticket_end_date":"","_tribe_ticket_show_description":"","_tribe_ticket_show_not_going":false,"_tribe_ticket_use_global_stock":"","_tribe_ticket_global_stock_level":"","_global_stock_mode":"","_global_stock_cap":"","_tribe_rsvp_for_event":"","_tribe_ticket_going_count":"","_tribe_ticket_not_going_count":"","_tribe_tickets_list":"[]","_tribe_ticket_has_attendee_info_fields":false,"event_start_date":"2022-03-31 16:30:00","event_end_date":"2022-03-31 18:00:00","event_speaker_name":"","event_speaker_link":"","event_is_online":false,"event_location":"University of Luxembourg\r\nWeicker Building\r\nroom B001 (ground floor)\r\n4, rue Alphonse Weicker\r\nL-2721 Luxembourg ","event_street":"","event_location_link":"","event_zip_code":"","event_city":"","event_country":"LU"},"events-topic":[313],"events-type":[],"organisation":[104,101,226],"authorship":[],"acf":[],"yoast_head":"<!-- This site is optimized with the Yoast SEO Premium plugin v22.3 (Yoast SEO v22.3) - https:\/\/yoast.com\/wordpress\/plugins\/seo\/ -->\n<title>Conf\u00e9rence de lancement - Cahiers de fiscalit\u00e9 luxembourgeoise et europ\u00e9enne - Universit\u00e9 du Luxembourg<\/title>\n<meta name=\"description\" content=\"Cette conf\u00e9rence est organis\u00e9e par Larcier en partenariat avec l&#039;Universit\u00e9 du Luxembourg.\" \/>\n<meta name=\"robots\" content=\"index, follow, max-snippet:-1, max-image-preview:large, max-video-preview:-1\" \/>\n<link rel=\"canonical\" href=\"https:\/\/www.uni.lu\/fr\/events\/conference-de-lancement-cahiers-de-fiscalite-luxembourgeoise-et-europeenne\/\" \/>\n<meta property=\"og:locale\" content=\"fr_FR\" \/>\n<meta property=\"og:type\" content=\"article\" \/>\n<meta property=\"og:title\" content=\"Conf\u00e9rence de lancement - Cahiers de fiscalit\u00e9 luxembourgeoise et europ\u00e9enne\" \/>\n<meta property=\"og:description\" content=\"Cette conf\u00e9rence est organis\u00e9e par Larcier en partenariat avec l&#039;Universit\u00e9 du Luxembourg.\" \/>\n<meta property=\"og:url\" content=\"https:\/\/www.uni.lu\/fr\/events\/conference-de-lancement-cahiers-de-fiscalite-luxembourgeoise-et-europeenne\/\" \/>\n<meta property=\"og:site_name\" content=\"UNI FR\" \/>\n<meta property=\"article:publisher\" content=\"https:\/\/www.facebook.com\/uni.lu\" \/>\n<meta property=\"og:image\" content=\"https:\/\/www.uni.lu\/wp-content\/uploads\/sites\/11\/2026\/03\/03120045\/UNIV_SM-Profile_1600x1600px-scaled.jpg\" \/>\n\t<meta property=\"og:image:width\" content=\"2560\" \/>\n\t<meta property=\"og:image:height\" content=\"2560\" \/>\n\t<meta property=\"og:image:type\" content=\"image\/jpeg\" \/>\n<meta name=\"twitter:card\" content=\"summary_large_image\" \/>\n<meta name=\"twitter:label1\" content=\"Dur\u00e9e de lecture estim\u00e9e\" \/>\n\t<meta name=\"twitter:data1\" content=\"1 minute\" \/>\n<script type=\"application\/ld+json\" class=\"yoast-schema-graph\">{\"@context\":\"https:\/\/schema.org\",\"@graph\":[{\"@type\":\"WebPage\",\"@id\":\"https:\/\/www.uni.lu\/fr\/events\/conference-de-lancement-cahiers-de-fiscalite-luxembourgeoise-et-europeenne\/\",\"url\":\"https:\/\/www.uni.lu\/fr\/events\/conference-de-lancement-cahiers-de-fiscalite-luxembourgeoise-et-europeenne\/\",\"name\":\"Conf\u00e9rence de lancement - Cahiers de fiscalit\u00e9 luxembourgeoise et europ\u00e9enne - Universit\u00e9 du Luxembourg\",\"isPartOf\":{\"@id\":\"https:\/\/www.uni.lu\/fr\/#website\"},\"primaryImageOfPage\":{\"@id\":\"https:\/\/www.uni.lu\/fr\/events\/conference-de-lancement-cahiers-de-fiscalite-luxembourgeoise-et-europeenne\/#primaryimage\"},\"image\":{\"@id\":\"https:\/\/www.uni.lu\/fr\/events\/conference-de-lancement-cahiers-de-fiscalite-luxembourgeoise-et-europeenne\/#primaryimage\"},\"thumbnailUrl\":\"https:\/\/www.uni.lu\/wp-content\/uploads\/sites\/11\/2022\/03\/conference_de_lancement_cahiers_de_fiscalite_luxembourgeoise_et_europeenne.jpg\",\"datePublished\":\"2022-03-11T16:14:55+00:00\",\"dateModified\":\"2022-03-11T16:14:55+00:00\",\"description\":\"Cette conf\u00e9rence est organis\u00e9e par Larcier en partenariat avec l'Universit\u00e9 du Luxembourg.\",\"breadcrumb\":{\"@id\":\"https:\/\/www.uni.lu\/fr\/events\/conference-de-lancement-cahiers-de-fiscalite-luxembourgeoise-et-europeenne\/#breadcrumb\"},\"inLanguage\":\"fr-FR\",\"potentialAction\":[{\"@type\":\"ReadAction\",\"target\":[\"https:\/\/www.uni.lu\/fr\/events\/conference-de-lancement-cahiers-de-fiscalite-luxembourgeoise-et-europeenne\/\"]}]},{\"@type\":\"ImageObject\",\"inLanguage\":\"fr-FR\",\"@id\":\"https:\/\/www.uni.lu\/fr\/events\/conference-de-lancement-cahiers-de-fiscalite-luxembourgeoise-et-europeenne\/#primaryimage\",\"url\":\"https:\/\/www.uni.lu\/wp-content\/uploads\/sites\/11\/2022\/03\/conference_de_lancement_cahiers_de_fiscalite_luxembourgeoise_et_europeenne.jpg\",\"contentUrl\":\"https:\/\/www.uni.lu\/wp-content\/uploads\/sites\/11\/2022\/03\/conference_de_lancement_cahiers_de_fiscalite_luxembourgeoise_et_europeenne.jpg\",\"width\":800,\"height\":600},{\"@type\":\"BreadcrumbList\",\"@id\":\"https:\/\/www.uni.lu\/fr\/events\/conference-de-lancement-cahiers-de-fiscalite-luxembourgeoise-et-europeenne\/#breadcrumb\",\"itemListElement\":[{\"@type\":\"ListItem\",\"position\":1,\"name\":\"Home\",\"item\":\"https:\/\/www.uni.lu\/fr\/\"},{\"@type\":\"ListItem\",\"position\":2,\"name\":\"Events\",\"item\":\"https:\/\/www.uni.lu\/fr\/events\/\"},{\"@type\":\"ListItem\",\"position\":3,\"name\":\"Conf\u00e9rence de lancement - Cahiers de fiscalit\u00e9 luxembourgeoise et europ\u00e9enne\"}]},{\"@type\":\"WebSite\",\"@id\":\"https:\/\/www.uni.lu\/fr\/#website\",\"url\":\"https:\/\/www.uni.lu\/fr\/\",\"name\":\"Uni.lu\",\"description\":\"Universit\u00e9 du Luxembourg\",\"publisher\":{\"@id\":\"https:\/\/www.uni.lu\/fr\/#organization\"},\"alternateName\":\"Universit\u00e9 du Luxembourg\",\"potentialAction\":[{\"@type\":\"SearchAction\",\"target\":{\"@type\":\"EntryPoint\",\"urlTemplate\":\"https:\/\/www.uni.lu\/fr\/?s={search_term_string}\"},\"query-input\":\"required name=search_term_string\"}],\"inLanguage\":\"fr-FR\"},{\"@type\":\"Organization\",\"@id\":\"https:\/\/www.uni.lu\/fr\/#organization\",\"name\":\"Universit\u00e9 du Luxembourg\",\"alternateName\":\"Uni.lu\",\"url\":\"https:\/\/www.uni.lu\/fr\/\",\"logo\":{\"@type\":\"ImageObject\",\"inLanguage\":\"fr-FR\",\"@id\":\"https:\/\/www.uni.lu\/fr\/#\/schema\/logo\/image\/\",\"url\":\"https:\/\/www.uni.lu\/wp-content\/uploads\/sites\/11\/2026\/03\/03120045\/UNIV_SM-Profile_1600x1600px-scaled.jpg\",\"contentUrl\":\"https:\/\/www.uni.lu\/wp-content\/uploads\/sites\/11\/2026\/03\/03120045\/UNIV_SM-Profile_1600x1600px-scaled.jpg\",\"width\":2560,\"height\":2560,\"caption\":\"Universit\u00e9 du Luxembourg\"},\"image\":\"https:\/\/www.uni.lu\/wp-content\/uploads\/sites\/11\/2026\/04\/24120552\/20200609-Belval-Campus_Henri-Goergen-23.jpg\",\"sameAs\":[\"https:\/\/www.facebook.com\/uni.lu\",\"https:\/\/www.linkedin.com\/school\/university-of-luxembourg\/\",\"https:\/\/www.instagram.com\/uni.lu\",\"https:\/\/www.youtube.com\/@uni_lu\",\"https:\/\/en.wikipedia.org\/wiki\/University_of_Luxembourg\"],\"email\":\"communication@uni.lu\",\"telephone\":\"+352 46 66 44 1\",\"address\":{\"@type\":\"PostalAddress\",\"streetAddress\":\"2, place de l\u2019Universit\u00e9\",\"addressLocality\":\"Esch-sur-Alzette\",\"postalCode\":\"4365\",\"addressCountry\":\"LU\"},\"description\":\"Universit\u00e9 du Luxembourg\"}]}<\/script>\n<!-- \/ Yoast SEO Premium plugin. -->","yoast_head_json":{"title":"Conf\u00e9rence de lancement - Cahiers de fiscalit\u00e9 luxembourgeoise et europ\u00e9enne - Universit\u00e9 du Luxembourg","description":"Cette conf\u00e9rence est organis\u00e9e par Larcier en partenariat avec l'Universit\u00e9 du Luxembourg.","robots":{"index":"index","follow":"follow","max-snippet":"max-snippet:-1","max-image-preview":"max-image-preview:large","max-video-preview":"max-video-preview:-1"},"canonical":"https:\/\/www.uni.lu\/fr\/events\/conference-de-lancement-cahiers-de-fiscalite-luxembourgeoise-et-europeenne\/","og_locale":"fr_FR","og_type":"article","og_title":"Conf\u00e9rence de lancement - Cahiers de fiscalit\u00e9 luxembourgeoise et europ\u00e9enne","og_description":"Cette conf\u00e9rence est organis\u00e9e par Larcier en partenariat avec l'Universit\u00e9 du Luxembourg.","og_url":"https:\/\/www.uni.lu\/fr\/events\/conference-de-lancement-cahiers-de-fiscalite-luxembourgeoise-et-europeenne\/","og_site_name":"UNI FR","article_publisher":"https:\/\/www.facebook.com\/uni.lu","og_image":[{"width":2560,"height":2560,"url":"https:\/\/www.uni.lu\/wp-content\/uploads\/sites\/11\/2026\/03\/03120045\/UNIV_SM-Profile_1600x1600px-scaled.jpg","type":"image\/jpeg"}],"twitter_card":"summary_large_image","twitter_misc":{"Dur\u00e9e de lecture estim\u00e9e":"1 minute"},"schema":{"@context":"https:\/\/schema.org","@graph":[{"@type":"WebPage","@id":"https:\/\/www.uni.lu\/fr\/events\/conference-de-lancement-cahiers-de-fiscalite-luxembourgeoise-et-europeenne\/","url":"https:\/\/www.uni.lu\/fr\/events\/conference-de-lancement-cahiers-de-fiscalite-luxembourgeoise-et-europeenne\/","name":"Conf\u00e9rence de lancement - Cahiers de fiscalit\u00e9 luxembourgeoise et europ\u00e9enne - Universit\u00e9 du Luxembourg","isPartOf":{"@id":"https:\/\/www.uni.lu\/fr\/#website"},"primaryImageOfPage":{"@id":"https:\/\/www.uni.lu\/fr\/events\/conference-de-lancement-cahiers-de-fiscalite-luxembourgeoise-et-europeenne\/#primaryimage"},"image":{"@id":"https:\/\/www.uni.lu\/fr\/events\/conference-de-lancement-cahiers-de-fiscalite-luxembourgeoise-et-europeenne\/#primaryimage"},"thumbnailUrl":"https:\/\/www.uni.lu\/wp-content\/uploads\/sites\/11\/2022\/03\/conference_de_lancement_cahiers_de_fiscalite_luxembourgeoise_et_europeenne.jpg","datePublished":"2022-03-11T16:14:55+00:00","dateModified":"2022-03-11T16:14:55+00:00","description":"Cette conf\u00e9rence est organis\u00e9e par Larcier en partenariat avec l'Universit\u00e9 du Luxembourg.","breadcrumb":{"@id":"https:\/\/www.uni.lu\/fr\/events\/conference-de-lancement-cahiers-de-fiscalite-luxembourgeoise-et-europeenne\/#breadcrumb"},"inLanguage":"fr-FR","potentialAction":[{"@type":"ReadAction","target":["https:\/\/www.uni.lu\/fr\/events\/conference-de-lancement-cahiers-de-fiscalite-luxembourgeoise-et-europeenne\/"]}]},{"@type":"ImageObject","inLanguage":"fr-FR","@id":"https:\/\/www.uni.lu\/fr\/events\/conference-de-lancement-cahiers-de-fiscalite-luxembourgeoise-et-europeenne\/#primaryimage","url":"https:\/\/www.uni.lu\/wp-content\/uploads\/sites\/11\/2022\/03\/conference_de_lancement_cahiers_de_fiscalite_luxembourgeoise_et_europeenne.jpg","contentUrl":"https:\/\/www.uni.lu\/wp-content\/uploads\/sites\/11\/2022\/03\/conference_de_lancement_cahiers_de_fiscalite_luxembourgeoise_et_europeenne.jpg","width":800,"height":600},{"@type":"BreadcrumbList","@id":"https:\/\/www.uni.lu\/fr\/events\/conference-de-lancement-cahiers-de-fiscalite-luxembourgeoise-et-europeenne\/#breadcrumb","itemListElement":[{"@type":"ListItem","position":1,"name":"Home","item":"https:\/\/www.uni.lu\/fr\/"},{"@type":"ListItem","position":2,"name":"Events","item":"https:\/\/www.uni.lu\/fr\/events\/"},{"@type":"ListItem","position":3,"name":"Conf\u00e9rence de lancement - Cahiers de fiscalit\u00e9 luxembourgeoise et europ\u00e9enne"}]},{"@type":"WebSite","@id":"https:\/\/www.uni.lu\/fr\/#website","url":"https:\/\/www.uni.lu\/fr\/","name":"Uni.lu","description":"Universit\u00e9 du Luxembourg","publisher":{"@id":"https:\/\/www.uni.lu\/fr\/#organization"},"alternateName":"Universit\u00e9 du Luxembourg","potentialAction":[{"@type":"SearchAction","target":{"@type":"EntryPoint","urlTemplate":"https:\/\/www.uni.lu\/fr\/?s={search_term_string}"},"query-input":"required name=search_term_string"}],"inLanguage":"fr-FR"},{"@type":"Organization","@id":"https:\/\/www.uni.lu\/fr\/#organization","name":"Universit\u00e9 du Luxembourg","alternateName":"Uni.lu","url":"https:\/\/www.uni.lu\/fr\/","logo":{"@type":"ImageObject","inLanguage":"fr-FR","@id":"https:\/\/www.uni.lu\/fr\/#\/schema\/logo\/image\/","url":"https:\/\/www.uni.lu\/wp-content\/uploads\/sites\/11\/2026\/03\/03120045\/UNIV_SM-Profile_1600x1600px-scaled.jpg","contentUrl":"https:\/\/www.uni.lu\/wp-content\/uploads\/sites\/11\/2026\/03\/03120045\/UNIV_SM-Profile_1600x1600px-scaled.jpg","width":2560,"height":2560,"caption":"Universit\u00e9 du Luxembourg"},"image":"https:\/\/www.uni.lu\/wp-content\/uploads\/sites\/11\/2026\/04\/24120552\/20200609-Belval-Campus_Henri-Goergen-23.jpg","sameAs":["https:\/\/www.facebook.com\/uni.lu","https:\/\/www.linkedin.com\/school\/university-of-luxembourg\/","https:\/\/www.instagram.com\/uni.lu","https:\/\/www.youtube.com\/@uni_lu","https:\/\/en.wikipedia.org\/wiki\/University_of_Luxembourg"],"email":"communication@uni.lu","telephone":"+352 46 66 44 1","address":{"@type":"PostalAddress","streetAddress":"2, place de l\u2019Universit\u00e9","addressLocality":"Esch-sur-Alzette","postalCode":"4365","addressCountry":"LU"},"description":"Universit\u00e9 du Luxembourg"}]}},"_links":{"self":[{"href":"https:\/\/www.uni.lu\/fr\/wp-json\/wp\/v2\/events\/8834"}],"collection":[{"href":"https:\/\/www.uni.lu\/fr\/wp-json\/wp\/v2\/events"}],"about":[{"href":"https:\/\/www.uni.lu\/fr\/wp-json\/wp\/v2\/types\/events"}],"replies":[{"embeddable":true,"href":"https:\/\/www.uni.lu\/fr\/wp-json\/wp\/v2\/comments?post=8834"}],"version-history":[{"count":0,"href":"https:\/\/www.uni.lu\/fr\/wp-json\/wp\/v2\/events\/8834\/revisions"}],"wp:featuredmedia":[{"embeddable":true,"href":"https:\/\/www.uni.lu\/fr\/wp-json\/wp\/v2\/media\/8835"}],"wp:attachment":[{"href":"https:\/\/www.uni.lu\/fr\/wp-json\/wp\/v2\/media?parent=8834"}],"wp:term":[{"taxonomy":"events-topic","embeddable":true,"href":"https:\/\/www.uni.lu\/fr\/wp-json\/wp\/v2\/events-topic?post=8834"},{"taxonomy":"events-type","embeddable":true,"href":"https:\/\/www.uni.lu\/fr\/wp-json\/wp\/v2\/events-type?post=8834"},{"taxonomy":"organisation","embeddable":true,"href":"https:\/\/www.uni.lu\/fr\/wp-json\/wp\/v2\/organisation?post=8834"}],"curies":[{"name":"wp","href":"https:\/\/api.w.org\/{rel}","templated":true}]}}