{"id":8824,"date":"2022-03-07T09:15:58","date_gmt":"2022-03-07T08:15:58","guid":{"rendered":"https:\/\/www.uni.lu\/fr\/events\/european-forum-for-technology-sustainable-democracy\/"},"modified":"2022-03-07T09:15:58","modified_gmt":"2022-03-07T08:15:58","slug":"european-forum-for-technology-sustainable-democracy","status":"publish","type":"events","link":"https:\/\/www.uni.lu\/fr\/events\/european-forum-for-technology-sustainable-democracy\/","title":{"rendered":"European Forum for Technology &amp; Sustainable Democracy"},"content":{"rendered":"<section class=\"wp-block-unilux-blocks-free-section section\"><div class=\"container xl:max-w-screen-xl\"><p>Dans le cadre de la convention \u00e9tatique sign\u00e9e par les parties ETICC et Universit\u00e9 de Luxembourg avec le soutien financier du Minist\u00e8re d\u2019\u00c9tat, ETICC en partenariat avec l\u2019Universit\u00e9 de Luxembourg organisent la premi\u00e8re \u00e9dition du\u00a0:<\/p><p><strong>European Forum for Technology &#038; Sustainable Democracy<\/strong>, qui se tiendra\u00a0<strong>le Jeudi 21 Avril 2022 <\/strong>\u00e0 la Maison des Arts et des \u00c9tudiants &#8211; Universit\u00e9 de Luxembourg toute la journ\u00e9e \u00e0 partir de 7h30 jusqu\u2019\u00e0 20h.<\/p><p>Cette conf\u00e9rence d\u2019envergure nationale et europ\u00e9enne s\u2019ouvrira en pr\u00e9sence de Monsieur le Premier Ministre Xavier Bettel et de Monsieur le Recteur de l\u2019Universit\u00e9 de Luxembourg Prof. Dr. St\u00e9phane Pallage, avec le soutien de Madame Dubravka Suica, Vice-Pr\u00e9sidente de la Commission Europ\u00e9enne pour la D\u00e9mocratie et la D\u00e9mographie.<\/p><p>Cette conf\u00e9rence gratuite ouverte au public <strong>(sur inscription sous r\u00e9serve des places disponibles)<\/strong> a pour but de rassembler des acteurs europ\u00e9ens de la d\u00e9mocratie participative\u00a0: citoyens, institutionnels, acad\u00e9miques, experts scientifiques, \u00e9tudiants, ONGs, associations, startups, CivicTechs et entrepreneurs, \u00e0 prendre part aux discussions autour de la probl\u00e9matique suivante\u00a0: \u00ab\u00a0Dans quelle mesure la technologie et les innovations civiques peuvent g\u00e9n\u00e9rer de l\u2019intelligence collective au sein de nos soci\u00e9t\u00e9s europ\u00e9ennes\u00a0et en quoi l\u2019intelligence collective peut \u00eatre vecteur d\u2019une d\u00e9mocratie durable\u00a0?\u00a0\u00bb<\/p><p>\u00a07.00 Welcoming<\/p><p>\u00a08.30 Opening Speeches<\/p><p>\u00a09.00 Panel 1- Participatory Democracy &#038; Institutions<\/p><p>10.00 Coffee Break<\/p><p>10.15 Panel 2 &#8211; Technology Risks and\/or Opportunity?<\/p><p>11.15 Coffee Break<\/p><p>11.30 Panel 3 &#8211; Technology\u00a0&#038; Collective Intelligence<\/p><p>12.30 Lunch Break<\/p><p>13.45 Panel 4 &#8211; Technology\u00a0for NGOs &#038; Civic Engagement<\/p><p>14.45 Coffee Break<\/p><p>15.00 Panel 5 &#8211; CIivictech &#038; Societal Impact<\/p><p>16.00 Conclusions<\/p><p>17.00 VIP Cocktail<\/p><p><\/p><figure class=\"wp-block-dev4-reusable-blocks-image  object-fit--contain\">\n    \n<img decoding=\"async\" class=\"wp-block-image unilux-custom-image-block\"\n                alt=\"\"\n            src=\"https:\/\/www.uni.lu\/wp-content\/uploads\/sites\/11\/2024\/01\/eticc.jpg\"\n                srcset=\"https:\/\/www.uni.lu\/wp-content\/uploads\/sites\/11\/2024\/01\/eticc-300x225.jpg 300w, https:\/\/www.uni.lu\/wp-content\/uploads\/sites\/11\/2024\/01\/eticc-768x576.jpg 768w, https:\/\/www.uni.lu\/wp-content\/uploads\/sites\/11\/2024\/01\/eticc.jpg 800w\"\n                style=\"object-position: 50.00% 50.00%; font-family: &quot;object-fit: contain; object-position: 50.00% 50.00%;&quot;; aspect-ratio: 4\/3; object-fit: contain; width: 100%;\"\n        loading=\"lazy\"\n\/>    <\/figure><figure class=\"wp-block-dev4-reusable-blocks-image  object-fit--contain\">\n    \n<img decoding=\"async\" class=\"wp-block-image unilux-custom-image-block\"\n                alt=\"\"\n            src=\"https:\/\/www.uni.lu\/wp-content\/uploads\/sites\/11\/2024\/01\/logo_uni.jpg\"\n                    style=\"object-position: 50.00% 50.00%; font-family: &quot;object-fit: contain; object-position: 50.00% 50.00%;&quot;; aspect-ratio: 1\/1; object-fit: contain; width: 100%;\"\n        loading=\"lazy\"\n\/>    <\/figure><p><\/p><\/div><\/section>","protected":false},"excerpt":{"rendered":"<p>Dans le cadre de la convention \u00e9tatique sign\u00e9e par les parties ETICC et Universit\u00e9 de Luxembourg avec le soutien financier du Minist\u00e8re d\u2019\u00c9tat, ETICC en partenariat avec l\u2019Universit\u00e9 de Luxembourg organisent la premi\u00e8re \u00e9dition du\u00a0:<\/p>\n","protected":false},"author":0,"featured_media":8825,"parent":0,"menu_order":0,"comment_status":"open","ping_status":"closed","template":"","format":"standard","meta":{"featured_image_focal_point":[],"show_featured_caption":false,"ulux_newsletter_groups":"","uluxPostTitle":"","uluxPrePostTitle":"","_trash_the_other_posts":false,"_price":"","_stock":"","_tribe_ticket_header":"","_tribe_default_ticket_provider":"","_tribe_ticket_capacity":"0","_ticket_start_date":"","_ticket_end_date":"","_tribe_ticket_show_description":"","_tribe_ticket_show_not_going":false,"_tribe_ticket_use_global_stock":"","_tribe_ticket_global_stock_level":"","_global_stock_mode":"","_global_stock_cap":"","_tribe_rsvp_for_event":"","_tribe_ticket_going_count":"","_tribe_ticket_not_going_count":"","_tribe_tickets_list":"[]","_tribe_ticket_has_attendee_info_fields":false,"event_start_date":"2022-04-21 07:30:00","event_end_date":"2022-04-21 18:00:00","event_speaker_name":"","event_speaker_link":"","event_is_online":false,"event_location":"Maison des Arts et des \u00c9tudiants - Universit\u00e9 de Luxembourg","event_street":"Av. de la Fonte, 4362 Esch-sur-Alzette","event_location_link":"","event_zip_code":"","event_city":"","event_country":"LU"},"events-topic":[],"events-type":[],"organisation":[226],"authorship":[],"acf":[],"yoast_head":"<!-- This site is optimized with the Yoast SEO Premium plugin v22.3 (Yoast SEO v22.3) - https:\/\/yoast.com\/wordpress\/plugins\/seo\/ -->\n<title>European Forum for Technology &amp; Sustainable Democracy - Universit\u00e9 du Luxembourg<\/title>\n<meta name=\"description\" content=\"Dans le cadre de la convention \u00e9tatique sign\u00e9e par les parties ETICC et Universit\u00e9 de Luxembourg avec le soutien financier du Minist\u00e8re d\u2019\u00c9tat, ETICC en partenariat avec l\u2019Universit\u00e9 de Luxembourg organisent la premi\u00e8re \u00e9dition du\u00a0:\" \/>\n<meta name=\"robots\" content=\"index, follow, max-snippet:-1, max-image-preview:large, max-video-preview:-1\" \/>\n<link rel=\"canonical\" href=\"https:\/\/www.uni.lu\/fr\/events\/european-forum-for-technology-sustainable-democracy\/\" \/>\n<meta property=\"og:locale\" content=\"fr_FR\" \/>\n<meta property=\"og:type\" content=\"article\" \/>\n<meta property=\"og:title\" content=\"European Forum for Technology &amp; Sustainable Democracy\" \/>\n<meta property=\"og:description\" content=\"Dans le cadre de la convention \u00e9tatique sign\u00e9e par les parties ETICC et Universit\u00e9 de Luxembourg avec le soutien financier du Minist\u00e8re d\u2019\u00c9tat, ETICC en partenariat avec l\u2019Universit\u00e9 de Luxembourg organisent la premi\u00e8re \u00e9dition du\u00a0:\" \/>\n<meta property=\"og:url\" content=\"https:\/\/www.uni.lu\/fr\/events\/european-forum-for-technology-sustainable-democracy\/\" \/>\n<meta property=\"og:site_name\" content=\"UNI FR\" \/>\n<meta property=\"article:publisher\" content=\"https:\/\/www.facebook.com\/uni.lu\" \/>\n<meta property=\"og:image\" content=\"https:\/\/www.uni.lu\/wp-content\/uploads\/sites\/11\/2026\/03\/03120045\/UNIV_SM-Profile_1600x1600px-scaled.jpg\" \/>\n\t<meta property=\"og:image:width\" content=\"2560\" \/>\n\t<meta property=\"og:image:height\" content=\"2560\" \/>\n\t<meta property=\"og:image:type\" content=\"image\/jpeg\" \/>\n<meta name=\"twitter:card\" content=\"summary_large_image\" \/>\n<meta name=\"twitter:label1\" content=\"Dur\u00e9e de lecture estim\u00e9e\" \/>\n\t<meta name=\"twitter:data1\" content=\"1 minute\" \/>\n<script type=\"application\/ld+json\" class=\"yoast-schema-graph\">{\"@context\":\"https:\/\/schema.org\",\"@graph\":[{\"@type\":\"WebPage\",\"@id\":\"https:\/\/www.uni.lu\/fr\/events\/european-forum-for-technology-sustainable-democracy\/\",\"url\":\"https:\/\/www.uni.lu\/fr\/events\/european-forum-for-technology-sustainable-democracy\/\",\"name\":\"European Forum for Technology &amp; Sustainable Democracy - Universit\u00e9 du Luxembourg\",\"isPartOf\":{\"@id\":\"https:\/\/www.uni.lu\/fr\/#website\"},\"primaryImageOfPage\":{\"@id\":\"https:\/\/www.uni.lu\/fr\/events\/european-forum-for-technology-sustainable-democracy\/#primaryimage\"},\"image\":{\"@id\":\"https:\/\/www.uni.lu\/fr\/events\/european-forum-for-technology-sustainable-democracy\/#primaryimage\"},\"thumbnailUrl\":\"https:\/\/www.uni.lu\/wp-content\/uploads\/sites\/11\/2022\/03\/european_forum_for_technology_sustainable_democracy.png\",\"datePublished\":\"2022-03-07T08:15:58+00:00\",\"dateModified\":\"2022-03-07T08:15:58+00:00\",\"description\":\"Dans le cadre de la convention \u00e9tatique sign\u00e9e par les parties ETICC et Universit\u00e9 de Luxembourg avec le soutien financier du Minist\u00e8re d\u2019\u00c9tat, ETICC en partenariat avec l\u2019Universit\u00e9 de Luxembourg organisent la premi\u00e8re \u00e9dition du\u00a0:\",\"breadcrumb\":{\"@id\":\"https:\/\/www.uni.lu\/fr\/events\/european-forum-for-technology-sustainable-democracy\/#breadcrumb\"},\"inLanguage\":\"fr-FR\",\"potentialAction\":[{\"@type\":\"ReadAction\",\"target\":[\"https:\/\/www.uni.lu\/fr\/events\/european-forum-for-technology-sustainable-democracy\/\"]}]},{\"@type\":\"ImageObject\",\"inLanguage\":\"fr-FR\",\"@id\":\"https:\/\/www.uni.lu\/fr\/events\/european-forum-for-technology-sustainable-democracy\/#primaryimage\",\"url\":\"https:\/\/www.uni.lu\/wp-content\/uploads\/sites\/11\/2022\/03\/european_forum_for_technology_sustainable_democracy.png\",\"contentUrl\":\"https:\/\/www.uni.lu\/wp-content\/uploads\/sites\/11\/2022\/03\/european_forum_for_technology_sustainable_democracy.png\",\"width\":826,\"height\":880},{\"@type\":\"BreadcrumbList\",\"@id\":\"https:\/\/www.uni.lu\/fr\/events\/european-forum-for-technology-sustainable-democracy\/#breadcrumb\",\"itemListElement\":[{\"@type\":\"ListItem\",\"position\":1,\"name\":\"Home\",\"item\":\"https:\/\/www.uni.lu\/fr\/\"},{\"@type\":\"ListItem\",\"position\":2,\"name\":\"Events\",\"item\":\"https:\/\/www.uni.lu\/fr\/events\/\"},{\"@type\":\"ListItem\",\"position\":3,\"name\":\"European Forum for Technology &amp; Sustainable Democracy\"}]},{\"@type\":\"WebSite\",\"@id\":\"https:\/\/www.uni.lu\/fr\/#website\",\"url\":\"https:\/\/www.uni.lu\/fr\/\",\"name\":\"Uni.lu\",\"description\":\"Universit\u00e9 du Luxembourg\",\"publisher\":{\"@id\":\"https:\/\/www.uni.lu\/fr\/#organization\"},\"alternateName\":\"Universit\u00e9 du Luxembourg\",\"potentialAction\":[{\"@type\":\"SearchAction\",\"target\":{\"@type\":\"EntryPoint\",\"urlTemplate\":\"https:\/\/www.uni.lu\/fr\/?s={search_term_string}\"},\"query-input\":\"required name=search_term_string\"}],\"inLanguage\":\"fr-FR\"},{\"@type\":\"Organization\",\"@id\":\"https:\/\/www.uni.lu\/fr\/#organization\",\"name\":\"Universit\u00e9 du Luxembourg\",\"alternateName\":\"Uni.lu\",\"url\":\"https:\/\/www.uni.lu\/fr\/\",\"logo\":{\"@type\":\"ImageObject\",\"inLanguage\":\"fr-FR\",\"@id\":\"https:\/\/www.uni.lu\/fr\/#\/schema\/logo\/image\/\",\"url\":\"https:\/\/www.uni.lu\/wp-content\/uploads\/sites\/11\/2026\/03\/03120045\/UNIV_SM-Profile_1600x1600px-scaled.jpg\",\"contentUrl\":\"https:\/\/www.uni.lu\/wp-content\/uploads\/sites\/11\/2026\/03\/03120045\/UNIV_SM-Profile_1600x1600px-scaled.jpg\",\"width\":2560,\"height\":2560,\"caption\":\"Universit\u00e9 du Luxembourg\"},\"image\":\"https:\/\/www.uni.lu\/wp-content\/uploads\/sites\/11\/2026\/04\/24120552\/20200609-Belval-Campus_Henri-Goergen-23.jpg\",\"sameAs\":[\"https:\/\/www.facebook.com\/uni.lu\",\"https:\/\/www.linkedin.com\/school\/university-of-luxembourg\/\",\"https:\/\/www.instagram.com\/uni.lu\",\"https:\/\/www.youtube.com\/@uni_lu\",\"https:\/\/en.wikipedia.org\/wiki\/University_of_Luxembourg\"],\"email\":\"communication@uni.lu\",\"telephone\":\"+352 46 66 44 1\",\"address\":{\"@type\":\"PostalAddress\",\"streetAddress\":\"2, place de l\u2019Universit\u00e9\",\"addressLocality\":\"Esch-sur-Alzette\",\"postalCode\":\"4365\",\"addressCountry\":\"LU\"},\"description\":\"Universit\u00e9 du Luxembourg\"}]}<\/script>\n<!-- \/ Yoast SEO Premium plugin. -->","yoast_head_json":{"title":"European Forum for Technology &amp; Sustainable Democracy - Universit\u00e9 du Luxembourg","description":"Dans le cadre de la convention \u00e9tatique sign\u00e9e par les parties ETICC et Universit\u00e9 de Luxembourg avec le soutien financier du Minist\u00e8re d\u2019\u00c9tat, ETICC en partenariat avec l\u2019Universit\u00e9 de Luxembourg organisent la premi\u00e8re \u00e9dition du\u00a0:","robots":{"index":"index","follow":"follow","max-snippet":"max-snippet:-1","max-image-preview":"max-image-preview:large","max-video-preview":"max-video-preview:-1"},"canonical":"https:\/\/www.uni.lu\/fr\/events\/european-forum-for-technology-sustainable-democracy\/","og_locale":"fr_FR","og_type":"article","og_title":"European Forum for Technology &amp; Sustainable Democracy","og_description":"Dans le cadre de la convention \u00e9tatique sign\u00e9e par les parties ETICC et Universit\u00e9 de Luxembourg avec le soutien financier du Minist\u00e8re d\u2019\u00c9tat, ETICC en partenariat avec l\u2019Universit\u00e9 de Luxembourg organisent la premi\u00e8re \u00e9dition du\u00a0:","og_url":"https:\/\/www.uni.lu\/fr\/events\/european-forum-for-technology-sustainable-democracy\/","og_site_name":"UNI FR","article_publisher":"https:\/\/www.facebook.com\/uni.lu","og_image":[{"width":2560,"height":2560,"url":"https:\/\/www.uni.lu\/wp-content\/uploads\/sites\/11\/2026\/03\/03120045\/UNIV_SM-Profile_1600x1600px-scaled.jpg","type":"image\/jpeg"}],"twitter_card":"summary_large_image","twitter_misc":{"Dur\u00e9e de lecture estim\u00e9e":"1 minute"},"schema":{"@context":"https:\/\/schema.org","@graph":[{"@type":"WebPage","@id":"https:\/\/www.uni.lu\/fr\/events\/european-forum-for-technology-sustainable-democracy\/","url":"https:\/\/www.uni.lu\/fr\/events\/european-forum-for-technology-sustainable-democracy\/","name":"European Forum for Technology &amp; Sustainable Democracy - Universit\u00e9 du Luxembourg","isPartOf":{"@id":"https:\/\/www.uni.lu\/fr\/#website"},"primaryImageOfPage":{"@id":"https:\/\/www.uni.lu\/fr\/events\/european-forum-for-technology-sustainable-democracy\/#primaryimage"},"image":{"@id":"https:\/\/www.uni.lu\/fr\/events\/european-forum-for-technology-sustainable-democracy\/#primaryimage"},"thumbnailUrl":"https:\/\/www.uni.lu\/wp-content\/uploads\/sites\/11\/2022\/03\/european_forum_for_technology_sustainable_democracy.png","datePublished":"2022-03-07T08:15:58+00:00","dateModified":"2022-03-07T08:15:58+00:00","description":"Dans le cadre de la convention \u00e9tatique sign\u00e9e par les parties ETICC et Universit\u00e9 de Luxembourg avec le soutien financier du Minist\u00e8re d\u2019\u00c9tat, ETICC en partenariat avec l\u2019Universit\u00e9 de Luxembourg organisent la premi\u00e8re \u00e9dition du\u00a0:","breadcrumb":{"@id":"https:\/\/www.uni.lu\/fr\/events\/european-forum-for-technology-sustainable-democracy\/#breadcrumb"},"inLanguage":"fr-FR","potentialAction":[{"@type":"ReadAction","target":["https:\/\/www.uni.lu\/fr\/events\/european-forum-for-technology-sustainable-democracy\/"]}]},{"@type":"ImageObject","inLanguage":"fr-FR","@id":"https:\/\/www.uni.lu\/fr\/events\/european-forum-for-technology-sustainable-democracy\/#primaryimage","url":"https:\/\/www.uni.lu\/wp-content\/uploads\/sites\/11\/2022\/03\/european_forum_for_technology_sustainable_democracy.png","contentUrl":"https:\/\/www.uni.lu\/wp-content\/uploads\/sites\/11\/2022\/03\/european_forum_for_technology_sustainable_democracy.png","width":826,"height":880},{"@type":"BreadcrumbList","@id":"https:\/\/www.uni.lu\/fr\/events\/european-forum-for-technology-sustainable-democracy\/#breadcrumb","itemListElement":[{"@type":"ListItem","position":1,"name":"Home","item":"https:\/\/www.uni.lu\/fr\/"},{"@type":"ListItem","position":2,"name":"Events","item":"https:\/\/www.uni.lu\/fr\/events\/"},{"@type":"ListItem","position":3,"name":"European Forum for Technology &amp; Sustainable Democracy"}]},{"@type":"WebSite","@id":"https:\/\/www.uni.lu\/fr\/#website","url":"https:\/\/www.uni.lu\/fr\/","name":"Uni.lu","description":"Universit\u00e9 du Luxembourg","publisher":{"@id":"https:\/\/www.uni.lu\/fr\/#organization"},"alternateName":"Universit\u00e9 du Luxembourg","potentialAction":[{"@type":"SearchAction","target":{"@type":"EntryPoint","urlTemplate":"https:\/\/www.uni.lu\/fr\/?s={search_term_string}"},"query-input":"required name=search_term_string"}],"inLanguage":"fr-FR"},{"@type":"Organization","@id":"https:\/\/www.uni.lu\/fr\/#organization","name":"Universit\u00e9 du Luxembourg","alternateName":"Uni.lu","url":"https:\/\/www.uni.lu\/fr\/","logo":{"@type":"ImageObject","inLanguage":"fr-FR","@id":"https:\/\/www.uni.lu\/fr\/#\/schema\/logo\/image\/","url":"https:\/\/www.uni.lu\/wp-content\/uploads\/sites\/11\/2026\/03\/03120045\/UNIV_SM-Profile_1600x1600px-scaled.jpg","contentUrl":"https:\/\/www.uni.lu\/wp-content\/uploads\/sites\/11\/2026\/03\/03120045\/UNIV_SM-Profile_1600x1600px-scaled.jpg","width":2560,"height":2560,"caption":"Universit\u00e9 du Luxembourg"},"image":"https:\/\/www.uni.lu\/wp-content\/uploads\/sites\/11\/2026\/04\/24120552\/20200609-Belval-Campus_Henri-Goergen-23.jpg","sameAs":["https:\/\/www.facebook.com\/uni.lu","https:\/\/www.linkedin.com\/school\/university-of-luxembourg\/","https:\/\/www.instagram.com\/uni.lu","https:\/\/www.youtube.com\/@uni_lu","https:\/\/en.wikipedia.org\/wiki\/University_of_Luxembourg"],"email":"communication@uni.lu","telephone":"+352 46 66 44 1","address":{"@type":"PostalAddress","streetAddress":"2, place de l\u2019Universit\u00e9","addressLocality":"Esch-sur-Alzette","postalCode":"4365","addressCountry":"LU"},"description":"Universit\u00e9 du Luxembourg"}]}},"_links":{"self":[{"href":"https:\/\/www.uni.lu\/fr\/wp-json\/wp\/v2\/events\/8824"}],"collection":[{"href":"https:\/\/www.uni.lu\/fr\/wp-json\/wp\/v2\/events"}],"about":[{"href":"https:\/\/www.uni.lu\/fr\/wp-json\/wp\/v2\/types\/events"}],"replies":[{"embeddable":true,"href":"https:\/\/www.uni.lu\/fr\/wp-json\/wp\/v2\/comments?post=8824"}],"version-history":[{"count":0,"href":"https:\/\/www.uni.lu\/fr\/wp-json\/wp\/v2\/events\/8824\/revisions"}],"wp:featuredmedia":[{"embeddable":true,"href":"https:\/\/www.uni.lu\/fr\/wp-json\/wp\/v2\/media\/8825"}],"wp:attachment":[{"href":"https:\/\/www.uni.lu\/fr\/wp-json\/wp\/v2\/media?parent=8824"}],"wp:term":[{"taxonomy":"events-topic","embeddable":true,"href":"https:\/\/www.uni.lu\/fr\/wp-json\/wp\/v2\/events-topic?post=8824"},{"taxonomy":"events-type","embeddable":true,"href":"https:\/\/www.uni.lu\/fr\/wp-json\/wp\/v2\/events-type?post=8824"},{"taxonomy":"organisation","embeddable":true,"href":"https:\/\/www.uni.lu\/fr\/wp-json\/wp\/v2\/organisation?post=8824"}],"curies":[{"name":"wp","href":"https:\/\/api.w.org\/{rel}","templated":true}]}}