{"id":8776,"date":"2022-01-10T15:11:38","date_gmt":"2022-01-10T14:11:38","guid":{"rendered":"https:\/\/www.uni.lu\/fr\/events\/die-atemzuge-des-worts-und-die-schriftzuge-der-schrift-ein-ausschliesender-gegensatz\/"},"modified":"2022-01-10T15:11:38","modified_gmt":"2022-01-10T14:11:38","slug":"die-atemzuge-des-worts-und-die-schriftzuge-der-schrift-ein-ausschliesender-gegensatz","status":"publish","type":"events","link":"https:\/\/www.uni.lu\/fr\/events\/die-atemzuge-des-worts-und-die-schriftzuge-der-schrift-ein-ausschliesender-gegensatz\/","title":{"rendered":"Die Atemz\u00fcge des Worts und die Schriftz\u00fcge der Schrift: ein ausschlie\u00dfender Gegensatz?"},"content":{"rendered":"<section class=\"wp-block-unilux-blocks-free-section section\"><div class=\"container xl:max-w-screen-xl\"><p>Vortragsreihe der Arbeitsgruppe \u201eHumanities and Religion\u201c<\/p><p>Die Vexierfrage, was fr\u00fcher ist, das Wort oder die Schrift, ist ebenso unl\u00f6sbar wie die Frage, ob das Huhn fr\u00fcher ist als das Ei, oder umgekehrt. Fragw\u00fcrdig allein ist das bereits von Platon im Dialog Phaidros aufgeworfene Problem der Differenz von Wort und Schrift, die in den achtziger Jahren des vorigen Jahrhunderts im Disput zwischen Hans-Georg Gadamer und Jacques Derrida eine neue Aktualit\u00e4t erhielt. W\u00e4hrend in Derridas Fr\u00fchschriften der Gegensatz von Hermes, dem G\u00f6tterboten der griechischen Mythologie und Theuth, dem \u00e4gyptischen Gott der Schrift, das Feld beherrscht, r\u00fcckt in seinen Sp\u00e4tschriften das apokalyptische \u201eKomm\u201c in den Vordergrund, wodurch der Gegensatz von m\u00fcndlicher Rede und schriftlicher Fixierung zwar nicht aufgehoben aber doch relativiert wird. Ein R\u00fcckblick auf Franz Rosenweigs Aufsatz: \u201eDie Schrift und das Wort\u201c erg\u00e4nzt die Fragestellung durch einen bibelhermeneutischen Ausblick.<\/p><p><strong>Webex-Session:<\/strong><\/p><p>Link: <a href=\"https:\/\/unilu.webex.com\/unilu\/j.php?MTID=ma3bb5d14a50ae2c9cabf3243d34dbefd\" target=\"_self\" title=\"\" rel=\"noopener\">https:\/\/unilu.webex.com\/unilu\/j.php?MTID=ma3bb5d14a50ae2c9cabf3243d34dbefd<\/a><\/p><p>Event number: (access code): 2730 293 7165<\/p><p>Event password: mdMGGxMc692 (63644962 from phones)<\/p><p><strong>Kontakt:<\/strong><\/p><p><a href=\"mailto:jean-marie.weber@uni.lu\" target=\"_blank\" title=\"\" rel=\"noopener\">Jean-Marie Weber<\/a><\/p><\/div><\/section>","protected":false},"excerpt":{"rendered":"<p>Vortragsreihe der Arbeitsgruppe \u201eHumanities and Religion\u201c<\/p>\n","protected":false},"author":0,"featured_media":8777,"parent":0,"menu_order":0,"comment_status":"open","ping_status":"closed","template":"","format":"standard","meta":{"featured_image_focal_point":[],"show_featured_caption":false,"ulux_newsletter_groups":"","uluxPostTitle":"","uluxPrePostTitle":"","_trash_the_other_posts":false,"_price":"","_stock":"","_tribe_ticket_header":"","_tribe_default_ticket_provider":"","_tribe_ticket_capacity":"0","_ticket_start_date":"","_ticket_end_date":"","_tribe_ticket_show_description":"","_tribe_ticket_show_not_going":false,"_tribe_ticket_use_global_stock":"","_tribe_ticket_global_stock_level":"","_global_stock_mode":"","_global_stock_cap":"","_tribe_rsvp_for_event":"","_tribe_ticket_going_count":"","_tribe_ticket_not_going_count":"","_tribe_tickets_list":"[]","_tribe_ticket_has_attendee_info_fields":false,"event_start_date":"2022-01-13 19:00:00","event_end_date":"2022-01-13 21:00:00","event_speaker_name":"Prof. Jean Greisch (Paris)","event_speaker_link":"","event_is_online":false,"event_location":"Online-Veranstaltung (Webex)","event_street":"","event_location_link":"","event_zip_code":"","event_city":"","event_country":"LU"},"events-topic":[318],"events-type":[],"organisation":[179,226],"authorship":[],"acf":[],"yoast_head":"<!-- This site is optimized with the Yoast SEO Premium plugin v22.3 (Yoast SEO v22.3) - https:\/\/yoast.com\/wordpress\/plugins\/seo\/ -->\n<title>Die Atemz\u00fcge des Worts und die Schriftz\u00fcge der Schrift: ein ausschlie\u00dfender Gegensatz? - Universit\u00e9 du Luxembourg<\/title>\n<meta name=\"description\" content=\"Vortragsreihe der Arbeitsgruppe \u201eHumanities and Religion\u201c\" \/>\n<meta name=\"robots\" content=\"index, follow, max-snippet:-1, max-image-preview:large, max-video-preview:-1\" \/>\n<link rel=\"canonical\" href=\"https:\/\/www.uni.lu\/fr\/events\/die-atemzuge-des-worts-und-die-schriftzuge-der-schrift-ein-ausschliesender-gegensatz\/\" \/>\n<meta property=\"og:locale\" content=\"fr_FR\" \/>\n<meta property=\"og:type\" content=\"article\" \/>\n<meta property=\"og:title\" content=\"Die Atemz\u00fcge des Worts und die Schriftz\u00fcge der Schrift: ein ausschlie\u00dfender Gegensatz?\" \/>\n<meta property=\"og:description\" content=\"Vortragsreihe der Arbeitsgruppe \u201eHumanities and Religion\u201c\" \/>\n<meta property=\"og:url\" content=\"https:\/\/www.uni.lu\/fr\/events\/die-atemzuge-des-worts-und-die-schriftzuge-der-schrift-ein-ausschliesender-gegensatz\/\" \/>\n<meta property=\"og:site_name\" content=\"UNI FR\" \/>\n<meta property=\"article:publisher\" content=\"https:\/\/www.facebook.com\/uni.lu\" \/>\n<meta property=\"og:image\" content=\"https:\/\/www.uni.lu\/wp-content\/uploads\/sites\/11\/2026\/03\/03120045\/UNIV_SM-Profile_1600x1600px-scaled.jpg\" \/>\n\t<meta property=\"og:image:width\" content=\"2560\" \/>\n\t<meta property=\"og:image:height\" content=\"2560\" \/>\n\t<meta property=\"og:image:type\" content=\"image\/jpeg\" \/>\n<meta name=\"twitter:card\" content=\"summary_large_image\" \/>\n<meta name=\"twitter:label1\" content=\"Dur\u00e9e de lecture estim\u00e9e\" \/>\n\t<meta name=\"twitter:data1\" content=\"1 minute\" \/>\n<script type=\"application\/ld+json\" class=\"yoast-schema-graph\">{\"@context\":\"https:\/\/schema.org\",\"@graph\":[{\"@type\":\"WebPage\",\"@id\":\"https:\/\/www.uni.lu\/fr\/events\/die-atemzuge-des-worts-und-die-schriftzuge-der-schrift-ein-ausschliesender-gegensatz\/\",\"url\":\"https:\/\/www.uni.lu\/fr\/events\/die-atemzuge-des-worts-und-die-schriftzuge-der-schrift-ein-ausschliesender-gegensatz\/\",\"name\":\"Die Atemz\u00fcge des Worts und die Schriftz\u00fcge der Schrift: ein ausschlie\u00dfender Gegensatz? - Universit\u00e9 du Luxembourg\",\"isPartOf\":{\"@id\":\"https:\/\/www.uni.lu\/fr\/#website\"},\"primaryImageOfPage\":{\"@id\":\"https:\/\/www.uni.lu\/fr\/events\/die-atemzuge-des-worts-und-die-schriftzuge-der-schrift-ein-ausschliesender-gegensatz\/#primaryimage\"},\"image\":{\"@id\":\"https:\/\/www.uni.lu\/fr\/events\/die-atemzuge-des-worts-und-die-schriftzuge-der-schrift-ein-ausschliesender-gegensatz\/#primaryimage\"},\"thumbnailUrl\":\"https:\/\/www.uni.lu\/wp-content\/uploads\/sites\/11\/2022\/01\/die_atemzuege_des_worts_und_die_schriftzuege_der_schrift.jpg\",\"datePublished\":\"2022-01-10T14:11:38+00:00\",\"dateModified\":\"2022-01-10T14:11:38+00:00\",\"description\":\"Vortragsreihe der Arbeitsgruppe \u201eHumanities and Religion\u201c\",\"breadcrumb\":{\"@id\":\"https:\/\/www.uni.lu\/fr\/events\/die-atemzuge-des-worts-und-die-schriftzuge-der-schrift-ein-ausschliesender-gegensatz\/#breadcrumb\"},\"inLanguage\":\"fr-FR\",\"potentialAction\":[{\"@type\":\"ReadAction\",\"target\":[\"https:\/\/www.uni.lu\/fr\/events\/die-atemzuge-des-worts-und-die-schriftzuge-der-schrift-ein-ausschliesender-gegensatz\/\"]}]},{\"@type\":\"ImageObject\",\"inLanguage\":\"fr-FR\",\"@id\":\"https:\/\/www.uni.lu\/fr\/events\/die-atemzuge-des-worts-und-die-schriftzuge-der-schrift-ein-ausschliesender-gegensatz\/#primaryimage\",\"url\":\"https:\/\/www.uni.lu\/wp-content\/uploads\/sites\/11\/2022\/01\/die_atemzuege_des_worts_und_die_schriftzuege_der_schrift.jpg\",\"contentUrl\":\"https:\/\/www.uni.lu\/wp-content\/uploads\/sites\/11\/2022\/01\/die_atemzuege_des_worts_und_die_schriftzuege_der_schrift.jpg\",\"width\":800,\"height\":600},{\"@type\":\"BreadcrumbList\",\"@id\":\"https:\/\/www.uni.lu\/fr\/events\/die-atemzuge-des-worts-und-die-schriftzuge-der-schrift-ein-ausschliesender-gegensatz\/#breadcrumb\",\"itemListElement\":[{\"@type\":\"ListItem\",\"position\":1,\"name\":\"Home\",\"item\":\"https:\/\/www.uni.lu\/fr\/\"},{\"@type\":\"ListItem\",\"position\":2,\"name\":\"Events\",\"item\":\"https:\/\/www.uni.lu\/fr\/events\/\"},{\"@type\":\"ListItem\",\"position\":3,\"name\":\"Die Atemz\u00fcge des Worts und die Schriftz\u00fcge der Schrift: ein ausschlie\u00dfender Gegensatz?\"}]},{\"@type\":\"WebSite\",\"@id\":\"https:\/\/www.uni.lu\/fr\/#website\",\"url\":\"https:\/\/www.uni.lu\/fr\/\",\"name\":\"Uni.lu\",\"description\":\"Universit\u00e9 du Luxembourg\",\"publisher\":{\"@id\":\"https:\/\/www.uni.lu\/fr\/#organization\"},\"alternateName\":\"Universit\u00e9 du Luxembourg\",\"potentialAction\":[{\"@type\":\"SearchAction\",\"target\":{\"@type\":\"EntryPoint\",\"urlTemplate\":\"https:\/\/www.uni.lu\/fr\/?s={search_term_string}\"},\"query-input\":\"required name=search_term_string\"}],\"inLanguage\":\"fr-FR\"},{\"@type\":\"Organization\",\"@id\":\"https:\/\/www.uni.lu\/fr\/#organization\",\"name\":\"Universit\u00e9 du Luxembourg\",\"alternateName\":\"Uni.lu\",\"url\":\"https:\/\/www.uni.lu\/fr\/\",\"logo\":{\"@type\":\"ImageObject\",\"inLanguage\":\"fr-FR\",\"@id\":\"https:\/\/www.uni.lu\/fr\/#\/schema\/logo\/image\/\",\"url\":\"https:\/\/www.uni.lu\/wp-content\/uploads\/sites\/11\/2026\/03\/03120045\/UNIV_SM-Profile_1600x1600px-scaled.jpg\",\"contentUrl\":\"https:\/\/www.uni.lu\/wp-content\/uploads\/sites\/11\/2026\/03\/03120045\/UNIV_SM-Profile_1600x1600px-scaled.jpg\",\"width\":2560,\"height\":2560,\"caption\":\"Universit\u00e9 du Luxembourg\"},\"image\":\"https:\/\/www.uni.lu\/wp-content\/uploads\/sites\/11\/2026\/04\/24120552\/20200609-Belval-Campus_Henri-Goergen-23.jpg\",\"sameAs\":[\"https:\/\/www.facebook.com\/uni.lu\",\"https:\/\/www.linkedin.com\/school\/university-of-luxembourg\/\",\"https:\/\/www.instagram.com\/uni.lu\",\"https:\/\/www.youtube.com\/@uni_lu\",\"https:\/\/en.wikipedia.org\/wiki\/University_of_Luxembourg\"],\"email\":\"communication@uni.lu\",\"telephone\":\"+352 46 66 44 1\",\"address\":{\"@type\":\"PostalAddress\",\"streetAddress\":\"2, place de l\u2019Universit\u00e9\",\"addressLocality\":\"Esch-sur-Alzette\",\"postalCode\":\"4365\",\"addressCountry\":\"LU\"},\"description\":\"Universit\u00e9 du Luxembourg\"}]}<\/script>\n<!-- \/ Yoast SEO Premium plugin. -->","yoast_head_json":{"title":"Die Atemz\u00fcge des Worts und die Schriftz\u00fcge der Schrift: ein ausschlie\u00dfender Gegensatz? - Universit\u00e9 du Luxembourg","description":"Vortragsreihe der Arbeitsgruppe \u201eHumanities and Religion\u201c","robots":{"index":"index","follow":"follow","max-snippet":"max-snippet:-1","max-image-preview":"max-image-preview:large","max-video-preview":"max-video-preview:-1"},"canonical":"https:\/\/www.uni.lu\/fr\/events\/die-atemzuge-des-worts-und-die-schriftzuge-der-schrift-ein-ausschliesender-gegensatz\/","og_locale":"fr_FR","og_type":"article","og_title":"Die Atemz\u00fcge des Worts und die Schriftz\u00fcge der Schrift: ein ausschlie\u00dfender Gegensatz?","og_description":"Vortragsreihe der Arbeitsgruppe \u201eHumanities and Religion\u201c","og_url":"https:\/\/www.uni.lu\/fr\/events\/die-atemzuge-des-worts-und-die-schriftzuge-der-schrift-ein-ausschliesender-gegensatz\/","og_site_name":"UNI FR","article_publisher":"https:\/\/www.facebook.com\/uni.lu","og_image":[{"width":2560,"height":2560,"url":"https:\/\/www.uni.lu\/wp-content\/uploads\/sites\/11\/2026\/03\/03120045\/UNIV_SM-Profile_1600x1600px-scaled.jpg","type":"image\/jpeg"}],"twitter_card":"summary_large_image","twitter_misc":{"Dur\u00e9e de lecture estim\u00e9e":"1 minute"},"schema":{"@context":"https:\/\/schema.org","@graph":[{"@type":"WebPage","@id":"https:\/\/www.uni.lu\/fr\/events\/die-atemzuge-des-worts-und-die-schriftzuge-der-schrift-ein-ausschliesender-gegensatz\/","url":"https:\/\/www.uni.lu\/fr\/events\/die-atemzuge-des-worts-und-die-schriftzuge-der-schrift-ein-ausschliesender-gegensatz\/","name":"Die Atemz\u00fcge des Worts und die Schriftz\u00fcge der Schrift: ein ausschlie\u00dfender Gegensatz? - Universit\u00e9 du Luxembourg","isPartOf":{"@id":"https:\/\/www.uni.lu\/fr\/#website"},"primaryImageOfPage":{"@id":"https:\/\/www.uni.lu\/fr\/events\/die-atemzuge-des-worts-und-die-schriftzuge-der-schrift-ein-ausschliesender-gegensatz\/#primaryimage"},"image":{"@id":"https:\/\/www.uni.lu\/fr\/events\/die-atemzuge-des-worts-und-die-schriftzuge-der-schrift-ein-ausschliesender-gegensatz\/#primaryimage"},"thumbnailUrl":"https:\/\/www.uni.lu\/wp-content\/uploads\/sites\/11\/2022\/01\/die_atemzuege_des_worts_und_die_schriftzuege_der_schrift.jpg","datePublished":"2022-01-10T14:11:38+00:00","dateModified":"2022-01-10T14:11:38+00:00","description":"Vortragsreihe der Arbeitsgruppe \u201eHumanities and Religion\u201c","breadcrumb":{"@id":"https:\/\/www.uni.lu\/fr\/events\/die-atemzuge-des-worts-und-die-schriftzuge-der-schrift-ein-ausschliesender-gegensatz\/#breadcrumb"},"inLanguage":"fr-FR","potentialAction":[{"@type":"ReadAction","target":["https:\/\/www.uni.lu\/fr\/events\/die-atemzuge-des-worts-und-die-schriftzuge-der-schrift-ein-ausschliesender-gegensatz\/"]}]},{"@type":"ImageObject","inLanguage":"fr-FR","@id":"https:\/\/www.uni.lu\/fr\/events\/die-atemzuge-des-worts-und-die-schriftzuge-der-schrift-ein-ausschliesender-gegensatz\/#primaryimage","url":"https:\/\/www.uni.lu\/wp-content\/uploads\/sites\/11\/2022\/01\/die_atemzuege_des_worts_und_die_schriftzuege_der_schrift.jpg","contentUrl":"https:\/\/www.uni.lu\/wp-content\/uploads\/sites\/11\/2022\/01\/die_atemzuege_des_worts_und_die_schriftzuege_der_schrift.jpg","width":800,"height":600},{"@type":"BreadcrumbList","@id":"https:\/\/www.uni.lu\/fr\/events\/die-atemzuge-des-worts-und-die-schriftzuge-der-schrift-ein-ausschliesender-gegensatz\/#breadcrumb","itemListElement":[{"@type":"ListItem","position":1,"name":"Home","item":"https:\/\/www.uni.lu\/fr\/"},{"@type":"ListItem","position":2,"name":"Events","item":"https:\/\/www.uni.lu\/fr\/events\/"},{"@type":"ListItem","position":3,"name":"Die Atemz\u00fcge des Worts und die Schriftz\u00fcge der Schrift: ein ausschlie\u00dfender Gegensatz?"}]},{"@type":"WebSite","@id":"https:\/\/www.uni.lu\/fr\/#website","url":"https:\/\/www.uni.lu\/fr\/","name":"Uni.lu","description":"Universit\u00e9 du Luxembourg","publisher":{"@id":"https:\/\/www.uni.lu\/fr\/#organization"},"alternateName":"Universit\u00e9 du Luxembourg","potentialAction":[{"@type":"SearchAction","target":{"@type":"EntryPoint","urlTemplate":"https:\/\/www.uni.lu\/fr\/?s={search_term_string}"},"query-input":"required name=search_term_string"}],"inLanguage":"fr-FR"},{"@type":"Organization","@id":"https:\/\/www.uni.lu\/fr\/#organization","name":"Universit\u00e9 du Luxembourg","alternateName":"Uni.lu","url":"https:\/\/www.uni.lu\/fr\/","logo":{"@type":"ImageObject","inLanguage":"fr-FR","@id":"https:\/\/www.uni.lu\/fr\/#\/schema\/logo\/image\/","url":"https:\/\/www.uni.lu\/wp-content\/uploads\/sites\/11\/2026\/03\/03120045\/UNIV_SM-Profile_1600x1600px-scaled.jpg","contentUrl":"https:\/\/www.uni.lu\/wp-content\/uploads\/sites\/11\/2026\/03\/03120045\/UNIV_SM-Profile_1600x1600px-scaled.jpg","width":2560,"height":2560,"caption":"Universit\u00e9 du Luxembourg"},"image":"https:\/\/www.uni.lu\/wp-content\/uploads\/sites\/11\/2026\/04\/24120552\/20200609-Belval-Campus_Henri-Goergen-23.jpg","sameAs":["https:\/\/www.facebook.com\/uni.lu","https:\/\/www.linkedin.com\/school\/university-of-luxembourg\/","https:\/\/www.instagram.com\/uni.lu","https:\/\/www.youtube.com\/@uni_lu","https:\/\/en.wikipedia.org\/wiki\/University_of_Luxembourg"],"email":"communication@uni.lu","telephone":"+352 46 66 44 1","address":{"@type":"PostalAddress","streetAddress":"2, place de l\u2019Universit\u00e9","addressLocality":"Esch-sur-Alzette","postalCode":"4365","addressCountry":"LU"},"description":"Universit\u00e9 du Luxembourg"}]}},"_links":{"self":[{"href":"https:\/\/www.uni.lu\/fr\/wp-json\/wp\/v2\/events\/8776"}],"collection":[{"href":"https:\/\/www.uni.lu\/fr\/wp-json\/wp\/v2\/events"}],"about":[{"href":"https:\/\/www.uni.lu\/fr\/wp-json\/wp\/v2\/types\/events"}],"replies":[{"embeddable":true,"href":"https:\/\/www.uni.lu\/fr\/wp-json\/wp\/v2\/comments?post=8776"}],"version-history":[{"count":0,"href":"https:\/\/www.uni.lu\/fr\/wp-json\/wp\/v2\/events\/8776\/revisions"}],"wp:featuredmedia":[{"embeddable":true,"href":"https:\/\/www.uni.lu\/fr\/wp-json\/wp\/v2\/media\/8777"}],"wp:attachment":[{"href":"https:\/\/www.uni.lu\/fr\/wp-json\/wp\/v2\/media?parent=8776"}],"wp:term":[{"taxonomy":"events-topic","embeddable":true,"href":"https:\/\/www.uni.lu\/fr\/wp-json\/wp\/v2\/events-topic?post=8776"},{"taxonomy":"events-type","embeddable":true,"href":"https:\/\/www.uni.lu\/fr\/wp-json\/wp\/v2\/events-type?post=8776"},{"taxonomy":"organisation","embeddable":true,"href":"https:\/\/www.uni.lu\/fr\/wp-json\/wp\/v2\/organisation?post=8776"}],"curies":[{"name":"wp","href":"https:\/\/api.w.org\/{rel}","templated":true}]}}